{"id":66644,"date":"2024-10-30T10:33:51","date_gmt":"2024-10-30T10:33:51","guid":{"rendered":"https:\/\/www.companhiaatlantica.pt\/?page_id=66644"},"modified":"2025-11-20T12:56:02","modified_gmt":"2025-11-20T12:56:02","slug":"nutze-die-black-friday","status":"publish","type":"page","link":"https:\/\/www.companhiaatlantica.pt\/de\/nutze-die-black-friday","title":{"rendered":"Nutze die Black Friday"},"content":{"rendered":"\n\t<section class=\"section black-friday-page\" id=\"section_1952415564\">\n\t\t<div class=\"section-bg fill\" >\n\t\t\t\t\t\t\t\t\t\n\t\t\t\n\n\t\t<\/div>\n\n\t\t\n\n\t\t<div class=\"section-content relative\">\n\t\t\t\n\n  <div class=\"banner has-hover\" id=\"banner-1405009897\">\n          <div class=\"banner-inner fill\">\n        <div class=\"banner-bg fill\" >\n            <img loading=\"lazy\" decoding=\"async\" width=\"2560\" height=\"731\" src=\"https:\/\/www.companhiaatlantica.pt\/wp-content\/uploads\/2024\/10\/bf-bg-scaled.jpg\" class=\"bg attachment-original size-original\" alt=\"\" title=\"\">                                    \n                    <\/div>\n\t\t\n        <div class=\"banner-layers container\">\n            <div class=\"fill banner-link\"><\/div>            \n   <div id=\"text-box-441364323\" class=\"text-box banner-layer x50 md-x50 lg-x50 y50 md-y50 lg-y50 res-text\">\n                                <div class=\"text-box-content text dark\">\n              \n              <div class=\"text-inner text-center\">\n                  \n\t<div id=\"gap-575184405\" class=\"gap-element clearfix\" style=\"display:block; height:auto;\">\n\t\t\n<style>\n#gap-575184405 {\n  padding-top: 20px;\n}\n<\/style>\n\t<\/div>\n\t\n\t<div id=\"text-736519110\" class=\"text\">\n\t\t\n<h3 class=\"uppercase\"><strong>BLACK FRIDAY ANGEBOTE<\/strong><\/h3>\n<p><span style=\"font-size: 120%;\">Sichere dir 25 % Rabatt auf Eink\u00e4ufe \u2265100\u20ac mit dem Gutschein BLACKFRIDAY25!<\/span><br \/><span style=\"font-size: 120%;\">G\u00fcltig vom 10. bis 30. November 2025<\/span><\/p>\n\t\t\n<style>\n#text-736519110 {\n  line-height: 1.5;\n  text-align: center;\n}\n<\/style>\n\t<\/div>\n\t\n\t<div id=\"gap-251941104\" class=\"gap-element clearfix\" style=\"display:block; height:auto;\">\n\t\t\n<style>\n#gap-251941104 {\n  padding-top: 20px;\n}\n<\/style>\n\t<\/div>\n\t\n              <\/div>\n           <\/div>\n                            \n<style>\n#text-box-441364323 {\n  width: 100%;\n}\n#text-box-441364323 .text-box-content {\n  font-size: 100%;\n}\n@media (min-width:550px) {\n  #text-box-441364323 {\n    width: 80%;\n  }\n}\n@media (min-width:850px) {\n  #text-box-441364323 {\n    width: 60%;\n  }\n}\n<\/style>\n    <\/div>\n \n        <\/div>\n      <\/div>\n\n            \n<style>\n#banner-1405009897 {\n  padding-top: 320px;\n}\n<\/style>\n  <\/div>\n\n\n\t<div id=\"gap-669162808\" class=\"gap-element clearfix\" style=\"display:block; height:auto;\">\n\t\t\n<style>\n#gap-669162808 {\n  padding-top: 30px;\n}\n<\/style>\n\t<\/div>\n\t\n<div class=\"container section-title-container\" ><h2 class=\"section-title section-title-center\"><b aria-hidden=\"true\"><\/b><span class=\"section-title-main\" >Nutze das Black Friday Angebote bei Companhia Atl\u00e2ntica!<\/span><b aria-hidden=\"true\"><\/b><\/h2><\/div>\n<div class=\"row\"  id=\"row-900960599\">\n\n\t<div id=\"col-1896544611\" class=\"col small-12 large-12\"  >\n\t\t\t\t<div class=\"col-inner\"  >\n\t\t\t\n\t\t\t\n\t<div id=\"text-1394596090\" class=\"text\">\n\t\t\n<p>Dies ist die perfekte Gelegenheit, deine Weihnachtsgeschenke fr\u00fchzeitig zu sichern und dabei von den besten Preisen zu profitieren! Kaufe direkt auf unserer Website ein und genie\u00dfe die exklusiven Black Friday Konditionen. Verpasse nicht die Chance, Produkte mit Qualit\u00e4t, Funktionalit\u00e4t und Stil zu tollen Rabatten zu erwerben, und \u00fcberrasche Familie und Freunde mit einzigartigen Geschenken!<\/p>\n\t\t\n<style>\n#text-1394596090 {\n  text-align: left;\n}\n<\/style>\n\t<\/div>\n\t\n\t\t<\/div>\n\t\t\t\t\t<\/div>\n\n\t\n<\/div>\n<div class=\"container section-title-container\" ><h2 class=\"section-title section-title-center\"><b aria-hidden=\"true\"><\/b><span class=\"section-title-main\" >ENTDECKE DAS PERFEKTE GESCHENK, HIER!<\/span><b aria-hidden=\"true\"><\/b><\/h2><\/div>\n<div class=\"row row-full-width align-equal align-center\"  id=\"row-573761825\">\n\n\t<div id=\"col-2120330041\" class=\"col small-12 large-12\"  >\n\t\t\t\t<div class=\"col-inner text-left\"  >\n\t\t\t\n\t\t\t\n\t  <style>\n    #product-grid-247495591 .grid-col-1{height: 450px}\n    #product-grid-247495591 .grid-col-1-2{height: 225px}\n    #product-grid-247495591 .grid-col-1-3{height:150px}\n    #product-grid-247495591 .grid-col-2-3{height: 300px}\n    #product-grid-247495591 .grid-col-1-4{height: 112.5px}\n    #product-grid-247495591 .grid-col-3-4{height: 337.5px}\n\n\n        \/* Tablet *\/\n    @media (max-width: 850px){\n      #product-grid-247495591 .grid-col-1{height: 300px}\n      #product-grid-247495591 .grid-col-1-2{height: 150px}\n      #product-grid-247495591 .grid-col-1-3{height:100px}\n      #product-grid-247495591 .grid-col-2-3{height: 200px}\n      #product-grid-247495591 .grid-col-1-4{height: 75px}\n      #product-grid-247495591 .grid-col-3-4{height: 225px}\n    }\n    \n        \/* Mobile *\/\n    @media (max-width: 550px){\n      #product-grid-247495591 .grid-col-1{height: 300px}\n      #product-grid-247495591 .grid-col-1-2{height: 150px}\n      #product-grid-247495591 .grid-col-1-3{height:100px}\n      #product-grid-247495591 .grid-col-2-3{height: 200px}\n      #product-grid-247495591 .grid-col-1-4{height: 75px}\n      #product-grid-247495591 .grid-col-3-4{height: 225px}\n    }\n    \n\n  <\/style>\n  \n  \n    <div id=\"product-grid-247495591\" class=\"row row-xsmall row-full-width row-grid\" data-packery-options='{\"itemSelector\": \".col\", \"gutter\": 0, \"presentageWidth\" : true}'>\n\n  \n\t     <div class=\"col grid-col grid-col-1 large-3 medium-6\" >\n\t\t\t\t\t\t<div class=\"col-inner\">\n\t\t\t\t\t\t\n<div class=\"badge-container absolute left top z-1\">\n\n<div class=\"badge callout badge-circle\"><div class=\"badge-inner callout-new-bg is-small new-bubble\">NEW<\/div><\/div><\/div>\n\t\t\t\t\t\t<div class=\"product-small box has-hover box-shade dark box-text-bottom\">\n\t\t\t\t\t\t\t<div class=\"box-image\" >\n\t\t\t\t\t\t\t\t<div class=\"image-zoom image-glow\" >\n\t\t\t\t\t\t\t\t\t<a href=\"https:\/\/www.companhiaatlantica.pt\/de\/produto\/dekoration\/dekorationsartikel\/dekorative-kugel-azulejo\" aria-label=\"Dekorative Kugel \u00d88 AZULEJO-Kollektion\">\n\t\t\t\t\t\t\t\t\t\t<img loading=\"lazy\" decoding=\"async\" width=\"700\" height=\"700\" src=\"https:\/\/www.companhiaatlantica.pt\/wp-content\/uploads\/2024\/10\/decorative-ball-yellow-700x700.jpg\" class=\"show-on-hover absolute fill hide-for-small back-image\" alt=\"Gelbe dekorative Keramikkugel, AZULEJO-Kollektion.\" aria-hidden=\"true\" srcset=\"https:\/\/www.companhiaatlantica.pt\/wp-content\/uploads\/2024\/10\/decorative-ball-yellow-700x700.jpg 700w, https:\/\/www.companhiaatlantica.pt\/wp-content\/uploads\/2024\/10\/decorative-ball-yellow-100x100.jpg 100w, https:\/\/www.companhiaatlantica.pt\/wp-content\/uploads\/2024\/10\/decorative-ball-yellow-900x900.jpg 900w, https:\/\/www.companhiaatlantica.pt\/wp-content\/uploads\/2024\/10\/decorative-ball-yellow-400x400.jpg 400w, https:\/\/www.companhiaatlantica.pt\/wp-content\/uploads\/2024\/10\/decorative-ball-yellow-350x350.jpg 350w, https:\/\/www.companhiaatlantica.pt\/wp-content\/uploads\/2024\/10\/decorative-ball-yellow-768x768.jpg 768w, https:\/\/www.companhiaatlantica.pt\/wp-content\/uploads\/2024\/10\/decorative-ball-yellow.jpg 1000w\" sizes=\"auto, (max-width: 700px) 100vw, 700px\" title=\"\"><img loading=\"lazy\" decoding=\"async\" width=\"1000\" height=\"1000\" src=\"https:\/\/www.companhiaatlantica.pt\/wp-content\/uploads\/2024\/10\/decorative-ball-green.jpg\" class=\"attachment-large size-large\" alt=\"Gr\u00fcn dekorative Keramikkugel, AZULEJO-Kollektion.\" srcset=\"https:\/\/www.companhiaatlantica.pt\/wp-content\/uploads\/2024\/10\/decorative-ball-green.jpg 1000w, https:\/\/www.companhiaatlantica.pt\/wp-content\/uploads\/2024\/10\/decorative-ball-green-700x700.jpg 700w, https:\/\/www.companhiaatlantica.pt\/wp-content\/uploads\/2024\/10\/decorative-ball-green-100x100.jpg 100w, https:\/\/www.companhiaatlantica.pt\/wp-content\/uploads\/2024\/10\/decorative-ball-green-900x900.jpg 900w, https:\/\/www.companhiaatlantica.pt\/wp-content\/uploads\/2024\/10\/decorative-ball-green-400x400.jpg 400w, https:\/\/www.companhiaatlantica.pt\/wp-content\/uploads\/2024\/10\/decorative-ball-green-350x350.jpg 350w, https:\/\/www.companhiaatlantica.pt\/wp-content\/uploads\/2024\/10\/decorative-ball-green-768x768.jpg 768w\" sizes=\"auto, (max-width: 1000px) 100vw, 1000px\" title=\"\">\t\t\t\t\t\t\t\t\t<\/a>\n\t\t\t\t\t\t\t\t\t<div class=\"overlay fill\" style=\"background-color: rgba(0, 0, 0, 0.19)\"><\/div>\t\t\t\t\t\t\t\t\t <div class=\"shade\"><\/div>\t\t\t\t\t\t\t\t<\/div>\n\t\t\t\t\t\t\t\t<div class=\"image-tools top right show-on-hover\">\n\t\t\t\t\t\t\t\t\t\t\t<div class=\"wishlist-icon\">\n\t\t\t<button class=\"wishlist-button button is-outline circle icon\" aria-label=\"Wunschliste\">\n\t\t\t\t<i class=\"icon-heart\" aria-hidden=\"true\"><\/i>\t\t\t<\/button>\n\t\t\t<div class=\"wishlist-popup dark\">\n\t\t\t\t\n<div\n\tclass=\"yith-wcwl-add-to-wishlist add-to-wishlist-65802 yith-wcwl-add-to-wishlist--button_default-style wishlist-fragment on-first-load\"\n\tdata-fragment-ref=\"65802\"\n\tdata-fragment-options=\"{&quot;base_url&quot;:&quot;&quot;,&quot;product_id&quot;:65802,&quot;parent_product_id&quot;:0,&quot;product_type&quot;:&quot;variable&quot;,&quot;is_single&quot;:false,&quot;in_default_wishlist&quot;:false,&quot;show_view&quot;:false,&quot;browse_wishlist_text&quot;:&quot;Siehe Ihre Wunschliste!&quot;,&quot;already_in_wishslist_text&quot;:&quot;Dieses Produkt steht bereits auf Ihrem Wunschzettel!&quot;,&quot;product_added_text&quot;:&quot;Produto adicionado!&quot;,&quot;available_multi_wishlist&quot;:false,&quot;disable_wishlist&quot;:false,&quot;show_count&quot;:false,&quot;ajax_loading&quot;:false,&quot;loop_position&quot;:&quot;after_add_to_cart&quot;,&quot;item&quot;:&quot;add_to_wishlist&quot;}\"\n>\n\t\t\t\n\t\t\t<!-- ADD TO WISHLIST -->\n\t\t\t\n<div class=\"yith-wcwl-add-button\">\n\t\t<a\n\t\thref=\"?add_to_wishlist=65802&#038;_wpnonce=52d31225f0\"\n\t\tclass=\"add_to_wishlist single_add_to_wishlist alt button theme-button-style \"\n\t\tdata-product-id=\"65802\"\n\t\tdata-product-type=\"variable\"\n\t\tdata-original-product-id=\"0\"\n\t\tdata-title=\"Zu meiner Wunschliste hinzuf\u00fcgen\"\n\t\trel=\"nofollow\"\n\t>\n\t\t<svg id=\"yith-wcwl-icon-heart-outline\" class=\"yith-wcwl-icon-svg\" fill=\"none\" stroke-width=\"1.5\" stroke=\"currentColor\" viewBox=\"0 0 24 24\" xmlns=\"http:\/\/www.w3.org\/2000\/svg\">\n  <path stroke-linecap=\"round\" stroke-linejoin=\"round\" d=\"M21 8.25c0-2.485-2.099-4.5-4.688-4.5-1.935 0-3.597 1.126-4.312 2.733-.715-1.607-2.377-2.733-4.313-2.733C5.1 3.75 3 5.765 3 8.25c0 7.22 9 12 9 12s9-4.78 9-12Z\"><\/path>\n<\/svg>\t\t<span>Zu meiner Wunschliste hinzuf\u00fcgen<\/span>\n\t<\/a>\n<\/div>\n\n\t\t\t<!-- COUNT TEXT -->\n\t\t\t\n\t\t\t<\/div>\n\t\t\t<\/div>\n\t\t<\/div>\n\t\t\t\t\t\t\t\t\t\t<\/div>\n\t\t\t\t\t\t\t\t\t\t\t\t\t\t\t\t\t\t\t\t\t\t\t<\/div>\n\n\t\t\t\t\t\t\t<div class=\"box-text text-left is-large dark\" >\n\t\t\t\t\t\t\t\t<div class=\"title-wrapper\"><p class=\"name product-title woocommerce-loop-product__title\"><a href=\"https:\/\/www.companhiaatlantica.pt\/de\/produto\/dekoration\/dekorationsartikel\/dekorative-kugel-azulejo\" class=\"woocommerce-LoopProduct-link woocommerce-loop-product__link\">Dekorative Kugel \u00d88 AZULEJO-Kollektion<\/a><\/p><\/div><div class=\"price-wrapper\">\n\t<span class=\"price\"><span class=\"woocommerce-Price-amount amount\"><bdi>18.50<span class=\"woocommerce-Price-currencySymbol\">&euro;<\/span><\/bdi><\/span><\/span>\n<\/div><div class=\"overlay-tools\"><\/div><div class=\"add-to-cart-button\"><a href=\"https:\/\/www.companhiaatlantica.pt\/de\/produto\/dekoration\/dekorationsartikel\/dekorative-kugel-azulejo\" aria-describedby=\"woocommerce_loop_add_to_cart_link_describedby_65802\" data-quantity=\"1\" class=\"primary is-small mb-0 button product_type_variable add_to_cart_button is-outline\" data-product_id=\"65802\" data-product_sku=\"\" aria-label=\"W\u00e4hle Optionen f\u00fcr \u201eDekorative Kugel \u00d88 AZULEJO-Kollektion\u201c\" rel=\"nofollow\" data-product_name=\"Dekorative Kugel \u00d88 AZULEJO-Kollektion\" data-product_image=\"https:\/\/www.companhiaatlantica.pt\/wp-content\/uploads\/2024\/10\/decorative-ball-green-350x350.jpg\">Ausf\u00fchrung w\u00e4hlen<\/a><\/div>\t<span id=\"woocommerce_loop_add_to_cart_link_describedby_65802\" class=\"screen-reader-text\">\n\t\tDieses Produkt weist mehrere Varianten auf. Die Optionen k\u00f6nnen auf der Produktseite gew\u00e4hlt werden\t<\/span>\n\t\t\t\t\t\t\t<\/div>\n\t\t\t\t\t\t<\/div>\n\t\t\t\t\t\t<\/div>\n\t\t\t\t\t<\/div><div class=\"col grid-col grid-col-1 large-3 medium-6\" >\n\t\t\t\t\t\t<div class=\"col-inner\">\n\t\t\t\t\t\t\n<div class=\"badge-container absolute left top z-1\">\n\n<div class=\"badge callout badge-circle\"><div class=\"badge-inner callout-new-bg is-small new-bubble\">3 pcs<\/div><\/div><\/div>\n\t\t\t\t\t\t<div class=\"product-small box has-hover box-shade dark box-text-bottom\">\n\t\t\t\t\t\t\t<div class=\"box-image\" >\n\t\t\t\t\t\t\t\t<div class=\"image-zoom image-glow\" >\n\t\t\t\t\t\t\t\t\t<a href=\"https:\/\/www.companhiaatlantica.pt\/de\/produto\/portugiesische-keramik\/keramik-oel-und-essigspender-aus-portugal\/olivenolspender-2-teller-azulejo-grun\" aria-label=\"Oliven\u00f6lspender + 2 Teller AZULEJO &#8211; Gr\u00fcn\">\n\t\t\t\t\t\t\t\t\t\t<img loading=\"lazy\" decoding=\"async\" width=\"700\" height=\"700\" src=\"https:\/\/www.companhiaatlantica.pt\/wp-content\/uploads\/2024\/08\/130-992-green-700x700.jpg\" class=\"show-on-hover absolute fill hide-for-small back-image\" alt=\"Alternative view of Oliven\u00f6lspender + 2 Teller AZULEJO &#8211; Gr\u00fcn\" aria-hidden=\"true\" srcset=\"https:\/\/www.companhiaatlantica.pt\/wp-content\/uploads\/2024\/08\/130-992-green-700x700.jpg 700w, https:\/\/www.companhiaatlantica.pt\/wp-content\/uploads\/2024\/08\/130-992-green-100x100.jpg 100w, https:\/\/www.companhiaatlantica.pt\/wp-content\/uploads\/2024\/08\/130-992-green-400x400.jpg 400w, https:\/\/www.companhiaatlantica.pt\/wp-content\/uploads\/2024\/08\/130-992-green-350x350.jpg 350w, https:\/\/www.companhiaatlantica.pt\/wp-content\/uploads\/2024\/08\/130-992-green-768x768.jpg 768w, https:\/\/www.companhiaatlantica.pt\/wp-content\/uploads\/2024\/08\/130-992-green-600x600.jpg 600w, https:\/\/www.companhiaatlantica.pt\/wp-content\/uploads\/2024\/08\/130-992-green.jpg 880w\" sizes=\"auto, (max-width: 700px) 100vw, 700px\" title=\"\"><img loading=\"lazy\" decoding=\"async\" width=\"880\" height=\"880\" src=\"https:\/\/www.companhiaatlantica.pt\/wp-content\/uploads\/2024\/09\/garrafa-pratos-azeite-azulejo_pack-verde.jpg\" class=\"attachment-large size-large\" alt=\"Oliven\u00f6lspender + 2 Teller AZULEJO - Gr\u00fcn\" srcset=\"https:\/\/www.companhiaatlantica.pt\/wp-content\/uploads\/2024\/09\/garrafa-pratos-azeite-azulejo_pack-verde.jpg 880w, https:\/\/www.companhiaatlantica.pt\/wp-content\/uploads\/2024\/09\/garrafa-pratos-azeite-azulejo_pack-verde-700x700.jpg 700w, https:\/\/www.companhiaatlantica.pt\/wp-content\/uploads\/2024\/09\/garrafa-pratos-azeite-azulejo_pack-verde-100x100.jpg 100w, https:\/\/www.companhiaatlantica.pt\/wp-content\/uploads\/2024\/09\/garrafa-pratos-azeite-azulejo_pack-verde-400x400.jpg 400w, https:\/\/www.companhiaatlantica.pt\/wp-content\/uploads\/2024\/09\/garrafa-pratos-azeite-azulejo_pack-verde-350x350.jpg 350w, https:\/\/www.companhiaatlantica.pt\/wp-content\/uploads\/2024\/09\/garrafa-pratos-azeite-azulejo_pack-verde-768x768.jpg 768w, https:\/\/www.companhiaatlantica.pt\/wp-content\/uploads\/2024\/09\/garrafa-pratos-azeite-azulejo_pack-verde-600x600.jpg 600w\" sizes=\"auto, (max-width: 880px) 100vw, 880px\" title=\"\">\t\t\t\t\t\t\t\t\t<\/a>\n\t\t\t\t\t\t\t\t\t<div class=\"overlay fill\" style=\"background-color: rgba(0, 0, 0, 0.19)\"><\/div>\t\t\t\t\t\t\t\t\t <div class=\"shade\"><\/div>\t\t\t\t\t\t\t\t<\/div>\n\t\t\t\t\t\t\t\t<div class=\"image-tools top right show-on-hover\">\n\t\t\t\t\t\t\t\t\t\t\t<div class=\"wishlist-icon\">\n\t\t\t<button class=\"wishlist-button button is-outline circle icon\" aria-label=\"Wunschliste\">\n\t\t\t\t<i class=\"icon-heart\" aria-hidden=\"true\"><\/i>\t\t\t<\/button>\n\t\t\t<div class=\"wishlist-popup dark\">\n\t\t\t\t\n<div\n\tclass=\"yith-wcwl-add-to-wishlist add-to-wishlist-64873 yith-wcwl-add-to-wishlist--button_default-style wishlist-fragment on-first-load\"\n\tdata-fragment-ref=\"64873\"\n\tdata-fragment-options=\"{&quot;base_url&quot;:&quot;&quot;,&quot;product_id&quot;:64873,&quot;parent_product_id&quot;:0,&quot;product_type&quot;:&quot;yith_bundle&quot;,&quot;is_single&quot;:false,&quot;in_default_wishlist&quot;:false,&quot;show_view&quot;:false,&quot;browse_wishlist_text&quot;:&quot;Siehe Ihre Wunschliste!&quot;,&quot;already_in_wishslist_text&quot;:&quot;Dieses Produkt steht bereits auf Ihrem Wunschzettel!&quot;,&quot;product_added_text&quot;:&quot;Produto adicionado!&quot;,&quot;available_multi_wishlist&quot;:false,&quot;disable_wishlist&quot;:false,&quot;show_count&quot;:false,&quot;ajax_loading&quot;:false,&quot;loop_position&quot;:&quot;after_add_to_cart&quot;,&quot;item&quot;:&quot;add_to_wishlist&quot;}\"\n>\n\t\t\t\n\t\t\t<!-- ADD TO WISHLIST -->\n\t\t\t\n<div class=\"yith-wcwl-add-button\">\n\t\t<a\n\t\thref=\"?add_to_wishlist=64873&#038;_wpnonce=52d31225f0\"\n\t\tclass=\"add_to_wishlist single_add_to_wishlist alt button theme-button-style \"\n\t\tdata-product-id=\"64873\"\n\t\tdata-product-type=\"yith_bundle\"\n\t\tdata-original-product-id=\"0\"\n\t\tdata-title=\"Zu meiner Wunschliste hinzuf\u00fcgen\"\n\t\trel=\"nofollow\"\n\t>\n\t\t<svg id=\"yith-wcwl-icon-heart-outline\" class=\"yith-wcwl-icon-svg\" fill=\"none\" stroke-width=\"1.5\" stroke=\"currentColor\" viewBox=\"0 0 24 24\" xmlns=\"http:\/\/www.w3.org\/2000\/svg\">\n  <path stroke-linecap=\"round\" stroke-linejoin=\"round\" d=\"M21 8.25c0-2.485-2.099-4.5-4.688-4.5-1.935 0-3.597 1.126-4.312 2.733-.715-1.607-2.377-2.733-4.313-2.733C5.1 3.75 3 5.765 3 8.25c0 7.22 9 12 9 12s9-4.78 9-12Z\"><\/path>\n<\/svg>\t\t<span>Zu meiner Wunschliste hinzuf\u00fcgen<\/span>\n\t<\/a>\n<\/div>\n\n\t\t\t<!-- COUNT TEXT -->\n\t\t\t\n\t\t\t<\/div>\n\t\t\t<\/div>\n\t\t<\/div>\n\t\t\t\t\t\t\t\t\t\t<\/div>\n\t\t\t\t\t\t\t\t\t\t\t\t\t\t\t\t\t\t\t\t\t\t\t<\/div>\n\n\t\t\t\t\t\t\t<div class=\"box-text text-left is-large dark\" >\n\t\t\t\t\t\t\t\t<div class=\"title-wrapper\"><p class=\"name product-title woocommerce-loop-product__title\"><a href=\"https:\/\/www.companhiaatlantica.pt\/de\/produto\/portugiesische-keramik\/keramik-oel-und-essigspender-aus-portugal\/olivenolspender-2-teller-azulejo-grun\" class=\"woocommerce-LoopProduct-link woocommerce-loop-product__link\">Oliven\u00f6lspender + 2 Teller AZULEJO &#8211; Gr\u00fcn<\/a><\/p><\/div><div class=\"price-wrapper\">\n\t<span class=\"price\"><span class=\"woocommerce-Price-amount amount\"><bdi>45.80<span class=\"woocommerce-Price-currencySymbol\">&euro;<\/span><\/bdi><\/span><\/span>\n<\/div><div class=\"overlay-tools\"><\/div><div class=\"add-to-cart-button\"><a href=\"https:\/\/www.companhiaatlantica.pt\/de\/produto\/portugiesische-keramik\/keramik-oel-und-essigspender-aus-portugal\/olivenolspender-2-teller-azulejo-grun\" aria-describedby=\"woocommerce_loop_add_to_cart_link_describedby_64873\" data-quantity=\"1\" class=\"primary is-small mb-0 button product_type_yith_bundle add_to_cart_button is-outline\" data-product_id=\"64873\" data-product_sku=\"BUNDLE-AZULEJO-GREEN\" aria-label=\"Lese mehr \u00fcber &#8222;Oliven\u00f6lspender + 2 Teller AZULEJO - Gr\u00fcn&#8220;\" rel=\"nofollow\" data-product_name=\"Oliven\u00f6lspender + 2 Teller AZULEJO - Gr\u00fcn\" data-product_image=\"https:\/\/www.companhiaatlantica.pt\/wp-content\/uploads\/2024\/09\/garrafa-pratos-azeite-azulejo_pack-verde-350x350.jpg\">Weiterlesen<\/a><\/div>\t<span id=\"woocommerce_loop_add_to_cart_link_describedby_64873\" class=\"screen-reader-text\">\n\t\t\t<\/span>\n\t\t\t\t\t\t\t<\/div>\n\t\t\t\t\t\t<\/div>\n\t\t\t\t\t\t<\/div>\n\t\t\t\t\t<\/div><div class=\"col grid-col grid-col-1 large-3 medium-6\" >\n\t\t\t\t\t\t<div class=\"col-inner\">\n\t\t\t\t\t\t\n<div class=\"badge-container absolute left top z-1\">\n\n<div class=\"badge callout badge-circle\"><div class=\"badge-inner callout-new-bg is-small new-bubble\">NEW<\/div><\/div><\/div>\n\t\t\t\t\t\t<div class=\"product-small box has-hover box-shade dark box-text-bottom\">\n\t\t\t\t\t\t\t<div class=\"box-image\" >\n\t\t\t\t\t\t\t\t<div class=\"image-zoom image-glow\" >\n\t\t\t\t\t\t\t\t\t<a href=\"https:\/\/www.companhiaatlantica.pt\/de\/produto\/dekoration\/keramik-fruchte\/salz-und-pfefferstreuer-orange\" aria-label=\"Salz- und Pfefferstreuer Orange NATURE\">\n\t\t\t\t\t\t\t\t\t\t<img loading=\"lazy\" decoding=\"async\" width=\"700\" height=\"700\" src=\"https:\/\/www.companhiaatlantica.pt\/wp-content\/uploads\/2024\/08\/131-338-2-700x700.jpg\" class=\"show-on-hover absolute fill hide-for-small back-image\" alt=\"Alternative view of Salz- und Pfefferstreuer Orange NATURE\" aria-hidden=\"true\" srcset=\"https:\/\/www.companhiaatlantica.pt\/wp-content\/uploads\/2024\/08\/131-338-2-700x700.jpg 700w, https:\/\/www.companhiaatlantica.pt\/wp-content\/uploads\/2024\/08\/131-338-2-100x100.jpg 100w, https:\/\/www.companhiaatlantica.pt\/wp-content\/uploads\/2024\/08\/131-338-2-900x900.jpg 900w, https:\/\/www.companhiaatlantica.pt\/wp-content\/uploads\/2024\/08\/131-338-2-400x400.jpg 400w, https:\/\/www.companhiaatlantica.pt\/wp-content\/uploads\/2024\/08\/131-338-2-350x350.jpg 350w, https:\/\/www.companhiaatlantica.pt\/wp-content\/uploads\/2024\/08\/131-338-2-768x768.jpg 768w, https:\/\/www.companhiaatlantica.pt\/wp-content\/uploads\/2024\/08\/131-338-2.jpg 1000w\" sizes=\"auto, (max-width: 700px) 100vw, 700px\" title=\"\"><img loading=\"lazy\" decoding=\"async\" width=\"1000\" height=\"1000\" src=\"https:\/\/www.companhiaatlantica.pt\/wp-content\/uploads\/2024\/08\/131-338.jpg\" class=\"attachment-large size-large\" alt=\"Salz- und Pfefferstreuer Orange NATURE\" srcset=\"https:\/\/www.companhiaatlantica.pt\/wp-content\/uploads\/2024\/08\/131-338.jpg 1000w, https:\/\/www.companhiaatlantica.pt\/wp-content\/uploads\/2024\/08\/131-338-700x700.jpg 700w, https:\/\/www.companhiaatlantica.pt\/wp-content\/uploads\/2024\/08\/131-338-100x100.jpg 100w, https:\/\/www.companhiaatlantica.pt\/wp-content\/uploads\/2024\/08\/131-338-900x900.jpg 900w, https:\/\/www.companhiaatlantica.pt\/wp-content\/uploads\/2024\/08\/131-338-400x400.jpg 400w, https:\/\/www.companhiaatlantica.pt\/wp-content\/uploads\/2024\/08\/131-338-350x350.jpg 350w, https:\/\/www.companhiaatlantica.pt\/wp-content\/uploads\/2024\/08\/131-338-768x768.jpg 768w\" sizes=\"auto, (max-width: 1000px) 100vw, 1000px\" title=\"\">\t\t\t\t\t\t\t\t\t<\/a>\n\t\t\t\t\t\t\t\t\t<div class=\"overlay fill\" style=\"background-color: rgba(0, 0, 0, 0.19)\"><\/div>\t\t\t\t\t\t\t\t\t <div class=\"shade\"><\/div>\t\t\t\t\t\t\t\t<\/div>\n\t\t\t\t\t\t\t\t<div class=\"image-tools top right show-on-hover\">\n\t\t\t\t\t\t\t\t\t\t\t<div class=\"wishlist-icon\">\n\t\t\t<button class=\"wishlist-button button is-outline circle icon\" aria-label=\"Wunschliste\">\n\t\t\t\t<i class=\"icon-heart\" aria-hidden=\"true\"><\/i>\t\t\t<\/button>\n\t\t\t<div class=\"wishlist-popup dark\">\n\t\t\t\t\n<div\n\tclass=\"yith-wcwl-add-to-wishlist add-to-wishlist-63430 yith-wcwl-add-to-wishlist--button_default-style wishlist-fragment on-first-load\"\n\tdata-fragment-ref=\"63430\"\n\tdata-fragment-options=\"{&quot;base_url&quot;:&quot;&quot;,&quot;product_id&quot;:63430,&quot;parent_product_id&quot;:0,&quot;product_type&quot;:&quot;simple&quot;,&quot;is_single&quot;:false,&quot;in_default_wishlist&quot;:false,&quot;show_view&quot;:false,&quot;browse_wishlist_text&quot;:&quot;Siehe Ihre Wunschliste!&quot;,&quot;already_in_wishslist_text&quot;:&quot;Dieses Produkt steht bereits auf Ihrem Wunschzettel!&quot;,&quot;product_added_text&quot;:&quot;Produto adicionado!&quot;,&quot;available_multi_wishlist&quot;:false,&quot;disable_wishlist&quot;:false,&quot;show_count&quot;:false,&quot;ajax_loading&quot;:false,&quot;loop_position&quot;:&quot;after_add_to_cart&quot;,&quot;item&quot;:&quot;add_to_wishlist&quot;}\"\n>\n\t\t\t\n\t\t\t<!-- ADD TO WISHLIST -->\n\t\t\t\n<div class=\"yith-wcwl-add-button\">\n\t\t<a\n\t\thref=\"?add_to_wishlist=63430&#038;_wpnonce=52d31225f0\"\n\t\tclass=\"add_to_wishlist single_add_to_wishlist alt button theme-button-style \"\n\t\tdata-product-id=\"63430\"\n\t\tdata-product-type=\"simple\"\n\t\tdata-original-product-id=\"0\"\n\t\tdata-title=\"Zu meiner Wunschliste hinzuf\u00fcgen\"\n\t\trel=\"nofollow\"\n\t>\n\t\t<svg id=\"yith-wcwl-icon-heart-outline\" class=\"yith-wcwl-icon-svg\" fill=\"none\" stroke-width=\"1.5\" stroke=\"currentColor\" viewBox=\"0 0 24 24\" xmlns=\"http:\/\/www.w3.org\/2000\/svg\">\n  <path stroke-linecap=\"round\" stroke-linejoin=\"round\" d=\"M21 8.25c0-2.485-2.099-4.5-4.688-4.5-1.935 0-3.597 1.126-4.312 2.733-.715-1.607-2.377-2.733-4.313-2.733C5.1 3.75 3 5.765 3 8.25c0 7.22 9 12 9 12s9-4.78 9-12Z\"><\/path>\n<\/svg>\t\t<span>Zu meiner Wunschliste hinzuf\u00fcgen<\/span>\n\t<\/a>\n<\/div>\n\n\t\t\t<!-- COUNT TEXT -->\n\t\t\t\n\t\t\t<\/div>\n\t\t\t<\/div>\n\t\t<\/div>\n\t\t\t\t\t\t\t\t\t\t<\/div>\n\t\t\t\t\t\t\t\t\t\t\t\t\t\t\t\t\t\t\t\t\t\t\t<\/div>\n\n\t\t\t\t\t\t\t<div class=\"box-text text-left is-large dark\" >\n\t\t\t\t\t\t\t\t<div class=\"title-wrapper\"><p class=\"name product-title woocommerce-loop-product__title\"><a href=\"https:\/\/www.companhiaatlantica.pt\/de\/produto\/dekoration\/keramik-fruchte\/salz-und-pfefferstreuer-orange\" class=\"woocommerce-LoopProduct-link woocommerce-loop-product__link\">Salz- und Pfefferstreuer Orange NATURE<\/a><\/p><\/div><div class=\"price-wrapper\">\n\t<span class=\"price\"><span class=\"woocommerce-Price-amount amount\"><bdi>21.00<span class=\"woocommerce-Price-currencySymbol\">&euro;<\/span><\/bdi><\/span><\/span>\n<\/div><div class=\"overlay-tools\"><\/div><div class=\"add-to-cart-button\"><a href=\"\/de\/wp-json\/wp\/v2\/pages\/66644?add-to-cart=63430\" aria-describedby=\"woocommerce_loop_add_to_cart_link_describedby_63430\" data-quantity=\"1\" class=\"primary is-small mb-0 button product_type_simple add_to_cart_button ajax_add_to_cart is-outline\" data-product_id=\"63430\" data-product_sku=\"131-338\" aria-label=\"In den Warenkorb legen: \u201eSalz- und Pfefferstreuer Orange NATURE\u201c\" rel=\"nofollow\" data-success_message=\"\u201eSalz- und Pfefferstreuer Orange NATURE\u201c wurde deinem Warenkorb hinzugef\u00fcgt\" data-product_name=\"Salz- und Pfefferstreuer Orange NATURE\" data-product_image=\"https:\/\/www.companhiaatlantica.pt\/wp-content\/uploads\/2024\/08\/131-338-350x350.jpg\" role=\"button\">In den Warenkorb<\/a><\/div>\t<span id=\"woocommerce_loop_add_to_cart_link_describedby_63430\" class=\"screen-reader-text\">\n\t\t\t<\/span>\n\t\t\t\t\t\t\t<\/div>\n\t\t\t\t\t\t<\/div>\n\t\t\t\t\t\t<\/div>\n\t\t\t\t\t<\/div><\/div>\n<div class=\"row row-collapse row-full-width align-equal align-center\"  id=\"row-1805640460\">\n\n\t<div id=\"col-2093216059\" class=\"col small-12 large-12\"  >\n\t\t\t\t<div class=\"col-inner\"  >\n\t\t\t\n\t\t\t\n\t<div id=\"gap-1870639976\" class=\"gap-element clearfix\" style=\"display:block; height:auto;\">\n\t\t\n<style>\n#gap-1870639976 {\n  padding-top: 20px;\n}\n<\/style>\n\t<\/div>\n\t\n\t<div id=\"text-439686247\" class=\"text\">\n\t\t\n<p>GENIESSE AUSSERDEM DEN <strong>KOSTENLOSEN VERSAND<\/strong> <small>bei Eink\u00e4ufen \u00fcber 65\u20ac, sieh dir die Bedingungen <a href=\"https:\/\/www.companhiaatlantica.pt\/de\/versand-und-lieferbedingungen\" target=\"_blank\" rel=\"noopener\">hier an<\/a><\/small><\/p>\n\t\t\n<style>\n#text-439686247 {\n  font-size: 1.2rem;\n  line-height: 1;\n  text-align: center;\n  color: rgb(255, 255, 255);\n}\n#text-439686247 > * {\n  color: rgb(255, 255, 255);\n}\n<\/style>\n\t<\/div>\n\t\n\t\t<\/div>\n\t\t\t\t\t<\/div>\n\n\t\n\n<style>\n#row-1805640460 > .col > .col-inner {\n  background-color: rgb(23, 77, 123);\n}\n<\/style>\n<\/div>\n\t\t<\/div>\n\t\t\t\t\t<\/div>\n\n\t\n\n\t<div id=\"col-706231580\" class=\"col small-12 large-12\"  >\n\t\t\t\t<div class=\"col-inner\"  >\n\t\t\t\n\t\t\t\n\t<div id=\"gap-171152910\" class=\"gap-element clearfix\" style=\"display:block; height:auto;\">\n\t\t\n<style>\n#gap-171152910 {\n  padding-top: 20px;\n}\n<\/style>\n\t<\/div>\n\t\n<div class=\"container section-title-container\" ><h2 class=\"section-title section-title-center\"><b aria-hidden=\"true\"><\/b><span class=\"section-title-main\" >KOMBINIERE MIT DEN VERF\u00dcGBAREN ANGEBOTEN, NUTZE DIE CHANCE!<\/span><b aria-hidden=\"true\"><\/b><\/h2><\/div>\n\t<div id=\"gap-483534913\" class=\"gap-element clearfix\" style=\"display:block; height:auto;\">\n\t\t\n<style>\n#gap-483534913 {\n  padding-top: 20px;\n}\n<\/style>\n\t<\/div>\n\t\n<div class=\"container section-title-container\" ><h3 class=\"section-title section-title-center\"><b aria-hidden=\"true\"><\/b><span class=\"section-title-main\" ><i class=\"icon-star\" aria-hidden=\"true\"><\/i>TISCH- UND K\u00dcCHENZUBEH\u00d6R<\/span><b aria-hidden=\"true\"><\/b><\/h3><\/div>\n\t\n  \n    <div class=\"row large-columns-6 medium-columns-3 small-columns-2 row-xsmall row-full-width slider row-slider slider-nav-reveal slider-nav-push\"  data-flickity-options='{&quot;imagesLoaded&quot;: true, &quot;groupCells&quot;: &quot;100%&quot;, &quot;dragThreshold&quot; : 5, &quot;cellAlign&quot;: &quot;left&quot;,&quot;wrapAround&quot;: true,&quot;prevNextButtons&quot;: true,&quot;percentPosition&quot;: true,&quot;pageDots&quot;: false, &quot;rightToLeft&quot;: false, &quot;autoPlay&quot; : false}' >\n\n  \n\t     <div class=\"col\" >\n\t\t\t\t\t\t<div class=\"col-inner\">\n\t\t\t\t\t\t\n<div class=\"badge-container absolute left top z-1\">\n<div class=\"badge callout badge-circle\">\r\n  \t\t\t<div class=\"badge-inner secondary on-sale\">\r\n  \t\t\t\t<span class=\"onsale\">-15%<\/span>\r\n\t\t\t<\/div>\r\n\t\t<\/div>\r\n\t\t<div class=\"badge callout badge-circle\">\r\n\t\t\t<div class=\"badge-inner callout-new-bg is-small new-bubble\">6 pcs <\/div>\r\n\t\t<\/div>\n<div class=\"badge callout badge-circle\"><div class=\"badge-inner callout-new-bg is-small new-bubble\">6 pcs <\/div><\/div><\/div>\n\t\t\t\t\t\t<div class=\"product-small box has-hover box-normal box-text-bottom\">\n\t\t\t\t\t\t\t<div class=\"box-image\" >\n\t\t\t\t\t\t\t\t<div class=\"\" >\n\t\t\t\t\t\t\t\t\t<a href=\"https:\/\/www.companhiaatlantica.pt\/de\/produto\/portugiesisches-leben\/haushaltsartikel\/glasuntersetzer\/fliesen-boden-becher-9cm-6-teilig\" aria-label=\"AZULEJO Untersetzer - 6er-Satz\">\n\t\t\t\t\t\t\t\t\t\t<img loading=\"lazy\" decoding=\"async\" width=\"600\" height=\"600\" src=\"https:\/\/www.companhiaatlantica.pt\/wp-content\/uploads\/2020\/06\/IMG_9545.jpg\" class=\"show-on-hover absolute fill hide-for-small back-image\" alt=\"Alternative view of AZULEJO Untersetzer - 6er-Satz\" aria-hidden=\"true\" srcset=\"https:\/\/www.companhiaatlantica.pt\/wp-content\/uploads\/2020\/06\/IMG_9545.jpg 600w, https:\/\/www.companhiaatlantica.pt\/wp-content\/uploads\/2020\/06\/IMG_9545-100x100.jpg 100w\" sizes=\"auto, (max-width: 600px) 100vw, 600px\" title=\"\"><img loading=\"lazy\" decoding=\"async\" width=\"600\" height=\"600\" src=\"https:\/\/www.companhiaatlantica.pt\/wp-content\/uploads\/2020\/06\/IMG_9534.jpg\" class=\"attachment-woocommerce_thumbnail size-woocommerce_thumbnail\" alt=\"AZULEJO Untersetzer - 6er-Satz\" srcset=\"https:\/\/www.companhiaatlantica.pt\/wp-content\/uploads\/2020\/06\/IMG_9534.jpg 600w, https:\/\/www.companhiaatlantica.pt\/wp-content\/uploads\/2020\/06\/IMG_9534-100x100.jpg 100w\" sizes=\"auto, (max-width: 600px) 100vw, 600px\" title=\"\">\t\t\t\t\t\t\t\t\t<\/a>\n\t\t\t\t\t\t\t\t\t\t\t\t\t\t\t\t\t\t \t\t\t\t\t\t\t\t<\/div>\n\t\t\t\t\t\t\t\t<div class=\"image-tools top right show-on-hover\">\n\t\t\t\t\t\t\t\t\t\t\t<div class=\"wishlist-icon\">\n\t\t\t<button class=\"wishlist-button button is-outline circle icon\" aria-label=\"Wunschliste\">\n\t\t\t\t<i class=\"icon-heart\" aria-hidden=\"true\"><\/i>\t\t\t<\/button>\n\t\t\t<div class=\"wishlist-popup dark\">\n\t\t\t\t\n<div\n\tclass=\"yith-wcwl-add-to-wishlist add-to-wishlist-41133 yith-wcwl-add-to-wishlist--button_default-style wishlist-fragment on-first-load\"\n\tdata-fragment-ref=\"41133\"\n\tdata-fragment-options=\"{&quot;base_url&quot;:&quot;&quot;,&quot;product_id&quot;:41133,&quot;parent_product_id&quot;:0,&quot;product_type&quot;:&quot;variable&quot;,&quot;is_single&quot;:false,&quot;in_default_wishlist&quot;:false,&quot;show_view&quot;:false,&quot;browse_wishlist_text&quot;:&quot;Siehe Ihre Wunschliste!&quot;,&quot;already_in_wishslist_text&quot;:&quot;Dieses Produkt steht bereits auf Ihrem Wunschzettel!&quot;,&quot;product_added_text&quot;:&quot;Produto adicionado!&quot;,&quot;available_multi_wishlist&quot;:false,&quot;disable_wishlist&quot;:false,&quot;show_count&quot;:false,&quot;ajax_loading&quot;:false,&quot;loop_position&quot;:&quot;after_add_to_cart&quot;,&quot;item&quot;:&quot;add_to_wishlist&quot;}\"\n>\n\t\t\t\n\t\t\t<!-- ADD TO WISHLIST -->\n\t\t\t\n<div class=\"yith-wcwl-add-button\">\n\t\t<a\n\t\thref=\"?add_to_wishlist=41133&#038;_wpnonce=52d31225f0\"\n\t\tclass=\"add_to_wishlist single_add_to_wishlist alt button theme-button-style \"\n\t\tdata-product-id=\"41133\"\n\t\tdata-product-type=\"variable\"\n\t\tdata-original-product-id=\"0\"\n\t\tdata-title=\"Zu meiner Wunschliste hinzuf\u00fcgen\"\n\t\trel=\"nofollow\"\n\t>\n\t\t<svg id=\"yith-wcwl-icon-heart-outline\" class=\"yith-wcwl-icon-svg\" fill=\"none\" stroke-width=\"1.5\" stroke=\"currentColor\" viewBox=\"0 0 24 24\" xmlns=\"http:\/\/www.w3.org\/2000\/svg\">\n  <path stroke-linecap=\"round\" stroke-linejoin=\"round\" d=\"M21 8.25c0-2.485-2.099-4.5-4.688-4.5-1.935 0-3.597 1.126-4.312 2.733-.715-1.607-2.377-2.733-4.313-2.733C5.1 3.75 3 5.765 3 8.25c0 7.22 9 12 9 12s9-4.78 9-12Z\"><\/path>\n<\/svg>\t\t<span>Zu meiner Wunschliste hinzuf\u00fcgen<\/span>\n\t<\/a>\n<\/div>\n\n\t\t\t<!-- COUNT TEXT -->\n\t\t\t\n\t\t\t<\/div>\n\t\t\t<\/div>\n\t\t<\/div>\n\t\t\t\t\t\t\t\t\t\t<\/div>\n\t\t\t\t\t\t\t\t\t\t\t\t\t\t\t\t\t<div class=\"image-tools grid-tools text-center hide-for-small bottom hover-slide-in show-on-hover\">\n\t\t\t\t\t\t\t\t\t\t\t\t\t\t\t\t\t\t\t<\/div>\n\t\t\t\t\t\t\t\t\t\t\t\t\t\t\t\t\t\t\t\t\t\t\t<\/div>\n\n\t\t\t\t\t\t\t<div class=\"box-text text-center\" >\n\t\t\t\t\t\t\t\t<div class=\"title-wrapper\"><p class=\"name product-title woocommerce-loop-product__title\"><a href=\"https:\/\/www.companhiaatlantica.pt\/de\/produto\/portugiesisches-leben\/haushaltsartikel\/glasuntersetzer\/fliesen-boden-becher-9cm-6-teilig\" class=\"woocommerce-LoopProduct-link woocommerce-loop-product__link\">AZULEJO Untersetzer &#8211; 6er-Satz<\/a><\/p><\/div><div class=\"price-wrapper\">\n\t<span class=\"price\"><del aria-hidden=\"true\"><span class=\"woocommerce-Price-amount amount\"><bdi>50.25<span class=\"woocommerce-Price-currencySymbol\">&euro;<\/span><\/bdi><\/span><\/del> <span class=\"screen-reader-text\">Urspr\u00fcnglicher Preis war: 50.25&euro;<\/span><ins aria-hidden=\"true\"><span class=\"woocommerce-Price-amount amount\"><bdi>42.90<span class=\"woocommerce-Price-currencySymbol\">&euro;<\/span><\/bdi><\/span><\/ins><span class=\"screen-reader-text\">Aktueller Preis ist: 42.90&euro;.<\/span><\/span>\n<\/div><div class=\"add-to-cart-button\"><a href=\"https:\/\/www.companhiaatlantica.pt\/de\/produto\/portugiesisches-leben\/haushaltsartikel\/glasuntersetzer\/fliesen-boden-becher-9cm-6-teilig\" aria-describedby=\"woocommerce_loop_add_to_cart_link_describedby_41133\" data-quantity=\"1\" class=\"primary is-small mb-0 button product_type_variable add_to_cart_button is-outline\" data-product_id=\"41133\" data-product_sku=\"\" aria-label=\"W\u00e4hle Optionen f\u00fcr \u201eAZULEJO Untersetzer - 6er-Satz\u201c\" rel=\"nofollow\" data-product_name=\"AZULEJO Untersetzer - 6er-Satz\" data-product_image=\"https:\/\/www.companhiaatlantica.pt\/wp-content\/uploads\/2020\/06\/IMG_9534.jpg\">Ausf\u00fchrung w\u00e4hlen<\/a><\/div>\t<span id=\"woocommerce_loop_add_to_cart_link_describedby_41133\" class=\"screen-reader-text\">\n\t\tDieses Produkt weist mehrere Varianten auf. Die Optionen k\u00f6nnen auf der Produktseite gew\u00e4hlt werden\t<\/span>\n\t\t\t\t\t\t\t<\/div>\n\t\t\t\t\t\t<\/div>\n\t\t\t\t\t\t<\/div>\n\t\t\t\t\t<\/div><div class=\"col\" >\n\t\t\t\t\t\t<div class=\"col-inner\">\n\t\t\t\t\t\t\n<div class=\"badge-container absolute left top z-1\">\n<div class=\"badge callout badge-circle\">\r\n  \t\t\t<div class=\"badge-inner secondary on-sale\">\r\n  \t\t\t\t<span class=\"onsale\">-15%<\/span>\r\n\t\t\t<\/div>\r\n\t\t<\/div>\r\n\t\t<div class=\"badge callout badge-circle\">\r\n\t\t\t<div class=\"badge-inner callout-new-bg is-small new-bubble\">2 pcs<\/div>\r\n\t\t<\/div>\n<div class=\"badge callout badge-circle\"><div class=\"badge-inner callout-new-bg is-small new-bubble\">2 pcs<\/div><\/div><\/div>\n\t\t\t\t\t\t<div class=\"product-small box has-hover box-normal box-text-bottom\">\n\t\t\t\t\t\t\t<div class=\"box-image\" >\n\t\t\t\t\t\t\t\t<div class=\"\" >\n\t\t\t\t\t\t\t\t\t<a href=\"https:\/\/www.companhiaatlantica.pt\/de\/produto\/portugiesische-keramik\/tischaccessoires\/pilates-topfuntersetzer-2er-set\" aria-label=\"PILATES Topfuntersetzer - 2er-Set\">\n\t\t\t\t\t\t\t\t\t\t<img loading=\"lazy\" decoding=\"async\" width=\"700\" height=\"700\" src=\"https:\/\/www.companhiaatlantica.pt\/wp-content\/uploads\/2022\/04\/130-894-700x700.jpg\" class=\"show-on-hover absolute fill hide-for-small back-image\" alt=\"Alternative view of PILATES Topfuntersetzer - 2er-Set\" aria-hidden=\"true\" srcset=\"https:\/\/www.companhiaatlantica.pt\/wp-content\/uploads\/2022\/04\/130-894-700x700.jpg 700w, https:\/\/www.companhiaatlantica.pt\/wp-content\/uploads\/2022\/04\/130-894-100x100.jpg 100w, https:\/\/www.companhiaatlantica.pt\/wp-content\/uploads\/2022\/04\/130-894-900x900.jpg 900w, https:\/\/www.companhiaatlantica.pt\/wp-content\/uploads\/2022\/04\/130-894-300x300.jpg 300w, https:\/\/www.companhiaatlantica.pt\/wp-content\/uploads\/2022\/04\/130-894-150x150.jpg 150w, https:\/\/www.companhiaatlantica.pt\/wp-content\/uploads\/2022\/04\/130-894-768x768.jpg 768w, https:\/\/www.companhiaatlantica.pt\/wp-content\/uploads\/2022\/04\/130-894-600x600.jpg 600w, https:\/\/www.companhiaatlantica.pt\/wp-content\/uploads\/2022\/04\/130-894.jpg 1000w\" sizes=\"auto, (max-width: 700px) 100vw, 700px\" title=\"\"><img loading=\"lazy\" decoding=\"async\" width=\"600\" height=\"600\" src=\"https:\/\/www.companhiaatlantica.pt\/wp-content\/uploads\/2020\/11\/130-489-5.jpg\" class=\"attachment-woocommerce_thumbnail size-woocommerce_thumbnail\" alt=\"PILATES Topfuntersetzer - 2er-Set\" srcset=\"https:\/\/www.companhiaatlantica.pt\/wp-content\/uploads\/2020\/11\/130-489-5.jpg 600w, https:\/\/www.companhiaatlantica.pt\/wp-content\/uploads\/2020\/11\/130-489-5-100x100.jpg 100w\" sizes=\"auto, (max-width: 600px) 100vw, 600px\" title=\"\">\t\t\t\t\t\t\t\t\t<\/a>\n\t\t\t\t\t\t\t\t\t\t\t\t\t\t\t\t\t\t \t\t\t\t\t\t\t\t<\/div>\n\t\t\t\t\t\t\t\t<div class=\"image-tools top right show-on-hover\">\n\t\t\t\t\t\t\t\t\t\t\t<div class=\"wishlist-icon\">\n\t\t\t<button class=\"wishlist-button button is-outline circle icon\" aria-label=\"Wunschliste\">\n\t\t\t\t<i class=\"icon-heart\" aria-hidden=\"true\"><\/i>\t\t\t<\/button>\n\t\t\t<div class=\"wishlist-popup dark\">\n\t\t\t\t\n<div\n\tclass=\"yith-wcwl-add-to-wishlist add-to-wishlist-41080 yith-wcwl-add-to-wishlist--button_default-style wishlist-fragment on-first-load\"\n\tdata-fragment-ref=\"41080\"\n\tdata-fragment-options=\"{&quot;base_url&quot;:&quot;&quot;,&quot;product_id&quot;:41080,&quot;parent_product_id&quot;:0,&quot;product_type&quot;:&quot;variable&quot;,&quot;is_single&quot;:false,&quot;in_default_wishlist&quot;:false,&quot;show_view&quot;:false,&quot;browse_wishlist_text&quot;:&quot;Siehe Ihre Wunschliste!&quot;,&quot;already_in_wishslist_text&quot;:&quot;Dieses Produkt steht bereits auf Ihrem Wunschzettel!&quot;,&quot;product_added_text&quot;:&quot;Produto adicionado!&quot;,&quot;available_multi_wishlist&quot;:false,&quot;disable_wishlist&quot;:false,&quot;show_count&quot;:false,&quot;ajax_loading&quot;:false,&quot;loop_position&quot;:&quot;after_add_to_cart&quot;,&quot;item&quot;:&quot;add_to_wishlist&quot;}\"\n>\n\t\t\t\n\t\t\t<!-- ADD TO WISHLIST -->\n\t\t\t\n<div class=\"yith-wcwl-add-button\">\n\t\t<a\n\t\thref=\"?add_to_wishlist=41080&#038;_wpnonce=52d31225f0\"\n\t\tclass=\"add_to_wishlist single_add_to_wishlist alt button theme-button-style \"\n\t\tdata-product-id=\"41080\"\n\t\tdata-product-type=\"variable\"\n\t\tdata-original-product-id=\"0\"\n\t\tdata-title=\"Zu meiner Wunschliste hinzuf\u00fcgen\"\n\t\trel=\"nofollow\"\n\t>\n\t\t<svg id=\"yith-wcwl-icon-heart-outline\" class=\"yith-wcwl-icon-svg\" fill=\"none\" stroke-width=\"1.5\" stroke=\"currentColor\" viewBox=\"0 0 24 24\" xmlns=\"http:\/\/www.w3.org\/2000\/svg\">\n  <path stroke-linecap=\"round\" stroke-linejoin=\"round\" d=\"M21 8.25c0-2.485-2.099-4.5-4.688-4.5-1.935 0-3.597 1.126-4.312 2.733-.715-1.607-2.377-2.733-4.313-2.733C5.1 3.75 3 5.765 3 8.25c0 7.22 9 12 9 12s9-4.78 9-12Z\"><\/path>\n<\/svg>\t\t<span>Zu meiner Wunschliste hinzuf\u00fcgen<\/span>\n\t<\/a>\n<\/div>\n\n\t\t\t<!-- COUNT TEXT -->\n\t\t\t\n\t\t\t<\/div>\n\t\t\t<\/div>\n\t\t<\/div>\n\t\t\t\t\t\t\t\t\t\t<\/div>\n\t\t\t\t\t\t\t\t\t\t\t\t\t\t\t\t\t<div class=\"image-tools grid-tools text-center hide-for-small bottom hover-slide-in show-on-hover\">\n\t\t\t\t\t\t\t\t\t\t\t\t\t\t\t\t\t\t\t<\/div>\n\t\t\t\t\t\t\t\t\t\t\t\t\t\t\t\t\t\t\t\t\t\t\t<\/div>\n\n\t\t\t\t\t\t\t<div class=\"box-text text-center\" >\n\t\t\t\t\t\t\t\t<div class=\"title-wrapper\"><p class=\"name product-title woocommerce-loop-product__title\"><a href=\"https:\/\/www.companhiaatlantica.pt\/de\/produto\/portugiesische-keramik\/tischaccessoires\/pilates-topfuntersetzer-2er-set\" class=\"woocommerce-LoopProduct-link woocommerce-loop-product__link\">PILATES Topfuntersetzer &#8211; 2er-Set<\/a><\/p><\/div><div class=\"price-wrapper\">\n\t<span class=\"price\"><del aria-hidden=\"true\"><span class=\"woocommerce-Price-amount amount\"><bdi>32.00<span class=\"woocommerce-Price-currencySymbol\">&euro;<\/span><\/bdi><\/span><\/del> <span class=\"screen-reader-text\">Urspr\u00fcnglicher Preis war: 32.00&euro;<\/span><ins aria-hidden=\"true\"><span class=\"woocommerce-Price-amount amount\"><bdi>27.20<span class=\"woocommerce-Price-currencySymbol\">&euro;<\/span><\/bdi><\/span><\/ins><span class=\"screen-reader-text\">Aktueller Preis ist: 27.20&euro;.<\/span><\/span>\n<\/div><div class=\"add-to-cart-button\"><a href=\"https:\/\/www.companhiaatlantica.pt\/de\/produto\/portugiesische-keramik\/tischaccessoires\/pilates-topfuntersetzer-2er-set\" aria-describedby=\"woocommerce_loop_add_to_cart_link_describedby_41080\" data-quantity=\"1\" class=\"primary is-small mb-0 button product_type_variable add_to_cart_button is-outline\" data-product_id=\"41080\" data-product_sku=\"\" aria-label=\"W\u00e4hle Optionen f\u00fcr \u201ePILATES Topfuntersetzer - 2er-Set\u201c\" rel=\"nofollow\" data-product_name=\"PILATES Topfuntersetzer - 2er-Set\" data-product_image=\"https:\/\/www.companhiaatlantica.pt\/wp-content\/uploads\/2020\/11\/130-489-5.jpg\">Ausf\u00fchrung w\u00e4hlen<\/a><\/div>\t<span id=\"woocommerce_loop_add_to_cart_link_describedby_41080\" class=\"screen-reader-text\">\n\t\tDieses Produkt weist mehrere Varianten auf. Die Optionen k\u00f6nnen auf der Produktseite gew\u00e4hlt werden\t<\/span>\n\t\t\t\t\t\t\t<\/div>\n\t\t\t\t\t\t<\/div>\n\t\t\t\t\t\t<\/div>\n\t\t\t\t\t<\/div><div class=\"col\" >\n\t\t\t\t\t\t<div class=\"col-inner\">\n\t\t\t\t\t\t\n<div class=\"badge-container absolute left top z-1\">\n<div class=\"badge callout badge-circle\">\r\n  \t\t\t<div class=\"badge-inner secondary on-sale\">\r\n  \t\t\t\t<span class=\"onsale\">-15%<\/span>\r\n\t\t\t<\/div>\r\n\t\t<\/div>\r\n\t\t<div class=\"badge callout badge-circle\">\r\n\t\t\t<div class=\"badge-inner callout-new-bg is-small new-bubble\">3 pcs<\/div>\r\n\t\t<\/div>\n<div class=\"badge callout badge-circle\"><div class=\"badge-inner callout-new-bg is-small new-bubble\">3 pcs<\/div><\/div><\/div>\n\t\t\t\t\t\t<div class=\"product-small box has-hover box-normal box-text-bottom\">\n\t\t\t\t\t\t\t<div class=\"box-image\" >\n\t\t\t\t\t\t\t\t<div class=\"\" >\n\t\t\t\t\t\t\t\t\t<a href=\"https:\/\/www.companhiaatlantica.pt\/de\/produto\/portugiesische-keramik\/kuchenaccessoires\/grano-pote-kitchen-650ml-3-pecks\" aria-label=\"K\u00fcchent\u00f6pfe 650ml GRANO - 3er-Set\">\n\t\t\t\t\t\t\t\t\t\t<img loading=\"lazy\" decoding=\"async\" width=\"700\" height=\"700\" src=\"https:\/\/www.companhiaatlantica.pt\/wp-content\/uploads\/2021\/03\/130-101_x3-700x700.jpg\" class=\"show-on-hover absolute fill hide-for-small back-image\" alt=\"Alternative view of K\u00fcchent\u00f6pfe 650ml GRANO - 3er-Set\" aria-hidden=\"true\" srcset=\"https:\/\/www.companhiaatlantica.pt\/wp-content\/uploads\/2021\/03\/130-101_x3-700x700.jpg 700w, https:\/\/www.companhiaatlantica.pt\/wp-content\/uploads\/2021\/03\/130-101_x3-100x100.jpg 100w, https:\/\/www.companhiaatlantica.pt\/wp-content\/uploads\/2021\/03\/130-101_x3-900x900.jpg 900w, https:\/\/www.companhiaatlantica.pt\/wp-content\/uploads\/2021\/03\/130-101_x3-300x300.jpg 300w, https:\/\/www.companhiaatlantica.pt\/wp-content\/uploads\/2021\/03\/130-101_x3-150x150.jpg 150w, https:\/\/www.companhiaatlantica.pt\/wp-content\/uploads\/2021\/03\/130-101_x3-768x768.jpg 768w, https:\/\/www.companhiaatlantica.pt\/wp-content\/uploads\/2021\/03\/130-101_x3-600x600.jpg 600w, https:\/\/www.companhiaatlantica.pt\/wp-content\/uploads\/2021\/03\/130-101_x3.jpg 1000w\" sizes=\"auto, (max-width: 700px) 100vw, 700px\" title=\"\"><img loading=\"lazy\" decoding=\"async\" width=\"600\" height=\"450\" src=\"https:\/\/www.companhiaatlantica.pt\/wp-content\/uploads\/2022\/08\/Grano-banner-600x450.jpg\" class=\"attachment-woocommerce_thumbnail size-woocommerce_thumbnail\" alt=\"K\u00fcchent\u00f6pfe 650ml GRANO - 3er-Set\" title=\"\">\t\t\t\t\t\t\t\t\t<\/a>\n\t\t\t\t\t\t\t\t\t\t\t\t\t\t\t\t\t\t \t\t\t\t\t\t\t\t<\/div>\n\t\t\t\t\t\t\t\t<div class=\"image-tools top right show-on-hover\">\n\t\t\t\t\t\t\t\t\t\t\t<div class=\"wishlist-icon\">\n\t\t\t<button class=\"wishlist-button button is-outline circle icon\" aria-label=\"Wunschliste\">\n\t\t\t\t<i class=\"icon-heart\" aria-hidden=\"true\"><\/i>\t\t\t<\/button>\n\t\t\t<div class=\"wishlist-popup dark\">\n\t\t\t\t\n<div\n\tclass=\"yith-wcwl-add-to-wishlist add-to-wishlist-41272 yith-wcwl-add-to-wishlist--button_default-style wishlist-fragment on-first-load\"\n\tdata-fragment-ref=\"41272\"\n\tdata-fragment-options=\"{&quot;base_url&quot;:&quot;&quot;,&quot;product_id&quot;:41272,&quot;parent_product_id&quot;:0,&quot;product_type&quot;:&quot;variable&quot;,&quot;is_single&quot;:false,&quot;in_default_wishlist&quot;:false,&quot;show_view&quot;:false,&quot;browse_wishlist_text&quot;:&quot;Siehe Ihre Wunschliste!&quot;,&quot;already_in_wishslist_text&quot;:&quot;Dieses Produkt steht bereits auf Ihrem Wunschzettel!&quot;,&quot;product_added_text&quot;:&quot;Produto adicionado!&quot;,&quot;available_multi_wishlist&quot;:false,&quot;disable_wishlist&quot;:false,&quot;show_count&quot;:false,&quot;ajax_loading&quot;:false,&quot;loop_position&quot;:&quot;after_add_to_cart&quot;,&quot;item&quot;:&quot;add_to_wishlist&quot;}\"\n>\n\t\t\t\n\t\t\t<!-- ADD TO WISHLIST -->\n\t\t\t\n<div class=\"yith-wcwl-add-button\">\n\t\t<a\n\t\thref=\"?add_to_wishlist=41272&#038;_wpnonce=52d31225f0\"\n\t\tclass=\"add_to_wishlist single_add_to_wishlist alt button theme-button-style \"\n\t\tdata-product-id=\"41272\"\n\t\tdata-product-type=\"variable\"\n\t\tdata-original-product-id=\"0\"\n\t\tdata-title=\"Zu meiner Wunschliste hinzuf\u00fcgen\"\n\t\trel=\"nofollow\"\n\t>\n\t\t<svg id=\"yith-wcwl-icon-heart-outline\" class=\"yith-wcwl-icon-svg\" fill=\"none\" stroke-width=\"1.5\" stroke=\"currentColor\" viewBox=\"0 0 24 24\" xmlns=\"http:\/\/www.w3.org\/2000\/svg\">\n  <path stroke-linecap=\"round\" stroke-linejoin=\"round\" d=\"M21 8.25c0-2.485-2.099-4.5-4.688-4.5-1.935 0-3.597 1.126-4.312 2.733-.715-1.607-2.377-2.733-4.313-2.733C5.1 3.75 3 5.765 3 8.25c0 7.22 9 12 9 12s9-4.78 9-12Z\"><\/path>\n<\/svg>\t\t<span>Zu meiner Wunschliste hinzuf\u00fcgen<\/span>\n\t<\/a>\n<\/div>\n\n\t\t\t<!-- COUNT TEXT -->\n\t\t\t\n\t\t\t<\/div>\n\t\t\t<\/div>\n\t\t<\/div>\n\t\t\t\t\t\t\t\t\t\t<\/div>\n\t\t\t\t\t\t\t\t\t\t\t\t\t\t\t\t\t<div class=\"image-tools grid-tools text-center hide-for-small bottom hover-slide-in show-on-hover\">\n\t\t\t\t\t\t\t\t\t\t\t\t\t\t\t\t\t\t\t<\/div>\n\t\t\t\t\t\t\t\t\t\t\t\t\t\t\t\t\t\t\t\t\t\t\t<\/div>\n\n\t\t\t\t\t\t\t<div class=\"box-text text-center\" >\n\t\t\t\t\t\t\t\t<div class=\"title-wrapper\"><p class=\"name product-title woocommerce-loop-product__title\"><a href=\"https:\/\/www.companhiaatlantica.pt\/de\/produto\/portugiesische-keramik\/kuchenaccessoires\/grano-pote-kitchen-650ml-3-pecks\" class=\"woocommerce-LoopProduct-link woocommerce-loop-product__link\">K\u00fcchent\u00f6pfe 650ml GRANO &#8211; 3er-Set<\/a><\/p><\/div><div class=\"price-wrapper\">\n\t<span class=\"price\"><del aria-hidden=\"true\"><span class=\"woocommerce-Price-amount amount\"><bdi>63.00<span class=\"woocommerce-Price-currencySymbol\">&euro;<\/span><\/bdi><\/span><\/del> <span class=\"screen-reader-text\">Urspr\u00fcnglicher Preis war: 63.00&euro;<\/span><ins aria-hidden=\"true\"><span class=\"woocommerce-Price-amount amount\"><bdi>53.55<span class=\"woocommerce-Price-currencySymbol\">&euro;<\/span><\/bdi><\/span><\/ins><span class=\"screen-reader-text\">Aktueller Preis ist: 53.55&euro;.<\/span><\/span>\n<\/div><div class=\"add-to-cart-button\"><a href=\"https:\/\/www.companhiaatlantica.pt\/de\/produto\/portugiesische-keramik\/kuchenaccessoires\/grano-pote-kitchen-650ml-3-pecks\" aria-describedby=\"woocommerce_loop_add_to_cart_link_describedby_41272\" data-quantity=\"1\" class=\"primary is-small mb-0 button product_type_variable add_to_cart_button is-outline\" data-product_id=\"41272\" data-product_sku=\"\" aria-label=\"W\u00e4hle Optionen f\u00fcr \u201eK\u00fcchent\u00f6pfe 650ml GRANO - 3er-Set\u201c\" rel=\"nofollow\" data-product_name=\"K\u00fcchent\u00f6pfe 650ml GRANO - 3er-Set\" data-product_image=\"https:\/\/www.companhiaatlantica.pt\/wp-content\/uploads\/2022\/08\/Grano-banner-150x150.jpg\">Ausf\u00fchrung w\u00e4hlen<\/a><\/div>\t<span id=\"woocommerce_loop_add_to_cart_link_describedby_41272\" class=\"screen-reader-text\">\n\t\tDieses Produkt weist mehrere Varianten auf. Die Optionen k\u00f6nnen auf der Produktseite gew\u00e4hlt werden\t<\/span>\n\t\t\t\t\t\t\t<\/div>\n\t\t\t\t\t\t<\/div>\n\t\t\t\t\t\t<\/div>\n\t\t\t\t\t<\/div><div class=\"col\" >\n\t\t\t\t\t\t<div class=\"col-inner\">\n\t\t\t\t\t\t\n<div class=\"badge-container absolute left top z-1\">\n<div class=\"badge callout badge-circle\">\r\n  \t\t\t<div class=\"badge-inner secondary on-sale\">\r\n  \t\t\t\t<span class=\"onsale\">-15%<\/span>\r\n\t\t\t<\/div>\r\n\t\t<\/div>\r\n\t\t<div class=\"badge callout badge-circle\">\r\n\t\t\t<div class=\"badge-inner callout-new-bg is-small new-bubble\">6 pcs<\/div>\r\n\t\t<\/div>\n<div class=\"badge callout badge-circle\"><div class=\"badge-inner callout-new-bg is-small new-bubble\">6 pcs<\/div><\/div><\/div>\n\t\t\t\t\t\t<div class=\"product-small box has-hover box-normal box-text-bottom\">\n\t\t\t\t\t\t\t<div class=\"box-image\" >\n\t\t\t\t\t\t\t\t<div class=\"\" >\n\t\t\t\t\t\t\t\t\t<a href=\"https:\/\/www.companhiaatlantica.pt\/de\/produto\/portugiesisches-leben\/haushaltsartikel\/glasuntersetzer\/pilates-basis-becher-9cm-6-teilig\" aria-label=\"PILATOS Untersetzer - 6er-Satz\">\n\t\t\t\t\t\t\t\t\t\t<img loading=\"lazy\" decoding=\"async\" width=\"600\" height=\"600\" src=\"https:\/\/www.companhiaatlantica.pt\/wp-content\/uploads\/2022\/04\/130-490-2.jpg\" class=\"show-on-hover absolute fill hide-for-small back-image\" alt=\"Alternative view of PILATOS Untersetzer - 6er-Satz\" aria-hidden=\"true\" srcset=\"https:\/\/www.companhiaatlantica.pt\/wp-content\/uploads\/2022\/04\/130-490-2.jpg 600w, https:\/\/www.companhiaatlantica.pt\/wp-content\/uploads\/2022\/04\/130-490-2-100x100.jpg 100w\" sizes=\"auto, (max-width: 600px) 100vw, 600px\" title=\"\"><img loading=\"lazy\" decoding=\"async\" width=\"600\" height=\"600\" src=\"https:\/\/www.companhiaatlantica.pt\/wp-content\/uploads\/2022\/04\/IMG_0845.jpg\" class=\"attachment-woocommerce_thumbnail size-woocommerce_thumbnail\" alt=\"PILATOS Untersetzer - 6er-Satz\" srcset=\"https:\/\/www.companhiaatlantica.pt\/wp-content\/uploads\/2022\/04\/IMG_0845.jpg 600w, https:\/\/www.companhiaatlantica.pt\/wp-content\/uploads\/2022\/04\/IMG_0845-100x100.jpg 100w\" sizes=\"auto, (max-width: 600px) 100vw, 600px\" title=\"\">\t\t\t\t\t\t\t\t\t<\/a>\n\t\t\t\t\t\t\t\t\t\t\t\t\t\t\t\t\t\t \t\t\t\t\t\t\t\t<\/div>\n\t\t\t\t\t\t\t\t<div class=\"image-tools top right show-on-hover\">\n\t\t\t\t\t\t\t\t\t\t\t<div class=\"wishlist-icon\">\n\t\t\t<button class=\"wishlist-button button is-outline circle icon\" aria-label=\"Wunschliste\">\n\t\t\t\t<i class=\"icon-heart\" aria-hidden=\"true\"><\/i>\t\t\t<\/button>\n\t\t\t<div class=\"wishlist-popup dark\">\n\t\t\t\t\n<div\n\tclass=\"yith-wcwl-add-to-wishlist add-to-wishlist-41191 yith-wcwl-add-to-wishlist--button_default-style wishlist-fragment on-first-load\"\n\tdata-fragment-ref=\"41191\"\n\tdata-fragment-options=\"{&quot;base_url&quot;:&quot;&quot;,&quot;product_id&quot;:41191,&quot;parent_product_id&quot;:0,&quot;product_type&quot;:&quot;variable&quot;,&quot;is_single&quot;:false,&quot;in_default_wishlist&quot;:false,&quot;show_view&quot;:false,&quot;browse_wishlist_text&quot;:&quot;Siehe Ihre Wunschliste!&quot;,&quot;already_in_wishslist_text&quot;:&quot;Dieses Produkt steht bereits auf Ihrem Wunschzettel!&quot;,&quot;product_added_text&quot;:&quot;Produto adicionado!&quot;,&quot;available_multi_wishlist&quot;:false,&quot;disable_wishlist&quot;:false,&quot;show_count&quot;:false,&quot;ajax_loading&quot;:false,&quot;loop_position&quot;:&quot;after_add_to_cart&quot;,&quot;item&quot;:&quot;add_to_wishlist&quot;}\"\n>\n\t\t\t\n\t\t\t<!-- ADD TO WISHLIST -->\n\t\t\t\n<div class=\"yith-wcwl-add-button\">\n\t\t<a\n\t\thref=\"?add_to_wishlist=41191&#038;_wpnonce=52d31225f0\"\n\t\tclass=\"add_to_wishlist single_add_to_wishlist alt button theme-button-style \"\n\t\tdata-product-id=\"41191\"\n\t\tdata-product-type=\"variable\"\n\t\tdata-original-product-id=\"0\"\n\t\tdata-title=\"Zu meiner Wunschliste hinzuf\u00fcgen\"\n\t\trel=\"nofollow\"\n\t>\n\t\t<svg id=\"yith-wcwl-icon-heart-outline\" class=\"yith-wcwl-icon-svg\" fill=\"none\" stroke-width=\"1.5\" stroke=\"currentColor\" viewBox=\"0 0 24 24\" xmlns=\"http:\/\/www.w3.org\/2000\/svg\">\n  <path stroke-linecap=\"round\" stroke-linejoin=\"round\" d=\"M21 8.25c0-2.485-2.099-4.5-4.688-4.5-1.935 0-3.597 1.126-4.312 2.733-.715-1.607-2.377-2.733-4.313-2.733C5.1 3.75 3 5.765 3 8.25c0 7.22 9 12 9 12s9-4.78 9-12Z\"><\/path>\n<\/svg>\t\t<span>Zu meiner Wunschliste hinzuf\u00fcgen<\/span>\n\t<\/a>\n<\/div>\n\n\t\t\t<!-- COUNT TEXT -->\n\t\t\t\n\t\t\t<\/div>\n\t\t\t<\/div>\n\t\t<\/div>\n\t\t\t\t\t\t\t\t\t\t<\/div>\n\t\t\t\t\t\t\t\t\t\t\t\t\t\t\t\t\t<div class=\"image-tools grid-tools text-center hide-for-small bottom hover-slide-in show-on-hover\">\n\t\t\t\t\t\t\t\t\t\t\t\t\t\t\t\t\t\t\t<\/div>\n\t\t\t\t\t\t\t\t\t\t\t\t\t\t\t\t\t\t\t\t\t\t\t<\/div>\n\n\t\t\t\t\t\t\t<div class=\"box-text text-center\" >\n\t\t\t\t\t\t\t\t<div class=\"title-wrapper\"><p class=\"name product-title woocommerce-loop-product__title\"><a href=\"https:\/\/www.companhiaatlantica.pt\/de\/produto\/portugiesisches-leben\/haushaltsartikel\/glasuntersetzer\/pilates-basis-becher-9cm-6-teilig\" class=\"woocommerce-LoopProduct-link woocommerce-loop-product__link\">PILATOS Untersetzer &#8211; 6er-Satz<\/a><\/p><\/div><div class=\"price-wrapper\">\n\t<span class=\"price\"><del aria-hidden=\"true\"><span class=\"woocommerce-Price-amount amount\"><bdi>50.25<span class=\"woocommerce-Price-currencySymbol\">&euro;<\/span><\/bdi><\/span><\/del> <span class=\"screen-reader-text\">Urspr\u00fcnglicher Preis war: 50.25&euro;<\/span><ins aria-hidden=\"true\"><span class=\"woocommerce-Price-amount amount\"><bdi>42.90<span class=\"woocommerce-Price-currencySymbol\">&euro;<\/span><\/bdi><\/span><\/ins><span class=\"screen-reader-text\">Aktueller Preis ist: 42.90&euro;.<\/span><\/span>\n<\/div><div class=\"add-to-cart-button\"><a href=\"https:\/\/www.companhiaatlantica.pt\/de\/produto\/portugiesisches-leben\/haushaltsartikel\/glasuntersetzer\/pilates-basis-becher-9cm-6-teilig\" aria-describedby=\"woocommerce_loop_add_to_cart_link_describedby_41191\" data-quantity=\"1\" class=\"primary is-small mb-0 button product_type_variable add_to_cart_button is-outline\" data-product_id=\"41191\" data-product_sku=\"\" aria-label=\"W\u00e4hle Optionen f\u00fcr \u201ePILATOS Untersetzer - 6er-Satz\u201c\" rel=\"nofollow\" data-product_name=\"PILATOS Untersetzer - 6er-Satz\" data-product_image=\"https:\/\/www.companhiaatlantica.pt\/wp-content\/uploads\/2022\/04\/IMG_0845.jpg\">Ausf\u00fchrung w\u00e4hlen<\/a><\/div>\t<span id=\"woocommerce_loop_add_to_cart_link_describedby_41191\" class=\"screen-reader-text\">\n\t\tDieses Produkt weist mehrere Varianten auf. Die Optionen k\u00f6nnen auf der Produktseite gew\u00e4hlt werden\t<\/span>\n\t\t\t\t\t\t\t<\/div>\n\t\t\t\t\t\t<\/div>\n\t\t\t\t\t\t<\/div>\n\t\t\t\t\t<\/div><div class=\"col\" >\n\t\t\t\t\t\t<div class=\"col-inner\">\n\t\t\t\t\t\t\n<div class=\"badge-container absolute left top z-1\">\n<div class=\"badge callout badge-circle\">\r\n  \t\t\t<div class=\"badge-inner secondary on-sale\">\r\n  \t\t\t\t<span class=\"onsale\">-5%<\/span>\r\n\t\t\t<\/div>\r\n\t\t<\/div>\r\n\t\t<div class=\"badge callout badge-circle\">\r\n\t\t\t<div class=\"badge-inner callout-new-bg is-small new-bubble\">3 pcs<\/div>\r\n\t\t<\/div>\n<div class=\"badge callout badge-circle\"><div class=\"badge-inner callout-new-bg is-small new-bubble\">3 pcs<\/div><\/div><\/div>\n\t\t\t\t\t\t<div class=\"product-small box has-hover box-normal box-text-bottom\">\n\t\t\t\t\t\t\t<div class=\"box-image\" >\n\t\t\t\t\t\t\t\t<div class=\"\" >\n\t\t\t\t\t\t\t\t\t<a href=\"https:\/\/www.companhiaatlantica.pt\/de\/produto\/gift-pack\/geschenkpaket\/pack-avental-handschuhe-individuell\" aria-label=\"AZULEJO K\u00fcche Pack - Sch\u00fcrze + Handschuh + Individuen\">\n\t\t\t\t\t\t\t\t\t\t<img loading=\"lazy\" decoding=\"async\" width=\"700\" height=\"700\" src=\"https:\/\/www.companhiaatlantica.pt\/wp-content\/uploads\/2022\/12\/22-700x700.jpg\" class=\"show-on-hover absolute fill hide-for-small back-image\" alt=\"Alternative view of AZULEJO K\u00fcche Pack - Sch\u00fcrze + Handschuh + Individuen\" aria-hidden=\"true\" srcset=\"https:\/\/www.companhiaatlantica.pt\/wp-content\/uploads\/2022\/12\/22-700x700.jpg 700w, https:\/\/www.companhiaatlantica.pt\/wp-content\/uploads\/2022\/12\/22-100x100.jpg 100w, https:\/\/www.companhiaatlantica.pt\/wp-content\/uploads\/2022\/12\/22-900x900.jpg 900w, https:\/\/www.companhiaatlantica.pt\/wp-content\/uploads\/2022\/12\/22-300x300.jpg 300w, https:\/\/www.companhiaatlantica.pt\/wp-content\/uploads\/2022\/12\/22-150x150.jpg 150w, https:\/\/www.companhiaatlantica.pt\/wp-content\/uploads\/2022\/12\/22-768x768.jpg 768w, https:\/\/www.companhiaatlantica.pt\/wp-content\/uploads\/2022\/12\/22-600x600.jpg 600w, https:\/\/www.companhiaatlantica.pt\/wp-content\/uploads\/2022\/12\/22.jpg 1000w\" sizes=\"auto, (max-width: 700px) 100vw, 700px\" title=\"\"><img loading=\"lazy\" decoding=\"async\" width=\"700\" height=\"700\" src=\"https:\/\/www.companhiaatlantica.pt\/wp-content\/uploads\/2022\/12\/21-700x700.jpg\" class=\"attachment-woocommerce_thumbnail size-woocommerce_thumbnail\" alt=\"AZULEJO K\u00fcche Pack - Sch\u00fcrze + Handschuh + Individuen\" srcset=\"https:\/\/www.companhiaatlantica.pt\/wp-content\/uploads\/2022\/12\/21-700x700.jpg 700w, https:\/\/www.companhiaatlantica.pt\/wp-content\/uploads\/2022\/12\/21-100x100.jpg 100w, https:\/\/www.companhiaatlantica.pt\/wp-content\/uploads\/2022\/12\/21-900x900.jpg 900w, https:\/\/www.companhiaatlantica.pt\/wp-content\/uploads\/2022\/12\/21-300x300.jpg 300w, https:\/\/www.companhiaatlantica.pt\/wp-content\/uploads\/2022\/12\/21-150x150.jpg 150w, https:\/\/www.companhiaatlantica.pt\/wp-content\/uploads\/2022\/12\/21-768x768.jpg 768w, https:\/\/www.companhiaatlantica.pt\/wp-content\/uploads\/2022\/12\/21-600x600.jpg 600w, https:\/\/www.companhiaatlantica.pt\/wp-content\/uploads\/2022\/12\/21.jpg 1000w\" sizes=\"auto, (max-width: 700px) 100vw, 700px\" title=\"\">\t\t\t\t\t\t\t\t\t<\/a>\n\t\t\t\t\t\t\t\t\t\t\t\t\t\t\t\t\t\t \t\t\t\t\t\t\t\t<\/div>\n\t\t\t\t\t\t\t\t<div class=\"image-tools top right show-on-hover\">\n\t\t\t\t\t\t\t\t\t\t\t<div class=\"wishlist-icon\">\n\t\t\t<button class=\"wishlist-button button is-outline circle icon\" aria-label=\"Wunschliste\">\n\t\t\t\t<i class=\"icon-heart\" aria-hidden=\"true\"><\/i>\t\t\t<\/button>\n\t\t\t<div class=\"wishlist-popup dark\">\n\t\t\t\t\n<div\n\tclass=\"yith-wcwl-add-to-wishlist add-to-wishlist-40838 yith-wcwl-add-to-wishlist--button_default-style wishlist-fragment on-first-load\"\n\tdata-fragment-ref=\"40838\"\n\tdata-fragment-options=\"{&quot;base_url&quot;:&quot;&quot;,&quot;product_id&quot;:40838,&quot;parent_product_id&quot;:0,&quot;product_type&quot;:&quot;variable&quot;,&quot;is_single&quot;:false,&quot;in_default_wishlist&quot;:false,&quot;show_view&quot;:false,&quot;browse_wishlist_text&quot;:&quot;Siehe Ihre Wunschliste!&quot;,&quot;already_in_wishslist_text&quot;:&quot;Dieses Produkt steht bereits auf Ihrem Wunschzettel!&quot;,&quot;product_added_text&quot;:&quot;Produto adicionado!&quot;,&quot;available_multi_wishlist&quot;:false,&quot;disable_wishlist&quot;:false,&quot;show_count&quot;:false,&quot;ajax_loading&quot;:false,&quot;loop_position&quot;:&quot;after_add_to_cart&quot;,&quot;item&quot;:&quot;add_to_wishlist&quot;}\"\n>\n\t\t\t\n\t\t\t<!-- ADD TO WISHLIST -->\n\t\t\t\n<div class=\"yith-wcwl-add-button\">\n\t\t<a\n\t\thref=\"?add_to_wishlist=40838&#038;_wpnonce=52d31225f0\"\n\t\tclass=\"add_to_wishlist single_add_to_wishlist alt button theme-button-style \"\n\t\tdata-product-id=\"40838\"\n\t\tdata-product-type=\"variable\"\n\t\tdata-original-product-id=\"0\"\n\t\tdata-title=\"Zu meiner Wunschliste hinzuf\u00fcgen\"\n\t\trel=\"nofollow\"\n\t>\n\t\t<svg id=\"yith-wcwl-icon-heart-outline\" class=\"yith-wcwl-icon-svg\" fill=\"none\" stroke-width=\"1.5\" stroke=\"currentColor\" viewBox=\"0 0 24 24\" xmlns=\"http:\/\/www.w3.org\/2000\/svg\">\n  <path stroke-linecap=\"round\" stroke-linejoin=\"round\" d=\"M21 8.25c0-2.485-2.099-4.5-4.688-4.5-1.935 0-3.597 1.126-4.312 2.733-.715-1.607-2.377-2.733-4.313-2.733C5.1 3.75 3 5.765 3 8.25c0 7.22 9 12 9 12s9-4.78 9-12Z\"><\/path>\n<\/svg>\t\t<span>Zu meiner Wunschliste hinzuf\u00fcgen<\/span>\n\t<\/a>\n<\/div>\n\n\t\t\t<!-- COUNT TEXT -->\n\t\t\t\n\t\t\t<\/div>\n\t\t\t<\/div>\n\t\t<\/div>\n\t\t\t\t\t\t\t\t\t\t<\/div>\n\t\t\t\t\t\t\t\t\t\t\t\t\t\t\t\t\t<div class=\"image-tools grid-tools text-center hide-for-small bottom hover-slide-in show-on-hover\">\n\t\t\t\t\t\t\t\t\t\t\t\t\t\t\t\t\t\t\t<\/div>\n\t\t\t\t\t\t\t\t\t\t\t\t\t\t\t\t\t\t\t\t\t\t\t<\/div>\n\n\t\t\t\t\t\t\t<div class=\"box-text text-center\" >\n\t\t\t\t\t\t\t\t<div class=\"title-wrapper\"><p class=\"name product-title woocommerce-loop-product__title\"><a href=\"https:\/\/www.companhiaatlantica.pt\/de\/produto\/gift-pack\/geschenkpaket\/pack-avental-handschuhe-individuell\" class=\"woocommerce-LoopProduct-link woocommerce-loop-product__link\">AZULEJO K\u00fcche Pack &#8211; Sch\u00fcrze + Handschuh + Individuen<\/a><\/p><\/div><div class=\"price-wrapper\">\n\t<span class=\"price\"><del aria-hidden=\"true\"><span class=\"woocommerce-Price-amount amount\"><bdi>57.95<span class=\"woocommerce-Price-currencySymbol\">&euro;<\/span><\/bdi><\/span><\/del> <span class=\"screen-reader-text\">Urspr\u00fcnglicher Preis war: 57.95&euro;<\/span><ins aria-hidden=\"true\"><span class=\"woocommerce-Price-amount amount\"><bdi>55.00<span class=\"woocommerce-Price-currencySymbol\">&euro;<\/span><\/bdi><\/span><\/ins><span class=\"screen-reader-text\">Aktueller Preis ist: 55.00&euro;.<\/span><\/span>\n<\/div><div class=\"add-to-cart-button\"><a href=\"https:\/\/www.companhiaatlantica.pt\/de\/produto\/gift-pack\/geschenkpaket\/pack-avental-handschuhe-individuell\" aria-describedby=\"woocommerce_loop_add_to_cart_link_describedby_40838\" data-quantity=\"1\" class=\"primary is-small mb-0 button product_type_variable add_to_cart_button is-outline\" data-product_id=\"40838\" data-product_sku=\"\" aria-label=\"W\u00e4hle Optionen f\u00fcr \u201eAZULEJO K\u00fcche Pack - Sch\u00fcrze + Handschuh + Individuen\u201c\" rel=\"nofollow\" data-product_name=\"AZULEJO K\u00fcche Pack - Sch\u00fcrze + Handschuh + Individuen\" data-product_image=\"https:\/\/www.companhiaatlantica.pt\/wp-content\/uploads\/2022\/12\/21-150x150.jpg\">Ausf\u00fchrung w\u00e4hlen<\/a><\/div>\t<span id=\"woocommerce_loop_add_to_cart_link_describedby_40838\" class=\"screen-reader-text\">\n\t\tDieses Produkt weist mehrere Varianten auf. Die Optionen k\u00f6nnen auf der Produktseite gew\u00e4hlt werden\t<\/span>\n\t\t\t\t\t\t\t<\/div>\n\t\t\t\t\t\t<\/div>\n\t\t\t\t\t\t<\/div>\n\t\t\t\t\t<\/div><div class=\"col\" >\n\t\t\t\t\t\t<div class=\"col-inner\">\n\t\t\t\t\t\t\n<div class=\"badge-container absolute left top z-1\">\n<div class=\"badge callout badge-circle\">\r\n  \t\t\t<div class=\"badge-inner secondary on-sale\">\r\n  \t\t\t\t<span class=\"onsale\">-5%<\/span>\r\n\t\t\t<\/div>\r\n\t\t<\/div>\r\n\t\t<div class=\"badge callout badge-circle\">\r\n\t\t\t<div class=\"badge-inner callout-new-bg is-small new-bubble\">3 pcs<\/div>\r\n\t\t<\/div>\n<div class=\"badge callout badge-circle\"><div class=\"badge-inner callout-new-bg is-small new-bubble\">3 pcs<\/div><\/div><\/div>\n\t\t\t\t\t\t<div class=\"product-small box has-hover box-normal box-text-bottom\">\n\t\t\t\t\t\t\t<div class=\"box-image\" >\n\t\t\t\t\t\t\t\t<div class=\"\" >\n\t\t\t\t\t\t\t\t\t<a href=\"https:\/\/www.companhiaatlantica.pt\/de\/produto\/gift-pack\/geschenkpaket\/pack-krankenschwestern-handschuhe-einzelpersonen\" aria-label=\"Lovers Pack - Sch\u00fcrze + Handschuh + Einzelteile\">\n\t\t\t\t\t\t\t\t\t\t<img loading=\"lazy\" decoding=\"async\" width=\"700\" height=\"700\" src=\"https:\/\/www.companhiaatlantica.pt\/wp-content\/uploads\/2022\/04\/170-199-700x700.jpg\" class=\"show-on-hover absolute fill hide-for-small back-image\" alt=\"Alternative view of Lovers Pack - Sch\u00fcrze + Handschuh + Einzelteile\" aria-hidden=\"true\" srcset=\"https:\/\/www.companhiaatlantica.pt\/wp-content\/uploads\/2022\/04\/170-199-700x700.jpg 700w, https:\/\/www.companhiaatlantica.pt\/wp-content\/uploads\/2022\/04\/170-199-100x100.jpg 100w, https:\/\/www.companhiaatlantica.pt\/wp-content\/uploads\/2022\/04\/170-199-900x900.jpg 900w, https:\/\/www.companhiaatlantica.pt\/wp-content\/uploads\/2022\/04\/170-199-300x300.jpg 300w, https:\/\/www.companhiaatlantica.pt\/wp-content\/uploads\/2022\/04\/170-199-150x150.jpg 150w, https:\/\/www.companhiaatlantica.pt\/wp-content\/uploads\/2022\/04\/170-199-768x768.jpg 768w, https:\/\/www.companhiaatlantica.pt\/wp-content\/uploads\/2022\/04\/170-199-600x600.jpg 600w, https:\/\/www.companhiaatlantica.pt\/wp-content\/uploads\/2022\/04\/170-199.jpg 1000w\" sizes=\"auto, (max-width: 700px) 100vw, 700px\" title=\"\"><img loading=\"lazy\" decoding=\"async\" width=\"700\" height=\"700\" src=\"https:\/\/www.companhiaatlantica.pt\/wp-content\/uploads\/2022\/12\/23-700x700.jpg\" class=\"attachment-woocommerce_thumbnail size-woocommerce_thumbnail\" alt=\"Lovers Pack - Sch\u00fcrze + Handschuh + Einzelteile\" srcset=\"https:\/\/www.companhiaatlantica.pt\/wp-content\/uploads\/2022\/12\/23-700x700.jpg 700w, https:\/\/www.companhiaatlantica.pt\/wp-content\/uploads\/2022\/12\/23-100x100.jpg 100w, https:\/\/www.companhiaatlantica.pt\/wp-content\/uploads\/2022\/12\/23-900x900.jpg 900w, https:\/\/www.companhiaatlantica.pt\/wp-content\/uploads\/2022\/12\/23-300x300.jpg 300w, https:\/\/www.companhiaatlantica.pt\/wp-content\/uploads\/2022\/12\/23-150x150.jpg 150w, https:\/\/www.companhiaatlantica.pt\/wp-content\/uploads\/2022\/12\/23-768x768.jpg 768w, https:\/\/www.companhiaatlantica.pt\/wp-content\/uploads\/2022\/12\/23-600x600.jpg 600w, https:\/\/www.companhiaatlantica.pt\/wp-content\/uploads\/2022\/12\/23.jpg 1000w\" sizes=\"auto, (max-width: 700px) 100vw, 700px\" title=\"\">\t\t\t\t\t\t\t\t\t<\/a>\n\t\t\t\t\t\t\t\t\t\t\t\t\t\t\t\t\t\t \t\t\t\t\t\t\t\t<\/div>\n\t\t\t\t\t\t\t\t<div class=\"image-tools top right show-on-hover\">\n\t\t\t\t\t\t\t\t\t\t\t<div class=\"wishlist-icon\">\n\t\t\t<button class=\"wishlist-button button is-outline circle icon\" aria-label=\"Wunschliste\">\n\t\t\t\t<i class=\"icon-heart\" aria-hidden=\"true\"><\/i>\t\t\t<\/button>\n\t\t\t<div class=\"wishlist-popup dark\">\n\t\t\t\t\n<div\n\tclass=\"yith-wcwl-add-to-wishlist add-to-wishlist-40823 yith-wcwl-add-to-wishlist--button_default-style wishlist-fragment on-first-load\"\n\tdata-fragment-ref=\"40823\"\n\tdata-fragment-options=\"{&quot;base_url&quot;:&quot;&quot;,&quot;product_id&quot;:40823,&quot;parent_product_id&quot;:0,&quot;product_type&quot;:&quot;simple&quot;,&quot;is_single&quot;:false,&quot;in_default_wishlist&quot;:false,&quot;show_view&quot;:false,&quot;browse_wishlist_text&quot;:&quot;Siehe Ihre Wunschliste!&quot;,&quot;already_in_wishslist_text&quot;:&quot;Dieses Produkt steht bereits auf Ihrem Wunschzettel!&quot;,&quot;product_added_text&quot;:&quot;Produto adicionado!&quot;,&quot;available_multi_wishlist&quot;:false,&quot;disable_wishlist&quot;:false,&quot;show_count&quot;:false,&quot;ajax_loading&quot;:false,&quot;loop_position&quot;:&quot;after_add_to_cart&quot;,&quot;item&quot;:&quot;add_to_wishlist&quot;}\"\n>\n\t\t\t\n\t\t\t<!-- ADD TO WISHLIST -->\n\t\t\t\n<div class=\"yith-wcwl-add-button\">\n\t\t<a\n\t\thref=\"?add_to_wishlist=40823&#038;_wpnonce=52d31225f0\"\n\t\tclass=\"add_to_wishlist single_add_to_wishlist alt button theme-button-style \"\n\t\tdata-product-id=\"40823\"\n\t\tdata-product-type=\"simple\"\n\t\tdata-original-product-id=\"0\"\n\t\tdata-title=\"Zu meiner Wunschliste hinzuf\u00fcgen\"\n\t\trel=\"nofollow\"\n\t>\n\t\t<svg id=\"yith-wcwl-icon-heart-outline\" class=\"yith-wcwl-icon-svg\" fill=\"none\" stroke-width=\"1.5\" stroke=\"currentColor\" viewBox=\"0 0 24 24\" xmlns=\"http:\/\/www.w3.org\/2000\/svg\">\n  <path stroke-linecap=\"round\" stroke-linejoin=\"round\" d=\"M21 8.25c0-2.485-2.099-4.5-4.688-4.5-1.935 0-3.597 1.126-4.312 2.733-.715-1.607-2.377-2.733-4.313-2.733C5.1 3.75 3 5.765 3 8.25c0 7.22 9 12 9 12s9-4.78 9-12Z\"><\/path>\n<\/svg>\t\t<span>Zu meiner Wunschliste hinzuf\u00fcgen<\/span>\n\t<\/a>\n<\/div>\n\n\t\t\t<!-- COUNT TEXT -->\n\t\t\t\n\t\t\t<\/div>\n\t\t\t<\/div>\n\t\t<\/div>\n\t\t\t\t\t\t\t\t\t\t<\/div>\n\t\t\t\t\t\t\t\t\t\t\t\t\t\t\t\t\t<div class=\"image-tools grid-tools text-center hide-for-small bottom hover-slide-in show-on-hover\">\n\t\t\t\t\t\t\t\t\t\t\t\t\t\t\t\t\t\t\t<\/div>\n\t\t\t\t\t\t\t\t\t\t\t\t\t\t\t\t\t\t\t\t\t\t\t<\/div>\n\n\t\t\t\t\t\t\t<div class=\"box-text text-center\" >\n\t\t\t\t\t\t\t\t<div class=\"title-wrapper\"><p class=\"name product-title woocommerce-loop-product__title\"><a href=\"https:\/\/www.companhiaatlantica.pt\/de\/produto\/gift-pack\/geschenkpaket\/pack-krankenschwestern-handschuhe-einzelpersonen\" class=\"woocommerce-LoopProduct-link woocommerce-loop-product__link\">Lovers Pack &#8211; Sch\u00fcrze + Handschuh + Einzelteile<\/a><\/p><\/div><div class=\"price-wrapper\">\n\t<span class=\"price\"><del aria-hidden=\"true\"><span class=\"woocommerce-Price-amount amount\"><bdi>57.95<span class=\"woocommerce-Price-currencySymbol\">&euro;<\/span><\/bdi><\/span><\/del> <span class=\"screen-reader-text\">Urspr\u00fcnglicher Preis war: 57.95&euro;<\/span><ins aria-hidden=\"true\"><span class=\"woocommerce-Price-amount amount\"><bdi>55.00<span class=\"woocommerce-Price-currencySymbol\">&euro;<\/span><\/bdi><\/span><\/ins><span class=\"screen-reader-text\">Aktueller Preis ist: 55.00&euro;.<\/span><\/span>\n<\/div><div class=\"add-to-cart-button\"><a href=\"\/de\/wp-json\/wp\/v2\/pages\/66644?add-to-cart=40823\" aria-describedby=\"woocommerce_loop_add_to_cart_link_describedby_40823\" data-quantity=\"1\" class=\"primary is-small mb-0 button product_type_simple add_to_cart_button ajax_add_to_cart is-outline\" data-product_id=\"40823\" data-product_sku=\"170-243\" aria-label=\"In den Warenkorb legen: \u201eLovers Pack - Sch\u00fcrze + Handschuh + Einzelteile\u201c\" rel=\"nofollow\" data-success_message=\"\u201eLovers Pack - Sch\u00fcrze + Handschuh + Einzelteile\u201c wurde deinem Warenkorb hinzugef\u00fcgt\" data-product_name=\"Lovers Pack - Sch\u00fcrze + Handschuh + Einzelteile\" data-product_image=\"https:\/\/www.companhiaatlantica.pt\/wp-content\/uploads\/2022\/12\/23-150x150.jpg\" role=\"button\">In den Warenkorb<\/a><\/div>\t<span id=\"woocommerce_loop_add_to_cart_link_describedby_40823\" class=\"screen-reader-text\">\n\t\t\t<\/span>\n\t\t\t\t\t\t\t<\/div>\n\t\t\t\t\t\t<\/div>\n\t\t\t\t\t\t<\/div>\n\t\t\t\t\t<\/div><\/div>\n\t<div id=\"gap-675197734\" class=\"gap-element clearfix\" style=\"display:block; height:auto;\">\n\t\t\n<style>\n#gap-675197734 {\n  padding-top: 50px;\n}\n<\/style>\n\t<\/div>\n\t\n<div class=\"container section-title-container\" ><h3 class=\"section-title section-title-center\"><b aria-hidden=\"true\"><\/b><span class=\"section-title-main\" ><i class=\"icon-heart\" aria-hidden=\"true\"><\/i>PORTUGIESISCHE KERAMIK<\/span><b aria-hidden=\"true\"><\/b><\/h3><\/div>\n\t\n  \n    <div class=\"row large-columns-6 medium-columns-3 small-columns-2 row-xsmall row-full-width slider row-slider slider-nav-reveal slider-nav-push\"  data-flickity-options='{&quot;imagesLoaded&quot;: true, &quot;groupCells&quot;: &quot;100%&quot;, &quot;dragThreshold&quot; : 5, &quot;cellAlign&quot;: &quot;left&quot;,&quot;wrapAround&quot;: true,&quot;prevNextButtons&quot;: true,&quot;percentPosition&quot;: true,&quot;pageDots&quot;: false, &quot;rightToLeft&quot;: false, &quot;autoPlay&quot; : false}' >\n\n  \n\t     <div class=\"col\" >\n\t\t\t\t\t\t<div class=\"col-inner\">\n\t\t\t\t\t\t\n<div class=\"badge-container absolute left top z-1\">\n<div class=\"badge callout badge-circle\">\r\n  \t\t\t<div class=\"badge-inner secondary on-sale\">\r\n  \t\t\t\t<span class=\"onsale\">-20%<\/span>\r\n\t\t\t<\/div>\r\n\t\t<\/div>\r\n\t\t<div class=\"badge callout badge-circle\">\r\n\t\t\t<div class=\"badge-inner callout-new-bg is-small new-bubble\"><\/div>\r\n\t\t<\/div>\n<\/div>\n\t\t\t\t\t\t<div class=\"product-small box has-hover box-normal box-text-bottom\">\n\t\t\t\t\t\t\t<div class=\"box-image\" >\n\t\t\t\t\t\t\t\t<div class=\"\" >\n\t\t\t\t\t\t\t\t\t<a href=\"https:\/\/www.companhiaatlantica.pt\/de\/produto\/portugiesische-keramik\/keramik-schussel\/schuessel-18cm-breezy\" aria-label=\"Sch\u00fcssel 18cm BREEZY\">\n\t\t\t\t\t\t\t\t\t\t<img loading=\"lazy\" decoding=\"async\" width=\"700\" height=\"700\" src=\"https:\/\/www.companhiaatlantica.pt\/wp-content\/uploads\/2020\/06\/130-305-700x700.jpg\" class=\"show-on-hover absolute fill hide-for-small back-image\" alt=\"Alternative view of Sch\u00fcssel 18cm BREEZY\" aria-hidden=\"true\" srcset=\"https:\/\/www.companhiaatlantica.pt\/wp-content\/uploads\/2020\/06\/130-305-700x700.jpg 700w, https:\/\/www.companhiaatlantica.pt\/wp-content\/uploads\/2020\/06\/130-305-100x100.jpg 100w, https:\/\/www.companhiaatlantica.pt\/wp-content\/uploads\/2020\/06\/130-305-900x900.jpg 900w, https:\/\/www.companhiaatlantica.pt\/wp-content\/uploads\/2020\/06\/130-305-300x300.jpg 300w, https:\/\/www.companhiaatlantica.pt\/wp-content\/uploads\/2020\/06\/130-305-150x150.jpg 150w, https:\/\/www.companhiaatlantica.pt\/wp-content\/uploads\/2020\/06\/130-305-768x768.jpg 768w, https:\/\/www.companhiaatlantica.pt\/wp-content\/uploads\/2020\/06\/130-305-600x600.jpg 600w, https:\/\/www.companhiaatlantica.pt\/wp-content\/uploads\/2020\/06\/130-305.jpg 1000w\" sizes=\"auto, (max-width: 700px) 100vw, 700px\" title=\"\"><img loading=\"lazy\" decoding=\"async\" width=\"700\" height=\"700\" src=\"https:\/\/www.companhiaatlantica.pt\/wp-content\/uploads\/2021\/02\/130-127-1_a-700x700.jpg\" class=\"attachment-woocommerce_thumbnail size-woocommerce_thumbnail\" alt=\"Sch\u00fcssel 18cm BREEZY\" srcset=\"https:\/\/www.companhiaatlantica.pt\/wp-content\/uploads\/2021\/02\/130-127-1_a-700x700.jpg 700w, https:\/\/www.companhiaatlantica.pt\/wp-content\/uploads\/2021\/02\/130-127-1_a-100x100.jpg 100w, https:\/\/www.companhiaatlantica.pt\/wp-content\/uploads\/2021\/02\/130-127-1_a-900x900.jpg 900w, https:\/\/www.companhiaatlantica.pt\/wp-content\/uploads\/2021\/02\/130-127-1_a-300x300.jpg 300w, https:\/\/www.companhiaatlantica.pt\/wp-content\/uploads\/2021\/02\/130-127-1_a-150x150.jpg 150w, https:\/\/www.companhiaatlantica.pt\/wp-content\/uploads\/2021\/02\/130-127-1_a-768x768.jpg 768w, https:\/\/www.companhiaatlantica.pt\/wp-content\/uploads\/2021\/02\/130-127-1_a-600x600.jpg 600w, https:\/\/www.companhiaatlantica.pt\/wp-content\/uploads\/2021\/02\/130-127-1_a.jpg 1000w\" sizes=\"auto, (max-width: 700px) 100vw, 700px\" title=\"\">\t\t\t\t\t\t\t\t\t<\/a>\n\t\t\t\t\t\t\t\t\t\t\t\t\t\t\t\t\t\t \t\t\t\t\t\t\t\t<\/div>\n\t\t\t\t\t\t\t\t<div class=\"image-tools top right show-on-hover\">\n\t\t\t\t\t\t\t\t\t\t\t<div class=\"wishlist-icon\">\n\t\t\t<button class=\"wishlist-button button is-outline circle icon\" aria-label=\"Wunschliste\">\n\t\t\t\t<i class=\"icon-heart\" aria-hidden=\"true\"><\/i>\t\t\t<\/button>\n\t\t\t<div class=\"wishlist-popup dark\">\n\t\t\t\t\n<div\n\tclass=\"yith-wcwl-add-to-wishlist add-to-wishlist-42234 yith-wcwl-add-to-wishlist--button_default-style wishlist-fragment on-first-load\"\n\tdata-fragment-ref=\"42234\"\n\tdata-fragment-options=\"{&quot;base_url&quot;:&quot;&quot;,&quot;product_id&quot;:42234,&quot;parent_product_id&quot;:0,&quot;product_type&quot;:&quot;variable&quot;,&quot;is_single&quot;:false,&quot;in_default_wishlist&quot;:false,&quot;show_view&quot;:false,&quot;browse_wishlist_text&quot;:&quot;Siehe Ihre Wunschliste!&quot;,&quot;already_in_wishslist_text&quot;:&quot;Dieses Produkt steht bereits auf Ihrem Wunschzettel!&quot;,&quot;product_added_text&quot;:&quot;Produto adicionado!&quot;,&quot;available_multi_wishlist&quot;:false,&quot;disable_wishlist&quot;:false,&quot;show_count&quot;:false,&quot;ajax_loading&quot;:false,&quot;loop_position&quot;:&quot;after_add_to_cart&quot;,&quot;item&quot;:&quot;add_to_wishlist&quot;}\"\n>\n\t\t\t\n\t\t\t<!-- ADD TO WISHLIST -->\n\t\t\t\n<div class=\"yith-wcwl-add-button\">\n\t\t<a\n\t\thref=\"?add_to_wishlist=42234&#038;_wpnonce=52d31225f0\"\n\t\tclass=\"add_to_wishlist single_add_to_wishlist alt button theme-button-style \"\n\t\tdata-product-id=\"42234\"\n\t\tdata-product-type=\"variable\"\n\t\tdata-original-product-id=\"0\"\n\t\tdata-title=\"Zu meiner Wunschliste hinzuf\u00fcgen\"\n\t\trel=\"nofollow\"\n\t>\n\t\t<svg id=\"yith-wcwl-icon-heart-outline\" class=\"yith-wcwl-icon-svg\" fill=\"none\" stroke-width=\"1.5\" stroke=\"currentColor\" viewBox=\"0 0 24 24\" xmlns=\"http:\/\/www.w3.org\/2000\/svg\">\n  <path stroke-linecap=\"round\" stroke-linejoin=\"round\" d=\"M21 8.25c0-2.485-2.099-4.5-4.688-4.5-1.935 0-3.597 1.126-4.312 2.733-.715-1.607-2.377-2.733-4.313-2.733C5.1 3.75 3 5.765 3 8.25c0 7.22 9 12 9 12s9-4.78 9-12Z\"><\/path>\n<\/svg>\t\t<span>Zu meiner Wunschliste hinzuf\u00fcgen<\/span>\n\t<\/a>\n<\/div>\n\n\t\t\t<!-- COUNT TEXT -->\n\t\t\t\n\t\t\t<\/div>\n\t\t\t<\/div>\n\t\t<\/div>\n\t\t\t\t\t\t\t\t\t\t<\/div>\n\t\t\t\t\t\t\t\t\t\t\t\t\t\t\t\t\t<div class=\"image-tools grid-tools text-center hide-for-small bottom hover-slide-in show-on-hover\">\n\t\t\t\t\t\t\t\t\t\t\t\t\t\t\t\t\t\t\t<\/div>\n\t\t\t\t\t\t\t\t\t\t\t\t\t\t\t\t\t\t\t\t\t\t\t<\/div>\n\n\t\t\t\t\t\t\t<div class=\"box-text text-center\" >\n\t\t\t\t\t\t\t\t<span class=\"featured-badge\"><img decoding=\"async\" src=\"https:\/\/cdn.companhiaatlantica.pt\/wp-content\/themes\/flatsome-child\/src\/img\/ar-icon-2.jpg\" alt=\"AR Icon\" class=\"ar-icon\" title=\"\"><\/span><div class=\"title-wrapper\"><p class=\"name product-title woocommerce-loop-product__title\"><a href=\"https:\/\/www.companhiaatlantica.pt\/de\/produto\/portugiesische-keramik\/keramik-schussel\/schuessel-18cm-breezy\" class=\"woocommerce-LoopProduct-link woocommerce-loop-product__link\">Sch\u00fcssel 18cm BREEZY<\/a><\/p><\/div><div class=\"price-wrapper\">\n\t<span class=\"price\"><span class=\"woocommerce-Price-amount amount\" aria-hidden=\"true\"><bdi>14.40<span class=\"woocommerce-Price-currencySymbol\">&euro;<\/span><\/bdi><\/span> <span aria-hidden=\"true\"> \u2013 <\/span> <span class=\"woocommerce-Price-amount amount\" aria-hidden=\"true\"><bdi>18.90<span class=\"woocommerce-Price-currencySymbol\">&euro;<\/span><\/bdi><\/span><span class=\"screen-reader-text\">Preisspanne: 14.40&euro; bis 18.90&euro;<\/span><\/span>\n<\/div><div class=\"add-to-cart-button\"><a href=\"https:\/\/www.companhiaatlantica.pt\/de\/produto\/portugiesische-keramik\/keramik-schussel\/schuessel-18cm-breezy\" aria-describedby=\"woocommerce_loop_add_to_cart_link_describedby_42234\" data-quantity=\"1\" class=\"primary is-small mb-0 button product_type_variable add_to_cart_button is-outline\" data-product_id=\"42234\" data-product_sku=\"\" aria-label=\"W\u00e4hle Optionen f\u00fcr \u201eSch\u00fcssel 18cm BREEZY\u201c\" rel=\"nofollow\" data-product_name=\"Sch\u00fcssel 18cm BREEZY\" data-product_image=\"https:\/\/www.companhiaatlantica.pt\/wp-content\/uploads\/2021\/02\/130-127-1_a-150x150.jpg\">Ausf\u00fchrung w\u00e4hlen<\/a><\/div>\t<span id=\"woocommerce_loop_add_to_cart_link_describedby_42234\" class=\"screen-reader-text\">\n\t\tDieses Produkt weist mehrere Varianten auf. Die Optionen k\u00f6nnen auf der Produktseite gew\u00e4hlt werden\t<\/span>\n\t\t\t\t\t\t\t<\/div>\n\t\t\t\t\t\t<\/div>\n\t\t\t\t\t\t<\/div>\n\t\t\t\t\t<\/div><div class=\"col\" >\n\t\t\t\t\t\t<div class=\"col-inner\">\n\t\t\t\t\t\t\n<div class=\"badge-container absolute left top z-1\">\n<div class=\"badge callout badge-circle\">\r\n  \t\t\t<div class=\"badge-inner secondary on-sale\">\r\n  \t\t\t\t<span class=\"onsale\">-23%<\/span>\r\n\t\t\t<\/div>\r\n\t\t<\/div>\r\n\t\t<div class=\"badge callout badge-circle\">\r\n\t\t\t<div class=\"badge-inner callout-new-bg is-small new-bubble\"><\/div>\r\n\t\t<\/div>\n<\/div>\n\t\t\t\t\t\t<div class=\"product-small box has-hover box-normal box-text-bottom\">\n\t\t\t\t\t\t\t<div class=\"box-image\" >\n\t\t\t\t\t\t\t\t<div class=\"\" >\n\t\t\t\t\t\t\t\t\t<a href=\"https:\/\/www.companhiaatlantica.pt\/de\/produto\/portugiesische-keramik\/keramik-servierschalen-salatschussel\/breezy-salatschussel\" aria-label=\"BREEZY Salatsch\u00fcssel\">\n\t\t\t\t\t\t\t\t\t\t<img loading=\"lazy\" decoding=\"async\" width=\"700\" height=\"700\" src=\"https:\/\/www.companhiaatlantica.pt\/wp-content\/uploads\/2021\/02\/130-113_1-700x700.jpg\" class=\"show-on-hover absolute fill hide-for-small back-image\" alt=\"Alternative view of BREEZY Salatsch\u00fcssel\" aria-hidden=\"true\" srcset=\"https:\/\/www.companhiaatlantica.pt\/wp-content\/uploads\/2021\/02\/130-113_1-700x700.jpg 700w, https:\/\/www.companhiaatlantica.pt\/wp-content\/uploads\/2021\/02\/130-113_1-100x100.jpg 100w, https:\/\/www.companhiaatlantica.pt\/wp-content\/uploads\/2021\/02\/130-113_1-900x900.jpg 900w, https:\/\/www.companhiaatlantica.pt\/wp-content\/uploads\/2021\/02\/130-113_1-300x300.jpg 300w, https:\/\/www.companhiaatlantica.pt\/wp-content\/uploads\/2021\/02\/130-113_1-150x150.jpg 150w, https:\/\/www.companhiaatlantica.pt\/wp-content\/uploads\/2021\/02\/130-113_1-768x768.jpg 768w, https:\/\/www.companhiaatlantica.pt\/wp-content\/uploads\/2021\/02\/130-113_1-600x600.jpg 600w, https:\/\/www.companhiaatlantica.pt\/wp-content\/uploads\/2021\/02\/130-113_1.jpg 1000w\" sizes=\"auto, (max-width: 700px) 100vw, 700px\" title=\"\"><img loading=\"lazy\" decoding=\"async\" width=\"700\" height=\"700\" src=\"https:\/\/www.companhiaatlantica.pt\/wp-content\/uploads\/2021\/01\/130-313-700x700.jpg\" class=\"attachment-woocommerce_thumbnail size-woocommerce_thumbnail\" alt=\"BREEZY Salatsch\u00fcssel\" srcset=\"https:\/\/www.companhiaatlantica.pt\/wp-content\/uploads\/2021\/01\/130-313-700x700.jpg 700w, https:\/\/www.companhiaatlantica.pt\/wp-content\/uploads\/2021\/01\/130-313-100x100.jpg 100w, https:\/\/www.companhiaatlantica.pt\/wp-content\/uploads\/2021\/01\/130-313-900x900.jpg 900w, https:\/\/www.companhiaatlantica.pt\/wp-content\/uploads\/2021\/01\/130-313-300x300.jpg 300w, https:\/\/www.companhiaatlantica.pt\/wp-content\/uploads\/2021\/01\/130-313-150x150.jpg 150w, https:\/\/www.companhiaatlantica.pt\/wp-content\/uploads\/2021\/01\/130-313-768x768.jpg 768w, https:\/\/www.companhiaatlantica.pt\/wp-content\/uploads\/2021\/01\/130-313-600x600.jpg 600w, https:\/\/www.companhiaatlantica.pt\/wp-content\/uploads\/2021\/01\/130-313.jpg 1000w\" sizes=\"auto, (max-width: 700px) 100vw, 700px\" title=\"\">\t\t\t\t\t\t\t\t\t<\/a>\n\t\t\t\t\t\t\t\t\t\t\t\t\t\t\t\t\t\t \t\t\t\t\t\t\t\t<\/div>\n\t\t\t\t\t\t\t\t<div class=\"image-tools top right show-on-hover\">\n\t\t\t\t\t\t\t\t\t\t\t<div class=\"wishlist-icon\">\n\t\t\t<button class=\"wishlist-button button is-outline circle icon\" aria-label=\"Wunschliste\">\n\t\t\t\t<i class=\"icon-heart\" aria-hidden=\"true\"><\/i>\t\t\t<\/button>\n\t\t\t<div class=\"wishlist-popup dark\">\n\t\t\t\t\n<div\n\tclass=\"yith-wcwl-add-to-wishlist add-to-wishlist-41751 yith-wcwl-add-to-wishlist--button_default-style wishlist-fragment on-first-load\"\n\tdata-fragment-ref=\"41751\"\n\tdata-fragment-options=\"{&quot;base_url&quot;:&quot;&quot;,&quot;product_id&quot;:41751,&quot;parent_product_id&quot;:0,&quot;product_type&quot;:&quot;variable&quot;,&quot;is_single&quot;:false,&quot;in_default_wishlist&quot;:false,&quot;show_view&quot;:false,&quot;browse_wishlist_text&quot;:&quot;Siehe Ihre Wunschliste!&quot;,&quot;already_in_wishslist_text&quot;:&quot;Dieses Produkt steht bereits auf Ihrem Wunschzettel!&quot;,&quot;product_added_text&quot;:&quot;Produto adicionado!&quot;,&quot;available_multi_wishlist&quot;:false,&quot;disable_wishlist&quot;:false,&quot;show_count&quot;:false,&quot;ajax_loading&quot;:false,&quot;loop_position&quot;:&quot;after_add_to_cart&quot;,&quot;item&quot;:&quot;add_to_wishlist&quot;}\"\n>\n\t\t\t\n\t\t\t<!-- ADD TO WISHLIST -->\n\t\t\t\n<div class=\"yith-wcwl-add-button\">\n\t\t<a\n\t\thref=\"?add_to_wishlist=41751&#038;_wpnonce=52d31225f0\"\n\t\tclass=\"add_to_wishlist single_add_to_wishlist alt button theme-button-style \"\n\t\tdata-product-id=\"41751\"\n\t\tdata-product-type=\"variable\"\n\t\tdata-original-product-id=\"0\"\n\t\tdata-title=\"Zu meiner Wunschliste hinzuf\u00fcgen\"\n\t\trel=\"nofollow\"\n\t>\n\t\t<svg id=\"yith-wcwl-icon-heart-outline\" class=\"yith-wcwl-icon-svg\" fill=\"none\" stroke-width=\"1.5\" stroke=\"currentColor\" viewBox=\"0 0 24 24\" xmlns=\"http:\/\/www.w3.org\/2000\/svg\">\n  <path stroke-linecap=\"round\" stroke-linejoin=\"round\" d=\"M21 8.25c0-2.485-2.099-4.5-4.688-4.5-1.935 0-3.597 1.126-4.312 2.733-.715-1.607-2.377-2.733-4.313-2.733C5.1 3.75 3 5.765 3 8.25c0 7.22 9 12 9 12s9-4.78 9-12Z\"><\/path>\n<\/svg>\t\t<span>Zu meiner Wunschliste hinzuf\u00fcgen<\/span>\n\t<\/a>\n<\/div>\n\n\t\t\t<!-- COUNT TEXT -->\n\t\t\t\n\t\t\t<\/div>\n\t\t\t<\/div>\n\t\t<\/div>\n\t\t\t\t\t\t\t\t\t\t<\/div>\n\t\t\t\t\t\t\t\t\t\t\t\t\t\t\t\t\t<div class=\"image-tools grid-tools text-center hide-for-small bottom hover-slide-in show-on-hover\">\n\t\t\t\t\t\t\t\t\t\t\t\t\t\t\t\t\t\t\t<\/div>\n\t\t\t\t\t\t\t\t\t\t\t\t\t\t\t\t\t\t\t\t\t\t\t<\/div>\n\n\t\t\t\t\t\t\t<div class=\"box-text text-center\" >\n\t\t\t\t\t\t\t\t<div class=\"title-wrapper\"><p class=\"name product-title woocommerce-loop-product__title\"><a href=\"https:\/\/www.companhiaatlantica.pt\/de\/produto\/portugiesische-keramik\/keramik-servierschalen-salatschussel\/breezy-salatschussel\" class=\"woocommerce-LoopProduct-link woocommerce-loop-product__link\">BREEZY Salatsch\u00fcssel<\/a><\/p><\/div><div class=\"price-wrapper\">\n\t<span class=\"price\"><span class=\"woocommerce-Price-amount amount\" aria-hidden=\"true\"><bdi>36.00<span class=\"woocommerce-Price-currencySymbol\">&euro;<\/span><\/bdi><\/span> <span aria-hidden=\"true\"> \u2013 <\/span> <span class=\"woocommerce-Price-amount amount\" aria-hidden=\"true\"><bdi>49.50<span class=\"woocommerce-Price-currencySymbol\">&euro;<\/span><\/bdi><\/span><span class=\"screen-reader-text\">Preisspanne: 36.00&euro; bis 49.50&euro;<\/span><\/span>\n<\/div><div class=\"add-to-cart-button\"><a href=\"https:\/\/www.companhiaatlantica.pt\/de\/produto\/portugiesische-keramik\/keramik-servierschalen-salatschussel\/breezy-salatschussel\" aria-describedby=\"woocommerce_loop_add_to_cart_link_describedby_41751\" data-quantity=\"1\" class=\"primary is-small mb-0 button product_type_variable add_to_cart_button is-outline\" data-product_id=\"41751\" data-product_sku=\"\" aria-label=\"W\u00e4hle Optionen f\u00fcr \u201eBREEZY Salatsch\u00fcssel\u201c\" rel=\"nofollow\" data-product_name=\"BREEZY Salatsch\u00fcssel\" data-product_image=\"https:\/\/www.companhiaatlantica.pt\/wp-content\/uploads\/2021\/01\/130-313-150x150.jpg\">Ausf\u00fchrung w\u00e4hlen<\/a><\/div>\t<span id=\"woocommerce_loop_add_to_cart_link_describedby_41751\" class=\"screen-reader-text\">\n\t\tDieses Produkt weist mehrere Varianten auf. Die Optionen k\u00f6nnen auf der Produktseite gew\u00e4hlt werden\t<\/span>\n\t\t\t\t\t\t\t<\/div>\n\t\t\t\t\t\t<\/div>\n\t\t\t\t\t\t<\/div>\n\t\t\t\t\t<\/div><div class=\"col\" >\n\t\t\t\t\t\t<div class=\"col-inner\">\n\t\t\t\t\t\t\n<div class=\"badge-container absolute left top z-1\">\n<div class=\"badge callout badge-circle\">\r\n  \t\t\t<div class=\"badge-inner secondary on-sale\">\r\n  \t\t\t\t<span class=\"onsale\">-21%<\/span>\r\n\t\t\t<\/div>\r\n\t\t<\/div>\r\n\t\t<div class=\"badge callout badge-circle\">\r\n\t\t\t<div class=\"badge-inner callout-new-bg is-small new-bubble\">6 pcs<\/div>\r\n\t\t<\/div>\n<div class=\"badge callout badge-circle\"><div class=\"badge-inner callout-new-bg is-small new-bubble\">6 pcs<\/div><\/div><\/div>\n\t\t\t\t\t\t<div class=\"product-small box has-hover box-normal box-text-bottom\">\n\t\t\t\t\t\t\t<div class=\"box-image\" >\n\t\t\t\t\t\t\t\t<div class=\"\" >\n\t\t\t\t\t\t\t\t\t<a href=\"https:\/\/www.companhiaatlantica.pt\/de\/produto\/portugiesische-keramik\/keramik-kaffeetassen\/breezy-espressotasse-6er-set\" aria-label=\"BREEZY Espressotasse - 6er-Set\">\n\t\t\t\t\t\t\t\t\t\t<img loading=\"lazy\" decoding=\"async\" width=\"600\" height=\"600\" src=\"https:\/\/www.companhiaatlantica.pt\/wp-content\/uploads\/2020\/06\/IMG_5231.jpg\" class=\"show-on-hover absolute fill hide-for-small back-image\" alt=\"Alternative view of BREEZY Espressotasse - 6er-Set\" aria-hidden=\"true\" srcset=\"https:\/\/www.companhiaatlantica.pt\/wp-content\/uploads\/2020\/06\/IMG_5231.jpg 600w, https:\/\/www.companhiaatlantica.pt\/wp-content\/uploads\/2020\/06\/IMG_5231-100x100.jpg 100w\" sizes=\"auto, (max-width: 600px) 100vw, 600px\" title=\"\"><img loading=\"lazy\" decoding=\"async\" width=\"600\" height=\"600\" src=\"https:\/\/www.companhiaatlantica.pt\/wp-content\/uploads\/2021\/03\/DSC1776.jpg\" class=\"attachment-woocommerce_thumbnail size-woocommerce_thumbnail\" alt=\"BREEZY Espressotasse - 6er-Set\" srcset=\"https:\/\/www.companhiaatlantica.pt\/wp-content\/uploads\/2021\/03\/DSC1776.jpg 600w, https:\/\/www.companhiaatlantica.pt\/wp-content\/uploads\/2021\/03\/DSC1776-100x100.jpg 100w\" sizes=\"auto, (max-width: 600px) 100vw, 600px\" title=\"\">\t\t\t\t\t\t\t\t\t<\/a>\n\t\t\t\t\t\t\t\t\t\t\t\t\t\t\t\t\t\t \t\t\t\t\t\t\t\t<\/div>\n\t\t\t\t\t\t\t\t<div class=\"image-tools top right show-on-hover\">\n\t\t\t\t\t\t\t\t\t\t\t<div class=\"wishlist-icon\">\n\t\t\t<button class=\"wishlist-button button is-outline circle icon\" aria-label=\"Wunschliste\">\n\t\t\t\t<i class=\"icon-heart\" aria-hidden=\"true\"><\/i>\t\t\t<\/button>\n\t\t\t<div class=\"wishlist-popup dark\">\n\t\t\t\t\n<div\n\tclass=\"yith-wcwl-add-to-wishlist add-to-wishlist-41628 yith-wcwl-add-to-wishlist--button_default-style wishlist-fragment on-first-load\"\n\tdata-fragment-ref=\"41628\"\n\tdata-fragment-options=\"{&quot;base_url&quot;:&quot;&quot;,&quot;product_id&quot;:41628,&quot;parent_product_id&quot;:0,&quot;product_type&quot;:&quot;variable&quot;,&quot;is_single&quot;:false,&quot;in_default_wishlist&quot;:false,&quot;show_view&quot;:false,&quot;browse_wishlist_text&quot;:&quot;Siehe Ihre Wunschliste!&quot;,&quot;already_in_wishslist_text&quot;:&quot;Dieses Produkt steht bereits auf Ihrem Wunschzettel!&quot;,&quot;product_added_text&quot;:&quot;Produto adicionado!&quot;,&quot;available_multi_wishlist&quot;:false,&quot;disable_wishlist&quot;:false,&quot;show_count&quot;:false,&quot;ajax_loading&quot;:false,&quot;loop_position&quot;:&quot;after_add_to_cart&quot;,&quot;item&quot;:&quot;add_to_wishlist&quot;}\"\n>\n\t\t\t\n\t\t\t<!-- ADD TO WISHLIST -->\n\t\t\t\n<div class=\"yith-wcwl-add-button\">\n\t\t<a\n\t\thref=\"?add_to_wishlist=41628&#038;_wpnonce=52d31225f0\"\n\t\tclass=\"add_to_wishlist single_add_to_wishlist alt button theme-button-style \"\n\t\tdata-product-id=\"41628\"\n\t\tdata-product-type=\"variable\"\n\t\tdata-original-product-id=\"0\"\n\t\tdata-title=\"Zu meiner Wunschliste hinzuf\u00fcgen\"\n\t\trel=\"nofollow\"\n\t>\n\t\t<svg id=\"yith-wcwl-icon-heart-outline\" class=\"yith-wcwl-icon-svg\" fill=\"none\" stroke-width=\"1.5\" stroke=\"currentColor\" viewBox=\"0 0 24 24\" xmlns=\"http:\/\/www.w3.org\/2000\/svg\">\n  <path stroke-linecap=\"round\" stroke-linejoin=\"round\" d=\"M21 8.25c0-2.485-2.099-4.5-4.688-4.5-1.935 0-3.597 1.126-4.312 2.733-.715-1.607-2.377-2.733-4.313-2.733C5.1 3.75 3 5.765 3 8.25c0 7.22 9 12 9 12s9-4.78 9-12Z\"><\/path>\n<\/svg>\t\t<span>Zu meiner Wunschliste hinzuf\u00fcgen<\/span>\n\t<\/a>\n<\/div>\n\n\t\t\t<!-- COUNT TEXT -->\n\t\t\t\n\t\t\t<\/div>\n\t\t\t<\/div>\n\t\t<\/div>\n\t\t\t\t\t\t\t\t\t\t<\/div>\n\t\t\t\t\t\t\t\t\t\t\t\t\t\t\t\t\t<div class=\"image-tools grid-tools text-center hide-for-small bottom hover-slide-in show-on-hover\">\n\t\t\t\t\t\t\t\t\t\t\t\t\t\t\t\t\t\t\t<\/div>\n\t\t\t\t\t\t\t\t\t\t\t\t\t\t\t\t\t\t\t\t\t\t\t<\/div>\n\n\t\t\t\t\t\t\t<div class=\"box-text text-center\" >\n\t\t\t\t\t\t\t\t<div class=\"title-wrapper\"><p class=\"name product-title woocommerce-loop-product__title\"><a href=\"https:\/\/www.companhiaatlantica.pt\/de\/produto\/portugiesische-keramik\/keramik-kaffeetassen\/breezy-espressotasse-6er-set\" class=\"woocommerce-LoopProduct-link woocommerce-loop-product__link\">BREEZY Espressotasse &#8211; 6er-Set<\/a><\/p><\/div><div class=\"price-wrapper\">\n\t<span class=\"price\"><del aria-hidden=\"true\"><span class=\"woocommerce-Price-amount amount\"><bdi>42.90<span class=\"woocommerce-Price-currencySymbol\">&euro;<\/span><\/bdi><\/span><\/del> <span class=\"screen-reader-text\">Urspr\u00fcnglicher Preis war: 42.90&euro;<\/span><ins aria-hidden=\"true\"><span class=\"woocommerce-Price-amount amount\"><bdi>34.00<span class=\"woocommerce-Price-currencySymbol\">&euro;<\/span><\/bdi><\/span><\/ins><span class=\"screen-reader-text\">Aktueller Preis ist: 34.00&euro;.<\/span><\/span>\n<\/div><div class=\"add-to-cart-button\"><a href=\"https:\/\/www.companhiaatlantica.pt\/de\/produto\/portugiesische-keramik\/keramik-kaffeetassen\/breezy-espressotasse-6er-set\" aria-describedby=\"woocommerce_loop_add_to_cart_link_describedby_41628\" data-quantity=\"1\" class=\"primary is-small mb-0 button product_type_variable add_to_cart_button is-outline\" data-product_id=\"41628\" data-product_sku=\"\" aria-label=\"W\u00e4hle Optionen f\u00fcr \u201eBREEZY Espressotasse - 6er-Set\u201c\" rel=\"nofollow\" data-product_name=\"BREEZY Espressotasse - 6er-Set\" data-product_image=\"https:\/\/www.companhiaatlantica.pt\/wp-content\/uploads\/2021\/03\/DSC1776.jpg\">Ausf\u00fchrung w\u00e4hlen<\/a><\/div>\t<span id=\"woocommerce_loop_add_to_cart_link_describedby_41628\" class=\"screen-reader-text\">\n\t\tDieses Produkt weist mehrere Varianten auf. Die Optionen k\u00f6nnen auf der Produktseite gew\u00e4hlt werden\t<\/span>\n\t\t\t\t\t\t\t<\/div>\n\t\t\t\t\t\t<\/div>\n\t\t\t\t\t\t<\/div>\n\t\t\t\t\t<\/div><div class=\"col\" >\n\t\t\t\t\t\t<div class=\"col-inner\">\n\t\t\t\t\t\t\n<div class=\"badge-container absolute left top z-1\">\n<div class=\"badge callout badge-circle\">\r\n  \t\t\t<div class=\"badge-inner secondary on-sale\">\r\n  \t\t\t\t<span class=\"onsale\">-20%<\/span>\r\n\t\t\t<\/div>\r\n\t\t<\/div>\r\n\t\t<div class=\"badge callout badge-circle\">\r\n\t\t\t<div class=\"badge-inner callout-new-bg is-small new-bubble\"><\/div>\r\n\t\t<\/div>\n<\/div>\n\t\t\t\t\t\t<div class=\"product-small box has-hover box-normal box-text-bottom\">\n\t\t\t\t\t\t\t<div class=\"box-image\" >\n\t\t\t\t\t\t\t\t<div class=\"\" >\n\t\t\t\t\t\t\t\t\t<a href=\"https:\/\/www.companhiaatlantica.pt\/de\/produto\/portugiesische-keramik\/keramik-schussel\/breezy-tigela-16cm-2\" aria-label=\"Schale 16cm BREEZY\">\n\t\t\t\t\t\t\t\t\t\t<img loading=\"lazy\" decoding=\"async\" width=\"600\" height=\"600\" src=\"https:\/\/www.companhiaatlantica.pt\/wp-content\/uploads\/2020\/05\/IMG_0500.jpg\" class=\"show-on-hover absolute fill hide-for-small back-image\" alt=\"Alternative view of Schale 16cm BREEZY\" aria-hidden=\"true\" srcset=\"https:\/\/www.companhiaatlantica.pt\/wp-content\/uploads\/2020\/05\/IMG_0500.jpg 600w, https:\/\/www.companhiaatlantica.pt\/wp-content\/uploads\/2020\/05\/IMG_0500-100x100.jpg 100w\" sizes=\"auto, (max-width: 600px) 100vw, 600px\" title=\"\"><img loading=\"lazy\" decoding=\"async\" width=\"700\" height=\"700\" src=\"https:\/\/www.companhiaatlantica.pt\/wp-content\/uploads\/2020\/11\/130-259-1-700x700.jpg\" class=\"attachment-woocommerce_thumbnail size-woocommerce_thumbnail\" alt=\"Schale 16cm BREEZY\" srcset=\"https:\/\/www.companhiaatlantica.pt\/wp-content\/uploads\/2020\/11\/130-259-1-700x700.jpg 700w, https:\/\/www.companhiaatlantica.pt\/wp-content\/uploads\/2020\/11\/130-259-1-100x100.jpg 100w, https:\/\/www.companhiaatlantica.pt\/wp-content\/uploads\/2020\/11\/130-259-1-900x900.jpg 900w, https:\/\/www.companhiaatlantica.pt\/wp-content\/uploads\/2020\/11\/130-259-1-300x300.jpg 300w, https:\/\/www.companhiaatlantica.pt\/wp-content\/uploads\/2020\/11\/130-259-1-150x150.jpg 150w, https:\/\/www.companhiaatlantica.pt\/wp-content\/uploads\/2020\/11\/130-259-1-768x768.jpg 768w, https:\/\/www.companhiaatlantica.pt\/wp-content\/uploads\/2020\/11\/130-259-1-600x600.jpg 600w, https:\/\/www.companhiaatlantica.pt\/wp-content\/uploads\/2020\/11\/130-259-1.jpg 1000w\" sizes=\"auto, (max-width: 700px) 100vw, 700px\" title=\"\">\t\t\t\t\t\t\t\t\t<\/a>\n\t\t\t\t\t\t\t\t\t\t\t\t\t\t\t\t\t\t \t\t\t\t\t\t\t\t<\/div>\n\t\t\t\t\t\t\t\t<div class=\"image-tools top right show-on-hover\">\n\t\t\t\t\t\t\t\t\t\t\t<div class=\"wishlist-icon\">\n\t\t\t<button class=\"wishlist-button button is-outline circle icon\" aria-label=\"Wunschliste\">\n\t\t\t\t<i class=\"icon-heart\" aria-hidden=\"true\"><\/i>\t\t\t<\/button>\n\t\t\t<div class=\"wishlist-popup dark\">\n\t\t\t\t\n<div\n\tclass=\"yith-wcwl-add-to-wishlist add-to-wishlist-42250 yith-wcwl-add-to-wishlist--button_default-style wishlist-fragment on-first-load\"\n\tdata-fragment-ref=\"42250\"\n\tdata-fragment-options=\"{&quot;base_url&quot;:&quot;&quot;,&quot;product_id&quot;:42250,&quot;parent_product_id&quot;:0,&quot;product_type&quot;:&quot;variable&quot;,&quot;is_single&quot;:false,&quot;in_default_wishlist&quot;:false,&quot;show_view&quot;:false,&quot;browse_wishlist_text&quot;:&quot;Siehe Ihre Wunschliste!&quot;,&quot;already_in_wishslist_text&quot;:&quot;Dieses Produkt steht bereits auf Ihrem Wunschzettel!&quot;,&quot;product_added_text&quot;:&quot;Produto adicionado!&quot;,&quot;available_multi_wishlist&quot;:false,&quot;disable_wishlist&quot;:false,&quot;show_count&quot;:false,&quot;ajax_loading&quot;:false,&quot;loop_position&quot;:&quot;after_add_to_cart&quot;,&quot;item&quot;:&quot;add_to_wishlist&quot;}\"\n>\n\t\t\t\n\t\t\t<!-- ADD TO WISHLIST -->\n\t\t\t\n<div class=\"yith-wcwl-add-button\">\n\t\t<a\n\t\thref=\"?add_to_wishlist=42250&#038;_wpnonce=52d31225f0\"\n\t\tclass=\"add_to_wishlist single_add_to_wishlist alt button theme-button-style \"\n\t\tdata-product-id=\"42250\"\n\t\tdata-product-type=\"variable\"\n\t\tdata-original-product-id=\"0\"\n\t\tdata-title=\"Zu meiner Wunschliste hinzuf\u00fcgen\"\n\t\trel=\"nofollow\"\n\t>\n\t\t<svg id=\"yith-wcwl-icon-heart-outline\" class=\"yith-wcwl-icon-svg\" fill=\"none\" stroke-width=\"1.5\" stroke=\"currentColor\" viewBox=\"0 0 24 24\" xmlns=\"http:\/\/www.w3.org\/2000\/svg\">\n  <path stroke-linecap=\"round\" stroke-linejoin=\"round\" d=\"M21 8.25c0-2.485-2.099-4.5-4.688-4.5-1.935 0-3.597 1.126-4.312 2.733-.715-1.607-2.377-2.733-4.313-2.733C5.1 3.75 3 5.765 3 8.25c0 7.22 9 12 9 12s9-4.78 9-12Z\"><\/path>\n<\/svg>\t\t<span>Zu meiner Wunschliste hinzuf\u00fcgen<\/span>\n\t<\/a>\n<\/div>\n\n\t\t\t<!-- COUNT TEXT -->\n\t\t\t\n\t\t\t<\/div>\n\t\t\t<\/div>\n\t\t<\/div>\n\t\t\t\t\t\t\t\t\t\t<\/div>\n\t\t\t\t\t\t\t\t\t\t\t\t\t\t\t\t\t<div class=\"image-tools grid-tools text-center hide-for-small bottom hover-slide-in show-on-hover\">\n\t\t\t\t\t\t\t\t\t\t\t\t\t\t\t\t\t\t\t<\/div>\n\t\t\t\t\t\t\t\t\t\t\t\t\t\t\t\t\t\t\t\t\t\t\t<\/div>\n\n\t\t\t\t\t\t\t<div class=\"box-text text-center\" >\n\t\t\t\t\t\t\t\t<span class=\"featured-badge\"><img decoding=\"async\" src=\"https:\/\/cdn.companhiaatlantica.pt\/wp-content\/themes\/flatsome-child\/src\/img\/ar-icon-2.jpg\" alt=\"AR Icon\" class=\"ar-icon\" title=\"\"><\/span><div class=\"title-wrapper\"><p class=\"name product-title woocommerce-loop-product__title\"><a href=\"https:\/\/www.companhiaatlantica.pt\/de\/produto\/portugiesische-keramik\/keramik-schussel\/breezy-tigela-16cm-2\" class=\"woocommerce-LoopProduct-link woocommerce-loop-product__link\">Schale 16cm BREEZY<\/a><\/p><\/div><div class=\"price-wrapper\">\n\t<span class=\"price\"><span class=\"woocommerce-Price-amount amount\" aria-hidden=\"true\"><bdi>14.40<span class=\"woocommerce-Price-currencySymbol\">&euro;<\/span><\/bdi><\/span> <span aria-hidden=\"true\"> \u2013 <\/span> <span class=\"woocommerce-Price-amount amount\" aria-hidden=\"true\"><bdi>18.90<span class=\"woocommerce-Price-currencySymbol\">&euro;<\/span><\/bdi><\/span><span class=\"screen-reader-text\">Preisspanne: 14.40&euro; bis 18.90&euro;<\/span><\/span>\n<\/div><div class=\"add-to-cart-button\"><a href=\"https:\/\/www.companhiaatlantica.pt\/de\/produto\/portugiesische-keramik\/keramik-schussel\/breezy-tigela-16cm-2\" aria-describedby=\"woocommerce_loop_add_to_cart_link_describedby_42250\" data-quantity=\"1\" class=\"primary is-small mb-0 button product_type_variable add_to_cart_button is-outline\" data-product_id=\"42250\" data-product_sku=\"\" aria-label=\"W\u00e4hle Optionen f\u00fcr \u201eSchale 16cm BREEZY\u201c\" rel=\"nofollow\" data-product_name=\"Schale 16cm BREEZY\" data-product_image=\"https:\/\/www.companhiaatlantica.pt\/wp-content\/uploads\/2020\/11\/130-259-1-150x150.jpg\">Ausf\u00fchrung w\u00e4hlen<\/a><\/div>\t<span id=\"woocommerce_loop_add_to_cart_link_describedby_42250\" class=\"screen-reader-text\">\n\t\tDieses Produkt weist mehrere Varianten auf. Die Optionen k\u00f6nnen auf der Produktseite gew\u00e4hlt werden\t<\/span>\n\t\t\t\t\t\t\t<\/div>\n\t\t\t\t\t\t<\/div>\n\t\t\t\t\t\t<\/div>\n\t\t\t\t\t<\/div><div class=\"col\" >\n\t\t\t\t\t\t<div class=\"col-inner\">\n\t\t\t\t\t\t\n<div class=\"badge-container absolute left top z-1\">\n<div class=\"badge callout badge-circle\">\r\n  \t\t\t<div class=\"badge-inner secondary on-sale\">\r\n  \t\t\t\t<span class=\"onsale\">-20%<\/span>\r\n\t\t\t<\/div>\r\n\t\t<\/div>\r\n\t\t<div class=\"badge callout badge-circle\">\r\n\t\t\t<div class=\"badge-inner callout-new-bg is-small new-bubble\">3 pcs<\/div>\r\n\t\t<\/div>\n<div class=\"badge callout badge-circle\"><div class=\"badge-inner callout-new-bg is-small new-bubble\">3 pcs<\/div><\/div><\/div>\n\t\t\t\t\t\t<div class=\"product-small box has-hover box-normal box-text-bottom\">\n\t\t\t\t\t\t\t<div class=\"box-image\" >\n\t\t\t\t\t\t\t\t<div class=\"\" >\n\t\t\t\t\t\t\t\t\t<a href=\"https:\/\/www.companhiaatlantica.pt\/de\/produto\/portugiesische-keramik\/keramik-servierschalen-salatschussel\/breezy-travessa-oval-3-pecks\" aria-label=\"BREEZY Ovale Servierplatten - 3er-Set\">\n\t\t\t\t\t\t\t\t\t\t<img loading=\"lazy\" decoding=\"async\" width=\"600\" height=\"600\" src=\"https:\/\/www.companhiaatlantica.pt\/wp-content\/uploads\/2020\/06\/DSC1381.jpg\" class=\"show-on-hover absolute fill hide-for-small back-image\" alt=\"Alternative view of BREEZY Ovale Servierplatten - 3er-Set\" aria-hidden=\"true\" srcset=\"https:\/\/www.companhiaatlantica.pt\/wp-content\/uploads\/2020\/06\/DSC1381.jpg 600w, https:\/\/www.companhiaatlantica.pt\/wp-content\/uploads\/2020\/06\/DSC1381-100x100.jpg 100w\" sizes=\"auto, (max-width: 600px) 100vw, 600px\" title=\"\"><img loading=\"lazy\" decoding=\"async\" width=\"600\" height=\"600\" src=\"https:\/\/www.companhiaatlantica.pt\/wp-content\/uploads\/2020\/07\/IMG_0579.jpg\" class=\"attachment-woocommerce_thumbnail size-woocommerce_thumbnail\" alt=\"BREEZY Ovale Servierplatten - 3er-Set\" srcset=\"https:\/\/www.companhiaatlantica.pt\/wp-content\/uploads\/2020\/07\/IMG_0579.jpg 600w, https:\/\/www.companhiaatlantica.pt\/wp-content\/uploads\/2020\/07\/IMG_0579-100x100.jpg 100w\" sizes=\"auto, (max-width: 600px) 100vw, 600px\" title=\"\">\t\t\t\t\t\t\t\t\t<\/a>\n\t\t\t\t\t\t\t\t\t\t\t\t\t\t\t\t\t\t \t\t\t\t\t\t\t\t<\/div>\n\t\t\t\t\t\t\t\t<div class=\"image-tools top right show-on-hover\">\n\t\t\t\t\t\t\t\t\t\t\t<div class=\"wishlist-icon\">\n\t\t\t<button class=\"wishlist-button button is-outline circle icon\" aria-label=\"Wunschliste\">\n\t\t\t\t<i class=\"icon-heart\" aria-hidden=\"true\"><\/i>\t\t\t<\/button>\n\t\t\t<div class=\"wishlist-popup dark\">\n\t\t\t\t\n<div\n\tclass=\"yith-wcwl-add-to-wishlist add-to-wishlist-42022 yith-wcwl-add-to-wishlist--button_default-style wishlist-fragment on-first-load\"\n\tdata-fragment-ref=\"42022\"\n\tdata-fragment-options=\"{&quot;base_url&quot;:&quot;&quot;,&quot;product_id&quot;:42022,&quot;parent_product_id&quot;:0,&quot;product_type&quot;:&quot;variable&quot;,&quot;is_single&quot;:false,&quot;in_default_wishlist&quot;:false,&quot;show_view&quot;:false,&quot;browse_wishlist_text&quot;:&quot;Siehe Ihre Wunschliste!&quot;,&quot;already_in_wishslist_text&quot;:&quot;Dieses Produkt steht bereits auf Ihrem Wunschzettel!&quot;,&quot;product_added_text&quot;:&quot;Produto adicionado!&quot;,&quot;available_multi_wishlist&quot;:false,&quot;disable_wishlist&quot;:false,&quot;show_count&quot;:false,&quot;ajax_loading&quot;:false,&quot;loop_position&quot;:&quot;after_add_to_cart&quot;,&quot;item&quot;:&quot;add_to_wishlist&quot;}\"\n>\n\t\t\t\n\t\t\t<!-- ADD TO WISHLIST -->\n\t\t\t\n<div class=\"yith-wcwl-add-button\">\n\t\t<a\n\t\thref=\"?add_to_wishlist=42022&#038;_wpnonce=52d31225f0\"\n\t\tclass=\"add_to_wishlist single_add_to_wishlist alt button theme-button-style \"\n\t\tdata-product-id=\"42022\"\n\t\tdata-product-type=\"variable\"\n\t\tdata-original-product-id=\"0\"\n\t\tdata-title=\"Zu meiner Wunschliste hinzuf\u00fcgen\"\n\t\trel=\"nofollow\"\n\t>\n\t\t<svg id=\"yith-wcwl-icon-heart-outline\" class=\"yith-wcwl-icon-svg\" fill=\"none\" stroke-width=\"1.5\" stroke=\"currentColor\" viewBox=\"0 0 24 24\" xmlns=\"http:\/\/www.w3.org\/2000\/svg\">\n  <path stroke-linecap=\"round\" stroke-linejoin=\"round\" d=\"M21 8.25c0-2.485-2.099-4.5-4.688-4.5-1.935 0-3.597 1.126-4.312 2.733-.715-1.607-2.377-2.733-4.313-2.733C5.1 3.75 3 5.765 3 8.25c0 7.22 9 12 9 12s9-4.78 9-12Z\"><\/path>\n<\/svg>\t\t<span>Zu meiner Wunschliste hinzuf\u00fcgen<\/span>\n\t<\/a>\n<\/div>\n\n\t\t\t<!-- COUNT TEXT -->\n\t\t\t\n\t\t\t<\/div>\n\t\t\t<\/div>\n\t\t<\/div>\n\t\t\t\t\t\t\t\t\t\t<\/div>\n\t\t\t\t\t\t\t\t\t\t\t\t\t\t\t\t\t<div class=\"image-tools grid-tools text-center hide-for-small bottom hover-slide-in show-on-hover\">\n\t\t\t\t\t\t\t\t\t\t\t\t\t\t\t\t\t\t\t<\/div>\n\t\t\t\t\t\t\t\t\t\t\t\t\t\t\t\t\t\t\t\t\t\t\t<\/div>\n\n\t\t\t\t\t\t\t<div class=\"box-text text-center\" >\n\t\t\t\t\t\t\t\t<div class=\"title-wrapper\"><p class=\"name product-title woocommerce-loop-product__title\"><a href=\"https:\/\/www.companhiaatlantica.pt\/de\/produto\/portugiesische-keramik\/keramik-servierschalen-salatschussel\/breezy-travessa-oval-3-pecks\" class=\"woocommerce-LoopProduct-link woocommerce-loop-product__link\">BREEZY Ovale Servierplatten &#8211; 3er-Set<\/a><\/p><\/div><div class=\"price-wrapper\">\n\t<span class=\"price\"><del aria-hidden=\"true\"><span class=\"woocommerce-Price-amount amount\"><bdi>70.00<span class=\"woocommerce-Price-currencySymbol\">&euro;<\/span><\/bdi><\/span><\/del> <span class=\"screen-reader-text\">Urspr\u00fcnglicher Preis war: 70.00&euro;<\/span><ins aria-hidden=\"true\"><span class=\"woocommerce-Price-amount amount\"><bdi>56.00<span class=\"woocommerce-Price-currencySymbol\">&euro;<\/span><\/bdi><\/span><\/ins><span class=\"screen-reader-text\">Aktueller Preis ist: 56.00&euro;.<\/span><\/span>\n<\/div><div class=\"add-to-cart-button\"><a href=\"https:\/\/www.companhiaatlantica.pt\/de\/produto\/portugiesische-keramik\/keramik-servierschalen-salatschussel\/breezy-travessa-oval-3-pecks\" aria-describedby=\"woocommerce_loop_add_to_cart_link_describedby_42022\" data-quantity=\"1\" class=\"primary is-small mb-0 button product_type_variable add_to_cart_button is-outline\" data-product_id=\"42022\" data-product_sku=\"\" aria-label=\"W\u00e4hle Optionen f\u00fcr \u201eBREEZY Ovale Servierplatten - 3er-Set\u201c\" rel=\"nofollow\" data-product_name=\"BREEZY Ovale Servierplatten - 3er-Set\" data-product_image=\"https:\/\/www.companhiaatlantica.pt\/wp-content\/uploads\/2020\/07\/IMG_0579.jpg\">Ausf\u00fchrung w\u00e4hlen<\/a><\/div>\t<span id=\"woocommerce_loop_add_to_cart_link_describedby_42022\" class=\"screen-reader-text\">\n\t\tDieses Produkt weist mehrere Varianten auf. Die Optionen k\u00f6nnen auf der Produktseite gew\u00e4hlt werden\t<\/span>\n\t\t\t\t\t\t\t<\/div>\n\t\t\t\t\t\t<\/div>\n\t\t\t\t\t\t<\/div>\n\t\t\t\t\t<\/div><div class=\"col\" >\n\t\t\t\t\t\t<div class=\"col-inner\">\n\t\t\t\t\t\t\n<div class=\"badge-container absolute left top z-1\">\n<div class=\"badge callout badge-circle\">\r\n  \t\t\t<div class=\"badge-inner secondary on-sale\">\r\n  \t\t\t\t<span class=\"onsale\">-20%<\/span>\r\n\t\t\t<\/div>\r\n\t\t<\/div>\r\n\t\t<div class=\"badge callout badge-circle\">\r\n\t\t\t<div class=\"badge-inner callout-new-bg is-small new-bubble\"><\/div>\r\n\t\t<\/div>\n<\/div>\n\t\t\t\t\t\t<div class=\"product-small box has-hover box-normal box-text-bottom\">\n\t\t\t\t\t\t\t<div class=\"box-image\" >\n\t\t\t\t\t\t\t\t<div class=\"\" >\n\t\t\t\t\t\t\t\t\t<a href=\"https:\/\/www.companhiaatlantica.pt\/de\/produto\/portugiesische-keramik\/keramik-servierschalen-salatschussel\/breezy-oval-kreuz-34cm\" aria-label=\"Ovale Platte 34cm BREEZY\">\n\t\t\t\t\t\t\t\t\t\t<img loading=\"lazy\" decoding=\"async\" width=\"600\" height=\"600\" src=\"https:\/\/www.companhiaatlantica.pt\/wp-content\/uploads\/2021\/02\/IMG_0895.jpg\" class=\"show-on-hover absolute fill hide-for-small back-image\" alt=\"Alternative view of Ovale Platte 34cm BREEZY\" aria-hidden=\"true\" srcset=\"https:\/\/www.companhiaatlantica.pt\/wp-content\/uploads\/2021\/02\/IMG_0895.jpg 600w, https:\/\/www.companhiaatlantica.pt\/wp-content\/uploads\/2021\/02\/IMG_0895-100x100.jpg 100w\" sizes=\"auto, (max-width: 600px) 100vw, 600px\" title=\"\"><img loading=\"lazy\" decoding=\"async\" width=\"700\" height=\"700\" src=\"https:\/\/www.companhiaatlantica.pt\/wp-content\/uploads\/2021\/02\/130-310_a-700x700.jpg\" class=\"attachment-woocommerce_thumbnail size-woocommerce_thumbnail\" alt=\"Ovale Platte 34cm BREEZY\" srcset=\"https:\/\/www.companhiaatlantica.pt\/wp-content\/uploads\/2021\/02\/130-310_a-700x700.jpg 700w, https:\/\/www.companhiaatlantica.pt\/wp-content\/uploads\/2021\/02\/130-310_a-100x100.jpg 100w, https:\/\/www.companhiaatlantica.pt\/wp-content\/uploads\/2021\/02\/130-310_a-900x900.jpg 900w, https:\/\/www.companhiaatlantica.pt\/wp-content\/uploads\/2021\/02\/130-310_a-300x300.jpg 300w, https:\/\/www.companhiaatlantica.pt\/wp-content\/uploads\/2021\/02\/130-310_a-150x150.jpg 150w, https:\/\/www.companhiaatlantica.pt\/wp-content\/uploads\/2021\/02\/130-310_a-768x768.jpg 768w, https:\/\/www.companhiaatlantica.pt\/wp-content\/uploads\/2021\/02\/130-310_a-600x600.jpg 600w, https:\/\/www.companhiaatlantica.pt\/wp-content\/uploads\/2021\/02\/130-310_a.jpg 1000w\" sizes=\"auto, (max-width: 700px) 100vw, 700px\" title=\"\">\t\t\t\t\t\t\t\t\t<\/a>\n\t\t\t\t\t\t\t\t\t\t\t\t\t\t\t\t\t\t \t\t\t\t\t\t\t\t<\/div>\n\t\t\t\t\t\t\t\t<div class=\"image-tools top right show-on-hover\">\n\t\t\t\t\t\t\t\t\t\t\t<div class=\"wishlist-icon\">\n\t\t\t<button class=\"wishlist-button button is-outline circle icon\" aria-label=\"Wunschliste\">\n\t\t\t\t<i class=\"icon-heart\" aria-hidden=\"true\"><\/i>\t\t\t<\/button>\n\t\t\t<div class=\"wishlist-popup dark\">\n\t\t\t\t\n<div\n\tclass=\"yith-wcwl-add-to-wishlist add-to-wishlist-41706 yith-wcwl-add-to-wishlist--button_default-style wishlist-fragment on-first-load\"\n\tdata-fragment-ref=\"41706\"\n\tdata-fragment-options=\"{&quot;base_url&quot;:&quot;&quot;,&quot;product_id&quot;:41706,&quot;parent_product_id&quot;:0,&quot;product_type&quot;:&quot;variable&quot;,&quot;is_single&quot;:false,&quot;in_default_wishlist&quot;:false,&quot;show_view&quot;:false,&quot;browse_wishlist_text&quot;:&quot;Siehe Ihre Wunschliste!&quot;,&quot;already_in_wishslist_text&quot;:&quot;Dieses Produkt steht bereits auf Ihrem Wunschzettel!&quot;,&quot;product_added_text&quot;:&quot;Produto adicionado!&quot;,&quot;available_multi_wishlist&quot;:false,&quot;disable_wishlist&quot;:false,&quot;show_count&quot;:false,&quot;ajax_loading&quot;:false,&quot;loop_position&quot;:&quot;after_add_to_cart&quot;,&quot;item&quot;:&quot;add_to_wishlist&quot;}\"\n>\n\t\t\t\n\t\t\t<!-- ADD TO WISHLIST -->\n\t\t\t\n<div class=\"yith-wcwl-add-button\">\n\t\t<a\n\t\thref=\"?add_to_wishlist=41706&#038;_wpnonce=52d31225f0\"\n\t\tclass=\"add_to_wishlist single_add_to_wishlist alt button theme-button-style \"\n\t\tdata-product-id=\"41706\"\n\t\tdata-product-type=\"variable\"\n\t\tdata-original-product-id=\"0\"\n\t\tdata-title=\"Zu meiner Wunschliste hinzuf\u00fcgen\"\n\t\trel=\"nofollow\"\n\t>\n\t\t<svg id=\"yith-wcwl-icon-heart-outline\" class=\"yith-wcwl-icon-svg\" fill=\"none\" stroke-width=\"1.5\" stroke=\"currentColor\" viewBox=\"0 0 24 24\" xmlns=\"http:\/\/www.w3.org\/2000\/svg\">\n  <path stroke-linecap=\"round\" stroke-linejoin=\"round\" d=\"M21 8.25c0-2.485-2.099-4.5-4.688-4.5-1.935 0-3.597 1.126-4.312 2.733-.715-1.607-2.377-2.733-4.313-2.733C5.1 3.75 3 5.765 3 8.25c0 7.22 9 12 9 12s9-4.78 9-12Z\"><\/path>\n<\/svg>\t\t<span>Zu meiner Wunschliste hinzuf\u00fcgen<\/span>\n\t<\/a>\n<\/div>\n\n\t\t\t<!-- COUNT TEXT -->\n\t\t\t\n\t\t\t<\/div>\n\t\t\t<\/div>\n\t\t<\/div>\n\t\t\t\t\t\t\t\t\t\t<\/div>\n\t\t\t\t\t\t\t\t\t\t\t\t\t\t\t\t\t<div class=\"image-tools grid-tools text-center hide-for-small bottom hover-slide-in show-on-hover\">\n\t\t\t\t\t\t\t\t\t\t\t\t\t\t\t\t\t\t\t<\/div>\n\t\t\t\t\t\t\t\t\t\t\t\t\t\t\t\t\t\t\t\t\t\t\t<\/div>\n\n\t\t\t\t\t\t\t<div class=\"box-text text-center\" >\n\t\t\t\t\t\t\t\t<div class=\"title-wrapper\"><p class=\"name product-title woocommerce-loop-product__title\"><a href=\"https:\/\/www.companhiaatlantica.pt\/de\/produto\/portugiesische-keramik\/keramik-servierschalen-salatschussel\/breezy-oval-kreuz-34cm\" class=\"woocommerce-LoopProduct-link woocommerce-loop-product__link\">Ovale Platte 34cm BREEZY<\/a><\/p><\/div><div class=\"price-wrapper\">\n\t<span class=\"price\"><span class=\"woocommerce-Price-amount amount\" aria-hidden=\"true\"><bdi>32.00<span class=\"woocommerce-Price-currencySymbol\">&euro;<\/span><\/bdi><\/span> <span aria-hidden=\"true\"> \u2013 <\/span> <span class=\"woocommerce-Price-amount amount\" aria-hidden=\"true\"><bdi>41.00<span class=\"woocommerce-Price-currencySymbol\">&euro;<\/span><\/bdi><\/span><span class=\"screen-reader-text\">Preisspanne: 32.00&euro; bis 41.00&euro;<\/span><\/span>\n<\/div><div class=\"add-to-cart-button\"><a href=\"https:\/\/www.companhiaatlantica.pt\/de\/produto\/portugiesische-keramik\/keramik-servierschalen-salatschussel\/breezy-oval-kreuz-34cm\" aria-describedby=\"woocommerce_loop_add_to_cart_link_describedby_41706\" data-quantity=\"1\" class=\"primary is-small mb-0 button product_type_variable add_to_cart_button is-outline\" data-product_id=\"41706\" data-product_sku=\"\" aria-label=\"W\u00e4hle Optionen f\u00fcr \u201eOvale Platte 34cm BREEZY\u201c\" rel=\"nofollow\" data-product_name=\"Ovale Platte 34cm BREEZY\" data-product_image=\"https:\/\/www.companhiaatlantica.pt\/wp-content\/uploads\/2021\/02\/130-310_a-150x150.jpg\">Ausf\u00fchrung w\u00e4hlen<\/a><\/div>\t<span id=\"woocommerce_loop_add_to_cart_link_describedby_41706\" class=\"screen-reader-text\">\n\t\tDieses Produkt weist mehrere Varianten auf. Die Optionen k\u00f6nnen auf der Produktseite gew\u00e4hlt werden\t<\/span>\n\t\t\t\t\t\t\t<\/div>\n\t\t\t\t\t\t<\/div>\n\t\t\t\t\t\t<\/div>\n\t\t\t\t\t<\/div><div class=\"col\" >\n\t\t\t\t\t\t<div class=\"col-inner\">\n\t\t\t\t\t\t\n<div class=\"badge-container absolute left top z-1\">\n<div class=\"badge callout badge-circle\">\r\n  \t\t\t<div class=\"badge-inner secondary on-sale\">\r\n  \t\t\t\t<span class=\"onsale\">-25%<\/span>\r\n\t\t\t<\/div>\r\n\t\t<\/div>\r\n\t\t<div class=\"badge callout badge-circle\">\r\n\t\t\t<div class=\"badge-inner callout-new-bg is-small new-bubble\">6 pcs<\/div>\r\n\t\t<\/div>\n<div class=\"badge callout badge-circle\"><div class=\"badge-inner callout-new-bg is-small new-bubble\">6 pcs<\/div><\/div><\/div>\n\t\t\t\t\t\t<div class=\"product-small box has-hover box-normal box-text-bottom\">\n\t\t\t\t\t\t\t<div class=\"box-image\" >\n\t\t\t\t\t\t\t\t<div class=\"\" >\n\t\t\t\t\t\t\t\t\t<a href=\"https:\/\/www.companhiaatlantica.pt\/de\/produto\/portugiesische-keramik\/keramik-schussel\/schuessel-18cm-breezy-6er-set\" aria-label=\"Sch\u00fcssel 18cm BREEZY - 6er Set\">\n\t\t\t\t\t\t\t\t\t\t<img loading=\"lazy\" decoding=\"async\" width=\"600\" height=\"600\" src=\"https:\/\/www.companhiaatlantica.pt\/wp-content\/uploads\/2020\/05\/IMG_0284.jpg\" class=\"show-on-hover absolute fill hide-for-small back-image\" alt=\"Alternative view of Sch\u00fcssel 18cm BREEZY - 6er Set\" aria-hidden=\"true\" srcset=\"https:\/\/www.companhiaatlantica.pt\/wp-content\/uploads\/2020\/05\/IMG_0284.jpg 600w, https:\/\/www.companhiaatlantica.pt\/wp-content\/uploads\/2020\/05\/IMG_0284-100x100.jpg 100w\" sizes=\"auto, (max-width: 600px) 100vw, 600px\" title=\"\"><img loading=\"lazy\" decoding=\"async\" width=\"600\" height=\"600\" src=\"https:\/\/www.companhiaatlantica.pt\/wp-content\/uploads\/2021\/03\/IMG_9116.jpg\" class=\"attachment-woocommerce_thumbnail size-woocommerce_thumbnail\" alt=\"Sch\u00fcssel 18cm BREEZY - 6er Set\" srcset=\"https:\/\/www.companhiaatlantica.pt\/wp-content\/uploads\/2021\/03\/IMG_9116.jpg 600w, https:\/\/www.companhiaatlantica.pt\/wp-content\/uploads\/2021\/03\/IMG_9116-100x100.jpg 100w\" sizes=\"auto, (max-width: 600px) 100vw, 600px\" title=\"\">\t\t\t\t\t\t\t\t\t<\/a>\n\t\t\t\t\t\t\t\t\t\t\t\t\t\t\t\t\t\t \t\t\t\t\t\t\t\t<\/div>\n\t\t\t\t\t\t\t\t<div class=\"image-tools top right show-on-hover\">\n\t\t\t\t\t\t\t\t\t\t\t<div class=\"wishlist-icon\">\n\t\t\t<button class=\"wishlist-button button is-outline circle icon\" aria-label=\"Wunschliste\">\n\t\t\t\t<i class=\"icon-heart\" aria-hidden=\"true\"><\/i>\t\t\t<\/button>\n\t\t\t<div class=\"wishlist-popup dark\">\n\t\t\t\t\n<div\n\tclass=\"yith-wcwl-add-to-wishlist add-to-wishlist-41564 yith-wcwl-add-to-wishlist--button_default-style wishlist-fragment on-first-load\"\n\tdata-fragment-ref=\"41564\"\n\tdata-fragment-options=\"{&quot;base_url&quot;:&quot;&quot;,&quot;product_id&quot;:41564,&quot;parent_product_id&quot;:0,&quot;product_type&quot;:&quot;variable&quot;,&quot;is_single&quot;:false,&quot;in_default_wishlist&quot;:false,&quot;show_view&quot;:false,&quot;browse_wishlist_text&quot;:&quot;Siehe Ihre Wunschliste!&quot;,&quot;already_in_wishslist_text&quot;:&quot;Dieses Produkt steht bereits auf Ihrem Wunschzettel!&quot;,&quot;product_added_text&quot;:&quot;Produto adicionado!&quot;,&quot;available_multi_wishlist&quot;:false,&quot;disable_wishlist&quot;:false,&quot;show_count&quot;:false,&quot;ajax_loading&quot;:false,&quot;loop_position&quot;:&quot;after_add_to_cart&quot;,&quot;item&quot;:&quot;add_to_wishlist&quot;}\"\n>\n\t\t\t\n\t\t\t<!-- ADD TO WISHLIST -->\n\t\t\t\n<div class=\"yith-wcwl-add-button\">\n\t\t<a\n\t\thref=\"?add_to_wishlist=41564&#038;_wpnonce=52d31225f0\"\n\t\tclass=\"add_to_wishlist single_add_to_wishlist alt button theme-button-style \"\n\t\tdata-product-id=\"41564\"\n\t\tdata-product-type=\"variable\"\n\t\tdata-original-product-id=\"0\"\n\t\tdata-title=\"Zu meiner Wunschliste hinzuf\u00fcgen\"\n\t\trel=\"nofollow\"\n\t>\n\t\t<svg id=\"yith-wcwl-icon-heart-outline\" class=\"yith-wcwl-icon-svg\" fill=\"none\" stroke-width=\"1.5\" stroke=\"currentColor\" viewBox=\"0 0 24 24\" xmlns=\"http:\/\/www.w3.org\/2000\/svg\">\n  <path stroke-linecap=\"round\" stroke-linejoin=\"round\" d=\"M21 8.25c0-2.485-2.099-4.5-4.688-4.5-1.935 0-3.597 1.126-4.312 2.733-.715-1.607-2.377-2.733-4.313-2.733C5.1 3.75 3 5.765 3 8.25c0 7.22 9 12 9 12s9-4.78 9-12Z\"><\/path>\n<\/svg>\t\t<span>Zu meiner Wunschliste hinzuf\u00fcgen<\/span>\n\t<\/a>\n<\/div>\n\n\t\t\t<!-- COUNT TEXT -->\n\t\t\t\n\t\t\t<\/div>\n\t\t\t<\/div>\n\t\t<\/div>\n\t\t\t\t\t\t\t\t\t\t<\/div>\n\t\t\t\t\t\t\t\t\t\t\t\t\t\t\t\t\t<div class=\"image-tools grid-tools text-center hide-for-small bottom hover-slide-in show-on-hover\">\n\t\t\t\t\t\t\t\t\t\t\t\t\t\t\t\t\t\t\t<\/div>\n\t\t\t\t\t\t\t\t\t\t\t\t\t\t\t\t\t\t\t\t\t\t\t<\/div>\n\n\t\t\t\t\t\t\t<div class=\"box-text text-center\" >\n\t\t\t\t\t\t\t\t<div class=\"title-wrapper\"><p class=\"name product-title woocommerce-loop-product__title\"><a href=\"https:\/\/www.companhiaatlantica.pt\/de\/produto\/portugiesische-keramik\/keramik-schussel\/schuessel-18cm-breezy-6er-set\" class=\"woocommerce-LoopProduct-link woocommerce-loop-product__link\">Sch\u00fcssel 18cm BREEZY &#8211; 6er Set<\/a><\/p><\/div><div class=\"price-wrapper\">\n\t<span class=\"price\"><span class=\"woocommerce-Price-amount amount\" aria-hidden=\"true\"><bdi>81.00<span class=\"woocommerce-Price-currencySymbol\">&euro;<\/span><\/bdi><\/span> <span aria-hidden=\"true\"> \u2013 <\/span> <span class=\"woocommerce-Price-amount amount\" aria-hidden=\"true\"><bdi>87.00<span class=\"woocommerce-Price-currencySymbol\">&euro;<\/span><\/bdi><\/span><span class=\"screen-reader-text\">Preisspanne: 81.00&euro; bis 87.00&euro;<\/span><\/span>\n<\/div><div class=\"add-to-cart-button\"><a href=\"https:\/\/www.companhiaatlantica.pt\/de\/produto\/portugiesische-keramik\/keramik-schussel\/schuessel-18cm-breezy-6er-set\" aria-describedby=\"woocommerce_loop_add_to_cart_link_describedby_41564\" data-quantity=\"1\" class=\"primary is-small mb-0 button product_type_variable add_to_cart_button is-outline\" data-product_id=\"41564\" data-product_sku=\"\" aria-label=\"W\u00e4hle Optionen f\u00fcr \u201eSch\u00fcssel 18cm BREEZY - 6er Set\u201c\" rel=\"nofollow\" data-product_name=\"Sch\u00fcssel 18cm BREEZY - 6er Set\" data-product_image=\"https:\/\/www.companhiaatlantica.pt\/wp-content\/uploads\/2021\/03\/IMG_9116.jpg\">Ausf\u00fchrung w\u00e4hlen<\/a><\/div>\t<span id=\"woocommerce_loop_add_to_cart_link_describedby_41564\" class=\"screen-reader-text\">\n\t\tDieses Produkt weist mehrere Varianten auf. Die Optionen k\u00f6nnen auf der Produktseite gew\u00e4hlt werden\t<\/span>\n\t\t\t\t\t\t\t<\/div>\n\t\t\t\t\t\t<\/div>\n\t\t\t\t\t\t<\/div>\n\t\t\t\t\t<\/div><div class=\"col\" >\n\t\t\t\t\t\t<div class=\"col-inner\">\n\t\t\t\t\t\t\n<div class=\"badge-container absolute left top z-1\">\n<div class=\"badge callout badge-circle\">\r\n  \t\t\t<div class=\"badge-inner secondary on-sale\">\r\n  \t\t\t\t<span class=\"onsale\">-20%<\/span>\r\n\t\t\t<\/div>\r\n\t\t<\/div>\r\n\t\t<div class=\"badge callout badge-circle\">\r\n\t\t\t<div class=\"badge-inner callout-new-bg is-small new-bubble\">6 pcs<\/div>\r\n\t\t<\/div>\n<div class=\"badge callout badge-circle\"><div class=\"badge-inner callout-new-bg is-small new-bubble\">6 pcs<\/div><\/div><\/div>\n\t\t\t\t\t\t<div class=\"product-small box has-hover box-normal box-text-bottom\">\n\t\t\t\t\t\t\t<div class=\"box-image\" >\n\t\t\t\t\t\t\t\t<div class=\"\" >\n\t\t\t\t\t\t\t\t\t<a href=\"https:\/\/www.companhiaatlantica.pt\/de\/produto\/portugiesische-keramik\/keramik-teller\/breezy-essgeschirr-29cm-6-teilig\" aria-label=\"BREEZY Essteller - 6er-Set\">\n\t\t\t\t\t\t\t\t\t\t<img loading=\"lazy\" decoding=\"async\" width=\"600\" height=\"600\" src=\"https:\/\/www.companhiaatlantica.pt\/wp-content\/uploads\/2021\/03\/IMG_0495.jpg\" class=\"show-on-hover absolute fill hide-for-small back-image\" alt=\"Alternative view of BREEZY Essteller - 6er-Set\" aria-hidden=\"true\" srcset=\"https:\/\/www.companhiaatlantica.pt\/wp-content\/uploads\/2021\/03\/IMG_0495.jpg 600w, https:\/\/www.companhiaatlantica.pt\/wp-content\/uploads\/2021\/03\/IMG_0495-100x100.jpg 100w\" sizes=\"auto, (max-width: 600px) 100vw, 600px\" title=\"\"><img loading=\"lazy\" decoding=\"async\" width=\"600\" height=\"600\" src=\"https:\/\/www.companhiaatlantica.pt\/wp-content\/uploads\/2021\/03\/IMG_9106.jpg\" class=\"attachment-woocommerce_thumbnail size-woocommerce_thumbnail\" alt=\"BREEZY Essteller - 6er-Set\" srcset=\"https:\/\/www.companhiaatlantica.pt\/wp-content\/uploads\/2021\/03\/IMG_9106.jpg 600w, https:\/\/www.companhiaatlantica.pt\/wp-content\/uploads\/2021\/03\/IMG_9106-100x100.jpg 100w\" sizes=\"auto, (max-width: 600px) 100vw, 600px\" title=\"\">\t\t\t\t\t\t\t\t\t<\/a>\n\t\t\t\t\t\t\t\t\t\t\t\t\t\t\t\t\t\t \t\t\t\t\t\t\t\t<\/div>\n\t\t\t\t\t\t\t\t<div class=\"image-tools top right show-on-hover\">\n\t\t\t\t\t\t\t\t\t\t\t<div class=\"wishlist-icon\">\n\t\t\t<button class=\"wishlist-button button is-outline circle icon\" aria-label=\"Wunschliste\">\n\t\t\t\t<i class=\"icon-heart\" aria-hidden=\"true\"><\/i>\t\t\t<\/button>\n\t\t\t<div class=\"wishlist-popup dark\">\n\t\t\t\t\n<div\n\tclass=\"yith-wcwl-add-to-wishlist add-to-wishlist-41667 yith-wcwl-add-to-wishlist--button_default-style wishlist-fragment on-first-load\"\n\tdata-fragment-ref=\"41667\"\n\tdata-fragment-options=\"{&quot;base_url&quot;:&quot;&quot;,&quot;product_id&quot;:41667,&quot;parent_product_id&quot;:0,&quot;product_type&quot;:&quot;variable&quot;,&quot;is_single&quot;:false,&quot;in_default_wishlist&quot;:false,&quot;show_view&quot;:false,&quot;browse_wishlist_text&quot;:&quot;Siehe Ihre Wunschliste!&quot;,&quot;already_in_wishslist_text&quot;:&quot;Dieses Produkt steht bereits auf Ihrem Wunschzettel!&quot;,&quot;product_added_text&quot;:&quot;Produto adicionado!&quot;,&quot;available_multi_wishlist&quot;:false,&quot;disable_wishlist&quot;:false,&quot;show_count&quot;:false,&quot;ajax_loading&quot;:false,&quot;loop_position&quot;:&quot;after_add_to_cart&quot;,&quot;item&quot;:&quot;add_to_wishlist&quot;}\"\n>\n\t\t\t\n\t\t\t<!-- ADD TO WISHLIST -->\n\t\t\t\n<div class=\"yith-wcwl-add-button\">\n\t\t<a\n\t\thref=\"?add_to_wishlist=41667&#038;_wpnonce=52d31225f0\"\n\t\tclass=\"add_to_wishlist single_add_to_wishlist alt button theme-button-style \"\n\t\tdata-product-id=\"41667\"\n\t\tdata-product-type=\"variable\"\n\t\tdata-original-product-id=\"0\"\n\t\tdata-title=\"Zu meiner Wunschliste hinzuf\u00fcgen\"\n\t\trel=\"nofollow\"\n\t>\n\t\t<svg id=\"yith-wcwl-icon-heart-outline\" class=\"yith-wcwl-icon-svg\" fill=\"none\" stroke-width=\"1.5\" stroke=\"currentColor\" viewBox=\"0 0 24 24\" xmlns=\"http:\/\/www.w3.org\/2000\/svg\">\n  <path stroke-linecap=\"round\" stroke-linejoin=\"round\" d=\"M21 8.25c0-2.485-2.099-4.5-4.688-4.5-1.935 0-3.597 1.126-4.312 2.733-.715-1.607-2.377-2.733-4.313-2.733C5.1 3.75 3 5.765 3 8.25c0 7.22 9 12 9 12s9-4.78 9-12Z\"><\/path>\n<\/svg>\t\t<span>Zu meiner Wunschliste hinzuf\u00fcgen<\/span>\n\t<\/a>\n<\/div>\n\n\t\t\t<!-- COUNT TEXT -->\n\t\t\t\n\t\t\t<\/div>\n\t\t\t<\/div>\n\t\t<\/div>\n\t\t\t\t\t\t\t\t\t\t<\/div>\n\t\t\t\t\t\t\t\t\t\t\t\t\t\t\t\t\t<div class=\"image-tools grid-tools text-center hide-for-small bottom hover-slide-in show-on-hover\">\n\t\t\t\t\t\t\t\t\t\t\t\t\t\t\t\t\t\t\t<\/div>\n\t\t\t\t\t\t\t\t\t\t\t\t\t\t\t\t\t\t\t\t\t\t\t<\/div>\n\n\t\t\t\t\t\t\t<div class=\"box-text text-center\" >\n\t\t\t\t\t\t\t\t<div class=\"title-wrapper\"><p class=\"name product-title woocommerce-loop-product__title\"><a href=\"https:\/\/www.companhiaatlantica.pt\/de\/produto\/portugiesische-keramik\/keramik-teller\/breezy-essgeschirr-29cm-6-teilig\" class=\"woocommerce-LoopProduct-link woocommerce-loop-product__link\">BREEZY Essteller &#8211; 6er-Set<\/a><\/p><\/div><div class=\"price-wrapper\">\n\t<span class=\"price\"><del aria-hidden=\"true\"><span class=\"woocommerce-Price-amount amount\"><bdi>132.00<span class=\"woocommerce-Price-currencySymbol\">&euro;<\/span><\/bdi><\/span><\/del> <span class=\"screen-reader-text\">Urspr\u00fcnglicher Preis war: 132.00&euro;<\/span><ins aria-hidden=\"true\"><span class=\"woocommerce-Price-amount amount\"><bdi>105.00<span class=\"woocommerce-Price-currencySymbol\">&euro;<\/span><\/bdi><\/span><\/ins><span class=\"screen-reader-text\">Aktueller Preis ist: 105.00&euro;.<\/span><\/span>\n<\/div><div class=\"add-to-cart-button\"><a href=\"https:\/\/www.companhiaatlantica.pt\/de\/produto\/portugiesische-keramik\/keramik-teller\/breezy-essgeschirr-29cm-6-teilig\" aria-describedby=\"woocommerce_loop_add_to_cart_link_describedby_41667\" data-quantity=\"1\" class=\"primary is-small mb-0 button product_type_variable add_to_cart_button is-outline\" data-product_id=\"41667\" data-product_sku=\"\" aria-label=\"W\u00e4hle Optionen f\u00fcr \u201eBREEZY Essteller - 6er-Set\u201c\" rel=\"nofollow\" data-product_name=\"BREEZY Essteller - 6er-Set\" data-product_image=\"https:\/\/www.companhiaatlantica.pt\/wp-content\/uploads\/2021\/03\/IMG_9106.jpg\">Ausf\u00fchrung w\u00e4hlen<\/a><\/div>\t<span id=\"woocommerce_loop_add_to_cart_link_describedby_41667\" class=\"screen-reader-text\">\n\t\tDieses Produkt weist mehrere Varianten auf. Die Optionen k\u00f6nnen auf der Produktseite gew\u00e4hlt werden\t<\/span>\n\t\t\t\t\t\t\t<\/div>\n\t\t\t\t\t\t<\/div>\n\t\t\t\t\t\t<\/div>\n\t\t\t\t\t<\/div><div class=\"col\" >\n\t\t\t\t\t\t<div class=\"col-inner\">\n\t\t\t\t\t\t\n<div class=\"badge-container absolute left top z-1\">\n<div class=\"badge callout badge-circle\">\r\n  \t\t\t<div class=\"badge-inner secondary on-sale\">\r\n  \t\t\t\t<span class=\"onsale\">-19%<\/span>\r\n\t\t\t<\/div>\r\n\t\t<\/div>\r\n\t\t<div class=\"badge callout badge-circle\">\r\n\t\t\t<div class=\"badge-inner callout-new-bg is-small new-bubble\">6 pcs<\/div>\r\n\t\t<\/div>\n<div class=\"badge callout badge-circle\"><div class=\"badge-inner callout-new-bg is-small new-bubble\">6 pcs<\/div><\/div><\/div>\n\t\t\t\t\t\t<div class=\"product-small box has-hover box-normal box-text-bottom\">\n\t\t\t\t\t\t\t<div class=\"box-image\" >\n\t\t\t\t\t\t\t\t<div class=\"\" >\n\t\t\t\t\t\t\t\t\t<a href=\"https:\/\/www.companhiaatlantica.pt\/de\/produto\/portugiesische-keramik\/keramik-teller\/breezy-dessertteller-6er-set\" aria-label=\"BREEZY Dessertteller - 6er-Set\">\n\t\t\t\t\t\t\t\t\t\t<img loading=\"lazy\" decoding=\"async\" width=\"600\" height=\"600\" src=\"https:\/\/www.companhiaatlantica.pt\/wp-content\/uploads\/2021\/03\/IMG_0495.jpg\" class=\"show-on-hover absolute fill hide-for-small back-image\" alt=\"Alternative view of BREEZY Dessertteller - 6er-Set\" aria-hidden=\"true\" srcset=\"https:\/\/www.companhiaatlantica.pt\/wp-content\/uploads\/2021\/03\/IMG_0495.jpg 600w, https:\/\/www.companhiaatlantica.pt\/wp-content\/uploads\/2021\/03\/IMG_0495-100x100.jpg 100w\" sizes=\"auto, (max-width: 600px) 100vw, 600px\" title=\"\"><img loading=\"lazy\" decoding=\"async\" width=\"600\" height=\"600\" src=\"https:\/\/www.companhiaatlantica.pt\/wp-content\/uploads\/2020\/11\/IMG_0487.jpg\" class=\"attachment-woocommerce_thumbnail size-woocommerce_thumbnail\" alt=\"BREEZY Dessertteller - 6er-Set\" srcset=\"https:\/\/www.companhiaatlantica.pt\/wp-content\/uploads\/2020\/11\/IMG_0487.jpg 600w, https:\/\/www.companhiaatlantica.pt\/wp-content\/uploads\/2020\/11\/IMG_0487-100x100.jpg 100w\" sizes=\"auto, (max-width: 600px) 100vw, 600px\" title=\"\">\t\t\t\t\t\t\t\t\t<\/a>\n\t\t\t\t\t\t\t\t\t\t\t\t\t\t\t\t\t\t \t\t\t\t\t\t\t\t<\/div>\n\t\t\t\t\t\t\t\t<div class=\"image-tools top right show-on-hover\">\n\t\t\t\t\t\t\t\t\t\t\t<div class=\"wishlist-icon\">\n\t\t\t<button class=\"wishlist-button button is-outline circle icon\" aria-label=\"Wunschliste\">\n\t\t\t\t<i class=\"icon-heart\" aria-hidden=\"true\"><\/i>\t\t\t<\/button>\n\t\t\t<div class=\"wishlist-popup dark\">\n\t\t\t\t\n<div\n\tclass=\"yith-wcwl-add-to-wishlist add-to-wishlist-41677 yith-wcwl-add-to-wishlist--button_default-style wishlist-fragment on-first-load\"\n\tdata-fragment-ref=\"41677\"\n\tdata-fragment-options=\"{&quot;base_url&quot;:&quot;&quot;,&quot;product_id&quot;:41677,&quot;parent_product_id&quot;:0,&quot;product_type&quot;:&quot;variable&quot;,&quot;is_single&quot;:false,&quot;in_default_wishlist&quot;:false,&quot;show_view&quot;:false,&quot;browse_wishlist_text&quot;:&quot;Siehe Ihre Wunschliste!&quot;,&quot;already_in_wishslist_text&quot;:&quot;Dieses Produkt steht bereits auf Ihrem Wunschzettel!&quot;,&quot;product_added_text&quot;:&quot;Produto adicionado!&quot;,&quot;available_multi_wishlist&quot;:false,&quot;disable_wishlist&quot;:false,&quot;show_count&quot;:false,&quot;ajax_loading&quot;:false,&quot;loop_position&quot;:&quot;after_add_to_cart&quot;,&quot;item&quot;:&quot;add_to_wishlist&quot;}\"\n>\n\t\t\t\n\t\t\t<!-- ADD TO WISHLIST -->\n\t\t\t\n<div class=\"yith-wcwl-add-button\">\n\t\t<a\n\t\thref=\"?add_to_wishlist=41677&#038;_wpnonce=52d31225f0\"\n\t\tclass=\"add_to_wishlist single_add_to_wishlist alt button theme-button-style \"\n\t\tdata-product-id=\"41677\"\n\t\tdata-product-type=\"variable\"\n\t\tdata-original-product-id=\"0\"\n\t\tdata-title=\"Zu meiner Wunschliste hinzuf\u00fcgen\"\n\t\trel=\"nofollow\"\n\t>\n\t\t<svg id=\"yith-wcwl-icon-heart-outline\" class=\"yith-wcwl-icon-svg\" fill=\"none\" stroke-width=\"1.5\" stroke=\"currentColor\" viewBox=\"0 0 24 24\" xmlns=\"http:\/\/www.w3.org\/2000\/svg\">\n  <path stroke-linecap=\"round\" stroke-linejoin=\"round\" d=\"M21 8.25c0-2.485-2.099-4.5-4.688-4.5-1.935 0-3.597 1.126-4.312 2.733-.715-1.607-2.377-2.733-4.313-2.733C5.1 3.75 3 5.765 3 8.25c0 7.22 9 12 9 12s9-4.78 9-12Z\"><\/path>\n<\/svg>\t\t<span>Zu meiner Wunschliste hinzuf\u00fcgen<\/span>\n\t<\/a>\n<\/div>\n\n\t\t\t<!-- COUNT TEXT -->\n\t\t\t\n\t\t\t<\/div>\n\t\t\t<\/div>\n\t\t<\/div>\n\t\t\t\t\t\t\t\t\t\t<\/div>\n\t\t\t\t\t\t\t\t\t\t\t\t\t\t\t\t\t<div class=\"image-tools grid-tools text-center hide-for-small bottom hover-slide-in show-on-hover\">\n\t\t\t\t\t\t\t\t\t\t\t\t\t\t\t\t\t\t\t<\/div>\n\t\t\t\t\t\t\t\t\t\t\t\t\t\t\t\t\t\t\t\t\t\t\t<\/div>\n\n\t\t\t\t\t\t\t<div class=\"box-text text-center\" >\n\t\t\t\t\t\t\t\t<div class=\"title-wrapper\"><p class=\"name product-title woocommerce-loop-product__title\"><a href=\"https:\/\/www.companhiaatlantica.pt\/de\/produto\/portugiesische-keramik\/keramik-teller\/breezy-dessertteller-6er-set\" class=\"woocommerce-LoopProduct-link woocommerce-loop-product__link\">BREEZY Dessertteller &#8211; 6er-Set<\/a><\/p><\/div><div class=\"price-wrapper\">\n\t<span class=\"price\"><del aria-hidden=\"true\"><span class=\"woocommerce-Price-amount amount\"><bdi>108.00<span class=\"woocommerce-Price-currencySymbol\">&euro;<\/span><\/bdi><\/span><\/del> <span class=\"screen-reader-text\">Urspr\u00fcnglicher Preis war: 108.00&euro;<\/span><ins aria-hidden=\"true\"><span class=\"woocommerce-Price-amount amount\"><bdi>87.00<span class=\"woocommerce-Price-currencySymbol\">&euro;<\/span><\/bdi><\/span><\/ins><span class=\"screen-reader-text\">Aktueller Preis ist: 87.00&euro;.<\/span><\/span>\n<\/div><div class=\"add-to-cart-button\"><a href=\"https:\/\/www.companhiaatlantica.pt\/de\/produto\/portugiesische-keramik\/keramik-teller\/breezy-dessertteller-6er-set\" aria-describedby=\"woocommerce_loop_add_to_cart_link_describedby_41677\" data-quantity=\"1\" class=\"primary is-small mb-0 button product_type_variable add_to_cart_button is-outline\" data-product_id=\"41677\" data-product_sku=\"\" aria-label=\"W\u00e4hle Optionen f\u00fcr \u201eBREEZY Dessertteller - 6er-Set\u201c\" rel=\"nofollow\" data-product_name=\"BREEZY Dessertteller - 6er-Set\" data-product_image=\"https:\/\/www.companhiaatlantica.pt\/wp-content\/uploads\/2020\/11\/IMG_0487.jpg\">Ausf\u00fchrung w\u00e4hlen<\/a><\/div>\t<span id=\"woocommerce_loop_add_to_cart_link_describedby_41677\" class=\"screen-reader-text\">\n\t\tDieses Produkt weist mehrere Varianten auf. Die Optionen k\u00f6nnen auf der Produktseite gew\u00e4hlt werden\t<\/span>\n\t\t\t\t\t\t\t<\/div>\n\t\t\t\t\t\t<\/div>\n\t\t\t\t\t\t<\/div>\n\t\t\t\t\t<\/div><div class=\"col\" >\n\t\t\t\t\t\t<div class=\"col-inner\">\n\t\t\t\t\t\t\n<div class=\"badge-container absolute left top z-1\">\n<div class=\"badge callout badge-circle\">\r\n  \t\t\t<div class=\"badge-inner secondary on-sale\">\r\n  \t\t\t\t<span class=\"onsale\">-25%<\/span>\r\n\t\t\t<\/div>\r\n\t\t<\/div>\r\n\t\t<div class=\"badge callout badge-circle\">\r\n\t\t\t<div class=\"badge-inner callout-new-bg is-small new-bubble\">6 pcs<\/div>\r\n\t\t<\/div>\n<div class=\"badge callout badge-circle\"><div class=\"badge-inner callout-new-bg is-small new-bubble\">6 pcs<\/div><\/div><\/div>\n\t\t\t\t\t\t<div class=\"product-small box has-hover box-normal box-text-bottom\">\n\t\t\t\t\t\t\t<div class=\"box-image\" >\n\t\t\t\t\t\t\t\t<div class=\"\" >\n\t\t\t\t\t\t\t\t\t<a href=\"https:\/\/www.companhiaatlantica.pt\/de\/produto\/portugiesische-keramik\/keramik-schussel\/schuessel-16cm-breezy-6er-set\" aria-label=\"Sch\u00fcssel 16cm BREEZY - 6er Set\">\n\t\t\t\t\t\t\t\t\t\t<img loading=\"lazy\" decoding=\"async\" width=\"600\" height=\"600\" src=\"https:\/\/www.companhiaatlantica.pt\/wp-content\/uploads\/2020\/11\/IMG_0106.jpg\" class=\"show-on-hover absolute fill hide-for-small back-image\" alt=\"Alternative view of Sch\u00fcssel 16cm BREEZY - 6er Set\" aria-hidden=\"true\" srcset=\"https:\/\/www.companhiaatlantica.pt\/wp-content\/uploads\/2020\/11\/IMG_0106.jpg 600w, https:\/\/www.companhiaatlantica.pt\/wp-content\/uploads\/2020\/11\/IMG_0106-100x100.jpg 100w\" sizes=\"auto, (max-width: 600px) 100vw, 600px\" title=\"\"><img loading=\"lazy\" decoding=\"async\" width=\"600\" height=\"600\" src=\"https:\/\/www.companhiaatlantica.pt\/wp-content\/uploads\/2020\/06\/IMG_0276.jpg\" class=\"attachment-woocommerce_thumbnail size-woocommerce_thumbnail\" alt=\"Sch\u00fcssel 16cm BREEZY - 6er Set\" srcset=\"https:\/\/www.companhiaatlantica.pt\/wp-content\/uploads\/2020\/06\/IMG_0276.jpg 600w, https:\/\/www.companhiaatlantica.pt\/wp-content\/uploads\/2020\/06\/IMG_0276-100x100.jpg 100w\" sizes=\"auto, (max-width: 600px) 100vw, 600px\" title=\"\">\t\t\t\t\t\t\t\t\t<\/a>\n\t\t\t\t\t\t\t\t\t\t\t\t\t\t\t\t\t\t \t\t\t\t\t\t\t\t<\/div>\n\t\t\t\t\t\t\t\t<div class=\"image-tools top right show-on-hover\">\n\t\t\t\t\t\t\t\t\t\t\t<div class=\"wishlist-icon\">\n\t\t\t<button class=\"wishlist-button button is-outline circle icon\" aria-label=\"Wunschliste\">\n\t\t\t\t<i class=\"icon-heart\" aria-hidden=\"true\"><\/i>\t\t\t<\/button>\n\t\t\t<div class=\"wishlist-popup dark\">\n\t\t\t\t\n<div\n\tclass=\"yith-wcwl-add-to-wishlist add-to-wishlist-41902 yith-wcwl-add-to-wishlist--button_default-style wishlist-fragment on-first-load\"\n\tdata-fragment-ref=\"41902\"\n\tdata-fragment-options=\"{&quot;base_url&quot;:&quot;&quot;,&quot;product_id&quot;:41902,&quot;parent_product_id&quot;:0,&quot;product_type&quot;:&quot;variable&quot;,&quot;is_single&quot;:false,&quot;in_default_wishlist&quot;:false,&quot;show_view&quot;:false,&quot;browse_wishlist_text&quot;:&quot;Siehe Ihre Wunschliste!&quot;,&quot;already_in_wishslist_text&quot;:&quot;Dieses Produkt steht bereits auf Ihrem Wunschzettel!&quot;,&quot;product_added_text&quot;:&quot;Produto adicionado!&quot;,&quot;available_multi_wishlist&quot;:false,&quot;disable_wishlist&quot;:false,&quot;show_count&quot;:false,&quot;ajax_loading&quot;:false,&quot;loop_position&quot;:&quot;after_add_to_cart&quot;,&quot;item&quot;:&quot;add_to_wishlist&quot;}\"\n>\n\t\t\t\n\t\t\t<!-- ADD TO WISHLIST -->\n\t\t\t\n<div class=\"yith-wcwl-add-button\">\n\t\t<a\n\t\thref=\"?add_to_wishlist=41902&#038;_wpnonce=52d31225f0\"\n\t\tclass=\"add_to_wishlist single_add_to_wishlist alt button theme-button-style \"\n\t\tdata-product-id=\"41902\"\n\t\tdata-product-type=\"variable\"\n\t\tdata-original-product-id=\"0\"\n\t\tdata-title=\"Zu meiner Wunschliste hinzuf\u00fcgen\"\n\t\trel=\"nofollow\"\n\t>\n\t\t<svg id=\"yith-wcwl-icon-heart-outline\" class=\"yith-wcwl-icon-svg\" fill=\"none\" stroke-width=\"1.5\" stroke=\"currentColor\" viewBox=\"0 0 24 24\" xmlns=\"http:\/\/www.w3.org\/2000\/svg\">\n  <path stroke-linecap=\"round\" stroke-linejoin=\"round\" d=\"M21 8.25c0-2.485-2.099-4.5-4.688-4.5-1.935 0-3.597 1.126-4.312 2.733-.715-1.607-2.377-2.733-4.313-2.733C5.1 3.75 3 5.765 3 8.25c0 7.22 9 12 9 12s9-4.78 9-12Z\"><\/path>\n<\/svg>\t\t<span>Zu meiner Wunschliste hinzuf\u00fcgen<\/span>\n\t<\/a>\n<\/div>\n\n\t\t\t<!-- COUNT TEXT -->\n\t\t\t\n\t\t\t<\/div>\n\t\t\t<\/div>\n\t\t<\/div>\n\t\t\t\t\t\t\t\t\t\t<\/div>\n\t\t\t\t\t\t\t\t\t\t\t\t\t\t\t\t\t<div class=\"image-tools grid-tools text-center hide-for-small bottom hover-slide-in show-on-hover\">\n\t\t\t\t\t\t\t\t\t\t\t\t\t\t\t\t\t\t\t<\/div>\n\t\t\t\t\t\t\t\t\t\t\t\t\t\t\t\t\t\t\t\t\t\t\t<\/div>\n\n\t\t\t\t\t\t\t<div class=\"box-text text-center\" >\n\t\t\t\t\t\t\t\t<div class=\"title-wrapper\"><p class=\"name product-title woocommerce-loop-product__title\"><a href=\"https:\/\/www.companhiaatlantica.pt\/de\/produto\/portugiesische-keramik\/keramik-schussel\/schuessel-16cm-breezy-6er-set\" class=\"woocommerce-LoopProduct-link woocommerce-loop-product__link\">Sch\u00fcssel 16cm BREEZY &#8211; 6er Set<\/a><\/p><\/div><div class=\"price-wrapper\">\n\t<span class=\"price\"><span class=\"woocommerce-Price-amount amount\" aria-hidden=\"true\"><bdi>81.00<span class=\"woocommerce-Price-currencySymbol\">&euro;<\/span><\/bdi><\/span> <span aria-hidden=\"true\"> \u2013 <\/span> <span class=\"woocommerce-Price-amount amount\" aria-hidden=\"true\"><bdi>87.00<span class=\"woocommerce-Price-currencySymbol\">&euro;<\/span><\/bdi><\/span><span class=\"screen-reader-text\">Preisspanne: 81.00&euro; bis 87.00&euro;<\/span><\/span>\n<\/div><div class=\"add-to-cart-button\"><a href=\"https:\/\/www.companhiaatlantica.pt\/de\/produto\/portugiesische-keramik\/keramik-schussel\/schuessel-16cm-breezy-6er-set\" aria-describedby=\"woocommerce_loop_add_to_cart_link_describedby_41902\" data-quantity=\"1\" class=\"primary is-small mb-0 button product_type_variable add_to_cart_button is-outline\" data-product_id=\"41902\" data-product_sku=\"\" aria-label=\"W\u00e4hle Optionen f\u00fcr \u201eSch\u00fcssel 16cm BREEZY - 6er Set\u201c\" rel=\"nofollow\" data-product_name=\"Sch\u00fcssel 16cm BREEZY - 6er Set\" data-product_image=\"https:\/\/www.companhiaatlantica.pt\/wp-content\/uploads\/2020\/06\/IMG_0276.jpg\">Ausf\u00fchrung w\u00e4hlen<\/a><\/div>\t<span id=\"woocommerce_loop_add_to_cart_link_describedby_41902\" class=\"screen-reader-text\">\n\t\tDieses Produkt weist mehrere Varianten auf. Die Optionen k\u00f6nnen auf der Produktseite gew\u00e4hlt werden\t<\/span>\n\t\t\t\t\t\t\t<\/div>\n\t\t\t\t\t\t<\/div>\n\t\t\t\t\t\t<\/div>\n\t\t\t\t\t<\/div><div class=\"col\" >\n\t\t\t\t\t\t<div class=\"col-inner\">\n\t\t\t\t\t\t\n<div class=\"badge-container absolute left top z-1\">\n<div class=\"badge callout badge-circle\">\r\n  \t\t\t<div class=\"badge-inner secondary on-sale\">\r\n  \t\t\t\t<span class=\"onsale\">-21%<\/span>\r\n\t\t\t<\/div>\r\n\t\t<\/div>\r\n\t\t<div class=\"badge callout badge-circle\">\r\n\t\t\t<div class=\"badge-inner callout-new-bg is-small new-bubble\">6pcs<\/div>\r\n\t\t<\/div>\n<div class=\"badge callout badge-circle\"><div class=\"badge-inner callout-new-bg is-small new-bubble\">6pcs<\/div><\/div><\/div>\n\t\t\t\t\t\t<div class=\"product-small box has-hover box-normal box-text-bottom\">\n\t\t\t\t\t\t\t<div class=\"box-image\" >\n\t\t\t\t\t\t\t\t<div class=\"\" >\n\t\t\t\t\t\t\t\t\t<a href=\"https:\/\/www.companhiaatlantica.pt\/de\/produto\/portugiesische-keramik\/keramik-schussel\/breezy-tigela-11cm-6-teilig\" aria-label=\"Schale 10cm BREEZY - 6er Set\">\n\t\t\t\t\t\t\t\t\t\t<img loading=\"lazy\" decoding=\"async\" width=\"600\" height=\"600\" src=\"https:\/\/www.companhiaatlantica.pt\/wp-content\/uploads\/2021\/01\/IMG_8163.jpg\" class=\"show-on-hover absolute fill hide-for-small back-image\" alt=\"Alternative view of Schale 10cm BREEZY - 6er Set\" aria-hidden=\"true\" srcset=\"https:\/\/www.companhiaatlantica.pt\/wp-content\/uploads\/2021\/01\/IMG_8163.jpg 600w, https:\/\/www.companhiaatlantica.pt\/wp-content\/uploads\/2021\/01\/IMG_8163-100x100.jpg 100w\" sizes=\"auto, (max-width: 600px) 100vw, 600px\" title=\"\"><img loading=\"lazy\" decoding=\"async\" width=\"600\" height=\"600\" src=\"https:\/\/www.companhiaatlantica.pt\/wp-content\/uploads\/2021\/01\/IMG_0886.jpg\" class=\"attachment-woocommerce_thumbnail size-woocommerce_thumbnail\" alt=\"Schale 10cm BREEZY - 6er Set\" srcset=\"https:\/\/www.companhiaatlantica.pt\/wp-content\/uploads\/2021\/01\/IMG_0886.jpg 600w, https:\/\/www.companhiaatlantica.pt\/wp-content\/uploads\/2021\/01\/IMG_0886-100x100.jpg 100w\" sizes=\"auto, (max-width: 600px) 100vw, 600px\" title=\"\">\t\t\t\t\t\t\t\t\t<\/a>\n\t\t\t\t\t\t\t\t\t\t\t\t\t\t\t\t\t\t \t\t\t\t\t\t\t\t<\/div>\n\t\t\t\t\t\t\t\t<div class=\"image-tools top right show-on-hover\">\n\t\t\t\t\t\t\t\t\t\t\t<div class=\"wishlist-icon\">\n\t\t\t<button class=\"wishlist-button button is-outline circle icon\" aria-label=\"Wunschliste\">\n\t\t\t\t<i class=\"icon-heart\" aria-hidden=\"true\"><\/i>\t\t\t<\/button>\n\t\t\t<div class=\"wishlist-popup dark\">\n\t\t\t\t\n<div\n\tclass=\"yith-wcwl-add-to-wishlist add-to-wishlist-41851 yith-wcwl-add-to-wishlist--button_default-style wishlist-fragment on-first-load\"\n\tdata-fragment-ref=\"41851\"\n\tdata-fragment-options=\"{&quot;base_url&quot;:&quot;&quot;,&quot;product_id&quot;:41851,&quot;parent_product_id&quot;:0,&quot;product_type&quot;:&quot;variable&quot;,&quot;is_single&quot;:false,&quot;in_default_wishlist&quot;:false,&quot;show_view&quot;:false,&quot;browse_wishlist_text&quot;:&quot;Siehe Ihre Wunschliste!&quot;,&quot;already_in_wishslist_text&quot;:&quot;Dieses Produkt steht bereits auf Ihrem Wunschzettel!&quot;,&quot;product_added_text&quot;:&quot;Produto adicionado!&quot;,&quot;available_multi_wishlist&quot;:false,&quot;disable_wishlist&quot;:false,&quot;show_count&quot;:false,&quot;ajax_loading&quot;:false,&quot;loop_position&quot;:&quot;after_add_to_cart&quot;,&quot;item&quot;:&quot;add_to_wishlist&quot;}\"\n>\n\t\t\t\n\t\t\t<!-- ADD TO WISHLIST -->\n\t\t\t\n<div class=\"yith-wcwl-add-button\">\n\t\t<a\n\t\thref=\"?add_to_wishlist=41851&#038;_wpnonce=52d31225f0\"\n\t\tclass=\"add_to_wishlist single_add_to_wishlist alt button theme-button-style \"\n\t\tdata-product-id=\"41851\"\n\t\tdata-product-type=\"variable\"\n\t\tdata-original-product-id=\"0\"\n\t\tdata-title=\"Zu meiner Wunschliste hinzuf\u00fcgen\"\n\t\trel=\"nofollow\"\n\t>\n\t\t<svg id=\"yith-wcwl-icon-heart-outline\" class=\"yith-wcwl-icon-svg\" fill=\"none\" stroke-width=\"1.5\" stroke=\"currentColor\" viewBox=\"0 0 24 24\" xmlns=\"http:\/\/www.w3.org\/2000\/svg\">\n  <path stroke-linecap=\"round\" stroke-linejoin=\"round\" d=\"M21 8.25c0-2.485-2.099-4.5-4.688-4.5-1.935 0-3.597 1.126-4.312 2.733-.715-1.607-2.377-2.733-4.313-2.733C5.1 3.75 3 5.765 3 8.25c0 7.22 9 12 9 12s9-4.78 9-12Z\"><\/path>\n<\/svg>\t\t<span>Zu meiner Wunschliste hinzuf\u00fcgen<\/span>\n\t<\/a>\n<\/div>\n\n\t\t\t<!-- COUNT TEXT -->\n\t\t\t\n\t\t\t<\/div>\n\t\t\t<\/div>\n\t\t<\/div>\n\t\t\t\t\t\t\t\t\t\t<\/div>\n\t\t\t\t\t\t\t\t\t\t\t\t\t\t\t\t\t<div class=\"image-tools grid-tools text-center hide-for-small bottom hover-slide-in show-on-hover\">\n\t\t\t\t\t\t\t\t\t\t\t\t\t\t\t\t\t\t\t<\/div>\n\t\t\t\t\t\t\t\t\t\t\t\t\t\t\t\t\t\t\t\t\t\t\t<\/div>\n\n\t\t\t\t\t\t\t<div class=\"box-text text-center\" >\n\t\t\t\t\t\t\t\t<div class=\"title-wrapper\"><p class=\"name product-title woocommerce-loop-product__title\"><a href=\"https:\/\/www.companhiaatlantica.pt\/de\/produto\/portugiesische-keramik\/keramik-schussel\/breezy-tigela-11cm-6-teilig\" class=\"woocommerce-LoopProduct-link woocommerce-loop-product__link\">Schale 10cm BREEZY &#8211; 6er Set<\/a><\/p><\/div><div class=\"price-wrapper\">\n\t<span class=\"price\"><span class=\"woocommerce-Price-amount amount\"><bdi>42.90<span class=\"woocommerce-Price-currencySymbol\">&euro;<\/span><\/bdi><\/span><\/span>\n<\/div><div class=\"add-to-cart-button\"><a href=\"https:\/\/www.companhiaatlantica.pt\/de\/produto\/portugiesische-keramik\/keramik-schussel\/breezy-tigela-11cm-6-teilig\" aria-describedby=\"woocommerce_loop_add_to_cart_link_describedby_41851\" data-quantity=\"1\" class=\"primary is-small mb-0 button product_type_variable add_to_cart_button is-outline\" data-product_id=\"41851\" data-product_sku=\"\" aria-label=\"W\u00e4hle Optionen f\u00fcr \u201eSchale 10cm BREEZY - 6er Set\u201c\" rel=\"nofollow\" data-product_name=\"Schale 10cm BREEZY - 6er Set\" data-product_image=\"https:\/\/www.companhiaatlantica.pt\/wp-content\/uploads\/2021\/01\/IMG_0886.jpg\">Ausf\u00fchrung w\u00e4hlen<\/a><\/div>\t<span id=\"woocommerce_loop_add_to_cart_link_describedby_41851\" class=\"screen-reader-text\">\n\t\tDieses Produkt weist mehrere Varianten auf. Die Optionen k\u00f6nnen auf der Produktseite gew\u00e4hlt werden\t<\/span>\n\t\t\t\t\t\t\t<\/div>\n\t\t\t\t\t\t<\/div>\n\t\t\t\t\t\t<\/div>\n\t\t\t\t\t<\/div><div class=\"col\" >\n\t\t\t\t\t\t<div class=\"col-inner\">\n\t\t\t\t\t\t\n<div class=\"badge-container absolute left top z-1\">\n<div class=\"badge callout badge-circle\">\r\n  \t\t\t<div class=\"badge-inner secondary on-sale\">\r\n  \t\t\t\t<span class=\"onsale\">-21%<\/span>\r\n\t\t\t<\/div>\r\n\t\t<\/div>\r\n\t\t<div class=\"badge callout badge-circle\">\r\n\t\t\t<div class=\"badge-inner callout-new-bg is-small new-bubble\">6 pcs<\/div>\r\n\t\t<\/div>\n<div class=\"badge callout badge-circle\"><div class=\"badge-inner callout-new-bg is-small new-bubble\">6 pcs<\/div><\/div><\/div>\n\t\t\t\t\t\t<div class=\"product-small box has-hover box-normal box-text-bottom\">\n\t\t\t\t\t\t\t<div class=\"box-image\" >\n\t\t\t\t\t\t\t\t<div class=\"\" >\n\t\t\t\t\t\t\t\t\t<a href=\"https:\/\/www.companhiaatlantica.pt\/de\/produto\/portugiesische-keramik\/keramik-teller\/tellerhalter-boden-22cm-6-teilig\" aria-label=\"COMPORTA Tiefer Teller - 6er-Satz\">\n\t\t\t\t\t\t\t\t\t\t<img loading=\"lazy\" decoding=\"async\" width=\"600\" height=\"600\" src=\"https:\/\/www.companhiaatlantica.pt\/wp-content\/uploads\/2020\/06\/IMG_1714.jpg\" class=\"show-on-hover absolute fill hide-for-small back-image\" alt=\"Alternative view of COMPORTA Tiefer Teller - 6er-Satz\" aria-hidden=\"true\" srcset=\"https:\/\/www.companhiaatlantica.pt\/wp-content\/uploads\/2020\/06\/IMG_1714.jpg 600w, https:\/\/www.companhiaatlantica.pt\/wp-content\/uploads\/2020\/06\/IMG_1714-100x100.jpg 100w\" sizes=\"auto, (max-width: 600px) 100vw, 600px\" title=\"\"><img loading=\"lazy\" decoding=\"async\" width=\"600\" height=\"600\" src=\"https:\/\/www.companhiaatlantica.pt\/wp-content\/uploads\/2020\/09\/IMG_2748.jpg\" class=\"attachment-woocommerce_thumbnail size-woocommerce_thumbnail\" alt=\"COMPORTA Tiefer Teller - 6er-Satz\" srcset=\"https:\/\/www.companhiaatlantica.pt\/wp-content\/uploads\/2020\/09\/IMG_2748.jpg 600w, https:\/\/www.companhiaatlantica.pt\/wp-content\/uploads\/2020\/09\/IMG_2748-100x100.jpg 100w\" sizes=\"auto, (max-width: 600px) 100vw, 600px\" title=\"\">\t\t\t\t\t\t\t\t\t<\/a>\n\t\t\t\t\t\t\t\t\t\t\t\t\t\t\t\t\t\t \t\t\t\t\t\t\t\t<\/div>\n\t\t\t\t\t\t\t\t<div class=\"image-tools top right show-on-hover\">\n\t\t\t\t\t\t\t\t\t\t\t<div class=\"wishlist-icon\">\n\t\t\t<button class=\"wishlist-button button is-outline circle icon\" aria-label=\"Wunschliste\">\n\t\t\t\t<i class=\"icon-heart\" aria-hidden=\"true\"><\/i>\t\t\t<\/button>\n\t\t\t<div class=\"wishlist-popup dark\">\n\t\t\t\t\n<div\n\tclass=\"yith-wcwl-add-to-wishlist add-to-wishlist-41870 yith-wcwl-add-to-wishlist--button_default-style wishlist-fragment on-first-load\"\n\tdata-fragment-ref=\"41870\"\n\tdata-fragment-options=\"{&quot;base_url&quot;:&quot;&quot;,&quot;product_id&quot;:41870,&quot;parent_product_id&quot;:0,&quot;product_type&quot;:&quot;variable&quot;,&quot;is_single&quot;:false,&quot;in_default_wishlist&quot;:false,&quot;show_view&quot;:false,&quot;browse_wishlist_text&quot;:&quot;Siehe Ihre Wunschliste!&quot;,&quot;already_in_wishslist_text&quot;:&quot;Dieses Produkt steht bereits auf Ihrem Wunschzettel!&quot;,&quot;product_added_text&quot;:&quot;Produto adicionado!&quot;,&quot;available_multi_wishlist&quot;:false,&quot;disable_wishlist&quot;:false,&quot;show_count&quot;:false,&quot;ajax_loading&quot;:false,&quot;loop_position&quot;:&quot;after_add_to_cart&quot;,&quot;item&quot;:&quot;add_to_wishlist&quot;}\"\n>\n\t\t\t\n\t\t\t<!-- ADD TO WISHLIST -->\n\t\t\t\n<div class=\"yith-wcwl-add-button\">\n\t\t<a\n\t\thref=\"?add_to_wishlist=41870&#038;_wpnonce=52d31225f0\"\n\t\tclass=\"add_to_wishlist single_add_to_wishlist alt button theme-button-style \"\n\t\tdata-product-id=\"41870\"\n\t\tdata-product-type=\"variable\"\n\t\tdata-original-product-id=\"0\"\n\t\tdata-title=\"Zu meiner Wunschliste hinzuf\u00fcgen\"\n\t\trel=\"nofollow\"\n\t>\n\t\t<svg id=\"yith-wcwl-icon-heart-outline\" class=\"yith-wcwl-icon-svg\" fill=\"none\" stroke-width=\"1.5\" stroke=\"currentColor\" viewBox=\"0 0 24 24\" xmlns=\"http:\/\/www.w3.org\/2000\/svg\">\n  <path stroke-linecap=\"round\" stroke-linejoin=\"round\" d=\"M21 8.25c0-2.485-2.099-4.5-4.688-4.5-1.935 0-3.597 1.126-4.312 2.733-.715-1.607-2.377-2.733-4.313-2.733C5.1 3.75 3 5.765 3 8.25c0 7.22 9 12 9 12s9-4.78 9-12Z\"><\/path>\n<\/svg>\t\t<span>Zu meiner Wunschliste hinzuf\u00fcgen<\/span>\n\t<\/a>\n<\/div>\n\n\t\t\t<!-- COUNT TEXT -->\n\t\t\t\n\t\t\t<\/div>\n\t\t\t<\/div>\n\t\t<\/div>\n\t\t\t\t\t\t\t\t\t\t<\/div>\n\t\t\t\t\t\t\t\t\t\t\t\t\t\t\t\t\t<div class=\"image-tools grid-tools text-center hide-for-small bottom hover-slide-in show-on-hover\">\n\t\t\t\t\t\t\t\t\t\t\t\t\t\t\t\t\t\t\t<\/div>\n\t\t\t\t\t\t\t\t\t\t\t\t\t\t\t\t\t\t\t\t\t\t\t<\/div>\n\n\t\t\t\t\t\t\t<div class=\"box-text text-center\" >\n\t\t\t\t\t\t\t\t<div class=\"title-wrapper\"><p class=\"name product-title woocommerce-loop-product__title\"><a href=\"https:\/\/www.companhiaatlantica.pt\/de\/produto\/portugiesische-keramik\/keramik-teller\/tellerhalter-boden-22cm-6-teilig\" class=\"woocommerce-LoopProduct-link woocommerce-loop-product__link\">COMPORTA Tiefer Teller &#8211; 6er-Satz<\/a><\/p><\/div><div class=\"price-wrapper\">\n\t<span class=\"price\"><del aria-hidden=\"true\"><span class=\"woocommerce-Price-amount amount\"><bdi>126.00<span class=\"woocommerce-Price-currencySymbol\">&euro;<\/span><\/bdi><\/span><\/del> <span class=\"screen-reader-text\">Urspr\u00fcnglicher Preis war: 126.00&euro;<\/span><ins aria-hidden=\"true\"><span class=\"woocommerce-Price-amount amount\"><bdi>100.00<span class=\"woocommerce-Price-currencySymbol\">&euro;<\/span><\/bdi><\/span><\/ins><span class=\"screen-reader-text\">Aktueller Preis ist: 100.00&euro;.<\/span><\/span>\n<\/div><div class=\"add-to-cart-button\"><a href=\"https:\/\/www.companhiaatlantica.pt\/de\/produto\/portugiesische-keramik\/keramik-teller\/tellerhalter-boden-22cm-6-teilig\" aria-describedby=\"woocommerce_loop_add_to_cart_link_describedby_41870\" data-quantity=\"1\" class=\"primary is-small mb-0 button product_type_variable add_to_cart_button is-outline\" data-product_id=\"41870\" data-product_sku=\"\" aria-label=\"W\u00e4hle Optionen f\u00fcr \u201eCOMPORTA Tiefer Teller - 6er-Satz\u201c\" rel=\"nofollow\" data-product_name=\"COMPORTA Tiefer Teller - 6er-Satz\" data-product_image=\"https:\/\/www.companhiaatlantica.pt\/wp-content\/uploads\/2020\/09\/IMG_2748.jpg\">Ausf\u00fchrung w\u00e4hlen<\/a><\/div>\t<span id=\"woocommerce_loop_add_to_cart_link_describedby_41870\" class=\"screen-reader-text\">\n\t\tDieses Produkt weist mehrere Varianten auf. Die Optionen k\u00f6nnen auf der Produktseite gew\u00e4hlt werden\t<\/span>\n\t\t\t\t\t\t\t<\/div>\n\t\t\t\t\t\t<\/div>\n\t\t\t\t\t\t<\/div>\n\t\t\t\t\t<\/div><div class=\"col\" >\n\t\t\t\t\t\t<div class=\"col-inner\">\n\t\t\t\t\t\t\n<div class=\"badge-container absolute left top z-1\">\n<div class=\"badge callout badge-circle\">\r\n  \t\t\t<div class=\"badge-inner secondary on-sale\">\r\n  \t\t\t\t<span class=\"onsale\">-16%<\/span>\r\n\t\t\t<\/div>\r\n\t\t<\/div>\r\n\t\t<div class=\"badge callout badge-circle\">\r\n\t\t\t<div class=\"badge-inner callout-new-bg is-small new-bubble\">6 pcs<\/div>\r\n\t\t<\/div>\n<div class=\"badge callout badge-circle\"><div class=\"badge-inner callout-new-bg is-small new-bubble\">6 pcs<\/div><\/div><\/div>\n\t\t\t\t\t\t<div class=\"product-small box has-hover box-normal box-text-bottom\">\n\t\t\t\t\t\t\t<div class=\"box-image\" >\n\t\t\t\t\t\t\t\t<div class=\"\" >\n\t\t\t\t\t\t\t\t\t<a href=\"https:\/\/www.companhiaatlantica.pt\/de\/produto\/portugiesische-keramik\/keramik-kaffeetassen\/melides-sweet-keramik-kaffeetasse-6er-set\" aria-label=\"MELIDES Sweet Keramik-Kaffeetasse - 6er-Set\">\n\t\t\t\t\t\t\t\t\t\t<img loading=\"lazy\" decoding=\"async\" width=\"700\" height=\"700\" src=\"https:\/\/www.companhiaatlantica.pt\/wp-content\/uploads\/2022\/06\/130-968_S3-700x700.jpg\" class=\"show-on-hover absolute fill hide-for-small back-image\" alt=\"Alternative view of MELIDES Sweet Keramik-Kaffeetasse - 6er-Set\" aria-hidden=\"true\" srcset=\"https:\/\/www.companhiaatlantica.pt\/wp-content\/uploads\/2022\/06\/130-968_S3-700x700.jpg 700w, https:\/\/www.companhiaatlantica.pt\/wp-content\/uploads\/2022\/06\/130-968_S3-100x100.jpg 100w, https:\/\/www.companhiaatlantica.pt\/wp-content\/uploads\/2022\/06\/130-968_S3-900x900.jpg 900w, https:\/\/www.companhiaatlantica.pt\/wp-content\/uploads\/2022\/06\/130-968_S3-300x300.jpg 300w, https:\/\/www.companhiaatlantica.pt\/wp-content\/uploads\/2022\/06\/130-968_S3-150x150.jpg 150w, https:\/\/www.companhiaatlantica.pt\/wp-content\/uploads\/2022\/06\/130-968_S3-768x768.jpg 768w, https:\/\/www.companhiaatlantica.pt\/wp-content\/uploads\/2022\/06\/130-968_S3-600x600.jpg 600w, https:\/\/www.companhiaatlantica.pt\/wp-content\/uploads\/2022\/06\/130-968_S3.jpg 1000w\" sizes=\"auto, (max-width: 700px) 100vw, 700px\" title=\"\"><img loading=\"lazy\" decoding=\"async\" width=\"600\" height=\"600\" src=\"https:\/\/www.companhiaatlantica.pt\/wp-content\/uploads\/2022\/06\/melides_sweet_multicolor_mood_1x1_web.jpg\" class=\"attachment-woocommerce_thumbnail size-woocommerce_thumbnail\" alt=\"MELIDES Sweet Keramik-Kaffeetasse - 6er-Set\" srcset=\"https:\/\/www.companhiaatlantica.pt\/wp-content\/uploads\/2022\/06\/melides_sweet_multicolor_mood_1x1_web.jpg 600w, https:\/\/www.companhiaatlantica.pt\/wp-content\/uploads\/2022\/06\/melides_sweet_multicolor_mood_1x1_web-100x100.jpg 100w\" sizes=\"auto, (max-width: 600px) 100vw, 600px\" title=\"\">\t\t\t\t\t\t\t\t\t<\/a>\n\t\t\t\t\t\t\t\t\t\t\t\t\t\t\t\t\t\t \t\t\t\t\t\t\t\t<\/div>\n\t\t\t\t\t\t\t\t<div class=\"image-tools top right show-on-hover\">\n\t\t\t\t\t\t\t\t\t\t\t<div class=\"wishlist-icon\">\n\t\t\t<button class=\"wishlist-button button is-outline circle icon\" aria-label=\"Wunschliste\">\n\t\t\t\t<i class=\"icon-heart\" aria-hidden=\"true\"><\/i>\t\t\t<\/button>\n\t\t\t<div class=\"wishlist-popup dark\">\n\t\t\t\t\n<div\n\tclass=\"yith-wcwl-add-to-wishlist add-to-wishlist-41124 yith-wcwl-add-to-wishlist--button_default-style wishlist-fragment on-first-load\"\n\tdata-fragment-ref=\"41124\"\n\tdata-fragment-options=\"{&quot;base_url&quot;:&quot;&quot;,&quot;product_id&quot;:41124,&quot;parent_product_id&quot;:0,&quot;product_type&quot;:&quot;variable&quot;,&quot;is_single&quot;:false,&quot;in_default_wishlist&quot;:false,&quot;show_view&quot;:false,&quot;browse_wishlist_text&quot;:&quot;Siehe Ihre Wunschliste!&quot;,&quot;already_in_wishslist_text&quot;:&quot;Dieses Produkt steht bereits auf Ihrem Wunschzettel!&quot;,&quot;product_added_text&quot;:&quot;Produto adicionado!&quot;,&quot;available_multi_wishlist&quot;:false,&quot;disable_wishlist&quot;:false,&quot;show_count&quot;:false,&quot;ajax_loading&quot;:false,&quot;loop_position&quot;:&quot;after_add_to_cart&quot;,&quot;item&quot;:&quot;add_to_wishlist&quot;}\"\n>\n\t\t\t\n\t\t\t<!-- ADD TO WISHLIST -->\n\t\t\t\n<div class=\"yith-wcwl-add-button\">\n\t\t<a\n\t\thref=\"?add_to_wishlist=41124&#038;_wpnonce=52d31225f0\"\n\t\tclass=\"add_to_wishlist single_add_to_wishlist alt button theme-button-style \"\n\t\tdata-product-id=\"41124\"\n\t\tdata-product-type=\"variable\"\n\t\tdata-original-product-id=\"0\"\n\t\tdata-title=\"Zu meiner Wunschliste hinzuf\u00fcgen\"\n\t\trel=\"nofollow\"\n\t>\n\t\t<svg id=\"yith-wcwl-icon-heart-outline\" class=\"yith-wcwl-icon-svg\" fill=\"none\" stroke-width=\"1.5\" stroke=\"currentColor\" viewBox=\"0 0 24 24\" xmlns=\"http:\/\/www.w3.org\/2000\/svg\">\n  <path stroke-linecap=\"round\" stroke-linejoin=\"round\" d=\"M21 8.25c0-2.485-2.099-4.5-4.688-4.5-1.935 0-3.597 1.126-4.312 2.733-.715-1.607-2.377-2.733-4.313-2.733C5.1 3.75 3 5.765 3 8.25c0 7.22 9 12 9 12s9-4.78 9-12Z\"><\/path>\n<\/svg>\t\t<span>Zu meiner Wunschliste hinzuf\u00fcgen<\/span>\n\t<\/a>\n<\/div>\n\n\t\t\t<!-- COUNT TEXT -->\n\t\t\t\n\t\t\t<\/div>\n\t\t\t<\/div>\n\t\t<\/div>\n\t\t\t\t\t\t\t\t\t\t<\/div>\n\t\t\t\t\t\t\t\t\t\t\t\t\t\t\t\t\t<div class=\"image-tools grid-tools text-center hide-for-small bottom hover-slide-in show-on-hover\">\n\t\t\t\t\t\t\t\t\t\t\t\t\t\t\t\t\t\t\t<\/div>\n\t\t\t\t\t\t\t\t\t\t\t\t\t\t\t\t\t\t\t\t\t\t\t<\/div>\n\n\t\t\t\t\t\t\t<div class=\"box-text text-center\" >\n\t\t\t\t\t\t\t\t<div class=\"title-wrapper\"><p class=\"name product-title woocommerce-loop-product__title\"><a href=\"https:\/\/www.companhiaatlantica.pt\/de\/produto\/portugiesische-keramik\/keramik-kaffeetassen\/melides-sweet-keramik-kaffeetasse-6er-set\" class=\"woocommerce-LoopProduct-link woocommerce-loop-product__link\">MELIDES Sweet Keramik-Kaffeetasse &#8211; 6er-Set<\/a><\/p><\/div><div class=\"price-wrapper\">\n\t<span class=\"price\"><del aria-hidden=\"true\"><span class=\"woocommerce-Price-amount amount\"><bdi>59.70<span class=\"woocommerce-Price-currencySymbol\">&euro;<\/span><\/bdi><\/span><\/del> <span class=\"screen-reader-text\">Urspr\u00fcnglicher Preis war: 59.70&euro;<\/span><ins aria-hidden=\"true\"><span class=\"woocommerce-Price-amount amount\"><bdi>49.90<span class=\"woocommerce-Price-currencySymbol\">&euro;<\/span><\/bdi><\/span><\/ins><span class=\"screen-reader-text\">Aktueller Preis ist: 49.90&euro;.<\/span><\/span>\n<\/div><div class=\"add-to-cart-button\"><a href=\"https:\/\/www.companhiaatlantica.pt\/de\/produto\/portugiesische-keramik\/keramik-kaffeetassen\/melides-sweet-keramik-kaffeetasse-6er-set\" aria-describedby=\"woocommerce_loop_add_to_cart_link_describedby_41124\" data-quantity=\"1\" class=\"primary is-small mb-0 button product_type_variable add_to_cart_button is-outline\" data-product_id=\"41124\" data-product_sku=\"\" aria-label=\"W\u00e4hle Optionen f\u00fcr \u201eMELIDES Sweet Keramik-Kaffeetasse - 6er-Set\u201c\" rel=\"nofollow\" data-product_name=\"MELIDES Sweet Keramik-Kaffeetasse - 6er-Set\" data-product_image=\"https:\/\/www.companhiaatlantica.pt\/wp-content\/uploads\/2022\/06\/melides_sweet_multicolor_mood_1x1_web.jpg\">Ausf\u00fchrung w\u00e4hlen<\/a><\/div>\t<span id=\"woocommerce_loop_add_to_cart_link_describedby_41124\" class=\"screen-reader-text\">\n\t\tDieses Produkt weist mehrere Varianten auf. Die Optionen k\u00f6nnen auf der Produktseite gew\u00e4hlt werden\t<\/span>\n\t\t\t\t\t\t\t<\/div>\n\t\t\t\t\t\t<\/div>\n\t\t\t\t\t\t<\/div>\n\t\t\t\t\t<\/div><div class=\"col\" >\n\t\t\t\t\t\t<div class=\"col-inner\">\n\t\t\t\t\t\t\n<div class=\"badge-container absolute left top z-1\">\n<div class=\"badge callout badge-circle\">\r\n  \t\t\t<div class=\"badge-inner secondary on-sale\">\r\n  \t\t\t\t<span class=\"onsale\">-25%<\/span>\r\n\t\t\t<\/div>\r\n\t\t<\/div>\r\n\t\t<div class=\"badge callout badge-circle\">\r\n\t\t\t<div class=\"badge-inner callout-new-bg is-small new-bubble\">6 pcs<\/div>\r\n\t\t<\/div>\n<div class=\"badge callout badge-circle\"><div class=\"badge-inner callout-new-bg is-small new-bubble\">6 pcs<\/div><\/div><\/div>\n\t\t\t\t\t\t<div class=\"product-small box has-hover box-normal box-text-bottom\">\n\t\t\t\t\t\t\t<div class=\"box-image\" >\n\t\t\t\t\t\t\t\t<div class=\"\" >\n\t\t\t\t\t\t\t\t\t<a href=\"https:\/\/www.companhiaatlantica.pt\/de\/produto\/portugiesische-keramik\/keramiktasse\/breezy-kaffeebecher-6er-set\" aria-label=\"BREEZY Kaffeebecher - 6er Set\">\n\t\t\t\t\t\t\t\t\t\t<img loading=\"lazy\" decoding=\"async\" width=\"600\" height=\"600\" src=\"https:\/\/www.companhiaatlantica.pt\/wp-content\/uploads\/2020\/06\/IMG_0161.jpg\" class=\"show-on-hover absolute fill hide-for-small back-image\" alt=\"Alternative view of BREEZY Kaffeebecher - 6er Set\" aria-hidden=\"true\" srcset=\"https:\/\/www.companhiaatlantica.pt\/wp-content\/uploads\/2020\/06\/IMG_0161.jpg 600w, https:\/\/www.companhiaatlantica.pt\/wp-content\/uploads\/2020\/06\/IMG_0161-100x100.jpg 100w\" sizes=\"auto, (max-width: 600px) 100vw, 600px\" title=\"\"><img loading=\"lazy\" decoding=\"async\" width=\"600\" height=\"600\" src=\"https:\/\/www.companhiaatlantica.pt\/wp-content\/uploads\/2021\/03\/IMG_9143.jpg\" class=\"attachment-woocommerce_thumbnail size-woocommerce_thumbnail\" alt=\"BREEZY Kaffeebecher - 6er Set\" srcset=\"https:\/\/www.companhiaatlantica.pt\/wp-content\/uploads\/2021\/03\/IMG_9143.jpg 600w, https:\/\/www.companhiaatlantica.pt\/wp-content\/uploads\/2021\/03\/IMG_9143-100x100.jpg 100w\" sizes=\"auto, (max-width: 600px) 100vw, 600px\" title=\"\">\t\t\t\t\t\t\t\t\t<\/a>\n\t\t\t\t\t\t\t\t\t\t\t\t\t\t\t\t\t\t \t\t\t\t\t\t\t\t<\/div>\n\t\t\t\t\t\t\t\t<div class=\"image-tools top right show-on-hover\">\n\t\t\t\t\t\t\t\t\t\t\t<div class=\"wishlist-icon\">\n\t\t\t<button class=\"wishlist-button button is-outline circle icon\" aria-label=\"Wunschliste\">\n\t\t\t\t<i class=\"icon-heart\" aria-hidden=\"true\"><\/i>\t\t\t<\/button>\n\t\t\t<div class=\"wishlist-popup dark\">\n\t\t\t\t\n<div\n\tclass=\"yith-wcwl-add-to-wishlist add-to-wishlist-41604 yith-wcwl-add-to-wishlist--button_default-style wishlist-fragment on-first-load\"\n\tdata-fragment-ref=\"41604\"\n\tdata-fragment-options=\"{&quot;base_url&quot;:&quot;&quot;,&quot;product_id&quot;:41604,&quot;parent_product_id&quot;:0,&quot;product_type&quot;:&quot;variable&quot;,&quot;is_single&quot;:false,&quot;in_default_wishlist&quot;:false,&quot;show_view&quot;:false,&quot;browse_wishlist_text&quot;:&quot;Siehe Ihre Wunschliste!&quot;,&quot;already_in_wishslist_text&quot;:&quot;Dieses Produkt steht bereits auf Ihrem Wunschzettel!&quot;,&quot;product_added_text&quot;:&quot;Produto adicionado!&quot;,&quot;available_multi_wishlist&quot;:false,&quot;disable_wishlist&quot;:false,&quot;show_count&quot;:false,&quot;ajax_loading&quot;:false,&quot;loop_position&quot;:&quot;after_add_to_cart&quot;,&quot;item&quot;:&quot;add_to_wishlist&quot;}\"\n>\n\t\t\t\n\t\t\t<!-- ADD TO WISHLIST -->\n\t\t\t\n<div class=\"yith-wcwl-add-button\">\n\t\t<a\n\t\thref=\"?add_to_wishlist=41604&#038;_wpnonce=52d31225f0\"\n\t\tclass=\"add_to_wishlist single_add_to_wishlist alt button theme-button-style \"\n\t\tdata-product-id=\"41604\"\n\t\tdata-product-type=\"variable\"\n\t\tdata-original-product-id=\"0\"\n\t\tdata-title=\"Zu meiner Wunschliste hinzuf\u00fcgen\"\n\t\trel=\"nofollow\"\n\t>\n\t\t<svg id=\"yith-wcwl-icon-heart-outline\" class=\"yith-wcwl-icon-svg\" fill=\"none\" stroke-width=\"1.5\" stroke=\"currentColor\" viewBox=\"0 0 24 24\" xmlns=\"http:\/\/www.w3.org\/2000\/svg\">\n  <path stroke-linecap=\"round\" stroke-linejoin=\"round\" d=\"M21 8.25c0-2.485-2.099-4.5-4.688-4.5-1.935 0-3.597 1.126-4.312 2.733-.715-1.607-2.377-2.733-4.313-2.733C5.1 3.75 3 5.765 3 8.25c0 7.22 9 12 9 12s9-4.78 9-12Z\"><\/path>\n<\/svg>\t\t<span>Zu meiner Wunschliste hinzuf\u00fcgen<\/span>\n\t<\/a>\n<\/div>\n\n\t\t\t<!-- COUNT TEXT -->\n\t\t\t\n\t\t\t<\/div>\n\t\t\t<\/div>\n\t\t<\/div>\n\t\t\t\t\t\t\t\t\t\t<\/div>\n\t\t\t\t\t\t\t\t\t\t\t\t\t\t\t\t\t<div class=\"image-tools grid-tools text-center hide-for-small bottom hover-slide-in show-on-hover\">\n\t\t\t\t\t\t\t\t\t\t\t\t\t\t\t\t\t\t\t<\/div>\n\t\t\t\t\t\t\t\t\t\t\t\t\t\t\t\t\t\t\t\t\t\t\t<\/div>\n\n\t\t\t\t\t\t\t<div class=\"box-text text-center\" >\n\t\t\t\t\t\t\t\t<div class=\"title-wrapper\"><p class=\"name product-title woocommerce-loop-product__title\"><a href=\"https:\/\/www.companhiaatlantica.pt\/de\/produto\/portugiesische-keramik\/keramiktasse\/breezy-kaffeebecher-6er-set\" class=\"woocommerce-LoopProduct-link woocommerce-loop-product__link\">BREEZY Kaffeebecher &#8211; 6er Set<\/a><\/p><\/div><div class=\"price-wrapper\">\n\t<span class=\"price\"><span class=\"woocommerce-Price-amount amount\" aria-hidden=\"true\"><bdi>81.00<span class=\"woocommerce-Price-currencySymbol\">&euro;<\/span><\/bdi><\/span> <span aria-hidden=\"true\"> \u2013 <\/span> <span class=\"woocommerce-Price-amount amount\" aria-hidden=\"true\"><bdi>87.00<span class=\"woocommerce-Price-currencySymbol\">&euro;<\/span><\/bdi><\/span><span class=\"screen-reader-text\">Preisspanne: 81.00&euro; bis 87.00&euro;<\/span><\/span>\n<\/div><div class=\"add-to-cart-button\"><a href=\"https:\/\/www.companhiaatlantica.pt\/de\/produto\/portugiesische-keramik\/keramiktasse\/breezy-kaffeebecher-6er-set\" aria-describedby=\"woocommerce_loop_add_to_cart_link_describedby_41604\" data-quantity=\"1\" class=\"primary is-small mb-0 button product_type_variable add_to_cart_button is-outline\" data-product_id=\"41604\" data-product_sku=\"\" aria-label=\"W\u00e4hle Optionen f\u00fcr \u201eBREEZY Kaffeebecher - 6er Set\u201c\" rel=\"nofollow\" data-product_name=\"BREEZY Kaffeebecher - 6er Set\" data-product_image=\"https:\/\/www.companhiaatlantica.pt\/wp-content\/uploads\/2021\/03\/IMG_9143.jpg\">Ausf\u00fchrung w\u00e4hlen<\/a><\/div>\t<span id=\"woocommerce_loop_add_to_cart_link_describedby_41604\" class=\"screen-reader-text\">\n\t\tDieses Produkt weist mehrere Varianten auf. Die Optionen k\u00f6nnen auf der Produktseite gew\u00e4hlt werden\t<\/span>\n\t\t\t\t\t\t\t<\/div>\n\t\t\t\t\t\t<\/div>\n\t\t\t\t\t\t<\/div>\n\t\t\t\t\t<\/div><div class=\"col\" >\n\t\t\t\t\t\t<div class=\"col-inner\">\n\t\t\t\t\t\t\n<div class=\"badge-container absolute left top z-1\">\n<div class=\"badge callout badge-circle\">\r\n  \t\t\t<div class=\"badge-inner secondary on-sale\">\r\n  \t\t\t\t<span class=\"onsale\">-28%<\/span>\r\n\t\t\t<\/div>\r\n\t\t<\/div>\r\n\t\t<div class=\"badge callout badge-circle\">\r\n\t\t\t<div class=\"badge-inner callout-new-bg is-small new-bubble\">6 pcs<\/div>\r\n\t\t<\/div>\n<div class=\"badge callout badge-circle\"><div class=\"badge-inner callout-new-bg is-small new-bubble\">6 pcs<\/div><\/div><\/div>\n\t\t\t\t\t\t<div class=\"product-small box has-hover box-normal box-text-bottom\">\n\t\t\t\t\t\t\t<div class=\"box-image\" >\n\t\t\t\t\t\t\t\t<div class=\"\" >\n\t\t\t\t\t\t\t\t\t<a href=\"https:\/\/www.companhiaatlantica.pt\/de\/produto\/portugiesische-keramik\/keramik-teller\/esstellerhalter-30cm-6-teilig\" aria-label=\"COMPORTA Speiseteller - 6er-Set\">\n\t\t\t\t\t\t\t\t\t\t<img loading=\"lazy\" decoding=\"async\" width=\"600\" height=\"600\" src=\"https:\/\/www.companhiaatlantica.pt\/wp-content\/uploads\/2020\/06\/IMG_2464.jpg\" class=\"show-on-hover absolute fill hide-for-small back-image\" alt=\"Alternative view of COMPORTA Speiseteller - 6er-Set\" aria-hidden=\"true\" srcset=\"https:\/\/www.companhiaatlantica.pt\/wp-content\/uploads\/2020\/06\/IMG_2464.jpg 600w, https:\/\/www.companhiaatlantica.pt\/wp-content\/uploads\/2020\/06\/IMG_2464-100x100.jpg 100w\" sizes=\"auto, (max-width: 600px) 100vw, 600px\" title=\"\"><img loading=\"lazy\" decoding=\"async\" width=\"600\" height=\"600\" src=\"https:\/\/www.companhiaatlantica.pt\/wp-content\/uploads\/2020\/09\/IMG_2665.jpg\" class=\"attachment-woocommerce_thumbnail size-woocommerce_thumbnail\" alt=\"COMPORTA Speiseteller - 6er-Set\" srcset=\"https:\/\/www.companhiaatlantica.pt\/wp-content\/uploads\/2020\/09\/IMG_2665.jpg 600w, https:\/\/www.companhiaatlantica.pt\/wp-content\/uploads\/2020\/09\/IMG_2665-100x100.jpg 100w\" sizes=\"auto, (max-width: 600px) 100vw, 600px\" title=\"\">\t\t\t\t\t\t\t\t\t<\/a>\n\t\t\t\t\t\t\t\t\t\t\t\t\t\t\t\t\t\t \t\t\t\t\t\t\t\t<\/div>\n\t\t\t\t\t\t\t\t<div class=\"image-tools top right show-on-hover\">\n\t\t\t\t\t\t\t\t\t\t\t<div class=\"wishlist-icon\">\n\t\t\t<button class=\"wishlist-button button is-outline circle icon\" aria-label=\"Wunschliste\">\n\t\t\t\t<i class=\"icon-heart\" aria-hidden=\"true\"><\/i>\t\t\t<\/button>\n\t\t\t<div class=\"wishlist-popup dark\">\n\t\t\t\t\n<div\n\tclass=\"yith-wcwl-add-to-wishlist add-to-wishlist-41834 yith-wcwl-add-to-wishlist--button_default-style wishlist-fragment on-first-load\"\n\tdata-fragment-ref=\"41834\"\n\tdata-fragment-options=\"{&quot;base_url&quot;:&quot;&quot;,&quot;product_id&quot;:41834,&quot;parent_product_id&quot;:0,&quot;product_type&quot;:&quot;variable&quot;,&quot;is_single&quot;:false,&quot;in_default_wishlist&quot;:false,&quot;show_view&quot;:false,&quot;browse_wishlist_text&quot;:&quot;Siehe Ihre Wunschliste!&quot;,&quot;already_in_wishslist_text&quot;:&quot;Dieses Produkt steht bereits auf Ihrem Wunschzettel!&quot;,&quot;product_added_text&quot;:&quot;Produto adicionado!&quot;,&quot;available_multi_wishlist&quot;:false,&quot;disable_wishlist&quot;:false,&quot;show_count&quot;:false,&quot;ajax_loading&quot;:false,&quot;loop_position&quot;:&quot;after_add_to_cart&quot;,&quot;item&quot;:&quot;add_to_wishlist&quot;}\"\n>\n\t\t\t\n\t\t\t<!-- ADD TO WISHLIST -->\n\t\t\t\n<div class=\"yith-wcwl-add-button\">\n\t\t<a\n\t\thref=\"?add_to_wishlist=41834&#038;_wpnonce=52d31225f0\"\n\t\tclass=\"add_to_wishlist single_add_to_wishlist alt button theme-button-style \"\n\t\tdata-product-id=\"41834\"\n\t\tdata-product-type=\"variable\"\n\t\tdata-original-product-id=\"0\"\n\t\tdata-title=\"Zu meiner Wunschliste hinzuf\u00fcgen\"\n\t\trel=\"nofollow\"\n\t>\n\t\t<svg id=\"yith-wcwl-icon-heart-outline\" class=\"yith-wcwl-icon-svg\" fill=\"none\" stroke-width=\"1.5\" stroke=\"currentColor\" viewBox=\"0 0 24 24\" xmlns=\"http:\/\/www.w3.org\/2000\/svg\">\n  <path stroke-linecap=\"round\" stroke-linejoin=\"round\" d=\"M21 8.25c0-2.485-2.099-4.5-4.688-4.5-1.935 0-3.597 1.126-4.312 2.733-.715-1.607-2.377-2.733-4.313-2.733C5.1 3.75 3 5.765 3 8.25c0 7.22 9 12 9 12s9-4.78 9-12Z\"><\/path>\n<\/svg>\t\t<span>Zu meiner Wunschliste hinzuf\u00fcgen<\/span>\n\t<\/a>\n<\/div>\n\n\t\t\t<!-- COUNT TEXT -->\n\t\t\t\n\t\t\t<\/div>\n\t\t\t<\/div>\n\t\t<\/div>\n\t\t\t\t\t\t\t\t\t\t<\/div>\n\t\t\t\t\t\t\t\t\t\t\t\t\t\t\t\t\t<div class=\"image-tools grid-tools text-center hide-for-small bottom hover-slide-in show-on-hover\">\n\t\t\t\t\t\t\t\t\t\t\t\t\t\t\t\t\t\t\t<\/div>\n\t\t\t\t\t\t\t\t\t\t\t\t\t\t\t\t\t\t\t\t\t\t\t<\/div>\n\n\t\t\t\t\t\t\t<div class=\"box-text text-center\" >\n\t\t\t\t\t\t\t\t<div class=\"title-wrapper\"><p class=\"name product-title woocommerce-loop-product__title\"><a href=\"https:\/\/www.companhiaatlantica.pt\/de\/produto\/portugiesische-keramik\/keramik-teller\/esstellerhalter-30cm-6-teilig\" class=\"woocommerce-LoopProduct-link woocommerce-loop-product__link\">COMPORTA Speiseteller &#8211; 6er-Set<\/a><\/p><\/div><div class=\"price-wrapper\">\n\t<span class=\"price\"><del aria-hidden=\"true\"><span class=\"woocommerce-Price-amount amount\"><bdi>138.00<span class=\"woocommerce-Price-currencySymbol\">&euro;<\/span><\/bdi><\/span><\/del> <span class=\"screen-reader-text\">Urspr\u00fcnglicher Preis war: 138.00&euro;<\/span><ins aria-hidden=\"true\"><span class=\"woocommerce-Price-amount amount\"><bdi>100.00<span class=\"woocommerce-Price-currencySymbol\">&euro;<\/span><\/bdi><\/span><\/ins><span class=\"screen-reader-text\">Aktueller Preis ist: 100.00&euro;.<\/span><\/span>\n<\/div><div class=\"add-to-cart-button\"><a href=\"https:\/\/www.companhiaatlantica.pt\/de\/produto\/portugiesische-keramik\/keramik-teller\/esstellerhalter-30cm-6-teilig\" aria-describedby=\"woocommerce_loop_add_to_cart_link_describedby_41834\" data-quantity=\"1\" class=\"primary is-small mb-0 button product_type_variable add_to_cart_button is-outline\" data-product_id=\"41834\" data-product_sku=\"\" aria-label=\"W\u00e4hle Optionen f\u00fcr \u201eCOMPORTA Speiseteller - 6er-Set\u201c\" rel=\"nofollow\" data-product_name=\"COMPORTA Speiseteller - 6er-Set\" data-product_image=\"https:\/\/www.companhiaatlantica.pt\/wp-content\/uploads\/2020\/09\/IMG_2665.jpg\">Ausf\u00fchrung w\u00e4hlen<\/a><\/div>\t<span id=\"woocommerce_loop_add_to_cart_link_describedby_41834\" class=\"screen-reader-text\">\n\t\tDieses Produkt weist mehrere Varianten auf. Die Optionen k\u00f6nnen auf der Produktseite gew\u00e4hlt werden\t<\/span>\n\t\t\t\t\t\t\t<\/div>\n\t\t\t\t\t\t<\/div>\n\t\t\t\t\t\t<\/div>\n\t\t\t\t\t<\/div><div class=\"col\" >\n\t\t\t\t\t\t<div class=\"col-inner\">\n\t\t\t\t\t\t\n<div class=\"badge-container absolute left top z-1\">\n<div class=\"badge callout badge-circle\">\r\n  \t\t\t<div class=\"badge-inner secondary on-sale\">\r\n  \t\t\t\t<span class=\"onsale\">-17%<\/span>\r\n\t\t\t<\/div>\r\n\t\t<\/div>\r\n\t\t<div class=\"badge callout badge-circle\">\r\n\t\t\t<div class=\"badge-inner callout-new-bg is-small new-bubble\">6 pcs<\/div>\r\n\t\t<\/div>\n<div class=\"badge callout badge-circle\"><div class=\"badge-inner callout-new-bg is-small new-bubble\">6 pcs<\/div><\/div><\/div>\n\t\t\t\t\t\t<div class=\"product-small box has-hover box-normal box-text-bottom\">\n\t\t\t\t\t\t\t<div class=\"box-image\" >\n\t\t\t\t\t\t\t\t<div class=\"\" >\n\t\t\t\t\t\t\t\t\t<a href=\"https:\/\/www.companhiaatlantica.pt\/de\/produto\/portugiesische-keramik\/keramik-kaffeetassen\/kaffeetassen-halter-6-teilig\" aria-label=\"COMPORTA Kaffeetasse - 6er Set\">\n\t\t\t\t\t\t\t\t\t\t<img loading=\"lazy\" decoding=\"async\" width=\"700\" height=\"700\" src=\"https:\/\/www.companhiaatlantica.pt\/wp-content\/uploads\/2020\/09\/130-695-1-700x700.jpg\" class=\"show-on-hover absolute fill hide-for-small back-image\" alt=\"Alternative view of COMPORTA Kaffeetasse - 6er Set\" aria-hidden=\"true\" srcset=\"https:\/\/www.companhiaatlantica.pt\/wp-content\/uploads\/2020\/09\/130-695-1-700x700.jpg 700w, https:\/\/www.companhiaatlantica.pt\/wp-content\/uploads\/2020\/09\/130-695-1-100x100.jpg 100w, https:\/\/www.companhiaatlantica.pt\/wp-content\/uploads\/2020\/09\/130-695-1-900x900.jpg 900w, https:\/\/www.companhiaatlantica.pt\/wp-content\/uploads\/2020\/09\/130-695-1-300x300.jpg 300w, https:\/\/www.companhiaatlantica.pt\/wp-content\/uploads\/2020\/09\/130-695-1-150x150.jpg 150w, https:\/\/www.companhiaatlantica.pt\/wp-content\/uploads\/2020\/09\/130-695-1-768x768.jpg 768w, https:\/\/www.companhiaatlantica.pt\/wp-content\/uploads\/2020\/09\/130-695-1-600x600.jpg 600w, https:\/\/www.companhiaatlantica.pt\/wp-content\/uploads\/2020\/09\/130-695-1.jpg 1000w\" sizes=\"auto, (max-width: 700px) 100vw, 700px\" title=\"\"><img loading=\"lazy\" decoding=\"async\" width=\"600\" height=\"600\" src=\"https:\/\/www.companhiaatlantica.pt\/wp-content\/uploads\/2020\/10\/IMG_4739.jpg\" class=\"attachment-woocommerce_thumbnail size-woocommerce_thumbnail\" alt=\"COMPORTA Kaffeetasse - 6er Set\" srcset=\"https:\/\/www.companhiaatlantica.pt\/wp-content\/uploads\/2020\/10\/IMG_4739.jpg 600w, https:\/\/www.companhiaatlantica.pt\/wp-content\/uploads\/2020\/10\/IMG_4739-100x100.jpg 100w\" sizes=\"auto, (max-width: 600px) 100vw, 600px\" title=\"\">\t\t\t\t\t\t\t\t\t<\/a>\n\t\t\t\t\t\t\t\t\t\t\t\t\t\t\t\t\t\t \t\t\t\t\t\t\t\t<\/div>\n\t\t\t\t\t\t\t\t<div class=\"image-tools top right show-on-hover\">\n\t\t\t\t\t\t\t\t\t\t\t<div class=\"wishlist-icon\">\n\t\t\t<button class=\"wishlist-button button is-outline circle icon\" aria-label=\"Wunschliste\">\n\t\t\t\t<i class=\"icon-heart\" aria-hidden=\"true\"><\/i>\t\t\t<\/button>\n\t\t\t<div class=\"wishlist-popup dark\">\n\t\t\t\t\n<div\n\tclass=\"yith-wcwl-add-to-wishlist add-to-wishlist-41884 yith-wcwl-add-to-wishlist--button_default-style wishlist-fragment on-first-load\"\n\tdata-fragment-ref=\"41884\"\n\tdata-fragment-options=\"{&quot;base_url&quot;:&quot;&quot;,&quot;product_id&quot;:41884,&quot;parent_product_id&quot;:0,&quot;product_type&quot;:&quot;variable&quot;,&quot;is_single&quot;:false,&quot;in_default_wishlist&quot;:false,&quot;show_view&quot;:false,&quot;browse_wishlist_text&quot;:&quot;Siehe Ihre Wunschliste!&quot;,&quot;already_in_wishslist_text&quot;:&quot;Dieses Produkt steht bereits auf Ihrem Wunschzettel!&quot;,&quot;product_added_text&quot;:&quot;Produto adicionado!&quot;,&quot;available_multi_wishlist&quot;:false,&quot;disable_wishlist&quot;:false,&quot;show_count&quot;:false,&quot;ajax_loading&quot;:false,&quot;loop_position&quot;:&quot;after_add_to_cart&quot;,&quot;item&quot;:&quot;add_to_wishlist&quot;}\"\n>\n\t\t\t\n\t\t\t<!-- ADD TO WISHLIST -->\n\t\t\t\n<div class=\"yith-wcwl-add-button\">\n\t\t<a\n\t\thref=\"?add_to_wishlist=41884&#038;_wpnonce=52d31225f0\"\n\t\tclass=\"add_to_wishlist single_add_to_wishlist alt button theme-button-style \"\n\t\tdata-product-id=\"41884\"\n\t\tdata-product-type=\"variable\"\n\t\tdata-original-product-id=\"0\"\n\t\tdata-title=\"Zu meiner Wunschliste hinzuf\u00fcgen\"\n\t\trel=\"nofollow\"\n\t>\n\t\t<svg id=\"yith-wcwl-icon-heart-outline\" class=\"yith-wcwl-icon-svg\" fill=\"none\" stroke-width=\"1.5\" stroke=\"currentColor\" viewBox=\"0 0 24 24\" xmlns=\"http:\/\/www.w3.org\/2000\/svg\">\n  <path stroke-linecap=\"round\" stroke-linejoin=\"round\" d=\"M21 8.25c0-2.485-2.099-4.5-4.688-4.5-1.935 0-3.597 1.126-4.312 2.733-.715-1.607-2.377-2.733-4.313-2.733C5.1 3.75 3 5.765 3 8.25c0 7.22 9 12 9 12s9-4.78 9-12Z\"><\/path>\n<\/svg>\t\t<span>Zu meiner Wunschliste hinzuf\u00fcgen<\/span>\n\t<\/a>\n<\/div>\n\n\t\t\t<!-- COUNT TEXT -->\n\t\t\t\n\t\t\t<\/div>\n\t\t\t<\/div>\n\t\t<\/div>\n\t\t\t\t\t\t\t\t\t\t<\/div>\n\t\t\t\t\t\t\t\t\t\t\t\t\t\t\t\t\t<div class=\"image-tools grid-tools text-center hide-for-small bottom hover-slide-in show-on-hover\">\n\t\t\t\t\t\t\t\t\t\t\t\t\t\t\t\t\t\t\t<\/div>\n\t\t\t\t\t\t\t\t\t\t\t\t\t\t\t\t\t\t\t\t\t\t\t<\/div>\n\n\t\t\t\t\t\t\t<div class=\"box-text text-center\" >\n\t\t\t\t\t\t\t\t<div class=\"title-wrapper\"><p class=\"name product-title woocommerce-loop-product__title\"><a href=\"https:\/\/www.companhiaatlantica.pt\/de\/produto\/portugiesische-keramik\/keramik-kaffeetassen\/kaffeetassen-halter-6-teilig\" class=\"woocommerce-LoopProduct-link woocommerce-loop-product__link\">COMPORTA Kaffeetasse &#8211; 6er Set<\/a><\/p><\/div><div class=\"price-wrapper\">\n\t<span class=\"price\"><del aria-hidden=\"true\"><span class=\"woocommerce-Price-amount amount\"><bdi>60.00<span class=\"woocommerce-Price-currencySymbol\">&euro;<\/span><\/bdi><\/span><\/del> <span class=\"screen-reader-text\">Urspr\u00fcnglicher Preis war: 60.00&euro;<\/span><ins aria-hidden=\"true\"><span class=\"woocommerce-Price-amount amount\"><bdi>50.00<span class=\"woocommerce-Price-currencySymbol\">&euro;<\/span><\/bdi><\/span><\/ins><span class=\"screen-reader-text\">Aktueller Preis ist: 50.00&euro;.<\/span><\/span>\n<\/div><div class=\"add-to-cart-button\"><a href=\"https:\/\/www.companhiaatlantica.pt\/de\/produto\/portugiesische-keramik\/keramik-kaffeetassen\/kaffeetassen-halter-6-teilig\" aria-describedby=\"woocommerce_loop_add_to_cart_link_describedby_41884\" data-quantity=\"1\" class=\"primary is-small mb-0 button product_type_variable add_to_cart_button is-outline\" data-product_id=\"41884\" data-product_sku=\"\" aria-label=\"W\u00e4hle Optionen f\u00fcr \u201eCOMPORTA Kaffeetasse - 6er Set\u201c\" rel=\"nofollow\" data-product_name=\"COMPORTA Kaffeetasse - 6er Set\" data-product_image=\"https:\/\/www.companhiaatlantica.pt\/wp-content\/uploads\/2020\/10\/IMG_4739.jpg\">Ausf\u00fchrung w\u00e4hlen<\/a><\/div>\t<span id=\"woocommerce_loop_add_to_cart_link_describedby_41884\" class=\"screen-reader-text\">\n\t\tDieses Produkt weist mehrere Varianten auf. Die Optionen k\u00f6nnen auf der Produktseite gew\u00e4hlt werden\t<\/span>\n\t\t\t\t\t\t\t<\/div>\n\t\t\t\t\t\t<\/div>\n\t\t\t\t\t\t<\/div>\n\t\t\t\t\t<\/div><div class=\"col\" >\n\t\t\t\t\t\t<div class=\"col-inner\">\n\t\t\t\t\t\t\n<div class=\"badge-container absolute left top z-1\">\n<div class=\"badge callout badge-circle\">\r\n  \t\t\t<div class=\"badge-inner secondary on-sale\">\r\n  \t\t\t\t<span class=\"onsale\">-20%<\/span>\r\n\t\t\t<\/div>\r\n\t\t<\/div>\r\n\t\t<div class=\"badge callout badge-circle\">\r\n\t\t\t<div class=\"badge-inner callout-new-bg is-small new-bubble\">6 pcs<\/div>\r\n\t\t<\/div>\n<div class=\"badge callout badge-circle\"><div class=\"badge-inner callout-new-bg is-small new-bubble\">6 pcs<\/div><\/div><\/div>\n\t\t\t\t\t\t<div class=\"product-small box has-hover box-normal box-text-bottom\">\n\t\t\t\t\t\t\t<div class=\"box-image\" >\n\t\t\t\t\t\t\t\t<div class=\"\" >\n\t\t\t\t\t\t\t\t\t<a href=\"https:\/\/www.companhiaatlantica.pt\/de\/produto\/portugiesische-keramik\/keramiktasse\/comporta-becher-6er-satz\" aria-label=\"COMPORTA Becher - 6er-Satz\">\n\t\t\t\t\t\t\t\t\t\t<img loading=\"lazy\" decoding=\"async\" width=\"600\" height=\"600\" src=\"https:\/\/www.companhiaatlantica.pt\/wp-content\/uploads\/2020\/09\/IMG_2628.jpg\" class=\"show-on-hover absolute fill hide-for-small back-image\" alt=\"Alternative view of COMPORTA Becher - 6er-Satz\" aria-hidden=\"true\" srcset=\"https:\/\/www.companhiaatlantica.pt\/wp-content\/uploads\/2020\/09\/IMG_2628.jpg 600w, https:\/\/www.companhiaatlantica.pt\/wp-content\/uploads\/2020\/09\/IMG_2628-100x100.jpg 100w\" sizes=\"auto, (max-width: 600px) 100vw, 600px\" title=\"\"><img loading=\"lazy\" decoding=\"async\" width=\"600\" height=\"600\" src=\"https:\/\/www.companhiaatlantica.pt\/wp-content\/uploads\/2020\/09\/IMG_2756.jpg\" class=\"attachment-woocommerce_thumbnail size-woocommerce_thumbnail\" alt=\"COMPORTA Becher - 6er-Satz\" srcset=\"https:\/\/www.companhiaatlantica.pt\/wp-content\/uploads\/2020\/09\/IMG_2756.jpg 600w, https:\/\/www.companhiaatlantica.pt\/wp-content\/uploads\/2020\/09\/IMG_2756-100x100.jpg 100w\" sizes=\"auto, (max-width: 600px) 100vw, 600px\" title=\"\">\t\t\t\t\t\t\t\t\t<\/a>\n\t\t\t\t\t\t\t\t\t\t\t\t\t\t\t\t\t\t \t\t\t\t\t\t\t\t<\/div>\n\t\t\t\t\t\t\t\t<div class=\"image-tools top right show-on-hover\">\n\t\t\t\t\t\t\t\t\t\t\t<div class=\"wishlist-icon\">\n\t\t\t<button class=\"wishlist-button button is-outline circle icon\" aria-label=\"Wunschliste\">\n\t\t\t\t<i class=\"icon-heart\" aria-hidden=\"true\"><\/i>\t\t\t<\/button>\n\t\t\t<div class=\"wishlist-popup dark\">\n\t\t\t\t\n<div\n\tclass=\"yith-wcwl-add-to-wishlist add-to-wishlist-41831 yith-wcwl-add-to-wishlist--button_default-style wishlist-fragment on-first-load\"\n\tdata-fragment-ref=\"41831\"\n\tdata-fragment-options=\"{&quot;base_url&quot;:&quot;&quot;,&quot;product_id&quot;:41831,&quot;parent_product_id&quot;:0,&quot;product_type&quot;:&quot;variable&quot;,&quot;is_single&quot;:false,&quot;in_default_wishlist&quot;:false,&quot;show_view&quot;:false,&quot;browse_wishlist_text&quot;:&quot;Siehe Ihre Wunschliste!&quot;,&quot;already_in_wishslist_text&quot;:&quot;Dieses Produkt steht bereits auf Ihrem Wunschzettel!&quot;,&quot;product_added_text&quot;:&quot;Produto adicionado!&quot;,&quot;available_multi_wishlist&quot;:false,&quot;disable_wishlist&quot;:false,&quot;show_count&quot;:false,&quot;ajax_loading&quot;:false,&quot;loop_position&quot;:&quot;after_add_to_cart&quot;,&quot;item&quot;:&quot;add_to_wishlist&quot;}\"\n>\n\t\t\t\n\t\t\t<!-- ADD TO WISHLIST -->\n\t\t\t\n<div class=\"yith-wcwl-add-button\">\n\t\t<a\n\t\thref=\"?add_to_wishlist=41831&#038;_wpnonce=52d31225f0\"\n\t\tclass=\"add_to_wishlist single_add_to_wishlist alt button theme-button-style \"\n\t\tdata-product-id=\"41831\"\n\t\tdata-product-type=\"variable\"\n\t\tdata-original-product-id=\"0\"\n\t\tdata-title=\"Zu meiner Wunschliste hinzuf\u00fcgen\"\n\t\trel=\"nofollow\"\n\t>\n\t\t<svg id=\"yith-wcwl-icon-heart-outline\" class=\"yith-wcwl-icon-svg\" fill=\"none\" stroke-width=\"1.5\" stroke=\"currentColor\" viewBox=\"0 0 24 24\" xmlns=\"http:\/\/www.w3.org\/2000\/svg\">\n  <path stroke-linecap=\"round\" stroke-linejoin=\"round\" d=\"M21 8.25c0-2.485-2.099-4.5-4.688-4.5-1.935 0-3.597 1.126-4.312 2.733-.715-1.607-2.377-2.733-4.313-2.733C5.1 3.75 3 5.765 3 8.25c0 7.22 9 12 9 12s9-4.78 9-12Z\"><\/path>\n<\/svg>\t\t<span>Zu meiner Wunschliste hinzuf\u00fcgen<\/span>\n\t<\/a>\n<\/div>\n\n\t\t\t<!-- COUNT TEXT -->\n\t\t\t\n\t\t\t<\/div>\n\t\t\t<\/div>\n\t\t<\/div>\n\t\t\t\t\t\t\t\t\t\t<\/div>\n\t\t\t\t\t\t\t\t\t\t\t\t\t\t\t\t\t<div class=\"image-tools grid-tools text-center hide-for-small bottom hover-slide-in show-on-hover\">\n\t\t\t\t\t\t\t\t\t\t\t\t\t\t\t\t\t\t\t<\/div>\n\t\t\t\t\t\t\t\t\t\t\t\t\t\t\t\t\t\t\t\t\t\t\t<\/div>\n\n\t\t\t\t\t\t\t<div class=\"box-text text-center\" >\n\t\t\t\t\t\t\t\t<div class=\"title-wrapper\"><p class=\"name product-title woocommerce-loop-product__title\"><a href=\"https:\/\/www.companhiaatlantica.pt\/de\/produto\/portugiesische-keramik\/keramiktasse\/comporta-becher-6er-satz\" class=\"woocommerce-LoopProduct-link woocommerce-loop-product__link\">COMPORTA Becher &#8211; 6er-Satz<\/a><\/p><\/div><div class=\"price-wrapper\">\n\t<span class=\"price\"><del aria-hidden=\"true\"><span class=\"woocommerce-Price-amount amount\"><bdi>111.00<span class=\"woocommerce-Price-currencySymbol\">&euro;<\/span><\/bdi><\/span><\/del> <span class=\"screen-reader-text\">Urspr\u00fcnglicher Preis war: 111.00&euro;<\/span><ins aria-hidden=\"true\"><span class=\"woocommerce-Price-amount amount\"><bdi>89.00<span class=\"woocommerce-Price-currencySymbol\">&euro;<\/span><\/bdi><\/span><\/ins><span class=\"screen-reader-text\">Aktueller Preis ist: 89.00&euro;.<\/span><\/span>\n<\/div><div class=\"add-to-cart-button\"><a href=\"https:\/\/www.companhiaatlantica.pt\/de\/produto\/portugiesische-keramik\/keramiktasse\/comporta-becher-6er-satz\" aria-describedby=\"woocommerce_loop_add_to_cart_link_describedby_41831\" data-quantity=\"1\" class=\"primary is-small mb-0 button product_type_variable add_to_cart_button is-outline\" data-product_id=\"41831\" data-product_sku=\"\" aria-label=\"W\u00e4hle Optionen f\u00fcr \u201eCOMPORTA Becher - 6er-Satz\u201c\" rel=\"nofollow\" data-product_name=\"COMPORTA Becher - 6er-Satz\" data-product_image=\"https:\/\/www.companhiaatlantica.pt\/wp-content\/uploads\/2020\/09\/IMG_2756.jpg\">Ausf\u00fchrung w\u00e4hlen<\/a><\/div>\t<span id=\"woocommerce_loop_add_to_cart_link_describedby_41831\" class=\"screen-reader-text\">\n\t\tDieses Produkt weist mehrere Varianten auf. Die Optionen k\u00f6nnen auf der Produktseite gew\u00e4hlt werden\t<\/span>\n\t\t\t\t\t\t\t<\/div>\n\t\t\t\t\t\t<\/div>\n\t\t\t\t\t\t<\/div>\n\t\t\t\t\t<\/div><div class=\"col\" >\n\t\t\t\t\t\t<div class=\"col-inner\">\n\t\t\t\t\t\t\n<div class=\"badge-container absolute left top z-1\">\n<div class=\"badge callout badge-circle\">\r\n  \t\t\t<div class=\"badge-inner secondary on-sale\">\r\n  \t\t\t\t<span class=\"onsale\">-20%<\/span>\r\n\t\t\t<\/div>\r\n\t\t<\/div>\r\n\t\t<div class=\"badge callout badge-circle\">\r\n\t\t\t<div class=\"badge-inner callout-new-bg is-small new-bubble\">6 pcs<\/div>\r\n\t\t<\/div>\n<div class=\"badge callout badge-circle\"><div class=\"badge-inner callout-new-bg is-small new-bubble\">6 pcs<\/div><\/div><\/div>\n\t\t\t\t\t\t<div class=\"product-small box has-hover box-normal box-text-bottom\">\n\t\t\t\t\t\t\t<div class=\"box-image\" >\n\t\t\t\t\t\t\t\t<div class=\"\" >\n\t\t\t\t\t\t\t\t\t<a href=\"https:\/\/www.companhiaatlantica.pt\/de\/produto\/portugiesische-keramik\/keramik-schussel\/schussel-halter-16cm-6-teilig\" aria-label=\"COMPORTA Schale - 6er-Satz\">\n\t\t\t\t\t\t\t\t\t\t<img loading=\"lazy\" decoding=\"async\" width=\"600\" height=\"600\" src=\"https:\/\/www.companhiaatlantica.pt\/wp-content\/uploads\/2021\/01\/IMG_1047.jpg\" class=\"show-on-hover absolute fill hide-for-small back-image\" alt=\"Alternative view of COMPORTA Schale - 6er-Satz\" aria-hidden=\"true\" srcset=\"https:\/\/www.companhiaatlantica.pt\/wp-content\/uploads\/2021\/01\/IMG_1047.jpg 600w, https:\/\/www.companhiaatlantica.pt\/wp-content\/uploads\/2021\/01\/IMG_1047-100x100.jpg 100w\" sizes=\"auto, (max-width: 600px) 100vw, 600px\" title=\"\"><img loading=\"lazy\" decoding=\"async\" width=\"600\" height=\"600\" src=\"https:\/\/www.companhiaatlantica.pt\/wp-content\/uploads\/2020\/06\/IMG_1632-1.jpg\" class=\"attachment-woocommerce_thumbnail size-woocommerce_thumbnail\" alt=\"COMPORTA Schale - 6er-Satz\" srcset=\"https:\/\/www.companhiaatlantica.pt\/wp-content\/uploads\/2020\/06\/IMG_1632-1.jpg 600w, https:\/\/www.companhiaatlantica.pt\/wp-content\/uploads\/2020\/06\/IMG_1632-1-100x100.jpg 100w\" sizes=\"auto, (max-width: 600px) 100vw, 600px\" title=\"\">\t\t\t\t\t\t\t\t\t<\/a>\n\t\t\t\t\t\t\t\t\t\t\t\t\t\t\t\t\t\t \t\t\t\t\t\t\t\t<\/div>\n\t\t\t\t\t\t\t\t<div class=\"image-tools top right show-on-hover\">\n\t\t\t\t\t\t\t\t\t\t\t<div class=\"wishlist-icon\">\n\t\t\t<button class=\"wishlist-button button is-outline circle icon\" aria-label=\"Wunschliste\">\n\t\t\t\t<i class=\"icon-heart\" aria-hidden=\"true\"><\/i>\t\t\t<\/button>\n\t\t\t<div class=\"wishlist-popup dark\">\n\t\t\t\t\n<div\n\tclass=\"yith-wcwl-add-to-wishlist add-to-wishlist-41818 yith-wcwl-add-to-wishlist--button_default-style wishlist-fragment on-first-load\"\n\tdata-fragment-ref=\"41818\"\n\tdata-fragment-options=\"{&quot;base_url&quot;:&quot;&quot;,&quot;product_id&quot;:41818,&quot;parent_product_id&quot;:0,&quot;product_type&quot;:&quot;variable&quot;,&quot;is_single&quot;:false,&quot;in_default_wishlist&quot;:false,&quot;show_view&quot;:false,&quot;browse_wishlist_text&quot;:&quot;Siehe Ihre Wunschliste!&quot;,&quot;already_in_wishslist_text&quot;:&quot;Dieses Produkt steht bereits auf Ihrem Wunschzettel!&quot;,&quot;product_added_text&quot;:&quot;Produto adicionado!&quot;,&quot;available_multi_wishlist&quot;:false,&quot;disable_wishlist&quot;:false,&quot;show_count&quot;:false,&quot;ajax_loading&quot;:false,&quot;loop_position&quot;:&quot;after_add_to_cart&quot;,&quot;item&quot;:&quot;add_to_wishlist&quot;}\"\n>\n\t\t\t\n\t\t\t<!-- ADD TO WISHLIST -->\n\t\t\t\n<div class=\"yith-wcwl-add-button\">\n\t\t<a\n\t\thref=\"?add_to_wishlist=41818&#038;_wpnonce=52d31225f0\"\n\t\tclass=\"add_to_wishlist single_add_to_wishlist alt button theme-button-style \"\n\t\tdata-product-id=\"41818\"\n\t\tdata-product-type=\"variable\"\n\t\tdata-original-product-id=\"0\"\n\t\tdata-title=\"Zu meiner Wunschliste hinzuf\u00fcgen\"\n\t\trel=\"nofollow\"\n\t>\n\t\t<svg id=\"yith-wcwl-icon-heart-outline\" class=\"yith-wcwl-icon-svg\" fill=\"none\" stroke-width=\"1.5\" stroke=\"currentColor\" viewBox=\"0 0 24 24\" xmlns=\"http:\/\/www.w3.org\/2000\/svg\">\n  <path stroke-linecap=\"round\" stroke-linejoin=\"round\" d=\"M21 8.25c0-2.485-2.099-4.5-4.688-4.5-1.935 0-3.597 1.126-4.312 2.733-.715-1.607-2.377-2.733-4.313-2.733C5.1 3.75 3 5.765 3 8.25c0 7.22 9 12 9 12s9-4.78 9-12Z\"><\/path>\n<\/svg>\t\t<span>Zu meiner Wunschliste hinzuf\u00fcgen<\/span>\n\t<\/a>\n<\/div>\n\n\t\t\t<!-- COUNT TEXT -->\n\t\t\t\n\t\t\t<\/div>\n\t\t\t<\/div>\n\t\t<\/div>\n\t\t\t\t\t\t\t\t\t\t<\/div>\n\t\t\t\t\t\t\t\t\t\t\t\t\t\t\t\t\t<div class=\"image-tools grid-tools text-center hide-for-small bottom hover-slide-in show-on-hover\">\n\t\t\t\t\t\t\t\t\t\t\t\t\t\t\t\t\t\t\t<\/div>\n\t\t\t\t\t\t\t\t\t\t\t\t\t\t\t\t\t\t\t\t\t\t\t<\/div>\n\n\t\t\t\t\t\t\t<div class=\"box-text text-center\" >\n\t\t\t\t\t\t\t\t<div class=\"title-wrapper\"><p class=\"name product-title woocommerce-loop-product__title\"><a href=\"https:\/\/www.companhiaatlantica.pt\/de\/produto\/portugiesische-keramik\/keramik-schussel\/schussel-halter-16cm-6-teilig\" class=\"woocommerce-LoopProduct-link woocommerce-loop-product__link\">COMPORTA Schale &#8211; 6er-Satz<\/a><\/p><\/div><div class=\"price-wrapper\">\n\t<span class=\"price\"><del aria-hidden=\"true\"><span class=\"woocommerce-Price-amount amount\"><bdi>111.00<span class=\"woocommerce-Price-currencySymbol\">&euro;<\/span><\/bdi><\/span><\/del> <span class=\"screen-reader-text\">Urspr\u00fcnglicher Preis war: 111.00&euro;<\/span><ins aria-hidden=\"true\"><span class=\"woocommerce-Price-amount amount\"><bdi>89.00<span class=\"woocommerce-Price-currencySymbol\">&euro;<\/span><\/bdi><\/span><\/ins><span class=\"screen-reader-text\">Aktueller Preis ist: 89.00&euro;.<\/span><\/span>\n<\/div><div class=\"add-to-cart-button\"><a href=\"https:\/\/www.companhiaatlantica.pt\/de\/produto\/portugiesische-keramik\/keramik-schussel\/schussel-halter-16cm-6-teilig\" aria-describedby=\"woocommerce_loop_add_to_cart_link_describedby_41818\" data-quantity=\"1\" class=\"primary is-small mb-0 button product_type_variable add_to_cart_button is-outline\" data-product_id=\"41818\" data-product_sku=\"\" aria-label=\"W\u00e4hle Optionen f\u00fcr \u201eCOMPORTA Schale - 6er-Satz\u201c\" rel=\"nofollow\" data-product_name=\"COMPORTA Schale - 6er-Satz\" data-product_image=\"https:\/\/www.companhiaatlantica.pt\/wp-content\/uploads\/2020\/06\/IMG_1632-1.jpg\">Ausf\u00fchrung w\u00e4hlen<\/a><\/div>\t<span id=\"woocommerce_loop_add_to_cart_link_describedby_41818\" class=\"screen-reader-text\">\n\t\tDieses Produkt weist mehrere Varianten auf. Die Optionen k\u00f6nnen auf der Produktseite gew\u00e4hlt werden\t<\/span>\n\t\t\t\t\t\t\t<\/div>\n\t\t\t\t\t\t<\/div>\n\t\t\t\t\t\t<\/div>\n\t\t\t\t\t<\/div><div class=\"col\" >\n\t\t\t\t\t\t<div class=\"col-inner\">\n\t\t\t\t\t\t\n<div class=\"badge-container absolute left top z-1\">\n<div class=\"badge callout badge-circle\">\r\n  \t\t\t<div class=\"badge-inner secondary on-sale\">\r\n  \t\t\t\t<span class=\"onsale\">-47%<\/span>\r\n\t\t\t<\/div>\r\n\t\t<\/div>\r\n\t\t<div class=\"badge callout badge-circle\">\r\n\t\t\t<div class=\"badge-inner callout-new-bg is-small new-bubble\">1 pc<\/div>\r\n\t\t<\/div>\n<div class=\"badge callout badge-circle\"><div class=\"badge-inner callout-new-bg is-small new-bubble\">1 pc<\/div><\/div><\/div>\n\t\t\t\t\t\t<div class=\"product-small box has-hover box-normal box-text-bottom\">\n\t\t\t\t\t\t\t<div class=\"box-image\" >\n\t\t\t\t\t\t\t\t<div class=\"\" >\n\t\t\t\t\t\t\t\t\t<a href=\"https:\/\/www.companhiaatlantica.pt\/de\/produto\/portugiesische-keramik\/keramik-servierschalen-salatschussel\/stern-taka-stern-21cm\" aria-label=\"STAR Appetithappen-Schale\">\n\t\t\t\t\t\t\t\t\t\t<img loading=\"lazy\" decoding=\"async\" width=\"700\" height=\"700\" src=\"https:\/\/www.companhiaatlantica.pt\/wp-content\/uploads\/2020\/08\/130-406-700x700.jpg\" class=\"show-on-hover absolute fill hide-for-small back-image\" alt=\"Alternative view of STAR Appetithappen-Schale\" aria-hidden=\"true\" srcset=\"https:\/\/www.companhiaatlantica.pt\/wp-content\/uploads\/2020\/08\/130-406-700x700.jpg 700w, https:\/\/www.companhiaatlantica.pt\/wp-content\/uploads\/2020\/08\/130-406-100x100.jpg 100w, https:\/\/www.companhiaatlantica.pt\/wp-content\/uploads\/2020\/08\/130-406-900x900.jpg 900w, https:\/\/www.companhiaatlantica.pt\/wp-content\/uploads\/2020\/08\/130-406-300x300.jpg 300w, https:\/\/www.companhiaatlantica.pt\/wp-content\/uploads\/2020\/08\/130-406-150x150.jpg 150w, https:\/\/www.companhiaatlantica.pt\/wp-content\/uploads\/2020\/08\/130-406-768x768.jpg 768w, https:\/\/www.companhiaatlantica.pt\/wp-content\/uploads\/2020\/08\/130-406-600x600.jpg 600w, https:\/\/www.companhiaatlantica.pt\/wp-content\/uploads\/2020\/08\/130-406.jpg 1000w\" sizes=\"auto, (max-width: 700px) 100vw, 700px\" title=\"\"><img loading=\"lazy\" decoding=\"async\" width=\"600\" height=\"600\" src=\"https:\/\/www.companhiaatlantica.pt\/wp-content\/uploads\/2020\/08\/IMG_4527.jpg\" class=\"attachment-woocommerce_thumbnail size-woocommerce_thumbnail\" alt=\"STAR Appetithappen-Schale\" srcset=\"https:\/\/www.companhiaatlantica.pt\/wp-content\/uploads\/2020\/08\/IMG_4527.jpg 600w, https:\/\/www.companhiaatlantica.pt\/wp-content\/uploads\/2020\/08\/IMG_4527-100x100.jpg 100w\" sizes=\"auto, (max-width: 600px) 100vw, 600px\" title=\"\">\t\t\t\t\t\t\t\t\t<\/a>\n\t\t\t\t\t\t\t\t\t\t\t\t\t\t\t\t\t\t \t\t\t\t\t\t\t\t<\/div>\n\t\t\t\t\t\t\t\t<div class=\"image-tools top right show-on-hover\">\n\t\t\t\t\t\t\t\t\t\t\t<div class=\"wishlist-icon\">\n\t\t\t<button class=\"wishlist-button button is-outline circle icon\" aria-label=\"Wunschliste\">\n\t\t\t\t<i class=\"icon-heart\" aria-hidden=\"true\"><\/i>\t\t\t<\/button>\n\t\t\t<div class=\"wishlist-popup dark\">\n\t\t\t\t\n<div\n\tclass=\"yith-wcwl-add-to-wishlist add-to-wishlist-41993 yith-wcwl-add-to-wishlist--button_default-style wishlist-fragment on-first-load\"\n\tdata-fragment-ref=\"41993\"\n\tdata-fragment-options=\"{&quot;base_url&quot;:&quot;&quot;,&quot;product_id&quot;:41993,&quot;parent_product_id&quot;:0,&quot;product_type&quot;:&quot;variable&quot;,&quot;is_single&quot;:false,&quot;in_default_wishlist&quot;:false,&quot;show_view&quot;:false,&quot;browse_wishlist_text&quot;:&quot;Siehe Ihre Wunschliste!&quot;,&quot;already_in_wishslist_text&quot;:&quot;Dieses Produkt steht bereits auf Ihrem Wunschzettel!&quot;,&quot;product_added_text&quot;:&quot;Produto adicionado!&quot;,&quot;available_multi_wishlist&quot;:false,&quot;disable_wishlist&quot;:false,&quot;show_count&quot;:false,&quot;ajax_loading&quot;:false,&quot;loop_position&quot;:&quot;after_add_to_cart&quot;,&quot;item&quot;:&quot;add_to_wishlist&quot;}\"\n>\n\t\t\t\n\t\t\t<!-- ADD TO WISHLIST -->\n\t\t\t\n<div class=\"yith-wcwl-add-button\">\n\t\t<a\n\t\thref=\"?add_to_wishlist=41993&#038;_wpnonce=52d31225f0\"\n\t\tclass=\"add_to_wishlist single_add_to_wishlist alt button theme-button-style \"\n\t\tdata-product-id=\"41993\"\n\t\tdata-product-type=\"variable\"\n\t\tdata-original-product-id=\"0\"\n\t\tdata-title=\"Zu meiner Wunschliste hinzuf\u00fcgen\"\n\t\trel=\"nofollow\"\n\t>\n\t\t<svg id=\"yith-wcwl-icon-heart-outline\" class=\"yith-wcwl-icon-svg\" fill=\"none\" stroke-width=\"1.5\" stroke=\"currentColor\" viewBox=\"0 0 24 24\" xmlns=\"http:\/\/www.w3.org\/2000\/svg\">\n  <path stroke-linecap=\"round\" stroke-linejoin=\"round\" d=\"M21 8.25c0-2.485-2.099-4.5-4.688-4.5-1.935 0-3.597 1.126-4.312 2.733-.715-1.607-2.377-2.733-4.313-2.733C5.1 3.75 3 5.765 3 8.25c0 7.22 9 12 9 12s9-4.78 9-12Z\"><\/path>\n<\/svg>\t\t<span>Zu meiner Wunschliste hinzuf\u00fcgen<\/span>\n\t<\/a>\n<\/div>\n\n\t\t\t<!-- COUNT TEXT -->\n\t\t\t\n\t\t\t<\/div>\n\t\t\t<\/div>\n\t\t<\/div>\n\t\t\t\t\t\t\t\t\t\t<\/div>\n\t\t\t\t\t\t\t\t\t\t\t\t\t\t\t\t\t<div class=\"image-tools grid-tools text-center hide-for-small bottom hover-slide-in show-on-hover\">\n\t\t\t\t\t\t\t\t\t\t\t\t\t\t\t\t\t\t\t<\/div>\n\t\t\t\t\t\t\t\t\t\t\t\t\t\t\t\t\t\t\t\t\t\t\t<\/div>\n\n\t\t\t\t\t\t\t<div class=\"box-text text-center\" >\n\t\t\t\t\t\t\t\t<span class=\"featured-badge\"><img decoding=\"async\" src=\"https:\/\/cdn.companhiaatlantica.pt\/wp-content\/themes\/flatsome-child\/src\/img\/ar-icon-2.jpg\" alt=\"AR Icon\" class=\"ar-icon\" title=\"\"><\/span><div class=\"title-wrapper\"><p class=\"name product-title woocommerce-loop-product__title\"><a href=\"https:\/\/www.companhiaatlantica.pt\/de\/produto\/portugiesische-keramik\/keramik-servierschalen-salatschussel\/stern-taka-stern-21cm\" class=\"woocommerce-LoopProduct-link woocommerce-loop-product__link\">STAR Appetithappen-Schale<\/a><\/p><\/div><div class=\"price-wrapper\">\n\t<span class=\"price\"><del aria-hidden=\"true\"><span class=\"woocommerce-Price-amount amount\"><bdi>16.95<span class=\"woocommerce-Price-currencySymbol\">&euro;<\/span><\/bdi><\/span><\/del> <span class=\"screen-reader-text\">Urspr\u00fcnglicher Preis war: 16.95&euro;<\/span><ins aria-hidden=\"true\"><span class=\"woocommerce-Price-amount amount\"><bdi>8.99<span class=\"woocommerce-Price-currencySymbol\">&euro;<\/span><\/bdi><\/span><\/ins><span class=\"screen-reader-text\">Aktueller Preis ist: 8.99&euro;.<\/span><\/span>\n<\/div><div class=\"add-to-cart-button\"><a href=\"https:\/\/www.companhiaatlantica.pt\/de\/produto\/portugiesische-keramik\/keramik-servierschalen-salatschussel\/stern-taka-stern-21cm\" aria-describedby=\"woocommerce_loop_add_to_cart_link_describedby_41993\" data-quantity=\"1\" class=\"primary is-small mb-0 button product_type_variable add_to_cart_button is-outline\" data-product_id=\"41993\" data-product_sku=\"\" aria-label=\"W\u00e4hle Optionen f\u00fcr \u201eSTAR Appetithappen-Schale\u201c\" rel=\"nofollow\" data-product_name=\"STAR Appetithappen-Schale\" data-product_image=\"https:\/\/www.companhiaatlantica.pt\/wp-content\/uploads\/2020\/08\/IMG_4527.jpg\">Ausf\u00fchrung w\u00e4hlen<\/a><\/div>\t<span id=\"woocommerce_loop_add_to_cart_link_describedby_41993\" class=\"screen-reader-text\">\n\t\tDieses Produkt weist mehrere Varianten auf. Die Optionen k\u00f6nnen auf der Produktseite gew\u00e4hlt werden\t<\/span>\n\t\t\t\t\t\t\t<\/div>\n\t\t\t\t\t\t<\/div>\n\t\t\t\t\t\t<\/div>\n\t\t\t\t\t<\/div><div class=\"col\" >\n\t\t\t\t\t\t<div class=\"col-inner\">\n\t\t\t\t\t\t\n<div class=\"badge-container absolute left top z-1\">\n<div class=\"badge callout badge-circle\">\r\n  \t\t\t<div class=\"badge-inner secondary on-sale\">\r\n  \t\t\t\t<span class=\"onsale\">-20%<\/span>\r\n\t\t\t<\/div>\r\n\t\t<\/div>\r\n\t\t<div class=\"badge callout badge-circle\">\r\n\t\t\t<div class=\"badge-inner callout-new-bg is-small new-bubble\">6 pcs<\/div>\r\n\t\t<\/div>\n<div class=\"badge callout badge-circle\"><div class=\"badge-inner callout-new-bg is-small new-bubble\">6 pcs<\/div><\/div><\/div>\n\t\t\t\t\t\t<div class=\"product-small box has-hover box-normal box-text-bottom\">\n\t\t\t\t\t\t\t<div class=\"box-image\" >\n\t\t\t\t\t\t\t\t<div class=\"\" >\n\t\t\t\t\t\t\t\t\t<a href=\"https:\/\/www.companhiaatlantica.pt\/de\/produto\/portugiesische-keramik\/keramik-teller\/comporta-dessertteller-6er-satz\" aria-label=\"COMPORTA Dessertteller - 6er-Satz\">\n\t\t\t\t\t\t\t\t\t\t<img loading=\"lazy\" decoding=\"async\" width=\"600\" height=\"600\" src=\"https:\/\/www.companhiaatlantica.pt\/wp-content\/uploads\/2020\/09\/IMG_2672.jpg\" class=\"show-on-hover absolute fill hide-for-small back-image\" alt=\"Alternative view of COMPORTA Dessertteller - 6er-Satz\" aria-hidden=\"true\" srcset=\"https:\/\/www.companhiaatlantica.pt\/wp-content\/uploads\/2020\/09\/IMG_2672.jpg 600w, https:\/\/www.companhiaatlantica.pt\/wp-content\/uploads\/2020\/09\/IMG_2672-100x100.jpg 100w\" sizes=\"auto, (max-width: 600px) 100vw, 600px\" title=\"\"><img loading=\"lazy\" decoding=\"async\" width=\"600\" height=\"600\" src=\"https:\/\/www.companhiaatlantica.pt\/wp-content\/uploads\/2020\/11\/IMG_2462.jpg\" class=\"attachment-woocommerce_thumbnail size-woocommerce_thumbnail\" alt=\"COMPORTA Dessertteller - 6er-Satz\" srcset=\"https:\/\/www.companhiaatlantica.pt\/wp-content\/uploads\/2020\/11\/IMG_2462.jpg 600w, https:\/\/www.companhiaatlantica.pt\/wp-content\/uploads\/2020\/11\/IMG_2462-100x100.jpg 100w\" sizes=\"auto, (max-width: 600px) 100vw, 600px\" title=\"\">\t\t\t\t\t\t\t\t\t<\/a>\n\t\t\t\t\t\t\t\t\t\t\t\t\t\t\t\t\t\t \t\t\t\t\t\t\t\t<\/div>\n\t\t\t\t\t\t\t\t<div class=\"image-tools top right show-on-hover\">\n\t\t\t\t\t\t\t\t\t\t\t<div class=\"wishlist-icon\">\n\t\t\t<button class=\"wishlist-button button is-outline circle icon\" aria-label=\"Wunschliste\">\n\t\t\t\t<i class=\"icon-heart\" aria-hidden=\"true\"><\/i>\t\t\t<\/button>\n\t\t\t<div class=\"wishlist-popup dark\">\n\t\t\t\t\n<div\n\tclass=\"yith-wcwl-add-to-wishlist add-to-wishlist-41868 yith-wcwl-add-to-wishlist--button_default-style wishlist-fragment on-first-load\"\n\tdata-fragment-ref=\"41868\"\n\tdata-fragment-options=\"{&quot;base_url&quot;:&quot;&quot;,&quot;product_id&quot;:41868,&quot;parent_product_id&quot;:0,&quot;product_type&quot;:&quot;variable&quot;,&quot;is_single&quot;:false,&quot;in_default_wishlist&quot;:false,&quot;show_view&quot;:false,&quot;browse_wishlist_text&quot;:&quot;Siehe Ihre Wunschliste!&quot;,&quot;already_in_wishslist_text&quot;:&quot;Dieses Produkt steht bereits auf Ihrem Wunschzettel!&quot;,&quot;product_added_text&quot;:&quot;Produto adicionado!&quot;,&quot;available_multi_wishlist&quot;:false,&quot;disable_wishlist&quot;:false,&quot;show_count&quot;:false,&quot;ajax_loading&quot;:false,&quot;loop_position&quot;:&quot;after_add_to_cart&quot;,&quot;item&quot;:&quot;add_to_wishlist&quot;}\"\n>\n\t\t\t\n\t\t\t<!-- ADD TO WISHLIST -->\n\t\t\t\n<div class=\"yith-wcwl-add-button\">\n\t\t<a\n\t\thref=\"?add_to_wishlist=41868&#038;_wpnonce=52d31225f0\"\n\t\tclass=\"add_to_wishlist single_add_to_wishlist alt button theme-button-style \"\n\t\tdata-product-id=\"41868\"\n\t\tdata-product-type=\"variable\"\n\t\tdata-original-product-id=\"0\"\n\t\tdata-title=\"Zu meiner Wunschliste hinzuf\u00fcgen\"\n\t\trel=\"nofollow\"\n\t>\n\t\t<svg id=\"yith-wcwl-icon-heart-outline\" class=\"yith-wcwl-icon-svg\" fill=\"none\" stroke-width=\"1.5\" stroke=\"currentColor\" viewBox=\"0 0 24 24\" xmlns=\"http:\/\/www.w3.org\/2000\/svg\">\n  <path stroke-linecap=\"round\" stroke-linejoin=\"round\" d=\"M21 8.25c0-2.485-2.099-4.5-4.688-4.5-1.935 0-3.597 1.126-4.312 2.733-.715-1.607-2.377-2.733-4.313-2.733C5.1 3.75 3 5.765 3 8.25c0 7.22 9 12 9 12s9-4.78 9-12Z\"><\/path>\n<\/svg>\t\t<span>Zu meiner Wunschliste hinzuf\u00fcgen<\/span>\n\t<\/a>\n<\/div>\n\n\t\t\t<!-- COUNT TEXT -->\n\t\t\t\n\t\t\t<\/div>\n\t\t\t<\/div>\n\t\t<\/div>\n\t\t\t\t\t\t\t\t\t\t<\/div>\n\t\t\t\t\t\t\t\t\t\t\t\t\t\t\t\t\t<div class=\"image-tools grid-tools text-center hide-for-small bottom hover-slide-in show-on-hover\">\n\t\t\t\t\t\t\t\t\t\t\t\t\t\t\t\t\t\t\t<\/div>\n\t\t\t\t\t\t\t\t\t\t\t\t\t\t\t\t\t\t\t\t\t\t\t<\/div>\n\n\t\t\t\t\t\t\t<div class=\"box-text text-center\" >\n\t\t\t\t\t\t\t\t<div class=\"title-wrapper\"><p class=\"name product-title woocommerce-loop-product__title\"><a href=\"https:\/\/www.companhiaatlantica.pt\/de\/produto\/portugiesische-keramik\/keramik-teller\/comporta-dessertteller-6er-satz\" class=\"woocommerce-LoopProduct-link woocommerce-loop-product__link\">COMPORTA Dessertteller &#8211; 6er-Satz<\/a><\/p><\/div><div class=\"price-wrapper\">\n\t<span class=\"price\"><del aria-hidden=\"true\"><span class=\"woocommerce-Price-amount amount\"><bdi>111.00<span class=\"woocommerce-Price-currencySymbol\">&euro;<\/span><\/bdi><\/span><\/del> <span class=\"screen-reader-text\">Urspr\u00fcnglicher Preis war: 111.00&euro;<\/span><ins aria-hidden=\"true\"><span class=\"woocommerce-Price-amount amount\"><bdi>89.00<span class=\"woocommerce-Price-currencySymbol\">&euro;<\/span><\/bdi><\/span><\/ins><span class=\"screen-reader-text\">Aktueller Preis ist: 89.00&euro;.<\/span><\/span>\n<\/div><div class=\"add-to-cart-button\"><a href=\"https:\/\/www.companhiaatlantica.pt\/de\/produto\/portugiesische-keramik\/keramik-teller\/comporta-dessertteller-6er-satz\" aria-describedby=\"woocommerce_loop_add_to_cart_link_describedby_41868\" data-quantity=\"1\" class=\"primary is-small mb-0 button product_type_variable add_to_cart_button is-outline\" data-product_id=\"41868\" data-product_sku=\"\" aria-label=\"W\u00e4hle Optionen f\u00fcr \u201eCOMPORTA Dessertteller - 6er-Satz\u201c\" rel=\"nofollow\" data-product_name=\"COMPORTA Dessertteller - 6er-Satz\" data-product_image=\"https:\/\/www.companhiaatlantica.pt\/wp-content\/uploads\/2020\/11\/IMG_2462.jpg\">Ausf\u00fchrung w\u00e4hlen<\/a><\/div>\t<span id=\"woocommerce_loop_add_to_cart_link_describedby_41868\" class=\"screen-reader-text\">\n\t\tDieses Produkt weist mehrere Varianten auf. Die Optionen k\u00f6nnen auf der Produktseite gew\u00e4hlt werden\t<\/span>\n\t\t\t\t\t\t\t<\/div>\n\t\t\t\t\t\t<\/div>\n\t\t\t\t\t\t<\/div>\n\t\t\t\t\t<\/div><div class=\"col\" >\n\t\t\t\t\t\t<div class=\"col-inner\">\n\t\t\t\t\t\t\n<div class=\"badge-container absolute left top z-1\">\n<div class=\"badge callout badge-circle\">\r\n  \t\t\t<div class=\"badge-inner secondary on-sale\">\r\n  \t\t\t\t<span class=\"onsale\">-18%<\/span>\r\n\t\t\t<\/div>\r\n\t\t<\/div>\r\n\t\t<div class=\"badge callout badge-circle\">\r\n\t\t\t<div class=\"badge-inner callout-new-bg is-small new-bubble\">6 pcs<\/div>\r\n\t\t<\/div>\n<div class=\"badge callout badge-circle\"><div class=\"badge-inner callout-new-bg is-small new-bubble\">6 pcs<\/div><\/div><\/div>\n\t\t\t\t\t\t<div class=\"product-small box has-hover box-normal box-text-bottom\">\n\t\t\t\t\t\t\t<div class=\"box-image\" >\n\t\t\t\t\t\t\t\t<div class=\"\" >\n\t\t\t\t\t\t\t\t\t<a href=\"https:\/\/www.companhiaatlantica.pt\/de\/produto\/portugiesische-keramik\/keramik-teller\/melides-pasta-teller-22cm-6-teilig\" aria-label=\"MELIDES Nudelteller - 6er-Satz\">\n\t\t\t\t\t\t\t\t\t\t<img loading=\"lazy\" decoding=\"async\" width=\"700\" height=\"700\" src=\"https:\/\/www.companhiaatlantica.pt\/wp-content\/uploads\/2022\/03\/melides_pasta_1-700x700.jpg\" class=\"show-on-hover absolute fill hide-for-small back-image\" alt=\"Alternative view of MELIDES Nudelteller - 6er-Satz\" aria-hidden=\"true\" srcset=\"https:\/\/www.companhiaatlantica.pt\/wp-content\/uploads\/2022\/03\/melides_pasta_1-700x700.jpg 700w, https:\/\/www.companhiaatlantica.pt\/wp-content\/uploads\/2022\/03\/melides_pasta_1-100x100.jpg 100w, https:\/\/www.companhiaatlantica.pt\/wp-content\/uploads\/2022\/03\/melides_pasta_1-900x900.jpg 900w, https:\/\/www.companhiaatlantica.pt\/wp-content\/uploads\/2022\/03\/melides_pasta_1-300x300.jpg 300w, https:\/\/www.companhiaatlantica.pt\/wp-content\/uploads\/2022\/03\/melides_pasta_1-150x150.jpg 150w, https:\/\/www.companhiaatlantica.pt\/wp-content\/uploads\/2022\/03\/melides_pasta_1-768x768.jpg 768w, https:\/\/www.companhiaatlantica.pt\/wp-content\/uploads\/2022\/03\/melides_pasta_1-600x600.jpg 600w, https:\/\/www.companhiaatlantica.pt\/wp-content\/uploads\/2022\/03\/melides_pasta_1.jpg 1000w\" sizes=\"auto, (max-width: 700px) 100vw, 700px\" title=\"\"><img loading=\"lazy\" decoding=\"async\" width=\"700\" height=\"700\" src=\"https:\/\/www.companhiaatlantica.pt\/wp-content\/uploads\/2022\/04\/DSC0819-700x700.jpg\" class=\"attachment-woocommerce_thumbnail size-woocommerce_thumbnail\" alt=\"MELIDES Nudelteller - 6er-Satz\" srcset=\"https:\/\/www.companhiaatlantica.pt\/wp-content\/uploads\/2022\/04\/DSC0819-700x700.jpg 700w, https:\/\/www.companhiaatlantica.pt\/wp-content\/uploads\/2022\/04\/DSC0819-100x100.jpg 100w, https:\/\/www.companhiaatlantica.pt\/wp-content\/uploads\/2022\/04\/DSC0819-900x900.jpg 900w, https:\/\/www.companhiaatlantica.pt\/wp-content\/uploads\/2022\/04\/DSC0819-300x300.jpg 300w, https:\/\/www.companhiaatlantica.pt\/wp-content\/uploads\/2022\/04\/DSC0819-150x150.jpg 150w, https:\/\/www.companhiaatlantica.pt\/wp-content\/uploads\/2022\/04\/DSC0819-768x768.jpg 768w, https:\/\/www.companhiaatlantica.pt\/wp-content\/uploads\/2022\/04\/DSC0819-600x600.jpg 600w, https:\/\/www.companhiaatlantica.pt\/wp-content\/uploads\/2022\/04\/DSC0819.jpg 1000w\" sizes=\"auto, (max-width: 700px) 100vw, 700px\" title=\"\">\t\t\t\t\t\t\t\t\t<\/a>\n\t\t\t\t\t\t\t\t\t\t\t\t\t\t\t\t\t\t \t\t\t\t\t\t\t\t<\/div>\n\t\t\t\t\t\t\t\t<div class=\"image-tools top right show-on-hover\">\n\t\t\t\t\t\t\t\t\t\t\t<div class=\"wishlist-icon\">\n\t\t\t<button class=\"wishlist-button button is-outline circle icon\" aria-label=\"Wunschliste\">\n\t\t\t\t<i class=\"icon-heart\" aria-hidden=\"true\"><\/i>\t\t\t<\/button>\n\t\t\t<div class=\"wishlist-popup dark\">\n\t\t\t\t\n<div\n\tclass=\"yith-wcwl-add-to-wishlist add-to-wishlist-41235 yith-wcwl-add-to-wishlist--button_default-style wishlist-fragment on-first-load\"\n\tdata-fragment-ref=\"41235\"\n\tdata-fragment-options=\"{&quot;base_url&quot;:&quot;&quot;,&quot;product_id&quot;:41235,&quot;parent_product_id&quot;:0,&quot;product_type&quot;:&quot;simple&quot;,&quot;is_single&quot;:false,&quot;in_default_wishlist&quot;:false,&quot;show_view&quot;:false,&quot;browse_wishlist_text&quot;:&quot;Siehe Ihre Wunschliste!&quot;,&quot;already_in_wishslist_text&quot;:&quot;Dieses Produkt steht bereits auf Ihrem Wunschzettel!&quot;,&quot;product_added_text&quot;:&quot;Produto adicionado!&quot;,&quot;available_multi_wishlist&quot;:false,&quot;disable_wishlist&quot;:false,&quot;show_count&quot;:false,&quot;ajax_loading&quot;:false,&quot;loop_position&quot;:&quot;after_add_to_cart&quot;,&quot;item&quot;:&quot;add_to_wishlist&quot;}\"\n>\n\t\t\t\n\t\t\t<!-- ADD TO WISHLIST -->\n\t\t\t\n<div class=\"yith-wcwl-add-button\">\n\t\t<a\n\t\thref=\"?add_to_wishlist=41235&#038;_wpnonce=52d31225f0\"\n\t\tclass=\"add_to_wishlist single_add_to_wishlist alt button theme-button-style \"\n\t\tdata-product-id=\"41235\"\n\t\tdata-product-type=\"simple\"\n\t\tdata-original-product-id=\"0\"\n\t\tdata-title=\"Zu meiner Wunschliste hinzuf\u00fcgen\"\n\t\trel=\"nofollow\"\n\t>\n\t\t<svg id=\"yith-wcwl-icon-heart-outline\" class=\"yith-wcwl-icon-svg\" fill=\"none\" stroke-width=\"1.5\" stroke=\"currentColor\" viewBox=\"0 0 24 24\" xmlns=\"http:\/\/www.w3.org\/2000\/svg\">\n  <path stroke-linecap=\"round\" stroke-linejoin=\"round\" d=\"M21 8.25c0-2.485-2.099-4.5-4.688-4.5-1.935 0-3.597 1.126-4.312 2.733-.715-1.607-2.377-2.733-4.313-2.733C5.1 3.75 3 5.765 3 8.25c0 7.22 9 12 9 12s9-4.78 9-12Z\"><\/path>\n<\/svg>\t\t<span>Zu meiner Wunschliste hinzuf\u00fcgen<\/span>\n\t<\/a>\n<\/div>\n\n\t\t\t<!-- COUNT TEXT -->\n\t\t\t\n\t\t\t<\/div>\n\t\t\t<\/div>\n\t\t<\/div>\n\t\t\t\t\t\t\t\t\t\t<\/div>\n\t\t\t\t\t\t\t\t\t\t\t\t\t\t\t\t\t<div class=\"image-tools grid-tools text-center hide-for-small bottom hover-slide-in show-on-hover\">\n\t\t\t\t\t\t\t\t\t\t\t\t\t\t\t\t\t\t\t<\/div>\n\t\t\t\t\t\t\t\t\t\t\t\t\t\t\t\t\t\t\t\t\t\t\t<\/div>\n\n\t\t\t\t\t\t\t<div class=\"box-text text-center\" >\n\t\t\t\t\t\t\t\t<div class=\"title-wrapper\"><p class=\"name product-title woocommerce-loop-product__title\"><a href=\"https:\/\/www.companhiaatlantica.pt\/de\/produto\/portugiesische-keramik\/keramik-teller\/melides-pasta-teller-22cm-6-teilig\" class=\"woocommerce-LoopProduct-link woocommerce-loop-product__link\">MELIDES Nudelteller &#8211; 6er-Satz<\/a><\/p><\/div><div class=\"price-wrapper\">\n\t<span class=\"price\"><del aria-hidden=\"true\"><span class=\"woocommerce-Price-amount amount\"><bdi>108.00<span class=\"woocommerce-Price-currencySymbol\">&euro;<\/span><\/bdi><\/span><\/del> <span class=\"screen-reader-text\">Urspr\u00fcnglicher Preis war: 108.00&euro;<\/span><ins aria-hidden=\"true\"><span class=\"woocommerce-Price-amount amount\"><bdi>89.00<span class=\"woocommerce-Price-currencySymbol\">&euro;<\/span><\/bdi><\/span><\/ins><span class=\"screen-reader-text\">Aktueller Preis ist: 89.00&euro;.<\/span><\/span>\n<\/div><div class=\"add-to-cart-button\"><a href=\"\/de\/wp-json\/wp\/v2\/pages\/66644?add-to-cart=41235\" aria-describedby=\"woocommerce_loop_add_to_cart_link_describedby_41235\" data-quantity=\"1\" class=\"primary is-small mb-0 button product_type_simple add_to_cart_button ajax_add_to_cart is-outline\" data-product_id=\"41235\" data-product_sku=\"130-923.S6\" aria-label=\"In den Warenkorb legen: \u201eMELIDES Nudelteller - 6er-Satz\u201c\" rel=\"nofollow\" data-success_message=\"\u201eMELIDES Nudelteller - 6er-Satz\u201c wurde deinem Warenkorb hinzugef\u00fcgt\" data-product_name=\"MELIDES Nudelteller - 6er-Satz\" data-product_image=\"https:\/\/www.companhiaatlantica.pt\/wp-content\/uploads\/2022\/04\/DSC0819-150x150.jpg\" role=\"button\">In den Warenkorb<\/a><\/div>\t<span id=\"woocommerce_loop_add_to_cart_link_describedby_41235\" class=\"screen-reader-text\">\n\t\t\t<\/span>\n\t\t\t\t\t\t\t<\/div>\n\t\t\t\t\t\t<\/div>\n\t\t\t\t\t\t<\/div>\n\t\t\t\t\t<\/div><div class=\"col\" >\n\t\t\t\t\t\t<div class=\"col-inner\">\n\t\t\t\t\t\t\n<div class=\"badge-container absolute left top z-1\">\n<div class=\"badge callout badge-circle\">\r\n  \t\t\t<div class=\"badge-inner secondary on-sale\">\r\n  \t\t\t\t<span class=\"onsale\">-18%<\/span>\r\n\t\t\t<\/div>\r\n\t\t<\/div>\r\n\t\t<div class=\"badge callout badge-circle\">\r\n\t\t\t<div class=\"badge-inner callout-new-bg is-small new-bubble\">4 pcs<\/div>\r\n\t\t<\/div>\n<div class=\"badge callout badge-circle\"><div class=\"badge-inner callout-new-bg is-small new-bubble\">4 pcs<\/div><\/div><\/div>\n\t\t\t\t\t\t<div class=\"product-small box has-hover box-normal box-text-bottom\">\n\t\t\t\t\t\t\t<div class=\"box-image\" >\n\t\t\t\t\t\t\t\t<div class=\"\" >\n\t\t\t\t\t\t\t\t\t<a href=\"https:\/\/www.companhiaatlantica.pt\/de\/produto\/portugiesische-keramik\/keramik-kaffeetassen\/gaudi-chavena-und-pires-4-teilig\" aria-label=\"GAUDI Espressotasse und Untertasse - 4er-Set\">\n\t\t\t\t\t\t\t\t\t\t<img loading=\"lazy\" decoding=\"async\" width=\"600\" height=\"600\" src=\"https:\/\/www.companhiaatlantica.pt\/wp-content\/uploads\/2020\/06\/IMG_5369.jpg\" class=\"show-on-hover absolute fill hide-for-small back-image\" alt=\"Alternative view of GAUDI Espressotasse und Untertasse - 4er-Set\" aria-hidden=\"true\" srcset=\"https:\/\/www.companhiaatlantica.pt\/wp-content\/uploads\/2020\/06\/IMG_5369.jpg 600w, https:\/\/www.companhiaatlantica.pt\/wp-content\/uploads\/2020\/06\/IMG_5369-100x100.jpg 100w\" sizes=\"auto, (max-width: 600px) 100vw, 600px\" title=\"\"><img loading=\"lazy\" decoding=\"async\" width=\"596\" height=\"450\" src=\"https:\/\/www.companhiaatlantica.pt\/wp-content\/uploads\/2020\/06\/IMG_5338-596x450.jpg\" class=\"attachment-woocommerce_thumbnail size-woocommerce_thumbnail\" alt=\"GAUDI Espressotasse und Untertasse - 4er-Set\" title=\"\">\t\t\t\t\t\t\t\t\t<\/a>\n\t\t\t\t\t\t\t\t\t\t\t\t\t\t\t\t\t\t \t\t\t\t\t\t\t\t<\/div>\n\t\t\t\t\t\t\t\t<div class=\"image-tools top right show-on-hover\">\n\t\t\t\t\t\t\t\t\t\t\t<div class=\"wishlist-icon\">\n\t\t\t<button class=\"wishlist-button button is-outline circle icon\" aria-label=\"Wunschliste\">\n\t\t\t\t<i class=\"icon-heart\" aria-hidden=\"true\"><\/i>\t\t\t<\/button>\n\t\t\t<div class=\"wishlist-popup dark\">\n\t\t\t\t\n<div\n\tclass=\"yith-wcwl-add-to-wishlist add-to-wishlist-42122 yith-wcwl-add-to-wishlist--button_default-style wishlist-fragment on-first-load\"\n\tdata-fragment-ref=\"42122\"\n\tdata-fragment-options=\"{&quot;base_url&quot;:&quot;&quot;,&quot;product_id&quot;:42122,&quot;parent_product_id&quot;:0,&quot;product_type&quot;:&quot;variable&quot;,&quot;is_single&quot;:false,&quot;in_default_wishlist&quot;:false,&quot;show_view&quot;:false,&quot;browse_wishlist_text&quot;:&quot;Siehe Ihre Wunschliste!&quot;,&quot;already_in_wishslist_text&quot;:&quot;Dieses Produkt steht bereits auf Ihrem Wunschzettel!&quot;,&quot;product_added_text&quot;:&quot;Produto adicionado!&quot;,&quot;available_multi_wishlist&quot;:false,&quot;disable_wishlist&quot;:false,&quot;show_count&quot;:false,&quot;ajax_loading&quot;:false,&quot;loop_position&quot;:&quot;after_add_to_cart&quot;,&quot;item&quot;:&quot;add_to_wishlist&quot;}\"\n>\n\t\t\t\n\t\t\t<!-- ADD TO WISHLIST -->\n\t\t\t\n<div class=\"yith-wcwl-add-button\">\n\t\t<a\n\t\thref=\"?add_to_wishlist=42122&#038;_wpnonce=52d31225f0\"\n\t\tclass=\"add_to_wishlist single_add_to_wishlist alt button theme-button-style \"\n\t\tdata-product-id=\"42122\"\n\t\tdata-product-type=\"variable\"\n\t\tdata-original-product-id=\"0\"\n\t\tdata-title=\"Zu meiner Wunschliste hinzuf\u00fcgen\"\n\t\trel=\"nofollow\"\n\t>\n\t\t<svg id=\"yith-wcwl-icon-heart-outline\" class=\"yith-wcwl-icon-svg\" fill=\"none\" stroke-width=\"1.5\" stroke=\"currentColor\" viewBox=\"0 0 24 24\" xmlns=\"http:\/\/www.w3.org\/2000\/svg\">\n  <path stroke-linecap=\"round\" stroke-linejoin=\"round\" d=\"M21 8.25c0-2.485-2.099-4.5-4.688-4.5-1.935 0-3.597 1.126-4.312 2.733-.715-1.607-2.377-2.733-4.313-2.733C5.1 3.75 3 5.765 3 8.25c0 7.22 9 12 9 12s9-4.78 9-12Z\"><\/path>\n<\/svg>\t\t<span>Zu meiner Wunschliste hinzuf\u00fcgen<\/span>\n\t<\/a>\n<\/div>\n\n\t\t\t<!-- COUNT TEXT -->\n\t\t\t\n\t\t\t<\/div>\n\t\t\t<\/div>\n\t\t<\/div>\n\t\t\t\t\t\t\t\t\t\t<\/div>\n\t\t\t\t\t\t\t\t\t\t\t\t\t\t\t\t\t<div class=\"image-tools grid-tools text-center hide-for-small bottom hover-slide-in show-on-hover\">\n\t\t\t\t\t\t\t\t\t\t\t\t\t\t\t\t\t\t\t<\/div>\n\t\t\t\t\t\t\t\t\t\t\t\t\t\t\t\t\t\t\t\t\t\t\t<\/div>\n\n\t\t\t\t\t\t\t<div class=\"box-text text-center\" >\n\t\t\t\t\t\t\t\t<div class=\"title-wrapper\"><p class=\"name product-title woocommerce-loop-product__title\"><a href=\"https:\/\/www.companhiaatlantica.pt\/de\/produto\/portugiesische-keramik\/keramik-kaffeetassen\/gaudi-chavena-und-pires-4-teilig\" class=\"woocommerce-LoopProduct-link woocommerce-loop-product__link\">GAUDI Espressotasse und Untertasse &#8211; 4er-Set<\/a><\/p><\/div><div class=\"price-wrapper\">\n\t<span class=\"price\"><del aria-hidden=\"true\"><span class=\"woocommerce-Price-amount amount\"><bdi>40.00<span class=\"woocommerce-Price-currencySymbol\">&euro;<\/span><\/bdi><\/span><\/del> <span class=\"screen-reader-text\">Urspr\u00fcnglicher Preis war: 40.00&euro;<\/span><ins aria-hidden=\"true\"><span class=\"woocommerce-Price-amount amount\"><bdi>33.00<span class=\"woocommerce-Price-currencySymbol\">&euro;<\/span><\/bdi><\/span><\/ins><span class=\"screen-reader-text\">Aktueller Preis ist: 33.00&euro;.<\/span><\/span>\n<\/div><div class=\"add-to-cart-button\"><a href=\"https:\/\/www.companhiaatlantica.pt\/de\/produto\/portugiesische-keramik\/keramik-kaffeetassen\/gaudi-chavena-und-pires-4-teilig\" aria-describedby=\"woocommerce_loop_add_to_cart_link_describedby_42122\" data-quantity=\"1\" class=\"primary is-small mb-0 button product_type_variable add_to_cart_button is-outline\" data-product_id=\"42122\" data-product_sku=\"\" aria-label=\"W\u00e4hle Optionen f\u00fcr \u201eGAUDI Espressotasse und Untertasse - 4er-Set\u201c\" rel=\"nofollow\" data-product_name=\"GAUDI Espressotasse und Untertasse - 4er-Set\" data-product_image=\"https:\/\/www.companhiaatlantica.pt\/wp-content\/uploads\/2020\/06\/IMG_5338-150x150.jpg\">Ausf\u00fchrung w\u00e4hlen<\/a><\/div>\t<span id=\"woocommerce_loop_add_to_cart_link_describedby_42122\" class=\"screen-reader-text\">\n\t\tDieses Produkt weist mehrere Varianten auf. Die Optionen k\u00f6nnen auf der Produktseite gew\u00e4hlt werden\t<\/span>\n\t\t\t\t\t\t\t<\/div>\n\t\t\t\t\t\t<\/div>\n\t\t\t\t\t\t<\/div>\n\t\t\t\t\t<\/div><div class=\"col\" >\n\t\t\t\t\t\t<div class=\"col-inner\">\n\t\t\t\t\t\t\n<div class=\"badge-container absolute left top z-1\">\n<div class=\"badge callout badge-circle\">\r\n  \t\t\t<div class=\"badge-inner secondary on-sale\">\r\n  \t\t\t\t<span class=\"onsale\">-19%<\/span>\r\n\t\t\t<\/div>\r\n\t\t<\/div>\r\n\t\t<div class=\"badge callout badge-circle\">\r\n\t\t\t<div class=\"badge-inner callout-new-bg is-small new-bubble\">6 pcs<\/div>\r\n\t\t<\/div>\n<div class=\"badge callout badge-circle\"><div class=\"badge-inner callout-new-bg is-small new-bubble\">6 pcs<\/div><\/div><\/div>\n\t\t\t\t\t\t<div class=\"product-small box has-hover box-normal box-text-bottom\">\n\t\t\t\t\t\t\t<div class=\"box-image\" >\n\t\t\t\t\t\t\t\t<div class=\"\" >\n\t\t\t\t\t\t\t\t\t<a href=\"https:\/\/www.companhiaatlantica.pt\/de\/produto\/portugiesische-keramik\/keramiktasse\/mar-kaffeebecher-500-ml-6er-set\" aria-label=\"MAR Kaffeebecher 500 ml \u2013 6er Set\">\n\t\t\t\t\t\t\t\t\t\t<img loading=\"lazy\" decoding=\"async\" width=\"600\" height=\"600\" src=\"https:\/\/www.companhiaatlantica.pt\/wp-content\/uploads\/2021\/08\/IMG_2478.jpg\" class=\"show-on-hover absolute fill hide-for-small back-image\" alt=\"Alternative view of MAR Kaffeebecher 500 ml \u2013 6er Set\" aria-hidden=\"true\" srcset=\"https:\/\/www.companhiaatlantica.pt\/wp-content\/uploads\/2021\/08\/IMG_2478.jpg 600w, https:\/\/www.companhiaatlantica.pt\/wp-content\/uploads\/2021\/08\/IMG_2478-100x100.jpg 100w\" sizes=\"auto, (max-width: 600px) 100vw, 600px\" title=\"\"><img loading=\"lazy\" decoding=\"async\" width=\"600\" height=\"600\" src=\"https:\/\/www.companhiaatlantica.pt\/wp-content\/uploads\/2021\/08\/IMG_2563.jpg\" class=\"attachment-woocommerce_thumbnail size-woocommerce_thumbnail\" alt=\"MAR Kaffeebecher 500 ml \u2013 6er Set\" srcset=\"https:\/\/www.companhiaatlantica.pt\/wp-content\/uploads\/2021\/08\/IMG_2563.jpg 600w, https:\/\/www.companhiaatlantica.pt\/wp-content\/uploads\/2021\/08\/IMG_2563-100x100.jpg 100w\" sizes=\"auto, (max-width: 600px) 100vw, 600px\" title=\"\">\t\t\t\t\t\t\t\t\t<\/a>\n\t\t\t\t\t\t\t\t\t\t\t\t\t\t\t\t\t\t \t\t\t\t\t\t\t\t<\/div>\n\t\t\t\t\t\t\t\t<div class=\"image-tools top right show-on-hover\">\n\t\t\t\t\t\t\t\t\t\t\t<div class=\"wishlist-icon\">\n\t\t\t<button class=\"wishlist-button button is-outline circle icon\" aria-label=\"Wunschliste\">\n\t\t\t\t<i class=\"icon-heart\" aria-hidden=\"true\"><\/i>\t\t\t<\/button>\n\t\t\t<div class=\"wishlist-popup dark\">\n\t\t\t\t\n<div\n\tclass=\"yith-wcwl-add-to-wishlist add-to-wishlist-59551 yith-wcwl-add-to-wishlist--button_default-style wishlist-fragment on-first-load\"\n\tdata-fragment-ref=\"59551\"\n\tdata-fragment-options=\"{&quot;base_url&quot;:&quot;&quot;,&quot;product_id&quot;:59551,&quot;parent_product_id&quot;:0,&quot;product_type&quot;:&quot;variable&quot;,&quot;is_single&quot;:false,&quot;in_default_wishlist&quot;:false,&quot;show_view&quot;:false,&quot;browse_wishlist_text&quot;:&quot;Siehe Ihre Wunschliste!&quot;,&quot;already_in_wishslist_text&quot;:&quot;Dieses Produkt steht bereits auf Ihrem Wunschzettel!&quot;,&quot;product_added_text&quot;:&quot;Produto adicionado!&quot;,&quot;available_multi_wishlist&quot;:false,&quot;disable_wishlist&quot;:false,&quot;show_count&quot;:false,&quot;ajax_loading&quot;:false,&quot;loop_position&quot;:&quot;after_add_to_cart&quot;,&quot;item&quot;:&quot;add_to_wishlist&quot;}\"\n>\n\t\t\t\n\t\t\t<!-- ADD TO WISHLIST -->\n\t\t\t\n<div class=\"yith-wcwl-add-button\">\n\t\t<a\n\t\thref=\"?add_to_wishlist=59551&#038;_wpnonce=52d31225f0\"\n\t\tclass=\"add_to_wishlist single_add_to_wishlist alt button theme-button-style \"\n\t\tdata-product-id=\"59551\"\n\t\tdata-product-type=\"variable\"\n\t\tdata-original-product-id=\"0\"\n\t\tdata-title=\"Zu meiner Wunschliste hinzuf\u00fcgen\"\n\t\trel=\"nofollow\"\n\t>\n\t\t<svg id=\"yith-wcwl-icon-heart-outline\" class=\"yith-wcwl-icon-svg\" fill=\"none\" stroke-width=\"1.5\" stroke=\"currentColor\" viewBox=\"0 0 24 24\" xmlns=\"http:\/\/www.w3.org\/2000\/svg\">\n  <path stroke-linecap=\"round\" stroke-linejoin=\"round\" d=\"M21 8.25c0-2.485-2.099-4.5-4.688-4.5-1.935 0-3.597 1.126-4.312 2.733-.715-1.607-2.377-2.733-4.313-2.733C5.1 3.75 3 5.765 3 8.25c0 7.22 9 12 9 12s9-4.78 9-12Z\"><\/path>\n<\/svg>\t\t<span>Zu meiner Wunschliste hinzuf\u00fcgen<\/span>\n\t<\/a>\n<\/div>\n\n\t\t\t<!-- COUNT TEXT -->\n\t\t\t\n\t\t\t<\/div>\n\t\t\t<\/div>\n\t\t<\/div>\n\t\t\t\t\t\t\t\t\t\t<\/div>\n\t\t\t\t\t\t\t\t\t\t\t\t\t\t\t\t\t<div class=\"image-tools grid-tools text-center hide-for-small bottom hover-slide-in show-on-hover\">\n\t\t\t\t\t\t\t\t\t\t\t\t\t\t\t\t\t\t\t<\/div>\n\t\t\t\t\t\t\t\t\t\t\t\t\t\t\t\t\t\t\t\t\t\t\t<\/div>\n\n\t\t\t\t\t\t\t<div class=\"box-text text-center\" >\n\t\t\t\t\t\t\t\t<div class=\"title-wrapper\"><p class=\"name product-title woocommerce-loop-product__title\"><a href=\"https:\/\/www.companhiaatlantica.pt\/de\/produto\/portugiesische-keramik\/keramiktasse\/mar-kaffeebecher-500-ml-6er-set\" class=\"woocommerce-LoopProduct-link woocommerce-loop-product__link\">MAR Kaffeebecher 500 ml \u2013 6er Set<\/a><\/p><\/div><div class=\"price-wrapper\">\n\t<span class=\"price\"><del aria-hidden=\"true\"><span class=\"woocommerce-Price-amount amount\"><bdi>108.00<span class=\"woocommerce-Price-currencySymbol\">&euro;<\/span><\/bdi><\/span><\/del> <span class=\"screen-reader-text\">Urspr\u00fcnglicher Preis war: 108.00&euro;<\/span><ins aria-hidden=\"true\"><span class=\"woocommerce-Price-amount amount\"><bdi>87.00<span class=\"woocommerce-Price-currencySymbol\">&euro;<\/span><\/bdi><\/span><\/ins><span class=\"screen-reader-text\">Aktueller Preis ist: 87.00&euro;.<\/span><\/span>\n<\/div><div class=\"add-to-cart-button\"><a href=\"https:\/\/www.companhiaatlantica.pt\/de\/produto\/portugiesische-keramik\/keramiktasse\/mar-kaffeebecher-500-ml-6er-set\" aria-describedby=\"woocommerce_loop_add_to_cart_link_describedby_59551\" data-quantity=\"1\" class=\"primary is-small mb-0 button product_type_variable add_to_cart_button is-outline\" data-product_id=\"59551\" data-product_sku=\"\" aria-label=\"W\u00e4hle Optionen f\u00fcr \u201eMAR Kaffeebecher 500 ml \u2013 6er Set\u201c\" rel=\"nofollow\" data-product_name=\"MAR Kaffeebecher 500 ml \u2013 6er Set\" data-product_image=\"https:\/\/www.companhiaatlantica.pt\/wp-content\/uploads\/2021\/08\/IMG_2563.jpg\">Ausf\u00fchrung w\u00e4hlen<\/a><\/div>\t<span id=\"woocommerce_loop_add_to_cart_link_describedby_59551\" class=\"screen-reader-text\">\n\t\tDieses Produkt weist mehrere Varianten auf. Die Optionen k\u00f6nnen auf der Produktseite gew\u00e4hlt werden\t<\/span>\n\t\t\t\t\t\t\t<\/div>\n\t\t\t\t\t\t<\/div>\n\t\t\t\t\t\t<\/div>\n\t\t\t\t\t<\/div><div class=\"col\" >\n\t\t\t\t\t\t<div class=\"col-inner\">\n\t\t\t\t\t\t\n<div class=\"badge-container absolute left top z-1\">\n<div class=\"badge callout badge-circle\">\r\n  \t\t\t<div class=\"badge-inner secondary on-sale\">\r\n  \t\t\t\t<span class=\"onsale\">-16%<\/span>\r\n\t\t\t<\/div>\r\n\t\t<\/div>\r\n\t\t<div class=\"badge callout badge-circle\">\r\n\t\t\t<div class=\"badge-inner callout-new-bg is-small new-bubble\">6 pcs<\/div>\r\n\t\t<\/div>\n<div class=\"badge callout badge-circle\"><div class=\"badge-inner callout-new-bg is-small new-bubble\">6 pcs<\/div><\/div><\/div>\n\t\t\t\t\t\t<div class=\"product-small box has-hover box-normal box-text-bottom\">\n\t\t\t\t\t\t\t<div class=\"box-image\" >\n\t\t\t\t\t\t\t\t<div class=\"\" >\n\t\t\t\t\t\t\t\t\t<a href=\"https:\/\/www.companhiaatlantica.pt\/de\/produto\/portugiesische-keramik\/keramik-kaffeetassen\/espressotassen-und-untertassen-giro\" aria-label=\"Espressotassen und Untertassen GIRO - Set von 6\">\n\t\t\t\t\t\t\t\t\t\t<img loading=\"lazy\" decoding=\"async\" width=\"700\" height=\"700\" src=\"https:\/\/www.companhiaatlantica.pt\/wp-content\/uploads\/2024\/06\/giro-coffee-cappuccino-bread-plate-700x700.jpg\" class=\"show-on-hover absolute fill hide-for-small back-image\" alt=\"Alternative view of Espressotassen und Untertassen GIRO - Set von 6\" aria-hidden=\"true\" srcset=\"https:\/\/www.companhiaatlantica.pt\/wp-content\/uploads\/2024\/06\/giro-coffee-cappuccino-bread-plate-700x700.jpg 700w, https:\/\/www.companhiaatlantica.pt\/wp-content\/uploads\/2024\/06\/giro-coffee-cappuccino-bread-plate-100x100.jpg 100w, https:\/\/www.companhiaatlantica.pt\/wp-content\/uploads\/2024\/06\/giro-coffee-cappuccino-bread-plate-400x400.jpg 400w, https:\/\/www.companhiaatlantica.pt\/wp-content\/uploads\/2024\/06\/giro-coffee-cappuccino-bread-plate-350x350.jpg 350w, https:\/\/www.companhiaatlantica.pt\/wp-content\/uploads\/2024\/06\/giro-coffee-cappuccino-bread-plate-768x768.jpg 768w, https:\/\/www.companhiaatlantica.pt\/wp-content\/uploads\/2024\/06\/giro-coffee-cappuccino-bread-plate-600x600.jpg 600w, https:\/\/www.companhiaatlantica.pt\/wp-content\/uploads\/2024\/06\/giro-coffee-cappuccino-bread-plate.jpg 900w\" sizes=\"auto, (max-width: 700px) 100vw, 700px\" title=\"\"><img loading=\"lazy\" decoding=\"async\" width=\"700\" height=\"700\" src=\"https:\/\/www.companhiaatlantica.pt\/wp-content\/uploads\/2024\/05\/131-250-set6-700x700.jpg\" class=\"attachment-woocommerce_thumbnail size-woocommerce_thumbnail\" alt=\"Espressotassen und Untertassen GIRO - Set von 6\" srcset=\"https:\/\/www.companhiaatlantica.pt\/wp-content\/uploads\/2024\/05\/131-250-set6-700x700.jpg 700w, https:\/\/www.companhiaatlantica.pt\/wp-content\/uploads\/2024\/05\/131-250-set6-100x100.jpg 100w, https:\/\/www.companhiaatlantica.pt\/wp-content\/uploads\/2024\/05\/131-250-set6-900x900.jpg 900w, https:\/\/www.companhiaatlantica.pt\/wp-content\/uploads\/2024\/05\/131-250-set6-400x400.jpg 400w, https:\/\/www.companhiaatlantica.pt\/wp-content\/uploads\/2024\/05\/131-250-set6-350x350.jpg 350w, https:\/\/www.companhiaatlantica.pt\/wp-content\/uploads\/2024\/05\/131-250-set6-768x768.jpg 768w, https:\/\/www.companhiaatlantica.pt\/wp-content\/uploads\/2024\/05\/131-250-set6.jpg 993w\" sizes=\"auto, (max-width: 700px) 100vw, 700px\" title=\"\">\t\t\t\t\t\t\t\t\t<\/a>\n\t\t\t\t\t\t\t\t\t\t\t\t\t\t\t\t\t\t \t\t\t\t\t\t\t\t<\/div>\n\t\t\t\t\t\t\t\t<div class=\"image-tools top right show-on-hover\">\n\t\t\t\t\t\t\t\t\t\t\t<div class=\"wishlist-icon\">\n\t\t\t<button class=\"wishlist-button button is-outline circle icon\" aria-label=\"Wunschliste\">\n\t\t\t\t<i class=\"icon-heart\" aria-hidden=\"true\"><\/i>\t\t\t<\/button>\n\t\t\t<div class=\"wishlist-popup dark\">\n\t\t\t\t\n<div\n\tclass=\"yith-wcwl-add-to-wishlist add-to-wishlist-58390 yith-wcwl-add-to-wishlist--button_default-style wishlist-fragment on-first-load\"\n\tdata-fragment-ref=\"58390\"\n\tdata-fragment-options=\"{&quot;base_url&quot;:&quot;&quot;,&quot;product_id&quot;:58390,&quot;parent_product_id&quot;:0,&quot;product_type&quot;:&quot;simple&quot;,&quot;is_single&quot;:false,&quot;in_default_wishlist&quot;:false,&quot;show_view&quot;:false,&quot;browse_wishlist_text&quot;:&quot;Siehe Ihre Wunschliste!&quot;,&quot;already_in_wishslist_text&quot;:&quot;Dieses Produkt steht bereits auf Ihrem Wunschzettel!&quot;,&quot;product_added_text&quot;:&quot;Produto adicionado!&quot;,&quot;available_multi_wishlist&quot;:false,&quot;disable_wishlist&quot;:false,&quot;show_count&quot;:false,&quot;ajax_loading&quot;:false,&quot;loop_position&quot;:&quot;after_add_to_cart&quot;,&quot;item&quot;:&quot;add_to_wishlist&quot;}\"\n>\n\t\t\t\n\t\t\t<!-- ADD TO WISHLIST -->\n\t\t\t\n<div class=\"yith-wcwl-add-button\">\n\t\t<a\n\t\thref=\"?add_to_wishlist=58390&#038;_wpnonce=52d31225f0\"\n\t\tclass=\"add_to_wishlist single_add_to_wishlist alt button theme-button-style \"\n\t\tdata-product-id=\"58390\"\n\t\tdata-product-type=\"simple\"\n\t\tdata-original-product-id=\"0\"\n\t\tdata-title=\"Zu meiner Wunschliste hinzuf\u00fcgen\"\n\t\trel=\"nofollow\"\n\t>\n\t\t<svg id=\"yith-wcwl-icon-heart-outline\" class=\"yith-wcwl-icon-svg\" fill=\"none\" stroke-width=\"1.5\" stroke=\"currentColor\" viewBox=\"0 0 24 24\" xmlns=\"http:\/\/www.w3.org\/2000\/svg\">\n  <path stroke-linecap=\"round\" stroke-linejoin=\"round\" d=\"M21 8.25c0-2.485-2.099-4.5-4.688-4.5-1.935 0-3.597 1.126-4.312 2.733-.715-1.607-2.377-2.733-4.313-2.733C5.1 3.75 3 5.765 3 8.25c0 7.22 9 12 9 12s9-4.78 9-12Z\"><\/path>\n<\/svg>\t\t<span>Zu meiner Wunschliste hinzuf\u00fcgen<\/span>\n\t<\/a>\n<\/div>\n\n\t\t\t<!-- COUNT TEXT -->\n\t\t\t\n\t\t\t<\/div>\n\t\t\t<\/div>\n\t\t<\/div>\n\t\t\t\t\t\t\t\t\t\t<\/div>\n\t\t\t\t\t\t\t\t\t\t\t\t\t\t\t\t\t<div class=\"image-tools grid-tools text-center hide-for-small bottom hover-slide-in show-on-hover\">\n\t\t\t\t\t\t\t\t\t\t\t\t\t\t\t\t\t\t\t<\/div>\n\t\t\t\t\t\t\t\t\t\t\t\t\t\t\t\t\t\t\t\t\t\t\t<\/div>\n\n\t\t\t\t\t\t\t<div class=\"box-text text-center\" >\n\t\t\t\t\t\t\t\t<div class=\"title-wrapper\"><p class=\"name product-title woocommerce-loop-product__title\"><a href=\"https:\/\/www.companhiaatlantica.pt\/de\/produto\/portugiesische-keramik\/keramik-kaffeetassen\/espressotassen-und-untertassen-giro\" class=\"woocommerce-LoopProduct-link woocommerce-loop-product__link\">Espressotassen und Untertassen GIRO &#8211; Set von 6<\/a><\/p><\/div><div class=\"price-wrapper\">\n\t<span class=\"price\"><del aria-hidden=\"true\"><span class=\"woocommerce-Price-amount amount\"><bdi>107.40<span class=\"woocommerce-Price-currencySymbol\">&euro;<\/span><\/bdi><\/span><\/del> <span class=\"screen-reader-text\">Urspr\u00fcnglicher Preis war: 107.40&euro;<\/span><ins aria-hidden=\"true\"><span class=\"woocommerce-Price-amount amount\"><bdi>89.90<span class=\"woocommerce-Price-currencySymbol\">&euro;<\/span><\/bdi><\/span><\/ins><span class=\"screen-reader-text\">Aktueller Preis ist: 89.90&euro;.<\/span><\/span>\n<\/div><div class=\"add-to-cart-button\"><a href=\"\/de\/wp-json\/wp\/v2\/pages\/66644?add-to-cart=58390\" aria-describedby=\"woocommerce_loop_add_to_cart_link_describedby_58390\" data-quantity=\"1\" class=\"primary is-small mb-0 button product_type_simple add_to_cart_button ajax_add_to_cart is-outline\" data-product_id=\"58390\" data-product_sku=\"131-250.S6\" aria-label=\"In den Warenkorb legen: \u201eEspressotassen und Untertassen GIRO - Set von 6\u201c\" rel=\"nofollow\" data-success_message=\"\u201eEspressotassen und Untertassen GIRO - Set von 6\u201c wurde deinem Warenkorb hinzugef\u00fcgt\" data-product_name=\"Espressotassen und Untertassen GIRO - Set von 6\" data-product_image=\"https:\/\/www.companhiaatlantica.pt\/wp-content\/uploads\/2024\/05\/131-250-set6-350x350.jpg\" role=\"button\">In den Warenkorb<\/a><\/div>\t<span id=\"woocommerce_loop_add_to_cart_link_describedby_58390\" class=\"screen-reader-text\">\n\t\t\t<\/span>\n\t\t\t\t\t\t\t<\/div>\n\t\t\t\t\t\t<\/div>\n\t\t\t\t\t\t<\/div>\n\t\t\t\t\t<\/div><div class=\"col\" >\n\t\t\t\t\t\t<div class=\"col-inner\">\n\t\t\t\t\t\t\n<div class=\"badge-container absolute left top z-1\">\n<div class=\"badge callout badge-circle\">\r\n  \t\t\t<div class=\"badge-inner secondary on-sale\">\r\n  \t\t\t\t<span class=\"onsale\">-29%<\/span>\r\n\t\t\t<\/div>\r\n\t\t<\/div>\r\n\t\t<div class=\"badge callout badge-circle\">\r\n\t\t\t<div class=\"badge-inner callout-new-bg is-small new-bubble\">6 pcs<\/div>\r\n\t\t<\/div>\n<div class=\"badge callout badge-circle\"><div class=\"badge-inner callout-new-bg is-small new-bubble\">6 pcs<\/div><\/div><\/div>\n\t\t\t\t\t\t<div class=\"product-small box has-hover box-normal box-text-bottom\">\n\t\t\t\t\t\t\t<div class=\"box-image\" >\n\t\t\t\t\t\t\t\t<div class=\"\" >\n\t\t\t\t\t\t\t\t\t<a href=\"https:\/\/www.companhiaatlantica.pt\/de\/produto\/portugiesische-keramik\/keramiktasse\/costa-kaffeebecher-6er-set\" aria-label=\"COSTA Kaffeebecher - 6er Set\">\n\t\t\t\t\t\t\t\t\t\t<img loading=\"lazy\" decoding=\"async\" width=\"600\" height=\"600\" src=\"https:\/\/www.companhiaatlantica.pt\/wp-content\/uploads\/2022\/02\/DSC9836.jpg\" class=\"show-on-hover absolute fill hide-for-small back-image\" alt=\"Alternative view of COSTA Kaffeebecher - 6er Set\" aria-hidden=\"true\" srcset=\"https:\/\/www.companhiaatlantica.pt\/wp-content\/uploads\/2022\/02\/DSC9836.jpg 600w, https:\/\/www.companhiaatlantica.pt\/wp-content\/uploads\/2022\/02\/DSC9836-100x100.jpg 100w\" sizes=\"auto, (max-width: 600px) 100vw, 600px\" title=\"\"><img loading=\"lazy\" decoding=\"async\" width=\"600\" height=\"600\" src=\"https:\/\/www.companhiaatlantica.pt\/wp-content\/uploads\/2022\/02\/DSC9827.jpg\" class=\"attachment-woocommerce_thumbnail size-woocommerce_thumbnail\" alt=\"COSTA Kaffeebecher - 6er Set\" srcset=\"https:\/\/www.companhiaatlantica.pt\/wp-content\/uploads\/2022\/02\/DSC9827.jpg 600w, https:\/\/www.companhiaatlantica.pt\/wp-content\/uploads\/2022\/02\/DSC9827-100x100.jpg 100w\" sizes=\"auto, (max-width: 600px) 100vw, 600px\" title=\"\">\t\t\t\t\t\t\t\t\t<\/a>\n\t\t\t\t\t\t\t\t\t\t\t\t\t\t\t\t\t\t \t\t\t\t\t\t\t\t<\/div>\n\t\t\t\t\t\t\t\t<div class=\"image-tools top right show-on-hover\">\n\t\t\t\t\t\t\t\t\t\t\t<div class=\"wishlist-icon\">\n\t\t\t<button class=\"wishlist-button button is-outline circle icon\" aria-label=\"Wunschliste\">\n\t\t\t\t<i class=\"icon-heart\" aria-hidden=\"true\"><\/i>\t\t\t<\/button>\n\t\t\t<div class=\"wishlist-popup dark\">\n\t\t\t\t\n<div\n\tclass=\"yith-wcwl-add-to-wishlist add-to-wishlist-41262 yith-wcwl-add-to-wishlist--button_default-style wishlist-fragment on-first-load\"\n\tdata-fragment-ref=\"41262\"\n\tdata-fragment-options=\"{&quot;base_url&quot;:&quot;&quot;,&quot;product_id&quot;:41262,&quot;parent_product_id&quot;:0,&quot;product_type&quot;:&quot;simple&quot;,&quot;is_single&quot;:false,&quot;in_default_wishlist&quot;:false,&quot;show_view&quot;:false,&quot;browse_wishlist_text&quot;:&quot;Siehe Ihre Wunschliste!&quot;,&quot;already_in_wishslist_text&quot;:&quot;Dieses Produkt steht bereits auf Ihrem Wunschzettel!&quot;,&quot;product_added_text&quot;:&quot;Produto adicionado!&quot;,&quot;available_multi_wishlist&quot;:false,&quot;disable_wishlist&quot;:false,&quot;show_count&quot;:false,&quot;ajax_loading&quot;:false,&quot;loop_position&quot;:&quot;after_add_to_cart&quot;,&quot;item&quot;:&quot;add_to_wishlist&quot;}\"\n>\n\t\t\t\n\t\t\t<!-- ADD TO WISHLIST -->\n\t\t\t\n<div class=\"yith-wcwl-add-button\">\n\t\t<a\n\t\thref=\"?add_to_wishlist=41262&#038;_wpnonce=52d31225f0\"\n\t\tclass=\"add_to_wishlist single_add_to_wishlist alt button theme-button-style \"\n\t\tdata-product-id=\"41262\"\n\t\tdata-product-type=\"simple\"\n\t\tdata-original-product-id=\"0\"\n\t\tdata-title=\"Zu meiner Wunschliste hinzuf\u00fcgen\"\n\t\trel=\"nofollow\"\n\t>\n\t\t<svg id=\"yith-wcwl-icon-heart-outline\" class=\"yith-wcwl-icon-svg\" fill=\"none\" stroke-width=\"1.5\" stroke=\"currentColor\" viewBox=\"0 0 24 24\" xmlns=\"http:\/\/www.w3.org\/2000\/svg\">\n  <path stroke-linecap=\"round\" stroke-linejoin=\"round\" d=\"M21 8.25c0-2.485-2.099-4.5-4.688-4.5-1.935 0-3.597 1.126-4.312 2.733-.715-1.607-2.377-2.733-4.313-2.733C5.1 3.75 3 5.765 3 8.25c0 7.22 9 12 9 12s9-4.78 9-12Z\"><\/path>\n<\/svg>\t\t<span>Zu meiner Wunschliste hinzuf\u00fcgen<\/span>\n\t<\/a>\n<\/div>\n\n\t\t\t<!-- COUNT TEXT -->\n\t\t\t\n\t\t\t<\/div>\n\t\t\t<\/div>\n\t\t<\/div>\n\t\t\t\t\t\t\t\t\t\t<\/div>\n\t\t\t\t\t\t\t\t\t\t\t\t\t\t\t\t\t<div class=\"image-tools grid-tools text-center hide-for-small bottom hover-slide-in show-on-hover\">\n\t\t\t\t\t\t\t\t\t\t\t\t\t\t\t\t\t\t\t<\/div>\n\t\t\t\t\t\t\t\t\t\t\t\t\t\t\t\t\t\t\t\t\t\t\t<\/div>\n\n\t\t\t\t\t\t\t<div class=\"box-text text-center\" >\n\t\t\t\t\t\t\t\t<div class=\"title-wrapper\"><p class=\"name product-title woocommerce-loop-product__title\"><a href=\"https:\/\/www.companhiaatlantica.pt\/de\/produto\/portugiesische-keramik\/keramiktasse\/costa-kaffeebecher-6er-set\" class=\"woocommerce-LoopProduct-link woocommerce-loop-product__link\">COSTA Kaffeebecher &#8211; 6er Set<\/a><\/p><\/div><div class=\"price-wrapper\">\n\t<span class=\"price\"><del aria-hidden=\"true\"><span class=\"woocommerce-Price-amount amount\"><bdi>84.00<span class=\"woocommerce-Price-currencySymbol\">&euro;<\/span><\/bdi><\/span><\/del> <span class=\"screen-reader-text\">Urspr\u00fcnglicher Preis war: 84.00&euro;<\/span><ins aria-hidden=\"true\"><span class=\"woocommerce-Price-amount amount\"><bdi>60.00<span class=\"woocommerce-Price-currencySymbol\">&euro;<\/span><\/bdi><\/span><\/ins><span class=\"screen-reader-text\">Aktueller Preis ist: 60.00&euro;.<\/span><\/span>\n<\/div><div class=\"add-to-cart-button\"><a href=\"\/de\/wp-json\/wp\/v2\/pages\/66644?add-to-cart=41262\" aria-describedby=\"woocommerce_loop_add_to_cart_link_describedby_41262\" data-quantity=\"1\" class=\"primary is-small mb-0 button product_type_simple add_to_cart_button ajax_add_to_cart is-outline\" data-product_id=\"41262\" data-product_sku=\"130-828.S6\" aria-label=\"In den Warenkorb legen: \u201eCOSTA Kaffeebecher - 6er Set\u201c\" rel=\"nofollow\" data-success_message=\"\u201eCOSTA Kaffeebecher - 6er Set\u201c wurde deinem Warenkorb hinzugef\u00fcgt\" data-product_name=\"COSTA Kaffeebecher - 6er Set\" data-product_image=\"https:\/\/www.companhiaatlantica.pt\/wp-content\/uploads\/2022\/02\/DSC9827.jpg\" role=\"button\">In den Warenkorb<\/a><\/div>\t<span id=\"woocommerce_loop_add_to_cart_link_describedby_41262\" class=\"screen-reader-text\">\n\t\t\t<\/span>\n\t\t\t\t\t\t\t<\/div>\n\t\t\t\t\t\t<\/div>\n\t\t\t\t\t\t<\/div>\n\t\t\t\t\t<\/div><div class=\"col\" >\n\t\t\t\t\t\t<div class=\"col-inner\">\n\t\t\t\t\t\t\n<div class=\"badge-container absolute left top z-1\">\n<div class=\"badge callout badge-circle\">\r\n  \t\t\t<div class=\"badge-inner secondary on-sale\">\r\n  \t\t\t\t<span class=\"onsale\">-16%<\/span>\r\n\t\t\t<\/div>\r\n\t\t<\/div>\r\n\t\t<div class=\"badge callout badge-circle\">\r\n\t\t\t<div class=\"badge-inner callout-new-bg is-small new-bubble\">6 pcs<\/div>\r\n\t\t<\/div>\n<div class=\"badge callout badge-circle\"><div class=\"badge-inner callout-new-bg is-small new-bubble\">6 pcs<\/div><\/div><\/div>\n\t\t\t\t\t\t<div class=\"product-small box has-hover box-normal box-text-bottom\">\n\t\t\t\t\t\t\t<div class=\"box-image\" >\n\t\t\t\t\t\t\t\t<div class=\"\" >\n\t\t\t\t\t\t\t\t\t<a href=\"https:\/\/www.companhiaatlantica.pt\/de\/produto\/portugiesische-keramik\/keramik-teller\/essteller-giro-set-von-6\" aria-label=\"Essteller GIRO - Set von 6\">\n\t\t\t\t\t\t\t\t\t\t<img loading=\"lazy\" decoding=\"async\" width=\"700\" height=\"700\" src=\"https:\/\/www.companhiaatlantica.pt\/wp-content\/uploads\/2024\/06\/giro-dinner-salad-plate-700x700.jpg\" class=\"show-on-hover absolute fill hide-for-small back-image\" alt=\"Alternative view of Essteller GIRO - Set von 6\" aria-hidden=\"true\" srcset=\"https:\/\/www.companhiaatlantica.pt\/wp-content\/uploads\/2024\/06\/giro-dinner-salad-plate-700x700.jpg 700w, https:\/\/www.companhiaatlantica.pt\/wp-content\/uploads\/2024\/06\/giro-dinner-salad-plate-100x100.jpg 100w, https:\/\/www.companhiaatlantica.pt\/wp-content\/uploads\/2024\/06\/giro-dinner-salad-plate-400x400.jpg 400w, https:\/\/www.companhiaatlantica.pt\/wp-content\/uploads\/2024\/06\/giro-dinner-salad-plate-350x350.jpg 350w, https:\/\/www.companhiaatlantica.pt\/wp-content\/uploads\/2024\/06\/giro-dinner-salad-plate-768x768.jpg 768w, https:\/\/www.companhiaatlantica.pt\/wp-content\/uploads\/2024\/06\/giro-dinner-salad-plate-600x600.jpg 600w, https:\/\/www.companhiaatlantica.pt\/wp-content\/uploads\/2024\/06\/giro-dinner-salad-plate.jpg 900w\" sizes=\"auto, (max-width: 700px) 100vw, 700px\" title=\"\"><img loading=\"lazy\" decoding=\"async\" width=\"700\" height=\"700\" src=\"https:\/\/www.companhiaatlantica.pt\/wp-content\/uploads\/2024\/05\/131-246-700x700.jpg\" class=\"attachment-woocommerce_thumbnail size-woocommerce_thumbnail\" alt=\"Essteller GIRO - Set von 6\" srcset=\"https:\/\/www.companhiaatlantica.pt\/wp-content\/uploads\/2024\/05\/131-246-700x700.jpg 700w, https:\/\/www.companhiaatlantica.pt\/wp-content\/uploads\/2024\/05\/131-246-100x100.jpg 100w, https:\/\/www.companhiaatlantica.pt\/wp-content\/uploads\/2024\/05\/131-246-400x400.jpg 400w, https:\/\/www.companhiaatlantica.pt\/wp-content\/uploads\/2024\/05\/131-246-350x350.jpg 350w, https:\/\/www.companhiaatlantica.pt\/wp-content\/uploads\/2024\/05\/131-246-768x768.jpg 768w, https:\/\/www.companhiaatlantica.pt\/wp-content\/uploads\/2024\/05\/131-246-600x600.jpg 600w, https:\/\/www.companhiaatlantica.pt\/wp-content\/uploads\/2024\/05\/131-246.jpg 800w\" sizes=\"auto, (max-width: 700px) 100vw, 700px\" title=\"\">\t\t\t\t\t\t\t\t\t<\/a>\n\t\t\t\t\t\t\t\t\t\t\t\t\t\t\t\t\t\t \t\t\t\t\t\t\t\t<\/div>\n\t\t\t\t\t\t\t\t<div class=\"image-tools top right show-on-hover\">\n\t\t\t\t\t\t\t\t\t\t\t<div class=\"wishlist-icon\">\n\t\t\t<button class=\"wishlist-button button is-outline circle icon\" aria-label=\"Wunschliste\">\n\t\t\t\t<i class=\"icon-heart\" aria-hidden=\"true\"><\/i>\t\t\t<\/button>\n\t\t\t<div class=\"wishlist-popup dark\">\n\t\t\t\t\n<div\n\tclass=\"yith-wcwl-add-to-wishlist add-to-wishlist-58806 yith-wcwl-add-to-wishlist--button_default-style wishlist-fragment on-first-load\"\n\tdata-fragment-ref=\"58806\"\n\tdata-fragment-options=\"{&quot;base_url&quot;:&quot;&quot;,&quot;product_id&quot;:58806,&quot;parent_product_id&quot;:0,&quot;product_type&quot;:&quot;simple&quot;,&quot;is_single&quot;:false,&quot;in_default_wishlist&quot;:false,&quot;show_view&quot;:false,&quot;browse_wishlist_text&quot;:&quot;Siehe Ihre Wunschliste!&quot;,&quot;already_in_wishslist_text&quot;:&quot;Dieses Produkt steht bereits auf Ihrem Wunschzettel!&quot;,&quot;product_added_text&quot;:&quot;Produto adicionado!&quot;,&quot;available_multi_wishlist&quot;:false,&quot;disable_wishlist&quot;:false,&quot;show_count&quot;:false,&quot;ajax_loading&quot;:false,&quot;loop_position&quot;:&quot;after_add_to_cart&quot;,&quot;item&quot;:&quot;add_to_wishlist&quot;}\"\n>\n\t\t\t\n\t\t\t<!-- ADD TO WISHLIST -->\n\t\t\t\n<div class=\"yith-wcwl-add-button\">\n\t\t<a\n\t\thref=\"?add_to_wishlist=58806&#038;_wpnonce=52d31225f0\"\n\t\tclass=\"add_to_wishlist single_add_to_wishlist alt button theme-button-style \"\n\t\tdata-product-id=\"58806\"\n\t\tdata-product-type=\"simple\"\n\t\tdata-original-product-id=\"0\"\n\t\tdata-title=\"Zu meiner Wunschliste hinzuf\u00fcgen\"\n\t\trel=\"nofollow\"\n\t>\n\t\t<svg id=\"yith-wcwl-icon-heart-outline\" class=\"yith-wcwl-icon-svg\" fill=\"none\" stroke-width=\"1.5\" stroke=\"currentColor\" viewBox=\"0 0 24 24\" xmlns=\"http:\/\/www.w3.org\/2000\/svg\">\n  <path stroke-linecap=\"round\" stroke-linejoin=\"round\" d=\"M21 8.25c0-2.485-2.099-4.5-4.688-4.5-1.935 0-3.597 1.126-4.312 2.733-.715-1.607-2.377-2.733-4.313-2.733C5.1 3.75 3 5.765 3 8.25c0 7.22 9 12 9 12s9-4.78 9-12Z\"><\/path>\n<\/svg>\t\t<span>Zu meiner Wunschliste hinzuf\u00fcgen<\/span>\n\t<\/a>\n<\/div>\n\n\t\t\t<!-- COUNT TEXT -->\n\t\t\t\n\t\t\t<\/div>\n\t\t\t<\/div>\n\t\t<\/div>\n\t\t\t\t\t\t\t\t\t\t<\/div>\n\t\t\t\t\t\t\t\t\t\t\t\t\t\t\t\t\t<div class=\"image-tools grid-tools text-center hide-for-small bottom hover-slide-in show-on-hover\">\n\t\t\t\t\t\t\t\t\t\t\t\t\t\t\t\t\t\t\t<\/div>\n\t\t\t\t\t\t\t\t\t\t\t\t\t\t\t\t\t\t\t\t\t\t\t<\/div>\n\n\t\t\t\t\t\t\t<div class=\"box-text text-center\" >\n\t\t\t\t\t\t\t\t<div class=\"title-wrapper\"><p class=\"name product-title woocommerce-loop-product__title\"><a href=\"https:\/\/www.companhiaatlantica.pt\/de\/produto\/portugiesische-keramik\/keramik-teller\/essteller-giro-set-von-6\" class=\"woocommerce-LoopProduct-link woocommerce-loop-product__link\">Essteller GIRO &#8211; Set von 6<\/a><\/p><\/div><div class=\"price-wrapper\">\n\t<span class=\"price\"><del aria-hidden=\"true\"><span class=\"woocommerce-Price-amount amount\"><bdi>131.40<span class=\"woocommerce-Price-currencySymbol\">&euro;<\/span><\/bdi><\/span><\/del> <span class=\"screen-reader-text\">Urspr\u00fcnglicher Preis war: 131.40&euro;<\/span><ins aria-hidden=\"true\"><span class=\"woocommerce-Price-amount amount\"><bdi>110.90<span class=\"woocommerce-Price-currencySymbol\">&euro;<\/span><\/bdi><\/span><\/ins><span class=\"screen-reader-text\">Aktueller Preis ist: 110.90&euro;.<\/span><\/span>\n<\/div><div class=\"add-to-cart-button\"><a href=\"\/de\/wp-json\/wp\/v2\/pages\/66644?add-to-cart=58806\" aria-describedby=\"woocommerce_loop_add_to_cart_link_describedby_58806\" data-quantity=\"1\" class=\"primary is-small mb-0 button product_type_simple add_to_cart_button ajax_add_to_cart is-outline\" data-product_id=\"58806\" data-product_sku=\"131-246.S6\" aria-label=\"In den Warenkorb legen: \u201eEssteller GIRO - Set von 6\u201c\" rel=\"nofollow\" data-success_message=\"\u201eEssteller GIRO - Set von 6\u201c wurde deinem Warenkorb hinzugef\u00fcgt\" data-product_name=\"Essteller GIRO - Set von 6\" data-product_image=\"https:\/\/www.companhiaatlantica.pt\/wp-content\/uploads\/2024\/05\/131-246-350x350.jpg\" role=\"button\">In den Warenkorb<\/a><\/div>\t<span id=\"woocommerce_loop_add_to_cart_link_describedby_58806\" class=\"screen-reader-text\">\n\t\t\t<\/span>\n\t\t\t\t\t\t\t<\/div>\n\t\t\t\t\t\t<\/div>\n\t\t\t\t\t\t<\/div>\n\t\t\t\t\t<\/div><div class=\"col\" >\n\t\t\t\t\t\t<div class=\"col-inner\">\n\t\t\t\t\t\t\n<div class=\"badge-container absolute left top z-1\">\n<div class=\"badge callout badge-circle\">\r\n  \t\t\t<div class=\"badge-inner secondary on-sale\">\r\n  \t\t\t\t<span class=\"onsale\">-16%<\/span>\r\n\t\t\t<\/div>\r\n\t\t<\/div>\r\n\t\t<div class=\"badge callout badge-circle\">\r\n\t\t\t<div class=\"badge-inner callout-new-bg is-small new-bubble\">NEW<\/div>\r\n\t\t<\/div>\n<div class=\"badge callout badge-circle\"><div class=\"badge-inner callout-new-bg is-small new-bubble\">NEW<\/div><\/div><\/div>\n\t\t\t\t\t\t<div class=\"product-small box has-hover box-normal box-text-bottom\">\n\t\t\t\t\t\t\t<div class=\"box-image\" >\n\t\t\t\t\t\t\t\t<div class=\"\" >\n\t\t\t\t\t\t\t\t\t<a href=\"https:\/\/www.companhiaatlantica.pt\/de\/produto\/portugiesische-keramik\/keramik-schussel\/giro-pasta-schale-oe24-6er-set\" aria-label=\"GIRO Pasta-Schale \u00d824 \u2013 6er-Set\">\n\t\t\t\t\t\t\t\t\t\t<img loading=\"lazy\" decoding=\"async\" width=\"700\" height=\"700\" src=\"https:\/\/www.companhiaatlantica.pt\/wp-content\/uploads\/2024\/06\/giro-collection2-700x700.jpg\" class=\"show-on-hover absolute fill hide-for-small back-image\" alt=\"Alternative view of GIRO Pasta-Schale \u00d824 \u2013 6er-Set\" aria-hidden=\"true\" srcset=\"https:\/\/www.companhiaatlantica.pt\/wp-content\/uploads\/2024\/06\/giro-collection2-700x700.jpg 700w, https:\/\/www.companhiaatlantica.pt\/wp-content\/uploads\/2024\/06\/giro-collection2-100x100.jpg 100w, https:\/\/www.companhiaatlantica.pt\/wp-content\/uploads\/2024\/06\/giro-collection2-400x400.jpg 400w, https:\/\/www.companhiaatlantica.pt\/wp-content\/uploads\/2024\/06\/giro-collection2-350x350.jpg 350w, https:\/\/www.companhiaatlantica.pt\/wp-content\/uploads\/2024\/06\/giro-collection2-768x768.jpg 768w, https:\/\/www.companhiaatlantica.pt\/wp-content\/uploads\/2024\/06\/giro-collection2-600x600.jpg 600w, https:\/\/www.companhiaatlantica.pt\/wp-content\/uploads\/2024\/06\/giro-collection2.jpg 900w\" sizes=\"auto, (max-width: 700px) 100vw, 700px\" title=\"\"><img loading=\"lazy\" decoding=\"async\" width=\"700\" height=\"700\" src=\"https:\/\/www.companhiaatlantica.pt\/wp-content\/uploads\/2024\/05\/131-249-700x700.jpg\" class=\"attachment-woocommerce_thumbnail size-woocommerce_thumbnail\" alt=\"GIRO Pasta-Schale \u00d824 \u2013 6er-Set\" srcset=\"https:\/\/www.companhiaatlantica.pt\/wp-content\/uploads\/2024\/05\/131-249-700x700.jpg 700w, https:\/\/www.companhiaatlantica.pt\/wp-content\/uploads\/2024\/05\/131-249-100x100.jpg 100w, https:\/\/www.companhiaatlantica.pt\/wp-content\/uploads\/2024\/05\/131-249-400x400.jpg 400w, https:\/\/www.companhiaatlantica.pt\/wp-content\/uploads\/2024\/05\/131-249-350x350.jpg 350w, https:\/\/www.companhiaatlantica.pt\/wp-content\/uploads\/2024\/05\/131-249-768x768.jpg 768w, https:\/\/www.companhiaatlantica.pt\/wp-content\/uploads\/2024\/05\/131-249-600x600.jpg 600w, https:\/\/www.companhiaatlantica.pt\/wp-content\/uploads\/2024\/05\/131-249.jpg 800w\" sizes=\"auto, (max-width: 700px) 100vw, 700px\" title=\"\">\t\t\t\t\t\t\t\t\t<\/a>\n\t\t\t\t\t\t\t\t\t\t\t\t\t\t\t\t\t\t \t\t\t\t\t\t\t\t<\/div>\n\t\t\t\t\t\t\t\t<div class=\"image-tools top right show-on-hover\">\n\t\t\t\t\t\t\t\t\t\t\t<div class=\"wishlist-icon\">\n\t\t\t<button class=\"wishlist-button button is-outline circle icon\" aria-label=\"Wunschliste\">\n\t\t\t\t<i class=\"icon-heart\" aria-hidden=\"true\"><\/i>\t\t\t<\/button>\n\t\t\t<div class=\"wishlist-popup dark\">\n\t\t\t\t\n<div\n\tclass=\"yith-wcwl-add-to-wishlist add-to-wishlist-58811 yith-wcwl-add-to-wishlist--button_default-style wishlist-fragment on-first-load\"\n\tdata-fragment-ref=\"58811\"\n\tdata-fragment-options=\"{&quot;base_url&quot;:&quot;&quot;,&quot;product_id&quot;:58811,&quot;parent_product_id&quot;:0,&quot;product_type&quot;:&quot;simple&quot;,&quot;is_single&quot;:false,&quot;in_default_wishlist&quot;:false,&quot;show_view&quot;:false,&quot;browse_wishlist_text&quot;:&quot;Siehe Ihre Wunschliste!&quot;,&quot;already_in_wishslist_text&quot;:&quot;Dieses Produkt steht bereits auf Ihrem Wunschzettel!&quot;,&quot;product_added_text&quot;:&quot;Produto adicionado!&quot;,&quot;available_multi_wishlist&quot;:false,&quot;disable_wishlist&quot;:false,&quot;show_count&quot;:false,&quot;ajax_loading&quot;:false,&quot;loop_position&quot;:&quot;after_add_to_cart&quot;,&quot;item&quot;:&quot;add_to_wishlist&quot;}\"\n>\n\t\t\t\n\t\t\t<!-- ADD TO WISHLIST -->\n\t\t\t\n<div class=\"yith-wcwl-add-button\">\n\t\t<a\n\t\thref=\"?add_to_wishlist=58811&#038;_wpnonce=52d31225f0\"\n\t\tclass=\"add_to_wishlist single_add_to_wishlist alt button theme-button-style \"\n\t\tdata-product-id=\"58811\"\n\t\tdata-product-type=\"simple\"\n\t\tdata-original-product-id=\"0\"\n\t\tdata-title=\"Zu meiner Wunschliste hinzuf\u00fcgen\"\n\t\trel=\"nofollow\"\n\t>\n\t\t<svg id=\"yith-wcwl-icon-heart-outline\" class=\"yith-wcwl-icon-svg\" fill=\"none\" stroke-width=\"1.5\" stroke=\"currentColor\" viewBox=\"0 0 24 24\" xmlns=\"http:\/\/www.w3.org\/2000\/svg\">\n  <path stroke-linecap=\"round\" stroke-linejoin=\"round\" d=\"M21 8.25c0-2.485-2.099-4.5-4.688-4.5-1.935 0-3.597 1.126-4.312 2.733-.715-1.607-2.377-2.733-4.313-2.733C5.1 3.75 3 5.765 3 8.25c0 7.22 9 12 9 12s9-4.78 9-12Z\"><\/path>\n<\/svg>\t\t<span>Zu meiner Wunschliste hinzuf\u00fcgen<\/span>\n\t<\/a>\n<\/div>\n\n\t\t\t<!-- COUNT TEXT -->\n\t\t\t\n\t\t\t<\/div>\n\t\t\t<\/div>\n\t\t<\/div>\n\t\t\t\t\t\t\t\t\t\t<\/div>\n\t\t\t\t\t\t\t\t\t\t\t\t\t\t\t\t\t<div class=\"image-tools grid-tools text-center hide-for-small bottom hover-slide-in show-on-hover\">\n\t\t\t\t\t\t\t\t\t\t\t\t\t\t\t\t\t\t\t<\/div>\n\t\t\t\t\t\t\t\t\t\t\t\t\t\t\t\t\t\t\t\t\t\t\t<\/div>\n\n\t\t\t\t\t\t\t<div class=\"box-text text-center\" >\n\t\t\t\t\t\t\t\t<div class=\"title-wrapper\"><p class=\"name product-title woocommerce-loop-product__title\"><a href=\"https:\/\/www.companhiaatlantica.pt\/de\/produto\/portugiesische-keramik\/keramik-schussel\/giro-pasta-schale-oe24-6er-set\" class=\"woocommerce-LoopProduct-link woocommerce-loop-product__link\">GIRO Pasta-Schale \u00d824 \u2013 6er-Set<\/a><\/p><\/div><div class=\"price-wrapper\">\n\t<span class=\"price\"><del aria-hidden=\"true\"><span class=\"woocommerce-Price-amount amount\"><bdi>131.40<span class=\"woocommerce-Price-currencySymbol\">&euro;<\/span><\/bdi><\/span><\/del> <span class=\"screen-reader-text\">Urspr\u00fcnglicher Preis war: 131.40&euro;<\/span><ins aria-hidden=\"true\"><span class=\"woocommerce-Price-amount amount\"><bdi>110.90<span class=\"woocommerce-Price-currencySymbol\">&euro;<\/span><\/bdi><\/span><\/ins><span class=\"screen-reader-text\">Aktueller Preis ist: 110.90&euro;.<\/span><\/span>\n<\/div><div class=\"add-to-cart-button\"><a href=\"\/de\/wp-json\/wp\/v2\/pages\/66644?add-to-cart=58811\" aria-describedby=\"woocommerce_loop_add_to_cart_link_describedby_58811\" data-quantity=\"1\" class=\"primary is-small mb-0 button product_type_simple add_to_cart_button ajax_add_to_cart is-outline\" data-product_id=\"58811\" data-product_sku=\"131-249.S6\" aria-label=\"In den Warenkorb legen: \u201eGIRO Pasta-Schale \u00d824 \u2013 6er-Set\u201c\" rel=\"nofollow\" data-success_message=\"\u201eGIRO Pasta-Schale \u00d824 \u2013 6er-Set\u201c wurde deinem Warenkorb hinzugef\u00fcgt\" data-product_name=\"GIRO Pasta-Schale \u00d824 \u2013 6er-Set\" data-product_image=\"https:\/\/www.companhiaatlantica.pt\/wp-content\/uploads\/2024\/05\/131-249-350x350.jpg\" role=\"button\">In den Warenkorb<\/a><\/div>\t<span id=\"woocommerce_loop_add_to_cart_link_describedby_58811\" class=\"screen-reader-text\">\n\t\t\t<\/span>\n\t\t\t\t\t\t\t<\/div>\n\t\t\t\t\t\t<\/div>\n\t\t\t\t\t\t<\/div>\n\t\t\t\t\t<\/div><div class=\"col\" >\n\t\t\t\t\t\t<div class=\"col-inner\">\n\t\t\t\t\t\t\n<div class=\"badge-container absolute left top z-1\">\n<div class=\"badge callout badge-circle\">\r\n  \t\t\t<div class=\"badge-inner secondary on-sale\">\r\n  \t\t\t\t<span class=\"onsale\">-50%<\/span>\r\n\t\t\t<\/div>\r\n\t\t<\/div>\r\n\t\t<div class=\"badge callout badge-circle\">\r\n\t\t\t<div class=\"badge-inner callout-new-bg is-small new-bubble\">1 pc<\/div>\r\n\t\t<\/div>\n<\/div>\n\t\t\t\t\t\t<div class=\"product-small box has-hover box-normal box-text-bottom\">\n\t\t\t\t\t\t\t<div class=\"box-image\" >\n\t\t\t\t\t\t\t\t<div class=\"\" >\n\t\t\t\t\t\t\t\t\t<a href=\"https:\/\/www.companhiaatlantica.pt\/de\/produto\/portugiesische-keramik\/keramik-teller\/dessertteller-plantoir\" aria-label=\"Dessertteller PLANTOIR\">\n\t\t\t\t\t\t\t\t\t\t<img loading=\"lazy\" decoding=\"async\" width=\"600\" height=\"600\" src=\"https:\/\/www.companhiaatlantica.pt\/wp-content\/uploads\/2019\/09\/130-465_2.jpg\" class=\"show-on-hover absolute fill hide-for-small back-image\" alt=\"Alternative view of Dessertteller PLANTOIR\" aria-hidden=\"true\" srcset=\"https:\/\/www.companhiaatlantica.pt\/wp-content\/uploads\/2019\/09\/130-465_2.jpg 600w, https:\/\/www.companhiaatlantica.pt\/wp-content\/uploads\/2019\/09\/130-465_2-100x100.jpg 100w\" sizes=\"auto, (max-width: 600px) 100vw, 600px\" title=\"\"><img loading=\"lazy\" decoding=\"async\" width=\"600\" height=\"600\" src=\"https:\/\/www.companhiaatlantica.pt\/wp-content\/uploads\/2019\/09\/130-465_1.jpg\" class=\"attachment-woocommerce_thumbnail size-woocommerce_thumbnail\" alt=\"Dessertteller PLANTOIR\" srcset=\"https:\/\/www.companhiaatlantica.pt\/wp-content\/uploads\/2019\/09\/130-465_1.jpg 600w, https:\/\/www.companhiaatlantica.pt\/wp-content\/uploads\/2019\/09\/130-465_1-100x100.jpg 100w\" sizes=\"auto, (max-width: 600px) 100vw, 600px\" title=\"\">\t\t\t\t\t\t\t\t\t<\/a>\n\t\t\t\t\t\t\t\t\t\t\t\t\t\t\t\t\t\t \t\t\t\t\t\t\t\t<\/div>\n\t\t\t\t\t\t\t\t<div class=\"image-tools top right show-on-hover\">\n\t\t\t\t\t\t\t\t\t\t\t<div class=\"wishlist-icon\">\n\t\t\t<button class=\"wishlist-button button is-outline circle icon\" aria-label=\"Wunschliste\">\n\t\t\t\t<i class=\"icon-heart\" aria-hidden=\"true\"><\/i>\t\t\t<\/button>\n\t\t\t<div class=\"wishlist-popup dark\">\n\t\t\t\t\n<div\n\tclass=\"yith-wcwl-add-to-wishlist add-to-wishlist-42094 yith-wcwl-add-to-wishlist--button_default-style wishlist-fragment on-first-load\"\n\tdata-fragment-ref=\"42094\"\n\tdata-fragment-options=\"{&quot;base_url&quot;:&quot;&quot;,&quot;product_id&quot;:42094,&quot;parent_product_id&quot;:0,&quot;product_type&quot;:&quot;simple&quot;,&quot;is_single&quot;:false,&quot;in_default_wishlist&quot;:false,&quot;show_view&quot;:false,&quot;browse_wishlist_text&quot;:&quot;Siehe Ihre Wunschliste!&quot;,&quot;already_in_wishslist_text&quot;:&quot;Dieses Produkt steht bereits auf Ihrem Wunschzettel!&quot;,&quot;product_added_text&quot;:&quot;Produto adicionado!&quot;,&quot;available_multi_wishlist&quot;:false,&quot;disable_wishlist&quot;:false,&quot;show_count&quot;:false,&quot;ajax_loading&quot;:false,&quot;loop_position&quot;:&quot;after_add_to_cart&quot;,&quot;item&quot;:&quot;add_to_wishlist&quot;}\"\n>\n\t\t\t\n\t\t\t<!-- ADD TO WISHLIST -->\n\t\t\t\n<div class=\"yith-wcwl-add-button\">\n\t\t<a\n\t\thref=\"?add_to_wishlist=42094&#038;_wpnonce=52d31225f0\"\n\t\tclass=\"add_to_wishlist single_add_to_wishlist alt button theme-button-style \"\n\t\tdata-product-id=\"42094\"\n\t\tdata-product-type=\"simple\"\n\t\tdata-original-product-id=\"0\"\n\t\tdata-title=\"Zu meiner Wunschliste hinzuf\u00fcgen\"\n\t\trel=\"nofollow\"\n\t>\n\t\t<svg id=\"yith-wcwl-icon-heart-outline\" class=\"yith-wcwl-icon-svg\" fill=\"none\" stroke-width=\"1.5\" stroke=\"currentColor\" viewBox=\"0 0 24 24\" xmlns=\"http:\/\/www.w3.org\/2000\/svg\">\n  <path stroke-linecap=\"round\" stroke-linejoin=\"round\" d=\"M21 8.25c0-2.485-2.099-4.5-4.688-4.5-1.935 0-3.597 1.126-4.312 2.733-.715-1.607-2.377-2.733-4.313-2.733C5.1 3.75 3 5.765 3 8.25c0 7.22 9 12 9 12s9-4.78 9-12Z\"><\/path>\n<\/svg>\t\t<span>Zu meiner Wunschliste hinzuf\u00fcgen<\/span>\n\t<\/a>\n<\/div>\n\n\t\t\t<!-- COUNT TEXT -->\n\t\t\t\n\t\t\t<\/div>\n\t\t\t<\/div>\n\t\t<\/div>\n\t\t\t\t\t\t\t\t\t\t<\/div>\n\t\t\t\t\t\t\t\t\t\t\t\t\t\t\t\t\t<div class=\"image-tools grid-tools text-center hide-for-small bottom hover-slide-in show-on-hover\">\n\t\t\t\t\t\t\t\t\t\t\t\t\t\t\t\t\t\t\t<\/div>\n\t\t\t\t\t\t\t\t\t\t\t\t\t\t\t\t\t\t\t\t\t\t\t<\/div>\n\n\t\t\t\t\t\t\t<div class=\"box-text text-center\" >\n\t\t\t\t\t\t\t\t<div class=\"title-wrapper\"><p class=\"name product-title woocommerce-loop-product__title\"><a href=\"https:\/\/www.companhiaatlantica.pt\/de\/produto\/portugiesische-keramik\/keramik-teller\/dessertteller-plantoir\" class=\"woocommerce-LoopProduct-link woocommerce-loop-product__link\">Dessertteller PLANTOIR<\/a><\/p><\/div><div class=\"price-wrapper\">\n\t<span class=\"price\"><del aria-hidden=\"true\"><span class=\"woocommerce-Price-amount amount\"><bdi>12.00<span class=\"woocommerce-Price-currencySymbol\">&euro;<\/span><\/bdi><\/span><\/del> <span class=\"screen-reader-text\">Urspr\u00fcnglicher Preis war: 12.00&euro;<\/span><ins aria-hidden=\"true\"><span class=\"woocommerce-Price-amount amount\"><bdi>5.99<span class=\"woocommerce-Price-currencySymbol\">&euro;<\/span><\/bdi><\/span><\/ins><span class=\"screen-reader-text\">Aktueller Preis ist: 5.99&euro;.<\/span><\/span>\n<\/div><div class=\"add-to-cart-button\"><a href=\"\/de\/wp-json\/wp\/v2\/pages\/66644?add-to-cart=42094\" aria-describedby=\"woocommerce_loop_add_to_cart_link_describedby_42094\" data-quantity=\"1\" class=\"primary is-small mb-0 button product_type_simple add_to_cart_button ajax_add_to_cart is-outline\" data-product_id=\"42094\" data-product_sku=\"130-465\" aria-label=\"In den Warenkorb legen: \u201eDessertteller PLANTOIR\u201c\" rel=\"nofollow\" data-success_message=\"\u201eDessertteller PLANTOIR\u201c wurde deinem Warenkorb hinzugef\u00fcgt\" data-product_name=\"Dessertteller PLANTOIR\" data-product_image=\"https:\/\/www.companhiaatlantica.pt\/wp-content\/uploads\/2019\/09\/130-465_1.jpg\" role=\"button\">In den Warenkorb<\/a><\/div>\t<span id=\"woocommerce_loop_add_to_cart_link_describedby_42094\" class=\"screen-reader-text\">\n\t\t\t<\/span>\n\t\t\t\t\t\t\t<\/div>\n\t\t\t\t\t\t<\/div>\n\t\t\t\t\t\t<\/div>\n\t\t\t\t\t<\/div><div class=\"col\" >\n\t\t\t\t\t\t<div class=\"col-inner\">\n\t\t\t\t\t\t\n<div class=\"badge-container absolute left top z-1\">\n<div class=\"badge callout badge-circle\">\r\n  \t\t\t<div class=\"badge-inner secondary on-sale\">\r\n  \t\t\t\t<span class=\"onsale\">-15%<\/span>\r\n\t\t\t<\/div>\r\n\t\t<\/div>\r\n\t\t<div class=\"badge callout badge-circle\">\r\n\t\t\t<div class=\"badge-inner callout-new-bg is-small new-bubble\">6 pcs<\/div>\r\n\t\t<\/div>\n<div class=\"badge callout badge-circle\"><div class=\"badge-inner callout-new-bg is-small new-bubble\">6 pcs<\/div><\/div><\/div>\n\t\t\t\t\t\t<div class=\"product-small box has-hover box-normal box-text-bottom\">\n\t\t\t\t\t\t\t<div class=\"box-image\" >\n\t\t\t\t\t\t\t\t<div class=\"\" >\n\t\t\t\t\t\t\t\t\t<a href=\"https:\/\/www.companhiaatlantica.pt\/de\/produto\/portugiesische-keramik\/keramik-schussel\/giro-schale-6er-set\" aria-label=\"GIRO Schale \u00d815.5 \u2013 6er-Set\">\n\t\t\t\t\t\t\t\t\t\t<img loading=\"lazy\" decoding=\"async\" width=\"700\" height=\"700\" src=\"https:\/\/www.companhiaatlantica.pt\/wp-content\/uploads\/2024\/06\/giro-bowl-cruet-700x700.jpg\" class=\"show-on-hover absolute fill hide-for-small back-image\" alt=\"Alternative view of GIRO Schale \u00d815.5 \u2013 6er-Set\" aria-hidden=\"true\" srcset=\"https:\/\/www.companhiaatlantica.pt\/wp-content\/uploads\/2024\/06\/giro-bowl-cruet-700x700.jpg 700w, https:\/\/www.companhiaatlantica.pt\/wp-content\/uploads\/2024\/06\/giro-bowl-cruet-100x100.jpg 100w, https:\/\/www.companhiaatlantica.pt\/wp-content\/uploads\/2024\/06\/giro-bowl-cruet-400x400.jpg 400w, https:\/\/www.companhiaatlantica.pt\/wp-content\/uploads\/2024\/06\/giro-bowl-cruet-350x350.jpg 350w, https:\/\/www.companhiaatlantica.pt\/wp-content\/uploads\/2024\/06\/giro-bowl-cruet-768x768.jpg 768w, https:\/\/www.companhiaatlantica.pt\/wp-content\/uploads\/2024\/06\/giro-bowl-cruet-600x600.jpg 600w, https:\/\/www.companhiaatlantica.pt\/wp-content\/uploads\/2024\/06\/giro-bowl-cruet.jpg 900w\" sizes=\"auto, (max-width: 700px) 100vw, 700px\" title=\"\"><img loading=\"lazy\" decoding=\"async\" width=\"700\" height=\"700\" src=\"https:\/\/www.companhiaatlantica.pt\/wp-content\/uploads\/2024\/05\/131-248-700x700.jpg\" class=\"attachment-woocommerce_thumbnail size-woocommerce_thumbnail\" alt=\"GIRO Schale \u00d815.5 \u2013 6er-Set\" srcset=\"https:\/\/www.companhiaatlantica.pt\/wp-content\/uploads\/2024\/05\/131-248-700x700.jpg 700w, https:\/\/www.companhiaatlantica.pt\/wp-content\/uploads\/2024\/05\/131-248-100x100.jpg 100w, https:\/\/www.companhiaatlantica.pt\/wp-content\/uploads\/2024\/05\/131-248-400x400.jpg 400w, https:\/\/www.companhiaatlantica.pt\/wp-content\/uploads\/2024\/05\/131-248-350x350.jpg 350w, https:\/\/www.companhiaatlantica.pt\/wp-content\/uploads\/2024\/05\/131-248-768x768.jpg 768w, https:\/\/www.companhiaatlantica.pt\/wp-content\/uploads\/2024\/05\/131-248-600x600.jpg 600w, https:\/\/www.companhiaatlantica.pt\/wp-content\/uploads\/2024\/05\/131-248.jpg 800w\" sizes=\"auto, (max-width: 700px) 100vw, 700px\" title=\"\">\t\t\t\t\t\t\t\t\t<\/a>\n\t\t\t\t\t\t\t\t\t\t\t\t\t\t\t\t\t\t \t\t\t\t\t\t\t\t<\/div>\n\t\t\t\t\t\t\t\t<div class=\"image-tools top right show-on-hover\">\n\t\t\t\t\t\t\t\t\t\t\t<div class=\"wishlist-icon\">\n\t\t\t<button class=\"wishlist-button button is-outline circle icon\" aria-label=\"Wunschliste\">\n\t\t\t\t<i class=\"icon-heart\" aria-hidden=\"true\"><\/i>\t\t\t<\/button>\n\t\t\t<div class=\"wishlist-popup dark\">\n\t\t\t\t\n<div\n\tclass=\"yith-wcwl-add-to-wishlist add-to-wishlist-58816 yith-wcwl-add-to-wishlist--button_default-style wishlist-fragment on-first-load\"\n\tdata-fragment-ref=\"58816\"\n\tdata-fragment-options=\"{&quot;base_url&quot;:&quot;&quot;,&quot;product_id&quot;:58816,&quot;parent_product_id&quot;:0,&quot;product_type&quot;:&quot;simple&quot;,&quot;is_single&quot;:false,&quot;in_default_wishlist&quot;:false,&quot;show_view&quot;:false,&quot;browse_wishlist_text&quot;:&quot;Siehe Ihre Wunschliste!&quot;,&quot;already_in_wishslist_text&quot;:&quot;Dieses Produkt steht bereits auf Ihrem Wunschzettel!&quot;,&quot;product_added_text&quot;:&quot;Produto adicionado!&quot;,&quot;available_multi_wishlist&quot;:false,&quot;disable_wishlist&quot;:false,&quot;show_count&quot;:false,&quot;ajax_loading&quot;:false,&quot;loop_position&quot;:&quot;after_add_to_cart&quot;,&quot;item&quot;:&quot;add_to_wishlist&quot;}\"\n>\n\t\t\t\n\t\t\t<!-- ADD TO WISHLIST -->\n\t\t\t\n<div class=\"yith-wcwl-add-button\">\n\t\t<a\n\t\thref=\"?add_to_wishlist=58816&#038;_wpnonce=52d31225f0\"\n\t\tclass=\"add_to_wishlist single_add_to_wishlist alt button theme-button-style \"\n\t\tdata-product-id=\"58816\"\n\t\tdata-product-type=\"simple\"\n\t\tdata-original-product-id=\"0\"\n\t\tdata-title=\"Zu meiner Wunschliste hinzuf\u00fcgen\"\n\t\trel=\"nofollow\"\n\t>\n\t\t<svg id=\"yith-wcwl-icon-heart-outline\" class=\"yith-wcwl-icon-svg\" fill=\"none\" stroke-width=\"1.5\" stroke=\"currentColor\" viewBox=\"0 0 24 24\" xmlns=\"http:\/\/www.w3.org\/2000\/svg\">\n  <path stroke-linecap=\"round\" stroke-linejoin=\"round\" d=\"M21 8.25c0-2.485-2.099-4.5-4.688-4.5-1.935 0-3.597 1.126-4.312 2.733-.715-1.607-2.377-2.733-4.313-2.733C5.1 3.75 3 5.765 3 8.25c0 7.22 9 12 9 12s9-4.78 9-12Z\"><\/path>\n<\/svg>\t\t<span>Zu meiner Wunschliste hinzuf\u00fcgen<\/span>\n\t<\/a>\n<\/div>\n\n\t\t\t<!-- COUNT TEXT -->\n\t\t\t\n\t\t\t<\/div>\n\t\t\t<\/div>\n\t\t<\/div>\n\t\t\t\t\t\t\t\t\t\t<\/div>\n\t\t\t\t\t\t\t\t\t\t\t\t\t\t\t\t\t<div class=\"image-tools grid-tools text-center hide-for-small bottom hover-slide-in show-on-hover\">\n\t\t\t\t\t\t\t\t\t\t\t\t\t\t\t\t\t\t\t<\/div>\n\t\t\t\t\t\t\t\t\t\t\t\t\t\t\t\t\t\t\t\t\t\t\t<\/div>\n\n\t\t\t\t\t\t\t<div class=\"box-text text-center\" >\n\t\t\t\t\t\t\t\t<div class=\"title-wrapper\"><p class=\"name product-title woocommerce-loop-product__title\"><a href=\"https:\/\/www.companhiaatlantica.pt\/de\/produto\/portugiesische-keramik\/keramik-schussel\/giro-schale-6er-set\" class=\"woocommerce-LoopProduct-link woocommerce-loop-product__link\">GIRO Schale \u00d815.5 \u2013 6er-Set<\/a><\/p><\/div><div class=\"price-wrapper\">\n\t<span class=\"price\"><del aria-hidden=\"true\"><span class=\"woocommerce-Price-amount amount\"><bdi>101.40<span class=\"woocommerce-Price-currencySymbol\">&euro;<\/span><\/bdi><\/span><\/del> <span class=\"screen-reader-text\">Urspr\u00fcnglicher Preis war: 101.40&euro;<\/span><ins aria-hidden=\"true\"><span class=\"woocommerce-Price-amount amount\"><bdi>85.90<span class=\"woocommerce-Price-currencySymbol\">&euro;<\/span><\/bdi><\/span><\/ins><span class=\"screen-reader-text\">Aktueller Preis ist: 85.90&euro;.<\/span><\/span>\n<\/div><div class=\"add-to-cart-button\"><a href=\"\/de\/wp-json\/wp\/v2\/pages\/66644?add-to-cart=58816\" aria-describedby=\"woocommerce_loop_add_to_cart_link_describedby_58816\" data-quantity=\"1\" class=\"primary is-small mb-0 button product_type_simple add_to_cart_button ajax_add_to_cart is-outline\" data-product_id=\"58816\" data-product_sku=\"131-248.S6\" aria-label=\"In den Warenkorb legen: \u201eGIRO Schale \u00d815.5 \u2013 6er-Set\u201c\" rel=\"nofollow\" data-success_message=\"\u201eGIRO Schale \u00d815.5 \u2013 6er-Set\u201c wurde deinem Warenkorb hinzugef\u00fcgt\" data-product_name=\"GIRO Schale \u00d815.5 \u2013 6er-Set\" data-product_image=\"https:\/\/www.companhiaatlantica.pt\/wp-content\/uploads\/2024\/05\/131-248-350x350.jpg\" role=\"button\">In den Warenkorb<\/a><\/div>\t<span id=\"woocommerce_loop_add_to_cart_link_describedby_58816\" class=\"screen-reader-text\">\n\t\t\t<\/span>\n\t\t\t\t\t\t\t<\/div>\n\t\t\t\t\t\t<\/div>\n\t\t\t\t\t\t<\/div>\n\t\t\t\t\t<\/div><div class=\"col\" >\n\t\t\t\t\t\t<div class=\"col-inner\">\n\t\t\t\t\t\t\n<div class=\"badge-container absolute left top z-1\">\n<div class=\"badge callout badge-circle\">\r\n  \t\t\t<div class=\"badge-inner secondary on-sale\">\r\n  \t\t\t\t<span class=\"onsale\">-15%<\/span>\r\n\t\t\t<\/div>\r\n\t\t<\/div>\r\n\t\t<div class=\"badge callout badge-circle\">\r\n\t\t\t<div class=\"badge-inner callout-new-bg is-small new-bubble\">6 pcs<\/div>\r\n\t\t<\/div>\n<div class=\"badge callout badge-circle\"><div class=\"badge-inner callout-new-bg is-small new-bubble\">6 pcs<\/div><\/div><\/div>\n\t\t\t\t\t\t<div class=\"product-small box has-hover box-normal box-text-bottom\">\n\t\t\t\t\t\t\t<div class=\"box-image\" >\n\t\t\t\t\t\t\t\t<div class=\"\" >\n\t\t\t\t\t\t\t\t\t<a href=\"https:\/\/www.companhiaatlantica.pt\/de\/produto\/portugiesische-keramik\/keramiktasse\/giro-cappuccino-tassen-und-untertassen\" aria-label=\"GIRO Cappuccino-Tassen und Untertassen 150ml - Set aus 6\">\n\t\t\t\t\t\t\t\t\t\t<img loading=\"lazy\" decoding=\"async\" width=\"700\" height=\"700\" src=\"https:\/\/www.companhiaatlantica.pt\/wp-content\/uploads\/2024\/06\/giro-coffee-cappuccino-bread-plate-700x700.jpg\" class=\"show-on-hover absolute fill hide-for-small back-image\" alt=\"Alternative view of GIRO Cappuccino-Tassen und Untertassen 150ml - Set aus 6\" aria-hidden=\"true\" srcset=\"https:\/\/www.companhiaatlantica.pt\/wp-content\/uploads\/2024\/06\/giro-coffee-cappuccino-bread-plate-700x700.jpg 700w, https:\/\/www.companhiaatlantica.pt\/wp-content\/uploads\/2024\/06\/giro-coffee-cappuccino-bread-plate-100x100.jpg 100w, https:\/\/www.companhiaatlantica.pt\/wp-content\/uploads\/2024\/06\/giro-coffee-cappuccino-bread-plate-400x400.jpg 400w, https:\/\/www.companhiaatlantica.pt\/wp-content\/uploads\/2024\/06\/giro-coffee-cappuccino-bread-plate-350x350.jpg 350w, https:\/\/www.companhiaatlantica.pt\/wp-content\/uploads\/2024\/06\/giro-coffee-cappuccino-bread-plate-768x768.jpg 768w, https:\/\/www.companhiaatlantica.pt\/wp-content\/uploads\/2024\/06\/giro-coffee-cappuccino-bread-plate-600x600.jpg 600w, https:\/\/www.companhiaatlantica.pt\/wp-content\/uploads\/2024\/06\/giro-coffee-cappuccino-bread-plate.jpg 900w\" sizes=\"auto, (max-width: 700px) 100vw, 700px\" title=\"\"><img loading=\"lazy\" decoding=\"async\" width=\"700\" height=\"700\" src=\"https:\/\/www.companhiaatlantica.pt\/wp-content\/uploads\/2024\/05\/giro-1-700x700.jpg\" class=\"attachment-woocommerce_thumbnail size-woocommerce_thumbnail\" alt=\"GIRO Cappuccino-Tassen und Untertassen 150ml - Set aus 6\" srcset=\"https:\/\/www.companhiaatlantica.pt\/wp-content\/uploads\/2024\/05\/giro-1-700x700.jpg 700w, https:\/\/www.companhiaatlantica.pt\/wp-content\/uploads\/2024\/05\/giro-1-400x400.jpg 400w, https:\/\/www.companhiaatlantica.pt\/wp-content\/uploads\/2024\/05\/giro-1-350x350.jpg 350w, https:\/\/www.companhiaatlantica.pt\/wp-content\/uploads\/2024\/05\/giro-1-768x768.jpg 768w, https:\/\/www.companhiaatlantica.pt\/wp-content\/uploads\/2024\/05\/giro-1-900x900.jpg 900w, https:\/\/www.companhiaatlantica.pt\/wp-content\/uploads\/2024\/05\/giro-1-100x100.jpg 100w, https:\/\/www.companhiaatlantica.pt\/wp-content\/uploads\/2024\/05\/giro-1.jpg 1000w\" sizes=\"auto, (max-width: 700px) 100vw, 700px\" title=\"\">\t\t\t\t\t\t\t\t\t<\/a>\n\t\t\t\t\t\t\t\t\t\t\t\t\t\t\t\t\t\t \t\t\t\t\t\t\t\t<\/div>\n\t\t\t\t\t\t\t\t<div class=\"image-tools top right show-on-hover\">\n\t\t\t\t\t\t\t\t\t\t\t<div class=\"wishlist-icon\">\n\t\t\t<button class=\"wishlist-button button is-outline circle icon\" aria-label=\"Wunschliste\">\n\t\t\t\t<i class=\"icon-heart\" aria-hidden=\"true\"><\/i>\t\t\t<\/button>\n\t\t\t<div class=\"wishlist-popup dark\">\n\t\t\t\t\n<div\n\tclass=\"yith-wcwl-add-to-wishlist add-to-wishlist-58460 yith-wcwl-add-to-wishlist--button_default-style wishlist-fragment on-first-load\"\n\tdata-fragment-ref=\"58460\"\n\tdata-fragment-options=\"{&quot;base_url&quot;:&quot;&quot;,&quot;product_id&quot;:58460,&quot;parent_product_id&quot;:0,&quot;product_type&quot;:&quot;simple&quot;,&quot;is_single&quot;:false,&quot;in_default_wishlist&quot;:false,&quot;show_view&quot;:false,&quot;browse_wishlist_text&quot;:&quot;Siehe Ihre Wunschliste!&quot;,&quot;already_in_wishslist_text&quot;:&quot;Dieses Produkt steht bereits auf Ihrem Wunschzettel!&quot;,&quot;product_added_text&quot;:&quot;Produto adicionado!&quot;,&quot;available_multi_wishlist&quot;:false,&quot;disable_wishlist&quot;:false,&quot;show_count&quot;:false,&quot;ajax_loading&quot;:false,&quot;loop_position&quot;:&quot;after_add_to_cart&quot;,&quot;item&quot;:&quot;add_to_wishlist&quot;}\"\n>\n\t\t\t\n\t\t\t<!-- ADD TO WISHLIST -->\n\t\t\t\n<div class=\"yith-wcwl-add-button\">\n\t\t<a\n\t\thref=\"?add_to_wishlist=58460&#038;_wpnonce=52d31225f0\"\n\t\tclass=\"add_to_wishlist single_add_to_wishlist alt button theme-button-style \"\n\t\tdata-product-id=\"58460\"\n\t\tdata-product-type=\"simple\"\n\t\tdata-original-product-id=\"0\"\n\t\tdata-title=\"Zu meiner Wunschliste hinzuf\u00fcgen\"\n\t\trel=\"nofollow\"\n\t>\n\t\t<svg id=\"yith-wcwl-icon-heart-outline\" class=\"yith-wcwl-icon-svg\" fill=\"none\" stroke-width=\"1.5\" stroke=\"currentColor\" viewBox=\"0 0 24 24\" xmlns=\"http:\/\/www.w3.org\/2000\/svg\">\n  <path stroke-linecap=\"round\" stroke-linejoin=\"round\" d=\"M21 8.25c0-2.485-2.099-4.5-4.688-4.5-1.935 0-3.597 1.126-4.312 2.733-.715-1.607-2.377-2.733-4.313-2.733C5.1 3.75 3 5.765 3 8.25c0 7.22 9 12 9 12s9-4.78 9-12Z\"><\/path>\n<\/svg>\t\t<span>Zu meiner Wunschliste hinzuf\u00fcgen<\/span>\n\t<\/a>\n<\/div>\n\n\t\t\t<!-- COUNT TEXT -->\n\t\t\t\n\t\t\t<\/div>\n\t\t\t<\/div>\n\t\t<\/div>\n\t\t\t\t\t\t\t\t\t\t<\/div>\n\t\t\t\t\t\t\t\t\t\t\t\t\t\t\t\t\t<div class=\"image-tools grid-tools text-center hide-for-small bottom hover-slide-in show-on-hover\">\n\t\t\t\t\t\t\t\t\t\t\t\t\t\t\t\t\t\t\t<\/div>\n\t\t\t\t\t\t\t\t\t\t\t\t\t\t\t\t\t\t\t\t\t\t\t<\/div>\n\n\t\t\t\t\t\t\t<div class=\"box-text text-center\" >\n\t\t\t\t\t\t\t\t<span class=\"featured-badge\"><img decoding=\"async\" src=\"https:\/\/cdn.companhiaatlantica.pt\/wp-content\/themes\/flatsome-child\/src\/img\/ar-icon-2.jpg\" alt=\"AR Icon\" class=\"ar-icon\" title=\"\"><\/span><div class=\"title-wrapper\"><p class=\"name product-title woocommerce-loop-product__title\"><a href=\"https:\/\/www.companhiaatlantica.pt\/de\/produto\/portugiesische-keramik\/keramiktasse\/giro-cappuccino-tassen-und-untertassen\" class=\"woocommerce-LoopProduct-link woocommerce-loop-product__link\">GIRO Cappuccino-Tassen und Untertassen 150ml &#8211; Set aus 6<\/a><\/p><\/div><div class=\"price-wrapper\">\n\t<span class=\"price\"><del aria-hidden=\"true\"><span class=\"woocommerce-Price-amount amount\"><bdi>119.40<span class=\"woocommerce-Price-currencySymbol\">&euro;<\/span><\/bdi><\/span><\/del> <span class=\"screen-reader-text\">Urspr\u00fcnglicher Preis war: 119.40&euro;<\/span><ins aria-hidden=\"true\"><span class=\"woocommerce-Price-amount amount\"><bdi>100.90<span class=\"woocommerce-Price-currencySymbol\">&euro;<\/span><\/bdi><\/span><\/ins><span class=\"screen-reader-text\">Aktueller Preis ist: 100.90&euro;.<\/span><\/span>\n<\/div><div class=\"add-to-cart-button\"><a href=\"\/de\/wp-json\/wp\/v2\/pages\/66644?add-to-cart=58460\" aria-describedby=\"woocommerce_loop_add_to_cart_link_describedby_58460\" data-quantity=\"1\" class=\"primary is-small mb-0 button product_type_simple add_to_cart_button ajax_add_to_cart is-outline\" data-product_id=\"58460\" data-product_sku=\"131-251.S6\" aria-label=\"In den Warenkorb legen: \u201eGIRO Cappuccino-Tassen und Untertassen 150ml - Set aus 6\u201c\" rel=\"nofollow\" data-success_message=\"\u201eGIRO Cappuccino-Tassen und Untertassen 150ml - Set aus 6\u201c wurde deinem Warenkorb hinzugef\u00fcgt\" data-product_name=\"GIRO Cappuccino-Tassen und Untertassen 150ml - Set aus 6\" data-product_image=\"https:\/\/www.companhiaatlantica.pt\/wp-content\/uploads\/2024\/05\/giro-1-350x350.jpg\" role=\"button\">In den Warenkorb<\/a><\/div>\t<span id=\"woocommerce_loop_add_to_cart_link_describedby_58460\" class=\"screen-reader-text\">\n\t\t\t<\/span>\n\t\t\t\t\t\t\t<\/div>\n\t\t\t\t\t\t<\/div>\n\t\t\t\t\t\t<\/div>\n\t\t\t\t\t<\/div><div class=\"col\" >\n\t\t\t\t\t\t<div class=\"col-inner\">\n\t\t\t\t\t\t\n<div class=\"badge-container absolute left top z-1\">\n<div class=\"badge callout badge-circle\">\r\n  \t\t\t<div class=\"badge-inner secondary on-sale\">\r\n  \t\t\t\t<span class=\"onsale\">-17%<\/span>\r\n\t\t\t<\/div>\r\n\t\t<\/div>\r\n\t\t<div class=\"badge callout badge-circle\">\r\n\t\t\t<div class=\"badge-inner callout-new-bg is-small new-bubble\">6 pcs<\/div>\r\n\t\t<\/div>\n<div class=\"badge callout badge-circle\"><div class=\"badge-inner callout-new-bg is-small new-bubble\">6 pcs<\/div><\/div><\/div>\n\t\t\t\t\t\t<div class=\"product-small box has-hover box-normal box-text-bottom\">\n\t\t\t\t\t\t\t<div class=\"box-image\" >\n\t\t\t\t\t\t\t\t<div class=\"\" >\n\t\t\t\t\t\t\t\t\t<a href=\"https:\/\/www.companhiaatlantica.pt\/de\/produto\/portugiesische-keramik\/keramik-schussel\/melides-schale-6er-set\" aria-label=\"MELIDES Schale - 6er Set\">\n\t\t\t\t\t\t\t\t\t\t<img loading=\"lazy\" decoding=\"async\" width=\"700\" height=\"700\" src=\"https:\/\/www.companhiaatlantica.pt\/wp-content\/uploads\/2022\/03\/DSC0732-700x700.jpg\" class=\"show-on-hover absolute fill hide-for-small back-image\" alt=\"Alternative view of MELIDES Schale - 6er Set\" aria-hidden=\"true\" srcset=\"https:\/\/www.companhiaatlantica.pt\/wp-content\/uploads\/2022\/03\/DSC0732-700x700.jpg 700w, https:\/\/www.companhiaatlantica.pt\/wp-content\/uploads\/2022\/03\/DSC0732-100x100.jpg 100w, https:\/\/www.companhiaatlantica.pt\/wp-content\/uploads\/2022\/03\/DSC0732-900x900.jpg 900w, https:\/\/www.companhiaatlantica.pt\/wp-content\/uploads\/2022\/03\/DSC0732-300x300.jpg 300w, https:\/\/www.companhiaatlantica.pt\/wp-content\/uploads\/2022\/03\/DSC0732-150x150.jpg 150w, https:\/\/www.companhiaatlantica.pt\/wp-content\/uploads\/2022\/03\/DSC0732-768x768.jpg 768w, https:\/\/www.companhiaatlantica.pt\/wp-content\/uploads\/2022\/03\/DSC0732-600x600.jpg 600w, https:\/\/www.companhiaatlantica.pt\/wp-content\/uploads\/2022\/03\/DSC0732.jpg 1000w\" sizes=\"auto, (max-width: 700px) 100vw, 700px\" title=\"\"><img loading=\"lazy\" decoding=\"async\" width=\"700\" height=\"700\" src=\"https:\/\/www.companhiaatlantica.pt\/wp-content\/uploads\/2022\/03\/DSC0870-700x700.jpg\" class=\"attachment-woocommerce_thumbnail size-woocommerce_thumbnail\" alt=\"MELIDES Schale - 6er Set\" srcset=\"https:\/\/www.companhiaatlantica.pt\/wp-content\/uploads\/2022\/03\/DSC0870-700x700.jpg 700w, https:\/\/www.companhiaatlantica.pt\/wp-content\/uploads\/2022\/03\/DSC0870-100x100.jpg 100w, https:\/\/www.companhiaatlantica.pt\/wp-content\/uploads\/2022\/03\/DSC0870-900x900.jpg 900w, https:\/\/www.companhiaatlantica.pt\/wp-content\/uploads\/2022\/03\/DSC0870-300x300.jpg 300w, https:\/\/www.companhiaatlantica.pt\/wp-content\/uploads\/2022\/03\/DSC0870-150x150.jpg 150w, https:\/\/www.companhiaatlantica.pt\/wp-content\/uploads\/2022\/03\/DSC0870-768x768.jpg 768w, https:\/\/www.companhiaatlantica.pt\/wp-content\/uploads\/2022\/03\/DSC0870-600x600.jpg 600w, https:\/\/www.companhiaatlantica.pt\/wp-content\/uploads\/2022\/03\/DSC0870.jpg 1000w\" sizes=\"auto, (max-width: 700px) 100vw, 700px\" title=\"\">\t\t\t\t\t\t\t\t\t<\/a>\n\t\t\t\t\t\t\t\t\t\t\t\t\t\t\t\t\t\t \t\t\t\t\t\t\t\t<\/div>\n\t\t\t\t\t\t\t\t<div class=\"image-tools top right show-on-hover\">\n\t\t\t\t\t\t\t\t\t\t\t<div class=\"wishlist-icon\">\n\t\t\t<button class=\"wishlist-button button is-outline circle icon\" aria-label=\"Wunschliste\">\n\t\t\t\t<i class=\"icon-heart\" aria-hidden=\"true\"><\/i>\t\t\t<\/button>\n\t\t\t<div class=\"wishlist-popup dark\">\n\t\t\t\t\n<div\n\tclass=\"yith-wcwl-add-to-wishlist add-to-wishlist-41269 yith-wcwl-add-to-wishlist--button_default-style wishlist-fragment on-first-load\"\n\tdata-fragment-ref=\"41269\"\n\tdata-fragment-options=\"{&quot;base_url&quot;:&quot;&quot;,&quot;product_id&quot;:41269,&quot;parent_product_id&quot;:0,&quot;product_type&quot;:&quot;simple&quot;,&quot;is_single&quot;:false,&quot;in_default_wishlist&quot;:false,&quot;show_view&quot;:false,&quot;browse_wishlist_text&quot;:&quot;Siehe Ihre Wunschliste!&quot;,&quot;already_in_wishslist_text&quot;:&quot;Dieses Produkt steht bereits auf Ihrem Wunschzettel!&quot;,&quot;product_added_text&quot;:&quot;Produto adicionado!&quot;,&quot;available_multi_wishlist&quot;:false,&quot;disable_wishlist&quot;:false,&quot;show_count&quot;:false,&quot;ajax_loading&quot;:false,&quot;loop_position&quot;:&quot;after_add_to_cart&quot;,&quot;item&quot;:&quot;add_to_wishlist&quot;}\"\n>\n\t\t\t\n\t\t\t<!-- ADD TO WISHLIST -->\n\t\t\t\n<div class=\"yith-wcwl-add-button\">\n\t\t<a\n\t\thref=\"?add_to_wishlist=41269&#038;_wpnonce=52d31225f0\"\n\t\tclass=\"add_to_wishlist single_add_to_wishlist alt button theme-button-style \"\n\t\tdata-product-id=\"41269\"\n\t\tdata-product-type=\"simple\"\n\t\tdata-original-product-id=\"0\"\n\t\tdata-title=\"Zu meiner Wunschliste hinzuf\u00fcgen\"\n\t\trel=\"nofollow\"\n\t>\n\t\t<svg id=\"yith-wcwl-icon-heart-outline\" class=\"yith-wcwl-icon-svg\" fill=\"none\" stroke-width=\"1.5\" stroke=\"currentColor\" viewBox=\"0 0 24 24\" xmlns=\"http:\/\/www.w3.org\/2000\/svg\">\n  <path stroke-linecap=\"round\" stroke-linejoin=\"round\" d=\"M21 8.25c0-2.485-2.099-4.5-4.688-4.5-1.935 0-3.597 1.126-4.312 2.733-.715-1.607-2.377-2.733-4.313-2.733C5.1 3.75 3 5.765 3 8.25c0 7.22 9 12 9 12s9-4.78 9-12Z\"><\/path>\n<\/svg>\t\t<span>Zu meiner Wunschliste hinzuf\u00fcgen<\/span>\n\t<\/a>\n<\/div>\n\n\t\t\t<!-- COUNT TEXT -->\n\t\t\t\n\t\t\t<\/div>\n\t\t\t<\/div>\n\t\t<\/div>\n\t\t\t\t\t\t\t\t\t\t<\/div>\n\t\t\t\t\t\t\t\t\t\t\t\t\t\t\t\t\t<div class=\"image-tools grid-tools text-center hide-for-small bottom hover-slide-in show-on-hover\">\n\t\t\t\t\t\t\t\t\t\t\t\t\t\t\t\t\t\t\t<\/div>\n\t\t\t\t\t\t\t\t\t\t\t\t\t\t\t\t\t\t\t\t\t\t\t<\/div>\n\n\t\t\t\t\t\t\t<div class=\"box-text text-center\" >\n\t\t\t\t\t\t\t\t<div class=\"title-wrapper\"><p class=\"name product-title woocommerce-loop-product__title\"><a href=\"https:\/\/www.companhiaatlantica.pt\/de\/produto\/portugiesische-keramik\/keramik-schussel\/melides-schale-6er-set\" class=\"woocommerce-LoopProduct-link woocommerce-loop-product__link\">MELIDES Schale &#8211; 6er Set<\/a><\/p><\/div><div class=\"price-wrapper\">\n\t<span class=\"price\"><del aria-hidden=\"true\"><span class=\"woocommerce-Price-amount amount\"><bdi>90.00<span class=\"woocommerce-Price-currencySymbol\">&euro;<\/span><\/bdi><\/span><\/del> <span class=\"screen-reader-text\">Urspr\u00fcnglicher Preis war: 90.00&euro;<\/span><ins aria-hidden=\"true\"><span class=\"woocommerce-Price-amount amount\"><bdi>75.00<span class=\"woocommerce-Price-currencySymbol\">&euro;<\/span><\/bdi><\/span><\/ins><span class=\"screen-reader-text\">Aktueller Preis ist: 75.00&euro;.<\/span><\/span>\n<\/div><div class=\"add-to-cart-button\"><a href=\"\/de\/wp-json\/wp\/v2\/pages\/66644?add-to-cart=41269\" aria-describedby=\"woocommerce_loop_add_to_cart_link_describedby_41269\" data-quantity=\"1\" class=\"primary is-small mb-0 button product_type_simple add_to_cart_button ajax_add_to_cart is-outline\" data-product_id=\"41269\" data-product_sku=\"130-921.S6\" aria-label=\"In den Warenkorb legen: \u201eMELIDES Schale - 6er Set\u201c\" rel=\"nofollow\" data-success_message=\"\u201eMELIDES Schale - 6er Set\u201c wurde deinem Warenkorb hinzugef\u00fcgt\" data-product_name=\"MELIDES Schale - 6er Set\" data-product_image=\"https:\/\/www.companhiaatlantica.pt\/wp-content\/uploads\/2022\/03\/DSC0870-150x150.jpg\" role=\"button\">In den Warenkorb<\/a><\/div>\t<span id=\"woocommerce_loop_add_to_cart_link_describedby_41269\" class=\"screen-reader-text\">\n\t\t\t<\/span>\n\t\t\t\t\t\t\t<\/div>\n\t\t\t\t\t\t<\/div>\n\t\t\t\t\t\t<\/div>\n\t\t\t\t\t<\/div><div class=\"col\" >\n\t\t\t\t\t\t<div class=\"col-inner\">\n\t\t\t\t\t\t\n<div class=\"badge-container absolute left top z-1\">\n<div class=\"badge callout badge-circle\">\r\n  \t\t\t<div class=\"badge-inner secondary on-sale\">\r\n  \t\t\t\t<span class=\"onsale\">-15%<\/span>\r\n\t\t\t<\/div>\r\n\t\t<\/div>\r\n\t\t<div class=\"badge callout badge-circle\">\r\n\t\t\t<div class=\"badge-inner callout-new-bg is-small new-bubble\">6 pcs<\/div>\r\n\t\t<\/div>\n<div class=\"badge callout badge-circle\"><div class=\"badge-inner callout-new-bg is-small new-bubble\">6 pcs<\/div><\/div><\/div>\n\t\t\t\t\t\t<div class=\"product-small box has-hover box-normal box-text-bottom\">\n\t\t\t\t\t\t\t<div class=\"box-image\" >\n\t\t\t\t\t\t\t\t<div class=\"\" >\n\t\t\t\t\t\t\t\t\t<a href=\"https:\/\/www.companhiaatlantica.pt\/de\/produto\/portugiesische-keramik\/keramik-teller\/dessertteller-giro-set-von-6\" aria-label=\"Dessertteller GIRO \u2013 Set von 6\">\n\t\t\t\t\t\t\t\t\t\t<img loading=\"lazy\" decoding=\"async\" width=\"700\" height=\"700\" src=\"https:\/\/www.companhiaatlantica.pt\/wp-content\/uploads\/2024\/06\/giro-dinner-salad-plate-700x700.jpg\" class=\"show-on-hover absolute fill hide-for-small back-image\" alt=\"Alternative view of Dessertteller GIRO \u2013 Set von 6\" aria-hidden=\"true\" srcset=\"https:\/\/www.companhiaatlantica.pt\/wp-content\/uploads\/2024\/06\/giro-dinner-salad-plate-700x700.jpg 700w, https:\/\/www.companhiaatlantica.pt\/wp-content\/uploads\/2024\/06\/giro-dinner-salad-plate-100x100.jpg 100w, https:\/\/www.companhiaatlantica.pt\/wp-content\/uploads\/2024\/06\/giro-dinner-salad-plate-400x400.jpg 400w, https:\/\/www.companhiaatlantica.pt\/wp-content\/uploads\/2024\/06\/giro-dinner-salad-plate-350x350.jpg 350w, https:\/\/www.companhiaatlantica.pt\/wp-content\/uploads\/2024\/06\/giro-dinner-salad-plate-768x768.jpg 768w, https:\/\/www.companhiaatlantica.pt\/wp-content\/uploads\/2024\/06\/giro-dinner-salad-plate-600x600.jpg 600w, https:\/\/www.companhiaatlantica.pt\/wp-content\/uploads\/2024\/06\/giro-dinner-salad-plate.jpg 900w\" sizes=\"auto, (max-width: 700px) 100vw, 700px\" title=\"\"><img loading=\"lazy\" decoding=\"async\" width=\"700\" height=\"700\" src=\"https:\/\/www.companhiaatlantica.pt\/wp-content\/uploads\/2024\/05\/131-245-700x700.jpg\" class=\"attachment-woocommerce_thumbnail size-woocommerce_thumbnail\" alt=\"Dessertteller GIRO \u2013 Set von 6\" srcset=\"https:\/\/www.companhiaatlantica.pt\/wp-content\/uploads\/2024\/05\/131-245-700x700.jpg 700w, https:\/\/www.companhiaatlantica.pt\/wp-content\/uploads\/2024\/05\/131-245-100x100.jpg 100w, https:\/\/www.companhiaatlantica.pt\/wp-content\/uploads\/2024\/05\/131-245-900x900.jpg 900w, https:\/\/www.companhiaatlantica.pt\/wp-content\/uploads\/2024\/05\/131-245-400x400.jpg 400w, https:\/\/www.companhiaatlantica.pt\/wp-content\/uploads\/2024\/05\/131-245-350x350.jpg 350w, https:\/\/www.companhiaatlantica.pt\/wp-content\/uploads\/2024\/05\/131-245-768x768.jpg 768w, https:\/\/www.companhiaatlantica.pt\/wp-content\/uploads\/2024\/05\/131-245.jpg 1000w\" sizes=\"auto, (max-width: 700px) 100vw, 700px\" title=\"\">\t\t\t\t\t\t\t\t\t<\/a>\n\t\t\t\t\t\t\t\t\t\t\t\t\t\t\t\t\t\t \t\t\t\t\t\t\t\t<\/div>\n\t\t\t\t\t\t\t\t<div class=\"image-tools top right show-on-hover\">\n\t\t\t\t\t\t\t\t\t\t\t<div class=\"wishlist-icon\">\n\t\t\t<button class=\"wishlist-button button is-outline circle icon\" aria-label=\"Wunschliste\">\n\t\t\t\t<i class=\"icon-heart\" aria-hidden=\"true\"><\/i>\t\t\t<\/button>\n\t\t\t<div class=\"wishlist-popup dark\">\n\t\t\t\t\n<div\n\tclass=\"yith-wcwl-add-to-wishlist add-to-wishlist-59140 yith-wcwl-add-to-wishlist--button_default-style wishlist-fragment on-first-load\"\n\tdata-fragment-ref=\"59140\"\n\tdata-fragment-options=\"{&quot;base_url&quot;:&quot;&quot;,&quot;product_id&quot;:59140,&quot;parent_product_id&quot;:0,&quot;product_type&quot;:&quot;simple&quot;,&quot;is_single&quot;:false,&quot;in_default_wishlist&quot;:false,&quot;show_view&quot;:false,&quot;browse_wishlist_text&quot;:&quot;Siehe Ihre Wunschliste!&quot;,&quot;already_in_wishslist_text&quot;:&quot;Dieses Produkt steht bereits auf Ihrem Wunschzettel!&quot;,&quot;product_added_text&quot;:&quot;Produto adicionado!&quot;,&quot;available_multi_wishlist&quot;:false,&quot;disable_wishlist&quot;:false,&quot;show_count&quot;:false,&quot;ajax_loading&quot;:false,&quot;loop_position&quot;:&quot;after_add_to_cart&quot;,&quot;item&quot;:&quot;add_to_wishlist&quot;}\"\n>\n\t\t\t\n\t\t\t<!-- ADD TO WISHLIST -->\n\t\t\t\n<div class=\"yith-wcwl-add-button\">\n\t\t<a\n\t\thref=\"?add_to_wishlist=59140&#038;_wpnonce=52d31225f0\"\n\t\tclass=\"add_to_wishlist single_add_to_wishlist alt button theme-button-style \"\n\t\tdata-product-id=\"59140\"\n\t\tdata-product-type=\"simple\"\n\t\tdata-original-product-id=\"0\"\n\t\tdata-title=\"Zu meiner Wunschliste hinzuf\u00fcgen\"\n\t\trel=\"nofollow\"\n\t>\n\t\t<svg id=\"yith-wcwl-icon-heart-outline\" class=\"yith-wcwl-icon-svg\" fill=\"none\" stroke-width=\"1.5\" stroke=\"currentColor\" viewBox=\"0 0 24 24\" xmlns=\"http:\/\/www.w3.org\/2000\/svg\">\n  <path stroke-linecap=\"round\" stroke-linejoin=\"round\" d=\"M21 8.25c0-2.485-2.099-4.5-4.688-4.5-1.935 0-3.597 1.126-4.312 2.733-.715-1.607-2.377-2.733-4.313-2.733C5.1 3.75 3 5.765 3 8.25c0 7.22 9 12 9 12s9-4.78 9-12Z\"><\/path>\n<\/svg>\t\t<span>Zu meiner Wunschliste hinzuf\u00fcgen<\/span>\n\t<\/a>\n<\/div>\n\n\t\t\t<!-- COUNT TEXT -->\n\t\t\t\n\t\t\t<\/div>\n\t\t\t<\/div>\n\t\t<\/div>\n\t\t\t\t\t\t\t\t\t\t<\/div>\n\t\t\t\t\t\t\t\t\t\t\t\t\t\t\t\t\t<div class=\"image-tools grid-tools text-center hide-for-small bottom hover-slide-in show-on-hover\">\n\t\t\t\t\t\t\t\t\t\t\t\t\t\t\t\t\t\t\t<\/div>\n\t\t\t\t\t\t\t\t\t\t\t\t\t\t\t\t\t\t\t\t\t\t\t<\/div>\n\n\t\t\t\t\t\t\t<div class=\"box-text text-center\" >\n\t\t\t\t\t\t\t\t<div class=\"title-wrapper\"><p class=\"name product-title woocommerce-loop-product__title\"><a href=\"https:\/\/www.companhiaatlantica.pt\/de\/produto\/portugiesische-keramik\/keramik-teller\/dessertteller-giro-set-von-6\" class=\"woocommerce-LoopProduct-link woocommerce-loop-product__link\">Dessertteller GIRO \u2013 Set von 6<\/a><\/p><\/div><div class=\"price-wrapper\">\n\t<span class=\"price\"><del aria-hidden=\"true\"><span class=\"woocommerce-Price-amount amount\"><bdi>101.40<span class=\"woocommerce-Price-currencySymbol\">&euro;<\/span><\/bdi><\/span><\/del> <span class=\"screen-reader-text\">Urspr\u00fcnglicher Preis war: 101.40&euro;<\/span><ins aria-hidden=\"true\"><span class=\"woocommerce-Price-amount amount\"><bdi>85.90<span class=\"woocommerce-Price-currencySymbol\">&euro;<\/span><\/bdi><\/span><\/ins><span class=\"screen-reader-text\">Aktueller Preis ist: 85.90&euro;.<\/span><\/span>\n<\/div><div class=\"add-to-cart-button\"><a href=\"\/de\/wp-json\/wp\/v2\/pages\/66644?add-to-cart=59140\" aria-describedby=\"woocommerce_loop_add_to_cart_link_describedby_59140\" data-quantity=\"1\" class=\"primary is-small mb-0 button product_type_simple add_to_cart_button ajax_add_to_cart is-outline\" data-product_id=\"59140\" data-product_sku=\"131-245.S6\" aria-label=\"In den Warenkorb legen: \u201eDessertteller GIRO \u2013 Set von 6\u201c\" rel=\"nofollow\" data-success_message=\"\u201eDessertteller GIRO \u2013 Set von 6\u201c wurde deinem Warenkorb hinzugef\u00fcgt\" data-product_name=\"Dessertteller GIRO \u2013 Set von 6\" data-product_image=\"https:\/\/www.companhiaatlantica.pt\/wp-content\/uploads\/2024\/05\/131-245-350x350.jpg\" role=\"button\">In den Warenkorb<\/a><\/div>\t<span id=\"woocommerce_loop_add_to_cart_link_describedby_59140\" class=\"screen-reader-text\">\n\t\t\t<\/span>\n\t\t\t\t\t\t\t<\/div>\n\t\t\t\t\t\t<\/div>\n\t\t\t\t\t\t<\/div>\n\t\t\t\t\t<\/div><div class=\"col\" >\n\t\t\t\t\t\t<div class=\"col-inner\">\n\t\t\t\t\t\t\n<div class=\"badge-container absolute left top z-1\">\n<div class=\"badge callout badge-circle\">\r\n  \t\t\t<div class=\"badge-inner secondary on-sale\">\r\n  \t\t\t\t<span class=\"onsale\">-20%<\/span>\r\n\t\t\t<\/div>\r\n\t\t<\/div>\r\n\t\t<div class=\"badge callout badge-circle\">\r\n\t\t\t<div class=\"badge-inner callout-new-bg is-small new-bubble\">6 pcs<\/div>\r\n\t\t<\/div>\n<div class=\"badge callout badge-circle\"><div class=\"badge-inner callout-new-bg is-small new-bubble\">6 pcs<\/div><\/div><\/div>\n\t\t\t\t\t\t<div class=\"product-small box has-hover box-normal box-text-bottom\">\n\t\t\t\t\t\t\t<div class=\"box-image\" >\n\t\t\t\t\t\t\t\t<div class=\"\" >\n\t\t\t\t\t\t\t\t\t<a href=\"https:\/\/www.companhiaatlantica.pt\/de\/produto\/portugiesische-keramik\/keramik-schussel\/lapa-schussel-lapa-6er-set\" aria-label=\"LAPA Sch\u00fcssel 14cm Black Midnight \u2013 6er-Set\">\n\t\t\t\t\t\t\t\t\t\t<img loading=\"lazy\" decoding=\"async\" width=\"600\" height=\"600\" src=\"https:\/\/www.companhiaatlantica.pt\/wp-content\/uploads\/2023\/08\/lapa-tigela-.jpg\" class=\"show-on-hover absolute fill hide-for-small back-image\" alt=\"Tigela LAPA\" aria-hidden=\"true\" srcset=\"https:\/\/www.companhiaatlantica.pt\/wp-content\/uploads\/2023\/08\/lapa-tigela-.jpg 600w, https:\/\/www.companhiaatlantica.pt\/wp-content\/uploads\/2023\/08\/lapa-tigela--100x100.jpg 100w\" sizes=\"auto, (max-width: 600px) 100vw, 600px\" title=\"\"><img loading=\"lazy\" decoding=\"async\" width=\"600\" height=\"600\" src=\"https:\/\/www.companhiaatlantica.pt\/wp-content\/uploads\/2023\/08\/bowl-set6-lapa.jpg\" class=\"attachment-woocommerce_thumbnail size-woocommerce_thumbnail\" alt=\"LAPA Sch\u00fcssel 14cm Black Midnight \u2013 6er-Set\" srcset=\"https:\/\/www.companhiaatlantica.pt\/wp-content\/uploads\/2023\/08\/bowl-set6-lapa.jpg 600w, https:\/\/www.companhiaatlantica.pt\/wp-content\/uploads\/2023\/08\/bowl-set6-lapa-100x100.jpg 100w, https:\/\/www.companhiaatlantica.pt\/wp-content\/uploads\/2023\/08\/bowl-set6-lapa-400x400.jpg 400w, https:\/\/www.companhiaatlantica.pt\/wp-content\/uploads\/2023\/08\/bowl-set6-lapa-350x350.jpg 350w\" sizes=\"auto, (max-width: 600px) 100vw, 600px\" title=\"\">\t\t\t\t\t\t\t\t\t<\/a>\n\t\t\t\t\t\t\t\t\t\t\t\t\t\t\t\t\t\t \t\t\t\t\t\t\t\t<\/div>\n\t\t\t\t\t\t\t\t<div class=\"image-tools top right show-on-hover\">\n\t\t\t\t\t\t\t\t\t\t\t<div class=\"wishlist-icon\">\n\t\t\t<button class=\"wishlist-button button is-outline circle icon\" aria-label=\"Wunschliste\">\n\t\t\t\t<i class=\"icon-heart\" aria-hidden=\"true\"><\/i>\t\t\t<\/button>\n\t\t\t<div class=\"wishlist-popup dark\">\n\t\t\t\t\n<div\n\tclass=\"yith-wcwl-add-to-wishlist add-to-wishlist-43256 yith-wcwl-add-to-wishlist--button_default-style wishlist-fragment on-first-load\"\n\tdata-fragment-ref=\"43256\"\n\tdata-fragment-options=\"{&quot;base_url&quot;:&quot;&quot;,&quot;product_id&quot;:43256,&quot;parent_product_id&quot;:0,&quot;product_type&quot;:&quot;simple&quot;,&quot;is_single&quot;:false,&quot;in_default_wishlist&quot;:false,&quot;show_view&quot;:false,&quot;browse_wishlist_text&quot;:&quot;Siehe Ihre Wunschliste!&quot;,&quot;already_in_wishslist_text&quot;:&quot;Dieses Produkt steht bereits auf Ihrem Wunschzettel!&quot;,&quot;product_added_text&quot;:&quot;Produto adicionado!&quot;,&quot;available_multi_wishlist&quot;:false,&quot;disable_wishlist&quot;:false,&quot;show_count&quot;:false,&quot;ajax_loading&quot;:false,&quot;loop_position&quot;:&quot;after_add_to_cart&quot;,&quot;item&quot;:&quot;add_to_wishlist&quot;}\"\n>\n\t\t\t\n\t\t\t<!-- ADD TO WISHLIST -->\n\t\t\t\n<div class=\"yith-wcwl-add-button\">\n\t\t<a\n\t\thref=\"?add_to_wishlist=43256&#038;_wpnonce=52d31225f0\"\n\t\tclass=\"add_to_wishlist single_add_to_wishlist alt button theme-button-style \"\n\t\tdata-product-id=\"43256\"\n\t\tdata-product-type=\"simple\"\n\t\tdata-original-product-id=\"0\"\n\t\tdata-title=\"Zu meiner Wunschliste hinzuf\u00fcgen\"\n\t\trel=\"nofollow\"\n\t>\n\t\t<svg id=\"yith-wcwl-icon-heart-outline\" class=\"yith-wcwl-icon-svg\" fill=\"none\" stroke-width=\"1.5\" stroke=\"currentColor\" viewBox=\"0 0 24 24\" xmlns=\"http:\/\/www.w3.org\/2000\/svg\">\n  <path stroke-linecap=\"round\" stroke-linejoin=\"round\" d=\"M21 8.25c0-2.485-2.099-4.5-4.688-4.5-1.935 0-3.597 1.126-4.312 2.733-.715-1.607-2.377-2.733-4.313-2.733C5.1 3.75 3 5.765 3 8.25c0 7.22 9 12 9 12s9-4.78 9-12Z\"><\/path>\n<\/svg>\t\t<span>Zu meiner Wunschliste hinzuf\u00fcgen<\/span>\n\t<\/a>\n<\/div>\n\n\t\t\t<!-- COUNT TEXT -->\n\t\t\t\n\t\t\t<\/div>\n\t\t\t<\/div>\n\t\t<\/div>\n\t\t\t\t\t\t\t\t\t\t<\/div>\n\t\t\t\t\t\t\t\t\t\t\t\t\t\t\t\t\t<div class=\"image-tools grid-tools text-center hide-for-small bottom hover-slide-in show-on-hover\">\n\t\t\t\t\t\t\t\t\t\t\t\t\t\t\t\t\t\t\t<\/div>\n\t\t\t\t\t\t\t\t\t\t\t\t\t\t\t\t\t\t\t\t\t\t\t<\/div>\n\n\t\t\t\t\t\t\t<div class=\"box-text text-center\" >\n\t\t\t\t\t\t\t\t<div class=\"title-wrapper\"><p class=\"name product-title woocommerce-loop-product__title\"><a href=\"https:\/\/www.companhiaatlantica.pt\/de\/produto\/portugiesische-keramik\/keramik-schussel\/lapa-schussel-lapa-6er-set\" class=\"woocommerce-LoopProduct-link woocommerce-loop-product__link\">LAPA Sch\u00fcssel 14cm Black Midnight \u2013 6er-Set<\/a><\/p><\/div><div class=\"price-wrapper\">\n\t<span class=\"price\"><del aria-hidden=\"true\"><span class=\"woocommerce-Price-amount amount\"><bdi>108.00<span class=\"woocommerce-Price-currencySymbol\">&euro;<\/span><\/bdi><\/span><\/del> <span class=\"screen-reader-text\">Urspr\u00fcnglicher Preis war: 108.00&euro;<\/span><ins aria-hidden=\"true\"><span class=\"woocommerce-Price-amount amount\"><bdi>86.00<span class=\"woocommerce-Price-currencySymbol\">&euro;<\/span><\/bdi><\/span><\/ins><span class=\"screen-reader-text\">Aktueller Preis ist: 86.00&euro;.<\/span><\/span>\n<\/div><div class=\"add-to-cart-button\"><a href=\"\/de\/wp-json\/wp\/v2\/pages\/66644?add-to-cart=43256\" aria-describedby=\"woocommerce_loop_add_to_cart_link_describedby_43256\" data-quantity=\"1\" class=\"primary is-small mb-0 button product_type_simple add_to_cart_button ajax_add_to_cart is-outline\" data-product_id=\"43256\" data-product_sku=\"131-105.S6\" aria-label=\"In den Warenkorb legen: \u201eLAPA Sch\u00fcssel 14cm Black Midnight \u2013 6er-Set\u201c\" rel=\"nofollow\" data-success_message=\"\u201eLAPA Sch\u00fcssel 14cm Black Midnight \u2013 6er-Set\u201c wurde deinem Warenkorb hinzugef\u00fcgt\" data-product_name=\"LAPA Sch\u00fcssel 14cm Black Midnight \u2013 6er-Set\" data-product_image=\"https:\/\/www.companhiaatlantica.pt\/wp-content\/uploads\/2023\/08\/bowl-set6-lapa-350x350.jpg\" role=\"button\">In den Warenkorb<\/a><\/div>\t<span id=\"woocommerce_loop_add_to_cart_link_describedby_43256\" class=\"screen-reader-text\">\n\t\t\t<\/span>\n\t\t\t\t\t\t\t<\/div>\n\t\t\t\t\t\t<\/div>\n\t\t\t\t\t\t<\/div>\n\t\t\t\t\t<\/div><div class=\"col\" >\n\t\t\t\t\t\t<div class=\"col-inner\">\n\t\t\t\t\t\t\n<div class=\"badge-container absolute left top z-1\">\n<div class=\"badge callout badge-circle\">\r\n  \t\t\t<div class=\"badge-inner secondary on-sale\">\r\n  \t\t\t\t<span class=\"onsale\">-17%<\/span>\r\n\t\t\t<\/div>\r\n\t\t<\/div>\r\n\t\t<div class=\"badge callout badge-circle\">\r\n\t\t\t<div class=\"badge-inner callout-new-bg is-small new-bubble\">6 pcs<\/div>\r\n\t\t<\/div>\n<div class=\"badge callout badge-circle\"><div class=\"badge-inner callout-new-bg is-small new-bubble\">6 pcs<\/div><\/div><\/div>\n\t\t\t\t\t\t<div class=\"product-small box has-hover box-normal box-text-bottom\">\n\t\t\t\t\t\t\t<div class=\"box-image\" >\n\t\t\t\t\t\t\t\t<div class=\"\" >\n\t\t\t\t\t\t\t\t\t<a href=\"https:\/\/www.companhiaatlantica.pt\/de\/produto\/portugiesische-keramik\/keramik-teller\/melides-dessertteller-6er-satz\" aria-label=\"MELIDES Dessertteller - 6er-Satz\">\n\t\t\t\t\t\t\t\t\t\t<img loading=\"lazy\" decoding=\"async\" width=\"700\" height=\"700\" src=\"https:\/\/www.companhiaatlantica.pt\/wp-content\/uploads\/2022\/03\/DSC0726-700x700.jpg\" class=\"show-on-hover absolute fill hide-for-small back-image\" alt=\"Alternative view of MELIDES Dessertteller - 6er-Satz\" aria-hidden=\"true\" srcset=\"https:\/\/www.companhiaatlantica.pt\/wp-content\/uploads\/2022\/03\/DSC0726-700x700.jpg 700w, https:\/\/www.companhiaatlantica.pt\/wp-content\/uploads\/2022\/03\/DSC0726-100x100.jpg 100w, https:\/\/www.companhiaatlantica.pt\/wp-content\/uploads\/2022\/03\/DSC0726-900x900.jpg 900w, https:\/\/www.companhiaatlantica.pt\/wp-content\/uploads\/2022\/03\/DSC0726-300x300.jpg 300w, https:\/\/www.companhiaatlantica.pt\/wp-content\/uploads\/2022\/03\/DSC0726-150x150.jpg 150w, https:\/\/www.companhiaatlantica.pt\/wp-content\/uploads\/2022\/03\/DSC0726-768x768.jpg 768w, https:\/\/www.companhiaatlantica.pt\/wp-content\/uploads\/2022\/03\/DSC0726-600x600.jpg 600w, https:\/\/www.companhiaatlantica.pt\/wp-content\/uploads\/2022\/03\/DSC0726.jpg 1000w\" sizes=\"auto, (max-width: 700px) 100vw, 700px\" title=\"\"><img loading=\"lazy\" decoding=\"async\" width=\"700\" height=\"700\" src=\"https:\/\/www.companhiaatlantica.pt\/wp-content\/uploads\/2022\/03\/130-920_a-700x700.jpg\" class=\"attachment-woocommerce_thumbnail size-woocommerce_thumbnail\" alt=\"MELIDES Dessertteller - 6er-Satz\" srcset=\"https:\/\/www.companhiaatlantica.pt\/wp-content\/uploads\/2022\/03\/130-920_a-700x700.jpg 700w, https:\/\/www.companhiaatlantica.pt\/wp-content\/uploads\/2022\/03\/130-920_a-100x100.jpg 100w, https:\/\/www.companhiaatlantica.pt\/wp-content\/uploads\/2022\/03\/130-920_a-900x900.jpg 900w, https:\/\/www.companhiaatlantica.pt\/wp-content\/uploads\/2022\/03\/130-920_a-300x300.jpg 300w, https:\/\/www.companhiaatlantica.pt\/wp-content\/uploads\/2022\/03\/130-920_a-150x150.jpg 150w, https:\/\/www.companhiaatlantica.pt\/wp-content\/uploads\/2022\/03\/130-920_a-768x768.jpg 768w, https:\/\/www.companhiaatlantica.pt\/wp-content\/uploads\/2022\/03\/130-920_a-600x600.jpg 600w, https:\/\/www.companhiaatlantica.pt\/wp-content\/uploads\/2022\/03\/130-920_a.jpg 1000w\" sizes=\"auto, (max-width: 700px) 100vw, 700px\" title=\"\">\t\t\t\t\t\t\t\t\t<\/a>\n\t\t\t\t\t\t\t\t\t\t\t\t\t\t\t\t\t\t \t\t\t\t\t\t\t\t<\/div>\n\t\t\t\t\t\t\t\t<div class=\"image-tools top right show-on-hover\">\n\t\t\t\t\t\t\t\t\t\t\t<div class=\"wishlist-icon\">\n\t\t\t<button class=\"wishlist-button button is-outline circle icon\" aria-label=\"Wunschliste\">\n\t\t\t\t<i class=\"icon-heart\" aria-hidden=\"true\"><\/i>\t\t\t<\/button>\n\t\t\t<div class=\"wishlist-popup dark\">\n\t\t\t\t\n<div\n\tclass=\"yith-wcwl-add-to-wishlist add-to-wishlist-41256 yith-wcwl-add-to-wishlist--button_default-style wishlist-fragment on-first-load\"\n\tdata-fragment-ref=\"41256\"\n\tdata-fragment-options=\"{&quot;base_url&quot;:&quot;&quot;,&quot;product_id&quot;:41256,&quot;parent_product_id&quot;:0,&quot;product_type&quot;:&quot;simple&quot;,&quot;is_single&quot;:false,&quot;in_default_wishlist&quot;:false,&quot;show_view&quot;:false,&quot;browse_wishlist_text&quot;:&quot;Siehe Ihre Wunschliste!&quot;,&quot;already_in_wishslist_text&quot;:&quot;Dieses Produkt steht bereits auf Ihrem Wunschzettel!&quot;,&quot;product_added_text&quot;:&quot;Produto adicionado!&quot;,&quot;available_multi_wishlist&quot;:false,&quot;disable_wishlist&quot;:false,&quot;show_count&quot;:false,&quot;ajax_loading&quot;:false,&quot;loop_position&quot;:&quot;after_add_to_cart&quot;,&quot;item&quot;:&quot;add_to_wishlist&quot;}\"\n>\n\t\t\t\n\t\t\t<!-- ADD TO WISHLIST -->\n\t\t\t\n<div class=\"yith-wcwl-add-button\">\n\t\t<a\n\t\thref=\"?add_to_wishlist=41256&#038;_wpnonce=52d31225f0\"\n\t\tclass=\"add_to_wishlist single_add_to_wishlist alt button theme-button-style \"\n\t\tdata-product-id=\"41256\"\n\t\tdata-product-type=\"simple\"\n\t\tdata-original-product-id=\"0\"\n\t\tdata-title=\"Zu meiner Wunschliste hinzuf\u00fcgen\"\n\t\trel=\"nofollow\"\n\t>\n\t\t<svg id=\"yith-wcwl-icon-heart-outline\" class=\"yith-wcwl-icon-svg\" fill=\"none\" stroke-width=\"1.5\" stroke=\"currentColor\" viewBox=\"0 0 24 24\" xmlns=\"http:\/\/www.w3.org\/2000\/svg\">\n  <path stroke-linecap=\"round\" stroke-linejoin=\"round\" d=\"M21 8.25c0-2.485-2.099-4.5-4.688-4.5-1.935 0-3.597 1.126-4.312 2.733-.715-1.607-2.377-2.733-4.313-2.733C5.1 3.75 3 5.765 3 8.25c0 7.22 9 12 9 12s9-4.78 9-12Z\"><\/path>\n<\/svg>\t\t<span>Zu meiner Wunschliste hinzuf\u00fcgen<\/span>\n\t<\/a>\n<\/div>\n\n\t\t\t<!-- COUNT TEXT -->\n\t\t\t\n\t\t\t<\/div>\n\t\t\t<\/div>\n\t\t<\/div>\n\t\t\t\t\t\t\t\t\t\t<\/div>\n\t\t\t\t\t\t\t\t\t\t\t\t\t\t\t\t\t<div class=\"image-tools grid-tools text-center hide-for-small bottom hover-slide-in show-on-hover\">\n\t\t\t\t\t\t\t\t\t\t\t\t\t\t\t\t\t\t\t<\/div>\n\t\t\t\t\t\t\t\t\t\t\t\t\t\t\t\t\t\t\t\t\t\t\t<\/div>\n\n\t\t\t\t\t\t\t<div class=\"box-text text-center\" >\n\t\t\t\t\t\t\t\t<div class=\"title-wrapper\"><p class=\"name product-title woocommerce-loop-product__title\"><a href=\"https:\/\/www.companhiaatlantica.pt\/de\/produto\/portugiesische-keramik\/keramik-teller\/melides-dessertteller-6er-satz\" class=\"woocommerce-LoopProduct-link woocommerce-loop-product__link\">MELIDES Dessertteller &#8211; 6er-Satz<\/a><\/p><\/div><div class=\"price-wrapper\">\n\t<span class=\"price\"><del aria-hidden=\"true\"><span class=\"woocommerce-Price-amount amount\"><bdi>90.00<span class=\"woocommerce-Price-currencySymbol\">&euro;<\/span><\/bdi><\/span><\/del> <span class=\"screen-reader-text\">Urspr\u00fcnglicher Preis war: 90.00&euro;<\/span><ins aria-hidden=\"true\"><span class=\"woocommerce-Price-amount amount\"><bdi>75.00<span class=\"woocommerce-Price-currencySymbol\">&euro;<\/span><\/bdi><\/span><\/ins><span class=\"screen-reader-text\">Aktueller Preis ist: 75.00&euro;.<\/span><\/span>\n<\/div><div class=\"add-to-cart-button\"><a href=\"\/de\/wp-json\/wp\/v2\/pages\/66644?add-to-cart=41256\" aria-describedby=\"woocommerce_loop_add_to_cart_link_describedby_41256\" data-quantity=\"1\" class=\"primary is-small mb-0 button product_type_simple add_to_cart_button ajax_add_to_cart is-outline\" data-product_id=\"41256\" data-product_sku=\"130-920.S6\" aria-label=\"In den Warenkorb legen: \u201eMELIDES Dessertteller - 6er-Satz\u201c\" rel=\"nofollow\" data-success_message=\"\u201eMELIDES Dessertteller - 6er-Satz\u201c wurde deinem Warenkorb hinzugef\u00fcgt\" data-product_name=\"MELIDES Dessertteller - 6er-Satz\" data-product_image=\"https:\/\/www.companhiaatlantica.pt\/wp-content\/uploads\/2022\/03\/130-920_a-150x150.jpg\" role=\"button\">In den Warenkorb<\/a><\/div>\t<span id=\"woocommerce_loop_add_to_cart_link_describedby_41256\" class=\"screen-reader-text\">\n\t\t\t<\/span>\n\t\t\t\t\t\t\t<\/div>\n\t\t\t\t\t\t<\/div>\n\t\t\t\t\t\t<\/div>\n\t\t\t\t\t<\/div><div class=\"col\" >\n\t\t\t\t\t\t<div class=\"col-inner\">\n\t\t\t\t\t\t\n<div class=\"badge-container absolute left top z-1\">\n<div class=\"badge callout badge-circle\">\r\n  \t\t\t<div class=\"badge-inner secondary on-sale\">\r\n  \t\t\t\t<span class=\"onsale\">-20%<\/span>\r\n\t\t\t<\/div>\r\n\t\t<\/div>\r\n\t\t<div class=\"badge callout badge-circle\">\r\n\t\t\t<div class=\"badge-inner callout-new-bg is-small new-bubble\">6 pcs<\/div>\r\n\t\t<\/div>\n<div class=\"badge callout badge-circle\"><div class=\"badge-inner callout-new-bg is-small new-bubble\">6 pcs<\/div><\/div><\/div>\n\t\t\t\t\t\t<div class=\"product-small box has-hover box-normal box-text-bottom\">\n\t\t\t\t\t\t\t<div class=\"box-image\" >\n\t\t\t\t\t\t\t\t<div class=\"\" >\n\t\t\t\t\t\t\t\t\t<a href=\"https:\/\/www.companhiaatlantica.pt\/de\/produto\/portugiesische-keramik\/keramik-becher\/lapa-becher-6er-set\" aria-label=\"LAPA becher \u2013 6er-Set\">\n\t\t\t\t\t\t\t\t\t\t<img loading=\"lazy\" decoding=\"async\" width=\"600\" height=\"600\" src=\"https:\/\/www.companhiaatlantica.pt\/wp-content\/uploads\/2023\/08\/copo-alto-lapa-30cl.jpg\" class=\"show-on-hover absolute fill hide-for-small back-image\" alt=\"Tigela LAPA\" aria-hidden=\"true\" srcset=\"https:\/\/www.companhiaatlantica.pt\/wp-content\/uploads\/2023\/08\/copo-alto-lapa-30cl.jpg 600w, https:\/\/www.companhiaatlantica.pt\/wp-content\/uploads\/2023\/08\/copo-alto-lapa-30cl-100x100.jpg 100w\" sizes=\"auto, (max-width: 600px) 100vw, 600px\" title=\"\"><img loading=\"lazy\" decoding=\"async\" width=\"600\" height=\"600\" src=\"https:\/\/www.companhiaatlantica.pt\/wp-content\/uploads\/2023\/08\/cup-lapa-set6.jpg\" class=\"attachment-woocommerce_thumbnail size-woocommerce_thumbnail\" alt=\"LAPA becher \u2013 6er-Set\" srcset=\"https:\/\/www.companhiaatlantica.pt\/wp-content\/uploads\/2023\/08\/cup-lapa-set6.jpg 600w, https:\/\/www.companhiaatlantica.pt\/wp-content\/uploads\/2023\/08\/cup-lapa-set6-100x100.jpg 100w, https:\/\/www.companhiaatlantica.pt\/wp-content\/uploads\/2023\/08\/cup-lapa-set6-400x400.jpg 400w, https:\/\/www.companhiaatlantica.pt\/wp-content\/uploads\/2023\/08\/cup-lapa-set6-350x350.jpg 350w\" sizes=\"auto, (max-width: 600px) 100vw, 600px\" title=\"\">\t\t\t\t\t\t\t\t\t<\/a>\n\t\t\t\t\t\t\t\t\t\t\t\t\t\t\t\t\t\t \t\t\t\t\t\t\t\t<\/div>\n\t\t\t\t\t\t\t\t<div class=\"image-tools top right show-on-hover\">\n\t\t\t\t\t\t\t\t\t\t\t<div class=\"wishlist-icon\">\n\t\t\t<button class=\"wishlist-button button is-outline circle icon\" aria-label=\"Wunschliste\">\n\t\t\t\t<i class=\"icon-heart\" aria-hidden=\"true\"><\/i>\t\t\t<\/button>\n\t\t\t<div class=\"wishlist-popup dark\">\n\t\t\t\t\n<div\n\tclass=\"yith-wcwl-add-to-wishlist add-to-wishlist-43276 yith-wcwl-add-to-wishlist--button_default-style wishlist-fragment on-first-load\"\n\tdata-fragment-ref=\"43276\"\n\tdata-fragment-options=\"{&quot;base_url&quot;:&quot;&quot;,&quot;product_id&quot;:43276,&quot;parent_product_id&quot;:0,&quot;product_type&quot;:&quot;simple&quot;,&quot;is_single&quot;:false,&quot;in_default_wishlist&quot;:false,&quot;show_view&quot;:false,&quot;browse_wishlist_text&quot;:&quot;Siehe Ihre Wunschliste!&quot;,&quot;already_in_wishslist_text&quot;:&quot;Dieses Produkt steht bereits auf Ihrem Wunschzettel!&quot;,&quot;product_added_text&quot;:&quot;Produto adicionado!&quot;,&quot;available_multi_wishlist&quot;:false,&quot;disable_wishlist&quot;:false,&quot;show_count&quot;:false,&quot;ajax_loading&quot;:false,&quot;loop_position&quot;:&quot;after_add_to_cart&quot;,&quot;item&quot;:&quot;add_to_wishlist&quot;}\"\n>\n\t\t\t\n\t\t\t<!-- ADD TO WISHLIST -->\n\t\t\t\n<div class=\"yith-wcwl-add-button\">\n\t\t<a\n\t\thref=\"?add_to_wishlist=43276&#038;_wpnonce=52d31225f0\"\n\t\tclass=\"add_to_wishlist single_add_to_wishlist alt button theme-button-style \"\n\t\tdata-product-id=\"43276\"\n\t\tdata-product-type=\"simple\"\n\t\tdata-original-product-id=\"0\"\n\t\tdata-title=\"Zu meiner Wunschliste hinzuf\u00fcgen\"\n\t\trel=\"nofollow\"\n\t>\n\t\t<svg id=\"yith-wcwl-icon-heart-outline\" class=\"yith-wcwl-icon-svg\" fill=\"none\" stroke-width=\"1.5\" stroke=\"currentColor\" viewBox=\"0 0 24 24\" xmlns=\"http:\/\/www.w3.org\/2000\/svg\">\n  <path stroke-linecap=\"round\" stroke-linejoin=\"round\" d=\"M21 8.25c0-2.485-2.099-4.5-4.688-4.5-1.935 0-3.597 1.126-4.312 2.733-.715-1.607-2.377-2.733-4.313-2.733C5.1 3.75 3 5.765 3 8.25c0 7.22 9 12 9 12s9-4.78 9-12Z\"><\/path>\n<\/svg>\t\t<span>Zu meiner Wunschliste hinzuf\u00fcgen<\/span>\n\t<\/a>\n<\/div>\n\n\t\t\t<!-- COUNT TEXT -->\n\t\t\t\n\t\t\t<\/div>\n\t\t\t<\/div>\n\t\t<\/div>\n\t\t\t\t\t\t\t\t\t\t<\/div>\n\t\t\t\t\t\t\t\t\t\t\t\t\t\t\t\t\t<div class=\"image-tools grid-tools text-center hide-for-small bottom hover-slide-in show-on-hover\">\n\t\t\t\t\t\t\t\t\t\t\t\t\t\t\t\t\t\t\t<\/div>\n\t\t\t\t\t\t\t\t\t\t\t\t\t\t\t\t\t\t\t\t\t\t\t<\/div>\n\n\t\t\t\t\t\t\t<div class=\"box-text text-center\" >\n\t\t\t\t\t\t\t\t<div class=\"title-wrapper\"><p class=\"name product-title woocommerce-loop-product__title\"><a href=\"https:\/\/www.companhiaatlantica.pt\/de\/produto\/portugiesische-keramik\/keramik-becher\/lapa-becher-6er-set\" class=\"woocommerce-LoopProduct-link woocommerce-loop-product__link\">LAPA becher \u2013 6er-Set<\/a><\/p><\/div><div class=\"price-wrapper\">\n\t<span class=\"price\"><del aria-hidden=\"true\"><span class=\"woocommerce-Price-amount amount\"><bdi>108.00<span class=\"woocommerce-Price-currencySymbol\">&euro;<\/span><\/bdi><\/span><\/del> <span class=\"screen-reader-text\">Urspr\u00fcnglicher Preis war: 108.00&euro;<\/span><ins aria-hidden=\"true\"><span class=\"woocommerce-Price-amount amount\"><bdi>86.00<span class=\"woocommerce-Price-currencySymbol\">&euro;<\/span><\/bdi><\/span><\/ins><span class=\"screen-reader-text\">Aktueller Preis ist: 86.00&euro;.<\/span><\/span>\n<\/div><div class=\"add-to-cart-button\"><a href=\"\/de\/wp-json\/wp\/v2\/pages\/66644?add-to-cart=43276\" aria-describedby=\"woocommerce_loop_add_to_cart_link_describedby_43276\" data-quantity=\"1\" class=\"primary is-small mb-0 button product_type_simple add_to_cart_button ajax_add_to_cart is-outline\" data-product_id=\"43276\" data-product_sku=\"131-106.S6\" aria-label=\"In den Warenkorb legen: \u201eLAPA becher \u2013 6er-Set\u201c\" rel=\"nofollow\" data-success_message=\"\u201eLAPA becher \u2013 6er-Set\u201c wurde deinem Warenkorb hinzugef\u00fcgt\" data-product_name=\"LAPA becher \u2013 6er-Set\" data-product_image=\"https:\/\/www.companhiaatlantica.pt\/wp-content\/uploads\/2023\/08\/cup-lapa-set6-350x350.jpg\" role=\"button\">In den Warenkorb<\/a><\/div>\t<span id=\"woocommerce_loop_add_to_cart_link_describedby_43276\" class=\"screen-reader-text\">\n\t\t\t<\/span>\n\t\t\t\t\t\t\t<\/div>\n\t\t\t\t\t\t<\/div>\n\t\t\t\t\t\t<\/div>\n\t\t\t\t\t<\/div><div class=\"col\" >\n\t\t\t\t\t\t<div class=\"col-inner\">\n\t\t\t\t\t\t\n<div class=\"badge-container absolute left top z-1\">\n<div class=\"badge callout badge-circle\">\r\n  \t\t\t<div class=\"badge-inner secondary on-sale\">\r\n  \t\t\t\t<span class=\"onsale\">-15%<\/span>\r\n\t\t\t<\/div>\r\n\t\t<\/div>\r\n\t\t<div class=\"badge callout badge-circle\">\r\n\t\t\t<div class=\"badge-inner callout-new-bg is-small new-bubble\">NEW<\/div>\r\n\t\t<\/div>\n<div class=\"badge callout badge-circle\"><div class=\"badge-inner callout-new-bg is-small new-bubble\">NEW<\/div><\/div><\/div>\n\t\t\t\t\t\t<div class=\"product-small box has-hover box-normal box-text-bottom\">\n\t\t\t\t\t\t\t<div class=\"box-image\" >\n\t\t\t\t\t\t\t\t<div class=\"\" >\n\t\t\t\t\t\t\t\t\t<a href=\"https:\/\/www.companhiaatlantica.pt\/de\/produto\/portugiesische-keramik\/keramik-schussel\/suppen-pastaschuessel-o19-duna-set-mit-6-stueck\" aria-label=\"Suppen-Pastasch\u00fcssel \u00d819 DUNA \u2013 Set mit 6 St\u00fcck\">\n\t\t\t\t\t\t\t\t\t\t<img loading=\"lazy\" decoding=\"async\" width=\"700\" height=\"700\" src=\"https:\/\/www.companhiaatlantica.pt\/wp-content\/uploads\/2025\/06\/131-397_b-1-700x700.jpg\" class=\"show-on-hover absolute fill hide-for-small back-image\" alt=\"Alternative view of Suppen-Pastasch\u00fcssel \u00d819 DUNA \u2013 Set mit 6 St\u00fcck\" aria-hidden=\"true\" srcset=\"https:\/\/www.companhiaatlantica.pt\/wp-content\/uploads\/2025\/06\/131-397_b-1-700x700.jpg 700w, https:\/\/www.companhiaatlantica.pt\/wp-content\/uploads\/2025\/06\/131-397_b-1-400x400.jpg 400w, https:\/\/www.companhiaatlantica.pt\/wp-content\/uploads\/2025\/06\/131-397_b-1-350x350.jpg 350w, https:\/\/www.companhiaatlantica.pt\/wp-content\/uploads\/2025\/06\/131-397_b-1-768x768.jpg 768w, https:\/\/www.companhiaatlantica.pt\/wp-content\/uploads\/2025\/06\/131-397_b-1-900x900.jpg 900w, https:\/\/www.companhiaatlantica.pt\/wp-content\/uploads\/2025\/06\/131-397_b-1-100x100.jpg 100w, https:\/\/www.companhiaatlantica.pt\/wp-content\/uploads\/2025\/06\/131-397_b-1.jpg 1000w\" sizes=\"auto, (max-width: 700px) 100vw, 700px\" title=\"\"><img loading=\"lazy\" decoding=\"async\" width=\"700\" height=\"700\" src=\"https:\/\/www.companhiaatlantica.pt\/wp-content\/uploads\/2025\/06\/ca-duna-collection-grey-pasta-bowl-3-700x700.jpg\" class=\"attachment-woocommerce_thumbnail size-woocommerce_thumbnail\" alt=\"Suppen-Pastasch\u00fcssel \u00d819 DUNA \u2013 Set mit 6 St\u00fcck\" srcset=\"https:\/\/www.companhiaatlantica.pt\/wp-content\/uploads\/2025\/06\/ca-duna-collection-grey-pasta-bowl-3-700x700.jpg 700w, https:\/\/www.companhiaatlantica.pt\/wp-content\/uploads\/2025\/06\/ca-duna-collection-grey-pasta-bowl-3-350x350.jpg 350w, https:\/\/www.companhiaatlantica.pt\/wp-content\/uploads\/2025\/06\/ca-duna-collection-grey-pasta-bowl-3-100x100.jpg 100w\" sizes=\"auto, (max-width: 700px) 100vw, 700px\" title=\"\">\t\t\t\t\t\t\t\t\t<\/a>\n\t\t\t\t\t\t\t\t\t\t\t\t\t\t\t\t\t\t \t\t\t\t\t\t\t\t<\/div>\n\t\t\t\t\t\t\t\t<div class=\"image-tools top right show-on-hover\">\n\t\t\t\t\t\t\t\t\t\t\t<div class=\"wishlist-icon\">\n\t\t\t<button class=\"wishlist-button button is-outline circle icon\" aria-label=\"Wunschliste\">\n\t\t\t\t<i class=\"icon-heart\" aria-hidden=\"true\"><\/i>\t\t\t<\/button>\n\t\t\t<div class=\"wishlist-popup dark\">\n\t\t\t\t\n<div\n\tclass=\"yith-wcwl-add-to-wishlist add-to-wishlist-74766 yith-wcwl-add-to-wishlist--button_default-style wishlist-fragment on-first-load\"\n\tdata-fragment-ref=\"74766\"\n\tdata-fragment-options=\"{&quot;base_url&quot;:&quot;&quot;,&quot;product_id&quot;:74766,&quot;parent_product_id&quot;:0,&quot;product_type&quot;:&quot;variable&quot;,&quot;is_single&quot;:false,&quot;in_default_wishlist&quot;:false,&quot;show_view&quot;:false,&quot;browse_wishlist_text&quot;:&quot;Siehe Ihre Wunschliste!&quot;,&quot;already_in_wishslist_text&quot;:&quot;Dieses Produkt steht bereits auf Ihrem Wunschzettel!&quot;,&quot;product_added_text&quot;:&quot;Produto adicionado!&quot;,&quot;available_multi_wishlist&quot;:false,&quot;disable_wishlist&quot;:false,&quot;show_count&quot;:false,&quot;ajax_loading&quot;:false,&quot;loop_position&quot;:&quot;after_add_to_cart&quot;,&quot;item&quot;:&quot;add_to_wishlist&quot;}\"\n>\n\t\t\t\n\t\t\t<!-- ADD TO WISHLIST -->\n\t\t\t\n<div class=\"yith-wcwl-add-button\">\n\t\t<a\n\t\thref=\"?add_to_wishlist=74766&#038;_wpnonce=52d31225f0\"\n\t\tclass=\"add_to_wishlist single_add_to_wishlist alt button theme-button-style \"\n\t\tdata-product-id=\"74766\"\n\t\tdata-product-type=\"variable\"\n\t\tdata-original-product-id=\"0\"\n\t\tdata-title=\"Zu meiner Wunschliste hinzuf\u00fcgen\"\n\t\trel=\"nofollow\"\n\t>\n\t\t<svg id=\"yith-wcwl-icon-heart-outline\" class=\"yith-wcwl-icon-svg\" fill=\"none\" stroke-width=\"1.5\" stroke=\"currentColor\" viewBox=\"0 0 24 24\" xmlns=\"http:\/\/www.w3.org\/2000\/svg\">\n  <path stroke-linecap=\"round\" stroke-linejoin=\"round\" d=\"M21 8.25c0-2.485-2.099-4.5-4.688-4.5-1.935 0-3.597 1.126-4.312 2.733-.715-1.607-2.377-2.733-4.313-2.733C5.1 3.75 3 5.765 3 8.25c0 7.22 9 12 9 12s9-4.78 9-12Z\"><\/path>\n<\/svg>\t\t<span>Zu meiner Wunschliste hinzuf\u00fcgen<\/span>\n\t<\/a>\n<\/div>\n\n\t\t\t<!-- COUNT TEXT -->\n\t\t\t\n\t\t\t<\/div>\n\t\t\t<\/div>\n\t\t<\/div>\n\t\t\t\t\t\t\t\t\t\t<\/div>\n\t\t\t\t\t\t\t\t\t\t\t\t\t\t\t\t\t<div class=\"image-tools grid-tools text-center hide-for-small bottom hover-slide-in show-on-hover\">\n\t\t\t\t\t\t\t\t\t\t\t\t\t\t\t\t\t\t\t<\/div>\n\t\t\t\t\t\t\t\t\t\t\t\t\t\t\t\t\t\t\t\t\t\t\t<\/div>\n\n\t\t\t\t\t\t\t<div class=\"box-text text-center\" >\n\t\t\t\t\t\t\t\t<div class=\"title-wrapper\"><p class=\"name product-title woocommerce-loop-product__title\"><a href=\"https:\/\/www.companhiaatlantica.pt\/de\/produto\/portugiesische-keramik\/keramik-schussel\/suppen-pastaschuessel-o19-duna-set-mit-6-stueck\" class=\"woocommerce-LoopProduct-link woocommerce-loop-product__link\">Suppen-Pastasch\u00fcssel \u00d819 DUNA \u2013 Set mit 6 St\u00fcck<\/a><\/p><\/div><div class=\"price-wrapper\">\n\t<span class=\"price\"><del aria-hidden=\"true\"><span class=\"woocommerce-Price-amount amount\"><bdi>103.50<span class=\"woocommerce-Price-currencySymbol\">&euro;<\/span><\/bdi><\/span><\/del> <span class=\"screen-reader-text\">Urspr\u00fcnglicher Preis war: 103.50&euro;<\/span><ins aria-hidden=\"true\"><span class=\"woocommerce-Price-amount amount\"><bdi>87.95<span class=\"woocommerce-Price-currencySymbol\">&euro;<\/span><\/bdi><\/span><\/ins><span class=\"screen-reader-text\">Aktueller Preis ist: 87.95&euro;.<\/span><\/span>\n<\/div><div class=\"add-to-cart-button\"><a href=\"https:\/\/www.companhiaatlantica.pt\/de\/produto\/portugiesische-keramik\/keramik-schussel\/suppen-pastaschuessel-o19-duna-set-mit-6-stueck\" aria-describedby=\"woocommerce_loop_add_to_cart_link_describedby_74766\" data-quantity=\"1\" class=\"primary is-small mb-0 button product_type_variable add_to_cart_button is-outline\" data-product_id=\"74766\" data-product_sku=\"\" aria-label=\"W\u00e4hle Optionen f\u00fcr \u201eSuppen-Pastasch\u00fcssel \u00d819 DUNA \u2013 Set mit 6 St\u00fcck\u201c\" rel=\"nofollow\" data-product_name=\"Suppen-Pastasch\u00fcssel \u00d819 DUNA \u2013 Set mit 6 St\u00fcck\" data-product_image=\"https:\/\/www.companhiaatlantica.pt\/wp-content\/uploads\/2025\/06\/ca-duna-collection-grey-pasta-bowl-3-350x350.jpg\">Ausf\u00fchrung w\u00e4hlen<\/a><\/div>\t<span id=\"woocommerce_loop_add_to_cart_link_describedby_74766\" class=\"screen-reader-text\">\n\t\tDieses Produkt weist mehrere Varianten auf. Die Optionen k\u00f6nnen auf der Produktseite gew\u00e4hlt werden\t<\/span>\n\t\t\t\t\t\t\t<\/div>\n\t\t\t\t\t\t<\/div>\n\t\t\t\t\t\t<\/div>\n\t\t\t\t\t<\/div><div class=\"col\" >\n\t\t\t\t\t\t<div class=\"col-inner\">\n\t\t\t\t\t\t\n<div class=\"badge-container absolute left top z-1\">\n<div class=\"badge callout badge-circle\">\r\n  \t\t\t<div class=\"badge-inner secondary on-sale\">\r\n  \t\t\t\t<span class=\"onsale\">-15%<\/span>\r\n\t\t\t<\/div>\r\n\t\t<\/div>\r\n\t\t<div class=\"badge callout badge-circle\">\r\n\t\t\t<div class=\"badge-inner callout-new-bg is-small new-bubble\">NEW<\/div>\r\n\t\t<\/div>\n<div class=\"badge callout badge-circle\"><div class=\"badge-inner callout-new-bg is-small new-bubble\">NEW<\/div><\/div><\/div>\n\t\t\t\t\t\t<div class=\"product-small box has-hover box-normal box-text-bottom\">\n\t\t\t\t\t\t\t<div class=\"box-image\" >\n\t\t\t\t\t\t\t\t<div class=\"\" >\n\t\t\t\t\t\t\t\t\t<a href=\"https:\/\/www.companhiaatlantica.pt\/de\/produto\/portugiesische-keramik\/keramiktasse\/becher-340ml-duna-set-mit-6-stueck\" aria-label=\"Becher 340ml DUNA \u2013 Set mit 6 St\u00fcck\">\n\t\t\t\t\t\t\t\t\t\t<img loading=\"lazy\" decoding=\"async\" width=\"700\" height=\"700\" src=\"https:\/\/www.companhiaatlantica.pt\/wp-content\/uploads\/2025\/06\/131-407-1-700x700.jpg\" class=\"show-on-hover absolute fill hide-for-small back-image\" alt=\"Alternative view of Becher 340ml DUNA \u2013 Set mit 6 St\u00fcck\" aria-hidden=\"true\" srcset=\"https:\/\/www.companhiaatlantica.pt\/wp-content\/uploads\/2025\/06\/131-407-1-700x700.jpg 700w, https:\/\/www.companhiaatlantica.pt\/wp-content\/uploads\/2025\/06\/131-407-1-400x400.jpg 400w, https:\/\/www.companhiaatlantica.pt\/wp-content\/uploads\/2025\/06\/131-407-1-350x350.jpg 350w, https:\/\/www.companhiaatlantica.pt\/wp-content\/uploads\/2025\/06\/131-407-1-768x768.jpg 768w, https:\/\/www.companhiaatlantica.pt\/wp-content\/uploads\/2025\/06\/131-407-1-900x900.jpg 900w, https:\/\/www.companhiaatlantica.pt\/wp-content\/uploads\/2025\/06\/131-407-1-100x100.jpg 100w, https:\/\/www.companhiaatlantica.pt\/wp-content\/uploads\/2025\/06\/131-407-1.jpg 1000w\" sizes=\"auto, (max-width: 700px) 100vw, 700px\" title=\"\"><img loading=\"lazy\" decoding=\"async\" width=\"700\" height=\"700\" src=\"https:\/\/www.companhiaatlantica.pt\/wp-content\/uploads\/2025\/06\/ca-duna-collection-green-cup-5-700x700.jpg\" class=\"attachment-woocommerce_thumbnail size-woocommerce_thumbnail\" alt=\"Becher 340ml DUNA \u2013 Set mit 6 St\u00fcck\" srcset=\"https:\/\/www.companhiaatlantica.pt\/wp-content\/uploads\/2025\/06\/ca-duna-collection-green-cup-5-700x700.jpg 700w, https:\/\/www.companhiaatlantica.pt\/wp-content\/uploads\/2025\/06\/ca-duna-collection-green-cup-5-350x350.jpg 350w, https:\/\/www.companhiaatlantica.pt\/wp-content\/uploads\/2025\/06\/ca-duna-collection-green-cup-5-100x100.jpg 100w\" sizes=\"auto, (max-width: 700px) 100vw, 700px\" title=\"\">\t\t\t\t\t\t\t\t\t<\/a>\n\t\t\t\t\t\t\t\t\t\t\t\t\t\t\t\t\t\t \t\t\t\t\t\t\t\t<\/div>\n\t\t\t\t\t\t\t\t<div class=\"image-tools top right show-on-hover\">\n\t\t\t\t\t\t\t\t\t\t\t<div class=\"wishlist-icon\">\n\t\t\t<button class=\"wishlist-button button is-outline circle icon\" aria-label=\"Wunschliste\">\n\t\t\t\t<i class=\"icon-heart\" aria-hidden=\"true\"><\/i>\t\t\t<\/button>\n\t\t\t<div class=\"wishlist-popup dark\">\n\t\t\t\t\n<div\n\tclass=\"yith-wcwl-add-to-wishlist add-to-wishlist-74742 yith-wcwl-add-to-wishlist--button_default-style wishlist-fragment on-first-load\"\n\tdata-fragment-ref=\"74742\"\n\tdata-fragment-options=\"{&quot;base_url&quot;:&quot;&quot;,&quot;product_id&quot;:74742,&quot;parent_product_id&quot;:0,&quot;product_type&quot;:&quot;variable&quot;,&quot;is_single&quot;:false,&quot;in_default_wishlist&quot;:false,&quot;show_view&quot;:false,&quot;browse_wishlist_text&quot;:&quot;Siehe Ihre Wunschliste!&quot;,&quot;already_in_wishslist_text&quot;:&quot;Dieses Produkt steht bereits auf Ihrem Wunschzettel!&quot;,&quot;product_added_text&quot;:&quot;Produto adicionado!&quot;,&quot;available_multi_wishlist&quot;:false,&quot;disable_wishlist&quot;:false,&quot;show_count&quot;:false,&quot;ajax_loading&quot;:false,&quot;loop_position&quot;:&quot;after_add_to_cart&quot;,&quot;item&quot;:&quot;add_to_wishlist&quot;}\"\n>\n\t\t\t\n\t\t\t<!-- ADD TO WISHLIST -->\n\t\t\t\n<div class=\"yith-wcwl-add-button\">\n\t\t<a\n\t\thref=\"?add_to_wishlist=74742&#038;_wpnonce=52d31225f0\"\n\t\tclass=\"add_to_wishlist single_add_to_wishlist alt button theme-button-style \"\n\t\tdata-product-id=\"74742\"\n\t\tdata-product-type=\"variable\"\n\t\tdata-original-product-id=\"0\"\n\t\tdata-title=\"Zu meiner Wunschliste hinzuf\u00fcgen\"\n\t\trel=\"nofollow\"\n\t>\n\t\t<svg id=\"yith-wcwl-icon-heart-outline\" class=\"yith-wcwl-icon-svg\" fill=\"none\" stroke-width=\"1.5\" stroke=\"currentColor\" viewBox=\"0 0 24 24\" xmlns=\"http:\/\/www.w3.org\/2000\/svg\">\n  <path stroke-linecap=\"round\" stroke-linejoin=\"round\" d=\"M21 8.25c0-2.485-2.099-4.5-4.688-4.5-1.935 0-3.597 1.126-4.312 2.733-.715-1.607-2.377-2.733-4.313-2.733C5.1 3.75 3 5.765 3 8.25c0 7.22 9 12 9 12s9-4.78 9-12Z\"><\/path>\n<\/svg>\t\t<span>Zu meiner Wunschliste hinzuf\u00fcgen<\/span>\n\t<\/a>\n<\/div>\n\n\t\t\t<!-- COUNT TEXT -->\n\t\t\t\n\t\t\t<\/div>\n\t\t\t<\/div>\n\t\t<\/div>\n\t\t\t\t\t\t\t\t\t\t<\/div>\n\t\t\t\t\t\t\t\t\t\t\t\t\t\t\t\t\t<div class=\"image-tools grid-tools text-center hide-for-small bottom hover-slide-in show-on-hover\">\n\t\t\t\t\t\t\t\t\t\t\t\t\t\t\t\t\t\t\t<\/div>\n\t\t\t\t\t\t\t\t\t\t\t\t\t\t\t\t\t\t\t\t\t\t\t<\/div>\n\n\t\t\t\t\t\t\t<div class=\"box-text text-center\" >\n\t\t\t\t\t\t\t\t<div class=\"title-wrapper\"><p class=\"name product-title woocommerce-loop-product__title\"><a href=\"https:\/\/www.companhiaatlantica.pt\/de\/produto\/portugiesische-keramik\/keramiktasse\/becher-340ml-duna-set-mit-6-stueck\" class=\"woocommerce-LoopProduct-link woocommerce-loop-product__link\">Becher 340ml DUNA \u2013 Set mit 6 St\u00fcck<\/a><\/p><\/div><div class=\"price-wrapper\">\n\t<span class=\"price\"><del aria-hidden=\"true\"><span class=\"woocommerce-Price-amount amount\"><bdi>94.50<span class=\"woocommerce-Price-currencySymbol\">&euro;<\/span><\/bdi><\/span><\/del> <span class=\"screen-reader-text\">Urspr\u00fcnglicher Preis war: 94.50&euro;<\/span><ins aria-hidden=\"true\"><span class=\"woocommerce-Price-amount amount\"><bdi>79.95<span class=\"woocommerce-Price-currencySymbol\">&euro;<\/span><\/bdi><\/span><\/ins><span class=\"screen-reader-text\">Aktueller Preis ist: 79.95&euro;.<\/span><\/span>\n<\/div><div class=\"add-to-cart-button\"><a href=\"https:\/\/www.companhiaatlantica.pt\/de\/produto\/portugiesische-keramik\/keramiktasse\/becher-340ml-duna-set-mit-6-stueck\" aria-describedby=\"woocommerce_loop_add_to_cart_link_describedby_74742\" data-quantity=\"1\" class=\"primary is-small mb-0 button product_type_variable add_to_cart_button is-outline\" data-product_id=\"74742\" data-product_sku=\"\" aria-label=\"W\u00e4hle Optionen f\u00fcr \u201eBecher 340ml DUNA \u2013 Set mit 6 St\u00fcck\u201c\" rel=\"nofollow\" data-product_name=\"Becher 340ml DUNA \u2013 Set mit 6 St\u00fcck\" data-product_image=\"https:\/\/www.companhiaatlantica.pt\/wp-content\/uploads\/2025\/06\/ca-duna-collection-green-cup-5-350x350.jpg\">Ausf\u00fchrung w\u00e4hlen<\/a><\/div>\t<span id=\"woocommerce_loop_add_to_cart_link_describedby_74742\" class=\"screen-reader-text\">\n\t\tDieses Produkt weist mehrere Varianten auf. Die Optionen k\u00f6nnen auf der Produktseite gew\u00e4hlt werden\t<\/span>\n\t\t\t\t\t\t\t<\/div>\n\t\t\t\t\t\t<\/div>\n\t\t\t\t\t\t<\/div>\n\t\t\t\t\t<\/div><div class=\"col\" >\n\t\t\t\t\t\t<div class=\"col-inner\">\n\t\t\t\t\t\t\n<div class=\"badge-container absolute left top z-1\">\n<div class=\"badge callout badge-circle\">\r\n  \t\t\t<div class=\"badge-inner secondary on-sale\">\r\n  \t\t\t\t<span class=\"onsale\">-15%<\/span>\r\n\t\t\t<\/div>\r\n\t\t<\/div>\r\n\t\t<div class=\"badge callout badge-circle\">\r\n\t\t\t<div class=\"badge-inner callout-new-bg is-small new-bubble\">NEW<\/div>\r\n\t\t<\/div>\n<div class=\"badge callout badge-circle\"><div class=\"badge-inner callout-new-bg is-small new-bubble\">NEW<\/div><\/div><\/div>\n\t\t\t\t\t\t<div class=\"product-small box has-hover box-normal box-text-bottom\">\n\t\t\t\t\t\t\t<div class=\"box-image\" >\n\t\t\t\t\t\t\t\t<div class=\"\" >\n\t\t\t\t\t\t\t\t\t<a href=\"https:\/\/www.companhiaatlantica.pt\/de\/produto\/portugiesische-keramik\/keramik-teller\/dessertteller-o22-duna-6er-set\" aria-label=\"Dessertteller \u00d822 DUNA \u2013 6er-Set\">\n\t\t\t\t\t\t\t\t\t\t<img loading=\"lazy\" decoding=\"async\" width=\"700\" height=\"700\" src=\"https:\/\/www.companhiaatlantica.pt\/wp-content\/uploads\/2025\/06\/131-411-1-700x700.jpg\" class=\"show-on-hover absolute fill hide-for-small back-image\" alt=\"Alternative view of Dessertteller \u00d822 DUNA \u2013 6er-Set\" aria-hidden=\"true\" srcset=\"https:\/\/www.companhiaatlantica.pt\/wp-content\/uploads\/2025\/06\/131-411-1-700x700.jpg 700w, https:\/\/www.companhiaatlantica.pt\/wp-content\/uploads\/2025\/06\/131-411-1-400x400.jpg 400w, https:\/\/www.companhiaatlantica.pt\/wp-content\/uploads\/2025\/06\/131-411-1-350x350.jpg 350w, https:\/\/www.companhiaatlantica.pt\/wp-content\/uploads\/2025\/06\/131-411-1-768x768.jpg 768w, https:\/\/www.companhiaatlantica.pt\/wp-content\/uploads\/2025\/06\/131-411-1-900x900.jpg 900w, https:\/\/www.companhiaatlantica.pt\/wp-content\/uploads\/2025\/06\/131-411-1-100x100.jpg 100w, https:\/\/www.companhiaatlantica.pt\/wp-content\/uploads\/2025\/06\/131-411-1.jpg 1000w\" sizes=\"auto, (max-width: 700px) 100vw, 700px\" title=\"\"><img loading=\"lazy\" decoding=\"async\" width=\"700\" height=\"700\" src=\"https:\/\/www.companhiaatlantica.pt\/wp-content\/uploads\/2025\/06\/ca-duna-collection-grey-dinner-plate-4-700x700.jpg\" class=\"attachment-woocommerce_thumbnail size-woocommerce_thumbnail\" alt=\"Dessertteller \u00d822 DUNA \u2013 6er-Set\" srcset=\"https:\/\/www.companhiaatlantica.pt\/wp-content\/uploads\/2025\/06\/ca-duna-collection-grey-dinner-plate-4-700x700.jpg 700w, https:\/\/www.companhiaatlantica.pt\/wp-content\/uploads\/2025\/06\/ca-duna-collection-grey-dinner-plate-4-350x350.jpg 350w, https:\/\/www.companhiaatlantica.pt\/wp-content\/uploads\/2025\/06\/ca-duna-collection-grey-dinner-plate-4-100x100.jpg 100w\" sizes=\"auto, (max-width: 700px) 100vw, 700px\" title=\"\">\t\t\t\t\t\t\t\t\t<\/a>\n\t\t\t\t\t\t\t\t\t\t\t\t\t\t\t\t\t\t \t\t\t\t\t\t\t\t<\/div>\n\t\t\t\t\t\t\t\t<div class=\"image-tools top right show-on-hover\">\n\t\t\t\t\t\t\t\t\t\t\t<div class=\"wishlist-icon\">\n\t\t\t<button class=\"wishlist-button button is-outline circle icon\" aria-label=\"Wunschliste\">\n\t\t\t\t<i class=\"icon-heart\" aria-hidden=\"true\"><\/i>\t\t\t<\/button>\n\t\t\t<div class=\"wishlist-popup dark\">\n\t\t\t\t\n<div\n\tclass=\"yith-wcwl-add-to-wishlist add-to-wishlist-74815 yith-wcwl-add-to-wishlist--button_default-style wishlist-fragment on-first-load\"\n\tdata-fragment-ref=\"74815\"\n\tdata-fragment-options=\"{&quot;base_url&quot;:&quot;&quot;,&quot;product_id&quot;:74815,&quot;parent_product_id&quot;:0,&quot;product_type&quot;:&quot;variable&quot;,&quot;is_single&quot;:false,&quot;in_default_wishlist&quot;:false,&quot;show_view&quot;:false,&quot;browse_wishlist_text&quot;:&quot;Siehe Ihre Wunschliste!&quot;,&quot;already_in_wishslist_text&quot;:&quot;Dieses Produkt steht bereits auf Ihrem Wunschzettel!&quot;,&quot;product_added_text&quot;:&quot;Produto adicionado!&quot;,&quot;available_multi_wishlist&quot;:false,&quot;disable_wishlist&quot;:false,&quot;show_count&quot;:false,&quot;ajax_loading&quot;:false,&quot;loop_position&quot;:&quot;after_add_to_cart&quot;,&quot;item&quot;:&quot;add_to_wishlist&quot;}\"\n>\n\t\t\t\n\t\t\t<!-- ADD TO WISHLIST -->\n\t\t\t\n<div class=\"yith-wcwl-add-button\">\n\t\t<a\n\t\thref=\"?add_to_wishlist=74815&#038;_wpnonce=52d31225f0\"\n\t\tclass=\"add_to_wishlist single_add_to_wishlist alt button theme-button-style \"\n\t\tdata-product-id=\"74815\"\n\t\tdata-product-type=\"variable\"\n\t\tdata-original-product-id=\"0\"\n\t\tdata-title=\"Zu meiner Wunschliste hinzuf\u00fcgen\"\n\t\trel=\"nofollow\"\n\t>\n\t\t<svg id=\"yith-wcwl-icon-heart-outline\" class=\"yith-wcwl-icon-svg\" fill=\"none\" stroke-width=\"1.5\" stroke=\"currentColor\" viewBox=\"0 0 24 24\" xmlns=\"http:\/\/www.w3.org\/2000\/svg\">\n  <path stroke-linecap=\"round\" stroke-linejoin=\"round\" d=\"M21 8.25c0-2.485-2.099-4.5-4.688-4.5-1.935 0-3.597 1.126-4.312 2.733-.715-1.607-2.377-2.733-4.313-2.733C5.1 3.75 3 5.765 3 8.25c0 7.22 9 12 9 12s9-4.78 9-12Z\"><\/path>\n<\/svg>\t\t<span>Zu meiner Wunschliste hinzuf\u00fcgen<\/span>\n\t<\/a>\n<\/div>\n\n\t\t\t<!-- COUNT TEXT -->\n\t\t\t\n\t\t\t<\/div>\n\t\t\t<\/div>\n\t\t<\/div>\n\t\t\t\t\t\t\t\t\t\t<\/div>\n\t\t\t\t\t\t\t\t\t\t\t\t\t\t\t\t\t<div class=\"image-tools grid-tools text-center hide-for-small bottom hover-slide-in show-on-hover\">\n\t\t\t\t\t\t\t\t\t\t\t\t\t\t\t\t\t\t\t<\/div>\n\t\t\t\t\t\t\t\t\t\t\t\t\t\t\t\t\t\t\t\t\t\t\t<\/div>\n\n\t\t\t\t\t\t\t<div class=\"box-text text-center\" >\n\t\t\t\t\t\t\t\t<div class=\"title-wrapper\"><p class=\"name product-title woocommerce-loop-product__title\"><a href=\"https:\/\/www.companhiaatlantica.pt\/de\/produto\/portugiesische-keramik\/keramik-teller\/dessertteller-o22-duna-6er-set\" class=\"woocommerce-LoopProduct-link woocommerce-loop-product__link\">Dessertteller \u00d822 DUNA \u2013 6er-Set<\/a><\/p><\/div><div class=\"price-wrapper\">\n\t<span class=\"price\"><del aria-hidden=\"true\"><span class=\"woocommerce-Price-amount amount\"><bdi>94.50<span class=\"woocommerce-Price-currencySymbol\">&euro;<\/span><\/bdi><\/span><\/del> <span class=\"screen-reader-text\">Urspr\u00fcnglicher Preis war: 94.50&euro;<\/span><ins aria-hidden=\"true\"><span class=\"woocommerce-Price-amount amount\"><bdi>79.95<span class=\"woocommerce-Price-currencySymbol\">&euro;<\/span><\/bdi><\/span><\/ins><span class=\"screen-reader-text\">Aktueller Preis ist: 79.95&euro;.<\/span><\/span>\n<\/div><div class=\"add-to-cart-button\"><a href=\"https:\/\/www.companhiaatlantica.pt\/de\/produto\/portugiesische-keramik\/keramik-teller\/dessertteller-o22-duna-6er-set\" aria-describedby=\"woocommerce_loop_add_to_cart_link_describedby_74815\" data-quantity=\"1\" class=\"primary is-small mb-0 button product_type_variable add_to_cart_button is-outline\" data-product_id=\"74815\" data-product_sku=\"\" aria-label=\"W\u00e4hle Optionen f\u00fcr \u201eDessertteller \u00d822 DUNA \u2013 6er-Set\u201c\" rel=\"nofollow\" data-product_name=\"Dessertteller \u00d822 DUNA \u2013 6er-Set\" data-product_image=\"https:\/\/www.companhiaatlantica.pt\/wp-content\/uploads\/2025\/06\/ca-duna-collection-grey-dinner-plate-4-350x350.jpg\">Ausf\u00fchrung w\u00e4hlen<\/a><\/div>\t<span id=\"woocommerce_loop_add_to_cart_link_describedby_74815\" class=\"screen-reader-text\">\n\t\tDieses Produkt weist mehrere Varianten auf. Die Optionen k\u00f6nnen auf der Produktseite gew\u00e4hlt werden\t<\/span>\n\t\t\t\t\t\t\t<\/div>\n\t\t\t\t\t\t<\/div>\n\t\t\t\t\t\t<\/div>\n\t\t\t\t\t<\/div><div class=\"col\" >\n\t\t\t\t\t\t<div class=\"col-inner\">\n\t\t\t\t\t\t\n<div class=\"badge-container absolute left top z-1\">\n<div class=\"badge callout badge-circle\">\r\n  \t\t\t<div class=\"badge-inner secondary on-sale\">\r\n  \t\t\t\t<span class=\"onsale\">-30%<\/span>\r\n\t\t\t<\/div>\r\n\t\t<\/div>\r\n\t\t<div class=\"badge callout badge-circle\">\r\n\t\t\t<div class=\"badge-inner callout-new-bg is-small new-bubble\">6 pcs<\/div>\r\n\t\t<\/div>\n<div class=\"badge callout badge-circle\"><div class=\"badge-inner callout-new-bg is-small new-bubble\">6 pcs<\/div><\/div><\/div>\n\t\t\t\t\t\t<div class=\"product-small box has-hover box-normal box-text-bottom\">\n\t\t\t\t\t\t\t<div class=\"box-image\" >\n\t\t\t\t\t\t\t\t<div class=\"\" >\n\t\t\t\t\t\t\t\t\t<a href=\"https:\/\/www.companhiaatlantica.pt\/de\/produto\/portugiesische-keramik\/keramik-kaffeetassen\/plantoir-fruehstuecksset-6-teile\" aria-label=\"PLANTOIR Fr\u00fchst\u00fccksset - 6 Teile\">\n\t\t\t\t\t\t\t\t\t\t<img loading=\"lazy\" decoding=\"async\" width=\"600\" height=\"600\" src=\"https:\/\/www.companhiaatlantica.pt\/wp-content\/uploads\/2020\/06\/IMG_0737.jpg\" class=\"show-on-hover absolute fill hide-for-small back-image\" alt=\"Alternative view of PLANTOIR Fr\u00fchst\u00fccksset - 6 Teile\" aria-hidden=\"true\" srcset=\"https:\/\/www.companhiaatlantica.pt\/wp-content\/uploads\/2020\/06\/IMG_0737.jpg 600w, https:\/\/www.companhiaatlantica.pt\/wp-content\/uploads\/2020\/06\/IMG_0737-100x100.jpg 100w\" sizes=\"auto, (max-width: 600px) 100vw, 600px\" title=\"\"><img loading=\"lazy\" decoding=\"async\" width=\"600\" height=\"600\" src=\"https:\/\/www.companhiaatlantica.pt\/wp-content\/uploads\/2020\/06\/IMG_0738.jpg\" class=\"attachment-woocommerce_thumbnail size-woocommerce_thumbnail\" alt=\"PLANTOIR Fr\u00fchst\u00fccksset - 6 Teile\" srcset=\"https:\/\/www.companhiaatlantica.pt\/wp-content\/uploads\/2020\/06\/IMG_0738.jpg 600w, https:\/\/www.companhiaatlantica.pt\/wp-content\/uploads\/2020\/06\/IMG_0738-100x100.jpg 100w\" sizes=\"auto, (max-width: 600px) 100vw, 600px\" title=\"\">\t\t\t\t\t\t\t\t\t<\/a>\n\t\t\t\t\t\t\t\t\t\t\t\t\t\t\t\t\t\t \t\t\t\t\t\t\t\t<\/div>\n\t\t\t\t\t\t\t\t<div class=\"image-tools top right show-on-hover\">\n\t\t\t\t\t\t\t\t\t\t\t<div class=\"wishlist-icon\">\n\t\t\t<button class=\"wishlist-button button is-outline circle icon\" aria-label=\"Wunschliste\">\n\t\t\t\t<i class=\"icon-heart\" aria-hidden=\"true\"><\/i>\t\t\t<\/button>\n\t\t\t<div class=\"wishlist-popup dark\">\n\t\t\t\t\n<div\n\tclass=\"yith-wcwl-add-to-wishlist add-to-wishlist-41975 yith-wcwl-add-to-wishlist--button_default-style wishlist-fragment on-first-load\"\n\tdata-fragment-ref=\"41975\"\n\tdata-fragment-options=\"{&quot;base_url&quot;:&quot;&quot;,&quot;product_id&quot;:41975,&quot;parent_product_id&quot;:0,&quot;product_type&quot;:&quot;simple&quot;,&quot;is_single&quot;:false,&quot;in_default_wishlist&quot;:false,&quot;show_view&quot;:false,&quot;browse_wishlist_text&quot;:&quot;Siehe Ihre Wunschliste!&quot;,&quot;already_in_wishslist_text&quot;:&quot;Dieses Produkt steht bereits auf Ihrem Wunschzettel!&quot;,&quot;product_added_text&quot;:&quot;Produto adicionado!&quot;,&quot;available_multi_wishlist&quot;:false,&quot;disable_wishlist&quot;:false,&quot;show_count&quot;:false,&quot;ajax_loading&quot;:false,&quot;loop_position&quot;:&quot;after_add_to_cart&quot;,&quot;item&quot;:&quot;add_to_wishlist&quot;}\"\n>\n\t\t\t\n\t\t\t<!-- ADD TO WISHLIST -->\n\t\t\t\n<div class=\"yith-wcwl-add-button\">\n\t\t<a\n\t\thref=\"?add_to_wishlist=41975&#038;_wpnonce=52d31225f0\"\n\t\tclass=\"add_to_wishlist single_add_to_wishlist alt button theme-button-style \"\n\t\tdata-product-id=\"41975\"\n\t\tdata-product-type=\"simple\"\n\t\tdata-original-product-id=\"0\"\n\t\tdata-title=\"Zu meiner Wunschliste hinzuf\u00fcgen\"\n\t\trel=\"nofollow\"\n\t>\n\t\t<svg id=\"yith-wcwl-icon-heart-outline\" class=\"yith-wcwl-icon-svg\" fill=\"none\" stroke-width=\"1.5\" stroke=\"currentColor\" viewBox=\"0 0 24 24\" xmlns=\"http:\/\/www.w3.org\/2000\/svg\">\n  <path stroke-linecap=\"round\" stroke-linejoin=\"round\" d=\"M21 8.25c0-2.485-2.099-4.5-4.688-4.5-1.935 0-3.597 1.126-4.312 2.733-.715-1.607-2.377-2.733-4.313-2.733C5.1 3.75 3 5.765 3 8.25c0 7.22 9 12 9 12s9-4.78 9-12Z\"><\/path>\n<\/svg>\t\t<span>Zu meiner Wunschliste hinzuf\u00fcgen<\/span>\n\t<\/a>\n<\/div>\n\n\t\t\t<!-- COUNT TEXT -->\n\t\t\t\n\t\t\t<\/div>\n\t\t\t<\/div>\n\t\t<\/div>\n\t\t\t\t\t\t\t\t\t\t<\/div>\n\t\t\t\t\t\t\t\t\t\t\t\t\t\t\t\t\t<div class=\"image-tools grid-tools text-center hide-for-small bottom hover-slide-in show-on-hover\">\n\t\t\t\t\t\t\t\t\t\t\t\t\t\t\t\t\t\t\t<\/div>\n\t\t\t\t\t\t\t\t\t\t\t\t\t\t\t\t\t\t\t\t\t\t\t<\/div>\n\n\t\t\t\t\t\t\t<div class=\"box-text text-center\" >\n\t\t\t\t\t\t\t\t<div class=\"title-wrapper\"><p class=\"name product-title woocommerce-loop-product__title\"><a href=\"https:\/\/www.companhiaatlantica.pt\/de\/produto\/portugiesische-keramik\/keramik-kaffeetassen\/plantoir-fruehstuecksset-6-teile\" class=\"woocommerce-LoopProduct-link woocommerce-loop-product__link\">PLANTOIR Fr\u00fchst\u00fccksset &#8211; 6 Teile<\/a><\/p><\/div><div class=\"price-wrapper\">\n\t<span class=\"price\"><del aria-hidden=\"true\"><span class=\"woocommerce-Price-amount amount\"><bdi>78.00<span class=\"woocommerce-Price-currencySymbol\">&euro;<\/span><\/bdi><\/span><\/del> <span class=\"screen-reader-text\">Urspr\u00fcnglicher Preis war: 78.00&euro;<\/span><ins aria-hidden=\"true\"><span class=\"woocommerce-Price-amount amount\"><bdi>54.60<span class=\"woocommerce-Price-currencySymbol\">&euro;<\/span><\/bdi><\/span><\/ins><span class=\"screen-reader-text\">Aktueller Preis ist: 54.60&euro;.<\/span><\/span>\n<\/div><div class=\"add-to-cart-button\"><a href=\"\/de\/wp-json\/wp\/v2\/pages\/66644?add-to-cart=41975\" aria-describedby=\"woocommerce_loop_add_to_cart_link_describedby_41975\" data-quantity=\"1\" class=\"primary is-small mb-0 button product_type_simple add_to_cart_button ajax_add_to_cart is-outline\" data-product_id=\"41975\" data-product_sku=\"130-509\" aria-label=\"In den Warenkorb legen: \u201ePLANTOIR Fr\u00fchst\u00fccksset - 6 Teile\u201c\" rel=\"nofollow\" data-success_message=\"\u201ePLANTOIR Fr\u00fchst\u00fccksset - 6 Teile\u201c wurde deinem Warenkorb hinzugef\u00fcgt\" data-product_name=\"PLANTOIR Fr\u00fchst\u00fccksset - 6 Teile\" data-product_image=\"https:\/\/www.companhiaatlantica.pt\/wp-content\/uploads\/2020\/06\/IMG_0738.jpg\" role=\"button\">In den Warenkorb<\/a><\/div>\t<span id=\"woocommerce_loop_add_to_cart_link_describedby_41975\" class=\"screen-reader-text\">\n\t\t\t<\/span>\n\t\t\t\t\t\t\t<\/div>\n\t\t\t\t\t\t<\/div>\n\t\t\t\t\t\t<\/div>\n\t\t\t\t\t<\/div><div class=\"col\" >\n\t\t\t\t\t\t<div class=\"col-inner\">\n\t\t\t\t\t\t\n<div class=\"badge-container absolute left top z-1\">\n<div class=\"badge callout badge-circle\">\r\n  \t\t\t<div class=\"badge-inner secondary on-sale\">\r\n  \t\t\t\t<span class=\"onsale\">-17%<\/span>\r\n\t\t\t<\/div>\r\n\t\t<\/div>\r\n\t\t<div class=\"badge callout badge-circle\">\r\n\t\t\t<div class=\"badge-inner callout-new-bg is-small new-bubble\">NEW<\/div>\r\n\t\t<\/div>\n<div class=\"badge callout badge-circle\"><div class=\"badge-inner callout-new-bg is-small new-bubble\">NEW<\/div><\/div><\/div>\n\t\t\t\t\t\t<div class=\"product-small box has-hover box-normal box-text-bottom\">\n\t\t\t\t\t\t\t<div class=\"box-image\" >\n\t\t\t\t\t\t\t\t<div class=\"\" >\n\t\t\t\t\t\t\t\t\t<a href=\"https:\/\/www.companhiaatlantica.pt\/de\/produto\/portugiesische-keramik\/keramik-teller\/speiseteller-o27-duna-6er-set\" aria-label=\"Speiseteller \u00d827 DUNA \u2013 6er-Set\">\n\t\t\t\t\t\t\t\t\t\t<img loading=\"lazy\" decoding=\"async\" width=\"700\" height=\"700\" src=\"https:\/\/www.companhiaatlantica.pt\/wp-content\/uploads\/2025\/06\/1-2-700x700.jpg\" class=\"show-on-hover absolute fill hide-for-small back-image\" alt=\"Alternative view of Speiseteller \u00d827 DUNA \u2013 6er-Set\" aria-hidden=\"true\" srcset=\"https:\/\/www.companhiaatlantica.pt\/wp-content\/uploads\/2025\/06\/1-2-700x700.jpg 700w, https:\/\/www.companhiaatlantica.pt\/wp-content\/uploads\/2025\/06\/1-2-400x400.jpg 400w, https:\/\/www.companhiaatlantica.pt\/wp-content\/uploads\/2025\/06\/1-2-350x350.jpg 350w, https:\/\/www.companhiaatlantica.pt\/wp-content\/uploads\/2025\/06\/1-2-768x768.jpg 768w, https:\/\/www.companhiaatlantica.pt\/wp-content\/uploads\/2025\/06\/1-2-900x900.jpg 900w, https:\/\/www.companhiaatlantica.pt\/wp-content\/uploads\/2025\/06\/1-2-100x100.jpg 100w, https:\/\/www.companhiaatlantica.pt\/wp-content\/uploads\/2025\/06\/1-2.jpg 1000w\" sizes=\"auto, (max-width: 700px) 100vw, 700px\" title=\"\"><img loading=\"lazy\" decoding=\"async\" width=\"700\" height=\"700\" src=\"https:\/\/www.companhiaatlantica.pt\/wp-content\/uploads\/2025\/06\/ca-product-photography-duna-collection-green-kamila-weder-dessert-plate-4-700x700.jpg\" class=\"attachment-woocommerce_thumbnail size-woocommerce_thumbnail\" alt=\"Speiseteller \u00d827 DUNA \u2013 6er-Set\" srcset=\"https:\/\/www.companhiaatlantica.pt\/wp-content\/uploads\/2025\/06\/ca-product-photography-duna-collection-green-kamila-weder-dessert-plate-4-700x700.jpg 700w, https:\/\/www.companhiaatlantica.pt\/wp-content\/uploads\/2025\/06\/ca-product-photography-duna-collection-green-kamila-weder-dessert-plate-4-350x350.jpg 350w, https:\/\/www.companhiaatlantica.pt\/wp-content\/uploads\/2025\/06\/ca-product-photography-duna-collection-green-kamila-weder-dessert-plate-4-100x100.jpg 100w\" sizes=\"auto, (max-width: 700px) 100vw, 700px\" title=\"\">\t\t\t\t\t\t\t\t\t<\/a>\n\t\t\t\t\t\t\t\t\t\t\t\t\t\t\t\t\t\t \t\t\t\t\t\t\t\t<\/div>\n\t\t\t\t\t\t\t\t<div class=\"image-tools top right show-on-hover\">\n\t\t\t\t\t\t\t\t\t\t\t<div class=\"wishlist-icon\">\n\t\t\t<button class=\"wishlist-button button is-outline circle icon\" aria-label=\"Wunschliste\">\n\t\t\t\t<i class=\"icon-heart\" aria-hidden=\"true\"><\/i>\t\t\t<\/button>\n\t\t\t<div class=\"wishlist-popup dark\">\n\t\t\t\t\n<div\n\tclass=\"yith-wcwl-add-to-wishlist add-to-wishlist-74839 yith-wcwl-add-to-wishlist--button_default-style wishlist-fragment on-first-load\"\n\tdata-fragment-ref=\"74839\"\n\tdata-fragment-options=\"{&quot;base_url&quot;:&quot;&quot;,&quot;product_id&quot;:74839,&quot;parent_product_id&quot;:0,&quot;product_type&quot;:&quot;variable&quot;,&quot;is_single&quot;:false,&quot;in_default_wishlist&quot;:false,&quot;show_view&quot;:false,&quot;browse_wishlist_text&quot;:&quot;Siehe Ihre Wunschliste!&quot;,&quot;already_in_wishslist_text&quot;:&quot;Dieses Produkt steht bereits auf Ihrem Wunschzettel!&quot;,&quot;product_added_text&quot;:&quot;Produto adicionado!&quot;,&quot;available_multi_wishlist&quot;:false,&quot;disable_wishlist&quot;:false,&quot;show_count&quot;:false,&quot;ajax_loading&quot;:false,&quot;loop_position&quot;:&quot;after_add_to_cart&quot;,&quot;item&quot;:&quot;add_to_wishlist&quot;}\"\n>\n\t\t\t\n\t\t\t<!-- ADD TO WISHLIST -->\n\t\t\t\n<div class=\"yith-wcwl-add-button\">\n\t\t<a\n\t\thref=\"?add_to_wishlist=74839&#038;_wpnonce=52d31225f0\"\n\t\tclass=\"add_to_wishlist single_add_to_wishlist alt button theme-button-style \"\n\t\tdata-product-id=\"74839\"\n\t\tdata-product-type=\"variable\"\n\t\tdata-original-product-id=\"0\"\n\t\tdata-title=\"Zu meiner Wunschliste hinzuf\u00fcgen\"\n\t\trel=\"nofollow\"\n\t>\n\t\t<svg id=\"yith-wcwl-icon-heart-outline\" class=\"yith-wcwl-icon-svg\" fill=\"none\" stroke-width=\"1.5\" stroke=\"currentColor\" viewBox=\"0 0 24 24\" xmlns=\"http:\/\/www.w3.org\/2000\/svg\">\n  <path stroke-linecap=\"round\" stroke-linejoin=\"round\" d=\"M21 8.25c0-2.485-2.099-4.5-4.688-4.5-1.935 0-3.597 1.126-4.312 2.733-.715-1.607-2.377-2.733-4.313-2.733C5.1 3.75 3 5.765 3 8.25c0 7.22 9 12 9 12s9-4.78 9-12Z\"><\/path>\n<\/svg>\t\t<span>Zu meiner Wunschliste hinzuf\u00fcgen<\/span>\n\t<\/a>\n<\/div>\n\n\t\t\t<!-- COUNT TEXT -->\n\t\t\t\n\t\t\t<\/div>\n\t\t\t<\/div>\n\t\t<\/div>\n\t\t\t\t\t\t\t\t\t\t<\/div>\n\t\t\t\t\t\t\t\t\t\t\t\t\t\t\t\t\t<div class=\"image-tools grid-tools text-center hide-for-small bottom hover-slide-in show-on-hover\">\n\t\t\t\t\t\t\t\t\t\t\t\t\t\t\t\t\t\t\t<\/div>\n\t\t\t\t\t\t\t\t\t\t\t\t\t\t\t\t\t\t\t\t\t\t\t<\/div>\n\n\t\t\t\t\t\t\t<div class=\"box-text text-center\" >\n\t\t\t\t\t\t\t\t<div class=\"title-wrapper\"><p class=\"name product-title woocommerce-loop-product__title\"><a href=\"https:\/\/www.companhiaatlantica.pt\/de\/produto\/portugiesische-keramik\/keramik-teller\/speiseteller-o27-duna-6er-set\" class=\"woocommerce-LoopProduct-link woocommerce-loop-product__link\">Speiseteller \u00d827 DUNA \u2013 6er-Set<\/a><\/p><\/div><div class=\"price-wrapper\">\n\t<span class=\"price\"><del aria-hidden=\"true\"><span class=\"woocommerce-Price-amount amount\"><bdi>108.00<span class=\"woocommerce-Price-currencySymbol\">&euro;<\/span><\/bdi><\/span><\/del> <span class=\"screen-reader-text\">Urspr\u00fcnglicher Preis war: 108.00&euro;<\/span><ins aria-hidden=\"true\"><span class=\"woocommerce-Price-amount amount\"><bdi>89.95<span class=\"woocommerce-Price-currencySymbol\">&euro;<\/span><\/bdi><\/span><\/ins><span class=\"screen-reader-text\">Aktueller Preis ist: 89.95&euro;.<\/span><\/span>\n<\/div><div class=\"add-to-cart-button\"><a href=\"https:\/\/www.companhiaatlantica.pt\/de\/produto\/portugiesische-keramik\/keramik-teller\/speiseteller-o27-duna-6er-set\" aria-describedby=\"woocommerce_loop_add_to_cart_link_describedby_74839\" data-quantity=\"1\" class=\"primary is-small mb-0 button product_type_variable add_to_cart_button is-outline\" data-product_id=\"74839\" data-product_sku=\"\" aria-label=\"W\u00e4hle Optionen f\u00fcr \u201eSpeiseteller \u00d827 DUNA \u2013 6er-Set\u201c\" rel=\"nofollow\" data-product_name=\"Speiseteller \u00d827 DUNA \u2013 6er-Set\" data-product_image=\"https:\/\/www.companhiaatlantica.pt\/wp-content\/uploads\/2025\/06\/ca-product-photography-duna-collection-green-kamila-weder-dessert-plate-4-350x350.jpg\">Ausf\u00fchrung w\u00e4hlen<\/a><\/div>\t<span id=\"woocommerce_loop_add_to_cart_link_describedby_74839\" class=\"screen-reader-text\">\n\t\tDieses Produkt weist mehrere Varianten auf. Die Optionen k\u00f6nnen auf der Produktseite gew\u00e4hlt werden\t<\/span>\n\t\t\t\t\t\t\t<\/div>\n\t\t\t\t\t\t<\/div>\n\t\t\t\t\t\t<\/div>\n\t\t\t\t\t<\/div><div class=\"col\" >\n\t\t\t\t\t\t<div class=\"col-inner\">\n\t\t\t\t\t\t\n<div class=\"badge-container absolute left top z-1\">\n<div class=\"badge callout badge-circle\">\r\n  \t\t\t<div class=\"badge-inner secondary on-sale\">\r\n  \t\t\t\t<span class=\"onsale\">-35%<\/span>\r\n\t\t\t<\/div>\r\n\t\t<\/div>\r\n\t\t<div class=\"badge callout badge-circle\">\r\n\t\t\t<div class=\"badge-inner callout-new-bg is-small new-bubble\">6 pcs<\/div>\r\n\t\t<\/div>\n<div class=\"badge callout badge-circle\"><div class=\"badge-inner callout-new-bg is-small new-bubble\">6 pcs<\/div><\/div><\/div>\n\t\t\t\t\t\t<div class=\"product-small box has-hover box-normal box-text-bottom\">\n\t\t\t\t\t\t\t<div class=\"box-image\" >\n\t\t\t\t\t\t\t\t<div class=\"\" >\n\t\t\t\t\t\t\t\t\t<a href=\"https:\/\/www.companhiaatlantica.pt\/de\/produto\/portugiesische-keramik\/keramiktasse\/plantoir-caneca-350ml-6-pecks\" aria-label=\"PLANTOIR Kaffeebecher - 6er Set\">\n\t\t\t\t\t\t\t\t\t\t<img loading=\"lazy\" decoding=\"async\" width=\"600\" height=\"600\" src=\"https:\/\/www.companhiaatlantica.pt\/wp-content\/uploads\/2020\/06\/IMG_0647.jpg\" class=\"show-on-hover absolute fill hide-for-small back-image\" alt=\"Alternative view of PLANTOIR Kaffeebecher - 6er Set\" aria-hidden=\"true\" srcset=\"https:\/\/www.companhiaatlantica.pt\/wp-content\/uploads\/2020\/06\/IMG_0647.jpg 600w, https:\/\/www.companhiaatlantica.pt\/wp-content\/uploads\/2020\/06\/IMG_0647-100x100.jpg 100w\" sizes=\"auto, (max-width: 600px) 100vw, 600px\" title=\"\"><img loading=\"lazy\" decoding=\"async\" width=\"600\" height=\"600\" src=\"https:\/\/www.companhiaatlantica.pt\/wp-content\/uploads\/2020\/06\/IMG_0752-2.jpg\" class=\"attachment-woocommerce_thumbnail size-woocommerce_thumbnail\" alt=\"PLANTOIR Kaffeebecher - 6er Set\" srcset=\"https:\/\/www.companhiaatlantica.pt\/wp-content\/uploads\/2020\/06\/IMG_0752-2.jpg 600w, https:\/\/www.companhiaatlantica.pt\/wp-content\/uploads\/2020\/06\/IMG_0752-2-100x100.jpg 100w\" sizes=\"auto, (max-width: 600px) 100vw, 600px\" title=\"\">\t\t\t\t\t\t\t\t\t<\/a>\n\t\t\t\t\t\t\t\t\t\t\t\t\t\t\t\t\t\t \t\t\t\t\t\t\t\t<\/div>\n\t\t\t\t\t\t\t\t<div class=\"image-tools top right show-on-hover\">\n\t\t\t\t\t\t\t\t\t\t\t<div class=\"wishlist-icon\">\n\t\t\t<button class=\"wishlist-button button is-outline circle icon\" aria-label=\"Wunschliste\">\n\t\t\t\t<i class=\"icon-heart\" aria-hidden=\"true\"><\/i>\t\t\t<\/button>\n\t\t\t<div class=\"wishlist-popup dark\">\n\t\t\t\t\n<div\n\tclass=\"yith-wcwl-add-to-wishlist add-to-wishlist-41821 yith-wcwl-add-to-wishlist--button_default-style wishlist-fragment on-first-load\"\n\tdata-fragment-ref=\"41821\"\n\tdata-fragment-options=\"{&quot;base_url&quot;:&quot;&quot;,&quot;product_id&quot;:41821,&quot;parent_product_id&quot;:0,&quot;product_type&quot;:&quot;simple&quot;,&quot;is_single&quot;:false,&quot;in_default_wishlist&quot;:false,&quot;show_view&quot;:false,&quot;browse_wishlist_text&quot;:&quot;Siehe Ihre Wunschliste!&quot;,&quot;already_in_wishslist_text&quot;:&quot;Dieses Produkt steht bereits auf Ihrem Wunschzettel!&quot;,&quot;product_added_text&quot;:&quot;Produto adicionado!&quot;,&quot;available_multi_wishlist&quot;:false,&quot;disable_wishlist&quot;:false,&quot;show_count&quot;:false,&quot;ajax_loading&quot;:false,&quot;loop_position&quot;:&quot;after_add_to_cart&quot;,&quot;item&quot;:&quot;add_to_wishlist&quot;}\"\n>\n\t\t\t\n\t\t\t<!-- ADD TO WISHLIST -->\n\t\t\t\n<div class=\"yith-wcwl-add-button\">\n\t\t<a\n\t\thref=\"?add_to_wishlist=41821&#038;_wpnonce=52d31225f0\"\n\t\tclass=\"add_to_wishlist single_add_to_wishlist alt button theme-button-style \"\n\t\tdata-product-id=\"41821\"\n\t\tdata-product-type=\"simple\"\n\t\tdata-original-product-id=\"0\"\n\t\tdata-title=\"Zu meiner Wunschliste hinzuf\u00fcgen\"\n\t\trel=\"nofollow\"\n\t>\n\t\t<svg id=\"yith-wcwl-icon-heart-outline\" class=\"yith-wcwl-icon-svg\" fill=\"none\" stroke-width=\"1.5\" stroke=\"currentColor\" viewBox=\"0 0 24 24\" xmlns=\"http:\/\/www.w3.org\/2000\/svg\">\n  <path stroke-linecap=\"round\" stroke-linejoin=\"round\" d=\"M21 8.25c0-2.485-2.099-4.5-4.688-4.5-1.935 0-3.597 1.126-4.312 2.733-.715-1.607-2.377-2.733-4.313-2.733C5.1 3.75 3 5.765 3 8.25c0 7.22 9 12 9 12s9-4.78 9-12Z\"><\/path>\n<\/svg>\t\t<span>Zu meiner Wunschliste hinzuf\u00fcgen<\/span>\n\t<\/a>\n<\/div>\n\n\t\t\t<!-- COUNT TEXT -->\n\t\t\t\n\t\t\t<\/div>\n\t\t\t<\/div>\n\t\t<\/div>\n\t\t\t\t\t\t\t\t\t\t<\/div>\n\t\t\t\t\t\t\t\t\t\t\t\t\t\t\t\t\t<div class=\"image-tools grid-tools text-center hide-for-small bottom hover-slide-in show-on-hover\">\n\t\t\t\t\t\t\t\t\t\t\t\t\t\t\t\t\t\t\t<\/div>\n\t\t\t\t\t\t\t\t\t\t\t\t\t\t\t\t\t\t\t\t\t\t\t<\/div>\n\n\t\t\t\t\t\t\t<div class=\"box-text text-center\" >\n\t\t\t\t\t\t\t\t<div class=\"title-wrapper\"><p class=\"name product-title woocommerce-loop-product__title\"><a href=\"https:\/\/www.companhiaatlantica.pt\/de\/produto\/portugiesische-keramik\/keramiktasse\/plantoir-caneca-350ml-6-pecks\" class=\"woocommerce-LoopProduct-link woocommerce-loop-product__link\">PLANTOIR Kaffeebecher &#8211; 6er Set<\/a><\/p><\/div><div class=\"price-wrapper\">\n\t<span class=\"price\"><del aria-hidden=\"true\"><span class=\"woocommerce-Price-amount amount\"><bdi>84.00<span class=\"woocommerce-Price-currencySymbol\">&euro;<\/span><\/bdi><\/span><\/del> <span class=\"screen-reader-text\">Urspr\u00fcnglicher Preis war: 84.00&euro;<\/span><ins aria-hidden=\"true\"><span class=\"woocommerce-Price-amount amount\"><bdi>55.00<span class=\"woocommerce-Price-currencySymbol\">&euro;<\/span><\/bdi><\/span><\/ins><span class=\"screen-reader-text\">Aktueller Preis ist: 55.00&euro;.<\/span><\/span>\n<\/div><div class=\"add-to-cart-button\"><a href=\"\/de\/wp-json\/wp\/v2\/pages\/66644?add-to-cart=41821\" aria-describedby=\"woocommerce_loop_add_to_cart_link_describedby_41821\" data-quantity=\"1\" class=\"primary is-small mb-0 button product_type_simple add_to_cart_button ajax_add_to_cart is-outline\" data-product_id=\"41821\" data-product_sku=\"130-462.S6\" aria-label=\"In den Warenkorb legen: \u201ePLANTOIR Kaffeebecher - 6er Set\u201c\" rel=\"nofollow\" data-success_message=\"\u201ePLANTOIR Kaffeebecher - 6er Set\u201c wurde deinem Warenkorb hinzugef\u00fcgt\" data-product_name=\"PLANTOIR Kaffeebecher - 6er Set\" data-product_image=\"https:\/\/www.companhiaatlantica.pt\/wp-content\/uploads\/2020\/06\/IMG_0752-2.jpg\" role=\"button\">In den Warenkorb<\/a><\/div>\t<span id=\"woocommerce_loop_add_to_cart_link_describedby_41821\" class=\"screen-reader-text\">\n\t\t\t<\/span>\n\t\t\t\t\t\t\t<\/div>\n\t\t\t\t\t\t<\/div>\n\t\t\t\t\t\t<\/div>\n\t\t\t\t\t<\/div><div class=\"col\" >\n\t\t\t\t\t\t<div class=\"col-inner\">\n\t\t\t\t\t\t\n<div class=\"badge-container absolute left top z-1\">\n<div class=\"badge callout badge-circle\">\r\n  \t\t\t<div class=\"badge-inner secondary on-sale\">\r\n  \t\t\t\t<span class=\"onsale\">-15%<\/span>\r\n\t\t\t<\/div>\r\n\t\t<\/div>\r\n\t\t<div class=\"badge callout badge-circle\">\r\n\t\t\t<div class=\"badge-inner callout-new-bg is-small new-bubble\">NEW<\/div>\r\n\t\t<\/div>\n<div class=\"badge callout badge-circle\"><div class=\"badge-inner callout-new-bg is-small new-bubble\">NEW<\/div><\/div><\/div>\n\t\t\t\t\t\t<div class=\"product-small box has-hover box-normal box-text-bottom\">\n\t\t\t\t\t\t\t<div class=\"box-image\" >\n\t\t\t\t\t\t\t\t<div class=\"\" >\n\t\t\t\t\t\t\t\t\t<a href=\"https:\/\/www.companhiaatlantica.pt\/de\/produto\/portugiesische-keramik\/keramik-schussel\/schale-o14-duna-set-mit-6-stueck\" aria-label=\"Schale \u00d814 DUNA \u2013 Set mit 6 St\u00fcck\">\n\t\t\t\t\t\t\t\t\t\t<img loading=\"lazy\" decoding=\"async\" width=\"700\" height=\"700\" src=\"https:\/\/www.companhiaatlantica.pt\/wp-content\/uploads\/2025\/06\/131-406_a-1-700x700.jpg\" class=\"show-on-hover absolute fill hide-for-small back-image\" alt=\"Alternative view of Schale \u00d814 DUNA \u2013 Set mit 6 St\u00fcck\" aria-hidden=\"true\" srcset=\"https:\/\/www.companhiaatlantica.pt\/wp-content\/uploads\/2025\/06\/131-406_a-1-700x700.jpg 700w, https:\/\/www.companhiaatlantica.pt\/wp-content\/uploads\/2025\/06\/131-406_a-1-400x400.jpg 400w, https:\/\/www.companhiaatlantica.pt\/wp-content\/uploads\/2025\/06\/131-406_a-1-350x350.jpg 350w, https:\/\/www.companhiaatlantica.pt\/wp-content\/uploads\/2025\/06\/131-406_a-1-768x768.jpg 768w, https:\/\/www.companhiaatlantica.pt\/wp-content\/uploads\/2025\/06\/131-406_a-1-900x900.jpg 900w, https:\/\/www.companhiaatlantica.pt\/wp-content\/uploads\/2025\/06\/131-406_a-1-100x100.jpg 100w, https:\/\/www.companhiaatlantica.pt\/wp-content\/uploads\/2025\/06\/131-406_a-1.jpg 1000w\" sizes=\"auto, (max-width: 700px) 100vw, 700px\" title=\"\"><img loading=\"lazy\" decoding=\"async\" width=\"700\" height=\"700\" src=\"https:\/\/www.companhiaatlantica.pt\/wp-content\/uploads\/2025\/06\/ca-duna-collection-green-bowl-4-700x700.jpg\" class=\"attachment-woocommerce_thumbnail size-woocommerce_thumbnail\" alt=\"Schale \u00d814 DUNA \u2013 Set mit 6 St\u00fcck\" srcset=\"https:\/\/www.companhiaatlantica.pt\/wp-content\/uploads\/2025\/06\/ca-duna-collection-green-bowl-4-700x700.jpg 700w, https:\/\/www.companhiaatlantica.pt\/wp-content\/uploads\/2025\/06\/ca-duna-collection-green-bowl-4-350x350.jpg 350w, https:\/\/www.companhiaatlantica.pt\/wp-content\/uploads\/2025\/06\/ca-duna-collection-green-bowl-4-100x100.jpg 100w\" sizes=\"auto, (max-width: 700px) 100vw, 700px\" title=\"\">\t\t\t\t\t\t\t\t\t<\/a>\n\t\t\t\t\t\t\t\t\t\t\t\t\t\t\t\t\t\t \t\t\t\t\t\t\t\t<\/div>\n\t\t\t\t\t\t\t\t<div class=\"image-tools top right show-on-hover\">\n\t\t\t\t\t\t\t\t\t\t\t<div class=\"wishlist-icon\">\n\t\t\t<button class=\"wishlist-button button is-outline circle icon\" aria-label=\"Wunschliste\">\n\t\t\t\t<i class=\"icon-heart\" aria-hidden=\"true\"><\/i>\t\t\t<\/button>\n\t\t\t<div class=\"wishlist-popup dark\">\n\t\t\t\t\n<div\n\tclass=\"yith-wcwl-add-to-wishlist add-to-wishlist-74791 yith-wcwl-add-to-wishlist--button_default-style wishlist-fragment on-first-load\"\n\tdata-fragment-ref=\"74791\"\n\tdata-fragment-options=\"{&quot;base_url&quot;:&quot;&quot;,&quot;product_id&quot;:74791,&quot;parent_product_id&quot;:0,&quot;product_type&quot;:&quot;variable&quot;,&quot;is_single&quot;:false,&quot;in_default_wishlist&quot;:false,&quot;show_view&quot;:false,&quot;browse_wishlist_text&quot;:&quot;Siehe Ihre Wunschliste!&quot;,&quot;already_in_wishslist_text&quot;:&quot;Dieses Produkt steht bereits auf Ihrem Wunschzettel!&quot;,&quot;product_added_text&quot;:&quot;Produto adicionado!&quot;,&quot;available_multi_wishlist&quot;:false,&quot;disable_wishlist&quot;:false,&quot;show_count&quot;:false,&quot;ajax_loading&quot;:false,&quot;loop_position&quot;:&quot;after_add_to_cart&quot;,&quot;item&quot;:&quot;add_to_wishlist&quot;}\"\n>\n\t\t\t\n\t\t\t<!-- ADD TO WISHLIST -->\n\t\t\t\n<div class=\"yith-wcwl-add-button\">\n\t\t<a\n\t\thref=\"?add_to_wishlist=74791&#038;_wpnonce=52d31225f0\"\n\t\tclass=\"add_to_wishlist single_add_to_wishlist alt button theme-button-style \"\n\t\tdata-product-id=\"74791\"\n\t\tdata-product-type=\"variable\"\n\t\tdata-original-product-id=\"0\"\n\t\tdata-title=\"Zu meiner Wunschliste hinzuf\u00fcgen\"\n\t\trel=\"nofollow\"\n\t>\n\t\t<svg id=\"yith-wcwl-icon-heart-outline\" class=\"yith-wcwl-icon-svg\" fill=\"none\" stroke-width=\"1.5\" stroke=\"currentColor\" viewBox=\"0 0 24 24\" xmlns=\"http:\/\/www.w3.org\/2000\/svg\">\n  <path stroke-linecap=\"round\" stroke-linejoin=\"round\" d=\"M21 8.25c0-2.485-2.099-4.5-4.688-4.5-1.935 0-3.597 1.126-4.312 2.733-.715-1.607-2.377-2.733-4.313-2.733C5.1 3.75 3 5.765 3 8.25c0 7.22 9 12 9 12s9-4.78 9-12Z\"><\/path>\n<\/svg>\t\t<span>Zu meiner Wunschliste hinzuf\u00fcgen<\/span>\n\t<\/a>\n<\/div>\n\n\t\t\t<!-- COUNT TEXT -->\n\t\t\t\n\t\t\t<\/div>\n\t\t\t<\/div>\n\t\t<\/div>\n\t\t\t\t\t\t\t\t\t\t<\/div>\n\t\t\t\t\t\t\t\t\t\t\t\t\t\t\t\t\t<div class=\"image-tools grid-tools text-center hide-for-small bottom hover-slide-in show-on-hover\">\n\t\t\t\t\t\t\t\t\t\t\t\t\t\t\t\t\t\t\t<\/div>\n\t\t\t\t\t\t\t\t\t\t\t\t\t\t\t\t\t\t\t\t\t\t\t<\/div>\n\n\t\t\t\t\t\t\t<div class=\"box-text text-center\" >\n\t\t\t\t\t\t\t\t<div class=\"title-wrapper\"><p class=\"name product-title woocommerce-loop-product__title\"><a href=\"https:\/\/www.companhiaatlantica.pt\/de\/produto\/portugiesische-keramik\/keramik-schussel\/schale-o14-duna-set-mit-6-stueck\" class=\"woocommerce-LoopProduct-link woocommerce-loop-product__link\">Schale \u00d814 DUNA \u2013 Set mit 6 St\u00fcck<\/a><\/p><\/div><div class=\"price-wrapper\">\n\t<span class=\"price\"><del aria-hidden=\"true\"><span class=\"woocommerce-Price-amount amount\"><bdi>94.50<span class=\"woocommerce-Price-currencySymbol\">&euro;<\/span><\/bdi><\/span><\/del> <span class=\"screen-reader-text\">Urspr\u00fcnglicher Preis war: 94.50&euro;<\/span><ins aria-hidden=\"true\"><span class=\"woocommerce-Price-amount amount\"><bdi>79.95<span class=\"woocommerce-Price-currencySymbol\">&euro;<\/span><\/bdi><\/span><\/ins><span class=\"screen-reader-text\">Aktueller Preis ist: 79.95&euro;.<\/span><\/span>\n<\/div><div class=\"add-to-cart-button\"><a href=\"https:\/\/www.companhiaatlantica.pt\/de\/produto\/portugiesische-keramik\/keramik-schussel\/schale-o14-duna-set-mit-6-stueck\" aria-describedby=\"woocommerce_loop_add_to_cart_link_describedby_74791\" data-quantity=\"1\" class=\"primary is-small mb-0 button product_type_variable add_to_cart_button is-outline\" data-product_id=\"74791\" data-product_sku=\"\" aria-label=\"W\u00e4hle Optionen f\u00fcr \u201eSchale \u00d814 DUNA \u2013 Set mit 6 St\u00fcck\u201c\" rel=\"nofollow\" data-product_name=\"Schale \u00d814 DUNA \u2013 Set mit 6 St\u00fcck\" data-product_image=\"https:\/\/www.companhiaatlantica.pt\/wp-content\/uploads\/2025\/06\/ca-duna-collection-green-bowl-4-350x350.jpg\">Ausf\u00fchrung w\u00e4hlen<\/a><\/div>\t<span id=\"woocommerce_loop_add_to_cart_link_describedby_74791\" class=\"screen-reader-text\">\n\t\tDieses Produkt weist mehrere Varianten auf. Die Optionen k\u00f6nnen auf der Produktseite gew\u00e4hlt werden\t<\/span>\n\t\t\t\t\t\t\t<\/div>\n\t\t\t\t\t\t<\/div>\n\t\t\t\t\t\t<\/div>\n\t\t\t\t\t<\/div><div class=\"col\" >\n\t\t\t\t\t\t<div class=\"col-inner\">\n\t\t\t\t\t\t\n<div class=\"badge-container absolute left top z-1\">\n<div class=\"badge callout badge-circle\">\r\n  \t\t\t<div class=\"badge-inner secondary on-sale\">\r\n  \t\t\t\t<span class=\"onsale\">-30%<\/span>\r\n\t\t\t<\/div>\r\n\t\t<\/div>\r\n\t\t<div class=\"badge callout badge-circle\">\r\n\t\t\t<div class=\"badge-inner callout-new-bg is-small new-bubble\">5 pcs<\/div>\r\n\t\t<\/div>\n<div class=\"badge callout badge-circle\"><div class=\"badge-inner callout-new-bg is-small new-bubble\">5 pcs<\/div><\/div><\/div>\n\t\t\t\t\t\t<div class=\"product-small box has-hover box-normal box-text-bottom\">\n\t\t\t\t\t\t\t<div class=\"box-image\" >\n\t\t\t\t\t\t\t\t<div class=\"\" >\n\t\t\t\t\t\t\t\t\t<a href=\"https:\/\/www.companhiaatlantica.pt\/de\/produto\/portugiesische-keramik\/keramik-kaffeetassen\/kaffeeservice-plantoir-5-teilig\" aria-label=\"Kaffeeservice PLANTOIR - 5-teilig\">\n\t\t\t\t\t\t\t\t\t\t<img loading=\"lazy\" decoding=\"async\" width=\"600\" height=\"600\" src=\"https:\/\/www.companhiaatlantica.pt\/wp-content\/uploads\/2020\/06\/IMG_0725.jpg\" class=\"show-on-hover absolute fill hide-for-small back-image\" alt=\"Alternative view of Kaffeeservice PLANTOIR - 5-teilig\" aria-hidden=\"true\" srcset=\"https:\/\/www.companhiaatlantica.pt\/wp-content\/uploads\/2020\/06\/IMG_0725.jpg 600w, https:\/\/www.companhiaatlantica.pt\/wp-content\/uploads\/2020\/06\/IMG_0725-100x100.jpg 100w\" sizes=\"auto, (max-width: 600px) 100vw, 600px\" title=\"\"><img loading=\"lazy\" decoding=\"async\" width=\"600\" height=\"600\" src=\"https:\/\/www.companhiaatlantica.pt\/wp-content\/uploads\/2020\/06\/IMG_0731-2.jpg\" class=\"attachment-woocommerce_thumbnail size-woocommerce_thumbnail\" alt=\"Kaffeeservice PLANTOIR - 5-teilig\" srcset=\"https:\/\/www.companhiaatlantica.pt\/wp-content\/uploads\/2020\/06\/IMG_0731-2.jpg 600w, https:\/\/www.companhiaatlantica.pt\/wp-content\/uploads\/2020\/06\/IMG_0731-2-100x100.jpg 100w\" sizes=\"auto, (max-width: 600px) 100vw, 600px\" title=\"\">\t\t\t\t\t\t\t\t\t<\/a>\n\t\t\t\t\t\t\t\t\t\t\t\t\t\t\t\t\t\t \t\t\t\t\t\t\t\t<\/div>\n\t\t\t\t\t\t\t\t<div class=\"image-tools top right show-on-hover\">\n\t\t\t\t\t\t\t\t\t\t\t<div class=\"wishlist-icon\">\n\t\t\t<button class=\"wishlist-button button is-outline circle icon\" aria-label=\"Wunschliste\">\n\t\t\t\t<i class=\"icon-heart\" aria-hidden=\"true\"><\/i>\t\t\t<\/button>\n\t\t\t<div class=\"wishlist-popup dark\">\n\t\t\t\t\n<div\n\tclass=\"yith-wcwl-add-to-wishlist add-to-wishlist-41996 yith-wcwl-add-to-wishlist--button_default-style wishlist-fragment on-first-load\"\n\tdata-fragment-ref=\"41996\"\n\tdata-fragment-options=\"{&quot;base_url&quot;:&quot;&quot;,&quot;product_id&quot;:41996,&quot;parent_product_id&quot;:0,&quot;product_type&quot;:&quot;simple&quot;,&quot;is_single&quot;:false,&quot;in_default_wishlist&quot;:false,&quot;show_view&quot;:false,&quot;browse_wishlist_text&quot;:&quot;Siehe Ihre Wunschliste!&quot;,&quot;already_in_wishslist_text&quot;:&quot;Dieses Produkt steht bereits auf Ihrem Wunschzettel!&quot;,&quot;product_added_text&quot;:&quot;Produto adicionado!&quot;,&quot;available_multi_wishlist&quot;:false,&quot;disable_wishlist&quot;:false,&quot;show_count&quot;:false,&quot;ajax_loading&quot;:false,&quot;loop_position&quot;:&quot;after_add_to_cart&quot;,&quot;item&quot;:&quot;add_to_wishlist&quot;}\"\n>\n\t\t\t\n\t\t\t<!-- ADD TO WISHLIST -->\n\t\t\t\n<div class=\"yith-wcwl-add-button\">\n\t\t<a\n\t\thref=\"?add_to_wishlist=41996&#038;_wpnonce=52d31225f0\"\n\t\tclass=\"add_to_wishlist single_add_to_wishlist alt button theme-button-style \"\n\t\tdata-product-id=\"41996\"\n\t\tdata-product-type=\"simple\"\n\t\tdata-original-product-id=\"0\"\n\t\tdata-title=\"Zu meiner Wunschliste hinzuf\u00fcgen\"\n\t\trel=\"nofollow\"\n\t>\n\t\t<svg id=\"yith-wcwl-icon-heart-outline\" class=\"yith-wcwl-icon-svg\" fill=\"none\" stroke-width=\"1.5\" stroke=\"currentColor\" viewBox=\"0 0 24 24\" xmlns=\"http:\/\/www.w3.org\/2000\/svg\">\n  <path stroke-linecap=\"round\" stroke-linejoin=\"round\" d=\"M21 8.25c0-2.485-2.099-4.5-4.688-4.5-1.935 0-3.597 1.126-4.312 2.733-.715-1.607-2.377-2.733-4.313-2.733C5.1 3.75 3 5.765 3 8.25c0 7.22 9 12 9 12s9-4.78 9-12Z\"><\/path>\n<\/svg>\t\t<span>Zu meiner Wunschliste hinzuf\u00fcgen<\/span>\n\t<\/a>\n<\/div>\n\n\t\t\t<!-- COUNT TEXT -->\n\t\t\t\n\t\t\t<\/div>\n\t\t\t<\/div>\n\t\t<\/div>\n\t\t\t\t\t\t\t\t\t\t<\/div>\n\t\t\t\t\t\t\t\t\t\t\t\t\t\t\t\t\t<div class=\"image-tools grid-tools text-center hide-for-small bottom hover-slide-in show-on-hover\">\n\t\t\t\t\t\t\t\t\t\t\t\t\t\t\t\t\t\t\t<\/div>\n\t\t\t\t\t\t\t\t\t\t\t\t\t\t\t\t\t\t\t\t\t\t\t<\/div>\n\n\t\t\t\t\t\t\t<div class=\"box-text text-center\" >\n\t\t\t\t\t\t\t\t<div class=\"title-wrapper\"><p class=\"name product-title woocommerce-loop-product__title\"><a href=\"https:\/\/www.companhiaatlantica.pt\/de\/produto\/portugiesische-keramik\/keramik-kaffeetassen\/kaffeeservice-plantoir-5-teilig\" class=\"woocommerce-LoopProduct-link woocommerce-loop-product__link\">Kaffeeservice PLANTOIR &#8211; 5-teilig<\/a><\/p><\/div><div class=\"price-wrapper\">\n\t<span class=\"price\"><del aria-hidden=\"true\"><span class=\"woocommerce-Price-amount amount\"><bdi>71.00<span class=\"woocommerce-Price-currencySymbol\">&euro;<\/span><\/bdi><\/span><\/del> <span class=\"screen-reader-text\">Urspr\u00fcnglicher Preis war: 71.00&euro;<\/span><ins aria-hidden=\"true\"><span class=\"woocommerce-Price-amount amount\"><bdi>49.70<span class=\"woocommerce-Price-currencySymbol\">&euro;<\/span><\/bdi><\/span><\/ins><span class=\"screen-reader-text\">Aktueller Preis ist: 49.70&euro;.<\/span><\/span>\n<\/div><div class=\"add-to-cart-button\"><a href=\"\/de\/wp-json\/wp\/v2\/pages\/66644?add-to-cart=41996\" aria-describedby=\"woocommerce_loop_add_to_cart_link_describedby_41996\" data-quantity=\"1\" class=\"primary is-small mb-0 button product_type_simple add_to_cart_button ajax_add_to_cart is-outline\" data-product_id=\"41996\" data-product_sku=\"130-508\" aria-label=\"In den Warenkorb legen: \u201eKaffeeservice PLANTOIR - 5-teilig\u201c\" rel=\"nofollow\" data-success_message=\"\u201eKaffeeservice PLANTOIR - 5-teilig\u201c wurde deinem Warenkorb hinzugef\u00fcgt\" data-product_name=\"Kaffeeservice PLANTOIR - 5-teilig\" data-product_image=\"https:\/\/www.companhiaatlantica.pt\/wp-content\/uploads\/2020\/06\/IMG_0731-2.jpg\" role=\"button\">In den Warenkorb<\/a><\/div>\t<span id=\"woocommerce_loop_add_to_cart_link_describedby_41996\" class=\"screen-reader-text\">\n\t\t\t<\/span>\n\t\t\t\t\t\t\t<\/div>\n\t\t\t\t\t\t<\/div>\n\t\t\t\t\t\t<\/div>\n\t\t\t\t\t<\/div><div class=\"col\" >\n\t\t\t\t\t\t<div class=\"col-inner\">\n\t\t\t\t\t\t\n<div class=\"badge-container absolute left top z-1\">\n<div class=\"badge callout badge-circle\">\r\n  \t\t\t<div class=\"badge-inner secondary on-sale\">\r\n  \t\t\t\t<span class=\"onsale\">-15%<\/span>\r\n\t\t\t<\/div>\r\n\t\t<\/div>\r\n\t\t<div class=\"badge callout badge-circle\">\r\n\t\t\t<div class=\"badge-inner callout-new-bg is-small new-bubble\">6 pcs<\/div>\r\n\t\t<\/div>\n<div class=\"badge callout badge-circle\"><div class=\"badge-inner callout-new-bg is-small new-bubble\">6 pcs<\/div><\/div><\/div>\n\t\t\t\t\t\t<div class=\"product-small box has-hover box-normal box-text-bottom\">\n\t\t\t\t\t\t\t<div class=\"box-image\" >\n\t\t\t\t\t\t\t\t<div class=\"\" >\n\t\t\t\t\t\t\t\t\t<a href=\"https:\/\/www.companhiaatlantica.pt\/de\/produto\/portugiesische-keramik\/keramik-teller\/brotteller-giro-set-von-6\" aria-label=\"Brotteller GIRO \u2013 Set von 6\">\n\t\t\t\t\t\t\t\t\t\t<img loading=\"lazy\" decoding=\"async\" width=\"700\" height=\"700\" src=\"https:\/\/www.companhiaatlantica.pt\/wp-content\/uploads\/2024\/05\/131-244.S6-700x700.jpg\" class=\"show-on-hover absolute fill hide-for-small back-image\" alt=\"Alternative view of Brotteller GIRO \u2013 Set von 6\" aria-hidden=\"true\" srcset=\"https:\/\/www.companhiaatlantica.pt\/wp-content\/uploads\/2024\/05\/131-244.S6-700x700.jpg 700w, https:\/\/www.companhiaatlantica.pt\/wp-content\/uploads\/2024\/05\/131-244.S6-100x100.jpg 100w, https:\/\/www.companhiaatlantica.pt\/wp-content\/uploads\/2024\/05\/131-244.S6-400x400.jpg 400w, https:\/\/www.companhiaatlantica.pt\/wp-content\/uploads\/2024\/05\/131-244.S6-350x350.jpg 350w, https:\/\/www.companhiaatlantica.pt\/wp-content\/uploads\/2024\/05\/131-244.S6-768x768.jpg 768w, https:\/\/www.companhiaatlantica.pt\/wp-content\/uploads\/2024\/05\/131-244.S6-600x600.jpg 600w, https:\/\/www.companhiaatlantica.pt\/wp-content\/uploads\/2024\/05\/131-244.S6.jpg 800w\" sizes=\"auto, (max-width: 700px) 100vw, 700px\" title=\"\"><img loading=\"lazy\" decoding=\"async\" width=\"700\" height=\"700\" src=\"https:\/\/www.companhiaatlantica.pt\/wp-content\/uploads\/2024\/05\/131-244-700x700.jpg\" class=\"attachment-woocommerce_thumbnail size-woocommerce_thumbnail\" alt=\"Brotteller GIRO \u2013 Set von 6\" srcset=\"https:\/\/www.companhiaatlantica.pt\/wp-content\/uploads\/2024\/05\/131-244-700x700.jpg 700w, https:\/\/www.companhiaatlantica.pt\/wp-content\/uploads\/2024\/05\/131-244-100x100.jpg 100w, https:\/\/www.companhiaatlantica.pt\/wp-content\/uploads\/2024\/05\/131-244-400x400.jpg 400w, https:\/\/www.companhiaatlantica.pt\/wp-content\/uploads\/2024\/05\/131-244-350x350.jpg 350w, https:\/\/www.companhiaatlantica.pt\/wp-content\/uploads\/2024\/05\/131-244-768x768.jpg 768w, https:\/\/www.companhiaatlantica.pt\/wp-content\/uploads\/2024\/05\/131-244-600x600.jpg 600w, https:\/\/www.companhiaatlantica.pt\/wp-content\/uploads\/2024\/05\/131-244.jpg 800w\" sizes=\"auto, (max-width: 700px) 100vw, 700px\" title=\"\">\t\t\t\t\t\t\t\t\t<\/a>\n\t\t\t\t\t\t\t\t\t\t\t\t\t\t\t\t\t\t \t\t\t\t\t\t\t\t<\/div>\n\t\t\t\t\t\t\t\t<div class=\"image-tools top right show-on-hover\">\n\t\t\t\t\t\t\t\t\t\t\t<div class=\"wishlist-icon\">\n\t\t\t<button class=\"wishlist-button button is-outline circle icon\" aria-label=\"Wunschliste\">\n\t\t\t\t<i class=\"icon-heart\" aria-hidden=\"true\"><\/i>\t\t\t<\/button>\n\t\t\t<div class=\"wishlist-popup dark\">\n\t\t\t\t\n<div\n\tclass=\"yith-wcwl-add-to-wishlist add-to-wishlist-59224 yith-wcwl-add-to-wishlist--button_default-style wishlist-fragment on-first-load\"\n\tdata-fragment-ref=\"59224\"\n\tdata-fragment-options=\"{&quot;base_url&quot;:&quot;&quot;,&quot;product_id&quot;:59224,&quot;parent_product_id&quot;:0,&quot;product_type&quot;:&quot;simple&quot;,&quot;is_single&quot;:false,&quot;in_default_wishlist&quot;:false,&quot;show_view&quot;:false,&quot;browse_wishlist_text&quot;:&quot;Siehe Ihre Wunschliste!&quot;,&quot;already_in_wishslist_text&quot;:&quot;Dieses Produkt steht bereits auf Ihrem Wunschzettel!&quot;,&quot;product_added_text&quot;:&quot;Produto adicionado!&quot;,&quot;available_multi_wishlist&quot;:false,&quot;disable_wishlist&quot;:false,&quot;show_count&quot;:false,&quot;ajax_loading&quot;:false,&quot;loop_position&quot;:&quot;after_add_to_cart&quot;,&quot;item&quot;:&quot;add_to_wishlist&quot;}\"\n>\n\t\t\t\n\t\t\t<!-- ADD TO WISHLIST -->\n\t\t\t\n<div class=\"yith-wcwl-add-button\">\n\t\t<a\n\t\thref=\"?add_to_wishlist=59224&#038;_wpnonce=52d31225f0\"\n\t\tclass=\"add_to_wishlist single_add_to_wishlist alt button theme-button-style \"\n\t\tdata-product-id=\"59224\"\n\t\tdata-product-type=\"simple\"\n\t\tdata-original-product-id=\"0\"\n\t\tdata-title=\"Zu meiner Wunschliste hinzuf\u00fcgen\"\n\t\trel=\"nofollow\"\n\t>\n\t\t<svg id=\"yith-wcwl-icon-heart-outline\" class=\"yith-wcwl-icon-svg\" fill=\"none\" stroke-width=\"1.5\" stroke=\"currentColor\" viewBox=\"0 0 24 24\" xmlns=\"http:\/\/www.w3.org\/2000\/svg\">\n  <path stroke-linecap=\"round\" stroke-linejoin=\"round\" d=\"M21 8.25c0-2.485-2.099-4.5-4.688-4.5-1.935 0-3.597 1.126-4.312 2.733-.715-1.607-2.377-2.733-4.313-2.733C5.1 3.75 3 5.765 3 8.25c0 7.22 9 12 9 12s9-4.78 9-12Z\"><\/path>\n<\/svg>\t\t<span>Zu meiner Wunschliste hinzuf\u00fcgen<\/span>\n\t<\/a>\n<\/div>\n\n\t\t\t<!-- COUNT TEXT -->\n\t\t\t\n\t\t\t<\/div>\n\t\t\t<\/div>\n\t\t<\/div>\n\t\t\t\t\t\t\t\t\t\t<\/div>\n\t\t\t\t\t\t\t\t\t\t\t\t\t\t\t\t\t<div class=\"image-tools grid-tools text-center hide-for-small bottom hover-slide-in show-on-hover\">\n\t\t\t\t\t\t\t\t\t\t\t\t\t\t\t\t\t\t\t<\/div>\n\t\t\t\t\t\t\t\t\t\t\t\t\t\t\t\t\t\t\t\t\t\t\t<\/div>\n\n\t\t\t\t\t\t\t<div class=\"box-text text-center\" >\n\t\t\t\t\t\t\t\t<div class=\"title-wrapper\"><p class=\"name product-title woocommerce-loop-product__title\"><a href=\"https:\/\/www.companhiaatlantica.pt\/de\/produto\/portugiesische-keramik\/keramik-teller\/brotteller-giro-set-von-6\" class=\"woocommerce-LoopProduct-link woocommerce-loop-product__link\">Brotteller GIRO \u2013 Set von 6<\/a><\/p><\/div><div class=\"price-wrapper\">\n\t<span class=\"price\"><del aria-hidden=\"true\"><span class=\"woocommerce-Price-amount amount\"><bdi>56.40<span class=\"woocommerce-Price-currencySymbol\">&euro;<\/span><\/bdi><\/span><\/del> <span class=\"screen-reader-text\">Urspr\u00fcnglicher Preis war: 56.40&euro;<\/span><ins aria-hidden=\"true\"><span class=\"woocommerce-Price-amount amount\"><bdi>47.90<span class=\"woocommerce-Price-currencySymbol\">&euro;<\/span><\/bdi><\/span><\/ins><span class=\"screen-reader-text\">Aktueller Preis ist: 47.90&euro;.<\/span><\/span>\n<\/div><div class=\"add-to-cart-button\"><a href=\"\/de\/wp-json\/wp\/v2\/pages\/66644?add-to-cart=59224\" aria-describedby=\"woocommerce_loop_add_to_cart_link_describedby_59224\" data-quantity=\"1\" class=\"primary is-small mb-0 button product_type_simple add_to_cart_button ajax_add_to_cart is-outline\" data-product_id=\"59224\" data-product_sku=\"131-244.S6\" aria-label=\"In den Warenkorb legen: \u201eBrotteller GIRO \u2013 Set von 6\u201c\" rel=\"nofollow\" data-success_message=\"\u201eBrotteller GIRO \u2013 Set von 6\u201c wurde deinem Warenkorb hinzugef\u00fcgt\" data-product_name=\"Brotteller GIRO \u2013 Set von 6\" data-product_image=\"https:\/\/www.companhiaatlantica.pt\/wp-content\/uploads\/2024\/05\/131-244-350x350.jpg\" role=\"button\">In den Warenkorb<\/a><\/div>\t<span id=\"woocommerce_loop_add_to_cart_link_describedby_59224\" class=\"screen-reader-text\">\n\t\t\t<\/span>\n\t\t\t\t\t\t\t<\/div>\n\t\t\t\t\t\t<\/div>\n\t\t\t\t\t\t<\/div>\n\t\t\t\t\t<\/div><div class=\"col\" >\n\t\t\t\t\t\t<div class=\"col-inner\">\n\t\t\t\t\t\t\n<div class=\"badge-container absolute left top z-1\">\n<div class=\"badge callout badge-circle\">\r\n  \t\t\t<div class=\"badge-inner secondary on-sale\">\r\n  \t\t\t\t<span class=\"onsale\">-25%<\/span>\r\n\t\t\t<\/div>\r\n\t\t<\/div>\r\n\t\t<div class=\"badge callout badge-circle\">\r\n\t\t\t<div class=\"badge-inner callout-new-bg is-small new-bubble\">1 pc<\/div>\r\n\t\t<\/div>\n<div class=\"badge callout badge-circle\"><div class=\"badge-inner callout-new-bg is-small new-bubble\">1 pc<\/div><\/div><\/div>\n\t\t\t\t\t\t<div class=\"product-small box has-hover box-normal box-text-bottom\">\n\t\t\t\t\t\t\t<div class=\"box-image\" >\n\t\t\t\t\t\t\t\t<div class=\"\" >\n\t\t\t\t\t\t\t\t\t<a href=\"https:\/\/www.companhiaatlantica.pt\/de\/produto\/portugiesische-keramik\/keramik-schussel\/schale-o18-gym-cream-mit-sprenkeln\" aria-label=\"Schale \u00d818 GYM Cream mit Sprenkeln\">\n\t\t\t\t\t\t\t\t\t\t<img loading=\"lazy\" decoding=\"async\" width=\"700\" height=\"700\" src=\"https:\/\/www.companhiaatlantica.pt\/wp-content\/uploads\/2025\/04\/130-325-2-700x700.jpg\" class=\"attachment-woocommerce_thumbnail size-woocommerce_thumbnail\" alt=\"Schale \u00d818 GYM Cream mit Sprenkeln\" srcset=\"https:\/\/www.companhiaatlantica.pt\/wp-content\/uploads\/2025\/04\/130-325-2-700x700.jpg 700w, https:\/\/www.companhiaatlantica.pt\/wp-content\/uploads\/2025\/04\/130-325-2-100x100.jpg 100w, https:\/\/www.companhiaatlantica.pt\/wp-content\/uploads\/2025\/04\/130-325-2-400x400.jpg 400w, https:\/\/www.companhiaatlantica.pt\/wp-content\/uploads\/2025\/04\/130-325-2-350x350.jpg 350w, https:\/\/www.companhiaatlantica.pt\/wp-content\/uploads\/2025\/04\/130-325-2-768x768.jpg 768w, https:\/\/www.companhiaatlantica.pt\/wp-content\/uploads\/2025\/04\/130-325-2-600x600.jpg 600w, https:\/\/www.companhiaatlantica.pt\/wp-content\/uploads\/2025\/04\/130-325-2.jpg 900w\" sizes=\"auto, (max-width: 700px) 100vw, 700px\" title=\"\">\t\t\t\t\t\t\t\t\t<\/a>\n\t\t\t\t\t\t\t\t\t\t\t\t\t\t\t\t\t\t \t\t\t\t\t\t\t\t<\/div>\n\t\t\t\t\t\t\t\t<div class=\"image-tools top right show-on-hover\">\n\t\t\t\t\t\t\t\t\t\t\t<div class=\"wishlist-icon\">\n\t\t\t<button class=\"wishlist-button button is-outline circle icon\" aria-label=\"Wunschliste\">\n\t\t\t\t<i class=\"icon-heart\" aria-hidden=\"true\"><\/i>\t\t\t<\/button>\n\t\t\t<div class=\"wishlist-popup dark\">\n\t\t\t\t\n<div\n\tclass=\"yith-wcwl-add-to-wishlist add-to-wishlist-72475 yith-wcwl-add-to-wishlist--button_default-style wishlist-fragment on-first-load\"\n\tdata-fragment-ref=\"72475\"\n\tdata-fragment-options=\"{&quot;base_url&quot;:&quot;&quot;,&quot;product_id&quot;:72475,&quot;parent_product_id&quot;:0,&quot;product_type&quot;:&quot;simple&quot;,&quot;is_single&quot;:false,&quot;in_default_wishlist&quot;:false,&quot;show_view&quot;:false,&quot;browse_wishlist_text&quot;:&quot;Siehe Ihre Wunschliste!&quot;,&quot;already_in_wishslist_text&quot;:&quot;Dieses Produkt steht bereits auf Ihrem Wunschzettel!&quot;,&quot;product_added_text&quot;:&quot;Produto adicionado!&quot;,&quot;available_multi_wishlist&quot;:false,&quot;disable_wishlist&quot;:false,&quot;show_count&quot;:false,&quot;ajax_loading&quot;:false,&quot;loop_position&quot;:&quot;after_add_to_cart&quot;,&quot;item&quot;:&quot;add_to_wishlist&quot;}\"\n>\n\t\t\t\n\t\t\t<!-- ADD TO WISHLIST -->\n\t\t\t\n<div class=\"yith-wcwl-add-button\">\n\t\t<a\n\t\thref=\"?add_to_wishlist=72475&#038;_wpnonce=52d31225f0\"\n\t\tclass=\"add_to_wishlist single_add_to_wishlist alt button theme-button-style \"\n\t\tdata-product-id=\"72475\"\n\t\tdata-product-type=\"simple\"\n\t\tdata-original-product-id=\"0\"\n\t\tdata-title=\"Zu meiner Wunschliste hinzuf\u00fcgen\"\n\t\trel=\"nofollow\"\n\t>\n\t\t<svg id=\"yith-wcwl-icon-heart-outline\" class=\"yith-wcwl-icon-svg\" fill=\"none\" stroke-width=\"1.5\" stroke=\"currentColor\" viewBox=\"0 0 24 24\" xmlns=\"http:\/\/www.w3.org\/2000\/svg\">\n  <path stroke-linecap=\"round\" stroke-linejoin=\"round\" d=\"M21 8.25c0-2.485-2.099-4.5-4.688-4.5-1.935 0-3.597 1.126-4.312 2.733-.715-1.607-2.377-2.733-4.313-2.733C5.1 3.75 3 5.765 3 8.25c0 7.22 9 12 9 12s9-4.78 9-12Z\"><\/path>\n<\/svg>\t\t<span>Zu meiner Wunschliste hinzuf\u00fcgen<\/span>\n\t<\/a>\n<\/div>\n\n\t\t\t<!-- COUNT TEXT -->\n\t\t\t\n\t\t\t<\/div>\n\t\t\t<\/div>\n\t\t<\/div>\n\t\t\t\t\t\t\t\t\t\t<\/div>\n\t\t\t\t\t\t\t\t\t\t\t\t\t\t\t\t\t<div class=\"image-tools grid-tools text-center hide-for-small bottom hover-slide-in show-on-hover\">\n\t\t\t\t\t\t\t\t\t\t\t\t\t\t\t\t\t\t\t<\/div>\n\t\t\t\t\t\t\t\t\t\t\t\t\t\t\t\t\t\t\t\t\t\t\t<\/div>\n\n\t\t\t\t\t\t\t<div class=\"box-text text-center\" >\n\t\t\t\t\t\t\t\t<div class=\"title-wrapper\"><p class=\"name product-title woocommerce-loop-product__title\"><a href=\"https:\/\/www.companhiaatlantica.pt\/de\/produto\/portugiesische-keramik\/keramik-schussel\/schale-o18-gym-cream-mit-sprenkeln\" class=\"woocommerce-LoopProduct-link woocommerce-loop-product__link\">Schale \u00d818 GYM Cream mit Sprenkeln<\/a><\/p><\/div><div class=\"price-wrapper\">\n\t<span class=\"price\"><del aria-hidden=\"true\"><span class=\"woocommerce-Price-amount amount\"><bdi>15.90<span class=\"woocommerce-Price-currencySymbol\">&euro;<\/span><\/bdi><\/span><\/del> <span class=\"screen-reader-text\">Urspr\u00fcnglicher Preis war: 15.90&euro;<\/span><ins aria-hidden=\"true\"><span class=\"woocommerce-Price-amount amount\"><bdi>11.90<span class=\"woocommerce-Price-currencySymbol\">&euro;<\/span><\/bdi><\/span><\/ins><span class=\"screen-reader-text\">Aktueller Preis ist: 11.90&euro;.<\/span><\/span>\n<\/div><div class=\"add-to-cart-button\"><a href=\"\/de\/wp-json\/wp\/v2\/pages\/66644?add-to-cart=72475\" aria-describedby=\"woocommerce_loop_add_to_cart_link_describedby_72475\" data-quantity=\"1\" class=\"primary is-small mb-0 button product_type_simple add_to_cart_button ajax_add_to_cart is-outline\" data-product_id=\"72475\" data-product_sku=\"130-325\" aria-label=\"In den Warenkorb legen: \u201eSchale \u00d818 GYM Cream mit Sprenkeln\u201c\" rel=\"nofollow\" data-success_message=\"\u201eSchale \u00d818 GYM Cream mit Sprenkeln\u201c wurde deinem Warenkorb hinzugef\u00fcgt\" data-product_name=\"Schale \u00d818 GYM Cream mit Sprenkeln\" data-product_image=\"https:\/\/www.companhiaatlantica.pt\/wp-content\/uploads\/2025\/04\/130-325-2-350x350.jpg\" role=\"button\">In den Warenkorb<\/a><\/div>\t<span id=\"woocommerce_loop_add_to_cart_link_describedby_72475\" class=\"screen-reader-text\">\n\t\t\t<\/span>\n\t\t\t\t\t\t\t<\/div>\n\t\t\t\t\t\t<\/div>\n\t\t\t\t\t\t<\/div>\n\t\t\t\t\t<\/div><div class=\"col\" >\n\t\t\t\t\t\t<div class=\"col-inner\">\n\t\t\t\t\t\t\n<div class=\"badge-container absolute left top z-1\">\n<div class=\"badge callout badge-circle\">\r\n  \t\t\t<div class=\"badge-inner secondary on-sale\">\r\n  \t\t\t\t<span class=\"onsale\">-34%<\/span>\r\n\t\t\t<\/div>\r\n\t\t<\/div>\r\n\t\t<div class=\"badge callout badge-circle\">\r\n\t\t\t<div class=\"badge-inner callout-new-bg is-small new-bubble\">6 pcs<\/div>\r\n\t\t<\/div>\n<div class=\"badge callout badge-circle\"><div class=\"badge-inner callout-new-bg is-small new-bubble\">6 pcs<\/div><\/div><\/div>\n\t\t\t\t\t\t<div class=\"product-small box has-hover box-normal box-text-bottom\">\n\t\t\t\t\t\t\t<div class=\"box-image\" >\n\t\t\t\t\t\t\t\t<div class=\"\" >\n\t\t\t\t\t\t\t\t\t<a href=\"https:\/\/www.companhiaatlantica.pt\/de\/produto\/portugiesische-keramik\/keramik-teller\/liso-dessertteller-set-6\" aria-label=\"LISO Dessertteller \u00d821cm - Set 6\">\n\t\t\t\t\t\t\t\t\t\t<img loading=\"lazy\" decoding=\"async\" width=\"600\" height=\"600\" src=\"https:\/\/www.companhiaatlantica.pt\/wp-content\/uploads\/2023\/12\/liso-plate-crema-130-419.jpg\" class=\"show-on-hover absolute fill hide-for-small back-image\" alt=\"Alternative view of LISO Dessertteller \u00d821cm - Set 6\" aria-hidden=\"true\" srcset=\"https:\/\/www.companhiaatlantica.pt\/wp-content\/uploads\/2023\/12\/liso-plate-crema-130-419.jpg 600w, https:\/\/www.companhiaatlantica.pt\/wp-content\/uploads\/2023\/12\/liso-plate-crema-130-419-100x100.jpg 100w, https:\/\/www.companhiaatlantica.pt\/wp-content\/uploads\/2023\/12\/liso-plate-crema-130-419-400x400.jpg 400w, https:\/\/www.companhiaatlantica.pt\/wp-content\/uploads\/2023\/12\/liso-plate-crema-130-419-350x350.jpg 350w\" sizes=\"auto, (max-width: 600px) 100vw, 600px\" title=\"\"><img loading=\"lazy\" decoding=\"async\" width=\"600\" height=\"600\" src=\"https:\/\/www.companhiaatlantica.pt\/wp-content\/uploads\/2023\/12\/lisa-plates-s6-mood.jpg\" class=\"attachment-woocommerce_thumbnail size-woocommerce_thumbnail\" alt=\"LISO Dessertteller \u00d821cm - Set 6\" srcset=\"https:\/\/www.companhiaatlantica.pt\/wp-content\/uploads\/2023\/12\/lisa-plates-s6-mood.jpg 600w, https:\/\/www.companhiaatlantica.pt\/wp-content\/uploads\/2023\/12\/lisa-plates-s6-mood-100x100.jpg 100w, https:\/\/www.companhiaatlantica.pt\/wp-content\/uploads\/2023\/12\/lisa-plates-s6-mood-400x400.jpg 400w, https:\/\/www.companhiaatlantica.pt\/wp-content\/uploads\/2023\/12\/lisa-plates-s6-mood-350x350.jpg 350w\" sizes=\"auto, (max-width: 600px) 100vw, 600px\" title=\"\">\t\t\t\t\t\t\t\t\t<\/a>\n\t\t\t\t\t\t\t\t\t\t\t\t\t\t\t\t\t\t \t\t\t\t\t\t\t\t<\/div>\n\t\t\t\t\t\t\t\t<div class=\"image-tools top right show-on-hover\">\n\t\t\t\t\t\t\t\t\t\t\t<div class=\"wishlist-icon\">\n\t\t\t<button class=\"wishlist-button button is-outline circle icon\" aria-label=\"Wunschliste\">\n\t\t\t\t<i class=\"icon-heart\" aria-hidden=\"true\"><\/i>\t\t\t<\/button>\n\t\t\t<div class=\"wishlist-popup dark\">\n\t\t\t\t\n<div\n\tclass=\"yith-wcwl-add-to-wishlist add-to-wishlist-51513 yith-wcwl-add-to-wishlist--button_default-style wishlist-fragment on-first-load\"\n\tdata-fragment-ref=\"51513\"\n\tdata-fragment-options=\"{&quot;base_url&quot;:&quot;&quot;,&quot;product_id&quot;:51513,&quot;parent_product_id&quot;:0,&quot;product_type&quot;:&quot;variable&quot;,&quot;is_single&quot;:false,&quot;in_default_wishlist&quot;:false,&quot;show_view&quot;:false,&quot;browse_wishlist_text&quot;:&quot;Siehe Ihre Wunschliste!&quot;,&quot;already_in_wishslist_text&quot;:&quot;Dieses Produkt steht bereits auf Ihrem Wunschzettel!&quot;,&quot;product_added_text&quot;:&quot;Produto adicionado!&quot;,&quot;available_multi_wishlist&quot;:false,&quot;disable_wishlist&quot;:false,&quot;show_count&quot;:false,&quot;ajax_loading&quot;:false,&quot;loop_position&quot;:&quot;after_add_to_cart&quot;,&quot;item&quot;:&quot;add_to_wishlist&quot;}\"\n>\n\t\t\t\n\t\t\t<!-- ADD TO WISHLIST -->\n\t\t\t\n<div class=\"yith-wcwl-add-button\">\n\t\t<a\n\t\thref=\"?add_to_wishlist=51513&#038;_wpnonce=52d31225f0\"\n\t\tclass=\"add_to_wishlist single_add_to_wishlist alt button theme-button-style \"\n\t\tdata-product-id=\"51513\"\n\t\tdata-product-type=\"variable\"\n\t\tdata-original-product-id=\"0\"\n\t\tdata-title=\"Zu meiner Wunschliste hinzuf\u00fcgen\"\n\t\trel=\"nofollow\"\n\t>\n\t\t<svg id=\"yith-wcwl-icon-heart-outline\" class=\"yith-wcwl-icon-svg\" fill=\"none\" stroke-width=\"1.5\" stroke=\"currentColor\" viewBox=\"0 0 24 24\" xmlns=\"http:\/\/www.w3.org\/2000\/svg\">\n  <path stroke-linecap=\"round\" stroke-linejoin=\"round\" d=\"M21 8.25c0-2.485-2.099-4.5-4.688-4.5-1.935 0-3.597 1.126-4.312 2.733-.715-1.607-2.377-2.733-4.313-2.733C5.1 3.75 3 5.765 3 8.25c0 7.22 9 12 9 12s9-4.78 9-12Z\"><\/path>\n<\/svg>\t\t<span>Zu meiner Wunschliste hinzuf\u00fcgen<\/span>\n\t<\/a>\n<\/div>\n\n\t\t\t<!-- COUNT TEXT -->\n\t\t\t\n\t\t\t<\/div>\n\t\t\t<\/div>\n\t\t<\/div>\n\t\t\t\t\t\t\t\t\t\t<\/div>\n\t\t\t\t\t\t\t\t\t\t\t\t\t\t\t\t\t<div class=\"image-tools grid-tools text-center hide-for-small bottom hover-slide-in show-on-hover\">\n\t\t\t\t\t\t\t\t\t\t\t\t\t\t\t\t\t\t\t<\/div>\n\t\t\t\t\t\t\t\t\t\t\t\t\t\t\t\t\t\t\t\t\t\t\t<\/div>\n\n\t\t\t\t\t\t\t<div class=\"box-text text-center\" >\n\t\t\t\t\t\t\t\t<div class=\"title-wrapper\"><p class=\"name product-title woocommerce-loop-product__title\"><a href=\"https:\/\/www.companhiaatlantica.pt\/de\/produto\/portugiesische-keramik\/keramik-teller\/liso-dessertteller-set-6\" class=\"woocommerce-LoopProduct-link woocommerce-loop-product__link\">LISO Dessertteller \u00d821cm &#8211; Set 6<\/a><\/p><\/div><div class=\"price-wrapper\">\n\t<span class=\"price\"><span class=\"woocommerce-Price-amount amount\"><bdi>59.00<span class=\"woocommerce-Price-currencySymbol\">&euro;<\/span><\/bdi><\/span><\/span>\n<\/div><div class=\"add-to-cart-button\"><a href=\"https:\/\/www.companhiaatlantica.pt\/de\/produto\/portugiesische-keramik\/keramik-teller\/liso-dessertteller-set-6\" aria-describedby=\"woocommerce_loop_add_to_cart_link_describedby_51513\" data-quantity=\"1\" class=\"primary is-small mb-0 button product_type_variable add_to_cart_button is-outline\" data-product_id=\"51513\" data-product_sku=\"\" aria-label=\"W\u00e4hle Optionen f\u00fcr \u201eLISO Dessertteller \u00d821cm - Set 6\u201c\" rel=\"nofollow\" data-product_name=\"LISO Dessertteller \u00d821cm - Set 6\" data-product_image=\"https:\/\/www.companhiaatlantica.pt\/wp-content\/uploads\/2023\/12\/lisa-plates-s6-mood-350x350.jpg\">Ausf\u00fchrung w\u00e4hlen<\/a><\/div>\t<span id=\"woocommerce_loop_add_to_cart_link_describedby_51513\" class=\"screen-reader-text\">\n\t\tDieses Produkt weist mehrere Varianten auf. Die Optionen k\u00f6nnen auf der Produktseite gew\u00e4hlt werden\t<\/span>\n\t\t\t\t\t\t\t<\/div>\n\t\t\t\t\t\t<\/div>\n\t\t\t\t\t\t<\/div>\n\t\t\t\t\t<\/div><\/div>\n\t<div id=\"gap-317389747\" class=\"gap-element clearfix\" style=\"display:block; height:auto;\">\n\t\t\n<style>\n#gap-317389747 {\n  padding-top: 50px;\n}\n<\/style>\n\t<\/div>\n\t\n<div class=\"container section-title-container\" ><h3 class=\"section-title section-title-center\"><b aria-hidden=\"true\"><\/b><span class=\"section-title-main\" ><i class=\"icon-gift\" aria-hidden=\"true\"><\/i>GESCHENKPACKUNGEN<\/span><b aria-hidden=\"true\"><\/b><\/h3><\/div>\n\t\n  \n    <div class=\"row large-columns-6 medium-columns-3 small-columns-2 row-xsmall row-full-width slider row-slider slider-nav-reveal slider-nav-push\"  data-flickity-options='{&quot;imagesLoaded&quot;: true, &quot;groupCells&quot;: &quot;100%&quot;, &quot;dragThreshold&quot; : 5, &quot;cellAlign&quot;: &quot;left&quot;,&quot;wrapAround&quot;: true,&quot;prevNextButtons&quot;: true,&quot;percentPosition&quot;: true,&quot;pageDots&quot;: false, &quot;rightToLeft&quot;: false, &quot;autoPlay&quot; : false}' >\n\n  \n\t     <div class=\"col\" >\n\t\t\t\t\t\t<div class=\"col-inner\">\n\t\t\t\t\t\t\n<div class=\"badge-container absolute left top z-1\">\n<div class=\"badge callout badge-circle\">\r\n  \t\t\t<div class=\"badge-inner secondary on-sale\">\r\n  \t\t\t\t<span class=\"onsale\">-10%<\/span>\r\n\t\t\t<\/div>\r\n\t\t<\/div>\r\n\t\t<div class=\"badge callout badge-circle\">\r\n\t\t\t<div class=\"badge-inner callout-new-bg is-small new-bubble\">4 pcs<\/div>\r\n\t\t<\/div>\n<div class=\"badge callout badge-circle\"><div class=\"badge-inner callout-new-bg is-small new-bubble\">4 pcs<\/div><\/div><\/div>\n\t\t\t\t\t\t<div class=\"product-small box has-hover box-normal box-text-bottom\">\n\t\t\t\t\t\t\t<div class=\"box-image\" >\n\t\t\t\t\t\t\t\t<div class=\"\" >\n\t\t\t\t\t\t\t\t\t<a href=\"https:\/\/www.companhiaatlantica.pt\/de\/produto\/gift-pack\/geschenkpaket\/pack-roma-plate-salz-und-pfeffer-roll-box\" aria-label=\"Granatapfel-Paket - Teller - Salz- und Pfefferstreuer + Stopper + Box\">\n\t\t\t\t\t\t\t\t\t\t<img loading=\"lazy\" decoding=\"async\" width=\"472\" height=\"450\" src=\"https:\/\/www.companhiaatlantica.pt\/wp-content\/uploads\/2022\/11\/130-094_a-472x450.jpg\" class=\"show-on-hover absolute fill hide-for-small back-image\" alt=\"Alternative view of Granatapfel-Paket - Teller - Salz- und Pfefferstreuer + Stopper + Box\" aria-hidden=\"true\" title=\"\"><img loading=\"lazy\" decoding=\"async\" width=\"700\" height=\"700\" src=\"https:\/\/www.companhiaatlantica.pt\/wp-content\/uploads\/2020\/06\/roma_80-700x700.jpg\" class=\"attachment-woocommerce_thumbnail size-woocommerce_thumbnail\" alt=\"Granatapfel-Paket - Teller - Salz- und Pfefferstreuer + Stopper + Box\" srcset=\"https:\/\/www.companhiaatlantica.pt\/wp-content\/uploads\/2020\/06\/roma_80-700x700.jpg 700w, https:\/\/www.companhiaatlantica.pt\/wp-content\/uploads\/2020\/06\/roma_80-100x100.jpg 100w, https:\/\/www.companhiaatlantica.pt\/wp-content\/uploads\/2020\/06\/roma_80-600x600.jpg 600w, https:\/\/www.companhiaatlantica.pt\/wp-content\/uploads\/2020\/06\/roma_80-300x300.jpg 300w, https:\/\/www.companhiaatlantica.pt\/wp-content\/uploads\/2020\/06\/roma_80-150x150.jpg 150w, https:\/\/www.companhiaatlantica.pt\/wp-content\/uploads\/2020\/06\/roma_80-768x768.jpg 768w, https:\/\/www.companhiaatlantica.pt\/wp-content\/uploads\/2020\/06\/roma_80.jpg 883w\" sizes=\"auto, (max-width: 700px) 100vw, 700px\" title=\"\">\t\t\t\t\t\t\t\t\t<\/a>\n\t\t\t\t\t\t\t\t\t\t\t\t\t\t\t\t\t\t \t\t\t\t\t\t\t\t<\/div>\n\t\t\t\t\t\t\t\t<div class=\"image-tools top right show-on-hover\">\n\t\t\t\t\t\t\t\t\t\t\t<div class=\"wishlist-icon\">\n\t\t\t<button class=\"wishlist-button button is-outline circle icon\" aria-label=\"Wunschliste\">\n\t\t\t\t<i class=\"icon-heart\" aria-hidden=\"true\"><\/i>\t\t\t<\/button>\n\t\t\t<div class=\"wishlist-popup dark\">\n\t\t\t\t\n<div\n\tclass=\"yith-wcwl-add-to-wishlist add-to-wishlist-40800 yith-wcwl-add-to-wishlist--button_default-style wishlist-fragment on-first-load\"\n\tdata-fragment-ref=\"40800\"\n\tdata-fragment-options=\"{&quot;base_url&quot;:&quot;&quot;,&quot;product_id&quot;:40800,&quot;parent_product_id&quot;:0,&quot;product_type&quot;:&quot;simple&quot;,&quot;is_single&quot;:false,&quot;in_default_wishlist&quot;:false,&quot;show_view&quot;:false,&quot;browse_wishlist_text&quot;:&quot;Siehe Ihre Wunschliste!&quot;,&quot;already_in_wishslist_text&quot;:&quot;Dieses Produkt steht bereits auf Ihrem Wunschzettel!&quot;,&quot;product_added_text&quot;:&quot;Produto adicionado!&quot;,&quot;available_multi_wishlist&quot;:false,&quot;disable_wishlist&quot;:false,&quot;show_count&quot;:false,&quot;ajax_loading&quot;:false,&quot;loop_position&quot;:&quot;after_add_to_cart&quot;,&quot;item&quot;:&quot;add_to_wishlist&quot;}\"\n>\n\t\t\t\n\t\t\t<!-- ADD TO WISHLIST -->\n\t\t\t\n<div class=\"yith-wcwl-add-button\">\n\t\t<a\n\t\thref=\"?add_to_wishlist=40800&#038;_wpnonce=52d31225f0\"\n\t\tclass=\"add_to_wishlist single_add_to_wishlist alt button theme-button-style \"\n\t\tdata-product-id=\"40800\"\n\t\tdata-product-type=\"simple\"\n\t\tdata-original-product-id=\"0\"\n\t\tdata-title=\"Zu meiner Wunschliste hinzuf\u00fcgen\"\n\t\trel=\"nofollow\"\n\t>\n\t\t<svg id=\"yith-wcwl-icon-heart-outline\" class=\"yith-wcwl-icon-svg\" fill=\"none\" stroke-width=\"1.5\" stroke=\"currentColor\" viewBox=\"0 0 24 24\" xmlns=\"http:\/\/www.w3.org\/2000\/svg\">\n  <path stroke-linecap=\"round\" stroke-linejoin=\"round\" d=\"M21 8.25c0-2.485-2.099-4.5-4.688-4.5-1.935 0-3.597 1.126-4.312 2.733-.715-1.607-2.377-2.733-4.313-2.733C5.1 3.75 3 5.765 3 8.25c0 7.22 9 12 9 12s9-4.78 9-12Z\"><\/path>\n<\/svg>\t\t<span>Zu meiner Wunschliste hinzuf\u00fcgen<\/span>\n\t<\/a>\n<\/div>\n\n\t\t\t<!-- COUNT TEXT -->\n\t\t\t\n\t\t\t<\/div>\n\t\t\t<\/div>\n\t\t<\/div>\n\t\t\t\t\t\t\t\t\t\t<\/div>\n\t\t\t\t\t\t\t\t\t\t\t\t\t\t\t\t\t<div class=\"image-tools grid-tools text-center hide-for-small bottom hover-slide-in show-on-hover\">\n\t\t\t\t\t\t\t\t\t\t\t\t\t\t\t\t\t\t\t<\/div>\n\t\t\t\t\t\t\t\t\t\t\t\t\t\t\t\t\t\t\t\t\t\t\t<\/div>\n\n\t\t\t\t\t\t\t<div class=\"box-text text-center\" >\n\t\t\t\t\t\t\t\t<div class=\"title-wrapper\"><p class=\"name product-title woocommerce-loop-product__title\"><a href=\"https:\/\/www.companhiaatlantica.pt\/de\/produto\/gift-pack\/geschenkpaket\/pack-roma-plate-salz-und-pfeffer-roll-box\" class=\"woocommerce-LoopProduct-link woocommerce-loop-product__link\">Granatapfel-Paket &#8211; Teller &#8211; Salz- und Pfefferstreuer + Stopper + Box<\/a><\/p><\/div><div class=\"price-wrapper\">\n\t<span class=\"price\"><del aria-hidden=\"true\"><span class=\"woocommerce-Price-amount amount\"><bdi>64.95<span class=\"woocommerce-Price-currencySymbol\">&euro;<\/span><\/bdi><\/span><\/del> <span class=\"screen-reader-text\">Urspr\u00fcnglicher Preis war: 64.95&euro;<\/span><ins aria-hidden=\"true\"><span class=\"woocommerce-Price-amount amount\"><bdi>58.50<span class=\"woocommerce-Price-currencySymbol\">&euro;<\/span><\/bdi><\/span><\/ins><span class=\"screen-reader-text\">Aktueller Preis ist: 58.50&euro;.<\/span><\/span>\n<\/div><div class=\"add-to-cart-button\"><a href=\"\/de\/wp-json\/wp\/v2\/pages\/66644?add-to-cart=40800\" aria-describedby=\"woocommerce_loop_add_to_cart_link_describedby_40800\" data-quantity=\"1\" class=\"primary is-small mb-0 button product_type_simple add_to_cart_button ajax_add_to_cart is-outline\" data-product_id=\"40800\" data-product_sku=\"131-061.S4\" aria-label=\"In den Warenkorb legen: \u201eGranatapfel-Paket - Teller - Salz- und Pfefferstreuer + Stopper + Box\u201c\" rel=\"nofollow\" data-success_message=\"\u201eGranatapfel-Paket - Teller - Salz- und Pfefferstreuer + Stopper + Box\u201c wurde deinem Warenkorb hinzugef\u00fcgt\" data-product_name=\"Granatapfel-Paket - Teller - Salz- und Pfefferstreuer + Stopper + Box\" data-product_image=\"https:\/\/www.companhiaatlantica.pt\/wp-content\/uploads\/2020\/06\/roma_80-150x150.jpg\" role=\"button\">In den Warenkorb<\/a><\/div>\t<span id=\"woocommerce_loop_add_to_cart_link_describedby_40800\" class=\"screen-reader-text\">\n\t\t\t<\/span>\n\t\t\t\t\t\t\t<\/div>\n\t\t\t\t\t\t<\/div>\n\t\t\t\t\t\t<\/div>\n\t\t\t\t\t<\/div><div class=\"col\" >\n\t\t\t\t\t\t<div class=\"col-inner\">\n\t\t\t\t\t\t\n<div class=\"badge-container absolute left top z-1\">\n<div class=\"badge callout badge-circle\">\r\n  \t\t\t<div class=\"badge-inner secondary on-sale\">\r\n  \t\t\t\t<span class=\"onsale\">-5%<\/span>\r\n\t\t\t<\/div>\r\n\t\t<\/div>\r\n\t\t<div class=\"badge callout badge-circle\">\r\n\t\t\t<div class=\"badge-inner callout-new-bg is-small new-bubble\">3 pcs<\/div>\r\n\t\t<\/div>\n<div class=\"badge callout badge-circle\"><div class=\"badge-inner callout-new-bg is-small new-bubble\">3 pcs<\/div><\/div><\/div>\n\t\t\t\t\t\t<div class=\"product-small box has-hover box-normal box-text-bottom\">\n\t\t\t\t\t\t\t<div class=\"box-image\" >\n\t\t\t\t\t\t\t\t<div class=\"\" >\n\t\t\t\t\t\t\t\t\t<a href=\"https:\/\/www.companhiaatlantica.pt\/de\/produto\/gift-pack\/geschenkpaket\/pack-avental-handschuhe-individuell\" aria-label=\"AZULEJO K\u00fcche Pack - Sch\u00fcrze + Handschuh + Individuen\">\n\t\t\t\t\t\t\t\t\t\t<img loading=\"lazy\" decoding=\"async\" width=\"700\" height=\"700\" src=\"https:\/\/www.companhiaatlantica.pt\/wp-content\/uploads\/2022\/12\/22-700x700.jpg\" class=\"show-on-hover absolute fill hide-for-small back-image\" alt=\"Alternative view of AZULEJO K\u00fcche Pack - Sch\u00fcrze + Handschuh + Individuen\" aria-hidden=\"true\" srcset=\"https:\/\/www.companhiaatlantica.pt\/wp-content\/uploads\/2022\/12\/22-700x700.jpg 700w, https:\/\/www.companhiaatlantica.pt\/wp-content\/uploads\/2022\/12\/22-100x100.jpg 100w, https:\/\/www.companhiaatlantica.pt\/wp-content\/uploads\/2022\/12\/22-900x900.jpg 900w, https:\/\/www.companhiaatlantica.pt\/wp-content\/uploads\/2022\/12\/22-300x300.jpg 300w, https:\/\/www.companhiaatlantica.pt\/wp-content\/uploads\/2022\/12\/22-150x150.jpg 150w, https:\/\/www.companhiaatlantica.pt\/wp-content\/uploads\/2022\/12\/22-768x768.jpg 768w, https:\/\/www.companhiaatlantica.pt\/wp-content\/uploads\/2022\/12\/22-600x600.jpg 600w, https:\/\/www.companhiaatlantica.pt\/wp-content\/uploads\/2022\/12\/22.jpg 1000w\" sizes=\"auto, (max-width: 700px) 100vw, 700px\" title=\"\"><img loading=\"lazy\" decoding=\"async\" width=\"700\" height=\"700\" src=\"https:\/\/www.companhiaatlantica.pt\/wp-content\/uploads\/2022\/12\/21-700x700.jpg\" class=\"attachment-woocommerce_thumbnail size-woocommerce_thumbnail\" alt=\"AZULEJO K\u00fcche Pack - Sch\u00fcrze + Handschuh + Individuen\" srcset=\"https:\/\/www.companhiaatlantica.pt\/wp-content\/uploads\/2022\/12\/21-700x700.jpg 700w, https:\/\/www.companhiaatlantica.pt\/wp-content\/uploads\/2022\/12\/21-100x100.jpg 100w, https:\/\/www.companhiaatlantica.pt\/wp-content\/uploads\/2022\/12\/21-900x900.jpg 900w, https:\/\/www.companhiaatlantica.pt\/wp-content\/uploads\/2022\/12\/21-300x300.jpg 300w, https:\/\/www.companhiaatlantica.pt\/wp-content\/uploads\/2022\/12\/21-150x150.jpg 150w, https:\/\/www.companhiaatlantica.pt\/wp-content\/uploads\/2022\/12\/21-768x768.jpg 768w, https:\/\/www.companhiaatlantica.pt\/wp-content\/uploads\/2022\/12\/21-600x600.jpg 600w, https:\/\/www.companhiaatlantica.pt\/wp-content\/uploads\/2022\/12\/21.jpg 1000w\" sizes=\"auto, (max-width: 700px) 100vw, 700px\" title=\"\">\t\t\t\t\t\t\t\t\t<\/a>\n\t\t\t\t\t\t\t\t\t\t\t\t\t\t\t\t\t\t \t\t\t\t\t\t\t\t<\/div>\n\t\t\t\t\t\t\t\t<div class=\"image-tools top right show-on-hover\">\n\t\t\t\t\t\t\t\t\t\t\t<div class=\"wishlist-icon\">\n\t\t\t<button class=\"wishlist-button button is-outline circle icon\" aria-label=\"Wunschliste\">\n\t\t\t\t<i class=\"icon-heart\" aria-hidden=\"true\"><\/i>\t\t\t<\/button>\n\t\t\t<div class=\"wishlist-popup dark\">\n\t\t\t\t\n<div\n\tclass=\"yith-wcwl-add-to-wishlist add-to-wishlist-40838 yith-wcwl-add-to-wishlist--button_default-style wishlist-fragment on-first-load\"\n\tdata-fragment-ref=\"40838\"\n\tdata-fragment-options=\"{&quot;base_url&quot;:&quot;&quot;,&quot;product_id&quot;:40838,&quot;parent_product_id&quot;:0,&quot;product_type&quot;:&quot;variable&quot;,&quot;is_single&quot;:false,&quot;in_default_wishlist&quot;:false,&quot;show_view&quot;:false,&quot;browse_wishlist_text&quot;:&quot;Siehe Ihre Wunschliste!&quot;,&quot;already_in_wishslist_text&quot;:&quot;Dieses Produkt steht bereits auf Ihrem Wunschzettel!&quot;,&quot;product_added_text&quot;:&quot;Produto adicionado!&quot;,&quot;available_multi_wishlist&quot;:false,&quot;disable_wishlist&quot;:false,&quot;show_count&quot;:false,&quot;ajax_loading&quot;:false,&quot;loop_position&quot;:&quot;after_add_to_cart&quot;,&quot;item&quot;:&quot;add_to_wishlist&quot;}\"\n>\n\t\t\t\n\t\t\t<!-- ADD TO WISHLIST -->\n\t\t\t\n<div class=\"yith-wcwl-add-button\">\n\t\t<a\n\t\thref=\"?add_to_wishlist=40838&#038;_wpnonce=52d31225f0\"\n\t\tclass=\"add_to_wishlist single_add_to_wishlist alt button theme-button-style \"\n\t\tdata-product-id=\"40838\"\n\t\tdata-product-type=\"variable\"\n\t\tdata-original-product-id=\"0\"\n\t\tdata-title=\"Zu meiner Wunschliste hinzuf\u00fcgen\"\n\t\trel=\"nofollow\"\n\t>\n\t\t<svg id=\"yith-wcwl-icon-heart-outline\" class=\"yith-wcwl-icon-svg\" fill=\"none\" stroke-width=\"1.5\" stroke=\"currentColor\" viewBox=\"0 0 24 24\" xmlns=\"http:\/\/www.w3.org\/2000\/svg\">\n  <path stroke-linecap=\"round\" stroke-linejoin=\"round\" d=\"M21 8.25c0-2.485-2.099-4.5-4.688-4.5-1.935 0-3.597 1.126-4.312 2.733-.715-1.607-2.377-2.733-4.313-2.733C5.1 3.75 3 5.765 3 8.25c0 7.22 9 12 9 12s9-4.78 9-12Z\"><\/path>\n<\/svg>\t\t<span>Zu meiner Wunschliste hinzuf\u00fcgen<\/span>\n\t<\/a>\n<\/div>\n\n\t\t\t<!-- COUNT TEXT -->\n\t\t\t\n\t\t\t<\/div>\n\t\t\t<\/div>\n\t\t<\/div>\n\t\t\t\t\t\t\t\t\t\t<\/div>\n\t\t\t\t\t\t\t\t\t\t\t\t\t\t\t\t\t<div class=\"image-tools grid-tools text-center hide-for-small bottom hover-slide-in show-on-hover\">\n\t\t\t\t\t\t\t\t\t\t\t\t\t\t\t\t\t\t\t<\/div>\n\t\t\t\t\t\t\t\t\t\t\t\t\t\t\t\t\t\t\t\t\t\t\t<\/div>\n\n\t\t\t\t\t\t\t<div class=\"box-text text-center\" >\n\t\t\t\t\t\t\t\t<div class=\"title-wrapper\"><p class=\"name product-title woocommerce-loop-product__title\"><a href=\"https:\/\/www.companhiaatlantica.pt\/de\/produto\/gift-pack\/geschenkpaket\/pack-avental-handschuhe-individuell\" class=\"woocommerce-LoopProduct-link woocommerce-loop-product__link\">AZULEJO K\u00fcche Pack &#8211; Sch\u00fcrze + Handschuh + Individuen<\/a><\/p><\/div><div class=\"price-wrapper\">\n\t<span class=\"price\"><del aria-hidden=\"true\"><span class=\"woocommerce-Price-amount amount\"><bdi>57.95<span class=\"woocommerce-Price-currencySymbol\">&euro;<\/span><\/bdi><\/span><\/del> <span class=\"screen-reader-text\">Urspr\u00fcnglicher Preis war: 57.95&euro;<\/span><ins aria-hidden=\"true\"><span class=\"woocommerce-Price-amount amount\"><bdi>55.00<span class=\"woocommerce-Price-currencySymbol\">&euro;<\/span><\/bdi><\/span><\/ins><span class=\"screen-reader-text\">Aktueller Preis ist: 55.00&euro;.<\/span><\/span>\n<\/div>\t<span id=\"woocommerce_loop_add_to_cart_link_describedby_40838\" class=\"screen-reader-text\">\n\t\tDieses Produkt weist mehrere Varianten auf. Die Optionen k\u00f6nnen auf der Produktseite gew\u00e4hlt werden\t<\/span>\n\t\t\t\t\t\t\t<\/div>\n\t\t\t\t\t\t<\/div>\n\t\t\t\t\t\t<\/div>\n\t\t\t\t\t<\/div><div class=\"col\" >\n\t\t\t\t\t\t<div class=\"col-inner\">\n\t\t\t\t\t\t\n<div class=\"badge-container absolute left top z-1\">\n<div class=\"badge callout badge-circle\">\r\n  \t\t\t<div class=\"badge-inner secondary on-sale\">\r\n  \t\t\t\t<span class=\"onsale\">-45%<\/span>\r\n\t\t\t<\/div>\r\n\t\t<\/div>\r\n\t\t<div class=\"badge callout badge-circle\">\r\n\t\t\t<div class=\"badge-inner callout-new-bg is-small new-bubble\">NEW<\/div>\r\n\t\t<\/div>\n<div class=\"badge callout badge-circle\"><div class=\"badge-inner callout-new-bg is-small new-bubble\">NEW<\/div><\/div><\/div>\n\t\t\t\t\t\t<div class=\"product-small box has-hover box-normal box-text-bottom\">\n\t\t\t\t\t\t\t<div class=\"box-image\" >\n\t\t\t\t\t\t\t\t<div class=\"\" >\n\t\t\t\t\t\t\t\t\t<a href=\"https:\/\/www.companhiaatlantica.pt\/de\/produto\/gift-pack\/geschenkpaket\/geschenkset-duft-rossio\" aria-label=\"Geschenkset Duft ROSSIO\">\n\t\t\t\t\t\t\t\t\t\t<img loading=\"lazy\" decoding=\"async\" width=\"700\" height=\"700\" src=\"https:\/\/www.companhiaatlantica.pt\/wp-content\/uploads\/2024\/12\/100-465-1-700x700.jpg\" class=\"show-on-hover absolute fill hide-for-small back-image\" alt=\"Alternative view of Geschenkset Duft ROSSIO\" aria-hidden=\"true\" srcset=\"https:\/\/www.companhiaatlantica.pt\/wp-content\/uploads\/2024\/12\/100-465-1-700x700.jpg 700w, https:\/\/www.companhiaatlantica.pt\/wp-content\/uploads\/2024\/12\/100-465-1-100x100.jpg 100w, https:\/\/www.companhiaatlantica.pt\/wp-content\/uploads\/2024\/12\/100-465-1-900x900.jpg 900w, https:\/\/www.companhiaatlantica.pt\/wp-content\/uploads\/2024\/12\/100-465-1-400x400.jpg 400w, https:\/\/www.companhiaatlantica.pt\/wp-content\/uploads\/2024\/12\/100-465-1-350x350.jpg 350w, https:\/\/www.companhiaatlantica.pt\/wp-content\/uploads\/2024\/12\/100-465-1-768x768.jpg 768w, https:\/\/www.companhiaatlantica.pt\/wp-content\/uploads\/2024\/12\/100-465-1.jpg 1000w\" sizes=\"auto, (max-width: 700px) 100vw, 700px\" title=\"\"><img loading=\"lazy\" decoding=\"async\" width=\"700\" height=\"700\" src=\"https:\/\/www.companhiaatlantica.pt\/wp-content\/uploads\/2024\/12\/140-206-700x700.jpg\" class=\"attachment-woocommerce_thumbnail size-woocommerce_thumbnail\" alt=\"Geschenkset Duft ROSSIO\" srcset=\"https:\/\/www.companhiaatlantica.pt\/wp-content\/uploads\/2024\/12\/140-206-700x700.jpg 700w, https:\/\/www.companhiaatlantica.pt\/wp-content\/uploads\/2024\/12\/140-206-100x100.jpg 100w, https:\/\/www.companhiaatlantica.pt\/wp-content\/uploads\/2024\/12\/140-206-900x900.jpg 900w, https:\/\/www.companhiaatlantica.pt\/wp-content\/uploads\/2024\/12\/140-206-400x400.jpg 400w, https:\/\/www.companhiaatlantica.pt\/wp-content\/uploads\/2024\/12\/140-206-350x350.jpg 350w, https:\/\/www.companhiaatlantica.pt\/wp-content\/uploads\/2024\/12\/140-206-768x768.jpg 768w, https:\/\/www.companhiaatlantica.pt\/wp-content\/uploads\/2024\/12\/140-206.jpg 1000w\" sizes=\"auto, (max-width: 700px) 100vw, 700px\" title=\"\">\t\t\t\t\t\t\t\t\t<\/a>\n\t\t\t\t\t\t\t\t\t\t\t\t\t\t\t\t\t\t \t\t\t\t\t\t\t\t<\/div>\n\t\t\t\t\t\t\t\t<div class=\"image-tools top right show-on-hover\">\n\t\t\t\t\t\t\t\t\t\t\t<div class=\"wishlist-icon\">\n\t\t\t<button class=\"wishlist-button button is-outline circle icon\" aria-label=\"Wunschliste\">\n\t\t\t\t<i class=\"icon-heart\" aria-hidden=\"true\"><\/i>\t\t\t<\/button>\n\t\t\t<div class=\"wishlist-popup dark\">\n\t\t\t\t\n<div\n\tclass=\"yith-wcwl-add-to-wishlist add-to-wishlist-69212 yith-wcwl-add-to-wishlist--button_default-style wishlist-fragment on-first-load\"\n\tdata-fragment-ref=\"69212\"\n\tdata-fragment-options=\"{&quot;base_url&quot;:&quot;&quot;,&quot;product_id&quot;:69212,&quot;parent_product_id&quot;:0,&quot;product_type&quot;:&quot;variable&quot;,&quot;is_single&quot;:false,&quot;in_default_wishlist&quot;:false,&quot;show_view&quot;:false,&quot;browse_wishlist_text&quot;:&quot;Siehe Ihre Wunschliste!&quot;,&quot;already_in_wishslist_text&quot;:&quot;Dieses Produkt steht bereits auf Ihrem Wunschzettel!&quot;,&quot;product_added_text&quot;:&quot;Produto adicionado!&quot;,&quot;available_multi_wishlist&quot;:false,&quot;disable_wishlist&quot;:false,&quot;show_count&quot;:false,&quot;ajax_loading&quot;:false,&quot;loop_position&quot;:&quot;after_add_to_cart&quot;,&quot;item&quot;:&quot;add_to_wishlist&quot;}\"\n>\n\t\t\t\n\t\t\t<!-- ADD TO WISHLIST -->\n\t\t\t\n<div class=\"yith-wcwl-add-button\">\n\t\t<a\n\t\thref=\"?add_to_wishlist=69212&#038;_wpnonce=52d31225f0\"\n\t\tclass=\"add_to_wishlist single_add_to_wishlist alt button theme-button-style \"\n\t\tdata-product-id=\"69212\"\n\t\tdata-product-type=\"variable\"\n\t\tdata-original-product-id=\"0\"\n\t\tdata-title=\"Zu meiner Wunschliste hinzuf\u00fcgen\"\n\t\trel=\"nofollow\"\n\t>\n\t\t<svg id=\"yith-wcwl-icon-heart-outline\" class=\"yith-wcwl-icon-svg\" fill=\"none\" stroke-width=\"1.5\" stroke=\"currentColor\" viewBox=\"0 0 24 24\" xmlns=\"http:\/\/www.w3.org\/2000\/svg\">\n  <path stroke-linecap=\"round\" stroke-linejoin=\"round\" d=\"M21 8.25c0-2.485-2.099-4.5-4.688-4.5-1.935 0-3.597 1.126-4.312 2.733-.715-1.607-2.377-2.733-4.313-2.733C5.1 3.75 3 5.765 3 8.25c0 7.22 9 12 9 12s9-4.78 9-12Z\"><\/path>\n<\/svg>\t\t<span>Zu meiner Wunschliste hinzuf\u00fcgen<\/span>\n\t<\/a>\n<\/div>\n\n\t\t\t<!-- COUNT TEXT -->\n\t\t\t\n\t\t\t<\/div>\n\t\t\t<\/div>\n\t\t<\/div>\n\t\t\t\t\t\t\t\t\t\t<\/div>\n\t\t\t\t\t\t\t\t\t\t\t\t\t\t\t\t\t<div class=\"image-tools grid-tools text-center hide-for-small bottom hover-slide-in show-on-hover\">\n\t\t\t\t\t\t\t\t\t\t\t\t\t\t\t\t\t\t\t<\/div>\n\t\t\t\t\t\t\t\t\t\t\t\t\t\t\t\t\t\t\t\t\t\t\t<\/div>\n\n\t\t\t\t\t\t\t<div class=\"box-text text-center\" >\n\t\t\t\t\t\t\t\t<div class=\"title-wrapper\"><p class=\"name product-title woocommerce-loop-product__title\"><a href=\"https:\/\/www.companhiaatlantica.pt\/de\/produto\/gift-pack\/geschenkpaket\/geschenkset-duft-rossio\" class=\"woocommerce-LoopProduct-link woocommerce-loop-product__link\">Geschenkset Duft ROSSIO<\/a><\/p><\/div><div class=\"price-wrapper\">\n\t<span class=\"price\"><del aria-hidden=\"true\"><span class=\"woocommerce-Price-amount amount\"><bdi>55.00<span class=\"woocommerce-Price-currencySymbol\">&euro;<\/span><\/bdi><\/span><\/del> <span class=\"screen-reader-text\">Urspr\u00fcnglicher Preis war: 55.00&euro;<\/span><ins aria-hidden=\"true\"><span class=\"woocommerce-Price-amount amount\"><bdi>30.00<span class=\"woocommerce-Price-currencySymbol\">&euro;<\/span><\/bdi><\/span><\/ins><span class=\"screen-reader-text\">Aktueller Preis ist: 30.00&euro;.<\/span><\/span>\n<\/div><div class=\"add-to-cart-button\"><a href=\"https:\/\/www.companhiaatlantica.pt\/de\/produto\/gift-pack\/geschenkpaket\/geschenkset-duft-rossio\" aria-describedby=\"woocommerce_loop_add_to_cart_link_describedby_69212\" data-quantity=\"1\" class=\"primary is-small mb-0 button product_type_variable add_to_cart_button is-outline\" data-product_id=\"69212\" data-product_sku=\"\" aria-label=\"W\u00e4hle Optionen f\u00fcr \u201eGeschenkset Duft ROSSIO\u201c\" rel=\"nofollow\" data-product_name=\"Geschenkset Duft ROSSIO\" data-product_image=\"https:\/\/www.companhiaatlantica.pt\/wp-content\/uploads\/2024\/12\/140-206-350x350.jpg\">Ausf\u00fchrung w\u00e4hlen<\/a><\/div>\t<span id=\"woocommerce_loop_add_to_cart_link_describedby_69212\" class=\"screen-reader-text\">\n\t\tDieses Produkt weist mehrere Varianten auf. Die Optionen k\u00f6nnen auf der Produktseite gew\u00e4hlt werden\t<\/span>\n\t\t\t\t\t\t\t<\/div>\n\t\t\t\t\t\t<\/div>\n\t\t\t\t\t\t<\/div>\n\t\t\t\t\t<\/div><div class=\"col\" >\n\t\t\t\t\t\t<div class=\"col-inner\">\n\t\t\t\t\t\t\n<div class=\"badge-container absolute left top z-1\">\n<div class=\"badge callout badge-circle\">\r\n  \t\t\t<div class=\"badge-inner secondary on-sale\">\r\n  \t\t\t\t<span class=\"onsale\">-5%<\/span>\r\n\t\t\t<\/div>\r\n\t\t<\/div>\r\n\t\t<div class=\"badge callout badge-circle\">\r\n\t\t\t<div class=\"badge-inner callout-new-bg is-small new-bubble\">3 pcs<\/div>\r\n\t\t<\/div>\n<div class=\"badge callout badge-circle\"><div class=\"badge-inner callout-new-bg is-small new-bubble\">3 pcs<\/div><\/div><\/div>\n\t\t\t\t\t\t<div class=\"product-small box has-hover box-normal box-text-bottom\">\n\t\t\t\t\t\t\t<div class=\"box-image\" >\n\t\t\t\t\t\t\t\t<div class=\"\" >\n\t\t\t\t\t\t\t\t\t<a href=\"https:\/\/www.companhiaatlantica.pt\/de\/produto\/gift-pack\/geschenkpaket\/pack-krankenschwestern-handschuhe-einzelpersonen\" aria-label=\"Lovers Pack - Sch\u00fcrze + Handschuh + Einzelteile\">\n\t\t\t\t\t\t\t\t\t\t<img loading=\"lazy\" decoding=\"async\" width=\"700\" height=\"700\" src=\"https:\/\/www.companhiaatlantica.pt\/wp-content\/uploads\/2022\/04\/170-199-700x700.jpg\" class=\"show-on-hover absolute fill hide-for-small back-image\" alt=\"Alternative view of Lovers Pack - Sch\u00fcrze + Handschuh + Einzelteile\" aria-hidden=\"true\" srcset=\"https:\/\/www.companhiaatlantica.pt\/wp-content\/uploads\/2022\/04\/170-199-700x700.jpg 700w, https:\/\/www.companhiaatlantica.pt\/wp-content\/uploads\/2022\/04\/170-199-100x100.jpg 100w, https:\/\/www.companhiaatlantica.pt\/wp-content\/uploads\/2022\/04\/170-199-900x900.jpg 900w, https:\/\/www.companhiaatlantica.pt\/wp-content\/uploads\/2022\/04\/170-199-300x300.jpg 300w, https:\/\/www.companhiaatlantica.pt\/wp-content\/uploads\/2022\/04\/170-199-150x150.jpg 150w, https:\/\/www.companhiaatlantica.pt\/wp-content\/uploads\/2022\/04\/170-199-768x768.jpg 768w, https:\/\/www.companhiaatlantica.pt\/wp-content\/uploads\/2022\/04\/170-199-600x600.jpg 600w, https:\/\/www.companhiaatlantica.pt\/wp-content\/uploads\/2022\/04\/170-199.jpg 1000w\" sizes=\"auto, (max-width: 700px) 100vw, 700px\" title=\"\"><img loading=\"lazy\" decoding=\"async\" width=\"700\" height=\"700\" src=\"https:\/\/www.companhiaatlantica.pt\/wp-content\/uploads\/2022\/12\/23-700x700.jpg\" class=\"attachment-woocommerce_thumbnail size-woocommerce_thumbnail\" alt=\"Lovers Pack - Sch\u00fcrze + Handschuh + Einzelteile\" srcset=\"https:\/\/www.companhiaatlantica.pt\/wp-content\/uploads\/2022\/12\/23-700x700.jpg 700w, https:\/\/www.companhiaatlantica.pt\/wp-content\/uploads\/2022\/12\/23-100x100.jpg 100w, https:\/\/www.companhiaatlantica.pt\/wp-content\/uploads\/2022\/12\/23-900x900.jpg 900w, https:\/\/www.companhiaatlantica.pt\/wp-content\/uploads\/2022\/12\/23-300x300.jpg 300w, https:\/\/www.companhiaatlantica.pt\/wp-content\/uploads\/2022\/12\/23-150x150.jpg 150w, https:\/\/www.companhiaatlantica.pt\/wp-content\/uploads\/2022\/12\/23-768x768.jpg 768w, https:\/\/www.companhiaatlantica.pt\/wp-content\/uploads\/2022\/12\/23-600x600.jpg 600w, https:\/\/www.companhiaatlantica.pt\/wp-content\/uploads\/2022\/12\/23.jpg 1000w\" sizes=\"auto, (max-width: 700px) 100vw, 700px\" title=\"\">\t\t\t\t\t\t\t\t\t<\/a>\n\t\t\t\t\t\t\t\t\t\t\t\t\t\t\t\t\t\t \t\t\t\t\t\t\t\t<\/div>\n\t\t\t\t\t\t\t\t<div class=\"image-tools top right show-on-hover\">\n\t\t\t\t\t\t\t\t\t\t\t<div class=\"wishlist-icon\">\n\t\t\t<button class=\"wishlist-button button is-outline circle icon\" aria-label=\"Wunschliste\">\n\t\t\t\t<i class=\"icon-heart\" aria-hidden=\"true\"><\/i>\t\t\t<\/button>\n\t\t\t<div class=\"wishlist-popup dark\">\n\t\t\t\t\n<div\n\tclass=\"yith-wcwl-add-to-wishlist add-to-wishlist-40823 yith-wcwl-add-to-wishlist--button_default-style wishlist-fragment on-first-load\"\n\tdata-fragment-ref=\"40823\"\n\tdata-fragment-options=\"{&quot;base_url&quot;:&quot;&quot;,&quot;product_id&quot;:40823,&quot;parent_product_id&quot;:0,&quot;product_type&quot;:&quot;simple&quot;,&quot;is_single&quot;:false,&quot;in_default_wishlist&quot;:false,&quot;show_view&quot;:false,&quot;browse_wishlist_text&quot;:&quot;Siehe Ihre Wunschliste!&quot;,&quot;already_in_wishslist_text&quot;:&quot;Dieses Produkt steht bereits auf Ihrem Wunschzettel!&quot;,&quot;product_added_text&quot;:&quot;Produto adicionado!&quot;,&quot;available_multi_wishlist&quot;:false,&quot;disable_wishlist&quot;:false,&quot;show_count&quot;:false,&quot;ajax_loading&quot;:false,&quot;loop_position&quot;:&quot;after_add_to_cart&quot;,&quot;item&quot;:&quot;add_to_wishlist&quot;}\"\n>\n\t\t\t\n\t\t\t<!-- ADD TO WISHLIST -->\n\t\t\t\n<div class=\"yith-wcwl-add-button\">\n\t\t<a\n\t\thref=\"?add_to_wishlist=40823&#038;_wpnonce=52d31225f0\"\n\t\tclass=\"add_to_wishlist single_add_to_wishlist alt button theme-button-style \"\n\t\tdata-product-id=\"40823\"\n\t\tdata-product-type=\"simple\"\n\t\tdata-original-product-id=\"0\"\n\t\tdata-title=\"Zu meiner Wunschliste hinzuf\u00fcgen\"\n\t\trel=\"nofollow\"\n\t>\n\t\t<svg id=\"yith-wcwl-icon-heart-outline\" class=\"yith-wcwl-icon-svg\" fill=\"none\" stroke-width=\"1.5\" stroke=\"currentColor\" viewBox=\"0 0 24 24\" xmlns=\"http:\/\/www.w3.org\/2000\/svg\">\n  <path stroke-linecap=\"round\" stroke-linejoin=\"round\" d=\"M21 8.25c0-2.485-2.099-4.5-4.688-4.5-1.935 0-3.597 1.126-4.312 2.733-.715-1.607-2.377-2.733-4.313-2.733C5.1 3.75 3 5.765 3 8.25c0 7.22 9 12 9 12s9-4.78 9-12Z\"><\/path>\n<\/svg>\t\t<span>Zu meiner Wunschliste hinzuf\u00fcgen<\/span>\n\t<\/a>\n<\/div>\n\n\t\t\t<!-- COUNT TEXT -->\n\t\t\t\n\t\t\t<\/div>\n\t\t\t<\/div>\n\t\t<\/div>\n\t\t\t\t\t\t\t\t\t\t<\/div>\n\t\t\t\t\t\t\t\t\t\t\t\t\t\t\t\t\t<div class=\"image-tools grid-tools text-center hide-for-small bottom hover-slide-in show-on-hover\">\n\t\t\t\t\t\t\t\t\t\t\t\t\t\t\t\t\t\t\t<\/div>\n\t\t\t\t\t\t\t\t\t\t\t\t\t\t\t\t\t\t\t\t\t\t\t<\/div>\n\n\t\t\t\t\t\t\t<div class=\"box-text text-center\" >\n\t\t\t\t\t\t\t\t<div class=\"title-wrapper\"><p class=\"name product-title woocommerce-loop-product__title\"><a href=\"https:\/\/www.companhiaatlantica.pt\/de\/produto\/gift-pack\/geschenkpaket\/pack-krankenschwestern-handschuhe-einzelpersonen\" class=\"woocommerce-LoopProduct-link woocommerce-loop-product__link\">Lovers Pack &#8211; Sch\u00fcrze + Handschuh + Einzelteile<\/a><\/p><\/div><div class=\"price-wrapper\">\n\t<span class=\"price\"><del aria-hidden=\"true\"><span class=\"woocommerce-Price-amount amount\"><bdi>57.95<span class=\"woocommerce-Price-currencySymbol\">&euro;<\/span><\/bdi><\/span><\/del> <span class=\"screen-reader-text\">Urspr\u00fcnglicher Preis war: 57.95&euro;<\/span><ins aria-hidden=\"true\"><span class=\"woocommerce-Price-amount amount\"><bdi>55.00<span class=\"woocommerce-Price-currencySymbol\">&euro;<\/span><\/bdi><\/span><\/ins><span class=\"screen-reader-text\">Aktueller Preis ist: 55.00&euro;.<\/span><\/span>\n<\/div>\t<span id=\"woocommerce_loop_add_to_cart_link_describedby_40823\" class=\"screen-reader-text\">\n\t\t\t<\/span>\n\t\t\t\t\t\t\t<\/div>\n\t\t\t\t\t\t<\/div>\n\t\t\t\t\t\t<\/div>\n\t\t\t\t\t<\/div><div class=\"col\" >\n\t\t\t\t\t\t<div class=\"col-inner\">\n\t\t\t\t\t\t\n<div class=\"badge-container absolute left top z-1\">\n<div class=\"badge callout badge-circle\">\r\n  \t\t\t<div class=\"badge-inner secondary on-sale\">\r\n  \t\t\t\t<span class=\"onsale\">-16%<\/span>\r\n\t\t\t<\/div>\r\n\t\t<\/div>\r\n\t\t<div class=\"badge callout badge-circle\">\r\n\t\t\t<div class=\"badge-inner callout-new-bg is-small new-bubble\">3 pcs<\/div>\r\n\t\t<\/div>\n<div class=\"badge callout badge-circle\"><div class=\"badge-inner callout-new-bg is-small new-bubble\">3 pcs<\/div><\/div><\/div>\n\t\t\t\t\t\t<div class=\"product-small box has-hover box-normal box-text-bottom\">\n\t\t\t\t\t\t\t<div class=\"box-image\" >\n\t\t\t\t\t\t\t\t<div class=\"\" >\n\t\t\t\t\t\t\t\t\t<a href=\"https:\/\/www.companhiaatlantica.pt\/de\/produto\/gift-pack\/geschenkpaket\/aperitifschale-fliesen-korken-fliesen-untersetzer\" aria-label=\"Pack YELLOW \u2013 Aperitifschale + Fliesen-Korken + Fliesen-Untersetzer\">\n\t\t\t\t\t\t\t\t\t\t<img loading=\"lazy\" decoding=\"async\" width=\"700\" height=\"700\" src=\"https:\/\/www.companhiaatlantica.pt\/wp-content\/uploads\/2020\/08\/130-406-700x700.jpg\" class=\"show-on-hover absolute fill hide-for-small back-image\" alt=\"Alternative view of Pack YELLOW \u2013 Aperitifschale + Fliesen-Korken + Fliesen-Untersetzer\" aria-hidden=\"true\" srcset=\"https:\/\/www.companhiaatlantica.pt\/wp-content\/uploads\/2020\/08\/130-406-700x700.jpg 700w, https:\/\/www.companhiaatlantica.pt\/wp-content\/uploads\/2020\/08\/130-406-100x100.jpg 100w, https:\/\/www.companhiaatlantica.pt\/wp-content\/uploads\/2020\/08\/130-406-900x900.jpg 900w, https:\/\/www.companhiaatlantica.pt\/wp-content\/uploads\/2020\/08\/130-406-300x300.jpg 300w, https:\/\/www.companhiaatlantica.pt\/wp-content\/uploads\/2020\/08\/130-406-150x150.jpg 150w, https:\/\/www.companhiaatlantica.pt\/wp-content\/uploads\/2020\/08\/130-406-768x768.jpg 768w, https:\/\/www.companhiaatlantica.pt\/wp-content\/uploads\/2020\/08\/130-406-600x600.jpg 600w, https:\/\/www.companhiaatlantica.pt\/wp-content\/uploads\/2020\/08\/130-406.jpg 1000w\" sizes=\"auto, (max-width: 700px) 100vw, 700px\" title=\"\"><img loading=\"lazy\" decoding=\"async\" width=\"700\" height=\"700\" src=\"https:\/\/www.companhiaatlantica.pt\/wp-content\/uploads\/2023\/02\/131-062.S3-700x700.jpg\" class=\"attachment-woocommerce_thumbnail size-woocommerce_thumbnail\" alt=\"Pack YELLOW \u2013 Aperitifschale + Fliesen-Korken + Fliesen-Untersetzer\" srcset=\"https:\/\/www.companhiaatlantica.pt\/wp-content\/uploads\/2023\/02\/131-062.S3-700x700.jpg 700w, https:\/\/www.companhiaatlantica.pt\/wp-content\/uploads\/2023\/02\/131-062.S3-100x100.jpg 100w, https:\/\/www.companhiaatlantica.pt\/wp-content\/uploads\/2023\/02\/131-062.S3-900x900.jpg 900w, https:\/\/www.companhiaatlantica.pt\/wp-content\/uploads\/2023\/02\/131-062.S3-300x300.jpg 300w, https:\/\/www.companhiaatlantica.pt\/wp-content\/uploads\/2023\/02\/131-062.S3-150x150.jpg 150w, https:\/\/www.companhiaatlantica.pt\/wp-content\/uploads\/2023\/02\/131-062.S3-768x768.jpg 768w, https:\/\/www.companhiaatlantica.pt\/wp-content\/uploads\/2023\/02\/131-062.S3-600x600.jpg 600w, https:\/\/www.companhiaatlantica.pt\/wp-content\/uploads\/2023\/02\/131-062.S3.jpg 1000w\" sizes=\"auto, (max-width: 700px) 100vw, 700px\" title=\"\">\t\t\t\t\t\t\t\t\t<\/a>\n\t\t\t\t\t\t\t\t\t\t\t\t\t\t\t\t\t\t \t\t\t\t\t\t\t\t<\/div>\n\t\t\t\t\t\t\t\t<div class=\"image-tools top right show-on-hover\">\n\t\t\t\t\t\t\t\t\t\t\t<div class=\"wishlist-icon\">\n\t\t\t<button class=\"wishlist-button button is-outline circle icon\" aria-label=\"Wunschliste\">\n\t\t\t\t<i class=\"icon-heart\" aria-hidden=\"true\"><\/i>\t\t\t<\/button>\n\t\t\t<div class=\"wishlist-popup dark\">\n\t\t\t\t\n<div\n\tclass=\"yith-wcwl-add-to-wishlist add-to-wishlist-40773 yith-wcwl-add-to-wishlist--button_default-style wishlist-fragment on-first-load\"\n\tdata-fragment-ref=\"40773\"\n\tdata-fragment-options=\"{&quot;base_url&quot;:&quot;&quot;,&quot;product_id&quot;:40773,&quot;parent_product_id&quot;:0,&quot;product_type&quot;:&quot;simple&quot;,&quot;is_single&quot;:false,&quot;in_default_wishlist&quot;:false,&quot;show_view&quot;:false,&quot;browse_wishlist_text&quot;:&quot;Siehe Ihre Wunschliste!&quot;,&quot;already_in_wishslist_text&quot;:&quot;Dieses Produkt steht bereits auf Ihrem Wunschzettel!&quot;,&quot;product_added_text&quot;:&quot;Produto adicionado!&quot;,&quot;available_multi_wishlist&quot;:false,&quot;disable_wishlist&quot;:false,&quot;show_count&quot;:false,&quot;ajax_loading&quot;:false,&quot;loop_position&quot;:&quot;after_add_to_cart&quot;,&quot;item&quot;:&quot;add_to_wishlist&quot;}\"\n>\n\t\t\t\n\t\t\t<!-- ADD TO WISHLIST -->\n\t\t\t\n<div class=\"yith-wcwl-add-button\">\n\t\t<a\n\t\thref=\"?add_to_wishlist=40773&#038;_wpnonce=52d31225f0\"\n\t\tclass=\"add_to_wishlist single_add_to_wishlist alt button theme-button-style \"\n\t\tdata-product-id=\"40773\"\n\t\tdata-product-type=\"simple\"\n\t\tdata-original-product-id=\"0\"\n\t\tdata-title=\"Zu meiner Wunschliste hinzuf\u00fcgen\"\n\t\trel=\"nofollow\"\n\t>\n\t\t<svg id=\"yith-wcwl-icon-heart-outline\" class=\"yith-wcwl-icon-svg\" fill=\"none\" stroke-width=\"1.5\" stroke=\"currentColor\" viewBox=\"0 0 24 24\" xmlns=\"http:\/\/www.w3.org\/2000\/svg\">\n  <path stroke-linecap=\"round\" stroke-linejoin=\"round\" d=\"M21 8.25c0-2.485-2.099-4.5-4.688-4.5-1.935 0-3.597 1.126-4.312 2.733-.715-1.607-2.377-2.733-4.313-2.733C5.1 3.75 3 5.765 3 8.25c0 7.22 9 12 9 12s9-4.78 9-12Z\"><\/path>\n<\/svg>\t\t<span>Zu meiner Wunschliste hinzuf\u00fcgen<\/span>\n\t<\/a>\n<\/div>\n\n\t\t\t<!-- COUNT TEXT -->\n\t\t\t\n\t\t\t<\/div>\n\t\t\t<\/div>\n\t\t<\/div>\n\t\t\t\t\t\t\t\t\t\t<\/div>\n\t\t\t\t\t\t\t\t\t\t\t\t\t\t\t\t\t<div class=\"image-tools grid-tools text-center hide-for-small bottom hover-slide-in show-on-hover\">\n\t\t\t\t\t\t\t\t\t\t\t\t\t\t\t\t\t\t\t<\/div>\n\t\t\t\t\t\t\t\t\t\t\t\t\t\t\t\t\t\t\t\t\t\t\t<\/div>\n\n\t\t\t\t\t\t\t<div class=\"box-text text-center\" >\n\t\t\t\t\t\t\t\t<div class=\"title-wrapper\"><p class=\"name product-title woocommerce-loop-product__title\"><a href=\"https:\/\/www.companhiaatlantica.pt\/de\/produto\/gift-pack\/geschenkpaket\/aperitifschale-fliesen-korken-fliesen-untersetzer\" class=\"woocommerce-LoopProduct-link woocommerce-loop-product__link\">Pack YELLOW \u2013 Aperitifschale + Fliesen-Korken + Fliesen-Untersetzer<\/a><\/p><\/div><div class=\"price-wrapper\">\n\t<span class=\"price\"><del aria-hidden=\"true\"><span class=\"woocommerce-Price-amount amount\"><bdi>56.90<span class=\"woocommerce-Price-currencySymbol\">&euro;<\/span><\/bdi><\/span><\/del> <span class=\"screen-reader-text\">Urspr\u00fcnglicher Preis war: 56.90&euro;<\/span><ins aria-hidden=\"true\"><span class=\"woocommerce-Price-amount amount\"><bdi>48.00<span class=\"woocommerce-Price-currencySymbol\">&euro;<\/span><\/bdi><\/span><\/ins><span class=\"screen-reader-text\">Aktueller Preis ist: 48.00&euro;.<\/span><\/span>\n<\/div><div class=\"add-to-cart-button\"><a href=\"\/de\/wp-json\/wp\/v2\/pages\/66644?add-to-cart=40773\" aria-describedby=\"woocommerce_loop_add_to_cart_link_describedby_40773\" data-quantity=\"1\" class=\"primary is-small mb-0 button product_type_simple add_to_cart_button ajax_add_to_cart is-outline\" data-product_id=\"40773\" data-product_sku=\"131-062.S3\" aria-label=\"In den Warenkorb legen: \u201ePack YELLOW \u2013 Aperitifschale + Fliesen-Korken + Fliesen-Untersetzer\u201c\" rel=\"nofollow\" data-success_message=\"\u201ePack YELLOW \u2013 Aperitifschale + Fliesen-Korken + Fliesen-Untersetzer\u201c wurde deinem Warenkorb hinzugef\u00fcgt\" data-product_name=\"Pack YELLOW \u2013 Aperitifschale + Fliesen-Korken + Fliesen-Untersetzer\" data-product_image=\"https:\/\/www.companhiaatlantica.pt\/wp-content\/uploads\/2023\/02\/131-062.S3-150x150.jpg\" role=\"button\">In den Warenkorb<\/a><\/div>\t<span id=\"woocommerce_loop_add_to_cart_link_describedby_40773\" class=\"screen-reader-text\">\n\t\t\t<\/span>\n\t\t\t\t\t\t\t<\/div>\n\t\t\t\t\t\t<\/div>\n\t\t\t\t\t\t<\/div>\n\t\t\t\t\t<\/div><div class=\"col\" >\n\t\t\t\t\t\t<div class=\"col-inner\">\n\t\t\t\t\t\t\n<div class=\"badge-container absolute left top z-1\">\n<div class=\"badge callout badge-circle\">\r\n  \t\t\t<div class=\"badge-inner secondary on-sale\">\r\n  \t\t\t\t<span class=\"onsale\">-14%<\/span>\r\n\t\t\t<\/div>\r\n\t\t<\/div>\r\n\t\t<div class=\"badge callout badge-circle\">\r\n\t\t\t<div class=\"badge-inner callout-new-bg is-small new-bubble\">3 pcs<\/div>\r\n\t\t<\/div>\n<div class=\"badge callout badge-circle\"><div class=\"badge-inner callout-new-bg is-small new-bubble\">3 pcs<\/div><\/div><\/div>\n\t\t\t\t\t\t<div class=\"product-small box has-hover box-normal box-text-bottom\">\n\t\t\t\t\t\t\t<div class=\"box-image\" >\n\t\t\t\t\t\t\t\t<div class=\"\" >\n\t\t\t\t\t\t\t\t\t<a href=\"https:\/\/www.companhiaatlantica.pt\/de\/produto\/gift-pack\/geschenkpaket\/pack-romantische-schmuck-box-tasche-crememaske\" aria-label=\"Romantikpaket - Schmuckk\u00e4stchen + Tasche + Handcreme - Rosa\">\n\t\t\t\t\t\t\t\t\t\t<img loading=\"lazy\" decoding=\"async\" width=\"700\" height=\"700\" src=\"https:\/\/www.companhiaatlantica.pt\/wp-content\/uploads\/2020\/06\/130-947-700x700.jpg\" class=\"show-on-hover absolute fill hide-for-small back-image\" alt=\"Alternative view of Romantikpaket - Schmuckk\u00e4stchen + Tasche + Handcreme - Rosa\" aria-hidden=\"true\" srcset=\"https:\/\/www.companhiaatlantica.pt\/wp-content\/uploads\/2020\/06\/130-947-700x700.jpg 700w, https:\/\/www.companhiaatlantica.pt\/wp-content\/uploads\/2020\/06\/130-947-100x100.jpg 100w, https:\/\/www.companhiaatlantica.pt\/wp-content\/uploads\/2020\/06\/130-947-900x900.jpg 900w, https:\/\/www.companhiaatlantica.pt\/wp-content\/uploads\/2020\/06\/130-947-300x300.jpg 300w, https:\/\/www.companhiaatlantica.pt\/wp-content\/uploads\/2020\/06\/130-947-150x150.jpg 150w, https:\/\/www.companhiaatlantica.pt\/wp-content\/uploads\/2020\/06\/130-947-768x768.jpg 768w, https:\/\/www.companhiaatlantica.pt\/wp-content\/uploads\/2020\/06\/130-947-600x600.jpg 600w, https:\/\/www.companhiaatlantica.pt\/wp-content\/uploads\/2020\/06\/130-947.jpg 938w\" sizes=\"auto, (max-width: 700px) 100vw, 700px\" title=\"\"><img loading=\"lazy\" decoding=\"async\" width=\"700\" height=\"700\" src=\"https:\/\/www.companhiaatlantica.pt\/wp-content\/uploads\/2022\/12\/8-700x700.jpg\" class=\"attachment-woocommerce_thumbnail size-woocommerce_thumbnail\" alt=\"Romantikpaket - Schmuckk\u00e4stchen + Tasche + Handcreme - Rosa\" srcset=\"https:\/\/www.companhiaatlantica.pt\/wp-content\/uploads\/2022\/12\/8-700x700.jpg 700w, https:\/\/www.companhiaatlantica.pt\/wp-content\/uploads\/2022\/12\/8-100x100.jpg 100w, https:\/\/www.companhiaatlantica.pt\/wp-content\/uploads\/2022\/12\/8-900x900.jpg 900w, https:\/\/www.companhiaatlantica.pt\/wp-content\/uploads\/2022\/12\/8-300x300.jpg 300w, https:\/\/www.companhiaatlantica.pt\/wp-content\/uploads\/2022\/12\/8-150x150.jpg 150w, https:\/\/www.companhiaatlantica.pt\/wp-content\/uploads\/2022\/12\/8-768x768.jpg 768w, https:\/\/www.companhiaatlantica.pt\/wp-content\/uploads\/2022\/12\/8-600x600.jpg 600w, https:\/\/www.companhiaatlantica.pt\/wp-content\/uploads\/2022\/12\/8.jpg 1000w\" sizes=\"auto, (max-width: 700px) 100vw, 700px\" title=\"\">\t\t\t\t\t\t\t\t\t<\/a>\n\t\t\t\t\t\t\t\t\t\t\t\t\t\t\t\t\t\t \t\t\t\t\t\t\t\t<\/div>\n\t\t\t\t\t\t\t\t<div class=\"image-tools top right show-on-hover\">\n\t\t\t\t\t\t\t\t\t\t\t<div class=\"wishlist-icon\">\n\t\t\t<button class=\"wishlist-button button is-outline circle icon\" aria-label=\"Wunschliste\">\n\t\t\t\t<i class=\"icon-heart\" aria-hidden=\"true\"><\/i>\t\t\t<\/button>\n\t\t\t<div class=\"wishlist-popup dark\">\n\t\t\t\t\n<div\n\tclass=\"yith-wcwl-add-to-wishlist add-to-wishlist-40855 yith-wcwl-add-to-wishlist--button_default-style wishlist-fragment on-first-load\"\n\tdata-fragment-ref=\"40855\"\n\tdata-fragment-options=\"{&quot;base_url&quot;:&quot;&quot;,&quot;product_id&quot;:40855,&quot;parent_product_id&quot;:0,&quot;product_type&quot;:&quot;simple&quot;,&quot;is_single&quot;:false,&quot;in_default_wishlist&quot;:false,&quot;show_view&quot;:false,&quot;browse_wishlist_text&quot;:&quot;Siehe Ihre Wunschliste!&quot;,&quot;already_in_wishslist_text&quot;:&quot;Dieses Produkt steht bereits auf Ihrem Wunschzettel!&quot;,&quot;product_added_text&quot;:&quot;Produto adicionado!&quot;,&quot;available_multi_wishlist&quot;:false,&quot;disable_wishlist&quot;:false,&quot;show_count&quot;:false,&quot;ajax_loading&quot;:false,&quot;loop_position&quot;:&quot;after_add_to_cart&quot;,&quot;item&quot;:&quot;add_to_wishlist&quot;}\"\n>\n\t\t\t\n\t\t\t<!-- ADD TO WISHLIST -->\n\t\t\t\n<div class=\"yith-wcwl-add-button\">\n\t\t<a\n\t\thref=\"?add_to_wishlist=40855&#038;_wpnonce=52d31225f0\"\n\t\tclass=\"add_to_wishlist single_add_to_wishlist alt button theme-button-style \"\n\t\tdata-product-id=\"40855\"\n\t\tdata-product-type=\"simple\"\n\t\tdata-original-product-id=\"0\"\n\t\tdata-title=\"Zu meiner Wunschliste hinzuf\u00fcgen\"\n\t\trel=\"nofollow\"\n\t>\n\t\t<svg id=\"yith-wcwl-icon-heart-outline\" class=\"yith-wcwl-icon-svg\" fill=\"none\" stroke-width=\"1.5\" stroke=\"currentColor\" viewBox=\"0 0 24 24\" xmlns=\"http:\/\/www.w3.org\/2000\/svg\">\n  <path stroke-linecap=\"round\" stroke-linejoin=\"round\" d=\"M21 8.25c0-2.485-2.099-4.5-4.688-4.5-1.935 0-3.597 1.126-4.312 2.733-.715-1.607-2.377-2.733-4.313-2.733C5.1 3.75 3 5.765 3 8.25c0 7.22 9 12 9 12s9-4.78 9-12Z\"><\/path>\n<\/svg>\t\t<span>Zu meiner Wunschliste hinzuf\u00fcgen<\/span>\n\t<\/a>\n<\/div>\n\n\t\t\t<!-- COUNT TEXT -->\n\t\t\t\n\t\t\t<\/div>\n\t\t\t<\/div>\n\t\t<\/div>\n\t\t\t\t\t\t\t\t\t\t<\/div>\n\t\t\t\t\t\t\t\t\t\t\t\t\t\t\t\t\t<div class=\"image-tools grid-tools text-center hide-for-small bottom hover-slide-in show-on-hover\">\n\t\t\t\t\t\t\t\t\t\t\t\t\t\t\t\t\t\t\t<\/div>\n\t\t\t\t\t\t\t\t\t\t\t\t\t\t\t\t\t\t\t\t\t\t\t<\/div>\n\n\t\t\t\t\t\t\t<div class=\"box-text text-center\" >\n\t\t\t\t\t\t\t\t<div class=\"title-wrapper\"><p class=\"name product-title woocommerce-loop-product__title\"><a href=\"https:\/\/www.companhiaatlantica.pt\/de\/produto\/gift-pack\/geschenkpaket\/pack-romantische-schmuck-box-tasche-crememaske\" class=\"woocommerce-LoopProduct-link woocommerce-loop-product__link\">Romantikpaket &#8211; Schmuckk\u00e4stchen + Tasche + Handcreme &#8211; Rosa<\/a><\/p><\/div><div class=\"price-wrapper\">\n\t<span class=\"price\"><del aria-hidden=\"true\"><span class=\"woocommerce-Price-amount amount\"><bdi>33.85<span class=\"woocommerce-Price-currencySymbol\">&euro;<\/span><\/bdi><\/span><\/del> <span class=\"screen-reader-text\">Urspr\u00fcnglicher Preis war: 33.85&euro;<\/span><ins aria-hidden=\"true\"><span class=\"woocommerce-Price-amount amount\"><bdi>29.00<span class=\"woocommerce-Price-currencySymbol\">&euro;<\/span><\/bdi><\/span><\/ins><span class=\"screen-reader-text\">Aktueller Preis ist: 29.00&euro;.<\/span><\/span>\n<\/div><div class=\"add-to-cart-button\"><a href=\"\/de\/wp-json\/wp\/v2\/pages\/66644?add-to-cart=40855\" aria-describedby=\"woocommerce_loop_add_to_cart_link_describedby_40855\" data-quantity=\"1\" class=\"primary is-small mb-0 button product_type_simple add_to_cart_button ajax_add_to_cart is-outline\" data-product_id=\"40855\" data-product_sku=\"100-354.S3\" aria-label=\"In den Warenkorb legen: \u201eRomantikpaket - Schmuckk\u00e4stchen + Tasche + Handcreme - Rosa\u201c\" rel=\"nofollow\" data-success_message=\"\u201eRomantikpaket - Schmuckk\u00e4stchen + Tasche + Handcreme - Rosa\u201c wurde deinem Warenkorb hinzugef\u00fcgt\" data-product_name=\"Romantikpaket - Schmuckk\u00e4stchen + Tasche + Handcreme - Rosa\" data-product_image=\"https:\/\/www.companhiaatlantica.pt\/wp-content\/uploads\/2022\/12\/8-150x150.jpg\" role=\"button\">In den Warenkorb<\/a><\/div>\t<span id=\"woocommerce_loop_add_to_cart_link_describedby_40855\" class=\"screen-reader-text\">\n\t\t\t<\/span>\n\t\t\t\t\t\t\t<\/div>\n\t\t\t\t\t\t<\/div>\n\t\t\t\t\t\t<\/div>\n\t\t\t\t\t<\/div><div class=\"col\" >\n\t\t\t\t\t\t<div class=\"col-inner\">\n\t\t\t\t\t\t\n<div class=\"badge-container absolute left top z-1\">\n<div class=\"badge callout badge-circle\">\r\n  \t\t\t<div class=\"badge-inner secondary on-sale\">\r\n  \t\t\t\t<span class=\"onsale\">-12%<\/span>\r\n\t\t\t<\/div>\r\n\t\t<\/div>\r\n\t\t<div class=\"badge callout badge-circle\">\r\n\t\t\t<div class=\"badge-inner callout-new-bg is-small new-bubble\">5 pcs<\/div>\r\n\t\t<\/div>\n<div class=\"badge callout badge-circle\"><div class=\"badge-inner callout-new-bg is-small new-bubble\">5 pcs<\/div><\/div><\/div>\n\t\t\t\t\t\t<div class=\"product-small box has-hover box-normal box-text-bottom\">\n\t\t\t\t\t\t\t<div class=\"box-image\" >\n\t\t\t\t\t\t\t\t<div class=\"\" >\n\t\t\t\t\t\t\t\t\t<a href=\"https:\/\/www.companhiaatlantica.pt\/de\/produto\/gift-pack\/geschenkpaket\/pack-tulpen-schurze-kanne-schussel-2schalen\" aria-label=\"Pack Tulpen - Sch\u00fcrze + Kanne + Sch\u00fcssel + 2 Schalen\">\n\t\t\t\t\t\t\t\t\t\t<img loading=\"lazy\" decoding=\"async\" width=\"700\" height=\"700\" src=\"https:\/\/www.companhiaatlantica.pt\/wp-content\/uploads\/2021\/05\/170-079-700x700.jpg\" class=\"show-on-hover absolute fill hide-for-small back-image\" alt=\"Alternative view of Pack Tulpen - Sch\u00fcrze + Kanne + Sch\u00fcssel + 2 Schalen\" aria-hidden=\"true\" srcset=\"https:\/\/www.companhiaatlantica.pt\/wp-content\/uploads\/2021\/05\/170-079-700x700.jpg 700w, https:\/\/www.companhiaatlantica.pt\/wp-content\/uploads\/2021\/05\/170-079-100x100.jpg 100w, https:\/\/www.companhiaatlantica.pt\/wp-content\/uploads\/2021\/05\/170-079-900x900.jpg 900w, https:\/\/www.companhiaatlantica.pt\/wp-content\/uploads\/2021\/05\/170-079-300x300.jpg 300w, https:\/\/www.companhiaatlantica.pt\/wp-content\/uploads\/2021\/05\/170-079-150x150.jpg 150w, https:\/\/www.companhiaatlantica.pt\/wp-content\/uploads\/2021\/05\/170-079-768x768.jpg 768w, https:\/\/www.companhiaatlantica.pt\/wp-content\/uploads\/2021\/05\/170-079-600x600.jpg 600w, https:\/\/www.companhiaatlantica.pt\/wp-content\/uploads\/2021\/05\/170-079.jpg 1000w\" sizes=\"auto, (max-width: 700px) 100vw, 700px\" title=\"\"><img loading=\"lazy\" decoding=\"async\" width=\"700\" height=\"700\" src=\"https:\/\/www.companhiaatlantica.pt\/wp-content\/uploads\/2023\/02\/131-065.S4_1-700x700.jpg\" class=\"attachment-woocommerce_thumbnail size-woocommerce_thumbnail\" alt=\"Pack Tulpen - Sch\u00fcrze + Kanne + Sch\u00fcssel + 2 Schalen\" srcset=\"https:\/\/www.companhiaatlantica.pt\/wp-content\/uploads\/2023\/02\/131-065.S4_1-700x700.jpg 700w, https:\/\/www.companhiaatlantica.pt\/wp-content\/uploads\/2023\/02\/131-065.S4_1-100x100.jpg 100w, https:\/\/www.companhiaatlantica.pt\/wp-content\/uploads\/2023\/02\/131-065.S4_1-900x900.jpg 900w, https:\/\/www.companhiaatlantica.pt\/wp-content\/uploads\/2023\/02\/131-065.S4_1-300x300.jpg 300w, https:\/\/www.companhiaatlantica.pt\/wp-content\/uploads\/2023\/02\/131-065.S4_1-150x150.jpg 150w, https:\/\/www.companhiaatlantica.pt\/wp-content\/uploads\/2023\/02\/131-065.S4_1-768x768.jpg 768w, https:\/\/www.companhiaatlantica.pt\/wp-content\/uploads\/2023\/02\/131-065.S4_1-600x600.jpg 600w, https:\/\/www.companhiaatlantica.pt\/wp-content\/uploads\/2023\/02\/131-065.S4_1.jpg 1000w\" sizes=\"auto, (max-width: 700px) 100vw, 700px\" title=\"\">\t\t\t\t\t\t\t\t\t<\/a>\n\t\t\t\t\t\t\t\t\t\t\t\t\t\t\t\t\t\t \t\t\t\t\t\t\t\t<\/div>\n\t\t\t\t\t\t\t\t<div class=\"image-tools top right show-on-hover\">\n\t\t\t\t\t\t\t\t\t\t\t<div class=\"wishlist-icon\">\n\t\t\t<button class=\"wishlist-button button is-outline circle icon\" aria-label=\"Wunschliste\">\n\t\t\t\t<i class=\"icon-heart\" aria-hidden=\"true\"><\/i>\t\t\t<\/button>\n\t\t\t<div class=\"wishlist-popup dark\">\n\t\t\t\t\n<div\n\tclass=\"yith-wcwl-add-to-wishlist add-to-wishlist-40801 yith-wcwl-add-to-wishlist--button_default-style wishlist-fragment on-first-load\"\n\tdata-fragment-ref=\"40801\"\n\tdata-fragment-options=\"{&quot;base_url&quot;:&quot;&quot;,&quot;product_id&quot;:40801,&quot;parent_product_id&quot;:0,&quot;product_type&quot;:&quot;simple&quot;,&quot;is_single&quot;:false,&quot;in_default_wishlist&quot;:false,&quot;show_view&quot;:false,&quot;browse_wishlist_text&quot;:&quot;Siehe Ihre Wunschliste!&quot;,&quot;already_in_wishslist_text&quot;:&quot;Dieses Produkt steht bereits auf Ihrem Wunschzettel!&quot;,&quot;product_added_text&quot;:&quot;Produto adicionado!&quot;,&quot;available_multi_wishlist&quot;:false,&quot;disable_wishlist&quot;:false,&quot;show_count&quot;:false,&quot;ajax_loading&quot;:false,&quot;loop_position&quot;:&quot;after_add_to_cart&quot;,&quot;item&quot;:&quot;add_to_wishlist&quot;}\"\n>\n\t\t\t\n\t\t\t<!-- ADD TO WISHLIST -->\n\t\t\t\n<div class=\"yith-wcwl-add-button\">\n\t\t<a\n\t\thref=\"?add_to_wishlist=40801&#038;_wpnonce=52d31225f0\"\n\t\tclass=\"add_to_wishlist single_add_to_wishlist alt button theme-button-style \"\n\t\tdata-product-id=\"40801\"\n\t\tdata-product-type=\"simple\"\n\t\tdata-original-product-id=\"0\"\n\t\tdata-title=\"Zu meiner Wunschliste hinzuf\u00fcgen\"\n\t\trel=\"nofollow\"\n\t>\n\t\t<svg id=\"yith-wcwl-icon-heart-outline\" class=\"yith-wcwl-icon-svg\" fill=\"none\" stroke-width=\"1.5\" stroke=\"currentColor\" viewBox=\"0 0 24 24\" xmlns=\"http:\/\/www.w3.org\/2000\/svg\">\n  <path stroke-linecap=\"round\" stroke-linejoin=\"round\" d=\"M21 8.25c0-2.485-2.099-4.5-4.688-4.5-1.935 0-3.597 1.126-4.312 2.733-.715-1.607-2.377-2.733-4.313-2.733C5.1 3.75 3 5.765 3 8.25c0 7.22 9 12 9 12s9-4.78 9-12Z\"><\/path>\n<\/svg>\t\t<span>Zu meiner Wunschliste hinzuf\u00fcgen<\/span>\n\t<\/a>\n<\/div>\n\n\t\t\t<!-- COUNT TEXT -->\n\t\t\t\n\t\t\t<\/div>\n\t\t\t<\/div>\n\t\t<\/div>\n\t\t\t\t\t\t\t\t\t\t<\/div>\n\t\t\t\t\t\t\t\t\t\t\t\t\t\t\t\t\t<div class=\"image-tools grid-tools text-center hide-for-small bottom hover-slide-in show-on-hover\">\n\t\t\t\t\t\t\t\t\t\t\t\t\t\t\t\t\t\t\t<\/div>\n\t\t\t\t\t\t\t\t\t\t\t\t\t\t\t\t\t\t\t\t\t\t\t<\/div>\n\n\t\t\t\t\t\t\t<div class=\"box-text text-center\" >\n\t\t\t\t\t\t\t\t<div class=\"title-wrapper\"><p class=\"name product-title woocommerce-loop-product__title\"><a href=\"https:\/\/www.companhiaatlantica.pt\/de\/produto\/gift-pack\/geschenkpaket\/pack-tulpen-schurze-kanne-schussel-2schalen\" class=\"woocommerce-LoopProduct-link woocommerce-loop-product__link\">Pack Tulpen &#8211; Sch\u00fcrze + Kanne + Sch\u00fcssel + 2 Schalen<\/a><\/p><\/div><div class=\"price-wrapper\">\n\t<span class=\"price\"><del aria-hidden=\"true\"><span class=\"woocommerce-Price-amount amount\"><bdi>67.80<span class=\"woocommerce-Price-currencySymbol\">&euro;<\/span><\/bdi><\/span><\/del> <span class=\"screen-reader-text\">Urspr\u00fcnglicher Preis war: 67.80&euro;<\/span><ins aria-hidden=\"true\"><span class=\"woocommerce-Price-amount amount\"><bdi>59.50<span class=\"woocommerce-Price-currencySymbol\">&euro;<\/span><\/bdi><\/span><\/ins><span class=\"screen-reader-text\">Aktueller Preis ist: 59.50&euro;.<\/span><\/span>\n<\/div><div class=\"add-to-cart-button\"><a href=\"\/de\/wp-json\/wp\/v2\/pages\/66644?add-to-cart=40801\" aria-describedby=\"woocommerce_loop_add_to_cart_link_describedby_40801\" data-quantity=\"1\" class=\"primary is-small mb-0 button product_type_simple add_to_cart_button ajax_add_to_cart is-outline\" data-product_id=\"40801\" data-product_sku=\"131-065.S4\" aria-label=\"In den Warenkorb legen: \u201ePack Tulpen - Sch\u00fcrze + Kanne + Sch\u00fcssel + 2 Schalen\u201c\" rel=\"nofollow\" data-success_message=\"\u201ePack Tulpen - Sch\u00fcrze + Kanne + Sch\u00fcssel + 2 Schalen\u201c wurde deinem Warenkorb hinzugef\u00fcgt\" data-product_name=\"Pack Tulpen - Sch\u00fcrze + Kanne + Sch\u00fcssel + 2 Schalen\" data-product_image=\"https:\/\/www.companhiaatlantica.pt\/wp-content\/uploads\/2023\/02\/131-065.S4_1-150x150.jpg\" role=\"button\">In den Warenkorb<\/a><\/div>\t<span id=\"woocommerce_loop_add_to_cart_link_describedby_40801\" class=\"screen-reader-text\">\n\t\t\t<\/span>\n\t\t\t\t\t\t\t<\/div>\n\t\t\t\t\t\t<\/div>\n\t\t\t\t\t\t<\/div>\n\t\t\t\t\t<\/div><div class=\"col\" >\n\t\t\t\t\t\t<div class=\"col-inner\">\n\t\t\t\t\t\t\n<div class=\"badge-container absolute left top z-1\">\n<div class=\"badge callout badge-circle\">\r\n  \t\t\t<div class=\"badge-inner secondary on-sale\">\r\n  \t\t\t\t<span class=\"onsale\">-20%<\/span>\r\n\t\t\t<\/div>\r\n\t\t<\/div>\r\n\t\t<div class=\"badge callout badge-circle\">\r\n\t\t\t<div class=\"badge-inner callout-new-bg is-small new-bubble\">2 pcs<\/div>\r\n\t\t<\/div>\n<div class=\"badge callout badge-circle\"><div class=\"badge-inner callout-new-bg is-small new-bubble\">2 pcs<\/div><\/div><\/div>\n\t\t\t\t\t\t<div class=\"product-small box has-hover box-normal box-text-bottom\">\n\t\t\t\t\t\t\t<div class=\"box-image\" >\n\t\t\t\t\t\t\t\t<div class=\"\" >\n\t\t\t\t\t\t\t\t\t<a href=\"https:\/\/www.companhiaatlantica.pt\/de\/produto\/gift-pack\/geschenkpaket\/pack-tulpen-2-teilen\" aria-label=\"Pack Tulpen - Baumwollsch\u00fcrze + Rechteckige Bratform\">\n\t\t\t\t\t\t\t\t\t\t<img loading=\"lazy\" decoding=\"async\" width=\"600\" height=\"600\" src=\"https:\/\/www.companhiaatlantica.pt\/wp-content\/uploads\/2021\/06\/130-613.jpg\" class=\"show-on-hover absolute fill hide-for-small back-image\" alt=\"Alternative view of Pack Tulpen - Baumwollsch\u00fcrze + Rechteckige Bratform\" aria-hidden=\"true\" srcset=\"https:\/\/www.companhiaatlantica.pt\/wp-content\/uploads\/2021\/06\/130-613.jpg 600w, https:\/\/www.companhiaatlantica.pt\/wp-content\/uploads\/2021\/06\/130-613-100x100.jpg 100w\" sizes=\"auto, (max-width: 600px) 100vw, 600px\" title=\"\"><img loading=\"lazy\" decoding=\"async\" width=\"700\" height=\"700\" src=\"https:\/\/www.companhiaatlantica.pt\/wp-content\/uploads\/2023\/02\/131-066.S2_1-700x700.jpg\" class=\"attachment-woocommerce_thumbnail size-woocommerce_thumbnail\" alt=\"Pack Tulpen - Baumwollsch\u00fcrze + Rechteckige Bratform\" srcset=\"https:\/\/www.companhiaatlantica.pt\/wp-content\/uploads\/2023\/02\/131-066.S2_1-700x700.jpg 700w, https:\/\/www.companhiaatlantica.pt\/wp-content\/uploads\/2023\/02\/131-066.S2_1-100x100.jpg 100w, https:\/\/www.companhiaatlantica.pt\/wp-content\/uploads\/2023\/02\/131-066.S2_1-900x900.jpg 900w, https:\/\/www.companhiaatlantica.pt\/wp-content\/uploads\/2023\/02\/131-066.S2_1-300x300.jpg 300w, https:\/\/www.companhiaatlantica.pt\/wp-content\/uploads\/2023\/02\/131-066.S2_1-150x150.jpg 150w, https:\/\/www.companhiaatlantica.pt\/wp-content\/uploads\/2023\/02\/131-066.S2_1-768x768.jpg 768w, https:\/\/www.companhiaatlantica.pt\/wp-content\/uploads\/2023\/02\/131-066.S2_1-600x600.jpg 600w, https:\/\/www.companhiaatlantica.pt\/wp-content\/uploads\/2023\/02\/131-066.S2_1.jpg 1000w\" sizes=\"auto, (max-width: 700px) 100vw, 700px\" title=\"\">\t\t\t\t\t\t\t\t\t<\/a>\n\t\t\t\t\t\t\t\t\t\t\t\t\t\t\t\t\t\t \t\t\t\t\t\t\t\t<\/div>\n\t\t\t\t\t\t\t\t<div class=\"image-tools top right show-on-hover\">\n\t\t\t\t\t\t\t\t\t\t\t<div class=\"wishlist-icon\">\n\t\t\t<button class=\"wishlist-button button is-outline circle icon\" aria-label=\"Wunschliste\">\n\t\t\t\t<i class=\"icon-heart\" aria-hidden=\"true\"><\/i>\t\t\t<\/button>\n\t\t\t<div class=\"wishlist-popup dark\">\n\t\t\t\t\n<div\n\tclass=\"yith-wcwl-add-to-wishlist add-to-wishlist-40797 yith-wcwl-add-to-wishlist--button_default-style wishlist-fragment on-first-load\"\n\tdata-fragment-ref=\"40797\"\n\tdata-fragment-options=\"{&quot;base_url&quot;:&quot;&quot;,&quot;product_id&quot;:40797,&quot;parent_product_id&quot;:0,&quot;product_type&quot;:&quot;simple&quot;,&quot;is_single&quot;:false,&quot;in_default_wishlist&quot;:false,&quot;show_view&quot;:false,&quot;browse_wishlist_text&quot;:&quot;Siehe Ihre Wunschliste!&quot;,&quot;already_in_wishslist_text&quot;:&quot;Dieses Produkt steht bereits auf Ihrem Wunschzettel!&quot;,&quot;product_added_text&quot;:&quot;Produto adicionado!&quot;,&quot;available_multi_wishlist&quot;:false,&quot;disable_wishlist&quot;:false,&quot;show_count&quot;:false,&quot;ajax_loading&quot;:false,&quot;loop_position&quot;:&quot;after_add_to_cart&quot;,&quot;item&quot;:&quot;add_to_wishlist&quot;}\"\n>\n\t\t\t\n\t\t\t<!-- ADD TO WISHLIST -->\n\t\t\t\n<div class=\"yith-wcwl-add-button\">\n\t\t<a\n\t\thref=\"?add_to_wishlist=40797&#038;_wpnonce=52d31225f0\"\n\t\tclass=\"add_to_wishlist single_add_to_wishlist alt button theme-button-style \"\n\t\tdata-product-id=\"40797\"\n\t\tdata-product-type=\"simple\"\n\t\tdata-original-product-id=\"0\"\n\t\tdata-title=\"Zu meiner Wunschliste hinzuf\u00fcgen\"\n\t\trel=\"nofollow\"\n\t>\n\t\t<svg id=\"yith-wcwl-icon-heart-outline\" class=\"yith-wcwl-icon-svg\" fill=\"none\" stroke-width=\"1.5\" stroke=\"currentColor\" viewBox=\"0 0 24 24\" xmlns=\"http:\/\/www.w3.org\/2000\/svg\">\n  <path stroke-linecap=\"round\" stroke-linejoin=\"round\" d=\"M21 8.25c0-2.485-2.099-4.5-4.688-4.5-1.935 0-3.597 1.126-4.312 2.733-.715-1.607-2.377-2.733-4.313-2.733C5.1 3.75 3 5.765 3 8.25c0 7.22 9 12 9 12s9-4.78 9-12Z\"><\/path>\n<\/svg>\t\t<span>Zu meiner Wunschliste hinzuf\u00fcgen<\/span>\n\t<\/a>\n<\/div>\n\n\t\t\t<!-- COUNT TEXT -->\n\t\t\t\n\t\t\t<\/div>\n\t\t\t<\/div>\n\t\t<\/div>\n\t\t\t\t\t\t\t\t\t\t<\/div>\n\t\t\t\t\t\t\t\t\t\t\t\t\t\t\t\t\t<div class=\"image-tools grid-tools text-center hide-for-small bottom hover-slide-in show-on-hover\">\n\t\t\t\t\t\t\t\t\t\t\t\t\t\t\t\t\t\t\t<\/div>\n\t\t\t\t\t\t\t\t\t\t\t\t\t\t\t\t\t\t\t\t\t\t\t<\/div>\n\n\t\t\t\t\t\t\t<div class=\"box-text text-center\" >\n\t\t\t\t\t\t\t\t<div class=\"title-wrapper\"><p class=\"name product-title woocommerce-loop-product__title\"><a href=\"https:\/\/www.companhiaatlantica.pt\/de\/produto\/gift-pack\/geschenkpaket\/pack-tulpen-2-teilen\" class=\"woocommerce-LoopProduct-link woocommerce-loop-product__link\">Pack Tulpen &#8211; Baumwollsch\u00fcrze + Rechteckige Bratform<\/a><\/p><\/div><div class=\"price-wrapper\">\n\t<span class=\"price\"><del aria-hidden=\"true\"><span class=\"woocommerce-Price-amount amount\"><bdi>53.90<span class=\"woocommerce-Price-currencySymbol\">&euro;<\/span><\/bdi><\/span><\/del> <span class=\"screen-reader-text\">Urspr\u00fcnglicher Preis war: 53.90&euro;<\/span><ins aria-hidden=\"true\"><span class=\"woocommerce-Price-amount amount\"><bdi>43.00<span class=\"woocommerce-Price-currencySymbol\">&euro;<\/span><\/bdi><\/span><\/ins><span class=\"screen-reader-text\">Aktueller Preis ist: 43.00&euro;.<\/span><\/span>\n<\/div><div class=\"add-to-cart-button\"><a href=\"\/de\/wp-json\/wp\/v2\/pages\/66644?add-to-cart=40797\" aria-describedby=\"woocommerce_loop_add_to_cart_link_describedby_40797\" data-quantity=\"1\" class=\"primary is-small mb-0 button product_type_simple add_to_cart_button ajax_add_to_cart is-outline\" data-product_id=\"40797\" data-product_sku=\"131-066.S2\" aria-label=\"In den Warenkorb legen: \u201ePack Tulpen - Baumwollsch\u00fcrze + Rechteckige Bratform\u201c\" rel=\"nofollow\" data-success_message=\"\u201ePack Tulpen - Baumwollsch\u00fcrze + Rechteckige Bratform\u201c wurde deinem Warenkorb hinzugef\u00fcgt\" data-product_name=\"Pack Tulpen - Baumwollsch\u00fcrze + Rechteckige Bratform\" data-product_image=\"https:\/\/www.companhiaatlantica.pt\/wp-content\/uploads\/2023\/02\/131-066.S2_1-150x150.jpg\" role=\"button\">In den Warenkorb<\/a><\/div>\t<span id=\"woocommerce_loop_add_to_cart_link_describedby_40797\" class=\"screen-reader-text\">\n\t\t\t<\/span>\n\t\t\t\t\t\t\t<\/div>\n\t\t\t\t\t\t<\/div>\n\t\t\t\t\t\t<\/div>\n\t\t\t\t\t<\/div><div class=\"col\" >\n\t\t\t\t\t\t<div class=\"col-inner\">\n\t\t\t\t\t\t\n<div class=\"badge-container absolute left top z-1\">\n<div class=\"badge callout badge-circle\">\r\n  \t\t\t<div class=\"badge-inner secondary on-sale\">\r\n  \t\t\t\t<span class=\"onsale\">-10%<\/span>\r\n\t\t\t<\/div>\r\n\t\t<\/div>\r\n\t\t<div class=\"badge callout badge-circle\">\r\n\t\t\t<div class=\"badge-inner callout-new-bg is-small new-bubble\">5 pcs<\/div>\r\n\t\t<\/div>\n<div class=\"badge callout badge-circle\"><div class=\"badge-inner callout-new-bg is-small new-bubble\">5 pcs<\/div><\/div><\/div>\n\t\t\t\t\t\t<div class=\"product-small box has-hover box-normal box-text-bottom\">\n\t\t\t\t\t\t\t<div class=\"box-image\" >\n\t\t\t\t\t\t\t\t<div class=\"\" >\n\t\t\t\t\t\t\t\t\t<a href=\"https:\/\/www.companhiaatlantica.pt\/de\/produto\/gift-pack\/geschenkpaket\/pack-breezy-schurze-kanne-schussel-2-schalen\" aria-label=\"Pack BREEZY- Sch\u00fcrze + Kanne + Sch\u00fcssel + 2 Schalen\">\n\t\t\t\t\t\t\t\t\t\t<img loading=\"lazy\" decoding=\"async\" width=\"700\" height=\"700\" src=\"https:\/\/www.companhiaatlantica.pt\/wp-content\/uploads\/2022\/04\/170-112-700x700.jpg\" class=\"show-on-hover absolute fill hide-for-small back-image\" alt=\"Alternative view of Pack BREEZY- Sch\u00fcrze + Kanne + Sch\u00fcssel + 2 Schalen\" aria-hidden=\"true\" srcset=\"https:\/\/www.companhiaatlantica.pt\/wp-content\/uploads\/2022\/04\/170-112-700x700.jpg 700w, https:\/\/www.companhiaatlantica.pt\/wp-content\/uploads\/2022\/04\/170-112-100x100.jpg 100w, https:\/\/www.companhiaatlantica.pt\/wp-content\/uploads\/2022\/04\/170-112-900x900.jpg 900w, https:\/\/www.companhiaatlantica.pt\/wp-content\/uploads\/2022\/04\/170-112-300x300.jpg 300w, https:\/\/www.companhiaatlantica.pt\/wp-content\/uploads\/2022\/04\/170-112-150x150.jpg 150w, https:\/\/www.companhiaatlantica.pt\/wp-content\/uploads\/2022\/04\/170-112-768x768.jpg 768w, https:\/\/www.companhiaatlantica.pt\/wp-content\/uploads\/2022\/04\/170-112-600x600.jpg 600w, https:\/\/www.companhiaatlantica.pt\/wp-content\/uploads\/2022\/04\/170-112.jpg 1000w\" sizes=\"auto, (max-width: 700px) 100vw, 700px\" title=\"\"><img loading=\"lazy\" decoding=\"async\" width=\"700\" height=\"700\" src=\"https:\/\/www.companhiaatlantica.pt\/wp-content\/uploads\/2023\/02\/131-064.S4_1-700x700.jpg\" class=\"attachment-woocommerce_thumbnail size-woocommerce_thumbnail\" alt=\"Pack BREEZY- Sch\u00fcrze + Kanne + Sch\u00fcssel + 2 Schalen\" srcset=\"https:\/\/www.companhiaatlantica.pt\/wp-content\/uploads\/2023\/02\/131-064.S4_1-700x700.jpg 700w, https:\/\/www.companhiaatlantica.pt\/wp-content\/uploads\/2023\/02\/131-064.S4_1-100x100.jpg 100w, https:\/\/www.companhiaatlantica.pt\/wp-content\/uploads\/2023\/02\/131-064.S4_1-900x900.jpg 900w, https:\/\/www.companhiaatlantica.pt\/wp-content\/uploads\/2023\/02\/131-064.S4_1-300x300.jpg 300w, https:\/\/www.companhiaatlantica.pt\/wp-content\/uploads\/2023\/02\/131-064.S4_1-150x150.jpg 150w, https:\/\/www.companhiaatlantica.pt\/wp-content\/uploads\/2023\/02\/131-064.S4_1-768x768.jpg 768w, https:\/\/www.companhiaatlantica.pt\/wp-content\/uploads\/2023\/02\/131-064.S4_1-600x600.jpg 600w, https:\/\/www.companhiaatlantica.pt\/wp-content\/uploads\/2023\/02\/131-064.S4_1.jpg 1000w\" sizes=\"auto, (max-width: 700px) 100vw, 700px\" title=\"\">\t\t\t\t\t\t\t\t\t<\/a>\n\t\t\t\t\t\t\t\t\t\t\t\t\t\t\t\t\t\t \t\t\t\t\t\t\t\t<\/div>\n\t\t\t\t\t\t\t\t<div class=\"image-tools top right show-on-hover\">\n\t\t\t\t\t\t\t\t\t\t\t<div class=\"wishlist-icon\">\n\t\t\t<button class=\"wishlist-button button is-outline circle icon\" aria-label=\"Wunschliste\">\n\t\t\t\t<i class=\"icon-heart\" aria-hidden=\"true\"><\/i>\t\t\t<\/button>\n\t\t\t<div class=\"wishlist-popup dark\">\n\t\t\t\t\n<div\n\tclass=\"yith-wcwl-add-to-wishlist add-to-wishlist-40794 yith-wcwl-add-to-wishlist--button_default-style wishlist-fragment on-first-load\"\n\tdata-fragment-ref=\"40794\"\n\tdata-fragment-options=\"{&quot;base_url&quot;:&quot;&quot;,&quot;product_id&quot;:40794,&quot;parent_product_id&quot;:0,&quot;product_type&quot;:&quot;simple&quot;,&quot;is_single&quot;:false,&quot;in_default_wishlist&quot;:false,&quot;show_view&quot;:false,&quot;browse_wishlist_text&quot;:&quot;Siehe Ihre Wunschliste!&quot;,&quot;already_in_wishslist_text&quot;:&quot;Dieses Produkt steht bereits auf Ihrem Wunschzettel!&quot;,&quot;product_added_text&quot;:&quot;Produto adicionado!&quot;,&quot;available_multi_wishlist&quot;:false,&quot;disable_wishlist&quot;:false,&quot;show_count&quot;:false,&quot;ajax_loading&quot;:false,&quot;loop_position&quot;:&quot;after_add_to_cart&quot;,&quot;item&quot;:&quot;add_to_wishlist&quot;}\"\n>\n\t\t\t\n\t\t\t<!-- ADD TO WISHLIST -->\n\t\t\t\n<div class=\"yith-wcwl-add-button\">\n\t\t<a\n\t\thref=\"?add_to_wishlist=40794&#038;_wpnonce=52d31225f0\"\n\t\tclass=\"add_to_wishlist single_add_to_wishlist alt button theme-button-style \"\n\t\tdata-product-id=\"40794\"\n\t\tdata-product-type=\"simple\"\n\t\tdata-original-product-id=\"0\"\n\t\tdata-title=\"Zu meiner Wunschliste hinzuf\u00fcgen\"\n\t\trel=\"nofollow\"\n\t>\n\t\t<svg id=\"yith-wcwl-icon-heart-outline\" class=\"yith-wcwl-icon-svg\" fill=\"none\" stroke-width=\"1.5\" stroke=\"currentColor\" viewBox=\"0 0 24 24\" xmlns=\"http:\/\/www.w3.org\/2000\/svg\">\n  <path stroke-linecap=\"round\" stroke-linejoin=\"round\" d=\"M21 8.25c0-2.485-2.099-4.5-4.688-4.5-1.935 0-3.597 1.126-4.312 2.733-.715-1.607-2.377-2.733-4.313-2.733C5.1 3.75 3 5.765 3 8.25c0 7.22 9 12 9 12s9-4.78 9-12Z\"><\/path>\n<\/svg>\t\t<span>Zu meiner Wunschliste hinzuf\u00fcgen<\/span>\n\t<\/a>\n<\/div>\n\n\t\t\t<!-- COUNT TEXT -->\n\t\t\t\n\t\t\t<\/div>\n\t\t\t<\/div>\n\t\t<\/div>\n\t\t\t\t\t\t\t\t\t\t<\/div>\n\t\t\t\t\t\t\t\t\t\t\t\t\t\t\t\t\t<div class=\"image-tools grid-tools text-center hide-for-small bottom hover-slide-in show-on-hover\">\n\t\t\t\t\t\t\t\t\t\t\t\t\t\t\t\t\t\t\t<\/div>\n\t\t\t\t\t\t\t\t\t\t\t\t\t\t\t\t\t\t\t\t\t\t\t<\/div>\n\n\t\t\t\t\t\t\t<div class=\"box-text text-center\" >\n\t\t\t\t\t\t\t\t<div class=\"title-wrapper\"><p class=\"name product-title woocommerce-loop-product__title\"><a href=\"https:\/\/www.companhiaatlantica.pt\/de\/produto\/gift-pack\/geschenkpaket\/pack-breezy-schurze-kanne-schussel-2-schalen\" class=\"woocommerce-LoopProduct-link woocommerce-loop-product__link\">Pack BREEZY- Sch\u00fcrze + Kanne + Sch\u00fcssel + 2 Schalen<\/a><\/p><\/div><div class=\"price-wrapper\">\n\t<span class=\"price\"><del aria-hidden=\"true\"><span class=\"woocommerce-Price-amount amount\"><bdi>72.90<span class=\"woocommerce-Price-currencySymbol\">&euro;<\/span><\/bdi><\/span><\/del> <span class=\"screen-reader-text\">Urspr\u00fcnglicher Preis war: 72.90&euro;<\/span><ins aria-hidden=\"true\"><span class=\"woocommerce-Price-amount amount\"><bdi>65.90<span class=\"woocommerce-Price-currencySymbol\">&euro;<\/span><\/bdi><\/span><\/ins><span class=\"screen-reader-text\">Aktueller Preis ist: 65.90&euro;.<\/span><\/span>\n<\/div><div class=\"add-to-cart-button\"><a href=\"\/de\/wp-json\/wp\/v2\/pages\/66644?add-to-cart=40794\" aria-describedby=\"woocommerce_loop_add_to_cart_link_describedby_40794\" data-quantity=\"1\" class=\"primary is-small mb-0 button product_type_simple add_to_cart_button ajax_add_to_cart is-outline\" data-product_id=\"40794\" data-product_sku=\"131-064.S4\" aria-label=\"In den Warenkorb legen: \u201ePack BREEZY- Sch\u00fcrze + Kanne + Sch\u00fcssel + 2 Schalen\u201c\" rel=\"nofollow\" data-success_message=\"\u201ePack BREEZY- Sch\u00fcrze + Kanne + Sch\u00fcssel + 2 Schalen\u201c wurde deinem Warenkorb hinzugef\u00fcgt\" data-product_name=\"Pack BREEZY- Sch\u00fcrze + Kanne + Sch\u00fcssel + 2 Schalen\" data-product_image=\"https:\/\/www.companhiaatlantica.pt\/wp-content\/uploads\/2023\/02\/131-064.S4_1-150x150.jpg\" role=\"button\">In den Warenkorb<\/a><\/div>\t<span id=\"woocommerce_loop_add_to_cart_link_describedby_40794\" class=\"screen-reader-text\">\n\t\t\t<\/span>\n\t\t\t\t\t\t\t<\/div>\n\t\t\t\t\t\t<\/div>\n\t\t\t\t\t\t<\/div>\n\t\t\t\t\t<\/div><div class=\"col\" >\n\t\t\t\t\t\t<div class=\"col-inner\">\n\t\t\t\t\t\t\n<div class=\"badge-container absolute left top z-1\">\n<div class=\"badge callout badge-circle\">\r\n  \t\t\t<div class=\"badge-inner secondary on-sale\">\r\n  \t\t\t\t<span class=\"onsale\">-20%<\/span>\r\n\t\t\t<\/div>\r\n\t\t<\/div>\r\n\t\t<div class=\"badge callout badge-circle\">\r\n\t\t\t<div class=\"badge-inner callout-new-bg is-small new-bubble\">NEW<\/div>\r\n\t\t<\/div>\n<div class=\"badge callout badge-circle\"><div class=\"badge-inner callout-new-bg is-small new-bubble\">NEW<\/div><\/div><\/div>\n\t\t\t\t\t\t<div class=\"product-small box has-hover box-normal box-text-bottom\">\n\t\t\t\t\t\t\t<div class=\"box-image\" >\n\t\t\t\t\t\t\t\t<div class=\"\" >\n\t\t\t\t\t\t\t\t\t<a href=\"https:\/\/www.companhiaatlantica.pt\/de\/produto\/gift-pack\/geschenkpaket\/tap-geschenkset-koerperpflege\" aria-label=\"TAP Geschenkset - K\u00f6rperpflege\">\n\t\t\t\t\t\t\t\t\t\t<img loading=\"lazy\" decoding=\"async\" width=\"700\" height=\"700\" src=\"https:\/\/www.companhiaatlantica.pt\/wp-content\/uploads\/2024\/08\/100-455-700x700.jpg\" class=\"show-on-hover absolute fill hide-for-small back-image\" alt=\"Alternative view of TAP Geschenkset - K\u00f6rperpflege\" aria-hidden=\"true\" srcset=\"https:\/\/www.companhiaatlantica.pt\/wp-content\/uploads\/2024\/08\/100-455-700x700.jpg 700w, https:\/\/www.companhiaatlantica.pt\/wp-content\/uploads\/2024\/08\/100-455-100x100.jpg 100w, https:\/\/www.companhiaatlantica.pt\/wp-content\/uploads\/2024\/08\/100-455-900x900.jpg 900w, https:\/\/www.companhiaatlantica.pt\/wp-content\/uploads\/2024\/08\/100-455-400x400.jpg 400w, https:\/\/www.companhiaatlantica.pt\/wp-content\/uploads\/2024\/08\/100-455-350x350.jpg 350w, https:\/\/www.companhiaatlantica.pt\/wp-content\/uploads\/2024\/08\/100-455-768x768.jpg 768w, https:\/\/www.companhiaatlantica.pt\/wp-content\/uploads\/2024\/08\/100-455.jpg 1000w\" sizes=\"auto, (max-width: 700px) 100vw, 700px\" title=\"\"><img loading=\"lazy\" decoding=\"async\" width=\"700\" height=\"700\" src=\"https:\/\/www.companhiaatlantica.pt\/wp-content\/uploads\/2024\/08\/100-455-caixa-gift-700x700.jpg\" class=\"attachment-woocommerce_thumbnail size-woocommerce_thumbnail\" alt=\"TAP Geschenkset - K\u00f6rperpflege\" srcset=\"https:\/\/www.companhiaatlantica.pt\/wp-content\/uploads\/2024\/08\/100-455-caixa-gift-700x700.jpg 700w, https:\/\/www.companhiaatlantica.pt\/wp-content\/uploads\/2024\/08\/100-455-caixa-gift-100x100.jpg 100w, https:\/\/www.companhiaatlantica.pt\/wp-content\/uploads\/2024\/08\/100-455-caixa-gift-900x900.jpg 900w, https:\/\/www.companhiaatlantica.pt\/wp-content\/uploads\/2024\/08\/100-455-caixa-gift-400x400.jpg 400w, https:\/\/www.companhiaatlantica.pt\/wp-content\/uploads\/2024\/08\/100-455-caixa-gift-350x350.jpg 350w, https:\/\/www.companhiaatlantica.pt\/wp-content\/uploads\/2024\/08\/100-455-caixa-gift-768x768.jpg 768w, https:\/\/www.companhiaatlantica.pt\/wp-content\/uploads\/2024\/08\/100-455-caixa-gift.jpg 1000w\" sizes=\"auto, (max-width: 700px) 100vw, 700px\" title=\"\">\t\t\t\t\t\t\t\t\t<\/a>\n\t\t\t\t\t\t\t\t\t\t\t\t\t\t\t\t\t\t \t\t\t\t\t\t\t\t<\/div>\n\t\t\t\t\t\t\t\t<div class=\"image-tools top right show-on-hover\">\n\t\t\t\t\t\t\t\t\t\t\t<div class=\"wishlist-icon\">\n\t\t\t<button class=\"wishlist-button button is-outline circle icon\" aria-label=\"Wunschliste\">\n\t\t\t\t<i class=\"icon-heart\" aria-hidden=\"true\"><\/i>\t\t\t<\/button>\n\t\t\t<div class=\"wishlist-popup dark\">\n\t\t\t\t\n<div\n\tclass=\"yith-wcwl-add-to-wishlist add-to-wishlist-63202 yith-wcwl-add-to-wishlist--button_default-style wishlist-fragment on-first-load\"\n\tdata-fragment-ref=\"63202\"\n\tdata-fragment-options=\"{&quot;base_url&quot;:&quot;&quot;,&quot;product_id&quot;:63202,&quot;parent_product_id&quot;:0,&quot;product_type&quot;:&quot;variable&quot;,&quot;is_single&quot;:false,&quot;in_default_wishlist&quot;:false,&quot;show_view&quot;:false,&quot;browse_wishlist_text&quot;:&quot;Siehe Ihre Wunschliste!&quot;,&quot;already_in_wishslist_text&quot;:&quot;Dieses Produkt steht bereits auf Ihrem Wunschzettel!&quot;,&quot;product_added_text&quot;:&quot;Produto adicionado!&quot;,&quot;available_multi_wishlist&quot;:false,&quot;disable_wishlist&quot;:false,&quot;show_count&quot;:false,&quot;ajax_loading&quot;:false,&quot;loop_position&quot;:&quot;after_add_to_cart&quot;,&quot;item&quot;:&quot;add_to_wishlist&quot;}\"\n>\n\t\t\t\n\t\t\t<!-- ADD TO WISHLIST -->\n\t\t\t\n<div class=\"yith-wcwl-add-button\">\n\t\t<a\n\t\thref=\"?add_to_wishlist=63202&#038;_wpnonce=52d31225f0\"\n\t\tclass=\"add_to_wishlist single_add_to_wishlist alt button theme-button-style \"\n\t\tdata-product-id=\"63202\"\n\t\tdata-product-type=\"variable\"\n\t\tdata-original-product-id=\"0\"\n\t\tdata-title=\"Zu meiner Wunschliste hinzuf\u00fcgen\"\n\t\trel=\"nofollow\"\n\t>\n\t\t<svg id=\"yith-wcwl-icon-heart-outline\" class=\"yith-wcwl-icon-svg\" fill=\"none\" stroke-width=\"1.5\" stroke=\"currentColor\" viewBox=\"0 0 24 24\" xmlns=\"http:\/\/www.w3.org\/2000\/svg\">\n  <path stroke-linecap=\"round\" stroke-linejoin=\"round\" d=\"M21 8.25c0-2.485-2.099-4.5-4.688-4.5-1.935 0-3.597 1.126-4.312 2.733-.715-1.607-2.377-2.733-4.313-2.733C5.1 3.75 3 5.765 3 8.25c0 7.22 9 12 9 12s9-4.78 9-12Z\"><\/path>\n<\/svg>\t\t<span>Zu meiner Wunschliste hinzuf\u00fcgen<\/span>\n\t<\/a>\n<\/div>\n\n\t\t\t<!-- COUNT TEXT -->\n\t\t\t\n\t\t\t<\/div>\n\t\t\t<\/div>\n\t\t<\/div>\n\t\t\t\t\t\t\t\t\t\t<\/div>\n\t\t\t\t\t\t\t\t\t\t\t\t\t\t\t\t\t<div class=\"image-tools grid-tools text-center hide-for-small bottom hover-slide-in show-on-hover\">\n\t\t\t\t\t\t\t\t\t\t\t\t\t\t\t\t\t\t\t<\/div>\n\t\t\t\t\t\t\t\t\t\t\t\t\t\t\t\t\t\t\t\t\t\t\t<\/div>\n\n\t\t\t\t\t\t\t<div class=\"box-text text-center\" >\n\t\t\t\t\t\t\t\t<div class=\"title-wrapper\"><p class=\"name product-title woocommerce-loop-product__title\"><a href=\"https:\/\/www.companhiaatlantica.pt\/de\/produto\/gift-pack\/geschenkpaket\/tap-geschenkset-koerperpflege\" class=\"woocommerce-LoopProduct-link woocommerce-loop-product__link\">TAP Geschenkset &#8211; K\u00f6rperpflege<\/a><\/p><\/div><div class=\"price-wrapper\">\n\t<span class=\"price\"><del aria-hidden=\"true\"><span class=\"woocommerce-Price-amount amount\"><bdi>35.00<span class=\"woocommerce-Price-currencySymbol\">&euro;<\/span><\/bdi><\/span><\/del> <span class=\"screen-reader-text\">Urspr\u00fcnglicher Preis war: 35.00&euro;<\/span><ins aria-hidden=\"true\"><span class=\"woocommerce-Price-amount amount\"><bdi>28.00<span class=\"woocommerce-Price-currencySymbol\">&euro;<\/span><\/bdi><\/span><\/ins><span class=\"screen-reader-text\">Aktueller Preis ist: 28.00&euro;.<\/span><\/span>\n<\/div><div class=\"add-to-cart-button\"><a href=\"https:\/\/www.companhiaatlantica.pt\/de\/produto\/gift-pack\/geschenkpaket\/tap-geschenkset-koerperpflege\" aria-describedby=\"woocommerce_loop_add_to_cart_link_describedby_63202\" data-quantity=\"1\" class=\"primary is-small mb-0 button product_type_variable add_to_cart_button is-outline\" data-product_id=\"63202\" data-product_sku=\"\" aria-label=\"W\u00e4hle Optionen f\u00fcr \u201eTAP Geschenkset - K\u00f6rperpflege\u201c\" rel=\"nofollow\" data-product_name=\"TAP Geschenkset - K\u00f6rperpflege\" data-product_image=\"https:\/\/www.companhiaatlantica.pt\/wp-content\/uploads\/2024\/08\/100-455-caixa-gift-350x350.jpg\">Ausf\u00fchrung w\u00e4hlen<\/a><\/div>\t<span id=\"woocommerce_loop_add_to_cart_link_describedby_63202\" class=\"screen-reader-text\">\n\t\tDieses Produkt weist mehrere Varianten auf. Die Optionen k\u00f6nnen auf der Produktseite gew\u00e4hlt werden\t<\/span>\n\t\t\t\t\t\t\t<\/div>\n\t\t\t\t\t\t<\/div>\n\t\t\t\t\t\t<\/div>\n\t\t\t\t\t<\/div><div class=\"col\" >\n\t\t\t\t\t\t<div class=\"col-inner\">\n\t\t\t\t\t\t\n<div class=\"badge-container absolute left top z-1\">\n<div class=\"badge callout badge-circle\">\r\n  \t\t\t<div class=\"badge-inner secondary on-sale\">\r\n  \t\t\t\t<span class=\"onsale\">-23%<\/span>\r\n\t\t\t<\/div>\r\n\t\t<\/div>\r\n\t\t<div class=\"badge callout badge-circle\">\r\n\t\t\t<div class=\"badge-inner callout-new-bg is-small new-bubble\">4 pcs<\/div>\r\n\t\t<\/div>\n<div class=\"badge callout badge-circle\"><div class=\"badge-inner callout-new-bg is-small new-bubble\">4 pcs<\/div><\/div><\/div>\n\t\t\t\t\t\t<div class=\"product-small box has-hover box-normal box-text-bottom\">\n\t\t\t\t\t\t\t<div class=\"box-image\" >\n\t\t\t\t\t\t\t\t<div class=\"\" >\n\t\t\t\t\t\t\t\t\t<a href=\"https:\/\/www.companhiaatlantica.pt\/de\/produto\/gift-pack\/geschenkpaket\/pack-black-red-fruits-4-stuck\" aria-label=\"Pack BLACK Red Fruits - Handgel + Handcreme + Schale + Becher\">\n\t\t\t\t\t\t\t\t\t\t<img loading=\"lazy\" decoding=\"async\" width=\"700\" height=\"700\" src=\"https:\/\/www.companhiaatlantica.pt\/wp-content\/uploads\/2023\/02\/100-363.S4_2-700x700.jpg\" class=\"show-on-hover absolute fill hide-for-small back-image\" alt=\"Alternative view of Pack BLACK Red Fruits - Handgel + Handcreme + Schale + Becher\" aria-hidden=\"true\" srcset=\"https:\/\/www.companhiaatlantica.pt\/wp-content\/uploads\/2023\/02\/100-363.S4_2-700x700.jpg 700w, https:\/\/www.companhiaatlantica.pt\/wp-content\/uploads\/2023\/02\/100-363.S4_2-100x100.jpg 100w, https:\/\/www.companhiaatlantica.pt\/wp-content\/uploads\/2023\/02\/100-363.S4_2-900x900.jpg 900w, https:\/\/www.companhiaatlantica.pt\/wp-content\/uploads\/2023\/02\/100-363.S4_2-300x300.jpg 300w, https:\/\/www.companhiaatlantica.pt\/wp-content\/uploads\/2023\/02\/100-363.S4_2-150x150.jpg 150w, https:\/\/www.companhiaatlantica.pt\/wp-content\/uploads\/2023\/02\/100-363.S4_2-768x768.jpg 768w, https:\/\/www.companhiaatlantica.pt\/wp-content\/uploads\/2023\/02\/100-363.S4_2-600x600.jpg 600w, https:\/\/www.companhiaatlantica.pt\/wp-content\/uploads\/2023\/02\/100-363.S4_2.jpg 1000w\" sizes=\"auto, (max-width: 700px) 100vw, 700px\" title=\"\"><img loading=\"lazy\" decoding=\"async\" width=\"700\" height=\"700\" src=\"https:\/\/www.companhiaatlantica.pt\/wp-content\/uploads\/2023\/02\/100-363.S4-700x700.jpg\" class=\"attachment-woocommerce_thumbnail size-woocommerce_thumbnail\" alt=\"Pack BLACK Red Fruits - Handgel + Handcreme + Schale + Becher\" srcset=\"https:\/\/www.companhiaatlantica.pt\/wp-content\/uploads\/2023\/02\/100-363.S4-700x700.jpg 700w, https:\/\/www.companhiaatlantica.pt\/wp-content\/uploads\/2023\/02\/100-363.S4-100x100.jpg 100w, https:\/\/www.companhiaatlantica.pt\/wp-content\/uploads\/2023\/02\/100-363.S4-900x900.jpg 900w, https:\/\/www.companhiaatlantica.pt\/wp-content\/uploads\/2023\/02\/100-363.S4-300x300.jpg 300w, https:\/\/www.companhiaatlantica.pt\/wp-content\/uploads\/2023\/02\/100-363.S4-150x150.jpg 150w, https:\/\/www.companhiaatlantica.pt\/wp-content\/uploads\/2023\/02\/100-363.S4-768x768.jpg 768w, https:\/\/www.companhiaatlantica.pt\/wp-content\/uploads\/2023\/02\/100-363.S4-600x600.jpg 600w, https:\/\/www.companhiaatlantica.pt\/wp-content\/uploads\/2023\/02\/100-363.S4.jpg 1000w\" sizes=\"auto, (max-width: 700px) 100vw, 700px\" title=\"\">\t\t\t\t\t\t\t\t\t<\/a>\n\t\t\t\t\t\t\t\t\t\t\t\t\t\t\t\t\t\t \t\t\t\t\t\t\t\t<\/div>\n\t\t\t\t\t\t\t\t<div class=\"image-tools top right show-on-hover\">\n\t\t\t\t\t\t\t\t\t\t\t<div class=\"wishlist-icon\">\n\t\t\t<button class=\"wishlist-button button is-outline circle icon\" aria-label=\"Wunschliste\">\n\t\t\t\t<i class=\"icon-heart\" aria-hidden=\"true\"><\/i>\t\t\t<\/button>\n\t\t\t<div class=\"wishlist-popup dark\">\n\t\t\t\t\n<div\n\tclass=\"yith-wcwl-add-to-wishlist add-to-wishlist-40814 yith-wcwl-add-to-wishlist--button_default-style wishlist-fragment on-first-load\"\n\tdata-fragment-ref=\"40814\"\n\tdata-fragment-options=\"{&quot;base_url&quot;:&quot;&quot;,&quot;product_id&quot;:40814,&quot;parent_product_id&quot;:0,&quot;product_type&quot;:&quot;simple&quot;,&quot;is_single&quot;:false,&quot;in_default_wishlist&quot;:false,&quot;show_view&quot;:false,&quot;browse_wishlist_text&quot;:&quot;Siehe Ihre Wunschliste!&quot;,&quot;already_in_wishslist_text&quot;:&quot;Dieses Produkt steht bereits auf Ihrem Wunschzettel!&quot;,&quot;product_added_text&quot;:&quot;Produto adicionado!&quot;,&quot;available_multi_wishlist&quot;:false,&quot;disable_wishlist&quot;:false,&quot;show_count&quot;:false,&quot;ajax_loading&quot;:false,&quot;loop_position&quot;:&quot;after_add_to_cart&quot;,&quot;item&quot;:&quot;add_to_wishlist&quot;}\"\n>\n\t\t\t\n\t\t\t<!-- ADD TO WISHLIST -->\n\t\t\t\n<div class=\"yith-wcwl-add-button\">\n\t\t<a\n\t\thref=\"?add_to_wishlist=40814&#038;_wpnonce=52d31225f0\"\n\t\tclass=\"add_to_wishlist single_add_to_wishlist alt button theme-button-style \"\n\t\tdata-product-id=\"40814\"\n\t\tdata-product-type=\"simple\"\n\t\tdata-original-product-id=\"0\"\n\t\tdata-title=\"Zu meiner Wunschliste hinzuf\u00fcgen\"\n\t\trel=\"nofollow\"\n\t>\n\t\t<svg id=\"yith-wcwl-icon-heart-outline\" class=\"yith-wcwl-icon-svg\" fill=\"none\" stroke-width=\"1.5\" stroke=\"currentColor\" viewBox=\"0 0 24 24\" xmlns=\"http:\/\/www.w3.org\/2000\/svg\">\n  <path stroke-linecap=\"round\" stroke-linejoin=\"round\" d=\"M21 8.25c0-2.485-2.099-4.5-4.688-4.5-1.935 0-3.597 1.126-4.312 2.733-.715-1.607-2.377-2.733-4.313-2.733C5.1 3.75 3 5.765 3 8.25c0 7.22 9 12 9 12s9-4.78 9-12Z\"><\/path>\n<\/svg>\t\t<span>Zu meiner Wunschliste hinzuf\u00fcgen<\/span>\n\t<\/a>\n<\/div>\n\n\t\t\t<!-- COUNT TEXT -->\n\t\t\t\n\t\t\t<\/div>\n\t\t\t<\/div>\n\t\t<\/div>\n\t\t\t\t\t\t\t\t\t\t<\/div>\n\t\t\t\t\t\t\t\t\t\t\t\t\t\t\t\t\t<div class=\"image-tools grid-tools text-center hide-for-small bottom hover-slide-in show-on-hover\">\n\t\t\t\t\t\t\t\t\t\t\t\t\t\t\t\t\t\t\t<\/div>\n\t\t\t\t\t\t\t\t\t\t\t\t\t\t\t\t\t\t\t\t\t\t\t<\/div>\n\n\t\t\t\t\t\t\t<div class=\"box-text text-center\" >\n\t\t\t\t\t\t\t\t<div class=\"title-wrapper\"><p class=\"name product-title woocommerce-loop-product__title\"><a href=\"https:\/\/www.companhiaatlantica.pt\/de\/produto\/gift-pack\/geschenkpaket\/pack-black-red-fruits-4-stuck\" class=\"woocommerce-LoopProduct-link woocommerce-loop-product__link\">Pack BLACK Red Fruits &#8211; Handgel + Handcreme + Schale + Becher<\/a><\/p><\/div><div class=\"price-wrapper\">\n\t<span class=\"price\"><del aria-hidden=\"true\"><span class=\"woocommerce-Price-amount amount\"><bdi>47.70<span class=\"woocommerce-Price-currencySymbol\">&euro;<\/span><\/bdi><\/span><\/del> <span class=\"screen-reader-text\">Urspr\u00fcnglicher Preis war: 47.70&euro;<\/span><ins aria-hidden=\"true\"><span class=\"woocommerce-Price-amount amount\"><bdi>36.90<span class=\"woocommerce-Price-currencySymbol\">&euro;<\/span><\/bdi><\/span><\/ins><span class=\"screen-reader-text\">Aktueller Preis ist: 36.90&euro;.<\/span><\/span>\n<\/div><div class=\"add-to-cart-button\"><a href=\"\/de\/wp-json\/wp\/v2\/pages\/66644?add-to-cart=40814\" aria-describedby=\"woocommerce_loop_add_to_cart_link_describedby_40814\" data-quantity=\"1\" class=\"primary is-small mb-0 button product_type_simple add_to_cart_button ajax_add_to_cart is-outline\" data-product_id=\"40814\" data-product_sku=\"100-363.S4\" aria-label=\"In den Warenkorb legen: \u201ePack BLACK Red Fruits - Handgel + Handcreme + Schale + Becher\u201c\" rel=\"nofollow\" data-success_message=\"\u201ePack BLACK Red Fruits - Handgel + Handcreme + Schale + Becher\u201c wurde deinem Warenkorb hinzugef\u00fcgt\" data-product_name=\"Pack BLACK Red Fruits - Handgel + Handcreme + Schale + Becher\" data-product_image=\"https:\/\/www.companhiaatlantica.pt\/wp-content\/uploads\/2023\/02\/100-363.S4-150x150.jpg\" role=\"button\">In den Warenkorb<\/a><\/div>\t<span id=\"woocommerce_loop_add_to_cart_link_describedby_40814\" class=\"screen-reader-text\">\n\t\t\t<\/span>\n\t\t\t\t\t\t\t<\/div>\n\t\t\t\t\t\t<\/div>\n\t\t\t\t\t\t<\/div>\n\t\t\t\t\t<\/div><div class=\"col\" >\n\t\t\t\t\t\t<div class=\"col-inner\">\n\t\t\t\t\t\t\n<div class=\"badge-container absolute left top z-1\">\n<div class=\"badge callout badge-circle\">\r\n  \t\t\t<div class=\"badge-inner secondary on-sale\">\r\n  \t\t\t\t<span class=\"onsale\">-19%<\/span>\r\n\t\t\t<\/div>\r\n\t\t<\/div>\r\n\t\t<div class=\"badge callout badge-circle\">\r\n\t\t\t<div class=\"badge-inner callout-new-bg is-small new-bubble\">3 pcs<\/div>\r\n\t\t<\/div>\n<div class=\"badge callout badge-circle\"><div class=\"badge-inner callout-new-bg is-small new-bubble\">3 pcs<\/div><\/div><\/div>\n\t\t\t\t\t\t<div class=\"product-small box has-hover box-normal box-text-bottom\">\n\t\t\t\t\t\t\t<div class=\"box-image\" >\n\t\t\t\t\t\t\t\t<div class=\"\" >\n\t\t\t\t\t\t\t\t\t<a href=\"https:\/\/www.companhiaatlantica.pt\/de\/produto\/gift-pack\/geschenkpaket\/pack-kitchen-schuerze-backblech-heisser-boden\" aria-label=\"Pack Kitchen - Sch\u00fcrze + Backblech + hei\u00dfer Boden\">\n\t\t\t\t\t\t\t\t\t\t<img loading=\"lazy\" decoding=\"async\" width=\"700\" height=\"700\" src=\"https:\/\/www.companhiaatlantica.pt\/wp-content\/uploads\/2022\/12\/25_1-700x700.jpg\" class=\"show-on-hover absolute fill hide-for-small back-image\" alt=\"Alternative view of Pack Kitchen - Sch\u00fcrze + Backblech + hei\u00dfer Boden\" aria-hidden=\"true\" srcset=\"https:\/\/www.companhiaatlantica.pt\/wp-content\/uploads\/2022\/12\/25_1-700x700.jpg 700w, https:\/\/www.companhiaatlantica.pt\/wp-content\/uploads\/2022\/12\/25_1-100x100.jpg 100w, https:\/\/www.companhiaatlantica.pt\/wp-content\/uploads\/2022\/12\/25_1-900x900.jpg 900w, https:\/\/www.companhiaatlantica.pt\/wp-content\/uploads\/2022\/12\/25_1-300x300.jpg 300w, https:\/\/www.companhiaatlantica.pt\/wp-content\/uploads\/2022\/12\/25_1-150x150.jpg 150w, https:\/\/www.companhiaatlantica.pt\/wp-content\/uploads\/2022\/12\/25_1-768x768.jpg 768w, https:\/\/www.companhiaatlantica.pt\/wp-content\/uploads\/2022\/12\/25_1-600x600.jpg 600w, https:\/\/www.companhiaatlantica.pt\/wp-content\/uploads\/2022\/12\/25_1.jpg 1000w\" sizes=\"auto, (max-width: 700px) 100vw, 700px\" title=\"\"><img loading=\"lazy\" decoding=\"async\" width=\"700\" height=\"700\" src=\"https:\/\/www.companhiaatlantica.pt\/wp-content\/uploads\/2022\/12\/25_2-700x700.jpg\" class=\"attachment-woocommerce_thumbnail size-woocommerce_thumbnail\" alt=\"Pack Kitchen - Sch\u00fcrze + Backblech + hei\u00dfer Boden\" srcset=\"https:\/\/www.companhiaatlantica.pt\/wp-content\/uploads\/2022\/12\/25_2-700x700.jpg 700w, https:\/\/www.companhiaatlantica.pt\/wp-content\/uploads\/2022\/12\/25_2-100x100.jpg 100w, https:\/\/www.companhiaatlantica.pt\/wp-content\/uploads\/2022\/12\/25_2-900x900.jpg 900w, https:\/\/www.companhiaatlantica.pt\/wp-content\/uploads\/2022\/12\/25_2-300x300.jpg 300w, https:\/\/www.companhiaatlantica.pt\/wp-content\/uploads\/2022\/12\/25_2-150x150.jpg 150w, https:\/\/www.companhiaatlantica.pt\/wp-content\/uploads\/2022\/12\/25_2-768x768.jpg 768w, https:\/\/www.companhiaatlantica.pt\/wp-content\/uploads\/2022\/12\/25_2-600x600.jpg 600w, https:\/\/www.companhiaatlantica.pt\/wp-content\/uploads\/2022\/12\/25_2.jpg 1000w\" sizes=\"auto, (max-width: 700px) 100vw, 700px\" title=\"\">\t\t\t\t\t\t\t\t\t<\/a>\n\t\t\t\t\t\t\t\t\t\t\t\t\t\t\t\t\t\t \t\t\t\t\t\t\t\t<\/div>\n\t\t\t\t\t\t\t\t<div class=\"image-tools top right show-on-hover\">\n\t\t\t\t\t\t\t\t\t\t\t<div class=\"wishlist-icon\">\n\t\t\t<button class=\"wishlist-button button is-outline circle icon\" aria-label=\"Wunschliste\">\n\t\t\t\t<i class=\"icon-heart\" aria-hidden=\"true\"><\/i>\t\t\t<\/button>\n\t\t\t<div class=\"wishlist-popup dark\">\n\t\t\t\t\n<div\n\tclass=\"yith-wcwl-add-to-wishlist add-to-wishlist-40854 yith-wcwl-add-to-wishlist--button_default-style wishlist-fragment on-first-load\"\n\tdata-fragment-ref=\"40854\"\n\tdata-fragment-options=\"{&quot;base_url&quot;:&quot;&quot;,&quot;product_id&quot;:40854,&quot;parent_product_id&quot;:0,&quot;product_type&quot;:&quot;simple&quot;,&quot;is_single&quot;:false,&quot;in_default_wishlist&quot;:false,&quot;show_view&quot;:false,&quot;browse_wishlist_text&quot;:&quot;Siehe Ihre Wunschliste!&quot;,&quot;already_in_wishslist_text&quot;:&quot;Dieses Produkt steht bereits auf Ihrem Wunschzettel!&quot;,&quot;product_added_text&quot;:&quot;Produto adicionado!&quot;,&quot;available_multi_wishlist&quot;:false,&quot;disable_wishlist&quot;:false,&quot;show_count&quot;:false,&quot;ajax_loading&quot;:false,&quot;loop_position&quot;:&quot;after_add_to_cart&quot;,&quot;item&quot;:&quot;add_to_wishlist&quot;}\"\n>\n\t\t\t\n\t\t\t<!-- ADD TO WISHLIST -->\n\t\t\t\n<div class=\"yith-wcwl-add-button\">\n\t\t<a\n\t\thref=\"?add_to_wishlist=40854&#038;_wpnonce=52d31225f0\"\n\t\tclass=\"add_to_wishlist single_add_to_wishlist alt button theme-button-style \"\n\t\tdata-product-id=\"40854\"\n\t\tdata-product-type=\"simple\"\n\t\tdata-original-product-id=\"0\"\n\t\tdata-title=\"Zu meiner Wunschliste hinzuf\u00fcgen\"\n\t\trel=\"nofollow\"\n\t>\n\t\t<svg id=\"yith-wcwl-icon-heart-outline\" class=\"yith-wcwl-icon-svg\" fill=\"none\" stroke-width=\"1.5\" stroke=\"currentColor\" viewBox=\"0 0 24 24\" xmlns=\"http:\/\/www.w3.org\/2000\/svg\">\n  <path stroke-linecap=\"round\" stroke-linejoin=\"round\" d=\"M21 8.25c0-2.485-2.099-4.5-4.688-4.5-1.935 0-3.597 1.126-4.312 2.733-.715-1.607-2.377-2.733-4.313-2.733C5.1 3.75 3 5.765 3 8.25c0 7.22 9 12 9 12s9-4.78 9-12Z\"><\/path>\n<\/svg>\t\t<span>Zu meiner Wunschliste hinzuf\u00fcgen<\/span>\n\t<\/a>\n<\/div>\n\n\t\t\t<!-- COUNT TEXT -->\n\t\t\t\n\t\t\t<\/div>\n\t\t\t<\/div>\n\t\t<\/div>\n\t\t\t\t\t\t\t\t\t\t<\/div>\n\t\t\t\t\t\t\t\t\t\t\t\t\t\t\t\t\t<div class=\"image-tools grid-tools text-center hide-for-small bottom hover-slide-in show-on-hover\">\n\t\t\t\t\t\t\t\t\t\t\t\t\t\t\t\t\t\t\t<\/div>\n\t\t\t\t\t\t\t\t\t\t\t\t\t\t\t\t\t\t\t\t\t\t\t<\/div>\n\n\t\t\t\t\t\t\t<div class=\"box-text text-center\" >\n\t\t\t\t\t\t\t\t<div class=\"title-wrapper\"><p class=\"name product-title woocommerce-loop-product__title\"><a href=\"https:\/\/www.companhiaatlantica.pt\/de\/produto\/gift-pack\/geschenkpaket\/pack-kitchen-schuerze-backblech-heisser-boden\" class=\"woocommerce-LoopProduct-link woocommerce-loop-product__link\">Pack Kitchen &#8211; Sch\u00fcrze + Backblech + hei\u00dfer Boden<\/a><\/p><\/div><div class=\"price-wrapper\">\n\t<span class=\"price\"><del aria-hidden=\"true\"><span class=\"woocommerce-Price-amount amount\"><bdi>74.00<span class=\"woocommerce-Price-currencySymbol\">&euro;<\/span><\/bdi><\/span><\/del> <span class=\"screen-reader-text\">Urspr\u00fcnglicher Preis war: 74.00&euro;<\/span><ins aria-hidden=\"true\"><span class=\"woocommerce-Price-amount amount\"><bdi>60.00<span class=\"woocommerce-Price-currencySymbol\">&euro;<\/span><\/bdi><\/span><\/ins><span class=\"screen-reader-text\">Aktueller Preis ist: 60.00&euro;.<\/span><\/span>\n<\/div><div class=\"add-to-cart-button\"><a href=\"\/de\/wp-json\/wp\/v2\/pages\/66644?add-to-cart=40854\" aria-describedby=\"woocommerce_loop_add_to_cart_link_describedby_40854\" data-quantity=\"1\" class=\"primary is-small mb-0 button product_type_simple add_to_cart_button ajax_add_to_cart is-outline\" data-product_id=\"40854\" data-product_sku=\"131-043.S3\" aria-label=\"In den Warenkorb legen: \u201ePack Kitchen - Sch\u00fcrze + Backblech + hei\u00dfer Boden\u201c\" rel=\"nofollow\" data-success_message=\"\u201ePack Kitchen - Sch\u00fcrze + Backblech + hei\u00dfer Boden\u201c wurde deinem Warenkorb hinzugef\u00fcgt\" data-product_name=\"Pack Kitchen - Sch\u00fcrze + Backblech + hei\u00dfer Boden\" data-product_image=\"https:\/\/www.companhiaatlantica.pt\/wp-content\/uploads\/2022\/12\/25_2-150x150.jpg\" role=\"button\">In den Warenkorb<\/a><\/div>\t<span id=\"woocommerce_loop_add_to_cart_link_describedby_40854\" class=\"screen-reader-text\">\n\t\t\t<\/span>\n\t\t\t\t\t\t\t<\/div>\n\t\t\t\t\t\t<\/div>\n\t\t\t\t\t\t<\/div>\n\t\t\t\t\t<\/div><div class=\"col\" >\n\t\t\t\t\t\t<div class=\"col-inner\">\n\t\t\t\t\t\t\n<div class=\"badge-container absolute left top z-1\">\n<div class=\"badge callout badge-circle\">\r\n  \t\t\t<div class=\"badge-inner secondary on-sale\">\r\n  \t\t\t\t<span class=\"onsale\">-14%<\/span>\r\n\t\t\t<\/div>\r\n\t\t<\/div>\r\n\t\t<div class=\"badge callout badge-circle\">\r\n\t\t\t<div class=\"badge-inner callout-new-bg is-small new-bubble\">3 pcs<\/div>\r\n\t\t<\/div>\n<div class=\"badge callout badge-circle\"><div class=\"badge-inner callout-new-bg is-small new-bubble\">3 pcs<\/div><\/div><\/div>\n\t\t\t\t\t\t<div class=\"product-small box has-hover box-normal box-text-bottom\">\n\t\t\t\t\t\t\t<div class=\"box-image\" >\n\t\t\t\t\t\t\t\t<div class=\"\" >\n\t\t\t\t\t\t\t\t\t<a href=\"https:\/\/www.companhiaatlantica.pt\/de\/produto\/gift-pack\/geschenkpaket\/pack-romantische-schmuck-box-cremige-taschen-grun-beige\" aria-label=\"Romantikpaket - Schmuckk\u00e4stchen + Tasche + Handcreme - Gr\u00fcn\">\n\t\t\t\t\t\t\t\t\t\t<img loading=\"lazy\" decoding=\"async\" width=\"700\" height=\"700\" src=\"https:\/\/www.companhiaatlantica.pt\/wp-content\/uploads\/2020\/06\/130-946-700x700.jpg\" class=\"show-on-hover absolute fill hide-for-small back-image\" alt=\"Alternative view of Romantikpaket - Schmuckk\u00e4stchen + Tasche + Handcreme - Gr\u00fcn\" aria-hidden=\"true\" srcset=\"https:\/\/www.companhiaatlantica.pt\/wp-content\/uploads\/2020\/06\/130-946-700x700.jpg 700w, https:\/\/www.companhiaatlantica.pt\/wp-content\/uploads\/2020\/06\/130-946-100x100.jpg 100w, https:\/\/www.companhiaatlantica.pt\/wp-content\/uploads\/2020\/06\/130-946-900x900.jpg 900w, https:\/\/www.companhiaatlantica.pt\/wp-content\/uploads\/2020\/06\/130-946-300x300.jpg 300w, https:\/\/www.companhiaatlantica.pt\/wp-content\/uploads\/2020\/06\/130-946-150x150.jpg 150w, https:\/\/www.companhiaatlantica.pt\/wp-content\/uploads\/2020\/06\/130-946-768x768.jpg 768w, https:\/\/www.companhiaatlantica.pt\/wp-content\/uploads\/2020\/06\/130-946-600x600.jpg 600w, https:\/\/www.companhiaatlantica.pt\/wp-content\/uploads\/2020\/06\/130-946.jpg 938w\" sizes=\"auto, (max-width: 700px) 100vw, 700px\" title=\"\"><img loading=\"lazy\" decoding=\"async\" width=\"700\" height=\"700\" src=\"https:\/\/www.companhiaatlantica.pt\/wp-content\/uploads\/2022\/12\/3-700x700.jpg\" class=\"attachment-woocommerce_thumbnail size-woocommerce_thumbnail\" alt=\"Romantikpaket - Schmuckk\u00e4stchen + Tasche + Handcreme - Gr\u00fcn\" srcset=\"https:\/\/www.companhiaatlantica.pt\/wp-content\/uploads\/2022\/12\/3-700x700.jpg 700w, https:\/\/www.companhiaatlantica.pt\/wp-content\/uploads\/2022\/12\/3-100x100.jpg 100w, https:\/\/www.companhiaatlantica.pt\/wp-content\/uploads\/2022\/12\/3-900x900.jpg 900w, https:\/\/www.companhiaatlantica.pt\/wp-content\/uploads\/2022\/12\/3-300x300.jpg 300w, https:\/\/www.companhiaatlantica.pt\/wp-content\/uploads\/2022\/12\/3-150x150.jpg 150w, https:\/\/www.companhiaatlantica.pt\/wp-content\/uploads\/2022\/12\/3-768x768.jpg 768w, https:\/\/www.companhiaatlantica.pt\/wp-content\/uploads\/2022\/12\/3-600x600.jpg 600w, https:\/\/www.companhiaatlantica.pt\/wp-content\/uploads\/2022\/12\/3.jpg 1000w\" sizes=\"auto, (max-width: 700px) 100vw, 700px\" title=\"\">\t\t\t\t\t\t\t\t\t<\/a>\n\t\t\t\t\t\t\t\t\t\t\t\t\t\t\t\t\t\t \t\t\t\t\t\t\t\t<\/div>\n\t\t\t\t\t\t\t\t<div class=\"image-tools top right show-on-hover\">\n\t\t\t\t\t\t\t\t\t\t\t<div class=\"wishlist-icon\">\n\t\t\t<button class=\"wishlist-button button is-outline circle icon\" aria-label=\"Wunschliste\">\n\t\t\t\t<i class=\"icon-heart\" aria-hidden=\"true\"><\/i>\t\t\t<\/button>\n\t\t\t<div class=\"wishlist-popup dark\">\n\t\t\t\t\n<div\n\tclass=\"yith-wcwl-add-to-wishlist add-to-wishlist-40870 yith-wcwl-add-to-wishlist--button_default-style wishlist-fragment on-first-load\"\n\tdata-fragment-ref=\"40870\"\n\tdata-fragment-options=\"{&quot;base_url&quot;:&quot;&quot;,&quot;product_id&quot;:40870,&quot;parent_product_id&quot;:0,&quot;product_type&quot;:&quot;simple&quot;,&quot;is_single&quot;:false,&quot;in_default_wishlist&quot;:false,&quot;show_view&quot;:false,&quot;browse_wishlist_text&quot;:&quot;Siehe Ihre Wunschliste!&quot;,&quot;already_in_wishslist_text&quot;:&quot;Dieses Produkt steht bereits auf Ihrem Wunschzettel!&quot;,&quot;product_added_text&quot;:&quot;Produto adicionado!&quot;,&quot;available_multi_wishlist&quot;:false,&quot;disable_wishlist&quot;:false,&quot;show_count&quot;:false,&quot;ajax_loading&quot;:false,&quot;loop_position&quot;:&quot;after_add_to_cart&quot;,&quot;item&quot;:&quot;add_to_wishlist&quot;}\"\n>\n\t\t\t\n\t\t\t<!-- ADD TO WISHLIST -->\n\t\t\t\n<div class=\"yith-wcwl-add-button\">\n\t\t<a\n\t\thref=\"?add_to_wishlist=40870&#038;_wpnonce=52d31225f0\"\n\t\tclass=\"add_to_wishlist single_add_to_wishlist alt button theme-button-style \"\n\t\tdata-product-id=\"40870\"\n\t\tdata-product-type=\"simple\"\n\t\tdata-original-product-id=\"0\"\n\t\tdata-title=\"Zu meiner Wunschliste hinzuf\u00fcgen\"\n\t\trel=\"nofollow\"\n\t>\n\t\t<svg id=\"yith-wcwl-icon-heart-outline\" class=\"yith-wcwl-icon-svg\" fill=\"none\" stroke-width=\"1.5\" stroke=\"currentColor\" viewBox=\"0 0 24 24\" xmlns=\"http:\/\/www.w3.org\/2000\/svg\">\n  <path stroke-linecap=\"round\" stroke-linejoin=\"round\" d=\"M21 8.25c0-2.485-2.099-4.5-4.688-4.5-1.935 0-3.597 1.126-4.312 2.733-.715-1.607-2.377-2.733-4.313-2.733C5.1 3.75 3 5.765 3 8.25c0 7.22 9 12 9 12s9-4.78 9-12Z\"><\/path>\n<\/svg>\t\t<span>Zu meiner Wunschliste hinzuf\u00fcgen<\/span>\n\t<\/a>\n<\/div>\n\n\t\t\t<!-- COUNT TEXT -->\n\t\t\t\n\t\t\t<\/div>\n\t\t\t<\/div>\n\t\t<\/div>\n\t\t\t\t\t\t\t\t\t\t<\/div>\n\t\t\t\t\t\t\t\t\t\t\t\t\t\t\t\t\t<div class=\"image-tools grid-tools text-center hide-for-small bottom hover-slide-in show-on-hover\">\n\t\t\t\t\t\t\t\t\t\t\t\t\t\t\t\t\t\t\t<\/div>\n\t\t\t\t\t\t\t\t\t\t\t\t\t\t\t\t\t\t\t\t\t\t\t<\/div>\n\n\t\t\t\t\t\t\t<div class=\"box-text text-center\" >\n\t\t\t\t\t\t\t\t<div class=\"title-wrapper\"><p class=\"name product-title woocommerce-loop-product__title\"><a href=\"https:\/\/www.companhiaatlantica.pt\/de\/produto\/gift-pack\/geschenkpaket\/pack-romantische-schmuck-box-cremige-taschen-grun-beige\" class=\"woocommerce-LoopProduct-link woocommerce-loop-product__link\">Romantikpaket &#8211; Schmuckk\u00e4stchen + Tasche + Handcreme &#8211; Gr\u00fcn<\/a><\/p><\/div><div class=\"price-wrapper\">\n\t<span class=\"price\"><del aria-hidden=\"true\"><span class=\"woocommerce-Price-amount amount\"><bdi>33.85<span class=\"woocommerce-Price-currencySymbol\">&euro;<\/span><\/bdi><\/span><\/del> <span class=\"screen-reader-text\">Urspr\u00fcnglicher Preis war: 33.85&euro;<\/span><ins aria-hidden=\"true\"><span class=\"woocommerce-Price-amount amount\"><bdi>29.00<span class=\"woocommerce-Price-currencySymbol\">&euro;<\/span><\/bdi><\/span><\/ins><span class=\"screen-reader-text\">Aktueller Preis ist: 29.00&euro;.<\/span><\/span>\n<\/div><div class=\"add-to-cart-button\"><a href=\"\/de\/wp-json\/wp\/v2\/pages\/66644?add-to-cart=40870\" aria-describedby=\"woocommerce_loop_add_to_cart_link_describedby_40870\" data-quantity=\"1\" class=\"primary is-small mb-0 button product_type_simple add_to_cart_button ajax_add_to_cart is-outline\" data-product_id=\"40870\" data-product_sku=\"100-355.S3\" aria-label=\"In den Warenkorb legen: \u201eRomantikpaket - Schmuckk\u00e4stchen + Tasche + Handcreme - Gr\u00fcn\u201c\" rel=\"nofollow\" data-success_message=\"\u201eRomantikpaket - Schmuckk\u00e4stchen + Tasche + Handcreme - Gr\u00fcn\u201c wurde deinem Warenkorb hinzugef\u00fcgt\" data-product_name=\"Romantikpaket - Schmuckk\u00e4stchen + Tasche + Handcreme - Gr\u00fcn\" data-product_image=\"https:\/\/www.companhiaatlantica.pt\/wp-content\/uploads\/2022\/12\/3-150x150.jpg\" role=\"button\">In den Warenkorb<\/a><\/div>\t<span id=\"woocommerce_loop_add_to_cart_link_describedby_40870\" class=\"screen-reader-text\">\n\t\t\t<\/span>\n\t\t\t\t\t\t\t<\/div>\n\t\t\t\t\t\t<\/div>\n\t\t\t\t\t\t<\/div>\n\t\t\t\t\t<\/div><div class=\"col\" >\n\t\t\t\t\t\t<div class=\"col-inner\">\n\t\t\t\t\t\t\n<div class=\"badge-container absolute left top z-1\">\n<div class=\"badge callout badge-circle\">\r\n  \t\t\t<div class=\"badge-inner secondary on-sale\">\r\n  \t\t\t\t<span class=\"onsale\">-30%<\/span>\r\n\t\t\t<\/div>\r\n\t\t<\/div>\r\n\t\t<div class=\"badge callout badge-circle\">\r\n\t\t\t<div class=\"badge-inner callout-new-bg is-small new-bubble\">2 pcs<\/div>\r\n\t\t<\/div>\n<div class=\"badge callout badge-circle\"><div class=\"badge-inner callout-new-bg is-small new-bubble\">2 pcs<\/div><\/div><\/div>\n\t\t\t\t\t\t<div class=\"product-small box has-hover box-normal box-text-bottom\">\n\t\t\t\t\t\t\t<div class=\"box-image\" >\n\t\t\t\t\t\t\t\t<div class=\"\" >\n\t\t\t\t\t\t\t\t\t<a href=\"https:\/\/www.companhiaatlantica.pt\/de\/produto\/gift-pack\/geschenkpaket\/pilatos-pack-shopper-brillenetui\" aria-label=\"Pilatos Pack - Shopper + Brillenetui\">\n\t\t\t\t\t\t\t\t\t\t<img loading=\"lazy\" decoding=\"async\" width=\"700\" height=\"700\" src=\"https:\/\/www.companhiaatlantica.pt\/wp-content\/uploads\/2021\/05\/170-103-700x700.jpg\" class=\"show-on-hover absolute fill hide-for-small back-image\" alt=\"Alternative view of Pilatos Pack - Shopper + Brillenetui\" aria-hidden=\"true\" srcset=\"https:\/\/www.companhiaatlantica.pt\/wp-content\/uploads\/2021\/05\/170-103-700x700.jpg 700w, https:\/\/www.companhiaatlantica.pt\/wp-content\/uploads\/2021\/05\/170-103-100x100.jpg 100w, https:\/\/www.companhiaatlantica.pt\/wp-content\/uploads\/2021\/05\/170-103-900x900.jpg 900w, https:\/\/www.companhiaatlantica.pt\/wp-content\/uploads\/2021\/05\/170-103-300x300.jpg 300w, https:\/\/www.companhiaatlantica.pt\/wp-content\/uploads\/2021\/05\/170-103-150x150.jpg 150w, https:\/\/www.companhiaatlantica.pt\/wp-content\/uploads\/2021\/05\/170-103-768x768.jpg 768w, https:\/\/www.companhiaatlantica.pt\/wp-content\/uploads\/2021\/05\/170-103-600x600.jpg 600w, https:\/\/www.companhiaatlantica.pt\/wp-content\/uploads\/2021\/05\/170-103.jpg 1000w\" sizes=\"auto, (max-width: 700px) 100vw, 700px\" title=\"\"><img loading=\"lazy\" decoding=\"async\" width=\"700\" height=\"700\" src=\"https:\/\/www.companhiaatlantica.pt\/wp-content\/uploads\/2023\/02\/170-267.s2-700x700.jpg\" class=\"attachment-woocommerce_thumbnail size-woocommerce_thumbnail\" alt=\"Pilatos Pack - Shopper + Brillenetui\" srcset=\"https:\/\/www.companhiaatlantica.pt\/wp-content\/uploads\/2023\/02\/170-267.s2-700x700.jpg 700w, https:\/\/www.companhiaatlantica.pt\/wp-content\/uploads\/2023\/02\/170-267.s2-100x100.jpg 100w, https:\/\/www.companhiaatlantica.pt\/wp-content\/uploads\/2023\/02\/170-267.s2-900x900.jpg 900w, https:\/\/www.companhiaatlantica.pt\/wp-content\/uploads\/2023\/02\/170-267.s2-300x300.jpg 300w, https:\/\/www.companhiaatlantica.pt\/wp-content\/uploads\/2023\/02\/170-267.s2-150x150.jpg 150w, https:\/\/www.companhiaatlantica.pt\/wp-content\/uploads\/2023\/02\/170-267.s2-768x768.jpg 768w, https:\/\/www.companhiaatlantica.pt\/wp-content\/uploads\/2023\/02\/170-267.s2-600x600.jpg 600w, https:\/\/www.companhiaatlantica.pt\/wp-content\/uploads\/2023\/02\/170-267.s2.jpg 1000w\" sizes=\"auto, (max-width: 700px) 100vw, 700px\" title=\"\">\t\t\t\t\t\t\t\t\t<\/a>\n\t\t\t\t\t\t\t\t\t\t\t\t\t\t\t\t\t\t \t\t\t\t\t\t\t\t<\/div>\n\t\t\t\t\t\t\t\t<div class=\"image-tools top right show-on-hover\">\n\t\t\t\t\t\t\t\t\t\t\t<div class=\"wishlist-icon\">\n\t\t\t<button class=\"wishlist-button button is-outline circle icon\" aria-label=\"Wunschliste\">\n\t\t\t\t<i class=\"icon-heart\" aria-hidden=\"true\"><\/i>\t\t\t<\/button>\n\t\t\t<div class=\"wishlist-popup dark\">\n\t\t\t\t\n<div\n\tclass=\"yith-wcwl-add-to-wishlist add-to-wishlist-40791 yith-wcwl-add-to-wishlist--button_default-style wishlist-fragment on-first-load\"\n\tdata-fragment-ref=\"40791\"\n\tdata-fragment-options=\"{&quot;base_url&quot;:&quot;&quot;,&quot;product_id&quot;:40791,&quot;parent_product_id&quot;:0,&quot;product_type&quot;:&quot;simple&quot;,&quot;is_single&quot;:false,&quot;in_default_wishlist&quot;:false,&quot;show_view&quot;:false,&quot;browse_wishlist_text&quot;:&quot;Siehe Ihre Wunschliste!&quot;,&quot;already_in_wishslist_text&quot;:&quot;Dieses Produkt steht bereits auf Ihrem Wunschzettel!&quot;,&quot;product_added_text&quot;:&quot;Produto adicionado!&quot;,&quot;available_multi_wishlist&quot;:false,&quot;disable_wishlist&quot;:false,&quot;show_count&quot;:false,&quot;ajax_loading&quot;:false,&quot;loop_position&quot;:&quot;after_add_to_cart&quot;,&quot;item&quot;:&quot;add_to_wishlist&quot;}\"\n>\n\t\t\t\n\t\t\t<!-- ADD TO WISHLIST -->\n\t\t\t\n<div class=\"yith-wcwl-add-button\">\n\t\t<a\n\t\thref=\"?add_to_wishlist=40791&#038;_wpnonce=52d31225f0\"\n\t\tclass=\"add_to_wishlist single_add_to_wishlist alt button theme-button-style \"\n\t\tdata-product-id=\"40791\"\n\t\tdata-product-type=\"simple\"\n\t\tdata-original-product-id=\"0\"\n\t\tdata-title=\"Zu meiner Wunschliste hinzuf\u00fcgen\"\n\t\trel=\"nofollow\"\n\t>\n\t\t<svg id=\"yith-wcwl-icon-heart-outline\" class=\"yith-wcwl-icon-svg\" fill=\"none\" stroke-width=\"1.5\" stroke=\"currentColor\" viewBox=\"0 0 24 24\" xmlns=\"http:\/\/www.w3.org\/2000\/svg\">\n  <path stroke-linecap=\"round\" stroke-linejoin=\"round\" d=\"M21 8.25c0-2.485-2.099-4.5-4.688-4.5-1.935 0-3.597 1.126-4.312 2.733-.715-1.607-2.377-2.733-4.313-2.733C5.1 3.75 3 5.765 3 8.25c0 7.22 9 12 9 12s9-4.78 9-12Z\"><\/path>\n<\/svg>\t\t<span>Zu meiner Wunschliste hinzuf\u00fcgen<\/span>\n\t<\/a>\n<\/div>\n\n\t\t\t<!-- COUNT TEXT -->\n\t\t\t\n\t\t\t<\/div>\n\t\t\t<\/div>\n\t\t<\/div>\n\t\t\t\t\t\t\t\t\t\t<\/div>\n\t\t\t\t\t\t\t\t\t\t\t\t\t\t\t\t\t<div class=\"image-tools grid-tools text-center hide-for-small bottom hover-slide-in show-on-hover\">\n\t\t\t\t\t\t\t\t\t\t\t\t\t\t\t\t\t\t\t<\/div>\n\t\t\t\t\t\t\t\t\t\t\t\t\t\t\t\t\t\t\t\t\t\t\t<\/div>\n\n\t\t\t\t\t\t\t<div class=\"box-text text-center\" >\n\t\t\t\t\t\t\t\t<div class=\"title-wrapper\"><p class=\"name product-title woocommerce-loop-product__title\"><a href=\"https:\/\/www.companhiaatlantica.pt\/de\/produto\/gift-pack\/geschenkpaket\/pilatos-pack-shopper-brillenetui\" class=\"woocommerce-LoopProduct-link woocommerce-loop-product__link\">Pilatos Pack &#8211; Shopper + Brillenetui<\/a><\/p><\/div><div class=\"price-wrapper\">\n\t<span class=\"price\"><del aria-hidden=\"true\"><span class=\"woocommerce-Price-amount amount\"><bdi>35.00<span class=\"woocommerce-Price-currencySymbol\">&euro;<\/span><\/bdi><\/span><\/del> <span class=\"screen-reader-text\">Urspr\u00fcnglicher Preis war: 35.00&euro;<\/span><ins aria-hidden=\"true\"><span class=\"woocommerce-Price-amount amount\"><bdi>24.50<span class=\"woocommerce-Price-currencySymbol\">&euro;<\/span><\/bdi><\/span><\/ins><span class=\"screen-reader-text\">Aktueller Preis ist: 24.50&euro;.<\/span><\/span>\n<\/div><div class=\"add-to-cart-button\"><a href=\"\/de\/wp-json\/wp\/v2\/pages\/66644?add-to-cart=40791\" aria-describedby=\"woocommerce_loop_add_to_cart_link_describedby_40791\" data-quantity=\"1\" class=\"primary is-small mb-0 button product_type_simple add_to_cart_button ajax_add_to_cart is-outline\" data-product_id=\"40791\" data-product_sku=\"170-267.S2\" aria-label=\"In den Warenkorb legen: \u201ePilatos Pack - Shopper + Brillenetui\u201c\" rel=\"nofollow\" data-success_message=\"\u201ePilatos Pack - Shopper + Brillenetui\u201c wurde deinem Warenkorb hinzugef\u00fcgt\" data-product_name=\"Pilatos Pack - Shopper + Brillenetui\" data-product_image=\"https:\/\/www.companhiaatlantica.pt\/wp-content\/uploads\/2023\/02\/170-267.s2-150x150.jpg\" role=\"button\">In den Warenkorb<\/a><\/div>\t<span id=\"woocommerce_loop_add_to_cart_link_describedby_40791\" class=\"screen-reader-text\">\n\t\t\t<\/span>\n\t\t\t\t\t\t\t<\/div>\n\t\t\t\t\t\t<\/div>\n\t\t\t\t\t\t<\/div>\n\t\t\t\t\t<\/div><div class=\"col\" >\n\t\t\t\t\t\t<div class=\"col-inner\">\n\t\t\t\t\t\t\n<div class=\"badge-container absolute left top z-1\">\n<div class=\"badge callout badge-circle\">\r\n  \t\t\t<div class=\"badge-inner secondary on-sale\">\r\n  \t\t\t\t<span class=\"onsale\">-10%<\/span>\r\n\t\t\t<\/div>\r\n\t\t<\/div>\r\n\t\t<div class=\"badge callout badge-circle\">\r\n\t\t\t<div class=\"badge-inner callout-new-bg is-small new-bubble\">4 pcs<\/div>\r\n\t\t<\/div>\n<div class=\"badge callout badge-circle\"><div class=\"badge-inner callout-new-bg is-small new-bubble\">4 pcs<\/div><\/div><\/div>\n\t\t\t\t\t\t<div class=\"product-small box has-hover box-normal box-text-bottom\">\n\t\t\t\t\t\t\t<div class=\"box-image\" >\n\t\t\t\t\t\t\t\t<div class=\"\" >\n\t\t\t\t\t\t\t\t\t<a href=\"https:\/\/www.companhiaatlantica.pt\/de\/produto\/gift-pack\/geschenkpaket\/pack-romantisch-ambiente-vela-sachets\" aria-label=\"Romantik-Paket - Lufterfrischer + Kerze + Dufts\u00e4ckchen\">\n\t\t\t\t\t\t\t\t\t\t<img loading=\"lazy\" decoding=\"async\" width=\"700\" height=\"700\" src=\"https:\/\/www.companhiaatlantica.pt\/wp-content\/uploads\/2022\/08\/140-119-700x700.jpg\" class=\"show-on-hover absolute fill hide-for-small back-image\" alt=\"Alternative view of Romantik-Paket - Lufterfrischer + Kerze + Dufts\u00e4ckchen\" aria-hidden=\"true\" srcset=\"https:\/\/www.companhiaatlantica.pt\/wp-content\/uploads\/2022\/08\/140-119-700x700.jpg 700w, https:\/\/www.companhiaatlantica.pt\/wp-content\/uploads\/2022\/08\/140-119-100x100.jpg 100w, https:\/\/www.companhiaatlantica.pt\/wp-content\/uploads\/2022\/08\/140-119-900x900.jpg 900w, https:\/\/www.companhiaatlantica.pt\/wp-content\/uploads\/2022\/08\/140-119-300x300.jpg 300w, https:\/\/www.companhiaatlantica.pt\/wp-content\/uploads\/2022\/08\/140-119-150x150.jpg 150w, https:\/\/www.companhiaatlantica.pt\/wp-content\/uploads\/2022\/08\/140-119-768x768.jpg 768w, https:\/\/www.companhiaatlantica.pt\/wp-content\/uploads\/2022\/08\/140-119-600x600.jpg 600w, https:\/\/www.companhiaatlantica.pt\/wp-content\/uploads\/2022\/08\/140-119.jpg 1000w\" sizes=\"auto, (max-width: 700px) 100vw, 700px\" title=\"\"><img loading=\"lazy\" decoding=\"async\" width=\"700\" height=\"700\" src=\"https:\/\/www.companhiaatlantica.pt\/wp-content\/uploads\/2022\/12\/27-700x700.jpg\" class=\"attachment-woocommerce_thumbnail size-woocommerce_thumbnail\" alt=\"Romantik-Paket - Lufterfrischer + Kerze + Dufts\u00e4ckchen\" srcset=\"https:\/\/www.companhiaatlantica.pt\/wp-content\/uploads\/2022\/12\/27-700x700.jpg 700w, https:\/\/www.companhiaatlantica.pt\/wp-content\/uploads\/2022\/12\/27-100x100.jpg 100w, https:\/\/www.companhiaatlantica.pt\/wp-content\/uploads\/2022\/12\/27-900x900.jpg 900w, https:\/\/www.companhiaatlantica.pt\/wp-content\/uploads\/2022\/12\/27-300x300.jpg 300w, https:\/\/www.companhiaatlantica.pt\/wp-content\/uploads\/2022\/12\/27-150x150.jpg 150w, https:\/\/www.companhiaatlantica.pt\/wp-content\/uploads\/2022\/12\/27-768x768.jpg 768w, https:\/\/www.companhiaatlantica.pt\/wp-content\/uploads\/2022\/12\/27-600x600.jpg 600w, https:\/\/www.companhiaatlantica.pt\/wp-content\/uploads\/2022\/12\/27.jpg 1000w\" sizes=\"auto, (max-width: 700px) 100vw, 700px\" title=\"\">\t\t\t\t\t\t\t\t\t<\/a>\n\t\t\t\t\t\t\t\t\t\t\t\t\t\t\t\t\t\t \t\t\t\t\t\t\t\t<\/div>\n\t\t\t\t\t\t\t\t<div class=\"image-tools top right show-on-hover\">\n\t\t\t\t\t\t\t\t\t\t\t<div class=\"wishlist-icon\">\n\t\t\t<button class=\"wishlist-button button is-outline circle icon\" aria-label=\"Wunschliste\">\n\t\t\t\t<i class=\"icon-heart\" aria-hidden=\"true\"><\/i>\t\t\t<\/button>\n\t\t\t<div class=\"wishlist-popup dark\">\n\t\t\t\t\n<div\n\tclass=\"yith-wcwl-add-to-wishlist add-to-wishlist-40878 yith-wcwl-add-to-wishlist--button_default-style wishlist-fragment on-first-load\"\n\tdata-fragment-ref=\"40878\"\n\tdata-fragment-options=\"{&quot;base_url&quot;:&quot;&quot;,&quot;product_id&quot;:40878,&quot;parent_product_id&quot;:0,&quot;product_type&quot;:&quot;simple&quot;,&quot;is_single&quot;:false,&quot;in_default_wishlist&quot;:false,&quot;show_view&quot;:false,&quot;browse_wishlist_text&quot;:&quot;Siehe Ihre Wunschliste!&quot;,&quot;already_in_wishslist_text&quot;:&quot;Dieses Produkt steht bereits auf Ihrem Wunschzettel!&quot;,&quot;product_added_text&quot;:&quot;Produto adicionado!&quot;,&quot;available_multi_wishlist&quot;:false,&quot;disable_wishlist&quot;:false,&quot;show_count&quot;:false,&quot;ajax_loading&quot;:false,&quot;loop_position&quot;:&quot;after_add_to_cart&quot;,&quot;item&quot;:&quot;add_to_wishlist&quot;}\"\n>\n\t\t\t\n\t\t\t<!-- ADD TO WISHLIST -->\n\t\t\t\n<div class=\"yith-wcwl-add-button\">\n\t\t<a\n\t\thref=\"?add_to_wishlist=40878&#038;_wpnonce=52d31225f0\"\n\t\tclass=\"add_to_wishlist single_add_to_wishlist alt button theme-button-style \"\n\t\tdata-product-id=\"40878\"\n\t\tdata-product-type=\"simple\"\n\t\tdata-original-product-id=\"0\"\n\t\tdata-title=\"Zu meiner Wunschliste hinzuf\u00fcgen\"\n\t\trel=\"nofollow\"\n\t>\n\t\t<svg id=\"yith-wcwl-icon-heart-outline\" class=\"yith-wcwl-icon-svg\" fill=\"none\" stroke-width=\"1.5\" stroke=\"currentColor\" viewBox=\"0 0 24 24\" xmlns=\"http:\/\/www.w3.org\/2000\/svg\">\n  <path stroke-linecap=\"round\" stroke-linejoin=\"round\" d=\"M21 8.25c0-2.485-2.099-4.5-4.688-4.5-1.935 0-3.597 1.126-4.312 2.733-.715-1.607-2.377-2.733-4.313-2.733C5.1 3.75 3 5.765 3 8.25c0 7.22 9 12 9 12s9-4.78 9-12Z\"><\/path>\n<\/svg>\t\t<span>Zu meiner Wunschliste hinzuf\u00fcgen<\/span>\n\t<\/a>\n<\/div>\n\n\t\t\t<!-- COUNT TEXT -->\n\t\t\t\n\t\t\t<\/div>\n\t\t\t<\/div>\n\t\t<\/div>\n\t\t\t\t\t\t\t\t\t\t<\/div>\n\t\t\t\t\t\t\t\t\t\t\t\t\t\t\t\t\t<div class=\"image-tools grid-tools text-center hide-for-small bottom hover-slide-in show-on-hover\">\n\t\t\t\t\t\t\t\t\t\t\t\t\t\t\t\t\t\t\t<\/div>\n\t\t\t\t\t\t\t\t\t\t\t\t\t\t\t\t\t\t\t\t\t\t\t<\/div>\n\n\t\t\t\t\t\t\t<div class=\"box-text text-center\" >\n\t\t\t\t\t\t\t\t<div class=\"title-wrapper\"><p class=\"name product-title woocommerce-loop-product__title\"><a href=\"https:\/\/www.companhiaatlantica.pt\/de\/produto\/gift-pack\/geschenkpaket\/pack-romantisch-ambiente-vela-sachets\" class=\"woocommerce-LoopProduct-link woocommerce-loop-product__link\">Romantik-Paket &#8211; Lufterfrischer + Kerze + Dufts\u00e4ckchen<\/a><\/p><\/div><div class=\"price-wrapper\">\n\t<span class=\"price\"><del aria-hidden=\"true\"><span class=\"woocommerce-Price-amount amount\"><bdi>44.30<span class=\"woocommerce-Price-currencySymbol\">&euro;<\/span><\/bdi><\/span><\/del> <span class=\"screen-reader-text\">Urspr\u00fcnglicher Preis war: 44.30&euro;<\/span><ins aria-hidden=\"true\"><span class=\"woocommerce-Price-amount amount\"><bdi>39.90<span class=\"woocommerce-Price-currencySymbol\">&euro;<\/span><\/bdi><\/span><\/ins><span class=\"screen-reader-text\">Aktueller Preis ist: 39.90&euro;.<\/span><\/span>\n<\/div><div class=\"add-to-cart-button\"><a href=\"\/de\/wp-json\/wp\/v2\/pages\/66644?add-to-cart=40878\" aria-describedby=\"woocommerce_loop_add_to_cart_link_describedby_40878\" data-quantity=\"1\" class=\"primary is-small mb-0 button product_type_simple add_to_cart_button ajax_add_to_cart is-outline\" data-product_id=\"40878\" data-product_sku=\"140-141.S3\" aria-label=\"In den Warenkorb legen: \u201eRomantik-Paket - Lufterfrischer + Kerze + Dufts\u00e4ckchen\u201c\" rel=\"nofollow\" data-success_message=\"\u201eRomantik-Paket - Lufterfrischer + Kerze + Dufts\u00e4ckchen\u201c wurde deinem Warenkorb hinzugef\u00fcgt\" data-product_name=\"Romantik-Paket - Lufterfrischer + Kerze + Dufts\u00e4ckchen\" data-product_image=\"https:\/\/www.companhiaatlantica.pt\/wp-content\/uploads\/2022\/12\/27-150x150.jpg\" role=\"button\">In den Warenkorb<\/a><\/div>\t<span id=\"woocommerce_loop_add_to_cart_link_describedby_40878\" class=\"screen-reader-text\">\n\t\t\t<\/span>\n\t\t\t\t\t\t\t<\/div>\n\t\t\t\t\t\t<\/div>\n\t\t\t\t\t\t<\/div>\n\t\t\t\t\t<\/div><div class=\"col\" >\n\t\t\t\t\t\t<div class=\"col-inner\">\n\t\t\t\t\t\t\n<div class=\"badge-container absolute left top z-1\">\n<div class=\"badge callout badge-circle\">\r\n  \t\t\t<div class=\"badge-inner secondary on-sale\">\r\n  \t\t\t\t<span class=\"onsale\">-21%<\/span>\r\n\t\t\t<\/div>\r\n\t\t<\/div>\r\n\t\t<div class=\"badge callout badge-circle\">\r\n\t\t\t<div class=\"badge-inner callout-new-bg is-small new-bubble\">5 pcs<\/div>\r\n\t\t<\/div>\n<div class=\"badge callout badge-circle\"><div class=\"badge-inner callout-new-bg is-small new-bubble\">5 pcs<\/div><\/div><\/div>\n\t\t\t\t\t\t<div class=\"product-small box has-hover box-normal box-text-bottom\">\n\t\t\t\t\t\t\t<div class=\"box-image\" >\n\t\t\t\t\t\t\t\t<div class=\"\" >\n\t\t\t\t\t\t\t\t\t<a href=\"https:\/\/www.companhiaatlantica.pt\/de\/produto\/gift-pack\/geschenkpaket\/schuerze-backblech-salz-und-pfefferstreuer-kochplatte-untersetzer\" aria-label=\"Pack Kitchen - Sch\u00fcrze + Backblech + Salz- und Pfefferstreuer + Kochplatte + Untersetzer\">\n\t\t\t\t\t\t\t\t\t\t<img loading=\"lazy\" decoding=\"async\" width=\"700\" height=\"700\" src=\"https:\/\/www.companhiaatlantica.pt\/wp-content\/uploads\/2022\/10\/170-196-700x700.jpg\" class=\"show-on-hover absolute fill hide-for-small back-image\" alt=\"Alternative view of Pack Kitchen - Sch\u00fcrze + Backblech + Salz- und Pfefferstreuer + Kochplatte + Untersetzer\" aria-hidden=\"true\" srcset=\"https:\/\/www.companhiaatlantica.pt\/wp-content\/uploads\/2022\/10\/170-196-700x700.jpg 700w, https:\/\/www.companhiaatlantica.pt\/wp-content\/uploads\/2022\/10\/170-196-100x100.jpg 100w, https:\/\/www.companhiaatlantica.pt\/wp-content\/uploads\/2022\/10\/170-196-900x900.jpg 900w, https:\/\/www.companhiaatlantica.pt\/wp-content\/uploads\/2022\/10\/170-196-300x300.jpg 300w, https:\/\/www.companhiaatlantica.pt\/wp-content\/uploads\/2022\/10\/170-196-150x150.jpg 150w, https:\/\/www.companhiaatlantica.pt\/wp-content\/uploads\/2022\/10\/170-196-768x768.jpg 768w, https:\/\/www.companhiaatlantica.pt\/wp-content\/uploads\/2022\/10\/170-196-600x600.jpg 600w, https:\/\/www.companhiaatlantica.pt\/wp-content\/uploads\/2022\/10\/170-196.jpg 1000w\" sizes=\"auto, (max-width: 700px) 100vw, 700px\" title=\"\"><img loading=\"lazy\" decoding=\"async\" width=\"700\" height=\"700\" src=\"https:\/\/www.companhiaatlantica.pt\/wp-content\/uploads\/2022\/12\/20_1-700x700.jpg\" class=\"attachment-woocommerce_thumbnail size-woocommerce_thumbnail\" alt=\"Pack Kitchen - Sch\u00fcrze + Backblech + Salz- und Pfefferstreuer + Kochplatte + Untersetzer\" srcset=\"https:\/\/www.companhiaatlantica.pt\/wp-content\/uploads\/2022\/12\/20_1-700x700.jpg 700w, https:\/\/www.companhiaatlantica.pt\/wp-content\/uploads\/2022\/12\/20_1-100x100.jpg 100w, https:\/\/www.companhiaatlantica.pt\/wp-content\/uploads\/2022\/12\/20_1-900x900.jpg 900w, https:\/\/www.companhiaatlantica.pt\/wp-content\/uploads\/2022\/12\/20_1-300x300.jpg 300w, https:\/\/www.companhiaatlantica.pt\/wp-content\/uploads\/2022\/12\/20_1-150x150.jpg 150w, https:\/\/www.companhiaatlantica.pt\/wp-content\/uploads\/2022\/12\/20_1-768x768.jpg 768w, https:\/\/www.companhiaatlantica.pt\/wp-content\/uploads\/2022\/12\/20_1-600x600.jpg 600w, https:\/\/www.companhiaatlantica.pt\/wp-content\/uploads\/2022\/12\/20_1.jpg 1000w\" sizes=\"auto, (max-width: 700px) 100vw, 700px\" title=\"\">\t\t\t\t\t\t\t\t\t<\/a>\n\t\t\t\t\t\t\t\t\t\t\t\t\t\t\t\t\t\t \t\t\t\t\t\t\t\t<\/div>\n\t\t\t\t\t\t\t\t<div class=\"image-tools top right show-on-hover\">\n\t\t\t\t\t\t\t\t\t\t\t<div class=\"wishlist-icon\">\n\t\t\t<button class=\"wishlist-button button is-outline circle icon\" aria-label=\"Wunschliste\">\n\t\t\t\t<i class=\"icon-heart\" aria-hidden=\"true\"><\/i>\t\t\t<\/button>\n\t\t\t<div class=\"wishlist-popup dark\">\n\t\t\t\t\n<div\n\tclass=\"yith-wcwl-add-to-wishlist add-to-wishlist-40888 yith-wcwl-add-to-wishlist--button_default-style wishlist-fragment on-first-load\"\n\tdata-fragment-ref=\"40888\"\n\tdata-fragment-options=\"{&quot;base_url&quot;:&quot;&quot;,&quot;product_id&quot;:40888,&quot;parent_product_id&quot;:0,&quot;product_type&quot;:&quot;simple&quot;,&quot;is_single&quot;:false,&quot;in_default_wishlist&quot;:false,&quot;show_view&quot;:false,&quot;browse_wishlist_text&quot;:&quot;Siehe Ihre Wunschliste!&quot;,&quot;already_in_wishslist_text&quot;:&quot;Dieses Produkt steht bereits auf Ihrem Wunschzettel!&quot;,&quot;product_added_text&quot;:&quot;Produto adicionado!&quot;,&quot;available_multi_wishlist&quot;:false,&quot;disable_wishlist&quot;:false,&quot;show_count&quot;:false,&quot;ajax_loading&quot;:false,&quot;loop_position&quot;:&quot;after_add_to_cart&quot;,&quot;item&quot;:&quot;add_to_wishlist&quot;}\"\n>\n\t\t\t\n\t\t\t<!-- ADD TO WISHLIST -->\n\t\t\t\n<div class=\"yith-wcwl-add-button\">\n\t\t<a\n\t\thref=\"?add_to_wishlist=40888&#038;_wpnonce=52d31225f0\"\n\t\tclass=\"add_to_wishlist single_add_to_wishlist alt button theme-button-style \"\n\t\tdata-product-id=\"40888\"\n\t\tdata-product-type=\"simple\"\n\t\tdata-original-product-id=\"0\"\n\t\tdata-title=\"Zu meiner Wunschliste hinzuf\u00fcgen\"\n\t\trel=\"nofollow\"\n\t>\n\t\t<svg id=\"yith-wcwl-icon-heart-outline\" class=\"yith-wcwl-icon-svg\" fill=\"none\" stroke-width=\"1.5\" stroke=\"currentColor\" viewBox=\"0 0 24 24\" xmlns=\"http:\/\/www.w3.org\/2000\/svg\">\n  <path stroke-linecap=\"round\" stroke-linejoin=\"round\" d=\"M21 8.25c0-2.485-2.099-4.5-4.688-4.5-1.935 0-3.597 1.126-4.312 2.733-.715-1.607-2.377-2.733-4.313-2.733C5.1 3.75 3 5.765 3 8.25c0 7.22 9 12 9 12s9-4.78 9-12Z\"><\/path>\n<\/svg>\t\t<span>Zu meiner Wunschliste hinzuf\u00fcgen<\/span>\n\t<\/a>\n<\/div>\n\n\t\t\t<!-- COUNT TEXT -->\n\t\t\t\n\t\t\t<\/div>\n\t\t\t<\/div>\n\t\t<\/div>\n\t\t\t\t\t\t\t\t\t\t<\/div>\n\t\t\t\t\t\t\t\t\t\t\t\t\t\t\t\t\t<div class=\"image-tools grid-tools text-center hide-for-small bottom hover-slide-in show-on-hover\">\n\t\t\t\t\t\t\t\t\t\t\t\t\t\t\t\t\t\t\t<\/div>\n\t\t\t\t\t\t\t\t\t\t\t\t\t\t\t\t\t\t\t\t\t\t\t<\/div>\n\n\t\t\t\t\t\t\t<div class=\"box-text text-center\" >\n\t\t\t\t\t\t\t\t<div class=\"title-wrapper\"><p class=\"name product-title woocommerce-loop-product__title\"><a href=\"https:\/\/www.companhiaatlantica.pt\/de\/produto\/gift-pack\/geschenkpaket\/schuerze-backblech-salz-und-pfefferstreuer-kochplatte-untersetzer\" class=\"woocommerce-LoopProduct-link woocommerce-loop-product__link\">Pack Kitchen &#8211; Sch\u00fcrze + Backblech + Salz- und Pfefferstreuer + Kochplatte + Untersetzer<\/a><\/p><\/div><div class=\"price-wrapper\">\n\t<span class=\"price\"><del aria-hidden=\"true\"><span class=\"woocommerce-Price-amount amount\"><bdi>139.00<span class=\"woocommerce-Price-currencySymbol\">&euro;<\/span><\/bdi><\/span><\/del> <span class=\"screen-reader-text\">Urspr\u00fcnglicher Preis war: 139.00&euro;<\/span><ins aria-hidden=\"true\"><span class=\"woocommerce-Price-amount amount\"><bdi>110.00<span class=\"woocommerce-Price-currencySymbol\">&euro;<\/span><\/bdi><\/span><\/ins><span class=\"screen-reader-text\">Aktueller Preis ist: 110.00&euro;.<\/span><\/span>\n<\/div><div class=\"add-to-cart-button\"><a href=\"\/de\/wp-json\/wp\/v2\/pages\/66644?add-to-cart=40888\" aria-describedby=\"woocommerce_loop_add_to_cart_link_describedby_40888\" data-quantity=\"1\" class=\"primary is-small mb-0 button product_type_simple add_to_cart_button ajax_add_to_cart is-outline\" data-product_id=\"40888\" data-product_sku=\"131-044.S5\" aria-label=\"In den Warenkorb legen: \u201ePack Kitchen - Sch\u00fcrze + Backblech + Salz- und Pfefferstreuer + Kochplatte + Untersetzer\u201c\" rel=\"nofollow\" data-success_message=\"\u201ePack Kitchen - Sch\u00fcrze + Backblech + Salz- und Pfefferstreuer + Kochplatte + Untersetzer\u201c wurde deinem Warenkorb hinzugef\u00fcgt\" data-product_name=\"Pack Kitchen - Sch\u00fcrze + Backblech + Salz- und Pfefferstreuer + Kochplatte + Untersetzer\" data-product_image=\"https:\/\/www.companhiaatlantica.pt\/wp-content\/uploads\/2022\/12\/20_1-150x150.jpg\" role=\"button\">In den Warenkorb<\/a><\/div>\t<span id=\"woocommerce_loop_add_to_cart_link_describedby_40888\" class=\"screen-reader-text\">\n\t\t\t<\/span>\n\t\t\t\t\t\t\t<\/div>\n\t\t\t\t\t\t<\/div>\n\t\t\t\t\t\t<\/div>\n\t\t\t\t\t<\/div><div class=\"col\" >\n\t\t\t\t\t\t<div class=\"col-inner\">\n\t\t\t\t\t\t\n<div class=\"badge-container absolute left top z-1\">\n<div class=\"badge callout badge-circle\">\r\n  \t\t\t<div class=\"badge-inner secondary on-sale\">\r\n  \t\t\t\t<span class=\"onsale\">-25%<\/span>\r\n\t\t\t<\/div>\r\n\t\t<\/div>\r\n\t\t<div class=\"badge callout badge-circle\">\r\n\t\t\t<div class=\"badge-inner callout-new-bg is-small new-bubble\">3 pcs<\/div>\r\n\t\t<\/div>\n<div class=\"badge callout badge-circle\"><div class=\"badge-inner callout-new-bg is-small new-bubble\">3 pcs<\/div><\/div><\/div>\n\t\t\t\t\t\t<div class=\"product-small box has-hover box-normal box-text-bottom\">\n\t\t\t\t\t\t\t<div class=\"box-image\" >\n\t\t\t\t\t\t\t\t<div class=\"\" >\n\t\t\t\t\t\t\t\t\t<a href=\"https:\/\/www.companhiaatlantica.pt\/de\/produto\/gift-pack\/geschenkpaket\/namorados-pack-tischsets-becher-untersetzer\" aria-label=\"NAMORADOS Pack &#8211; Tischsets + Becher + Untersetzer\">\n\t\t\t\t\t\t\t\t\t\t<img loading=\"lazy\" decoding=\"async\" width=\"700\" height=\"700\" src=\"https:\/\/www.companhiaatlantica.pt\/wp-content\/uploads\/2026\/02\/pack-4-1-700x700.jpg\" class=\"show-on-hover absolute fill hide-for-small back-image\" alt=\"Alternative view of NAMORADOS Pack &#8211; Tischsets + Becher + Untersetzer\" aria-hidden=\"true\" srcset=\"https:\/\/www.companhiaatlantica.pt\/wp-content\/uploads\/2026\/02\/pack-4-1-700x700.jpg 700w, https:\/\/www.companhiaatlantica.pt\/wp-content\/uploads\/2026\/02\/pack-4-1-350x350.jpg 350w, https:\/\/www.companhiaatlantica.pt\/wp-content\/uploads\/2026\/02\/pack-4-1-100x100.jpg 100w\" sizes=\"auto, (max-width: 700px) 100vw, 700px\" title=\"\"><img loading=\"lazy\" decoding=\"async\" width=\"700\" height=\"700\" src=\"https:\/\/www.companhiaatlantica.pt\/wp-content\/uploads\/2026\/02\/pack-2-700x700.jpg\" class=\"attachment-woocommerce_thumbnail size-woocommerce_thumbnail\" alt=\"NAMORADOS Pack - Tischsets + Becher + Untersetzer\" srcset=\"https:\/\/www.companhiaatlantica.pt\/wp-content\/uploads\/2026\/02\/pack-2-700x700.jpg 700w, https:\/\/www.companhiaatlantica.pt\/wp-content\/uploads\/2026\/02\/pack-2-350x350.jpg 350w, https:\/\/www.companhiaatlantica.pt\/wp-content\/uploads\/2026\/02\/pack-2-100x100.jpg 100w\" sizes=\"auto, (max-width: 700px) 100vw, 700px\" title=\"\">\t\t\t\t\t\t\t\t\t<\/a>\n\t\t\t\t\t\t\t\t\t\t\t\t\t\t\t\t\t\t \t\t\t\t\t\t\t\t<\/div>\n\t\t\t\t\t\t\t\t<div class=\"image-tools top right show-on-hover\">\n\t\t\t\t\t\t\t\t\t\t\t<div class=\"wishlist-icon\">\n\t\t\t<button class=\"wishlist-button button is-outline circle icon\" aria-label=\"Wunschliste\">\n\t\t\t\t<i class=\"icon-heart\" aria-hidden=\"true\"><\/i>\t\t\t<\/button>\n\t\t\t<div class=\"wishlist-popup dark\">\n\t\t\t\t\n<div\n\tclass=\"yith-wcwl-add-to-wishlist add-to-wishlist-83860 yith-wcwl-add-to-wishlist--button_default-style wishlist-fragment on-first-load\"\n\tdata-fragment-ref=\"83860\"\n\tdata-fragment-options=\"{&quot;base_url&quot;:&quot;&quot;,&quot;product_id&quot;:83860,&quot;parent_product_id&quot;:0,&quot;product_type&quot;:&quot;yith_bundle&quot;,&quot;is_single&quot;:false,&quot;in_default_wishlist&quot;:false,&quot;show_view&quot;:false,&quot;browse_wishlist_text&quot;:&quot;Siehe Ihre Wunschliste!&quot;,&quot;already_in_wishslist_text&quot;:&quot;Dieses Produkt steht bereits auf Ihrem Wunschzettel!&quot;,&quot;product_added_text&quot;:&quot;Produto adicionado!&quot;,&quot;available_multi_wishlist&quot;:false,&quot;disable_wishlist&quot;:false,&quot;show_count&quot;:false,&quot;ajax_loading&quot;:false,&quot;loop_position&quot;:&quot;after_add_to_cart&quot;,&quot;item&quot;:&quot;add_to_wishlist&quot;}\"\n>\n\t\t\t\n\t\t\t<!-- ADD TO WISHLIST -->\n\t\t\t\n<div class=\"yith-wcwl-add-button\">\n\t\t<a\n\t\thref=\"?add_to_wishlist=83860&#038;_wpnonce=52d31225f0\"\n\t\tclass=\"add_to_wishlist single_add_to_wishlist alt button theme-button-style \"\n\t\tdata-product-id=\"83860\"\n\t\tdata-product-type=\"yith_bundle\"\n\t\tdata-original-product-id=\"0\"\n\t\tdata-title=\"Zu meiner Wunschliste hinzuf\u00fcgen\"\n\t\trel=\"nofollow\"\n\t>\n\t\t<svg id=\"yith-wcwl-icon-heart-outline\" class=\"yith-wcwl-icon-svg\" fill=\"none\" stroke-width=\"1.5\" stroke=\"currentColor\" viewBox=\"0 0 24 24\" xmlns=\"http:\/\/www.w3.org\/2000\/svg\">\n  <path stroke-linecap=\"round\" stroke-linejoin=\"round\" d=\"M21 8.25c0-2.485-2.099-4.5-4.688-4.5-1.935 0-3.597 1.126-4.312 2.733-.715-1.607-2.377-2.733-4.313-2.733C5.1 3.75 3 5.765 3 8.25c0 7.22 9 12 9 12s9-4.78 9-12Z\"><\/path>\n<\/svg>\t\t<span>Zu meiner Wunschliste hinzuf\u00fcgen<\/span>\n\t<\/a>\n<\/div>\n\n\t\t\t<!-- COUNT TEXT -->\n\t\t\t\n\t\t\t<\/div>\n\t\t\t<\/div>\n\t\t<\/div>\n\t\t\t\t\t\t\t\t\t\t<\/div>\n\t\t\t\t\t\t\t\t\t\t\t\t\t\t\t\t\t<div class=\"image-tools grid-tools text-center hide-for-small bottom hover-slide-in show-on-hover\">\n\t\t\t\t\t\t\t\t\t\t\t\t\t\t\t\t\t\t\t<\/div>\n\t\t\t\t\t\t\t\t\t\t\t\t\t\t\t\t\t\t\t\t\t\t\t<\/div>\n\n\t\t\t\t\t\t\t<div class=\"box-text text-center\" >\n\t\t\t\t\t\t\t\t<div class=\"title-wrapper\"><p class=\"name product-title woocommerce-loop-product__title\"><a href=\"https:\/\/www.companhiaatlantica.pt\/de\/produto\/gift-pack\/geschenkpaket\/namorados-pack-tischsets-becher-untersetzer\" class=\"woocommerce-LoopProduct-link woocommerce-loop-product__link\">NAMORADOS Pack &#8211; Tischsets + Becher + Untersetzer<\/a><\/p><\/div><div class=\"price-wrapper\">\n\t<span class=\"price\"><del aria-hidden=\"true\"><span class=\"woocommerce-Price-amount amount\"><bdi>68.00<span class=\"woocommerce-Price-currencySymbol\">&euro;<\/span><\/bdi><\/span><\/del> <span class=\"screen-reader-text\">Urspr\u00fcnglicher Preis war: 68.00&euro;<\/span><ins aria-hidden=\"true\"><span class=\"woocommerce-Price-amount amount\"><bdi>51.00<span class=\"woocommerce-Price-currencySymbol\">&euro;<\/span><\/bdi><\/span><\/ins><span class=\"screen-reader-text\">Aktueller Preis ist: 51.00&euro;.<\/span><\/span>\n<\/div><div class=\"add-to-cart-button\"><a href=\"https:\/\/www.companhiaatlantica.pt\/de\/produto\/gift-pack\/geschenkpaket\/namorados-pack-tischsets-becher-untersetzer\" aria-describedby=\"woocommerce_loop_add_to_cart_link_describedby_83860\" data-quantity=\"1\" class=\"primary is-small mb-0 button product_type_yith_bundle add_to_cart_button is-outline\" data-product_id=\"83860\" data-product_sku=\"Pack-NAMORADOS\" aria-label=\"Lese mehr \u00fcber &#8222;NAMORADOS Pack - Tischsets + Becher + Untersetzer&#8220;\" rel=\"nofollow\" data-product_name=\"NAMORADOS Pack - Tischsets + Becher + Untersetzer\" data-product_image=\"https:\/\/www.companhiaatlantica.pt\/wp-content\/uploads\/2026\/02\/pack-2-350x350.jpg\">Weiterlesen<\/a><\/div>\t<span id=\"woocommerce_loop_add_to_cart_link_describedby_83860\" class=\"screen-reader-text\">\n\t\t\t<\/span>\n\t\t\t\t\t\t\t<\/div>\n\t\t\t\t\t\t<\/div>\n\t\t\t\t\t\t<\/div>\n\t\t\t\t\t<\/div><\/div>\n\t\t<\/div>\n\t\t\t\t\n<style>\n#col-706231580 > .col-inner {\n  margin: 0px 10px 0px 10px;\n}\n<\/style>\n\t<\/div>\n\n\t\n<\/div>\n\t<div id=\"gap-298690107\" class=\"gap-element clearfix\" style=\"display:block; height:auto;\">\n\t\t\n<style>\n#gap-298690107 {\n  padding-top: 50px;\n}\n<\/style>\n\t<\/div>\n\t\n<div class=\"row row-full-width align-equal align-center\"  id=\"row-484103949\">\n\n\t<div id=\"col-1462031146\" class=\"col small-12 large-12\"  >\n\t\t\t\t<div class=\"col-inner\"  >\n\t\t\t\n\t\t\t\n<div class=\"container section-title-container\" ><h2 class=\"section-title section-title-center\"><b aria-hidden=\"true\"><\/b><span class=\"section-title-main\" >ORIGINELLE GESCHENKE - f\u00fcr ein besonderes Fr\u00fchst\u00fcck<\/span><b aria-hidden=\"true\"><\/b><\/h2><\/div>\n\t<div id=\"gap-1390608430\" class=\"gap-element clearfix\" style=\"display:block; height:auto;\">\n\t\t\n<style>\n#gap-1390608430 {\n  padding-top: 30px;\n}\n<\/style>\n\t<\/div>\n\t\n<div class=\"container section-title-container\" ><h3 class=\"section-title section-title-center\"><b aria-hidden=\"true\"><\/b><span class=\"section-title-main\" ><i class=\"icon-heart\" aria-hidden=\"true\"><\/i>TASSEN MIT EINZIGARTIGEM STIL<\/span><b aria-hidden=\"true\"><\/b><\/h3><\/div>\n\t\n  \n    <div class=\"row large-columns-4 medium-columns-3 small-columns-2 row-xsmall row-full-width slider row-slider slider-nav-reveal\"  data-flickity-options='{&quot;imagesLoaded&quot;: true, &quot;groupCells&quot;: &quot;100%&quot;, &quot;dragThreshold&quot; : 5, &quot;cellAlign&quot;: &quot;left&quot;,&quot;wrapAround&quot;: true,&quot;prevNextButtons&quot;: true,&quot;percentPosition&quot;: true,&quot;pageDots&quot;: false, &quot;rightToLeft&quot;: false, &quot;autoPlay&quot; : 3000}' >\n\n  \n\t     <div class=\"col\" >\n\t\t\t\t\t\t<div class=\"col-inner\">\n\t\t\t\t\t\t\n<div class=\"badge-container absolute left top z-1\">\n<div class=\"badge callout badge-circle\">\r\n  \t\t\t<div class=\"badge-inner secondary on-sale\">\r\n  \t\t\t\t<span class=\"onsale\">-35%<\/span>\r\n\t\t\t<\/div>\r\n\t\t<\/div>\r\n\t\t<div class=\"badge callout badge-circle\">\r\n\t\t\t<div class=\"badge-inner callout-new-bg is-small new-bubble\">6 pcs<\/div>\r\n\t\t<\/div>\n<div class=\"badge callout badge-circle\"><div class=\"badge-inner callout-new-bg is-small new-bubble\">6 pcs<\/div><\/div><\/div>\n\t\t\t\t\t\t<div class=\"product-small box has-hover box-push box-text-bottom\">\n\t\t\t\t\t\t\t<div class=\"box-image\" >\n\t\t\t\t\t\t\t\t<div class=\"\" >\n\t\t\t\t\t\t\t\t\t<a href=\"https:\/\/www.companhiaatlantica.pt\/de\/produto\/portugiesische-keramik\/keramiktasse\/plantoir-caneca-350ml-6-pecks\" aria-label=\"PLANTOIR Kaffeebecher - 6er Set\">\n\t\t\t\t\t\t\t\t\t\t<img loading=\"lazy\" decoding=\"async\" width=\"600\" height=\"600\" src=\"https:\/\/www.companhiaatlantica.pt\/wp-content\/uploads\/2020\/06\/IMG_0647.jpg\" class=\"show-on-hover absolute fill hide-for-small back-image\" alt=\"Alternative view of PLANTOIR Kaffeebecher - 6er Set\" aria-hidden=\"true\" srcset=\"https:\/\/www.companhiaatlantica.pt\/wp-content\/uploads\/2020\/06\/IMG_0647.jpg 600w, https:\/\/www.companhiaatlantica.pt\/wp-content\/uploads\/2020\/06\/IMG_0647-100x100.jpg 100w\" sizes=\"auto, (max-width: 600px) 100vw, 600px\" title=\"\"><img loading=\"lazy\" decoding=\"async\" width=\"600\" height=\"600\" src=\"https:\/\/www.companhiaatlantica.pt\/wp-content\/uploads\/2020\/06\/IMG_0752-2.jpg\" class=\"attachment-woocommerce_thumbnail size-woocommerce_thumbnail\" alt=\"PLANTOIR Kaffeebecher - 6er Set\" srcset=\"https:\/\/www.companhiaatlantica.pt\/wp-content\/uploads\/2020\/06\/IMG_0752-2.jpg 600w, https:\/\/www.companhiaatlantica.pt\/wp-content\/uploads\/2020\/06\/IMG_0752-2-100x100.jpg 100w\" sizes=\"auto, (max-width: 600px) 100vw, 600px\" title=\"\">\t\t\t\t\t\t\t\t\t<\/a>\n\t\t\t\t\t\t\t\t\t\t\t\t\t\t\t\t\t\t \t\t\t\t\t\t\t\t<\/div>\n\t\t\t\t\t\t\t\t<div class=\"image-tools top right show-on-hover\">\n\t\t\t\t\t\t\t\t\t\t\t<div class=\"wishlist-icon\">\n\t\t\t<button class=\"wishlist-button button is-outline circle icon\" aria-label=\"Wunschliste\">\n\t\t\t\t<i class=\"icon-heart\" aria-hidden=\"true\"><\/i>\t\t\t<\/button>\n\t\t\t<div class=\"wishlist-popup dark\">\n\t\t\t\t\n<div\n\tclass=\"yith-wcwl-add-to-wishlist add-to-wishlist-41821 yith-wcwl-add-to-wishlist--button_default-style wishlist-fragment on-first-load\"\n\tdata-fragment-ref=\"41821\"\n\tdata-fragment-options=\"{&quot;base_url&quot;:&quot;&quot;,&quot;product_id&quot;:41821,&quot;parent_product_id&quot;:0,&quot;product_type&quot;:&quot;simple&quot;,&quot;is_single&quot;:false,&quot;in_default_wishlist&quot;:false,&quot;show_view&quot;:false,&quot;browse_wishlist_text&quot;:&quot;Siehe Ihre Wunschliste!&quot;,&quot;already_in_wishslist_text&quot;:&quot;Dieses Produkt steht bereits auf Ihrem Wunschzettel!&quot;,&quot;product_added_text&quot;:&quot;Produto adicionado!&quot;,&quot;available_multi_wishlist&quot;:false,&quot;disable_wishlist&quot;:false,&quot;show_count&quot;:false,&quot;ajax_loading&quot;:false,&quot;loop_position&quot;:&quot;after_add_to_cart&quot;,&quot;item&quot;:&quot;add_to_wishlist&quot;}\"\n>\n\t\t\t\n\t\t\t<!-- ADD TO WISHLIST -->\n\t\t\t\n<div class=\"yith-wcwl-add-button\">\n\t\t<a\n\t\thref=\"?add_to_wishlist=41821&#038;_wpnonce=52d31225f0\"\n\t\tclass=\"add_to_wishlist single_add_to_wishlist alt button theme-button-style \"\n\t\tdata-product-id=\"41821\"\n\t\tdata-product-type=\"simple\"\n\t\tdata-original-product-id=\"0\"\n\t\tdata-title=\"Zu meiner Wunschliste hinzuf\u00fcgen\"\n\t\trel=\"nofollow\"\n\t>\n\t\t<svg id=\"yith-wcwl-icon-heart-outline\" class=\"yith-wcwl-icon-svg\" fill=\"none\" stroke-width=\"1.5\" stroke=\"currentColor\" viewBox=\"0 0 24 24\" xmlns=\"http:\/\/www.w3.org\/2000\/svg\">\n  <path stroke-linecap=\"round\" stroke-linejoin=\"round\" d=\"M21 8.25c0-2.485-2.099-4.5-4.688-4.5-1.935 0-3.597 1.126-4.312 2.733-.715-1.607-2.377-2.733-4.313-2.733C5.1 3.75 3 5.765 3 8.25c0 7.22 9 12 9 12s9-4.78 9-12Z\"><\/path>\n<\/svg>\t\t<span>Zu meiner Wunschliste hinzuf\u00fcgen<\/span>\n\t<\/a>\n<\/div>\n\n\t\t\t<!-- COUNT TEXT -->\n\t\t\t\n\t\t\t<\/div>\n\t\t\t<\/div>\n\t\t<\/div>\n\t\t\t\t\t\t\t\t\t\t<\/div>\n\t\t\t\t\t\t\t\t\t\t\t\t\t\t\t\t\t<div class=\"image-tools grid-tools text-center hide-for-small bottom hover-slide-in show-on-hover\">\n\t\t\t\t\t\t\t\t\t\t\t\t\t\t\t\t\t\t\t<\/div>\n\t\t\t\t\t\t\t\t\t\t\t\t\t\t\t\t\t\t\t\t\t\t\t<\/div>\n\n\t\t\t\t\t\t\t<div class=\"box-text text-center\" >\n\t\t\t\t\t\t\t\t<div class=\"title-wrapper\"><p class=\"name product-title woocommerce-loop-product__title\"><a href=\"https:\/\/www.companhiaatlantica.pt\/de\/produto\/portugiesische-keramik\/keramiktasse\/plantoir-caneca-350ml-6-pecks\" class=\"woocommerce-LoopProduct-link woocommerce-loop-product__link\">PLANTOIR Kaffeebecher &#8211; 6er Set<\/a><\/p><\/div><div class=\"price-wrapper\">\n\t<span class=\"price\"><del aria-hidden=\"true\"><span class=\"woocommerce-Price-amount amount\"><bdi>84.00<span class=\"woocommerce-Price-currencySymbol\">&euro;<\/span><\/bdi><\/span><\/del> <span class=\"screen-reader-text\">Urspr\u00fcnglicher Preis war: 84.00&euro;<\/span><ins aria-hidden=\"true\"><span class=\"woocommerce-Price-amount amount\"><bdi>55.00<span class=\"woocommerce-Price-currencySymbol\">&euro;<\/span><\/bdi><\/span><\/ins><span class=\"screen-reader-text\">Aktueller Preis ist: 55.00&euro;.<\/span><\/span>\n<\/div>\t<span id=\"woocommerce_loop_add_to_cart_link_describedby_41821\" class=\"screen-reader-text\">\n\t\t\t<\/span>\n\t\t\t\t\t\t\t<\/div>\n\t\t\t\t\t\t<\/div>\n\t\t\t\t\t\t<\/div>\n\t\t\t\t\t<\/div><div class=\"col\" >\n\t\t\t\t\t\t<div class=\"col-inner\">\n\t\t\t\t\t\t\n<div class=\"badge-container absolute left top z-1\">\n\n<\/div>\n\t\t\t\t\t\t<div class=\"product-small box has-hover box-push box-text-bottom\">\n\t\t\t\t\t\t\t<div class=\"box-image\" >\n\t\t\t\t\t\t\t\t<div class=\"\" >\n\t\t\t\t\t\t\t\t\t<a href=\"https:\/\/www.companhiaatlantica.pt\/de\/produto\/portugiesische-keramik\/keramik-schussel\/kaffeemoment-mit-der-mar-kollektion\" aria-label=\"Kaffeemoment mit der MAR-Kollektion\">\n\t\t\t\t\t\t\t\t\t\t<img loading=\"lazy\" decoding=\"async\" width=\"525\" height=\"404\" src=\"https:\/\/www.companhiaatlantica.pt\/wp-content\/uploads\/2024\/07\/mar-stock-on-mugs-rose.jpg\" class=\"show-on-hover absolute fill hide-for-small back-image\" alt=\"Alternative view of Kaffeemoment mit der MAR-Kollektion\" aria-hidden=\"true\" srcset=\"https:\/\/www.companhiaatlantica.pt\/wp-content\/uploads\/2024\/07\/mar-stock-on-mugs-rose.jpg 525w, https:\/\/www.companhiaatlantica.pt\/wp-content\/uploads\/2024\/07\/mar-stock-on-mugs-rose-400x308.jpg 400w\" sizes=\"auto, (max-width: 525px) 100vw, 525px\" title=\"\"><img loading=\"lazy\" decoding=\"async\" width=\"600\" height=\"600\" src=\"https:\/\/www.companhiaatlantica.pt\/wp-content\/uploads\/2021\/08\/IMG_2429.jpg\" class=\"attachment-woocommerce_thumbnail size-woocommerce_thumbnail\" alt=\"Kaffeemoment mit der MAR-Kollektion\" srcset=\"https:\/\/www.companhiaatlantica.pt\/wp-content\/uploads\/2021\/08\/IMG_2429.jpg 600w, https:\/\/www.companhiaatlantica.pt\/wp-content\/uploads\/2021\/08\/IMG_2429-100x100.jpg 100w\" sizes=\"auto, (max-width: 600px) 100vw, 600px\" title=\"\">\t\t\t\t\t\t\t\t\t<\/a>\n\t\t\t\t\t\t\t\t\t\t\t\t\t\t\t\t\t\t \t\t\t\t\t\t\t\t<\/div>\n\t\t\t\t\t\t\t\t<div class=\"image-tools top right show-on-hover\">\n\t\t\t\t\t\t\t\t\t\t\t<div class=\"wishlist-icon\">\n\t\t\t<button class=\"wishlist-button button is-outline circle icon\" aria-label=\"Wunschliste\">\n\t\t\t\t<i class=\"icon-heart\" aria-hidden=\"true\"><\/i>\t\t\t<\/button>\n\t\t\t<div class=\"wishlist-popup dark\">\n\t\t\t\t\n<div\n\tclass=\"yith-wcwl-add-to-wishlist add-to-wishlist-40733 yith-wcwl-add-to-wishlist--button_default-style wishlist-fragment on-first-load\"\n\tdata-fragment-ref=\"40733\"\n\tdata-fragment-options=\"{&quot;base_url&quot;:&quot;&quot;,&quot;product_id&quot;:40733,&quot;parent_product_id&quot;:0,&quot;product_type&quot;:&quot;yith_bundle&quot;,&quot;is_single&quot;:false,&quot;in_default_wishlist&quot;:false,&quot;show_view&quot;:false,&quot;browse_wishlist_text&quot;:&quot;Siehe Ihre Wunschliste!&quot;,&quot;already_in_wishslist_text&quot;:&quot;Dieses Produkt steht bereits auf Ihrem Wunschzettel!&quot;,&quot;product_added_text&quot;:&quot;Produto adicionado!&quot;,&quot;available_multi_wishlist&quot;:false,&quot;disable_wishlist&quot;:false,&quot;show_count&quot;:false,&quot;ajax_loading&quot;:false,&quot;loop_position&quot;:&quot;after_add_to_cart&quot;,&quot;item&quot;:&quot;add_to_wishlist&quot;}\"\n>\n\t\t\t\n\t\t\t<!-- ADD TO WISHLIST -->\n\t\t\t\n<div class=\"yith-wcwl-add-button\">\n\t\t<a\n\t\thref=\"?add_to_wishlist=40733&#038;_wpnonce=52d31225f0\"\n\t\tclass=\"add_to_wishlist single_add_to_wishlist alt button theme-button-style \"\n\t\tdata-product-id=\"40733\"\n\t\tdata-product-type=\"yith_bundle\"\n\t\tdata-original-product-id=\"0\"\n\t\tdata-title=\"Zu meiner Wunschliste hinzuf\u00fcgen\"\n\t\trel=\"nofollow\"\n\t>\n\t\t<svg id=\"yith-wcwl-icon-heart-outline\" class=\"yith-wcwl-icon-svg\" fill=\"none\" stroke-width=\"1.5\" stroke=\"currentColor\" viewBox=\"0 0 24 24\" xmlns=\"http:\/\/www.w3.org\/2000\/svg\">\n  <path stroke-linecap=\"round\" stroke-linejoin=\"round\" d=\"M21 8.25c0-2.485-2.099-4.5-4.688-4.5-1.935 0-3.597 1.126-4.312 2.733-.715-1.607-2.377-2.733-4.313-2.733C5.1 3.75 3 5.765 3 8.25c0 7.22 9 12 9 12s9-4.78 9-12Z\"><\/path>\n<\/svg>\t\t<span>Zu meiner Wunschliste hinzuf\u00fcgen<\/span>\n\t<\/a>\n<\/div>\n\n\t\t\t<!-- COUNT TEXT -->\n\t\t\t\n\t\t\t<\/div>\n\t\t\t<\/div>\n\t\t<\/div>\n\t\t\t\t\t\t\t\t\t\t<\/div>\n\t\t\t\t\t\t\t\t\t\t\t\t\t\t\t\t\t<div class=\"image-tools grid-tools text-center hide-for-small bottom hover-slide-in show-on-hover\">\n\t\t\t\t\t\t\t\t\t\t\t\t\t\t\t\t\t\t\t<\/div>\n\t\t\t\t\t\t\t\t\t\t\t\t\t\t\t\t\t\t\t\t\t\t\t<\/div>\n\n\t\t\t\t\t\t\t<div class=\"box-text text-center\" >\n\t\t\t\t\t\t\t\t<div class=\"title-wrapper\"><p class=\"name product-title woocommerce-loop-product__title\"><a href=\"https:\/\/www.companhiaatlantica.pt\/de\/produto\/portugiesische-keramik\/keramik-schussel\/kaffeemoment-mit-der-mar-kollektion\" class=\"woocommerce-LoopProduct-link woocommerce-loop-product__link\">Kaffeemoment mit der MAR-Kollektion<\/a><\/p><\/div><div class=\"price-wrapper\">\n\t<span class=\"price\"><span class=\"woocommerce-Price-amount amount\"><bdi>0.00<span class=\"woocommerce-Price-currencySymbol\">&euro;<\/span><\/bdi><\/span><\/span>\n<\/div><div class=\"add-to-cart-button\"><a href=\"https:\/\/www.companhiaatlantica.pt\/de\/produto\/portugiesische-keramik\/keramik-schussel\/kaffeemoment-mit-der-mar-kollektion\" aria-describedby=\"woocommerce_loop_add_to_cart_link_describedby_40733\" data-quantity=\"1\" class=\"primary is-small mb-0 button product_type_yith_bundle add_to_cart_button is-outline\" data-product_id=\"40733\" data-product_sku=\"BUNDLEMAR\" aria-label=\"Lese mehr \u00fcber &#8222;Kaffeemoment mit der MAR-Kollektion&#8220;\" rel=\"nofollow\" data-product_name=\"Kaffeemoment mit der MAR-Kollektion\" data-product_image=\"https:\/\/www.companhiaatlantica.pt\/wp-content\/uploads\/2021\/08\/IMG_2429.jpg\">Weiterlesen<\/a><\/div>\t<span id=\"woocommerce_loop_add_to_cart_link_describedby_40733\" class=\"screen-reader-text\">\n\t\t\t<\/span>\n\t\t\t\t\t\t\t<\/div>\n\t\t\t\t\t\t<\/div>\n\t\t\t\t\t\t<\/div>\n\t\t\t\t\t<\/div><div class=\"col\" >\n\t\t\t\t\t\t<div class=\"col-inner\">\n\t\t\t\t\t\t\n<div class=\"badge-container absolute left top z-1\">\n<div class=\"badge callout badge-circle\">\r\n  \t\t\t<div class=\"badge-inner secondary on-sale\">\r\n  \t\t\t\t<span class=\"onsale\">-15%<\/span>\r\n\t\t\t<\/div>\r\n\t\t<\/div>\r\n\t\t<div class=\"badge callout badge-circle\">\r\n\t\t\t<div class=\"badge-inner callout-new-bg is-small new-bubble\">NEW<\/div>\r\n\t\t<\/div>\n<div class=\"badge callout badge-circle\"><div class=\"badge-inner callout-new-bg is-small new-bubble\">NEW<\/div><\/div><\/div>\n\t\t\t\t\t\t<div class=\"product-small box has-hover box-push box-text-bottom\">\n\t\t\t\t\t\t\t<div class=\"box-image\" >\n\t\t\t\t\t\t\t\t<div class=\"\" >\n\t\t\t\t\t\t\t\t\t<a href=\"https:\/\/www.companhiaatlantica.pt\/de\/produto\/portugiesische-keramik\/keramiktasse\/becher-340ml-duna-set-mit-6-stueck\" aria-label=\"Becher 340ml DUNA \u2013 Set mit 6 St\u00fcck\">\n\t\t\t\t\t\t\t\t\t\t<img loading=\"lazy\" decoding=\"async\" width=\"700\" height=\"700\" src=\"https:\/\/www.companhiaatlantica.pt\/wp-content\/uploads\/2025\/06\/131-407-1-700x700.jpg\" class=\"show-on-hover absolute fill hide-for-small back-image\" alt=\"Alternative view of Becher 340ml DUNA \u2013 Set mit 6 St\u00fcck\" aria-hidden=\"true\" srcset=\"https:\/\/www.companhiaatlantica.pt\/wp-content\/uploads\/2025\/06\/131-407-1-700x700.jpg 700w, https:\/\/www.companhiaatlantica.pt\/wp-content\/uploads\/2025\/06\/131-407-1-400x400.jpg 400w, https:\/\/www.companhiaatlantica.pt\/wp-content\/uploads\/2025\/06\/131-407-1-350x350.jpg 350w, https:\/\/www.companhiaatlantica.pt\/wp-content\/uploads\/2025\/06\/131-407-1-768x768.jpg 768w, https:\/\/www.companhiaatlantica.pt\/wp-content\/uploads\/2025\/06\/131-407-1-900x900.jpg 900w, https:\/\/www.companhiaatlantica.pt\/wp-content\/uploads\/2025\/06\/131-407-1-100x100.jpg 100w, https:\/\/www.companhiaatlantica.pt\/wp-content\/uploads\/2025\/06\/131-407-1.jpg 1000w\" sizes=\"auto, (max-width: 700px) 100vw, 700px\" title=\"\"><img loading=\"lazy\" decoding=\"async\" width=\"700\" height=\"700\" src=\"https:\/\/www.companhiaatlantica.pt\/wp-content\/uploads\/2025\/06\/ca-duna-collection-green-cup-5-700x700.jpg\" class=\"attachment-woocommerce_thumbnail size-woocommerce_thumbnail\" alt=\"Becher 340ml DUNA \u2013 Set mit 6 St\u00fcck\" srcset=\"https:\/\/www.companhiaatlantica.pt\/wp-content\/uploads\/2025\/06\/ca-duna-collection-green-cup-5-700x700.jpg 700w, https:\/\/www.companhiaatlantica.pt\/wp-content\/uploads\/2025\/06\/ca-duna-collection-green-cup-5-350x350.jpg 350w, https:\/\/www.companhiaatlantica.pt\/wp-content\/uploads\/2025\/06\/ca-duna-collection-green-cup-5-100x100.jpg 100w\" sizes=\"auto, (max-width: 700px) 100vw, 700px\" title=\"\">\t\t\t\t\t\t\t\t\t<\/a>\n\t\t\t\t\t\t\t\t\t\t\t\t\t\t\t\t\t\t \t\t\t\t\t\t\t\t<\/div>\n\t\t\t\t\t\t\t\t<div class=\"image-tools top right show-on-hover\">\n\t\t\t\t\t\t\t\t\t\t\t<div class=\"wishlist-icon\">\n\t\t\t<button class=\"wishlist-button button is-outline circle icon\" aria-label=\"Wunschliste\">\n\t\t\t\t<i class=\"icon-heart\" aria-hidden=\"true\"><\/i>\t\t\t<\/button>\n\t\t\t<div class=\"wishlist-popup dark\">\n\t\t\t\t\n<div\n\tclass=\"yith-wcwl-add-to-wishlist add-to-wishlist-74742 yith-wcwl-add-to-wishlist--button_default-style wishlist-fragment on-first-load\"\n\tdata-fragment-ref=\"74742\"\n\tdata-fragment-options=\"{&quot;base_url&quot;:&quot;&quot;,&quot;product_id&quot;:74742,&quot;parent_product_id&quot;:0,&quot;product_type&quot;:&quot;variable&quot;,&quot;is_single&quot;:false,&quot;in_default_wishlist&quot;:false,&quot;show_view&quot;:false,&quot;browse_wishlist_text&quot;:&quot;Siehe Ihre Wunschliste!&quot;,&quot;already_in_wishslist_text&quot;:&quot;Dieses Produkt steht bereits auf Ihrem Wunschzettel!&quot;,&quot;product_added_text&quot;:&quot;Produto adicionado!&quot;,&quot;available_multi_wishlist&quot;:false,&quot;disable_wishlist&quot;:false,&quot;show_count&quot;:false,&quot;ajax_loading&quot;:false,&quot;loop_position&quot;:&quot;after_add_to_cart&quot;,&quot;item&quot;:&quot;add_to_wishlist&quot;}\"\n>\n\t\t\t\n\t\t\t<!-- ADD TO WISHLIST -->\n\t\t\t\n<div class=\"yith-wcwl-add-button\">\n\t\t<a\n\t\thref=\"?add_to_wishlist=74742&#038;_wpnonce=52d31225f0\"\n\t\tclass=\"add_to_wishlist single_add_to_wishlist alt button theme-button-style \"\n\t\tdata-product-id=\"74742\"\n\t\tdata-product-type=\"variable\"\n\t\tdata-original-product-id=\"0\"\n\t\tdata-title=\"Zu meiner Wunschliste hinzuf\u00fcgen\"\n\t\trel=\"nofollow\"\n\t>\n\t\t<svg id=\"yith-wcwl-icon-heart-outline\" class=\"yith-wcwl-icon-svg\" fill=\"none\" stroke-width=\"1.5\" stroke=\"currentColor\" viewBox=\"0 0 24 24\" xmlns=\"http:\/\/www.w3.org\/2000\/svg\">\n  <path stroke-linecap=\"round\" stroke-linejoin=\"round\" d=\"M21 8.25c0-2.485-2.099-4.5-4.688-4.5-1.935 0-3.597 1.126-4.312 2.733-.715-1.607-2.377-2.733-4.313-2.733C5.1 3.75 3 5.765 3 8.25c0 7.22 9 12 9 12s9-4.78 9-12Z\"><\/path>\n<\/svg>\t\t<span>Zu meiner Wunschliste hinzuf\u00fcgen<\/span>\n\t<\/a>\n<\/div>\n\n\t\t\t<!-- COUNT TEXT -->\n\t\t\t\n\t\t\t<\/div>\n\t\t\t<\/div>\n\t\t<\/div>\n\t\t\t\t\t\t\t\t\t\t<\/div>\n\t\t\t\t\t\t\t\t\t\t\t\t\t\t\t\t\t<div class=\"image-tools grid-tools text-center hide-for-small bottom hover-slide-in show-on-hover\">\n\t\t\t\t\t\t\t\t\t\t\t\t\t\t\t\t\t\t\t<\/div>\n\t\t\t\t\t\t\t\t\t\t\t\t\t\t\t\t\t\t\t\t\t\t\t<\/div>\n\n\t\t\t\t\t\t\t<div class=\"box-text text-center\" >\n\t\t\t\t\t\t\t\t<div class=\"title-wrapper\"><p class=\"name product-title woocommerce-loop-product__title\"><a href=\"https:\/\/www.companhiaatlantica.pt\/de\/produto\/portugiesische-keramik\/keramiktasse\/becher-340ml-duna-set-mit-6-stueck\" class=\"woocommerce-LoopProduct-link woocommerce-loop-product__link\">Becher 340ml DUNA \u2013 Set mit 6 St\u00fcck<\/a><\/p><\/div><div class=\"price-wrapper\">\n\t<span class=\"price\"><del aria-hidden=\"true\"><span class=\"woocommerce-Price-amount amount\"><bdi>94.50<span class=\"woocommerce-Price-currencySymbol\">&euro;<\/span><\/bdi><\/span><\/del> <span class=\"screen-reader-text\">Urspr\u00fcnglicher Preis war: 94.50&euro;<\/span><ins aria-hidden=\"true\"><span class=\"woocommerce-Price-amount amount\"><bdi>79.95<span class=\"woocommerce-Price-currencySymbol\">&euro;<\/span><\/bdi><\/span><\/ins><span class=\"screen-reader-text\">Aktueller Preis ist: 79.95&euro;.<\/span><\/span>\n<\/div>\t<span id=\"woocommerce_loop_add_to_cart_link_describedby_74742\" class=\"screen-reader-text\">\n\t\tDieses Produkt weist mehrere Varianten auf. Die Optionen k\u00f6nnen auf der Produktseite gew\u00e4hlt werden\t<\/span>\n\t\t\t\t\t\t\t<\/div>\n\t\t\t\t\t\t<\/div>\n\t\t\t\t\t\t<\/div>\n\t\t\t\t\t<\/div><div class=\"col\" >\n\t\t\t\t\t\t<div class=\"col-inner\">\n\t\t\t\t\t\t\n<div class=\"badge-container absolute left top z-1\">\n<div class=\"badge callout badge-circle\">\r\n  \t\t\t<div class=\"badge-inner secondary on-sale\">\r\n  \t\t\t\t<span class=\"onsale\">-15%<\/span>\r\n\t\t\t<\/div>\r\n\t\t<\/div>\r\n\t\t<div class=\"badge callout badge-circle\">\r\n\t\t\t<div class=\"badge-inner callout-new-bg is-small new-bubble\">6 pcs<\/div>\r\n\t\t<\/div>\n<div class=\"badge callout badge-circle\"><div class=\"badge-inner callout-new-bg is-small new-bubble\">6 pcs<\/div><\/div><\/div>\n\t\t\t\t\t\t<div class=\"product-small box has-hover box-push box-text-bottom\">\n\t\t\t\t\t\t\t<div class=\"box-image\" >\n\t\t\t\t\t\t\t\t<div class=\"\" >\n\t\t\t\t\t\t\t\t\t<a href=\"https:\/\/www.companhiaatlantica.pt\/de\/produto\/portugiesische-keramik\/keramiktasse\/giro-cappuccino-tassen-und-untertassen\" aria-label=\"GIRO Cappuccino-Tassen und Untertassen 150ml - Set aus 6\">\n\t\t\t\t\t\t\t\t\t\t<img loading=\"lazy\" decoding=\"async\" width=\"700\" height=\"700\" src=\"https:\/\/www.companhiaatlantica.pt\/wp-content\/uploads\/2024\/06\/giro-coffee-cappuccino-bread-plate-700x700.jpg\" class=\"show-on-hover absolute fill hide-for-small back-image\" alt=\"Alternative view of GIRO Cappuccino-Tassen und Untertassen 150ml - Set aus 6\" aria-hidden=\"true\" srcset=\"https:\/\/www.companhiaatlantica.pt\/wp-content\/uploads\/2024\/06\/giro-coffee-cappuccino-bread-plate-700x700.jpg 700w, https:\/\/www.companhiaatlantica.pt\/wp-content\/uploads\/2024\/06\/giro-coffee-cappuccino-bread-plate-100x100.jpg 100w, https:\/\/www.companhiaatlantica.pt\/wp-content\/uploads\/2024\/06\/giro-coffee-cappuccino-bread-plate-400x400.jpg 400w, https:\/\/www.companhiaatlantica.pt\/wp-content\/uploads\/2024\/06\/giro-coffee-cappuccino-bread-plate-350x350.jpg 350w, https:\/\/www.companhiaatlantica.pt\/wp-content\/uploads\/2024\/06\/giro-coffee-cappuccino-bread-plate-768x768.jpg 768w, https:\/\/www.companhiaatlantica.pt\/wp-content\/uploads\/2024\/06\/giro-coffee-cappuccino-bread-plate-600x600.jpg 600w, https:\/\/www.companhiaatlantica.pt\/wp-content\/uploads\/2024\/06\/giro-coffee-cappuccino-bread-plate.jpg 900w\" sizes=\"auto, (max-width: 700px) 100vw, 700px\" title=\"\"><img loading=\"lazy\" decoding=\"async\" width=\"700\" height=\"700\" src=\"https:\/\/www.companhiaatlantica.pt\/wp-content\/uploads\/2024\/05\/giro-1-700x700.jpg\" class=\"attachment-woocommerce_thumbnail size-woocommerce_thumbnail\" alt=\"GIRO Cappuccino-Tassen und Untertassen 150ml - Set aus 6\" srcset=\"https:\/\/www.companhiaatlantica.pt\/wp-content\/uploads\/2024\/05\/giro-1-700x700.jpg 700w, https:\/\/www.companhiaatlantica.pt\/wp-content\/uploads\/2024\/05\/giro-1-400x400.jpg 400w, https:\/\/www.companhiaatlantica.pt\/wp-content\/uploads\/2024\/05\/giro-1-350x350.jpg 350w, https:\/\/www.companhiaatlantica.pt\/wp-content\/uploads\/2024\/05\/giro-1-768x768.jpg 768w, https:\/\/www.companhiaatlantica.pt\/wp-content\/uploads\/2024\/05\/giro-1-900x900.jpg 900w, https:\/\/www.companhiaatlantica.pt\/wp-content\/uploads\/2024\/05\/giro-1-100x100.jpg 100w, https:\/\/www.companhiaatlantica.pt\/wp-content\/uploads\/2024\/05\/giro-1.jpg 1000w\" sizes=\"auto, (max-width: 700px) 100vw, 700px\" title=\"\">\t\t\t\t\t\t\t\t\t<\/a>\n\t\t\t\t\t\t\t\t\t\t\t\t\t\t\t\t\t\t \t\t\t\t\t\t\t\t<\/div>\n\t\t\t\t\t\t\t\t<div class=\"image-tools top right show-on-hover\">\n\t\t\t\t\t\t\t\t\t\t\t<div class=\"wishlist-icon\">\n\t\t\t<button class=\"wishlist-button button is-outline circle icon\" aria-label=\"Wunschliste\">\n\t\t\t\t<i class=\"icon-heart\" aria-hidden=\"true\"><\/i>\t\t\t<\/button>\n\t\t\t<div class=\"wishlist-popup dark\">\n\t\t\t\t\n<div\n\tclass=\"yith-wcwl-add-to-wishlist add-to-wishlist-58460 yith-wcwl-add-to-wishlist--button_default-style wishlist-fragment on-first-load\"\n\tdata-fragment-ref=\"58460\"\n\tdata-fragment-options=\"{&quot;base_url&quot;:&quot;&quot;,&quot;product_id&quot;:58460,&quot;parent_product_id&quot;:0,&quot;product_type&quot;:&quot;simple&quot;,&quot;is_single&quot;:false,&quot;in_default_wishlist&quot;:false,&quot;show_view&quot;:false,&quot;browse_wishlist_text&quot;:&quot;Siehe Ihre Wunschliste!&quot;,&quot;already_in_wishslist_text&quot;:&quot;Dieses Produkt steht bereits auf Ihrem Wunschzettel!&quot;,&quot;product_added_text&quot;:&quot;Produto adicionado!&quot;,&quot;available_multi_wishlist&quot;:false,&quot;disable_wishlist&quot;:false,&quot;show_count&quot;:false,&quot;ajax_loading&quot;:false,&quot;loop_position&quot;:&quot;after_add_to_cart&quot;,&quot;item&quot;:&quot;add_to_wishlist&quot;}\"\n>\n\t\t\t\n\t\t\t<!-- ADD TO WISHLIST -->\n\t\t\t\n<div class=\"yith-wcwl-add-button\">\n\t\t<a\n\t\thref=\"?add_to_wishlist=58460&#038;_wpnonce=52d31225f0\"\n\t\tclass=\"add_to_wishlist single_add_to_wishlist alt button theme-button-style \"\n\t\tdata-product-id=\"58460\"\n\t\tdata-product-type=\"simple\"\n\t\tdata-original-product-id=\"0\"\n\t\tdata-title=\"Zu meiner Wunschliste hinzuf\u00fcgen\"\n\t\trel=\"nofollow\"\n\t>\n\t\t<svg id=\"yith-wcwl-icon-heart-outline\" class=\"yith-wcwl-icon-svg\" fill=\"none\" stroke-width=\"1.5\" stroke=\"currentColor\" viewBox=\"0 0 24 24\" xmlns=\"http:\/\/www.w3.org\/2000\/svg\">\n  <path stroke-linecap=\"round\" stroke-linejoin=\"round\" d=\"M21 8.25c0-2.485-2.099-4.5-4.688-4.5-1.935 0-3.597 1.126-4.312 2.733-.715-1.607-2.377-2.733-4.313-2.733C5.1 3.75 3 5.765 3 8.25c0 7.22 9 12 9 12s9-4.78 9-12Z\"><\/path>\n<\/svg>\t\t<span>Zu meiner Wunschliste hinzuf\u00fcgen<\/span>\n\t<\/a>\n<\/div>\n\n\t\t\t<!-- COUNT TEXT -->\n\t\t\t\n\t\t\t<\/div>\n\t\t\t<\/div>\n\t\t<\/div>\n\t\t\t\t\t\t\t\t\t\t<\/div>\n\t\t\t\t\t\t\t\t\t\t\t\t\t\t\t\t\t<div class=\"image-tools grid-tools text-center hide-for-small bottom hover-slide-in show-on-hover\">\n\t\t\t\t\t\t\t\t\t\t\t\t\t\t\t\t\t\t\t<\/div>\n\t\t\t\t\t\t\t\t\t\t\t\t\t\t\t\t\t\t\t\t\t\t\t<\/div>\n\n\t\t\t\t\t\t\t<div class=\"box-text text-center\" >\n\t\t\t\t\t\t\t\t<span class=\"featured-badge\"><img decoding=\"async\" src=\"https:\/\/cdn.companhiaatlantica.pt\/wp-content\/themes\/flatsome-child\/src\/img\/ar-icon-2.jpg\" alt=\"AR Icon\" class=\"ar-icon\" title=\"\"><\/span><div class=\"title-wrapper\"><p class=\"name product-title woocommerce-loop-product__title\"><a href=\"https:\/\/www.companhiaatlantica.pt\/de\/produto\/portugiesische-keramik\/keramiktasse\/giro-cappuccino-tassen-und-untertassen\" class=\"woocommerce-LoopProduct-link woocommerce-loop-product__link\">GIRO Cappuccino-Tassen und Untertassen 150ml &#8211; Set aus 6<\/a><\/p><\/div><div class=\"price-wrapper\">\n\t<span class=\"price\"><del aria-hidden=\"true\"><span class=\"woocommerce-Price-amount amount\"><bdi>119.40<span class=\"woocommerce-Price-currencySymbol\">&euro;<\/span><\/bdi><\/span><\/del> <span class=\"screen-reader-text\">Urspr\u00fcnglicher Preis war: 119.40&euro;<\/span><ins aria-hidden=\"true\"><span class=\"woocommerce-Price-amount amount\"><bdi>100.90<span class=\"woocommerce-Price-currencySymbol\">&euro;<\/span><\/bdi><\/span><\/ins><span class=\"screen-reader-text\">Aktueller Preis ist: 100.90&euro;.<\/span><\/span>\n<\/div>\t<span id=\"woocommerce_loop_add_to_cart_link_describedby_58460\" class=\"screen-reader-text\">\n\t\t\t<\/span>\n\t\t\t\t\t\t\t<\/div>\n\t\t\t\t\t\t<\/div>\n\t\t\t\t\t\t<\/div>\n\t\t\t\t\t<\/div><div class=\"col\" >\n\t\t\t\t\t\t<div class=\"col-inner\">\n\t\t\t\t\t\t\n<div class=\"badge-container absolute left top z-1\">\n\n<div class=\"badge callout badge-circle\"><div class=\"badge-inner callout-new-bg is-small new-bubble\">NEW<\/div><\/div><\/div>\n\t\t\t\t\t\t<div class=\"product-small box has-hover box-push box-text-bottom\">\n\t\t\t\t\t\t\t<div class=\"box-image\" >\n\t\t\t\t\t\t\t\t<div class=\"\" >\n\t\t\t\t\t\t\t\t\t<a href=\"https:\/\/www.companhiaatlantica.pt\/de\/produto\/portugiesische-keramik\/keramiktasse\/becher-340ml-duna\" aria-label=\"Becher 340ml DUNA\">\n\t\t\t\t\t\t\t\t\t\t<img loading=\"lazy\" decoding=\"async\" width=\"700\" height=\"700\" src=\"https:\/\/www.companhiaatlantica.pt\/wp-content\/uploads\/2025\/06\/131-407-1-700x700.jpg\" class=\"show-on-hover absolute fill hide-for-small back-image\" alt=\"Alternative view of Becher 340ml DUNA\" aria-hidden=\"true\" srcset=\"https:\/\/www.companhiaatlantica.pt\/wp-content\/uploads\/2025\/06\/131-407-1-700x700.jpg 700w, https:\/\/www.companhiaatlantica.pt\/wp-content\/uploads\/2025\/06\/131-407-1-400x400.jpg 400w, https:\/\/www.companhiaatlantica.pt\/wp-content\/uploads\/2025\/06\/131-407-1-350x350.jpg 350w, https:\/\/www.companhiaatlantica.pt\/wp-content\/uploads\/2025\/06\/131-407-1-768x768.jpg 768w, https:\/\/www.companhiaatlantica.pt\/wp-content\/uploads\/2025\/06\/131-407-1-900x900.jpg 900w, https:\/\/www.companhiaatlantica.pt\/wp-content\/uploads\/2025\/06\/131-407-1-100x100.jpg 100w, https:\/\/www.companhiaatlantica.pt\/wp-content\/uploads\/2025\/06\/131-407-1.jpg 1000w\" sizes=\"auto, (max-width: 700px) 100vw, 700px\" title=\"\"><img loading=\"lazy\" decoding=\"async\" width=\"700\" height=\"700\" src=\"https:\/\/www.companhiaatlantica.pt\/wp-content\/uploads\/2026\/01\/ca-duna-collection-grey-caneca-700x700.jpg\" class=\"attachment-woocommerce_thumbnail size-woocommerce_thumbnail\" alt=\"Becher 340ml DUNA\" srcset=\"https:\/\/www.companhiaatlantica.pt\/wp-content\/uploads\/2026\/01\/ca-duna-collection-grey-caneca-700x700.jpg 700w, https:\/\/www.companhiaatlantica.pt\/wp-content\/uploads\/2026\/01\/ca-duna-collection-grey-caneca-400x400.jpg 400w, https:\/\/www.companhiaatlantica.pt\/wp-content\/uploads\/2026\/01\/ca-duna-collection-grey-caneca-350x350.jpg 350w, https:\/\/www.companhiaatlantica.pt\/wp-content\/uploads\/2026\/01\/ca-duna-collection-grey-caneca-100x100.jpg 100w, https:\/\/www.companhiaatlantica.pt\/wp-content\/uploads\/2026\/01\/ca-duna-collection-grey-caneca.jpg 1000w\" sizes=\"auto, (max-width: 700px) 100vw, 700px\" title=\"\">\t\t\t\t\t\t\t\t\t<\/a>\n\t\t\t\t\t\t\t\t\t\t\t\t\t\t\t\t\t\t \t\t\t\t\t\t\t\t<\/div>\n\t\t\t\t\t\t\t\t<div class=\"image-tools top right show-on-hover\">\n\t\t\t\t\t\t\t\t\t\t\t<div class=\"wishlist-icon\">\n\t\t\t<button class=\"wishlist-button button is-outline circle icon\" aria-label=\"Wunschliste\">\n\t\t\t\t<i class=\"icon-heart\" aria-hidden=\"true\"><\/i>\t\t\t<\/button>\n\t\t\t<div class=\"wishlist-popup dark\">\n\t\t\t\t\n<div\n\tclass=\"yith-wcwl-add-to-wishlist add-to-wishlist-74601 yith-wcwl-add-to-wishlist--button_default-style wishlist-fragment on-first-load\"\n\tdata-fragment-ref=\"74601\"\n\tdata-fragment-options=\"{&quot;base_url&quot;:&quot;&quot;,&quot;product_id&quot;:74601,&quot;parent_product_id&quot;:0,&quot;product_type&quot;:&quot;variable&quot;,&quot;is_single&quot;:false,&quot;in_default_wishlist&quot;:false,&quot;show_view&quot;:false,&quot;browse_wishlist_text&quot;:&quot;Siehe Ihre Wunschliste!&quot;,&quot;already_in_wishslist_text&quot;:&quot;Dieses Produkt steht bereits auf Ihrem Wunschzettel!&quot;,&quot;product_added_text&quot;:&quot;Produto adicionado!&quot;,&quot;available_multi_wishlist&quot;:false,&quot;disable_wishlist&quot;:false,&quot;show_count&quot;:false,&quot;ajax_loading&quot;:false,&quot;loop_position&quot;:&quot;after_add_to_cart&quot;,&quot;item&quot;:&quot;add_to_wishlist&quot;}\"\n>\n\t\t\t\n\t\t\t<!-- ADD TO WISHLIST -->\n\t\t\t\n<div class=\"yith-wcwl-add-button\">\n\t\t<a\n\t\thref=\"?add_to_wishlist=74601&#038;_wpnonce=52d31225f0\"\n\t\tclass=\"add_to_wishlist single_add_to_wishlist alt button theme-button-style \"\n\t\tdata-product-id=\"74601\"\n\t\tdata-product-type=\"variable\"\n\t\tdata-original-product-id=\"0\"\n\t\tdata-title=\"Zu meiner Wunschliste hinzuf\u00fcgen\"\n\t\trel=\"nofollow\"\n\t>\n\t\t<svg id=\"yith-wcwl-icon-heart-outline\" class=\"yith-wcwl-icon-svg\" fill=\"none\" stroke-width=\"1.5\" stroke=\"currentColor\" viewBox=\"0 0 24 24\" xmlns=\"http:\/\/www.w3.org\/2000\/svg\">\n  <path stroke-linecap=\"round\" stroke-linejoin=\"round\" d=\"M21 8.25c0-2.485-2.099-4.5-4.688-4.5-1.935 0-3.597 1.126-4.312 2.733-.715-1.607-2.377-2.733-4.313-2.733C5.1 3.75 3 5.765 3 8.25c0 7.22 9 12 9 12s9-4.78 9-12Z\"><\/path>\n<\/svg>\t\t<span>Zu meiner Wunschliste hinzuf\u00fcgen<\/span>\n\t<\/a>\n<\/div>\n\n\t\t\t<!-- COUNT TEXT -->\n\t\t\t\n\t\t\t<\/div>\n\t\t\t<\/div>\n\t\t<\/div>\n\t\t\t\t\t\t\t\t\t\t<\/div>\n\t\t\t\t\t\t\t\t\t\t\t\t\t\t\t\t\t<div class=\"image-tools grid-tools text-center hide-for-small bottom hover-slide-in show-on-hover\">\n\t\t\t\t\t\t\t\t\t\t\t\t\t\t\t\t\t\t\t<\/div>\n\t\t\t\t\t\t\t\t\t\t\t\t\t\t\t\t\t\t\t\t\t\t\t<\/div>\n\n\t\t\t\t\t\t\t<div class=\"box-text text-center\" >\n\t\t\t\t\t\t\t\t<div class=\"title-wrapper\"><p class=\"name product-title woocommerce-loop-product__title\"><a href=\"https:\/\/www.companhiaatlantica.pt\/de\/produto\/portugiesische-keramik\/keramiktasse\/becher-340ml-duna\" class=\"woocommerce-LoopProduct-link woocommerce-loop-product__link\">Becher 340ml DUNA<\/a><\/p><\/div><div class=\"price-wrapper\">\n\t<span class=\"price\"><span class=\"woocommerce-Price-amount amount\"><bdi>15.75<span class=\"woocommerce-Price-currencySymbol\">&euro;<\/span><\/bdi><\/span><\/span>\n<\/div><div class=\"add-to-cart-button\"><a href=\"https:\/\/www.companhiaatlantica.pt\/de\/produto\/portugiesische-keramik\/keramiktasse\/becher-340ml-duna\" aria-describedby=\"woocommerce_loop_add_to_cart_link_describedby_74601\" data-quantity=\"1\" class=\"primary is-small mb-0 button product_type_variable add_to_cart_button is-outline\" data-product_id=\"74601\" data-product_sku=\"\" aria-label=\"W\u00e4hle Optionen f\u00fcr \u201eBecher 340ml DUNA\u201c\" rel=\"nofollow\" data-product_name=\"Becher 340ml DUNA\" data-product_image=\"https:\/\/www.companhiaatlantica.pt\/wp-content\/uploads\/2026\/01\/ca-duna-collection-grey-caneca-350x350.jpg\">Ausf\u00fchrung w\u00e4hlen<\/a><\/div>\t<span id=\"woocommerce_loop_add_to_cart_link_describedby_74601\" class=\"screen-reader-text\">\n\t\tDieses Produkt weist mehrere Varianten auf. Die Optionen k\u00f6nnen auf der Produktseite gew\u00e4hlt werden\t<\/span>\n\t\t\t\t\t\t\t<\/div>\n\t\t\t\t\t\t<\/div>\n\t\t\t\t\t\t<\/div>\n\t\t\t\t\t<\/div><div class=\"col\" >\n\t\t\t\t\t\t<div class=\"col-inner\">\n\t\t\t\t\t\t\n<div class=\"badge-container absolute left top z-1\">\n\n<\/div>\n\t\t\t\t\t\t<div class=\"product-small box has-hover box-push box-text-bottom\">\n\t\t\t\t\t\t\t<div class=\"box-image\" >\n\t\t\t\t\t\t\t\t<div class=\"\" >\n\t\t\t\t\t\t\t\t\t<a href=\"https:\/\/www.companhiaatlantica.pt\/de\/produto\/portugiesische-keramik\/keramiktasse\/plantoir-kaffeebecher-350ml\" aria-label=\"PLANTOIR Kaffeebecher 350ml\">\n\t\t\t\t\t\t\t\t\t\t<img loading=\"lazy\" decoding=\"async\" width=\"600\" height=\"600\" src=\"https:\/\/www.companhiaatlantica.pt\/wp-content\/uploads\/2020\/06\/IMG_0647.jpg\" class=\"show-on-hover absolute fill hide-for-small back-image\" alt=\"Alternative view of PLANTOIR Kaffeebecher 350ml\" aria-hidden=\"true\" srcset=\"https:\/\/www.companhiaatlantica.pt\/wp-content\/uploads\/2020\/06\/IMG_0647.jpg 600w, https:\/\/www.companhiaatlantica.pt\/wp-content\/uploads\/2020\/06\/IMG_0647-100x100.jpg 100w\" sizes=\"auto, (max-width: 600px) 100vw, 600px\" title=\"\"><img loading=\"lazy\" decoding=\"async\" width=\"600\" height=\"600\" src=\"https:\/\/www.companhiaatlantica.pt\/wp-content\/uploads\/2019\/09\/130-462.jpg\" class=\"attachment-woocommerce_thumbnail size-woocommerce_thumbnail\" alt=\"PLANTOIR Kaffeebecher 350ml\" srcset=\"https:\/\/www.companhiaatlantica.pt\/wp-content\/uploads\/2019\/09\/130-462.jpg 600w, https:\/\/www.companhiaatlantica.pt\/wp-content\/uploads\/2019\/09\/130-462-100x100.jpg 100w\" sizes=\"auto, (max-width: 600px) 100vw, 600px\" title=\"\">\t\t\t\t\t\t\t\t\t<\/a>\n\t\t\t\t\t\t\t\t\t\t\t\t\t\t\t\t\t\t \t\t\t\t\t\t\t\t<\/div>\n\t\t\t\t\t\t\t\t<div class=\"image-tools top right show-on-hover\">\n\t\t\t\t\t\t\t\t\t\t\t<div class=\"wishlist-icon\">\n\t\t\t<button class=\"wishlist-button button is-outline circle icon\" aria-label=\"Wunschliste\">\n\t\t\t\t<i class=\"icon-heart\" aria-hidden=\"true\"><\/i>\t\t\t<\/button>\n\t\t\t<div class=\"wishlist-popup dark\">\n\t\t\t\t\n<div\n\tclass=\"yith-wcwl-add-to-wishlist add-to-wishlist-42054 yith-wcwl-add-to-wishlist--button_default-style wishlist-fragment on-first-load\"\n\tdata-fragment-ref=\"42054\"\n\tdata-fragment-options=\"{&quot;base_url&quot;:&quot;&quot;,&quot;product_id&quot;:42054,&quot;parent_product_id&quot;:0,&quot;product_type&quot;:&quot;simple&quot;,&quot;is_single&quot;:false,&quot;in_default_wishlist&quot;:false,&quot;show_view&quot;:false,&quot;browse_wishlist_text&quot;:&quot;Siehe Ihre Wunschliste!&quot;,&quot;already_in_wishslist_text&quot;:&quot;Dieses Produkt steht bereits auf Ihrem Wunschzettel!&quot;,&quot;product_added_text&quot;:&quot;Produto adicionado!&quot;,&quot;available_multi_wishlist&quot;:false,&quot;disable_wishlist&quot;:false,&quot;show_count&quot;:false,&quot;ajax_loading&quot;:false,&quot;loop_position&quot;:&quot;after_add_to_cart&quot;,&quot;item&quot;:&quot;add_to_wishlist&quot;}\"\n>\n\t\t\t\n\t\t\t<!-- ADD TO WISHLIST -->\n\t\t\t\n<div class=\"yith-wcwl-add-button\">\n\t\t<a\n\t\thref=\"?add_to_wishlist=42054&#038;_wpnonce=52d31225f0\"\n\t\tclass=\"add_to_wishlist single_add_to_wishlist alt button theme-button-style \"\n\t\tdata-product-id=\"42054\"\n\t\tdata-product-type=\"simple\"\n\t\tdata-original-product-id=\"0\"\n\t\tdata-title=\"Zu meiner Wunschliste hinzuf\u00fcgen\"\n\t\trel=\"nofollow\"\n\t>\n\t\t<svg id=\"yith-wcwl-icon-heart-outline\" class=\"yith-wcwl-icon-svg\" fill=\"none\" stroke-width=\"1.5\" stroke=\"currentColor\" viewBox=\"0 0 24 24\" xmlns=\"http:\/\/www.w3.org\/2000\/svg\">\n  <path stroke-linecap=\"round\" stroke-linejoin=\"round\" d=\"M21 8.25c0-2.485-2.099-4.5-4.688-4.5-1.935 0-3.597 1.126-4.312 2.733-.715-1.607-2.377-2.733-4.313-2.733C5.1 3.75 3 5.765 3 8.25c0 7.22 9 12 9 12s9-4.78 9-12Z\"><\/path>\n<\/svg>\t\t<span>Zu meiner Wunschliste hinzuf\u00fcgen<\/span>\n\t<\/a>\n<\/div>\n\n\t\t\t<!-- COUNT TEXT -->\n\t\t\t\n\t\t\t<\/div>\n\t\t\t<\/div>\n\t\t<\/div>\n\t\t\t\t\t\t\t\t\t\t<\/div>\n\t\t\t\t\t\t\t\t\t\t\t\t\t\t\t\t\t<div class=\"image-tools grid-tools text-center hide-for-small bottom hover-slide-in show-on-hover\">\n\t\t\t\t\t\t\t\t\t\t\t\t\t\t\t\t\t\t\t<\/div>\n\t\t\t\t\t\t\t\t\t\t\t\t\t\t\t\t\t\t\t\t\t\t\t<\/div>\n\n\t\t\t\t\t\t\t<div class=\"box-text text-center\" >\n\t\t\t\t\t\t\t\t<div class=\"title-wrapper\"><p class=\"name product-title woocommerce-loop-product__title\"><a href=\"https:\/\/www.companhiaatlantica.pt\/de\/produto\/portugiesische-keramik\/keramiktasse\/plantoir-kaffeebecher-350ml\" class=\"woocommerce-LoopProduct-link woocommerce-loop-product__link\">PLANTOIR Kaffeebecher 350ml<\/a><\/p><\/div><div class=\"price-wrapper\">\n\t<span class=\"price\"><span class=\"woocommerce-Price-amount amount\"><bdi>14.00<span class=\"woocommerce-Price-currencySymbol\">&euro;<\/span><\/bdi><\/span><\/span>\n<\/div><div class=\"add-to-cart-button\"><a href=\"\/de\/wp-json\/wp\/v2\/pages\/66644?add-to-cart=42054\" aria-describedby=\"woocommerce_loop_add_to_cart_link_describedby_42054\" data-quantity=\"1\" class=\"primary is-small mb-0 button product_type_simple add_to_cart_button ajax_add_to_cart is-outline\" data-product_id=\"42054\" data-product_sku=\"130-462\" aria-label=\"In den Warenkorb legen: \u201ePLANTOIR Kaffeebecher 350ml\u201c\" rel=\"nofollow\" data-success_message=\"\u201ePLANTOIR Kaffeebecher 350ml\u201c wurde deinem Warenkorb hinzugef\u00fcgt\" data-product_name=\"PLANTOIR Kaffeebecher 350ml\" data-product_image=\"https:\/\/www.companhiaatlantica.pt\/wp-content\/uploads\/2019\/09\/130-462.jpg\" role=\"button\">In den Warenkorb<\/a><\/div>\t<span id=\"woocommerce_loop_add_to_cart_link_describedby_42054\" class=\"screen-reader-text\">\n\t\t\t<\/span>\n\t\t\t\t\t\t\t<\/div>\n\t\t\t\t\t\t<\/div>\n\t\t\t\t\t\t<\/div>\n\t\t\t\t\t<\/div><div class=\"col\" >\n\t\t\t\t\t\t<div class=\"col-inner\">\n\t\t\t\t\t\t\n<div class=\"badge-container absolute left top z-1\">\n<div class=\"badge callout badge-circle\">\r\n  \t\t\t<div class=\"badge-inner secondary on-sale\">\r\n  \t\t\t\t<span class=\"onsale\">-29%<\/span>\r\n\t\t\t<\/div>\r\n\t\t<\/div>\r\n\t\t<div class=\"badge callout badge-circle\">\r\n\t\t\t<div class=\"badge-inner callout-new-bg is-small new-bubble\">6 pcs<\/div>\r\n\t\t<\/div>\n<div class=\"badge callout badge-circle\"><div class=\"badge-inner callout-new-bg is-small new-bubble\">6 pcs<\/div><\/div><\/div>\n\t\t\t\t\t\t<div class=\"product-small box has-hover box-push box-text-bottom\">\n\t\t\t\t\t\t\t<div class=\"box-image\" >\n\t\t\t\t\t\t\t\t<div class=\"\" >\n\t\t\t\t\t\t\t\t\t<a href=\"https:\/\/www.companhiaatlantica.pt\/de\/produto\/portugiesische-keramik\/keramiktasse\/costa-kaffeebecher-6er-set\" aria-label=\"COSTA Kaffeebecher - 6er Set\">\n\t\t\t\t\t\t\t\t\t\t<img loading=\"lazy\" decoding=\"async\" width=\"600\" height=\"600\" src=\"https:\/\/www.companhiaatlantica.pt\/wp-content\/uploads\/2022\/02\/DSC9836.jpg\" class=\"show-on-hover absolute fill hide-for-small back-image\" alt=\"Alternative view of COSTA Kaffeebecher - 6er Set\" aria-hidden=\"true\" srcset=\"https:\/\/www.companhiaatlantica.pt\/wp-content\/uploads\/2022\/02\/DSC9836.jpg 600w, https:\/\/www.companhiaatlantica.pt\/wp-content\/uploads\/2022\/02\/DSC9836-100x100.jpg 100w\" sizes=\"auto, (max-width: 600px) 100vw, 600px\" title=\"\"><img loading=\"lazy\" decoding=\"async\" width=\"600\" height=\"600\" src=\"https:\/\/www.companhiaatlantica.pt\/wp-content\/uploads\/2022\/02\/DSC9827.jpg\" class=\"attachment-woocommerce_thumbnail size-woocommerce_thumbnail\" alt=\"COSTA Kaffeebecher - 6er Set\" srcset=\"https:\/\/www.companhiaatlantica.pt\/wp-content\/uploads\/2022\/02\/DSC9827.jpg 600w, https:\/\/www.companhiaatlantica.pt\/wp-content\/uploads\/2022\/02\/DSC9827-100x100.jpg 100w\" sizes=\"auto, (max-width: 600px) 100vw, 600px\" title=\"\">\t\t\t\t\t\t\t\t\t<\/a>\n\t\t\t\t\t\t\t\t\t\t\t\t\t\t\t\t\t\t \t\t\t\t\t\t\t\t<\/div>\n\t\t\t\t\t\t\t\t<div class=\"image-tools top right show-on-hover\">\n\t\t\t\t\t\t\t\t\t\t\t<div class=\"wishlist-icon\">\n\t\t\t<button class=\"wishlist-button button is-outline circle icon\" aria-label=\"Wunschliste\">\n\t\t\t\t<i class=\"icon-heart\" aria-hidden=\"true\"><\/i>\t\t\t<\/button>\n\t\t\t<div class=\"wishlist-popup dark\">\n\t\t\t\t\n<div\n\tclass=\"yith-wcwl-add-to-wishlist add-to-wishlist-41262 yith-wcwl-add-to-wishlist--button_default-style wishlist-fragment on-first-load\"\n\tdata-fragment-ref=\"41262\"\n\tdata-fragment-options=\"{&quot;base_url&quot;:&quot;&quot;,&quot;product_id&quot;:41262,&quot;parent_product_id&quot;:0,&quot;product_type&quot;:&quot;simple&quot;,&quot;is_single&quot;:false,&quot;in_default_wishlist&quot;:false,&quot;show_view&quot;:false,&quot;browse_wishlist_text&quot;:&quot;Siehe Ihre Wunschliste!&quot;,&quot;already_in_wishslist_text&quot;:&quot;Dieses Produkt steht bereits auf Ihrem Wunschzettel!&quot;,&quot;product_added_text&quot;:&quot;Produto adicionado!&quot;,&quot;available_multi_wishlist&quot;:false,&quot;disable_wishlist&quot;:false,&quot;show_count&quot;:false,&quot;ajax_loading&quot;:false,&quot;loop_position&quot;:&quot;after_add_to_cart&quot;,&quot;item&quot;:&quot;add_to_wishlist&quot;}\"\n>\n\t\t\t\n\t\t\t<!-- ADD TO WISHLIST -->\n\t\t\t\n<div class=\"yith-wcwl-add-button\">\n\t\t<a\n\t\thref=\"?add_to_wishlist=41262&#038;_wpnonce=52d31225f0\"\n\t\tclass=\"add_to_wishlist single_add_to_wishlist alt button theme-button-style \"\n\t\tdata-product-id=\"41262\"\n\t\tdata-product-type=\"simple\"\n\t\tdata-original-product-id=\"0\"\n\t\tdata-title=\"Zu meiner Wunschliste hinzuf\u00fcgen\"\n\t\trel=\"nofollow\"\n\t>\n\t\t<svg id=\"yith-wcwl-icon-heart-outline\" class=\"yith-wcwl-icon-svg\" fill=\"none\" stroke-width=\"1.5\" stroke=\"currentColor\" viewBox=\"0 0 24 24\" xmlns=\"http:\/\/www.w3.org\/2000\/svg\">\n  <path stroke-linecap=\"round\" stroke-linejoin=\"round\" d=\"M21 8.25c0-2.485-2.099-4.5-4.688-4.5-1.935 0-3.597 1.126-4.312 2.733-.715-1.607-2.377-2.733-4.313-2.733C5.1 3.75 3 5.765 3 8.25c0 7.22 9 12 9 12s9-4.78 9-12Z\"><\/path>\n<\/svg>\t\t<span>Zu meiner Wunschliste hinzuf\u00fcgen<\/span>\n\t<\/a>\n<\/div>\n\n\t\t\t<!-- COUNT TEXT -->\n\t\t\t\n\t\t\t<\/div>\n\t\t\t<\/div>\n\t\t<\/div>\n\t\t\t\t\t\t\t\t\t\t<\/div>\n\t\t\t\t\t\t\t\t\t\t\t\t\t\t\t\t\t<div class=\"image-tools grid-tools text-center hide-for-small bottom hover-slide-in show-on-hover\">\n\t\t\t\t\t\t\t\t\t\t\t\t\t\t\t\t\t\t\t<\/div>\n\t\t\t\t\t\t\t\t\t\t\t\t\t\t\t\t\t\t\t\t\t\t\t<\/div>\n\n\t\t\t\t\t\t\t<div class=\"box-text text-center\" >\n\t\t\t\t\t\t\t\t<div class=\"title-wrapper\"><p class=\"name product-title woocommerce-loop-product__title\"><a href=\"https:\/\/www.companhiaatlantica.pt\/de\/produto\/portugiesische-keramik\/keramiktasse\/costa-kaffeebecher-6er-set\" class=\"woocommerce-LoopProduct-link woocommerce-loop-product__link\">COSTA Kaffeebecher &#8211; 6er Set<\/a><\/p><\/div><div class=\"price-wrapper\">\n\t<span class=\"price\"><del aria-hidden=\"true\"><span class=\"woocommerce-Price-amount amount\"><bdi>84.00<span class=\"woocommerce-Price-currencySymbol\">&euro;<\/span><\/bdi><\/span><\/del> <span class=\"screen-reader-text\">Urspr\u00fcnglicher Preis war: 84.00&euro;<\/span><ins aria-hidden=\"true\"><span class=\"woocommerce-Price-amount amount\"><bdi>60.00<span class=\"woocommerce-Price-currencySymbol\">&euro;<\/span><\/bdi><\/span><\/ins><span class=\"screen-reader-text\">Aktueller Preis ist: 60.00&euro;.<\/span><\/span>\n<\/div>\t<span id=\"woocommerce_loop_add_to_cart_link_describedby_41262\" class=\"screen-reader-text\">\n\t\t\t<\/span>\n\t\t\t\t\t\t\t<\/div>\n\t\t\t\t\t\t<\/div>\n\t\t\t\t\t\t<\/div>\n\t\t\t\t\t<\/div><div class=\"col\" >\n\t\t\t\t\t\t<div class=\"col-inner\">\n\t\t\t\t\t\t\n<div class=\"badge-container absolute left top z-1\">\n<div class=\"badge callout badge-circle\">\r\n  \t\t\t<div class=\"badge-inner secondary on-sale\">\r\n  \t\t\t\t<span class=\"onsale\">-19%<\/span>\r\n\t\t\t<\/div>\r\n\t\t<\/div>\r\n\t\t<div class=\"badge callout badge-circle\">\r\n\t\t\t<div class=\"badge-inner callout-new-bg is-small new-bubble\">6 pcs<\/div>\r\n\t\t<\/div>\n<div class=\"badge callout badge-circle\"><div class=\"badge-inner callout-new-bg is-small new-bubble\">6 pcs<\/div><\/div><\/div>\n\t\t\t\t\t\t<div class=\"product-small box has-hover box-push box-text-bottom\">\n\t\t\t\t\t\t\t<div class=\"box-image\" >\n\t\t\t\t\t\t\t\t<div class=\"\" >\n\t\t\t\t\t\t\t\t\t<a href=\"https:\/\/www.companhiaatlantica.pt\/de\/produto\/portugiesische-keramik\/keramiktasse\/mar-kaffeebecher-500-ml-6er-set\" aria-label=\"MAR Kaffeebecher 500 ml \u2013 6er Set\">\n\t\t\t\t\t\t\t\t\t\t<img loading=\"lazy\" decoding=\"async\" width=\"600\" height=\"600\" src=\"https:\/\/www.companhiaatlantica.pt\/wp-content\/uploads\/2021\/08\/IMG_2478.jpg\" class=\"show-on-hover absolute fill hide-for-small back-image\" alt=\"Alternative view of MAR Kaffeebecher 500 ml \u2013 6er Set\" aria-hidden=\"true\" srcset=\"https:\/\/www.companhiaatlantica.pt\/wp-content\/uploads\/2021\/08\/IMG_2478.jpg 600w, https:\/\/www.companhiaatlantica.pt\/wp-content\/uploads\/2021\/08\/IMG_2478-100x100.jpg 100w\" sizes=\"auto, (max-width: 600px) 100vw, 600px\" title=\"\"><img loading=\"lazy\" decoding=\"async\" width=\"600\" height=\"600\" src=\"https:\/\/www.companhiaatlantica.pt\/wp-content\/uploads\/2021\/08\/IMG_2563.jpg\" class=\"attachment-woocommerce_thumbnail size-woocommerce_thumbnail\" alt=\"MAR Kaffeebecher 500 ml \u2013 6er Set\" srcset=\"https:\/\/www.companhiaatlantica.pt\/wp-content\/uploads\/2021\/08\/IMG_2563.jpg 600w, https:\/\/www.companhiaatlantica.pt\/wp-content\/uploads\/2021\/08\/IMG_2563-100x100.jpg 100w\" sizes=\"auto, (max-width: 600px) 100vw, 600px\" title=\"\">\t\t\t\t\t\t\t\t\t<\/a>\n\t\t\t\t\t\t\t\t\t\t\t\t\t\t\t\t\t\t \t\t\t\t\t\t\t\t<\/div>\n\t\t\t\t\t\t\t\t<div class=\"image-tools top right show-on-hover\">\n\t\t\t\t\t\t\t\t\t\t\t<div class=\"wishlist-icon\">\n\t\t\t<button class=\"wishlist-button button is-outline circle icon\" aria-label=\"Wunschliste\">\n\t\t\t\t<i class=\"icon-heart\" aria-hidden=\"true\"><\/i>\t\t\t<\/button>\n\t\t\t<div class=\"wishlist-popup dark\">\n\t\t\t\t\n<div\n\tclass=\"yith-wcwl-add-to-wishlist add-to-wishlist-59551 yith-wcwl-add-to-wishlist--button_default-style wishlist-fragment on-first-load\"\n\tdata-fragment-ref=\"59551\"\n\tdata-fragment-options=\"{&quot;base_url&quot;:&quot;&quot;,&quot;product_id&quot;:59551,&quot;parent_product_id&quot;:0,&quot;product_type&quot;:&quot;variable&quot;,&quot;is_single&quot;:false,&quot;in_default_wishlist&quot;:false,&quot;show_view&quot;:false,&quot;browse_wishlist_text&quot;:&quot;Siehe Ihre Wunschliste!&quot;,&quot;already_in_wishslist_text&quot;:&quot;Dieses Produkt steht bereits auf Ihrem Wunschzettel!&quot;,&quot;product_added_text&quot;:&quot;Produto adicionado!&quot;,&quot;available_multi_wishlist&quot;:false,&quot;disable_wishlist&quot;:false,&quot;show_count&quot;:false,&quot;ajax_loading&quot;:false,&quot;loop_position&quot;:&quot;after_add_to_cart&quot;,&quot;item&quot;:&quot;add_to_wishlist&quot;}\"\n>\n\t\t\t\n\t\t\t<!-- ADD TO WISHLIST -->\n\t\t\t\n<div class=\"yith-wcwl-add-button\">\n\t\t<a\n\t\thref=\"?add_to_wishlist=59551&#038;_wpnonce=52d31225f0\"\n\t\tclass=\"add_to_wishlist single_add_to_wishlist alt button theme-button-style \"\n\t\tdata-product-id=\"59551\"\n\t\tdata-product-type=\"variable\"\n\t\tdata-original-product-id=\"0\"\n\t\tdata-title=\"Zu meiner Wunschliste hinzuf\u00fcgen\"\n\t\trel=\"nofollow\"\n\t>\n\t\t<svg id=\"yith-wcwl-icon-heart-outline\" class=\"yith-wcwl-icon-svg\" fill=\"none\" stroke-width=\"1.5\" stroke=\"currentColor\" viewBox=\"0 0 24 24\" xmlns=\"http:\/\/www.w3.org\/2000\/svg\">\n  <path stroke-linecap=\"round\" stroke-linejoin=\"round\" d=\"M21 8.25c0-2.485-2.099-4.5-4.688-4.5-1.935 0-3.597 1.126-4.312 2.733-.715-1.607-2.377-2.733-4.313-2.733C5.1 3.75 3 5.765 3 8.25c0 7.22 9 12 9 12s9-4.78 9-12Z\"><\/path>\n<\/svg>\t\t<span>Zu meiner Wunschliste hinzuf\u00fcgen<\/span>\n\t<\/a>\n<\/div>\n\n\t\t\t<!-- COUNT TEXT -->\n\t\t\t\n\t\t\t<\/div>\n\t\t\t<\/div>\n\t\t<\/div>\n\t\t\t\t\t\t\t\t\t\t<\/div>\n\t\t\t\t\t\t\t\t\t\t\t\t\t\t\t\t\t<div class=\"image-tools grid-tools text-center hide-for-small bottom hover-slide-in show-on-hover\">\n\t\t\t\t\t\t\t\t\t\t\t\t\t\t\t\t\t\t\t<\/div>\n\t\t\t\t\t\t\t\t\t\t\t\t\t\t\t\t\t\t\t\t\t\t\t<\/div>\n\n\t\t\t\t\t\t\t<div class=\"box-text text-center\" >\n\t\t\t\t\t\t\t\t<div class=\"title-wrapper\"><p class=\"name product-title woocommerce-loop-product__title\"><a href=\"https:\/\/www.companhiaatlantica.pt\/de\/produto\/portugiesische-keramik\/keramiktasse\/mar-kaffeebecher-500-ml-6er-set\" class=\"woocommerce-LoopProduct-link woocommerce-loop-product__link\">MAR Kaffeebecher 500 ml \u2013 6er Set<\/a><\/p><\/div><div class=\"price-wrapper\">\n\t<span class=\"price\"><del aria-hidden=\"true\"><span class=\"woocommerce-Price-amount amount\"><bdi>108.00<span class=\"woocommerce-Price-currencySymbol\">&euro;<\/span><\/bdi><\/span><\/del> <span class=\"screen-reader-text\">Urspr\u00fcnglicher Preis war: 108.00&euro;<\/span><ins aria-hidden=\"true\"><span class=\"woocommerce-Price-amount amount\"><bdi>87.00<span class=\"woocommerce-Price-currencySymbol\">&euro;<\/span><\/bdi><\/span><\/ins><span class=\"screen-reader-text\">Aktueller Preis ist: 87.00&euro;.<\/span><\/span>\n<\/div>\t<span id=\"woocommerce_loop_add_to_cart_link_describedby_59551\" class=\"screen-reader-text\">\n\t\tDieses Produkt weist mehrere Varianten auf. Die Optionen k\u00f6nnen auf der Produktseite gew\u00e4hlt werden\t<\/span>\n\t\t\t\t\t\t\t<\/div>\n\t\t\t\t\t\t<\/div>\n\t\t\t\t\t\t<\/div>\n\t\t\t\t\t<\/div><div class=\"col\" >\n\t\t\t\t\t\t<div class=\"col-inner\">\n\t\t\t\t\t\t\n<div class=\"badge-container absolute left top z-1\">\n\n<\/div>\n\t\t\t\t\t\t<div class=\"product-small box has-hover box-push box-text-bottom\">\n\t\t\t\t\t\t\t<div class=\"box-image\" >\n\t\t\t\t\t\t\t\t<div class=\"\" >\n\t\t\t\t\t\t\t\t\t<a href=\"https:\/\/www.companhiaatlantica.pt\/de\/produto\/portugiesische-keramik\/keramiktasse\/costa-caneca-250ml-2\" aria-label=\"COSTA Kaffeebecher\">\n\t\t\t\t\t\t\t\t\t\t<img loading=\"lazy\" decoding=\"async\" width=\"600\" height=\"600\" src=\"https:\/\/www.companhiaatlantica.pt\/wp-content\/uploads\/2022\/02\/DSC9836.jpg\" class=\"show-on-hover absolute fill hide-for-small back-image\" alt=\"Alternative view of COSTA Kaffeebecher\" aria-hidden=\"true\" srcset=\"https:\/\/www.companhiaatlantica.pt\/wp-content\/uploads\/2022\/02\/DSC9836.jpg 600w, https:\/\/www.companhiaatlantica.pt\/wp-content\/uploads\/2022\/02\/DSC9836-100x100.jpg 100w\" sizes=\"auto, (max-width: 600px) 100vw, 600px\" title=\"\"><img loading=\"lazy\" decoding=\"async\" width=\"700\" height=\"700\" src=\"https:\/\/www.companhiaatlantica.pt\/wp-content\/uploads\/2022\/02\/130-828-1-700x700.jpg\" class=\"attachment-woocommerce_thumbnail size-woocommerce_thumbnail\" alt=\"COSTA Kaffeebecher\" srcset=\"https:\/\/www.companhiaatlantica.pt\/wp-content\/uploads\/2022\/02\/130-828-1-700x700.jpg 700w, https:\/\/www.companhiaatlantica.pt\/wp-content\/uploads\/2022\/02\/130-828-1-100x100.jpg 100w, https:\/\/www.companhiaatlantica.pt\/wp-content\/uploads\/2022\/02\/130-828-1-900x900.jpg 900w, https:\/\/www.companhiaatlantica.pt\/wp-content\/uploads\/2022\/02\/130-828-1-300x300.jpg 300w, https:\/\/www.companhiaatlantica.pt\/wp-content\/uploads\/2022\/02\/130-828-1-150x150.jpg 150w, https:\/\/www.companhiaatlantica.pt\/wp-content\/uploads\/2022\/02\/130-828-1-768x768.jpg 768w, https:\/\/www.companhiaatlantica.pt\/wp-content\/uploads\/2022\/02\/130-828-1-600x600.jpg 600w, https:\/\/www.companhiaatlantica.pt\/wp-content\/uploads\/2022\/02\/130-828-1.jpg 1000w\" sizes=\"auto, (max-width: 700px) 100vw, 700px\" title=\"\">\t\t\t\t\t\t\t\t\t<\/a>\n\t\t\t\t\t\t\t\t\t\t\t\t\t\t\t\t\t\t \t\t\t\t\t\t\t\t<\/div>\n\t\t\t\t\t\t\t\t<div class=\"image-tools top right show-on-hover\">\n\t\t\t\t\t\t\t\t\t\t\t<div class=\"wishlist-icon\">\n\t\t\t<button class=\"wishlist-button button is-outline circle icon\" aria-label=\"Wunschliste\">\n\t\t\t\t<i class=\"icon-heart\" aria-hidden=\"true\"><\/i>\t\t\t<\/button>\n\t\t\t<div class=\"wishlist-popup dark\">\n\t\t\t\t\n<div\n\tclass=\"yith-wcwl-add-to-wishlist add-to-wishlist-41241 yith-wcwl-add-to-wishlist--button_default-style wishlist-fragment on-first-load\"\n\tdata-fragment-ref=\"41241\"\n\tdata-fragment-options=\"{&quot;base_url&quot;:&quot;&quot;,&quot;product_id&quot;:41241,&quot;parent_product_id&quot;:0,&quot;product_type&quot;:&quot;simple&quot;,&quot;is_single&quot;:false,&quot;in_default_wishlist&quot;:false,&quot;show_view&quot;:false,&quot;browse_wishlist_text&quot;:&quot;Siehe Ihre Wunschliste!&quot;,&quot;already_in_wishslist_text&quot;:&quot;Dieses Produkt steht bereits auf Ihrem Wunschzettel!&quot;,&quot;product_added_text&quot;:&quot;Produto adicionado!&quot;,&quot;available_multi_wishlist&quot;:false,&quot;disable_wishlist&quot;:false,&quot;show_count&quot;:false,&quot;ajax_loading&quot;:false,&quot;loop_position&quot;:&quot;after_add_to_cart&quot;,&quot;item&quot;:&quot;add_to_wishlist&quot;}\"\n>\n\t\t\t\n\t\t\t<!-- ADD TO WISHLIST -->\n\t\t\t\n<div class=\"yith-wcwl-add-button\">\n\t\t<a\n\t\thref=\"?add_to_wishlist=41241&#038;_wpnonce=52d31225f0\"\n\t\tclass=\"add_to_wishlist single_add_to_wishlist alt button theme-button-style \"\n\t\tdata-product-id=\"41241\"\n\t\tdata-product-type=\"simple\"\n\t\tdata-original-product-id=\"0\"\n\t\tdata-title=\"Zu meiner Wunschliste hinzuf\u00fcgen\"\n\t\trel=\"nofollow\"\n\t>\n\t\t<svg id=\"yith-wcwl-icon-heart-outline\" class=\"yith-wcwl-icon-svg\" fill=\"none\" stroke-width=\"1.5\" stroke=\"currentColor\" viewBox=\"0 0 24 24\" xmlns=\"http:\/\/www.w3.org\/2000\/svg\">\n  <path stroke-linecap=\"round\" stroke-linejoin=\"round\" d=\"M21 8.25c0-2.485-2.099-4.5-4.688-4.5-1.935 0-3.597 1.126-4.312 2.733-.715-1.607-2.377-2.733-4.313-2.733C5.1 3.75 3 5.765 3 8.25c0 7.22 9 12 9 12s9-4.78 9-12Z\"><\/path>\n<\/svg>\t\t<span>Zu meiner Wunschliste hinzuf\u00fcgen<\/span>\n\t<\/a>\n<\/div>\n\n\t\t\t<!-- COUNT TEXT -->\n\t\t\t\n\t\t\t<\/div>\n\t\t\t<\/div>\n\t\t<\/div>\n\t\t\t\t\t\t\t\t\t\t<\/div>\n\t\t\t\t\t\t\t\t\t\t\t\t\t\t\t\t\t<div class=\"image-tools grid-tools text-center hide-for-small bottom hover-slide-in show-on-hover\">\n\t\t\t\t\t\t\t\t\t\t\t\t\t\t\t\t\t\t\t<\/div>\n\t\t\t\t\t\t\t\t\t\t\t\t\t\t\t\t\t\t\t\t\t\t\t<\/div>\n\n\t\t\t\t\t\t\t<div class=\"box-text text-center\" >\n\t\t\t\t\t\t\t\t<div class=\"title-wrapper\"><p class=\"name product-title woocommerce-loop-product__title\"><a href=\"https:\/\/www.companhiaatlantica.pt\/de\/produto\/portugiesische-keramik\/keramiktasse\/costa-caneca-250ml-2\" class=\"woocommerce-LoopProduct-link woocommerce-loop-product__link\">COSTA Kaffeebecher<\/a><\/p><\/div><div class=\"price-wrapper\">\n\t<span class=\"price\"><span class=\"woocommerce-Price-amount amount\"><bdi>14.00<span class=\"woocommerce-Price-currencySymbol\">&euro;<\/span><\/bdi><\/span><\/span>\n<\/div><div class=\"add-to-cart-button\"><a href=\"\/de\/wp-json\/wp\/v2\/pages\/66644?add-to-cart=41241\" aria-describedby=\"woocommerce_loop_add_to_cart_link_describedby_41241\" data-quantity=\"1\" class=\"primary is-small mb-0 button product_type_simple add_to_cart_button ajax_add_to_cart is-outline\" data-product_id=\"41241\" data-product_sku=\"130-828\" aria-label=\"In den Warenkorb legen: \u201eCOSTA Kaffeebecher\u201c\" rel=\"nofollow\" data-success_message=\"\u201eCOSTA Kaffeebecher\u201c wurde deinem Warenkorb hinzugef\u00fcgt\" data-product_name=\"COSTA Kaffeebecher\" data-product_image=\"https:\/\/www.companhiaatlantica.pt\/wp-content\/uploads\/2022\/02\/130-828-1-150x150.jpg\" role=\"button\">In den Warenkorb<\/a><\/div>\t<span id=\"woocommerce_loop_add_to_cart_link_describedby_41241\" class=\"screen-reader-text\">\n\t\t\t<\/span>\n\t\t\t\t\t\t\t<\/div>\n\t\t\t\t\t\t<\/div>\n\t\t\t\t\t\t<\/div>\n\t\t\t\t\t<\/div><div class=\"col\" >\n\t\t\t\t\t\t<div class=\"col-inner\">\n\t\t\t\t\t\t\n<div class=\"badge-container absolute left top z-1\">\n<div class=\"badge callout badge-circle\">\r\n  \t\t\t<div class=\"badge-inner secondary on-sale\">\r\n  \t\t\t\t<span class=\"onsale\">-20%<\/span>\r\n\t\t\t<\/div>\r\n\t\t<\/div>\r\n\t\t<div class=\"badge callout badge-circle\">\r\n\t\t\t<div class=\"badge-inner callout-new-bg is-small new-bubble\">6 pcs<\/div>\r\n\t\t<\/div>\n<div class=\"badge callout badge-circle\"><div class=\"badge-inner callout-new-bg is-small new-bubble\">6 pcs<\/div><\/div><\/div>\n\t\t\t\t\t\t<div class=\"product-small box has-hover box-push box-text-bottom\">\n\t\t\t\t\t\t\t<div class=\"box-image\" >\n\t\t\t\t\t\t\t\t<div class=\"\" >\n\t\t\t\t\t\t\t\t\t<a href=\"https:\/\/www.companhiaatlantica.pt\/de\/produto\/portugiesische-keramik\/keramiktasse\/comporta-becher-6er-satz\" aria-label=\"COMPORTA Becher - 6er-Satz\">\n\t\t\t\t\t\t\t\t\t\t<img loading=\"lazy\" decoding=\"async\" width=\"600\" height=\"600\" src=\"https:\/\/www.companhiaatlantica.pt\/wp-content\/uploads\/2020\/09\/IMG_2628.jpg\" class=\"show-on-hover absolute fill hide-for-small back-image\" alt=\"Alternative view of COMPORTA Becher - 6er-Satz\" aria-hidden=\"true\" srcset=\"https:\/\/www.companhiaatlantica.pt\/wp-content\/uploads\/2020\/09\/IMG_2628.jpg 600w, https:\/\/www.companhiaatlantica.pt\/wp-content\/uploads\/2020\/09\/IMG_2628-100x100.jpg 100w\" sizes=\"auto, (max-width: 600px) 100vw, 600px\" title=\"\"><img loading=\"lazy\" decoding=\"async\" width=\"600\" height=\"600\" src=\"https:\/\/www.companhiaatlantica.pt\/wp-content\/uploads\/2020\/09\/IMG_2756.jpg\" class=\"attachment-woocommerce_thumbnail size-woocommerce_thumbnail\" alt=\"COMPORTA Becher - 6er-Satz\" srcset=\"https:\/\/www.companhiaatlantica.pt\/wp-content\/uploads\/2020\/09\/IMG_2756.jpg 600w, https:\/\/www.companhiaatlantica.pt\/wp-content\/uploads\/2020\/09\/IMG_2756-100x100.jpg 100w\" sizes=\"auto, (max-width: 600px) 100vw, 600px\" title=\"\">\t\t\t\t\t\t\t\t\t<\/a>\n\t\t\t\t\t\t\t\t\t\t\t\t\t\t\t\t\t\t \t\t\t\t\t\t\t\t<\/div>\n\t\t\t\t\t\t\t\t<div class=\"image-tools top right show-on-hover\">\n\t\t\t\t\t\t\t\t\t\t\t<div class=\"wishlist-icon\">\n\t\t\t<button class=\"wishlist-button button is-outline circle icon\" aria-label=\"Wunschliste\">\n\t\t\t\t<i class=\"icon-heart\" aria-hidden=\"true\"><\/i>\t\t\t<\/button>\n\t\t\t<div class=\"wishlist-popup dark\">\n\t\t\t\t\n<div\n\tclass=\"yith-wcwl-add-to-wishlist add-to-wishlist-41831 yith-wcwl-add-to-wishlist--button_default-style wishlist-fragment on-first-load\"\n\tdata-fragment-ref=\"41831\"\n\tdata-fragment-options=\"{&quot;base_url&quot;:&quot;&quot;,&quot;product_id&quot;:41831,&quot;parent_product_id&quot;:0,&quot;product_type&quot;:&quot;variable&quot;,&quot;is_single&quot;:false,&quot;in_default_wishlist&quot;:false,&quot;show_view&quot;:false,&quot;browse_wishlist_text&quot;:&quot;Siehe Ihre Wunschliste!&quot;,&quot;already_in_wishslist_text&quot;:&quot;Dieses Produkt steht bereits auf Ihrem Wunschzettel!&quot;,&quot;product_added_text&quot;:&quot;Produto adicionado!&quot;,&quot;available_multi_wishlist&quot;:false,&quot;disable_wishlist&quot;:false,&quot;show_count&quot;:false,&quot;ajax_loading&quot;:false,&quot;loop_position&quot;:&quot;after_add_to_cart&quot;,&quot;item&quot;:&quot;add_to_wishlist&quot;}\"\n>\n\t\t\t\n\t\t\t<!-- ADD TO WISHLIST -->\n\t\t\t\n<div class=\"yith-wcwl-add-button\">\n\t\t<a\n\t\thref=\"?add_to_wishlist=41831&#038;_wpnonce=52d31225f0\"\n\t\tclass=\"add_to_wishlist single_add_to_wishlist alt button theme-button-style \"\n\t\tdata-product-id=\"41831\"\n\t\tdata-product-type=\"variable\"\n\t\tdata-original-product-id=\"0\"\n\t\tdata-title=\"Zu meiner Wunschliste hinzuf\u00fcgen\"\n\t\trel=\"nofollow\"\n\t>\n\t\t<svg id=\"yith-wcwl-icon-heart-outline\" class=\"yith-wcwl-icon-svg\" fill=\"none\" stroke-width=\"1.5\" stroke=\"currentColor\" viewBox=\"0 0 24 24\" xmlns=\"http:\/\/www.w3.org\/2000\/svg\">\n  <path stroke-linecap=\"round\" stroke-linejoin=\"round\" d=\"M21 8.25c0-2.485-2.099-4.5-4.688-4.5-1.935 0-3.597 1.126-4.312 2.733-.715-1.607-2.377-2.733-4.313-2.733C5.1 3.75 3 5.765 3 8.25c0 7.22 9 12 9 12s9-4.78 9-12Z\"><\/path>\n<\/svg>\t\t<span>Zu meiner Wunschliste hinzuf\u00fcgen<\/span>\n\t<\/a>\n<\/div>\n\n\t\t\t<!-- COUNT TEXT -->\n\t\t\t\n\t\t\t<\/div>\n\t\t\t<\/div>\n\t\t<\/div>\n\t\t\t\t\t\t\t\t\t\t<\/div>\n\t\t\t\t\t\t\t\t\t\t\t\t\t\t\t\t\t<div class=\"image-tools grid-tools text-center hide-for-small bottom hover-slide-in show-on-hover\">\n\t\t\t\t\t\t\t\t\t\t\t\t\t\t\t\t\t\t\t<\/div>\n\t\t\t\t\t\t\t\t\t\t\t\t\t\t\t\t\t\t\t\t\t\t\t<\/div>\n\n\t\t\t\t\t\t\t<div class=\"box-text text-center\" >\n\t\t\t\t\t\t\t\t<div class=\"title-wrapper\"><p class=\"name product-title woocommerce-loop-product__title\"><a href=\"https:\/\/www.companhiaatlantica.pt\/de\/produto\/portugiesische-keramik\/keramiktasse\/comporta-becher-6er-satz\" class=\"woocommerce-LoopProduct-link woocommerce-loop-product__link\">COMPORTA Becher &#8211; 6er-Satz<\/a><\/p><\/div><div class=\"price-wrapper\">\n\t<span class=\"price\"><del aria-hidden=\"true\"><span class=\"woocommerce-Price-amount amount\"><bdi>111.00<span class=\"woocommerce-Price-currencySymbol\">&euro;<\/span><\/bdi><\/span><\/del> <span class=\"screen-reader-text\">Urspr\u00fcnglicher Preis war: 111.00&euro;<\/span><ins aria-hidden=\"true\"><span class=\"woocommerce-Price-amount amount\"><bdi>89.00<span class=\"woocommerce-Price-currencySymbol\">&euro;<\/span><\/bdi><\/span><\/ins><span class=\"screen-reader-text\">Aktueller Preis ist: 89.00&euro;.<\/span><\/span>\n<\/div>\t<span id=\"woocommerce_loop_add_to_cart_link_describedby_41831\" class=\"screen-reader-text\">\n\t\tDieses Produkt weist mehrere Varianten auf. Die Optionen k\u00f6nnen auf der Produktseite gew\u00e4hlt werden\t<\/span>\n\t\t\t\t\t\t\t<\/div>\n\t\t\t\t\t\t<\/div>\n\t\t\t\t\t\t<\/div>\n\t\t\t\t\t<\/div><div class=\"col\" >\n\t\t\t\t\t\t<div class=\"col-inner\">\n\t\t\t\t\t\t\n<div class=\"badge-container absolute left top z-1\">\n\n<\/div>\n\t\t\t\t\t\t<div class=\"product-small box has-hover box-push box-text-bottom\">\n\t\t\t\t\t\t\t<div class=\"box-image\" >\n\t\t\t\t\t\t\t\t<div class=\"\" >\n\t\t\t\t\t\t\t\t\t<a href=\"https:\/\/www.companhiaatlantica.pt\/de\/produto\/portugiesisches-leben\/haushaltsartikel\/tassen-und-becher\/portugal-becher\" aria-label=\"PORTUGAL Becher\">\n\t\t\t\t\t\t\t\t\t\t<img loading=\"lazy\" decoding=\"async\" width=\"700\" height=\"700\" src=\"https:\/\/www.companhiaatlantica.pt\/wp-content\/uploads\/2020\/06\/130-133_b-scaled-700x700.jpg\" class=\"show-on-hover absolute fill hide-for-small back-image\" alt=\"Alternative view of PORTUGAL Becher\" aria-hidden=\"true\" srcset=\"https:\/\/www.companhiaatlantica.pt\/wp-content\/uploads\/2020\/06\/130-133_b-scaled-700x700.jpg 700w, https:\/\/www.companhiaatlantica.pt\/wp-content\/uploads\/2020\/06\/130-133_b-100x100.jpg 100w, https:\/\/www.companhiaatlantica.pt\/wp-content\/uploads\/2020\/06\/130-133_b-scaled-900x900.jpg 900w, https:\/\/www.companhiaatlantica.pt\/wp-content\/uploads\/2020\/06\/130-133_b-300x300.jpg 300w, https:\/\/www.companhiaatlantica.pt\/wp-content\/uploads\/2020\/06\/130-133_b-1024x1024.jpg 1024w, https:\/\/www.companhiaatlantica.pt\/wp-content\/uploads\/2020\/06\/130-133_b-150x150.jpg 150w, https:\/\/www.companhiaatlantica.pt\/wp-content\/uploads\/2020\/06\/130-133_b-768x768.jpg 768w, https:\/\/www.companhiaatlantica.pt\/wp-content\/uploads\/2020\/06\/130-133_b-1536x1536.jpg 1536w, https:\/\/www.companhiaatlantica.pt\/wp-content\/uploads\/2020\/06\/130-133_b-2048x2048.jpg 2048w, https:\/\/www.companhiaatlantica.pt\/wp-content\/uploads\/2020\/06\/130-133_b-60x60.jpg 60w, https:\/\/www.companhiaatlantica.pt\/wp-content\/uploads\/2020\/06\/130-133_b-600x600.jpg 600w\" sizes=\"auto, (max-width: 700px) 100vw, 700px\" title=\"\"><img loading=\"lazy\" decoding=\"async\" width=\"700\" height=\"700\" src=\"https:\/\/www.companhiaatlantica.pt\/wp-content\/uploads\/2020\/06\/130-133-scaled-700x700.jpg\" class=\"attachment-woocommerce_thumbnail size-woocommerce_thumbnail\" alt=\"PORTUGAL Becher\" srcset=\"https:\/\/www.companhiaatlantica.pt\/wp-content\/uploads\/2020\/06\/130-133-scaled-700x700.jpg 700w, https:\/\/www.companhiaatlantica.pt\/wp-content\/uploads\/2020\/06\/130-133-100x100.jpg 100w, https:\/\/www.companhiaatlantica.pt\/wp-content\/uploads\/2020\/06\/130-133-scaled-900x900.jpg 900w, https:\/\/www.companhiaatlantica.pt\/wp-content\/uploads\/2020\/06\/130-133-300x300.jpg 300w, https:\/\/www.companhiaatlantica.pt\/wp-content\/uploads\/2020\/06\/130-133-1024x1024.jpg 1024w, https:\/\/www.companhiaatlantica.pt\/wp-content\/uploads\/2020\/06\/130-133-150x150.jpg 150w, https:\/\/www.companhiaatlantica.pt\/wp-content\/uploads\/2020\/06\/130-133-768x768.jpg 768w, https:\/\/www.companhiaatlantica.pt\/wp-content\/uploads\/2020\/06\/130-133-1536x1536.jpg 1536w, https:\/\/www.companhiaatlantica.pt\/wp-content\/uploads\/2020\/06\/130-133-2048x2048.jpg 2048w, https:\/\/www.companhiaatlantica.pt\/wp-content\/uploads\/2020\/06\/130-133-60x60.jpg 60w, https:\/\/www.companhiaatlantica.pt\/wp-content\/uploads\/2020\/06\/130-133-600x600.jpg 600w\" sizes=\"auto, (max-width: 700px) 100vw, 700px\" title=\"\">\t\t\t\t\t\t\t\t\t<\/a>\n\t\t\t\t\t\t\t\t\t\t\t\t\t\t\t\t\t\t \t\t\t\t\t\t\t\t<\/div>\n\t\t\t\t\t\t\t\t<div class=\"image-tools top right show-on-hover\">\n\t\t\t\t\t\t\t\t\t\t\t<div class=\"wishlist-icon\">\n\t\t\t<button class=\"wishlist-button button is-outline circle icon\" aria-label=\"Wunschliste\">\n\t\t\t\t<i class=\"icon-heart\" aria-hidden=\"true\"><\/i>\t\t\t<\/button>\n\t\t\t<div class=\"wishlist-popup dark\">\n\t\t\t\t\n<div\n\tclass=\"yith-wcwl-add-to-wishlist add-to-wishlist-42202 yith-wcwl-add-to-wishlist--button_default-style wishlist-fragment on-first-load\"\n\tdata-fragment-ref=\"42202\"\n\tdata-fragment-options=\"{&quot;base_url&quot;:&quot;&quot;,&quot;product_id&quot;:42202,&quot;parent_product_id&quot;:0,&quot;product_type&quot;:&quot;simple&quot;,&quot;is_single&quot;:false,&quot;in_default_wishlist&quot;:false,&quot;show_view&quot;:false,&quot;browse_wishlist_text&quot;:&quot;Siehe Ihre Wunschliste!&quot;,&quot;already_in_wishslist_text&quot;:&quot;Dieses Produkt steht bereits auf Ihrem Wunschzettel!&quot;,&quot;product_added_text&quot;:&quot;Produto adicionado!&quot;,&quot;available_multi_wishlist&quot;:false,&quot;disable_wishlist&quot;:false,&quot;show_count&quot;:false,&quot;ajax_loading&quot;:false,&quot;loop_position&quot;:&quot;after_add_to_cart&quot;,&quot;item&quot;:&quot;add_to_wishlist&quot;}\"\n>\n\t\t\t\n\t\t\t<!-- ADD TO WISHLIST -->\n\t\t\t\n<div class=\"yith-wcwl-add-button\">\n\t\t<a\n\t\thref=\"?add_to_wishlist=42202&#038;_wpnonce=52d31225f0\"\n\t\tclass=\"add_to_wishlist single_add_to_wishlist alt button theme-button-style \"\n\t\tdata-product-id=\"42202\"\n\t\tdata-product-type=\"simple\"\n\t\tdata-original-product-id=\"0\"\n\t\tdata-title=\"Zu meiner Wunschliste hinzuf\u00fcgen\"\n\t\trel=\"nofollow\"\n\t>\n\t\t<svg id=\"yith-wcwl-icon-heart-outline\" class=\"yith-wcwl-icon-svg\" fill=\"none\" stroke-width=\"1.5\" stroke=\"currentColor\" viewBox=\"0 0 24 24\" xmlns=\"http:\/\/www.w3.org\/2000\/svg\">\n  <path stroke-linecap=\"round\" stroke-linejoin=\"round\" d=\"M21 8.25c0-2.485-2.099-4.5-4.688-4.5-1.935 0-3.597 1.126-4.312 2.733-.715-1.607-2.377-2.733-4.313-2.733C5.1 3.75 3 5.765 3 8.25c0 7.22 9 12 9 12s9-4.78 9-12Z\"><\/path>\n<\/svg>\t\t<span>Zu meiner Wunschliste hinzuf\u00fcgen<\/span>\n\t<\/a>\n<\/div>\n\n\t\t\t<!-- COUNT TEXT -->\n\t\t\t\n\t\t\t<\/div>\n\t\t\t<\/div>\n\t\t<\/div>\n\t\t\t\t\t\t\t\t\t\t<\/div>\n\t\t\t\t\t\t\t\t\t\t\t\t\t\t\t\t\t<div class=\"image-tools grid-tools text-center hide-for-small bottom hover-slide-in show-on-hover\">\n\t\t\t\t\t\t\t\t\t\t\t\t\t\t\t\t\t\t\t<\/div>\n\t\t\t\t\t\t\t\t\t\t\t\t\t\t\t\t\t\t\t\t\t\t\t<\/div>\n\n\t\t\t\t\t\t\t<div class=\"box-text text-center\" >\n\t\t\t\t\t\t\t\t<div class=\"title-wrapper\"><p class=\"name product-title woocommerce-loop-product__title\"><a href=\"https:\/\/www.companhiaatlantica.pt\/de\/produto\/portugiesisches-leben\/haushaltsartikel\/tassen-und-becher\/portugal-becher\" class=\"woocommerce-LoopProduct-link woocommerce-loop-product__link\">PORTUGAL Becher<\/a><\/p><\/div><div class=\"price-wrapper\">\n\t<span class=\"price\"><span class=\"woocommerce-Price-amount amount\"><bdi>7.00<span class=\"woocommerce-Price-currencySymbol\">&euro;<\/span><\/bdi><\/span><\/span>\n<\/div><div class=\"add-to-cart-button\"><a href=\"\/de\/wp-json\/wp\/v2\/pages\/66644?add-to-cart=42202\" aria-describedby=\"woocommerce_loop_add_to_cart_link_describedby_42202\" data-quantity=\"1\" class=\"primary is-small mb-0 button product_type_simple add_to_cart_button ajax_add_to_cart is-outline\" data-product_id=\"42202\" data-product_sku=\"130-133\" aria-label=\"In den Warenkorb legen: \u201ePORTUGAL Becher\u201c\" rel=\"nofollow\" data-success_message=\"\u201ePORTUGAL Becher\u201c wurde deinem Warenkorb hinzugef\u00fcgt\" data-product_name=\"PORTUGAL Becher\" data-product_image=\"https:\/\/www.companhiaatlantica.pt\/wp-content\/uploads\/2020\/06\/130-133-150x150.jpg\" role=\"button\">In den Warenkorb<\/a><\/div>\t<span id=\"woocommerce_loop_add_to_cart_link_describedby_42202\" class=\"screen-reader-text\">\n\t\t\t<\/span>\n\t\t\t\t\t\t\t<\/div>\n\t\t\t\t\t\t<\/div>\n\t\t\t\t\t\t<\/div>\n\t\t\t\t\t<\/div><div class=\"col\" >\n\t\t\t\t\t\t<div class=\"col-inner\">\n\t\t\t\t\t\t\n<div class=\"badge-container absolute left top z-1\">\n<div class=\"badge callout badge-circle\">\r\n  \t\t\t<div class=\"badge-inner secondary on-sale\">\r\n  \t\t\t\t<span class=\"onsale\">-25%<\/span>\r\n\t\t\t<\/div>\r\n\t\t<\/div>\r\n\t\t<div class=\"badge callout badge-circle\">\r\n\t\t\t<div class=\"badge-inner callout-new-bg is-small new-bubble\">6 pcs<\/div>\r\n\t\t<\/div>\n<div class=\"badge callout badge-circle\"><div class=\"badge-inner callout-new-bg is-small new-bubble\">6 pcs<\/div><\/div><\/div>\n\t\t\t\t\t\t<div class=\"product-small box has-hover box-push box-text-bottom\">\n\t\t\t\t\t\t\t<div class=\"box-image\" >\n\t\t\t\t\t\t\t\t<div class=\"\" >\n\t\t\t\t\t\t\t\t\t<a href=\"https:\/\/www.companhiaatlantica.pt\/de\/produto\/portugiesische-keramik\/keramiktasse\/breezy-kaffeebecher-6er-set\" aria-label=\"BREEZY Kaffeebecher - 6er Set\">\n\t\t\t\t\t\t\t\t\t\t<img loading=\"lazy\" decoding=\"async\" width=\"600\" height=\"600\" src=\"https:\/\/www.companhiaatlantica.pt\/wp-content\/uploads\/2020\/06\/IMG_0161.jpg\" class=\"show-on-hover absolute fill hide-for-small back-image\" alt=\"Alternative view of BREEZY Kaffeebecher - 6er Set\" aria-hidden=\"true\" srcset=\"https:\/\/www.companhiaatlantica.pt\/wp-content\/uploads\/2020\/06\/IMG_0161.jpg 600w, https:\/\/www.companhiaatlantica.pt\/wp-content\/uploads\/2020\/06\/IMG_0161-100x100.jpg 100w\" sizes=\"auto, (max-width: 600px) 100vw, 600px\" title=\"\"><img loading=\"lazy\" decoding=\"async\" width=\"600\" height=\"600\" src=\"https:\/\/www.companhiaatlantica.pt\/wp-content\/uploads\/2021\/03\/IMG_9143.jpg\" class=\"attachment-woocommerce_thumbnail size-woocommerce_thumbnail\" alt=\"BREEZY Kaffeebecher - 6er Set\" srcset=\"https:\/\/www.companhiaatlantica.pt\/wp-content\/uploads\/2021\/03\/IMG_9143.jpg 600w, https:\/\/www.companhiaatlantica.pt\/wp-content\/uploads\/2021\/03\/IMG_9143-100x100.jpg 100w\" sizes=\"auto, (max-width: 600px) 100vw, 600px\" title=\"\">\t\t\t\t\t\t\t\t\t<\/a>\n\t\t\t\t\t\t\t\t\t\t\t\t\t\t\t\t\t\t \t\t\t\t\t\t\t\t<\/div>\n\t\t\t\t\t\t\t\t<div class=\"image-tools top right show-on-hover\">\n\t\t\t\t\t\t\t\t\t\t\t<div class=\"wishlist-icon\">\n\t\t\t<button class=\"wishlist-button button is-outline circle icon\" aria-label=\"Wunschliste\">\n\t\t\t\t<i class=\"icon-heart\" aria-hidden=\"true\"><\/i>\t\t\t<\/button>\n\t\t\t<div class=\"wishlist-popup dark\">\n\t\t\t\t\n<div\n\tclass=\"yith-wcwl-add-to-wishlist add-to-wishlist-41604 yith-wcwl-add-to-wishlist--button_default-style wishlist-fragment on-first-load\"\n\tdata-fragment-ref=\"41604\"\n\tdata-fragment-options=\"{&quot;base_url&quot;:&quot;&quot;,&quot;product_id&quot;:41604,&quot;parent_product_id&quot;:0,&quot;product_type&quot;:&quot;variable&quot;,&quot;is_single&quot;:false,&quot;in_default_wishlist&quot;:false,&quot;show_view&quot;:false,&quot;browse_wishlist_text&quot;:&quot;Siehe Ihre Wunschliste!&quot;,&quot;already_in_wishslist_text&quot;:&quot;Dieses Produkt steht bereits auf Ihrem Wunschzettel!&quot;,&quot;product_added_text&quot;:&quot;Produto adicionado!&quot;,&quot;available_multi_wishlist&quot;:false,&quot;disable_wishlist&quot;:false,&quot;show_count&quot;:false,&quot;ajax_loading&quot;:false,&quot;loop_position&quot;:&quot;after_add_to_cart&quot;,&quot;item&quot;:&quot;add_to_wishlist&quot;}\"\n>\n\t\t\t\n\t\t\t<!-- ADD TO WISHLIST -->\n\t\t\t\n<div class=\"yith-wcwl-add-button\">\n\t\t<a\n\t\thref=\"?add_to_wishlist=41604&#038;_wpnonce=52d31225f0\"\n\t\tclass=\"add_to_wishlist single_add_to_wishlist alt button theme-button-style \"\n\t\tdata-product-id=\"41604\"\n\t\tdata-product-type=\"variable\"\n\t\tdata-original-product-id=\"0\"\n\t\tdata-title=\"Zu meiner Wunschliste hinzuf\u00fcgen\"\n\t\trel=\"nofollow\"\n\t>\n\t\t<svg id=\"yith-wcwl-icon-heart-outline\" class=\"yith-wcwl-icon-svg\" fill=\"none\" stroke-width=\"1.5\" stroke=\"currentColor\" viewBox=\"0 0 24 24\" xmlns=\"http:\/\/www.w3.org\/2000\/svg\">\n  <path stroke-linecap=\"round\" stroke-linejoin=\"round\" d=\"M21 8.25c0-2.485-2.099-4.5-4.688-4.5-1.935 0-3.597 1.126-4.312 2.733-.715-1.607-2.377-2.733-4.313-2.733C5.1 3.75 3 5.765 3 8.25c0 7.22 9 12 9 12s9-4.78 9-12Z\"><\/path>\n<\/svg>\t\t<span>Zu meiner Wunschliste hinzuf\u00fcgen<\/span>\n\t<\/a>\n<\/div>\n\n\t\t\t<!-- COUNT TEXT -->\n\t\t\t\n\t\t\t<\/div>\n\t\t\t<\/div>\n\t\t<\/div>\n\t\t\t\t\t\t\t\t\t\t<\/div>\n\t\t\t\t\t\t\t\t\t\t\t\t\t\t\t\t\t<div class=\"image-tools grid-tools text-center hide-for-small bottom hover-slide-in show-on-hover\">\n\t\t\t\t\t\t\t\t\t\t\t\t\t\t\t\t\t\t\t<\/div>\n\t\t\t\t\t\t\t\t\t\t\t\t\t\t\t\t\t\t\t\t\t\t\t<\/div>\n\n\t\t\t\t\t\t\t<div class=\"box-text text-center\" >\n\t\t\t\t\t\t\t\t<div class=\"title-wrapper\"><p class=\"name product-title woocommerce-loop-product__title\"><a href=\"https:\/\/www.companhiaatlantica.pt\/de\/produto\/portugiesische-keramik\/keramiktasse\/breezy-kaffeebecher-6er-set\" class=\"woocommerce-LoopProduct-link woocommerce-loop-product__link\">BREEZY Kaffeebecher &#8211; 6er Set<\/a><\/p><\/div><div class=\"price-wrapper\">\n\t<span class=\"price\"><span class=\"woocommerce-Price-amount amount\" aria-hidden=\"true\"><bdi>81.00<span class=\"woocommerce-Price-currencySymbol\">&euro;<\/span><\/bdi><\/span> <span aria-hidden=\"true\"> \u2013 <\/span> <span class=\"woocommerce-Price-amount amount\" aria-hidden=\"true\"><bdi>87.00<span class=\"woocommerce-Price-currencySymbol\">&euro;<\/span><\/bdi><\/span><span class=\"screen-reader-text\">Preisspanne: 81.00&euro; bis 87.00&euro;<\/span><\/span>\n<\/div>\t<span id=\"woocommerce_loop_add_to_cart_link_describedby_41604\" class=\"screen-reader-text\">\n\t\tDieses Produkt weist mehrere Varianten auf. Die Optionen k\u00f6nnen auf der Produktseite gew\u00e4hlt werden\t<\/span>\n\t\t\t\t\t\t\t<\/div>\n\t\t\t\t\t\t<\/div>\n\t\t\t\t\t\t<\/div>\n\t\t\t\t\t<\/div><div class=\"col\" >\n\t\t\t\t\t\t<div class=\"col-inner\">\n\t\t\t\t\t\t\n<div class=\"badge-container absolute left top z-1\">\n\n<\/div>\n\t\t\t\t\t\t<div class=\"product-small box has-hover box-push box-text-bottom\">\n\t\t\t\t\t\t\t<div class=\"box-image\" >\n\t\t\t\t\t\t\t\t<div class=\"\" >\n\t\t\t\t\t\t\t\t\t<a href=\"https:\/\/www.companhiaatlantica.pt\/de\/produto\/portugiesische-keramik\/keramiktasse\/comporta-becher\" aria-label=\"COMPORTA-Becher\">\n\t\t\t\t\t\t\t\t\t\t<img loading=\"lazy\" decoding=\"async\" width=\"700\" height=\"700\" src=\"https:\/\/www.companhiaatlantica.pt\/wp-content\/uploads\/2020\/09\/130-684-700x700.jpg\" class=\"show-on-hover absolute fill hide-for-small back-image\" alt=\"Alternative view of COMPORTA-Becher\" aria-hidden=\"true\" srcset=\"https:\/\/www.companhiaatlantica.pt\/wp-content\/uploads\/2020\/09\/130-684-700x700.jpg 700w, https:\/\/www.companhiaatlantica.pt\/wp-content\/uploads\/2020\/09\/130-684-100x100.jpg 100w, https:\/\/www.companhiaatlantica.pt\/wp-content\/uploads\/2020\/09\/130-684-600x600.jpg 600w, https:\/\/www.companhiaatlantica.pt\/wp-content\/uploads\/2020\/09\/130-684-300x300.jpg 300w, https:\/\/www.companhiaatlantica.pt\/wp-content\/uploads\/2020\/09\/130-684-150x150.jpg 150w, https:\/\/www.companhiaatlantica.pt\/wp-content\/uploads\/2020\/09\/130-684-768x768.jpg 768w, https:\/\/www.companhiaatlantica.pt\/wp-content\/uploads\/2020\/09\/130-684.jpg 837w\" sizes=\"auto, (max-width: 700px) 100vw, 700px\" title=\"\"><img loading=\"lazy\" decoding=\"async\" width=\"700\" height=\"700\" src=\"https:\/\/www.companhiaatlantica.pt\/wp-content\/uploads\/2020\/06\/130-645-1-700x700.jpg\" class=\"attachment-woocommerce_thumbnail size-woocommerce_thumbnail\" alt=\"COMPORTA-Becher\" srcset=\"https:\/\/www.companhiaatlantica.pt\/wp-content\/uploads\/2020\/06\/130-645-1-700x700.jpg 700w, https:\/\/www.companhiaatlantica.pt\/wp-content\/uploads\/2020\/06\/130-645-1-100x100.jpg 100w, https:\/\/www.companhiaatlantica.pt\/wp-content\/uploads\/2020\/06\/130-645-1-600x600.jpg 600w, https:\/\/www.companhiaatlantica.pt\/wp-content\/uploads\/2020\/06\/130-645-1-300x300.jpg 300w, https:\/\/www.companhiaatlantica.pt\/wp-content\/uploads\/2020\/06\/130-645-1-150x150.jpg 150w, https:\/\/www.companhiaatlantica.pt\/wp-content\/uploads\/2020\/06\/130-645-1-768x768.jpg 768w, https:\/\/www.companhiaatlantica.pt\/wp-content\/uploads\/2020\/06\/130-645-1.jpg 873w\" sizes=\"auto, (max-width: 700px) 100vw, 700px\" title=\"\">\t\t\t\t\t\t\t\t\t<\/a>\n\t\t\t\t\t\t\t\t\t\t\t\t\t\t\t\t\t\t \t\t\t\t\t\t\t\t<\/div>\n\t\t\t\t\t\t\t\t<div class=\"image-tools top right show-on-hover\">\n\t\t\t\t\t\t\t\t\t\t\t<div class=\"wishlist-icon\">\n\t\t\t<button class=\"wishlist-button button is-outline circle icon\" aria-label=\"Wunschliste\">\n\t\t\t\t<i class=\"icon-heart\" aria-hidden=\"true\"><\/i>\t\t\t<\/button>\n\t\t\t<div class=\"wishlist-popup dark\">\n\t\t\t\t\n<div\n\tclass=\"yith-wcwl-add-to-wishlist add-to-wishlist-41926 yith-wcwl-add-to-wishlist--button_default-style wishlist-fragment on-first-load\"\n\tdata-fragment-ref=\"41926\"\n\tdata-fragment-options=\"{&quot;base_url&quot;:&quot;&quot;,&quot;product_id&quot;:41926,&quot;parent_product_id&quot;:0,&quot;product_type&quot;:&quot;variable&quot;,&quot;is_single&quot;:false,&quot;in_default_wishlist&quot;:false,&quot;show_view&quot;:false,&quot;browse_wishlist_text&quot;:&quot;Siehe Ihre Wunschliste!&quot;,&quot;already_in_wishslist_text&quot;:&quot;Dieses Produkt steht bereits auf Ihrem Wunschzettel!&quot;,&quot;product_added_text&quot;:&quot;Produto adicionado!&quot;,&quot;available_multi_wishlist&quot;:false,&quot;disable_wishlist&quot;:false,&quot;show_count&quot;:false,&quot;ajax_loading&quot;:false,&quot;loop_position&quot;:&quot;after_add_to_cart&quot;,&quot;item&quot;:&quot;add_to_wishlist&quot;}\"\n>\n\t\t\t\n\t\t\t<!-- ADD TO WISHLIST -->\n\t\t\t\n<div class=\"yith-wcwl-add-button\">\n\t\t<a\n\t\thref=\"?add_to_wishlist=41926&#038;_wpnonce=52d31225f0\"\n\t\tclass=\"add_to_wishlist single_add_to_wishlist alt button theme-button-style \"\n\t\tdata-product-id=\"41926\"\n\t\tdata-product-type=\"variable\"\n\t\tdata-original-product-id=\"0\"\n\t\tdata-title=\"Zu meiner Wunschliste hinzuf\u00fcgen\"\n\t\trel=\"nofollow\"\n\t>\n\t\t<svg id=\"yith-wcwl-icon-heart-outline\" class=\"yith-wcwl-icon-svg\" fill=\"none\" stroke-width=\"1.5\" stroke=\"currentColor\" viewBox=\"0 0 24 24\" xmlns=\"http:\/\/www.w3.org\/2000\/svg\">\n  <path stroke-linecap=\"round\" stroke-linejoin=\"round\" d=\"M21 8.25c0-2.485-2.099-4.5-4.688-4.5-1.935 0-3.597 1.126-4.312 2.733-.715-1.607-2.377-2.733-4.313-2.733C5.1 3.75 3 5.765 3 8.25c0 7.22 9 12 9 12s9-4.78 9-12Z\"><\/path>\n<\/svg>\t\t<span>Zu meiner Wunschliste hinzuf\u00fcgen<\/span>\n\t<\/a>\n<\/div>\n\n\t\t\t<!-- COUNT TEXT -->\n\t\t\t\n\t\t\t<\/div>\n\t\t\t<\/div>\n\t\t<\/div>\n\t\t\t\t\t\t\t\t\t\t<\/div>\n\t\t\t\t\t\t\t\t\t\t\t\t\t\t\t\t\t<div class=\"image-tools grid-tools text-center hide-for-small bottom hover-slide-in show-on-hover\">\n\t\t\t\t\t\t\t\t\t\t\t\t\t\t\t\t\t\t\t<\/div>\n\t\t\t\t\t\t\t\t\t\t\t\t\t\t\t\t\t\t\t\t\t\t\t<\/div>\n\n\t\t\t\t\t\t\t<div class=\"box-text text-center\" >\n\t\t\t\t\t\t\t\t<span class=\"featured-badge\"><img decoding=\"async\" src=\"https:\/\/cdn.companhiaatlantica.pt\/wp-content\/themes\/flatsome-child\/src\/img\/ar-icon-2.jpg\" alt=\"AR Icon\" class=\"ar-icon\" title=\"\"><\/span><div class=\"title-wrapper\"><p class=\"name product-title woocommerce-loop-product__title\"><a href=\"https:\/\/www.companhiaatlantica.pt\/de\/produto\/portugiesische-keramik\/keramiktasse\/comporta-becher\" class=\"woocommerce-LoopProduct-link woocommerce-loop-product__link\">COMPORTA-Becher<\/a><\/p><\/div><div class=\"price-wrapper\">\n\t<span class=\"price\"><span class=\"woocommerce-Price-amount amount\"><bdi>22.00<span class=\"woocommerce-Price-currencySymbol\">&euro;<\/span><\/bdi><\/span><\/span>\n<\/div><div class=\"add-to-cart-button\"><a href=\"https:\/\/www.companhiaatlantica.pt\/de\/produto\/portugiesische-keramik\/keramiktasse\/comporta-becher\" aria-describedby=\"woocommerce_loop_add_to_cart_link_describedby_41926\" data-quantity=\"1\" class=\"primary is-small mb-0 button product_type_variable add_to_cart_button is-outline\" data-product_id=\"41926\" data-product_sku=\"\" aria-label=\"W\u00e4hle Optionen f\u00fcr \u201eCOMPORTA-Becher\u201c\" rel=\"nofollow\" data-product_name=\"COMPORTA-Becher\" data-product_image=\"https:\/\/www.companhiaatlantica.pt\/wp-content\/uploads\/2020\/06\/130-645-1-150x150.jpg\">Ausf\u00fchrung w\u00e4hlen<\/a><\/div>\t<span id=\"woocommerce_loop_add_to_cart_link_describedby_41926\" class=\"screen-reader-text\">\n\t\tDieses Produkt weist mehrere Varianten auf. Die Optionen k\u00f6nnen auf der Produktseite gew\u00e4hlt werden\t<\/span>\n\t\t\t\t\t\t\t<\/div>\n\t\t\t\t\t\t<\/div>\n\t\t\t\t\t\t<\/div>\n\t\t\t\t\t<\/div><div class=\"col\" >\n\t\t\t\t\t\t<div class=\"col-inner\">\n\t\t\t\t\t\t\n<div class=\"badge-container absolute left top z-1\">\n\n<\/div>\n\t\t\t\t\t\t<div class=\"product-small box has-hover box-push box-text-bottom\">\n\t\t\t\t\t\t\t<div class=\"box-image\" >\n\t\t\t\t\t\t\t\t<div class=\"\" >\n\t\t\t\t\t\t\t\t\t<a href=\"https:\/\/www.companhiaatlantica.pt\/de\/produto\/portugiesische-keramik\/keramiktasse\/mar-kaffeebecher\" aria-label=\"MAR Kaffeebecher 500 ml\">\n\t\t\t\t\t\t\t\t\t\t<img loading=\"lazy\" decoding=\"async\" width=\"700\" height=\"700\" src=\"https:\/\/www.companhiaatlantica.pt\/wp-content\/uploads\/2021\/04\/130-783-1-700x700.jpg\" class=\"show-on-hover absolute fill hide-for-small back-image\" alt=\"Alternative view of MAR Kaffeebecher 500 ml\" aria-hidden=\"true\" srcset=\"https:\/\/www.companhiaatlantica.pt\/wp-content\/uploads\/2021\/04\/130-783-1-700x700.jpg 700w, https:\/\/www.companhiaatlantica.pt\/wp-content\/uploads\/2021\/04\/130-783-1-100x100.jpg 100w, https:\/\/www.companhiaatlantica.pt\/wp-content\/uploads\/2021\/04\/130-783-1-900x900.jpg 900w, https:\/\/www.companhiaatlantica.pt\/wp-content\/uploads\/2021\/04\/130-783-1-300x300.jpg 300w, https:\/\/www.companhiaatlantica.pt\/wp-content\/uploads\/2021\/04\/130-783-1-150x150.jpg 150w, https:\/\/www.companhiaatlantica.pt\/wp-content\/uploads\/2021\/04\/130-783-1-768x768.jpg 768w, https:\/\/www.companhiaatlantica.pt\/wp-content\/uploads\/2021\/04\/130-783-1-600x600.jpg 600w, https:\/\/www.companhiaatlantica.pt\/wp-content\/uploads\/2021\/04\/130-783-1.jpg 1000w\" sizes=\"auto, (max-width: 700px) 100vw, 700px\" title=\"\"><img loading=\"lazy\" decoding=\"async\" width=\"600\" height=\"600\" src=\"https:\/\/www.companhiaatlantica.pt\/wp-content\/uploads\/2021\/08\/IMG_2550.jpg\" class=\"attachment-woocommerce_thumbnail size-woocommerce_thumbnail\" alt=\"MAR Kaffeebecher 500 ml\" srcset=\"https:\/\/www.companhiaatlantica.pt\/wp-content\/uploads\/2021\/08\/IMG_2550.jpg 600w, https:\/\/www.companhiaatlantica.pt\/wp-content\/uploads\/2021\/08\/IMG_2550-100x100.jpg 100w\" sizes=\"auto, (max-width: 600px) 100vw, 600px\" title=\"\">\t\t\t\t\t\t\t\t\t<\/a>\n\t\t\t\t\t\t\t\t\t\t\t\t\t\t\t\t\t\t \t\t\t\t\t\t\t\t<\/div>\n\t\t\t\t\t\t\t\t<div class=\"image-tools top right show-on-hover\">\n\t\t\t\t\t\t\t\t\t\t\t<div class=\"wishlist-icon\">\n\t\t\t<button class=\"wishlist-button button is-outline circle icon\" aria-label=\"Wunschliste\">\n\t\t\t\t<i class=\"icon-heart\" aria-hidden=\"true\"><\/i>\t\t\t<\/button>\n\t\t\t<div class=\"wishlist-popup dark\">\n\t\t\t\t\n<div\n\tclass=\"yith-wcwl-add-to-wishlist add-to-wishlist-59501 yith-wcwl-add-to-wishlist--button_default-style wishlist-fragment on-first-load\"\n\tdata-fragment-ref=\"59501\"\n\tdata-fragment-options=\"{&quot;base_url&quot;:&quot;&quot;,&quot;product_id&quot;:59501,&quot;parent_product_id&quot;:0,&quot;product_type&quot;:&quot;variable&quot;,&quot;is_single&quot;:false,&quot;in_default_wishlist&quot;:false,&quot;show_view&quot;:false,&quot;browse_wishlist_text&quot;:&quot;Siehe Ihre Wunschliste!&quot;,&quot;already_in_wishslist_text&quot;:&quot;Dieses Produkt steht bereits auf Ihrem Wunschzettel!&quot;,&quot;product_added_text&quot;:&quot;Produto adicionado!&quot;,&quot;available_multi_wishlist&quot;:false,&quot;disable_wishlist&quot;:false,&quot;show_count&quot;:false,&quot;ajax_loading&quot;:false,&quot;loop_position&quot;:&quot;after_add_to_cart&quot;,&quot;item&quot;:&quot;add_to_wishlist&quot;}\"\n>\n\t\t\t\n\t\t\t<!-- ADD TO WISHLIST -->\n\t\t\t\n<div class=\"yith-wcwl-add-button\">\n\t\t<a\n\t\thref=\"?add_to_wishlist=59501&#038;_wpnonce=52d31225f0\"\n\t\tclass=\"add_to_wishlist single_add_to_wishlist alt button theme-button-style \"\n\t\tdata-product-id=\"59501\"\n\t\tdata-product-type=\"variable\"\n\t\tdata-original-product-id=\"0\"\n\t\tdata-title=\"Zu meiner Wunschliste hinzuf\u00fcgen\"\n\t\trel=\"nofollow\"\n\t>\n\t\t<svg id=\"yith-wcwl-icon-heart-outline\" class=\"yith-wcwl-icon-svg\" fill=\"none\" stroke-width=\"1.5\" stroke=\"currentColor\" viewBox=\"0 0 24 24\" xmlns=\"http:\/\/www.w3.org\/2000\/svg\">\n  <path stroke-linecap=\"round\" stroke-linejoin=\"round\" d=\"M21 8.25c0-2.485-2.099-4.5-4.688-4.5-1.935 0-3.597 1.126-4.312 2.733-.715-1.607-2.377-2.733-4.313-2.733C5.1 3.75 3 5.765 3 8.25c0 7.22 9 12 9 12s9-4.78 9-12Z\"><\/path>\n<\/svg>\t\t<span>Zu meiner Wunschliste hinzuf\u00fcgen<\/span>\n\t<\/a>\n<\/div>\n\n\t\t\t<!-- COUNT TEXT -->\n\t\t\t\n\t\t\t<\/div>\n\t\t\t<\/div>\n\t\t<\/div>\n\t\t\t\t\t\t\t\t\t\t<\/div>\n\t\t\t\t\t\t\t\t\t\t\t\t\t\t\t\t\t<div class=\"image-tools grid-tools text-center hide-for-small bottom hover-slide-in show-on-hover\">\n\t\t\t\t\t\t\t\t\t\t\t\t\t\t\t\t\t\t\t<\/div>\n\t\t\t\t\t\t\t\t\t\t\t\t\t\t\t\t\t\t\t\t\t\t\t<\/div>\n\n\t\t\t\t\t\t\t<div class=\"box-text text-center\" >\n\t\t\t\t\t\t\t\t<div class=\"title-wrapper\"><p class=\"name product-title woocommerce-loop-product__title\"><a href=\"https:\/\/www.companhiaatlantica.pt\/de\/produto\/portugiesische-keramik\/keramiktasse\/mar-kaffeebecher\" class=\"woocommerce-LoopProduct-link woocommerce-loop-product__link\">MAR Kaffeebecher 500 ml<\/a><\/p><\/div><div class=\"price-wrapper\">\n\t<span class=\"price\"><span class=\"woocommerce-Price-amount amount\"><bdi>17.25<span class=\"woocommerce-Price-currencySymbol\">&euro;<\/span><\/bdi><\/span><\/span>\n<\/div><div class=\"add-to-cart-button\"><a href=\"https:\/\/www.companhiaatlantica.pt\/de\/produto\/portugiesische-keramik\/keramiktasse\/mar-kaffeebecher\" aria-describedby=\"woocommerce_loop_add_to_cart_link_describedby_59501\" data-quantity=\"1\" class=\"primary is-small mb-0 button product_type_variable add_to_cart_button is-outline\" data-product_id=\"59501\" data-product_sku=\"\" aria-label=\"W\u00e4hle Optionen f\u00fcr \u201eMAR Kaffeebecher 500 ml\u201c\" rel=\"nofollow\" data-product_name=\"MAR Kaffeebecher 500 ml\" data-product_image=\"https:\/\/www.companhiaatlantica.pt\/wp-content\/uploads\/2021\/08\/IMG_2550.jpg\">Ausf\u00fchrung w\u00e4hlen<\/a><\/div>\t<span id=\"woocommerce_loop_add_to_cart_link_describedby_59501\" class=\"screen-reader-text\">\n\t\tDieses Produkt weist mehrere Varianten auf. Die Optionen k\u00f6nnen auf der Produktseite gew\u00e4hlt werden\t<\/span>\n\t\t\t\t\t\t\t<\/div>\n\t\t\t\t\t\t<\/div>\n\t\t\t\t\t\t<\/div>\n\t\t\t\t\t<\/div><div class=\"col\" >\n\t\t\t\t\t\t<div class=\"col-inner\">\n\t\t\t\t\t\t\n<div class=\"badge-container absolute left top z-1\">\n\n<\/div>\n\t\t\t\t\t\t<div class=\"product-small box has-hover box-push box-text-bottom\">\n\t\t\t\t\t\t\t<div class=\"box-image\" >\n\t\t\t\t\t\t\t\t<div class=\"\" >\n\t\t\t\t\t\t\t\t\t<a href=\"https:\/\/www.companhiaatlantica.pt\/de\/produto\/portugiesische-keramik\/keramiktasse\/fass-kaffee-450ml\" aria-label=\"BARREL Kaffeebecher\">\n\t\t\t\t\t\t\t\t\t\t<img loading=\"lazy\" decoding=\"async\" width=\"600\" height=\"600\" src=\"https:\/\/www.companhiaatlantica.pt\/wp-content\/uploads\/2020\/06\/IMG_1787-1.jpg\" class=\"show-on-hover absolute fill hide-for-small back-image\" alt=\"Alternative view of BARREL Kaffeebecher\" aria-hidden=\"true\" srcset=\"https:\/\/www.companhiaatlantica.pt\/wp-content\/uploads\/2020\/06\/IMG_1787-1.jpg 600w, https:\/\/www.companhiaatlantica.pt\/wp-content\/uploads\/2020\/06\/IMG_1787-1-100x100.jpg 100w\" sizes=\"auto, (max-width: 600px) 100vw, 600px\" title=\"\"><img loading=\"lazy\" decoding=\"async\" width=\"600\" height=\"600\" src=\"https:\/\/www.companhiaatlantica.pt\/wp-content\/uploads\/2020\/11\/IMG_0837.jpg\" class=\"attachment-woocommerce_thumbnail size-woocommerce_thumbnail\" alt=\"BARREL Kaffeebecher\" srcset=\"https:\/\/www.companhiaatlantica.pt\/wp-content\/uploads\/2020\/11\/IMG_0837.jpg 600w, https:\/\/www.companhiaatlantica.pt\/wp-content\/uploads\/2020\/11\/IMG_0837-100x100.jpg 100w\" sizes=\"auto, (max-width: 600px) 100vw, 600px\" title=\"\">\t\t\t\t\t\t\t\t\t<\/a>\n\t\t\t\t\t\t\t\t\t\t\t\t\t\t\t\t\t\t \t\t\t\t\t\t\t\t<\/div>\n\t\t\t\t\t\t\t\t<div class=\"image-tools top right show-on-hover\">\n\t\t\t\t\t\t\t\t\t\t\t<div class=\"wishlist-icon\">\n\t\t\t<button class=\"wishlist-button button is-outline circle icon\" aria-label=\"Wunschliste\">\n\t\t\t\t<i class=\"icon-heart\" aria-hidden=\"true\"><\/i>\t\t\t<\/button>\n\t\t\t<div class=\"wishlist-popup dark\">\n\t\t\t\t\n<div\n\tclass=\"yith-wcwl-add-to-wishlist add-to-wishlist-41882 yith-wcwl-add-to-wishlist--button_default-style wishlist-fragment on-first-load\"\n\tdata-fragment-ref=\"41882\"\n\tdata-fragment-options=\"{&quot;base_url&quot;:&quot;&quot;,&quot;product_id&quot;:41882,&quot;parent_product_id&quot;:0,&quot;product_type&quot;:&quot;variable&quot;,&quot;is_single&quot;:false,&quot;in_default_wishlist&quot;:false,&quot;show_view&quot;:false,&quot;browse_wishlist_text&quot;:&quot;Siehe Ihre Wunschliste!&quot;,&quot;already_in_wishslist_text&quot;:&quot;Dieses Produkt steht bereits auf Ihrem Wunschzettel!&quot;,&quot;product_added_text&quot;:&quot;Produto adicionado!&quot;,&quot;available_multi_wishlist&quot;:false,&quot;disable_wishlist&quot;:false,&quot;show_count&quot;:false,&quot;ajax_loading&quot;:false,&quot;loop_position&quot;:&quot;after_add_to_cart&quot;,&quot;item&quot;:&quot;add_to_wishlist&quot;}\"\n>\n\t\t\t\n\t\t\t<!-- ADD TO WISHLIST -->\n\t\t\t\n<div class=\"yith-wcwl-add-button\">\n\t\t<a\n\t\thref=\"?add_to_wishlist=41882&#038;_wpnonce=52d31225f0\"\n\t\tclass=\"add_to_wishlist single_add_to_wishlist alt button theme-button-style \"\n\t\tdata-product-id=\"41882\"\n\t\tdata-product-type=\"variable\"\n\t\tdata-original-product-id=\"0\"\n\t\tdata-title=\"Zu meiner Wunschliste hinzuf\u00fcgen\"\n\t\trel=\"nofollow\"\n\t>\n\t\t<svg id=\"yith-wcwl-icon-heart-outline\" class=\"yith-wcwl-icon-svg\" fill=\"none\" stroke-width=\"1.5\" stroke=\"currentColor\" viewBox=\"0 0 24 24\" xmlns=\"http:\/\/www.w3.org\/2000\/svg\">\n  <path stroke-linecap=\"round\" stroke-linejoin=\"round\" d=\"M21 8.25c0-2.485-2.099-4.5-4.688-4.5-1.935 0-3.597 1.126-4.312 2.733-.715-1.607-2.377-2.733-4.313-2.733C5.1 3.75 3 5.765 3 8.25c0 7.22 9 12 9 12s9-4.78 9-12Z\"><\/path>\n<\/svg>\t\t<span>Zu meiner Wunschliste hinzuf\u00fcgen<\/span>\n\t<\/a>\n<\/div>\n\n\t\t\t<!-- COUNT TEXT -->\n\t\t\t\n\t\t\t<\/div>\n\t\t\t<\/div>\n\t\t<\/div>\n\t\t\t\t\t\t\t\t\t\t<\/div>\n\t\t\t\t\t\t\t\t\t\t\t\t\t\t\t\t\t<div class=\"image-tools grid-tools text-center hide-for-small bottom hover-slide-in show-on-hover\">\n\t\t\t\t\t\t\t\t\t\t\t\t\t\t\t\t\t\t\t<\/div>\n\t\t\t\t\t\t\t\t\t\t\t\t\t\t\t\t\t\t\t\t\t\t\t<\/div>\n\n\t\t\t\t\t\t\t<div class=\"box-text text-center\" >\n\t\t\t\t\t\t\t\t<div class=\"title-wrapper\"><p class=\"name product-title woocommerce-loop-product__title\"><a href=\"https:\/\/www.companhiaatlantica.pt\/de\/produto\/portugiesische-keramik\/keramiktasse\/fass-kaffee-450ml\" class=\"woocommerce-LoopProduct-link woocommerce-loop-product__link\">BARREL Kaffeebecher<\/a><\/p><\/div><div class=\"price-wrapper\">\n\t<span class=\"price\"><span class=\"woocommerce-Price-amount amount\"><bdi>17.75<span class=\"woocommerce-Price-currencySymbol\">&euro;<\/span><\/bdi><\/span><\/span>\n<\/div><div class=\"add-to-cart-button\"><a href=\"https:\/\/www.companhiaatlantica.pt\/de\/produto\/portugiesische-keramik\/keramiktasse\/fass-kaffee-450ml\" aria-describedby=\"woocommerce_loop_add_to_cart_link_describedby_41882\" data-quantity=\"1\" class=\"primary is-small mb-0 button product_type_variable add_to_cart_button is-outline\" data-product_id=\"41882\" data-product_sku=\"\" aria-label=\"W\u00e4hle Optionen f\u00fcr \u201eBARREL Kaffeebecher\u201c\" rel=\"nofollow\" data-product_name=\"BARREL Kaffeebecher\" data-product_image=\"https:\/\/www.companhiaatlantica.pt\/wp-content\/uploads\/2020\/11\/IMG_0837.jpg\">Ausf\u00fchrung w\u00e4hlen<\/a><\/div>\t<span id=\"woocommerce_loop_add_to_cart_link_describedby_41882\" class=\"screen-reader-text\">\n\t\tDieses Produkt weist mehrere Varianten auf. Die Optionen k\u00f6nnen auf der Produktseite gew\u00e4hlt werden\t<\/span>\n\t\t\t\t\t\t\t<\/div>\n\t\t\t\t\t\t<\/div>\n\t\t\t\t\t\t<\/div>\n\t\t\t\t\t<\/div><div class=\"col\" >\n\t\t\t\t\t\t<div class=\"col-inner\">\n\t\t\t\t\t\t\n<div class=\"badge-container absolute left top z-1\">\n\n<\/div>\n\t\t\t\t\t\t<div class=\"product-small box has-hover box-push box-text-bottom\">\n\t\t\t\t\t\t\t<div class=\"box-image\" >\n\t\t\t\t\t\t\t\t<div class=\"\" >\n\t\t\t\t\t\t\t\t\t<a href=\"https:\/\/www.companhiaatlantica.pt\/de\/produto\/portugiesische-keramik\/keramiktasse\/brise-caneca-500ml\" aria-label=\"BREEZY Kaffeebecher\">\n\t\t\t\t\t\t\t\t\t\t<img loading=\"lazy\" decoding=\"async\" width=\"700\" height=\"700\" src=\"https:\/\/www.companhiaatlantica.pt\/wp-content\/uploads\/2020\/11\/130-262-1-700x700.jpg\" class=\"show-on-hover absolute fill hide-for-small back-image\" alt=\"Alternative view of BREEZY Kaffeebecher\" aria-hidden=\"true\" srcset=\"https:\/\/www.companhiaatlantica.pt\/wp-content\/uploads\/2020\/11\/130-262-1-700x700.jpg 700w, https:\/\/www.companhiaatlantica.pt\/wp-content\/uploads\/2020\/11\/130-262-1-100x100.jpg 100w, https:\/\/www.companhiaatlantica.pt\/wp-content\/uploads\/2020\/11\/130-262-1-900x900.jpg 900w, https:\/\/www.companhiaatlantica.pt\/wp-content\/uploads\/2020\/11\/130-262-1-300x300.jpg 300w, https:\/\/www.companhiaatlantica.pt\/wp-content\/uploads\/2020\/11\/130-262-1-150x150.jpg 150w, https:\/\/www.companhiaatlantica.pt\/wp-content\/uploads\/2020\/11\/130-262-1-768x768.jpg 768w, https:\/\/www.companhiaatlantica.pt\/wp-content\/uploads\/2020\/11\/130-262-1-600x600.jpg 600w, https:\/\/www.companhiaatlantica.pt\/wp-content\/uploads\/2020\/11\/130-262-1.jpg 1000w\" sizes=\"auto, (max-width: 700px) 100vw, 700px\" title=\"\"><img loading=\"lazy\" decoding=\"async\" width=\"700\" height=\"700\" src=\"https:\/\/www.companhiaatlantica.pt\/wp-content\/uploads\/2021\/01\/130-306-1-700x700.jpg\" class=\"attachment-woocommerce_thumbnail size-woocommerce_thumbnail\" alt=\"BREEZY Kaffeebecher\" srcset=\"https:\/\/www.companhiaatlantica.pt\/wp-content\/uploads\/2021\/01\/130-306-1-700x700.jpg 700w, https:\/\/www.companhiaatlantica.pt\/wp-content\/uploads\/2021\/01\/130-306-1-100x100.jpg 100w, https:\/\/www.companhiaatlantica.pt\/wp-content\/uploads\/2021\/01\/130-306-1-900x900.jpg 900w, https:\/\/www.companhiaatlantica.pt\/wp-content\/uploads\/2021\/01\/130-306-1-300x300.jpg 300w, https:\/\/www.companhiaatlantica.pt\/wp-content\/uploads\/2021\/01\/130-306-1-150x150.jpg 150w, https:\/\/www.companhiaatlantica.pt\/wp-content\/uploads\/2021\/01\/130-306-1-768x768.jpg 768w, https:\/\/www.companhiaatlantica.pt\/wp-content\/uploads\/2021\/01\/130-306-1-600x600.jpg 600w, https:\/\/www.companhiaatlantica.pt\/wp-content\/uploads\/2021\/01\/130-306-1.jpg 1000w\" sizes=\"auto, (max-width: 700px) 100vw, 700px\" title=\"\">\t\t\t\t\t\t\t\t\t<\/a>\n\t\t\t\t\t\t\t\t\t\t\t\t\t\t\t\t\t\t \t\t\t\t\t\t\t\t<\/div>\n\t\t\t\t\t\t\t\t<div class=\"image-tools top right show-on-hover\">\n\t\t\t\t\t\t\t\t\t\t\t<div class=\"wishlist-icon\">\n\t\t\t<button class=\"wishlist-button button is-outline circle icon\" aria-label=\"Wunschliste\">\n\t\t\t\t<i class=\"icon-heart\" aria-hidden=\"true\"><\/i>\t\t\t<\/button>\n\t\t\t<div class=\"wishlist-popup dark\">\n\t\t\t\t\n<div\n\tclass=\"yith-wcwl-add-to-wishlist add-to-wishlist-41735 yith-wcwl-add-to-wishlist--button_default-style wishlist-fragment on-first-load\"\n\tdata-fragment-ref=\"41735\"\n\tdata-fragment-options=\"{&quot;base_url&quot;:&quot;&quot;,&quot;product_id&quot;:41735,&quot;parent_product_id&quot;:0,&quot;product_type&quot;:&quot;variable&quot;,&quot;is_single&quot;:false,&quot;in_default_wishlist&quot;:false,&quot;show_view&quot;:false,&quot;browse_wishlist_text&quot;:&quot;Siehe Ihre Wunschliste!&quot;,&quot;already_in_wishslist_text&quot;:&quot;Dieses Produkt steht bereits auf Ihrem Wunschzettel!&quot;,&quot;product_added_text&quot;:&quot;Produto adicionado!&quot;,&quot;available_multi_wishlist&quot;:false,&quot;disable_wishlist&quot;:false,&quot;show_count&quot;:false,&quot;ajax_loading&quot;:false,&quot;loop_position&quot;:&quot;after_add_to_cart&quot;,&quot;item&quot;:&quot;add_to_wishlist&quot;}\"\n>\n\t\t\t\n\t\t\t<!-- ADD TO WISHLIST -->\n\t\t\t\n<div class=\"yith-wcwl-add-button\">\n\t\t<a\n\t\thref=\"?add_to_wishlist=41735&#038;_wpnonce=52d31225f0\"\n\t\tclass=\"add_to_wishlist single_add_to_wishlist alt button theme-button-style \"\n\t\tdata-product-id=\"41735\"\n\t\tdata-product-type=\"variable\"\n\t\tdata-original-product-id=\"0\"\n\t\tdata-title=\"Zu meiner Wunschliste hinzuf\u00fcgen\"\n\t\trel=\"nofollow\"\n\t>\n\t\t<svg id=\"yith-wcwl-icon-heart-outline\" class=\"yith-wcwl-icon-svg\" fill=\"none\" stroke-width=\"1.5\" stroke=\"currentColor\" viewBox=\"0 0 24 24\" xmlns=\"http:\/\/www.w3.org\/2000\/svg\">\n  <path stroke-linecap=\"round\" stroke-linejoin=\"round\" d=\"M21 8.25c0-2.485-2.099-4.5-4.688-4.5-1.935 0-3.597 1.126-4.312 2.733-.715-1.607-2.377-2.733-4.313-2.733C5.1 3.75 3 5.765 3 8.25c0 7.22 9 12 9 12s9-4.78 9-12Z\"><\/path>\n<\/svg>\t\t<span>Zu meiner Wunschliste hinzuf\u00fcgen<\/span>\n\t<\/a>\n<\/div>\n\n\t\t\t<!-- COUNT TEXT -->\n\t\t\t\n\t\t\t<\/div>\n\t\t\t<\/div>\n\t\t<\/div>\n\t\t\t\t\t\t\t\t\t\t<\/div>\n\t\t\t\t\t\t\t\t\t\t\t\t\t\t\t\t\t<div class=\"image-tools grid-tools text-center hide-for-small bottom hover-slide-in show-on-hover\">\n\t\t\t\t\t\t\t\t\t\t\t\t\t\t\t\t\t\t\t<\/div>\n\t\t\t\t\t\t\t\t\t\t\t\t\t\t\t\t\t\t\t\t\t\t\t<\/div>\n\n\t\t\t\t\t\t\t<div class=\"box-text text-center\" >\n\t\t\t\t\t\t\t\t<span class=\"featured-badge\"><img decoding=\"async\" src=\"https:\/\/cdn.companhiaatlantica.pt\/wp-content\/themes\/flatsome-child\/src\/img\/ar-icon-2.jpg\" alt=\"AR Icon\" class=\"ar-icon\" title=\"\"><\/span><div class=\"title-wrapper\"><p class=\"name product-title woocommerce-loop-product__title\"><a href=\"https:\/\/www.companhiaatlantica.pt\/de\/produto\/portugiesische-keramik\/keramiktasse\/brise-caneca-500ml\" class=\"woocommerce-LoopProduct-link woocommerce-loop-product__link\">BREEZY Kaffeebecher<\/a><\/p><\/div><div class=\"price-wrapper\">\n\t<span class=\"price\"><span class=\"woocommerce-Price-amount amount\" aria-hidden=\"true\"><bdi>18.00<span class=\"woocommerce-Price-currencySymbol\">&euro;<\/span><\/bdi><\/span> <span aria-hidden=\"true\"> \u2013 <\/span> <span class=\"woocommerce-Price-amount amount\" aria-hidden=\"true\"><bdi>18.90<span class=\"woocommerce-Price-currencySymbol\">&euro;<\/span><\/bdi><\/span><span class=\"screen-reader-text\">Preisspanne: 18.00&euro; bis 18.90&euro;<\/span><\/span>\n<\/div><div class=\"add-to-cart-button\"><a href=\"https:\/\/www.companhiaatlantica.pt\/de\/produto\/portugiesische-keramik\/keramiktasse\/brise-caneca-500ml\" aria-describedby=\"woocommerce_loop_add_to_cart_link_describedby_41735\" data-quantity=\"1\" class=\"primary is-small mb-0 button product_type_variable add_to_cart_button is-outline\" data-product_id=\"41735\" data-product_sku=\"\" aria-label=\"W\u00e4hle Optionen f\u00fcr \u201eBREEZY Kaffeebecher\u201c\" rel=\"nofollow\" data-product_name=\"BREEZY Kaffeebecher\" data-product_image=\"https:\/\/www.companhiaatlantica.pt\/wp-content\/uploads\/2021\/01\/130-306-1-150x150.jpg\">Ausf\u00fchrung w\u00e4hlen<\/a><\/div>\t<span id=\"woocommerce_loop_add_to_cart_link_describedby_41735\" class=\"screen-reader-text\">\n\t\tDieses Produkt weist mehrere Varianten auf. Die Optionen k\u00f6nnen auf der Produktseite gew\u00e4hlt werden\t<\/span>\n\t\t\t\t\t\t\t<\/div>\n\t\t\t\t\t\t<\/div>\n\t\t\t\t\t\t<\/div>\n\t\t\t\t\t<\/div><div class=\"col\" >\n\t\t\t\t\t\t<div class=\"col-inner\">\n\t\t\t\t\t\t\n<div class=\"badge-container absolute left top z-1\">\n\n<\/div>\n\t\t\t\t\t\t<div class=\"product-small box has-hover box-push box-text-bottom\">\n\t\t\t\t\t\t\t<div class=\"box-image\" >\n\t\t\t\t\t\t\t\t<div class=\"\" >\n\t\t\t\t\t\t\t\t\t<a href=\"https:\/\/www.companhiaatlantica.pt\/de\/produto\/portugiesische-keramik\/keramiktasse\/fass-caneca-capuccino-330ml\" aria-label=\"BARREL Cappuccino-Becher\">\n\t\t\t\t\t\t\t\t\t\t<img loading=\"lazy\" decoding=\"async\" width=\"600\" height=\"600\" src=\"https:\/\/www.companhiaatlantica.pt\/wp-content\/uploads\/2024\/06\/130-345.jpg\" class=\"show-on-hover absolute fill hide-for-small back-image\" alt=\"Alternative view of BARREL Cappuccino-Becher\" aria-hidden=\"true\" srcset=\"https:\/\/www.companhiaatlantica.pt\/wp-content\/uploads\/2024\/06\/130-345.jpg 600w, https:\/\/www.companhiaatlantica.pt\/wp-content\/uploads\/2024\/06\/130-345-100x100.jpg 100w, https:\/\/www.companhiaatlantica.pt\/wp-content\/uploads\/2024\/06\/130-345-400x400.jpg 400w, https:\/\/www.companhiaatlantica.pt\/wp-content\/uploads\/2024\/06\/130-345-350x350.jpg 350w\" sizes=\"auto, (max-width: 600px) 100vw, 600px\" title=\"\"><img loading=\"lazy\" decoding=\"async\" width=\"600\" height=\"600\" src=\"https:\/\/www.companhiaatlantica.pt\/wp-content\/uploads\/2020\/10\/IMG_6968.jpg\" class=\"attachment-woocommerce_thumbnail size-woocommerce_thumbnail\" alt=\"BARREL Cappuccino-Becher\" srcset=\"https:\/\/www.companhiaatlantica.pt\/wp-content\/uploads\/2020\/10\/IMG_6968.jpg 600w, https:\/\/www.companhiaatlantica.pt\/wp-content\/uploads\/2020\/10\/IMG_6968-100x100.jpg 100w\" sizes=\"auto, (max-width: 600px) 100vw, 600px\" title=\"\">\t\t\t\t\t\t\t\t\t<\/a>\n\t\t\t\t\t\t\t\t\t\t\t\t\t\t\t\t\t\t \t\t\t\t\t\t\t\t<\/div>\n\t\t\t\t\t\t\t\t<div class=\"image-tools top right show-on-hover\">\n\t\t\t\t\t\t\t\t\t\t\t<div class=\"wishlist-icon\">\n\t\t\t<button class=\"wishlist-button button is-outline circle icon\" aria-label=\"Wunschliste\">\n\t\t\t\t<i class=\"icon-heart\" aria-hidden=\"true\"><\/i>\t\t\t<\/button>\n\t\t\t<div class=\"wishlist-popup dark\">\n\t\t\t\t\n<div\n\tclass=\"yith-wcwl-add-to-wishlist add-to-wishlist-41685 yith-wcwl-add-to-wishlist--button_default-style wishlist-fragment on-first-load\"\n\tdata-fragment-ref=\"41685\"\n\tdata-fragment-options=\"{&quot;base_url&quot;:&quot;&quot;,&quot;product_id&quot;:41685,&quot;parent_product_id&quot;:0,&quot;product_type&quot;:&quot;variable&quot;,&quot;is_single&quot;:false,&quot;in_default_wishlist&quot;:false,&quot;show_view&quot;:false,&quot;browse_wishlist_text&quot;:&quot;Siehe Ihre Wunschliste!&quot;,&quot;already_in_wishslist_text&quot;:&quot;Dieses Produkt steht bereits auf Ihrem Wunschzettel!&quot;,&quot;product_added_text&quot;:&quot;Produto adicionado!&quot;,&quot;available_multi_wishlist&quot;:false,&quot;disable_wishlist&quot;:false,&quot;show_count&quot;:false,&quot;ajax_loading&quot;:false,&quot;loop_position&quot;:&quot;after_add_to_cart&quot;,&quot;item&quot;:&quot;add_to_wishlist&quot;}\"\n>\n\t\t\t\n\t\t\t<!-- ADD TO WISHLIST -->\n\t\t\t\n<div class=\"yith-wcwl-add-button\">\n\t\t<a\n\t\thref=\"?add_to_wishlist=41685&#038;_wpnonce=52d31225f0\"\n\t\tclass=\"add_to_wishlist single_add_to_wishlist alt button theme-button-style \"\n\t\tdata-product-id=\"41685\"\n\t\tdata-product-type=\"variable\"\n\t\tdata-original-product-id=\"0\"\n\t\tdata-title=\"Zu meiner Wunschliste hinzuf\u00fcgen\"\n\t\trel=\"nofollow\"\n\t>\n\t\t<svg id=\"yith-wcwl-icon-heart-outline\" class=\"yith-wcwl-icon-svg\" fill=\"none\" stroke-width=\"1.5\" stroke=\"currentColor\" viewBox=\"0 0 24 24\" xmlns=\"http:\/\/www.w3.org\/2000\/svg\">\n  <path stroke-linecap=\"round\" stroke-linejoin=\"round\" d=\"M21 8.25c0-2.485-2.099-4.5-4.688-4.5-1.935 0-3.597 1.126-4.312 2.733-.715-1.607-2.377-2.733-4.313-2.733C5.1 3.75 3 5.765 3 8.25c0 7.22 9 12 9 12s9-4.78 9-12Z\"><\/path>\n<\/svg>\t\t<span>Zu meiner Wunschliste hinzuf\u00fcgen<\/span>\n\t<\/a>\n<\/div>\n\n\t\t\t<!-- COUNT TEXT -->\n\t\t\t\n\t\t\t<\/div>\n\t\t\t<\/div>\n\t\t<\/div>\n\t\t\t\t\t\t\t\t\t\t<\/div>\n\t\t\t\t\t\t\t\t\t\t\t\t\t\t\t\t\t<div class=\"image-tools grid-tools text-center hide-for-small bottom hover-slide-in show-on-hover\">\n\t\t\t\t\t\t\t\t\t\t\t\t\t\t\t\t\t\t\t<\/div>\n\t\t\t\t\t\t\t\t\t\t\t\t\t\t\t\t\t\t\t\t\t\t\t<\/div>\n\n\t\t\t\t\t\t\t<div class=\"box-text text-center\" >\n\t\t\t\t\t\t\t\t<div class=\"title-wrapper\"><p class=\"name product-title woocommerce-loop-product__title\"><a href=\"https:\/\/www.companhiaatlantica.pt\/de\/produto\/portugiesische-keramik\/keramiktasse\/fass-caneca-capuccino-330ml\" class=\"woocommerce-LoopProduct-link woocommerce-loop-product__link\">BARREL Cappuccino-Becher<\/a><\/p><\/div><div class=\"price-wrapper\">\n\t<span class=\"price\"><span class=\"woocommerce-Price-amount amount\"><bdi>16.75<span class=\"woocommerce-Price-currencySymbol\">&euro;<\/span><\/bdi><\/span><\/span>\n<\/div><div class=\"add-to-cart-button\"><a href=\"https:\/\/www.companhiaatlantica.pt\/de\/produto\/portugiesische-keramik\/keramiktasse\/fass-caneca-capuccino-330ml\" aria-describedby=\"woocommerce_loop_add_to_cart_link_describedby_41685\" data-quantity=\"1\" class=\"primary is-small mb-0 button product_type_variable add_to_cart_button is-outline\" data-product_id=\"41685\" data-product_sku=\"\" aria-label=\"W\u00e4hle Optionen f\u00fcr \u201eBARREL Cappuccino-Becher\u201c\" rel=\"nofollow\" data-product_name=\"BARREL Cappuccino-Becher\" data-product_image=\"https:\/\/www.companhiaatlantica.pt\/wp-content\/uploads\/2020\/10\/IMG_6968.jpg\">Ausf\u00fchrung w\u00e4hlen<\/a><\/div>\t<span id=\"woocommerce_loop_add_to_cart_link_describedby_41685\" class=\"screen-reader-text\">\n\t\tDieses Produkt weist mehrere Varianten auf. Die Optionen k\u00f6nnen auf der Produktseite gew\u00e4hlt werden\t<\/span>\n\t\t\t\t\t\t\t<\/div>\n\t\t\t\t\t\t<\/div>\n\t\t\t\t\t\t<\/div>\n\t\t\t\t\t<\/div><\/div>\n\t<div id=\"gap-2015161085\" class=\"gap-element clearfix\" style=\"display:block; height:auto;\">\n\t\t\n<style>\n#gap-2015161085 {\n  padding-top: 30px;\n}\n<\/style>\n\t<\/div>\n\t\n<div class=\"container section-title-container\" ><h3 class=\"section-title section-title-center\"><b aria-hidden=\"true\"><\/b><span class=\"section-title-main\" ><i class=\"icon-star\" aria-hidden=\"true\"><\/i>ESSENTIELL F\u00dcR DEIN M\u00dcSLI<\/span><b aria-hidden=\"true\"><\/b><\/h3><\/div>\n\t\n  \n    <div class=\"row large-columns-4 medium-columns-3 small-columns-2 row-xsmall row-full-width slider row-slider slider-nav-reveal\"  data-flickity-options='{&quot;imagesLoaded&quot;: true, &quot;groupCells&quot;: &quot;100%&quot;, &quot;dragThreshold&quot; : 5, &quot;cellAlign&quot;: &quot;left&quot;,&quot;wrapAround&quot;: true,&quot;prevNextButtons&quot;: true,&quot;percentPosition&quot;: true,&quot;pageDots&quot;: false, &quot;rightToLeft&quot;: false, &quot;autoPlay&quot; : 3000}' >\n\n  \n\t     <div class=\"col\" >\n\t\t\t\t\t\t<div class=\"col-inner\">\n\t\t\t\t\t\t\n<div class=\"badge-container absolute left top z-1\">\n<div class=\"badge callout badge-circle\">\r\n  \t\t\t<div class=\"badge-inner secondary on-sale\">\r\n  \t\t\t\t<span class=\"onsale\">-25%<\/span>\r\n\t\t\t<\/div>\r\n\t\t<\/div>\r\n\t\t<div class=\"badge callout badge-circle\">\r\n\t\t\t<div class=\"badge-inner callout-new-bg is-small new-bubble\">1 pc<\/div>\r\n\t\t<\/div>\n<div class=\"badge callout badge-circle\"><div class=\"badge-inner callout-new-bg is-small new-bubble\">1 pc<\/div><\/div><\/div>\n\t\t\t\t\t\t<div class=\"product-small box has-hover box-push box-text-bottom\">\n\t\t\t\t\t\t\t<div class=\"box-image\" >\n\t\t\t\t\t\t\t\t<div class=\"\" >\n\t\t\t\t\t\t\t\t\t<a href=\"https:\/\/www.companhiaatlantica.pt\/de\/produto\/portugiesische-keramik\/keramik-schussel\/schale-o18-gym-cream-mit-sprenkeln\" aria-label=\"Schale \u00d818 GYM Cream mit Sprenkeln\">\n\t\t\t\t\t\t\t\t\t\t<img loading=\"lazy\" decoding=\"async\" width=\"700\" height=\"700\" src=\"https:\/\/www.companhiaatlantica.pt\/wp-content\/uploads\/2025\/04\/130-325-2-700x700.jpg\" class=\"attachment-woocommerce_thumbnail size-woocommerce_thumbnail\" alt=\"Schale \u00d818 GYM Cream mit Sprenkeln\" srcset=\"https:\/\/www.companhiaatlantica.pt\/wp-content\/uploads\/2025\/04\/130-325-2-700x700.jpg 700w, https:\/\/www.companhiaatlantica.pt\/wp-content\/uploads\/2025\/04\/130-325-2-100x100.jpg 100w, https:\/\/www.companhiaatlantica.pt\/wp-content\/uploads\/2025\/04\/130-325-2-400x400.jpg 400w, https:\/\/www.companhiaatlantica.pt\/wp-content\/uploads\/2025\/04\/130-325-2-350x350.jpg 350w, https:\/\/www.companhiaatlantica.pt\/wp-content\/uploads\/2025\/04\/130-325-2-768x768.jpg 768w, https:\/\/www.companhiaatlantica.pt\/wp-content\/uploads\/2025\/04\/130-325-2-600x600.jpg 600w, https:\/\/www.companhiaatlantica.pt\/wp-content\/uploads\/2025\/04\/130-325-2.jpg 900w\" sizes=\"auto, (max-width: 700px) 100vw, 700px\" title=\"\">\t\t\t\t\t\t\t\t\t<\/a>\n\t\t\t\t\t\t\t\t\t\t\t\t\t\t\t\t\t\t \t\t\t\t\t\t\t\t<\/div>\n\t\t\t\t\t\t\t\t<div class=\"image-tools top right show-on-hover\">\n\t\t\t\t\t\t\t\t\t\t\t<div class=\"wishlist-icon\">\n\t\t\t<button class=\"wishlist-button button is-outline circle icon\" aria-label=\"Wunschliste\">\n\t\t\t\t<i class=\"icon-heart\" aria-hidden=\"true\"><\/i>\t\t\t<\/button>\n\t\t\t<div class=\"wishlist-popup dark\">\n\t\t\t\t\n<div\n\tclass=\"yith-wcwl-add-to-wishlist add-to-wishlist-72475 yith-wcwl-add-to-wishlist--button_default-style wishlist-fragment on-first-load\"\n\tdata-fragment-ref=\"72475\"\n\tdata-fragment-options=\"{&quot;base_url&quot;:&quot;&quot;,&quot;product_id&quot;:72475,&quot;parent_product_id&quot;:0,&quot;product_type&quot;:&quot;simple&quot;,&quot;is_single&quot;:false,&quot;in_default_wishlist&quot;:false,&quot;show_view&quot;:false,&quot;browse_wishlist_text&quot;:&quot;Siehe Ihre Wunschliste!&quot;,&quot;already_in_wishslist_text&quot;:&quot;Dieses Produkt steht bereits auf Ihrem Wunschzettel!&quot;,&quot;product_added_text&quot;:&quot;Produto adicionado!&quot;,&quot;available_multi_wishlist&quot;:false,&quot;disable_wishlist&quot;:false,&quot;show_count&quot;:false,&quot;ajax_loading&quot;:false,&quot;loop_position&quot;:&quot;after_add_to_cart&quot;,&quot;item&quot;:&quot;add_to_wishlist&quot;}\"\n>\n\t\t\t\n\t\t\t<!-- ADD TO WISHLIST -->\n\t\t\t\n<div class=\"yith-wcwl-add-button\">\n\t\t<a\n\t\thref=\"?add_to_wishlist=72475&#038;_wpnonce=52d31225f0\"\n\t\tclass=\"add_to_wishlist single_add_to_wishlist alt button theme-button-style \"\n\t\tdata-product-id=\"72475\"\n\t\tdata-product-type=\"simple\"\n\t\tdata-original-product-id=\"0\"\n\t\tdata-title=\"Zu meiner Wunschliste hinzuf\u00fcgen\"\n\t\trel=\"nofollow\"\n\t>\n\t\t<svg id=\"yith-wcwl-icon-heart-outline\" class=\"yith-wcwl-icon-svg\" fill=\"none\" stroke-width=\"1.5\" stroke=\"currentColor\" viewBox=\"0 0 24 24\" xmlns=\"http:\/\/www.w3.org\/2000\/svg\">\n  <path stroke-linecap=\"round\" stroke-linejoin=\"round\" d=\"M21 8.25c0-2.485-2.099-4.5-4.688-4.5-1.935 0-3.597 1.126-4.312 2.733-.715-1.607-2.377-2.733-4.313-2.733C5.1 3.75 3 5.765 3 8.25c0 7.22 9 12 9 12s9-4.78 9-12Z\"><\/path>\n<\/svg>\t\t<span>Zu meiner Wunschliste hinzuf\u00fcgen<\/span>\n\t<\/a>\n<\/div>\n\n\t\t\t<!-- COUNT TEXT -->\n\t\t\t\n\t\t\t<\/div>\n\t\t\t<\/div>\n\t\t<\/div>\n\t\t\t\t\t\t\t\t\t\t<\/div>\n\t\t\t\t\t\t\t\t\t\t\t\t\t\t\t\t\t<div class=\"image-tools grid-tools text-center hide-for-small bottom hover-slide-in show-on-hover\">\n\t\t\t\t\t\t\t\t\t\t\t\t\t\t\t\t\t\t\t<\/div>\n\t\t\t\t\t\t\t\t\t\t\t\t\t\t\t\t\t\t\t\t\t\t\t<\/div>\n\n\t\t\t\t\t\t\t<div class=\"box-text text-center\" >\n\t\t\t\t\t\t\t\t<div class=\"title-wrapper\"><p class=\"name product-title woocommerce-loop-product__title\"><a href=\"https:\/\/www.companhiaatlantica.pt\/de\/produto\/portugiesische-keramik\/keramik-schussel\/schale-o18-gym-cream-mit-sprenkeln\" class=\"woocommerce-LoopProduct-link woocommerce-loop-product__link\">Schale \u00d818 GYM Cream mit Sprenkeln<\/a><\/p><\/div><div class=\"price-wrapper\">\n\t<span class=\"price\"><del aria-hidden=\"true\"><span class=\"woocommerce-Price-amount amount\"><bdi>15.90<span class=\"woocommerce-Price-currencySymbol\">&euro;<\/span><\/bdi><\/span><\/del> <span class=\"screen-reader-text\">Urspr\u00fcnglicher Preis war: 15.90&euro;<\/span><ins aria-hidden=\"true\"><span class=\"woocommerce-Price-amount amount\"><bdi>11.90<span class=\"woocommerce-Price-currencySymbol\">&euro;<\/span><\/bdi><\/span><\/ins><span class=\"screen-reader-text\">Aktueller Preis ist: 11.90&euro;.<\/span><\/span>\n<\/div>\t<span id=\"woocommerce_loop_add_to_cart_link_describedby_72475\" class=\"screen-reader-text\">\n\t\t\t<\/span>\n\t\t\t\t\t\t\t<\/div>\n\t\t\t\t\t\t<\/div>\n\t\t\t\t\t\t<\/div>\n\t\t\t\t\t<\/div><div class=\"col\" >\n\t\t\t\t\t\t<div class=\"col-inner\">\n\t\t\t\t\t\t\n<div class=\"badge-container absolute left top z-1\">\n<div class=\"badge callout badge-circle\">\r\n  \t\t\t<div class=\"badge-inner secondary on-sale\">\r\n  \t\t\t\t<span class=\"onsale\">-15%<\/span>\r\n\t\t\t<\/div>\r\n\t\t<\/div>\r\n\t\t<div class=\"badge callout badge-circle\">\r\n\t\t\t<div class=\"badge-inner callout-new-bg is-small new-bubble\">NEW<\/div>\r\n\t\t<\/div>\n<div class=\"badge callout badge-circle\"><div class=\"badge-inner callout-new-bg is-small new-bubble\">NEW<\/div><\/div><\/div>\n\t\t\t\t\t\t<div class=\"product-small box has-hover box-push box-text-bottom\">\n\t\t\t\t\t\t\t<div class=\"box-image\" >\n\t\t\t\t\t\t\t\t<div class=\"\" >\n\t\t\t\t\t\t\t\t\t<a href=\"https:\/\/www.companhiaatlantica.pt\/de\/produto\/portugiesische-keramik\/keramik-schussel\/schale-o14-duna-set-mit-6-stueck\" aria-label=\"Schale \u00d814 DUNA \u2013 Set mit 6 St\u00fcck\">\n\t\t\t\t\t\t\t\t\t\t<img loading=\"lazy\" decoding=\"async\" width=\"700\" height=\"700\" src=\"https:\/\/www.companhiaatlantica.pt\/wp-content\/uploads\/2025\/06\/131-406_a-1-700x700.jpg\" class=\"show-on-hover absolute fill hide-for-small back-image\" alt=\"Alternative view of Schale \u00d814 DUNA \u2013 Set mit 6 St\u00fcck\" aria-hidden=\"true\" srcset=\"https:\/\/www.companhiaatlantica.pt\/wp-content\/uploads\/2025\/06\/131-406_a-1-700x700.jpg 700w, https:\/\/www.companhiaatlantica.pt\/wp-content\/uploads\/2025\/06\/131-406_a-1-400x400.jpg 400w, https:\/\/www.companhiaatlantica.pt\/wp-content\/uploads\/2025\/06\/131-406_a-1-350x350.jpg 350w, https:\/\/www.companhiaatlantica.pt\/wp-content\/uploads\/2025\/06\/131-406_a-1-768x768.jpg 768w, https:\/\/www.companhiaatlantica.pt\/wp-content\/uploads\/2025\/06\/131-406_a-1-900x900.jpg 900w, https:\/\/www.companhiaatlantica.pt\/wp-content\/uploads\/2025\/06\/131-406_a-1-100x100.jpg 100w, https:\/\/www.companhiaatlantica.pt\/wp-content\/uploads\/2025\/06\/131-406_a-1.jpg 1000w\" sizes=\"auto, (max-width: 700px) 100vw, 700px\" title=\"\"><img loading=\"lazy\" decoding=\"async\" width=\"700\" height=\"700\" src=\"https:\/\/www.companhiaatlantica.pt\/wp-content\/uploads\/2025\/06\/ca-duna-collection-green-bowl-4-700x700.jpg\" class=\"attachment-woocommerce_thumbnail size-woocommerce_thumbnail\" alt=\"Schale \u00d814 DUNA \u2013 Set mit 6 St\u00fcck\" srcset=\"https:\/\/www.companhiaatlantica.pt\/wp-content\/uploads\/2025\/06\/ca-duna-collection-green-bowl-4-700x700.jpg 700w, https:\/\/www.companhiaatlantica.pt\/wp-content\/uploads\/2025\/06\/ca-duna-collection-green-bowl-4-350x350.jpg 350w, https:\/\/www.companhiaatlantica.pt\/wp-content\/uploads\/2025\/06\/ca-duna-collection-green-bowl-4-100x100.jpg 100w\" sizes=\"auto, (max-width: 700px) 100vw, 700px\" title=\"\">\t\t\t\t\t\t\t\t\t<\/a>\n\t\t\t\t\t\t\t\t\t\t\t\t\t\t\t\t\t\t \t\t\t\t\t\t\t\t<\/div>\n\t\t\t\t\t\t\t\t<div class=\"image-tools top right show-on-hover\">\n\t\t\t\t\t\t\t\t\t\t\t<div class=\"wishlist-icon\">\n\t\t\t<button class=\"wishlist-button button is-outline circle icon\" aria-label=\"Wunschliste\">\n\t\t\t\t<i class=\"icon-heart\" aria-hidden=\"true\"><\/i>\t\t\t<\/button>\n\t\t\t<div class=\"wishlist-popup dark\">\n\t\t\t\t\n<div\n\tclass=\"yith-wcwl-add-to-wishlist add-to-wishlist-74791 yith-wcwl-add-to-wishlist--button_default-style wishlist-fragment on-first-load\"\n\tdata-fragment-ref=\"74791\"\n\tdata-fragment-options=\"{&quot;base_url&quot;:&quot;&quot;,&quot;product_id&quot;:74791,&quot;parent_product_id&quot;:0,&quot;product_type&quot;:&quot;variable&quot;,&quot;is_single&quot;:false,&quot;in_default_wishlist&quot;:false,&quot;show_view&quot;:false,&quot;browse_wishlist_text&quot;:&quot;Siehe Ihre Wunschliste!&quot;,&quot;already_in_wishslist_text&quot;:&quot;Dieses Produkt steht bereits auf Ihrem Wunschzettel!&quot;,&quot;product_added_text&quot;:&quot;Produto adicionado!&quot;,&quot;available_multi_wishlist&quot;:false,&quot;disable_wishlist&quot;:false,&quot;show_count&quot;:false,&quot;ajax_loading&quot;:false,&quot;loop_position&quot;:&quot;after_add_to_cart&quot;,&quot;item&quot;:&quot;add_to_wishlist&quot;}\"\n>\n\t\t\t\n\t\t\t<!-- ADD TO WISHLIST -->\n\t\t\t\n<div class=\"yith-wcwl-add-button\">\n\t\t<a\n\t\thref=\"?add_to_wishlist=74791&#038;_wpnonce=52d31225f0\"\n\t\tclass=\"add_to_wishlist single_add_to_wishlist alt button theme-button-style \"\n\t\tdata-product-id=\"74791\"\n\t\tdata-product-type=\"variable\"\n\t\tdata-original-product-id=\"0\"\n\t\tdata-title=\"Zu meiner Wunschliste hinzuf\u00fcgen\"\n\t\trel=\"nofollow\"\n\t>\n\t\t<svg id=\"yith-wcwl-icon-heart-outline\" class=\"yith-wcwl-icon-svg\" fill=\"none\" stroke-width=\"1.5\" stroke=\"currentColor\" viewBox=\"0 0 24 24\" xmlns=\"http:\/\/www.w3.org\/2000\/svg\">\n  <path stroke-linecap=\"round\" stroke-linejoin=\"round\" d=\"M21 8.25c0-2.485-2.099-4.5-4.688-4.5-1.935 0-3.597 1.126-4.312 2.733-.715-1.607-2.377-2.733-4.313-2.733C5.1 3.75 3 5.765 3 8.25c0 7.22 9 12 9 12s9-4.78 9-12Z\"><\/path>\n<\/svg>\t\t<span>Zu meiner Wunschliste hinzuf\u00fcgen<\/span>\n\t<\/a>\n<\/div>\n\n\t\t\t<!-- COUNT TEXT -->\n\t\t\t\n\t\t\t<\/div>\n\t\t\t<\/div>\n\t\t<\/div>\n\t\t\t\t\t\t\t\t\t\t<\/div>\n\t\t\t\t\t\t\t\t\t\t\t\t\t\t\t\t\t<div class=\"image-tools grid-tools text-center hide-for-small bottom hover-slide-in show-on-hover\">\n\t\t\t\t\t\t\t\t\t\t\t\t\t\t\t\t\t\t\t<\/div>\n\t\t\t\t\t\t\t\t\t\t\t\t\t\t\t\t\t\t\t\t\t\t\t<\/div>\n\n\t\t\t\t\t\t\t<div class=\"box-text text-center\" >\n\t\t\t\t\t\t\t\t<div class=\"title-wrapper\"><p class=\"name product-title woocommerce-loop-product__title\"><a href=\"https:\/\/www.companhiaatlantica.pt\/de\/produto\/portugiesische-keramik\/keramik-schussel\/schale-o14-duna-set-mit-6-stueck\" class=\"woocommerce-LoopProduct-link woocommerce-loop-product__link\">Schale \u00d814 DUNA \u2013 Set mit 6 St\u00fcck<\/a><\/p><\/div><div class=\"price-wrapper\">\n\t<span class=\"price\"><del aria-hidden=\"true\"><span class=\"woocommerce-Price-amount amount\"><bdi>94.50<span class=\"woocommerce-Price-currencySymbol\">&euro;<\/span><\/bdi><\/span><\/del> <span class=\"screen-reader-text\">Urspr\u00fcnglicher Preis war: 94.50&euro;<\/span><ins aria-hidden=\"true\"><span class=\"woocommerce-Price-amount amount\"><bdi>79.95<span class=\"woocommerce-Price-currencySymbol\">&euro;<\/span><\/bdi><\/span><\/ins><span class=\"screen-reader-text\">Aktueller Preis ist: 79.95&euro;.<\/span><\/span>\n<\/div>\t<span id=\"woocommerce_loop_add_to_cart_link_describedby_74791\" class=\"screen-reader-text\">\n\t\tDieses Produkt weist mehrere Varianten auf. Die Optionen k\u00f6nnen auf der Produktseite gew\u00e4hlt werden\t<\/span>\n\t\t\t\t\t\t\t<\/div>\n\t\t\t\t\t\t<\/div>\n\t\t\t\t\t\t<\/div>\n\t\t\t\t\t<\/div><div class=\"col\" >\n\t\t\t\t\t\t<div class=\"col-inner\">\n\t\t\t\t\t\t\n<div class=\"badge-container absolute left top z-1\">\n\n<\/div>\n\t\t\t\t\t\t<div class=\"product-small box has-hover box-push box-text-bottom\">\n\t\t\t\t\t\t\t<div class=\"box-image\" >\n\t\t\t\t\t\t\t\t<div class=\"\" >\n\t\t\t\t\t\t\t\t\t<a href=\"https:\/\/www.companhiaatlantica.pt\/de\/produto\/portugiesische-keramik\/keramik-schussel\/gaudi-tigella-16cm\" aria-label=\"GAUDI-Schale\">\n\t\t\t\t\t\t\t\t\t\t<img loading=\"lazy\" decoding=\"async\" width=\"600\" height=\"600\" src=\"https:\/\/www.companhiaatlantica.pt\/wp-content\/uploads\/2019\/09\/130-393.jpg\" class=\"attachment-woocommerce_thumbnail size-woocommerce_thumbnail\" alt=\"GAUDI-Schale\" srcset=\"https:\/\/www.companhiaatlantica.pt\/wp-content\/uploads\/2019\/09\/130-393.jpg 600w, https:\/\/www.companhiaatlantica.pt\/wp-content\/uploads\/2019\/09\/130-393-100x100.jpg 100w\" sizes=\"auto, (max-width: 600px) 100vw, 600px\" title=\"\">\t\t\t\t\t\t\t\t\t<\/a>\n\t\t\t\t\t\t\t\t\t\t\t\t\t\t\t\t\t\t \t\t\t\t\t\t\t\t<\/div>\n\t\t\t\t\t\t\t\t<div class=\"image-tools top right show-on-hover\">\n\t\t\t\t\t\t\t\t\t\t\t<div class=\"wishlist-icon\">\n\t\t\t<button class=\"wishlist-button button is-outline circle icon\" aria-label=\"Wunschliste\">\n\t\t\t\t<i class=\"icon-heart\" aria-hidden=\"true\"><\/i>\t\t\t<\/button>\n\t\t\t<div class=\"wishlist-popup dark\">\n\t\t\t\t\n<div\n\tclass=\"yith-wcwl-add-to-wishlist add-to-wishlist-42067 yith-wcwl-add-to-wishlist--button_default-style wishlist-fragment on-first-load\"\n\tdata-fragment-ref=\"42067\"\n\tdata-fragment-options=\"{&quot;base_url&quot;:&quot;&quot;,&quot;product_id&quot;:42067,&quot;parent_product_id&quot;:0,&quot;product_type&quot;:&quot;simple&quot;,&quot;is_single&quot;:false,&quot;in_default_wishlist&quot;:false,&quot;show_view&quot;:false,&quot;browse_wishlist_text&quot;:&quot;Siehe Ihre Wunschliste!&quot;,&quot;already_in_wishslist_text&quot;:&quot;Dieses Produkt steht bereits auf Ihrem Wunschzettel!&quot;,&quot;product_added_text&quot;:&quot;Produto adicionado!&quot;,&quot;available_multi_wishlist&quot;:false,&quot;disable_wishlist&quot;:false,&quot;show_count&quot;:false,&quot;ajax_loading&quot;:false,&quot;loop_position&quot;:&quot;after_add_to_cart&quot;,&quot;item&quot;:&quot;add_to_wishlist&quot;}\"\n>\n\t\t\t\n\t\t\t<!-- ADD TO WISHLIST -->\n\t\t\t\n<div class=\"yith-wcwl-add-button\">\n\t\t<a\n\t\thref=\"?add_to_wishlist=42067&#038;_wpnonce=52d31225f0\"\n\t\tclass=\"add_to_wishlist single_add_to_wishlist alt button theme-button-style \"\n\t\tdata-product-id=\"42067\"\n\t\tdata-product-type=\"simple\"\n\t\tdata-original-product-id=\"0\"\n\t\tdata-title=\"Zu meiner Wunschliste hinzuf\u00fcgen\"\n\t\trel=\"nofollow\"\n\t>\n\t\t<svg id=\"yith-wcwl-icon-heart-outline\" class=\"yith-wcwl-icon-svg\" fill=\"none\" stroke-width=\"1.5\" stroke=\"currentColor\" viewBox=\"0 0 24 24\" xmlns=\"http:\/\/www.w3.org\/2000\/svg\">\n  <path stroke-linecap=\"round\" stroke-linejoin=\"round\" d=\"M21 8.25c0-2.485-2.099-4.5-4.688-4.5-1.935 0-3.597 1.126-4.312 2.733-.715-1.607-2.377-2.733-4.313-2.733C5.1 3.75 3 5.765 3 8.25c0 7.22 9 12 9 12s9-4.78 9-12Z\"><\/path>\n<\/svg>\t\t<span>Zu meiner Wunschliste hinzuf\u00fcgen<\/span>\n\t<\/a>\n<\/div>\n\n\t\t\t<!-- COUNT TEXT -->\n\t\t\t\n\t\t\t<\/div>\n\t\t\t<\/div>\n\t\t<\/div>\n\t\t\t\t\t\t\t\t\t\t<\/div>\n\t\t\t\t\t\t\t\t\t\t\t\t\t\t\t\t\t<div class=\"image-tools grid-tools text-center hide-for-small bottom hover-slide-in show-on-hover\">\n\t\t\t\t\t\t\t\t\t\t\t\t\t\t\t\t\t\t\t<\/div>\n\t\t\t\t\t\t\t\t\t\t\t\t\t\t\t\t\t\t\t\t\t\t\t<\/div>\n\n\t\t\t\t\t\t\t<div class=\"box-text text-center\" >\n\t\t\t\t\t\t\t\t<div class=\"title-wrapper\"><p class=\"name product-title woocommerce-loop-product__title\"><a href=\"https:\/\/www.companhiaatlantica.pt\/de\/produto\/portugiesische-keramik\/keramik-schussel\/gaudi-tigella-16cm\" class=\"woocommerce-LoopProduct-link woocommerce-loop-product__link\">GAUDI-Schale<\/a><\/p><\/div><div class=\"price-wrapper\">\n\t<span class=\"price\"><span class=\"woocommerce-Price-amount amount\"><bdi>14.00<span class=\"woocommerce-Price-currencySymbol\">&euro;<\/span><\/bdi><\/span><\/span>\n<\/div><div class=\"add-to-cart-button\"><a href=\"\/de\/wp-json\/wp\/v2\/pages\/66644?add-to-cart=42067\" aria-describedby=\"woocommerce_loop_add_to_cart_link_describedby_42067\" data-quantity=\"1\" class=\"primary is-small mb-0 button product_type_simple add_to_cart_button ajax_add_to_cart is-outline\" data-product_id=\"42067\" data-product_sku=\"130-393\" aria-label=\"In den Warenkorb legen: \u201eGAUDI-Schale\u201c\" rel=\"nofollow\" data-success_message=\"\u201eGAUDI-Schale\u201c wurde deinem Warenkorb hinzugef\u00fcgt\" data-product_name=\"GAUDI-Schale\" data-product_image=\"https:\/\/www.companhiaatlantica.pt\/wp-content\/uploads\/2019\/09\/130-393.jpg\" role=\"button\">In den Warenkorb<\/a><\/div>\t<span id=\"woocommerce_loop_add_to_cart_link_describedby_42067\" class=\"screen-reader-text\">\n\t\t\t<\/span>\n\t\t\t\t\t\t\t<\/div>\n\t\t\t\t\t\t<\/div>\n\t\t\t\t\t\t<\/div>\n\t\t\t\t\t<\/div><div class=\"col\" >\n\t\t\t\t\t\t<div class=\"col-inner\">\n\t\t\t\t\t\t\n<div class=\"badge-container absolute left top z-1\">\n\n<\/div>\n\t\t\t\t\t\t<div class=\"product-small box has-hover box-push box-text-bottom\">\n\t\t\t\t\t\t\t<div class=\"box-image\" >\n\t\t\t\t\t\t\t\t<div class=\"\" >\n\t\t\t\t\t\t\t\t\t<a href=\"https:\/\/www.companhiaatlantica.pt\/de\/produto\/portugiesische-keramik\/keramik-schussel\/kaffeemoment-mit-der-mar-kollektion\" aria-label=\"Kaffeemoment mit der MAR-Kollektion\">\n\t\t\t\t\t\t\t\t\t\t<img loading=\"lazy\" decoding=\"async\" width=\"525\" height=\"404\" src=\"https:\/\/www.companhiaatlantica.pt\/wp-content\/uploads\/2024\/07\/mar-stock-on-mugs-rose.jpg\" class=\"show-on-hover absolute fill hide-for-small back-image\" alt=\"Alternative view of Kaffeemoment mit der MAR-Kollektion\" aria-hidden=\"true\" srcset=\"https:\/\/www.companhiaatlantica.pt\/wp-content\/uploads\/2024\/07\/mar-stock-on-mugs-rose.jpg 525w, https:\/\/www.companhiaatlantica.pt\/wp-content\/uploads\/2024\/07\/mar-stock-on-mugs-rose-400x308.jpg 400w\" sizes=\"auto, (max-width: 525px) 100vw, 525px\" title=\"\"><img loading=\"lazy\" decoding=\"async\" width=\"600\" height=\"600\" src=\"https:\/\/www.companhiaatlantica.pt\/wp-content\/uploads\/2021\/08\/IMG_2429.jpg\" class=\"attachment-woocommerce_thumbnail size-woocommerce_thumbnail\" alt=\"Kaffeemoment mit der MAR-Kollektion\" srcset=\"https:\/\/www.companhiaatlantica.pt\/wp-content\/uploads\/2021\/08\/IMG_2429.jpg 600w, https:\/\/www.companhiaatlantica.pt\/wp-content\/uploads\/2021\/08\/IMG_2429-100x100.jpg 100w\" sizes=\"auto, (max-width: 600px) 100vw, 600px\" title=\"\">\t\t\t\t\t\t\t\t\t<\/a>\n\t\t\t\t\t\t\t\t\t\t\t\t\t\t\t\t\t\t \t\t\t\t\t\t\t\t<\/div>\n\t\t\t\t\t\t\t\t<div class=\"image-tools top right show-on-hover\">\n\t\t\t\t\t\t\t\t\t\t\t<div class=\"wishlist-icon\">\n\t\t\t<button class=\"wishlist-button button is-outline circle icon\" aria-label=\"Wunschliste\">\n\t\t\t\t<i class=\"icon-heart\" aria-hidden=\"true\"><\/i>\t\t\t<\/button>\n\t\t\t<div class=\"wishlist-popup dark\">\n\t\t\t\t\n<div\n\tclass=\"yith-wcwl-add-to-wishlist add-to-wishlist-40733 yith-wcwl-add-to-wishlist--button_default-style wishlist-fragment on-first-load\"\n\tdata-fragment-ref=\"40733\"\n\tdata-fragment-options=\"{&quot;base_url&quot;:&quot;&quot;,&quot;product_id&quot;:40733,&quot;parent_product_id&quot;:0,&quot;product_type&quot;:&quot;yith_bundle&quot;,&quot;is_single&quot;:false,&quot;in_default_wishlist&quot;:false,&quot;show_view&quot;:false,&quot;browse_wishlist_text&quot;:&quot;Siehe Ihre Wunschliste!&quot;,&quot;already_in_wishslist_text&quot;:&quot;Dieses Produkt steht bereits auf Ihrem Wunschzettel!&quot;,&quot;product_added_text&quot;:&quot;Produto adicionado!&quot;,&quot;available_multi_wishlist&quot;:false,&quot;disable_wishlist&quot;:false,&quot;show_count&quot;:false,&quot;ajax_loading&quot;:false,&quot;loop_position&quot;:&quot;after_add_to_cart&quot;,&quot;item&quot;:&quot;add_to_wishlist&quot;}\"\n>\n\t\t\t\n\t\t\t<!-- ADD TO WISHLIST -->\n\t\t\t\n<div class=\"yith-wcwl-add-button\">\n\t\t<a\n\t\thref=\"?add_to_wishlist=40733&#038;_wpnonce=52d31225f0\"\n\t\tclass=\"add_to_wishlist single_add_to_wishlist alt button theme-button-style \"\n\t\tdata-product-id=\"40733\"\n\t\tdata-product-type=\"yith_bundle\"\n\t\tdata-original-product-id=\"0\"\n\t\tdata-title=\"Zu meiner Wunschliste hinzuf\u00fcgen\"\n\t\trel=\"nofollow\"\n\t>\n\t\t<svg id=\"yith-wcwl-icon-heart-outline\" class=\"yith-wcwl-icon-svg\" fill=\"none\" stroke-width=\"1.5\" stroke=\"currentColor\" viewBox=\"0 0 24 24\" xmlns=\"http:\/\/www.w3.org\/2000\/svg\">\n  <path stroke-linecap=\"round\" stroke-linejoin=\"round\" d=\"M21 8.25c0-2.485-2.099-4.5-4.688-4.5-1.935 0-3.597 1.126-4.312 2.733-.715-1.607-2.377-2.733-4.313-2.733C5.1 3.75 3 5.765 3 8.25c0 7.22 9 12 9 12s9-4.78 9-12Z\"><\/path>\n<\/svg>\t\t<span>Zu meiner Wunschliste hinzuf\u00fcgen<\/span>\n\t<\/a>\n<\/div>\n\n\t\t\t<!-- COUNT TEXT -->\n\t\t\t\n\t\t\t<\/div>\n\t\t\t<\/div>\n\t\t<\/div>\n\t\t\t\t\t\t\t\t\t\t<\/div>\n\t\t\t\t\t\t\t\t\t\t\t\t\t\t\t\t\t<div class=\"image-tools grid-tools text-center hide-for-small bottom hover-slide-in show-on-hover\">\n\t\t\t\t\t\t\t\t\t\t\t\t\t\t\t\t\t\t\t<\/div>\n\t\t\t\t\t\t\t\t\t\t\t\t\t\t\t\t\t\t\t\t\t\t\t<\/div>\n\n\t\t\t\t\t\t\t<div class=\"box-text text-center\" >\n\t\t\t\t\t\t\t\t<div class=\"title-wrapper\"><p class=\"name product-title woocommerce-loop-product__title\"><a href=\"https:\/\/www.companhiaatlantica.pt\/de\/produto\/portugiesische-keramik\/keramik-schussel\/kaffeemoment-mit-der-mar-kollektion\" class=\"woocommerce-LoopProduct-link woocommerce-loop-product__link\">Kaffeemoment mit der MAR-Kollektion<\/a><\/p><\/div><div class=\"price-wrapper\">\n\t<span class=\"price\"><span class=\"woocommerce-Price-amount amount\"><bdi>0.00<span class=\"woocommerce-Price-currencySymbol\">&euro;<\/span><\/bdi><\/span><\/span>\n<\/div>\t<span id=\"woocommerce_loop_add_to_cart_link_describedby_40733\" class=\"screen-reader-text\">\n\t\t\t<\/span>\n\t\t\t\t\t\t\t<\/div>\n\t\t\t\t\t\t<\/div>\n\t\t\t\t\t\t<\/div>\n\t\t\t\t\t<\/div><div class=\"col\" >\n\t\t\t\t\t\t<div class=\"col-inner\">\n\t\t\t\t\t\t\n<div class=\"badge-container absolute left top z-1\">\n\n<div class=\"badge callout badge-circle\"><div class=\"badge-inner callout-new-bg is-small new-bubble\">NEW IN<\/div><\/div><\/div>\n\t\t\t\t\t\t<div class=\"product-small box has-hover box-push box-text-bottom\">\n\t\t\t\t\t\t\t<div class=\"box-image\" >\n\t\t\t\t\t\t\t\t<div class=\"\" >\n\t\t\t\t\t\t\t\t\t<a href=\"https:\/\/www.companhiaatlantica.pt\/de\/produto\/portugiesische-keramik\/keramik-schussel\/lapa-schussel-14cm\" aria-label=\"LAPA Sch\u00fcssel 14cm Black Midnight\">\n\t\t\t\t\t\t\t\t\t\t<img loading=\"lazy\" decoding=\"async\" width=\"600\" height=\"600\" src=\"https:\/\/www.companhiaatlantica.pt\/wp-content\/uploads\/2023\/08\/bowl-lapa.jpg\" class=\"show-on-hover absolute fill hide-for-small back-image\" alt=\"Alternative view of LAPA Sch\u00fcssel 14cm Black Midnight\" aria-hidden=\"true\" srcset=\"https:\/\/www.companhiaatlantica.pt\/wp-content\/uploads\/2023\/08\/bowl-lapa.jpg 600w, https:\/\/www.companhiaatlantica.pt\/wp-content\/uploads\/2023\/08\/bowl-lapa-100x100.jpg 100w, https:\/\/www.companhiaatlantica.pt\/wp-content\/uploads\/2023\/08\/bowl-lapa-400x400.jpg 400w, https:\/\/www.companhiaatlantica.pt\/wp-content\/uploads\/2023\/08\/bowl-lapa-350x350.jpg 350w\" sizes=\"auto, (max-width: 600px) 100vw, 600px\" title=\"\"><img loading=\"lazy\" decoding=\"async\" width=\"700\" height=\"700\" src=\"https:\/\/www.companhiaatlantica.pt\/wp-content\/uploads\/2023\/08\/131-105-700x700.jpg\" class=\"attachment-woocommerce_thumbnail size-woocommerce_thumbnail\" alt=\"LAPA Sch\u00fcssel 14cm Black Midnight\" srcset=\"https:\/\/www.companhiaatlantica.pt\/wp-content\/uploads\/2023\/08\/131-105-700x700.jpg 700w, https:\/\/www.companhiaatlantica.pt\/wp-content\/uploads\/2023\/08\/131-105-400x400.jpg 400w, https:\/\/www.companhiaatlantica.pt\/wp-content\/uploads\/2023\/08\/131-105-350x350.jpg 350w, https:\/\/www.companhiaatlantica.pt\/wp-content\/uploads\/2023\/08\/131-105-768x768.jpg 768w, https:\/\/www.companhiaatlantica.pt\/wp-content\/uploads\/2023\/08\/131-105-900x900.jpg 900w, https:\/\/www.companhiaatlantica.pt\/wp-content\/uploads\/2023\/08\/131-105-100x100.jpg 100w, https:\/\/www.companhiaatlantica.pt\/wp-content\/uploads\/2023\/08\/131-105.jpg 1000w\" sizes=\"auto, (max-width: 700px) 100vw, 700px\" title=\"\">\t\t\t\t\t\t\t\t\t<\/a>\n\t\t\t\t\t\t\t\t\t\t\t\t\t\t\t\t\t\t \t\t\t\t\t\t\t\t<\/div>\n\t\t\t\t\t\t\t\t<div class=\"image-tools top right show-on-hover\">\n\t\t\t\t\t\t\t\t\t\t\t<div class=\"wishlist-icon\">\n\t\t\t<button class=\"wishlist-button button is-outline circle icon\" aria-label=\"Wunschliste\">\n\t\t\t\t<i class=\"icon-heart\" aria-hidden=\"true\"><\/i>\t\t\t<\/button>\n\t\t\t<div class=\"wishlist-popup dark\">\n\t\t\t\t\n<div\n\tclass=\"yith-wcwl-add-to-wishlist add-to-wishlist-43241 yith-wcwl-add-to-wishlist--button_default-style wishlist-fragment on-first-load\"\n\tdata-fragment-ref=\"43241\"\n\tdata-fragment-options=\"{&quot;base_url&quot;:&quot;&quot;,&quot;product_id&quot;:43241,&quot;parent_product_id&quot;:0,&quot;product_type&quot;:&quot;simple&quot;,&quot;is_single&quot;:false,&quot;in_default_wishlist&quot;:false,&quot;show_view&quot;:false,&quot;browse_wishlist_text&quot;:&quot;Siehe Ihre Wunschliste!&quot;,&quot;already_in_wishslist_text&quot;:&quot;Dieses Produkt steht bereits auf Ihrem Wunschzettel!&quot;,&quot;product_added_text&quot;:&quot;Produto adicionado!&quot;,&quot;available_multi_wishlist&quot;:false,&quot;disable_wishlist&quot;:false,&quot;show_count&quot;:false,&quot;ajax_loading&quot;:false,&quot;loop_position&quot;:&quot;after_add_to_cart&quot;,&quot;item&quot;:&quot;add_to_wishlist&quot;}\"\n>\n\t\t\t\n\t\t\t<!-- ADD TO WISHLIST -->\n\t\t\t\n<div class=\"yith-wcwl-add-button\">\n\t\t<a\n\t\thref=\"?add_to_wishlist=43241&#038;_wpnonce=52d31225f0\"\n\t\tclass=\"add_to_wishlist single_add_to_wishlist alt button theme-button-style \"\n\t\tdata-product-id=\"43241\"\n\t\tdata-product-type=\"simple\"\n\t\tdata-original-product-id=\"0\"\n\t\tdata-title=\"Zu meiner Wunschliste hinzuf\u00fcgen\"\n\t\trel=\"nofollow\"\n\t>\n\t\t<svg id=\"yith-wcwl-icon-heart-outline\" class=\"yith-wcwl-icon-svg\" fill=\"none\" stroke-width=\"1.5\" stroke=\"currentColor\" viewBox=\"0 0 24 24\" xmlns=\"http:\/\/www.w3.org\/2000\/svg\">\n  <path stroke-linecap=\"round\" stroke-linejoin=\"round\" d=\"M21 8.25c0-2.485-2.099-4.5-4.688-4.5-1.935 0-3.597 1.126-4.312 2.733-.715-1.607-2.377-2.733-4.313-2.733C5.1 3.75 3 5.765 3 8.25c0 7.22 9 12 9 12s9-4.78 9-12Z\"><\/path>\n<\/svg>\t\t<span>Zu meiner Wunschliste hinzuf\u00fcgen<\/span>\n\t<\/a>\n<\/div>\n\n\t\t\t<!-- COUNT TEXT -->\n\t\t\t\n\t\t\t<\/div>\n\t\t\t<\/div>\n\t\t<\/div>\n\t\t\t\t\t\t\t\t\t\t<\/div>\n\t\t\t\t\t\t\t\t\t\t\t\t\t\t\t\t\t<div class=\"image-tools grid-tools text-center hide-for-small bottom hover-slide-in show-on-hover\">\n\t\t\t\t\t\t\t\t\t\t\t\t\t\t\t\t\t\t\t<\/div>\n\t\t\t\t\t\t\t\t\t\t\t\t\t\t\t\t\t\t\t\t\t\t\t<\/div>\n\n\t\t\t\t\t\t\t<div class=\"box-text text-center\" >\n\t\t\t\t\t\t\t\t<div class=\"title-wrapper\"><p class=\"name product-title woocommerce-loop-product__title\"><a href=\"https:\/\/www.companhiaatlantica.pt\/de\/produto\/portugiesische-keramik\/keramik-schussel\/lapa-schussel-14cm\" class=\"woocommerce-LoopProduct-link woocommerce-loop-product__link\">LAPA Sch\u00fcssel 14cm Black Midnight<\/a><\/p><\/div><div class=\"price-wrapper\">\n\t<span class=\"price\"><span class=\"woocommerce-Price-amount amount\"><bdi>18.00<span class=\"woocommerce-Price-currencySymbol\">&euro;<\/span><\/bdi><\/span><\/span>\n<\/div><div class=\"add-to-cart-button\"><a href=\"\/de\/wp-json\/wp\/v2\/pages\/66644?add-to-cart=43241\" aria-describedby=\"woocommerce_loop_add_to_cart_link_describedby_43241\" data-quantity=\"1\" class=\"primary is-small mb-0 button product_type_simple add_to_cart_button ajax_add_to_cart is-outline\" data-product_id=\"43241\" data-product_sku=\"131-105\" aria-label=\"In den Warenkorb legen: \u201eLAPA Sch\u00fcssel 14cm Black Midnight\u201c\" rel=\"nofollow\" data-success_message=\"\u201eLAPA Sch\u00fcssel 14cm Black Midnight\u201c wurde deinem Warenkorb hinzugef\u00fcgt\" data-product_name=\"LAPA Sch\u00fcssel 14cm Black Midnight\" data-product_image=\"https:\/\/www.companhiaatlantica.pt\/wp-content\/uploads\/2023\/08\/131-105-350x350.jpg\" role=\"button\">In den Warenkorb<\/a><\/div>\t<span id=\"woocommerce_loop_add_to_cart_link_describedby_43241\" class=\"screen-reader-text\">\n\t\t\t<\/span>\n\t\t\t\t\t\t\t<\/div>\n\t\t\t\t\t\t<\/div>\n\t\t\t\t\t\t<\/div>\n\t\t\t\t\t<\/div><div class=\"col\" >\n\t\t\t\t\t\t<div class=\"col-inner\">\n\t\t\t\t\t\t\n<div class=\"badge-container absolute left top z-1\">\n\n<div class=\"badge callout badge-circle\"><div class=\"badge-inner callout-new-bg is-small new-bubble\">NEW<\/div><\/div><\/div>\n\t\t\t\t\t\t<div class=\"product-small box has-hover box-push box-text-bottom\">\n\t\t\t\t\t\t\t<div class=\"box-image\" >\n\t\t\t\t\t\t\t\t<div class=\"\" >\n\t\t\t\t\t\t\t\t\t<a href=\"https:\/\/www.companhiaatlantica.pt\/de\/produto\/portugiesische-keramik\/keramik-schussel\/suppen-pastaschuessel-o19-duna\" aria-label=\"Suppen-Pastasch\u00fcssel \u00d819 DUNA\">\n\t\t\t\t\t\t\t\t\t\t<img loading=\"lazy\" decoding=\"async\" width=\"700\" height=\"700\" src=\"https:\/\/www.companhiaatlantica.pt\/wp-content\/uploads\/2025\/06\/131-280_a-2-700x700.jpg\" class=\"show-on-hover absolute fill hide-for-small back-image\" alt=\"Alternative view of Suppen-Pastasch\u00fcssel \u00d819 DUNA\" aria-hidden=\"true\" srcset=\"https:\/\/www.companhiaatlantica.pt\/wp-content\/uploads\/2025\/06\/131-280_a-2-700x700.jpg 700w, https:\/\/www.companhiaatlantica.pt\/wp-content\/uploads\/2025\/06\/131-280_a-2-400x400.jpg 400w, https:\/\/www.companhiaatlantica.pt\/wp-content\/uploads\/2025\/06\/131-280_a-2-350x350.jpg 350w, https:\/\/www.companhiaatlantica.pt\/wp-content\/uploads\/2025\/06\/131-280_a-2-768x768.jpg 768w, https:\/\/www.companhiaatlantica.pt\/wp-content\/uploads\/2025\/06\/131-280_a-2-900x900.jpg 900w, https:\/\/www.companhiaatlantica.pt\/wp-content\/uploads\/2025\/06\/131-280_a-2-100x100.jpg 100w, https:\/\/www.companhiaatlantica.pt\/wp-content\/uploads\/2025\/06\/131-280_a-2.jpg 1000w\" sizes=\"auto, (max-width: 700px) 100vw, 700px\" title=\"\"><img loading=\"lazy\" decoding=\"async\" width=\"700\" height=\"700\" src=\"https:\/\/www.companhiaatlantica.pt\/wp-content\/uploads\/2025\/06\/ca-duna-collection-green-pasta-bowl-1-700x700.jpg\" class=\"attachment-woocommerce_thumbnail size-woocommerce_thumbnail\" alt=\"Suppen-Pastasch\u00fcssel \u00d819 DUNA\" srcset=\"https:\/\/www.companhiaatlantica.pt\/wp-content\/uploads\/2025\/06\/ca-duna-collection-green-pasta-bowl-1-700x700.jpg 700w, https:\/\/www.companhiaatlantica.pt\/wp-content\/uploads\/2025\/06\/ca-duna-collection-green-pasta-bowl-1-350x350.jpg 350w, https:\/\/www.companhiaatlantica.pt\/wp-content\/uploads\/2025\/06\/ca-duna-collection-green-pasta-bowl-1-100x100.jpg 100w\" sizes=\"auto, (max-width: 700px) 100vw, 700px\" title=\"\">\t\t\t\t\t\t\t\t\t<\/a>\n\t\t\t\t\t\t\t\t\t\t\t\t\t\t\t\t\t\t \t\t\t\t\t\t\t\t<\/div>\n\t\t\t\t\t\t\t\t<div class=\"image-tools top right show-on-hover\">\n\t\t\t\t\t\t\t\t\t\t\t<div class=\"wishlist-icon\">\n\t\t\t<button class=\"wishlist-button button is-outline circle icon\" aria-label=\"Wunschliste\">\n\t\t\t\t<i class=\"icon-heart\" aria-hidden=\"true\"><\/i>\t\t\t<\/button>\n\t\t\t<div class=\"wishlist-popup dark\">\n\t\t\t\t\n<div\n\tclass=\"yith-wcwl-add-to-wishlist add-to-wishlist-74673 yith-wcwl-add-to-wishlist--button_default-style wishlist-fragment on-first-load\"\n\tdata-fragment-ref=\"74673\"\n\tdata-fragment-options=\"{&quot;base_url&quot;:&quot;&quot;,&quot;product_id&quot;:74673,&quot;parent_product_id&quot;:0,&quot;product_type&quot;:&quot;variable&quot;,&quot;is_single&quot;:false,&quot;in_default_wishlist&quot;:false,&quot;show_view&quot;:false,&quot;browse_wishlist_text&quot;:&quot;Siehe Ihre Wunschliste!&quot;,&quot;already_in_wishslist_text&quot;:&quot;Dieses Produkt steht bereits auf Ihrem Wunschzettel!&quot;,&quot;product_added_text&quot;:&quot;Produto adicionado!&quot;,&quot;available_multi_wishlist&quot;:false,&quot;disable_wishlist&quot;:false,&quot;show_count&quot;:false,&quot;ajax_loading&quot;:false,&quot;loop_position&quot;:&quot;after_add_to_cart&quot;,&quot;item&quot;:&quot;add_to_wishlist&quot;}\"\n>\n\t\t\t\n\t\t\t<!-- ADD TO WISHLIST -->\n\t\t\t\n<div class=\"yith-wcwl-add-button\">\n\t\t<a\n\t\thref=\"?add_to_wishlist=74673&#038;_wpnonce=52d31225f0\"\n\t\tclass=\"add_to_wishlist single_add_to_wishlist alt button theme-button-style \"\n\t\tdata-product-id=\"74673\"\n\t\tdata-product-type=\"variable\"\n\t\tdata-original-product-id=\"0\"\n\t\tdata-title=\"Zu meiner Wunschliste hinzuf\u00fcgen\"\n\t\trel=\"nofollow\"\n\t>\n\t\t<svg id=\"yith-wcwl-icon-heart-outline\" class=\"yith-wcwl-icon-svg\" fill=\"none\" stroke-width=\"1.5\" stroke=\"currentColor\" viewBox=\"0 0 24 24\" xmlns=\"http:\/\/www.w3.org\/2000\/svg\">\n  <path stroke-linecap=\"round\" stroke-linejoin=\"round\" d=\"M21 8.25c0-2.485-2.099-4.5-4.688-4.5-1.935 0-3.597 1.126-4.312 2.733-.715-1.607-2.377-2.733-4.313-2.733C5.1 3.75 3 5.765 3 8.25c0 7.22 9 12 9 12s9-4.78 9-12Z\"><\/path>\n<\/svg>\t\t<span>Zu meiner Wunschliste hinzuf\u00fcgen<\/span>\n\t<\/a>\n<\/div>\n\n\t\t\t<!-- COUNT TEXT -->\n\t\t\t\n\t\t\t<\/div>\n\t\t\t<\/div>\n\t\t<\/div>\n\t\t\t\t\t\t\t\t\t\t<\/div>\n\t\t\t\t\t\t\t\t\t\t\t\t\t\t\t\t\t<div class=\"image-tools grid-tools text-center hide-for-small bottom hover-slide-in show-on-hover\">\n\t\t\t\t\t\t\t\t\t\t\t\t\t\t\t\t\t\t\t<\/div>\n\t\t\t\t\t\t\t\t\t\t\t\t\t\t\t\t\t\t\t\t\t\t\t<\/div>\n\n\t\t\t\t\t\t\t<div class=\"box-text text-center\" >\n\t\t\t\t\t\t\t\t<div class=\"title-wrapper\"><p class=\"name product-title woocommerce-loop-product__title\"><a href=\"https:\/\/www.companhiaatlantica.pt\/de\/produto\/portugiesische-keramik\/keramik-schussel\/suppen-pastaschuessel-o19-duna\" class=\"woocommerce-LoopProduct-link woocommerce-loop-product__link\">Suppen-Pastasch\u00fcssel \u00d819 DUNA<\/a><\/p><\/div><div class=\"price-wrapper\">\n\t<span class=\"price\"><span class=\"woocommerce-Price-amount amount\"><bdi>17.25<span class=\"woocommerce-Price-currencySymbol\">&euro;<\/span><\/bdi><\/span><\/span>\n<\/div><div class=\"add-to-cart-button\"><a href=\"https:\/\/www.companhiaatlantica.pt\/de\/produto\/portugiesische-keramik\/keramik-schussel\/suppen-pastaschuessel-o19-duna\" aria-describedby=\"woocommerce_loop_add_to_cart_link_describedby_74673\" data-quantity=\"1\" class=\"primary is-small mb-0 button product_type_variable add_to_cart_button is-outline\" data-product_id=\"74673\" data-product_sku=\"\" aria-label=\"W\u00e4hle Optionen f\u00fcr \u201eSuppen-Pastasch\u00fcssel \u00d819 DUNA\u201c\" rel=\"nofollow\" data-product_name=\"Suppen-Pastasch\u00fcssel \u00d819 DUNA\" data-product_image=\"https:\/\/www.companhiaatlantica.pt\/wp-content\/uploads\/2025\/06\/ca-duna-collection-green-pasta-bowl-1-350x350.jpg\">Ausf\u00fchrung w\u00e4hlen<\/a><\/div>\t<span id=\"woocommerce_loop_add_to_cart_link_describedby_74673\" class=\"screen-reader-text\">\n\t\tDieses Produkt weist mehrere Varianten auf. Die Optionen k\u00f6nnen auf der Produktseite gew\u00e4hlt werden\t<\/span>\n\t\t\t\t\t\t\t<\/div>\n\t\t\t\t\t\t<\/div>\n\t\t\t\t\t\t<\/div>\n\t\t\t\t\t<\/div><div class=\"col\" >\n\t\t\t\t\t\t<div class=\"col-inner\">\n\t\t\t\t\t\t\n<div class=\"badge-container absolute left top z-1\">\n<div class=\"badge callout badge-circle\">\r\n  \t\t\t<div class=\"badge-inner secondary on-sale\">\r\n  \t\t\t\t<span class=\"onsale\">-15%<\/span>\r\n\t\t\t<\/div>\r\n\t\t<\/div>\r\n\t\t<div class=\"badge callout badge-circle\">\r\n\t\t\t<div class=\"badge-inner callout-new-bg is-small new-bubble\">NEW<\/div>\r\n\t\t<\/div>\n<div class=\"badge callout badge-circle\"><div class=\"badge-inner callout-new-bg is-small new-bubble\">NEW<\/div><\/div><\/div>\n\t\t\t\t\t\t<div class=\"product-small box has-hover box-push box-text-bottom\">\n\t\t\t\t\t\t\t<div class=\"box-image\" >\n\t\t\t\t\t\t\t\t<div class=\"\" >\n\t\t\t\t\t\t\t\t\t<a href=\"https:\/\/www.companhiaatlantica.pt\/de\/produto\/portugiesische-keramik\/keramik-schussel\/suppen-pastaschuessel-o19-duna-set-mit-6-stueck\" aria-label=\"Suppen-Pastasch\u00fcssel \u00d819 DUNA \u2013 Set mit 6 St\u00fcck\">\n\t\t\t\t\t\t\t\t\t\t<img loading=\"lazy\" decoding=\"async\" width=\"700\" height=\"700\" src=\"https:\/\/www.companhiaatlantica.pt\/wp-content\/uploads\/2025\/06\/131-397_b-1-700x700.jpg\" class=\"show-on-hover absolute fill hide-for-small back-image\" alt=\"Alternative view of Suppen-Pastasch\u00fcssel \u00d819 DUNA \u2013 Set mit 6 St\u00fcck\" aria-hidden=\"true\" srcset=\"https:\/\/www.companhiaatlantica.pt\/wp-content\/uploads\/2025\/06\/131-397_b-1-700x700.jpg 700w, https:\/\/www.companhiaatlantica.pt\/wp-content\/uploads\/2025\/06\/131-397_b-1-400x400.jpg 400w, https:\/\/www.companhiaatlantica.pt\/wp-content\/uploads\/2025\/06\/131-397_b-1-350x350.jpg 350w, https:\/\/www.companhiaatlantica.pt\/wp-content\/uploads\/2025\/06\/131-397_b-1-768x768.jpg 768w, https:\/\/www.companhiaatlantica.pt\/wp-content\/uploads\/2025\/06\/131-397_b-1-900x900.jpg 900w, https:\/\/www.companhiaatlantica.pt\/wp-content\/uploads\/2025\/06\/131-397_b-1-100x100.jpg 100w, https:\/\/www.companhiaatlantica.pt\/wp-content\/uploads\/2025\/06\/131-397_b-1.jpg 1000w\" sizes=\"auto, (max-width: 700px) 100vw, 700px\" title=\"\"><img loading=\"lazy\" decoding=\"async\" width=\"700\" height=\"700\" src=\"https:\/\/www.companhiaatlantica.pt\/wp-content\/uploads\/2025\/06\/ca-duna-collection-grey-pasta-bowl-3-700x700.jpg\" class=\"attachment-woocommerce_thumbnail size-woocommerce_thumbnail\" alt=\"Suppen-Pastasch\u00fcssel \u00d819 DUNA \u2013 Set mit 6 St\u00fcck\" srcset=\"https:\/\/www.companhiaatlantica.pt\/wp-content\/uploads\/2025\/06\/ca-duna-collection-grey-pasta-bowl-3-700x700.jpg 700w, https:\/\/www.companhiaatlantica.pt\/wp-content\/uploads\/2025\/06\/ca-duna-collection-grey-pasta-bowl-3-350x350.jpg 350w, https:\/\/www.companhiaatlantica.pt\/wp-content\/uploads\/2025\/06\/ca-duna-collection-grey-pasta-bowl-3-100x100.jpg 100w\" sizes=\"auto, (max-width: 700px) 100vw, 700px\" title=\"\">\t\t\t\t\t\t\t\t\t<\/a>\n\t\t\t\t\t\t\t\t\t\t\t\t\t\t\t\t\t\t \t\t\t\t\t\t\t\t<\/div>\n\t\t\t\t\t\t\t\t<div class=\"image-tools top right show-on-hover\">\n\t\t\t\t\t\t\t\t\t\t\t<div class=\"wishlist-icon\">\n\t\t\t<button class=\"wishlist-button button is-outline circle icon\" aria-label=\"Wunschliste\">\n\t\t\t\t<i class=\"icon-heart\" aria-hidden=\"true\"><\/i>\t\t\t<\/button>\n\t\t\t<div class=\"wishlist-popup dark\">\n\t\t\t\t\n<div\n\tclass=\"yith-wcwl-add-to-wishlist add-to-wishlist-74766 yith-wcwl-add-to-wishlist--button_default-style wishlist-fragment on-first-load\"\n\tdata-fragment-ref=\"74766\"\n\tdata-fragment-options=\"{&quot;base_url&quot;:&quot;&quot;,&quot;product_id&quot;:74766,&quot;parent_product_id&quot;:0,&quot;product_type&quot;:&quot;variable&quot;,&quot;is_single&quot;:false,&quot;in_default_wishlist&quot;:false,&quot;show_view&quot;:false,&quot;browse_wishlist_text&quot;:&quot;Siehe Ihre Wunschliste!&quot;,&quot;already_in_wishslist_text&quot;:&quot;Dieses Produkt steht bereits auf Ihrem Wunschzettel!&quot;,&quot;product_added_text&quot;:&quot;Produto adicionado!&quot;,&quot;available_multi_wishlist&quot;:false,&quot;disable_wishlist&quot;:false,&quot;show_count&quot;:false,&quot;ajax_loading&quot;:false,&quot;loop_position&quot;:&quot;after_add_to_cart&quot;,&quot;item&quot;:&quot;add_to_wishlist&quot;}\"\n>\n\t\t\t\n\t\t\t<!-- ADD TO WISHLIST -->\n\t\t\t\n<div class=\"yith-wcwl-add-button\">\n\t\t<a\n\t\thref=\"?add_to_wishlist=74766&#038;_wpnonce=52d31225f0\"\n\t\tclass=\"add_to_wishlist single_add_to_wishlist alt button theme-button-style \"\n\t\tdata-product-id=\"74766\"\n\t\tdata-product-type=\"variable\"\n\t\tdata-original-product-id=\"0\"\n\t\tdata-title=\"Zu meiner Wunschliste hinzuf\u00fcgen\"\n\t\trel=\"nofollow\"\n\t>\n\t\t<svg id=\"yith-wcwl-icon-heart-outline\" class=\"yith-wcwl-icon-svg\" fill=\"none\" stroke-width=\"1.5\" stroke=\"currentColor\" viewBox=\"0 0 24 24\" xmlns=\"http:\/\/www.w3.org\/2000\/svg\">\n  <path stroke-linecap=\"round\" stroke-linejoin=\"round\" d=\"M21 8.25c0-2.485-2.099-4.5-4.688-4.5-1.935 0-3.597 1.126-4.312 2.733-.715-1.607-2.377-2.733-4.313-2.733C5.1 3.75 3 5.765 3 8.25c0 7.22 9 12 9 12s9-4.78 9-12Z\"><\/path>\n<\/svg>\t\t<span>Zu meiner Wunschliste hinzuf\u00fcgen<\/span>\n\t<\/a>\n<\/div>\n\n\t\t\t<!-- COUNT TEXT -->\n\t\t\t\n\t\t\t<\/div>\n\t\t\t<\/div>\n\t\t<\/div>\n\t\t\t\t\t\t\t\t\t\t<\/div>\n\t\t\t\t\t\t\t\t\t\t\t\t\t\t\t\t\t<div class=\"image-tools grid-tools text-center hide-for-small bottom hover-slide-in show-on-hover\">\n\t\t\t\t\t\t\t\t\t\t\t\t\t\t\t\t\t\t\t<\/div>\n\t\t\t\t\t\t\t\t\t\t\t\t\t\t\t\t\t\t\t\t\t\t\t<\/div>\n\n\t\t\t\t\t\t\t<div class=\"box-text text-center\" >\n\t\t\t\t\t\t\t\t<div class=\"title-wrapper\"><p class=\"name product-title woocommerce-loop-product__title\"><a href=\"https:\/\/www.companhiaatlantica.pt\/de\/produto\/portugiesische-keramik\/keramik-schussel\/suppen-pastaschuessel-o19-duna-set-mit-6-stueck\" class=\"woocommerce-LoopProduct-link woocommerce-loop-product__link\">Suppen-Pastasch\u00fcssel \u00d819 DUNA \u2013 Set mit 6 St\u00fcck<\/a><\/p><\/div><div class=\"price-wrapper\">\n\t<span class=\"price\"><del aria-hidden=\"true\"><span class=\"woocommerce-Price-amount amount\"><bdi>103.50<span class=\"woocommerce-Price-currencySymbol\">&euro;<\/span><\/bdi><\/span><\/del> <span class=\"screen-reader-text\">Urspr\u00fcnglicher Preis war: 103.50&euro;<\/span><ins aria-hidden=\"true\"><span class=\"woocommerce-Price-amount amount\"><bdi>87.95<span class=\"woocommerce-Price-currencySymbol\">&euro;<\/span><\/bdi><\/span><\/ins><span class=\"screen-reader-text\">Aktueller Preis ist: 87.95&euro;.<\/span><\/span>\n<\/div>\t<span id=\"woocommerce_loop_add_to_cart_link_describedby_74766\" class=\"screen-reader-text\">\n\t\tDieses Produkt weist mehrere Varianten auf. Die Optionen k\u00f6nnen auf der Produktseite gew\u00e4hlt werden\t<\/span>\n\t\t\t\t\t\t\t<\/div>\n\t\t\t\t\t\t<\/div>\n\t\t\t\t\t\t<\/div>\n\t\t\t\t\t<\/div><div class=\"col\" >\n\t\t\t\t\t\t<div class=\"col-inner\">\n\t\t\t\t\t\t\n<div class=\"badge-container absolute left top z-1\">\n\n<div class=\"badge callout badge-circle\"><div class=\"badge-inner callout-new-bg is-small new-bubble\">NEW<\/div><\/div><\/div>\n\t\t\t\t\t\t<div class=\"product-small box has-hover box-push box-text-bottom\">\n\t\t\t\t\t\t\t<div class=\"box-image\" >\n\t\t\t\t\t\t\t\t<div class=\"\" >\n\t\t\t\t\t\t\t\t\t<a href=\"https:\/\/www.companhiaatlantica.pt\/de\/produto\/portugiesische-keramik\/keramik-schussel\/schale-o14-duna\" aria-label=\"Schale \u00d814 DUNA\">\n\t\t\t\t\t\t\t\t\t\t<img loading=\"lazy\" decoding=\"async\" width=\"700\" height=\"700\" src=\"https:\/\/www.companhiaatlantica.pt\/wp-content\/uploads\/2025\/06\/131-414_a-2-700x700.jpg\" class=\"show-on-hover absolute fill hide-for-small back-image\" alt=\"Alternative view of Schale \u00d814 DUNA\" aria-hidden=\"true\" srcset=\"https:\/\/www.companhiaatlantica.pt\/wp-content\/uploads\/2025\/06\/131-414_a-2-700x700.jpg 700w, https:\/\/www.companhiaatlantica.pt\/wp-content\/uploads\/2025\/06\/131-414_a-2-400x400.jpg 400w, https:\/\/www.companhiaatlantica.pt\/wp-content\/uploads\/2025\/06\/131-414_a-2-350x350.jpg 350w, https:\/\/www.companhiaatlantica.pt\/wp-content\/uploads\/2025\/06\/131-414_a-2-768x768.jpg 768w, https:\/\/www.companhiaatlantica.pt\/wp-content\/uploads\/2025\/06\/131-414_a-2-900x900.jpg 900w, https:\/\/www.companhiaatlantica.pt\/wp-content\/uploads\/2025\/06\/131-414_a-2-100x100.jpg 100w, https:\/\/www.companhiaatlantica.pt\/wp-content\/uploads\/2025\/06\/131-414_a-2.jpg 1000w\" sizes=\"auto, (max-width: 700px) 100vw, 700px\" title=\"\"><img loading=\"lazy\" decoding=\"async\" width=\"700\" height=\"700\" src=\"https:\/\/www.companhiaatlantica.pt\/wp-content\/uploads\/2025\/06\/ca-duna-collection-grey-bowl-1-700x700.jpg\" class=\"attachment-woocommerce_thumbnail size-woocommerce_thumbnail\" alt=\"Schale \u00d814 DUNA\" srcset=\"https:\/\/www.companhiaatlantica.pt\/wp-content\/uploads\/2025\/06\/ca-duna-collection-grey-bowl-1-700x700.jpg 700w, https:\/\/www.companhiaatlantica.pt\/wp-content\/uploads\/2025\/06\/ca-duna-collection-grey-bowl-1-350x350.jpg 350w, https:\/\/www.companhiaatlantica.pt\/wp-content\/uploads\/2025\/06\/ca-duna-collection-grey-bowl-1-100x100.jpg 100w\" sizes=\"auto, (max-width: 700px) 100vw, 700px\" title=\"\">\t\t\t\t\t\t\t\t\t<\/a>\n\t\t\t\t\t\t\t\t\t\t\t\t\t\t\t\t\t\t \t\t\t\t\t\t\t\t<\/div>\n\t\t\t\t\t\t\t\t<div class=\"image-tools top right show-on-hover\">\n\t\t\t\t\t\t\t\t\t\t\t<div class=\"wishlist-icon\">\n\t\t\t<button class=\"wishlist-button button is-outline circle icon\" aria-label=\"Wunschliste\">\n\t\t\t\t<i class=\"icon-heart\" aria-hidden=\"true\"><\/i>\t\t\t<\/button>\n\t\t\t<div class=\"wishlist-popup dark\">\n\t\t\t\t\n<div\n\tclass=\"yith-wcwl-add-to-wishlist add-to-wishlist-74697 yith-wcwl-add-to-wishlist--button_default-style wishlist-fragment on-first-load\"\n\tdata-fragment-ref=\"74697\"\n\tdata-fragment-options=\"{&quot;base_url&quot;:&quot;&quot;,&quot;product_id&quot;:74697,&quot;parent_product_id&quot;:0,&quot;product_type&quot;:&quot;variable&quot;,&quot;is_single&quot;:false,&quot;in_default_wishlist&quot;:false,&quot;show_view&quot;:false,&quot;browse_wishlist_text&quot;:&quot;Siehe Ihre Wunschliste!&quot;,&quot;already_in_wishslist_text&quot;:&quot;Dieses Produkt steht bereits auf Ihrem Wunschzettel!&quot;,&quot;product_added_text&quot;:&quot;Produto adicionado!&quot;,&quot;available_multi_wishlist&quot;:false,&quot;disable_wishlist&quot;:false,&quot;show_count&quot;:false,&quot;ajax_loading&quot;:false,&quot;loop_position&quot;:&quot;after_add_to_cart&quot;,&quot;item&quot;:&quot;add_to_wishlist&quot;}\"\n>\n\t\t\t\n\t\t\t<!-- ADD TO WISHLIST -->\n\t\t\t\n<div class=\"yith-wcwl-add-button\">\n\t\t<a\n\t\thref=\"?add_to_wishlist=74697&#038;_wpnonce=52d31225f0\"\n\t\tclass=\"add_to_wishlist single_add_to_wishlist alt button theme-button-style \"\n\t\tdata-product-id=\"74697\"\n\t\tdata-product-type=\"variable\"\n\t\tdata-original-product-id=\"0\"\n\t\tdata-title=\"Zu meiner Wunschliste hinzuf\u00fcgen\"\n\t\trel=\"nofollow\"\n\t>\n\t\t<svg id=\"yith-wcwl-icon-heart-outline\" class=\"yith-wcwl-icon-svg\" fill=\"none\" stroke-width=\"1.5\" stroke=\"currentColor\" viewBox=\"0 0 24 24\" xmlns=\"http:\/\/www.w3.org\/2000\/svg\">\n  <path stroke-linecap=\"round\" stroke-linejoin=\"round\" d=\"M21 8.25c0-2.485-2.099-4.5-4.688-4.5-1.935 0-3.597 1.126-4.312 2.733-.715-1.607-2.377-2.733-4.313-2.733C5.1 3.75 3 5.765 3 8.25c0 7.22 9 12 9 12s9-4.78 9-12Z\"><\/path>\n<\/svg>\t\t<span>Zu meiner Wunschliste hinzuf\u00fcgen<\/span>\n\t<\/a>\n<\/div>\n\n\t\t\t<!-- COUNT TEXT -->\n\t\t\t\n\t\t\t<\/div>\n\t\t\t<\/div>\n\t\t<\/div>\n\t\t\t\t\t\t\t\t\t\t<\/div>\n\t\t\t\t\t\t\t\t\t\t\t\t\t\t\t\t\t<div class=\"image-tools grid-tools text-center hide-for-small bottom hover-slide-in show-on-hover\">\n\t\t\t\t\t\t\t\t\t\t\t\t\t\t\t\t\t\t\t<\/div>\n\t\t\t\t\t\t\t\t\t\t\t\t\t\t\t\t\t\t\t\t\t\t\t<\/div>\n\n\t\t\t\t\t\t\t<div class=\"box-text text-center\" >\n\t\t\t\t\t\t\t\t<div class=\"title-wrapper\"><p class=\"name product-title woocommerce-loop-product__title\"><a href=\"https:\/\/www.companhiaatlantica.pt\/de\/produto\/portugiesische-keramik\/keramik-schussel\/schale-o14-duna\" class=\"woocommerce-LoopProduct-link woocommerce-loop-product__link\">Schale \u00d814 DUNA<\/a><\/p><\/div><div class=\"price-wrapper\">\n\t<span class=\"price\"><span class=\"woocommerce-Price-amount amount\"><bdi>15.75<span class=\"woocommerce-Price-currencySymbol\">&euro;<\/span><\/bdi><\/span><\/span>\n<\/div><div class=\"add-to-cart-button\"><a href=\"https:\/\/www.companhiaatlantica.pt\/de\/produto\/portugiesische-keramik\/keramik-schussel\/schale-o14-duna\" aria-describedby=\"woocommerce_loop_add_to_cart_link_describedby_74697\" data-quantity=\"1\" class=\"primary is-small mb-0 button product_type_variable add_to_cart_button is-outline\" data-product_id=\"74697\" data-product_sku=\"\" aria-label=\"W\u00e4hle Optionen f\u00fcr \u201eSchale \u00d814 DUNA\u201c\" rel=\"nofollow\" data-product_name=\"Schale \u00d814 DUNA\" data-product_image=\"https:\/\/www.companhiaatlantica.pt\/wp-content\/uploads\/2025\/06\/ca-duna-collection-grey-bowl-1-350x350.jpg\">Ausf\u00fchrung w\u00e4hlen<\/a><\/div>\t<span id=\"woocommerce_loop_add_to_cart_link_describedby_74697\" class=\"screen-reader-text\">\n\t\tDieses Produkt weist mehrere Varianten auf. Die Optionen k\u00f6nnen auf der Produktseite gew\u00e4hlt werden\t<\/span>\n\t\t\t\t\t\t\t<\/div>\n\t\t\t\t\t\t<\/div>\n\t\t\t\t\t\t<\/div>\n\t\t\t\t\t<\/div><div class=\"col\" >\n\t\t\t\t\t\t<div class=\"col-inner\">\n\t\t\t\t\t\t\n<div class=\"badge-container absolute left top z-1\">\n<div class=\"badge callout badge-circle\">\r\n  \t\t\t<div class=\"badge-inner secondary on-sale\">\r\n  \t\t\t\t<span class=\"onsale\">-17%<\/span>\r\n\t\t\t<\/div>\r\n\t\t<\/div>\r\n\t\t<div class=\"badge callout badge-circle\">\r\n\t\t\t<div class=\"badge-inner callout-new-bg is-small new-bubble\">6 pcs<\/div>\r\n\t\t<\/div>\n<div class=\"badge callout badge-circle\"><div class=\"badge-inner callout-new-bg is-small new-bubble\">6 pcs<\/div><\/div><\/div>\n\t\t\t\t\t\t<div class=\"product-small box has-hover box-push box-text-bottom\">\n\t\t\t\t\t\t\t<div class=\"box-image\" >\n\t\t\t\t\t\t\t\t<div class=\"\" >\n\t\t\t\t\t\t\t\t\t<a href=\"https:\/\/www.companhiaatlantica.pt\/de\/produto\/portugiesische-keramik\/keramik-schussel\/melides-schale-6er-set\" aria-label=\"MELIDES Schale - 6er Set\">\n\t\t\t\t\t\t\t\t\t\t<img loading=\"lazy\" decoding=\"async\" width=\"700\" height=\"700\" src=\"https:\/\/www.companhiaatlantica.pt\/wp-content\/uploads\/2022\/03\/DSC0732-700x700.jpg\" class=\"show-on-hover absolute fill hide-for-small back-image\" alt=\"Alternative view of MELIDES Schale - 6er Set\" aria-hidden=\"true\" srcset=\"https:\/\/www.companhiaatlantica.pt\/wp-content\/uploads\/2022\/03\/DSC0732-700x700.jpg 700w, https:\/\/www.companhiaatlantica.pt\/wp-content\/uploads\/2022\/03\/DSC0732-100x100.jpg 100w, https:\/\/www.companhiaatlantica.pt\/wp-content\/uploads\/2022\/03\/DSC0732-900x900.jpg 900w, https:\/\/www.companhiaatlantica.pt\/wp-content\/uploads\/2022\/03\/DSC0732-300x300.jpg 300w, https:\/\/www.companhiaatlantica.pt\/wp-content\/uploads\/2022\/03\/DSC0732-150x150.jpg 150w, https:\/\/www.companhiaatlantica.pt\/wp-content\/uploads\/2022\/03\/DSC0732-768x768.jpg 768w, https:\/\/www.companhiaatlantica.pt\/wp-content\/uploads\/2022\/03\/DSC0732-600x600.jpg 600w, https:\/\/www.companhiaatlantica.pt\/wp-content\/uploads\/2022\/03\/DSC0732.jpg 1000w\" sizes=\"auto, (max-width: 700px) 100vw, 700px\" title=\"\"><img loading=\"lazy\" decoding=\"async\" width=\"700\" height=\"700\" src=\"https:\/\/www.companhiaatlantica.pt\/wp-content\/uploads\/2022\/03\/DSC0870-700x700.jpg\" class=\"attachment-woocommerce_thumbnail size-woocommerce_thumbnail\" alt=\"MELIDES Schale - 6er Set\" srcset=\"https:\/\/www.companhiaatlantica.pt\/wp-content\/uploads\/2022\/03\/DSC0870-700x700.jpg 700w, https:\/\/www.companhiaatlantica.pt\/wp-content\/uploads\/2022\/03\/DSC0870-100x100.jpg 100w, https:\/\/www.companhiaatlantica.pt\/wp-content\/uploads\/2022\/03\/DSC0870-900x900.jpg 900w, https:\/\/www.companhiaatlantica.pt\/wp-content\/uploads\/2022\/03\/DSC0870-300x300.jpg 300w, https:\/\/www.companhiaatlantica.pt\/wp-content\/uploads\/2022\/03\/DSC0870-150x150.jpg 150w, https:\/\/www.companhiaatlantica.pt\/wp-content\/uploads\/2022\/03\/DSC0870-768x768.jpg 768w, https:\/\/www.companhiaatlantica.pt\/wp-content\/uploads\/2022\/03\/DSC0870-600x600.jpg 600w, https:\/\/www.companhiaatlantica.pt\/wp-content\/uploads\/2022\/03\/DSC0870.jpg 1000w\" sizes=\"auto, (max-width: 700px) 100vw, 700px\" title=\"\">\t\t\t\t\t\t\t\t\t<\/a>\n\t\t\t\t\t\t\t\t\t\t\t\t\t\t\t\t\t\t \t\t\t\t\t\t\t\t<\/div>\n\t\t\t\t\t\t\t\t<div class=\"image-tools top right show-on-hover\">\n\t\t\t\t\t\t\t\t\t\t\t<div class=\"wishlist-icon\">\n\t\t\t<button class=\"wishlist-button button is-outline circle icon\" aria-label=\"Wunschliste\">\n\t\t\t\t<i class=\"icon-heart\" aria-hidden=\"true\"><\/i>\t\t\t<\/button>\n\t\t\t<div class=\"wishlist-popup dark\">\n\t\t\t\t\n<div\n\tclass=\"yith-wcwl-add-to-wishlist add-to-wishlist-41269 yith-wcwl-add-to-wishlist--button_default-style wishlist-fragment on-first-load\"\n\tdata-fragment-ref=\"41269\"\n\tdata-fragment-options=\"{&quot;base_url&quot;:&quot;&quot;,&quot;product_id&quot;:41269,&quot;parent_product_id&quot;:0,&quot;product_type&quot;:&quot;simple&quot;,&quot;is_single&quot;:false,&quot;in_default_wishlist&quot;:false,&quot;show_view&quot;:false,&quot;browse_wishlist_text&quot;:&quot;Siehe Ihre Wunschliste!&quot;,&quot;already_in_wishslist_text&quot;:&quot;Dieses Produkt steht bereits auf Ihrem Wunschzettel!&quot;,&quot;product_added_text&quot;:&quot;Produto adicionado!&quot;,&quot;available_multi_wishlist&quot;:false,&quot;disable_wishlist&quot;:false,&quot;show_count&quot;:false,&quot;ajax_loading&quot;:false,&quot;loop_position&quot;:&quot;after_add_to_cart&quot;,&quot;item&quot;:&quot;add_to_wishlist&quot;}\"\n>\n\t\t\t\n\t\t\t<!-- ADD TO WISHLIST -->\n\t\t\t\n<div class=\"yith-wcwl-add-button\">\n\t\t<a\n\t\thref=\"?add_to_wishlist=41269&#038;_wpnonce=52d31225f0\"\n\t\tclass=\"add_to_wishlist single_add_to_wishlist alt button theme-button-style \"\n\t\tdata-product-id=\"41269\"\n\t\tdata-product-type=\"simple\"\n\t\tdata-original-product-id=\"0\"\n\t\tdata-title=\"Zu meiner Wunschliste hinzuf\u00fcgen\"\n\t\trel=\"nofollow\"\n\t>\n\t\t<svg id=\"yith-wcwl-icon-heart-outline\" class=\"yith-wcwl-icon-svg\" fill=\"none\" stroke-width=\"1.5\" stroke=\"currentColor\" viewBox=\"0 0 24 24\" xmlns=\"http:\/\/www.w3.org\/2000\/svg\">\n  <path stroke-linecap=\"round\" stroke-linejoin=\"round\" d=\"M21 8.25c0-2.485-2.099-4.5-4.688-4.5-1.935 0-3.597 1.126-4.312 2.733-.715-1.607-2.377-2.733-4.313-2.733C5.1 3.75 3 5.765 3 8.25c0 7.22 9 12 9 12s9-4.78 9-12Z\"><\/path>\n<\/svg>\t\t<span>Zu meiner Wunschliste hinzuf\u00fcgen<\/span>\n\t<\/a>\n<\/div>\n\n\t\t\t<!-- COUNT TEXT -->\n\t\t\t\n\t\t\t<\/div>\n\t\t\t<\/div>\n\t\t<\/div>\n\t\t\t\t\t\t\t\t\t\t<\/div>\n\t\t\t\t\t\t\t\t\t\t\t\t\t\t\t\t\t<div class=\"image-tools grid-tools text-center hide-for-small bottom hover-slide-in show-on-hover\">\n\t\t\t\t\t\t\t\t\t\t\t\t\t\t\t\t\t\t\t<\/div>\n\t\t\t\t\t\t\t\t\t\t\t\t\t\t\t\t\t\t\t\t\t\t\t<\/div>\n\n\t\t\t\t\t\t\t<div class=\"box-text text-center\" >\n\t\t\t\t\t\t\t\t<div class=\"title-wrapper\"><p class=\"name product-title woocommerce-loop-product__title\"><a href=\"https:\/\/www.companhiaatlantica.pt\/de\/produto\/portugiesische-keramik\/keramik-schussel\/melides-schale-6er-set\" class=\"woocommerce-LoopProduct-link woocommerce-loop-product__link\">MELIDES Schale &#8211; 6er Set<\/a><\/p><\/div><div class=\"price-wrapper\">\n\t<span class=\"price\"><del aria-hidden=\"true\"><span class=\"woocommerce-Price-amount amount\"><bdi>90.00<span class=\"woocommerce-Price-currencySymbol\">&euro;<\/span><\/bdi><\/span><\/del> <span class=\"screen-reader-text\">Urspr\u00fcnglicher Preis war: 90.00&euro;<\/span><ins aria-hidden=\"true\"><span class=\"woocommerce-Price-amount amount\"><bdi>75.00<span class=\"woocommerce-Price-currencySymbol\">&euro;<\/span><\/bdi><\/span><\/ins><span class=\"screen-reader-text\">Aktueller Preis ist: 75.00&euro;.<\/span><\/span>\n<\/div>\t<span id=\"woocommerce_loop_add_to_cart_link_describedby_41269\" class=\"screen-reader-text\">\n\t\t\t<\/span>\n\t\t\t\t\t\t\t<\/div>\n\t\t\t\t\t\t<\/div>\n\t\t\t\t\t\t<\/div>\n\t\t\t\t\t<\/div><div class=\"col\" >\n\t\t\t\t\t\t<div class=\"col-inner\">\n\t\t\t\t\t\t\n<div class=\"badge-container absolute left top z-1\">\n<div class=\"badge callout badge-circle\">\r\n  \t\t\t<div class=\"badge-inner secondary on-sale\">\r\n  \t\t\t\t<span class=\"onsale\">-20%<\/span>\r\n\t\t\t<\/div>\r\n\t\t<\/div>\r\n\t\t<div class=\"badge callout badge-circle\">\r\n\t\t\t<div class=\"badge-inner callout-new-bg is-small new-bubble\">6 pcs<\/div>\r\n\t\t<\/div>\n<div class=\"badge callout badge-circle\"><div class=\"badge-inner callout-new-bg is-small new-bubble\">6 pcs<\/div><\/div><\/div>\n\t\t\t\t\t\t<div class=\"product-small box has-hover box-push box-text-bottom\">\n\t\t\t\t\t\t\t<div class=\"box-image\" >\n\t\t\t\t\t\t\t\t<div class=\"\" >\n\t\t\t\t\t\t\t\t\t<a href=\"https:\/\/www.companhiaatlantica.pt\/de\/produto\/portugiesische-keramik\/keramik-schussel\/lapa-schussel-lapa-6er-set\" aria-label=\"LAPA Sch\u00fcssel 14cm Black Midnight \u2013 6er-Set\">\n\t\t\t\t\t\t\t\t\t\t<img loading=\"lazy\" decoding=\"async\" width=\"600\" height=\"600\" src=\"https:\/\/www.companhiaatlantica.pt\/wp-content\/uploads\/2023\/08\/lapa-tigela-.jpg\" class=\"show-on-hover absolute fill hide-for-small back-image\" alt=\"Tigela LAPA\" aria-hidden=\"true\" srcset=\"https:\/\/www.companhiaatlantica.pt\/wp-content\/uploads\/2023\/08\/lapa-tigela-.jpg 600w, https:\/\/www.companhiaatlantica.pt\/wp-content\/uploads\/2023\/08\/lapa-tigela--100x100.jpg 100w\" sizes=\"auto, (max-width: 600px) 100vw, 600px\" title=\"\"><img loading=\"lazy\" decoding=\"async\" width=\"600\" height=\"600\" src=\"https:\/\/www.companhiaatlantica.pt\/wp-content\/uploads\/2023\/08\/bowl-set6-lapa.jpg\" class=\"attachment-woocommerce_thumbnail size-woocommerce_thumbnail\" alt=\"LAPA Sch\u00fcssel 14cm Black Midnight \u2013 6er-Set\" srcset=\"https:\/\/www.companhiaatlantica.pt\/wp-content\/uploads\/2023\/08\/bowl-set6-lapa.jpg 600w, https:\/\/www.companhiaatlantica.pt\/wp-content\/uploads\/2023\/08\/bowl-set6-lapa-100x100.jpg 100w, https:\/\/www.companhiaatlantica.pt\/wp-content\/uploads\/2023\/08\/bowl-set6-lapa-400x400.jpg 400w, https:\/\/www.companhiaatlantica.pt\/wp-content\/uploads\/2023\/08\/bowl-set6-lapa-350x350.jpg 350w\" sizes=\"auto, (max-width: 600px) 100vw, 600px\" title=\"\">\t\t\t\t\t\t\t\t\t<\/a>\n\t\t\t\t\t\t\t\t\t\t\t\t\t\t\t\t\t\t \t\t\t\t\t\t\t\t<\/div>\n\t\t\t\t\t\t\t\t<div class=\"image-tools top right show-on-hover\">\n\t\t\t\t\t\t\t\t\t\t\t<div class=\"wishlist-icon\">\n\t\t\t<button class=\"wishlist-button button is-outline circle icon\" aria-label=\"Wunschliste\">\n\t\t\t\t<i class=\"icon-heart\" aria-hidden=\"true\"><\/i>\t\t\t<\/button>\n\t\t\t<div class=\"wishlist-popup dark\">\n\t\t\t\t\n<div\n\tclass=\"yith-wcwl-add-to-wishlist add-to-wishlist-43256 yith-wcwl-add-to-wishlist--button_default-style wishlist-fragment on-first-load\"\n\tdata-fragment-ref=\"43256\"\n\tdata-fragment-options=\"{&quot;base_url&quot;:&quot;&quot;,&quot;product_id&quot;:43256,&quot;parent_product_id&quot;:0,&quot;product_type&quot;:&quot;simple&quot;,&quot;is_single&quot;:false,&quot;in_default_wishlist&quot;:false,&quot;show_view&quot;:false,&quot;browse_wishlist_text&quot;:&quot;Siehe Ihre Wunschliste!&quot;,&quot;already_in_wishslist_text&quot;:&quot;Dieses Produkt steht bereits auf Ihrem Wunschzettel!&quot;,&quot;product_added_text&quot;:&quot;Produto adicionado!&quot;,&quot;available_multi_wishlist&quot;:false,&quot;disable_wishlist&quot;:false,&quot;show_count&quot;:false,&quot;ajax_loading&quot;:false,&quot;loop_position&quot;:&quot;after_add_to_cart&quot;,&quot;item&quot;:&quot;add_to_wishlist&quot;}\"\n>\n\t\t\t\n\t\t\t<!-- ADD TO WISHLIST -->\n\t\t\t\n<div class=\"yith-wcwl-add-button\">\n\t\t<a\n\t\thref=\"?add_to_wishlist=43256&#038;_wpnonce=52d31225f0\"\n\t\tclass=\"add_to_wishlist single_add_to_wishlist alt button theme-button-style \"\n\t\tdata-product-id=\"43256\"\n\t\tdata-product-type=\"simple\"\n\t\tdata-original-product-id=\"0\"\n\t\tdata-title=\"Zu meiner Wunschliste hinzuf\u00fcgen\"\n\t\trel=\"nofollow\"\n\t>\n\t\t<svg id=\"yith-wcwl-icon-heart-outline\" class=\"yith-wcwl-icon-svg\" fill=\"none\" stroke-width=\"1.5\" stroke=\"currentColor\" viewBox=\"0 0 24 24\" xmlns=\"http:\/\/www.w3.org\/2000\/svg\">\n  <path stroke-linecap=\"round\" stroke-linejoin=\"round\" d=\"M21 8.25c0-2.485-2.099-4.5-4.688-4.5-1.935 0-3.597 1.126-4.312 2.733-.715-1.607-2.377-2.733-4.313-2.733C5.1 3.75 3 5.765 3 8.25c0 7.22 9 12 9 12s9-4.78 9-12Z\"><\/path>\n<\/svg>\t\t<span>Zu meiner Wunschliste hinzuf\u00fcgen<\/span>\n\t<\/a>\n<\/div>\n\n\t\t\t<!-- COUNT TEXT -->\n\t\t\t\n\t\t\t<\/div>\n\t\t\t<\/div>\n\t\t<\/div>\n\t\t\t\t\t\t\t\t\t\t<\/div>\n\t\t\t\t\t\t\t\t\t\t\t\t\t\t\t\t\t<div class=\"image-tools grid-tools text-center hide-for-small bottom hover-slide-in show-on-hover\">\n\t\t\t\t\t\t\t\t\t\t\t\t\t\t\t\t\t\t\t<\/div>\n\t\t\t\t\t\t\t\t\t\t\t\t\t\t\t\t\t\t\t\t\t\t\t<\/div>\n\n\t\t\t\t\t\t\t<div class=\"box-text text-center\" >\n\t\t\t\t\t\t\t\t<div class=\"title-wrapper\"><p class=\"name product-title woocommerce-loop-product__title\"><a href=\"https:\/\/www.companhiaatlantica.pt\/de\/produto\/portugiesische-keramik\/keramik-schussel\/lapa-schussel-lapa-6er-set\" class=\"woocommerce-LoopProduct-link woocommerce-loop-product__link\">LAPA Sch\u00fcssel 14cm Black Midnight \u2013 6er-Set<\/a><\/p><\/div><div class=\"price-wrapper\">\n\t<span class=\"price\"><del aria-hidden=\"true\"><span class=\"woocommerce-Price-amount amount\"><bdi>108.00<span class=\"woocommerce-Price-currencySymbol\">&euro;<\/span><\/bdi><\/span><\/del> <span class=\"screen-reader-text\">Urspr\u00fcnglicher Preis war: 108.00&euro;<\/span><ins aria-hidden=\"true\"><span class=\"woocommerce-Price-amount amount\"><bdi>86.00<span class=\"woocommerce-Price-currencySymbol\">&euro;<\/span><\/bdi><\/span><\/ins><span class=\"screen-reader-text\">Aktueller Preis ist: 86.00&euro;.<\/span><\/span>\n<\/div>\t<span id=\"woocommerce_loop_add_to_cart_link_describedby_43256\" class=\"screen-reader-text\">\n\t\t\t<\/span>\n\t\t\t\t\t\t\t<\/div>\n\t\t\t\t\t\t<\/div>\n\t\t\t\t\t\t<\/div>\n\t\t\t\t\t<\/div><div class=\"col\" >\n\t\t\t\t\t\t<div class=\"col-inner\">\n\t\t\t\t\t\t\n<div class=\"badge-container absolute left top z-1\">\n\n<\/div>\n\t\t\t\t\t\t<div class=\"product-small box has-hover box-push box-text-bottom\">\n\t\t\t\t\t\t\t<div class=\"box-image\" >\n\t\t\t\t\t\t\t\t<div class=\"\" >\n\t\t\t\t\t\t\t\t\t<a href=\"https:\/\/www.companhiaatlantica.pt\/de\/produto\/portugiesische-keramik\/keramik-schussel\/plantoir-tigela-15cm-2\" aria-label=\"PLANTOIR-Schale\">\n\t\t\t\t\t\t\t\t\t\t<img loading=\"lazy\" decoding=\"async\" width=\"600\" height=\"600\" src=\"https:\/\/www.companhiaatlantica.pt\/wp-content\/uploads\/2020\/06\/IMG_0635.jpg\" class=\"show-on-hover absolute fill hide-for-small back-image\" alt=\"Alternative view of PLANTOIR-Schale\" aria-hidden=\"true\" srcset=\"https:\/\/www.companhiaatlantica.pt\/wp-content\/uploads\/2020\/06\/IMG_0635.jpg 600w, https:\/\/www.companhiaatlantica.pt\/wp-content\/uploads\/2020\/06\/IMG_0635-100x100.jpg 100w\" sizes=\"auto, (max-width: 600px) 100vw, 600px\" title=\"\"><img loading=\"lazy\" decoding=\"async\" width=\"600\" height=\"600\" src=\"https:\/\/www.companhiaatlantica.pt\/wp-content\/uploads\/2019\/09\/130-464.jpg\" class=\"attachment-woocommerce_thumbnail size-woocommerce_thumbnail\" alt=\"PLANTOIR-Schale\" srcset=\"https:\/\/www.companhiaatlantica.pt\/wp-content\/uploads\/2019\/09\/130-464.jpg 600w, https:\/\/www.companhiaatlantica.pt\/wp-content\/uploads\/2019\/09\/130-464-100x100.jpg 100w\" sizes=\"auto, (max-width: 600px) 100vw, 600px\" title=\"\">\t\t\t\t\t\t\t\t\t<\/a>\n\t\t\t\t\t\t\t\t\t\t\t\t\t\t\t\t\t\t \t\t\t\t\t\t\t\t<\/div>\n\t\t\t\t\t\t\t\t<div class=\"image-tools top right show-on-hover\">\n\t\t\t\t\t\t\t\t\t\t\t<div class=\"wishlist-icon\">\n\t\t\t<button class=\"wishlist-button button is-outline circle icon\" aria-label=\"Wunschliste\">\n\t\t\t\t<i class=\"icon-heart\" aria-hidden=\"true\"><\/i>\t\t\t<\/button>\n\t\t\t<div class=\"wishlist-popup dark\">\n\t\t\t\t\n<div\n\tclass=\"yith-wcwl-add-to-wishlist add-to-wishlist-42120 yith-wcwl-add-to-wishlist--button_default-style wishlist-fragment on-first-load\"\n\tdata-fragment-ref=\"42120\"\n\tdata-fragment-options=\"{&quot;base_url&quot;:&quot;&quot;,&quot;product_id&quot;:42120,&quot;parent_product_id&quot;:0,&quot;product_type&quot;:&quot;simple&quot;,&quot;is_single&quot;:false,&quot;in_default_wishlist&quot;:false,&quot;show_view&quot;:false,&quot;browse_wishlist_text&quot;:&quot;Siehe Ihre Wunschliste!&quot;,&quot;already_in_wishslist_text&quot;:&quot;Dieses Produkt steht bereits auf Ihrem Wunschzettel!&quot;,&quot;product_added_text&quot;:&quot;Produto adicionado!&quot;,&quot;available_multi_wishlist&quot;:false,&quot;disable_wishlist&quot;:false,&quot;show_count&quot;:false,&quot;ajax_loading&quot;:false,&quot;loop_position&quot;:&quot;after_add_to_cart&quot;,&quot;item&quot;:&quot;add_to_wishlist&quot;}\"\n>\n\t\t\t\n\t\t\t<!-- ADD TO WISHLIST -->\n\t\t\t\n<div class=\"yith-wcwl-add-button\">\n\t\t<a\n\t\thref=\"?add_to_wishlist=42120&#038;_wpnonce=52d31225f0\"\n\t\tclass=\"add_to_wishlist single_add_to_wishlist alt button theme-button-style \"\n\t\tdata-product-id=\"42120\"\n\t\tdata-product-type=\"simple\"\n\t\tdata-original-product-id=\"0\"\n\t\tdata-title=\"Zu meiner Wunschliste hinzuf\u00fcgen\"\n\t\trel=\"nofollow\"\n\t>\n\t\t<svg id=\"yith-wcwl-icon-heart-outline\" class=\"yith-wcwl-icon-svg\" fill=\"none\" stroke-width=\"1.5\" stroke=\"currentColor\" viewBox=\"0 0 24 24\" xmlns=\"http:\/\/www.w3.org\/2000\/svg\">\n  <path stroke-linecap=\"round\" stroke-linejoin=\"round\" d=\"M21 8.25c0-2.485-2.099-4.5-4.688-4.5-1.935 0-3.597 1.126-4.312 2.733-.715-1.607-2.377-2.733-4.313-2.733C5.1 3.75 3 5.765 3 8.25c0 7.22 9 12 9 12s9-4.78 9-12Z\"><\/path>\n<\/svg>\t\t<span>Zu meiner Wunschliste hinzuf\u00fcgen<\/span>\n\t<\/a>\n<\/div>\n\n\t\t\t<!-- COUNT TEXT -->\n\t\t\t\n\t\t\t<\/div>\n\t\t\t<\/div>\n\t\t<\/div>\n\t\t\t\t\t\t\t\t\t\t<\/div>\n\t\t\t\t\t\t\t\t\t\t\t\t\t\t\t\t\t<div class=\"image-tools grid-tools text-center hide-for-small bottom hover-slide-in show-on-hover\">\n\t\t\t\t\t\t\t\t\t\t\t\t\t\t\t\t\t\t\t<\/div>\n\t\t\t\t\t\t\t\t\t\t\t\t\t\t\t\t\t\t\t\t\t\t\t<\/div>\n\n\t\t\t\t\t\t\t<div class=\"box-text text-center\" >\n\t\t\t\t\t\t\t\t<div class=\"title-wrapper\"><p class=\"name product-title woocommerce-loop-product__title\"><a href=\"https:\/\/www.companhiaatlantica.pt\/de\/produto\/portugiesische-keramik\/keramik-schussel\/plantoir-tigela-15cm-2\" class=\"woocommerce-LoopProduct-link woocommerce-loop-product__link\">PLANTOIR-Schale<\/a><\/p><\/div><div class=\"price-wrapper\">\n\t<span class=\"price\"><span class=\"woocommerce-Price-amount amount\"><bdi>14.00<span class=\"woocommerce-Price-currencySymbol\">&euro;<\/span><\/bdi><\/span><\/span>\n<\/div><div class=\"add-to-cart-button\"><a href=\"\/de\/wp-json\/wp\/v2\/pages\/66644?add-to-cart=42120\" aria-describedby=\"woocommerce_loop_add_to_cart_link_describedby_42120\" data-quantity=\"1\" class=\"primary is-small mb-0 button product_type_simple add_to_cart_button ajax_add_to_cart is-outline\" data-product_id=\"42120\" data-product_sku=\"130-464\" aria-label=\"In den Warenkorb legen: \u201ePLANTOIR-Schale\u201c\" rel=\"nofollow\" data-success_message=\"\u201ePLANTOIR-Schale\u201c wurde deinem Warenkorb hinzugef\u00fcgt\" data-product_name=\"PLANTOIR-Schale\" data-product_image=\"https:\/\/www.companhiaatlantica.pt\/wp-content\/uploads\/2019\/09\/130-464.jpg\" role=\"button\">In den Warenkorb<\/a><\/div>\t<span id=\"woocommerce_loop_add_to_cart_link_describedby_42120\" class=\"screen-reader-text\">\n\t\t\t<\/span>\n\t\t\t\t\t\t\t<\/div>\n\t\t\t\t\t\t<\/div>\n\t\t\t\t\t\t<\/div>\n\t\t\t\t\t<\/div><div class=\"col\" >\n\t\t\t\t\t\t<div class=\"col-inner\">\n\t\t\t\t\t\t\n<div class=\"badge-container absolute left top z-1\">\n<div class=\"badge callout badge-circle\">\r\n  \t\t\t<div class=\"badge-inner secondary on-sale\">\r\n  \t\t\t\t<span class=\"onsale\">-15%<\/span>\r\n\t\t\t<\/div>\r\n\t\t<\/div>\r\n\t\t<div class=\"badge callout badge-circle\">\r\n\t\t\t<div class=\"badge-inner callout-new-bg is-small new-bubble\">6 pcs<\/div>\r\n\t\t<\/div>\n<div class=\"badge callout badge-circle\"><div class=\"badge-inner callout-new-bg is-small new-bubble\">6 pcs<\/div><\/div><\/div>\n\t\t\t\t\t\t<div class=\"product-small box has-hover box-push box-text-bottom\">\n\t\t\t\t\t\t\t<div class=\"box-image\" >\n\t\t\t\t\t\t\t\t<div class=\"\" >\n\t\t\t\t\t\t\t\t\t<a href=\"https:\/\/www.companhiaatlantica.pt\/de\/produto\/portugiesische-keramik\/keramik-schussel\/giro-schale-6er-set\" aria-label=\"GIRO Schale \u00d815.5 \u2013 6er-Set\">\n\t\t\t\t\t\t\t\t\t\t<img loading=\"lazy\" decoding=\"async\" width=\"700\" height=\"700\" src=\"https:\/\/www.companhiaatlantica.pt\/wp-content\/uploads\/2024\/06\/giro-bowl-cruet-700x700.jpg\" class=\"show-on-hover absolute fill hide-for-small back-image\" alt=\"Alternative view of GIRO Schale \u00d815.5 \u2013 6er-Set\" aria-hidden=\"true\" srcset=\"https:\/\/www.companhiaatlantica.pt\/wp-content\/uploads\/2024\/06\/giro-bowl-cruet-700x700.jpg 700w, https:\/\/www.companhiaatlantica.pt\/wp-content\/uploads\/2024\/06\/giro-bowl-cruet-100x100.jpg 100w, https:\/\/www.companhiaatlantica.pt\/wp-content\/uploads\/2024\/06\/giro-bowl-cruet-400x400.jpg 400w, https:\/\/www.companhiaatlantica.pt\/wp-content\/uploads\/2024\/06\/giro-bowl-cruet-350x350.jpg 350w, https:\/\/www.companhiaatlantica.pt\/wp-content\/uploads\/2024\/06\/giro-bowl-cruet-768x768.jpg 768w, https:\/\/www.companhiaatlantica.pt\/wp-content\/uploads\/2024\/06\/giro-bowl-cruet-600x600.jpg 600w, https:\/\/www.companhiaatlantica.pt\/wp-content\/uploads\/2024\/06\/giro-bowl-cruet.jpg 900w\" sizes=\"auto, (max-width: 700px) 100vw, 700px\" title=\"\"><img loading=\"lazy\" decoding=\"async\" width=\"700\" height=\"700\" src=\"https:\/\/www.companhiaatlantica.pt\/wp-content\/uploads\/2024\/05\/131-248-700x700.jpg\" class=\"attachment-woocommerce_thumbnail size-woocommerce_thumbnail\" alt=\"GIRO Schale \u00d815.5 \u2013 6er-Set\" srcset=\"https:\/\/www.companhiaatlantica.pt\/wp-content\/uploads\/2024\/05\/131-248-700x700.jpg 700w, https:\/\/www.companhiaatlantica.pt\/wp-content\/uploads\/2024\/05\/131-248-100x100.jpg 100w, https:\/\/www.companhiaatlantica.pt\/wp-content\/uploads\/2024\/05\/131-248-400x400.jpg 400w, https:\/\/www.companhiaatlantica.pt\/wp-content\/uploads\/2024\/05\/131-248-350x350.jpg 350w, https:\/\/www.companhiaatlantica.pt\/wp-content\/uploads\/2024\/05\/131-248-768x768.jpg 768w, https:\/\/www.companhiaatlantica.pt\/wp-content\/uploads\/2024\/05\/131-248-600x600.jpg 600w, https:\/\/www.companhiaatlantica.pt\/wp-content\/uploads\/2024\/05\/131-248.jpg 800w\" sizes=\"auto, (max-width: 700px) 100vw, 700px\" title=\"\">\t\t\t\t\t\t\t\t\t<\/a>\n\t\t\t\t\t\t\t\t\t\t\t\t\t\t\t\t\t\t \t\t\t\t\t\t\t\t<\/div>\n\t\t\t\t\t\t\t\t<div class=\"image-tools top right show-on-hover\">\n\t\t\t\t\t\t\t\t\t\t\t<div class=\"wishlist-icon\">\n\t\t\t<button class=\"wishlist-button button is-outline circle icon\" aria-label=\"Wunschliste\">\n\t\t\t\t<i class=\"icon-heart\" aria-hidden=\"true\"><\/i>\t\t\t<\/button>\n\t\t\t<div class=\"wishlist-popup dark\">\n\t\t\t\t\n<div\n\tclass=\"yith-wcwl-add-to-wishlist add-to-wishlist-58816 yith-wcwl-add-to-wishlist--button_default-style wishlist-fragment on-first-load\"\n\tdata-fragment-ref=\"58816\"\n\tdata-fragment-options=\"{&quot;base_url&quot;:&quot;&quot;,&quot;product_id&quot;:58816,&quot;parent_product_id&quot;:0,&quot;product_type&quot;:&quot;simple&quot;,&quot;is_single&quot;:false,&quot;in_default_wishlist&quot;:false,&quot;show_view&quot;:false,&quot;browse_wishlist_text&quot;:&quot;Siehe Ihre Wunschliste!&quot;,&quot;already_in_wishslist_text&quot;:&quot;Dieses Produkt steht bereits auf Ihrem Wunschzettel!&quot;,&quot;product_added_text&quot;:&quot;Produto adicionado!&quot;,&quot;available_multi_wishlist&quot;:false,&quot;disable_wishlist&quot;:false,&quot;show_count&quot;:false,&quot;ajax_loading&quot;:false,&quot;loop_position&quot;:&quot;after_add_to_cart&quot;,&quot;item&quot;:&quot;add_to_wishlist&quot;}\"\n>\n\t\t\t\n\t\t\t<!-- ADD TO WISHLIST -->\n\t\t\t\n<div class=\"yith-wcwl-add-button\">\n\t\t<a\n\t\thref=\"?add_to_wishlist=58816&#038;_wpnonce=52d31225f0\"\n\t\tclass=\"add_to_wishlist single_add_to_wishlist alt button theme-button-style \"\n\t\tdata-product-id=\"58816\"\n\t\tdata-product-type=\"simple\"\n\t\tdata-original-product-id=\"0\"\n\t\tdata-title=\"Zu meiner Wunschliste hinzuf\u00fcgen\"\n\t\trel=\"nofollow\"\n\t>\n\t\t<svg id=\"yith-wcwl-icon-heart-outline\" class=\"yith-wcwl-icon-svg\" fill=\"none\" stroke-width=\"1.5\" stroke=\"currentColor\" viewBox=\"0 0 24 24\" xmlns=\"http:\/\/www.w3.org\/2000\/svg\">\n  <path stroke-linecap=\"round\" stroke-linejoin=\"round\" d=\"M21 8.25c0-2.485-2.099-4.5-4.688-4.5-1.935 0-3.597 1.126-4.312 2.733-.715-1.607-2.377-2.733-4.313-2.733C5.1 3.75 3 5.765 3 8.25c0 7.22 9 12 9 12s9-4.78 9-12Z\"><\/path>\n<\/svg>\t\t<span>Zu meiner Wunschliste hinzuf\u00fcgen<\/span>\n\t<\/a>\n<\/div>\n\n\t\t\t<!-- COUNT TEXT -->\n\t\t\t\n\t\t\t<\/div>\n\t\t\t<\/div>\n\t\t<\/div>\n\t\t\t\t\t\t\t\t\t\t<\/div>\n\t\t\t\t\t\t\t\t\t\t\t\t\t\t\t\t\t<div class=\"image-tools grid-tools text-center hide-for-small bottom hover-slide-in show-on-hover\">\n\t\t\t\t\t\t\t\t\t\t\t\t\t\t\t\t\t\t\t<\/div>\n\t\t\t\t\t\t\t\t\t\t\t\t\t\t\t\t\t\t\t\t\t\t\t<\/div>\n\n\t\t\t\t\t\t\t<div class=\"box-text text-center\" >\n\t\t\t\t\t\t\t\t<div class=\"title-wrapper\"><p class=\"name product-title woocommerce-loop-product__title\"><a href=\"https:\/\/www.companhiaatlantica.pt\/de\/produto\/portugiesische-keramik\/keramik-schussel\/giro-schale-6er-set\" class=\"woocommerce-LoopProduct-link woocommerce-loop-product__link\">GIRO Schale \u00d815.5 \u2013 6er-Set<\/a><\/p><\/div><div class=\"price-wrapper\">\n\t<span class=\"price\"><del aria-hidden=\"true\"><span class=\"woocommerce-Price-amount amount\"><bdi>101.40<span class=\"woocommerce-Price-currencySymbol\">&euro;<\/span><\/bdi><\/span><\/del> <span class=\"screen-reader-text\">Urspr\u00fcnglicher Preis war: 101.40&euro;<\/span><ins aria-hidden=\"true\"><span class=\"woocommerce-Price-amount amount\"><bdi>85.90<span class=\"woocommerce-Price-currencySymbol\">&euro;<\/span><\/bdi><\/span><\/ins><span class=\"screen-reader-text\">Aktueller Preis ist: 85.90&euro;.<\/span><\/span>\n<\/div>\t<span id=\"woocommerce_loop_add_to_cart_link_describedby_58816\" class=\"screen-reader-text\">\n\t\t\t<\/span>\n\t\t\t\t\t\t\t<\/div>\n\t\t\t\t\t\t<\/div>\n\t\t\t\t\t\t<\/div>\n\t\t\t\t\t<\/div><div class=\"col\" >\n\t\t\t\t\t\t<div class=\"col-inner\">\n\t\t\t\t\t\t\n<div class=\"badge-container absolute left top z-1\">\n<div class=\"badge callout badge-circle\">\r\n  \t\t\t<div class=\"badge-inner secondary on-sale\">\r\n  \t\t\t\t<span class=\"onsale\">-16%<\/span>\r\n\t\t\t<\/div>\r\n\t\t<\/div>\r\n\t\t<div class=\"badge callout badge-circle\">\r\n\t\t\t<div class=\"badge-inner callout-new-bg is-small new-bubble\">NEW<\/div>\r\n\t\t<\/div>\n<div class=\"badge callout badge-circle\"><div class=\"badge-inner callout-new-bg is-small new-bubble\">NEW<\/div><\/div><\/div>\n\t\t\t\t\t\t<div class=\"product-small box has-hover box-push box-text-bottom\">\n\t\t\t\t\t\t\t<div class=\"box-image\" >\n\t\t\t\t\t\t\t\t<div class=\"\" >\n\t\t\t\t\t\t\t\t\t<a href=\"https:\/\/www.companhiaatlantica.pt\/de\/produto\/portugiesische-keramik\/keramik-schussel\/giro-pasta-schale-oe24-6er-set\" aria-label=\"GIRO Pasta-Schale \u00d824 \u2013 6er-Set\">\n\t\t\t\t\t\t\t\t\t\t<img loading=\"lazy\" decoding=\"async\" width=\"700\" height=\"700\" src=\"https:\/\/www.companhiaatlantica.pt\/wp-content\/uploads\/2024\/06\/giro-collection2-700x700.jpg\" class=\"show-on-hover absolute fill hide-for-small back-image\" alt=\"Alternative view of GIRO Pasta-Schale \u00d824 \u2013 6er-Set\" aria-hidden=\"true\" srcset=\"https:\/\/www.companhiaatlantica.pt\/wp-content\/uploads\/2024\/06\/giro-collection2-700x700.jpg 700w, https:\/\/www.companhiaatlantica.pt\/wp-content\/uploads\/2024\/06\/giro-collection2-100x100.jpg 100w, https:\/\/www.companhiaatlantica.pt\/wp-content\/uploads\/2024\/06\/giro-collection2-400x400.jpg 400w, https:\/\/www.companhiaatlantica.pt\/wp-content\/uploads\/2024\/06\/giro-collection2-350x350.jpg 350w, https:\/\/www.companhiaatlantica.pt\/wp-content\/uploads\/2024\/06\/giro-collection2-768x768.jpg 768w, https:\/\/www.companhiaatlantica.pt\/wp-content\/uploads\/2024\/06\/giro-collection2-600x600.jpg 600w, https:\/\/www.companhiaatlantica.pt\/wp-content\/uploads\/2024\/06\/giro-collection2.jpg 900w\" sizes=\"auto, (max-width: 700px) 100vw, 700px\" title=\"\"><img loading=\"lazy\" decoding=\"async\" width=\"700\" height=\"700\" src=\"https:\/\/www.companhiaatlantica.pt\/wp-content\/uploads\/2024\/05\/131-249-700x700.jpg\" class=\"attachment-woocommerce_thumbnail size-woocommerce_thumbnail\" alt=\"GIRO Pasta-Schale \u00d824 \u2013 6er-Set\" srcset=\"https:\/\/www.companhiaatlantica.pt\/wp-content\/uploads\/2024\/05\/131-249-700x700.jpg 700w, https:\/\/www.companhiaatlantica.pt\/wp-content\/uploads\/2024\/05\/131-249-100x100.jpg 100w, https:\/\/www.companhiaatlantica.pt\/wp-content\/uploads\/2024\/05\/131-249-400x400.jpg 400w, https:\/\/www.companhiaatlantica.pt\/wp-content\/uploads\/2024\/05\/131-249-350x350.jpg 350w, https:\/\/www.companhiaatlantica.pt\/wp-content\/uploads\/2024\/05\/131-249-768x768.jpg 768w, https:\/\/www.companhiaatlantica.pt\/wp-content\/uploads\/2024\/05\/131-249-600x600.jpg 600w, https:\/\/www.companhiaatlantica.pt\/wp-content\/uploads\/2024\/05\/131-249.jpg 800w\" sizes=\"auto, (max-width: 700px) 100vw, 700px\" title=\"\">\t\t\t\t\t\t\t\t\t<\/a>\n\t\t\t\t\t\t\t\t\t\t\t\t\t\t\t\t\t\t \t\t\t\t\t\t\t\t<\/div>\n\t\t\t\t\t\t\t\t<div class=\"image-tools top right show-on-hover\">\n\t\t\t\t\t\t\t\t\t\t\t<div class=\"wishlist-icon\">\n\t\t\t<button class=\"wishlist-button button is-outline circle icon\" aria-label=\"Wunschliste\">\n\t\t\t\t<i class=\"icon-heart\" aria-hidden=\"true\"><\/i>\t\t\t<\/button>\n\t\t\t<div class=\"wishlist-popup dark\">\n\t\t\t\t\n<div\n\tclass=\"yith-wcwl-add-to-wishlist add-to-wishlist-58811 yith-wcwl-add-to-wishlist--button_default-style wishlist-fragment on-first-load\"\n\tdata-fragment-ref=\"58811\"\n\tdata-fragment-options=\"{&quot;base_url&quot;:&quot;&quot;,&quot;product_id&quot;:58811,&quot;parent_product_id&quot;:0,&quot;product_type&quot;:&quot;simple&quot;,&quot;is_single&quot;:false,&quot;in_default_wishlist&quot;:false,&quot;show_view&quot;:false,&quot;browse_wishlist_text&quot;:&quot;Siehe Ihre Wunschliste!&quot;,&quot;already_in_wishslist_text&quot;:&quot;Dieses Produkt steht bereits auf Ihrem Wunschzettel!&quot;,&quot;product_added_text&quot;:&quot;Produto adicionado!&quot;,&quot;available_multi_wishlist&quot;:false,&quot;disable_wishlist&quot;:false,&quot;show_count&quot;:false,&quot;ajax_loading&quot;:false,&quot;loop_position&quot;:&quot;after_add_to_cart&quot;,&quot;item&quot;:&quot;add_to_wishlist&quot;}\"\n>\n\t\t\t\n\t\t\t<!-- ADD TO WISHLIST -->\n\t\t\t\n<div class=\"yith-wcwl-add-button\">\n\t\t<a\n\t\thref=\"?add_to_wishlist=58811&#038;_wpnonce=52d31225f0\"\n\t\tclass=\"add_to_wishlist single_add_to_wishlist alt button theme-button-style \"\n\t\tdata-product-id=\"58811\"\n\t\tdata-product-type=\"simple\"\n\t\tdata-original-product-id=\"0\"\n\t\tdata-title=\"Zu meiner Wunschliste hinzuf\u00fcgen\"\n\t\trel=\"nofollow\"\n\t>\n\t\t<svg id=\"yith-wcwl-icon-heart-outline\" class=\"yith-wcwl-icon-svg\" fill=\"none\" stroke-width=\"1.5\" stroke=\"currentColor\" viewBox=\"0 0 24 24\" xmlns=\"http:\/\/www.w3.org\/2000\/svg\">\n  <path stroke-linecap=\"round\" stroke-linejoin=\"round\" d=\"M21 8.25c0-2.485-2.099-4.5-4.688-4.5-1.935 0-3.597 1.126-4.312 2.733-.715-1.607-2.377-2.733-4.313-2.733C5.1 3.75 3 5.765 3 8.25c0 7.22 9 12 9 12s9-4.78 9-12Z\"><\/path>\n<\/svg>\t\t<span>Zu meiner Wunschliste hinzuf\u00fcgen<\/span>\n\t<\/a>\n<\/div>\n\n\t\t\t<!-- COUNT TEXT -->\n\t\t\t\n\t\t\t<\/div>\n\t\t\t<\/div>\n\t\t<\/div>\n\t\t\t\t\t\t\t\t\t\t<\/div>\n\t\t\t\t\t\t\t\t\t\t\t\t\t\t\t\t\t<div class=\"image-tools grid-tools text-center hide-for-small bottom hover-slide-in show-on-hover\">\n\t\t\t\t\t\t\t\t\t\t\t\t\t\t\t\t\t\t\t<\/div>\n\t\t\t\t\t\t\t\t\t\t\t\t\t\t\t\t\t\t\t\t\t\t\t<\/div>\n\n\t\t\t\t\t\t\t<div class=\"box-text text-center\" >\n\t\t\t\t\t\t\t\t<div class=\"title-wrapper\"><p class=\"name product-title woocommerce-loop-product__title\"><a href=\"https:\/\/www.companhiaatlantica.pt\/de\/produto\/portugiesische-keramik\/keramik-schussel\/giro-pasta-schale-oe24-6er-set\" class=\"woocommerce-LoopProduct-link woocommerce-loop-product__link\">GIRO Pasta-Schale \u00d824 \u2013 6er-Set<\/a><\/p><\/div><div class=\"price-wrapper\">\n\t<span class=\"price\"><del aria-hidden=\"true\"><span class=\"woocommerce-Price-amount amount\"><bdi>131.40<span class=\"woocommerce-Price-currencySymbol\">&euro;<\/span><\/bdi><\/span><\/del> <span class=\"screen-reader-text\">Urspr\u00fcnglicher Preis war: 131.40&euro;<\/span><ins aria-hidden=\"true\"><span class=\"woocommerce-Price-amount amount\"><bdi>110.90<span class=\"woocommerce-Price-currencySymbol\">&euro;<\/span><\/bdi><\/span><\/ins><span class=\"screen-reader-text\">Aktueller Preis ist: 110.90&euro;.<\/span><\/span>\n<\/div>\t<span id=\"woocommerce_loop_add_to_cart_link_describedby_58811\" class=\"screen-reader-text\">\n\t\t\t<\/span>\n\t\t\t\t\t\t\t<\/div>\n\t\t\t\t\t\t<\/div>\n\t\t\t\t\t\t<\/div>\n\t\t\t\t\t<\/div><div class=\"col\" >\n\t\t\t\t\t\t<div class=\"col-inner\">\n\t\t\t\t\t\t\n<div class=\"badge-container absolute left top z-1\">\n\n<\/div>\n\t\t\t\t\t\t<div class=\"product-small box has-hover box-push box-text-bottom\">\n\t\t\t\t\t\t\t<div class=\"box-image\" >\n\t\t\t\t\t\t\t\t<div class=\"\" >\n\t\t\t\t\t\t\t\t\t<a href=\"https:\/\/www.companhiaatlantica.pt\/de\/produto\/portugiesische-keramik\/keramik-schussel\/melides-tigela-15cm-2\" aria-label=\"MELIDES-Schale\">\n\t\t\t\t\t\t\t\t\t\t<img loading=\"lazy\" decoding=\"async\" width=\"700\" height=\"700\" src=\"https:\/\/www.companhiaatlantica.pt\/wp-content\/uploads\/2022\/04\/DSC0823-700x700.jpg\" class=\"show-on-hover absolute fill hide-for-small back-image\" alt=\"Alternative view of MELIDES-Schale\" aria-hidden=\"true\" srcset=\"https:\/\/www.companhiaatlantica.pt\/wp-content\/uploads\/2022\/04\/DSC0823-700x700.jpg 700w, https:\/\/www.companhiaatlantica.pt\/wp-content\/uploads\/2022\/04\/DSC0823-100x100.jpg 100w, https:\/\/www.companhiaatlantica.pt\/wp-content\/uploads\/2022\/04\/DSC0823-900x900.jpg 900w, https:\/\/www.companhiaatlantica.pt\/wp-content\/uploads\/2022\/04\/DSC0823-300x300.jpg 300w, https:\/\/www.companhiaatlantica.pt\/wp-content\/uploads\/2022\/04\/DSC0823-150x150.jpg 150w, https:\/\/www.companhiaatlantica.pt\/wp-content\/uploads\/2022\/04\/DSC0823-768x768.jpg 768w, https:\/\/www.companhiaatlantica.pt\/wp-content\/uploads\/2022\/04\/DSC0823-600x600.jpg 600w, https:\/\/www.companhiaatlantica.pt\/wp-content\/uploads\/2022\/04\/DSC0823.jpg 1000w\" sizes=\"auto, (max-width: 700px) 100vw, 700px\" title=\"\"><img loading=\"lazy\" decoding=\"async\" width=\"700\" height=\"700\" src=\"https:\/\/www.companhiaatlantica.pt\/wp-content\/uploads\/2022\/03\/130-921_3-700x700.jpg\" class=\"attachment-woocommerce_thumbnail size-woocommerce_thumbnail\" alt=\"MELIDES-Schale\" srcset=\"https:\/\/www.companhiaatlantica.pt\/wp-content\/uploads\/2022\/03\/130-921_3-700x700.jpg 700w, https:\/\/www.companhiaatlantica.pt\/wp-content\/uploads\/2022\/03\/130-921_3-100x100.jpg 100w, https:\/\/www.companhiaatlantica.pt\/wp-content\/uploads\/2022\/03\/130-921_3-900x900.jpg 900w, https:\/\/www.companhiaatlantica.pt\/wp-content\/uploads\/2022\/03\/130-921_3-300x300.jpg 300w, https:\/\/www.companhiaatlantica.pt\/wp-content\/uploads\/2022\/03\/130-921_3-150x150.jpg 150w, https:\/\/www.companhiaatlantica.pt\/wp-content\/uploads\/2022\/03\/130-921_3-768x768.jpg 768w, https:\/\/www.companhiaatlantica.pt\/wp-content\/uploads\/2022\/03\/130-921_3-600x600.jpg 600w, https:\/\/www.companhiaatlantica.pt\/wp-content\/uploads\/2022\/03\/130-921_3.jpg 1000w\" sizes=\"auto, (max-width: 700px) 100vw, 700px\" title=\"\">\t\t\t\t\t\t\t\t\t<\/a>\n\t\t\t\t\t\t\t\t\t\t\t\t\t\t\t\t\t\t \t\t\t\t\t\t\t\t<\/div>\n\t\t\t\t\t\t\t\t<div class=\"image-tools top right show-on-hover\">\n\t\t\t\t\t\t\t\t\t\t\t<div class=\"wishlist-icon\">\n\t\t\t<button class=\"wishlist-button button is-outline circle icon\" aria-label=\"Wunschliste\">\n\t\t\t\t<i class=\"icon-heart\" aria-hidden=\"true\"><\/i>\t\t\t<\/button>\n\t\t\t<div class=\"wishlist-popup dark\">\n\t\t\t\t\n<div\n\tclass=\"yith-wcwl-add-to-wishlist add-to-wishlist-41237 yith-wcwl-add-to-wishlist--button_default-style wishlist-fragment on-first-load\"\n\tdata-fragment-ref=\"41237\"\n\tdata-fragment-options=\"{&quot;base_url&quot;:&quot;&quot;,&quot;product_id&quot;:41237,&quot;parent_product_id&quot;:0,&quot;product_type&quot;:&quot;simple&quot;,&quot;is_single&quot;:false,&quot;in_default_wishlist&quot;:false,&quot;show_view&quot;:false,&quot;browse_wishlist_text&quot;:&quot;Siehe Ihre Wunschliste!&quot;,&quot;already_in_wishslist_text&quot;:&quot;Dieses Produkt steht bereits auf Ihrem Wunschzettel!&quot;,&quot;product_added_text&quot;:&quot;Produto adicionado!&quot;,&quot;available_multi_wishlist&quot;:false,&quot;disable_wishlist&quot;:false,&quot;show_count&quot;:false,&quot;ajax_loading&quot;:false,&quot;loop_position&quot;:&quot;after_add_to_cart&quot;,&quot;item&quot;:&quot;add_to_wishlist&quot;}\"\n>\n\t\t\t\n\t\t\t<!-- ADD TO WISHLIST -->\n\t\t\t\n<div class=\"yith-wcwl-add-button\">\n\t\t<a\n\t\thref=\"?add_to_wishlist=41237&#038;_wpnonce=52d31225f0\"\n\t\tclass=\"add_to_wishlist single_add_to_wishlist alt button theme-button-style \"\n\t\tdata-product-id=\"41237\"\n\t\tdata-product-type=\"simple\"\n\t\tdata-original-product-id=\"0\"\n\t\tdata-title=\"Zu meiner Wunschliste hinzuf\u00fcgen\"\n\t\trel=\"nofollow\"\n\t>\n\t\t<svg id=\"yith-wcwl-icon-heart-outline\" class=\"yith-wcwl-icon-svg\" fill=\"none\" stroke-width=\"1.5\" stroke=\"currentColor\" viewBox=\"0 0 24 24\" xmlns=\"http:\/\/www.w3.org\/2000\/svg\">\n  <path stroke-linecap=\"round\" stroke-linejoin=\"round\" d=\"M21 8.25c0-2.485-2.099-4.5-4.688-4.5-1.935 0-3.597 1.126-4.312 2.733-.715-1.607-2.377-2.733-4.313-2.733C5.1 3.75 3 5.765 3 8.25c0 7.22 9 12 9 12s9-4.78 9-12Z\"><\/path>\n<\/svg>\t\t<span>Zu meiner Wunschliste hinzuf\u00fcgen<\/span>\n\t<\/a>\n<\/div>\n\n\t\t\t<!-- COUNT TEXT -->\n\t\t\t\n\t\t\t<\/div>\n\t\t\t<\/div>\n\t\t<\/div>\n\t\t\t\t\t\t\t\t\t\t<\/div>\n\t\t\t\t\t\t\t\t\t\t\t\t\t\t\t\t\t<div class=\"image-tools grid-tools text-center hide-for-small bottom hover-slide-in show-on-hover\">\n\t\t\t\t\t\t\t\t\t\t\t\t\t\t\t\t\t\t\t<\/div>\n\t\t\t\t\t\t\t\t\t\t\t\t\t\t\t\t\t\t\t\t\t\t\t<\/div>\n\n\t\t\t\t\t\t\t<div class=\"box-text text-center\" >\n\t\t\t\t\t\t\t\t<div class=\"title-wrapper\"><p class=\"name product-title woocommerce-loop-product__title\"><a href=\"https:\/\/www.companhiaatlantica.pt\/de\/produto\/portugiesische-keramik\/keramik-schussel\/melides-tigela-15cm-2\" class=\"woocommerce-LoopProduct-link woocommerce-loop-product__link\">MELIDES-Schale<\/a><\/p><\/div><div class=\"price-wrapper\">\n\t<span class=\"price\"><span class=\"woocommerce-Price-amount amount\"><bdi>15.00<span class=\"woocommerce-Price-currencySymbol\">&euro;<\/span><\/bdi><\/span><\/span>\n<\/div><div class=\"add-to-cart-button\"><a href=\"\/de\/wp-json\/wp\/v2\/pages\/66644?add-to-cart=41237\" aria-describedby=\"woocommerce_loop_add_to_cart_link_describedby_41237\" data-quantity=\"1\" class=\"primary is-small mb-0 button product_type_simple add_to_cart_button ajax_add_to_cart is-outline\" data-product_id=\"41237\" data-product_sku=\"130-921\" aria-label=\"In den Warenkorb legen: \u201eMELIDES-Schale\u201c\" rel=\"nofollow\" data-success_message=\"\u201eMELIDES-Schale\u201c wurde deinem Warenkorb hinzugef\u00fcgt\" data-product_name=\"MELIDES-Schale\" data-product_image=\"https:\/\/www.companhiaatlantica.pt\/wp-content\/uploads\/2022\/03\/130-921_3-150x150.jpg\" role=\"button\">In den Warenkorb<\/a><\/div>\t<span id=\"woocommerce_loop_add_to_cart_link_describedby_41237\" class=\"screen-reader-text\">\n\t\t\t<\/span>\n\t\t\t\t\t\t\t<\/div>\n\t\t\t\t\t\t<\/div>\n\t\t\t\t\t\t<\/div>\n\t\t\t\t\t<\/div><div class=\"col\" >\n\t\t\t\t\t\t<div class=\"col-inner\">\n\t\t\t\t\t\t\n<div class=\"badge-container absolute left top z-1\">\n<div class=\"badge callout badge-circle\">\r\n  \t\t\t<div class=\"badge-inner secondary on-sale\">\r\n  \t\t\t\t<span class=\"onsale\">-20%<\/span>\r\n\t\t\t<\/div>\r\n\t\t<\/div>\r\n\t\t<div class=\"badge callout badge-circle\">\r\n\t\t\t<div class=\"badge-inner callout-new-bg is-small new-bubble\">6 pcs<\/div>\r\n\t\t<\/div>\n<div class=\"badge callout badge-circle\"><div class=\"badge-inner callout-new-bg is-small new-bubble\">6 pcs<\/div><\/div><\/div>\n\t\t\t\t\t\t<div class=\"product-small box has-hover box-push box-text-bottom\">\n\t\t\t\t\t\t\t<div class=\"box-image\" >\n\t\t\t\t\t\t\t\t<div class=\"\" >\n\t\t\t\t\t\t\t\t\t<a href=\"https:\/\/www.companhiaatlantica.pt\/de\/produto\/portugiesische-keramik\/keramik-schussel\/schussel-halter-16cm-6-teilig\" aria-label=\"COMPORTA Schale - 6er-Satz\">\n\t\t\t\t\t\t\t\t\t\t<img loading=\"lazy\" decoding=\"async\" width=\"600\" height=\"600\" src=\"https:\/\/www.companhiaatlantica.pt\/wp-content\/uploads\/2021\/01\/IMG_1047.jpg\" class=\"show-on-hover absolute fill hide-for-small back-image\" alt=\"Alternative view of COMPORTA Schale - 6er-Satz\" aria-hidden=\"true\" srcset=\"https:\/\/www.companhiaatlantica.pt\/wp-content\/uploads\/2021\/01\/IMG_1047.jpg 600w, https:\/\/www.companhiaatlantica.pt\/wp-content\/uploads\/2021\/01\/IMG_1047-100x100.jpg 100w\" sizes=\"auto, (max-width: 600px) 100vw, 600px\" title=\"\"><img loading=\"lazy\" decoding=\"async\" width=\"600\" height=\"600\" src=\"https:\/\/www.companhiaatlantica.pt\/wp-content\/uploads\/2020\/06\/IMG_1632-1.jpg\" class=\"attachment-woocommerce_thumbnail size-woocommerce_thumbnail\" alt=\"COMPORTA Schale - 6er-Satz\" srcset=\"https:\/\/www.companhiaatlantica.pt\/wp-content\/uploads\/2020\/06\/IMG_1632-1.jpg 600w, https:\/\/www.companhiaatlantica.pt\/wp-content\/uploads\/2020\/06\/IMG_1632-1-100x100.jpg 100w\" sizes=\"auto, (max-width: 600px) 100vw, 600px\" title=\"\">\t\t\t\t\t\t\t\t\t<\/a>\n\t\t\t\t\t\t\t\t\t\t\t\t\t\t\t\t\t\t \t\t\t\t\t\t\t\t<\/div>\n\t\t\t\t\t\t\t\t<div class=\"image-tools top right show-on-hover\">\n\t\t\t\t\t\t\t\t\t\t\t<div class=\"wishlist-icon\">\n\t\t\t<button class=\"wishlist-button button is-outline circle icon\" aria-label=\"Wunschliste\">\n\t\t\t\t<i class=\"icon-heart\" aria-hidden=\"true\"><\/i>\t\t\t<\/button>\n\t\t\t<div class=\"wishlist-popup dark\">\n\t\t\t\t\n<div\n\tclass=\"yith-wcwl-add-to-wishlist add-to-wishlist-41818 yith-wcwl-add-to-wishlist--button_default-style wishlist-fragment on-first-load\"\n\tdata-fragment-ref=\"41818\"\n\tdata-fragment-options=\"{&quot;base_url&quot;:&quot;&quot;,&quot;product_id&quot;:41818,&quot;parent_product_id&quot;:0,&quot;product_type&quot;:&quot;variable&quot;,&quot;is_single&quot;:false,&quot;in_default_wishlist&quot;:false,&quot;show_view&quot;:false,&quot;browse_wishlist_text&quot;:&quot;Siehe Ihre Wunschliste!&quot;,&quot;already_in_wishslist_text&quot;:&quot;Dieses Produkt steht bereits auf Ihrem Wunschzettel!&quot;,&quot;product_added_text&quot;:&quot;Produto adicionado!&quot;,&quot;available_multi_wishlist&quot;:false,&quot;disable_wishlist&quot;:false,&quot;show_count&quot;:false,&quot;ajax_loading&quot;:false,&quot;loop_position&quot;:&quot;after_add_to_cart&quot;,&quot;item&quot;:&quot;add_to_wishlist&quot;}\"\n>\n\t\t\t\n\t\t\t<!-- ADD TO WISHLIST -->\n\t\t\t\n<div class=\"yith-wcwl-add-button\">\n\t\t<a\n\t\thref=\"?add_to_wishlist=41818&#038;_wpnonce=52d31225f0\"\n\t\tclass=\"add_to_wishlist single_add_to_wishlist alt button theme-button-style \"\n\t\tdata-product-id=\"41818\"\n\t\tdata-product-type=\"variable\"\n\t\tdata-original-product-id=\"0\"\n\t\tdata-title=\"Zu meiner Wunschliste hinzuf\u00fcgen\"\n\t\trel=\"nofollow\"\n\t>\n\t\t<svg id=\"yith-wcwl-icon-heart-outline\" class=\"yith-wcwl-icon-svg\" fill=\"none\" stroke-width=\"1.5\" stroke=\"currentColor\" viewBox=\"0 0 24 24\" xmlns=\"http:\/\/www.w3.org\/2000\/svg\">\n  <path stroke-linecap=\"round\" stroke-linejoin=\"round\" d=\"M21 8.25c0-2.485-2.099-4.5-4.688-4.5-1.935 0-3.597 1.126-4.312 2.733-.715-1.607-2.377-2.733-4.313-2.733C5.1 3.75 3 5.765 3 8.25c0 7.22 9 12 9 12s9-4.78 9-12Z\"><\/path>\n<\/svg>\t\t<span>Zu meiner Wunschliste hinzuf\u00fcgen<\/span>\n\t<\/a>\n<\/div>\n\n\t\t\t<!-- COUNT TEXT -->\n\t\t\t\n\t\t\t<\/div>\n\t\t\t<\/div>\n\t\t<\/div>\n\t\t\t\t\t\t\t\t\t\t<\/div>\n\t\t\t\t\t\t\t\t\t\t\t\t\t\t\t\t\t<div class=\"image-tools grid-tools text-center hide-for-small bottom hover-slide-in show-on-hover\">\n\t\t\t\t\t\t\t\t\t\t\t\t\t\t\t\t\t\t\t<\/div>\n\t\t\t\t\t\t\t\t\t\t\t\t\t\t\t\t\t\t\t\t\t\t\t<\/div>\n\n\t\t\t\t\t\t\t<div class=\"box-text text-center\" >\n\t\t\t\t\t\t\t\t<div class=\"title-wrapper\"><p class=\"name product-title woocommerce-loop-product__title\"><a href=\"https:\/\/www.companhiaatlantica.pt\/de\/produto\/portugiesische-keramik\/keramik-schussel\/schussel-halter-16cm-6-teilig\" class=\"woocommerce-LoopProduct-link woocommerce-loop-product__link\">COMPORTA Schale &#8211; 6er-Satz<\/a><\/p><\/div><div class=\"price-wrapper\">\n\t<span class=\"price\"><del aria-hidden=\"true\"><span class=\"woocommerce-Price-amount amount\"><bdi>111.00<span class=\"woocommerce-Price-currencySymbol\">&euro;<\/span><\/bdi><\/span><\/del> <span class=\"screen-reader-text\">Urspr\u00fcnglicher Preis war: 111.00&euro;<\/span><ins aria-hidden=\"true\"><span class=\"woocommerce-Price-amount amount\"><bdi>89.00<span class=\"woocommerce-Price-currencySymbol\">&euro;<\/span><\/bdi><\/span><\/ins><span class=\"screen-reader-text\">Aktueller Preis ist: 89.00&euro;.<\/span><\/span>\n<\/div>\t<span id=\"woocommerce_loop_add_to_cart_link_describedby_41818\" class=\"screen-reader-text\">\n\t\tDieses Produkt weist mehrere Varianten auf. Die Optionen k\u00f6nnen auf der Produktseite gew\u00e4hlt werden\t<\/span>\n\t\t\t\t\t\t\t<\/div>\n\t\t\t\t\t\t<\/div>\n\t\t\t\t\t\t<\/div>\n\t\t\t\t\t<\/div><div class=\"col\" >\n\t\t\t\t\t\t<div class=\"col-inner\">\n\t\t\t\t\t\t\n<div class=\"badge-container absolute left top z-1\">\n\n<div class=\"badge callout badge-circle\"><div class=\"badge-inner callout-new-bg is-small new-bubble\">NEW<\/div><\/div><\/div>\n\t\t\t\t\t\t<div class=\"product-small box has-hover box-push box-text-bottom\">\n\t\t\t\t\t\t\t<div class=\"box-image\" >\n\t\t\t\t\t\t\t\t<div class=\"\" >\n\t\t\t\t\t\t\t\t\t<a href=\"https:\/\/www.companhiaatlantica.pt\/de\/produto\/portugiesische-keramik\/keramik-schussel\/giro-pasta-schale\" aria-label=\"GIRO Pasta-Schale \u00d824\">\n\t\t\t\t\t\t\t\t\t\t<img loading=\"lazy\" decoding=\"async\" width=\"700\" height=\"700\" src=\"https:\/\/www.companhiaatlantica.pt\/wp-content\/uploads\/2024\/06\/giro-collection2-700x700.jpg\" class=\"show-on-hover absolute fill hide-for-small back-image\" alt=\"Alternative view of GIRO Pasta-Schale \u00d824\" aria-hidden=\"true\" srcset=\"https:\/\/www.companhiaatlantica.pt\/wp-content\/uploads\/2024\/06\/giro-collection2-700x700.jpg 700w, https:\/\/www.companhiaatlantica.pt\/wp-content\/uploads\/2024\/06\/giro-collection2-100x100.jpg 100w, https:\/\/www.companhiaatlantica.pt\/wp-content\/uploads\/2024\/06\/giro-collection2-400x400.jpg 400w, https:\/\/www.companhiaatlantica.pt\/wp-content\/uploads\/2024\/06\/giro-collection2-350x350.jpg 350w, https:\/\/www.companhiaatlantica.pt\/wp-content\/uploads\/2024\/06\/giro-collection2-768x768.jpg 768w, https:\/\/www.companhiaatlantica.pt\/wp-content\/uploads\/2024\/06\/giro-collection2-600x600.jpg 600w, https:\/\/www.companhiaatlantica.pt\/wp-content\/uploads\/2024\/06\/giro-collection2.jpg 900w\" sizes=\"auto, (max-width: 700px) 100vw, 700px\" title=\"\"><img loading=\"lazy\" decoding=\"async\" width=\"700\" height=\"700\" src=\"https:\/\/www.companhiaatlantica.pt\/wp-content\/uploads\/2024\/05\/131-249-700x700.jpg\" class=\"attachment-woocommerce_thumbnail size-woocommerce_thumbnail\" alt=\"GIRO Pasta-Schale \u00d824\" srcset=\"https:\/\/www.companhiaatlantica.pt\/wp-content\/uploads\/2024\/05\/131-249-700x700.jpg 700w, https:\/\/www.companhiaatlantica.pt\/wp-content\/uploads\/2024\/05\/131-249-100x100.jpg 100w, https:\/\/www.companhiaatlantica.pt\/wp-content\/uploads\/2024\/05\/131-249-400x400.jpg 400w, https:\/\/www.companhiaatlantica.pt\/wp-content\/uploads\/2024\/05\/131-249-350x350.jpg 350w, https:\/\/www.companhiaatlantica.pt\/wp-content\/uploads\/2024\/05\/131-249-768x768.jpg 768w, https:\/\/www.companhiaatlantica.pt\/wp-content\/uploads\/2024\/05\/131-249-600x600.jpg 600w, https:\/\/www.companhiaatlantica.pt\/wp-content\/uploads\/2024\/05\/131-249.jpg 800w\" sizes=\"auto, (max-width: 700px) 100vw, 700px\" title=\"\">\t\t\t\t\t\t\t\t\t<\/a>\n\t\t\t\t\t\t\t\t\t\t\t\t\t\t\t\t\t\t \t\t\t\t\t\t\t\t<\/div>\n\t\t\t\t\t\t\t\t<div class=\"image-tools top right show-on-hover\">\n\t\t\t\t\t\t\t\t\t\t\t<div class=\"wishlist-icon\">\n\t\t\t<button class=\"wishlist-button button is-outline circle icon\" aria-label=\"Wunschliste\">\n\t\t\t\t<i class=\"icon-heart\" aria-hidden=\"true\"><\/i>\t\t\t<\/button>\n\t\t\t<div class=\"wishlist-popup dark\">\n\t\t\t\t\n<div\n\tclass=\"yith-wcwl-add-to-wishlist add-to-wishlist-58330 yith-wcwl-add-to-wishlist--button_default-style wishlist-fragment on-first-load\"\n\tdata-fragment-ref=\"58330\"\n\tdata-fragment-options=\"{&quot;base_url&quot;:&quot;&quot;,&quot;product_id&quot;:58330,&quot;parent_product_id&quot;:0,&quot;product_type&quot;:&quot;simple&quot;,&quot;is_single&quot;:false,&quot;in_default_wishlist&quot;:false,&quot;show_view&quot;:false,&quot;browse_wishlist_text&quot;:&quot;Siehe Ihre Wunschliste!&quot;,&quot;already_in_wishslist_text&quot;:&quot;Dieses Produkt steht bereits auf Ihrem Wunschzettel!&quot;,&quot;product_added_text&quot;:&quot;Produto adicionado!&quot;,&quot;available_multi_wishlist&quot;:false,&quot;disable_wishlist&quot;:false,&quot;show_count&quot;:false,&quot;ajax_loading&quot;:false,&quot;loop_position&quot;:&quot;after_add_to_cart&quot;,&quot;item&quot;:&quot;add_to_wishlist&quot;}\"\n>\n\t\t\t\n\t\t\t<!-- ADD TO WISHLIST -->\n\t\t\t\n<div class=\"yith-wcwl-add-button\">\n\t\t<a\n\t\thref=\"?add_to_wishlist=58330&#038;_wpnonce=52d31225f0\"\n\t\tclass=\"add_to_wishlist single_add_to_wishlist alt button theme-button-style \"\n\t\tdata-product-id=\"58330\"\n\t\tdata-product-type=\"simple\"\n\t\tdata-original-product-id=\"0\"\n\t\tdata-title=\"Zu meiner Wunschliste hinzuf\u00fcgen\"\n\t\trel=\"nofollow\"\n\t>\n\t\t<svg id=\"yith-wcwl-icon-heart-outline\" class=\"yith-wcwl-icon-svg\" fill=\"none\" stroke-width=\"1.5\" stroke=\"currentColor\" viewBox=\"0 0 24 24\" xmlns=\"http:\/\/www.w3.org\/2000\/svg\">\n  <path stroke-linecap=\"round\" stroke-linejoin=\"round\" d=\"M21 8.25c0-2.485-2.099-4.5-4.688-4.5-1.935 0-3.597 1.126-4.312 2.733-.715-1.607-2.377-2.733-4.313-2.733C5.1 3.75 3 5.765 3 8.25c0 7.22 9 12 9 12s9-4.78 9-12Z\"><\/path>\n<\/svg>\t\t<span>Zu meiner Wunschliste hinzuf\u00fcgen<\/span>\n\t<\/a>\n<\/div>\n\n\t\t\t<!-- COUNT TEXT -->\n\t\t\t\n\t\t\t<\/div>\n\t\t\t<\/div>\n\t\t<\/div>\n\t\t\t\t\t\t\t\t\t\t<\/div>\n\t\t\t\t\t\t\t\t\t\t\t\t\t\t\t\t\t<div class=\"image-tools grid-tools text-center hide-for-small bottom hover-slide-in show-on-hover\">\n\t\t\t\t\t\t\t\t\t\t\t\t\t\t\t\t\t\t\t<\/div>\n\t\t\t\t\t\t\t\t\t\t\t\t\t\t\t\t\t\t\t\t\t\t\t<\/div>\n\n\t\t\t\t\t\t\t<div class=\"box-text text-center\" >\n\t\t\t\t\t\t\t\t<span class=\"featured-badge\"><img decoding=\"async\" src=\"https:\/\/cdn.companhiaatlantica.pt\/wp-content\/themes\/flatsome-child\/src\/img\/ar-icon-2.jpg\" alt=\"AR Icon\" class=\"ar-icon\" title=\"\"><\/span><div class=\"title-wrapper\"><p class=\"name product-title woocommerce-loop-product__title\"><a href=\"https:\/\/www.companhiaatlantica.pt\/de\/produto\/portugiesische-keramik\/keramik-schussel\/giro-pasta-schale\" class=\"woocommerce-LoopProduct-link woocommerce-loop-product__link\">GIRO Pasta-Schale \u00d824<\/a><\/p><\/div><div class=\"price-wrapper\">\n\t<span class=\"price\"><span class=\"woocommerce-Price-amount amount\"><bdi>21.90<span class=\"woocommerce-Price-currencySymbol\">&euro;<\/span><\/bdi><\/span><\/span>\n<\/div><div class=\"add-to-cart-button\"><a href=\"\/de\/wp-json\/wp\/v2\/pages\/66644?add-to-cart=58330\" aria-describedby=\"woocommerce_loop_add_to_cart_link_describedby_58330\" data-quantity=\"1\" class=\"primary is-small mb-0 button product_type_simple add_to_cart_button ajax_add_to_cart is-outline\" data-product_id=\"58330\" data-product_sku=\"131-249\" aria-label=\"In den Warenkorb legen: \u201eGIRO Pasta-Schale \u00d824\u201c\" rel=\"nofollow\" data-success_message=\"\u201eGIRO Pasta-Schale \u00d824\u201c wurde deinem Warenkorb hinzugef\u00fcgt\" data-product_name=\"GIRO Pasta-Schale \u00d824\" data-product_image=\"https:\/\/www.companhiaatlantica.pt\/wp-content\/uploads\/2024\/05\/131-249-350x350.jpg\" role=\"button\">In den Warenkorb<\/a><\/div>\t<span id=\"woocommerce_loop_add_to_cart_link_describedby_58330\" class=\"screen-reader-text\">\n\t\t\t<\/span>\n\t\t\t\t\t\t\t<\/div>\n\t\t\t\t\t\t<\/div>\n\t\t\t\t\t\t<\/div>\n\t\t\t\t\t<\/div><div class=\"col\" >\n\t\t\t\t\t\t<div class=\"col-inner\">\n\t\t\t\t\t\t\n<div class=\"badge-container absolute left top z-1\">\n\n<div class=\"badge callout badge-circle\"><div class=\"badge-inner callout-new-bg is-small new-bubble\">NEW<\/div><\/div><\/div>\n\t\t\t\t\t\t<div class=\"product-small box has-hover box-push box-text-bottom\">\n\t\t\t\t\t\t\t<div class=\"box-image\" >\n\t\t\t\t\t\t\t\t<div class=\"\" >\n\t\t\t\t\t\t\t\t\t<a href=\"https:\/\/www.companhiaatlantica.pt\/de\/produto\/portugiesische-keramik\/keramik-schussel\/schale-giro\" aria-label=\"GIRO Schale \u00d815.5\">\n\t\t\t\t\t\t\t\t\t\t<img loading=\"lazy\" decoding=\"async\" width=\"700\" height=\"700\" src=\"https:\/\/www.companhiaatlantica.pt\/wp-content\/uploads\/2024\/06\/giro-bowl-cruet-700x700.jpg\" class=\"show-on-hover absolute fill hide-for-small back-image\" alt=\"Alternative view of GIRO Schale \u00d815.5\" aria-hidden=\"true\" srcset=\"https:\/\/www.companhiaatlantica.pt\/wp-content\/uploads\/2024\/06\/giro-bowl-cruet-700x700.jpg 700w, https:\/\/www.companhiaatlantica.pt\/wp-content\/uploads\/2024\/06\/giro-bowl-cruet-100x100.jpg 100w, https:\/\/www.companhiaatlantica.pt\/wp-content\/uploads\/2024\/06\/giro-bowl-cruet-400x400.jpg 400w, https:\/\/www.companhiaatlantica.pt\/wp-content\/uploads\/2024\/06\/giro-bowl-cruet-350x350.jpg 350w, https:\/\/www.companhiaatlantica.pt\/wp-content\/uploads\/2024\/06\/giro-bowl-cruet-768x768.jpg 768w, https:\/\/www.companhiaatlantica.pt\/wp-content\/uploads\/2024\/06\/giro-bowl-cruet-600x600.jpg 600w, https:\/\/www.companhiaatlantica.pt\/wp-content\/uploads\/2024\/06\/giro-bowl-cruet.jpg 900w\" sizes=\"auto, (max-width: 700px) 100vw, 700px\" title=\"\"><img loading=\"lazy\" decoding=\"async\" width=\"700\" height=\"700\" src=\"https:\/\/www.companhiaatlantica.pt\/wp-content\/uploads\/2024\/05\/131-248-700x700.jpg\" class=\"attachment-woocommerce_thumbnail size-woocommerce_thumbnail\" alt=\"GIRO Schale \u00d815.5\" srcset=\"https:\/\/www.companhiaatlantica.pt\/wp-content\/uploads\/2024\/05\/131-248-700x700.jpg 700w, https:\/\/www.companhiaatlantica.pt\/wp-content\/uploads\/2024\/05\/131-248-100x100.jpg 100w, https:\/\/www.companhiaatlantica.pt\/wp-content\/uploads\/2024\/05\/131-248-400x400.jpg 400w, https:\/\/www.companhiaatlantica.pt\/wp-content\/uploads\/2024\/05\/131-248-350x350.jpg 350w, https:\/\/www.companhiaatlantica.pt\/wp-content\/uploads\/2024\/05\/131-248-768x768.jpg 768w, https:\/\/www.companhiaatlantica.pt\/wp-content\/uploads\/2024\/05\/131-248-600x600.jpg 600w, https:\/\/www.companhiaatlantica.pt\/wp-content\/uploads\/2024\/05\/131-248.jpg 800w\" sizes=\"auto, (max-width: 700px) 100vw, 700px\" title=\"\">\t\t\t\t\t\t\t\t\t<\/a>\n\t\t\t\t\t\t\t\t\t\t\t\t\t\t\t\t\t\t \t\t\t\t\t\t\t\t<\/div>\n\t\t\t\t\t\t\t\t<div class=\"image-tools top right show-on-hover\">\n\t\t\t\t\t\t\t\t\t\t\t<div class=\"wishlist-icon\">\n\t\t\t<button class=\"wishlist-button button is-outline circle icon\" aria-label=\"Wunschliste\">\n\t\t\t\t<i class=\"icon-heart\" aria-hidden=\"true\"><\/i>\t\t\t<\/button>\n\t\t\t<div class=\"wishlist-popup dark\">\n\t\t\t\t\n<div\n\tclass=\"yith-wcwl-add-to-wishlist add-to-wishlist-58314 yith-wcwl-add-to-wishlist--button_default-style wishlist-fragment on-first-load\"\n\tdata-fragment-ref=\"58314\"\n\tdata-fragment-options=\"{&quot;base_url&quot;:&quot;&quot;,&quot;product_id&quot;:58314,&quot;parent_product_id&quot;:0,&quot;product_type&quot;:&quot;simple&quot;,&quot;is_single&quot;:false,&quot;in_default_wishlist&quot;:false,&quot;show_view&quot;:false,&quot;browse_wishlist_text&quot;:&quot;Siehe Ihre Wunschliste!&quot;,&quot;already_in_wishslist_text&quot;:&quot;Dieses Produkt steht bereits auf Ihrem Wunschzettel!&quot;,&quot;product_added_text&quot;:&quot;Produto adicionado!&quot;,&quot;available_multi_wishlist&quot;:false,&quot;disable_wishlist&quot;:false,&quot;show_count&quot;:false,&quot;ajax_loading&quot;:false,&quot;loop_position&quot;:&quot;after_add_to_cart&quot;,&quot;item&quot;:&quot;add_to_wishlist&quot;}\"\n>\n\t\t\t\n\t\t\t<!-- ADD TO WISHLIST -->\n\t\t\t\n<div class=\"yith-wcwl-add-button\">\n\t\t<a\n\t\thref=\"?add_to_wishlist=58314&#038;_wpnonce=52d31225f0\"\n\t\tclass=\"add_to_wishlist single_add_to_wishlist alt button theme-button-style \"\n\t\tdata-product-id=\"58314\"\n\t\tdata-product-type=\"simple\"\n\t\tdata-original-product-id=\"0\"\n\t\tdata-title=\"Zu meiner Wunschliste hinzuf\u00fcgen\"\n\t\trel=\"nofollow\"\n\t>\n\t\t<svg id=\"yith-wcwl-icon-heart-outline\" class=\"yith-wcwl-icon-svg\" fill=\"none\" stroke-width=\"1.5\" stroke=\"currentColor\" viewBox=\"0 0 24 24\" xmlns=\"http:\/\/www.w3.org\/2000\/svg\">\n  <path stroke-linecap=\"round\" stroke-linejoin=\"round\" d=\"M21 8.25c0-2.485-2.099-4.5-4.688-4.5-1.935 0-3.597 1.126-4.312 2.733-.715-1.607-2.377-2.733-4.313-2.733C5.1 3.75 3 5.765 3 8.25c0 7.22 9 12 9 12s9-4.78 9-12Z\"><\/path>\n<\/svg>\t\t<span>Zu meiner Wunschliste hinzuf\u00fcgen<\/span>\n\t<\/a>\n<\/div>\n\n\t\t\t<!-- COUNT TEXT -->\n\t\t\t\n\t\t\t<\/div>\n\t\t\t<\/div>\n\t\t<\/div>\n\t\t\t\t\t\t\t\t\t\t<\/div>\n\t\t\t\t\t\t\t\t\t\t\t\t\t\t\t\t\t<div class=\"image-tools grid-tools text-center hide-for-small bottom hover-slide-in show-on-hover\">\n\t\t\t\t\t\t\t\t\t\t\t\t\t\t\t\t\t\t\t<\/div>\n\t\t\t\t\t\t\t\t\t\t\t\t\t\t\t\t\t\t\t\t\t\t\t<\/div>\n\n\t\t\t\t\t\t\t<div class=\"box-text text-center\" >\n\t\t\t\t\t\t\t\t<span class=\"featured-badge\"><img decoding=\"async\" src=\"https:\/\/cdn.companhiaatlantica.pt\/wp-content\/themes\/flatsome-child\/src\/img\/ar-icon-2.jpg\" alt=\"AR Icon\" class=\"ar-icon\" title=\"\"><\/span><div class=\"title-wrapper\"><p class=\"name product-title woocommerce-loop-product__title\"><a href=\"https:\/\/www.companhiaatlantica.pt\/de\/produto\/portugiesische-keramik\/keramik-schussel\/schale-giro\" class=\"woocommerce-LoopProduct-link woocommerce-loop-product__link\">GIRO Schale \u00d815.5<\/a><\/p><\/div><div class=\"price-wrapper\">\n\t<span class=\"price\"><span class=\"woocommerce-Price-amount amount\"><bdi>17.90<span class=\"woocommerce-Price-currencySymbol\">&euro;<\/span><\/bdi><\/span><\/span>\n<\/div><div class=\"add-to-cart-button\"><a href=\"\/de\/wp-json\/wp\/v2\/pages\/66644?add-to-cart=58314\" aria-describedby=\"woocommerce_loop_add_to_cart_link_describedby_58314\" data-quantity=\"1\" class=\"primary is-small mb-0 button product_type_simple add_to_cart_button ajax_add_to_cart is-outline\" data-product_id=\"58314\" data-product_sku=\"131-248\" aria-label=\"In den Warenkorb legen: \u201eGIRO Schale \u00d815.5\u201c\" rel=\"nofollow\" data-success_message=\"\u201eGIRO Schale \u00d815.5\u201c wurde deinem Warenkorb hinzugef\u00fcgt\" data-product_name=\"GIRO Schale \u00d815.5\" data-product_image=\"https:\/\/www.companhiaatlantica.pt\/wp-content\/uploads\/2024\/05\/131-248-350x350.jpg\" role=\"button\">In den Warenkorb<\/a><\/div>\t<span id=\"woocommerce_loop_add_to_cart_link_describedby_58314\" class=\"screen-reader-text\">\n\t\t\t<\/span>\n\t\t\t\t\t\t\t<\/div>\n\t\t\t\t\t\t<\/div>\n\t\t\t\t\t\t<\/div>\n\t\t\t\t\t<\/div><div class=\"col\" >\n\t\t\t\t\t\t<div class=\"col-inner\">\n\t\t\t\t\t\t\n<div class=\"badge-container absolute left top z-1\">\n\n<\/div>\n\t\t\t\t\t\t<div class=\"product-small box has-hover box-push box-text-bottom\">\n\t\t\t\t\t\t\t<div class=\"box-image\" >\n\t\t\t\t\t\t\t\t<div class=\"\" >\n\t\t\t\t\t\t\t\t\t<a href=\"https:\/\/www.companhiaatlantica.pt\/de\/produto\/portugiesische-keramik\/keramik-schussel\/bildschirm-tur-16cm\" aria-label=\"COMPORTA-Schale\">\n\t\t\t\t\t\t\t\t\t\t<img loading=\"lazy\" decoding=\"async\" width=\"700\" height=\"700\" src=\"https:\/\/www.companhiaatlantica.pt\/wp-content\/uploads\/2022\/05\/foto_2_processos_x-700x700.jpg\" class=\"show-on-hover absolute fill hide-for-small back-image\" alt=\"Alternative view of COMPORTA-Schale\" aria-hidden=\"true\" srcset=\"https:\/\/www.companhiaatlantica.pt\/wp-content\/uploads\/2022\/05\/foto_2_processos_x-700x700.jpg 700w, https:\/\/www.companhiaatlantica.pt\/wp-content\/uploads\/2022\/05\/foto_2_processos_x-100x100.jpg 100w, https:\/\/www.companhiaatlantica.pt\/wp-content\/uploads\/2022\/05\/foto_2_processos_x-150x150.jpg 150w, https:\/\/www.companhiaatlantica.pt\/wp-content\/uploads\/2022\/05\/foto_2_processos_x-300x300.jpg 300w\" sizes=\"auto, (max-width: 700px) 100vw, 700px\" title=\"\"><img loading=\"lazy\" decoding=\"async\" width=\"700\" height=\"700\" src=\"https:\/\/www.companhiaatlantica.pt\/wp-content\/uploads\/2020\/11\/130-644-700x700.jpg\" class=\"attachment-woocommerce_thumbnail size-woocommerce_thumbnail\" alt=\"COMPORTA-Schale\" srcset=\"https:\/\/www.companhiaatlantica.pt\/wp-content\/uploads\/2020\/11\/130-644-700x700.jpg 700w, https:\/\/www.companhiaatlantica.pt\/wp-content\/uploads\/2020\/11\/130-644-100x100.jpg 100w, https:\/\/www.companhiaatlantica.pt\/wp-content\/uploads\/2020\/11\/130-644-900x900.jpg 900w, https:\/\/www.companhiaatlantica.pt\/wp-content\/uploads\/2020\/11\/130-644-300x300.jpg 300w, https:\/\/www.companhiaatlantica.pt\/wp-content\/uploads\/2020\/11\/130-644-150x150.jpg 150w, https:\/\/www.companhiaatlantica.pt\/wp-content\/uploads\/2020\/11\/130-644-768x768.jpg 768w, https:\/\/www.companhiaatlantica.pt\/wp-content\/uploads\/2020\/11\/130-644-600x600.jpg 600w, https:\/\/www.companhiaatlantica.pt\/wp-content\/uploads\/2020\/11\/130-644.jpg 1000w\" sizes=\"auto, (max-width: 700px) 100vw, 700px\" title=\"\">\t\t\t\t\t\t\t\t\t<\/a>\n\t\t\t\t\t\t\t\t\t\t\t\t\t\t\t\t\t\t \t\t\t\t\t\t\t\t<\/div>\n\t\t\t\t\t\t\t\t<div class=\"image-tools top right show-on-hover\">\n\t\t\t\t\t\t\t\t\t\t\t<div class=\"wishlist-icon\">\n\t\t\t<button class=\"wishlist-button button is-outline circle icon\" aria-label=\"Wunschliste\">\n\t\t\t\t<i class=\"icon-heart\" aria-hidden=\"true\"><\/i>\t\t\t<\/button>\n\t\t\t<div class=\"wishlist-popup dark\">\n\t\t\t\t\n<div\n\tclass=\"yith-wcwl-add-to-wishlist add-to-wishlist-41953 yith-wcwl-add-to-wishlist--button_default-style wishlist-fragment on-first-load\"\n\tdata-fragment-ref=\"41953\"\n\tdata-fragment-options=\"{&quot;base_url&quot;:&quot;&quot;,&quot;product_id&quot;:41953,&quot;parent_product_id&quot;:0,&quot;product_type&quot;:&quot;variable&quot;,&quot;is_single&quot;:false,&quot;in_default_wishlist&quot;:false,&quot;show_view&quot;:false,&quot;browse_wishlist_text&quot;:&quot;Siehe Ihre Wunschliste!&quot;,&quot;already_in_wishslist_text&quot;:&quot;Dieses Produkt steht bereits auf Ihrem Wunschzettel!&quot;,&quot;product_added_text&quot;:&quot;Produto adicionado!&quot;,&quot;available_multi_wishlist&quot;:false,&quot;disable_wishlist&quot;:false,&quot;show_count&quot;:false,&quot;ajax_loading&quot;:false,&quot;loop_position&quot;:&quot;after_add_to_cart&quot;,&quot;item&quot;:&quot;add_to_wishlist&quot;}\"\n>\n\t\t\t\n\t\t\t<!-- ADD TO WISHLIST -->\n\t\t\t\n<div class=\"yith-wcwl-add-button\">\n\t\t<a\n\t\thref=\"?add_to_wishlist=41953&#038;_wpnonce=52d31225f0\"\n\t\tclass=\"add_to_wishlist single_add_to_wishlist alt button theme-button-style \"\n\t\tdata-product-id=\"41953\"\n\t\tdata-product-type=\"variable\"\n\t\tdata-original-product-id=\"0\"\n\t\tdata-title=\"Zu meiner Wunschliste hinzuf\u00fcgen\"\n\t\trel=\"nofollow\"\n\t>\n\t\t<svg id=\"yith-wcwl-icon-heart-outline\" class=\"yith-wcwl-icon-svg\" fill=\"none\" stroke-width=\"1.5\" stroke=\"currentColor\" viewBox=\"0 0 24 24\" xmlns=\"http:\/\/www.w3.org\/2000\/svg\">\n  <path stroke-linecap=\"round\" stroke-linejoin=\"round\" d=\"M21 8.25c0-2.485-2.099-4.5-4.688-4.5-1.935 0-3.597 1.126-4.312 2.733-.715-1.607-2.377-2.733-4.313-2.733C5.1 3.75 3 5.765 3 8.25c0 7.22 9 12 9 12s9-4.78 9-12Z\"><\/path>\n<\/svg>\t\t<span>Zu meiner Wunschliste hinzuf\u00fcgen<\/span>\n\t<\/a>\n<\/div>\n\n\t\t\t<!-- COUNT TEXT -->\n\t\t\t\n\t\t\t<\/div>\n\t\t\t<\/div>\n\t\t<\/div>\n\t\t\t\t\t\t\t\t\t\t<\/div>\n\t\t\t\t\t\t\t\t\t\t\t\t\t\t\t\t\t<div class=\"image-tools grid-tools text-center hide-for-small bottom hover-slide-in show-on-hover\">\n\t\t\t\t\t\t\t\t\t\t\t\t\t\t\t\t\t\t\t<\/div>\n\t\t\t\t\t\t\t\t\t\t\t\t\t\t\t\t\t\t\t\t\t\t\t<\/div>\n\n\t\t\t\t\t\t\t<div class=\"box-text text-center\" >\n\t\t\t\t\t\t\t\t<span class=\"featured-badge\"><img decoding=\"async\" src=\"https:\/\/cdn.companhiaatlantica.pt\/wp-content\/themes\/flatsome-child\/src\/img\/ar-icon-2.jpg\" alt=\"AR Icon\" class=\"ar-icon\" title=\"\"><\/span><div class=\"title-wrapper\"><p class=\"name product-title woocommerce-loop-product__title\"><a href=\"https:\/\/www.companhiaatlantica.pt\/de\/produto\/portugiesische-keramik\/keramik-schussel\/bildschirm-tur-16cm\" class=\"woocommerce-LoopProduct-link woocommerce-loop-product__link\">COMPORTA-Schale<\/a><\/p><\/div><div class=\"price-wrapper\">\n\t<span class=\"price\"><span class=\"woocommerce-Price-amount amount\"><bdi>22.00<span class=\"woocommerce-Price-currencySymbol\">&euro;<\/span><\/bdi><\/span><\/span>\n<\/div><div class=\"add-to-cart-button\"><a href=\"https:\/\/www.companhiaatlantica.pt\/de\/produto\/portugiesische-keramik\/keramik-schussel\/bildschirm-tur-16cm\" aria-describedby=\"woocommerce_loop_add_to_cart_link_describedby_41953\" data-quantity=\"1\" class=\"primary is-small mb-0 button product_type_variable add_to_cart_button is-outline\" data-product_id=\"41953\" data-product_sku=\"\" aria-label=\"W\u00e4hle Optionen f\u00fcr \u201eCOMPORTA-Schale\u201c\" rel=\"nofollow\" data-product_name=\"COMPORTA-Schale\" data-product_image=\"https:\/\/www.companhiaatlantica.pt\/wp-content\/uploads\/2020\/11\/130-644-150x150.jpg\">Ausf\u00fchrung w\u00e4hlen<\/a><\/div>\t<span id=\"woocommerce_loop_add_to_cart_link_describedby_41953\" class=\"screen-reader-text\">\n\t\tDieses Produkt weist mehrere Varianten auf. Die Optionen k\u00f6nnen auf der Produktseite gew\u00e4hlt werden\t<\/span>\n\t\t\t\t\t\t\t<\/div>\n\t\t\t\t\t\t<\/div>\n\t\t\t\t\t\t<\/div>\n\t\t\t\t\t<\/div><div class=\"col\" >\n\t\t\t\t\t\t<div class=\"col-inner\">\n\t\t\t\t\t\t\n<div class=\"badge-container absolute left top z-1\">\n<div class=\"badge callout badge-circle\">\r\n  \t\t\t<div class=\"badge-inner secondary on-sale\">\r\n  \t\t\t\t<span class=\"onsale\">-21%<\/span>\r\n\t\t\t<\/div>\r\n\t\t<\/div>\r\n\t\t<div class=\"badge callout badge-circle\">\r\n\t\t\t<div class=\"badge-inner callout-new-bg is-small new-bubble\">6pcs<\/div>\r\n\t\t<\/div>\n<div class=\"badge callout badge-circle\"><div class=\"badge-inner callout-new-bg is-small new-bubble\">6pcs<\/div><\/div><\/div>\n\t\t\t\t\t\t<div class=\"product-small box has-hover box-push box-text-bottom\">\n\t\t\t\t\t\t\t<div class=\"box-image\" >\n\t\t\t\t\t\t\t\t<div class=\"\" >\n\t\t\t\t\t\t\t\t\t<a href=\"https:\/\/www.companhiaatlantica.pt\/de\/produto\/portugiesische-keramik\/keramik-schussel\/breezy-tigela-11cm-6-teilig\" aria-label=\"Schale 10cm BREEZY - 6er Set\">\n\t\t\t\t\t\t\t\t\t\t<img loading=\"lazy\" decoding=\"async\" width=\"600\" height=\"600\" src=\"https:\/\/www.companhiaatlantica.pt\/wp-content\/uploads\/2021\/01\/IMG_8163.jpg\" class=\"show-on-hover absolute fill hide-for-small back-image\" alt=\"Alternative view of Schale 10cm BREEZY - 6er Set\" aria-hidden=\"true\" srcset=\"https:\/\/www.companhiaatlantica.pt\/wp-content\/uploads\/2021\/01\/IMG_8163.jpg 600w, https:\/\/www.companhiaatlantica.pt\/wp-content\/uploads\/2021\/01\/IMG_8163-100x100.jpg 100w\" sizes=\"auto, (max-width: 600px) 100vw, 600px\" title=\"\"><img loading=\"lazy\" decoding=\"async\" width=\"600\" height=\"600\" src=\"https:\/\/www.companhiaatlantica.pt\/wp-content\/uploads\/2021\/01\/IMG_0886.jpg\" class=\"attachment-woocommerce_thumbnail size-woocommerce_thumbnail\" alt=\"Schale 10cm BREEZY - 6er Set\" srcset=\"https:\/\/www.companhiaatlantica.pt\/wp-content\/uploads\/2021\/01\/IMG_0886.jpg 600w, https:\/\/www.companhiaatlantica.pt\/wp-content\/uploads\/2021\/01\/IMG_0886-100x100.jpg 100w\" sizes=\"auto, (max-width: 600px) 100vw, 600px\" title=\"\">\t\t\t\t\t\t\t\t\t<\/a>\n\t\t\t\t\t\t\t\t\t\t\t\t\t\t\t\t\t\t \t\t\t\t\t\t\t\t<\/div>\n\t\t\t\t\t\t\t\t<div class=\"image-tools top right show-on-hover\">\n\t\t\t\t\t\t\t\t\t\t\t<div class=\"wishlist-icon\">\n\t\t\t<button class=\"wishlist-button button is-outline circle icon\" aria-label=\"Wunschliste\">\n\t\t\t\t<i class=\"icon-heart\" aria-hidden=\"true\"><\/i>\t\t\t<\/button>\n\t\t\t<div class=\"wishlist-popup dark\">\n\t\t\t\t\n<div\n\tclass=\"yith-wcwl-add-to-wishlist add-to-wishlist-41851 yith-wcwl-add-to-wishlist--button_default-style wishlist-fragment on-first-load\"\n\tdata-fragment-ref=\"41851\"\n\tdata-fragment-options=\"{&quot;base_url&quot;:&quot;&quot;,&quot;product_id&quot;:41851,&quot;parent_product_id&quot;:0,&quot;product_type&quot;:&quot;variable&quot;,&quot;is_single&quot;:false,&quot;in_default_wishlist&quot;:false,&quot;show_view&quot;:false,&quot;browse_wishlist_text&quot;:&quot;Siehe Ihre Wunschliste!&quot;,&quot;already_in_wishslist_text&quot;:&quot;Dieses Produkt steht bereits auf Ihrem Wunschzettel!&quot;,&quot;product_added_text&quot;:&quot;Produto adicionado!&quot;,&quot;available_multi_wishlist&quot;:false,&quot;disable_wishlist&quot;:false,&quot;show_count&quot;:false,&quot;ajax_loading&quot;:false,&quot;loop_position&quot;:&quot;after_add_to_cart&quot;,&quot;item&quot;:&quot;add_to_wishlist&quot;}\"\n>\n\t\t\t\n\t\t\t<!-- ADD TO WISHLIST -->\n\t\t\t\n<div class=\"yith-wcwl-add-button\">\n\t\t<a\n\t\thref=\"?add_to_wishlist=41851&#038;_wpnonce=52d31225f0\"\n\t\tclass=\"add_to_wishlist single_add_to_wishlist alt button theme-button-style \"\n\t\tdata-product-id=\"41851\"\n\t\tdata-product-type=\"variable\"\n\t\tdata-original-product-id=\"0\"\n\t\tdata-title=\"Zu meiner Wunschliste hinzuf\u00fcgen\"\n\t\trel=\"nofollow\"\n\t>\n\t\t<svg id=\"yith-wcwl-icon-heart-outline\" class=\"yith-wcwl-icon-svg\" fill=\"none\" stroke-width=\"1.5\" stroke=\"currentColor\" viewBox=\"0 0 24 24\" xmlns=\"http:\/\/www.w3.org\/2000\/svg\">\n  <path stroke-linecap=\"round\" stroke-linejoin=\"round\" d=\"M21 8.25c0-2.485-2.099-4.5-4.688-4.5-1.935 0-3.597 1.126-4.312 2.733-.715-1.607-2.377-2.733-4.313-2.733C5.1 3.75 3 5.765 3 8.25c0 7.22 9 12 9 12s9-4.78 9-12Z\"><\/path>\n<\/svg>\t\t<span>Zu meiner Wunschliste hinzuf\u00fcgen<\/span>\n\t<\/a>\n<\/div>\n\n\t\t\t<!-- COUNT TEXT -->\n\t\t\t\n\t\t\t<\/div>\n\t\t\t<\/div>\n\t\t<\/div>\n\t\t\t\t\t\t\t\t\t\t<\/div>\n\t\t\t\t\t\t\t\t\t\t\t\t\t\t\t\t\t<div class=\"image-tools grid-tools text-center hide-for-small bottom hover-slide-in show-on-hover\">\n\t\t\t\t\t\t\t\t\t\t\t\t\t\t\t\t\t\t\t<\/div>\n\t\t\t\t\t\t\t\t\t\t\t\t\t\t\t\t\t\t\t\t\t\t\t<\/div>\n\n\t\t\t\t\t\t\t<div class=\"box-text text-center\" >\n\t\t\t\t\t\t\t\t<div class=\"title-wrapper\"><p class=\"name product-title woocommerce-loop-product__title\"><a href=\"https:\/\/www.companhiaatlantica.pt\/de\/produto\/portugiesische-keramik\/keramik-schussel\/breezy-tigela-11cm-6-teilig\" class=\"woocommerce-LoopProduct-link woocommerce-loop-product__link\">Schale 10cm BREEZY &#8211; 6er Set<\/a><\/p><\/div><div class=\"price-wrapper\">\n\t<span class=\"price\"><span class=\"woocommerce-Price-amount amount\"><bdi>42.90<span class=\"woocommerce-Price-currencySymbol\">&euro;<\/span><\/bdi><\/span><\/span>\n<\/div>\t<span id=\"woocommerce_loop_add_to_cart_link_describedby_41851\" class=\"screen-reader-text\">\n\t\tDieses Produkt weist mehrere Varianten auf. Die Optionen k\u00f6nnen auf der Produktseite gew\u00e4hlt werden\t<\/span>\n\t\t\t\t\t\t\t<\/div>\n\t\t\t\t\t\t<\/div>\n\t\t\t\t\t\t<\/div>\n\t\t\t\t\t<\/div><div class=\"col\" >\n\t\t\t\t\t\t<div class=\"col-inner\">\n\t\t\t\t\t\t\n<div class=\"badge-container absolute left top z-1\">\n<div class=\"badge callout badge-circle\">\r\n  \t\t\t<div class=\"badge-inner secondary on-sale\">\r\n  \t\t\t\t<span class=\"onsale\">-25%<\/span>\r\n\t\t\t<\/div>\r\n\t\t<\/div>\r\n\t\t<div class=\"badge callout badge-circle\">\r\n\t\t\t<div class=\"badge-inner callout-new-bg is-small new-bubble\">6 pcs<\/div>\r\n\t\t<\/div>\n<div class=\"badge callout badge-circle\"><div class=\"badge-inner callout-new-bg is-small new-bubble\">6 pcs<\/div><\/div><\/div>\n\t\t\t\t\t\t<div class=\"product-small box has-hover box-push box-text-bottom\">\n\t\t\t\t\t\t\t<div class=\"box-image\" >\n\t\t\t\t\t\t\t\t<div class=\"\" >\n\t\t\t\t\t\t\t\t\t<a href=\"https:\/\/www.companhiaatlantica.pt\/de\/produto\/portugiesische-keramik\/keramik-schussel\/schuessel-16cm-breezy-6er-set\" aria-label=\"Sch\u00fcssel 16cm BREEZY - 6er Set\">\n\t\t\t\t\t\t\t\t\t\t<img loading=\"lazy\" decoding=\"async\" width=\"600\" height=\"600\" src=\"https:\/\/www.companhiaatlantica.pt\/wp-content\/uploads\/2020\/11\/IMG_0106.jpg\" class=\"show-on-hover absolute fill hide-for-small back-image\" alt=\"Alternative view of Sch\u00fcssel 16cm BREEZY - 6er Set\" aria-hidden=\"true\" srcset=\"https:\/\/www.companhiaatlantica.pt\/wp-content\/uploads\/2020\/11\/IMG_0106.jpg 600w, https:\/\/www.companhiaatlantica.pt\/wp-content\/uploads\/2020\/11\/IMG_0106-100x100.jpg 100w\" sizes=\"auto, (max-width: 600px) 100vw, 600px\" title=\"\"><img loading=\"lazy\" decoding=\"async\" width=\"600\" height=\"600\" src=\"https:\/\/www.companhiaatlantica.pt\/wp-content\/uploads\/2020\/06\/IMG_0276.jpg\" class=\"attachment-woocommerce_thumbnail size-woocommerce_thumbnail\" alt=\"Sch\u00fcssel 16cm BREEZY - 6er Set\" srcset=\"https:\/\/www.companhiaatlantica.pt\/wp-content\/uploads\/2020\/06\/IMG_0276.jpg 600w, https:\/\/www.companhiaatlantica.pt\/wp-content\/uploads\/2020\/06\/IMG_0276-100x100.jpg 100w\" sizes=\"auto, (max-width: 600px) 100vw, 600px\" title=\"\">\t\t\t\t\t\t\t\t\t<\/a>\n\t\t\t\t\t\t\t\t\t\t\t\t\t\t\t\t\t\t \t\t\t\t\t\t\t\t<\/div>\n\t\t\t\t\t\t\t\t<div class=\"image-tools top right show-on-hover\">\n\t\t\t\t\t\t\t\t\t\t\t<div class=\"wishlist-icon\">\n\t\t\t<button class=\"wishlist-button button is-outline circle icon\" aria-label=\"Wunschliste\">\n\t\t\t\t<i class=\"icon-heart\" aria-hidden=\"true\"><\/i>\t\t\t<\/button>\n\t\t\t<div class=\"wishlist-popup dark\">\n\t\t\t\t\n<div\n\tclass=\"yith-wcwl-add-to-wishlist add-to-wishlist-41902 yith-wcwl-add-to-wishlist--button_default-style wishlist-fragment on-first-load\"\n\tdata-fragment-ref=\"41902\"\n\tdata-fragment-options=\"{&quot;base_url&quot;:&quot;&quot;,&quot;product_id&quot;:41902,&quot;parent_product_id&quot;:0,&quot;product_type&quot;:&quot;variable&quot;,&quot;is_single&quot;:false,&quot;in_default_wishlist&quot;:false,&quot;show_view&quot;:false,&quot;browse_wishlist_text&quot;:&quot;Siehe Ihre Wunschliste!&quot;,&quot;already_in_wishslist_text&quot;:&quot;Dieses Produkt steht bereits auf Ihrem Wunschzettel!&quot;,&quot;product_added_text&quot;:&quot;Produto adicionado!&quot;,&quot;available_multi_wishlist&quot;:false,&quot;disable_wishlist&quot;:false,&quot;show_count&quot;:false,&quot;ajax_loading&quot;:false,&quot;loop_position&quot;:&quot;after_add_to_cart&quot;,&quot;item&quot;:&quot;add_to_wishlist&quot;}\"\n>\n\t\t\t\n\t\t\t<!-- ADD TO WISHLIST -->\n\t\t\t\n<div class=\"yith-wcwl-add-button\">\n\t\t<a\n\t\thref=\"?add_to_wishlist=41902&#038;_wpnonce=52d31225f0\"\n\t\tclass=\"add_to_wishlist single_add_to_wishlist alt button theme-button-style \"\n\t\tdata-product-id=\"41902\"\n\t\tdata-product-type=\"variable\"\n\t\tdata-original-product-id=\"0\"\n\t\tdata-title=\"Zu meiner Wunschliste hinzuf\u00fcgen\"\n\t\trel=\"nofollow\"\n\t>\n\t\t<svg id=\"yith-wcwl-icon-heart-outline\" class=\"yith-wcwl-icon-svg\" fill=\"none\" stroke-width=\"1.5\" stroke=\"currentColor\" viewBox=\"0 0 24 24\" xmlns=\"http:\/\/www.w3.org\/2000\/svg\">\n  <path stroke-linecap=\"round\" stroke-linejoin=\"round\" d=\"M21 8.25c0-2.485-2.099-4.5-4.688-4.5-1.935 0-3.597 1.126-4.312 2.733-.715-1.607-2.377-2.733-4.313-2.733C5.1 3.75 3 5.765 3 8.25c0 7.22 9 12 9 12s9-4.78 9-12Z\"><\/path>\n<\/svg>\t\t<span>Zu meiner Wunschliste hinzuf\u00fcgen<\/span>\n\t<\/a>\n<\/div>\n\n\t\t\t<!-- COUNT TEXT -->\n\t\t\t\n\t\t\t<\/div>\n\t\t\t<\/div>\n\t\t<\/div>\n\t\t\t\t\t\t\t\t\t\t<\/div>\n\t\t\t\t\t\t\t\t\t\t\t\t\t\t\t\t\t<div class=\"image-tools grid-tools text-center hide-for-small bottom hover-slide-in show-on-hover\">\n\t\t\t\t\t\t\t\t\t\t\t\t\t\t\t\t\t\t\t<\/div>\n\t\t\t\t\t\t\t\t\t\t\t\t\t\t\t\t\t\t\t\t\t\t\t<\/div>\n\n\t\t\t\t\t\t\t<div class=\"box-text text-center\" >\n\t\t\t\t\t\t\t\t<div class=\"title-wrapper\"><p class=\"name product-title woocommerce-loop-product__title\"><a href=\"https:\/\/www.companhiaatlantica.pt\/de\/produto\/portugiesische-keramik\/keramik-schussel\/schuessel-16cm-breezy-6er-set\" class=\"woocommerce-LoopProduct-link woocommerce-loop-product__link\">Sch\u00fcssel 16cm BREEZY &#8211; 6er Set<\/a><\/p><\/div><div class=\"price-wrapper\">\n\t<span class=\"price\"><span class=\"woocommerce-Price-amount amount\" aria-hidden=\"true\"><bdi>81.00<span class=\"woocommerce-Price-currencySymbol\">&euro;<\/span><\/bdi><\/span> <span aria-hidden=\"true\"> \u2013 <\/span> <span class=\"woocommerce-Price-amount amount\" aria-hidden=\"true\"><bdi>87.00<span class=\"woocommerce-Price-currencySymbol\">&euro;<\/span><\/bdi><\/span><span class=\"screen-reader-text\">Preisspanne: 81.00&euro; bis 87.00&euro;<\/span><\/span>\n<\/div>\t<span id=\"woocommerce_loop_add_to_cart_link_describedby_41902\" class=\"screen-reader-text\">\n\t\tDieses Produkt weist mehrere Varianten auf. Die Optionen k\u00f6nnen auf der Produktseite gew\u00e4hlt werden\t<\/span>\n\t\t\t\t\t\t\t<\/div>\n\t\t\t\t\t\t<\/div>\n\t\t\t\t\t\t<\/div>\n\t\t\t\t\t<\/div><div class=\"col\" >\n\t\t\t\t\t\t<div class=\"col-inner\">\n\t\t\t\t\t\t\n<div class=\"badge-container absolute left top z-1\">\n<div class=\"badge callout badge-circle\">\r\n  \t\t\t<div class=\"badge-inner secondary on-sale\">\r\n  \t\t\t\t<span class=\"onsale\">-25%<\/span>\r\n\t\t\t<\/div>\r\n\t\t<\/div>\r\n\t\t<div class=\"badge callout badge-circle\">\r\n\t\t\t<div class=\"badge-inner callout-new-bg is-small new-bubble\">6 pcs<\/div>\r\n\t\t<\/div>\n<div class=\"badge callout badge-circle\"><div class=\"badge-inner callout-new-bg is-small new-bubble\">6 pcs<\/div><\/div><\/div>\n\t\t\t\t\t\t<div class=\"product-small box has-hover box-push box-text-bottom\">\n\t\t\t\t\t\t\t<div class=\"box-image\" >\n\t\t\t\t\t\t\t\t<div class=\"\" >\n\t\t\t\t\t\t\t\t\t<a href=\"https:\/\/www.companhiaatlantica.pt\/de\/produto\/portugiesische-keramik\/keramik-schussel\/schuessel-18cm-breezy-6er-set\" aria-label=\"Sch\u00fcssel 18cm BREEZY - 6er Set\">\n\t\t\t\t\t\t\t\t\t\t<img loading=\"lazy\" decoding=\"async\" width=\"600\" height=\"600\" src=\"https:\/\/www.companhiaatlantica.pt\/wp-content\/uploads\/2020\/05\/IMG_0284.jpg\" class=\"show-on-hover absolute fill hide-for-small back-image\" alt=\"Alternative view of Sch\u00fcssel 18cm BREEZY - 6er Set\" aria-hidden=\"true\" srcset=\"https:\/\/www.companhiaatlantica.pt\/wp-content\/uploads\/2020\/05\/IMG_0284.jpg 600w, https:\/\/www.companhiaatlantica.pt\/wp-content\/uploads\/2020\/05\/IMG_0284-100x100.jpg 100w\" sizes=\"auto, (max-width: 600px) 100vw, 600px\" title=\"\"><img loading=\"lazy\" decoding=\"async\" width=\"600\" height=\"600\" src=\"https:\/\/www.companhiaatlantica.pt\/wp-content\/uploads\/2021\/03\/IMG_9116.jpg\" class=\"attachment-woocommerce_thumbnail size-woocommerce_thumbnail\" alt=\"Sch\u00fcssel 18cm BREEZY - 6er Set\" srcset=\"https:\/\/www.companhiaatlantica.pt\/wp-content\/uploads\/2021\/03\/IMG_9116.jpg 600w, https:\/\/www.companhiaatlantica.pt\/wp-content\/uploads\/2021\/03\/IMG_9116-100x100.jpg 100w\" sizes=\"auto, (max-width: 600px) 100vw, 600px\" title=\"\">\t\t\t\t\t\t\t\t\t<\/a>\n\t\t\t\t\t\t\t\t\t\t\t\t\t\t\t\t\t\t \t\t\t\t\t\t\t\t<\/div>\n\t\t\t\t\t\t\t\t<div class=\"image-tools top right show-on-hover\">\n\t\t\t\t\t\t\t\t\t\t\t<div class=\"wishlist-icon\">\n\t\t\t<button class=\"wishlist-button button is-outline circle icon\" aria-label=\"Wunschliste\">\n\t\t\t\t<i class=\"icon-heart\" aria-hidden=\"true\"><\/i>\t\t\t<\/button>\n\t\t\t<div class=\"wishlist-popup dark\">\n\t\t\t\t\n<div\n\tclass=\"yith-wcwl-add-to-wishlist add-to-wishlist-41564 yith-wcwl-add-to-wishlist--button_default-style wishlist-fragment on-first-load\"\n\tdata-fragment-ref=\"41564\"\n\tdata-fragment-options=\"{&quot;base_url&quot;:&quot;&quot;,&quot;product_id&quot;:41564,&quot;parent_product_id&quot;:0,&quot;product_type&quot;:&quot;variable&quot;,&quot;is_single&quot;:false,&quot;in_default_wishlist&quot;:false,&quot;show_view&quot;:false,&quot;browse_wishlist_text&quot;:&quot;Siehe Ihre Wunschliste!&quot;,&quot;already_in_wishslist_text&quot;:&quot;Dieses Produkt steht bereits auf Ihrem Wunschzettel!&quot;,&quot;product_added_text&quot;:&quot;Produto adicionado!&quot;,&quot;available_multi_wishlist&quot;:false,&quot;disable_wishlist&quot;:false,&quot;show_count&quot;:false,&quot;ajax_loading&quot;:false,&quot;loop_position&quot;:&quot;after_add_to_cart&quot;,&quot;item&quot;:&quot;add_to_wishlist&quot;}\"\n>\n\t\t\t\n\t\t\t<!-- ADD TO WISHLIST -->\n\t\t\t\n<div class=\"yith-wcwl-add-button\">\n\t\t<a\n\t\thref=\"?add_to_wishlist=41564&#038;_wpnonce=52d31225f0\"\n\t\tclass=\"add_to_wishlist single_add_to_wishlist alt button theme-button-style \"\n\t\tdata-product-id=\"41564\"\n\t\tdata-product-type=\"variable\"\n\t\tdata-original-product-id=\"0\"\n\t\tdata-title=\"Zu meiner Wunschliste hinzuf\u00fcgen\"\n\t\trel=\"nofollow\"\n\t>\n\t\t<svg id=\"yith-wcwl-icon-heart-outline\" class=\"yith-wcwl-icon-svg\" fill=\"none\" stroke-width=\"1.5\" stroke=\"currentColor\" viewBox=\"0 0 24 24\" xmlns=\"http:\/\/www.w3.org\/2000\/svg\">\n  <path stroke-linecap=\"round\" stroke-linejoin=\"round\" d=\"M21 8.25c0-2.485-2.099-4.5-4.688-4.5-1.935 0-3.597 1.126-4.312 2.733-.715-1.607-2.377-2.733-4.313-2.733C5.1 3.75 3 5.765 3 8.25c0 7.22 9 12 9 12s9-4.78 9-12Z\"><\/path>\n<\/svg>\t\t<span>Zu meiner Wunschliste hinzuf\u00fcgen<\/span>\n\t<\/a>\n<\/div>\n\n\t\t\t<!-- COUNT TEXT -->\n\t\t\t\n\t\t\t<\/div>\n\t\t\t<\/div>\n\t\t<\/div>\n\t\t\t\t\t\t\t\t\t\t<\/div>\n\t\t\t\t\t\t\t\t\t\t\t\t\t\t\t\t\t<div class=\"image-tools grid-tools text-center hide-for-small bottom hover-slide-in show-on-hover\">\n\t\t\t\t\t\t\t\t\t\t\t\t\t\t\t\t\t\t\t<\/div>\n\t\t\t\t\t\t\t\t\t\t\t\t\t\t\t\t\t\t\t\t\t\t\t<\/div>\n\n\t\t\t\t\t\t\t<div class=\"box-text text-center\" >\n\t\t\t\t\t\t\t\t<div class=\"title-wrapper\"><p class=\"name product-title woocommerce-loop-product__title\"><a href=\"https:\/\/www.companhiaatlantica.pt\/de\/produto\/portugiesische-keramik\/keramik-schussel\/schuessel-18cm-breezy-6er-set\" class=\"woocommerce-LoopProduct-link woocommerce-loop-product__link\">Sch\u00fcssel 18cm BREEZY &#8211; 6er Set<\/a><\/p><\/div><div class=\"price-wrapper\">\n\t<span class=\"price\"><span class=\"woocommerce-Price-amount amount\" aria-hidden=\"true\"><bdi>81.00<span class=\"woocommerce-Price-currencySymbol\">&euro;<\/span><\/bdi><\/span> <span aria-hidden=\"true\"> \u2013 <\/span> <span class=\"woocommerce-Price-amount amount\" aria-hidden=\"true\"><bdi>87.00<span class=\"woocommerce-Price-currencySymbol\">&euro;<\/span><\/bdi><\/span><span class=\"screen-reader-text\">Preisspanne: 81.00&euro; bis 87.00&euro;<\/span><\/span>\n<\/div>\t<span id=\"woocommerce_loop_add_to_cart_link_describedby_41564\" class=\"screen-reader-text\">\n\t\tDieses Produkt weist mehrere Varianten auf. Die Optionen k\u00f6nnen auf der Produktseite gew\u00e4hlt werden\t<\/span>\n\t\t\t\t\t\t\t<\/div>\n\t\t\t\t\t\t<\/div>\n\t\t\t\t\t\t<\/div>\n\t\t\t\t\t<\/div><div class=\"col\" >\n\t\t\t\t\t\t<div class=\"col-inner\">\n\t\t\t\t\t\t\n<div class=\"badge-container absolute left top z-1\">\n<div class=\"badge callout badge-circle\">\r\n  \t\t\t<div class=\"badge-inner secondary on-sale\">\r\n  \t\t\t\t<span class=\"onsale\">-20%<\/span>\r\n\t\t\t<\/div>\r\n\t\t<\/div>\r\n\t\t<div class=\"badge callout badge-circle\">\r\n\t\t\t<div class=\"badge-inner callout-new-bg is-small new-bubble\"><\/div>\r\n\t\t<\/div>\n<\/div>\n\t\t\t\t\t\t<div class=\"product-small box has-hover box-push box-text-bottom\">\n\t\t\t\t\t\t\t<div class=\"box-image\" >\n\t\t\t\t\t\t\t\t<div class=\"\" >\n\t\t\t\t\t\t\t\t\t<a href=\"https:\/\/www.companhiaatlantica.pt\/de\/produto\/portugiesische-keramik\/keramik-schussel\/breezy-tigela-16cm-2\" aria-label=\"Schale 16cm BREEZY\">\n\t\t\t\t\t\t\t\t\t\t<img loading=\"lazy\" decoding=\"async\" width=\"600\" height=\"600\" src=\"https:\/\/www.companhiaatlantica.pt\/wp-content\/uploads\/2020\/05\/IMG_0500.jpg\" class=\"show-on-hover absolute fill hide-for-small back-image\" alt=\"Alternative view of Schale 16cm BREEZY\" aria-hidden=\"true\" srcset=\"https:\/\/www.companhiaatlantica.pt\/wp-content\/uploads\/2020\/05\/IMG_0500.jpg 600w, https:\/\/www.companhiaatlantica.pt\/wp-content\/uploads\/2020\/05\/IMG_0500-100x100.jpg 100w\" sizes=\"auto, (max-width: 600px) 100vw, 600px\" title=\"\"><img loading=\"lazy\" decoding=\"async\" width=\"700\" height=\"700\" src=\"https:\/\/www.companhiaatlantica.pt\/wp-content\/uploads\/2020\/11\/130-259-1-700x700.jpg\" class=\"attachment-woocommerce_thumbnail size-woocommerce_thumbnail\" alt=\"Schale 16cm BREEZY\" srcset=\"https:\/\/www.companhiaatlantica.pt\/wp-content\/uploads\/2020\/11\/130-259-1-700x700.jpg 700w, https:\/\/www.companhiaatlantica.pt\/wp-content\/uploads\/2020\/11\/130-259-1-100x100.jpg 100w, https:\/\/www.companhiaatlantica.pt\/wp-content\/uploads\/2020\/11\/130-259-1-900x900.jpg 900w, https:\/\/www.companhiaatlantica.pt\/wp-content\/uploads\/2020\/11\/130-259-1-300x300.jpg 300w, https:\/\/www.companhiaatlantica.pt\/wp-content\/uploads\/2020\/11\/130-259-1-150x150.jpg 150w, https:\/\/www.companhiaatlantica.pt\/wp-content\/uploads\/2020\/11\/130-259-1-768x768.jpg 768w, https:\/\/www.companhiaatlantica.pt\/wp-content\/uploads\/2020\/11\/130-259-1-600x600.jpg 600w, https:\/\/www.companhiaatlantica.pt\/wp-content\/uploads\/2020\/11\/130-259-1.jpg 1000w\" sizes=\"auto, (max-width: 700px) 100vw, 700px\" title=\"\">\t\t\t\t\t\t\t\t\t<\/a>\n\t\t\t\t\t\t\t\t\t\t\t\t\t\t\t\t\t\t \t\t\t\t\t\t\t\t<\/div>\n\t\t\t\t\t\t\t\t<div class=\"image-tools top right show-on-hover\">\n\t\t\t\t\t\t\t\t\t\t\t<div class=\"wishlist-icon\">\n\t\t\t<button class=\"wishlist-button button is-outline circle icon\" aria-label=\"Wunschliste\">\n\t\t\t\t<i class=\"icon-heart\" aria-hidden=\"true\"><\/i>\t\t\t<\/button>\n\t\t\t<div class=\"wishlist-popup dark\">\n\t\t\t\t\n<div\n\tclass=\"yith-wcwl-add-to-wishlist add-to-wishlist-42250 yith-wcwl-add-to-wishlist--button_default-style wishlist-fragment on-first-load\"\n\tdata-fragment-ref=\"42250\"\n\tdata-fragment-options=\"{&quot;base_url&quot;:&quot;&quot;,&quot;product_id&quot;:42250,&quot;parent_product_id&quot;:0,&quot;product_type&quot;:&quot;variable&quot;,&quot;is_single&quot;:false,&quot;in_default_wishlist&quot;:false,&quot;show_view&quot;:false,&quot;browse_wishlist_text&quot;:&quot;Siehe Ihre Wunschliste!&quot;,&quot;already_in_wishslist_text&quot;:&quot;Dieses Produkt steht bereits auf Ihrem Wunschzettel!&quot;,&quot;product_added_text&quot;:&quot;Produto adicionado!&quot;,&quot;available_multi_wishlist&quot;:false,&quot;disable_wishlist&quot;:false,&quot;show_count&quot;:false,&quot;ajax_loading&quot;:false,&quot;loop_position&quot;:&quot;after_add_to_cart&quot;,&quot;item&quot;:&quot;add_to_wishlist&quot;}\"\n>\n\t\t\t\n\t\t\t<!-- ADD TO WISHLIST -->\n\t\t\t\n<div class=\"yith-wcwl-add-button\">\n\t\t<a\n\t\thref=\"?add_to_wishlist=42250&#038;_wpnonce=52d31225f0\"\n\t\tclass=\"add_to_wishlist single_add_to_wishlist alt button theme-button-style \"\n\t\tdata-product-id=\"42250\"\n\t\tdata-product-type=\"variable\"\n\t\tdata-original-product-id=\"0\"\n\t\tdata-title=\"Zu meiner Wunschliste hinzuf\u00fcgen\"\n\t\trel=\"nofollow\"\n\t>\n\t\t<svg id=\"yith-wcwl-icon-heart-outline\" class=\"yith-wcwl-icon-svg\" fill=\"none\" stroke-width=\"1.5\" stroke=\"currentColor\" viewBox=\"0 0 24 24\" xmlns=\"http:\/\/www.w3.org\/2000\/svg\">\n  <path stroke-linecap=\"round\" stroke-linejoin=\"round\" d=\"M21 8.25c0-2.485-2.099-4.5-4.688-4.5-1.935 0-3.597 1.126-4.312 2.733-.715-1.607-2.377-2.733-4.313-2.733C5.1 3.75 3 5.765 3 8.25c0 7.22 9 12 9 12s9-4.78 9-12Z\"><\/path>\n<\/svg>\t\t<span>Zu meiner Wunschliste hinzuf\u00fcgen<\/span>\n\t<\/a>\n<\/div>\n\n\t\t\t<!-- COUNT TEXT -->\n\t\t\t\n\t\t\t<\/div>\n\t\t\t<\/div>\n\t\t<\/div>\n\t\t\t\t\t\t\t\t\t\t<\/div>\n\t\t\t\t\t\t\t\t\t\t\t\t\t\t\t\t\t<div class=\"image-tools grid-tools text-center hide-for-small bottom hover-slide-in show-on-hover\">\n\t\t\t\t\t\t\t\t\t\t\t\t\t\t\t\t\t\t\t<\/div>\n\t\t\t\t\t\t\t\t\t\t\t\t\t\t\t\t\t\t\t\t\t\t\t<\/div>\n\n\t\t\t\t\t\t\t<div class=\"box-text text-center\" >\n\t\t\t\t\t\t\t\t<span class=\"featured-badge\"><img decoding=\"async\" src=\"https:\/\/cdn.companhiaatlantica.pt\/wp-content\/themes\/flatsome-child\/src\/img\/ar-icon-2.jpg\" alt=\"AR Icon\" class=\"ar-icon\" title=\"\"><\/span><div class=\"title-wrapper\"><p class=\"name product-title woocommerce-loop-product__title\"><a href=\"https:\/\/www.companhiaatlantica.pt\/de\/produto\/portugiesische-keramik\/keramik-schussel\/breezy-tigela-16cm-2\" class=\"woocommerce-LoopProduct-link woocommerce-loop-product__link\">Schale 16cm BREEZY<\/a><\/p><\/div><div class=\"price-wrapper\">\n\t<span class=\"price\"><span class=\"woocommerce-Price-amount amount\" aria-hidden=\"true\"><bdi>14.40<span class=\"woocommerce-Price-currencySymbol\">&euro;<\/span><\/bdi><\/span> <span aria-hidden=\"true\"> \u2013 <\/span> <span class=\"woocommerce-Price-amount amount\" aria-hidden=\"true\"><bdi>18.90<span class=\"woocommerce-Price-currencySymbol\">&euro;<\/span><\/bdi><\/span><span class=\"screen-reader-text\">Preisspanne: 14.40&euro; bis 18.90&euro;<\/span><\/span>\n<\/div>\t<span id=\"woocommerce_loop_add_to_cart_link_describedby_42250\" class=\"screen-reader-text\">\n\t\tDieses Produkt weist mehrere Varianten auf. Die Optionen k\u00f6nnen auf der Produktseite gew\u00e4hlt werden\t<\/span>\n\t\t\t\t\t\t\t<\/div>\n\t\t\t\t\t\t<\/div>\n\t\t\t\t\t\t<\/div>\n\t\t\t\t\t<\/div><div class=\"col\" >\n\t\t\t\t\t\t<div class=\"col-inner\">\n\t\t\t\t\t\t\n<div class=\"badge-container absolute left top z-1\">\n\n<\/div>\n\t\t\t\t\t\t<div class=\"product-small box has-hover box-push box-text-bottom\">\n\t\t\t\t\t\t\t<div class=\"box-image\" >\n\t\t\t\t\t\t\t\t<div class=\"\" >\n\t\t\t\t\t\t\t\t\t<a href=\"https:\/\/www.companhiaatlantica.pt\/de\/produto\/portugiesische-keramik\/keramik-schussel\/schale-10cm-breezy\" aria-label=\"Schale 10cm BREEZY\">\n\t\t\t\t\t\t\t\t\t\t<img loading=\"lazy\" decoding=\"async\" width=\"700\" height=\"700\" src=\"https:\/\/www.companhiaatlantica.pt\/wp-content\/uploads\/2021\/01\/130-307-1-700x700.jpg\" class=\"show-on-hover absolute fill hide-for-small back-image\" alt=\"Alternative view of Schale 10cm BREEZY\" aria-hidden=\"true\" srcset=\"https:\/\/www.companhiaatlantica.pt\/wp-content\/uploads\/2021\/01\/130-307-1-700x700.jpg 700w, https:\/\/www.companhiaatlantica.pt\/wp-content\/uploads\/2021\/01\/130-307-1-100x100.jpg 100w, https:\/\/www.companhiaatlantica.pt\/wp-content\/uploads\/2021\/01\/130-307-1-900x900.jpg 900w, https:\/\/www.companhiaatlantica.pt\/wp-content\/uploads\/2021\/01\/130-307-1-300x300.jpg 300w, https:\/\/www.companhiaatlantica.pt\/wp-content\/uploads\/2021\/01\/130-307-1-150x150.jpg 150w, https:\/\/www.companhiaatlantica.pt\/wp-content\/uploads\/2021\/01\/130-307-1-768x768.jpg 768w, https:\/\/www.companhiaatlantica.pt\/wp-content\/uploads\/2021\/01\/130-307-1-600x600.jpg 600w, https:\/\/www.companhiaatlantica.pt\/wp-content\/uploads\/2021\/01\/130-307-1.jpg 1000w\" sizes=\"auto, (max-width: 700px) 100vw, 700px\" title=\"\"><img loading=\"lazy\" decoding=\"async\" width=\"600\" height=\"600\" src=\"https:\/\/www.companhiaatlantica.pt\/wp-content\/uploads\/2020\/05\/IMG_0500.jpg\" class=\"attachment-woocommerce_thumbnail size-woocommerce_thumbnail\" alt=\"Schale 10cm BREEZY\" srcset=\"https:\/\/www.companhiaatlantica.pt\/wp-content\/uploads\/2020\/05\/IMG_0500.jpg 600w, https:\/\/www.companhiaatlantica.pt\/wp-content\/uploads\/2020\/05\/IMG_0500-100x100.jpg 100w\" sizes=\"auto, (max-width: 600px) 100vw, 600px\" title=\"\">\t\t\t\t\t\t\t\t\t<\/a>\n\t\t\t\t\t\t\t\t\t\t\t\t\t\t\t\t\t\t \t\t\t\t\t\t\t\t<\/div>\n\t\t\t\t\t\t\t\t<div class=\"image-tools top right show-on-hover\">\n\t\t\t\t\t\t\t\t\t\t\t<div class=\"wishlist-icon\">\n\t\t\t<button class=\"wishlist-button button is-outline circle icon\" aria-label=\"Wunschliste\">\n\t\t\t\t<i class=\"icon-heart\" aria-hidden=\"true\"><\/i>\t\t\t<\/button>\n\t\t\t<div class=\"wishlist-popup dark\">\n\t\t\t\t\n<div\n\tclass=\"yith-wcwl-add-to-wishlist add-to-wishlist-41752 yith-wcwl-add-to-wishlist--button_default-style wishlist-fragment on-first-load\"\n\tdata-fragment-ref=\"41752\"\n\tdata-fragment-options=\"{&quot;base_url&quot;:&quot;&quot;,&quot;product_id&quot;:41752,&quot;parent_product_id&quot;:0,&quot;product_type&quot;:&quot;variable&quot;,&quot;is_single&quot;:false,&quot;in_default_wishlist&quot;:false,&quot;show_view&quot;:false,&quot;browse_wishlist_text&quot;:&quot;Siehe Ihre Wunschliste!&quot;,&quot;already_in_wishslist_text&quot;:&quot;Dieses Produkt steht bereits auf Ihrem Wunschzettel!&quot;,&quot;product_added_text&quot;:&quot;Produto adicionado!&quot;,&quot;available_multi_wishlist&quot;:false,&quot;disable_wishlist&quot;:false,&quot;show_count&quot;:false,&quot;ajax_loading&quot;:false,&quot;loop_position&quot;:&quot;after_add_to_cart&quot;,&quot;item&quot;:&quot;add_to_wishlist&quot;}\"\n>\n\t\t\t\n\t\t\t<!-- ADD TO WISHLIST -->\n\t\t\t\n<div class=\"yith-wcwl-add-button\">\n\t\t<a\n\t\thref=\"?add_to_wishlist=41752&#038;_wpnonce=52d31225f0\"\n\t\tclass=\"add_to_wishlist single_add_to_wishlist alt button theme-button-style \"\n\t\tdata-product-id=\"41752\"\n\t\tdata-product-type=\"variable\"\n\t\tdata-original-product-id=\"0\"\n\t\tdata-title=\"Zu meiner Wunschliste hinzuf\u00fcgen\"\n\t\trel=\"nofollow\"\n\t>\n\t\t<svg id=\"yith-wcwl-icon-heart-outline\" class=\"yith-wcwl-icon-svg\" fill=\"none\" stroke-width=\"1.5\" stroke=\"currentColor\" viewBox=\"0 0 24 24\" xmlns=\"http:\/\/www.w3.org\/2000\/svg\">\n  <path stroke-linecap=\"round\" stroke-linejoin=\"round\" d=\"M21 8.25c0-2.485-2.099-4.5-4.688-4.5-1.935 0-3.597 1.126-4.312 2.733-.715-1.607-2.377-2.733-4.313-2.733C5.1 3.75 3 5.765 3 8.25c0 7.22 9 12 9 12s9-4.78 9-12Z\"><\/path>\n<\/svg>\t\t<span>Zu meiner Wunschliste hinzuf\u00fcgen<\/span>\n\t<\/a>\n<\/div>\n\n\t\t\t<!-- COUNT TEXT -->\n\t\t\t\n\t\t\t<\/div>\n\t\t\t<\/div>\n\t\t<\/div>\n\t\t\t\t\t\t\t\t\t\t<\/div>\n\t\t\t\t\t\t\t\t\t\t\t\t\t\t\t\t\t<div class=\"image-tools grid-tools text-center hide-for-small bottom hover-slide-in show-on-hover\">\n\t\t\t\t\t\t\t\t\t\t\t\t\t\t\t\t\t\t\t<\/div>\n\t\t\t\t\t\t\t\t\t\t\t\t\t\t\t\t\t\t\t\t\t\t\t<\/div>\n\n\t\t\t\t\t\t\t<div class=\"box-text text-center\" >\n\t\t\t\t\t\t\t\t<div class=\"title-wrapper\"><p class=\"name product-title woocommerce-loop-product__title\"><a href=\"https:\/\/www.companhiaatlantica.pt\/de\/produto\/portugiesische-keramik\/keramik-schussel\/schale-10cm-breezy\" class=\"woocommerce-LoopProduct-link woocommerce-loop-product__link\">Schale 10cm BREEZY<\/a><\/p><\/div><div class=\"price-wrapper\">\n\t<span class=\"price\"><span class=\"woocommerce-Price-amount amount\" aria-hidden=\"true\"><bdi>10.25<span class=\"woocommerce-Price-currencySymbol\">&euro;<\/span><\/bdi><\/span> <span aria-hidden=\"true\"> \u2013 <\/span> <span class=\"woocommerce-Price-amount amount\" aria-hidden=\"true\"><bdi>10.90<span class=\"woocommerce-Price-currencySymbol\">&euro;<\/span><\/bdi><\/span><span class=\"screen-reader-text\">Preisspanne: 10.25&euro; bis 10.90&euro;<\/span><\/span>\n<\/div><div class=\"add-to-cart-button\"><a href=\"https:\/\/www.companhiaatlantica.pt\/de\/produto\/portugiesische-keramik\/keramik-schussel\/schale-10cm-breezy\" aria-describedby=\"woocommerce_loop_add_to_cart_link_describedby_41752\" data-quantity=\"1\" class=\"primary is-small mb-0 button product_type_variable add_to_cart_button is-outline\" data-product_id=\"41752\" data-product_sku=\"\" aria-label=\"W\u00e4hle Optionen f\u00fcr \u201eSchale 10cm BREEZY\u201c\" rel=\"nofollow\" data-product_name=\"Schale 10cm BREEZY\" data-product_image=\"https:\/\/www.companhiaatlantica.pt\/wp-content\/uploads\/2020\/05\/IMG_0500.jpg\">Ausf\u00fchrung w\u00e4hlen<\/a><\/div>\t<span id=\"woocommerce_loop_add_to_cart_link_describedby_41752\" class=\"screen-reader-text\">\n\t\tDieses Produkt weist mehrere Varianten auf. Die Optionen k\u00f6nnen auf der Produktseite gew\u00e4hlt werden\t<\/span>\n\t\t\t\t\t\t\t<\/div>\n\t\t\t\t\t\t<\/div>\n\t\t\t\t\t\t<\/div>\n\t\t\t\t\t<\/div><div class=\"col\" >\n\t\t\t\t\t\t<div class=\"col-inner\">\n\t\t\t\t\t\t\n<div class=\"badge-container absolute left top z-1\">\n<div class=\"badge callout badge-circle\">\r\n  \t\t\t<div class=\"badge-inner secondary on-sale\">\r\n  \t\t\t\t<span class=\"onsale\">-20%<\/span>\r\n\t\t\t<\/div>\r\n\t\t<\/div>\r\n\t\t<div class=\"badge callout badge-circle\">\r\n\t\t\t<div class=\"badge-inner callout-new-bg is-small new-bubble\"><\/div>\r\n\t\t<\/div>\n<\/div>\n\t\t\t\t\t\t<div class=\"product-small box has-hover box-push box-text-bottom\">\n\t\t\t\t\t\t\t<div class=\"box-image\" >\n\t\t\t\t\t\t\t\t<div class=\"\" >\n\t\t\t\t\t\t\t\t\t<a href=\"https:\/\/www.companhiaatlantica.pt\/de\/produto\/portugiesische-keramik\/keramik-schussel\/schuessel-18cm-breezy\" aria-label=\"Sch\u00fcssel 18cm BREEZY\">\n\t\t\t\t\t\t\t\t\t\t<img loading=\"lazy\" decoding=\"async\" width=\"700\" height=\"700\" src=\"https:\/\/www.companhiaatlantica.pt\/wp-content\/uploads\/2020\/06\/130-305-700x700.jpg\" class=\"show-on-hover absolute fill hide-for-small back-image\" alt=\"Alternative view of Sch\u00fcssel 18cm BREEZY\" aria-hidden=\"true\" srcset=\"https:\/\/www.companhiaatlantica.pt\/wp-content\/uploads\/2020\/06\/130-305-700x700.jpg 700w, https:\/\/www.companhiaatlantica.pt\/wp-content\/uploads\/2020\/06\/130-305-100x100.jpg 100w, https:\/\/www.companhiaatlantica.pt\/wp-content\/uploads\/2020\/06\/130-305-900x900.jpg 900w, https:\/\/www.companhiaatlantica.pt\/wp-content\/uploads\/2020\/06\/130-305-300x300.jpg 300w, https:\/\/www.companhiaatlantica.pt\/wp-content\/uploads\/2020\/06\/130-305-150x150.jpg 150w, https:\/\/www.companhiaatlantica.pt\/wp-content\/uploads\/2020\/06\/130-305-768x768.jpg 768w, https:\/\/www.companhiaatlantica.pt\/wp-content\/uploads\/2020\/06\/130-305-600x600.jpg 600w, https:\/\/www.companhiaatlantica.pt\/wp-content\/uploads\/2020\/06\/130-305.jpg 1000w\" sizes=\"auto, (max-width: 700px) 100vw, 700px\" title=\"\"><img loading=\"lazy\" decoding=\"async\" width=\"700\" height=\"700\" src=\"https:\/\/www.companhiaatlantica.pt\/wp-content\/uploads\/2021\/02\/130-127-1_a-700x700.jpg\" class=\"attachment-woocommerce_thumbnail size-woocommerce_thumbnail\" alt=\"Sch\u00fcssel 18cm BREEZY\" srcset=\"https:\/\/www.companhiaatlantica.pt\/wp-content\/uploads\/2021\/02\/130-127-1_a-700x700.jpg 700w, https:\/\/www.companhiaatlantica.pt\/wp-content\/uploads\/2021\/02\/130-127-1_a-100x100.jpg 100w, https:\/\/www.companhiaatlantica.pt\/wp-content\/uploads\/2021\/02\/130-127-1_a-900x900.jpg 900w, https:\/\/www.companhiaatlantica.pt\/wp-content\/uploads\/2021\/02\/130-127-1_a-300x300.jpg 300w, https:\/\/www.companhiaatlantica.pt\/wp-content\/uploads\/2021\/02\/130-127-1_a-150x150.jpg 150w, https:\/\/www.companhiaatlantica.pt\/wp-content\/uploads\/2021\/02\/130-127-1_a-768x768.jpg 768w, https:\/\/www.companhiaatlantica.pt\/wp-content\/uploads\/2021\/02\/130-127-1_a-600x600.jpg 600w, https:\/\/www.companhiaatlantica.pt\/wp-content\/uploads\/2021\/02\/130-127-1_a.jpg 1000w\" sizes=\"auto, (max-width: 700px) 100vw, 700px\" title=\"\">\t\t\t\t\t\t\t\t\t<\/a>\n\t\t\t\t\t\t\t\t\t\t\t\t\t\t\t\t\t\t \t\t\t\t\t\t\t\t<\/div>\n\t\t\t\t\t\t\t\t<div class=\"image-tools top right show-on-hover\">\n\t\t\t\t\t\t\t\t\t\t\t<div class=\"wishlist-icon\">\n\t\t\t<button class=\"wishlist-button button is-outline circle icon\" aria-label=\"Wunschliste\">\n\t\t\t\t<i class=\"icon-heart\" aria-hidden=\"true\"><\/i>\t\t\t<\/button>\n\t\t\t<div class=\"wishlist-popup dark\">\n\t\t\t\t\n<div\n\tclass=\"yith-wcwl-add-to-wishlist add-to-wishlist-42234 yith-wcwl-add-to-wishlist--button_default-style wishlist-fragment on-first-load\"\n\tdata-fragment-ref=\"42234\"\n\tdata-fragment-options=\"{&quot;base_url&quot;:&quot;&quot;,&quot;product_id&quot;:42234,&quot;parent_product_id&quot;:0,&quot;product_type&quot;:&quot;variable&quot;,&quot;is_single&quot;:false,&quot;in_default_wishlist&quot;:false,&quot;show_view&quot;:false,&quot;browse_wishlist_text&quot;:&quot;Siehe Ihre Wunschliste!&quot;,&quot;already_in_wishslist_text&quot;:&quot;Dieses Produkt steht bereits auf Ihrem Wunschzettel!&quot;,&quot;product_added_text&quot;:&quot;Produto adicionado!&quot;,&quot;available_multi_wishlist&quot;:false,&quot;disable_wishlist&quot;:false,&quot;show_count&quot;:false,&quot;ajax_loading&quot;:false,&quot;loop_position&quot;:&quot;after_add_to_cart&quot;,&quot;item&quot;:&quot;add_to_wishlist&quot;}\"\n>\n\t\t\t\n\t\t\t<!-- ADD TO WISHLIST -->\n\t\t\t\n<div class=\"yith-wcwl-add-button\">\n\t\t<a\n\t\thref=\"?add_to_wishlist=42234&#038;_wpnonce=52d31225f0\"\n\t\tclass=\"add_to_wishlist single_add_to_wishlist alt button theme-button-style \"\n\t\tdata-product-id=\"42234\"\n\t\tdata-product-type=\"variable\"\n\t\tdata-original-product-id=\"0\"\n\t\tdata-title=\"Zu meiner Wunschliste hinzuf\u00fcgen\"\n\t\trel=\"nofollow\"\n\t>\n\t\t<svg id=\"yith-wcwl-icon-heart-outline\" class=\"yith-wcwl-icon-svg\" fill=\"none\" stroke-width=\"1.5\" stroke=\"currentColor\" viewBox=\"0 0 24 24\" xmlns=\"http:\/\/www.w3.org\/2000\/svg\">\n  <path stroke-linecap=\"round\" stroke-linejoin=\"round\" d=\"M21 8.25c0-2.485-2.099-4.5-4.688-4.5-1.935 0-3.597 1.126-4.312 2.733-.715-1.607-2.377-2.733-4.313-2.733C5.1 3.75 3 5.765 3 8.25c0 7.22 9 12 9 12s9-4.78 9-12Z\"><\/path>\n<\/svg>\t\t<span>Zu meiner Wunschliste hinzuf\u00fcgen<\/span>\n\t<\/a>\n<\/div>\n\n\t\t\t<!-- COUNT TEXT -->\n\t\t\t\n\t\t\t<\/div>\n\t\t\t<\/div>\n\t\t<\/div>\n\t\t\t\t\t\t\t\t\t\t<\/div>\n\t\t\t\t\t\t\t\t\t\t\t\t\t\t\t\t\t<div class=\"image-tools grid-tools text-center hide-for-small bottom hover-slide-in show-on-hover\">\n\t\t\t\t\t\t\t\t\t\t\t\t\t\t\t\t\t\t\t<\/div>\n\t\t\t\t\t\t\t\t\t\t\t\t\t\t\t\t\t\t\t\t\t\t\t<\/div>\n\n\t\t\t\t\t\t\t<div class=\"box-text text-center\" >\n\t\t\t\t\t\t\t\t<span class=\"featured-badge\"><img decoding=\"async\" src=\"https:\/\/cdn.companhiaatlantica.pt\/wp-content\/themes\/flatsome-child\/src\/img\/ar-icon-2.jpg\" alt=\"AR Icon\" class=\"ar-icon\" title=\"\"><\/span><div class=\"title-wrapper\"><p class=\"name product-title woocommerce-loop-product__title\"><a href=\"https:\/\/www.companhiaatlantica.pt\/de\/produto\/portugiesische-keramik\/keramik-schussel\/schuessel-18cm-breezy\" class=\"woocommerce-LoopProduct-link woocommerce-loop-product__link\">Sch\u00fcssel 18cm BREEZY<\/a><\/p><\/div><div class=\"price-wrapper\">\n\t<span class=\"price\"><span class=\"woocommerce-Price-amount amount\" aria-hidden=\"true\"><bdi>14.40<span class=\"woocommerce-Price-currencySymbol\">&euro;<\/span><\/bdi><\/span> <span aria-hidden=\"true\"> \u2013 <\/span> <span class=\"woocommerce-Price-amount amount\" aria-hidden=\"true\"><bdi>18.90<span class=\"woocommerce-Price-currencySymbol\">&euro;<\/span><\/bdi><\/span><span class=\"screen-reader-text\">Preisspanne: 14.40&euro; bis 18.90&euro;<\/span><\/span>\n<\/div>\t<span id=\"woocommerce_loop_add_to_cart_link_describedby_42234\" class=\"screen-reader-text\">\n\t\tDieses Produkt weist mehrere Varianten auf. Die Optionen k\u00f6nnen auf der Produktseite gew\u00e4hlt werden\t<\/span>\n\t\t\t\t\t\t\t<\/div>\n\t\t\t\t\t\t<\/div>\n\t\t\t\t\t\t<\/div>\n\t\t\t\t\t<\/div><\/div>\n\t<div id=\"gap-1005000009\" class=\"gap-element clearfix\" style=\"display:block; height:auto;\">\n\t\t\n<style>\n#gap-1005000009 {\n  padding-top: 30px;\n}\n<\/style>\n\t<\/div>\n\t\n<div class=\"container section-title-container\" ><h3 class=\"section-title section-title-center\"><b aria-hidden=\"true\"><\/b><span class=\"section-title-main\" ><i class=\"icon-heart-o\" aria-hidden=\"true\"><\/i>F\u00dcR KAFFEEGENUSS<\/span><b aria-hidden=\"true\"><\/b><\/h3><\/div>\n\t\n  \n    <div class=\"row large-columns-4 medium-columns-3 small-columns-2 row-xsmall row-full-width slider row-slider slider-nav-reveal\"  data-flickity-options='{&quot;imagesLoaded&quot;: true, &quot;groupCells&quot;: &quot;100%&quot;, &quot;dragThreshold&quot; : 5, &quot;cellAlign&quot;: &quot;left&quot;,&quot;wrapAround&quot;: true,&quot;prevNextButtons&quot;: true,&quot;percentPosition&quot;: true,&quot;pageDots&quot;: false, &quot;rightToLeft&quot;: false, &quot;autoPlay&quot; : 3000}' >\n\n  \n\t     <div class=\"col\" >\n\t\t\t\t\t\t<div class=\"col-inner\">\n\t\t\t\t\t\t\n<div class=\"badge-container absolute left top z-1\">\n<div class=\"badge callout badge-circle\">\r\n  \t\t\t<div class=\"badge-inner secondary on-sale\">\r\n  \t\t\t\t<span class=\"onsale\">-30%<\/span>\r\n\t\t\t<\/div>\r\n\t\t<\/div>\r\n\t\t<div class=\"badge callout badge-circle\">\r\n\t\t\t<div class=\"badge-inner callout-new-bg is-small new-bubble\">5 pcs<\/div>\r\n\t\t<\/div>\n<div class=\"badge callout badge-circle\"><div class=\"badge-inner callout-new-bg is-small new-bubble\">5 pcs<\/div><\/div><\/div>\n\t\t\t\t\t\t<div class=\"product-small box has-hover box-push box-text-bottom\">\n\t\t\t\t\t\t\t<div class=\"box-image\" >\n\t\t\t\t\t\t\t\t<div class=\"\" >\n\t\t\t\t\t\t\t\t\t<a href=\"https:\/\/www.companhiaatlantica.pt\/de\/produto\/portugiesische-keramik\/keramik-kaffeetassen\/kaffeeservice-plantoir-5-teilig\" aria-label=\"Kaffeeservice PLANTOIR - 5-teilig\">\n\t\t\t\t\t\t\t\t\t\t<img loading=\"lazy\" decoding=\"async\" width=\"600\" height=\"600\" src=\"https:\/\/www.companhiaatlantica.pt\/wp-content\/uploads\/2020\/06\/IMG_0725.jpg\" class=\"show-on-hover absolute fill hide-for-small back-image\" alt=\"Alternative view of Kaffeeservice PLANTOIR - 5-teilig\" aria-hidden=\"true\" srcset=\"https:\/\/www.companhiaatlantica.pt\/wp-content\/uploads\/2020\/06\/IMG_0725.jpg 600w, https:\/\/www.companhiaatlantica.pt\/wp-content\/uploads\/2020\/06\/IMG_0725-100x100.jpg 100w\" sizes=\"auto, (max-width: 600px) 100vw, 600px\" title=\"\"><img loading=\"lazy\" decoding=\"async\" width=\"600\" height=\"600\" src=\"https:\/\/www.companhiaatlantica.pt\/wp-content\/uploads\/2020\/06\/IMG_0731-2.jpg\" class=\"attachment-woocommerce_thumbnail size-woocommerce_thumbnail\" alt=\"Kaffeeservice PLANTOIR - 5-teilig\" srcset=\"https:\/\/www.companhiaatlantica.pt\/wp-content\/uploads\/2020\/06\/IMG_0731-2.jpg 600w, https:\/\/www.companhiaatlantica.pt\/wp-content\/uploads\/2020\/06\/IMG_0731-2-100x100.jpg 100w\" sizes=\"auto, (max-width: 600px) 100vw, 600px\" title=\"\">\t\t\t\t\t\t\t\t\t<\/a>\n\t\t\t\t\t\t\t\t\t\t\t\t\t\t\t\t\t\t \t\t\t\t\t\t\t\t<\/div>\n\t\t\t\t\t\t\t\t<div class=\"image-tools top right show-on-hover\">\n\t\t\t\t\t\t\t\t\t\t\t<div class=\"wishlist-icon\">\n\t\t\t<button class=\"wishlist-button button is-outline circle icon\" aria-label=\"Wunschliste\">\n\t\t\t\t<i class=\"icon-heart\" aria-hidden=\"true\"><\/i>\t\t\t<\/button>\n\t\t\t<div class=\"wishlist-popup dark\">\n\t\t\t\t\n<div\n\tclass=\"yith-wcwl-add-to-wishlist add-to-wishlist-41996 yith-wcwl-add-to-wishlist--button_default-style wishlist-fragment on-first-load\"\n\tdata-fragment-ref=\"41996\"\n\tdata-fragment-options=\"{&quot;base_url&quot;:&quot;&quot;,&quot;product_id&quot;:41996,&quot;parent_product_id&quot;:0,&quot;product_type&quot;:&quot;simple&quot;,&quot;is_single&quot;:false,&quot;in_default_wishlist&quot;:false,&quot;show_view&quot;:false,&quot;browse_wishlist_text&quot;:&quot;Siehe Ihre Wunschliste!&quot;,&quot;already_in_wishslist_text&quot;:&quot;Dieses Produkt steht bereits auf Ihrem Wunschzettel!&quot;,&quot;product_added_text&quot;:&quot;Produto adicionado!&quot;,&quot;available_multi_wishlist&quot;:false,&quot;disable_wishlist&quot;:false,&quot;show_count&quot;:false,&quot;ajax_loading&quot;:false,&quot;loop_position&quot;:&quot;after_add_to_cart&quot;,&quot;item&quot;:&quot;add_to_wishlist&quot;}\"\n>\n\t\t\t\n\t\t\t<!-- ADD TO WISHLIST -->\n\t\t\t\n<div class=\"yith-wcwl-add-button\">\n\t\t<a\n\t\thref=\"?add_to_wishlist=41996&#038;_wpnonce=52d31225f0\"\n\t\tclass=\"add_to_wishlist single_add_to_wishlist alt button theme-button-style \"\n\t\tdata-product-id=\"41996\"\n\t\tdata-product-type=\"simple\"\n\t\tdata-original-product-id=\"0\"\n\t\tdata-title=\"Zu meiner Wunschliste hinzuf\u00fcgen\"\n\t\trel=\"nofollow\"\n\t>\n\t\t<svg id=\"yith-wcwl-icon-heart-outline\" class=\"yith-wcwl-icon-svg\" fill=\"none\" stroke-width=\"1.5\" stroke=\"currentColor\" viewBox=\"0 0 24 24\" xmlns=\"http:\/\/www.w3.org\/2000\/svg\">\n  <path stroke-linecap=\"round\" stroke-linejoin=\"round\" d=\"M21 8.25c0-2.485-2.099-4.5-4.688-4.5-1.935 0-3.597 1.126-4.312 2.733-.715-1.607-2.377-2.733-4.313-2.733C5.1 3.75 3 5.765 3 8.25c0 7.22 9 12 9 12s9-4.78 9-12Z\"><\/path>\n<\/svg>\t\t<span>Zu meiner Wunschliste hinzuf\u00fcgen<\/span>\n\t<\/a>\n<\/div>\n\n\t\t\t<!-- COUNT TEXT -->\n\t\t\t\n\t\t\t<\/div>\n\t\t\t<\/div>\n\t\t<\/div>\n\t\t\t\t\t\t\t\t\t\t<\/div>\n\t\t\t\t\t\t\t\t\t\t\t\t\t\t\t\t\t<div class=\"image-tools grid-tools text-center hide-for-small bottom hover-slide-in show-on-hover\">\n\t\t\t\t\t\t\t\t\t\t\t\t\t\t\t\t\t\t\t<\/div>\n\t\t\t\t\t\t\t\t\t\t\t\t\t\t\t\t\t\t\t\t\t\t\t<\/div>\n\n\t\t\t\t\t\t\t<div class=\"box-text text-center\" >\n\t\t\t\t\t\t\t\t<div class=\"title-wrapper\"><p class=\"name product-title woocommerce-loop-product__title\"><a href=\"https:\/\/www.companhiaatlantica.pt\/de\/produto\/portugiesische-keramik\/keramik-kaffeetassen\/kaffeeservice-plantoir-5-teilig\" class=\"woocommerce-LoopProduct-link woocommerce-loop-product__link\">Kaffeeservice PLANTOIR &#8211; 5-teilig<\/a><\/p><\/div><div class=\"price-wrapper\">\n\t<span class=\"price\"><del aria-hidden=\"true\"><span class=\"woocommerce-Price-amount amount\"><bdi>71.00<span class=\"woocommerce-Price-currencySymbol\">&euro;<\/span><\/bdi><\/span><\/del> <span class=\"screen-reader-text\">Urspr\u00fcnglicher Preis war: 71.00&euro;<\/span><ins aria-hidden=\"true\"><span class=\"woocommerce-Price-amount amount\"><bdi>49.70<span class=\"woocommerce-Price-currencySymbol\">&euro;<\/span><\/bdi><\/span><\/ins><span class=\"screen-reader-text\">Aktueller Preis ist: 49.70&euro;.<\/span><\/span>\n<\/div>\t<span id=\"woocommerce_loop_add_to_cart_link_describedby_41996\" class=\"screen-reader-text\">\n\t\t\t<\/span>\n\t\t\t\t\t\t\t<\/div>\n\t\t\t\t\t\t<\/div>\n\t\t\t\t\t\t<\/div>\n\t\t\t\t\t<\/div><div class=\"col\" >\n\t\t\t\t\t\t<div class=\"col-inner\">\n\t\t\t\t\t\t\n<div class=\"badge-container absolute left top z-1\">\n<div class=\"badge callout badge-circle\">\r\n  \t\t\t<div class=\"badge-inner secondary on-sale\">\r\n  \t\t\t\t<span class=\"onsale\">-30%<\/span>\r\n\t\t\t<\/div>\r\n\t\t<\/div>\r\n\t\t<div class=\"badge callout badge-circle\">\r\n\t\t\t<div class=\"badge-inner callout-new-bg is-small new-bubble\">6 pcs<\/div>\r\n\t\t<\/div>\n<div class=\"badge callout badge-circle\"><div class=\"badge-inner callout-new-bg is-small new-bubble\">6 pcs<\/div><\/div><\/div>\n\t\t\t\t\t\t<div class=\"product-small box has-hover box-push box-text-bottom\">\n\t\t\t\t\t\t\t<div class=\"box-image\" >\n\t\t\t\t\t\t\t\t<div class=\"\" >\n\t\t\t\t\t\t\t\t\t<a href=\"https:\/\/www.companhiaatlantica.pt\/de\/produto\/portugiesische-keramik\/keramik-kaffeetassen\/plantoir-fruehstuecksset-6-teile\" aria-label=\"PLANTOIR Fr\u00fchst\u00fccksset - 6 Teile\">\n\t\t\t\t\t\t\t\t\t\t<img loading=\"lazy\" decoding=\"async\" width=\"600\" height=\"600\" src=\"https:\/\/www.companhiaatlantica.pt\/wp-content\/uploads\/2020\/06\/IMG_0737.jpg\" class=\"show-on-hover absolute fill hide-for-small back-image\" alt=\"Alternative view of PLANTOIR Fr\u00fchst\u00fccksset - 6 Teile\" aria-hidden=\"true\" srcset=\"https:\/\/www.companhiaatlantica.pt\/wp-content\/uploads\/2020\/06\/IMG_0737.jpg 600w, https:\/\/www.companhiaatlantica.pt\/wp-content\/uploads\/2020\/06\/IMG_0737-100x100.jpg 100w\" sizes=\"auto, (max-width: 600px) 100vw, 600px\" title=\"\"><img loading=\"lazy\" decoding=\"async\" width=\"600\" height=\"600\" src=\"https:\/\/www.companhiaatlantica.pt\/wp-content\/uploads\/2020\/06\/IMG_0738.jpg\" class=\"attachment-woocommerce_thumbnail size-woocommerce_thumbnail\" alt=\"PLANTOIR Fr\u00fchst\u00fccksset - 6 Teile\" srcset=\"https:\/\/www.companhiaatlantica.pt\/wp-content\/uploads\/2020\/06\/IMG_0738.jpg 600w, https:\/\/www.companhiaatlantica.pt\/wp-content\/uploads\/2020\/06\/IMG_0738-100x100.jpg 100w\" sizes=\"auto, (max-width: 600px) 100vw, 600px\" title=\"\">\t\t\t\t\t\t\t\t\t<\/a>\n\t\t\t\t\t\t\t\t\t\t\t\t\t\t\t\t\t\t \t\t\t\t\t\t\t\t<\/div>\n\t\t\t\t\t\t\t\t<div class=\"image-tools top right show-on-hover\">\n\t\t\t\t\t\t\t\t\t\t\t<div class=\"wishlist-icon\">\n\t\t\t<button class=\"wishlist-button button is-outline circle icon\" aria-label=\"Wunschliste\">\n\t\t\t\t<i class=\"icon-heart\" aria-hidden=\"true\"><\/i>\t\t\t<\/button>\n\t\t\t<div class=\"wishlist-popup dark\">\n\t\t\t\t\n<div\n\tclass=\"yith-wcwl-add-to-wishlist add-to-wishlist-41975 yith-wcwl-add-to-wishlist--button_default-style wishlist-fragment on-first-load\"\n\tdata-fragment-ref=\"41975\"\n\tdata-fragment-options=\"{&quot;base_url&quot;:&quot;&quot;,&quot;product_id&quot;:41975,&quot;parent_product_id&quot;:0,&quot;product_type&quot;:&quot;simple&quot;,&quot;is_single&quot;:false,&quot;in_default_wishlist&quot;:false,&quot;show_view&quot;:false,&quot;browse_wishlist_text&quot;:&quot;Siehe Ihre Wunschliste!&quot;,&quot;already_in_wishslist_text&quot;:&quot;Dieses Produkt steht bereits auf Ihrem Wunschzettel!&quot;,&quot;product_added_text&quot;:&quot;Produto adicionado!&quot;,&quot;available_multi_wishlist&quot;:false,&quot;disable_wishlist&quot;:false,&quot;show_count&quot;:false,&quot;ajax_loading&quot;:false,&quot;loop_position&quot;:&quot;after_add_to_cart&quot;,&quot;item&quot;:&quot;add_to_wishlist&quot;}\"\n>\n\t\t\t\n\t\t\t<!-- ADD TO WISHLIST -->\n\t\t\t\n<div class=\"yith-wcwl-add-button\">\n\t\t<a\n\t\thref=\"?add_to_wishlist=41975&#038;_wpnonce=52d31225f0\"\n\t\tclass=\"add_to_wishlist single_add_to_wishlist alt button theme-button-style \"\n\t\tdata-product-id=\"41975\"\n\t\tdata-product-type=\"simple\"\n\t\tdata-original-product-id=\"0\"\n\t\tdata-title=\"Zu meiner Wunschliste hinzuf\u00fcgen\"\n\t\trel=\"nofollow\"\n\t>\n\t\t<svg id=\"yith-wcwl-icon-heart-outline\" class=\"yith-wcwl-icon-svg\" fill=\"none\" stroke-width=\"1.5\" stroke=\"currentColor\" viewBox=\"0 0 24 24\" xmlns=\"http:\/\/www.w3.org\/2000\/svg\">\n  <path stroke-linecap=\"round\" stroke-linejoin=\"round\" d=\"M21 8.25c0-2.485-2.099-4.5-4.688-4.5-1.935 0-3.597 1.126-4.312 2.733-.715-1.607-2.377-2.733-4.313-2.733C5.1 3.75 3 5.765 3 8.25c0 7.22 9 12 9 12s9-4.78 9-12Z\"><\/path>\n<\/svg>\t\t<span>Zu meiner Wunschliste hinzuf\u00fcgen<\/span>\n\t<\/a>\n<\/div>\n\n\t\t\t<!-- COUNT TEXT -->\n\t\t\t\n\t\t\t<\/div>\n\t\t\t<\/div>\n\t\t<\/div>\n\t\t\t\t\t\t\t\t\t\t<\/div>\n\t\t\t\t\t\t\t\t\t\t\t\t\t\t\t\t\t<div class=\"image-tools grid-tools text-center hide-for-small bottom hover-slide-in show-on-hover\">\n\t\t\t\t\t\t\t\t\t\t\t\t\t\t\t\t\t\t\t<\/div>\n\t\t\t\t\t\t\t\t\t\t\t\t\t\t\t\t\t\t\t\t\t\t\t<\/div>\n\n\t\t\t\t\t\t\t<div class=\"box-text text-center\" >\n\t\t\t\t\t\t\t\t<div class=\"title-wrapper\"><p class=\"name product-title woocommerce-loop-product__title\"><a href=\"https:\/\/www.companhiaatlantica.pt\/de\/produto\/portugiesische-keramik\/keramik-kaffeetassen\/plantoir-fruehstuecksset-6-teile\" class=\"woocommerce-LoopProduct-link woocommerce-loop-product__link\">PLANTOIR Fr\u00fchst\u00fccksset &#8211; 6 Teile<\/a><\/p><\/div><div class=\"price-wrapper\">\n\t<span class=\"price\"><del aria-hidden=\"true\"><span class=\"woocommerce-Price-amount amount\"><bdi>78.00<span class=\"woocommerce-Price-currencySymbol\">&euro;<\/span><\/bdi><\/span><\/del> <span class=\"screen-reader-text\">Urspr\u00fcnglicher Preis war: 78.00&euro;<\/span><ins aria-hidden=\"true\"><span class=\"woocommerce-Price-amount amount\"><bdi>54.60<span class=\"woocommerce-Price-currencySymbol\">&euro;<\/span><\/bdi><\/span><\/ins><span class=\"screen-reader-text\">Aktueller Preis ist: 54.60&euro;.<\/span><\/span>\n<\/div>\t<span id=\"woocommerce_loop_add_to_cart_link_describedby_41975\" class=\"screen-reader-text\">\n\t\t\t<\/span>\n\t\t\t\t\t\t\t<\/div>\n\t\t\t\t\t\t<\/div>\n\t\t\t\t\t\t<\/div>\n\t\t\t\t\t<\/div><div class=\"col\" >\n\t\t\t\t\t\t<div class=\"col-inner\">\n\t\t\t\t\t\t\n<div class=\"badge-container absolute left top z-1\">\n\n<\/div>\n\t\t\t\t\t\t<div class=\"product-small box has-hover box-push box-text-bottom\">\n\t\t\t\t\t\t\t<div class=\"box-image\" >\n\t\t\t\t\t\t\t\t<div class=\"\" >\n\t\t\t\t\t\t\t\t\t<a href=\"https:\/\/www.companhiaatlantica.pt\/de\/produto\/portugiesische-keramik\/keramik-kaffeetassen\/plantoir-espressotasse-und-untertasse\" aria-label=\"PLANTOIR Espressotasse und Untertasse\">\n\t\t\t\t\t\t\t\t\t\t<img loading=\"lazy\" decoding=\"async\" width=\"600\" height=\"600\" src=\"https:\/\/www.companhiaatlantica.pt\/wp-content\/uploads\/2020\/06\/IMG_0757.jpg\" class=\"show-on-hover absolute fill hide-for-small back-image\" alt=\"Alternative view of PLANTOIR Espressotasse und Untertasse\" aria-hidden=\"true\" srcset=\"https:\/\/www.companhiaatlantica.pt\/wp-content\/uploads\/2020\/06\/IMG_0757.jpg 600w, https:\/\/www.companhiaatlantica.pt\/wp-content\/uploads\/2020\/06\/IMG_0757-100x100.jpg 100w\" sizes=\"auto, (max-width: 600px) 100vw, 600px\" title=\"\"><img loading=\"lazy\" decoding=\"async\" width=\"600\" height=\"600\" src=\"https:\/\/www.companhiaatlantica.pt\/wp-content\/uploads\/2019\/09\/130-463.jpg\" class=\"attachment-woocommerce_thumbnail size-woocommerce_thumbnail\" alt=\"PLANTOIR Espressotasse und Untertasse\" srcset=\"https:\/\/www.companhiaatlantica.pt\/wp-content\/uploads\/2019\/09\/130-463.jpg 600w, https:\/\/www.companhiaatlantica.pt\/wp-content\/uploads\/2019\/09\/130-463-100x100.jpg 100w\" sizes=\"auto, (max-width: 600px) 100vw, 600px\" title=\"\">\t\t\t\t\t\t\t\t\t<\/a>\n\t\t\t\t\t\t\t\t\t\t\t\t\t\t\t\t\t\t \t\t\t\t\t\t\t\t<\/div>\n\t\t\t\t\t\t\t\t<div class=\"image-tools top right show-on-hover\">\n\t\t\t\t\t\t\t\t\t\t\t<div class=\"wishlist-icon\">\n\t\t\t<button class=\"wishlist-button button is-outline circle icon\" aria-label=\"Wunschliste\">\n\t\t\t\t<i class=\"icon-heart\" aria-hidden=\"true\"><\/i>\t\t\t<\/button>\n\t\t\t<div class=\"wishlist-popup dark\">\n\t\t\t\t\n<div\n\tclass=\"yith-wcwl-add-to-wishlist add-to-wishlist-42104 yith-wcwl-add-to-wishlist--button_default-style wishlist-fragment on-first-load\"\n\tdata-fragment-ref=\"42104\"\n\tdata-fragment-options=\"{&quot;base_url&quot;:&quot;&quot;,&quot;product_id&quot;:42104,&quot;parent_product_id&quot;:0,&quot;product_type&quot;:&quot;simple&quot;,&quot;is_single&quot;:false,&quot;in_default_wishlist&quot;:false,&quot;show_view&quot;:false,&quot;browse_wishlist_text&quot;:&quot;Siehe Ihre Wunschliste!&quot;,&quot;already_in_wishslist_text&quot;:&quot;Dieses Produkt steht bereits auf Ihrem Wunschzettel!&quot;,&quot;product_added_text&quot;:&quot;Produto adicionado!&quot;,&quot;available_multi_wishlist&quot;:false,&quot;disable_wishlist&quot;:false,&quot;show_count&quot;:false,&quot;ajax_loading&quot;:false,&quot;loop_position&quot;:&quot;after_add_to_cart&quot;,&quot;item&quot;:&quot;add_to_wishlist&quot;}\"\n>\n\t\t\t\n\t\t\t<!-- ADD TO WISHLIST -->\n\t\t\t\n<div class=\"yith-wcwl-add-button\">\n\t\t<a\n\t\thref=\"?add_to_wishlist=42104&#038;_wpnonce=52d31225f0\"\n\t\tclass=\"add_to_wishlist single_add_to_wishlist alt button theme-button-style \"\n\t\tdata-product-id=\"42104\"\n\t\tdata-product-type=\"simple\"\n\t\tdata-original-product-id=\"0\"\n\t\tdata-title=\"Zu meiner Wunschliste hinzuf\u00fcgen\"\n\t\trel=\"nofollow\"\n\t>\n\t\t<svg id=\"yith-wcwl-icon-heart-outline\" class=\"yith-wcwl-icon-svg\" fill=\"none\" stroke-width=\"1.5\" stroke=\"currentColor\" viewBox=\"0 0 24 24\" xmlns=\"http:\/\/www.w3.org\/2000\/svg\">\n  <path stroke-linecap=\"round\" stroke-linejoin=\"round\" d=\"M21 8.25c0-2.485-2.099-4.5-4.688-4.5-1.935 0-3.597 1.126-4.312 2.733-.715-1.607-2.377-2.733-4.313-2.733C5.1 3.75 3 5.765 3 8.25c0 7.22 9 12 9 12s9-4.78 9-12Z\"><\/path>\n<\/svg>\t\t<span>Zu meiner Wunschliste hinzuf\u00fcgen<\/span>\n\t<\/a>\n<\/div>\n\n\t\t\t<!-- COUNT TEXT -->\n\t\t\t\n\t\t\t<\/div>\n\t\t\t<\/div>\n\t\t<\/div>\n\t\t\t\t\t\t\t\t\t\t<\/div>\n\t\t\t\t\t\t\t\t\t\t\t\t\t\t\t\t\t<div class=\"image-tools grid-tools text-center hide-for-small bottom hover-slide-in show-on-hover\">\n\t\t\t\t\t\t\t\t\t\t\t\t\t\t\t\t\t\t\t<\/div>\n\t\t\t\t\t\t\t\t\t\t\t\t\t\t\t\t\t\t\t\t\t\t\t<\/div>\n\n\t\t\t\t\t\t\t<div class=\"box-text text-center\" >\n\t\t\t\t\t\t\t\t<div class=\"title-wrapper\"><p class=\"name product-title woocommerce-loop-product__title\"><a href=\"https:\/\/www.companhiaatlantica.pt\/de\/produto\/portugiesische-keramik\/keramik-kaffeetassen\/plantoir-espressotasse-und-untertasse\" class=\"woocommerce-LoopProduct-link woocommerce-loop-product__link\">PLANTOIR Espressotasse und Untertasse<\/a><\/p><\/div><div class=\"price-wrapper\">\n\t<span class=\"price\"><span class=\"woocommerce-Price-amount amount\"><bdi>14.00<span class=\"woocommerce-Price-currencySymbol\">&euro;<\/span><\/bdi><\/span><\/span>\n<\/div><div class=\"add-to-cart-button\"><a href=\"\/de\/wp-json\/wp\/v2\/pages\/66644?add-to-cart=42104\" aria-describedby=\"woocommerce_loop_add_to_cart_link_describedby_42104\" data-quantity=\"1\" class=\"primary is-small mb-0 button product_type_simple add_to_cart_button ajax_add_to_cart is-outline\" data-product_id=\"42104\" data-product_sku=\"130-463\" aria-label=\"In den Warenkorb legen: \u201ePLANTOIR Espressotasse und Untertasse\u201c\" rel=\"nofollow\" data-success_message=\"\u201ePLANTOIR Espressotasse und Untertasse\u201c wurde deinem Warenkorb hinzugef\u00fcgt\" data-product_name=\"PLANTOIR Espressotasse und Untertasse\" data-product_image=\"https:\/\/www.companhiaatlantica.pt\/wp-content\/uploads\/2019\/09\/130-463.jpg\" role=\"button\">In den Warenkorb<\/a><\/div>\t<span id=\"woocommerce_loop_add_to_cart_link_describedby_42104\" class=\"screen-reader-text\">\n\t\t\t<\/span>\n\t\t\t\t\t\t\t<\/div>\n\t\t\t\t\t\t<\/div>\n\t\t\t\t\t\t<\/div>\n\t\t\t\t\t<\/div><div class=\"col\" >\n\t\t\t\t\t\t<div class=\"col-inner\">\n\t\t\t\t\t\t\n<div class=\"badge-container absolute left top z-1\">\n\n<div class=\"badge callout badge-circle\"><div class=\"badge-inner callout-new-bg is-small new-bubble\">6 pcs<\/div><\/div><\/div>\n\t\t\t\t\t\t<div class=\"product-small box has-hover box-push box-text-bottom\">\n\t\t\t\t\t\t\t<div class=\"box-image\" >\n\t\t\t\t\t\t\t\t<div class=\"\" >\n\t\t\t\t\t\t\t\t\t<a href=\"https:\/\/www.companhiaatlantica.pt\/de\/produto\/portugiesische-keramik\/keramik-kaffeetassen\/mar-espressotasse-6er-set\" aria-label=\"MAR Espressotasse \u2013 6er-Set\">\n\t\t\t\t\t\t\t\t\t\t<img loading=\"lazy\" decoding=\"async\" width=\"600\" height=\"600\" src=\"https:\/\/www.companhiaatlantica.pt\/wp-content\/uploads\/2021\/10\/IMG_2582.jpg\" class=\"show-on-hover absolute fill hide-for-small back-image\" alt=\"Alternative view of MAR Espressotasse \u2013 6er-Set\" aria-hidden=\"true\" srcset=\"https:\/\/www.companhiaatlantica.pt\/wp-content\/uploads\/2021\/10\/IMG_2582.jpg 600w, https:\/\/www.companhiaatlantica.pt\/wp-content\/uploads\/2021\/10\/IMG_2582-100x100.jpg 100w\" sizes=\"auto, (max-width: 600px) 100vw, 600px\" title=\"\"><img loading=\"lazy\" decoding=\"async\" width=\"600\" height=\"600\" src=\"https:\/\/www.companhiaatlantica.pt\/wp-content\/uploads\/2021\/08\/IMG_2429.jpg\" class=\"attachment-woocommerce_thumbnail size-woocommerce_thumbnail\" alt=\"MAR Espressotasse \u2013 6er-Set\" srcset=\"https:\/\/www.companhiaatlantica.pt\/wp-content\/uploads\/2021\/08\/IMG_2429.jpg 600w, https:\/\/www.companhiaatlantica.pt\/wp-content\/uploads\/2021\/08\/IMG_2429-100x100.jpg 100w\" sizes=\"auto, (max-width: 600px) 100vw, 600px\" title=\"\">\t\t\t\t\t\t\t\t\t<\/a>\n\t\t\t\t\t\t\t\t\t\t\t\t\t\t\t\t\t\t \t\t\t\t\t\t\t\t<\/div>\n\t\t\t\t\t\t\t\t<div class=\"image-tools top right show-on-hover\">\n\t\t\t\t\t\t\t\t\t\t\t<div class=\"wishlist-icon\">\n\t\t\t<button class=\"wishlist-button button is-outline circle icon\" aria-label=\"Wunschliste\">\n\t\t\t\t<i class=\"icon-heart\" aria-hidden=\"true\"><\/i>\t\t\t<\/button>\n\t\t\t<div class=\"wishlist-popup dark\">\n\t\t\t\t\n<div\n\tclass=\"yith-wcwl-add-to-wishlist add-to-wishlist-59860 yith-wcwl-add-to-wishlist--button_default-style wishlist-fragment on-first-load\"\n\tdata-fragment-ref=\"59860\"\n\tdata-fragment-options=\"{&quot;base_url&quot;:&quot;&quot;,&quot;product_id&quot;:59860,&quot;parent_product_id&quot;:0,&quot;product_type&quot;:&quot;variable&quot;,&quot;is_single&quot;:false,&quot;in_default_wishlist&quot;:false,&quot;show_view&quot;:false,&quot;browse_wishlist_text&quot;:&quot;Siehe Ihre Wunschliste!&quot;,&quot;already_in_wishslist_text&quot;:&quot;Dieses Produkt steht bereits auf Ihrem Wunschzettel!&quot;,&quot;product_added_text&quot;:&quot;Produto adicionado!&quot;,&quot;available_multi_wishlist&quot;:false,&quot;disable_wishlist&quot;:false,&quot;show_count&quot;:false,&quot;ajax_loading&quot;:false,&quot;loop_position&quot;:&quot;after_add_to_cart&quot;,&quot;item&quot;:&quot;add_to_wishlist&quot;}\"\n>\n\t\t\t\n\t\t\t<!-- ADD TO WISHLIST -->\n\t\t\t\n<div class=\"yith-wcwl-add-button\">\n\t\t<a\n\t\thref=\"?add_to_wishlist=59860&#038;_wpnonce=52d31225f0\"\n\t\tclass=\"add_to_wishlist single_add_to_wishlist alt button theme-button-style \"\n\t\tdata-product-id=\"59860\"\n\t\tdata-product-type=\"variable\"\n\t\tdata-original-product-id=\"0\"\n\t\tdata-title=\"Zu meiner Wunschliste hinzuf\u00fcgen\"\n\t\trel=\"nofollow\"\n\t>\n\t\t<svg id=\"yith-wcwl-icon-heart-outline\" class=\"yith-wcwl-icon-svg\" fill=\"none\" stroke-width=\"1.5\" stroke=\"currentColor\" viewBox=\"0 0 24 24\" xmlns=\"http:\/\/www.w3.org\/2000\/svg\">\n  <path stroke-linecap=\"round\" stroke-linejoin=\"round\" d=\"M21 8.25c0-2.485-2.099-4.5-4.688-4.5-1.935 0-3.597 1.126-4.312 2.733-.715-1.607-2.377-2.733-4.313-2.733C5.1 3.75 3 5.765 3 8.25c0 7.22 9 12 9 12s9-4.78 9-12Z\"><\/path>\n<\/svg>\t\t<span>Zu meiner Wunschliste hinzuf\u00fcgen<\/span>\n\t<\/a>\n<\/div>\n\n\t\t\t<!-- COUNT TEXT -->\n\t\t\t\n\t\t\t<\/div>\n\t\t\t<\/div>\n\t\t<\/div>\n\t\t\t\t\t\t\t\t\t\t<\/div>\n\t\t\t\t\t\t\t\t\t\t\t\t\t\t\t\t\t<div class=\"image-tools grid-tools text-center hide-for-small bottom hover-slide-in show-on-hover\">\n\t\t\t\t\t\t\t\t\t\t\t\t\t\t\t\t\t\t\t<\/div>\n\t\t\t\t\t\t\t\t\t\t\t\t\t\t\t\t\t\t\t\t\t\t\t<\/div>\n\n\t\t\t\t\t\t\t<div class=\"box-text text-center\" >\n\t\t\t\t\t\t\t\t<div class=\"title-wrapper\"><p class=\"name product-title woocommerce-loop-product__title\"><a href=\"https:\/\/www.companhiaatlantica.pt\/de\/produto\/portugiesische-keramik\/keramik-kaffeetassen\/mar-espressotasse-6er-set\" class=\"woocommerce-LoopProduct-link woocommerce-loop-product__link\">MAR Espressotasse \u2013 6er-Set<\/a><\/p><\/div><div class=\"price-wrapper\">\n\t<span class=\"price\"><span class=\"woocommerce-Price-amount amount\"><bdi>42.90<span class=\"woocommerce-Price-currencySymbol\">&euro;<\/span><\/bdi><\/span><\/span>\n<\/div><div class=\"add-to-cart-button\"><a href=\"https:\/\/www.companhiaatlantica.pt\/de\/produto\/portugiesische-keramik\/keramik-kaffeetassen\/mar-espressotasse-6er-set\" aria-describedby=\"woocommerce_loop_add_to_cart_link_describedby_59860\" data-quantity=\"1\" class=\"primary is-small mb-0 button product_type_variable add_to_cart_button is-outline\" data-product_id=\"59860\" data-product_sku=\"\" aria-label=\"W\u00e4hle Optionen f\u00fcr \u201eMAR Espressotasse \u2013 6er-Set\u201c\" rel=\"nofollow\" data-product_name=\"MAR Espressotasse \u2013 6er-Set\" data-product_image=\"https:\/\/www.companhiaatlantica.pt\/wp-content\/uploads\/2021\/08\/IMG_2429.jpg\">Ausf\u00fchrung w\u00e4hlen<\/a><\/div>\t<span id=\"woocommerce_loop_add_to_cart_link_describedby_59860\" class=\"screen-reader-text\">\n\t\tDieses Produkt weist mehrere Varianten auf. Die Optionen k\u00f6nnen auf der Produktseite gew\u00e4hlt werden\t<\/span>\n\t\t\t\t\t\t\t<\/div>\n\t\t\t\t\t\t<\/div>\n\t\t\t\t\t\t<\/div>\n\t\t\t\t\t<\/div><div class=\"col\" >\n\t\t\t\t\t\t<div class=\"col-inner\">\n\t\t\t\t\t\t\n<div class=\"badge-container absolute left top z-1\">\n<div class=\"badge callout badge-circle\">\r\n  \t\t\t<div class=\"badge-inner secondary on-sale\">\r\n  \t\t\t\t<span class=\"onsale\">-16%<\/span>\r\n\t\t\t<\/div>\r\n\t\t<\/div>\r\n\t\t<div class=\"badge callout badge-circle\">\r\n\t\t\t<div class=\"badge-inner callout-new-bg is-small new-bubble\">6 pcs<\/div>\r\n\t\t<\/div>\n<div class=\"badge callout badge-circle\"><div class=\"badge-inner callout-new-bg is-small new-bubble\">6 pcs<\/div><\/div><\/div>\n\t\t\t\t\t\t<div class=\"product-small box has-hover box-push box-text-bottom\">\n\t\t\t\t\t\t\t<div class=\"box-image\" >\n\t\t\t\t\t\t\t\t<div class=\"\" >\n\t\t\t\t\t\t\t\t\t<a href=\"https:\/\/www.companhiaatlantica.pt\/de\/produto\/portugiesische-keramik\/keramik-kaffeetassen\/espressotassen-und-untertassen-giro\" aria-label=\"Espressotassen und Untertassen GIRO - Set von 6\">\n\t\t\t\t\t\t\t\t\t\t<img loading=\"lazy\" decoding=\"async\" width=\"700\" height=\"700\" src=\"https:\/\/www.companhiaatlantica.pt\/wp-content\/uploads\/2024\/06\/giro-coffee-cappuccino-bread-plate-700x700.jpg\" class=\"show-on-hover absolute fill hide-for-small back-image\" alt=\"Alternative view of Espressotassen und Untertassen GIRO - Set von 6\" aria-hidden=\"true\" srcset=\"https:\/\/www.companhiaatlantica.pt\/wp-content\/uploads\/2024\/06\/giro-coffee-cappuccino-bread-plate-700x700.jpg 700w, https:\/\/www.companhiaatlantica.pt\/wp-content\/uploads\/2024\/06\/giro-coffee-cappuccino-bread-plate-100x100.jpg 100w, https:\/\/www.companhiaatlantica.pt\/wp-content\/uploads\/2024\/06\/giro-coffee-cappuccino-bread-plate-400x400.jpg 400w, https:\/\/www.companhiaatlantica.pt\/wp-content\/uploads\/2024\/06\/giro-coffee-cappuccino-bread-plate-350x350.jpg 350w, https:\/\/www.companhiaatlantica.pt\/wp-content\/uploads\/2024\/06\/giro-coffee-cappuccino-bread-plate-768x768.jpg 768w, https:\/\/www.companhiaatlantica.pt\/wp-content\/uploads\/2024\/06\/giro-coffee-cappuccino-bread-plate-600x600.jpg 600w, https:\/\/www.companhiaatlantica.pt\/wp-content\/uploads\/2024\/06\/giro-coffee-cappuccino-bread-plate.jpg 900w\" sizes=\"auto, (max-width: 700px) 100vw, 700px\" title=\"\"><img loading=\"lazy\" decoding=\"async\" width=\"700\" height=\"700\" src=\"https:\/\/www.companhiaatlantica.pt\/wp-content\/uploads\/2024\/05\/131-250-set6-700x700.jpg\" class=\"attachment-woocommerce_thumbnail size-woocommerce_thumbnail\" alt=\"Espressotassen und Untertassen GIRO - Set von 6\" srcset=\"https:\/\/www.companhiaatlantica.pt\/wp-content\/uploads\/2024\/05\/131-250-set6-700x700.jpg 700w, https:\/\/www.companhiaatlantica.pt\/wp-content\/uploads\/2024\/05\/131-250-set6-100x100.jpg 100w, https:\/\/www.companhiaatlantica.pt\/wp-content\/uploads\/2024\/05\/131-250-set6-900x900.jpg 900w, https:\/\/www.companhiaatlantica.pt\/wp-content\/uploads\/2024\/05\/131-250-set6-400x400.jpg 400w, https:\/\/www.companhiaatlantica.pt\/wp-content\/uploads\/2024\/05\/131-250-set6-350x350.jpg 350w, https:\/\/www.companhiaatlantica.pt\/wp-content\/uploads\/2024\/05\/131-250-set6-768x768.jpg 768w, https:\/\/www.companhiaatlantica.pt\/wp-content\/uploads\/2024\/05\/131-250-set6.jpg 993w\" sizes=\"auto, (max-width: 700px) 100vw, 700px\" title=\"\">\t\t\t\t\t\t\t\t\t<\/a>\n\t\t\t\t\t\t\t\t\t\t\t\t\t\t\t\t\t\t \t\t\t\t\t\t\t\t<\/div>\n\t\t\t\t\t\t\t\t<div class=\"image-tools top right show-on-hover\">\n\t\t\t\t\t\t\t\t\t\t\t<div class=\"wishlist-icon\">\n\t\t\t<button class=\"wishlist-button button is-outline circle icon\" aria-label=\"Wunschliste\">\n\t\t\t\t<i class=\"icon-heart\" aria-hidden=\"true\"><\/i>\t\t\t<\/button>\n\t\t\t<div class=\"wishlist-popup dark\">\n\t\t\t\t\n<div\n\tclass=\"yith-wcwl-add-to-wishlist add-to-wishlist-58390 yith-wcwl-add-to-wishlist--button_default-style wishlist-fragment on-first-load\"\n\tdata-fragment-ref=\"58390\"\n\tdata-fragment-options=\"{&quot;base_url&quot;:&quot;&quot;,&quot;product_id&quot;:58390,&quot;parent_product_id&quot;:0,&quot;product_type&quot;:&quot;simple&quot;,&quot;is_single&quot;:false,&quot;in_default_wishlist&quot;:false,&quot;show_view&quot;:false,&quot;browse_wishlist_text&quot;:&quot;Siehe Ihre Wunschliste!&quot;,&quot;already_in_wishslist_text&quot;:&quot;Dieses Produkt steht bereits auf Ihrem Wunschzettel!&quot;,&quot;product_added_text&quot;:&quot;Produto adicionado!&quot;,&quot;available_multi_wishlist&quot;:false,&quot;disable_wishlist&quot;:false,&quot;show_count&quot;:false,&quot;ajax_loading&quot;:false,&quot;loop_position&quot;:&quot;after_add_to_cart&quot;,&quot;item&quot;:&quot;add_to_wishlist&quot;}\"\n>\n\t\t\t\n\t\t\t<!-- ADD TO WISHLIST -->\n\t\t\t\n<div class=\"yith-wcwl-add-button\">\n\t\t<a\n\t\thref=\"?add_to_wishlist=58390&#038;_wpnonce=52d31225f0\"\n\t\tclass=\"add_to_wishlist single_add_to_wishlist alt button theme-button-style \"\n\t\tdata-product-id=\"58390\"\n\t\tdata-product-type=\"simple\"\n\t\tdata-original-product-id=\"0\"\n\t\tdata-title=\"Zu meiner Wunschliste hinzuf\u00fcgen\"\n\t\trel=\"nofollow\"\n\t>\n\t\t<svg id=\"yith-wcwl-icon-heart-outline\" class=\"yith-wcwl-icon-svg\" fill=\"none\" stroke-width=\"1.5\" stroke=\"currentColor\" viewBox=\"0 0 24 24\" xmlns=\"http:\/\/www.w3.org\/2000\/svg\">\n  <path stroke-linecap=\"round\" stroke-linejoin=\"round\" d=\"M21 8.25c0-2.485-2.099-4.5-4.688-4.5-1.935 0-3.597 1.126-4.312 2.733-.715-1.607-2.377-2.733-4.313-2.733C5.1 3.75 3 5.765 3 8.25c0 7.22 9 12 9 12s9-4.78 9-12Z\"><\/path>\n<\/svg>\t\t<span>Zu meiner Wunschliste hinzuf\u00fcgen<\/span>\n\t<\/a>\n<\/div>\n\n\t\t\t<!-- COUNT TEXT -->\n\t\t\t\n\t\t\t<\/div>\n\t\t\t<\/div>\n\t\t<\/div>\n\t\t\t\t\t\t\t\t\t\t<\/div>\n\t\t\t\t\t\t\t\t\t\t\t\t\t\t\t\t\t<div class=\"image-tools grid-tools text-center hide-for-small bottom hover-slide-in show-on-hover\">\n\t\t\t\t\t\t\t\t\t\t\t\t\t\t\t\t\t\t\t<\/div>\n\t\t\t\t\t\t\t\t\t\t\t\t\t\t\t\t\t\t\t\t\t\t\t<\/div>\n\n\t\t\t\t\t\t\t<div class=\"box-text text-center\" >\n\t\t\t\t\t\t\t\t<div class=\"title-wrapper\"><p class=\"name product-title woocommerce-loop-product__title\"><a href=\"https:\/\/www.companhiaatlantica.pt\/de\/produto\/portugiesische-keramik\/keramik-kaffeetassen\/espressotassen-und-untertassen-giro\" class=\"woocommerce-LoopProduct-link woocommerce-loop-product__link\">Espressotassen und Untertassen GIRO &#8211; Set von 6<\/a><\/p><\/div><div class=\"price-wrapper\">\n\t<span class=\"price\"><del aria-hidden=\"true\"><span class=\"woocommerce-Price-amount amount\"><bdi>107.40<span class=\"woocommerce-Price-currencySymbol\">&euro;<\/span><\/bdi><\/span><\/del> <span class=\"screen-reader-text\">Urspr\u00fcnglicher Preis war: 107.40&euro;<\/span><ins aria-hidden=\"true\"><span class=\"woocommerce-Price-amount amount\"><bdi>89.90<span class=\"woocommerce-Price-currencySymbol\">&euro;<\/span><\/bdi><\/span><\/ins><span class=\"screen-reader-text\">Aktueller Preis ist: 89.90&euro;.<\/span><\/span>\n<\/div>\t<span id=\"woocommerce_loop_add_to_cart_link_describedby_58390\" class=\"screen-reader-text\">\n\t\t\t<\/span>\n\t\t\t\t\t\t\t<\/div>\n\t\t\t\t\t\t<\/div>\n\t\t\t\t\t\t<\/div>\n\t\t\t\t\t<\/div><div class=\"col\" >\n\t\t\t\t\t\t<div class=\"col-inner\">\n\t\t\t\t\t\t\n<div class=\"badge-container absolute left top z-1\">\n<div class=\"badge callout badge-circle\">\r\n  \t\t\t<div class=\"badge-inner secondary on-sale\">\r\n  \t\t\t\t<span class=\"onsale\">-18%<\/span>\r\n\t\t\t<\/div>\r\n\t\t<\/div>\r\n\t\t<div class=\"badge callout badge-circle\">\r\n\t\t\t<div class=\"badge-inner callout-new-bg is-small new-bubble\">4 pcs<\/div>\r\n\t\t<\/div>\n<div class=\"badge callout badge-circle\"><div class=\"badge-inner callout-new-bg is-small new-bubble\">4 pcs<\/div><\/div><\/div>\n\t\t\t\t\t\t<div class=\"product-small box has-hover box-push box-text-bottom\">\n\t\t\t\t\t\t\t<div class=\"box-image\" >\n\t\t\t\t\t\t\t\t<div class=\"\" >\n\t\t\t\t\t\t\t\t\t<a href=\"https:\/\/www.companhiaatlantica.pt\/de\/produto\/portugiesische-keramik\/keramik-kaffeetassen\/gaudi-chavena-und-pires-4-teilig\" aria-label=\"GAUDI Espressotasse und Untertasse - 4er-Set\">\n\t\t\t\t\t\t\t\t\t\t<img loading=\"lazy\" decoding=\"async\" width=\"600\" height=\"600\" src=\"https:\/\/www.companhiaatlantica.pt\/wp-content\/uploads\/2020\/06\/IMG_5369.jpg\" class=\"show-on-hover absolute fill hide-for-small back-image\" alt=\"Alternative view of GAUDI Espressotasse und Untertasse - 4er-Set\" aria-hidden=\"true\" srcset=\"https:\/\/www.companhiaatlantica.pt\/wp-content\/uploads\/2020\/06\/IMG_5369.jpg 600w, https:\/\/www.companhiaatlantica.pt\/wp-content\/uploads\/2020\/06\/IMG_5369-100x100.jpg 100w\" sizes=\"auto, (max-width: 600px) 100vw, 600px\" title=\"\"><img loading=\"lazy\" decoding=\"async\" width=\"596\" height=\"450\" src=\"https:\/\/www.companhiaatlantica.pt\/wp-content\/uploads\/2020\/06\/IMG_5338-596x450.jpg\" class=\"attachment-woocommerce_thumbnail size-woocommerce_thumbnail\" alt=\"GAUDI Espressotasse und Untertasse - 4er-Set\" title=\"\">\t\t\t\t\t\t\t\t\t<\/a>\n\t\t\t\t\t\t\t\t\t\t\t\t\t\t\t\t\t\t \t\t\t\t\t\t\t\t<\/div>\n\t\t\t\t\t\t\t\t<div class=\"image-tools top right show-on-hover\">\n\t\t\t\t\t\t\t\t\t\t\t<div class=\"wishlist-icon\">\n\t\t\t<button class=\"wishlist-button button is-outline circle icon\" aria-label=\"Wunschliste\">\n\t\t\t\t<i class=\"icon-heart\" aria-hidden=\"true\"><\/i>\t\t\t<\/button>\n\t\t\t<div class=\"wishlist-popup dark\">\n\t\t\t\t\n<div\n\tclass=\"yith-wcwl-add-to-wishlist add-to-wishlist-42122 yith-wcwl-add-to-wishlist--button_default-style wishlist-fragment on-first-load\"\n\tdata-fragment-ref=\"42122\"\n\tdata-fragment-options=\"{&quot;base_url&quot;:&quot;&quot;,&quot;product_id&quot;:42122,&quot;parent_product_id&quot;:0,&quot;product_type&quot;:&quot;variable&quot;,&quot;is_single&quot;:false,&quot;in_default_wishlist&quot;:false,&quot;show_view&quot;:false,&quot;browse_wishlist_text&quot;:&quot;Siehe Ihre Wunschliste!&quot;,&quot;already_in_wishslist_text&quot;:&quot;Dieses Produkt steht bereits auf Ihrem Wunschzettel!&quot;,&quot;product_added_text&quot;:&quot;Produto adicionado!&quot;,&quot;available_multi_wishlist&quot;:false,&quot;disable_wishlist&quot;:false,&quot;show_count&quot;:false,&quot;ajax_loading&quot;:false,&quot;loop_position&quot;:&quot;after_add_to_cart&quot;,&quot;item&quot;:&quot;add_to_wishlist&quot;}\"\n>\n\t\t\t\n\t\t\t<!-- ADD TO WISHLIST -->\n\t\t\t\n<div class=\"yith-wcwl-add-button\">\n\t\t<a\n\t\thref=\"?add_to_wishlist=42122&#038;_wpnonce=52d31225f0\"\n\t\tclass=\"add_to_wishlist single_add_to_wishlist alt button theme-button-style \"\n\t\tdata-product-id=\"42122\"\n\t\tdata-product-type=\"variable\"\n\t\tdata-original-product-id=\"0\"\n\t\tdata-title=\"Zu meiner Wunschliste hinzuf\u00fcgen\"\n\t\trel=\"nofollow\"\n\t>\n\t\t<svg id=\"yith-wcwl-icon-heart-outline\" class=\"yith-wcwl-icon-svg\" fill=\"none\" stroke-width=\"1.5\" stroke=\"currentColor\" viewBox=\"0 0 24 24\" xmlns=\"http:\/\/www.w3.org\/2000\/svg\">\n  <path stroke-linecap=\"round\" stroke-linejoin=\"round\" d=\"M21 8.25c0-2.485-2.099-4.5-4.688-4.5-1.935 0-3.597 1.126-4.312 2.733-.715-1.607-2.377-2.733-4.313-2.733C5.1 3.75 3 5.765 3 8.25c0 7.22 9 12 9 12s9-4.78 9-12Z\"><\/path>\n<\/svg>\t\t<span>Zu meiner Wunschliste hinzuf\u00fcgen<\/span>\n\t<\/a>\n<\/div>\n\n\t\t\t<!-- COUNT TEXT -->\n\t\t\t\n\t\t\t<\/div>\n\t\t\t<\/div>\n\t\t<\/div>\n\t\t\t\t\t\t\t\t\t\t<\/div>\n\t\t\t\t\t\t\t\t\t\t\t\t\t\t\t\t\t<div class=\"image-tools grid-tools text-center hide-for-small bottom hover-slide-in show-on-hover\">\n\t\t\t\t\t\t\t\t\t\t\t\t\t\t\t\t\t\t\t<\/div>\n\t\t\t\t\t\t\t\t\t\t\t\t\t\t\t\t\t\t\t\t\t\t\t<\/div>\n\n\t\t\t\t\t\t\t<div class=\"box-text text-center\" >\n\t\t\t\t\t\t\t\t<div class=\"title-wrapper\"><p class=\"name product-title woocommerce-loop-product__title\"><a href=\"https:\/\/www.companhiaatlantica.pt\/de\/produto\/portugiesische-keramik\/keramik-kaffeetassen\/gaudi-chavena-und-pires-4-teilig\" class=\"woocommerce-LoopProduct-link woocommerce-loop-product__link\">GAUDI Espressotasse und Untertasse &#8211; 4er-Set<\/a><\/p><\/div><div class=\"price-wrapper\">\n\t<span class=\"price\"><del aria-hidden=\"true\"><span class=\"woocommerce-Price-amount amount\"><bdi>40.00<span class=\"woocommerce-Price-currencySymbol\">&euro;<\/span><\/bdi><\/span><\/del> <span class=\"screen-reader-text\">Urspr\u00fcnglicher Preis war: 40.00&euro;<\/span><ins aria-hidden=\"true\"><span class=\"woocommerce-Price-amount amount\"><bdi>33.00<span class=\"woocommerce-Price-currencySymbol\">&euro;<\/span><\/bdi><\/span><\/ins><span class=\"screen-reader-text\">Aktueller Preis ist: 33.00&euro;.<\/span><\/span>\n<\/div>\t<span id=\"woocommerce_loop_add_to_cart_link_describedby_42122\" class=\"screen-reader-text\">\n\t\tDieses Produkt weist mehrere Varianten auf. Die Optionen k\u00f6nnen auf der Produktseite gew\u00e4hlt werden\t<\/span>\n\t\t\t\t\t\t\t<\/div>\n\t\t\t\t\t\t<\/div>\n\t\t\t\t\t\t<\/div>\n\t\t\t\t\t<\/div><div class=\"col\" >\n\t\t\t\t\t\t<div class=\"col-inner\">\n\t\t\t\t\t\t\n<div class=\"badge-container absolute left top z-1\">\n\n<\/div>\n\t\t\t\t\t\t<div class=\"product-small box has-hover box-push box-text-bottom\">\n\t\t\t\t\t\t\t<div class=\"box-image\" >\n\t\t\t\t\t\t\t\t<div class=\"\" >\n\t\t\t\t\t\t\t\t\t<a href=\"https:\/\/www.companhiaatlantica.pt\/de\/produto\/portugiesische-keramik\/keramik-kaffeetassen\/gaudi-espressotasse-und-untertasse\" aria-label=\"GAUDI Espressotasse und Untertasse\">\n\t\t\t\t\t\t\t\t\t\t<img loading=\"lazy\" decoding=\"async\" width=\"700\" height=\"657\" src=\"https:\/\/www.companhiaatlantica.pt\/wp-content\/uploads\/2024\/01\/130-070-700x657.jpg\" class=\"show-on-hover absolute fill hide-for-small back-image\" alt=\"Alternative view of GAUDI Espressotasse und Untertasse\" aria-hidden=\"true\" title=\"\"><img loading=\"lazy\" decoding=\"async\" width=\"700\" height=\"674\" src=\"https:\/\/www.companhiaatlantica.pt\/wp-content\/uploads\/2019\/09\/130-065-1-700x674.jpg\" class=\"attachment-woocommerce_thumbnail size-woocommerce_thumbnail\" alt=\"GAUDI Espressotasse und Untertasse\" title=\"\">\t\t\t\t\t\t\t\t\t<\/a>\n\t\t\t\t\t\t\t\t\t\t\t\t\t\t\t\t\t\t \t\t\t\t\t\t\t\t<\/div>\n\t\t\t\t\t\t\t\t<div class=\"image-tools top right show-on-hover\">\n\t\t\t\t\t\t\t\t\t\t\t<div class=\"wishlist-icon\">\n\t\t\t<button class=\"wishlist-button button is-outline circle icon\" aria-label=\"Wunschliste\">\n\t\t\t\t<i class=\"icon-heart\" aria-hidden=\"true\"><\/i>\t\t\t<\/button>\n\t\t\t<div class=\"wishlist-popup dark\">\n\t\t\t\t\n<div\n\tclass=\"yith-wcwl-add-to-wishlist add-to-wishlist-42164 yith-wcwl-add-to-wishlist--button_default-style wishlist-fragment on-first-load\"\n\tdata-fragment-ref=\"42164\"\n\tdata-fragment-options=\"{&quot;base_url&quot;:&quot;&quot;,&quot;product_id&quot;:42164,&quot;parent_product_id&quot;:0,&quot;product_type&quot;:&quot;variable&quot;,&quot;is_single&quot;:false,&quot;in_default_wishlist&quot;:false,&quot;show_view&quot;:false,&quot;browse_wishlist_text&quot;:&quot;Siehe Ihre Wunschliste!&quot;,&quot;already_in_wishslist_text&quot;:&quot;Dieses Produkt steht bereits auf Ihrem Wunschzettel!&quot;,&quot;product_added_text&quot;:&quot;Produto adicionado!&quot;,&quot;available_multi_wishlist&quot;:false,&quot;disable_wishlist&quot;:false,&quot;show_count&quot;:false,&quot;ajax_loading&quot;:false,&quot;loop_position&quot;:&quot;after_add_to_cart&quot;,&quot;item&quot;:&quot;add_to_wishlist&quot;}\"\n>\n\t\t\t\n\t\t\t<!-- ADD TO WISHLIST -->\n\t\t\t\n<div class=\"yith-wcwl-add-button\">\n\t\t<a\n\t\thref=\"?add_to_wishlist=42164&#038;_wpnonce=52d31225f0\"\n\t\tclass=\"add_to_wishlist single_add_to_wishlist alt button theme-button-style \"\n\t\tdata-product-id=\"42164\"\n\t\tdata-product-type=\"variable\"\n\t\tdata-original-product-id=\"0\"\n\t\tdata-title=\"Zu meiner Wunschliste hinzuf\u00fcgen\"\n\t\trel=\"nofollow\"\n\t>\n\t\t<svg id=\"yith-wcwl-icon-heart-outline\" class=\"yith-wcwl-icon-svg\" fill=\"none\" stroke-width=\"1.5\" stroke=\"currentColor\" viewBox=\"0 0 24 24\" xmlns=\"http:\/\/www.w3.org\/2000\/svg\">\n  <path stroke-linecap=\"round\" stroke-linejoin=\"round\" d=\"M21 8.25c0-2.485-2.099-4.5-4.688-4.5-1.935 0-3.597 1.126-4.312 2.733-.715-1.607-2.377-2.733-4.313-2.733C5.1 3.75 3 5.765 3 8.25c0 7.22 9 12 9 12s9-4.78 9-12Z\"><\/path>\n<\/svg>\t\t<span>Zu meiner Wunschliste hinzuf\u00fcgen<\/span>\n\t<\/a>\n<\/div>\n\n\t\t\t<!-- COUNT TEXT -->\n\t\t\t\n\t\t\t<\/div>\n\t\t\t<\/div>\n\t\t<\/div>\n\t\t\t\t\t\t\t\t\t\t<\/div>\n\t\t\t\t\t\t\t\t\t\t\t\t\t\t\t\t\t<div class=\"image-tools grid-tools text-center hide-for-small bottom hover-slide-in show-on-hover\">\n\t\t\t\t\t\t\t\t\t\t\t\t\t\t\t\t\t\t\t<\/div>\n\t\t\t\t\t\t\t\t\t\t\t\t\t\t\t\t\t\t\t\t\t\t\t<\/div>\n\n\t\t\t\t\t\t\t<div class=\"box-text text-center\" >\n\t\t\t\t\t\t\t\t<div class=\"title-wrapper\"><p class=\"name product-title woocommerce-loop-product__title\"><a href=\"https:\/\/www.companhiaatlantica.pt\/de\/produto\/portugiesische-keramik\/keramik-kaffeetassen\/gaudi-espressotasse-und-untertasse\" class=\"woocommerce-LoopProduct-link woocommerce-loop-product__link\">GAUDI Espressotasse und Untertasse<\/a><\/p><\/div><div class=\"price-wrapper\">\n\t<span class=\"price\"><span class=\"woocommerce-Price-amount amount\"><bdi>10.00<span class=\"woocommerce-Price-currencySymbol\">&euro;<\/span><\/bdi><\/span><\/span>\n<\/div><div class=\"add-to-cart-button\"><a href=\"https:\/\/www.companhiaatlantica.pt\/de\/produto\/portugiesische-keramik\/keramik-kaffeetassen\/gaudi-espressotasse-und-untertasse\" aria-describedby=\"woocommerce_loop_add_to_cart_link_describedby_42164\" data-quantity=\"1\" class=\"primary is-small mb-0 button product_type_variable add_to_cart_button is-outline\" data-product_id=\"42164\" data-product_sku=\"\" aria-label=\"W\u00e4hle Optionen f\u00fcr \u201eGAUDI Espressotasse und Untertasse\u201c\" rel=\"nofollow\" data-product_name=\"GAUDI Espressotasse und Untertasse\" data-product_image=\"https:\/\/www.companhiaatlantica.pt\/wp-content\/uploads\/2019\/09\/130-065-1-150x150.jpg\">Ausf\u00fchrung w\u00e4hlen<\/a><\/div>\t<span id=\"woocommerce_loop_add_to_cart_link_describedby_42164\" class=\"screen-reader-text\">\n\t\tDieses Produkt weist mehrere Varianten auf. Die Optionen k\u00f6nnen auf der Produktseite gew\u00e4hlt werden\t<\/span>\n\t\t\t\t\t\t\t<\/div>\n\t\t\t\t\t\t<\/div>\n\t\t\t\t\t\t<\/div>\n\t\t\t\t\t<\/div><div class=\"col\" >\n\t\t\t\t\t\t<div class=\"col-inner\">\n\t\t\t\t\t\t\n<div class=\"badge-container absolute left top z-1\">\n\n<div class=\"badge callout badge-circle\"><div class=\"badge-inner callout-new-bg is-small new-bubble\">NEW<\/div><\/div><\/div>\n\t\t\t\t\t\t<div class=\"product-small box has-hover box-push box-text-bottom\">\n\t\t\t\t\t\t\t<div class=\"box-image\" >\n\t\t\t\t\t\t\t\t<div class=\"\" >\n\t\t\t\t\t\t\t\t\t<a href=\"https:\/\/www.companhiaatlantica.pt\/de\/produto\/portugiesische-keramik\/keramik-kaffeetassen\/mar-espressotasse-2er-set\" aria-label=\"MAR Espressotasse \u2013 2er-Set\">\n\t\t\t\t\t\t\t\t\t\t<img loading=\"lazy\" decoding=\"async\" width=\"700\" height=\"700\" src=\"https:\/\/www.companhiaatlantica.pt\/wp-content\/uploads\/2024\/06\/131-173-700x700.jpg\" class=\"show-on-hover absolute fill hide-for-small back-image\" alt=\"Alternative view of MAR Espressotasse \u2013 2er-Set\" aria-hidden=\"true\" srcset=\"https:\/\/www.companhiaatlantica.pt\/wp-content\/uploads\/2024\/06\/131-173-700x700.jpg 700w, https:\/\/www.companhiaatlantica.pt\/wp-content\/uploads\/2024\/06\/131-173-100x100.jpg 100w, https:\/\/www.companhiaatlantica.pt\/wp-content\/uploads\/2024\/06\/131-173-400x400.jpg 400w, https:\/\/www.companhiaatlantica.pt\/wp-content\/uploads\/2024\/06\/131-173-350x350.jpg 350w, https:\/\/www.companhiaatlantica.pt\/wp-content\/uploads\/2024\/06\/131-173-768x768.jpg 768w, https:\/\/www.companhiaatlantica.pt\/wp-content\/uploads\/2024\/06\/131-173-600x600.jpg 600w, https:\/\/www.companhiaatlantica.pt\/wp-content\/uploads\/2024\/06\/131-173.jpg 900w\" sizes=\"auto, (max-width: 700px) 100vw, 700px\" title=\"\"><img loading=\"lazy\" decoding=\"async\" width=\"600\" height=\"600\" src=\"https:\/\/www.companhiaatlantica.pt\/wp-content\/uploads\/2021\/10\/IMG_2582.jpg\" class=\"attachment-woocommerce_thumbnail size-woocommerce_thumbnail\" alt=\"MAR Espressotasse \u2013 2er-Set\" srcset=\"https:\/\/www.companhiaatlantica.pt\/wp-content\/uploads\/2021\/10\/IMG_2582.jpg 600w, https:\/\/www.companhiaatlantica.pt\/wp-content\/uploads\/2021\/10\/IMG_2582-100x100.jpg 100w\" sizes=\"auto, (max-width: 600px) 100vw, 600px\" title=\"\">\t\t\t\t\t\t\t\t\t<\/a>\n\t\t\t\t\t\t\t\t\t\t\t\t\t\t\t\t\t\t \t\t\t\t\t\t\t\t<\/div>\n\t\t\t\t\t\t\t\t<div class=\"image-tools top right show-on-hover\">\n\t\t\t\t\t\t\t\t\t\t\t<div class=\"wishlist-icon\">\n\t\t\t<button class=\"wishlist-button button is-outline circle icon\" aria-label=\"Wunschliste\">\n\t\t\t\t<i class=\"icon-heart\" aria-hidden=\"true\"><\/i>\t\t\t<\/button>\n\t\t\t<div class=\"wishlist-popup dark\">\n\t\t\t\t\n<div\n\tclass=\"yith-wcwl-add-to-wishlist add-to-wishlist-59833 yith-wcwl-add-to-wishlist--button_default-style wishlist-fragment on-first-load\"\n\tdata-fragment-ref=\"59833\"\n\tdata-fragment-options=\"{&quot;base_url&quot;:&quot;&quot;,&quot;product_id&quot;:59833,&quot;parent_product_id&quot;:0,&quot;product_type&quot;:&quot;variable&quot;,&quot;is_single&quot;:false,&quot;in_default_wishlist&quot;:false,&quot;show_view&quot;:false,&quot;browse_wishlist_text&quot;:&quot;Siehe Ihre Wunschliste!&quot;,&quot;already_in_wishslist_text&quot;:&quot;Dieses Produkt steht bereits auf Ihrem Wunschzettel!&quot;,&quot;product_added_text&quot;:&quot;Produto adicionado!&quot;,&quot;available_multi_wishlist&quot;:false,&quot;disable_wishlist&quot;:false,&quot;show_count&quot;:false,&quot;ajax_loading&quot;:false,&quot;loop_position&quot;:&quot;after_add_to_cart&quot;,&quot;item&quot;:&quot;add_to_wishlist&quot;}\"\n>\n\t\t\t\n\t\t\t<!-- ADD TO WISHLIST -->\n\t\t\t\n<div class=\"yith-wcwl-add-button\">\n\t\t<a\n\t\thref=\"?add_to_wishlist=59833&#038;_wpnonce=52d31225f0\"\n\t\tclass=\"add_to_wishlist single_add_to_wishlist alt button theme-button-style \"\n\t\tdata-product-id=\"59833\"\n\t\tdata-product-type=\"variable\"\n\t\tdata-original-product-id=\"0\"\n\t\tdata-title=\"Zu meiner Wunschliste hinzuf\u00fcgen\"\n\t\trel=\"nofollow\"\n\t>\n\t\t<svg id=\"yith-wcwl-icon-heart-outline\" class=\"yith-wcwl-icon-svg\" fill=\"none\" stroke-width=\"1.5\" stroke=\"currentColor\" viewBox=\"0 0 24 24\" xmlns=\"http:\/\/www.w3.org\/2000\/svg\">\n  <path stroke-linecap=\"round\" stroke-linejoin=\"round\" d=\"M21 8.25c0-2.485-2.099-4.5-4.688-4.5-1.935 0-3.597 1.126-4.312 2.733-.715-1.607-2.377-2.733-4.313-2.733C5.1 3.75 3 5.765 3 8.25c0 7.22 9 12 9 12s9-4.78 9-12Z\"><\/path>\n<\/svg>\t\t<span>Zu meiner Wunschliste hinzuf\u00fcgen<\/span>\n\t<\/a>\n<\/div>\n\n\t\t\t<!-- COUNT TEXT -->\n\t\t\t\n\t\t\t<\/div>\n\t\t\t<\/div>\n\t\t<\/div>\n\t\t\t\t\t\t\t\t\t\t<\/div>\n\t\t\t\t\t\t\t\t\t\t\t\t\t\t\t\t\t<div class=\"image-tools grid-tools text-center hide-for-small bottom hover-slide-in show-on-hover\">\n\t\t\t\t\t\t\t\t\t\t\t\t\t\t\t\t\t\t\t<\/div>\n\t\t\t\t\t\t\t\t\t\t\t\t\t\t\t\t\t\t\t\t\t\t\t<\/div>\n\n\t\t\t\t\t\t\t<div class=\"box-text text-center\" >\n\t\t\t\t\t\t\t\t<div class=\"title-wrapper\"><p class=\"name product-title woocommerce-loop-product__title\"><a href=\"https:\/\/www.companhiaatlantica.pt\/de\/produto\/portugiesische-keramik\/keramik-kaffeetassen\/mar-espressotasse-2er-set\" class=\"woocommerce-LoopProduct-link woocommerce-loop-product__link\">MAR Espressotasse \u2013 2er-Set<\/a><\/p><\/div><div class=\"price-wrapper\">\n\t<span class=\"price\"><span class=\"woocommerce-Price-amount amount\"><bdi>19.30<span class=\"woocommerce-Price-currencySymbol\">&euro;<\/span><\/bdi><\/span><\/span>\n<\/div><div class=\"add-to-cart-button\"><a href=\"https:\/\/www.companhiaatlantica.pt\/de\/produto\/portugiesische-keramik\/keramik-kaffeetassen\/mar-espressotasse-2er-set\" aria-describedby=\"woocommerce_loop_add_to_cart_link_describedby_59833\" data-quantity=\"1\" class=\"primary is-small mb-0 button product_type_variable add_to_cart_button is-outline\" data-product_id=\"59833\" data-product_sku=\"\" aria-label=\"W\u00e4hle Optionen f\u00fcr \u201eMAR Espressotasse \u2013 2er-Set\u201c\" rel=\"nofollow\" data-product_name=\"MAR Espressotasse \u2013 2er-Set\" data-product_image=\"https:\/\/www.companhiaatlantica.pt\/wp-content\/uploads\/2021\/10\/IMG_2582.jpg\">Ausf\u00fchrung w\u00e4hlen<\/a><\/div>\t<span id=\"woocommerce_loop_add_to_cart_link_describedby_59833\" class=\"screen-reader-text\">\n\t\tDieses Produkt weist mehrere Varianten auf. Die Optionen k\u00f6nnen auf der Produktseite gew\u00e4hlt werden\t<\/span>\n\t\t\t\t\t\t\t<\/div>\n\t\t\t\t\t\t<\/div>\n\t\t\t\t\t\t<\/div>\n\t\t\t\t\t<\/div><div class=\"col\" >\n\t\t\t\t\t\t<div class=\"col-inner\">\n\t\t\t\t\t\t\n<div class=\"badge-container absolute left top z-1\">\n<div class=\"badge callout badge-circle\">\r\n  \t\t\t<div class=\"badge-inner secondary on-sale\">\r\n  \t\t\t\t<span class=\"onsale\">-17%<\/span>\r\n\t\t\t<\/div>\r\n\t\t<\/div>\r\n\t\t<div class=\"badge callout badge-circle\">\r\n\t\t\t<div class=\"badge-inner callout-new-bg is-small new-bubble\">6 pcs<\/div>\r\n\t\t<\/div>\n<div class=\"badge callout badge-circle\"><div class=\"badge-inner callout-new-bg is-small new-bubble\">6 pcs<\/div><\/div><\/div>\n\t\t\t\t\t\t<div class=\"product-small box has-hover box-push box-text-bottom\">\n\t\t\t\t\t\t\t<div class=\"box-image\" >\n\t\t\t\t\t\t\t\t<div class=\"\" >\n\t\t\t\t\t\t\t\t\t<a href=\"https:\/\/www.companhiaatlantica.pt\/de\/produto\/portugiesische-keramik\/keramik-kaffeetassen\/kaffeetassen-halter-6-teilig\" aria-label=\"COMPORTA Kaffeetasse - 6er Set\">\n\t\t\t\t\t\t\t\t\t\t<img loading=\"lazy\" decoding=\"async\" width=\"700\" height=\"700\" src=\"https:\/\/www.companhiaatlantica.pt\/wp-content\/uploads\/2020\/09\/130-695-1-700x700.jpg\" class=\"show-on-hover absolute fill hide-for-small back-image\" alt=\"Alternative view of COMPORTA Kaffeetasse - 6er Set\" aria-hidden=\"true\" srcset=\"https:\/\/www.companhiaatlantica.pt\/wp-content\/uploads\/2020\/09\/130-695-1-700x700.jpg 700w, https:\/\/www.companhiaatlantica.pt\/wp-content\/uploads\/2020\/09\/130-695-1-100x100.jpg 100w, https:\/\/www.companhiaatlantica.pt\/wp-content\/uploads\/2020\/09\/130-695-1-900x900.jpg 900w, https:\/\/www.companhiaatlantica.pt\/wp-content\/uploads\/2020\/09\/130-695-1-300x300.jpg 300w, https:\/\/www.companhiaatlantica.pt\/wp-content\/uploads\/2020\/09\/130-695-1-150x150.jpg 150w, https:\/\/www.companhiaatlantica.pt\/wp-content\/uploads\/2020\/09\/130-695-1-768x768.jpg 768w, https:\/\/www.companhiaatlantica.pt\/wp-content\/uploads\/2020\/09\/130-695-1-600x600.jpg 600w, https:\/\/www.companhiaatlantica.pt\/wp-content\/uploads\/2020\/09\/130-695-1.jpg 1000w\" sizes=\"auto, (max-width: 700px) 100vw, 700px\" title=\"\"><img loading=\"lazy\" decoding=\"async\" width=\"600\" height=\"600\" src=\"https:\/\/www.companhiaatlantica.pt\/wp-content\/uploads\/2020\/10\/IMG_4739.jpg\" class=\"attachment-woocommerce_thumbnail size-woocommerce_thumbnail\" alt=\"COMPORTA Kaffeetasse - 6er Set\" srcset=\"https:\/\/www.companhiaatlantica.pt\/wp-content\/uploads\/2020\/10\/IMG_4739.jpg 600w, https:\/\/www.companhiaatlantica.pt\/wp-content\/uploads\/2020\/10\/IMG_4739-100x100.jpg 100w\" sizes=\"auto, (max-width: 600px) 100vw, 600px\" title=\"\">\t\t\t\t\t\t\t\t\t<\/a>\n\t\t\t\t\t\t\t\t\t\t\t\t\t\t\t\t\t\t \t\t\t\t\t\t\t\t<\/div>\n\t\t\t\t\t\t\t\t<div class=\"image-tools top right show-on-hover\">\n\t\t\t\t\t\t\t\t\t\t\t<div class=\"wishlist-icon\">\n\t\t\t<button class=\"wishlist-button button is-outline circle icon\" aria-label=\"Wunschliste\">\n\t\t\t\t<i class=\"icon-heart\" aria-hidden=\"true\"><\/i>\t\t\t<\/button>\n\t\t\t<div class=\"wishlist-popup dark\">\n\t\t\t\t\n<div\n\tclass=\"yith-wcwl-add-to-wishlist add-to-wishlist-41884 yith-wcwl-add-to-wishlist--button_default-style wishlist-fragment on-first-load\"\n\tdata-fragment-ref=\"41884\"\n\tdata-fragment-options=\"{&quot;base_url&quot;:&quot;&quot;,&quot;product_id&quot;:41884,&quot;parent_product_id&quot;:0,&quot;product_type&quot;:&quot;variable&quot;,&quot;is_single&quot;:false,&quot;in_default_wishlist&quot;:false,&quot;show_view&quot;:false,&quot;browse_wishlist_text&quot;:&quot;Siehe Ihre Wunschliste!&quot;,&quot;already_in_wishslist_text&quot;:&quot;Dieses Produkt steht bereits auf Ihrem Wunschzettel!&quot;,&quot;product_added_text&quot;:&quot;Produto adicionado!&quot;,&quot;available_multi_wishlist&quot;:false,&quot;disable_wishlist&quot;:false,&quot;show_count&quot;:false,&quot;ajax_loading&quot;:false,&quot;loop_position&quot;:&quot;after_add_to_cart&quot;,&quot;item&quot;:&quot;add_to_wishlist&quot;}\"\n>\n\t\t\t\n\t\t\t<!-- ADD TO WISHLIST -->\n\t\t\t\n<div class=\"yith-wcwl-add-button\">\n\t\t<a\n\t\thref=\"?add_to_wishlist=41884&#038;_wpnonce=52d31225f0\"\n\t\tclass=\"add_to_wishlist single_add_to_wishlist alt button theme-button-style \"\n\t\tdata-product-id=\"41884\"\n\t\tdata-product-type=\"variable\"\n\t\tdata-original-product-id=\"0\"\n\t\tdata-title=\"Zu meiner Wunschliste hinzuf\u00fcgen\"\n\t\trel=\"nofollow\"\n\t>\n\t\t<svg id=\"yith-wcwl-icon-heart-outline\" class=\"yith-wcwl-icon-svg\" fill=\"none\" stroke-width=\"1.5\" stroke=\"currentColor\" viewBox=\"0 0 24 24\" xmlns=\"http:\/\/www.w3.org\/2000\/svg\">\n  <path stroke-linecap=\"round\" stroke-linejoin=\"round\" d=\"M21 8.25c0-2.485-2.099-4.5-4.688-4.5-1.935 0-3.597 1.126-4.312 2.733-.715-1.607-2.377-2.733-4.313-2.733C5.1 3.75 3 5.765 3 8.25c0 7.22 9 12 9 12s9-4.78 9-12Z\"><\/path>\n<\/svg>\t\t<span>Zu meiner Wunschliste hinzuf\u00fcgen<\/span>\n\t<\/a>\n<\/div>\n\n\t\t\t<!-- COUNT TEXT -->\n\t\t\t\n\t\t\t<\/div>\n\t\t\t<\/div>\n\t\t<\/div>\n\t\t\t\t\t\t\t\t\t\t<\/div>\n\t\t\t\t\t\t\t\t\t\t\t\t\t\t\t\t\t<div class=\"image-tools grid-tools text-center hide-for-small bottom hover-slide-in show-on-hover\">\n\t\t\t\t\t\t\t\t\t\t\t\t\t\t\t\t\t\t\t<\/div>\n\t\t\t\t\t\t\t\t\t\t\t\t\t\t\t\t\t\t\t\t\t\t\t<\/div>\n\n\t\t\t\t\t\t\t<div class=\"box-text text-center\" >\n\t\t\t\t\t\t\t\t<div class=\"title-wrapper\"><p class=\"name product-title woocommerce-loop-product__title\"><a href=\"https:\/\/www.companhiaatlantica.pt\/de\/produto\/portugiesische-keramik\/keramik-kaffeetassen\/kaffeetassen-halter-6-teilig\" class=\"woocommerce-LoopProduct-link woocommerce-loop-product__link\">COMPORTA Kaffeetasse &#8211; 6er Set<\/a><\/p><\/div><div class=\"price-wrapper\">\n\t<span class=\"price\"><del aria-hidden=\"true\"><span class=\"woocommerce-Price-amount amount\"><bdi>60.00<span class=\"woocommerce-Price-currencySymbol\">&euro;<\/span><\/bdi><\/span><\/del> <span class=\"screen-reader-text\">Urspr\u00fcnglicher Preis war: 60.00&euro;<\/span><ins aria-hidden=\"true\"><span class=\"woocommerce-Price-amount amount\"><bdi>50.00<span class=\"woocommerce-Price-currencySymbol\">&euro;<\/span><\/bdi><\/span><\/ins><span class=\"screen-reader-text\">Aktueller Preis ist: 50.00&euro;.<\/span><\/span>\n<\/div>\t<span id=\"woocommerce_loop_add_to_cart_link_describedby_41884\" class=\"screen-reader-text\">\n\t\tDieses Produkt weist mehrere Varianten auf. Die Optionen k\u00f6nnen auf der Produktseite gew\u00e4hlt werden\t<\/span>\n\t\t\t\t\t\t\t<\/div>\n\t\t\t\t\t\t<\/div>\n\t\t\t\t\t\t<\/div>\n\t\t\t\t\t<\/div><div class=\"col\" >\n\t\t\t\t\t\t<div class=\"col-inner\">\n\t\t\t\t\t\t\n<div class=\"badge-container absolute left top z-1\">\n<div class=\"badge callout badge-circle\">\r\n  \t\t\t<div class=\"badge-inner secondary on-sale\">\r\n  \t\t\t\t<span class=\"onsale\">-16%<\/span>\r\n\t\t\t<\/div>\r\n\t\t<\/div>\r\n\t\t<div class=\"badge callout badge-circle\">\r\n\t\t\t<div class=\"badge-inner callout-new-bg is-small new-bubble\">6 pcs<\/div>\r\n\t\t<\/div>\n<div class=\"badge callout badge-circle\"><div class=\"badge-inner callout-new-bg is-small new-bubble\">6 pcs<\/div><\/div><\/div>\n\t\t\t\t\t\t<div class=\"product-small box has-hover box-push box-text-bottom\">\n\t\t\t\t\t\t\t<div class=\"box-image\" >\n\t\t\t\t\t\t\t\t<div class=\"\" >\n\t\t\t\t\t\t\t\t\t<a href=\"https:\/\/www.companhiaatlantica.pt\/de\/produto\/portugiesische-keramik\/keramik-kaffeetassen\/melides-sweet-keramik-kaffeetasse-6er-set\" aria-label=\"MELIDES Sweet Keramik-Kaffeetasse - 6er-Set\">\n\t\t\t\t\t\t\t\t\t\t<img loading=\"lazy\" decoding=\"async\" width=\"700\" height=\"700\" src=\"https:\/\/www.companhiaatlantica.pt\/wp-content\/uploads\/2022\/06\/130-968_S3-700x700.jpg\" class=\"show-on-hover absolute fill hide-for-small back-image\" alt=\"Alternative view of MELIDES Sweet Keramik-Kaffeetasse - 6er-Set\" aria-hidden=\"true\" srcset=\"https:\/\/www.companhiaatlantica.pt\/wp-content\/uploads\/2022\/06\/130-968_S3-700x700.jpg 700w, https:\/\/www.companhiaatlantica.pt\/wp-content\/uploads\/2022\/06\/130-968_S3-100x100.jpg 100w, https:\/\/www.companhiaatlantica.pt\/wp-content\/uploads\/2022\/06\/130-968_S3-900x900.jpg 900w, https:\/\/www.companhiaatlantica.pt\/wp-content\/uploads\/2022\/06\/130-968_S3-300x300.jpg 300w, https:\/\/www.companhiaatlantica.pt\/wp-content\/uploads\/2022\/06\/130-968_S3-150x150.jpg 150w, https:\/\/www.companhiaatlantica.pt\/wp-content\/uploads\/2022\/06\/130-968_S3-768x768.jpg 768w, https:\/\/www.companhiaatlantica.pt\/wp-content\/uploads\/2022\/06\/130-968_S3-600x600.jpg 600w, https:\/\/www.companhiaatlantica.pt\/wp-content\/uploads\/2022\/06\/130-968_S3.jpg 1000w\" sizes=\"auto, (max-width: 700px) 100vw, 700px\" title=\"\"><img loading=\"lazy\" decoding=\"async\" width=\"600\" height=\"600\" src=\"https:\/\/www.companhiaatlantica.pt\/wp-content\/uploads\/2022\/06\/melides_sweet_multicolor_mood_1x1_web.jpg\" class=\"attachment-woocommerce_thumbnail size-woocommerce_thumbnail\" alt=\"MELIDES Sweet Keramik-Kaffeetasse - 6er-Set\" srcset=\"https:\/\/www.companhiaatlantica.pt\/wp-content\/uploads\/2022\/06\/melides_sweet_multicolor_mood_1x1_web.jpg 600w, https:\/\/www.companhiaatlantica.pt\/wp-content\/uploads\/2022\/06\/melides_sweet_multicolor_mood_1x1_web-100x100.jpg 100w\" sizes=\"auto, (max-width: 600px) 100vw, 600px\" title=\"\">\t\t\t\t\t\t\t\t\t<\/a>\n\t\t\t\t\t\t\t\t\t\t\t\t\t\t\t\t\t\t \t\t\t\t\t\t\t\t<\/div>\n\t\t\t\t\t\t\t\t<div class=\"image-tools top right show-on-hover\">\n\t\t\t\t\t\t\t\t\t\t\t<div class=\"wishlist-icon\">\n\t\t\t<button class=\"wishlist-button button is-outline circle icon\" aria-label=\"Wunschliste\">\n\t\t\t\t<i class=\"icon-heart\" aria-hidden=\"true\"><\/i>\t\t\t<\/button>\n\t\t\t<div class=\"wishlist-popup dark\">\n\t\t\t\t\n<div\n\tclass=\"yith-wcwl-add-to-wishlist add-to-wishlist-41124 yith-wcwl-add-to-wishlist--button_default-style wishlist-fragment on-first-load\"\n\tdata-fragment-ref=\"41124\"\n\tdata-fragment-options=\"{&quot;base_url&quot;:&quot;&quot;,&quot;product_id&quot;:41124,&quot;parent_product_id&quot;:0,&quot;product_type&quot;:&quot;variable&quot;,&quot;is_single&quot;:false,&quot;in_default_wishlist&quot;:false,&quot;show_view&quot;:false,&quot;browse_wishlist_text&quot;:&quot;Siehe Ihre Wunschliste!&quot;,&quot;already_in_wishslist_text&quot;:&quot;Dieses Produkt steht bereits auf Ihrem Wunschzettel!&quot;,&quot;product_added_text&quot;:&quot;Produto adicionado!&quot;,&quot;available_multi_wishlist&quot;:false,&quot;disable_wishlist&quot;:false,&quot;show_count&quot;:false,&quot;ajax_loading&quot;:false,&quot;loop_position&quot;:&quot;after_add_to_cart&quot;,&quot;item&quot;:&quot;add_to_wishlist&quot;}\"\n>\n\t\t\t\n\t\t\t<!-- ADD TO WISHLIST -->\n\t\t\t\n<div class=\"yith-wcwl-add-button\">\n\t\t<a\n\t\thref=\"?add_to_wishlist=41124&#038;_wpnonce=52d31225f0\"\n\t\tclass=\"add_to_wishlist single_add_to_wishlist alt button theme-button-style \"\n\t\tdata-product-id=\"41124\"\n\t\tdata-product-type=\"variable\"\n\t\tdata-original-product-id=\"0\"\n\t\tdata-title=\"Zu meiner Wunschliste hinzuf\u00fcgen\"\n\t\trel=\"nofollow\"\n\t>\n\t\t<svg id=\"yith-wcwl-icon-heart-outline\" class=\"yith-wcwl-icon-svg\" fill=\"none\" stroke-width=\"1.5\" stroke=\"currentColor\" viewBox=\"0 0 24 24\" xmlns=\"http:\/\/www.w3.org\/2000\/svg\">\n  <path stroke-linecap=\"round\" stroke-linejoin=\"round\" d=\"M21 8.25c0-2.485-2.099-4.5-4.688-4.5-1.935 0-3.597 1.126-4.312 2.733-.715-1.607-2.377-2.733-4.313-2.733C5.1 3.75 3 5.765 3 8.25c0 7.22 9 12 9 12s9-4.78 9-12Z\"><\/path>\n<\/svg>\t\t<span>Zu meiner Wunschliste hinzuf\u00fcgen<\/span>\n\t<\/a>\n<\/div>\n\n\t\t\t<!-- COUNT TEXT -->\n\t\t\t\n\t\t\t<\/div>\n\t\t\t<\/div>\n\t\t<\/div>\n\t\t\t\t\t\t\t\t\t\t<\/div>\n\t\t\t\t\t\t\t\t\t\t\t\t\t\t\t\t\t<div class=\"image-tools grid-tools text-center hide-for-small bottom hover-slide-in show-on-hover\">\n\t\t\t\t\t\t\t\t\t\t\t\t\t\t\t\t\t\t\t<\/div>\n\t\t\t\t\t\t\t\t\t\t\t\t\t\t\t\t\t\t\t\t\t\t\t<\/div>\n\n\t\t\t\t\t\t\t<div class=\"box-text text-center\" >\n\t\t\t\t\t\t\t\t<div class=\"title-wrapper\"><p class=\"name product-title woocommerce-loop-product__title\"><a href=\"https:\/\/www.companhiaatlantica.pt\/de\/produto\/portugiesische-keramik\/keramik-kaffeetassen\/melides-sweet-keramik-kaffeetasse-6er-set\" class=\"woocommerce-LoopProduct-link woocommerce-loop-product__link\">MELIDES Sweet Keramik-Kaffeetasse &#8211; 6er-Set<\/a><\/p><\/div><div class=\"price-wrapper\">\n\t<span class=\"price\"><del aria-hidden=\"true\"><span class=\"woocommerce-Price-amount amount\"><bdi>59.70<span class=\"woocommerce-Price-currencySymbol\">&euro;<\/span><\/bdi><\/span><\/del> <span class=\"screen-reader-text\">Urspr\u00fcnglicher Preis war: 59.70&euro;<\/span><ins aria-hidden=\"true\"><span class=\"woocommerce-Price-amount amount\"><bdi>49.90<span class=\"woocommerce-Price-currencySymbol\">&euro;<\/span><\/bdi><\/span><\/ins><span class=\"screen-reader-text\">Aktueller Preis ist: 49.90&euro;.<\/span><\/span>\n<\/div>\t<span id=\"woocommerce_loop_add_to_cart_link_describedby_41124\" class=\"screen-reader-text\">\n\t\tDieses Produkt weist mehrere Varianten auf. Die Optionen k\u00f6nnen auf der Produktseite gew\u00e4hlt werden\t<\/span>\n\t\t\t\t\t\t\t<\/div>\n\t\t\t\t\t\t<\/div>\n\t\t\t\t\t\t<\/div>\n\t\t\t\t\t<\/div><div class=\"col\" >\n\t\t\t\t\t\t<div class=\"col-inner\">\n\t\t\t\t\t\t\n<div class=\"badge-container absolute left top z-1\">\n\n<div class=\"badge callout badge-circle\"><div class=\"badge-inner callout-new-bg is-small new-bubble\">2 pcs<\/div><\/div><\/div>\n\t\t\t\t\t\t<div class=\"product-small box has-hover box-push box-text-bottom\">\n\t\t\t\t\t\t\t<div class=\"box-image\" >\n\t\t\t\t\t\t\t\t<div class=\"\" >\n\t\t\t\t\t\t\t\t\t<a href=\"https:\/\/www.companhiaatlantica.pt\/de\/produto\/portugiesische-keramik\/keramik-kaffeetassen\/breezy-espresso-kaffeetasse-set-mit-2\" aria-label=\"BREEZY Espresso Kaffeetasse - Set mit 2\">\n\t\t\t\t\t\t\t\t\t\t<img loading=\"lazy\" decoding=\"async\" width=\"600\" height=\"600\" src=\"https:\/\/www.companhiaatlantica.pt\/wp-content\/uploads\/2021\/03\/DSC1779.jpg\" class=\"show-on-hover absolute fill hide-for-small back-image\" alt=\"Alternative view of BREEZY Espresso Kaffeetasse - Set mit 2\" aria-hidden=\"true\" srcset=\"https:\/\/www.companhiaatlantica.pt\/wp-content\/uploads\/2021\/03\/DSC1779.jpg 600w, https:\/\/www.companhiaatlantica.pt\/wp-content\/uploads\/2021\/03\/DSC1779-100x100.jpg 100w\" sizes=\"auto, (max-width: 600px) 100vw, 600px\" title=\"\"><img loading=\"lazy\" decoding=\"async\" width=\"600\" height=\"450\" src=\"https:\/\/www.companhiaatlantica.pt\/wp-content\/uploads\/2021\/03\/IMG_5250-600x450.jpg\" class=\"attachment-woocommerce_thumbnail size-woocommerce_thumbnail\" alt=\"BREEZY Espresso Kaffeetasse - Set mit 2\" title=\"\">\t\t\t\t\t\t\t\t\t<\/a>\n\t\t\t\t\t\t\t\t\t\t\t\t\t\t\t\t\t\t \t\t\t\t\t\t\t\t<\/div>\n\t\t\t\t\t\t\t\t<div class=\"image-tools top right show-on-hover\">\n\t\t\t\t\t\t\t\t\t\t\t<div class=\"wishlist-icon\">\n\t\t\t<button class=\"wishlist-button button is-outline circle icon\" aria-label=\"Wunschliste\">\n\t\t\t\t<i class=\"icon-heart\" aria-hidden=\"true\"><\/i>\t\t\t<\/button>\n\t\t\t<div class=\"wishlist-popup dark\">\n\t\t\t\t\n<div\n\tclass=\"yith-wcwl-add-to-wishlist add-to-wishlist-49678 yith-wcwl-add-to-wishlist--button_default-style wishlist-fragment on-first-load\"\n\tdata-fragment-ref=\"49678\"\n\tdata-fragment-options=\"{&quot;base_url&quot;:&quot;&quot;,&quot;product_id&quot;:49678,&quot;parent_product_id&quot;:0,&quot;product_type&quot;:&quot;variable&quot;,&quot;is_single&quot;:false,&quot;in_default_wishlist&quot;:false,&quot;show_view&quot;:false,&quot;browse_wishlist_text&quot;:&quot;Siehe Ihre Wunschliste!&quot;,&quot;already_in_wishslist_text&quot;:&quot;Dieses Produkt steht bereits auf Ihrem Wunschzettel!&quot;,&quot;product_added_text&quot;:&quot;Produto adicionado!&quot;,&quot;available_multi_wishlist&quot;:false,&quot;disable_wishlist&quot;:false,&quot;show_count&quot;:false,&quot;ajax_loading&quot;:false,&quot;loop_position&quot;:&quot;after_add_to_cart&quot;,&quot;item&quot;:&quot;add_to_wishlist&quot;}\"\n>\n\t\t\t\n\t\t\t<!-- ADD TO WISHLIST -->\n\t\t\t\n<div class=\"yith-wcwl-add-button\">\n\t\t<a\n\t\thref=\"?add_to_wishlist=49678&#038;_wpnonce=52d31225f0\"\n\t\tclass=\"add_to_wishlist single_add_to_wishlist alt button theme-button-style \"\n\t\tdata-product-id=\"49678\"\n\t\tdata-product-type=\"variable\"\n\t\tdata-original-product-id=\"0\"\n\t\tdata-title=\"Zu meiner Wunschliste hinzuf\u00fcgen\"\n\t\trel=\"nofollow\"\n\t>\n\t\t<svg id=\"yith-wcwl-icon-heart-outline\" class=\"yith-wcwl-icon-svg\" fill=\"none\" stroke-width=\"1.5\" stroke=\"currentColor\" viewBox=\"0 0 24 24\" xmlns=\"http:\/\/www.w3.org\/2000\/svg\">\n  <path stroke-linecap=\"round\" stroke-linejoin=\"round\" d=\"M21 8.25c0-2.485-2.099-4.5-4.688-4.5-1.935 0-3.597 1.126-4.312 2.733-.715-1.607-2.377-2.733-4.313-2.733C5.1 3.75 3 5.765 3 8.25c0 7.22 9 12 9 12s9-4.78 9-12Z\"><\/path>\n<\/svg>\t\t<span>Zu meiner Wunschliste hinzuf\u00fcgen<\/span>\n\t<\/a>\n<\/div>\n\n\t\t\t<!-- COUNT TEXT -->\n\t\t\t\n\t\t\t<\/div>\n\t\t\t<\/div>\n\t\t<\/div>\n\t\t\t\t\t\t\t\t\t\t<\/div>\n\t\t\t\t\t\t\t\t\t\t\t\t\t\t\t\t\t<div class=\"image-tools grid-tools text-center hide-for-small bottom hover-slide-in show-on-hover\">\n\t\t\t\t\t\t\t\t\t\t\t\t\t\t\t\t\t\t\t<\/div>\n\t\t\t\t\t\t\t\t\t\t\t\t\t\t\t\t\t\t\t\t\t\t\t<\/div>\n\n\t\t\t\t\t\t\t<div class=\"box-text text-center\" >\n\t\t\t\t\t\t\t\t<div class=\"title-wrapper\"><p class=\"name product-title woocommerce-loop-product__title\"><a href=\"https:\/\/www.companhiaatlantica.pt\/de\/produto\/portugiesische-keramik\/keramik-kaffeetassen\/breezy-espresso-kaffeetasse-set-mit-2\" class=\"woocommerce-LoopProduct-link woocommerce-loop-product__link\">BREEZY Espresso Kaffeetasse &#8211; Set mit 2<\/a><\/p><\/div><div class=\"price-wrapper\">\n\t<span class=\"price\"><span class=\"woocommerce-Price-amount amount\" aria-hidden=\"true\"><bdi>18.00<span class=\"woocommerce-Price-currencySymbol\">&euro;<\/span><\/bdi><\/span> <span aria-hidden=\"true\"> \u2013 <\/span> <span class=\"woocommerce-Price-amount amount\" aria-hidden=\"true\"><bdi>18.90<span class=\"woocommerce-Price-currencySymbol\">&euro;<\/span><\/bdi><\/span><span class=\"screen-reader-text\">Preisspanne: 18.00&euro; bis 18.90&euro;<\/span><\/span>\n<\/div><div class=\"add-to-cart-button\"><a href=\"https:\/\/www.companhiaatlantica.pt\/de\/produto\/portugiesische-keramik\/keramik-kaffeetassen\/breezy-espresso-kaffeetasse-set-mit-2\" aria-describedby=\"woocommerce_loop_add_to_cart_link_describedby_49678\" data-quantity=\"1\" class=\"primary is-small mb-0 button product_type_variable add_to_cart_button is-outline\" data-product_id=\"49678\" data-product_sku=\"\" aria-label=\"W\u00e4hle Optionen f\u00fcr \u201eBREEZY Espresso Kaffeetasse - Set mit 2\u201c\" rel=\"nofollow\" data-product_name=\"BREEZY Espresso Kaffeetasse - Set mit 2\" data-product_image=\"https:\/\/www.companhiaatlantica.pt\/wp-content\/uploads\/2021\/03\/IMG_5250-150x150.jpg\">Ausf\u00fchrung w\u00e4hlen<\/a><\/div>\t<span id=\"woocommerce_loop_add_to_cart_link_describedby_49678\" class=\"screen-reader-text\">\n\t\tDieses Produkt weist mehrere Varianten auf. Die Optionen k\u00f6nnen auf der Produktseite gew\u00e4hlt werden\t<\/span>\n\t\t\t\t\t\t\t<\/div>\n\t\t\t\t\t\t<\/div>\n\t\t\t\t\t\t<\/div>\n\t\t\t\t\t<\/div><div class=\"col\" >\n\t\t\t\t\t\t<div class=\"col-inner\">\n\t\t\t\t\t\t\n<div class=\"badge-container absolute left top z-1\">\n\n<div class=\"badge callout badge-circle\"><div class=\"badge-inner callout-new-bg is-small new-bubble\">2 pcs<\/div><\/div><\/div>\n\t\t\t\t\t\t<div class=\"product-small box has-hover box-push box-text-bottom\">\n\t\t\t\t\t\t\t<div class=\"box-image\" >\n\t\t\t\t\t\t\t\t<div class=\"\" >\n\t\t\t\t\t\t\t\t\t<a href=\"https:\/\/www.companhiaatlantica.pt\/de\/produto\/portugiesische-keramik\/keramik-kaffeetassen\/kaffeetasse-melides-sweet-set-2\" aria-label=\"Kaffeetasse MELIDES SWEET - Set mit 2\">\n\t\t\t\t\t\t\t\t\t\t<img loading=\"lazy\" decoding=\"async\" width=\"700\" height=\"700\" src=\"https:\/\/www.companhiaatlantica.pt\/wp-content\/uploads\/2022\/06\/130-968-a-700x700.jpg\" class=\"show-on-hover absolute fill hide-for-small back-image\" alt=\"Alternative view of Kaffeetasse MELIDES SWEET - Set mit 2\" aria-hidden=\"true\" srcset=\"https:\/\/www.companhiaatlantica.pt\/wp-content\/uploads\/2022\/06\/130-968-a-700x700.jpg 700w, https:\/\/www.companhiaatlantica.pt\/wp-content\/uploads\/2022\/06\/130-968-a-100x100.jpg 100w, https:\/\/www.companhiaatlantica.pt\/wp-content\/uploads\/2022\/06\/130-968-a-900x900.jpg 900w, https:\/\/www.companhiaatlantica.pt\/wp-content\/uploads\/2022\/06\/130-968-a-300x300.jpg 300w, https:\/\/www.companhiaatlantica.pt\/wp-content\/uploads\/2022\/06\/130-968-a-150x150.jpg 150w, https:\/\/www.companhiaatlantica.pt\/wp-content\/uploads\/2022\/06\/130-968-a-768x768.jpg 768w, https:\/\/www.companhiaatlantica.pt\/wp-content\/uploads\/2022\/06\/130-968-a-600x600.jpg 600w, https:\/\/www.companhiaatlantica.pt\/wp-content\/uploads\/2022\/06\/130-968-a.jpg 1000w\" sizes=\"auto, (max-width: 700px) 100vw, 700px\" title=\"\"><img loading=\"lazy\" decoding=\"async\" width=\"700\" height=\"700\" src=\"https:\/\/www.companhiaatlantica.pt\/wp-content\/uploads\/2022\/06\/130-968_S3-1-700x700.jpg\" class=\"attachment-woocommerce_thumbnail size-woocommerce_thumbnail\" alt=\"Kaffeetasse MELIDES SWEET - Set mit 2\" srcset=\"https:\/\/www.companhiaatlantica.pt\/wp-content\/uploads\/2022\/06\/130-968_S3-1-700x700.jpg 700w, https:\/\/www.companhiaatlantica.pt\/wp-content\/uploads\/2022\/06\/130-968_S3-1-100x100.jpg 100w, https:\/\/www.companhiaatlantica.pt\/wp-content\/uploads\/2022\/06\/130-968_S3-1-900x900.jpg 900w, https:\/\/www.companhiaatlantica.pt\/wp-content\/uploads\/2022\/06\/130-968_S3-1-400x400.jpg 400w, https:\/\/www.companhiaatlantica.pt\/wp-content\/uploads\/2022\/06\/130-968_S3-1-350x350.jpg 350w, https:\/\/www.companhiaatlantica.pt\/wp-content\/uploads\/2022\/06\/130-968_S3-1-768x768.jpg 768w, https:\/\/www.companhiaatlantica.pt\/wp-content\/uploads\/2022\/06\/130-968_S3-1.jpg 1000w\" sizes=\"auto, (max-width: 700px) 100vw, 700px\" title=\"\">\t\t\t\t\t\t\t\t\t<\/a>\n\t\t\t\t\t\t\t\t\t\t\t\t\t\t\t\t\t\t \t\t\t\t\t\t\t\t<\/div>\n\t\t\t\t\t\t\t\t<div class=\"image-tools top right show-on-hover\">\n\t\t\t\t\t\t\t\t\t\t\t<div class=\"wishlist-icon\">\n\t\t\t<button class=\"wishlist-button button is-outline circle icon\" aria-label=\"Wunschliste\">\n\t\t\t\t<i class=\"icon-heart\" aria-hidden=\"true\"><\/i>\t\t\t<\/button>\n\t\t\t<div class=\"wishlist-popup dark\">\n\t\t\t\t\n<div\n\tclass=\"yith-wcwl-add-to-wishlist add-to-wishlist-41125 yith-wcwl-add-to-wishlist--button_default-style wishlist-fragment on-first-load\"\n\tdata-fragment-ref=\"41125\"\n\tdata-fragment-options=\"{&quot;base_url&quot;:&quot;&quot;,&quot;product_id&quot;:41125,&quot;parent_product_id&quot;:0,&quot;product_type&quot;:&quot;variable&quot;,&quot;is_single&quot;:false,&quot;in_default_wishlist&quot;:false,&quot;show_view&quot;:false,&quot;browse_wishlist_text&quot;:&quot;Siehe Ihre Wunschliste!&quot;,&quot;already_in_wishslist_text&quot;:&quot;Dieses Produkt steht bereits auf Ihrem Wunschzettel!&quot;,&quot;product_added_text&quot;:&quot;Produto adicionado!&quot;,&quot;available_multi_wishlist&quot;:false,&quot;disable_wishlist&quot;:false,&quot;show_count&quot;:false,&quot;ajax_loading&quot;:false,&quot;loop_position&quot;:&quot;after_add_to_cart&quot;,&quot;item&quot;:&quot;add_to_wishlist&quot;}\"\n>\n\t\t\t\n\t\t\t<!-- ADD TO WISHLIST -->\n\t\t\t\n<div class=\"yith-wcwl-add-button\">\n\t\t<a\n\t\thref=\"?add_to_wishlist=41125&#038;_wpnonce=52d31225f0\"\n\t\tclass=\"add_to_wishlist single_add_to_wishlist alt button theme-button-style \"\n\t\tdata-product-id=\"41125\"\n\t\tdata-product-type=\"variable\"\n\t\tdata-original-product-id=\"0\"\n\t\tdata-title=\"Zu meiner Wunschliste hinzuf\u00fcgen\"\n\t\trel=\"nofollow\"\n\t>\n\t\t<svg id=\"yith-wcwl-icon-heart-outline\" class=\"yith-wcwl-icon-svg\" fill=\"none\" stroke-width=\"1.5\" stroke=\"currentColor\" viewBox=\"0 0 24 24\" xmlns=\"http:\/\/www.w3.org\/2000\/svg\">\n  <path stroke-linecap=\"round\" stroke-linejoin=\"round\" d=\"M21 8.25c0-2.485-2.099-4.5-4.688-4.5-1.935 0-3.597 1.126-4.312 2.733-.715-1.607-2.377-2.733-4.313-2.733C5.1 3.75 3 5.765 3 8.25c0 7.22 9 12 9 12s9-4.78 9-12Z\"><\/path>\n<\/svg>\t\t<span>Zu meiner Wunschliste hinzuf\u00fcgen<\/span>\n\t<\/a>\n<\/div>\n\n\t\t\t<!-- COUNT TEXT -->\n\t\t\t\n\t\t\t<\/div>\n\t\t\t<\/div>\n\t\t<\/div>\n\t\t\t\t\t\t\t\t\t\t<\/div>\n\t\t\t\t\t\t\t\t\t\t\t\t\t\t\t\t\t<div class=\"image-tools grid-tools text-center hide-for-small bottom hover-slide-in show-on-hover\">\n\t\t\t\t\t\t\t\t\t\t\t\t\t\t\t\t\t\t\t<\/div>\n\t\t\t\t\t\t\t\t\t\t\t\t\t\t\t\t\t\t\t\t\t\t\t<\/div>\n\n\t\t\t\t\t\t\t<div class=\"box-text text-center\" >\n\t\t\t\t\t\t\t\t<div class=\"title-wrapper\"><p class=\"name product-title woocommerce-loop-product__title\"><a href=\"https:\/\/www.companhiaatlantica.pt\/de\/produto\/portugiesische-keramik\/keramik-kaffeetassen\/kaffeetasse-melides-sweet-set-2\" class=\"woocommerce-LoopProduct-link woocommerce-loop-product__link\">Kaffeetasse MELIDES SWEET &#8211; Set mit 2<\/a><\/p><\/div><div class=\"price-wrapper\">\n\t<span class=\"price\"><span class=\"woocommerce-Price-amount amount\"><bdi>20.90<span class=\"woocommerce-Price-currencySymbol\">&euro;<\/span><\/bdi><\/span><\/span>\n<\/div><div class=\"add-to-cart-button\"><a href=\"https:\/\/www.companhiaatlantica.pt\/de\/produto\/portugiesische-keramik\/keramik-kaffeetassen\/kaffeetasse-melides-sweet-set-2\" aria-describedby=\"woocommerce_loop_add_to_cart_link_describedby_41125\" data-quantity=\"1\" class=\"primary is-small mb-0 button product_type_variable add_to_cart_button is-outline\" data-product_id=\"41125\" data-product_sku=\"\" aria-label=\"W\u00e4hle Optionen f\u00fcr \u201eKaffeetasse MELIDES SWEET - Set mit 2\u201c\" rel=\"nofollow\" data-product_name=\"Kaffeetasse MELIDES SWEET - Set mit 2\" data-product_image=\"https:\/\/www.companhiaatlantica.pt\/wp-content\/uploads\/2022\/06\/130-968_S3-1-350x350.jpg\">Ausf\u00fchrung w\u00e4hlen<\/a><\/div>\t<span id=\"woocommerce_loop_add_to_cart_link_describedby_41125\" class=\"screen-reader-text\">\n\t\tDieses Produkt weist mehrere Varianten auf. Die Optionen k\u00f6nnen auf der Produktseite gew\u00e4hlt werden\t<\/span>\n\t\t\t\t\t\t\t<\/div>\n\t\t\t\t\t\t<\/div>\n\t\t\t\t\t\t<\/div>\n\t\t\t\t\t<\/div><div class=\"col\" >\n\t\t\t\t\t\t<div class=\"col-inner\">\n\t\t\t\t\t\t\n<div class=\"badge-container absolute left top z-1\">\n\n<\/div>\n\t\t\t\t\t\t<div class=\"product-small box has-hover box-push box-text-bottom\">\n\t\t\t\t\t\t\t<div class=\"box-image\" >\n\t\t\t\t\t\t\t\t<div class=\"\" >\n\t\t\t\t\t\t\t\t\t<a href=\"https:\/\/www.companhiaatlantica.pt\/de\/produto\/portugiesische-keramik\/keramik-kaffeetassen\/aroma-espressotassen-set-2\" aria-label=\"AROMA Espressotassen - 2er-Set\">\n\t\t\t\t\t\t\t\t\t\t<img loading=\"lazy\" decoding=\"async\" width=\"700\" height=\"675\" src=\"https:\/\/www.companhiaatlantica.pt\/wp-content\/uploads\/2023\/06\/AROMA17-e1686563032970-700x675.jpg\" class=\"show-on-hover absolute fill hide-for-small back-image\" alt=\"Alternative view of AROMA Espressotassen - 2er-Set\" aria-hidden=\"true\" title=\"\"><img loading=\"lazy\" decoding=\"async\" width=\"700\" height=\"700\" src=\"https:\/\/www.companhiaatlantica.pt\/wp-content\/uploads\/2023\/06\/copos_aroma_mood_2-700x700.jpg\" class=\"attachment-woocommerce_thumbnail size-woocommerce_thumbnail\" alt=\"AROMA Espressotassen - 2er-Set\" srcset=\"https:\/\/www.companhiaatlantica.pt\/wp-content\/uploads\/2023\/06\/copos_aroma_mood_2-700x700.jpg 700w, https:\/\/www.companhiaatlantica.pt\/wp-content\/uploads\/2023\/06\/copos_aroma_mood_2-100x100.jpg 100w, https:\/\/www.companhiaatlantica.pt\/wp-content\/uploads\/2023\/06\/copos_aroma_mood_2-900x900.jpg 900w, https:\/\/www.companhiaatlantica.pt\/wp-content\/uploads\/2023\/06\/copos_aroma_mood_2-300x300.jpg 300w, https:\/\/www.companhiaatlantica.pt\/wp-content\/uploads\/2023\/06\/copos_aroma_mood_2-150x150.jpg 150w, https:\/\/www.companhiaatlantica.pt\/wp-content\/uploads\/2023\/06\/copos_aroma_mood_2-768x768.jpg 768w, https:\/\/www.companhiaatlantica.pt\/wp-content\/uploads\/2023\/06\/copos_aroma_mood_2-600x600.jpg 600w, https:\/\/www.companhiaatlantica.pt\/wp-content\/uploads\/2023\/06\/copos_aroma_mood_2.jpg 1000w\" sizes=\"auto, (max-width: 700px) 100vw, 700px\" title=\"\">\t\t\t\t\t\t\t\t\t<\/a>\n\t\t\t\t\t\t\t\t\t\t\t\t\t\t\t\t\t\t \t\t\t\t\t\t\t\t<\/div>\n\t\t\t\t\t\t\t\t<div class=\"image-tools top right show-on-hover\">\n\t\t\t\t\t\t\t\t\t\t\t<div class=\"wishlist-icon\">\n\t\t\t<button class=\"wishlist-button button is-outline circle icon\" aria-label=\"Wunschliste\">\n\t\t\t\t<i class=\"icon-heart\" aria-hidden=\"true\"><\/i>\t\t\t<\/button>\n\t\t\t<div class=\"wishlist-popup dark\">\n\t\t\t\t\n<div\n\tclass=\"yith-wcwl-add-to-wishlist add-to-wishlist-40775 yith-wcwl-add-to-wishlist--button_default-style wishlist-fragment on-first-load\"\n\tdata-fragment-ref=\"40775\"\n\tdata-fragment-options=\"{&quot;base_url&quot;:&quot;&quot;,&quot;product_id&quot;:40775,&quot;parent_product_id&quot;:0,&quot;product_type&quot;:&quot;variable&quot;,&quot;is_single&quot;:false,&quot;in_default_wishlist&quot;:false,&quot;show_view&quot;:false,&quot;browse_wishlist_text&quot;:&quot;Siehe Ihre Wunschliste!&quot;,&quot;already_in_wishslist_text&quot;:&quot;Dieses Produkt steht bereits auf Ihrem Wunschzettel!&quot;,&quot;product_added_text&quot;:&quot;Produto adicionado!&quot;,&quot;available_multi_wishlist&quot;:false,&quot;disable_wishlist&quot;:false,&quot;show_count&quot;:false,&quot;ajax_loading&quot;:false,&quot;loop_position&quot;:&quot;after_add_to_cart&quot;,&quot;item&quot;:&quot;add_to_wishlist&quot;}\"\n>\n\t\t\t\n\t\t\t<!-- ADD TO WISHLIST -->\n\t\t\t\n<div class=\"yith-wcwl-add-button\">\n\t\t<a\n\t\thref=\"?add_to_wishlist=40775&#038;_wpnonce=52d31225f0\"\n\t\tclass=\"add_to_wishlist single_add_to_wishlist alt button theme-button-style \"\n\t\tdata-product-id=\"40775\"\n\t\tdata-product-type=\"variable\"\n\t\tdata-original-product-id=\"0\"\n\t\tdata-title=\"Zu meiner Wunschliste hinzuf\u00fcgen\"\n\t\trel=\"nofollow\"\n\t>\n\t\t<svg id=\"yith-wcwl-icon-heart-outline\" class=\"yith-wcwl-icon-svg\" fill=\"none\" stroke-width=\"1.5\" stroke=\"currentColor\" viewBox=\"0 0 24 24\" xmlns=\"http:\/\/www.w3.org\/2000\/svg\">\n  <path stroke-linecap=\"round\" stroke-linejoin=\"round\" d=\"M21 8.25c0-2.485-2.099-4.5-4.688-4.5-1.935 0-3.597 1.126-4.312 2.733-.715-1.607-2.377-2.733-4.313-2.733C5.1 3.75 3 5.765 3 8.25c0 7.22 9 12 9 12s9-4.78 9-12Z\"><\/path>\n<\/svg>\t\t<span>Zu meiner Wunschliste hinzuf\u00fcgen<\/span>\n\t<\/a>\n<\/div>\n\n\t\t\t<!-- COUNT TEXT -->\n\t\t\t\n\t\t\t<\/div>\n\t\t\t<\/div>\n\t\t<\/div>\n\t\t\t\t\t\t\t\t\t\t<\/div>\n\t\t\t\t\t\t\t\t\t\t\t\t\t\t\t\t\t<div class=\"image-tools grid-tools text-center hide-for-small bottom hover-slide-in show-on-hover\">\n\t\t\t\t\t\t\t\t\t\t\t\t\t\t\t\t\t\t\t<\/div>\n\t\t\t\t\t\t\t\t\t\t\t\t\t\t\t\t\t\t\t\t\t\t\t<\/div>\n\n\t\t\t\t\t\t\t<div class=\"box-text text-center\" >\n\t\t\t\t\t\t\t\t<div class=\"title-wrapper\"><p class=\"name product-title woocommerce-loop-product__title\"><a href=\"https:\/\/www.companhiaatlantica.pt\/de\/produto\/portugiesische-keramik\/keramik-kaffeetassen\/aroma-espressotassen-set-2\" class=\"woocommerce-LoopProduct-link woocommerce-loop-product__link\">AROMA Espressotassen &#8211; 2er-Set<\/a><\/p><\/div><div class=\"price-wrapper\">\n\t<span class=\"price\"><span class=\"woocommerce-Price-amount amount\"><bdi>23.50<span class=\"woocommerce-Price-currencySymbol\">&euro;<\/span><\/bdi><\/span><\/span>\n<\/div><div class=\"add-to-cart-button\"><a href=\"https:\/\/www.companhiaatlantica.pt\/de\/produto\/portugiesische-keramik\/keramik-kaffeetassen\/aroma-espressotassen-set-2\" aria-describedby=\"woocommerce_loop_add_to_cart_link_describedby_40775\" data-quantity=\"1\" class=\"primary is-small mb-0 button product_type_variable add_to_cart_button is-outline\" data-product_id=\"40775\" data-product_sku=\"\" aria-label=\"W\u00e4hle Optionen f\u00fcr \u201eAROMA Espressotassen - 2er-Set\u201c\" rel=\"nofollow\" data-product_name=\"AROMA Espressotassen - 2er-Set\" data-product_image=\"https:\/\/www.companhiaatlantica.pt\/wp-content\/uploads\/2023\/06\/copos_aroma_mood_2-150x150.jpg\">Ausf\u00fchrung w\u00e4hlen<\/a><\/div>\t<span id=\"woocommerce_loop_add_to_cart_link_describedby_40775\" class=\"screen-reader-text\">\n\t\tDieses Produkt weist mehrere Varianten auf. Die Optionen k\u00f6nnen auf der Produktseite gew\u00e4hlt werden\t<\/span>\n\t\t\t\t\t\t\t<\/div>\n\t\t\t\t\t\t<\/div>\n\t\t\t\t\t\t<\/div>\n\t\t\t\t\t<\/div><div class=\"col\" >\n\t\t\t\t\t\t<div class=\"col-inner\">\n\t\t\t\t\t\t\n<div class=\"badge-container absolute left top z-1\">\n\n<div class=\"badge callout badge-circle\"><div class=\"badge-inner callout-new-bg is-small new-bubble\">2 pcs<\/div><\/div><\/div>\n\t\t\t\t\t\t<div class=\"product-small box has-hover box-push box-text-bottom\">\n\t\t\t\t\t\t\t<div class=\"box-image\" >\n\t\t\t\t\t\t\t\t<div class=\"\" >\n\t\t\t\t\t\t\t\t\t<a href=\"https:\/\/www.companhiaatlantica.pt\/de\/produto\/portugiesische-keramik\/keramik-kaffeetassen\/kaffeetassen-halter-2-teilig\" aria-label=\"COMPORTA Espressotasse - 2er-Set\">\n\t\t\t\t\t\t\t\t\t\t<img loading=\"lazy\" decoding=\"async\" width=\"600\" height=\"600\" src=\"https:\/\/www.companhiaatlantica.pt\/wp-content\/uploads\/2020\/10\/IMG_4715-1.jpg\" class=\"show-on-hover absolute fill hide-for-small back-image\" alt=\"Alternative view of COMPORTA Espressotasse - 2er-Set\" aria-hidden=\"true\" srcset=\"https:\/\/www.companhiaatlantica.pt\/wp-content\/uploads\/2020\/10\/IMG_4715-1.jpg 600w, https:\/\/www.companhiaatlantica.pt\/wp-content\/uploads\/2020\/10\/IMG_4715-1-100x100.jpg 100w\" sizes=\"auto, (max-width: 600px) 100vw, 600px\" title=\"\"><img loading=\"lazy\" decoding=\"async\" width=\"700\" height=\"700\" src=\"https:\/\/www.companhiaatlantica.pt\/wp-content\/uploads\/2020\/06\/130-690-695_VER-700x700.jpg\" class=\"attachment-woocommerce_thumbnail size-woocommerce_thumbnail\" alt=\"COMPORTA Espressotasse - 2er-Set\" srcset=\"https:\/\/www.companhiaatlantica.pt\/wp-content\/uploads\/2020\/06\/130-690-695_VER-700x700.jpg 700w, https:\/\/www.companhiaatlantica.pt\/wp-content\/uploads\/2020\/06\/130-690-695_VER-100x100.jpg 100w, https:\/\/www.companhiaatlantica.pt\/wp-content\/uploads\/2020\/06\/130-690-695_VER-900x900.jpg 900w, https:\/\/www.companhiaatlantica.pt\/wp-content\/uploads\/2020\/06\/130-690-695_VER-300x300.jpg 300w, https:\/\/www.companhiaatlantica.pt\/wp-content\/uploads\/2020\/06\/130-690-695_VER-150x150.jpg 150w, https:\/\/www.companhiaatlantica.pt\/wp-content\/uploads\/2020\/06\/130-690-695_VER-768x768.jpg 768w, https:\/\/www.companhiaatlantica.pt\/wp-content\/uploads\/2020\/06\/130-690-695_VER-600x600.jpg 600w, https:\/\/www.companhiaatlantica.pt\/wp-content\/uploads\/2020\/06\/130-690-695_VER.jpg 1000w\" sizes=\"auto, (max-width: 700px) 100vw, 700px\" title=\"\">\t\t\t\t\t\t\t\t\t<\/a>\n\t\t\t\t\t\t\t\t\t\t\t\t\t\t\t\t\t\t \t\t\t\t\t\t\t\t<\/div>\n\t\t\t\t\t\t\t\t<div class=\"image-tools top right show-on-hover\">\n\t\t\t\t\t\t\t\t\t\t\t<div class=\"wishlist-icon\">\n\t\t\t<button class=\"wishlist-button button is-outline circle icon\" aria-label=\"Wunschliste\">\n\t\t\t\t<i class=\"icon-heart\" aria-hidden=\"true\"><\/i>\t\t\t<\/button>\n\t\t\t<div class=\"wishlist-popup dark\">\n\t\t\t\t\n<div\n\tclass=\"yith-wcwl-add-to-wishlist add-to-wishlist-41805 yith-wcwl-add-to-wishlist--button_default-style wishlist-fragment on-first-load\"\n\tdata-fragment-ref=\"41805\"\n\tdata-fragment-options=\"{&quot;base_url&quot;:&quot;&quot;,&quot;product_id&quot;:41805,&quot;parent_product_id&quot;:0,&quot;product_type&quot;:&quot;variable&quot;,&quot;is_single&quot;:false,&quot;in_default_wishlist&quot;:false,&quot;show_view&quot;:false,&quot;browse_wishlist_text&quot;:&quot;Siehe Ihre Wunschliste!&quot;,&quot;already_in_wishslist_text&quot;:&quot;Dieses Produkt steht bereits auf Ihrem Wunschzettel!&quot;,&quot;product_added_text&quot;:&quot;Produto adicionado!&quot;,&quot;available_multi_wishlist&quot;:false,&quot;disable_wishlist&quot;:false,&quot;show_count&quot;:false,&quot;ajax_loading&quot;:false,&quot;loop_position&quot;:&quot;after_add_to_cart&quot;,&quot;item&quot;:&quot;add_to_wishlist&quot;}\"\n>\n\t\t\t\n\t\t\t<!-- ADD TO WISHLIST -->\n\t\t\t\n<div class=\"yith-wcwl-add-button\">\n\t\t<a\n\t\thref=\"?add_to_wishlist=41805&#038;_wpnonce=52d31225f0\"\n\t\tclass=\"add_to_wishlist single_add_to_wishlist alt button theme-button-style \"\n\t\tdata-product-id=\"41805\"\n\t\tdata-product-type=\"variable\"\n\t\tdata-original-product-id=\"0\"\n\t\tdata-title=\"Zu meiner Wunschliste hinzuf\u00fcgen\"\n\t\trel=\"nofollow\"\n\t>\n\t\t<svg id=\"yith-wcwl-icon-heart-outline\" class=\"yith-wcwl-icon-svg\" fill=\"none\" stroke-width=\"1.5\" stroke=\"currentColor\" viewBox=\"0 0 24 24\" xmlns=\"http:\/\/www.w3.org\/2000\/svg\">\n  <path stroke-linecap=\"round\" stroke-linejoin=\"round\" d=\"M21 8.25c0-2.485-2.099-4.5-4.688-4.5-1.935 0-3.597 1.126-4.312 2.733-.715-1.607-2.377-2.733-4.313-2.733C5.1 3.75 3 5.765 3 8.25c0 7.22 9 12 9 12s9-4.78 9-12Z\"><\/path>\n<\/svg>\t\t<span>Zu meiner Wunschliste hinzuf\u00fcgen<\/span>\n\t<\/a>\n<\/div>\n\n\t\t\t<!-- COUNT TEXT -->\n\t\t\t\n\t\t\t<\/div>\n\t\t\t<\/div>\n\t\t<\/div>\n\t\t\t\t\t\t\t\t\t\t<\/div>\n\t\t\t\t\t\t\t\t\t\t\t\t\t\t\t\t\t<div class=\"image-tools grid-tools text-center hide-for-small bottom hover-slide-in show-on-hover\">\n\t\t\t\t\t\t\t\t\t\t\t\t\t\t\t\t\t\t\t<\/div>\n\t\t\t\t\t\t\t\t\t\t\t\t\t\t\t\t\t\t\t\t\t\t\t<\/div>\n\n\t\t\t\t\t\t\t<div class=\"box-text text-center\" >\n\t\t\t\t\t\t\t\t<div class=\"title-wrapper\"><p class=\"name product-title woocommerce-loop-product__title\"><a href=\"https:\/\/www.companhiaatlantica.pt\/de\/produto\/portugiesische-keramik\/keramik-kaffeetassen\/kaffeetassen-halter-2-teilig\" class=\"woocommerce-LoopProduct-link woocommerce-loop-product__link\">COMPORTA Espressotasse &#8211; 2er-Set<\/a><\/p><\/div><div class=\"price-wrapper\">\n\t<span class=\"price\"><span class=\"woocommerce-Price-amount amount\"><bdi>24.90<span class=\"woocommerce-Price-currencySymbol\">&euro;<\/span><\/bdi><\/span><\/span>\n<\/div><div class=\"add-to-cart-button\"><a href=\"https:\/\/www.companhiaatlantica.pt\/de\/produto\/portugiesische-keramik\/keramik-kaffeetassen\/kaffeetassen-halter-2-teilig\" aria-describedby=\"woocommerce_loop_add_to_cart_link_describedby_41805\" data-quantity=\"1\" class=\"primary is-small mb-0 button product_type_variable add_to_cart_button is-outline\" data-product_id=\"41805\" data-product_sku=\"\" aria-label=\"W\u00e4hle Optionen f\u00fcr \u201eCOMPORTA Espressotasse - 2er-Set\u201c\" rel=\"nofollow\" data-product_name=\"COMPORTA Espressotasse - 2er-Set\" data-product_image=\"https:\/\/www.companhiaatlantica.pt\/wp-content\/uploads\/2020\/06\/130-690-695_VER-150x150.jpg\">Ausf\u00fchrung w\u00e4hlen<\/a><\/div>\t<span id=\"woocommerce_loop_add_to_cart_link_describedby_41805\" class=\"screen-reader-text\">\n\t\tDieses Produkt weist mehrere Varianten auf. Die Optionen k\u00f6nnen auf der Produktseite gew\u00e4hlt werden\t<\/span>\n\t\t\t\t\t\t\t<\/div>\n\t\t\t\t\t\t<\/div>\n\t\t\t\t\t\t<\/div>\n\t\t\t\t\t<\/div><div class=\"col\" >\n\t\t\t\t\t\t<div class=\"col-inner\">\n\t\t\t\t\t\t\n<div class=\"badge-container absolute left top z-1\">\n<div class=\"badge callout badge-circle\">\r\n  \t\t\t<div class=\"badge-inner secondary on-sale\">\r\n  \t\t\t\t<span class=\"onsale\">-21%<\/span>\r\n\t\t\t<\/div>\r\n\t\t<\/div>\r\n\t\t<div class=\"badge callout badge-circle\">\r\n\t\t\t<div class=\"badge-inner callout-new-bg is-small new-bubble\">6 pcs<\/div>\r\n\t\t<\/div>\n<div class=\"badge callout badge-circle\"><div class=\"badge-inner callout-new-bg is-small new-bubble\">6 pcs<\/div><\/div><\/div>\n\t\t\t\t\t\t<div class=\"product-small box has-hover box-push box-text-bottom\">\n\t\t\t\t\t\t\t<div class=\"box-image\" >\n\t\t\t\t\t\t\t\t<div class=\"\" >\n\t\t\t\t\t\t\t\t\t<a href=\"https:\/\/www.companhiaatlantica.pt\/de\/produto\/portugiesische-keramik\/keramik-kaffeetassen\/breezy-espressotasse-6er-set\" aria-label=\"BREEZY Espressotasse - 6er-Set\">\n\t\t\t\t\t\t\t\t\t\t<img loading=\"lazy\" decoding=\"async\" width=\"600\" height=\"600\" src=\"https:\/\/www.companhiaatlantica.pt\/wp-content\/uploads\/2020\/06\/IMG_5231.jpg\" class=\"show-on-hover absolute fill hide-for-small back-image\" alt=\"Alternative view of BREEZY Espressotasse - 6er-Set\" aria-hidden=\"true\" srcset=\"https:\/\/www.companhiaatlantica.pt\/wp-content\/uploads\/2020\/06\/IMG_5231.jpg 600w, https:\/\/www.companhiaatlantica.pt\/wp-content\/uploads\/2020\/06\/IMG_5231-100x100.jpg 100w\" sizes=\"auto, (max-width: 600px) 100vw, 600px\" title=\"\"><img loading=\"lazy\" decoding=\"async\" width=\"600\" height=\"600\" src=\"https:\/\/www.companhiaatlantica.pt\/wp-content\/uploads\/2021\/03\/DSC1776.jpg\" class=\"attachment-woocommerce_thumbnail size-woocommerce_thumbnail\" alt=\"BREEZY Espressotasse - 6er-Set\" srcset=\"https:\/\/www.companhiaatlantica.pt\/wp-content\/uploads\/2021\/03\/DSC1776.jpg 600w, https:\/\/www.companhiaatlantica.pt\/wp-content\/uploads\/2021\/03\/DSC1776-100x100.jpg 100w\" sizes=\"auto, (max-width: 600px) 100vw, 600px\" title=\"\">\t\t\t\t\t\t\t\t\t<\/a>\n\t\t\t\t\t\t\t\t\t\t\t\t\t\t\t\t\t\t \t\t\t\t\t\t\t\t<\/div>\n\t\t\t\t\t\t\t\t<div class=\"image-tools top right show-on-hover\">\n\t\t\t\t\t\t\t\t\t\t\t<div class=\"wishlist-icon\">\n\t\t\t<button class=\"wishlist-button button is-outline circle icon\" aria-label=\"Wunschliste\">\n\t\t\t\t<i class=\"icon-heart\" aria-hidden=\"true\"><\/i>\t\t\t<\/button>\n\t\t\t<div class=\"wishlist-popup dark\">\n\t\t\t\t\n<div\n\tclass=\"yith-wcwl-add-to-wishlist add-to-wishlist-41628 yith-wcwl-add-to-wishlist--button_default-style wishlist-fragment on-first-load\"\n\tdata-fragment-ref=\"41628\"\n\tdata-fragment-options=\"{&quot;base_url&quot;:&quot;&quot;,&quot;product_id&quot;:41628,&quot;parent_product_id&quot;:0,&quot;product_type&quot;:&quot;variable&quot;,&quot;is_single&quot;:false,&quot;in_default_wishlist&quot;:false,&quot;show_view&quot;:false,&quot;browse_wishlist_text&quot;:&quot;Siehe Ihre Wunschliste!&quot;,&quot;already_in_wishslist_text&quot;:&quot;Dieses Produkt steht bereits auf Ihrem Wunschzettel!&quot;,&quot;product_added_text&quot;:&quot;Produto adicionado!&quot;,&quot;available_multi_wishlist&quot;:false,&quot;disable_wishlist&quot;:false,&quot;show_count&quot;:false,&quot;ajax_loading&quot;:false,&quot;loop_position&quot;:&quot;after_add_to_cart&quot;,&quot;item&quot;:&quot;add_to_wishlist&quot;}\"\n>\n\t\t\t\n\t\t\t<!-- ADD TO WISHLIST -->\n\t\t\t\n<div class=\"yith-wcwl-add-button\">\n\t\t<a\n\t\thref=\"?add_to_wishlist=41628&#038;_wpnonce=52d31225f0\"\n\t\tclass=\"add_to_wishlist single_add_to_wishlist alt button theme-button-style \"\n\t\tdata-product-id=\"41628\"\n\t\tdata-product-type=\"variable\"\n\t\tdata-original-product-id=\"0\"\n\t\tdata-title=\"Zu meiner Wunschliste hinzuf\u00fcgen\"\n\t\trel=\"nofollow\"\n\t>\n\t\t<svg id=\"yith-wcwl-icon-heart-outline\" class=\"yith-wcwl-icon-svg\" fill=\"none\" stroke-width=\"1.5\" stroke=\"currentColor\" viewBox=\"0 0 24 24\" xmlns=\"http:\/\/www.w3.org\/2000\/svg\">\n  <path stroke-linecap=\"round\" stroke-linejoin=\"round\" d=\"M21 8.25c0-2.485-2.099-4.5-4.688-4.5-1.935 0-3.597 1.126-4.312 2.733-.715-1.607-2.377-2.733-4.313-2.733C5.1 3.75 3 5.765 3 8.25c0 7.22 9 12 9 12s9-4.78 9-12Z\"><\/path>\n<\/svg>\t\t<span>Zu meiner Wunschliste hinzuf\u00fcgen<\/span>\n\t<\/a>\n<\/div>\n\n\t\t\t<!-- COUNT TEXT -->\n\t\t\t\n\t\t\t<\/div>\n\t\t\t<\/div>\n\t\t<\/div>\n\t\t\t\t\t\t\t\t\t\t<\/div>\n\t\t\t\t\t\t\t\t\t\t\t\t\t\t\t\t\t<div class=\"image-tools grid-tools text-center hide-for-small bottom hover-slide-in show-on-hover\">\n\t\t\t\t\t\t\t\t\t\t\t\t\t\t\t\t\t\t\t<\/div>\n\t\t\t\t\t\t\t\t\t\t\t\t\t\t\t\t\t\t\t\t\t\t\t<\/div>\n\n\t\t\t\t\t\t\t<div class=\"box-text text-center\" >\n\t\t\t\t\t\t\t\t<div class=\"title-wrapper\"><p class=\"name product-title woocommerce-loop-product__title\"><a href=\"https:\/\/www.companhiaatlantica.pt\/de\/produto\/portugiesische-keramik\/keramik-kaffeetassen\/breezy-espressotasse-6er-set\" class=\"woocommerce-LoopProduct-link woocommerce-loop-product__link\">BREEZY Espressotasse &#8211; 6er-Set<\/a><\/p><\/div><div class=\"price-wrapper\">\n\t<span class=\"price\"><del aria-hidden=\"true\"><span class=\"woocommerce-Price-amount amount\"><bdi>42.90<span class=\"woocommerce-Price-currencySymbol\">&euro;<\/span><\/bdi><\/span><\/del> <span class=\"screen-reader-text\">Urspr\u00fcnglicher Preis war: 42.90&euro;<\/span><ins aria-hidden=\"true\"><span class=\"woocommerce-Price-amount amount\"><bdi>34.00<span class=\"woocommerce-Price-currencySymbol\">&euro;<\/span><\/bdi><\/span><\/ins><span class=\"screen-reader-text\">Aktueller Preis ist: 34.00&euro;.<\/span><\/span>\n<\/div>\t<span id=\"woocommerce_loop_add_to_cart_link_describedby_41628\" class=\"screen-reader-text\">\n\t\tDieses Produkt weist mehrere Varianten auf. Die Optionen k\u00f6nnen auf der Produktseite gew\u00e4hlt werden\t<\/span>\n\t\t\t\t\t\t\t<\/div>\n\t\t\t\t\t\t<\/div>\n\t\t\t\t\t\t<\/div>\n\t\t\t\t\t<\/div><\/div>\n\t\t<\/div>\n\t\t\t\t\t<\/div>\n\n\t\n\n\t<div id=\"col-1644339320\" class=\"col small-12 large-12\"  >\n\t\t\t\t<div class=\"col-inner\"  >\n\t\t\t\n\t\t\t\n\t<div id=\"gap-749520405\" class=\"gap-element clearfix\" style=\"display:block; height:auto;\">\n\t\t\n<style>\n#gap-749520405 {\n  padding-top: 30px;\n}\n<\/style>\n\t<\/div>\n\t\n<div class=\"container section-title-container\" ><h2 class=\"section-title section-title-center\"><b aria-hidden=\"true\"><\/b><span class=\"section-title-main\" >Wei\u00dft du nicht, was du schenken sollst? Lass dich von unseren Vorschl\u00e4gen inspirieren<\/span><b aria-hidden=\"true\"><\/b><\/h2><\/div>\n\t<div id=\"gap-1122560159\" class=\"gap-element clearfix\" style=\"display:block; height:auto;\">\n\t\t\n<style>\n#gap-1122560159 {\n  padding-top: 30px;\n}\n<\/style>\n\t<\/div>\n\t\n<div class=\"container section-title-container\" ><h3 class=\"section-title section-title-center\"><b aria-hidden=\"true\"><\/b><span class=\"section-title-main\" >ORIGINELLE GESCHENKE ZUR DEKORATION<\/span><b aria-hidden=\"true\"><\/b><\/h3><\/div>\n\t\n  \n    <div class=\"row large-columns-4 medium-columns-3 small-columns-2 row-xsmall row-full-width slider row-slider slider-nav-reveal\"  data-flickity-options='{&quot;imagesLoaded&quot;: true, &quot;groupCells&quot;: &quot;100%&quot;, &quot;dragThreshold&quot; : 5, &quot;cellAlign&quot;: &quot;left&quot;,&quot;wrapAround&quot;: true,&quot;prevNextButtons&quot;: true,&quot;percentPosition&quot;: true,&quot;pageDots&quot;: false, &quot;rightToLeft&quot;: false, &quot;autoPlay&quot; : 3000}' >\n\n  \n\t     <div class=\"col\" >\n\t\t\t\t\t\t<div class=\"col-inner\">\n\t\t\t\t\t\t\n<div class=\"badge-container absolute left top z-1\">\n\n<div class=\"badge callout badge-circle\"><div class=\"badge-inner callout-new-bg is-small new-bubble\">NEW<\/div><\/div><\/div>\n\t\t\t\t\t\t<div class=\"product-small box has-hover box-push box-text-bottom\">\n\t\t\t\t\t\t\t<div class=\"box-image\" >\n\t\t\t\t\t\t\t\t<div class=\"\" >\n\t\t\t\t\t\t\t\t\t<a href=\"https:\/\/www.companhiaatlantica.pt\/de\/produto\/dekoration\/dekorationsartikel\/dekorative-kugel-azulejo\" aria-label=\"Dekorative Kugel \u00d88 AZULEJO-Kollektion\">\n\t\t\t\t\t\t\t\t\t\t<img loading=\"lazy\" decoding=\"async\" width=\"700\" height=\"700\" src=\"https:\/\/www.companhiaatlantica.pt\/wp-content\/uploads\/2024\/10\/decorative-ball-yellow-700x700.jpg\" class=\"show-on-hover absolute fill hide-for-small back-image\" alt=\"Gelbe dekorative Keramikkugel, AZULEJO-Kollektion.\" aria-hidden=\"true\" srcset=\"https:\/\/www.companhiaatlantica.pt\/wp-content\/uploads\/2024\/10\/decorative-ball-yellow-700x700.jpg 700w, https:\/\/www.companhiaatlantica.pt\/wp-content\/uploads\/2024\/10\/decorative-ball-yellow-100x100.jpg 100w, https:\/\/www.companhiaatlantica.pt\/wp-content\/uploads\/2024\/10\/decorative-ball-yellow-900x900.jpg 900w, https:\/\/www.companhiaatlantica.pt\/wp-content\/uploads\/2024\/10\/decorative-ball-yellow-400x400.jpg 400w, https:\/\/www.companhiaatlantica.pt\/wp-content\/uploads\/2024\/10\/decorative-ball-yellow-350x350.jpg 350w, https:\/\/www.companhiaatlantica.pt\/wp-content\/uploads\/2024\/10\/decorative-ball-yellow-768x768.jpg 768w, https:\/\/www.companhiaatlantica.pt\/wp-content\/uploads\/2024\/10\/decorative-ball-yellow.jpg 1000w\" sizes=\"auto, (max-width: 700px) 100vw, 700px\" title=\"\"><img loading=\"lazy\" decoding=\"async\" width=\"1000\" height=\"1000\" src=\"https:\/\/www.companhiaatlantica.pt\/wp-content\/uploads\/2024\/10\/decorative-ball-green.jpg\" class=\"attachment-original size-original\" alt=\"Gr\u00fcn dekorative Keramikkugel, AZULEJO-Kollektion.\" srcset=\"https:\/\/www.companhiaatlantica.pt\/wp-content\/uploads\/2024\/10\/decorative-ball-green.jpg 1000w, https:\/\/www.companhiaatlantica.pt\/wp-content\/uploads\/2024\/10\/decorative-ball-green-700x700.jpg 700w, https:\/\/www.companhiaatlantica.pt\/wp-content\/uploads\/2024\/10\/decorative-ball-green-100x100.jpg 100w, https:\/\/www.companhiaatlantica.pt\/wp-content\/uploads\/2024\/10\/decorative-ball-green-900x900.jpg 900w, https:\/\/www.companhiaatlantica.pt\/wp-content\/uploads\/2024\/10\/decorative-ball-green-400x400.jpg 400w, https:\/\/www.companhiaatlantica.pt\/wp-content\/uploads\/2024\/10\/decorative-ball-green-350x350.jpg 350w, https:\/\/www.companhiaatlantica.pt\/wp-content\/uploads\/2024\/10\/decorative-ball-green-768x768.jpg 768w\" sizes=\"auto, (max-width: 1000px) 100vw, 1000px\" title=\"\">\t\t\t\t\t\t\t\t\t<\/a>\n\t\t\t\t\t\t\t\t\t\t\t\t\t\t\t\t\t\t \t\t\t\t\t\t\t\t<\/div>\n\t\t\t\t\t\t\t\t<div class=\"image-tools top right show-on-hover\">\n\t\t\t\t\t\t\t\t\t\t\t<div class=\"wishlist-icon\">\n\t\t\t<button class=\"wishlist-button button is-outline circle icon\" aria-label=\"Wunschliste\">\n\t\t\t\t<i class=\"icon-heart\" aria-hidden=\"true\"><\/i>\t\t\t<\/button>\n\t\t\t<div class=\"wishlist-popup dark\">\n\t\t\t\t\n<div\n\tclass=\"yith-wcwl-add-to-wishlist add-to-wishlist-65802 yith-wcwl-add-to-wishlist--button_default-style wishlist-fragment on-first-load\"\n\tdata-fragment-ref=\"65802\"\n\tdata-fragment-options=\"{&quot;base_url&quot;:&quot;&quot;,&quot;product_id&quot;:65802,&quot;parent_product_id&quot;:0,&quot;product_type&quot;:&quot;variable&quot;,&quot;is_single&quot;:false,&quot;in_default_wishlist&quot;:false,&quot;show_view&quot;:false,&quot;browse_wishlist_text&quot;:&quot;Siehe Ihre Wunschliste!&quot;,&quot;already_in_wishslist_text&quot;:&quot;Dieses Produkt steht bereits auf Ihrem Wunschzettel!&quot;,&quot;product_added_text&quot;:&quot;Produto adicionado!&quot;,&quot;available_multi_wishlist&quot;:false,&quot;disable_wishlist&quot;:false,&quot;show_count&quot;:false,&quot;ajax_loading&quot;:false,&quot;loop_position&quot;:&quot;after_add_to_cart&quot;,&quot;item&quot;:&quot;add_to_wishlist&quot;}\"\n>\n\t\t\t\n\t\t\t<!-- ADD TO WISHLIST -->\n\t\t\t\n<div class=\"yith-wcwl-add-button\">\n\t\t<a\n\t\thref=\"?add_to_wishlist=65802&#038;_wpnonce=52d31225f0\"\n\t\tclass=\"add_to_wishlist single_add_to_wishlist alt button theme-button-style \"\n\t\tdata-product-id=\"65802\"\n\t\tdata-product-type=\"variable\"\n\t\tdata-original-product-id=\"0\"\n\t\tdata-title=\"Zu meiner Wunschliste hinzuf\u00fcgen\"\n\t\trel=\"nofollow\"\n\t>\n\t\t<svg id=\"yith-wcwl-icon-heart-outline\" class=\"yith-wcwl-icon-svg\" fill=\"none\" stroke-width=\"1.5\" stroke=\"currentColor\" viewBox=\"0 0 24 24\" xmlns=\"http:\/\/www.w3.org\/2000\/svg\">\n  <path stroke-linecap=\"round\" stroke-linejoin=\"round\" d=\"M21 8.25c0-2.485-2.099-4.5-4.688-4.5-1.935 0-3.597 1.126-4.312 2.733-.715-1.607-2.377-2.733-4.313-2.733C5.1 3.75 3 5.765 3 8.25c0 7.22 9 12 9 12s9-4.78 9-12Z\"><\/path>\n<\/svg>\t\t<span>Zu meiner Wunschliste hinzuf\u00fcgen<\/span>\n\t<\/a>\n<\/div>\n\n\t\t\t<!-- COUNT TEXT -->\n\t\t\t\n\t\t\t<\/div>\n\t\t\t<\/div>\n\t\t<\/div>\n\t\t\t\t\t\t\t\t\t\t<\/div>\n\t\t\t\t\t\t\t\t\t\t\t\t\t\t\t\t\t<div class=\"image-tools grid-tools text-center hide-for-small bottom hover-slide-in show-on-hover\">\n\t\t\t\t\t\t\t\t\t\t\t\t\t\t\t\t\t\t\t<\/div>\n\t\t\t\t\t\t\t\t\t\t\t\t\t\t\t\t\t\t\t\t\t\t\t<\/div>\n\n\t\t\t\t\t\t\t<div class=\"box-text text-center\" >\n\t\t\t\t\t\t\t\t<div class=\"title-wrapper\"><p class=\"name product-title woocommerce-loop-product__title\"><a href=\"https:\/\/www.companhiaatlantica.pt\/de\/produto\/dekoration\/dekorationsartikel\/dekorative-kugel-azulejo\" class=\"woocommerce-LoopProduct-link woocommerce-loop-product__link\">Dekorative Kugel \u00d88 AZULEJO-Kollektion<\/a><\/p><\/div><div class=\"price-wrapper\">\n\t<span class=\"price\"><span class=\"woocommerce-Price-amount amount\"><bdi>18.50<span class=\"woocommerce-Price-currencySymbol\">&euro;<\/span><\/bdi><\/span><\/span>\n<\/div>\t<span id=\"woocommerce_loop_add_to_cart_link_describedby_65802\" class=\"screen-reader-text\">\n\t\tDieses Produkt weist mehrere Varianten auf. Die Optionen k\u00f6nnen auf der Produktseite gew\u00e4hlt werden\t<\/span>\n\t\t\t\t\t\t\t<\/div>\n\t\t\t\t\t\t<\/div>\n\t\t\t\t\t\t<\/div>\n\t\t\t\t\t<\/div><div class=\"col\" >\n\t\t\t\t\t\t<div class=\"col-inner\">\n\t\t\t\t\t\t\n<div class=\"badge-container absolute left top z-1\">\n\n<div class=\"badge callout badge-circle\"><div class=\"badge-inner callout-new-bg is-small new-bubble\">\u230010cm<\/div><\/div><\/div>\n\t\t\t\t\t\t<div class=\"product-small box has-hover box-push box-text-bottom\">\n\t\t\t\t\t\t\t<div class=\"box-image\" >\n\t\t\t\t\t\t\t\t<div class=\"\" >\n\t\t\t\t\t\t\t\t\t<a href=\"https:\/\/www.companhiaatlantica.pt\/de\/produto\/dekoration\/dekorationsartikel\/deko-kugel-oe10-alma\" aria-label=\"Deko Kugel \u00d810 ALMA\">\n\t\t\t\t\t\t\t\t\t\t<img loading=\"lazy\" decoding=\"async\" width=\"600\" height=\"600\" src=\"https:\/\/www.companhiaatlantica.pt\/wp-content\/uploads\/2022\/09\/ALMA-10.jpg\" class=\"show-on-hover absolute fill hide-for-small back-image\" alt=\"Alternative view of Deko Kugel \u00d810 ALMA\" aria-hidden=\"true\" srcset=\"https:\/\/www.companhiaatlantica.pt\/wp-content\/uploads\/2022\/09\/ALMA-10.jpg 600w, https:\/\/www.companhiaatlantica.pt\/wp-content\/uploads\/2022\/09\/ALMA-10-100x100.jpg 100w\" sizes=\"auto, (max-width: 600px) 100vw, 600px\" title=\"\"><img loading=\"lazy\" decoding=\"async\" width=\"600\" height=\"600\" src=\"https:\/\/www.companhiaatlantica.pt\/wp-content\/uploads\/2022\/09\/ALMA-24.jpg\" class=\"attachment-original size-original\" alt=\"Deko Kugel \u00d810 ALMA\" srcset=\"https:\/\/www.companhiaatlantica.pt\/wp-content\/uploads\/2022\/09\/ALMA-24.jpg 600w, https:\/\/www.companhiaatlantica.pt\/wp-content\/uploads\/2022\/09\/ALMA-24-100x100.jpg 100w\" sizes=\"auto, (max-width: 600px) 100vw, 600px\" title=\"\">\t\t\t\t\t\t\t\t\t<\/a>\n\t\t\t\t\t\t\t\t\t\t\t\t\t\t\t\t\t\t \t\t\t\t\t\t\t\t<\/div>\n\t\t\t\t\t\t\t\t<div class=\"image-tools top right show-on-hover\">\n\t\t\t\t\t\t\t\t\t\t\t<div class=\"wishlist-icon\">\n\t\t\t<button class=\"wishlist-button button is-outline circle icon\" aria-label=\"Wunschliste\">\n\t\t\t\t<i class=\"icon-heart\" aria-hidden=\"true\"><\/i>\t\t\t<\/button>\n\t\t\t<div class=\"wishlist-popup dark\">\n\t\t\t\t\n<div\n\tclass=\"yith-wcwl-add-to-wishlist add-to-wishlist-40959 yith-wcwl-add-to-wishlist--button_default-style wishlist-fragment on-first-load\"\n\tdata-fragment-ref=\"40959\"\n\tdata-fragment-options=\"{&quot;base_url&quot;:&quot;&quot;,&quot;product_id&quot;:40959,&quot;parent_product_id&quot;:0,&quot;product_type&quot;:&quot;variable&quot;,&quot;is_single&quot;:false,&quot;in_default_wishlist&quot;:false,&quot;show_view&quot;:false,&quot;browse_wishlist_text&quot;:&quot;Siehe Ihre Wunschliste!&quot;,&quot;already_in_wishslist_text&quot;:&quot;Dieses Produkt steht bereits auf Ihrem Wunschzettel!&quot;,&quot;product_added_text&quot;:&quot;Produto adicionado!&quot;,&quot;available_multi_wishlist&quot;:false,&quot;disable_wishlist&quot;:false,&quot;show_count&quot;:false,&quot;ajax_loading&quot;:false,&quot;loop_position&quot;:&quot;after_add_to_cart&quot;,&quot;item&quot;:&quot;add_to_wishlist&quot;}\"\n>\n\t\t\t\n\t\t\t<!-- ADD TO WISHLIST -->\n\t\t\t\n<div class=\"yith-wcwl-add-button\">\n\t\t<a\n\t\thref=\"?add_to_wishlist=40959&#038;_wpnonce=52d31225f0\"\n\t\tclass=\"add_to_wishlist single_add_to_wishlist alt button theme-button-style \"\n\t\tdata-product-id=\"40959\"\n\t\tdata-product-type=\"variable\"\n\t\tdata-original-product-id=\"0\"\n\t\tdata-title=\"Zu meiner Wunschliste hinzuf\u00fcgen\"\n\t\trel=\"nofollow\"\n\t>\n\t\t<svg id=\"yith-wcwl-icon-heart-outline\" class=\"yith-wcwl-icon-svg\" fill=\"none\" stroke-width=\"1.5\" stroke=\"currentColor\" viewBox=\"0 0 24 24\" xmlns=\"http:\/\/www.w3.org\/2000\/svg\">\n  <path stroke-linecap=\"round\" stroke-linejoin=\"round\" d=\"M21 8.25c0-2.485-2.099-4.5-4.688-4.5-1.935 0-3.597 1.126-4.312 2.733-.715-1.607-2.377-2.733-4.313-2.733C5.1 3.75 3 5.765 3 8.25c0 7.22 9 12 9 12s9-4.78 9-12Z\"><\/path>\n<\/svg>\t\t<span>Zu meiner Wunschliste hinzuf\u00fcgen<\/span>\n\t<\/a>\n<\/div>\n\n\t\t\t<!-- COUNT TEXT -->\n\t\t\t\n\t\t\t<\/div>\n\t\t\t<\/div>\n\t\t<\/div>\n\t\t\t\t\t\t\t\t\t\t<\/div>\n\t\t\t\t\t\t\t\t\t\t\t\t\t\t\t\t\t<div class=\"image-tools grid-tools text-center hide-for-small bottom hover-slide-in show-on-hover\">\n\t\t\t\t\t\t\t\t\t\t\t\t\t\t\t\t\t\t\t<\/div>\n\t\t\t\t\t\t\t\t\t\t\t\t\t\t\t\t\t\t\t\t\t\t\t<\/div>\n\n\t\t\t\t\t\t\t<div class=\"box-text text-center\" >\n\t\t\t\t\t\t\t\t<div class=\"title-wrapper\"><p class=\"name product-title woocommerce-loop-product__title\"><a href=\"https:\/\/www.companhiaatlantica.pt\/de\/produto\/dekoration\/dekorationsartikel\/deko-kugel-oe10-alma\" class=\"woocommerce-LoopProduct-link woocommerce-loop-product__link\">Deko Kugel \u00d810 ALMA<\/a><\/p><\/div><div class=\"price-wrapper\">\n\t<span class=\"price\"><span class=\"woocommerce-Price-amount amount\"><bdi>15.00<span class=\"woocommerce-Price-currencySymbol\">&euro;<\/span><\/bdi><\/span><\/span>\n<\/div><div class=\"add-to-cart-button\"><a href=\"https:\/\/www.companhiaatlantica.pt\/de\/produto\/dekoration\/dekorationsartikel\/deko-kugel-oe10-alma\" aria-describedby=\"woocommerce_loop_add_to_cart_link_describedby_40959\" data-quantity=\"1\" class=\"primary is-small mb-0 button product_type_variable add_to_cart_button is-outline\" data-product_id=\"40959\" data-product_sku=\"\" aria-label=\"W\u00e4hle Optionen f\u00fcr \u201eDeko Kugel \u00d810 ALMA\u201c\" rel=\"nofollow\" data-product_name=\"Deko Kugel \u00d810 ALMA\" data-product_image=\"https:\/\/www.companhiaatlantica.pt\/wp-content\/uploads\/2022\/09\/ALMA-24.jpg\">Ausf\u00fchrung w\u00e4hlen<\/a><\/div>\t<span id=\"woocommerce_loop_add_to_cart_link_describedby_40959\" class=\"screen-reader-text\">\n\t\tDieses Produkt weist mehrere Varianten auf. Die Optionen k\u00f6nnen auf der Produktseite gew\u00e4hlt werden\t<\/span>\n\t\t\t\t\t\t\t<\/div>\n\t\t\t\t\t\t<\/div>\n\t\t\t\t\t\t<\/div>\n\t\t\t\t\t<\/div><div class=\"col\" >\n\t\t\t\t\t\t<div class=\"col-inner\">\n\t\t\t\t\t\t\n<div class=\"badge-container absolute left top z-1\">\n\n<div class=\"badge callout badge-circle\"><div class=\"badge-inner callout-new-bg is-small new-bubble\">\u23008cm<\/div><\/div><\/div>\n\t\t\t\t\t\t<div class=\"product-small box has-hover box-push box-text-bottom\">\n\t\t\t\t\t\t\t<div class=\"box-image\" >\n\t\t\t\t\t\t\t\t<div class=\"\" >\n\t\t\t\t\t\t\t\t\t<a href=\"https:\/\/www.companhiaatlantica.pt\/de\/produto\/dekoration\/dekorationsartikel\/deko-kugel-8cm-seele\" aria-label=\"Deko Kugel \u00d88 ALMA\">\n\t\t\t\t\t\t\t\t\t\t<img loading=\"lazy\" decoding=\"async\" width=\"600\" height=\"600\" src=\"https:\/\/www.companhiaatlantica.pt\/wp-content\/uploads\/2022\/09\/ALMA-10.jpg\" class=\"show-on-hover absolute fill hide-for-small back-image\" alt=\"Alternative view of Deko Kugel \u00d88 ALMA\" aria-hidden=\"true\" srcset=\"https:\/\/www.companhiaatlantica.pt\/wp-content\/uploads\/2022\/09\/ALMA-10.jpg 600w, https:\/\/www.companhiaatlantica.pt\/wp-content\/uploads\/2022\/09\/ALMA-10-100x100.jpg 100w\" sizes=\"auto, (max-width: 600px) 100vw, 600px\" title=\"\"><img loading=\"lazy\" decoding=\"async\" width=\"1000\" height=\"1000\" src=\"https:\/\/www.companhiaatlantica.pt\/wp-content\/uploads\/2022\/09\/120-031.jpg\" class=\"attachment-original size-original\" alt=\"Deko Kugel \u00d88 ALMA\" srcset=\"https:\/\/www.companhiaatlantica.pt\/wp-content\/uploads\/2022\/09\/120-031.jpg 1000w, https:\/\/www.companhiaatlantica.pt\/wp-content\/uploads\/2022\/09\/120-031-700x700.jpg 700w, https:\/\/www.companhiaatlantica.pt\/wp-content\/uploads\/2022\/09\/120-031-100x100.jpg 100w, https:\/\/www.companhiaatlantica.pt\/wp-content\/uploads\/2022\/09\/120-031-900x900.jpg 900w, https:\/\/www.companhiaatlantica.pt\/wp-content\/uploads\/2022\/09\/120-031-300x300.jpg 300w, https:\/\/www.companhiaatlantica.pt\/wp-content\/uploads\/2022\/09\/120-031-150x150.jpg 150w, https:\/\/www.companhiaatlantica.pt\/wp-content\/uploads\/2022\/09\/120-031-768x768.jpg 768w, https:\/\/www.companhiaatlantica.pt\/wp-content\/uploads\/2022\/09\/120-031-600x600.jpg 600w\" sizes=\"auto, (max-width: 1000px) 100vw, 1000px\" title=\"\">\t\t\t\t\t\t\t\t\t<\/a>\n\t\t\t\t\t\t\t\t\t\t\t\t\t\t\t\t\t\t \t\t\t\t\t\t\t\t<\/div>\n\t\t\t\t\t\t\t\t<div class=\"image-tools top right show-on-hover\">\n\t\t\t\t\t\t\t\t\t\t\t<div class=\"wishlist-icon\">\n\t\t\t<button class=\"wishlist-button button is-outline circle icon\" aria-label=\"Wunschliste\">\n\t\t\t\t<i class=\"icon-heart\" aria-hidden=\"true\"><\/i>\t\t\t<\/button>\n\t\t\t<div class=\"wishlist-popup dark\">\n\t\t\t\t\n<div\n\tclass=\"yith-wcwl-add-to-wishlist add-to-wishlist-41004 yith-wcwl-add-to-wishlist--button_default-style wishlist-fragment on-first-load\"\n\tdata-fragment-ref=\"41004\"\n\tdata-fragment-options=\"{&quot;base_url&quot;:&quot;&quot;,&quot;product_id&quot;:41004,&quot;parent_product_id&quot;:0,&quot;product_type&quot;:&quot;variable&quot;,&quot;is_single&quot;:false,&quot;in_default_wishlist&quot;:false,&quot;show_view&quot;:false,&quot;browse_wishlist_text&quot;:&quot;Siehe Ihre Wunschliste!&quot;,&quot;already_in_wishslist_text&quot;:&quot;Dieses Produkt steht bereits auf Ihrem Wunschzettel!&quot;,&quot;product_added_text&quot;:&quot;Produto adicionado!&quot;,&quot;available_multi_wishlist&quot;:false,&quot;disable_wishlist&quot;:false,&quot;show_count&quot;:false,&quot;ajax_loading&quot;:false,&quot;loop_position&quot;:&quot;after_add_to_cart&quot;,&quot;item&quot;:&quot;add_to_wishlist&quot;}\"\n>\n\t\t\t\n\t\t\t<!-- ADD TO WISHLIST -->\n\t\t\t\n<div class=\"yith-wcwl-add-button\">\n\t\t<a\n\t\thref=\"?add_to_wishlist=41004&#038;_wpnonce=52d31225f0\"\n\t\tclass=\"add_to_wishlist single_add_to_wishlist alt button theme-button-style \"\n\t\tdata-product-id=\"41004\"\n\t\tdata-product-type=\"variable\"\n\t\tdata-original-product-id=\"0\"\n\t\tdata-title=\"Zu meiner Wunschliste hinzuf\u00fcgen\"\n\t\trel=\"nofollow\"\n\t>\n\t\t<svg id=\"yith-wcwl-icon-heart-outline\" class=\"yith-wcwl-icon-svg\" fill=\"none\" stroke-width=\"1.5\" stroke=\"currentColor\" viewBox=\"0 0 24 24\" xmlns=\"http:\/\/www.w3.org\/2000\/svg\">\n  <path stroke-linecap=\"round\" stroke-linejoin=\"round\" d=\"M21 8.25c0-2.485-2.099-4.5-4.688-4.5-1.935 0-3.597 1.126-4.312 2.733-.715-1.607-2.377-2.733-4.313-2.733C5.1 3.75 3 5.765 3 8.25c0 7.22 9 12 9 12s9-4.78 9-12Z\"><\/path>\n<\/svg>\t\t<span>Zu meiner Wunschliste hinzuf\u00fcgen<\/span>\n\t<\/a>\n<\/div>\n\n\t\t\t<!-- COUNT TEXT -->\n\t\t\t\n\t\t\t<\/div>\n\t\t\t<\/div>\n\t\t<\/div>\n\t\t\t\t\t\t\t\t\t\t<\/div>\n\t\t\t\t\t\t\t\t\t\t\t\t\t\t\t\t\t<div class=\"image-tools grid-tools text-center hide-for-small bottom hover-slide-in show-on-hover\">\n\t\t\t\t\t\t\t\t\t\t\t\t\t\t\t\t\t\t\t<\/div>\n\t\t\t\t\t\t\t\t\t\t\t\t\t\t\t\t\t\t\t\t\t\t\t<\/div>\n\n\t\t\t\t\t\t\t<div class=\"box-text text-center\" >\n\t\t\t\t\t\t\t\t<div class=\"title-wrapper\"><p class=\"name product-title woocommerce-loop-product__title\"><a href=\"https:\/\/www.companhiaatlantica.pt\/de\/produto\/dekoration\/dekorationsartikel\/deko-kugel-8cm-seele\" class=\"woocommerce-LoopProduct-link woocommerce-loop-product__link\">Deko Kugel \u00d88 ALMA<\/a><\/p><\/div><div class=\"price-wrapper\">\n\t<span class=\"price\"><span class=\"woocommerce-Price-amount amount\"><bdi>13.00<span class=\"woocommerce-Price-currencySymbol\">&euro;<\/span><\/bdi><\/span><\/span>\n<\/div><div class=\"add-to-cart-button\"><a href=\"https:\/\/www.companhiaatlantica.pt\/de\/produto\/dekoration\/dekorationsartikel\/deko-kugel-8cm-seele\" aria-describedby=\"woocommerce_loop_add_to_cart_link_describedby_41004\" data-quantity=\"1\" class=\"primary is-small mb-0 button product_type_variable add_to_cart_button is-outline\" data-product_id=\"41004\" data-product_sku=\"\" aria-label=\"W\u00e4hle Optionen f\u00fcr \u201eDeko Kugel \u00d88 ALMA\u201c\" rel=\"nofollow\" data-product_name=\"Deko Kugel \u00d88 ALMA\" data-product_image=\"https:\/\/www.companhiaatlantica.pt\/wp-content\/uploads\/2022\/09\/120-031-150x150.jpg\">Ausf\u00fchrung w\u00e4hlen<\/a><\/div>\t<span id=\"woocommerce_loop_add_to_cart_link_describedby_41004\" class=\"screen-reader-text\">\n\t\tDieses Produkt weist mehrere Varianten auf. Die Optionen k\u00f6nnen auf der Produktseite gew\u00e4hlt werden\t<\/span>\n\t\t\t\t\t\t\t<\/div>\n\t\t\t\t\t\t<\/div>\n\t\t\t\t\t\t<\/div>\n\t\t\t\t\t<\/div><div class=\"col\" >\n\t\t\t\t\t\t<div class=\"col-inner\">\n\t\t\t\t\t\t\n<div class=\"badge-container absolute left top z-1\">\n\n<div class=\"badge callout badge-circle\"><div class=\"badge-inner callout-new-bg is-small new-bubble\">NEW <\/br><b>100ml<\/b><\/div><\/div><\/div>\n\t\t\t\t\t\t<div class=\"product-small box has-hover box-push box-text-bottom\">\n\t\t\t\t\t\t\t<div class=\"box-image\" >\n\t\t\t\t\t\t\t\t<div class=\"\" >\n\t\t\t\t\t\t\t\t\t<a href=\"https:\/\/www.companhiaatlantica.pt\/de\/produto\/duftkerzen-diffusoren-fur-zuhause\/mikado-lufterfrischer\/azulejo-diffusor-100ml\" aria-label=\"AZULEJO-Diffusor 100ml\">\n\t\t\t\t\t\t\t\t\t\t<img loading=\"lazy\" decoding=\"async\" width=\"700\" height=\"700\" src=\"https:\/\/www.companhiaatlantica.pt\/wp-content\/uploads\/2024\/07\/reed-diffuser-azulejo-white-700x700.jpg\" class=\"show-on-hover absolute fill hide-for-small back-image\" alt=\"Alternative view of AZULEJO-Diffusor 100ml\" aria-hidden=\"true\" srcset=\"https:\/\/www.companhiaatlantica.pt\/wp-content\/uploads\/2024\/07\/reed-diffuser-azulejo-white-700x700.jpg 700w, https:\/\/www.companhiaatlantica.pt\/wp-content\/uploads\/2024\/07\/reed-diffuser-azulejo-white-100x100.jpg 100w, https:\/\/www.companhiaatlantica.pt\/wp-content\/uploads\/2024\/07\/reed-diffuser-azulejo-white-900x900.jpg 900w, https:\/\/www.companhiaatlantica.pt\/wp-content\/uploads\/2024\/07\/reed-diffuser-azulejo-white-400x400.jpg 400w, https:\/\/www.companhiaatlantica.pt\/wp-content\/uploads\/2024\/07\/reed-diffuser-azulejo-white-1024x1024.jpg 1024w, https:\/\/www.companhiaatlantica.pt\/wp-content\/uploads\/2024\/07\/reed-diffuser-azulejo-white-350x350.jpg 350w, https:\/\/www.companhiaatlantica.pt\/wp-content\/uploads\/2024\/07\/reed-diffuser-azulejo-white-768x768.jpg 768w, https:\/\/www.companhiaatlantica.pt\/wp-content\/uploads\/2024\/07\/reed-diffuser-azulejo-white.jpg 1080w\" sizes=\"auto, (max-width: 700px) 100vw, 700px\" title=\"\"><img loading=\"lazy\" decoding=\"async\" width=\"900\" height=\"900\" src=\"https:\/\/www.companhiaatlantica.pt\/wp-content\/uploads\/2024\/11\/140-212-1.jpg\" class=\"attachment-original size-original\" alt=\"AZULEJO-Diffusor 100ml\" srcset=\"https:\/\/www.companhiaatlantica.pt\/wp-content\/uploads\/2024\/11\/140-212-1.jpg 900w, https:\/\/www.companhiaatlantica.pt\/wp-content\/uploads\/2024\/11\/140-212-1-700x700.jpg 700w, https:\/\/www.companhiaatlantica.pt\/wp-content\/uploads\/2024\/11\/140-212-1-100x100.jpg 100w, https:\/\/www.companhiaatlantica.pt\/wp-content\/uploads\/2024\/11\/140-212-1-400x400.jpg 400w, https:\/\/www.companhiaatlantica.pt\/wp-content\/uploads\/2024\/11\/140-212-1-350x350.jpg 350w, https:\/\/www.companhiaatlantica.pt\/wp-content\/uploads\/2024\/11\/140-212-1-768x768.jpg 768w, https:\/\/www.companhiaatlantica.pt\/wp-content\/uploads\/2024\/11\/140-212-1-600x600.jpg 600w\" sizes=\"auto, (max-width: 900px) 100vw, 900px\" title=\"\">\t\t\t\t\t\t\t\t\t<\/a>\n\t\t\t\t\t\t\t\t\t\t\t\t\t\t\t\t\t\t \t\t\t\t\t\t\t\t<\/div>\n\t\t\t\t\t\t\t\t<div class=\"image-tools top right show-on-hover\">\n\t\t\t\t\t\t\t\t\t\t\t<div class=\"wishlist-icon\">\n\t\t\t<button class=\"wishlist-button button is-outline circle icon\" aria-label=\"Wunschliste\">\n\t\t\t\t<i class=\"icon-heart\" aria-hidden=\"true\"><\/i>\t\t\t<\/button>\n\t\t\t<div class=\"wishlist-popup dark\">\n\t\t\t\t\n<div\n\tclass=\"yith-wcwl-add-to-wishlist add-to-wishlist-61181 yith-wcwl-add-to-wishlist--button_default-style wishlist-fragment on-first-load\"\n\tdata-fragment-ref=\"61181\"\n\tdata-fragment-options=\"{&quot;base_url&quot;:&quot;&quot;,&quot;product_id&quot;:61181,&quot;parent_product_id&quot;:0,&quot;product_type&quot;:&quot;variable&quot;,&quot;is_single&quot;:false,&quot;in_default_wishlist&quot;:false,&quot;show_view&quot;:false,&quot;browse_wishlist_text&quot;:&quot;Siehe Ihre Wunschliste!&quot;,&quot;already_in_wishslist_text&quot;:&quot;Dieses Produkt steht bereits auf Ihrem Wunschzettel!&quot;,&quot;product_added_text&quot;:&quot;Produto adicionado!&quot;,&quot;available_multi_wishlist&quot;:false,&quot;disable_wishlist&quot;:false,&quot;show_count&quot;:false,&quot;ajax_loading&quot;:false,&quot;loop_position&quot;:&quot;after_add_to_cart&quot;,&quot;item&quot;:&quot;add_to_wishlist&quot;}\"\n>\n\t\t\t\n\t\t\t<!-- ADD TO WISHLIST -->\n\t\t\t\n<div class=\"yith-wcwl-add-button\">\n\t\t<a\n\t\thref=\"?add_to_wishlist=61181&#038;_wpnonce=52d31225f0\"\n\t\tclass=\"add_to_wishlist single_add_to_wishlist alt button theme-button-style \"\n\t\tdata-product-id=\"61181\"\n\t\tdata-product-type=\"variable\"\n\t\tdata-original-product-id=\"0\"\n\t\tdata-title=\"Zu meiner Wunschliste hinzuf\u00fcgen\"\n\t\trel=\"nofollow\"\n\t>\n\t\t<svg id=\"yith-wcwl-icon-heart-outline\" class=\"yith-wcwl-icon-svg\" fill=\"none\" stroke-width=\"1.5\" stroke=\"currentColor\" viewBox=\"0 0 24 24\" xmlns=\"http:\/\/www.w3.org\/2000\/svg\">\n  <path stroke-linecap=\"round\" stroke-linejoin=\"round\" d=\"M21 8.25c0-2.485-2.099-4.5-4.688-4.5-1.935 0-3.597 1.126-4.312 2.733-.715-1.607-2.377-2.733-4.313-2.733C5.1 3.75 3 5.765 3 8.25c0 7.22 9 12 9 12s9-4.78 9-12Z\"><\/path>\n<\/svg>\t\t<span>Zu meiner Wunschliste hinzuf\u00fcgen<\/span>\n\t<\/a>\n<\/div>\n\n\t\t\t<!-- COUNT TEXT -->\n\t\t\t\n\t\t\t<\/div>\n\t\t\t<\/div>\n\t\t<\/div>\n\t\t\t\t\t\t\t\t\t\t<\/div>\n\t\t\t\t\t\t\t\t\t\t\t\t\t\t\t\t\t<div class=\"image-tools grid-tools text-center hide-for-small bottom hover-slide-in show-on-hover\">\n\t\t\t\t\t\t\t\t\t\t\t\t\t\t\t\t\t\t\t<\/div>\n\t\t\t\t\t\t\t\t\t\t\t\t\t\t\t\t\t\t\t\t\t\t\t<\/div>\n\n\t\t\t\t\t\t\t<div class=\"box-text text-center\" >\n\t\t\t\t\t\t\t\t<span class=\"featured-badge\"><img decoding=\"async\" src=\"https:\/\/cdn.companhiaatlantica.pt\/wp-content\/themes\/flatsome-child\/src\/img\/ar-icon-2.jpg\" alt=\"AR Icon\" class=\"ar-icon\" title=\"\"><\/span><div class=\"title-wrapper\"><p class=\"name product-title woocommerce-loop-product__title\"><a href=\"https:\/\/www.companhiaatlantica.pt\/de\/produto\/duftkerzen-diffusoren-fur-zuhause\/mikado-lufterfrischer\/azulejo-diffusor-100ml\" class=\"woocommerce-LoopProduct-link woocommerce-loop-product__link\">AZULEJO-Diffusor 100ml<\/a><\/p><\/div><div class=\"price-wrapper\">\n\t<span class=\"price\"><span class=\"woocommerce-Price-amount amount\"><bdi>31.00<span class=\"woocommerce-Price-currencySymbol\">&euro;<\/span><\/bdi><\/span><\/span>\n<\/div><div class=\"add-to-cart-button\"><a href=\"https:\/\/www.companhiaatlantica.pt\/de\/produto\/duftkerzen-diffusoren-fur-zuhause\/mikado-lufterfrischer\/azulejo-diffusor-100ml\" aria-describedby=\"woocommerce_loop_add_to_cart_link_describedby_61181\" data-quantity=\"1\" class=\"primary is-small mb-0 button product_type_variable add_to_cart_button is-outline\" data-product_id=\"61181\" data-product_sku=\"\" aria-label=\"W\u00e4hle Optionen f\u00fcr \u201eAZULEJO-Diffusor 100ml\u201c\" rel=\"nofollow\" data-product_name=\"AZULEJO-Diffusor 100ml\" data-product_image=\"https:\/\/www.companhiaatlantica.pt\/wp-content\/uploads\/2024\/11\/140-212-1-350x350.jpg\">Ausf\u00fchrung w\u00e4hlen<\/a><\/div>\t<span id=\"woocommerce_loop_add_to_cart_link_describedby_61181\" class=\"screen-reader-text\">\n\t\tDieses Produkt weist mehrere Varianten auf. Die Optionen k\u00f6nnen auf der Produktseite gew\u00e4hlt werden\t<\/span>\n\t\t\t\t\t\t\t<\/div>\n\t\t\t\t\t\t<\/div>\n\t\t\t\t\t\t<\/div>\n\t\t\t\t\t<\/div><div class=\"col\" >\n\t\t\t\t\t\t<div class=\"col-inner\">\n\t\t\t\t\t\t\n<div class=\"badge-container absolute left top z-1\">\n\n<div class=\"badge callout badge-circle\"><div class=\"badge-inner callout-new-bg is-small new-bubble\">TALL<\/div><\/div><\/div>\n\t\t\t\t\t\t<div class=\"product-small box has-hover box-push box-text-bottom\">\n\t\t\t\t\t\t\t<div class=\"box-image\" >\n\t\t\t\t\t\t\t\t<div class=\"\" >\n\t\t\t\t\t\t\t\t\t<a href=\"https:\/\/www.companhiaatlantica.pt\/de\/produto\/dekoration\/bio-vase-19cm\" aria-label=\"BIO Vase 19cm\">\n\t\t\t\t\t\t\t\t\t\t<img loading=\"lazy\" decoding=\"async\" width=\"700\" height=\"700\" src=\"https:\/\/www.companhiaatlantica.pt\/wp-content\/uploads\/2023\/11\/jarras-BIO-700x700.jpg\" class=\"show-on-hover absolute fill hide-for-small back-image\" alt=\"Alternative view of BIO Vase 19cm\" aria-hidden=\"true\" srcset=\"https:\/\/www.companhiaatlantica.pt\/wp-content\/uploads\/2023\/11\/jarras-BIO-700x700.jpg 700w, https:\/\/www.companhiaatlantica.pt\/wp-content\/uploads\/2023\/11\/jarras-BIO-100x100.jpg 100w, https:\/\/www.companhiaatlantica.pt\/wp-content\/uploads\/2023\/11\/jarras-BIO-900x900.jpg 900w, https:\/\/www.companhiaatlantica.pt\/wp-content\/uploads\/2023\/11\/jarras-BIO-400x400.jpg 400w, https:\/\/www.companhiaatlantica.pt\/wp-content\/uploads\/2023\/11\/jarras-BIO-1024x1024.jpg 1024w, https:\/\/www.companhiaatlantica.pt\/wp-content\/uploads\/2023\/11\/jarras-BIO-350x350.jpg 350w, https:\/\/www.companhiaatlantica.pt\/wp-content\/uploads\/2023\/11\/jarras-BIO-768x768.jpg 768w, https:\/\/www.companhiaatlantica.pt\/wp-content\/uploads\/2023\/11\/jarras-BIO.jpg 1150w\" sizes=\"auto, (max-width: 700px) 100vw, 700px\" title=\"\"><img loading=\"lazy\" decoding=\"async\" width=\"600\" height=\"600\" src=\"https:\/\/www.companhiaatlantica.pt\/wp-content\/uploads\/2020\/10\/IMG_6709.jpg\" class=\"attachment-original size-original\" alt=\"BIO Vase 19cm\" srcset=\"https:\/\/www.companhiaatlantica.pt\/wp-content\/uploads\/2020\/10\/IMG_6709.jpg 600w, https:\/\/www.companhiaatlantica.pt\/wp-content\/uploads\/2020\/10\/IMG_6709-100x100.jpg 100w\" sizes=\"auto, (max-width: 600px) 100vw, 600px\" title=\"\">\t\t\t\t\t\t\t\t\t<\/a>\n\t\t\t\t\t\t\t\t\t\t\t\t\t\t\t\t\t\t \t\t\t\t\t\t\t\t<\/div>\n\t\t\t\t\t\t\t\t<div class=\"image-tools top right show-on-hover\">\n\t\t\t\t\t\t\t\t\t\t\t<div class=\"wishlist-icon\">\n\t\t\t<button class=\"wishlist-button button is-outline circle icon\" aria-label=\"Wunschliste\">\n\t\t\t\t<i class=\"icon-heart\" aria-hidden=\"true\"><\/i>\t\t\t<\/button>\n\t\t\t<div class=\"wishlist-popup dark\">\n\t\t\t\t\n<div\n\tclass=\"yith-wcwl-add-to-wishlist add-to-wishlist-41733 yith-wcwl-add-to-wishlist--button_default-style wishlist-fragment on-first-load\"\n\tdata-fragment-ref=\"41733\"\n\tdata-fragment-options=\"{&quot;base_url&quot;:&quot;&quot;,&quot;product_id&quot;:41733,&quot;parent_product_id&quot;:0,&quot;product_type&quot;:&quot;variable&quot;,&quot;is_single&quot;:false,&quot;in_default_wishlist&quot;:false,&quot;show_view&quot;:false,&quot;browse_wishlist_text&quot;:&quot;Siehe Ihre Wunschliste!&quot;,&quot;already_in_wishslist_text&quot;:&quot;Dieses Produkt steht bereits auf Ihrem Wunschzettel!&quot;,&quot;product_added_text&quot;:&quot;Produto adicionado!&quot;,&quot;available_multi_wishlist&quot;:false,&quot;disable_wishlist&quot;:false,&quot;show_count&quot;:false,&quot;ajax_loading&quot;:false,&quot;loop_position&quot;:&quot;after_add_to_cart&quot;,&quot;item&quot;:&quot;add_to_wishlist&quot;}\"\n>\n\t\t\t\n\t\t\t<!-- ADD TO WISHLIST -->\n\t\t\t\n<div class=\"yith-wcwl-add-button\">\n\t\t<a\n\t\thref=\"?add_to_wishlist=41733&#038;_wpnonce=52d31225f0\"\n\t\tclass=\"add_to_wishlist single_add_to_wishlist alt button theme-button-style \"\n\t\tdata-product-id=\"41733\"\n\t\tdata-product-type=\"variable\"\n\t\tdata-original-product-id=\"0\"\n\t\tdata-title=\"Zu meiner Wunschliste hinzuf\u00fcgen\"\n\t\trel=\"nofollow\"\n\t>\n\t\t<svg id=\"yith-wcwl-icon-heart-outline\" class=\"yith-wcwl-icon-svg\" fill=\"none\" stroke-width=\"1.5\" stroke=\"currentColor\" viewBox=\"0 0 24 24\" xmlns=\"http:\/\/www.w3.org\/2000\/svg\">\n  <path stroke-linecap=\"round\" stroke-linejoin=\"round\" d=\"M21 8.25c0-2.485-2.099-4.5-4.688-4.5-1.935 0-3.597 1.126-4.312 2.733-.715-1.607-2.377-2.733-4.313-2.733C5.1 3.75 3 5.765 3 8.25c0 7.22 9 12 9 12s9-4.78 9-12Z\"><\/path>\n<\/svg>\t\t<span>Zu meiner Wunschliste hinzuf\u00fcgen<\/span>\n\t<\/a>\n<\/div>\n\n\t\t\t<!-- COUNT TEXT -->\n\t\t\t\n\t\t\t<\/div>\n\t\t\t<\/div>\n\t\t<\/div>\n\t\t\t\t\t\t\t\t\t\t<\/div>\n\t\t\t\t\t\t\t\t\t\t\t\t\t\t\t\t\t<div class=\"image-tools grid-tools text-center hide-for-small bottom hover-slide-in show-on-hover\">\n\t\t\t\t\t\t\t\t\t\t\t\t\t\t\t\t\t\t\t<\/div>\n\t\t\t\t\t\t\t\t\t\t\t\t\t\t\t\t\t\t\t\t\t\t\t<\/div>\n\n\t\t\t\t\t\t\t<div class=\"box-text text-center\" >\n\t\t\t\t\t\t\t\t<div class=\"title-wrapper\"><p class=\"name product-title woocommerce-loop-product__title\"><a href=\"https:\/\/www.companhiaatlantica.pt\/de\/produto\/dekoration\/bio-vase-19cm\" class=\"woocommerce-LoopProduct-link woocommerce-loop-product__link\">BIO Vase 19cm<\/a><\/p><\/div><div class=\"price-wrapper\">\n\t<span class=\"price\"><span class=\"woocommerce-Price-amount amount\"><bdi>23.00<span class=\"woocommerce-Price-currencySymbol\">&euro;<\/span><\/bdi><\/span><\/span>\n<\/div><div class=\"add-to-cart-button\"><a href=\"https:\/\/www.companhiaatlantica.pt\/de\/produto\/dekoration\/bio-vase-19cm\" aria-describedby=\"woocommerce_loop_add_to_cart_link_describedby_41733\" data-quantity=\"1\" class=\"primary is-small mb-0 button product_type_variable add_to_cart_button is-outline\" data-product_id=\"41733\" data-product_sku=\"\" aria-label=\"W\u00e4hle Optionen f\u00fcr \u201eBIO Vase 19cm\u201c\" rel=\"nofollow\" data-product_name=\"BIO Vase 19cm\" data-product_image=\"https:\/\/www.companhiaatlantica.pt\/wp-content\/uploads\/2020\/10\/IMG_6709.jpg\">Ausf\u00fchrung w\u00e4hlen<\/a><\/div>\t<span id=\"woocommerce_loop_add_to_cart_link_describedby_41733\" class=\"screen-reader-text\">\n\t\tDieses Produkt weist mehrere Varianten auf. Die Optionen k\u00f6nnen auf der Produktseite gew\u00e4hlt werden\t<\/span>\n\t\t\t\t\t\t\t<\/div>\n\t\t\t\t\t\t<\/div>\n\t\t\t\t\t\t<\/div>\n\t\t\t\t\t<\/div><div class=\"col\" >\n\t\t\t\t\t\t<div class=\"col-inner\">\n\t\t\t\t\t\t\n<div class=\"badge-container absolute left top z-1\">\n\n<div class=\"badge callout badge-circle\"><div class=\"badge-inner callout-new-bg is-small new-bubble\">SMALL<\/div><\/div><\/div>\n\t\t\t\t\t\t<div class=\"product-small box has-hover box-push box-text-bottom\">\n\t\t\t\t\t\t\t<div class=\"box-image\" >\n\t\t\t\t\t\t\t\t<div class=\"\" >\n\t\t\t\t\t\t\t\t\t<a href=\"https:\/\/www.companhiaatlantica.pt\/de\/produto\/dekoration\/vase-14cm-bio\" aria-label=\"Vase 14cm BIO\">\n\t\t\t\t\t\t\t\t\t\t<img loading=\"lazy\" decoding=\"async\" width=\"600\" height=\"600\" src=\"https:\/\/www.companhiaatlantica.pt\/wp-content\/uploads\/2021\/01\/130-362-363-4.jpg\" class=\"show-on-hover absolute fill hide-for-small back-image\" alt=\"Alternative view of Vase 14cm BIO\" aria-hidden=\"true\" srcset=\"https:\/\/www.companhiaatlantica.pt\/wp-content\/uploads\/2021\/01\/130-362-363-4.jpg 600w, https:\/\/www.companhiaatlantica.pt\/wp-content\/uploads\/2021\/01\/130-362-363-4-100x100.jpg 100w\" sizes=\"auto, (max-width: 600px) 100vw, 600px\" title=\"\"><img loading=\"lazy\" decoding=\"async\" width=\"600\" height=\"600\" src=\"https:\/\/www.companhiaatlantica.pt\/wp-content\/uploads\/2020\/10\/IMG_6709.jpg\" class=\"attachment-original size-original\" alt=\"Vase 14cm BIO\" srcset=\"https:\/\/www.companhiaatlantica.pt\/wp-content\/uploads\/2020\/10\/IMG_6709.jpg 600w, https:\/\/www.companhiaatlantica.pt\/wp-content\/uploads\/2020\/10\/IMG_6709-100x100.jpg 100w\" sizes=\"auto, (max-width: 600px) 100vw, 600px\" title=\"\">\t\t\t\t\t\t\t\t\t<\/a>\n\t\t\t\t\t\t\t\t\t\t\t\t\t\t\t\t\t\t \t\t\t\t\t\t\t\t<\/div>\n\t\t\t\t\t\t\t\t<div class=\"image-tools top right show-on-hover\">\n\t\t\t\t\t\t\t\t\t\t\t<div class=\"wishlist-icon\">\n\t\t\t<button class=\"wishlist-button button is-outline circle icon\" aria-label=\"Wunschliste\">\n\t\t\t\t<i class=\"icon-heart\" aria-hidden=\"true\"><\/i>\t\t\t<\/button>\n\t\t\t<div class=\"wishlist-popup dark\">\n\t\t\t\t\n<div\n\tclass=\"yith-wcwl-add-to-wishlist add-to-wishlist-41917 yith-wcwl-add-to-wishlist--button_default-style wishlist-fragment on-first-load\"\n\tdata-fragment-ref=\"41917\"\n\tdata-fragment-options=\"{&quot;base_url&quot;:&quot;&quot;,&quot;product_id&quot;:41917,&quot;parent_product_id&quot;:0,&quot;product_type&quot;:&quot;variable&quot;,&quot;is_single&quot;:false,&quot;in_default_wishlist&quot;:false,&quot;show_view&quot;:false,&quot;browse_wishlist_text&quot;:&quot;Siehe Ihre Wunschliste!&quot;,&quot;already_in_wishslist_text&quot;:&quot;Dieses Produkt steht bereits auf Ihrem Wunschzettel!&quot;,&quot;product_added_text&quot;:&quot;Produto adicionado!&quot;,&quot;available_multi_wishlist&quot;:false,&quot;disable_wishlist&quot;:false,&quot;show_count&quot;:false,&quot;ajax_loading&quot;:false,&quot;loop_position&quot;:&quot;after_add_to_cart&quot;,&quot;item&quot;:&quot;add_to_wishlist&quot;}\"\n>\n\t\t\t\n\t\t\t<!-- ADD TO WISHLIST -->\n\t\t\t\n<div class=\"yith-wcwl-add-button\">\n\t\t<a\n\t\thref=\"?add_to_wishlist=41917&#038;_wpnonce=52d31225f0\"\n\t\tclass=\"add_to_wishlist single_add_to_wishlist alt button theme-button-style \"\n\t\tdata-product-id=\"41917\"\n\t\tdata-product-type=\"variable\"\n\t\tdata-original-product-id=\"0\"\n\t\tdata-title=\"Zu meiner Wunschliste hinzuf\u00fcgen\"\n\t\trel=\"nofollow\"\n\t>\n\t\t<svg id=\"yith-wcwl-icon-heart-outline\" class=\"yith-wcwl-icon-svg\" fill=\"none\" stroke-width=\"1.5\" stroke=\"currentColor\" viewBox=\"0 0 24 24\" xmlns=\"http:\/\/www.w3.org\/2000\/svg\">\n  <path stroke-linecap=\"round\" stroke-linejoin=\"round\" d=\"M21 8.25c0-2.485-2.099-4.5-4.688-4.5-1.935 0-3.597 1.126-4.312 2.733-.715-1.607-2.377-2.733-4.313-2.733C5.1 3.75 3 5.765 3 8.25c0 7.22 9 12 9 12s9-4.78 9-12Z\"><\/path>\n<\/svg>\t\t<span>Zu meiner Wunschliste hinzuf\u00fcgen<\/span>\n\t<\/a>\n<\/div>\n\n\t\t\t<!-- COUNT TEXT -->\n\t\t\t\n\t\t\t<\/div>\n\t\t\t<\/div>\n\t\t<\/div>\n\t\t\t\t\t\t\t\t\t\t<\/div>\n\t\t\t\t\t\t\t\t\t\t\t\t\t\t\t\t\t<div class=\"image-tools grid-tools text-center hide-for-small bottom hover-slide-in show-on-hover\">\n\t\t\t\t\t\t\t\t\t\t\t\t\t\t\t\t\t\t\t<\/div>\n\t\t\t\t\t\t\t\t\t\t\t\t\t\t\t\t\t\t\t\t\t\t\t<\/div>\n\n\t\t\t\t\t\t\t<div class=\"box-text text-center\" >\n\t\t\t\t\t\t\t\t<div class=\"title-wrapper\"><p class=\"name product-title woocommerce-loop-product__title\"><a href=\"https:\/\/www.companhiaatlantica.pt\/de\/produto\/dekoration\/vase-14cm-bio\" class=\"woocommerce-LoopProduct-link woocommerce-loop-product__link\">Vase 14cm BIO<\/a><\/p><\/div><div class=\"price-wrapper\">\n\t<span class=\"price\"><span class=\"woocommerce-Price-amount amount\"><bdi>18.00<span class=\"woocommerce-Price-currencySymbol\">&euro;<\/span><\/bdi><\/span><\/span>\n<\/div><div class=\"add-to-cart-button\"><a href=\"https:\/\/www.companhiaatlantica.pt\/de\/produto\/dekoration\/vase-14cm-bio\" aria-describedby=\"woocommerce_loop_add_to_cart_link_describedby_41917\" data-quantity=\"1\" class=\"primary is-small mb-0 button product_type_variable add_to_cart_button is-outline\" data-product_id=\"41917\" data-product_sku=\"\" aria-label=\"W\u00e4hle Optionen f\u00fcr \u201eVase 14cm BIO\u201c\" rel=\"nofollow\" data-product_name=\"Vase 14cm BIO\" data-product_image=\"https:\/\/www.companhiaatlantica.pt\/wp-content\/uploads\/2020\/10\/IMG_6709.jpg\">Ausf\u00fchrung w\u00e4hlen<\/a><\/div>\t<span id=\"woocommerce_loop_add_to_cart_link_describedby_41917\" class=\"screen-reader-text\">\n\t\tDieses Produkt weist mehrere Varianten auf. Die Optionen k\u00f6nnen auf der Produktseite gew\u00e4hlt werden\t<\/span>\n\t\t\t\t\t\t\t<\/div>\n\t\t\t\t\t\t<\/div>\n\t\t\t\t\t\t<\/div>\n\t\t\t\t\t<\/div><div class=\"col\" >\n\t\t\t\t\t\t<div class=\"col-inner\">\n\t\t\t\t\t\t\n<div class=\"badge-container absolute left top z-1\">\n\n<\/div>\n\t\t\t\t\t\t<div class=\"product-small box has-hover box-push box-text-bottom\">\n\t\t\t\t\t\t\t<div class=\"box-image\" >\n\t\t\t\t\t\t\t\t<div class=\"\" >\n\t\t\t\t\t\t\t\t\t<a href=\"https:\/\/www.companhiaatlantica.pt\/de\/produto\/dekoration\/baga-jarra-28cm-2\" aria-label=\"Vase 28cm BAGA\">\n\t\t\t\t\t\t\t\t\t\t<img loading=\"lazy\" decoding=\"async\" width=\"700\" height=\"700\" src=\"https:\/\/www.companhiaatlantica.pt\/wp-content\/uploads\/2022\/03\/jarra_baga_alta_vidrado_10_03_2022_b-700x700.jpg\" class=\"show-on-hover absolute fill hide-for-small back-image\" alt=\"Alternative view of Vase 28cm BAGA\" aria-hidden=\"true\" srcset=\"https:\/\/www.companhiaatlantica.pt\/wp-content\/uploads\/2022\/03\/jarra_baga_alta_vidrado_10_03_2022_b-700x700.jpg 700w, https:\/\/www.companhiaatlantica.pt\/wp-content\/uploads\/2022\/03\/jarra_baga_alta_vidrado_10_03_2022_b-100x100.jpg 100w, https:\/\/www.companhiaatlantica.pt\/wp-content\/uploads\/2022\/03\/jarra_baga_alta_vidrado_10_03_2022_b-900x900.jpg 900w, https:\/\/www.companhiaatlantica.pt\/wp-content\/uploads\/2022\/03\/jarra_baga_alta_vidrado_10_03_2022_b-300x300.jpg 300w, https:\/\/www.companhiaatlantica.pt\/wp-content\/uploads\/2022\/03\/jarra_baga_alta_vidrado_10_03_2022_b-150x150.jpg 150w, https:\/\/www.companhiaatlantica.pt\/wp-content\/uploads\/2022\/03\/jarra_baga_alta_vidrado_10_03_2022_b-768x768.jpg 768w, https:\/\/www.companhiaatlantica.pt\/wp-content\/uploads\/2022\/03\/jarra_baga_alta_vidrado_10_03_2022_b-600x600.jpg 600w, https:\/\/www.companhiaatlantica.pt\/wp-content\/uploads\/2022\/03\/jarra_baga_alta_vidrado_10_03_2022_b.jpg 1000w\" sizes=\"auto, (max-width: 700px) 100vw, 700px\" title=\"\"><img loading=\"lazy\" decoding=\"async\" width=\"1000\" height=\"1000\" src=\"https:\/\/www.companhiaatlantica.pt\/wp-content\/uploads\/2021\/02\/jarra_baga_alta_vidrado_10_03_2022_a.jpg\" class=\"attachment-original size-original\" alt=\"Vase 28cm BAGA\" srcset=\"https:\/\/www.companhiaatlantica.pt\/wp-content\/uploads\/2021\/02\/jarra_baga_alta_vidrado_10_03_2022_a.jpg 1000w, https:\/\/www.companhiaatlantica.pt\/wp-content\/uploads\/2021\/02\/jarra_baga_alta_vidrado_10_03_2022_a-700x700.jpg 700w, https:\/\/www.companhiaatlantica.pt\/wp-content\/uploads\/2021\/02\/jarra_baga_alta_vidrado_10_03_2022_a-100x100.jpg 100w, https:\/\/www.companhiaatlantica.pt\/wp-content\/uploads\/2021\/02\/jarra_baga_alta_vidrado_10_03_2022_a-900x900.jpg 900w, https:\/\/www.companhiaatlantica.pt\/wp-content\/uploads\/2021\/02\/jarra_baga_alta_vidrado_10_03_2022_a-300x300.jpg 300w, https:\/\/www.companhiaatlantica.pt\/wp-content\/uploads\/2021\/02\/jarra_baga_alta_vidrado_10_03_2022_a-150x150.jpg 150w, https:\/\/www.companhiaatlantica.pt\/wp-content\/uploads\/2021\/02\/jarra_baga_alta_vidrado_10_03_2022_a-768x768.jpg 768w, https:\/\/www.companhiaatlantica.pt\/wp-content\/uploads\/2021\/02\/jarra_baga_alta_vidrado_10_03_2022_a-600x600.jpg 600w\" sizes=\"auto, (max-width: 1000px) 100vw, 1000px\" title=\"\">\t\t\t\t\t\t\t\t\t<\/a>\n\t\t\t\t\t\t\t\t\t\t\t\t\t\t\t\t\t\t \t\t\t\t\t\t\t\t<\/div>\n\t\t\t\t\t\t\t\t<div class=\"image-tools top right show-on-hover\">\n\t\t\t\t\t\t\t\t\t\t\t<div class=\"wishlist-icon\">\n\t\t\t<button class=\"wishlist-button button is-outline circle icon\" aria-label=\"Wunschliste\">\n\t\t\t\t<i class=\"icon-heart\" aria-hidden=\"true\"><\/i>\t\t\t<\/button>\n\t\t\t<div class=\"wishlist-popup dark\">\n\t\t\t\t\n<div\n\tclass=\"yith-wcwl-add-to-wishlist add-to-wishlist-41753 yith-wcwl-add-to-wishlist--button_default-style wishlist-fragment on-first-load\"\n\tdata-fragment-ref=\"41753\"\n\tdata-fragment-options=\"{&quot;base_url&quot;:&quot;&quot;,&quot;product_id&quot;:41753,&quot;parent_product_id&quot;:0,&quot;product_type&quot;:&quot;simple&quot;,&quot;is_single&quot;:false,&quot;in_default_wishlist&quot;:false,&quot;show_view&quot;:false,&quot;browse_wishlist_text&quot;:&quot;Siehe Ihre Wunschliste!&quot;,&quot;already_in_wishslist_text&quot;:&quot;Dieses Produkt steht bereits auf Ihrem Wunschzettel!&quot;,&quot;product_added_text&quot;:&quot;Produto adicionado!&quot;,&quot;available_multi_wishlist&quot;:false,&quot;disable_wishlist&quot;:false,&quot;show_count&quot;:false,&quot;ajax_loading&quot;:false,&quot;loop_position&quot;:&quot;after_add_to_cart&quot;,&quot;item&quot;:&quot;add_to_wishlist&quot;}\"\n>\n\t\t\t\n\t\t\t<!-- ADD TO WISHLIST -->\n\t\t\t\n<div class=\"yith-wcwl-add-button\">\n\t\t<a\n\t\thref=\"?add_to_wishlist=41753&#038;_wpnonce=52d31225f0\"\n\t\tclass=\"add_to_wishlist single_add_to_wishlist alt button theme-button-style \"\n\t\tdata-product-id=\"41753\"\n\t\tdata-product-type=\"simple\"\n\t\tdata-original-product-id=\"0\"\n\t\tdata-title=\"Zu meiner Wunschliste hinzuf\u00fcgen\"\n\t\trel=\"nofollow\"\n\t>\n\t\t<svg id=\"yith-wcwl-icon-heart-outline\" class=\"yith-wcwl-icon-svg\" fill=\"none\" stroke-width=\"1.5\" stroke=\"currentColor\" viewBox=\"0 0 24 24\" xmlns=\"http:\/\/www.w3.org\/2000\/svg\">\n  <path stroke-linecap=\"round\" stroke-linejoin=\"round\" d=\"M21 8.25c0-2.485-2.099-4.5-4.688-4.5-1.935 0-3.597 1.126-4.312 2.733-.715-1.607-2.377-2.733-4.313-2.733C5.1 3.75 3 5.765 3 8.25c0 7.22 9 12 9 12s9-4.78 9-12Z\"><\/path>\n<\/svg>\t\t<span>Zu meiner Wunschliste hinzuf\u00fcgen<\/span>\n\t<\/a>\n<\/div>\n\n\t\t\t<!-- COUNT TEXT -->\n\t\t\t\n\t\t\t<\/div>\n\t\t\t<\/div>\n\t\t<\/div>\n\t\t\t\t\t\t\t\t\t\t<\/div>\n\t\t\t\t\t\t\t\t\t\t\t\t\t\t\t\t\t<div class=\"image-tools grid-tools text-center hide-for-small bottom hover-slide-in show-on-hover\">\n\t\t\t\t\t\t\t\t\t\t\t\t\t\t\t\t\t\t\t<\/div>\n\t\t\t\t\t\t\t\t\t\t\t\t\t\t\t\t\t\t\t\t\t\t\t<\/div>\n\n\t\t\t\t\t\t\t<div class=\"box-text text-center\" >\n\t\t\t\t\t\t\t\t<div class=\"title-wrapper\"><p class=\"name product-title woocommerce-loop-product__title\"><a href=\"https:\/\/www.companhiaatlantica.pt\/de\/produto\/dekoration\/baga-jarra-28cm-2\" class=\"woocommerce-LoopProduct-link woocommerce-loop-product__link\">Vase 28cm BAGA<\/a><\/p><\/div><div class=\"price-wrapper\">\n\t<span class=\"price\"><span class=\"woocommerce-Price-amount amount\"><bdi>29.00<span class=\"woocommerce-Price-currencySymbol\">&euro;<\/span><\/bdi><\/span><\/span>\n<\/div><div class=\"add-to-cart-button\"><a href=\"\/de\/wp-json\/wp\/v2\/pages\/66644?add-to-cart=41753\" aria-describedby=\"woocommerce_loop_add_to_cart_link_describedby_41753\" data-quantity=\"1\" class=\"primary is-small mb-0 button product_type_simple add_to_cart_button ajax_add_to_cart is-outline\" data-product_id=\"41753\" data-product_sku=\"130-743\" aria-label=\"In den Warenkorb legen: \u201eVase 28cm BAGA\u201c\" rel=\"nofollow\" data-success_message=\"\u201eVase 28cm BAGA\u201c wurde deinem Warenkorb hinzugef\u00fcgt\" data-product_name=\"Vase 28cm BAGA\" data-product_image=\"https:\/\/www.companhiaatlantica.pt\/wp-content\/uploads\/2021\/02\/jarra_baga_alta_vidrado_10_03_2022_a-150x150.jpg\" role=\"button\">In den Warenkorb<\/a><\/div>\t<span id=\"woocommerce_loop_add_to_cart_link_describedby_41753\" class=\"screen-reader-text\">\n\t\t\t<\/span>\n\t\t\t\t\t\t\t<\/div>\n\t\t\t\t\t\t<\/div>\n\t\t\t\t\t\t<\/div>\n\t\t\t\t\t<\/div><div class=\"col\" >\n\t\t\t\t\t\t<div class=\"col-inner\">\n\t\t\t\t\t\t\n<div class=\"badge-container absolute left top z-1\">\n\n<\/div>\n\t\t\t\t\t\t<div class=\"product-small box has-hover box-push box-text-bottom\">\n\t\t\t\t\t\t\t<div class=\"box-image\" >\n\t\t\t\t\t\t\t\t<div class=\"\" >\n\t\t\t\t\t\t\t\t\t<a href=\"https:\/\/www.companhiaatlantica.pt\/de\/produto\/dekoration\/coa-jarra-schlauch-35cm\" aria-label=\"Vase 35cm COA\">\n\t\t\t\t\t\t\t\t\t\t<img loading=\"lazy\" decoding=\"async\" width=\"700\" height=\"700\" src=\"https:\/\/www.companhiaatlantica.pt\/wp-content\/uploads\/2021\/02\/130-704-700x700.jpg\" class=\"show-on-hover absolute fill hide-for-small back-image\" alt=\"Alternative view of Vase 35cm COA\" aria-hidden=\"true\" srcset=\"https:\/\/www.companhiaatlantica.pt\/wp-content\/uploads\/2021\/02\/130-704-700x700.jpg 700w, https:\/\/www.companhiaatlantica.pt\/wp-content\/uploads\/2021\/02\/130-704-100x100.jpg 100w, https:\/\/www.companhiaatlantica.pt\/wp-content\/uploads\/2021\/02\/130-704-900x900.jpg 900w, https:\/\/www.companhiaatlantica.pt\/wp-content\/uploads\/2021\/02\/130-704-300x300.jpg 300w, https:\/\/www.companhiaatlantica.pt\/wp-content\/uploads\/2021\/02\/130-704-150x150.jpg 150w, https:\/\/www.companhiaatlantica.pt\/wp-content\/uploads\/2021\/02\/130-704-768x768.jpg 768w, https:\/\/www.companhiaatlantica.pt\/wp-content\/uploads\/2021\/02\/130-704-600x600.jpg 600w, https:\/\/www.companhiaatlantica.pt\/wp-content\/uploads\/2021\/02\/130-704.jpg 1000w\" sizes=\"auto, (max-width: 700px) 100vw, 700px\" title=\"\"><img loading=\"lazy\" decoding=\"async\" width=\"1000\" height=\"1000\" src=\"https:\/\/www.companhiaatlantica.pt\/wp-content\/uploads\/2021\/02\/IMG_0776.jpg\" class=\"attachment-original size-original\" alt=\"Vase 35cm COA\" srcset=\"https:\/\/www.companhiaatlantica.pt\/wp-content\/uploads\/2021\/02\/IMG_0776.jpg 1000w, https:\/\/www.companhiaatlantica.pt\/wp-content\/uploads\/2021\/02\/IMG_0776-700x700.jpg 700w, https:\/\/www.companhiaatlantica.pt\/wp-content\/uploads\/2021\/02\/IMG_0776-100x100.jpg 100w, https:\/\/www.companhiaatlantica.pt\/wp-content\/uploads\/2021\/02\/IMG_0776-900x900.jpg 900w, https:\/\/www.companhiaatlantica.pt\/wp-content\/uploads\/2021\/02\/IMG_0776-300x300.jpg 300w, https:\/\/www.companhiaatlantica.pt\/wp-content\/uploads\/2021\/02\/IMG_0776-150x150.jpg 150w, https:\/\/www.companhiaatlantica.pt\/wp-content\/uploads\/2021\/02\/IMG_0776-768x768.jpg 768w, https:\/\/www.companhiaatlantica.pt\/wp-content\/uploads\/2021\/02\/IMG_0776-600x600.jpg 600w\" sizes=\"auto, (max-width: 1000px) 100vw, 1000px\" title=\"\">\t\t\t\t\t\t\t\t\t<\/a>\n\t\t\t\t\t\t\t\t\t\t\t\t\t\t\t\t\t\t \t\t\t\t\t\t\t\t<\/div>\n\t\t\t\t\t\t\t\t<div class=\"image-tools top right show-on-hover\">\n\t\t\t\t\t\t\t\t\t\t\t<div class=\"wishlist-icon\">\n\t\t\t<button class=\"wishlist-button button is-outline circle icon\" aria-label=\"Wunschliste\">\n\t\t\t\t<i class=\"icon-heart\" aria-hidden=\"true\"><\/i>\t\t\t<\/button>\n\t\t\t<div class=\"wishlist-popup dark\">\n\t\t\t\t\n<div\n\tclass=\"yith-wcwl-add-to-wishlist add-to-wishlist-41833 yith-wcwl-add-to-wishlist--button_default-style wishlist-fragment on-first-load\"\n\tdata-fragment-ref=\"41833\"\n\tdata-fragment-options=\"{&quot;base_url&quot;:&quot;&quot;,&quot;product_id&quot;:41833,&quot;parent_product_id&quot;:0,&quot;product_type&quot;:&quot;simple&quot;,&quot;is_single&quot;:false,&quot;in_default_wishlist&quot;:false,&quot;show_view&quot;:false,&quot;browse_wishlist_text&quot;:&quot;Siehe Ihre Wunschliste!&quot;,&quot;already_in_wishslist_text&quot;:&quot;Dieses Produkt steht bereits auf Ihrem Wunschzettel!&quot;,&quot;product_added_text&quot;:&quot;Produto adicionado!&quot;,&quot;available_multi_wishlist&quot;:false,&quot;disable_wishlist&quot;:false,&quot;show_count&quot;:false,&quot;ajax_loading&quot;:false,&quot;loop_position&quot;:&quot;after_add_to_cart&quot;,&quot;item&quot;:&quot;add_to_wishlist&quot;}\"\n>\n\t\t\t\n\t\t\t<!-- ADD TO WISHLIST -->\n\t\t\t\n<div class=\"yith-wcwl-add-button\">\n\t\t<a\n\t\thref=\"?add_to_wishlist=41833&#038;_wpnonce=52d31225f0\"\n\t\tclass=\"add_to_wishlist single_add_to_wishlist alt button theme-button-style \"\n\t\tdata-product-id=\"41833\"\n\t\tdata-product-type=\"simple\"\n\t\tdata-original-product-id=\"0\"\n\t\tdata-title=\"Zu meiner Wunschliste hinzuf\u00fcgen\"\n\t\trel=\"nofollow\"\n\t>\n\t\t<svg id=\"yith-wcwl-icon-heart-outline\" class=\"yith-wcwl-icon-svg\" fill=\"none\" stroke-width=\"1.5\" stroke=\"currentColor\" viewBox=\"0 0 24 24\" xmlns=\"http:\/\/www.w3.org\/2000\/svg\">\n  <path stroke-linecap=\"round\" stroke-linejoin=\"round\" d=\"M21 8.25c0-2.485-2.099-4.5-4.688-4.5-1.935 0-3.597 1.126-4.312 2.733-.715-1.607-2.377-2.733-4.313-2.733C5.1 3.75 3 5.765 3 8.25c0 7.22 9 12 9 12s9-4.78 9-12Z\"><\/path>\n<\/svg>\t\t<span>Zu meiner Wunschliste hinzuf\u00fcgen<\/span>\n\t<\/a>\n<\/div>\n\n\t\t\t<!-- COUNT TEXT -->\n\t\t\t\n\t\t\t<\/div>\n\t\t\t<\/div>\n\t\t<\/div>\n\t\t\t\t\t\t\t\t\t\t<\/div>\n\t\t\t\t\t\t\t\t\t\t\t\t\t\t\t\t\t<div class=\"image-tools grid-tools text-center hide-for-small bottom hover-slide-in show-on-hover\">\n\t\t\t\t\t\t\t\t\t\t\t\t\t\t\t\t\t\t\t<\/div>\n\t\t\t\t\t\t\t\t\t\t\t\t\t\t\t\t\t\t\t\t\t\t\t<\/div>\n\n\t\t\t\t\t\t\t<div class=\"box-text text-center\" >\n\t\t\t\t\t\t\t\t<div class=\"title-wrapper\"><p class=\"name product-title woocommerce-loop-product__title\"><a href=\"https:\/\/www.companhiaatlantica.pt\/de\/produto\/dekoration\/coa-jarra-schlauch-35cm\" class=\"woocommerce-LoopProduct-link woocommerce-loop-product__link\">Vase 35cm COA<\/a><\/p><\/div><div class=\"price-wrapper\">\n\t<span class=\"price\"><span class=\"woocommerce-Price-amount amount\"><bdi>35.00<span class=\"woocommerce-Price-currencySymbol\">&euro;<\/span><\/bdi><\/span><\/span>\n<\/div><div class=\"add-to-cart-button\"><a href=\"\/de\/wp-json\/wp\/v2\/pages\/66644?add-to-cart=41833\" aria-describedby=\"woocommerce_loop_add_to_cart_link_describedby_41833\" data-quantity=\"1\" class=\"primary is-small mb-0 button product_type_simple add_to_cart_button ajax_add_to_cart is-outline\" data-product_id=\"41833\" data-product_sku=\"130-704\" aria-label=\"In den Warenkorb legen: \u201eVase 35cm COA\u201c\" rel=\"nofollow\" data-success_message=\"\u201eVase 35cm COA\u201c wurde deinem Warenkorb hinzugef\u00fcgt\" data-product_name=\"Vase 35cm COA\" data-product_image=\"https:\/\/www.companhiaatlantica.pt\/wp-content\/uploads\/2021\/02\/IMG_0776-150x150.jpg\" role=\"button\">In den Warenkorb<\/a><\/div>\t<span id=\"woocommerce_loop_add_to_cart_link_describedby_41833\" class=\"screen-reader-text\">\n\t\t\t<\/span>\n\t\t\t\t\t\t\t<\/div>\n\t\t\t\t\t\t<\/div>\n\t\t\t\t\t\t<\/div>\n\t\t\t\t\t<\/div><div class=\"col\" >\n\t\t\t\t\t\t<div class=\"col-inner\">\n\t\t\t\t\t\t\n<div class=\"badge-container absolute left top z-1\">\n\n<div class=\"badge callout badge-circle\"><div class=\"badge-inner callout-new-bg is-small new-bubble\">NEW<\/div><\/div><\/div>\n\t\t\t\t\t\t<div class=\"product-small box has-hover box-push box-text-bottom\">\n\t\t\t\t\t\t\t<div class=\"box-image\" >\n\t\t\t\t\t\t\t\t<div class=\"\" >\n\t\t\t\t\t\t\t\t\t<a href=\"https:\/\/www.companhiaatlantica.pt\/de\/produto\/duftkerzen-diffusoren-fur-zuhause\/mikado-lufterfrischer\/diffusor-alicatos-100ml\" aria-label=\"Diffusor ALICATOS 100ml\">\n\t\t\t\t\t\t\t\t\t\t<img loading=\"lazy\" decoding=\"async\" width=\"700\" height=\"700\" src=\"https:\/\/www.companhiaatlantica.pt\/wp-content\/uploads\/2024\/03\/140-162-1-alicatos-700x700.jpg\" class=\"show-on-hover absolute fill hide-for-small back-image\" alt=\"Alternative view of Diffusor ALICATOS 100ml\" aria-hidden=\"true\" srcset=\"https:\/\/www.companhiaatlantica.pt\/wp-content\/uploads\/2024\/03\/140-162-1-alicatos-700x700.jpg 700w, https:\/\/www.companhiaatlantica.pt\/wp-content\/uploads\/2024\/03\/140-162-1-alicatos-100x100.jpg 100w, https:\/\/www.companhiaatlantica.pt\/wp-content\/uploads\/2024\/03\/140-162-1-alicatos-400x400.jpg 400w, https:\/\/www.companhiaatlantica.pt\/wp-content\/uploads\/2024\/03\/140-162-1-alicatos-350x350.jpg 350w, https:\/\/www.companhiaatlantica.pt\/wp-content\/uploads\/2024\/03\/140-162-1-alicatos-768x768.jpg 768w, https:\/\/www.companhiaatlantica.pt\/wp-content\/uploads\/2024\/03\/140-162-1-alicatos-600x600.jpg 600w, https:\/\/www.companhiaatlantica.pt\/wp-content\/uploads\/2024\/03\/140-162-1-alicatos.jpg 800w\" sizes=\"auto, (max-width: 700px) 100vw, 700px\" title=\"\"><img loading=\"lazy\" decoding=\"async\" width=\"800\" height=\"800\" src=\"https:\/\/www.companhiaatlantica.pt\/wp-content\/uploads\/2024\/03\/140-162-1-alicatos.jpg\" class=\"attachment-original size-original\" alt=\"Diffusor ALICATOS 100ml\" srcset=\"https:\/\/www.companhiaatlantica.pt\/wp-content\/uploads\/2024\/03\/140-162-1-alicatos.jpg 800w, https:\/\/www.companhiaatlantica.pt\/wp-content\/uploads\/2024\/03\/140-162-1-alicatos-700x700.jpg 700w, https:\/\/www.companhiaatlantica.pt\/wp-content\/uploads\/2024\/03\/140-162-1-alicatos-100x100.jpg 100w, https:\/\/www.companhiaatlantica.pt\/wp-content\/uploads\/2024\/03\/140-162-1-alicatos-400x400.jpg 400w, https:\/\/www.companhiaatlantica.pt\/wp-content\/uploads\/2024\/03\/140-162-1-alicatos-350x350.jpg 350w, https:\/\/www.companhiaatlantica.pt\/wp-content\/uploads\/2024\/03\/140-162-1-alicatos-768x768.jpg 768w, https:\/\/www.companhiaatlantica.pt\/wp-content\/uploads\/2024\/03\/140-162-1-alicatos-600x600.jpg 600w\" sizes=\"auto, (max-width: 800px) 100vw, 800px\" title=\"\">\t\t\t\t\t\t\t\t\t<\/a>\n\t\t\t\t\t\t\t\t\t\t\t\t\t\t\t\t\t\t \t\t\t\t\t\t\t\t<\/div>\n\t\t\t\t\t\t\t\t<div class=\"image-tools top right show-on-hover\">\n\t\t\t\t\t\t\t\t\t\t\t<div class=\"wishlist-icon\">\n\t\t\t<button class=\"wishlist-button button is-outline circle icon\" aria-label=\"Wunschliste\">\n\t\t\t\t<i class=\"icon-heart\" aria-hidden=\"true\"><\/i>\t\t\t<\/button>\n\t\t\t<div class=\"wishlist-popup dark\">\n\t\t\t\t\n<div\n\tclass=\"yith-wcwl-add-to-wishlist add-to-wishlist-55620 yith-wcwl-add-to-wishlist--button_default-style wishlist-fragment on-first-load\"\n\tdata-fragment-ref=\"55620\"\n\tdata-fragment-options=\"{&quot;base_url&quot;:&quot;&quot;,&quot;product_id&quot;:55620,&quot;parent_product_id&quot;:0,&quot;product_type&quot;:&quot;variable&quot;,&quot;is_single&quot;:false,&quot;in_default_wishlist&quot;:false,&quot;show_view&quot;:false,&quot;browse_wishlist_text&quot;:&quot;Siehe Ihre Wunschliste!&quot;,&quot;already_in_wishslist_text&quot;:&quot;Dieses Produkt steht bereits auf Ihrem Wunschzettel!&quot;,&quot;product_added_text&quot;:&quot;Produto adicionado!&quot;,&quot;available_multi_wishlist&quot;:false,&quot;disable_wishlist&quot;:false,&quot;show_count&quot;:false,&quot;ajax_loading&quot;:false,&quot;loop_position&quot;:&quot;after_add_to_cart&quot;,&quot;item&quot;:&quot;add_to_wishlist&quot;}\"\n>\n\t\t\t\n\t\t\t<!-- ADD TO WISHLIST -->\n\t\t\t\n<div class=\"yith-wcwl-add-button\">\n\t\t<a\n\t\thref=\"?add_to_wishlist=55620&#038;_wpnonce=52d31225f0\"\n\t\tclass=\"add_to_wishlist single_add_to_wishlist alt button theme-button-style \"\n\t\tdata-product-id=\"55620\"\n\t\tdata-product-type=\"variable\"\n\t\tdata-original-product-id=\"0\"\n\t\tdata-title=\"Zu meiner Wunschliste hinzuf\u00fcgen\"\n\t\trel=\"nofollow\"\n\t>\n\t\t<svg id=\"yith-wcwl-icon-heart-outline\" class=\"yith-wcwl-icon-svg\" fill=\"none\" stroke-width=\"1.5\" stroke=\"currentColor\" viewBox=\"0 0 24 24\" xmlns=\"http:\/\/www.w3.org\/2000\/svg\">\n  <path stroke-linecap=\"round\" stroke-linejoin=\"round\" d=\"M21 8.25c0-2.485-2.099-4.5-4.688-4.5-1.935 0-3.597 1.126-4.312 2.733-.715-1.607-2.377-2.733-4.313-2.733C5.1 3.75 3 5.765 3 8.25c0 7.22 9 12 9 12s9-4.78 9-12Z\"><\/path>\n<\/svg>\t\t<span>Zu meiner Wunschliste hinzuf\u00fcgen<\/span>\n\t<\/a>\n<\/div>\n\n\t\t\t<!-- COUNT TEXT -->\n\t\t\t\n\t\t\t<\/div>\n\t\t\t<\/div>\n\t\t<\/div>\n\t\t\t\t\t\t\t\t\t\t<\/div>\n\t\t\t\t\t\t\t\t\t\t\t\t\t\t\t\t\t<div class=\"image-tools grid-tools text-center hide-for-small bottom hover-slide-in show-on-hover\">\n\t\t\t\t\t\t\t\t\t\t\t\t\t\t\t\t\t\t\t<\/div>\n\t\t\t\t\t\t\t\t\t\t\t\t\t\t\t\t\t\t\t\t\t\t\t<\/div>\n\n\t\t\t\t\t\t\t<div class=\"box-text text-center\" >\n\t\t\t\t\t\t\t\t<span class=\"featured-badge\"><img decoding=\"async\" src=\"https:\/\/cdn.companhiaatlantica.pt\/wp-content\/themes\/flatsome-child\/src\/img\/ar-icon-2.jpg\" alt=\"AR Icon\" class=\"ar-icon\" title=\"\"><\/span><div class=\"title-wrapper\"><p class=\"name product-title woocommerce-loop-product__title\"><a href=\"https:\/\/www.companhiaatlantica.pt\/de\/produto\/duftkerzen-diffusoren-fur-zuhause\/mikado-lufterfrischer\/diffusor-alicatos-100ml\" class=\"woocommerce-LoopProduct-link woocommerce-loop-product__link\">Diffusor ALICATOS 100ml<\/a><\/p><\/div><div class=\"price-wrapper\">\n\t<span class=\"price\"><span class=\"woocommerce-Price-amount amount\"><bdi>29.00<span class=\"woocommerce-Price-currencySymbol\">&euro;<\/span><\/bdi><\/span><\/span>\n<\/div><div class=\"add-to-cart-button\"><a href=\"https:\/\/www.companhiaatlantica.pt\/de\/produto\/duftkerzen-diffusoren-fur-zuhause\/mikado-lufterfrischer\/diffusor-alicatos-100ml\" aria-describedby=\"woocommerce_loop_add_to_cart_link_describedby_55620\" data-quantity=\"1\" class=\"primary is-small mb-0 button product_type_variable add_to_cart_button is-outline\" data-product_id=\"55620\" data-product_sku=\"\" aria-label=\"W\u00e4hle Optionen f\u00fcr \u201eDiffusor ALICATOS 100ml\u201c\" rel=\"nofollow\" data-product_name=\"Diffusor ALICATOS 100ml\" data-product_image=\"https:\/\/www.companhiaatlantica.pt\/wp-content\/uploads\/2024\/03\/140-162-1-alicatos-350x350.jpg\">Ausf\u00fchrung w\u00e4hlen<\/a><\/div>\t<span id=\"woocommerce_loop_add_to_cart_link_describedby_55620\" class=\"screen-reader-text\">\n\t\tDieses Produkt weist mehrere Varianten auf. Die Optionen k\u00f6nnen auf der Produktseite gew\u00e4hlt werden\t<\/span>\n\t\t\t\t\t\t\t<\/div>\n\t\t\t\t\t\t<\/div>\n\t\t\t\t\t\t<\/div>\n\t\t\t\t\t<\/div><\/div>\n\t<div id=\"gap-1879499412\" class=\"gap-element clearfix\" style=\"display:block; height:auto;\">\n\t\t\n<style>\n#gap-1879499412 {\n  padding-top: 30px;\n}\n<\/style>\n\t<\/div>\n\t\n\t<div id=\"gap-919985987\" class=\"gap-element clearfix\" style=\"display:block; height:auto;\">\n\t\t\n<style>\n#gap-919985987 {\n  padding-top: 30px;\n}\n<\/style>\n\t<\/div>\n\t\n<div class=\"container section-title-container\" ><h3 class=\"section-title section-title-center\"><b aria-hidden=\"true\"><\/b><span class=\"section-title-main\" >ORIGINELLE GESCHENKE, VOLLER TRADITION<\/span><b aria-hidden=\"true\"><\/b><\/h3><\/div>\n\t\n  \n    <div class=\"row large-columns-4 medium-columns-3 small-columns-2 row-xsmall row-full-width slider row-slider slider-nav-reveal\"  data-flickity-options='{&quot;imagesLoaded&quot;: true, &quot;groupCells&quot;: &quot;100%&quot;, &quot;dragThreshold&quot; : 5, &quot;cellAlign&quot;: &quot;left&quot;,&quot;wrapAround&quot;: true,&quot;prevNextButtons&quot;: true,&quot;percentPosition&quot;: true,&quot;pageDots&quot;: false, &quot;rightToLeft&quot;: false, &quot;autoPlay&quot; : 3000}' >\n\n  \n\t     <div class=\"col\" >\n\t\t\t\t\t\t<div class=\"col-inner\">\n\t\t\t\t\t\t\n<div class=\"badge-container absolute left top z-1\">\n\n<div class=\"badge callout badge-circle\"><div class=\"badge-inner callout-new-bg is-small new-bubble\">NEW<\/div><\/div><\/div>\n\t\t\t\t\t\t<div class=\"product-small box has-hover box-push box-text-bottom\">\n\t\t\t\t\t\t\t<div class=\"box-image\" >\n\t\t\t\t\t\t\t\t<div class=\"\" >\n\t\t\t\t\t\t\t\t\t<a href=\"https:\/\/www.companhiaatlantica.pt\/de\/produto\/portugiesisches-leben\/modeartikel\/brillenbox\/mikrofasertuch-namorados\" aria-label=\"Mikrofasertuch NAMORADOS\">\n\t\t\t\t\t\t\t\t\t\t<img loading=\"lazy\" decoding=\"async\" width=\"700\" height=\"700\" src=\"https:\/\/www.companhiaatlantica.pt\/wp-content\/uploads\/2024\/06\/160-145-700x700.jpg\" class=\"show-on-hover absolute fill hide-for-small back-image\" alt=\"Alternative view of Mikrofasertuch NAMORADOS\" aria-hidden=\"true\" srcset=\"https:\/\/www.companhiaatlantica.pt\/wp-content\/uploads\/2024\/06\/160-145-700x700.jpg 700w, https:\/\/www.companhiaatlantica.pt\/wp-content\/uploads\/2024\/06\/160-145-100x100.jpg 100w, https:\/\/www.companhiaatlantica.pt\/wp-content\/uploads\/2024\/06\/160-145-400x400.jpg 400w, https:\/\/www.companhiaatlantica.pt\/wp-content\/uploads\/2024\/06\/160-145-350x350.jpg 350w, https:\/\/www.companhiaatlantica.pt\/wp-content\/uploads\/2024\/06\/160-145-768x768.jpg 768w, https:\/\/www.companhiaatlantica.pt\/wp-content\/uploads\/2024\/06\/160-145-600x600.jpg 600w, https:\/\/www.companhiaatlantica.pt\/wp-content\/uploads\/2024\/06\/160-145.jpg 900w\" sizes=\"auto, (max-width: 700px) 100vw, 700px\" title=\"\"><img loading=\"lazy\" decoding=\"async\" width=\"700\" height=\"700\" src=\"https:\/\/www.companhiaatlantica.pt\/wp-content\/uploads\/2024\/06\/160-145_a-700x700.jpg\" class=\"attachment-woocommerce_thumbnail size-woocommerce_thumbnail\" alt=\"Mikrofasertuch NAMORADOS\" srcset=\"https:\/\/www.companhiaatlantica.pt\/wp-content\/uploads\/2024\/06\/160-145_a-700x700.jpg 700w, https:\/\/www.companhiaatlantica.pt\/wp-content\/uploads\/2024\/06\/160-145_a-100x100.jpg 100w, https:\/\/www.companhiaatlantica.pt\/wp-content\/uploads\/2024\/06\/160-145_a-900x900.jpg 900w, https:\/\/www.companhiaatlantica.pt\/wp-content\/uploads\/2024\/06\/160-145_a-400x400.jpg 400w, https:\/\/www.companhiaatlantica.pt\/wp-content\/uploads\/2024\/06\/160-145_a-350x350.jpg 350w, https:\/\/www.companhiaatlantica.pt\/wp-content\/uploads\/2024\/06\/160-145_a-768x768.jpg 768w, https:\/\/www.companhiaatlantica.pt\/wp-content\/uploads\/2024\/06\/160-145_a.jpg 1000w\" sizes=\"auto, (max-width: 700px) 100vw, 700px\" title=\"\">\t\t\t\t\t\t\t\t\t<\/a>\n\t\t\t\t\t\t\t\t\t\t\t\t\t\t\t\t\t\t \t\t\t\t\t\t\t\t<\/div>\n\t\t\t\t\t\t\t\t<div class=\"image-tools top right show-on-hover\">\n\t\t\t\t\t\t\t\t\t\t\t<div class=\"wishlist-icon\">\n\t\t\t<button class=\"wishlist-button button is-outline circle icon\" aria-label=\"Wunschliste\">\n\t\t\t\t<i class=\"icon-heart\" aria-hidden=\"true\"><\/i>\t\t\t<\/button>\n\t\t\t<div class=\"wishlist-popup dark\">\n\t\t\t\t\n<div\n\tclass=\"yith-wcwl-add-to-wishlist add-to-wishlist-59643 yith-wcwl-add-to-wishlist--button_default-style wishlist-fragment on-first-load\"\n\tdata-fragment-ref=\"59643\"\n\tdata-fragment-options=\"{&quot;base_url&quot;:&quot;&quot;,&quot;product_id&quot;:59643,&quot;parent_product_id&quot;:0,&quot;product_type&quot;:&quot;simple&quot;,&quot;is_single&quot;:false,&quot;in_default_wishlist&quot;:false,&quot;show_view&quot;:false,&quot;browse_wishlist_text&quot;:&quot;Siehe Ihre Wunschliste!&quot;,&quot;already_in_wishslist_text&quot;:&quot;Dieses Produkt steht bereits auf Ihrem Wunschzettel!&quot;,&quot;product_added_text&quot;:&quot;Produto adicionado!&quot;,&quot;available_multi_wishlist&quot;:false,&quot;disable_wishlist&quot;:false,&quot;show_count&quot;:false,&quot;ajax_loading&quot;:false,&quot;loop_position&quot;:&quot;after_add_to_cart&quot;,&quot;item&quot;:&quot;add_to_wishlist&quot;}\"\n>\n\t\t\t\n\t\t\t<!-- ADD TO WISHLIST -->\n\t\t\t\n<div class=\"yith-wcwl-add-button\">\n\t\t<a\n\t\thref=\"?add_to_wishlist=59643&#038;_wpnonce=52d31225f0\"\n\t\tclass=\"add_to_wishlist single_add_to_wishlist alt button theme-button-style \"\n\t\tdata-product-id=\"59643\"\n\t\tdata-product-type=\"simple\"\n\t\tdata-original-product-id=\"0\"\n\t\tdata-title=\"Zu meiner Wunschliste hinzuf\u00fcgen\"\n\t\trel=\"nofollow\"\n\t>\n\t\t<svg id=\"yith-wcwl-icon-heart-outline\" class=\"yith-wcwl-icon-svg\" fill=\"none\" stroke-width=\"1.5\" stroke=\"currentColor\" viewBox=\"0 0 24 24\" xmlns=\"http:\/\/www.w3.org\/2000\/svg\">\n  <path stroke-linecap=\"round\" stroke-linejoin=\"round\" d=\"M21 8.25c0-2.485-2.099-4.5-4.688-4.5-1.935 0-3.597 1.126-4.312 2.733-.715-1.607-2.377-2.733-4.313-2.733C5.1 3.75 3 5.765 3 8.25c0 7.22 9 12 9 12s9-4.78 9-12Z\"><\/path>\n<\/svg>\t\t<span>Zu meiner Wunschliste hinzuf\u00fcgen<\/span>\n\t<\/a>\n<\/div>\n\n\t\t\t<!-- COUNT TEXT -->\n\t\t\t\n\t\t\t<\/div>\n\t\t\t<\/div>\n\t\t<\/div>\n\t\t\t\t\t\t\t\t\t\t<\/div>\n\t\t\t\t\t\t\t\t\t\t\t\t\t\t\t\t\t<div class=\"image-tools grid-tools text-center hide-for-small bottom hover-slide-in show-on-hover\">\n\t\t\t\t\t\t\t\t\t\t\t\t\t\t\t\t\t\t\t<\/div>\n\t\t\t\t\t\t\t\t\t\t\t\t\t\t\t\t\t\t\t\t\t\t\t<\/div>\n\n\t\t\t\t\t\t\t<div class=\"box-text text-center\" >\n\t\t\t\t\t\t\t\t<div class=\"title-wrapper\"><p class=\"name product-title woocommerce-loop-product__title\"><a href=\"https:\/\/www.companhiaatlantica.pt\/de\/produto\/portugiesisches-leben\/modeartikel\/brillenbox\/mikrofasertuch-namorados\" class=\"woocommerce-LoopProduct-link woocommerce-loop-product__link\">Mikrofasertuch NAMORADOS<\/a><\/p><\/div><div class=\"price-wrapper\">\n\t<span class=\"price\"><span class=\"woocommerce-Price-amount amount\"><bdi>3.50<span class=\"woocommerce-Price-currencySymbol\">&euro;<\/span><\/bdi><\/span><\/span>\n<\/div><div class=\"add-to-cart-button\"><a href=\"\/de\/wp-json\/wp\/v2\/pages\/66644?add-to-cart=59643\" aria-describedby=\"woocommerce_loop_add_to_cart_link_describedby_59643\" data-quantity=\"1\" class=\"primary is-small mb-0 button product_type_simple add_to_cart_button ajax_add_to_cart is-outline\" data-product_id=\"59643\" data-product_sku=\"160-145\" aria-label=\"In den Warenkorb legen: \u201eMikrofasertuch NAMORADOS\u201c\" rel=\"nofollow\" data-success_message=\"\u201eMikrofasertuch NAMORADOS\u201c wurde deinem Warenkorb hinzugef\u00fcgt\" data-product_name=\"Mikrofasertuch NAMORADOS\" data-product_image=\"https:\/\/www.companhiaatlantica.pt\/wp-content\/uploads\/2024\/06\/160-145_a-350x350.jpg\" role=\"button\">In den Warenkorb<\/a><\/div>\t<span id=\"woocommerce_loop_add_to_cart_link_describedby_59643\" class=\"screen-reader-text\">\n\t\t\t<\/span>\n\t\t\t\t\t\t\t<\/div>\n\t\t\t\t\t\t<\/div>\n\t\t\t\t\t\t<\/div>\n\t\t\t\t\t<\/div><div class=\"col\" >\n\t\t\t\t\t\t<div class=\"col-inner\">\n\t\t\t\t\t\t\n<div class=\"badge-container absolute left top z-1\">\n\n<div class=\"badge callout badge-circle\"><div class=\"badge-inner callout-new-bg is-small new-bubble\">NEW<\/div><\/div><\/div>\n\t\t\t\t\t\t<div class=\"product-small box has-hover box-push box-text-bottom\">\n\t\t\t\t\t\t\t<div class=\"box-image\" >\n\t\t\t\t\t\t\t\t<div class=\"\" >\n\t\t\t\t\t\t\t\t\t<a href=\"https:\/\/www.companhiaatlantica.pt\/de\/produto\/portugiesisches-leben\/modeartikel\/brillenbox\/mikrofasertuch-pop-azulejo\" aria-label=\"Mikrofasertuch Pop AZULEJO\">\n\t\t\t\t\t\t\t\t\t\t<img loading=\"lazy\" decoding=\"async\" width=\"700\" height=\"700\" src=\"https:\/\/www.companhiaatlantica.pt\/wp-content\/uploads\/2024\/06\/160-144-700x700.jpg\" class=\"show-on-hover absolute fill hide-for-small back-image\" alt=\"Alternative view of Mikrofasertuch Pop AZULEJO\" aria-hidden=\"true\" srcset=\"https:\/\/www.companhiaatlantica.pt\/wp-content\/uploads\/2024\/06\/160-144-700x700.jpg 700w, https:\/\/www.companhiaatlantica.pt\/wp-content\/uploads\/2024\/06\/160-144-100x100.jpg 100w, https:\/\/www.companhiaatlantica.pt\/wp-content\/uploads\/2024\/06\/160-144-400x400.jpg 400w, https:\/\/www.companhiaatlantica.pt\/wp-content\/uploads\/2024\/06\/160-144-350x350.jpg 350w, https:\/\/www.companhiaatlantica.pt\/wp-content\/uploads\/2024\/06\/160-144-768x768.jpg 768w, https:\/\/www.companhiaatlantica.pt\/wp-content\/uploads\/2024\/06\/160-144-600x600.jpg 600w, https:\/\/www.companhiaatlantica.pt\/wp-content\/uploads\/2024\/06\/160-144.jpg 900w\" sizes=\"auto, (max-width: 700px) 100vw, 700px\" title=\"\"><img loading=\"lazy\" decoding=\"async\" width=\"700\" height=\"700\" src=\"https:\/\/www.companhiaatlantica.pt\/wp-content\/uploads\/2024\/06\/160-144_a-1-700x700.jpg\" class=\"attachment-woocommerce_thumbnail size-woocommerce_thumbnail\" alt=\"Mikrofasertuch Pop AZULEJO\" srcset=\"https:\/\/www.companhiaatlantica.pt\/wp-content\/uploads\/2024\/06\/160-144_a-1-700x700.jpg 700w, https:\/\/www.companhiaatlantica.pt\/wp-content\/uploads\/2024\/06\/160-144_a-1-100x100.jpg 100w, https:\/\/www.companhiaatlantica.pt\/wp-content\/uploads\/2024\/06\/160-144_a-1-900x900.jpg 900w, https:\/\/www.companhiaatlantica.pt\/wp-content\/uploads\/2024\/06\/160-144_a-1-400x400.jpg 400w, https:\/\/www.companhiaatlantica.pt\/wp-content\/uploads\/2024\/06\/160-144_a-1-350x350.jpg 350w, https:\/\/www.companhiaatlantica.pt\/wp-content\/uploads\/2024\/06\/160-144_a-1-768x768.jpg 768w, https:\/\/www.companhiaatlantica.pt\/wp-content\/uploads\/2024\/06\/160-144_a-1.jpg 1000w\" sizes=\"auto, (max-width: 700px) 100vw, 700px\" title=\"\">\t\t\t\t\t\t\t\t\t<\/a>\n\t\t\t\t\t\t\t\t\t\t\t\t\t\t\t\t\t\t \t\t\t\t\t\t\t\t<\/div>\n\t\t\t\t\t\t\t\t<div class=\"image-tools top right show-on-hover\">\n\t\t\t\t\t\t\t\t\t\t\t<div class=\"wishlist-icon\">\n\t\t\t<button class=\"wishlist-button button is-outline circle icon\" aria-label=\"Wunschliste\">\n\t\t\t\t<i class=\"icon-heart\" aria-hidden=\"true\"><\/i>\t\t\t<\/button>\n\t\t\t<div class=\"wishlist-popup dark\">\n\t\t\t\t\n<div\n\tclass=\"yith-wcwl-add-to-wishlist add-to-wishlist-59682 yith-wcwl-add-to-wishlist--button_default-style wishlist-fragment on-first-load\"\n\tdata-fragment-ref=\"59682\"\n\tdata-fragment-options=\"{&quot;base_url&quot;:&quot;&quot;,&quot;product_id&quot;:59682,&quot;parent_product_id&quot;:0,&quot;product_type&quot;:&quot;simple&quot;,&quot;is_single&quot;:false,&quot;in_default_wishlist&quot;:false,&quot;show_view&quot;:false,&quot;browse_wishlist_text&quot;:&quot;Siehe Ihre Wunschliste!&quot;,&quot;already_in_wishslist_text&quot;:&quot;Dieses Produkt steht bereits auf Ihrem Wunschzettel!&quot;,&quot;product_added_text&quot;:&quot;Produto adicionado!&quot;,&quot;available_multi_wishlist&quot;:false,&quot;disable_wishlist&quot;:false,&quot;show_count&quot;:false,&quot;ajax_loading&quot;:false,&quot;loop_position&quot;:&quot;after_add_to_cart&quot;,&quot;item&quot;:&quot;add_to_wishlist&quot;}\"\n>\n\t\t\t\n\t\t\t<!-- ADD TO WISHLIST -->\n\t\t\t\n<div class=\"yith-wcwl-add-button\">\n\t\t<a\n\t\thref=\"?add_to_wishlist=59682&#038;_wpnonce=52d31225f0\"\n\t\tclass=\"add_to_wishlist single_add_to_wishlist alt button theme-button-style \"\n\t\tdata-product-id=\"59682\"\n\t\tdata-product-type=\"simple\"\n\t\tdata-original-product-id=\"0\"\n\t\tdata-title=\"Zu meiner Wunschliste hinzuf\u00fcgen\"\n\t\trel=\"nofollow\"\n\t>\n\t\t<svg id=\"yith-wcwl-icon-heart-outline\" class=\"yith-wcwl-icon-svg\" fill=\"none\" stroke-width=\"1.5\" stroke=\"currentColor\" viewBox=\"0 0 24 24\" xmlns=\"http:\/\/www.w3.org\/2000\/svg\">\n  <path stroke-linecap=\"round\" stroke-linejoin=\"round\" d=\"M21 8.25c0-2.485-2.099-4.5-4.688-4.5-1.935 0-3.597 1.126-4.312 2.733-.715-1.607-2.377-2.733-4.313-2.733C5.1 3.75 3 5.765 3 8.25c0 7.22 9 12 9 12s9-4.78 9-12Z\"><\/path>\n<\/svg>\t\t<span>Zu meiner Wunschliste hinzuf\u00fcgen<\/span>\n\t<\/a>\n<\/div>\n\n\t\t\t<!-- COUNT TEXT -->\n\t\t\t\n\t\t\t<\/div>\n\t\t\t<\/div>\n\t\t<\/div>\n\t\t\t\t\t\t\t\t\t\t<\/div>\n\t\t\t\t\t\t\t\t\t\t\t\t\t\t\t\t\t<div class=\"image-tools grid-tools text-center hide-for-small bottom hover-slide-in show-on-hover\">\n\t\t\t\t\t\t\t\t\t\t\t\t\t\t\t\t\t\t\t<\/div>\n\t\t\t\t\t\t\t\t\t\t\t\t\t\t\t\t\t\t\t\t\t\t\t<\/div>\n\n\t\t\t\t\t\t\t<div class=\"box-text text-center\" >\n\t\t\t\t\t\t\t\t<div class=\"title-wrapper\"><p class=\"name product-title woocommerce-loop-product__title\"><a href=\"https:\/\/www.companhiaatlantica.pt\/de\/produto\/portugiesisches-leben\/modeartikel\/brillenbox\/mikrofasertuch-pop-azulejo\" class=\"woocommerce-LoopProduct-link woocommerce-loop-product__link\">Mikrofasertuch Pop AZULEJO<\/a><\/p><\/div><div class=\"price-wrapper\">\n\t<span class=\"price\"><span class=\"woocommerce-Price-amount amount\"><bdi>3.50<span class=\"woocommerce-Price-currencySymbol\">&euro;<\/span><\/bdi><\/span><\/span>\n<\/div><div class=\"add-to-cart-button\"><a href=\"\/de\/wp-json\/wp\/v2\/pages\/66644?add-to-cart=59682\" aria-describedby=\"woocommerce_loop_add_to_cart_link_describedby_59682\" data-quantity=\"1\" class=\"primary is-small mb-0 button product_type_simple add_to_cart_button ajax_add_to_cart is-outline\" data-product_id=\"59682\" data-product_sku=\"160-144\" aria-label=\"In den Warenkorb legen: \u201eMikrofasertuch Pop AZULEJO\u201c\" rel=\"nofollow\" data-success_message=\"\u201eMikrofasertuch Pop AZULEJO\u201c wurde deinem Warenkorb hinzugef\u00fcgt\" data-product_name=\"Mikrofasertuch Pop AZULEJO\" data-product_image=\"https:\/\/www.companhiaatlantica.pt\/wp-content\/uploads\/2024\/06\/160-144_a-1-350x350.jpg\" role=\"button\">In den Warenkorb<\/a><\/div>\t<span id=\"woocommerce_loop_add_to_cart_link_describedby_59682\" class=\"screen-reader-text\">\n\t\t\t<\/span>\n\t\t\t\t\t\t\t<\/div>\n\t\t\t\t\t\t<\/div>\n\t\t\t\t\t\t<\/div>\n\t\t\t\t\t<\/div><div class=\"col\" >\n\t\t\t\t\t\t<div class=\"col-inner\">\n\t\t\t\t\t\t\n<div class=\"badge-container absolute left top z-1\">\n\n<div class=\"badge callout badge-circle\"><div class=\"badge-inner callout-new-bg is-small new-bubble\">NEW<\/div><\/div><\/div>\n\t\t\t\t\t\t<div class=\"product-small box has-hover box-push box-text-bottom\">\n\t\t\t\t\t\t\t<div class=\"box-image\" >\n\t\t\t\t\t\t\t\t<div class=\"\" >\n\t\t\t\t\t\t\t\t\t<a href=\"https:\/\/www.companhiaatlantica.pt\/de\/produto\/portugiesisches-leben\/modeartikel\/brillenbox\/blau-mikrofasertuch-azulejo\" aria-label=\"Blau Mikrofasertuch AZULEJO\">\n\t\t\t\t\t\t\t\t\t\t<img loading=\"lazy\" decoding=\"async\" width=\"700\" height=\"700\" src=\"https:\/\/www.companhiaatlantica.pt\/wp-content\/uploads\/2024\/06\/160-143-700x700.jpg\" class=\"show-on-hover absolute fill hide-for-small back-image\" alt=\"Alternative view of Blau Mikrofasertuch AZULEJO\" aria-hidden=\"true\" srcset=\"https:\/\/www.companhiaatlantica.pt\/wp-content\/uploads\/2024\/06\/160-143-700x700.jpg 700w, https:\/\/www.companhiaatlantica.pt\/wp-content\/uploads\/2024\/06\/160-143-100x100.jpg 100w, https:\/\/www.companhiaatlantica.pt\/wp-content\/uploads\/2024\/06\/160-143-400x400.jpg 400w, https:\/\/www.companhiaatlantica.pt\/wp-content\/uploads\/2024\/06\/160-143-350x350.jpg 350w, https:\/\/www.companhiaatlantica.pt\/wp-content\/uploads\/2024\/06\/160-143-768x768.jpg 768w, https:\/\/www.companhiaatlantica.pt\/wp-content\/uploads\/2024\/06\/160-143-600x600.jpg 600w, https:\/\/www.companhiaatlantica.pt\/wp-content\/uploads\/2024\/06\/160-143.jpg 900w\" sizes=\"auto, (max-width: 700px) 100vw, 700px\" title=\"\"><img loading=\"lazy\" decoding=\"async\" width=\"700\" height=\"700\" src=\"https:\/\/www.companhiaatlantica.pt\/wp-content\/uploads\/2024\/06\/160-143_a-700x700.jpg\" class=\"attachment-woocommerce_thumbnail size-woocommerce_thumbnail\" alt=\"Blau Mikrofasertuch AZULEJO\" srcset=\"https:\/\/www.companhiaatlantica.pt\/wp-content\/uploads\/2024\/06\/160-143_a-700x700.jpg 700w, https:\/\/www.companhiaatlantica.pt\/wp-content\/uploads\/2024\/06\/160-143_a-100x100.jpg 100w, https:\/\/www.companhiaatlantica.pt\/wp-content\/uploads\/2024\/06\/160-143_a-900x900.jpg 900w, https:\/\/www.companhiaatlantica.pt\/wp-content\/uploads\/2024\/06\/160-143_a-400x400.jpg 400w, https:\/\/www.companhiaatlantica.pt\/wp-content\/uploads\/2024\/06\/160-143_a-350x350.jpg 350w, https:\/\/www.companhiaatlantica.pt\/wp-content\/uploads\/2024\/06\/160-143_a-768x768.jpg 768w, https:\/\/www.companhiaatlantica.pt\/wp-content\/uploads\/2024\/06\/160-143_a.jpg 1000w\" sizes=\"auto, (max-width: 700px) 100vw, 700px\" title=\"\">\t\t\t\t\t\t\t\t\t<\/a>\n\t\t\t\t\t\t\t\t\t\t\t\t\t\t\t\t\t\t \t\t\t\t\t\t\t\t<\/div>\n\t\t\t\t\t\t\t\t<div class=\"image-tools top right show-on-hover\">\n\t\t\t\t\t\t\t\t\t\t\t<div class=\"wishlist-icon\">\n\t\t\t<button class=\"wishlist-button button is-outline circle icon\" aria-label=\"Wunschliste\">\n\t\t\t\t<i class=\"icon-heart\" aria-hidden=\"true\"><\/i>\t\t\t<\/button>\n\t\t\t<div class=\"wishlist-popup dark\">\n\t\t\t\t\n<div\n\tclass=\"yith-wcwl-add-to-wishlist add-to-wishlist-59748 yith-wcwl-add-to-wishlist--button_default-style wishlist-fragment on-first-load\"\n\tdata-fragment-ref=\"59748\"\n\tdata-fragment-options=\"{&quot;base_url&quot;:&quot;&quot;,&quot;product_id&quot;:59748,&quot;parent_product_id&quot;:0,&quot;product_type&quot;:&quot;simple&quot;,&quot;is_single&quot;:false,&quot;in_default_wishlist&quot;:false,&quot;show_view&quot;:false,&quot;browse_wishlist_text&quot;:&quot;Siehe Ihre Wunschliste!&quot;,&quot;already_in_wishslist_text&quot;:&quot;Dieses Produkt steht bereits auf Ihrem Wunschzettel!&quot;,&quot;product_added_text&quot;:&quot;Produto adicionado!&quot;,&quot;available_multi_wishlist&quot;:false,&quot;disable_wishlist&quot;:false,&quot;show_count&quot;:false,&quot;ajax_loading&quot;:false,&quot;loop_position&quot;:&quot;after_add_to_cart&quot;,&quot;item&quot;:&quot;add_to_wishlist&quot;}\"\n>\n\t\t\t\n\t\t\t<!-- ADD TO WISHLIST -->\n\t\t\t\n<div class=\"yith-wcwl-add-button\">\n\t\t<a\n\t\thref=\"?add_to_wishlist=59748&#038;_wpnonce=52d31225f0\"\n\t\tclass=\"add_to_wishlist single_add_to_wishlist alt button theme-button-style \"\n\t\tdata-product-id=\"59748\"\n\t\tdata-product-type=\"simple\"\n\t\tdata-original-product-id=\"0\"\n\t\tdata-title=\"Zu meiner Wunschliste hinzuf\u00fcgen\"\n\t\trel=\"nofollow\"\n\t>\n\t\t<svg id=\"yith-wcwl-icon-heart-outline\" class=\"yith-wcwl-icon-svg\" fill=\"none\" stroke-width=\"1.5\" stroke=\"currentColor\" viewBox=\"0 0 24 24\" xmlns=\"http:\/\/www.w3.org\/2000\/svg\">\n  <path stroke-linecap=\"round\" stroke-linejoin=\"round\" d=\"M21 8.25c0-2.485-2.099-4.5-4.688-4.5-1.935 0-3.597 1.126-4.312 2.733-.715-1.607-2.377-2.733-4.313-2.733C5.1 3.75 3 5.765 3 8.25c0 7.22 9 12 9 12s9-4.78 9-12Z\"><\/path>\n<\/svg>\t\t<span>Zu meiner Wunschliste hinzuf\u00fcgen<\/span>\n\t<\/a>\n<\/div>\n\n\t\t\t<!-- COUNT TEXT -->\n\t\t\t\n\t\t\t<\/div>\n\t\t\t<\/div>\n\t\t<\/div>\n\t\t\t\t\t\t\t\t\t\t<\/div>\n\t\t\t\t\t\t\t\t\t\t\t\t\t\t\t\t\t<div class=\"image-tools grid-tools text-center hide-for-small bottom hover-slide-in show-on-hover\">\n\t\t\t\t\t\t\t\t\t\t\t\t\t\t\t\t\t\t\t<\/div>\n\t\t\t\t\t\t\t\t\t\t\t\t\t\t\t\t\t\t\t\t\t\t\t<\/div>\n\n\t\t\t\t\t\t\t<div class=\"box-text text-center\" >\n\t\t\t\t\t\t\t\t<div class=\"title-wrapper\"><p class=\"name product-title woocommerce-loop-product__title\"><a href=\"https:\/\/www.companhiaatlantica.pt\/de\/produto\/portugiesisches-leben\/modeartikel\/brillenbox\/blau-mikrofasertuch-azulejo\" class=\"woocommerce-LoopProduct-link woocommerce-loop-product__link\">Blau Mikrofasertuch AZULEJO<\/a><\/p><\/div><div class=\"price-wrapper\">\n\t<span class=\"price\"><span class=\"woocommerce-Price-amount amount\"><bdi>3.50<span class=\"woocommerce-Price-currencySymbol\">&euro;<\/span><\/bdi><\/span><\/span>\n<\/div><div class=\"add-to-cart-button\"><a href=\"\/de\/wp-json\/wp\/v2\/pages\/66644?add-to-cart=59748\" aria-describedby=\"woocommerce_loop_add_to_cart_link_describedby_59748\" data-quantity=\"1\" class=\"primary is-small mb-0 button product_type_simple add_to_cart_button ajax_add_to_cart is-outline\" data-product_id=\"59748\" data-product_sku=\"160-143\" aria-label=\"In den Warenkorb legen: \u201eBlau Mikrofasertuch AZULEJO\u201c\" rel=\"nofollow\" data-success_message=\"\u201eBlau Mikrofasertuch AZULEJO\u201c wurde deinem Warenkorb hinzugef\u00fcgt\" data-product_name=\"Blau Mikrofasertuch AZULEJO\" data-product_image=\"https:\/\/www.companhiaatlantica.pt\/wp-content\/uploads\/2024\/06\/160-143_a-350x350.jpg\" role=\"button\">In den Warenkorb<\/a><\/div>\t<span id=\"woocommerce_loop_add_to_cart_link_describedby_59748\" class=\"screen-reader-text\">\n\t\t\t<\/span>\n\t\t\t\t\t\t\t<\/div>\n\t\t\t\t\t\t<\/div>\n\t\t\t\t\t\t<\/div>\n\t\t\t\t\t<\/div><div class=\"col\" >\n\t\t\t\t\t\t<div class=\"col-inner\">\n\t\t\t\t\t\t\n<div class=\"badge-container absolute left top z-1\">\n\n<div class=\"badge callout badge-circle\"><div class=\"badge-inner callout-new-bg is-small new-bubble\">NEW<\/div><\/div><\/div>\n\t\t\t\t\t\t<div class=\"product-small box has-hover box-push box-text-bottom\">\n\t\t\t\t\t\t\t<div class=\"box-image\" >\n\t\t\t\t\t\t\t\t<div class=\"\" >\n\t\t\t\t\t\t\t\t\t<a href=\"https:\/\/www.companhiaatlantica.pt\/de\/produto\/portugiesisches-leben\/modeartikel\/brillenbox\/pop-brillenetui\" aria-label=\"Pop Brillenetui AZULEJO\">\n\t\t\t\t\t\t\t\t\t\t<img loading=\"lazy\" decoding=\"async\" width=\"700\" height=\"700\" src=\"https:\/\/www.companhiaatlantica.pt\/wp-content\/uploads\/2024\/08\/160-043--700x700.jpg\" class=\"show-on-hover absolute fill hide-for-small back-image\" alt=\"Alternative view of Pop Brillenetui AZULEJO\" aria-hidden=\"true\" srcset=\"https:\/\/www.companhiaatlantica.pt\/wp-content\/uploads\/2024\/08\/160-043--700x700.jpg 700w, https:\/\/www.companhiaatlantica.pt\/wp-content\/uploads\/2024\/08\/160-043--100x100.jpg 100w, https:\/\/www.companhiaatlantica.pt\/wp-content\/uploads\/2024\/08\/160-043--900x900.jpg 900w, https:\/\/www.companhiaatlantica.pt\/wp-content\/uploads\/2024\/08\/160-043--400x400.jpg 400w, https:\/\/www.companhiaatlantica.pt\/wp-content\/uploads\/2024\/08\/160-043--350x350.jpg 350w, https:\/\/www.companhiaatlantica.pt\/wp-content\/uploads\/2024\/08\/160-043--768x768.jpg 768w, https:\/\/www.companhiaatlantica.pt\/wp-content\/uploads\/2024\/08\/160-043-.jpg 1000w\" sizes=\"auto, (max-width: 700px) 100vw, 700px\" title=\"\"><img loading=\"lazy\" decoding=\"async\" width=\"700\" height=\"700\" src=\"https:\/\/www.companhiaatlantica.pt\/wp-content\/uploads\/2024\/04\/160-043-700x700.jpg\" class=\"attachment-woocommerce_thumbnail size-woocommerce_thumbnail\" alt=\"Pop Brillenetui AZULEJO\" srcset=\"https:\/\/www.companhiaatlantica.pt\/wp-content\/uploads\/2024\/04\/160-043-700x700.jpg 700w, https:\/\/www.companhiaatlantica.pt\/wp-content\/uploads\/2024\/04\/160-043-100x100.jpg 100w, https:\/\/www.companhiaatlantica.pt\/wp-content\/uploads\/2024\/04\/160-043-400x400.jpg 400w, https:\/\/www.companhiaatlantica.pt\/wp-content\/uploads\/2024\/04\/160-043-350x350.jpg 350w, https:\/\/www.companhiaatlantica.pt\/wp-content\/uploads\/2024\/04\/160-043-768x768.jpg 768w, https:\/\/www.companhiaatlantica.pt\/wp-content\/uploads\/2024\/04\/160-043-600x600.jpg 600w, https:\/\/www.companhiaatlantica.pt\/wp-content\/uploads\/2024\/04\/160-043.jpg 900w\" sizes=\"auto, (max-width: 700px) 100vw, 700px\" title=\"\">\t\t\t\t\t\t\t\t\t<\/a>\n\t\t\t\t\t\t\t\t\t\t\t\t\t\t\t\t\t\t \t\t\t\t\t\t\t\t<\/div>\n\t\t\t\t\t\t\t\t<div class=\"image-tools top right show-on-hover\">\n\t\t\t\t\t\t\t\t\t\t\t<div class=\"wishlist-icon\">\n\t\t\t<button class=\"wishlist-button button is-outline circle icon\" aria-label=\"Wunschliste\">\n\t\t\t\t<i class=\"icon-heart\" aria-hidden=\"true\"><\/i>\t\t\t<\/button>\n\t\t\t<div class=\"wishlist-popup dark\">\n\t\t\t\t\n<div\n\tclass=\"yith-wcwl-add-to-wishlist add-to-wishlist-58168 yith-wcwl-add-to-wishlist--button_default-style wishlist-fragment on-first-load\"\n\tdata-fragment-ref=\"58168\"\n\tdata-fragment-options=\"{&quot;base_url&quot;:&quot;&quot;,&quot;product_id&quot;:58168,&quot;parent_product_id&quot;:0,&quot;product_type&quot;:&quot;simple&quot;,&quot;is_single&quot;:false,&quot;in_default_wishlist&quot;:false,&quot;show_view&quot;:false,&quot;browse_wishlist_text&quot;:&quot;Siehe Ihre Wunschliste!&quot;,&quot;already_in_wishslist_text&quot;:&quot;Dieses Produkt steht bereits auf Ihrem Wunschzettel!&quot;,&quot;product_added_text&quot;:&quot;Produto adicionado!&quot;,&quot;available_multi_wishlist&quot;:false,&quot;disable_wishlist&quot;:false,&quot;show_count&quot;:false,&quot;ajax_loading&quot;:false,&quot;loop_position&quot;:&quot;after_add_to_cart&quot;,&quot;item&quot;:&quot;add_to_wishlist&quot;}\"\n>\n\t\t\t\n\t\t\t<!-- ADD TO WISHLIST -->\n\t\t\t\n<div class=\"yith-wcwl-add-button\">\n\t\t<a\n\t\thref=\"?add_to_wishlist=58168&#038;_wpnonce=52d31225f0\"\n\t\tclass=\"add_to_wishlist single_add_to_wishlist alt button theme-button-style \"\n\t\tdata-product-id=\"58168\"\n\t\tdata-product-type=\"simple\"\n\t\tdata-original-product-id=\"0\"\n\t\tdata-title=\"Zu meiner Wunschliste hinzuf\u00fcgen\"\n\t\trel=\"nofollow\"\n\t>\n\t\t<svg id=\"yith-wcwl-icon-heart-outline\" class=\"yith-wcwl-icon-svg\" fill=\"none\" stroke-width=\"1.5\" stroke=\"currentColor\" viewBox=\"0 0 24 24\" xmlns=\"http:\/\/www.w3.org\/2000\/svg\">\n  <path stroke-linecap=\"round\" stroke-linejoin=\"round\" d=\"M21 8.25c0-2.485-2.099-4.5-4.688-4.5-1.935 0-3.597 1.126-4.312 2.733-.715-1.607-2.377-2.733-4.313-2.733C5.1 3.75 3 5.765 3 8.25c0 7.22 9 12 9 12s9-4.78 9-12Z\"><\/path>\n<\/svg>\t\t<span>Zu meiner Wunschliste hinzuf\u00fcgen<\/span>\n\t<\/a>\n<\/div>\n\n\t\t\t<!-- COUNT TEXT -->\n\t\t\t\n\t\t\t<\/div>\n\t\t\t<\/div>\n\t\t<\/div>\n\t\t\t\t\t\t\t\t\t\t<\/div>\n\t\t\t\t\t\t\t\t\t\t\t\t\t\t\t\t\t<div class=\"image-tools grid-tools text-center hide-for-small bottom hover-slide-in show-on-hover\">\n\t\t\t\t\t\t\t\t\t\t\t\t\t\t\t\t\t\t\t<\/div>\n\t\t\t\t\t\t\t\t\t\t\t\t\t\t\t\t\t\t\t\t\t\t\t<\/div>\n\n\t\t\t\t\t\t\t<div class=\"box-text text-center\" >\n\t\t\t\t\t\t\t\t<div class=\"title-wrapper\"><p class=\"name product-title woocommerce-loop-product__title\"><a href=\"https:\/\/www.companhiaatlantica.pt\/de\/produto\/portugiesisches-leben\/modeartikel\/brillenbox\/pop-brillenetui\" class=\"woocommerce-LoopProduct-link woocommerce-loop-product__link\">Pop Brillenetui AZULEJO<\/a><\/p><\/div><div class=\"price-wrapper\">\n\t<span class=\"price\"><span class=\"woocommerce-Price-amount amount\"><bdi>11.00<span class=\"woocommerce-Price-currencySymbol\">&euro;<\/span><\/bdi><\/span><\/span>\n<\/div><div class=\"add-to-cart-button\"><a href=\"\/de\/wp-json\/wp\/v2\/pages\/66644?add-to-cart=58168\" aria-describedby=\"woocommerce_loop_add_to_cart_link_describedby_58168\" data-quantity=\"1\" class=\"primary is-small mb-0 button product_type_simple add_to_cart_button ajax_add_to_cart is-outline\" data-product_id=\"58168\" data-product_sku=\"160-043\" aria-label=\"In den Warenkorb legen: \u201ePop Brillenetui AZULEJO\u201c\" rel=\"nofollow\" data-success_message=\"\u201ePop Brillenetui AZULEJO\u201c wurde deinem Warenkorb hinzugef\u00fcgt\" data-product_name=\"Pop Brillenetui AZULEJO\" data-product_image=\"https:\/\/www.companhiaatlantica.pt\/wp-content\/uploads\/2024\/04\/160-043-350x350.jpg\" role=\"button\">In den Warenkorb<\/a><\/div>\t<span id=\"woocommerce_loop_add_to_cart_link_describedby_58168\" class=\"screen-reader-text\">\n\t\t\t<\/span>\n\t\t\t\t\t\t\t<\/div>\n\t\t\t\t\t\t<\/div>\n\t\t\t\t\t\t<\/div>\n\t\t\t\t\t<\/div><div class=\"col\" >\n\t\t\t\t\t\t<div class=\"col-inner\">\n\t\t\t\t\t\t\n<div class=\"badge-container absolute left top z-1\">\n\n<div class=\"badge callout badge-circle\"><div class=\"badge-inner callout-new-bg is-small new-bubble\">NEW<\/div><\/div><\/div>\n\t\t\t\t\t\t<div class=\"product-small box has-hover box-push box-text-bottom\">\n\t\t\t\t\t\t\t<div class=\"box-image\" >\n\t\t\t\t\t\t\t\t<div class=\"\" >\n\t\t\t\t\t\t\t\t\t<a href=\"https:\/\/www.companhiaatlantica.pt\/de\/produto\/portugiesisches-leben\/modeartikel\/brillenbox\/brillenetui-namorados\" aria-label=\"Brillenetui NAMORADOS\">\n\t\t\t\t\t\t\t\t\t\t<img loading=\"lazy\" decoding=\"async\" width=\"700\" height=\"700\" src=\"https:\/\/www.companhiaatlantica.pt\/wp-content\/uploads\/2024\/08\/160-041--700x700.jpg\" class=\"show-on-hover absolute fill hide-for-small back-image\" alt=\"Alternative view of Brillenetui NAMORADOS\" aria-hidden=\"true\" srcset=\"https:\/\/www.companhiaatlantica.pt\/wp-content\/uploads\/2024\/08\/160-041--700x700.jpg 700w, https:\/\/www.companhiaatlantica.pt\/wp-content\/uploads\/2024\/08\/160-041--100x100.jpg 100w, https:\/\/www.companhiaatlantica.pt\/wp-content\/uploads\/2024\/08\/160-041--900x900.jpg 900w, https:\/\/www.companhiaatlantica.pt\/wp-content\/uploads\/2024\/08\/160-041--400x400.jpg 400w, https:\/\/www.companhiaatlantica.pt\/wp-content\/uploads\/2024\/08\/160-041--350x350.jpg 350w, https:\/\/www.companhiaatlantica.pt\/wp-content\/uploads\/2024\/08\/160-041--768x768.jpg 768w, https:\/\/www.companhiaatlantica.pt\/wp-content\/uploads\/2024\/08\/160-041-.jpg 1000w\" sizes=\"auto, (max-width: 700px) 100vw, 700px\" title=\"\"><img loading=\"lazy\" decoding=\"async\" width=\"700\" height=\"700\" src=\"https:\/\/www.companhiaatlantica.pt\/wp-content\/uploads\/2024\/04\/160-041-700x700.jpg\" class=\"attachment-woocommerce_thumbnail size-woocommerce_thumbnail\" alt=\"Brillenetui NAMORADOS\" srcset=\"https:\/\/www.companhiaatlantica.pt\/wp-content\/uploads\/2024\/04\/160-041-700x700.jpg 700w, https:\/\/www.companhiaatlantica.pt\/wp-content\/uploads\/2024\/04\/160-041-100x100.jpg 100w, https:\/\/www.companhiaatlantica.pt\/wp-content\/uploads\/2024\/04\/160-041-400x400.jpg 400w, https:\/\/www.companhiaatlantica.pt\/wp-content\/uploads\/2024\/04\/160-041-350x350.jpg 350w, https:\/\/www.companhiaatlantica.pt\/wp-content\/uploads\/2024\/04\/160-041-768x768.jpg 768w, https:\/\/www.companhiaatlantica.pt\/wp-content\/uploads\/2024\/04\/160-041-600x600.jpg 600w, https:\/\/www.companhiaatlantica.pt\/wp-content\/uploads\/2024\/04\/160-041.jpg 900w\" sizes=\"auto, (max-width: 700px) 100vw, 700px\" title=\"\">\t\t\t\t\t\t\t\t\t<\/a>\n\t\t\t\t\t\t\t\t\t\t\t\t\t\t\t\t\t\t \t\t\t\t\t\t\t\t<\/div>\n\t\t\t\t\t\t\t\t<div class=\"image-tools top right show-on-hover\">\n\t\t\t\t\t\t\t\t\t\t\t<div class=\"wishlist-icon\">\n\t\t\t<button class=\"wishlist-button button is-outline circle icon\" aria-label=\"Wunschliste\">\n\t\t\t\t<i class=\"icon-heart\" aria-hidden=\"true\"><\/i>\t\t\t<\/button>\n\t\t\t<div class=\"wishlist-popup dark\">\n\t\t\t\t\n<div\n\tclass=\"yith-wcwl-add-to-wishlist add-to-wishlist-58206 yith-wcwl-add-to-wishlist--button_default-style wishlist-fragment on-first-load\"\n\tdata-fragment-ref=\"58206\"\n\tdata-fragment-options=\"{&quot;base_url&quot;:&quot;&quot;,&quot;product_id&quot;:58206,&quot;parent_product_id&quot;:0,&quot;product_type&quot;:&quot;simple&quot;,&quot;is_single&quot;:false,&quot;in_default_wishlist&quot;:false,&quot;show_view&quot;:false,&quot;browse_wishlist_text&quot;:&quot;Siehe Ihre Wunschliste!&quot;,&quot;already_in_wishslist_text&quot;:&quot;Dieses Produkt steht bereits auf Ihrem Wunschzettel!&quot;,&quot;product_added_text&quot;:&quot;Produto adicionado!&quot;,&quot;available_multi_wishlist&quot;:false,&quot;disable_wishlist&quot;:false,&quot;show_count&quot;:false,&quot;ajax_loading&quot;:false,&quot;loop_position&quot;:&quot;after_add_to_cart&quot;,&quot;item&quot;:&quot;add_to_wishlist&quot;}\"\n>\n\t\t\t\n\t\t\t<!-- ADD TO WISHLIST -->\n\t\t\t\n<div class=\"yith-wcwl-add-button\">\n\t\t<a\n\t\thref=\"?add_to_wishlist=58206&#038;_wpnonce=52d31225f0\"\n\t\tclass=\"add_to_wishlist single_add_to_wishlist alt button theme-button-style \"\n\t\tdata-product-id=\"58206\"\n\t\tdata-product-type=\"simple\"\n\t\tdata-original-product-id=\"0\"\n\t\tdata-title=\"Zu meiner Wunschliste hinzuf\u00fcgen\"\n\t\trel=\"nofollow\"\n\t>\n\t\t<svg id=\"yith-wcwl-icon-heart-outline\" class=\"yith-wcwl-icon-svg\" fill=\"none\" stroke-width=\"1.5\" stroke=\"currentColor\" viewBox=\"0 0 24 24\" xmlns=\"http:\/\/www.w3.org\/2000\/svg\">\n  <path stroke-linecap=\"round\" stroke-linejoin=\"round\" d=\"M21 8.25c0-2.485-2.099-4.5-4.688-4.5-1.935 0-3.597 1.126-4.312 2.733-.715-1.607-2.377-2.733-4.313-2.733C5.1 3.75 3 5.765 3 8.25c0 7.22 9 12 9 12s9-4.78 9-12Z\"><\/path>\n<\/svg>\t\t<span>Zu meiner Wunschliste hinzuf\u00fcgen<\/span>\n\t<\/a>\n<\/div>\n\n\t\t\t<!-- COUNT TEXT -->\n\t\t\t\n\t\t\t<\/div>\n\t\t\t<\/div>\n\t\t<\/div>\n\t\t\t\t\t\t\t\t\t\t<\/div>\n\t\t\t\t\t\t\t\t\t\t\t\t\t\t\t\t\t<div class=\"image-tools grid-tools text-center hide-for-small bottom hover-slide-in show-on-hover\">\n\t\t\t\t\t\t\t\t\t\t\t\t\t\t\t\t\t\t\t<\/div>\n\t\t\t\t\t\t\t\t\t\t\t\t\t\t\t\t\t\t\t\t\t\t\t<\/div>\n\n\t\t\t\t\t\t\t<div class=\"box-text text-center\" >\n\t\t\t\t\t\t\t\t<div class=\"title-wrapper\"><p class=\"name product-title woocommerce-loop-product__title\"><a href=\"https:\/\/www.companhiaatlantica.pt\/de\/produto\/portugiesisches-leben\/modeartikel\/brillenbox\/brillenetui-namorados\" class=\"woocommerce-LoopProduct-link woocommerce-loop-product__link\">Brillenetui NAMORADOS<\/a><\/p><\/div><div class=\"price-wrapper\">\n\t<span class=\"price\"><span class=\"woocommerce-Price-amount amount\"><bdi>11.00<span class=\"woocommerce-Price-currencySymbol\">&euro;<\/span><\/bdi><\/span><\/span>\n<\/div><div class=\"add-to-cart-button\"><a href=\"\/de\/wp-json\/wp\/v2\/pages\/66644?add-to-cart=58206\" aria-describedby=\"woocommerce_loop_add_to_cart_link_describedby_58206\" data-quantity=\"1\" class=\"primary is-small mb-0 button product_type_simple add_to_cart_button ajax_add_to_cart is-outline\" data-product_id=\"58206\" data-product_sku=\"160-041\" aria-label=\"In den Warenkorb legen: \u201eBrillenetui NAMORADOS\u201c\" rel=\"nofollow\" data-success_message=\"\u201eBrillenetui NAMORADOS\u201c wurde deinem Warenkorb hinzugef\u00fcgt\" data-product_name=\"Brillenetui NAMORADOS\" data-product_image=\"https:\/\/www.companhiaatlantica.pt\/wp-content\/uploads\/2024\/04\/160-041-350x350.jpg\" role=\"button\">In den Warenkorb<\/a><\/div>\t<span id=\"woocommerce_loop_add_to_cart_link_describedby_58206\" class=\"screen-reader-text\">\n\t\t\t<\/span>\n\t\t\t\t\t\t\t<\/div>\n\t\t\t\t\t\t<\/div>\n\t\t\t\t\t\t<\/div>\n\t\t\t\t\t<\/div><div class=\"col\" >\n\t\t\t\t\t\t<div class=\"col-inner\">\n\t\t\t\t\t\t\n<div class=\"badge-container absolute left top z-1\">\n\n<div class=\"badge callout badge-circle\"><div class=\"badge-inner callout-new-bg is-small new-bubble\">NEW<\/div><\/div><\/div>\n\t\t\t\t\t\t<div class=\"product-small box has-hover box-push box-text-bottom\">\n\t\t\t\t\t\t\t<div class=\"box-image\" >\n\t\t\t\t\t\t\t\t<div class=\"\" >\n\t\t\t\t\t\t\t\t\t<a href=\"https:\/\/www.companhiaatlantica.pt\/de\/produto\/portugiesisches-leben\/haushaltsartikel\/schmuckkastchen\/schmuckkaestchen-alicatos\" aria-label=\"Schmuckk\u00e4stchen ALICATOS \u00d812\">\n\t\t\t\t\t\t\t\t\t\t<img loading=\"lazy\" decoding=\"async\" width=\"700\" height=\"700\" src=\"https:\/\/www.companhiaatlantica.pt\/wp-content\/uploads\/2024\/04\/131-137-700x700.jpg\" class=\"show-on-hover absolute fill hide-for-small back-image\" alt=\"Alternative view of Schmuckk\u00e4stchen ALICATOS \u00d812\" aria-hidden=\"true\" srcset=\"https:\/\/www.companhiaatlantica.pt\/wp-content\/uploads\/2024\/04\/131-137-700x700.jpg 700w, https:\/\/www.companhiaatlantica.pt\/wp-content\/uploads\/2024\/04\/131-137-100x100.jpg 100w, https:\/\/www.companhiaatlantica.pt\/wp-content\/uploads\/2024\/04\/131-137-400x400.jpg 400w, https:\/\/www.companhiaatlantica.pt\/wp-content\/uploads\/2024\/04\/131-137-350x350.jpg 350w, https:\/\/www.companhiaatlantica.pt\/wp-content\/uploads\/2024\/04\/131-137-768x768.jpg 768w, https:\/\/www.companhiaatlantica.pt\/wp-content\/uploads\/2024\/04\/131-137-600x600.jpg 600w, https:\/\/www.companhiaatlantica.pt\/wp-content\/uploads\/2024\/04\/131-137.jpg 859w\" sizes=\"auto, (max-width: 700px) 100vw, 700px\" title=\"\"><img loading=\"lazy\" decoding=\"async\" width=\"700\" height=\"700\" src=\"https:\/\/www.companhiaatlantica.pt\/wp-content\/uploads\/2025\/11\/alicatos-1-700x700.jpg\" class=\"attachment-woocommerce_thumbnail size-woocommerce_thumbnail\" alt=\"Schmuckk\u00e4stchen ALICATOS \u00d812\" srcset=\"https:\/\/www.companhiaatlantica.pt\/wp-content\/uploads\/2025\/11\/alicatos-1-700x700.jpg 700w, https:\/\/www.companhiaatlantica.pt\/wp-content\/uploads\/2025\/11\/alicatos-1-100x100.jpg 100w, https:\/\/www.companhiaatlantica.pt\/wp-content\/uploads\/2025\/11\/alicatos-1-350x350.jpg 350w\" sizes=\"auto, (max-width: 700px) 100vw, 700px\" title=\"\">\t\t\t\t\t\t\t\t\t<\/a>\n\t\t\t\t\t\t\t\t\t\t\t\t\t\t\t\t\t\t \t\t\t\t\t\t\t\t<\/div>\n\t\t\t\t\t\t\t\t<div class=\"image-tools top right show-on-hover\">\n\t\t\t\t\t\t\t\t\t\t\t<div class=\"wishlist-icon\">\n\t\t\t<button class=\"wishlist-button button is-outline circle icon\" aria-label=\"Wunschliste\">\n\t\t\t\t<i class=\"icon-heart\" aria-hidden=\"true\"><\/i>\t\t\t<\/button>\n\t\t\t<div class=\"wishlist-popup dark\">\n\t\t\t\t\n<div\n\tclass=\"yith-wcwl-add-to-wishlist add-to-wishlist-56079 yith-wcwl-add-to-wishlist--button_default-style wishlist-fragment on-first-load\"\n\tdata-fragment-ref=\"56079\"\n\tdata-fragment-options=\"{&quot;base_url&quot;:&quot;&quot;,&quot;product_id&quot;:56079,&quot;parent_product_id&quot;:0,&quot;product_type&quot;:&quot;variable&quot;,&quot;is_single&quot;:false,&quot;in_default_wishlist&quot;:false,&quot;show_view&quot;:false,&quot;browse_wishlist_text&quot;:&quot;Siehe Ihre Wunschliste!&quot;,&quot;already_in_wishslist_text&quot;:&quot;Dieses Produkt steht bereits auf Ihrem Wunschzettel!&quot;,&quot;product_added_text&quot;:&quot;Produto adicionado!&quot;,&quot;available_multi_wishlist&quot;:false,&quot;disable_wishlist&quot;:false,&quot;show_count&quot;:false,&quot;ajax_loading&quot;:false,&quot;loop_position&quot;:&quot;after_add_to_cart&quot;,&quot;item&quot;:&quot;add_to_wishlist&quot;}\"\n>\n\t\t\t\n\t\t\t<!-- ADD TO WISHLIST -->\n\t\t\t\n<div class=\"yith-wcwl-add-button\">\n\t\t<a\n\t\thref=\"?add_to_wishlist=56079&#038;_wpnonce=52d31225f0\"\n\t\tclass=\"add_to_wishlist single_add_to_wishlist alt button theme-button-style \"\n\t\tdata-product-id=\"56079\"\n\t\tdata-product-type=\"variable\"\n\t\tdata-original-product-id=\"0\"\n\t\tdata-title=\"Zu meiner Wunschliste hinzuf\u00fcgen\"\n\t\trel=\"nofollow\"\n\t>\n\t\t<svg id=\"yith-wcwl-icon-heart-outline\" class=\"yith-wcwl-icon-svg\" fill=\"none\" stroke-width=\"1.5\" stroke=\"currentColor\" viewBox=\"0 0 24 24\" xmlns=\"http:\/\/www.w3.org\/2000\/svg\">\n  <path stroke-linecap=\"round\" stroke-linejoin=\"round\" d=\"M21 8.25c0-2.485-2.099-4.5-4.688-4.5-1.935 0-3.597 1.126-4.312 2.733-.715-1.607-2.377-2.733-4.313-2.733C5.1 3.75 3 5.765 3 8.25c0 7.22 9 12 9 12s9-4.78 9-12Z\"><\/path>\n<\/svg>\t\t<span>Zu meiner Wunschliste hinzuf\u00fcgen<\/span>\n\t<\/a>\n<\/div>\n\n\t\t\t<!-- COUNT TEXT -->\n\t\t\t\n\t\t\t<\/div>\n\t\t\t<\/div>\n\t\t<\/div>\n\t\t\t\t\t\t\t\t\t\t<\/div>\n\t\t\t\t\t\t\t\t\t\t\t\t\t\t\t\t\t<div class=\"image-tools grid-tools text-center hide-for-small bottom hover-slide-in show-on-hover\">\n\t\t\t\t\t\t\t\t\t\t\t\t\t\t\t\t\t\t\t<\/div>\n\t\t\t\t\t\t\t\t\t\t\t\t\t\t\t\t\t\t\t\t\t\t\t<\/div>\n\n\t\t\t\t\t\t\t<div class=\"box-text text-center\" >\n\t\t\t\t\t\t\t\t<span class=\"featured-badge\"><img decoding=\"async\" src=\"https:\/\/cdn.companhiaatlantica.pt\/wp-content\/themes\/flatsome-child\/src\/img\/ar-icon-2.jpg\" alt=\"AR Icon\" class=\"ar-icon\" title=\"\"><\/span><div class=\"title-wrapper\"><p class=\"name product-title woocommerce-loop-product__title\"><a href=\"https:\/\/www.companhiaatlantica.pt\/de\/produto\/portugiesisches-leben\/haushaltsartikel\/schmuckkastchen\/schmuckkaestchen-alicatos\" class=\"woocommerce-LoopProduct-link woocommerce-loop-product__link\">Schmuckk\u00e4stchen ALICATOS \u00d812<\/a><\/p><\/div><div class=\"price-wrapper\">\n\t<span class=\"price\"><span class=\"woocommerce-Price-amount amount\"><bdi>17.50<span class=\"woocommerce-Price-currencySymbol\">&euro;<\/span><\/bdi><\/span><\/span>\n<\/div><div class=\"add-to-cart-button\"><a href=\"https:\/\/www.companhiaatlantica.pt\/de\/produto\/portugiesisches-leben\/haushaltsartikel\/schmuckkastchen\/schmuckkaestchen-alicatos\" aria-describedby=\"woocommerce_loop_add_to_cart_link_describedby_56079\" data-quantity=\"1\" class=\"primary is-small mb-0 button product_type_variable add_to_cart_button is-outline\" data-product_id=\"56079\" data-product_sku=\"\" aria-label=\"W\u00e4hle Optionen f\u00fcr \u201eSchmuckk\u00e4stchen ALICATOS \u00d812\u201c\" rel=\"nofollow\" data-product_name=\"Schmuckk\u00e4stchen ALICATOS \u00d812\" data-product_image=\"https:\/\/www.companhiaatlantica.pt\/wp-content\/uploads\/2025\/11\/alicatos-1-350x350.jpg\">Ausf\u00fchrung w\u00e4hlen<\/a><\/div>\t<span id=\"woocommerce_loop_add_to_cart_link_describedby_56079\" class=\"screen-reader-text\">\n\t\tDieses Produkt weist mehrere Varianten auf. Die Optionen k\u00f6nnen auf der Produktseite gew\u00e4hlt werden\t<\/span>\n\t\t\t\t\t\t\t<\/div>\n\t\t\t\t\t\t<\/div>\n\t\t\t\t\t\t<\/div>\n\t\t\t\t\t<\/div><div class=\"col\" >\n\t\t\t\t\t\t<div class=\"col-inner\">\n\t\t\t\t\t\t\n<div class=\"badge-container absolute left top z-1\">\n<div class=\"badge callout badge-circle\">\r\n  \t\t\t<div class=\"badge-inner secondary on-sale\">\r\n  \t\t\t\t<span class=\"onsale\">-28%<\/span>\r\n\t\t\t<\/div>\r\n\t\t<\/div>\r\n\t\t<div class=\"badge callout badge-circle\">\r\n\t\t\t<div class=\"badge-inner callout-new-bg is-small new-bubble\">1 pc<\/div>\r\n\t\t<\/div>\n<\/div>\n\t\t\t\t\t\t<div class=\"product-small box has-hover box-push box-text-bottom\">\n\t\t\t\t\t\t\t<div class=\"box-image\" >\n\t\t\t\t\t\t\t\t<div class=\"\" >\n\t\t\t\t\t\t\t\t\t<a href=\"https:\/\/www.companhiaatlantica.pt\/de\/produto\/portugiesisches-leben\/modeartikel\/brillenbox\/pilatos-brillenetui\" aria-label=\"Black Tile PILATOS Brillenetui\">\n\t\t\t\t\t\t\t\t\t\t<img loading=\"lazy\" decoding=\"async\" width=\"601\" height=\"601\" src=\"https:\/\/www.companhiaatlantica.pt\/wp-content\/uploads\/2020\/06\/Foldable-Glass-Case.jpg\" class=\"show-on-hover absolute fill hide-for-small back-image\" alt=\"Alternative view of Black Tile PILATOS Brillenetui\" aria-hidden=\"true\" srcset=\"https:\/\/www.companhiaatlantica.pt\/wp-content\/uploads\/2020\/06\/Foldable-Glass-Case.jpg 601w, https:\/\/www.companhiaatlantica.pt\/wp-content\/uploads\/2020\/06\/Foldable-Glass-Case-100x100.jpg 100w\" sizes=\"auto, (max-width: 601px) 100vw, 601px\" title=\"\"><img loading=\"lazy\" decoding=\"async\" width=\"700\" height=\"700\" src=\"https:\/\/www.companhiaatlantica.pt\/wp-content\/uploads\/2021\/05\/160-051-700x700.jpg\" class=\"attachment-woocommerce_thumbnail size-woocommerce_thumbnail\" alt=\"Black Tile PILATOS Brillenetui\" srcset=\"https:\/\/www.companhiaatlantica.pt\/wp-content\/uploads\/2021\/05\/160-051-700x700.jpg 700w, https:\/\/www.companhiaatlantica.pt\/wp-content\/uploads\/2021\/05\/160-051-100x100.jpg 100w, https:\/\/www.companhiaatlantica.pt\/wp-content\/uploads\/2021\/05\/160-051-900x900.jpg 900w, https:\/\/www.companhiaatlantica.pt\/wp-content\/uploads\/2021\/05\/160-051-300x300.jpg 300w, https:\/\/www.companhiaatlantica.pt\/wp-content\/uploads\/2021\/05\/160-051-150x150.jpg 150w, https:\/\/www.companhiaatlantica.pt\/wp-content\/uploads\/2021\/05\/160-051-768x768.jpg 768w, https:\/\/www.companhiaatlantica.pt\/wp-content\/uploads\/2021\/05\/160-051-600x600.jpg 600w, https:\/\/www.companhiaatlantica.pt\/wp-content\/uploads\/2021\/05\/160-051.jpg 1000w\" sizes=\"auto, (max-width: 700px) 100vw, 700px\" title=\"\">\t\t\t\t\t\t\t\t\t<\/a>\n\t\t\t\t\t\t\t\t\t\t\t\t\t\t\t\t\t\t \t\t\t\t\t\t\t\t<\/div>\n\t\t\t\t\t\t\t\t<div class=\"image-tools top right show-on-hover\">\n\t\t\t\t\t\t\t\t\t\t\t<div class=\"wishlist-icon\">\n\t\t\t<button class=\"wishlist-button button is-outline circle icon\" aria-label=\"Wunschliste\">\n\t\t\t\t<i class=\"icon-heart\" aria-hidden=\"true\"><\/i>\t\t\t<\/button>\n\t\t\t<div class=\"wishlist-popup dark\">\n\t\t\t\t\n<div\n\tclass=\"yith-wcwl-add-to-wishlist add-to-wishlist-58227 yith-wcwl-add-to-wishlist--button_default-style wishlist-fragment on-first-load\"\n\tdata-fragment-ref=\"58227\"\n\tdata-fragment-options=\"{&quot;base_url&quot;:&quot;&quot;,&quot;product_id&quot;:58227,&quot;parent_product_id&quot;:0,&quot;product_type&quot;:&quot;simple&quot;,&quot;is_single&quot;:false,&quot;in_default_wishlist&quot;:false,&quot;show_view&quot;:false,&quot;browse_wishlist_text&quot;:&quot;Siehe Ihre Wunschliste!&quot;,&quot;already_in_wishslist_text&quot;:&quot;Dieses Produkt steht bereits auf Ihrem Wunschzettel!&quot;,&quot;product_added_text&quot;:&quot;Produto adicionado!&quot;,&quot;available_multi_wishlist&quot;:false,&quot;disable_wishlist&quot;:false,&quot;show_count&quot;:false,&quot;ajax_loading&quot;:false,&quot;loop_position&quot;:&quot;after_add_to_cart&quot;,&quot;item&quot;:&quot;add_to_wishlist&quot;}\"\n>\n\t\t\t\n\t\t\t<!-- ADD TO WISHLIST -->\n\t\t\t\n<div class=\"yith-wcwl-add-button\">\n\t\t<a\n\t\thref=\"?add_to_wishlist=58227&#038;_wpnonce=52d31225f0\"\n\t\tclass=\"add_to_wishlist single_add_to_wishlist alt button theme-button-style \"\n\t\tdata-product-id=\"58227\"\n\t\tdata-product-type=\"simple\"\n\t\tdata-original-product-id=\"0\"\n\t\tdata-title=\"Zu meiner Wunschliste hinzuf\u00fcgen\"\n\t\trel=\"nofollow\"\n\t>\n\t\t<svg id=\"yith-wcwl-icon-heart-outline\" class=\"yith-wcwl-icon-svg\" fill=\"none\" stroke-width=\"1.5\" stroke=\"currentColor\" viewBox=\"0 0 24 24\" xmlns=\"http:\/\/www.w3.org\/2000\/svg\">\n  <path stroke-linecap=\"round\" stroke-linejoin=\"round\" d=\"M21 8.25c0-2.485-2.099-4.5-4.688-4.5-1.935 0-3.597 1.126-4.312 2.733-.715-1.607-2.377-2.733-4.313-2.733C5.1 3.75 3 5.765 3 8.25c0 7.22 9 12 9 12s9-4.78 9-12Z\"><\/path>\n<\/svg>\t\t<span>Zu meiner Wunschliste hinzuf\u00fcgen<\/span>\n\t<\/a>\n<\/div>\n\n\t\t\t<!-- COUNT TEXT -->\n\t\t\t\n\t\t\t<\/div>\n\t\t\t<\/div>\n\t\t<\/div>\n\t\t\t\t\t\t\t\t\t\t<\/div>\n\t\t\t\t\t\t\t\t\t\t\t\t\t\t\t\t\t<div class=\"image-tools grid-tools text-center hide-for-small bottom hover-slide-in show-on-hover\">\n\t\t\t\t\t\t\t\t\t\t\t\t\t\t\t\t\t\t\t<\/div>\n\t\t\t\t\t\t\t\t\t\t\t\t\t\t\t\t\t\t\t\t\t\t\t<\/div>\n\n\t\t\t\t\t\t\t<div class=\"box-text text-center\" >\n\t\t\t\t\t\t\t\t<div class=\"title-wrapper\"><p class=\"name product-title woocommerce-loop-product__title\"><a href=\"https:\/\/www.companhiaatlantica.pt\/de\/produto\/portugiesisches-leben\/modeartikel\/brillenbox\/pilatos-brillenetui\" class=\"woocommerce-LoopProduct-link woocommerce-loop-product__link\">Black Tile PILATOS Brillenetui<\/a><\/p><\/div><div class=\"price-wrapper\">\n\t<span class=\"price\"><del aria-hidden=\"true\"><span class=\"woocommerce-Price-amount amount\"><bdi>11.00<span class=\"woocommerce-Price-currencySymbol\">&euro;<\/span><\/bdi><\/span><\/del> <span class=\"screen-reader-text\">Urspr\u00fcnglicher Preis war: 11.00&euro;<\/span><ins aria-hidden=\"true\"><span class=\"woocommerce-Price-amount amount\"><bdi>7.90<span class=\"woocommerce-Price-currencySymbol\">&euro;<\/span><\/bdi><\/span><\/ins><span class=\"screen-reader-text\">Aktueller Preis ist: 7.90&euro;.<\/span><\/span>\n<\/div><div class=\"add-to-cart-button\"><a href=\"\/de\/wp-json\/wp\/v2\/pages\/66644?add-to-cart=58227\" aria-describedby=\"woocommerce_loop_add_to_cart_link_describedby_58227\" data-quantity=\"1\" class=\"primary is-small mb-0 button product_type_simple add_to_cart_button ajax_add_to_cart is-outline\" data-product_id=\"58227\" data-product_sku=\"160-051\" aria-label=\"In den Warenkorb legen: \u201eBlack Tile PILATOS Brillenetui\u201c\" rel=\"nofollow\" data-success_message=\"\u201eBlack Tile PILATOS Brillenetui\u201c wurde deinem Warenkorb hinzugef\u00fcgt\" data-product_name=\"Black Tile PILATOS Brillenetui\" data-product_image=\"https:\/\/www.companhiaatlantica.pt\/wp-content\/uploads\/2021\/05\/160-051-150x150.jpg\" role=\"button\">In den Warenkorb<\/a><\/div>\t<span id=\"woocommerce_loop_add_to_cart_link_describedby_58227\" class=\"screen-reader-text\">\n\t\t\t<\/span>\n\t\t\t\t\t\t\t<\/div>\n\t\t\t\t\t\t<\/div>\n\t\t\t\t\t\t<\/div>\n\t\t\t\t\t<\/div><div class=\"col\" >\n\t\t\t\t\t\t<div class=\"col-inner\">\n\t\t\t\t\t\t\n<div class=\"badge-container absolute left top z-1\">\n\n<\/div>\n\t\t\t\t\t\t<div class=\"product-small box has-hover box-push box-text-bottom\">\n\t\t\t\t\t\t\t<div class=\"box-image\" >\n\t\t\t\t\t\t\t\t<div class=\"\" >\n\t\t\t\t\t\t\t\t\t<a href=\"https:\/\/www.companhiaatlantica.pt\/de\/produto\/portugiesisches-leben\/haushaltsartikel\/schmuckkastchen\/schmuckkastchen-fliese\" aria-label=\"Keramik-Schmuckk\u00e4stchen AZULEJO\">\n\t\t\t\t\t\t\t\t\t\t<img loading=\"lazy\" decoding=\"async\" width=\"700\" height=\"700\" src=\"https:\/\/www.companhiaatlantica.pt\/wp-content\/uploads\/2020\/06\/IMG_8896-700x700.jpg\" class=\"show-on-hover absolute fill hide-for-small back-image\" alt=\"Alternative view of Keramik-Schmuckk\u00e4stchen AZULEJO\" aria-hidden=\"true\" srcset=\"https:\/\/www.companhiaatlantica.pt\/wp-content\/uploads\/2020\/06\/IMG_8896-700x700.jpg 700w, https:\/\/www.companhiaatlantica.pt\/wp-content\/uploads\/2020\/06\/IMG_8896-100x100.jpg 100w, https:\/\/www.companhiaatlantica.pt\/wp-content\/uploads\/2020\/06\/IMG_8896-350x350.jpg 350w\" sizes=\"auto, (max-width: 700px) 100vw, 700px\" title=\"\"><img loading=\"lazy\" decoding=\"async\" width=\"600\" height=\"600\" src=\"https:\/\/www.companhiaatlantica.pt\/wp-content\/uploads\/2020\/06\/DSC1408.jpg\" class=\"attachment-woocommerce_thumbnail size-woocommerce_thumbnail\" alt=\"Keramik-Schmuckk\u00e4stchen AZULEJO\" srcset=\"https:\/\/www.companhiaatlantica.pt\/wp-content\/uploads\/2020\/06\/DSC1408.jpg 600w, https:\/\/www.companhiaatlantica.pt\/wp-content\/uploads\/2020\/06\/DSC1408-100x100.jpg 100w\" sizes=\"auto, (max-width: 600px) 100vw, 600px\" title=\"\">\t\t\t\t\t\t\t\t\t<\/a>\n\t\t\t\t\t\t\t\t\t\t\t\t\t\t\t\t\t\t \t\t\t\t\t\t\t\t<\/div>\n\t\t\t\t\t\t\t\t<div class=\"image-tools top right show-on-hover\">\n\t\t\t\t\t\t\t\t\t\t\t<div class=\"wishlist-icon\">\n\t\t\t<button class=\"wishlist-button button is-outline circle icon\" aria-label=\"Wunschliste\">\n\t\t\t\t<i class=\"icon-heart\" aria-hidden=\"true\"><\/i>\t\t\t<\/button>\n\t\t\t<div class=\"wishlist-popup dark\">\n\t\t\t\t\n<div\n\tclass=\"yith-wcwl-add-to-wishlist add-to-wishlist-42032 yith-wcwl-add-to-wishlist--button_default-style wishlist-fragment on-first-load\"\n\tdata-fragment-ref=\"42032\"\n\tdata-fragment-options=\"{&quot;base_url&quot;:&quot;&quot;,&quot;product_id&quot;:42032,&quot;parent_product_id&quot;:0,&quot;product_type&quot;:&quot;variable&quot;,&quot;is_single&quot;:false,&quot;in_default_wishlist&quot;:false,&quot;show_view&quot;:false,&quot;browse_wishlist_text&quot;:&quot;Siehe Ihre Wunschliste!&quot;,&quot;already_in_wishslist_text&quot;:&quot;Dieses Produkt steht bereits auf Ihrem Wunschzettel!&quot;,&quot;product_added_text&quot;:&quot;Produto adicionado!&quot;,&quot;available_multi_wishlist&quot;:false,&quot;disable_wishlist&quot;:false,&quot;show_count&quot;:false,&quot;ajax_loading&quot;:false,&quot;loop_position&quot;:&quot;after_add_to_cart&quot;,&quot;item&quot;:&quot;add_to_wishlist&quot;}\"\n>\n\t\t\t\n\t\t\t<!-- ADD TO WISHLIST -->\n\t\t\t\n<div class=\"yith-wcwl-add-button\">\n\t\t<a\n\t\thref=\"?add_to_wishlist=42032&#038;_wpnonce=52d31225f0\"\n\t\tclass=\"add_to_wishlist single_add_to_wishlist alt button theme-button-style \"\n\t\tdata-product-id=\"42032\"\n\t\tdata-product-type=\"variable\"\n\t\tdata-original-product-id=\"0\"\n\t\tdata-title=\"Zu meiner Wunschliste hinzuf\u00fcgen\"\n\t\trel=\"nofollow\"\n\t>\n\t\t<svg id=\"yith-wcwl-icon-heart-outline\" class=\"yith-wcwl-icon-svg\" fill=\"none\" stroke-width=\"1.5\" stroke=\"currentColor\" viewBox=\"0 0 24 24\" xmlns=\"http:\/\/www.w3.org\/2000\/svg\">\n  <path stroke-linecap=\"round\" stroke-linejoin=\"round\" d=\"M21 8.25c0-2.485-2.099-4.5-4.688-4.5-1.935 0-3.597 1.126-4.312 2.733-.715-1.607-2.377-2.733-4.313-2.733C5.1 3.75 3 5.765 3 8.25c0 7.22 9 12 9 12s9-4.78 9-12Z\"><\/path>\n<\/svg>\t\t<span>Zu meiner Wunschliste hinzuf\u00fcgen<\/span>\n\t<\/a>\n<\/div>\n\n\t\t\t<!-- COUNT TEXT -->\n\t\t\t\n\t\t\t<\/div>\n\t\t\t<\/div>\n\t\t<\/div>\n\t\t\t\t\t\t\t\t\t\t<\/div>\n\t\t\t\t\t\t\t\t\t\t\t\t\t\t\t\t\t<div class=\"image-tools grid-tools text-center hide-for-small bottom hover-slide-in show-on-hover\">\n\t\t\t\t\t\t\t\t\t\t\t\t\t\t\t\t\t\t\t<\/div>\n\t\t\t\t\t\t\t\t\t\t\t\t\t\t\t\t\t\t\t\t\t\t\t<\/div>\n\n\t\t\t\t\t\t\t<div class=\"box-text text-center\" >\n\t\t\t\t\t\t\t\t<div class=\"title-wrapper\"><p class=\"name product-title woocommerce-loop-product__title\"><a href=\"https:\/\/www.companhiaatlantica.pt\/de\/produto\/portugiesisches-leben\/haushaltsartikel\/schmuckkastchen\/schmuckkastchen-fliese\" class=\"woocommerce-LoopProduct-link woocommerce-loop-product__link\">Keramik-Schmuckk\u00e4stchen AZULEJO<\/a><\/p><\/div><div class=\"price-wrapper\">\n\t<span class=\"price\"><span class=\"woocommerce-Price-amount amount\"><bdi>18.90<span class=\"woocommerce-Price-currencySymbol\">&euro;<\/span><\/bdi><\/span><\/span>\n<\/div><div class=\"add-to-cart-button\"><a href=\"https:\/\/www.companhiaatlantica.pt\/de\/produto\/portugiesisches-leben\/haushaltsartikel\/schmuckkastchen\/schmuckkastchen-fliese\" aria-describedby=\"woocommerce_loop_add_to_cart_link_describedby_42032\" data-quantity=\"1\" class=\"primary is-small mb-0 button product_type_variable add_to_cart_button is-outline\" data-product_id=\"42032\" data-product_sku=\"\" aria-label=\"W\u00e4hle Optionen f\u00fcr \u201eKeramik-Schmuckk\u00e4stchen AZULEJO\u201c\" rel=\"nofollow\" data-product_name=\"Keramik-Schmuckk\u00e4stchen AZULEJO\" data-product_image=\"https:\/\/www.companhiaatlantica.pt\/wp-content\/uploads\/2020\/06\/DSC1408.jpg\">Ausf\u00fchrung w\u00e4hlen<\/a><\/div>\t<span id=\"woocommerce_loop_add_to_cart_link_describedby_42032\" class=\"screen-reader-text\">\n\t\tDieses Produkt weist mehrere Varianten auf. Die Optionen k\u00f6nnen auf der Produktseite gew\u00e4hlt werden\t<\/span>\n\t\t\t\t\t\t\t<\/div>\n\t\t\t\t\t\t<\/div>\n\t\t\t\t\t\t<\/div>\n\t\t\t\t\t<\/div><div class=\"col\" >\n\t\t\t\t\t\t<div class=\"col-inner\">\n\t\t\t\t\t\t\n<div class=\"badge-container absolute left top z-1\">\n\n<div class=\"badge callout badge-circle\"><div class=\"badge-inner callout-new-bg is-small new-bubble\">NEW DESIGN<\/div><\/div><\/div>\n\t\t\t\t\t\t<div class=\"product-small box has-hover box-push box-text-bottom\">\n\t\t\t\t\t\t\t<div class=\"box-image\" >\n\t\t\t\t\t\t\t\t<div class=\"\" >\n\t\t\t\t\t\t\t\t\t<a href=\"https:\/\/www.companhiaatlantica.pt\/de\/produto\/portugiesisches-leben\/modeartikel\/brillenbox\/blau-brillenetui-azulejo\" aria-label=\"Blau Brillenetui AZULEJO\">\n\t\t\t\t\t\t\t\t\t\t<img loading=\"lazy\" decoding=\"async\" width=\"700\" height=\"700\" src=\"https:\/\/www.companhiaatlantica.pt\/wp-content\/uploads\/2024\/08\/160-044--700x700.jpg\" class=\"show-on-hover absolute fill hide-for-small back-image\" alt=\"Alternative view of Blau Brillenetui AZULEJO\" aria-hidden=\"true\" srcset=\"https:\/\/www.companhiaatlantica.pt\/wp-content\/uploads\/2024\/08\/160-044--700x700.jpg 700w, https:\/\/www.companhiaatlantica.pt\/wp-content\/uploads\/2024\/08\/160-044--100x100.jpg 100w, https:\/\/www.companhiaatlantica.pt\/wp-content\/uploads\/2024\/08\/160-044--900x900.jpg 900w, https:\/\/www.companhiaatlantica.pt\/wp-content\/uploads\/2024\/08\/160-044--400x400.jpg 400w, https:\/\/www.companhiaatlantica.pt\/wp-content\/uploads\/2024\/08\/160-044--350x350.jpg 350w, https:\/\/www.companhiaatlantica.pt\/wp-content\/uploads\/2024\/08\/160-044--768x768.jpg 768w, https:\/\/www.companhiaatlantica.pt\/wp-content\/uploads\/2024\/08\/160-044-.jpg 1000w\" sizes=\"auto, (max-width: 700px) 100vw, 700px\" title=\"\"><img loading=\"lazy\" decoding=\"async\" width=\"700\" height=\"700\" src=\"https:\/\/www.companhiaatlantica.pt\/wp-content\/uploads\/2020\/06\/160-044-3-700x700.jpg\" class=\"attachment-woocommerce_thumbnail size-woocommerce_thumbnail\" alt=\"Blau Brillenetui AZULEJO\" srcset=\"https:\/\/www.companhiaatlantica.pt\/wp-content\/uploads\/2020\/06\/160-044-3-700x700.jpg 700w, https:\/\/www.companhiaatlantica.pt\/wp-content\/uploads\/2020\/06\/160-044-3-100x100.jpg 100w, https:\/\/www.companhiaatlantica.pt\/wp-content\/uploads\/2020\/06\/160-044-3-400x400.jpg 400w, https:\/\/www.companhiaatlantica.pt\/wp-content\/uploads\/2020\/06\/160-044-3-350x350.jpg 350w, https:\/\/www.companhiaatlantica.pt\/wp-content\/uploads\/2020\/06\/160-044-3-768x768.jpg 768w, https:\/\/www.companhiaatlantica.pt\/wp-content\/uploads\/2020\/06\/160-044-3-600x600.jpg 600w, https:\/\/www.companhiaatlantica.pt\/wp-content\/uploads\/2020\/06\/160-044-3.jpg 900w\" sizes=\"auto, (max-width: 700px) 100vw, 700px\" title=\"\">\t\t\t\t\t\t\t\t\t<\/a>\n\t\t\t\t\t\t\t\t\t\t\t\t\t\t\t\t\t\t \t\t\t\t\t\t\t\t<\/div>\n\t\t\t\t\t\t\t\t<div class=\"image-tools top right show-on-hover\">\n\t\t\t\t\t\t\t\t\t\t\t<div class=\"wishlist-icon\">\n\t\t\t<button class=\"wishlist-button button is-outline circle icon\" aria-label=\"Wunschliste\">\n\t\t\t\t<i class=\"icon-heart\" aria-hidden=\"true\"><\/i>\t\t\t<\/button>\n\t\t\t<div class=\"wishlist-popup dark\">\n\t\t\t\t\n<div\n\tclass=\"yith-wcwl-add-to-wishlist add-to-wishlist-42175 yith-wcwl-add-to-wishlist--button_default-style wishlist-fragment on-first-load\"\n\tdata-fragment-ref=\"42175\"\n\tdata-fragment-options=\"{&quot;base_url&quot;:&quot;&quot;,&quot;product_id&quot;:42175,&quot;parent_product_id&quot;:0,&quot;product_type&quot;:&quot;simple&quot;,&quot;is_single&quot;:false,&quot;in_default_wishlist&quot;:false,&quot;show_view&quot;:false,&quot;browse_wishlist_text&quot;:&quot;Siehe Ihre Wunschliste!&quot;,&quot;already_in_wishslist_text&quot;:&quot;Dieses Produkt steht bereits auf Ihrem Wunschzettel!&quot;,&quot;product_added_text&quot;:&quot;Produto adicionado!&quot;,&quot;available_multi_wishlist&quot;:false,&quot;disable_wishlist&quot;:false,&quot;show_count&quot;:false,&quot;ajax_loading&quot;:false,&quot;loop_position&quot;:&quot;after_add_to_cart&quot;,&quot;item&quot;:&quot;add_to_wishlist&quot;}\"\n>\n\t\t\t\n\t\t\t<!-- ADD TO WISHLIST -->\n\t\t\t\n<div class=\"yith-wcwl-add-button\">\n\t\t<a\n\t\thref=\"?add_to_wishlist=42175&#038;_wpnonce=52d31225f0\"\n\t\tclass=\"add_to_wishlist single_add_to_wishlist alt button theme-button-style \"\n\t\tdata-product-id=\"42175\"\n\t\tdata-product-type=\"simple\"\n\t\tdata-original-product-id=\"0\"\n\t\tdata-title=\"Zu meiner Wunschliste hinzuf\u00fcgen\"\n\t\trel=\"nofollow\"\n\t>\n\t\t<svg id=\"yith-wcwl-icon-heart-outline\" class=\"yith-wcwl-icon-svg\" fill=\"none\" stroke-width=\"1.5\" stroke=\"currentColor\" viewBox=\"0 0 24 24\" xmlns=\"http:\/\/www.w3.org\/2000\/svg\">\n  <path stroke-linecap=\"round\" stroke-linejoin=\"round\" d=\"M21 8.25c0-2.485-2.099-4.5-4.688-4.5-1.935 0-3.597 1.126-4.312 2.733-.715-1.607-2.377-2.733-4.313-2.733C5.1 3.75 3 5.765 3 8.25c0 7.22 9 12 9 12s9-4.78 9-12Z\"><\/path>\n<\/svg>\t\t<span>Zu meiner Wunschliste hinzuf\u00fcgen<\/span>\n\t<\/a>\n<\/div>\n\n\t\t\t<!-- COUNT TEXT -->\n\t\t\t\n\t\t\t<\/div>\n\t\t\t<\/div>\n\t\t<\/div>\n\t\t\t\t\t\t\t\t\t\t<\/div>\n\t\t\t\t\t\t\t\t\t\t\t\t\t\t\t\t\t<div class=\"image-tools grid-tools text-center hide-for-small bottom hover-slide-in show-on-hover\">\n\t\t\t\t\t\t\t\t\t\t\t\t\t\t\t\t\t\t\t<\/div>\n\t\t\t\t\t\t\t\t\t\t\t\t\t\t\t\t\t\t\t\t\t\t\t<\/div>\n\n\t\t\t\t\t\t\t<div class=\"box-text text-center\" >\n\t\t\t\t\t\t\t\t<div class=\"title-wrapper\"><p class=\"name product-title woocommerce-loop-product__title\"><a href=\"https:\/\/www.companhiaatlantica.pt\/de\/produto\/portugiesisches-leben\/modeartikel\/brillenbox\/blau-brillenetui-azulejo\" class=\"woocommerce-LoopProduct-link woocommerce-loop-product__link\">Blau Brillenetui AZULEJO<\/a><\/p><\/div><div class=\"price-wrapper\">\n\t<span class=\"price\"><span class=\"woocommerce-Price-amount amount\"><bdi>11.00<span class=\"woocommerce-Price-currencySymbol\">&euro;<\/span><\/bdi><\/span><\/span>\n<\/div><div class=\"add-to-cart-button\"><a href=\"\/de\/wp-json\/wp\/v2\/pages\/66644?add-to-cart=42175\" aria-describedby=\"woocommerce_loop_add_to_cart_link_describedby_42175\" data-quantity=\"1\" class=\"primary is-small mb-0 button product_type_simple add_to_cart_button ajax_add_to_cart is-outline\" data-product_id=\"42175\" data-product_sku=\"160-044\" aria-label=\"In den Warenkorb legen: \u201eBlau Brillenetui AZULEJO\u201c\" rel=\"nofollow\" data-success_message=\"\u201eBlau Brillenetui AZULEJO\u201c wurde deinem Warenkorb hinzugef\u00fcgt\" data-product_name=\"Blau Brillenetui AZULEJO\" data-product_image=\"https:\/\/www.companhiaatlantica.pt\/wp-content\/uploads\/2020\/06\/160-044-3-350x350.jpg\" role=\"button\">In den Warenkorb<\/a><\/div>\t<span id=\"woocommerce_loop_add_to_cart_link_describedby_42175\" class=\"screen-reader-text\">\n\t\t\t<\/span>\n\t\t\t\t\t\t\t<\/div>\n\t\t\t\t\t\t<\/div>\n\t\t\t\t\t\t<\/div>\n\t\t\t\t\t<\/div><div class=\"col\" >\n\t\t\t\t\t\t<div class=\"col-inner\">\n\t\t\t\t\t\t\n<div class=\"badge-container absolute left top z-1\">\n\n<\/div>\n\t\t\t\t\t\t<div class=\"product-small box has-hover box-push box-text-bottom\">\n\t\t\t\t\t\t\t<div class=\"box-image\" >\n\t\t\t\t\t\t\t\t<div class=\"\" >\n\t\t\t\t\t\t\t\t\t<a href=\"https:\/\/www.companhiaatlantica.pt\/de\/produto\/portugiesisches-leben\/haushaltsartikel\/schmuckkastchen\/nature-granatapfel-box\" aria-label=\"NATURE-Granatapfel-Box\">\n\t\t\t\t\t\t\t\t\t\t<img loading=\"lazy\" decoding=\"async\" width=\"700\" height=\"700\" src=\"https:\/\/www.companhiaatlantica.pt\/wp-content\/uploads\/2020\/06\/130-303-roma-700x700.jpg\" class=\"show-on-hover absolute fill hide-for-small back-image\" alt=\"Alternative view of NATURE-Granatapfel-Box\" aria-hidden=\"true\" srcset=\"https:\/\/www.companhiaatlantica.pt\/wp-content\/uploads\/2020\/06\/130-303-roma-700x700.jpg 700w, https:\/\/www.companhiaatlantica.pt\/wp-content\/uploads\/2020\/06\/130-303-roma-100x100.jpg 100w, https:\/\/www.companhiaatlantica.pt\/wp-content\/uploads\/2020\/06\/130-303-roma-900x900.jpg 900w, https:\/\/www.companhiaatlantica.pt\/wp-content\/uploads\/2020\/06\/130-303-roma-400x400.jpg 400w, https:\/\/www.companhiaatlantica.pt\/wp-content\/uploads\/2020\/06\/130-303-roma-350x350.jpg 350w, https:\/\/www.companhiaatlantica.pt\/wp-content\/uploads\/2020\/06\/130-303-roma-768x768.jpg 768w, https:\/\/www.companhiaatlantica.pt\/wp-content\/uploads\/2020\/06\/130-303-roma.jpg 1000w\" sizes=\"auto, (max-width: 700px) 100vw, 700px\" title=\"\"><img loading=\"lazy\" decoding=\"async\" width=\"700\" height=\"700\" src=\"https:\/\/www.companhiaatlantica.pt\/wp-content\/uploads\/2020\/06\/IMG_6577-700x700.jpg\" class=\"attachment-woocommerce_thumbnail size-woocommerce_thumbnail\" alt=\"NATURE-Granatapfel-Box\" srcset=\"https:\/\/www.companhiaatlantica.pt\/wp-content\/uploads\/2020\/06\/IMG_6577-700x700.jpg 700w, https:\/\/www.companhiaatlantica.pt\/wp-content\/uploads\/2020\/06\/IMG_6577-100x100.jpg 100w, https:\/\/www.companhiaatlantica.pt\/wp-content\/uploads\/2020\/06\/IMG_6577-350x350.jpg 350w\" sizes=\"auto, (max-width: 700px) 100vw, 700px\" title=\"\">\t\t\t\t\t\t\t\t\t<\/a>\n\t\t\t\t\t\t\t\t\t\t\t\t\t\t\t\t\t\t \t\t\t\t\t\t\t\t<\/div>\n\t\t\t\t\t\t\t\t<div class=\"image-tools top right show-on-hover\">\n\t\t\t\t\t\t\t\t\t\t\t<div class=\"wishlist-icon\">\n\t\t\t<button class=\"wishlist-button button is-outline circle icon\" aria-label=\"Wunschliste\">\n\t\t\t\t<i class=\"icon-heart\" aria-hidden=\"true\"><\/i>\t\t\t<\/button>\n\t\t\t<div class=\"wishlist-popup dark\">\n\t\t\t\t\n<div\n\tclass=\"yith-wcwl-add-to-wishlist add-to-wishlist-42193 yith-wcwl-add-to-wishlist--button_default-style wishlist-fragment on-first-load\"\n\tdata-fragment-ref=\"42193\"\n\tdata-fragment-options=\"{&quot;base_url&quot;:&quot;&quot;,&quot;product_id&quot;:42193,&quot;parent_product_id&quot;:0,&quot;product_type&quot;:&quot;simple&quot;,&quot;is_single&quot;:false,&quot;in_default_wishlist&quot;:false,&quot;show_view&quot;:false,&quot;browse_wishlist_text&quot;:&quot;Siehe Ihre Wunschliste!&quot;,&quot;already_in_wishslist_text&quot;:&quot;Dieses Produkt steht bereits auf Ihrem Wunschzettel!&quot;,&quot;product_added_text&quot;:&quot;Produto adicionado!&quot;,&quot;available_multi_wishlist&quot;:false,&quot;disable_wishlist&quot;:false,&quot;show_count&quot;:false,&quot;ajax_loading&quot;:false,&quot;loop_position&quot;:&quot;after_add_to_cart&quot;,&quot;item&quot;:&quot;add_to_wishlist&quot;}\"\n>\n\t\t\t\n\t\t\t<!-- ADD TO WISHLIST -->\n\t\t\t\n<div class=\"yith-wcwl-add-button\">\n\t\t<a\n\t\thref=\"?add_to_wishlist=42193&#038;_wpnonce=52d31225f0\"\n\t\tclass=\"add_to_wishlist single_add_to_wishlist alt button theme-button-style \"\n\t\tdata-product-id=\"42193\"\n\t\tdata-product-type=\"simple\"\n\t\tdata-original-product-id=\"0\"\n\t\tdata-title=\"Zu meiner Wunschliste hinzuf\u00fcgen\"\n\t\trel=\"nofollow\"\n\t>\n\t\t<svg id=\"yith-wcwl-icon-heart-outline\" class=\"yith-wcwl-icon-svg\" fill=\"none\" stroke-width=\"1.5\" stroke=\"currentColor\" viewBox=\"0 0 24 24\" xmlns=\"http:\/\/www.w3.org\/2000\/svg\">\n  <path stroke-linecap=\"round\" stroke-linejoin=\"round\" d=\"M21 8.25c0-2.485-2.099-4.5-4.688-4.5-1.935 0-3.597 1.126-4.312 2.733-.715-1.607-2.377-2.733-4.313-2.733C5.1 3.75 3 5.765 3 8.25c0 7.22 9 12 9 12s9-4.78 9-12Z\"><\/path>\n<\/svg>\t\t<span>Zu meiner Wunschliste hinzuf\u00fcgen<\/span>\n\t<\/a>\n<\/div>\n\n\t\t\t<!-- COUNT TEXT -->\n\t\t\t\n\t\t\t<\/div>\n\t\t\t<\/div>\n\t\t<\/div>\n\t\t\t\t\t\t\t\t\t\t<\/div>\n\t\t\t\t\t\t\t\t\t\t\t\t\t\t\t\t\t<div class=\"image-tools grid-tools text-center hide-for-small bottom hover-slide-in show-on-hover\">\n\t\t\t\t\t\t\t\t\t\t\t\t\t\t\t\t\t\t\t<\/div>\n\t\t\t\t\t\t\t\t\t\t\t\t\t\t\t\t\t\t\t\t\t\t\t<\/div>\n\n\t\t\t\t\t\t\t<div class=\"box-text text-center\" >\n\t\t\t\t\t\t\t\t<div class=\"title-wrapper\"><p class=\"name product-title woocommerce-loop-product__title\"><a href=\"https:\/\/www.companhiaatlantica.pt\/de\/produto\/portugiesisches-leben\/haushaltsartikel\/schmuckkastchen\/nature-granatapfel-box\" class=\"woocommerce-LoopProduct-link woocommerce-loop-product__link\">NATURE-Granatapfel-Box<\/a><\/p><\/div><div class=\"price-wrapper\">\n\t<span class=\"price\"><span class=\"woocommerce-Price-amount amount\"><bdi>17.50<span class=\"woocommerce-Price-currencySymbol\">&euro;<\/span><\/bdi><\/span><\/span>\n<\/div><div class=\"add-to-cart-button\"><a href=\"\/de\/wp-json\/wp\/v2\/pages\/66644?add-to-cart=42193\" aria-describedby=\"woocommerce_loop_add_to_cart_link_describedby_42193\" data-quantity=\"1\" class=\"primary is-small mb-0 button product_type_simple add_to_cart_button ajax_add_to_cart is-outline\" data-product_id=\"42193\" data-product_sku=\"130-303\" aria-label=\"In den Warenkorb legen: \u201eNATURE-Granatapfel-Box\u201c\" rel=\"nofollow\" data-success_message=\"\u201eNATURE-Granatapfel-Box\u201c wurde deinem Warenkorb hinzugef\u00fcgt\" data-product_name=\"NATURE-Granatapfel-Box\" data-product_image=\"https:\/\/www.companhiaatlantica.pt\/wp-content\/uploads\/2020\/06\/IMG_6577-350x350.jpg\" role=\"button\">In den Warenkorb<\/a><\/div>\t<span id=\"woocommerce_loop_add_to_cart_link_describedby_42193\" class=\"screen-reader-text\">\n\t\t\t<\/span>\n\t\t\t\t\t\t\t<\/div>\n\t\t\t\t\t\t<\/div>\n\t\t\t\t\t\t<\/div>\n\t\t\t\t\t<\/div><div class=\"col\" >\n\t\t\t\t\t\t<div class=\"col-inner\">\n\t\t\t\t\t\t\n<div class=\"badge-container absolute left top z-1\">\n\n<div class=\"badge callout badge-circle\"><div class=\"badge-inner callout-new-bg is-small new-bubble\">NEW<\/div><\/div><\/div>\n\t\t\t\t\t\t<div class=\"product-small box has-hover box-push box-text-bottom\">\n\t\t\t\t\t\t\t<div class=\"box-image\" >\n\t\t\t\t\t\t\t\t<div class=\"\" >\n\t\t\t\t\t\t\t\t\t<a href=\"https:\/\/www.companhiaatlantica.pt\/de\/produto\/portugiesisches-leben\/haushaltsartikel\/magnete\/alicatos-magneten\" aria-label=\"ALICATOS Magneten\">\n\t\t\t\t\t\t\t\t\t\t<img loading=\"lazy\" decoding=\"async\" width=\"700\" height=\"700\" src=\"https:\/\/www.companhiaatlantica.pt\/wp-content\/uploads\/2024\/04\/131-121_a-700x700.jpg\" class=\"show-on-hover absolute fill hide-for-small back-image\" alt=\"Alternative view of ALICATOS Magneten\" aria-hidden=\"true\" srcset=\"https:\/\/www.companhiaatlantica.pt\/wp-content\/uploads\/2024\/04\/131-121_a-700x700.jpg 700w, https:\/\/www.companhiaatlantica.pt\/wp-content\/uploads\/2024\/04\/131-121_a-100x100.jpg 100w, https:\/\/www.companhiaatlantica.pt\/wp-content\/uploads\/2024\/04\/131-121_a-400x400.jpg 400w, https:\/\/www.companhiaatlantica.pt\/wp-content\/uploads\/2024\/04\/131-121_a-350x350.jpg 350w, https:\/\/www.companhiaatlantica.pt\/wp-content\/uploads\/2024\/04\/131-121_a-768x768.jpg 768w, https:\/\/www.companhiaatlantica.pt\/wp-content\/uploads\/2024\/04\/131-121_a-600x600.jpg 600w, https:\/\/www.companhiaatlantica.pt\/wp-content\/uploads\/2024\/04\/131-121_a.jpg 800w\" sizes=\"auto, (max-width: 700px) 100vw, 700px\" title=\"\"><img loading=\"lazy\" decoding=\"async\" width=\"700\" height=\"700\" src=\"https:\/\/www.companhiaatlantica.pt\/wp-content\/uploads\/2024\/04\/131-121-700x700.jpg\" class=\"attachment-woocommerce_thumbnail size-woocommerce_thumbnail\" alt=\"ALICATOS Magneten\" srcset=\"https:\/\/www.companhiaatlantica.pt\/wp-content\/uploads\/2024\/04\/131-121-700x700.jpg 700w, https:\/\/www.companhiaatlantica.pt\/wp-content\/uploads\/2024\/04\/131-121-100x100.jpg 100w, https:\/\/www.companhiaatlantica.pt\/wp-content\/uploads\/2024\/04\/131-121-900x900.jpg 900w, https:\/\/www.companhiaatlantica.pt\/wp-content\/uploads\/2024\/04\/131-121-400x400.jpg 400w, https:\/\/www.companhiaatlantica.pt\/wp-content\/uploads\/2024\/04\/131-121-350x350.jpg 350w, https:\/\/www.companhiaatlantica.pt\/wp-content\/uploads\/2024\/04\/131-121-768x768.jpg 768w, https:\/\/www.companhiaatlantica.pt\/wp-content\/uploads\/2024\/04\/131-121.jpg 1000w\" sizes=\"auto, (max-width: 700px) 100vw, 700px\" title=\"\">\t\t\t\t\t\t\t\t\t<\/a>\n\t\t\t\t\t\t\t\t\t\t\t\t\t\t\t\t\t\t \t\t\t\t\t\t\t\t<\/div>\n\t\t\t\t\t\t\t\t<div class=\"image-tools top right show-on-hover\">\n\t\t\t\t\t\t\t\t\t\t\t<div class=\"wishlist-icon\">\n\t\t\t<button class=\"wishlist-button button is-outline circle icon\" aria-label=\"Wunschliste\">\n\t\t\t\t<i class=\"icon-heart\" aria-hidden=\"true\"><\/i>\t\t\t<\/button>\n\t\t\t<div class=\"wishlist-popup dark\">\n\t\t\t\t\n<div\n\tclass=\"yith-wcwl-add-to-wishlist add-to-wishlist-56594 yith-wcwl-add-to-wishlist--button_default-style wishlist-fragment on-first-load\"\n\tdata-fragment-ref=\"56594\"\n\tdata-fragment-options=\"{&quot;base_url&quot;:&quot;&quot;,&quot;product_id&quot;:56594,&quot;parent_product_id&quot;:0,&quot;product_type&quot;:&quot;variable&quot;,&quot;is_single&quot;:false,&quot;in_default_wishlist&quot;:false,&quot;show_view&quot;:false,&quot;browse_wishlist_text&quot;:&quot;Siehe Ihre Wunschliste!&quot;,&quot;already_in_wishslist_text&quot;:&quot;Dieses Produkt steht bereits auf Ihrem Wunschzettel!&quot;,&quot;product_added_text&quot;:&quot;Produto adicionado!&quot;,&quot;available_multi_wishlist&quot;:false,&quot;disable_wishlist&quot;:false,&quot;show_count&quot;:false,&quot;ajax_loading&quot;:false,&quot;loop_position&quot;:&quot;after_add_to_cart&quot;,&quot;item&quot;:&quot;add_to_wishlist&quot;}\"\n>\n\t\t\t\n\t\t\t<!-- ADD TO WISHLIST -->\n\t\t\t\n<div class=\"yith-wcwl-add-button\">\n\t\t<a\n\t\thref=\"?add_to_wishlist=56594&#038;_wpnonce=52d31225f0\"\n\t\tclass=\"add_to_wishlist single_add_to_wishlist alt button theme-button-style \"\n\t\tdata-product-id=\"56594\"\n\t\tdata-product-type=\"variable\"\n\t\tdata-original-product-id=\"0\"\n\t\tdata-title=\"Zu meiner Wunschliste hinzuf\u00fcgen\"\n\t\trel=\"nofollow\"\n\t>\n\t\t<svg id=\"yith-wcwl-icon-heart-outline\" class=\"yith-wcwl-icon-svg\" fill=\"none\" stroke-width=\"1.5\" stroke=\"currentColor\" viewBox=\"0 0 24 24\" xmlns=\"http:\/\/www.w3.org\/2000\/svg\">\n  <path stroke-linecap=\"round\" stroke-linejoin=\"round\" d=\"M21 8.25c0-2.485-2.099-4.5-4.688-4.5-1.935 0-3.597 1.126-4.312 2.733-.715-1.607-2.377-2.733-4.313-2.733C5.1 3.75 3 5.765 3 8.25c0 7.22 9 12 9 12s9-4.78 9-12Z\"><\/path>\n<\/svg>\t\t<span>Zu meiner Wunschliste hinzuf\u00fcgen<\/span>\n\t<\/a>\n<\/div>\n\n\t\t\t<!-- COUNT TEXT -->\n\t\t\t\n\t\t\t<\/div>\n\t\t\t<\/div>\n\t\t<\/div>\n\t\t\t\t\t\t\t\t\t\t<\/div>\n\t\t\t\t\t\t\t\t\t\t\t\t\t\t\t\t\t<div class=\"image-tools grid-tools text-center hide-for-small bottom hover-slide-in show-on-hover\">\n\t\t\t\t\t\t\t\t\t\t\t\t\t\t\t\t\t\t\t<\/div>\n\t\t\t\t\t\t\t\t\t\t\t\t\t\t\t\t\t\t\t\t\t\t\t<\/div>\n\n\t\t\t\t\t\t\t<div class=\"box-text text-center\" >\n\t\t\t\t\t\t\t\t<span class=\"featured-badge\"><img decoding=\"async\" src=\"https:\/\/cdn.companhiaatlantica.pt\/wp-content\/themes\/flatsome-child\/src\/img\/ar-icon-2.jpg\" alt=\"AR Icon\" class=\"ar-icon\" title=\"\"><\/span><div class=\"title-wrapper\"><p class=\"name product-title woocommerce-loop-product__title\"><a href=\"https:\/\/www.companhiaatlantica.pt\/de\/produto\/portugiesisches-leben\/haushaltsartikel\/magnete\/alicatos-magneten\" class=\"woocommerce-LoopProduct-link woocommerce-loop-product__link\">ALICATOS Magneten<\/a><\/p><\/div><div class=\"price-wrapper\">\n\t<span class=\"price\"><span class=\"woocommerce-Price-amount amount\"><bdi>7.00<span class=\"woocommerce-Price-currencySymbol\">&euro;<\/span><\/bdi><\/span><\/span>\n<\/div><div class=\"add-to-cart-button\"><a href=\"https:\/\/www.companhiaatlantica.pt\/de\/produto\/portugiesisches-leben\/haushaltsartikel\/magnete\/alicatos-magneten\" aria-describedby=\"woocommerce_loop_add_to_cart_link_describedby_56594\" data-quantity=\"1\" class=\"primary is-small mb-0 button product_type_variable add_to_cart_button is-outline\" data-product_id=\"56594\" data-product_sku=\"\" aria-label=\"W\u00e4hle Optionen f\u00fcr \u201eALICATOS Magneten\u201c\" rel=\"nofollow\" data-product_name=\"ALICATOS Magneten\" data-product_image=\"https:\/\/www.companhiaatlantica.pt\/wp-content\/uploads\/2024\/04\/131-121-350x350.jpg\">Ausf\u00fchrung w\u00e4hlen<\/a><\/div>\t<span id=\"woocommerce_loop_add_to_cart_link_describedby_56594\" class=\"screen-reader-text\">\n\t\tDieses Produkt weist mehrere Varianten auf. Die Optionen k\u00f6nnen auf der Produktseite gew\u00e4hlt werden\t<\/span>\n\t\t\t\t\t\t\t<\/div>\n\t\t\t\t\t\t<\/div>\n\t\t\t\t\t\t<\/div>\n\t\t\t\t\t<\/div><div class=\"col\" >\n\t\t\t\t\t\t<div class=\"col-inner\">\n\t\t\t\t\t\t\n<div class=\"badge-container absolute left top z-1\">\n\n<\/div>\n\t\t\t\t\t\t<div class=\"product-small box has-hover box-push box-text-bottom\">\n\t\t\t\t\t\t\t<div class=\"box-image\" >\n\t\t\t\t\t\t\t\t<div class=\"\" >\n\t\t\t\t\t\t\t\t\t<a href=\"https:\/\/www.companhiaatlantica.pt\/de\/produto\/portugiesisches-leben\/haushaltsartikel\/magnete\/azulejo-magnet-55mm\" aria-label=\"AZULEJO Magnet\">\n\t\t\t\t\t\t\t\t\t\t<img loading=\"lazy\" decoding=\"async\" width=\"700\" height=\"700\" src=\"https:\/\/www.companhiaatlantica.pt\/wp-content\/uploads\/2020\/05\/130-563-700x700.jpg\" class=\"show-on-hover absolute fill hide-for-small back-image\" alt=\"Alternative view of AZULEJO Magnet\" aria-hidden=\"true\" srcset=\"https:\/\/www.companhiaatlantica.pt\/wp-content\/uploads\/2020\/05\/130-563-700x700.jpg 700w, https:\/\/www.companhiaatlantica.pt\/wp-content\/uploads\/2020\/05\/130-563-100x100.jpg 100w, https:\/\/www.companhiaatlantica.pt\/wp-content\/uploads\/2020\/05\/130-563-600x600.jpg 600w, https:\/\/www.companhiaatlantica.pt\/wp-content\/uploads\/2020\/05\/130-563-150x150.jpg 150w, https:\/\/www.companhiaatlantica.pt\/wp-content\/uploads\/2020\/05\/130-563-300x300.jpg 300w, https:\/\/www.companhiaatlantica.pt\/wp-content\/uploads\/2020\/05\/130-563.jpg 762w\" sizes=\"auto, (max-width: 700px) 100vw, 700px\" title=\"\"><img loading=\"lazy\" decoding=\"async\" width=\"700\" height=\"700\" src=\"https:\/\/www.companhiaatlantica.pt\/wp-content\/uploads\/2020\/05\/130-565-700x700.jpg\" class=\"attachment-woocommerce_thumbnail size-woocommerce_thumbnail\" alt=\"AZULEJO Magnet\" srcset=\"https:\/\/www.companhiaatlantica.pt\/wp-content\/uploads\/2020\/05\/130-565-700x700.jpg 700w, https:\/\/www.companhiaatlantica.pt\/wp-content\/uploads\/2020\/05\/130-565-100x100.jpg 100w, https:\/\/www.companhiaatlantica.pt\/wp-content\/uploads\/2020\/05\/130-565-600x600.jpg 600w, https:\/\/www.companhiaatlantica.pt\/wp-content\/uploads\/2020\/05\/130-565-150x150.jpg 150w, https:\/\/www.companhiaatlantica.pt\/wp-content\/uploads\/2020\/05\/130-565-300x300.jpg 300w, https:\/\/www.companhiaatlantica.pt\/wp-content\/uploads\/2020\/05\/130-565.jpg 762w\" sizes=\"auto, (max-width: 700px) 100vw, 700px\" title=\"\">\t\t\t\t\t\t\t\t\t<\/a>\n\t\t\t\t\t\t\t\t\t\t\t\t\t\t\t\t\t\t \t\t\t\t\t\t\t\t<\/div>\n\t\t\t\t\t\t\t\t<div class=\"image-tools top right show-on-hover\">\n\t\t\t\t\t\t\t\t\t\t\t<div class=\"wishlist-icon\">\n\t\t\t<button class=\"wishlist-button button is-outline circle icon\" aria-label=\"Wunschliste\">\n\t\t\t\t<i class=\"icon-heart\" aria-hidden=\"true\"><\/i>\t\t\t<\/button>\n\t\t\t<div class=\"wishlist-popup dark\">\n\t\t\t\t\n<div\n\tclass=\"yith-wcwl-add-to-wishlist add-to-wishlist-42066 yith-wcwl-add-to-wishlist--button_default-style wishlist-fragment on-first-load\"\n\tdata-fragment-ref=\"42066\"\n\tdata-fragment-options=\"{&quot;base_url&quot;:&quot;&quot;,&quot;product_id&quot;:42066,&quot;parent_product_id&quot;:0,&quot;product_type&quot;:&quot;variable&quot;,&quot;is_single&quot;:false,&quot;in_default_wishlist&quot;:false,&quot;show_view&quot;:false,&quot;browse_wishlist_text&quot;:&quot;Siehe Ihre Wunschliste!&quot;,&quot;already_in_wishslist_text&quot;:&quot;Dieses Produkt steht bereits auf Ihrem Wunschzettel!&quot;,&quot;product_added_text&quot;:&quot;Produto adicionado!&quot;,&quot;available_multi_wishlist&quot;:false,&quot;disable_wishlist&quot;:false,&quot;show_count&quot;:false,&quot;ajax_loading&quot;:false,&quot;loop_position&quot;:&quot;after_add_to_cart&quot;,&quot;item&quot;:&quot;add_to_wishlist&quot;}\"\n>\n\t\t\t\n\t\t\t<!-- ADD TO WISHLIST -->\n\t\t\t\n<div class=\"yith-wcwl-add-button\">\n\t\t<a\n\t\thref=\"?add_to_wishlist=42066&#038;_wpnonce=52d31225f0\"\n\t\tclass=\"add_to_wishlist single_add_to_wishlist alt button theme-button-style \"\n\t\tdata-product-id=\"42066\"\n\t\tdata-product-type=\"variable\"\n\t\tdata-original-product-id=\"0\"\n\t\tdata-title=\"Zu meiner Wunschliste hinzuf\u00fcgen\"\n\t\trel=\"nofollow\"\n\t>\n\t\t<svg id=\"yith-wcwl-icon-heart-outline\" class=\"yith-wcwl-icon-svg\" fill=\"none\" stroke-width=\"1.5\" stroke=\"currentColor\" viewBox=\"0 0 24 24\" xmlns=\"http:\/\/www.w3.org\/2000\/svg\">\n  <path stroke-linecap=\"round\" stroke-linejoin=\"round\" d=\"M21 8.25c0-2.485-2.099-4.5-4.688-4.5-1.935 0-3.597 1.126-4.312 2.733-.715-1.607-2.377-2.733-4.313-2.733C5.1 3.75 3 5.765 3 8.25c0 7.22 9 12 9 12s9-4.78 9-12Z\"><\/path>\n<\/svg>\t\t<span>Zu meiner Wunschliste hinzuf\u00fcgen<\/span>\n\t<\/a>\n<\/div>\n\n\t\t\t<!-- COUNT TEXT -->\n\t\t\t\n\t\t\t<\/div>\n\t\t\t<\/div>\n\t\t<\/div>\n\t\t\t\t\t\t\t\t\t\t<\/div>\n\t\t\t\t\t\t\t\t\t\t\t\t\t\t\t\t\t<div class=\"image-tools grid-tools text-center hide-for-small bottom hover-slide-in show-on-hover\">\n\t\t\t\t\t\t\t\t\t\t\t\t\t\t\t\t\t\t\t<\/div>\n\t\t\t\t\t\t\t\t\t\t\t\t\t\t\t\t\t\t\t\t\t\t\t<\/div>\n\n\t\t\t\t\t\t\t<div class=\"box-text text-center\" >\n\t\t\t\t\t\t\t\t<div class=\"title-wrapper\"><p class=\"name product-title woocommerce-loop-product__title\"><a href=\"https:\/\/www.companhiaatlantica.pt\/de\/produto\/portugiesisches-leben\/haushaltsartikel\/magnete\/azulejo-magnet-55mm\" class=\"woocommerce-LoopProduct-link woocommerce-loop-product__link\">AZULEJO Magnet<\/a><\/p><\/div><div class=\"price-wrapper\">\n\t<span class=\"price\"><span class=\"woocommerce-Price-amount amount\"><bdi>7.00<span class=\"woocommerce-Price-currencySymbol\">&euro;<\/span><\/bdi><\/span><\/span>\n<\/div><div class=\"add-to-cart-button\"><a href=\"https:\/\/www.companhiaatlantica.pt\/de\/produto\/portugiesisches-leben\/haushaltsartikel\/magnete\/azulejo-magnet-55mm\" aria-describedby=\"woocommerce_loop_add_to_cart_link_describedby_42066\" data-quantity=\"1\" class=\"primary is-small mb-0 button product_type_variable add_to_cart_button is-outline\" data-product_id=\"42066\" data-product_sku=\"\" aria-label=\"W\u00e4hle Optionen f\u00fcr \u201eAZULEJO Magnet\u201c\" rel=\"nofollow\" data-product_name=\"AZULEJO Magnet\" data-product_image=\"https:\/\/www.companhiaatlantica.pt\/wp-content\/uploads\/2020\/05\/130-565-150x150.jpg\">Ausf\u00fchrung w\u00e4hlen<\/a><\/div>\t<span id=\"woocommerce_loop_add_to_cart_link_describedby_42066\" class=\"screen-reader-text\">\n\t\tDieses Produkt weist mehrere Varianten auf. Die Optionen k\u00f6nnen auf der Produktseite gew\u00e4hlt werden\t<\/span>\n\t\t\t\t\t\t\t<\/div>\n\t\t\t\t\t\t<\/div>\n\t\t\t\t\t\t<\/div>\n\t\t\t\t\t<\/div><div class=\"col\" >\n\t\t\t\t\t\t<div class=\"col-inner\">\n\t\t\t\t\t\t\n<div class=\"badge-container absolute left top z-1\">\n\n<\/div>\n\t\t\t\t\t\t<div class=\"product-small box has-hover box-push box-text-bottom\">\n\t\t\t\t\t\t\t<div class=\"box-image\" >\n\t\t\t\t\t\t\t\t<div class=\"\" >\n\t\t\t\t\t\t\t\t\t<a href=\"https:\/\/www.companhiaatlantica.pt\/de\/produto\/portugiesisches-leben\/modeartikel\/pins-de\/azulejo-pins\" aria-label=\"AZULEJO-Pins (Anstecknadeln)\">\n\t\t\t\t\t\t\t\t\t\t<img loading=\"lazy\" decoding=\"async\" width=\"700\" height=\"700\" src=\"https:\/\/www.companhiaatlantica.pt\/wp-content\/uploads\/2022\/10\/190-040-700x700.jpg\" class=\"show-on-hover absolute fill hide-for-small back-image\" alt=\"Alternative view of AZULEJO-Pins (Anstecknadeln)\" aria-hidden=\"true\" srcset=\"https:\/\/www.companhiaatlantica.pt\/wp-content\/uploads\/2022\/10\/190-040-700x700.jpg 700w, https:\/\/www.companhiaatlantica.pt\/wp-content\/uploads\/2022\/10\/190-040-100x100.jpg 100w, https:\/\/www.companhiaatlantica.pt\/wp-content\/uploads\/2022\/10\/190-040-600x600.jpg 600w, https:\/\/www.companhiaatlantica.pt\/wp-content\/uploads\/2022\/10\/190-040-300x300.jpg 300w, https:\/\/www.companhiaatlantica.pt\/wp-content\/uploads\/2022\/10\/190-040-150x150.jpg 150w, https:\/\/www.companhiaatlantica.pt\/wp-content\/uploads\/2022\/10\/190-040.jpg 761w\" sizes=\"auto, (max-width: 700px) 100vw, 700px\" title=\"\"><img loading=\"lazy\" decoding=\"async\" width=\"700\" height=\"700\" src=\"https:\/\/www.companhiaatlantica.pt\/wp-content\/uploads\/2020\/05\/190-038_4-700x700.jpg\" class=\"attachment-woocommerce_thumbnail size-woocommerce_thumbnail\" alt=\"AZULEJO-Pins (Anstecknadeln)\" srcset=\"https:\/\/www.companhiaatlantica.pt\/wp-content\/uploads\/2020\/05\/190-038_4-700x700.jpg 700w, https:\/\/www.companhiaatlantica.pt\/wp-content\/uploads\/2020\/05\/190-038_4-100x100.jpg 100w, https:\/\/www.companhiaatlantica.pt\/wp-content\/uploads\/2020\/05\/190-038_4-600x600.jpg 600w, https:\/\/www.companhiaatlantica.pt\/wp-content\/uploads\/2020\/05\/190-038_4-150x150.jpg 150w, https:\/\/www.companhiaatlantica.pt\/wp-content\/uploads\/2020\/05\/190-038_4-300x300.jpg 300w, https:\/\/www.companhiaatlantica.pt\/wp-content\/uploads\/2020\/05\/190-038_4-768x768.jpg 768w, https:\/\/www.companhiaatlantica.pt\/wp-content\/uploads\/2020\/05\/190-038_4.jpg 879w\" sizes=\"auto, (max-width: 700px) 100vw, 700px\" title=\"\">\t\t\t\t\t\t\t\t\t<\/a>\n\t\t\t\t\t\t\t\t\t\t\t\t\t\t\t\t\t\t \t\t\t\t\t\t\t\t<\/div>\n\t\t\t\t\t\t\t\t<div class=\"image-tools top right show-on-hover\">\n\t\t\t\t\t\t\t\t\t\t\t<div class=\"wishlist-icon\">\n\t\t\t<button class=\"wishlist-button button is-outline circle icon\" aria-label=\"Wunschliste\">\n\t\t\t\t<i class=\"icon-heart\" aria-hidden=\"true\"><\/i>\t\t\t<\/button>\n\t\t\t<div class=\"wishlist-popup dark\">\n\t\t\t\t\n<div\n\tclass=\"yith-wcwl-add-to-wishlist add-to-wishlist-42095 yith-wcwl-add-to-wishlist--button_default-style wishlist-fragment on-first-load\"\n\tdata-fragment-ref=\"42095\"\n\tdata-fragment-options=\"{&quot;base_url&quot;:&quot;&quot;,&quot;product_id&quot;:42095,&quot;parent_product_id&quot;:0,&quot;product_type&quot;:&quot;variable&quot;,&quot;is_single&quot;:false,&quot;in_default_wishlist&quot;:false,&quot;show_view&quot;:false,&quot;browse_wishlist_text&quot;:&quot;Siehe Ihre Wunschliste!&quot;,&quot;already_in_wishslist_text&quot;:&quot;Dieses Produkt steht bereits auf Ihrem Wunschzettel!&quot;,&quot;product_added_text&quot;:&quot;Produto adicionado!&quot;,&quot;available_multi_wishlist&quot;:false,&quot;disable_wishlist&quot;:false,&quot;show_count&quot;:false,&quot;ajax_loading&quot;:false,&quot;loop_position&quot;:&quot;after_add_to_cart&quot;,&quot;item&quot;:&quot;add_to_wishlist&quot;}\"\n>\n\t\t\t\n\t\t\t<!-- ADD TO WISHLIST -->\n\t\t\t\n<div class=\"yith-wcwl-add-button\">\n\t\t<a\n\t\thref=\"?add_to_wishlist=42095&#038;_wpnonce=52d31225f0\"\n\t\tclass=\"add_to_wishlist single_add_to_wishlist alt button theme-button-style \"\n\t\tdata-product-id=\"42095\"\n\t\tdata-product-type=\"variable\"\n\t\tdata-original-product-id=\"0\"\n\t\tdata-title=\"Zu meiner Wunschliste hinzuf\u00fcgen\"\n\t\trel=\"nofollow\"\n\t>\n\t\t<svg id=\"yith-wcwl-icon-heart-outline\" class=\"yith-wcwl-icon-svg\" fill=\"none\" stroke-width=\"1.5\" stroke=\"currentColor\" viewBox=\"0 0 24 24\" xmlns=\"http:\/\/www.w3.org\/2000\/svg\">\n  <path stroke-linecap=\"round\" stroke-linejoin=\"round\" d=\"M21 8.25c0-2.485-2.099-4.5-4.688-4.5-1.935 0-3.597 1.126-4.312 2.733-.715-1.607-2.377-2.733-4.313-2.733C5.1 3.75 3 5.765 3 8.25c0 7.22 9 12 9 12s9-4.78 9-12Z\"><\/path>\n<\/svg>\t\t<span>Zu meiner Wunschliste hinzuf\u00fcgen<\/span>\n\t<\/a>\n<\/div>\n\n\t\t\t<!-- COUNT TEXT -->\n\t\t\t\n\t\t\t<\/div>\n\t\t\t<\/div>\n\t\t<\/div>\n\t\t\t\t\t\t\t\t\t\t<\/div>\n\t\t\t\t\t\t\t\t\t\t\t\t\t\t\t\t\t<div class=\"image-tools grid-tools text-center hide-for-small bottom hover-slide-in show-on-hover\">\n\t\t\t\t\t\t\t\t\t\t\t\t\t\t\t\t\t\t\t<\/div>\n\t\t\t\t\t\t\t\t\t\t\t\t\t\t\t\t\t\t\t\t\t\t\t<\/div>\n\n\t\t\t\t\t\t\t<div class=\"box-text text-center\" >\n\t\t\t\t\t\t\t\t<div class=\"title-wrapper\"><p class=\"name product-title woocommerce-loop-product__title\"><a href=\"https:\/\/www.companhiaatlantica.pt\/de\/produto\/portugiesisches-leben\/modeartikel\/pins-de\/azulejo-pins\" class=\"woocommerce-LoopProduct-link woocommerce-loop-product__link\">AZULEJO-Pins (Anstecknadeln)<\/a><\/p><\/div><div class=\"price-wrapper\">\n\t<span class=\"price\"><span class=\"woocommerce-Price-amount amount\"><bdi>4.50<span class=\"woocommerce-Price-currencySymbol\">&euro;<\/span><\/bdi><\/span><\/span>\n<\/div><div class=\"add-to-cart-button\"><a href=\"https:\/\/www.companhiaatlantica.pt\/de\/produto\/portugiesisches-leben\/modeartikel\/pins-de\/azulejo-pins\" aria-describedby=\"woocommerce_loop_add_to_cart_link_describedby_42095\" data-quantity=\"1\" class=\"primary is-small mb-0 button product_type_variable add_to_cart_button is-outline\" data-product_id=\"42095\" data-product_sku=\"\" aria-label=\"W\u00e4hle Optionen f\u00fcr \u201eAZULEJO-Pins (Anstecknadeln)\u201c\" rel=\"nofollow\" data-product_name=\"AZULEJO-Pins (Anstecknadeln)\" data-product_image=\"https:\/\/www.companhiaatlantica.pt\/wp-content\/uploads\/2020\/05\/190-038_4-150x150.jpg\">Ausf\u00fchrung w\u00e4hlen<\/a><\/div>\t<span id=\"woocommerce_loop_add_to_cart_link_describedby_42095\" class=\"screen-reader-text\">\n\t\tDieses Produkt weist mehrere Varianten auf. Die Optionen k\u00f6nnen auf der Produktseite gew\u00e4hlt werden\t<\/span>\n\t\t\t\t\t\t\t<\/div>\n\t\t\t\t\t\t<\/div>\n\t\t\t\t\t\t<\/div>\n\t\t\t\t\t<\/div><\/div>\n<div class=\"container section-title-container\" ><h3 class=\"section-title section-title-center\"><b aria-hidden=\"true\"><\/b><span class=\"section-title-main\" >GESCHENKE INSPIRIERT VON TRADITION &amp; KULTUR<\/span><b aria-hidden=\"true\"><\/b><\/h3><\/div>\n\t\n  \n    <div class=\"row large-columns-4 medium-columns-3 small-columns-2 row-xsmall row-full-width slider row-slider slider-nav-reveal\"  data-flickity-options='{&quot;imagesLoaded&quot;: true, &quot;groupCells&quot;: &quot;100%&quot;, &quot;dragThreshold&quot; : 5, &quot;cellAlign&quot;: &quot;left&quot;,&quot;wrapAround&quot;: true,&quot;prevNextButtons&quot;: true,&quot;percentPosition&quot;: true,&quot;pageDots&quot;: false, &quot;rightToLeft&quot;: false, &quot;autoPlay&quot; : 3000}' >\n\n  \n\t     <div class=\"col\" >\n\t\t\t\t\t\t<div class=\"col-inner\">\n\t\t\t\t\t\t\n<div class=\"badge-container absolute left top z-1\">\n\n<\/div>\n\t\t\t\t\t\t<div class=\"product-small box has-hover box-push box-text-bottom\">\n\t\t\t\t\t\t\t<div class=\"box-image\" >\n\t\t\t\t\t\t\t\t<div class=\"\" >\n\t\t\t\t\t\t\t\t\t<a href=\"https:\/\/www.companhiaatlantica.pt\/de\/produto\/textilien\/geschirrtucher-schurzen\/fliese-einzelne-2-teilige-fliese\" aria-label=\"Einzelne Baumwolle AZULEJO - Satz von 2\">\n\t\t\t\t\t\t\t\t\t\t<img loading=\"lazy\" decoding=\"async\" width=\"700\" height=\"700\" src=\"https:\/\/www.companhiaatlantica.pt\/wp-content\/uploads\/2022\/04\/170-203-1-700x700.jpg\" class=\"show-on-hover absolute fill hide-for-small back-image\" alt=\"Alternative view of Einzelne Baumwolle AZULEJO - Satz von 2\" aria-hidden=\"true\" srcset=\"https:\/\/www.companhiaatlantica.pt\/wp-content\/uploads\/2022\/04\/170-203-1-700x700.jpg 700w, https:\/\/www.companhiaatlantica.pt\/wp-content\/uploads\/2022\/04\/170-203-1-100x100.jpg 100w, https:\/\/www.companhiaatlantica.pt\/wp-content\/uploads\/2022\/04\/170-203-1-900x900.jpg 900w, https:\/\/www.companhiaatlantica.pt\/wp-content\/uploads\/2022\/04\/170-203-1-300x300.jpg 300w, https:\/\/www.companhiaatlantica.pt\/wp-content\/uploads\/2022\/04\/170-203-1-150x150.jpg 150w, https:\/\/www.companhiaatlantica.pt\/wp-content\/uploads\/2022\/04\/170-203-1-768x768.jpg 768w, https:\/\/www.companhiaatlantica.pt\/wp-content\/uploads\/2022\/04\/170-203-1-600x600.jpg 600w, https:\/\/www.companhiaatlantica.pt\/wp-content\/uploads\/2022\/04\/170-203-1.jpg 1000w\" sizes=\"auto, (max-width: 700px) 100vw, 700px\" title=\"\"><img loading=\"lazy\" decoding=\"async\" width=\"700\" height=\"700\" src=\"https:\/\/www.companhiaatlantica.pt\/wp-content\/uploads\/2022\/04\/170-204-700x700.jpg\" class=\"attachment-woocommerce_thumbnail size-woocommerce_thumbnail\" alt=\"Einzelne Baumwolle AZULEJO - Satz von 2\" srcset=\"https:\/\/www.companhiaatlantica.pt\/wp-content\/uploads\/2022\/04\/170-204-700x700.jpg 700w, https:\/\/www.companhiaatlantica.pt\/wp-content\/uploads\/2022\/04\/170-204-100x100.jpg 100w, https:\/\/www.companhiaatlantica.pt\/wp-content\/uploads\/2022\/04\/170-204-900x900.jpg 900w, https:\/\/www.companhiaatlantica.pt\/wp-content\/uploads\/2022\/04\/170-204-300x300.jpg 300w, https:\/\/www.companhiaatlantica.pt\/wp-content\/uploads\/2022\/04\/170-204-150x150.jpg 150w, https:\/\/www.companhiaatlantica.pt\/wp-content\/uploads\/2022\/04\/170-204-768x768.jpg 768w, https:\/\/www.companhiaatlantica.pt\/wp-content\/uploads\/2022\/04\/170-204-600x600.jpg 600w, https:\/\/www.companhiaatlantica.pt\/wp-content\/uploads\/2022\/04\/170-204.jpg 1000w\" sizes=\"auto, (max-width: 700px) 100vw, 700px\" title=\"\">\t\t\t\t\t\t\t\t\t<\/a>\n\t\t\t\t\t\t\t\t\t\t\t\t\t\t\t\t\t\t \t\t\t\t\t\t\t\t<\/div>\n\t\t\t\t\t\t\t\t<div class=\"image-tools top right show-on-hover\">\n\t\t\t\t\t\t\t\t\t\t\t<div class=\"wishlist-icon\">\n\t\t\t<button class=\"wishlist-button button is-outline circle icon\" aria-label=\"Wunschliste\">\n\t\t\t\t<i class=\"icon-heart\" aria-hidden=\"true\"><\/i>\t\t\t<\/button>\n\t\t\t<div class=\"wishlist-popup dark\">\n\t\t\t\t\n<div\n\tclass=\"yith-wcwl-add-to-wishlist add-to-wishlist-41190 yith-wcwl-add-to-wishlist--button_default-style wishlist-fragment on-first-load\"\n\tdata-fragment-ref=\"41190\"\n\tdata-fragment-options=\"{&quot;base_url&quot;:&quot;&quot;,&quot;product_id&quot;:41190,&quot;parent_product_id&quot;:0,&quot;product_type&quot;:&quot;variable&quot;,&quot;is_single&quot;:false,&quot;in_default_wishlist&quot;:false,&quot;show_view&quot;:false,&quot;browse_wishlist_text&quot;:&quot;Siehe Ihre Wunschliste!&quot;,&quot;already_in_wishslist_text&quot;:&quot;Dieses Produkt steht bereits auf Ihrem Wunschzettel!&quot;,&quot;product_added_text&quot;:&quot;Produto adicionado!&quot;,&quot;available_multi_wishlist&quot;:false,&quot;disable_wishlist&quot;:false,&quot;show_count&quot;:false,&quot;ajax_loading&quot;:false,&quot;loop_position&quot;:&quot;after_add_to_cart&quot;,&quot;item&quot;:&quot;add_to_wishlist&quot;}\"\n>\n\t\t\t\n\t\t\t<!-- ADD TO WISHLIST -->\n\t\t\t\n<div class=\"yith-wcwl-add-button\">\n\t\t<a\n\t\thref=\"?add_to_wishlist=41190&#038;_wpnonce=52d31225f0\"\n\t\tclass=\"add_to_wishlist single_add_to_wishlist alt button theme-button-style \"\n\t\tdata-product-id=\"41190\"\n\t\tdata-product-type=\"variable\"\n\t\tdata-original-product-id=\"0\"\n\t\tdata-title=\"Zu meiner Wunschliste hinzuf\u00fcgen\"\n\t\trel=\"nofollow\"\n\t>\n\t\t<svg id=\"yith-wcwl-icon-heart-outline\" class=\"yith-wcwl-icon-svg\" fill=\"none\" stroke-width=\"1.5\" stroke=\"currentColor\" viewBox=\"0 0 24 24\" xmlns=\"http:\/\/www.w3.org\/2000\/svg\">\n  <path stroke-linecap=\"round\" stroke-linejoin=\"round\" d=\"M21 8.25c0-2.485-2.099-4.5-4.688-4.5-1.935 0-3.597 1.126-4.312 2.733-.715-1.607-2.377-2.733-4.313-2.733C5.1 3.75 3 5.765 3 8.25c0 7.22 9 12 9 12s9-4.78 9-12Z\"><\/path>\n<\/svg>\t\t<span>Zu meiner Wunschliste hinzuf\u00fcgen<\/span>\n\t<\/a>\n<\/div>\n\n\t\t\t<!-- COUNT TEXT -->\n\t\t\t\n\t\t\t<\/div>\n\t\t\t<\/div>\n\t\t<\/div>\n\t\t\t\t\t\t\t\t\t\t<\/div>\n\t\t\t\t\t\t\t\t\t\t\t\t\t\t\t\t\t<div class=\"image-tools grid-tools text-center hide-for-small bottom hover-slide-in show-on-hover\">\n\t\t\t\t\t\t\t\t\t\t\t\t\t\t\t\t\t\t\t<\/div>\n\t\t\t\t\t\t\t\t\t\t\t\t\t\t\t\t\t\t\t\t\t\t\t<\/div>\n\n\t\t\t\t\t\t\t<div class=\"box-text text-center\" >\n\t\t\t\t\t\t\t\t<div class=\"title-wrapper\"><p class=\"name product-title woocommerce-loop-product__title\"><a href=\"https:\/\/www.companhiaatlantica.pt\/de\/produto\/textilien\/geschirrtucher-schurzen\/fliese-einzelne-2-teilige-fliese\" class=\"woocommerce-LoopProduct-link woocommerce-loop-product__link\">Einzelne Baumwolle AZULEJO &#8211; Satz von 2<\/a><\/p><\/div><div class=\"price-wrapper\">\n\t<span class=\"price\"><span class=\"woocommerce-Price-amount amount\"><bdi>20.50<span class=\"woocommerce-Price-currencySymbol\">&euro;<\/span><\/bdi><\/span><\/span>\n<\/div><div class=\"add-to-cart-button\"><a href=\"https:\/\/www.companhiaatlantica.pt\/de\/produto\/textilien\/geschirrtucher-schurzen\/fliese-einzelne-2-teilige-fliese\" aria-describedby=\"woocommerce_loop_add_to_cart_link_describedby_41190\" data-quantity=\"1\" class=\"primary is-small mb-0 button product_type_variable add_to_cart_button is-outline\" data-product_id=\"41190\" data-product_sku=\"\" aria-label=\"W\u00e4hle Optionen f\u00fcr \u201eEinzelne Baumwolle AZULEJO - Satz von 2\u201c\" rel=\"nofollow\" data-product_name=\"Einzelne Baumwolle AZULEJO - Satz von 2\" data-product_image=\"https:\/\/www.companhiaatlantica.pt\/wp-content\/uploads\/2022\/04\/170-204-150x150.jpg\">Ausf\u00fchrung w\u00e4hlen<\/a><\/div>\t<span id=\"woocommerce_loop_add_to_cart_link_describedby_41190\" class=\"screen-reader-text\">\n\t\tDieses Produkt weist mehrere Varianten auf. Die Optionen k\u00f6nnen auf der Produktseite gew\u00e4hlt werden\t<\/span>\n\t\t\t\t\t\t\t<\/div>\n\t\t\t\t\t\t<\/div>\n\t\t\t\t\t\t<\/div>\n\t\t\t\t\t<\/div><div class=\"col\" >\n\t\t\t\t\t\t<div class=\"col-inner\">\n\t\t\t\t\t\t\n<div class=\"badge-container absolute left top z-1\">\n\n<\/div>\n\t\t\t\t\t\t<div class=\"product-small box has-hover box-push box-text-bottom\">\n\t\t\t\t\t\t\t<div class=\"box-image\" >\n\t\t\t\t\t\t\t\t<div class=\"\" >\n\t\t\t\t\t\t\t\t\t<a href=\"https:\/\/www.companhiaatlantica.pt\/de\/produto\/korperbehandlungen\/handcremes\/versailles-rosa-handcreme\" aria-label=\"VERSAILLES Rosa Handcreme\">\n\t\t\t\t\t\t\t\t\t\t<img loading=\"lazy\" decoding=\"async\" width=\"700\" height=\"700\" src=\"https:\/\/www.companhiaatlantica.pt\/wp-content\/uploads\/2020\/06\/100-169-700x700.jpg\" class=\"show-on-hover absolute fill hide-for-small back-image\" alt=\"Alternative view of VERSAILLES Rosa Handcreme\" aria-hidden=\"true\" srcset=\"https:\/\/www.companhiaatlantica.pt\/wp-content\/uploads\/2020\/06\/100-169-700x700.jpg 700w, https:\/\/www.companhiaatlantica.pt\/wp-content\/uploads\/2020\/06\/100-169-100x100.jpg 100w, https:\/\/www.companhiaatlantica.pt\/wp-content\/uploads\/2020\/06\/100-169-900x900.jpg 900w, https:\/\/www.companhiaatlantica.pt\/wp-content\/uploads\/2020\/06\/100-169-300x300.jpg 300w, https:\/\/www.companhiaatlantica.pt\/wp-content\/uploads\/2020\/06\/100-169-150x150.jpg 150w, https:\/\/www.companhiaatlantica.pt\/wp-content\/uploads\/2020\/06\/100-169-768x768.jpg 768w, https:\/\/www.companhiaatlantica.pt\/wp-content\/uploads\/2020\/06\/100-169-600x600.jpg 600w, https:\/\/www.companhiaatlantica.pt\/wp-content\/uploads\/2020\/06\/100-169.jpg 1000w\" sizes=\"auto, (max-width: 700px) 100vw, 700px\" title=\"\"><img loading=\"lazy\" decoding=\"async\" width=\"700\" height=\"700\" src=\"https:\/\/www.companhiaatlantica.pt\/wp-content\/uploads\/2020\/06\/100-169-1-700x700.jpg\" class=\"attachment-woocommerce_thumbnail size-woocommerce_thumbnail\" alt=\"VERSAILLES Rosa Handcreme\" srcset=\"https:\/\/www.companhiaatlantica.pt\/wp-content\/uploads\/2020\/06\/100-169-1-700x700.jpg 700w, https:\/\/www.companhiaatlantica.pt\/wp-content\/uploads\/2020\/06\/100-169-1-100x100.jpg 100w, https:\/\/www.companhiaatlantica.pt\/wp-content\/uploads\/2020\/06\/100-169-1-900x900.jpg 900w, https:\/\/www.companhiaatlantica.pt\/wp-content\/uploads\/2020\/06\/100-169-1-400x400.jpg 400w, https:\/\/www.companhiaatlantica.pt\/wp-content\/uploads\/2020\/06\/100-169-1-350x350.jpg 350w, https:\/\/www.companhiaatlantica.pt\/wp-content\/uploads\/2020\/06\/100-169-1-768x768.jpg 768w, https:\/\/www.companhiaatlantica.pt\/wp-content\/uploads\/2020\/06\/100-169-1.jpg 1000w\" sizes=\"auto, (max-width: 700px) 100vw, 700px\" title=\"\">\t\t\t\t\t\t\t\t\t<\/a>\n\t\t\t\t\t\t\t\t\t\t\t\t\t\t\t\t\t\t \t\t\t\t\t\t\t\t<\/div>\n\t\t\t\t\t\t\t\t<div class=\"image-tools top right show-on-hover\">\n\t\t\t\t\t\t\t\t\t\t\t<div class=\"wishlist-icon\">\n\t\t\t<button class=\"wishlist-button button is-outline circle icon\" aria-label=\"Wunschliste\">\n\t\t\t\t<i class=\"icon-heart\" aria-hidden=\"true\"><\/i>\t\t\t<\/button>\n\t\t\t<div class=\"wishlist-popup dark\">\n\t\t\t\t\n<div\n\tclass=\"yith-wcwl-add-to-wishlist add-to-wishlist-41954 yith-wcwl-add-to-wishlist--button_default-style wishlist-fragment on-first-load\"\n\tdata-fragment-ref=\"41954\"\n\tdata-fragment-options=\"{&quot;base_url&quot;:&quot;&quot;,&quot;product_id&quot;:41954,&quot;parent_product_id&quot;:0,&quot;product_type&quot;:&quot;simple&quot;,&quot;is_single&quot;:false,&quot;in_default_wishlist&quot;:false,&quot;show_view&quot;:false,&quot;browse_wishlist_text&quot;:&quot;Siehe Ihre Wunschliste!&quot;,&quot;already_in_wishslist_text&quot;:&quot;Dieses Produkt steht bereits auf Ihrem Wunschzettel!&quot;,&quot;product_added_text&quot;:&quot;Produto adicionado!&quot;,&quot;available_multi_wishlist&quot;:false,&quot;disable_wishlist&quot;:false,&quot;show_count&quot;:false,&quot;ajax_loading&quot;:false,&quot;loop_position&quot;:&quot;after_add_to_cart&quot;,&quot;item&quot;:&quot;add_to_wishlist&quot;}\"\n>\n\t\t\t\n\t\t\t<!-- ADD TO WISHLIST -->\n\t\t\t\n<div class=\"yith-wcwl-add-button\">\n\t\t<a\n\t\thref=\"?add_to_wishlist=41954&#038;_wpnonce=52d31225f0\"\n\t\tclass=\"add_to_wishlist single_add_to_wishlist alt button theme-button-style \"\n\t\tdata-product-id=\"41954\"\n\t\tdata-product-type=\"simple\"\n\t\tdata-original-product-id=\"0\"\n\t\tdata-title=\"Zu meiner Wunschliste hinzuf\u00fcgen\"\n\t\trel=\"nofollow\"\n\t>\n\t\t<svg id=\"yith-wcwl-icon-heart-outline\" class=\"yith-wcwl-icon-svg\" fill=\"none\" stroke-width=\"1.5\" stroke=\"currentColor\" viewBox=\"0 0 24 24\" xmlns=\"http:\/\/www.w3.org\/2000\/svg\">\n  <path stroke-linecap=\"round\" stroke-linejoin=\"round\" d=\"M21 8.25c0-2.485-2.099-4.5-4.688-4.5-1.935 0-3.597 1.126-4.312 2.733-.715-1.607-2.377-2.733-4.313-2.733C5.1 3.75 3 5.765 3 8.25c0 7.22 9 12 9 12s9-4.78 9-12Z\"><\/path>\n<\/svg>\t\t<span>Zu meiner Wunschliste hinzuf\u00fcgen<\/span>\n\t<\/a>\n<\/div>\n\n\t\t\t<!-- COUNT TEXT -->\n\t\t\t\n\t\t\t<\/div>\n\t\t\t<\/div>\n\t\t<\/div>\n\t\t\t\t\t\t\t\t\t\t<\/div>\n\t\t\t\t\t\t\t\t\t\t\t\t\t\t\t\t\t<div class=\"image-tools grid-tools text-center hide-for-small bottom hover-slide-in show-on-hover\">\n\t\t\t\t\t\t\t\t\t\t\t\t\t\t\t\t\t\t\t<\/div>\n\t\t\t\t\t\t\t\t\t\t\t\t\t\t\t\t\t\t\t\t\t\t\t<\/div>\n\n\t\t\t\t\t\t\t<div class=\"box-text text-center\" >\n\t\t\t\t\t\t\t\t<div class=\"title-wrapper\"><p class=\"name product-title woocommerce-loop-product__title\"><a href=\"https:\/\/www.companhiaatlantica.pt\/de\/produto\/korperbehandlungen\/handcremes\/versailles-rosa-handcreme\" class=\"woocommerce-LoopProduct-link woocommerce-loop-product__link\">VERSAILLES Rosa Handcreme<\/a><\/p><\/div><div class=\"price-wrapper\">\n\t<span class=\"price\"><span class=\"woocommerce-Price-amount amount\"><bdi>9.00<span class=\"woocommerce-Price-currencySymbol\">&euro;<\/span><\/bdi><\/span><\/span>\n<\/div><div class=\"add-to-cart-button\"><a href=\"\/de\/wp-json\/wp\/v2\/pages\/66644?add-to-cart=41954\" aria-describedby=\"woocommerce_loop_add_to_cart_link_describedby_41954\" data-quantity=\"1\" class=\"primary is-small mb-0 button product_type_simple add_to_cart_button ajax_add_to_cart is-outline\" data-product_id=\"41954\" data-product_sku=\"100-169\" aria-label=\"In den Warenkorb legen: \u201eVERSAILLES Rosa Handcreme\u201c\" rel=\"nofollow\" data-success_message=\"\u201eVERSAILLES Rosa Handcreme\u201c wurde deinem Warenkorb hinzugef\u00fcgt\" data-product_name=\"VERSAILLES Rosa Handcreme\" data-product_image=\"https:\/\/www.companhiaatlantica.pt\/wp-content\/uploads\/2020\/06\/100-169-1-350x350.jpg\" role=\"button\">In den Warenkorb<\/a><\/div>\t<span id=\"woocommerce_loop_add_to_cart_link_describedby_41954\" class=\"screen-reader-text\">\n\t\t\t<\/span>\n\t\t\t\t\t\t\t<\/div>\n\t\t\t\t\t\t<\/div>\n\t\t\t\t\t\t<\/div>\n\t\t\t\t\t<\/div><div class=\"col\" >\n\t\t\t\t\t\t<div class=\"col-inner\">\n\t\t\t\t\t\t\n<div class=\"badge-container absolute left top z-1\">\n\n<\/div>\n\t\t\t\t\t\t<div class=\"product-small box has-hover box-push box-text-bottom\">\n\t\t\t\t\t\t\t<div class=\"box-image\" >\n\t\t\t\t\t\t\t\t<div class=\"\" >\n\t\t\t\t\t\t\t\t\t<a href=\"https:\/\/www.companhiaatlantica.pt\/de\/produto\/portugiesisches-leben\/haushaltsartikel\/weinkorken\/korkfliese\" aria-label=\"BLAUER Korkstopfen\">\n\t\t\t\t\t\t\t\t\t\t<img loading=\"lazy\" decoding=\"async\" width=\"600\" height=\"600\" src=\"https:\/\/www.companhiaatlantica.pt\/wp-content\/uploads\/2022\/08\/IMG_2511.jpg\" class=\"show-on-hover absolute fill hide-for-small back-image\" alt=\"Alternative view of BLAUER Korkstopfen\" aria-hidden=\"true\" srcset=\"https:\/\/www.companhiaatlantica.pt\/wp-content\/uploads\/2022\/08\/IMG_2511.jpg 600w, https:\/\/www.companhiaatlantica.pt\/wp-content\/uploads\/2022\/08\/IMG_2511-100x100.jpg 100w\" sizes=\"auto, (max-width: 600px) 100vw, 600px\" title=\"\"><img loading=\"lazy\" decoding=\"async\" width=\"600\" height=\"600\" src=\"https:\/\/www.companhiaatlantica.pt\/wp-content\/uploads\/2019\/08\/130-541_2.jpg\" class=\"attachment-woocommerce_thumbnail size-woocommerce_thumbnail\" alt=\"BLAUER Korkstopfen\" srcset=\"https:\/\/www.companhiaatlantica.pt\/wp-content\/uploads\/2019\/08\/130-541_2.jpg 600w, https:\/\/www.companhiaatlantica.pt\/wp-content\/uploads\/2019\/08\/130-541_2-100x100.jpg 100w\" sizes=\"auto, (max-width: 600px) 100vw, 600px\" title=\"\">\t\t\t\t\t\t\t\t\t<\/a>\n\t\t\t\t\t\t\t\t\t\t\t\t\t\t\t\t\t\t \t\t\t\t\t\t\t\t<\/div>\n\t\t\t\t\t\t\t\t<div class=\"image-tools top right show-on-hover\">\n\t\t\t\t\t\t\t\t\t\t\t<div class=\"wishlist-icon\">\n\t\t\t<button class=\"wishlist-button button is-outline circle icon\" aria-label=\"Wunschliste\">\n\t\t\t\t<i class=\"icon-heart\" aria-hidden=\"true\"><\/i>\t\t\t<\/button>\n\t\t\t<div class=\"wishlist-popup dark\">\n\t\t\t\t\n<div\n\tclass=\"yith-wcwl-add-to-wishlist add-to-wishlist-42161 yith-wcwl-add-to-wishlist--button_default-style wishlist-fragment on-first-load\"\n\tdata-fragment-ref=\"42161\"\n\tdata-fragment-options=\"{&quot;base_url&quot;:&quot;&quot;,&quot;product_id&quot;:42161,&quot;parent_product_id&quot;:0,&quot;product_type&quot;:&quot;variable&quot;,&quot;is_single&quot;:false,&quot;in_default_wishlist&quot;:false,&quot;show_view&quot;:false,&quot;browse_wishlist_text&quot;:&quot;Siehe Ihre Wunschliste!&quot;,&quot;already_in_wishslist_text&quot;:&quot;Dieses Produkt steht bereits auf Ihrem Wunschzettel!&quot;,&quot;product_added_text&quot;:&quot;Produto adicionado!&quot;,&quot;available_multi_wishlist&quot;:false,&quot;disable_wishlist&quot;:false,&quot;show_count&quot;:false,&quot;ajax_loading&quot;:false,&quot;loop_position&quot;:&quot;after_add_to_cart&quot;,&quot;item&quot;:&quot;add_to_wishlist&quot;}\"\n>\n\t\t\t\n\t\t\t<!-- ADD TO WISHLIST -->\n\t\t\t\n<div class=\"yith-wcwl-add-button\">\n\t\t<a\n\t\thref=\"?add_to_wishlist=42161&#038;_wpnonce=52d31225f0\"\n\t\tclass=\"add_to_wishlist single_add_to_wishlist alt button theme-button-style \"\n\t\tdata-product-id=\"42161\"\n\t\tdata-product-type=\"variable\"\n\t\tdata-original-product-id=\"0\"\n\t\tdata-title=\"Zu meiner Wunschliste hinzuf\u00fcgen\"\n\t\trel=\"nofollow\"\n\t>\n\t\t<svg id=\"yith-wcwl-icon-heart-outline\" class=\"yith-wcwl-icon-svg\" fill=\"none\" stroke-width=\"1.5\" stroke=\"currentColor\" viewBox=\"0 0 24 24\" xmlns=\"http:\/\/www.w3.org\/2000\/svg\">\n  <path stroke-linecap=\"round\" stroke-linejoin=\"round\" d=\"M21 8.25c0-2.485-2.099-4.5-4.688-4.5-1.935 0-3.597 1.126-4.312 2.733-.715-1.607-2.377-2.733-4.313-2.733C5.1 3.75 3 5.765 3 8.25c0 7.22 9 12 9 12s9-4.78 9-12Z\"><\/path>\n<\/svg>\t\t<span>Zu meiner Wunschliste hinzuf\u00fcgen<\/span>\n\t<\/a>\n<\/div>\n\n\t\t\t<!-- COUNT TEXT -->\n\t\t\t\n\t\t\t<\/div>\n\t\t\t<\/div>\n\t\t<\/div>\n\t\t\t\t\t\t\t\t\t\t<\/div>\n\t\t\t\t\t\t\t\t\t\t\t\t\t\t\t\t\t<div class=\"image-tools grid-tools text-center hide-for-small bottom hover-slide-in show-on-hover\">\n\t\t\t\t\t\t\t\t\t\t\t\t\t\t\t\t\t\t\t<\/div>\n\t\t\t\t\t\t\t\t\t\t\t\t\t\t\t\t\t\t\t\t\t\t\t<\/div>\n\n\t\t\t\t\t\t\t<div class=\"box-text text-center\" >\n\t\t\t\t\t\t\t\t<div class=\"title-wrapper\"><p class=\"name product-title woocommerce-loop-product__title\"><a href=\"https:\/\/www.companhiaatlantica.pt\/de\/produto\/portugiesisches-leben\/haushaltsartikel\/weinkorken\/korkfliese\" class=\"woocommerce-LoopProduct-link woocommerce-loop-product__link\">BLAUER Korkstopfen<\/a><\/p><\/div><div class=\"price-wrapper\">\n\t<span class=\"price\"><span class=\"woocommerce-Price-amount amount\"><bdi>12.90<span class=\"woocommerce-Price-currencySymbol\">&euro;<\/span><\/bdi><\/span><\/span>\n<\/div><div class=\"add-to-cart-button\"><a href=\"https:\/\/www.companhiaatlantica.pt\/de\/produto\/portugiesisches-leben\/haushaltsartikel\/weinkorken\/korkfliese\" aria-describedby=\"woocommerce_loop_add_to_cart_link_describedby_42161\" data-quantity=\"1\" class=\"primary is-small mb-0 button product_type_variable add_to_cart_button is-outline\" data-product_id=\"42161\" data-product_sku=\"\" aria-label=\"W\u00e4hle Optionen f\u00fcr \u201eBLAUER Korkstopfen\u201c\" rel=\"nofollow\" data-product_name=\"BLAUER Korkstopfen\" data-product_image=\"https:\/\/www.companhiaatlantica.pt\/wp-content\/uploads\/2019\/08\/130-541_2.jpg\">Ausf\u00fchrung w\u00e4hlen<\/a><\/div>\t<span id=\"woocommerce_loop_add_to_cart_link_describedby_42161\" class=\"screen-reader-text\">\n\t\tDieses Produkt weist mehrere Varianten auf. Die Optionen k\u00f6nnen auf der Produktseite gew\u00e4hlt werden\t<\/span>\n\t\t\t\t\t\t\t<\/div>\n\t\t\t\t\t\t<\/div>\n\t\t\t\t\t\t<\/div>\n\t\t\t\t\t<\/div><div class=\"col\" >\n\t\t\t\t\t\t<div class=\"col-inner\">\n\t\t\t\t\t\t\n<div class=\"badge-container absolute left top z-1\">\n\n<\/div>\n\t\t\t\t\t\t<div class=\"product-small box has-hover box-push box-text-bottom\">\n\t\t\t\t\t\t\t<div class=\"box-image\" >\n\t\t\t\t\t\t\t\t<div class=\"\" >\n\t\t\t\t\t\t\t\t\t<a href=\"https:\/\/www.companhiaatlantica.pt\/de\/produto\/portugiesisches-leben\/haushaltsartikel\/schmuckkastchen\/schmuckkastchen-fliese\" aria-label=\"Keramik-Schmuckk\u00e4stchen AZULEJO\">\n\t\t\t\t\t\t\t\t\t\t<img loading=\"lazy\" decoding=\"async\" width=\"700\" height=\"700\" src=\"https:\/\/www.companhiaatlantica.pt\/wp-content\/uploads\/2020\/06\/IMG_8896-700x700.jpg\" class=\"show-on-hover absolute fill hide-for-small back-image\" alt=\"Alternative view of Keramik-Schmuckk\u00e4stchen AZULEJO\" aria-hidden=\"true\" srcset=\"https:\/\/www.companhiaatlantica.pt\/wp-content\/uploads\/2020\/06\/IMG_8896-700x700.jpg 700w, https:\/\/www.companhiaatlantica.pt\/wp-content\/uploads\/2020\/06\/IMG_8896-100x100.jpg 100w, https:\/\/www.companhiaatlantica.pt\/wp-content\/uploads\/2020\/06\/IMG_8896-350x350.jpg 350w\" sizes=\"auto, (max-width: 700px) 100vw, 700px\" title=\"\"><img loading=\"lazy\" decoding=\"async\" width=\"600\" height=\"600\" src=\"https:\/\/www.companhiaatlantica.pt\/wp-content\/uploads\/2020\/06\/DSC1408.jpg\" class=\"attachment-woocommerce_thumbnail size-woocommerce_thumbnail\" alt=\"Keramik-Schmuckk\u00e4stchen AZULEJO\" srcset=\"https:\/\/www.companhiaatlantica.pt\/wp-content\/uploads\/2020\/06\/DSC1408.jpg 600w, https:\/\/www.companhiaatlantica.pt\/wp-content\/uploads\/2020\/06\/DSC1408-100x100.jpg 100w\" sizes=\"auto, (max-width: 600px) 100vw, 600px\" title=\"\">\t\t\t\t\t\t\t\t\t<\/a>\n\t\t\t\t\t\t\t\t\t\t\t\t\t\t\t\t\t\t \t\t\t\t\t\t\t\t<\/div>\n\t\t\t\t\t\t\t\t<div class=\"image-tools top right show-on-hover\">\n\t\t\t\t\t\t\t\t\t\t\t<div class=\"wishlist-icon\">\n\t\t\t<button class=\"wishlist-button button is-outline circle icon\" aria-label=\"Wunschliste\">\n\t\t\t\t<i class=\"icon-heart\" aria-hidden=\"true\"><\/i>\t\t\t<\/button>\n\t\t\t<div class=\"wishlist-popup dark\">\n\t\t\t\t\n<div\n\tclass=\"yith-wcwl-add-to-wishlist add-to-wishlist-42032 yith-wcwl-add-to-wishlist--button_default-style wishlist-fragment on-first-load\"\n\tdata-fragment-ref=\"42032\"\n\tdata-fragment-options=\"{&quot;base_url&quot;:&quot;&quot;,&quot;product_id&quot;:42032,&quot;parent_product_id&quot;:0,&quot;product_type&quot;:&quot;variable&quot;,&quot;is_single&quot;:false,&quot;in_default_wishlist&quot;:false,&quot;show_view&quot;:false,&quot;browse_wishlist_text&quot;:&quot;Siehe Ihre Wunschliste!&quot;,&quot;already_in_wishslist_text&quot;:&quot;Dieses Produkt steht bereits auf Ihrem Wunschzettel!&quot;,&quot;product_added_text&quot;:&quot;Produto adicionado!&quot;,&quot;available_multi_wishlist&quot;:false,&quot;disable_wishlist&quot;:false,&quot;show_count&quot;:false,&quot;ajax_loading&quot;:false,&quot;loop_position&quot;:&quot;after_add_to_cart&quot;,&quot;item&quot;:&quot;add_to_wishlist&quot;}\"\n>\n\t\t\t\n\t\t\t<!-- ADD TO WISHLIST -->\n\t\t\t\n<div class=\"yith-wcwl-add-button\">\n\t\t<a\n\t\thref=\"?add_to_wishlist=42032&#038;_wpnonce=52d31225f0\"\n\t\tclass=\"add_to_wishlist single_add_to_wishlist alt button theme-button-style \"\n\t\tdata-product-id=\"42032\"\n\t\tdata-product-type=\"variable\"\n\t\tdata-original-product-id=\"0\"\n\t\tdata-title=\"Zu meiner Wunschliste hinzuf\u00fcgen\"\n\t\trel=\"nofollow\"\n\t>\n\t\t<svg id=\"yith-wcwl-icon-heart-outline\" class=\"yith-wcwl-icon-svg\" fill=\"none\" stroke-width=\"1.5\" stroke=\"currentColor\" viewBox=\"0 0 24 24\" xmlns=\"http:\/\/www.w3.org\/2000\/svg\">\n  <path stroke-linecap=\"round\" stroke-linejoin=\"round\" d=\"M21 8.25c0-2.485-2.099-4.5-4.688-4.5-1.935 0-3.597 1.126-4.312 2.733-.715-1.607-2.377-2.733-4.313-2.733C5.1 3.75 3 5.765 3 8.25c0 7.22 9 12 9 12s9-4.78 9-12Z\"><\/path>\n<\/svg>\t\t<span>Zu meiner Wunschliste hinzuf\u00fcgen<\/span>\n\t<\/a>\n<\/div>\n\n\t\t\t<!-- COUNT TEXT -->\n\t\t\t\n\t\t\t<\/div>\n\t\t\t<\/div>\n\t\t<\/div>\n\t\t\t\t\t\t\t\t\t\t<\/div>\n\t\t\t\t\t\t\t\t\t\t\t\t\t\t\t\t\t<div class=\"image-tools grid-tools text-center hide-for-small bottom hover-slide-in show-on-hover\">\n\t\t\t\t\t\t\t\t\t\t\t\t\t\t\t\t\t\t\t<\/div>\n\t\t\t\t\t\t\t\t\t\t\t\t\t\t\t\t\t\t\t\t\t\t\t<\/div>\n\n\t\t\t\t\t\t\t<div class=\"box-text text-center\" >\n\t\t\t\t\t\t\t\t<div class=\"title-wrapper\"><p class=\"name product-title woocommerce-loop-product__title\"><a href=\"https:\/\/www.companhiaatlantica.pt\/de\/produto\/portugiesisches-leben\/haushaltsartikel\/schmuckkastchen\/schmuckkastchen-fliese\" class=\"woocommerce-LoopProduct-link woocommerce-loop-product__link\">Keramik-Schmuckk\u00e4stchen AZULEJO<\/a><\/p><\/div><div class=\"price-wrapper\">\n\t<span class=\"price\"><span class=\"woocommerce-Price-amount amount\"><bdi>18.90<span class=\"woocommerce-Price-currencySymbol\">&euro;<\/span><\/bdi><\/span><\/span>\n<\/div>\t<span id=\"woocommerce_loop_add_to_cart_link_describedby_42032\" class=\"screen-reader-text\">\n\t\tDieses Produkt weist mehrere Varianten auf. Die Optionen k\u00f6nnen auf der Produktseite gew\u00e4hlt werden\t<\/span>\n\t\t\t\t\t\t\t<\/div>\n\t\t\t\t\t\t<\/div>\n\t\t\t\t\t\t<\/div>\n\t\t\t\t\t<\/div><div class=\"col\" >\n\t\t\t\t\t\t<div class=\"col-inner\">\n\t\t\t\t\t\t\n<div class=\"badge-container absolute left top z-1\">\n\n<div class=\"badge callout badge-circle\"><div class=\"badge-inner callout-new-bg is-small new-bubble\">NEW<\/div><\/div><\/div>\n\t\t\t\t\t\t<div class=\"product-small box has-hover box-push box-text-bottom\">\n\t\t\t\t\t\t\t<div class=\"box-image\" >\n\t\t\t\t\t\t\t\t<div class=\"\" >\n\t\t\t\t\t\t\t\t\t<a href=\"https:\/\/www.companhiaatlantica.pt\/de\/produto\/dekoration\/dekorationsartikel\/dekorative-kugel-azulejo\" aria-label=\"Dekorative Kugel \u00d88 AZULEJO-Kollektion\">\n\t\t\t\t\t\t\t\t\t\t<img loading=\"lazy\" decoding=\"async\" width=\"700\" height=\"700\" src=\"https:\/\/www.companhiaatlantica.pt\/wp-content\/uploads\/2024\/10\/decorative-ball-yellow-700x700.jpg\" class=\"show-on-hover absolute fill hide-for-small back-image\" alt=\"Gelbe dekorative Keramikkugel, AZULEJO-Kollektion.\" aria-hidden=\"true\" srcset=\"https:\/\/www.companhiaatlantica.pt\/wp-content\/uploads\/2024\/10\/decorative-ball-yellow-700x700.jpg 700w, https:\/\/www.companhiaatlantica.pt\/wp-content\/uploads\/2024\/10\/decorative-ball-yellow-100x100.jpg 100w, https:\/\/www.companhiaatlantica.pt\/wp-content\/uploads\/2024\/10\/decorative-ball-yellow-900x900.jpg 900w, https:\/\/www.companhiaatlantica.pt\/wp-content\/uploads\/2024\/10\/decorative-ball-yellow-400x400.jpg 400w, https:\/\/www.companhiaatlantica.pt\/wp-content\/uploads\/2024\/10\/decorative-ball-yellow-350x350.jpg 350w, https:\/\/www.companhiaatlantica.pt\/wp-content\/uploads\/2024\/10\/decorative-ball-yellow-768x768.jpg 768w, https:\/\/www.companhiaatlantica.pt\/wp-content\/uploads\/2024\/10\/decorative-ball-yellow.jpg 1000w\" sizes=\"auto, (max-width: 700px) 100vw, 700px\" title=\"\"><img loading=\"lazy\" decoding=\"async\" width=\"700\" height=\"700\" src=\"https:\/\/www.companhiaatlantica.pt\/wp-content\/uploads\/2024\/10\/decorative-ball-green-700x700.jpg\" class=\"attachment-woocommerce_thumbnail size-woocommerce_thumbnail\" alt=\"Gr\u00fcn dekorative Keramikkugel, AZULEJO-Kollektion.\" srcset=\"https:\/\/www.companhiaatlantica.pt\/wp-content\/uploads\/2024\/10\/decorative-ball-green-700x700.jpg 700w, https:\/\/www.companhiaatlantica.pt\/wp-content\/uploads\/2024\/10\/decorative-ball-green-100x100.jpg 100w, https:\/\/www.companhiaatlantica.pt\/wp-content\/uploads\/2024\/10\/decorative-ball-green-900x900.jpg 900w, https:\/\/www.companhiaatlantica.pt\/wp-content\/uploads\/2024\/10\/decorative-ball-green-400x400.jpg 400w, https:\/\/www.companhiaatlantica.pt\/wp-content\/uploads\/2024\/10\/decorative-ball-green-350x350.jpg 350w, https:\/\/www.companhiaatlantica.pt\/wp-content\/uploads\/2024\/10\/decorative-ball-green-768x768.jpg 768w, https:\/\/www.companhiaatlantica.pt\/wp-content\/uploads\/2024\/10\/decorative-ball-green.jpg 1000w\" sizes=\"auto, (max-width: 700px) 100vw, 700px\" title=\"\">\t\t\t\t\t\t\t\t\t<\/a>\n\t\t\t\t\t\t\t\t\t\t\t\t\t\t\t\t\t\t \t\t\t\t\t\t\t\t<\/div>\n\t\t\t\t\t\t\t\t<div class=\"image-tools top right show-on-hover\">\n\t\t\t\t\t\t\t\t\t\t\t<div class=\"wishlist-icon\">\n\t\t\t<button class=\"wishlist-button button is-outline circle icon\" aria-label=\"Wunschliste\">\n\t\t\t\t<i class=\"icon-heart\" aria-hidden=\"true\"><\/i>\t\t\t<\/button>\n\t\t\t<div class=\"wishlist-popup dark\">\n\t\t\t\t\n<div\n\tclass=\"yith-wcwl-add-to-wishlist add-to-wishlist-65802 yith-wcwl-add-to-wishlist--button_default-style wishlist-fragment on-first-load\"\n\tdata-fragment-ref=\"65802\"\n\tdata-fragment-options=\"{&quot;base_url&quot;:&quot;&quot;,&quot;product_id&quot;:65802,&quot;parent_product_id&quot;:0,&quot;product_type&quot;:&quot;variable&quot;,&quot;is_single&quot;:false,&quot;in_default_wishlist&quot;:false,&quot;show_view&quot;:false,&quot;browse_wishlist_text&quot;:&quot;Siehe Ihre Wunschliste!&quot;,&quot;already_in_wishslist_text&quot;:&quot;Dieses Produkt steht bereits auf Ihrem Wunschzettel!&quot;,&quot;product_added_text&quot;:&quot;Produto adicionado!&quot;,&quot;available_multi_wishlist&quot;:false,&quot;disable_wishlist&quot;:false,&quot;show_count&quot;:false,&quot;ajax_loading&quot;:false,&quot;loop_position&quot;:&quot;after_add_to_cart&quot;,&quot;item&quot;:&quot;add_to_wishlist&quot;}\"\n>\n\t\t\t\n\t\t\t<!-- ADD TO WISHLIST -->\n\t\t\t\n<div class=\"yith-wcwl-add-button\">\n\t\t<a\n\t\thref=\"?add_to_wishlist=65802&#038;_wpnonce=52d31225f0\"\n\t\tclass=\"add_to_wishlist single_add_to_wishlist alt button theme-button-style \"\n\t\tdata-product-id=\"65802\"\n\t\tdata-product-type=\"variable\"\n\t\tdata-original-product-id=\"0\"\n\t\tdata-title=\"Zu meiner Wunschliste hinzuf\u00fcgen\"\n\t\trel=\"nofollow\"\n\t>\n\t\t<svg id=\"yith-wcwl-icon-heart-outline\" class=\"yith-wcwl-icon-svg\" fill=\"none\" stroke-width=\"1.5\" stroke=\"currentColor\" viewBox=\"0 0 24 24\" xmlns=\"http:\/\/www.w3.org\/2000\/svg\">\n  <path stroke-linecap=\"round\" stroke-linejoin=\"round\" d=\"M21 8.25c0-2.485-2.099-4.5-4.688-4.5-1.935 0-3.597 1.126-4.312 2.733-.715-1.607-2.377-2.733-4.313-2.733C5.1 3.75 3 5.765 3 8.25c0 7.22 9 12 9 12s9-4.78 9-12Z\"><\/path>\n<\/svg>\t\t<span>Zu meiner Wunschliste hinzuf\u00fcgen<\/span>\n\t<\/a>\n<\/div>\n\n\t\t\t<!-- COUNT TEXT -->\n\t\t\t\n\t\t\t<\/div>\n\t\t\t<\/div>\n\t\t<\/div>\n\t\t\t\t\t\t\t\t\t\t<\/div>\n\t\t\t\t\t\t\t\t\t\t\t\t\t\t\t\t\t<div class=\"image-tools grid-tools text-center hide-for-small bottom hover-slide-in show-on-hover\">\n\t\t\t\t\t\t\t\t\t\t\t\t\t\t\t\t\t\t\t<\/div>\n\t\t\t\t\t\t\t\t\t\t\t\t\t\t\t\t\t\t\t\t\t\t\t<\/div>\n\n\t\t\t\t\t\t\t<div class=\"box-text text-center\" >\n\t\t\t\t\t\t\t\t<div class=\"title-wrapper\"><p class=\"name product-title woocommerce-loop-product__title\"><a href=\"https:\/\/www.companhiaatlantica.pt\/de\/produto\/dekoration\/dekorationsartikel\/dekorative-kugel-azulejo\" class=\"woocommerce-LoopProduct-link woocommerce-loop-product__link\">Dekorative Kugel \u00d88 AZULEJO-Kollektion<\/a><\/p><\/div><div class=\"price-wrapper\">\n\t<span class=\"price\"><span class=\"woocommerce-Price-amount amount\"><bdi>18.50<span class=\"woocommerce-Price-currencySymbol\">&euro;<\/span><\/bdi><\/span><\/span>\n<\/div>\t<span id=\"woocommerce_loop_add_to_cart_link_describedby_65802\" class=\"screen-reader-text\">\n\t\tDieses Produkt weist mehrere Varianten auf. Die Optionen k\u00f6nnen auf der Produktseite gew\u00e4hlt werden\t<\/span>\n\t\t\t\t\t\t\t<\/div>\n\t\t\t\t\t\t<\/div>\n\t\t\t\t\t\t<\/div>\n\t\t\t\t\t<\/div><div class=\"col\" >\n\t\t\t\t\t\t<div class=\"col-inner\">\n\t\t\t\t\t\t\n<div class=\"badge-container absolute left top z-1\">\n\n<\/div>\n\t\t\t\t\t\t<div class=\"product-small box has-hover box-push box-text-bottom\">\n\t\t\t\t\t\t\t<div class=\"box-image\" >\n\t\t\t\t\t\t\t\t<div class=\"\" >\n\t\t\t\t\t\t\t\t\t<a href=\"https:\/\/www.companhiaatlantica.pt\/de\/produto\/portugiesisches-leben\/haushaltsartikel\/schmuckkastchen\/nature-granatapfel-box\" aria-label=\"NATURE-Granatapfel-Box\">\n\t\t\t\t\t\t\t\t\t\t<img loading=\"lazy\" decoding=\"async\" width=\"700\" height=\"700\" src=\"https:\/\/www.companhiaatlantica.pt\/wp-content\/uploads\/2020\/06\/130-303-roma-700x700.jpg\" class=\"show-on-hover absolute fill hide-for-small back-image\" alt=\"Alternative view of NATURE-Granatapfel-Box\" aria-hidden=\"true\" srcset=\"https:\/\/www.companhiaatlantica.pt\/wp-content\/uploads\/2020\/06\/130-303-roma-700x700.jpg 700w, https:\/\/www.companhiaatlantica.pt\/wp-content\/uploads\/2020\/06\/130-303-roma-100x100.jpg 100w, https:\/\/www.companhiaatlantica.pt\/wp-content\/uploads\/2020\/06\/130-303-roma-900x900.jpg 900w, https:\/\/www.companhiaatlantica.pt\/wp-content\/uploads\/2020\/06\/130-303-roma-400x400.jpg 400w, https:\/\/www.companhiaatlantica.pt\/wp-content\/uploads\/2020\/06\/130-303-roma-350x350.jpg 350w, https:\/\/www.companhiaatlantica.pt\/wp-content\/uploads\/2020\/06\/130-303-roma-768x768.jpg 768w, https:\/\/www.companhiaatlantica.pt\/wp-content\/uploads\/2020\/06\/130-303-roma.jpg 1000w\" sizes=\"auto, (max-width: 700px) 100vw, 700px\" title=\"\"><img loading=\"lazy\" decoding=\"async\" width=\"700\" height=\"700\" src=\"https:\/\/www.companhiaatlantica.pt\/wp-content\/uploads\/2020\/06\/IMG_6577-700x700.jpg\" class=\"attachment-woocommerce_thumbnail size-woocommerce_thumbnail\" alt=\"NATURE-Granatapfel-Box\" srcset=\"https:\/\/www.companhiaatlantica.pt\/wp-content\/uploads\/2020\/06\/IMG_6577-700x700.jpg 700w, https:\/\/www.companhiaatlantica.pt\/wp-content\/uploads\/2020\/06\/IMG_6577-100x100.jpg 100w, https:\/\/www.companhiaatlantica.pt\/wp-content\/uploads\/2020\/06\/IMG_6577-350x350.jpg 350w\" sizes=\"auto, (max-width: 700px) 100vw, 700px\" title=\"\">\t\t\t\t\t\t\t\t\t<\/a>\n\t\t\t\t\t\t\t\t\t\t\t\t\t\t\t\t\t\t \t\t\t\t\t\t\t\t<\/div>\n\t\t\t\t\t\t\t\t<div class=\"image-tools top right show-on-hover\">\n\t\t\t\t\t\t\t\t\t\t\t<div class=\"wishlist-icon\">\n\t\t\t<button class=\"wishlist-button button is-outline circle icon\" aria-label=\"Wunschliste\">\n\t\t\t\t<i class=\"icon-heart\" aria-hidden=\"true\"><\/i>\t\t\t<\/button>\n\t\t\t<div class=\"wishlist-popup dark\">\n\t\t\t\t\n<div\n\tclass=\"yith-wcwl-add-to-wishlist add-to-wishlist-42193 yith-wcwl-add-to-wishlist--button_default-style wishlist-fragment on-first-load\"\n\tdata-fragment-ref=\"42193\"\n\tdata-fragment-options=\"{&quot;base_url&quot;:&quot;&quot;,&quot;product_id&quot;:42193,&quot;parent_product_id&quot;:0,&quot;product_type&quot;:&quot;simple&quot;,&quot;is_single&quot;:false,&quot;in_default_wishlist&quot;:false,&quot;show_view&quot;:false,&quot;browse_wishlist_text&quot;:&quot;Siehe Ihre Wunschliste!&quot;,&quot;already_in_wishslist_text&quot;:&quot;Dieses Produkt steht bereits auf Ihrem Wunschzettel!&quot;,&quot;product_added_text&quot;:&quot;Produto adicionado!&quot;,&quot;available_multi_wishlist&quot;:false,&quot;disable_wishlist&quot;:false,&quot;show_count&quot;:false,&quot;ajax_loading&quot;:false,&quot;loop_position&quot;:&quot;after_add_to_cart&quot;,&quot;item&quot;:&quot;add_to_wishlist&quot;}\"\n>\n\t\t\t\n\t\t\t<!-- ADD TO WISHLIST -->\n\t\t\t\n<div class=\"yith-wcwl-add-button\">\n\t\t<a\n\t\thref=\"?add_to_wishlist=42193&#038;_wpnonce=52d31225f0\"\n\t\tclass=\"add_to_wishlist single_add_to_wishlist alt button theme-button-style \"\n\t\tdata-product-id=\"42193\"\n\t\tdata-product-type=\"simple\"\n\t\tdata-original-product-id=\"0\"\n\t\tdata-title=\"Zu meiner Wunschliste hinzuf\u00fcgen\"\n\t\trel=\"nofollow\"\n\t>\n\t\t<svg id=\"yith-wcwl-icon-heart-outline\" class=\"yith-wcwl-icon-svg\" fill=\"none\" stroke-width=\"1.5\" stroke=\"currentColor\" viewBox=\"0 0 24 24\" xmlns=\"http:\/\/www.w3.org\/2000\/svg\">\n  <path stroke-linecap=\"round\" stroke-linejoin=\"round\" d=\"M21 8.25c0-2.485-2.099-4.5-4.688-4.5-1.935 0-3.597 1.126-4.312 2.733-.715-1.607-2.377-2.733-4.313-2.733C5.1 3.75 3 5.765 3 8.25c0 7.22 9 12 9 12s9-4.78 9-12Z\"><\/path>\n<\/svg>\t\t<span>Zu meiner Wunschliste hinzuf\u00fcgen<\/span>\n\t<\/a>\n<\/div>\n\n\t\t\t<!-- COUNT TEXT -->\n\t\t\t\n\t\t\t<\/div>\n\t\t\t<\/div>\n\t\t<\/div>\n\t\t\t\t\t\t\t\t\t\t<\/div>\n\t\t\t\t\t\t\t\t\t\t\t\t\t\t\t\t\t<div class=\"image-tools grid-tools text-center hide-for-small bottom hover-slide-in show-on-hover\">\n\t\t\t\t\t\t\t\t\t\t\t\t\t\t\t\t\t\t\t<\/div>\n\t\t\t\t\t\t\t\t\t\t\t\t\t\t\t\t\t\t\t\t\t\t\t<\/div>\n\n\t\t\t\t\t\t\t<div class=\"box-text text-center\" >\n\t\t\t\t\t\t\t\t<div class=\"title-wrapper\"><p class=\"name product-title woocommerce-loop-product__title\"><a href=\"https:\/\/www.companhiaatlantica.pt\/de\/produto\/portugiesisches-leben\/haushaltsartikel\/schmuckkastchen\/nature-granatapfel-box\" class=\"woocommerce-LoopProduct-link woocommerce-loop-product__link\">NATURE-Granatapfel-Box<\/a><\/p><\/div><div class=\"price-wrapper\">\n\t<span class=\"price\"><span class=\"woocommerce-Price-amount amount\"><bdi>17.50<span class=\"woocommerce-Price-currencySymbol\">&euro;<\/span><\/bdi><\/span><\/span>\n<\/div>\t<span id=\"woocommerce_loop_add_to_cart_link_describedby_42193\" class=\"screen-reader-text\">\n\t\t\t<\/span>\n\t\t\t\t\t\t\t<\/div>\n\t\t\t\t\t\t<\/div>\n\t\t\t\t\t\t<\/div>\n\t\t\t\t\t<\/div><div class=\"col\" >\n\t\t\t\t\t\t<div class=\"col-inner\">\n\t\t\t\t\t\t\n<div class=\"badge-container absolute left top z-1\">\n<div class=\"badge callout badge-circle\">\r\n  \t\t\t<div class=\"badge-inner secondary on-sale\">\r\n  \t\t\t\t<span class=\"onsale\">-15%<\/span>\r\n\t\t\t<\/div>\r\n\t\t<\/div>\r\n\t\t<div class=\"badge callout badge-circle\">\r\n\t\t\t<div class=\"badge-inner callout-new-bg is-small new-bubble\">6 pcs <\/div>\r\n\t\t<\/div>\n<div class=\"badge callout badge-circle\"><div class=\"badge-inner callout-new-bg is-small new-bubble\">6 pcs <\/div><\/div><\/div>\n\t\t\t\t\t\t<div class=\"product-small box has-hover box-push box-text-bottom\">\n\t\t\t\t\t\t\t<div class=\"box-image\" >\n\t\t\t\t\t\t\t\t<div class=\"\" >\n\t\t\t\t\t\t\t\t\t<a href=\"https:\/\/www.companhiaatlantica.pt\/de\/produto\/portugiesisches-leben\/haushaltsartikel\/glasuntersetzer\/fliesen-boden-becher-9cm-6-teilig\" aria-label=\"AZULEJO Untersetzer - 6er-Satz\">\n\t\t\t\t\t\t\t\t\t\t<img loading=\"lazy\" decoding=\"async\" width=\"600\" height=\"600\" src=\"https:\/\/www.companhiaatlantica.pt\/wp-content\/uploads\/2020\/06\/IMG_9545.jpg\" class=\"show-on-hover absolute fill hide-for-small back-image\" alt=\"Alternative view of AZULEJO Untersetzer - 6er-Satz\" aria-hidden=\"true\" srcset=\"https:\/\/www.companhiaatlantica.pt\/wp-content\/uploads\/2020\/06\/IMG_9545.jpg 600w, https:\/\/www.companhiaatlantica.pt\/wp-content\/uploads\/2020\/06\/IMG_9545-100x100.jpg 100w\" sizes=\"auto, (max-width: 600px) 100vw, 600px\" title=\"\"><img loading=\"lazy\" decoding=\"async\" width=\"600\" height=\"600\" src=\"https:\/\/www.companhiaatlantica.pt\/wp-content\/uploads\/2020\/06\/IMG_9534.jpg\" class=\"attachment-woocommerce_thumbnail size-woocommerce_thumbnail\" alt=\"AZULEJO Untersetzer - 6er-Satz\" srcset=\"https:\/\/www.companhiaatlantica.pt\/wp-content\/uploads\/2020\/06\/IMG_9534.jpg 600w, https:\/\/www.companhiaatlantica.pt\/wp-content\/uploads\/2020\/06\/IMG_9534-100x100.jpg 100w\" sizes=\"auto, (max-width: 600px) 100vw, 600px\" title=\"\">\t\t\t\t\t\t\t\t\t<\/a>\n\t\t\t\t\t\t\t\t\t\t\t\t\t\t\t\t\t\t \t\t\t\t\t\t\t\t<\/div>\n\t\t\t\t\t\t\t\t<div class=\"image-tools top right show-on-hover\">\n\t\t\t\t\t\t\t\t\t\t\t<div class=\"wishlist-icon\">\n\t\t\t<button class=\"wishlist-button button is-outline circle icon\" aria-label=\"Wunschliste\">\n\t\t\t\t<i class=\"icon-heart\" aria-hidden=\"true\"><\/i>\t\t\t<\/button>\n\t\t\t<div class=\"wishlist-popup dark\">\n\t\t\t\t\n<div\n\tclass=\"yith-wcwl-add-to-wishlist add-to-wishlist-41133 yith-wcwl-add-to-wishlist--button_default-style wishlist-fragment on-first-load\"\n\tdata-fragment-ref=\"41133\"\n\tdata-fragment-options=\"{&quot;base_url&quot;:&quot;&quot;,&quot;product_id&quot;:41133,&quot;parent_product_id&quot;:0,&quot;product_type&quot;:&quot;variable&quot;,&quot;is_single&quot;:false,&quot;in_default_wishlist&quot;:false,&quot;show_view&quot;:false,&quot;browse_wishlist_text&quot;:&quot;Siehe Ihre Wunschliste!&quot;,&quot;already_in_wishslist_text&quot;:&quot;Dieses Produkt steht bereits auf Ihrem Wunschzettel!&quot;,&quot;product_added_text&quot;:&quot;Produto adicionado!&quot;,&quot;available_multi_wishlist&quot;:false,&quot;disable_wishlist&quot;:false,&quot;show_count&quot;:false,&quot;ajax_loading&quot;:false,&quot;loop_position&quot;:&quot;after_add_to_cart&quot;,&quot;item&quot;:&quot;add_to_wishlist&quot;}\"\n>\n\t\t\t\n\t\t\t<!-- ADD TO WISHLIST -->\n\t\t\t\n<div class=\"yith-wcwl-add-button\">\n\t\t<a\n\t\thref=\"?add_to_wishlist=41133&#038;_wpnonce=52d31225f0\"\n\t\tclass=\"add_to_wishlist single_add_to_wishlist alt button theme-button-style \"\n\t\tdata-product-id=\"41133\"\n\t\tdata-product-type=\"variable\"\n\t\tdata-original-product-id=\"0\"\n\t\tdata-title=\"Zu meiner Wunschliste hinzuf\u00fcgen\"\n\t\trel=\"nofollow\"\n\t>\n\t\t<svg id=\"yith-wcwl-icon-heart-outline\" class=\"yith-wcwl-icon-svg\" fill=\"none\" stroke-width=\"1.5\" stroke=\"currentColor\" viewBox=\"0 0 24 24\" xmlns=\"http:\/\/www.w3.org\/2000\/svg\">\n  <path stroke-linecap=\"round\" stroke-linejoin=\"round\" d=\"M21 8.25c0-2.485-2.099-4.5-4.688-4.5-1.935 0-3.597 1.126-4.312 2.733-.715-1.607-2.377-2.733-4.313-2.733C5.1 3.75 3 5.765 3 8.25c0 7.22 9 12 9 12s9-4.78 9-12Z\"><\/path>\n<\/svg>\t\t<span>Zu meiner Wunschliste hinzuf\u00fcgen<\/span>\n\t<\/a>\n<\/div>\n\n\t\t\t<!-- COUNT TEXT -->\n\t\t\t\n\t\t\t<\/div>\n\t\t\t<\/div>\n\t\t<\/div>\n\t\t\t\t\t\t\t\t\t\t<\/div>\n\t\t\t\t\t\t\t\t\t\t\t\t\t\t\t\t\t<div class=\"image-tools grid-tools text-center hide-for-small bottom hover-slide-in show-on-hover\">\n\t\t\t\t\t\t\t\t\t\t\t\t\t\t\t\t\t\t\t<\/div>\n\t\t\t\t\t\t\t\t\t\t\t\t\t\t\t\t\t\t\t\t\t\t\t<\/div>\n\n\t\t\t\t\t\t\t<div class=\"box-text text-center\" >\n\t\t\t\t\t\t\t\t<div class=\"title-wrapper\"><p class=\"name product-title woocommerce-loop-product__title\"><a href=\"https:\/\/www.companhiaatlantica.pt\/de\/produto\/portugiesisches-leben\/haushaltsartikel\/glasuntersetzer\/fliesen-boden-becher-9cm-6-teilig\" class=\"woocommerce-LoopProduct-link woocommerce-loop-product__link\">AZULEJO Untersetzer &#8211; 6er-Satz<\/a><\/p><\/div><div class=\"price-wrapper\">\n\t<span class=\"price\"><del aria-hidden=\"true\"><span class=\"woocommerce-Price-amount amount\"><bdi>50.25<span class=\"woocommerce-Price-currencySymbol\">&euro;<\/span><\/bdi><\/span><\/del> <span class=\"screen-reader-text\">Urspr\u00fcnglicher Preis war: 50.25&euro;<\/span><ins aria-hidden=\"true\"><span class=\"woocommerce-Price-amount amount\"><bdi>42.90<span class=\"woocommerce-Price-currencySymbol\">&euro;<\/span><\/bdi><\/span><\/ins><span class=\"screen-reader-text\">Aktueller Preis ist: 42.90&euro;.<\/span><\/span>\n<\/div>\t<span id=\"woocommerce_loop_add_to_cart_link_describedby_41133\" class=\"screen-reader-text\">\n\t\tDieses Produkt weist mehrere Varianten auf. Die Optionen k\u00f6nnen auf der Produktseite gew\u00e4hlt werden\t<\/span>\n\t\t\t\t\t\t\t<\/div>\n\t\t\t\t\t\t<\/div>\n\t\t\t\t\t\t<\/div>\n\t\t\t\t\t<\/div><div class=\"col\" >\n\t\t\t\t\t\t<div class=\"col-inner\">\n\t\t\t\t\t\t\n<div class=\"badge-container absolute left top z-1\">\n<div class=\"badge callout badge-circle\">\r\n  \t\t\t<div class=\"badge-inner secondary on-sale\">\r\n  \t\t\t\t<span class=\"onsale\">-15%<\/span>\r\n\t\t\t<\/div>\r\n\t\t<\/div>\r\n\t\t<div class=\"badge callout badge-circle\">\r\n\t\t\t<div class=\"badge-inner callout-new-bg is-small new-bubble\">6 pcs<\/div>\r\n\t\t<\/div>\n<div class=\"badge callout badge-circle\"><div class=\"badge-inner callout-new-bg is-small new-bubble\">6 pcs<\/div><\/div><\/div>\n\t\t\t\t\t\t<div class=\"product-small box has-hover box-push box-text-bottom\">\n\t\t\t\t\t\t\t<div class=\"box-image\" >\n\t\t\t\t\t\t\t\t<div class=\"\" >\n\t\t\t\t\t\t\t\t\t<a href=\"https:\/\/www.companhiaatlantica.pt\/de\/produto\/portugiesisches-leben\/haushaltsartikel\/glasuntersetzer\/pilates-basis-becher-9cm-6-teilig\" aria-label=\"PILATOS Untersetzer - 6er-Satz\">\n\t\t\t\t\t\t\t\t\t\t<img loading=\"lazy\" decoding=\"async\" width=\"600\" height=\"600\" src=\"https:\/\/www.companhiaatlantica.pt\/wp-content\/uploads\/2022\/04\/130-490-2.jpg\" class=\"show-on-hover absolute fill hide-for-small back-image\" alt=\"Alternative view of PILATOS Untersetzer - 6er-Satz\" aria-hidden=\"true\" srcset=\"https:\/\/www.companhiaatlantica.pt\/wp-content\/uploads\/2022\/04\/130-490-2.jpg 600w, https:\/\/www.companhiaatlantica.pt\/wp-content\/uploads\/2022\/04\/130-490-2-100x100.jpg 100w\" sizes=\"auto, (max-width: 600px) 100vw, 600px\" title=\"\"><img loading=\"lazy\" decoding=\"async\" width=\"600\" height=\"600\" src=\"https:\/\/www.companhiaatlantica.pt\/wp-content\/uploads\/2022\/04\/IMG_0845.jpg\" class=\"attachment-woocommerce_thumbnail size-woocommerce_thumbnail\" alt=\"PILATOS Untersetzer - 6er-Satz\" srcset=\"https:\/\/www.companhiaatlantica.pt\/wp-content\/uploads\/2022\/04\/IMG_0845.jpg 600w, https:\/\/www.companhiaatlantica.pt\/wp-content\/uploads\/2022\/04\/IMG_0845-100x100.jpg 100w\" sizes=\"auto, (max-width: 600px) 100vw, 600px\" title=\"\">\t\t\t\t\t\t\t\t\t<\/a>\n\t\t\t\t\t\t\t\t\t\t\t\t\t\t\t\t\t\t \t\t\t\t\t\t\t\t<\/div>\n\t\t\t\t\t\t\t\t<div class=\"image-tools top right show-on-hover\">\n\t\t\t\t\t\t\t\t\t\t\t<div class=\"wishlist-icon\">\n\t\t\t<button class=\"wishlist-button button is-outline circle icon\" aria-label=\"Wunschliste\">\n\t\t\t\t<i class=\"icon-heart\" aria-hidden=\"true\"><\/i>\t\t\t<\/button>\n\t\t\t<div class=\"wishlist-popup dark\">\n\t\t\t\t\n<div\n\tclass=\"yith-wcwl-add-to-wishlist add-to-wishlist-41191 yith-wcwl-add-to-wishlist--button_default-style wishlist-fragment on-first-load\"\n\tdata-fragment-ref=\"41191\"\n\tdata-fragment-options=\"{&quot;base_url&quot;:&quot;&quot;,&quot;product_id&quot;:41191,&quot;parent_product_id&quot;:0,&quot;product_type&quot;:&quot;variable&quot;,&quot;is_single&quot;:false,&quot;in_default_wishlist&quot;:false,&quot;show_view&quot;:false,&quot;browse_wishlist_text&quot;:&quot;Siehe Ihre Wunschliste!&quot;,&quot;already_in_wishslist_text&quot;:&quot;Dieses Produkt steht bereits auf Ihrem Wunschzettel!&quot;,&quot;product_added_text&quot;:&quot;Produto adicionado!&quot;,&quot;available_multi_wishlist&quot;:false,&quot;disable_wishlist&quot;:false,&quot;show_count&quot;:false,&quot;ajax_loading&quot;:false,&quot;loop_position&quot;:&quot;after_add_to_cart&quot;,&quot;item&quot;:&quot;add_to_wishlist&quot;}\"\n>\n\t\t\t\n\t\t\t<!-- ADD TO WISHLIST -->\n\t\t\t\n<div class=\"yith-wcwl-add-button\">\n\t\t<a\n\t\thref=\"?add_to_wishlist=41191&#038;_wpnonce=52d31225f0\"\n\t\tclass=\"add_to_wishlist single_add_to_wishlist alt button theme-button-style \"\n\t\tdata-product-id=\"41191\"\n\t\tdata-product-type=\"variable\"\n\t\tdata-original-product-id=\"0\"\n\t\tdata-title=\"Zu meiner Wunschliste hinzuf\u00fcgen\"\n\t\trel=\"nofollow\"\n\t>\n\t\t<svg id=\"yith-wcwl-icon-heart-outline\" class=\"yith-wcwl-icon-svg\" fill=\"none\" stroke-width=\"1.5\" stroke=\"currentColor\" viewBox=\"0 0 24 24\" xmlns=\"http:\/\/www.w3.org\/2000\/svg\">\n  <path stroke-linecap=\"round\" stroke-linejoin=\"round\" d=\"M21 8.25c0-2.485-2.099-4.5-4.688-4.5-1.935 0-3.597 1.126-4.312 2.733-.715-1.607-2.377-2.733-4.313-2.733C5.1 3.75 3 5.765 3 8.25c0 7.22 9 12 9 12s9-4.78 9-12Z\"><\/path>\n<\/svg>\t\t<span>Zu meiner Wunschliste hinzuf\u00fcgen<\/span>\n\t<\/a>\n<\/div>\n\n\t\t\t<!-- COUNT TEXT -->\n\t\t\t\n\t\t\t<\/div>\n\t\t\t<\/div>\n\t\t<\/div>\n\t\t\t\t\t\t\t\t\t\t<\/div>\n\t\t\t\t\t\t\t\t\t\t\t\t\t\t\t\t\t<div class=\"image-tools grid-tools text-center hide-for-small bottom hover-slide-in show-on-hover\">\n\t\t\t\t\t\t\t\t\t\t\t\t\t\t\t\t\t\t\t<\/div>\n\t\t\t\t\t\t\t\t\t\t\t\t\t\t\t\t\t\t\t\t\t\t\t<\/div>\n\n\t\t\t\t\t\t\t<div class=\"box-text text-center\" >\n\t\t\t\t\t\t\t\t<div class=\"title-wrapper\"><p class=\"name product-title woocommerce-loop-product__title\"><a href=\"https:\/\/www.companhiaatlantica.pt\/de\/produto\/portugiesisches-leben\/haushaltsartikel\/glasuntersetzer\/pilates-basis-becher-9cm-6-teilig\" class=\"woocommerce-LoopProduct-link woocommerce-loop-product__link\">PILATOS Untersetzer &#8211; 6er-Satz<\/a><\/p><\/div><div class=\"price-wrapper\">\n\t<span class=\"price\"><del aria-hidden=\"true\"><span class=\"woocommerce-Price-amount amount\"><bdi>50.25<span class=\"woocommerce-Price-currencySymbol\">&euro;<\/span><\/bdi><\/span><\/del> <span class=\"screen-reader-text\">Urspr\u00fcnglicher Preis war: 50.25&euro;<\/span><ins aria-hidden=\"true\"><span class=\"woocommerce-Price-amount amount\"><bdi>42.90<span class=\"woocommerce-Price-currencySymbol\">&euro;<\/span><\/bdi><\/span><\/ins><span class=\"screen-reader-text\">Aktueller Preis ist: 42.90&euro;.<\/span><\/span>\n<\/div>\t<span id=\"woocommerce_loop_add_to_cart_link_describedby_41191\" class=\"screen-reader-text\">\n\t\tDieses Produkt weist mehrere Varianten auf. Die Optionen k\u00f6nnen auf der Produktseite gew\u00e4hlt werden\t<\/span>\n\t\t\t\t\t\t\t<\/div>\n\t\t\t\t\t\t<\/div>\n\t\t\t\t\t\t<\/div>\n\t\t\t\t\t<\/div><div class=\"col\" >\n\t\t\t\t\t\t<div class=\"col-inner\">\n\t\t\t\t\t\t\n<div class=\"badge-container absolute left top z-1\">\n\n<\/div>\n\t\t\t\t\t\t<div class=\"product-small box has-hover box-push box-text-bottom\">\n\t\t\t\t\t\t\t<div class=\"box-image\" >\n\t\t\t\t\t\t\t\t<div class=\"\" >\n\t\t\t\t\t\t\t\t\t<a href=\"https:\/\/www.companhiaatlantica.pt\/de\/produto\/portugiesisches-leben\/haushaltsartikel\/viana-herzornament\" aria-label=\"VIANA Herzornament\">\n\t\t\t\t\t\t\t\t\t\t<img loading=\"lazy\" decoding=\"async\" width=\"700\" height=\"700\" src=\"https:\/\/www.companhiaatlantica.pt\/wp-content\/uploads\/2026\/02\/131-464-2-700x700.jpg\" class=\"show-on-hover absolute fill hide-for-small back-image\" alt=\"Alternative view of VIANA Herzornament\" aria-hidden=\"true\" srcset=\"https:\/\/www.companhiaatlantica.pt\/wp-content\/uploads\/2026\/02\/131-464-2-700x700.jpg 700w, https:\/\/www.companhiaatlantica.pt\/wp-content\/uploads\/2026\/02\/131-464-2-400x400.jpg 400w, https:\/\/www.companhiaatlantica.pt\/wp-content\/uploads\/2026\/02\/131-464-2-350x350.jpg 350w, https:\/\/www.companhiaatlantica.pt\/wp-content\/uploads\/2026\/02\/131-464-2-768x768.jpg 768w, https:\/\/www.companhiaatlantica.pt\/wp-content\/uploads\/2026\/02\/131-464-2-900x900.jpg 900w, https:\/\/www.companhiaatlantica.pt\/wp-content\/uploads\/2026\/02\/131-464-2-100x100.jpg 100w, https:\/\/www.companhiaatlantica.pt\/wp-content\/uploads\/2026\/02\/131-464-2.jpg 1000w\" sizes=\"auto, (max-width: 700px) 100vw, 700px\" title=\"\"><img loading=\"lazy\" decoding=\"async\" width=\"700\" height=\"700\" src=\"https:\/\/www.companhiaatlantica.pt\/wp-content\/uploads\/2026\/02\/131-464-700x700.jpg\" class=\"attachment-woocommerce_thumbnail size-woocommerce_thumbnail\" alt=\"VIANA Herzornament\" srcset=\"https:\/\/www.companhiaatlantica.pt\/wp-content\/uploads\/2026\/02\/131-464-700x700.jpg 700w, https:\/\/www.companhiaatlantica.pt\/wp-content\/uploads\/2026\/02\/131-464-400x400.jpg 400w, https:\/\/www.companhiaatlantica.pt\/wp-content\/uploads\/2026\/02\/131-464-350x350.jpg 350w, https:\/\/www.companhiaatlantica.pt\/wp-content\/uploads\/2026\/02\/131-464-768x768.jpg 768w, https:\/\/www.companhiaatlantica.pt\/wp-content\/uploads\/2026\/02\/131-464-900x900.jpg 900w, https:\/\/www.companhiaatlantica.pt\/wp-content\/uploads\/2026\/02\/131-464-100x100.jpg 100w, https:\/\/www.companhiaatlantica.pt\/wp-content\/uploads\/2026\/02\/131-464.jpg 1000w\" sizes=\"auto, (max-width: 700px) 100vw, 700px\" title=\"\">\t\t\t\t\t\t\t\t\t<\/a>\n\t\t\t\t\t\t\t\t\t\t\t\t\t\t\t\t\t\t \t\t\t\t\t\t\t\t<\/div>\n\t\t\t\t\t\t\t\t<div class=\"image-tools top right show-on-hover\">\n\t\t\t\t\t\t\t\t\t\t\t<div class=\"wishlist-icon\">\n\t\t\t<button class=\"wishlist-button button is-outline circle icon\" aria-label=\"Wunschliste\">\n\t\t\t\t<i class=\"icon-heart\" aria-hidden=\"true\"><\/i>\t\t\t<\/button>\n\t\t\t<div class=\"wishlist-popup dark\">\n\t\t\t\t\n<div\n\tclass=\"yith-wcwl-add-to-wishlist add-to-wishlist-83937 yith-wcwl-add-to-wishlist--button_default-style wishlist-fragment on-first-load\"\n\tdata-fragment-ref=\"83937\"\n\tdata-fragment-options=\"{&quot;base_url&quot;:&quot;&quot;,&quot;product_id&quot;:83937,&quot;parent_product_id&quot;:0,&quot;product_type&quot;:&quot;simple&quot;,&quot;is_single&quot;:false,&quot;in_default_wishlist&quot;:false,&quot;show_view&quot;:false,&quot;browse_wishlist_text&quot;:&quot;Siehe Ihre Wunschliste!&quot;,&quot;already_in_wishslist_text&quot;:&quot;Dieses Produkt steht bereits auf Ihrem Wunschzettel!&quot;,&quot;product_added_text&quot;:&quot;Produto adicionado!&quot;,&quot;available_multi_wishlist&quot;:false,&quot;disable_wishlist&quot;:false,&quot;show_count&quot;:false,&quot;ajax_loading&quot;:false,&quot;loop_position&quot;:&quot;after_add_to_cart&quot;,&quot;item&quot;:&quot;add_to_wishlist&quot;}\"\n>\n\t\t\t\n\t\t\t<!-- ADD TO WISHLIST -->\n\t\t\t\n<div class=\"yith-wcwl-add-button\">\n\t\t<a\n\t\thref=\"?add_to_wishlist=83937&#038;_wpnonce=52d31225f0\"\n\t\tclass=\"add_to_wishlist single_add_to_wishlist alt button theme-button-style \"\n\t\tdata-product-id=\"83937\"\n\t\tdata-product-type=\"simple\"\n\t\tdata-original-product-id=\"0\"\n\t\tdata-title=\"Zu meiner Wunschliste hinzuf\u00fcgen\"\n\t\trel=\"nofollow\"\n\t>\n\t\t<svg id=\"yith-wcwl-icon-heart-outline\" class=\"yith-wcwl-icon-svg\" fill=\"none\" stroke-width=\"1.5\" stroke=\"currentColor\" viewBox=\"0 0 24 24\" xmlns=\"http:\/\/www.w3.org\/2000\/svg\">\n  <path stroke-linecap=\"round\" stroke-linejoin=\"round\" d=\"M21 8.25c0-2.485-2.099-4.5-4.688-4.5-1.935 0-3.597 1.126-4.312 2.733-.715-1.607-2.377-2.733-4.313-2.733C5.1 3.75 3 5.765 3 8.25c0 7.22 9 12 9 12s9-4.78 9-12Z\"><\/path>\n<\/svg>\t\t<span>Zu meiner Wunschliste hinzuf\u00fcgen<\/span>\n\t<\/a>\n<\/div>\n\n\t\t\t<!-- COUNT TEXT -->\n\t\t\t\n\t\t\t<\/div>\n\t\t\t<\/div>\n\t\t<\/div>\n\t\t\t\t\t\t\t\t\t\t<\/div>\n\t\t\t\t\t\t\t\t\t\t\t\t\t\t\t\t\t<div class=\"image-tools grid-tools text-center hide-for-small bottom hover-slide-in show-on-hover\">\n\t\t\t\t\t\t\t\t\t\t\t\t\t\t\t\t\t\t\t<\/div>\n\t\t\t\t\t\t\t\t\t\t\t\t\t\t\t\t\t\t\t\t\t\t\t<\/div>\n\n\t\t\t\t\t\t\t<div class=\"box-text text-center\" >\n\t\t\t\t\t\t\t\t<div class=\"title-wrapper\"><p class=\"name product-title woocommerce-loop-product__title\"><a href=\"https:\/\/www.companhiaatlantica.pt\/de\/produto\/portugiesisches-leben\/haushaltsartikel\/viana-herzornament\" class=\"woocommerce-LoopProduct-link woocommerce-loop-product__link\">VIANA Herzornament<\/a><\/p><\/div><div class=\"price-wrapper\">\n\t<span class=\"price\"><span class=\"woocommerce-Price-amount amount\"><bdi>18.50<span class=\"woocommerce-Price-currencySymbol\">&euro;<\/span><\/bdi><\/span><\/span>\n<\/div><div class=\"add-to-cart-button\"><a href=\"\/de\/wp-json\/wp\/v2\/pages\/66644?add-to-cart=83937\" aria-describedby=\"woocommerce_loop_add_to_cart_link_describedby_83937\" data-quantity=\"1\" class=\"primary is-small mb-0 button product_type_simple add_to_cart_button ajax_add_to_cart is-outline\" data-product_id=\"83937\" data-product_sku=\"131-464\" aria-label=\"In den Warenkorb legen: \u201eVIANA Herzornament\u201c\" rel=\"nofollow\" data-success_message=\"\u201eVIANA Herzornament\u201c wurde deinem Warenkorb hinzugef\u00fcgt\" data-product_name=\"VIANA Herzornament\" data-product_image=\"https:\/\/www.companhiaatlantica.pt\/wp-content\/uploads\/2026\/02\/131-464-350x350.jpg\" role=\"button\">In den Warenkorb<\/a><\/div>\t<span id=\"woocommerce_loop_add_to_cart_link_describedby_83937\" class=\"screen-reader-text\">\n\t\t\t<\/span>\n\t\t\t\t\t\t\t<\/div>\n\t\t\t\t\t\t<\/div>\n\t\t\t\t\t\t<\/div>\n\t\t\t\t\t<\/div><div class=\"col\" >\n\t\t\t\t\t\t<div class=\"col-inner\">\n\t\t\t\t\t\t\n<div class=\"badge-container absolute left top z-1\">\n<div class=\"badge callout badge-circle\">\r\n  \t\t\t<div class=\"badge-inner secondary on-sale\">\r\n  \t\t\t\t<span class=\"onsale\">-5%<\/span>\r\n\t\t\t<\/div>\r\n\t\t<\/div>\r\n\t\t<div class=\"badge callout badge-circle\">\r\n\t\t\t<div class=\"badge-inner callout-new-bg is-small new-bubble\">3 pcs<\/div>\r\n\t\t<\/div>\n<div class=\"badge callout badge-circle\"><div class=\"badge-inner callout-new-bg is-small new-bubble\">3 pcs<\/div><\/div><\/div>\n\t\t\t\t\t\t<div class=\"product-small box has-hover box-push box-text-bottom\">\n\t\t\t\t\t\t\t<div class=\"box-image\" >\n\t\t\t\t\t\t\t\t<div class=\"\" >\n\t\t\t\t\t\t\t\t\t<a href=\"https:\/\/www.companhiaatlantica.pt\/de\/produto\/gift-pack\/geschenkpaket\/pack-krankenschwestern-handschuhe-einzelpersonen\" aria-label=\"Lovers Pack - Sch\u00fcrze + Handschuh + Einzelteile\">\n\t\t\t\t\t\t\t\t\t\t<img loading=\"lazy\" decoding=\"async\" width=\"700\" height=\"700\" src=\"https:\/\/www.companhiaatlantica.pt\/wp-content\/uploads\/2022\/04\/170-199-700x700.jpg\" class=\"show-on-hover absolute fill hide-for-small back-image\" alt=\"Alternative view of Lovers Pack - Sch\u00fcrze + Handschuh + Einzelteile\" aria-hidden=\"true\" srcset=\"https:\/\/www.companhiaatlantica.pt\/wp-content\/uploads\/2022\/04\/170-199-700x700.jpg 700w, https:\/\/www.companhiaatlantica.pt\/wp-content\/uploads\/2022\/04\/170-199-100x100.jpg 100w, https:\/\/www.companhiaatlantica.pt\/wp-content\/uploads\/2022\/04\/170-199-900x900.jpg 900w, https:\/\/www.companhiaatlantica.pt\/wp-content\/uploads\/2022\/04\/170-199-300x300.jpg 300w, https:\/\/www.companhiaatlantica.pt\/wp-content\/uploads\/2022\/04\/170-199-150x150.jpg 150w, https:\/\/www.companhiaatlantica.pt\/wp-content\/uploads\/2022\/04\/170-199-768x768.jpg 768w, https:\/\/www.companhiaatlantica.pt\/wp-content\/uploads\/2022\/04\/170-199-600x600.jpg 600w, https:\/\/www.companhiaatlantica.pt\/wp-content\/uploads\/2022\/04\/170-199.jpg 1000w\" sizes=\"auto, (max-width: 700px) 100vw, 700px\" title=\"\"><img loading=\"lazy\" decoding=\"async\" width=\"700\" height=\"700\" src=\"https:\/\/www.companhiaatlantica.pt\/wp-content\/uploads\/2022\/12\/23-700x700.jpg\" class=\"attachment-woocommerce_thumbnail size-woocommerce_thumbnail\" alt=\"Lovers Pack - Sch\u00fcrze + Handschuh + Einzelteile\" srcset=\"https:\/\/www.companhiaatlantica.pt\/wp-content\/uploads\/2022\/12\/23-700x700.jpg 700w, https:\/\/www.companhiaatlantica.pt\/wp-content\/uploads\/2022\/12\/23-100x100.jpg 100w, https:\/\/www.companhiaatlantica.pt\/wp-content\/uploads\/2022\/12\/23-900x900.jpg 900w, https:\/\/www.companhiaatlantica.pt\/wp-content\/uploads\/2022\/12\/23-300x300.jpg 300w, https:\/\/www.companhiaatlantica.pt\/wp-content\/uploads\/2022\/12\/23-150x150.jpg 150w, https:\/\/www.companhiaatlantica.pt\/wp-content\/uploads\/2022\/12\/23-768x768.jpg 768w, https:\/\/www.companhiaatlantica.pt\/wp-content\/uploads\/2022\/12\/23-600x600.jpg 600w, https:\/\/www.companhiaatlantica.pt\/wp-content\/uploads\/2022\/12\/23.jpg 1000w\" sizes=\"auto, (max-width: 700px) 100vw, 700px\" title=\"\">\t\t\t\t\t\t\t\t\t<\/a>\n\t\t\t\t\t\t\t\t\t\t\t\t\t\t\t\t\t\t \t\t\t\t\t\t\t\t<\/div>\n\t\t\t\t\t\t\t\t<div class=\"image-tools top right show-on-hover\">\n\t\t\t\t\t\t\t\t\t\t\t<div class=\"wishlist-icon\">\n\t\t\t<button class=\"wishlist-button button is-outline circle icon\" aria-label=\"Wunschliste\">\n\t\t\t\t<i class=\"icon-heart\" aria-hidden=\"true\"><\/i>\t\t\t<\/button>\n\t\t\t<div class=\"wishlist-popup dark\">\n\t\t\t\t\n<div\n\tclass=\"yith-wcwl-add-to-wishlist add-to-wishlist-40823 yith-wcwl-add-to-wishlist--button_default-style wishlist-fragment on-first-load\"\n\tdata-fragment-ref=\"40823\"\n\tdata-fragment-options=\"{&quot;base_url&quot;:&quot;&quot;,&quot;product_id&quot;:40823,&quot;parent_product_id&quot;:0,&quot;product_type&quot;:&quot;simple&quot;,&quot;is_single&quot;:false,&quot;in_default_wishlist&quot;:false,&quot;show_view&quot;:false,&quot;browse_wishlist_text&quot;:&quot;Siehe Ihre Wunschliste!&quot;,&quot;already_in_wishslist_text&quot;:&quot;Dieses Produkt steht bereits auf Ihrem Wunschzettel!&quot;,&quot;product_added_text&quot;:&quot;Produto adicionado!&quot;,&quot;available_multi_wishlist&quot;:false,&quot;disable_wishlist&quot;:false,&quot;show_count&quot;:false,&quot;ajax_loading&quot;:false,&quot;loop_position&quot;:&quot;after_add_to_cart&quot;,&quot;item&quot;:&quot;add_to_wishlist&quot;}\"\n>\n\t\t\t\n\t\t\t<!-- ADD TO WISHLIST -->\n\t\t\t\n<div class=\"yith-wcwl-add-button\">\n\t\t<a\n\t\thref=\"?add_to_wishlist=40823&#038;_wpnonce=52d31225f0\"\n\t\tclass=\"add_to_wishlist single_add_to_wishlist alt button theme-button-style \"\n\t\tdata-product-id=\"40823\"\n\t\tdata-product-type=\"simple\"\n\t\tdata-original-product-id=\"0\"\n\t\tdata-title=\"Zu meiner Wunschliste hinzuf\u00fcgen\"\n\t\trel=\"nofollow\"\n\t>\n\t\t<svg id=\"yith-wcwl-icon-heart-outline\" class=\"yith-wcwl-icon-svg\" fill=\"none\" stroke-width=\"1.5\" stroke=\"currentColor\" viewBox=\"0 0 24 24\" xmlns=\"http:\/\/www.w3.org\/2000\/svg\">\n  <path stroke-linecap=\"round\" stroke-linejoin=\"round\" d=\"M21 8.25c0-2.485-2.099-4.5-4.688-4.5-1.935 0-3.597 1.126-4.312 2.733-.715-1.607-2.377-2.733-4.313-2.733C5.1 3.75 3 5.765 3 8.25c0 7.22 9 12 9 12s9-4.78 9-12Z\"><\/path>\n<\/svg>\t\t<span>Zu meiner Wunschliste hinzuf\u00fcgen<\/span>\n\t<\/a>\n<\/div>\n\n\t\t\t<!-- COUNT TEXT -->\n\t\t\t\n\t\t\t<\/div>\n\t\t\t<\/div>\n\t\t<\/div>\n\t\t\t\t\t\t\t\t\t\t<\/div>\n\t\t\t\t\t\t\t\t\t\t\t\t\t\t\t\t\t<div class=\"image-tools grid-tools text-center hide-for-small bottom hover-slide-in show-on-hover\">\n\t\t\t\t\t\t\t\t\t\t\t\t\t\t\t\t\t\t\t<\/div>\n\t\t\t\t\t\t\t\t\t\t\t\t\t\t\t\t\t\t\t\t\t\t\t<\/div>\n\n\t\t\t\t\t\t\t<div class=\"box-text text-center\" >\n\t\t\t\t\t\t\t\t<div class=\"title-wrapper\"><p class=\"name product-title woocommerce-loop-product__title\"><a href=\"https:\/\/www.companhiaatlantica.pt\/de\/produto\/gift-pack\/geschenkpaket\/pack-krankenschwestern-handschuhe-einzelpersonen\" class=\"woocommerce-LoopProduct-link woocommerce-loop-product__link\">Lovers Pack &#8211; Sch\u00fcrze + Handschuh + Einzelteile<\/a><\/p><\/div><div class=\"price-wrapper\">\n\t<span class=\"price\"><del aria-hidden=\"true\"><span class=\"woocommerce-Price-amount amount\"><bdi>57.95<span class=\"woocommerce-Price-currencySymbol\">&euro;<\/span><\/bdi><\/span><\/del> <span class=\"screen-reader-text\">Urspr\u00fcnglicher Preis war: 57.95&euro;<\/span><ins aria-hidden=\"true\"><span class=\"woocommerce-Price-amount amount\"><bdi>55.00<span class=\"woocommerce-Price-currencySymbol\">&euro;<\/span><\/bdi><\/span><\/ins><span class=\"screen-reader-text\">Aktueller Preis ist: 55.00&euro;.<\/span><\/span>\n<\/div>\t<span id=\"woocommerce_loop_add_to_cart_link_describedby_40823\" class=\"screen-reader-text\">\n\t\t\t<\/span>\n\t\t\t\t\t\t\t<\/div>\n\t\t\t\t\t\t<\/div>\n\t\t\t\t\t\t<\/div>\n\t\t\t\t\t<\/div><div class=\"col\" >\n\t\t\t\t\t\t<div class=\"col-inner\">\n\t\t\t\t\t\t\n<div class=\"badge-container absolute left top z-1\">\n\n<div class=\"badge callout badge-circle\"><div class=\"badge-inner callout-new-bg is-small new-bubble\">NEW<\/div><\/div><\/div>\n\t\t\t\t\t\t<div class=\"product-small box has-hover box-push box-text-bottom\">\n\t\t\t\t\t\t\t<div class=\"box-image\" >\n\t\t\t\t\t\t\t\t<div class=\"\" >\n\t\t\t\t\t\t\t\t\t<a href=\"https:\/\/www.companhiaatlantica.pt\/de\/produto\/portugiesisches-leben\/modeartikel\/brillenbox\/brillenetui-namorados\" aria-label=\"Brillenetui NAMORADOS\">\n\t\t\t\t\t\t\t\t\t\t<img loading=\"lazy\" decoding=\"async\" width=\"700\" height=\"700\" src=\"https:\/\/www.companhiaatlantica.pt\/wp-content\/uploads\/2024\/08\/160-041--700x700.jpg\" class=\"show-on-hover absolute fill hide-for-small back-image\" alt=\"Alternative view of Brillenetui NAMORADOS\" aria-hidden=\"true\" srcset=\"https:\/\/www.companhiaatlantica.pt\/wp-content\/uploads\/2024\/08\/160-041--700x700.jpg 700w, https:\/\/www.companhiaatlantica.pt\/wp-content\/uploads\/2024\/08\/160-041--100x100.jpg 100w, https:\/\/www.companhiaatlantica.pt\/wp-content\/uploads\/2024\/08\/160-041--900x900.jpg 900w, https:\/\/www.companhiaatlantica.pt\/wp-content\/uploads\/2024\/08\/160-041--400x400.jpg 400w, https:\/\/www.companhiaatlantica.pt\/wp-content\/uploads\/2024\/08\/160-041--350x350.jpg 350w, https:\/\/www.companhiaatlantica.pt\/wp-content\/uploads\/2024\/08\/160-041--768x768.jpg 768w, https:\/\/www.companhiaatlantica.pt\/wp-content\/uploads\/2024\/08\/160-041-.jpg 1000w\" sizes=\"auto, (max-width: 700px) 100vw, 700px\" title=\"\"><img loading=\"lazy\" decoding=\"async\" width=\"700\" height=\"700\" src=\"https:\/\/www.companhiaatlantica.pt\/wp-content\/uploads\/2024\/04\/160-041-700x700.jpg\" class=\"attachment-woocommerce_thumbnail size-woocommerce_thumbnail\" alt=\"Brillenetui NAMORADOS\" srcset=\"https:\/\/www.companhiaatlantica.pt\/wp-content\/uploads\/2024\/04\/160-041-700x700.jpg 700w, https:\/\/www.companhiaatlantica.pt\/wp-content\/uploads\/2024\/04\/160-041-100x100.jpg 100w, https:\/\/www.companhiaatlantica.pt\/wp-content\/uploads\/2024\/04\/160-041-400x400.jpg 400w, https:\/\/www.companhiaatlantica.pt\/wp-content\/uploads\/2024\/04\/160-041-350x350.jpg 350w, https:\/\/www.companhiaatlantica.pt\/wp-content\/uploads\/2024\/04\/160-041-768x768.jpg 768w, https:\/\/www.companhiaatlantica.pt\/wp-content\/uploads\/2024\/04\/160-041-600x600.jpg 600w, https:\/\/www.companhiaatlantica.pt\/wp-content\/uploads\/2024\/04\/160-041.jpg 900w\" sizes=\"auto, (max-width: 700px) 100vw, 700px\" title=\"\">\t\t\t\t\t\t\t\t\t<\/a>\n\t\t\t\t\t\t\t\t\t\t\t\t\t\t\t\t\t\t \t\t\t\t\t\t\t\t<\/div>\n\t\t\t\t\t\t\t\t<div class=\"image-tools top right show-on-hover\">\n\t\t\t\t\t\t\t\t\t\t\t<div class=\"wishlist-icon\">\n\t\t\t<button class=\"wishlist-button button is-outline circle icon\" aria-label=\"Wunschliste\">\n\t\t\t\t<i class=\"icon-heart\" aria-hidden=\"true\"><\/i>\t\t\t<\/button>\n\t\t\t<div class=\"wishlist-popup dark\">\n\t\t\t\t\n<div\n\tclass=\"yith-wcwl-add-to-wishlist add-to-wishlist-58206 yith-wcwl-add-to-wishlist--button_default-style wishlist-fragment on-first-load\"\n\tdata-fragment-ref=\"58206\"\n\tdata-fragment-options=\"{&quot;base_url&quot;:&quot;&quot;,&quot;product_id&quot;:58206,&quot;parent_product_id&quot;:0,&quot;product_type&quot;:&quot;simple&quot;,&quot;is_single&quot;:false,&quot;in_default_wishlist&quot;:false,&quot;show_view&quot;:false,&quot;browse_wishlist_text&quot;:&quot;Siehe Ihre Wunschliste!&quot;,&quot;already_in_wishslist_text&quot;:&quot;Dieses Produkt steht bereits auf Ihrem Wunschzettel!&quot;,&quot;product_added_text&quot;:&quot;Produto adicionado!&quot;,&quot;available_multi_wishlist&quot;:false,&quot;disable_wishlist&quot;:false,&quot;show_count&quot;:false,&quot;ajax_loading&quot;:false,&quot;loop_position&quot;:&quot;after_add_to_cart&quot;,&quot;item&quot;:&quot;add_to_wishlist&quot;}\"\n>\n\t\t\t\n\t\t\t<!-- ADD TO WISHLIST -->\n\t\t\t\n<div class=\"yith-wcwl-add-button\">\n\t\t<a\n\t\thref=\"?add_to_wishlist=58206&#038;_wpnonce=52d31225f0\"\n\t\tclass=\"add_to_wishlist single_add_to_wishlist alt button theme-button-style \"\n\t\tdata-product-id=\"58206\"\n\t\tdata-product-type=\"simple\"\n\t\tdata-original-product-id=\"0\"\n\t\tdata-title=\"Zu meiner Wunschliste hinzuf\u00fcgen\"\n\t\trel=\"nofollow\"\n\t>\n\t\t<svg id=\"yith-wcwl-icon-heart-outline\" class=\"yith-wcwl-icon-svg\" fill=\"none\" stroke-width=\"1.5\" stroke=\"currentColor\" viewBox=\"0 0 24 24\" xmlns=\"http:\/\/www.w3.org\/2000\/svg\">\n  <path stroke-linecap=\"round\" stroke-linejoin=\"round\" d=\"M21 8.25c0-2.485-2.099-4.5-4.688-4.5-1.935 0-3.597 1.126-4.312 2.733-.715-1.607-2.377-2.733-4.313-2.733C5.1 3.75 3 5.765 3 8.25c0 7.22 9 12 9 12s9-4.78 9-12Z\"><\/path>\n<\/svg>\t\t<span>Zu meiner Wunschliste hinzuf\u00fcgen<\/span>\n\t<\/a>\n<\/div>\n\n\t\t\t<!-- COUNT TEXT -->\n\t\t\t\n\t\t\t<\/div>\n\t\t\t<\/div>\n\t\t<\/div>\n\t\t\t\t\t\t\t\t\t\t<\/div>\n\t\t\t\t\t\t\t\t\t\t\t\t\t\t\t\t\t<div class=\"image-tools grid-tools text-center hide-for-small bottom hover-slide-in show-on-hover\">\n\t\t\t\t\t\t\t\t\t\t\t\t\t\t\t\t\t\t\t<\/div>\n\t\t\t\t\t\t\t\t\t\t\t\t\t\t\t\t\t\t\t\t\t\t\t<\/div>\n\n\t\t\t\t\t\t\t<div class=\"box-text text-center\" >\n\t\t\t\t\t\t\t\t<div class=\"title-wrapper\"><p class=\"name product-title woocommerce-loop-product__title\"><a href=\"https:\/\/www.companhiaatlantica.pt\/de\/produto\/portugiesisches-leben\/modeartikel\/brillenbox\/brillenetui-namorados\" class=\"woocommerce-LoopProduct-link woocommerce-loop-product__link\">Brillenetui NAMORADOS<\/a><\/p><\/div><div class=\"price-wrapper\">\n\t<span class=\"price\"><span class=\"woocommerce-Price-amount amount\"><bdi>11.00<span class=\"woocommerce-Price-currencySymbol\">&euro;<\/span><\/bdi><\/span><\/span>\n<\/div>\t<span id=\"woocommerce_loop_add_to_cart_link_describedby_58206\" class=\"screen-reader-text\">\n\t\t\t<\/span>\n\t\t\t\t\t\t\t<\/div>\n\t\t\t\t\t\t<\/div>\n\t\t\t\t\t\t<\/div>\n\t\t\t\t\t<\/div><div class=\"col\" >\n\t\t\t\t\t\t<div class=\"col-inner\">\n\t\t\t\t\t\t\n<div class=\"badge-container absolute left top z-1\">\n\n<\/div>\n\t\t\t\t\t\t<div class=\"product-small box has-hover box-push box-text-bottom\">\n\t\t\t\t\t\t\t<div class=\"box-image\" >\n\t\t\t\t\t\t\t\t<div class=\"\" >\n\t\t\t\t\t\t\t\t\t<a href=\"https:\/\/www.companhiaatlantica.pt\/de\/produto\/portugiesisches-leben\/modeartikel\/einkaufstaschen-aus-baumwolle\/einkaufstasche-baumwolle-fliese-alicatos\" aria-label=\"Einkaufstasche Baumwolle Fliese ALICATOS\">\n\t\t\t\t\t\t\t\t\t\t<img loading=\"lazy\" decoding=\"async\" width=\"700\" height=\"700\" src=\"https:\/\/www.companhiaatlantica.pt\/wp-content\/uploads\/2024\/06\/170-045-blue-700x700.jpg\" class=\"show-on-hover absolute fill hide-for-small back-image\" alt=\"Alternative view of Einkaufstasche Baumwolle Fliese ALICATOS\" aria-hidden=\"true\" srcset=\"https:\/\/www.companhiaatlantica.pt\/wp-content\/uploads\/2024\/06\/170-045-blue-700x700.jpg 700w, https:\/\/www.companhiaatlantica.pt\/wp-content\/uploads\/2024\/06\/170-045-blue-100x100.jpg 100w, https:\/\/www.companhiaatlantica.pt\/wp-content\/uploads\/2024\/06\/170-045-blue-400x400.jpg 400w, https:\/\/www.companhiaatlantica.pt\/wp-content\/uploads\/2024\/06\/170-045-blue-350x350.jpg 350w, https:\/\/www.companhiaatlantica.pt\/wp-content\/uploads\/2024\/06\/170-045-blue-768x768.jpg 768w, https:\/\/www.companhiaatlantica.pt\/wp-content\/uploads\/2024\/06\/170-045-blue-600x600.jpg 600w, https:\/\/www.companhiaatlantica.pt\/wp-content\/uploads\/2024\/06\/170-045-blue.jpg 900w\" sizes=\"auto, (max-width: 700px) 100vw, 700px\" title=\"\"><img loading=\"lazy\" decoding=\"async\" width=\"700\" height=\"700\" src=\"https:\/\/www.companhiaatlantica.pt\/wp-content\/uploads\/2024\/06\/170-045-blue-700x700.jpg\" class=\"attachment-woocommerce_thumbnail size-woocommerce_thumbnail\" alt=\"Einkaufstasche Baumwolle Fliese ALICATOS\" srcset=\"https:\/\/www.companhiaatlantica.pt\/wp-content\/uploads\/2024\/06\/170-045-blue-700x700.jpg 700w, https:\/\/www.companhiaatlantica.pt\/wp-content\/uploads\/2024\/06\/170-045-blue-100x100.jpg 100w, https:\/\/www.companhiaatlantica.pt\/wp-content\/uploads\/2024\/06\/170-045-blue-400x400.jpg 400w, https:\/\/www.companhiaatlantica.pt\/wp-content\/uploads\/2024\/06\/170-045-blue-350x350.jpg 350w, https:\/\/www.companhiaatlantica.pt\/wp-content\/uploads\/2024\/06\/170-045-blue-768x768.jpg 768w, https:\/\/www.companhiaatlantica.pt\/wp-content\/uploads\/2024\/06\/170-045-blue-600x600.jpg 600w, https:\/\/www.companhiaatlantica.pt\/wp-content\/uploads\/2024\/06\/170-045-blue.jpg 900w\" sizes=\"auto, (max-width: 700px) 100vw, 700px\" title=\"\">\t\t\t\t\t\t\t\t\t<\/a>\n\t\t\t\t\t\t\t\t\t\t\t\t\t\t\t\t\t\t \t\t\t\t\t\t\t\t<\/div>\n\t\t\t\t\t\t\t\t<div class=\"image-tools top right show-on-hover\">\n\t\t\t\t\t\t\t\t\t\t\t<div class=\"wishlist-icon\">\n\t\t\t<button class=\"wishlist-button button is-outline circle icon\" aria-label=\"Wunschliste\">\n\t\t\t\t<i class=\"icon-heart\" aria-hidden=\"true\"><\/i>\t\t\t<\/button>\n\t\t\t<div class=\"wishlist-popup dark\">\n\t\t\t\t\n<div\n\tclass=\"yith-wcwl-add-to-wishlist add-to-wishlist-42160 yith-wcwl-add-to-wishlist--button_default-style wishlist-fragment on-first-load\"\n\tdata-fragment-ref=\"42160\"\n\tdata-fragment-options=\"{&quot;base_url&quot;:&quot;&quot;,&quot;product_id&quot;:42160,&quot;parent_product_id&quot;:0,&quot;product_type&quot;:&quot;simple&quot;,&quot;is_single&quot;:false,&quot;in_default_wishlist&quot;:false,&quot;show_view&quot;:false,&quot;browse_wishlist_text&quot;:&quot;Siehe Ihre Wunschliste!&quot;,&quot;already_in_wishslist_text&quot;:&quot;Dieses Produkt steht bereits auf Ihrem Wunschzettel!&quot;,&quot;product_added_text&quot;:&quot;Produto adicionado!&quot;,&quot;available_multi_wishlist&quot;:false,&quot;disable_wishlist&quot;:false,&quot;show_count&quot;:false,&quot;ajax_loading&quot;:false,&quot;loop_position&quot;:&quot;after_add_to_cart&quot;,&quot;item&quot;:&quot;add_to_wishlist&quot;}\"\n>\n\t\t\t\n\t\t\t<!-- ADD TO WISHLIST -->\n\t\t\t\n<div class=\"yith-wcwl-add-button\">\n\t\t<a\n\t\thref=\"?add_to_wishlist=42160&#038;_wpnonce=52d31225f0\"\n\t\tclass=\"add_to_wishlist single_add_to_wishlist alt button theme-button-style \"\n\t\tdata-product-id=\"42160\"\n\t\tdata-product-type=\"simple\"\n\t\tdata-original-product-id=\"0\"\n\t\tdata-title=\"Zu meiner Wunschliste hinzuf\u00fcgen\"\n\t\trel=\"nofollow\"\n\t>\n\t\t<svg id=\"yith-wcwl-icon-heart-outline\" class=\"yith-wcwl-icon-svg\" fill=\"none\" stroke-width=\"1.5\" stroke=\"currentColor\" viewBox=\"0 0 24 24\" xmlns=\"http:\/\/www.w3.org\/2000\/svg\">\n  <path stroke-linecap=\"round\" stroke-linejoin=\"round\" d=\"M21 8.25c0-2.485-2.099-4.5-4.688-4.5-1.935 0-3.597 1.126-4.312 2.733-.715-1.607-2.377-2.733-4.313-2.733C5.1 3.75 3 5.765 3 8.25c0 7.22 9 12 9 12s9-4.78 9-12Z\"><\/path>\n<\/svg>\t\t<span>Zu meiner Wunschliste hinzuf\u00fcgen<\/span>\n\t<\/a>\n<\/div>\n\n\t\t\t<!-- COUNT TEXT -->\n\t\t\t\n\t\t\t<\/div>\n\t\t\t<\/div>\n\t\t<\/div>\n\t\t\t\t\t\t\t\t\t\t<\/div>\n\t\t\t\t\t\t\t\t\t\t\t\t\t\t\t\t\t<div class=\"image-tools grid-tools text-center hide-for-small bottom hover-slide-in show-on-hover\">\n\t\t\t\t\t\t\t\t\t\t\t\t\t\t\t\t\t\t\t<\/div>\n\t\t\t\t\t\t\t\t\t\t\t\t\t\t\t\t\t\t\t\t\t\t\t<\/div>\n\n\t\t\t\t\t\t\t<div class=\"box-text text-center\" >\n\t\t\t\t\t\t\t\t<div class=\"title-wrapper\"><p class=\"name product-title woocommerce-loop-product__title\"><a href=\"https:\/\/www.companhiaatlantica.pt\/de\/produto\/portugiesisches-leben\/modeartikel\/einkaufstaschen-aus-baumwolle\/einkaufstasche-baumwolle-fliese-alicatos\" class=\"woocommerce-LoopProduct-link woocommerce-loop-product__link\">Einkaufstasche Baumwolle Fliese ALICATOS<\/a><\/p><\/div><div class=\"price-wrapper\">\n\t<span class=\"price\"><span class=\"woocommerce-Price-amount amount\"><bdi>22.00<span class=\"woocommerce-Price-currencySymbol\">&euro;<\/span><\/bdi><\/span><\/span>\n<\/div><div class=\"add-to-cart-button\"><a href=\"\/de\/wp-json\/wp\/v2\/pages\/66644?add-to-cart=42160\" aria-describedby=\"woocommerce_loop_add_to_cart_link_describedby_42160\" data-quantity=\"1\" class=\"primary is-small mb-0 button product_type_simple add_to_cart_button ajax_add_to_cart is-outline\" data-product_id=\"42160\" data-product_sku=\"170-045\" aria-label=\"In den Warenkorb legen: \u201eEinkaufstasche Baumwolle Fliese ALICATOS\u201c\" rel=\"nofollow\" data-success_message=\"\u201eEinkaufstasche Baumwolle Fliese ALICATOS\u201c wurde deinem Warenkorb hinzugef\u00fcgt\" data-product_name=\"Einkaufstasche Baumwolle Fliese ALICATOS\" data-product_image=\"https:\/\/www.companhiaatlantica.pt\/wp-content\/uploads\/2024\/06\/170-045-blue-350x350.jpg\" role=\"button\">In den Warenkorb<\/a><\/div>\t<span id=\"woocommerce_loop_add_to_cart_link_describedby_42160\" class=\"screen-reader-text\">\n\t\t\t<\/span>\n\t\t\t\t\t\t\t<\/div>\n\t\t\t\t\t\t<\/div>\n\t\t\t\t\t\t<\/div>\n\t\t\t\t\t<\/div><div class=\"col\" >\n\t\t\t\t\t\t<div class=\"col-inner\">\n\t\t\t\t\t\t\n<div class=\"badge-container absolute left top z-1\">\n\n<div class=\"badge callout badge-circle\"><div class=\"badge-inner callout-new-bg is-small new-bubble\">NEW<\/div><\/div><\/div>\n\t\t\t\t\t\t<div class=\"product-small box has-hover box-push box-text-bottom\">\n\t\t\t\t\t\t\t<div class=\"box-image\" >\n\t\t\t\t\t\t\t\t<div class=\"\" >\n\t\t\t\t\t\t\t\t\t<a href=\"https:\/\/www.companhiaatlantica.pt\/de\/produto\/portugiesisches-leben\/modeartikel\/brillenbox\/mikrofasertuch-namorados\" aria-label=\"Mikrofasertuch NAMORADOS\">\n\t\t\t\t\t\t\t\t\t\t<img loading=\"lazy\" decoding=\"async\" width=\"700\" height=\"700\" src=\"https:\/\/www.companhiaatlantica.pt\/wp-content\/uploads\/2024\/06\/160-145-700x700.jpg\" class=\"show-on-hover absolute fill hide-for-small back-image\" alt=\"Alternative view of Mikrofasertuch NAMORADOS\" aria-hidden=\"true\" srcset=\"https:\/\/www.companhiaatlantica.pt\/wp-content\/uploads\/2024\/06\/160-145-700x700.jpg 700w, https:\/\/www.companhiaatlantica.pt\/wp-content\/uploads\/2024\/06\/160-145-100x100.jpg 100w, https:\/\/www.companhiaatlantica.pt\/wp-content\/uploads\/2024\/06\/160-145-400x400.jpg 400w, https:\/\/www.companhiaatlantica.pt\/wp-content\/uploads\/2024\/06\/160-145-350x350.jpg 350w, https:\/\/www.companhiaatlantica.pt\/wp-content\/uploads\/2024\/06\/160-145-768x768.jpg 768w, https:\/\/www.companhiaatlantica.pt\/wp-content\/uploads\/2024\/06\/160-145-600x600.jpg 600w, https:\/\/www.companhiaatlantica.pt\/wp-content\/uploads\/2024\/06\/160-145.jpg 900w\" sizes=\"auto, (max-width: 700px) 100vw, 700px\" title=\"\"><img loading=\"lazy\" decoding=\"async\" width=\"700\" height=\"700\" src=\"https:\/\/www.companhiaatlantica.pt\/wp-content\/uploads\/2024\/06\/160-145_a-700x700.jpg\" class=\"attachment-woocommerce_thumbnail size-woocommerce_thumbnail\" alt=\"Mikrofasertuch NAMORADOS\" srcset=\"https:\/\/www.companhiaatlantica.pt\/wp-content\/uploads\/2024\/06\/160-145_a-700x700.jpg 700w, https:\/\/www.companhiaatlantica.pt\/wp-content\/uploads\/2024\/06\/160-145_a-100x100.jpg 100w, https:\/\/www.companhiaatlantica.pt\/wp-content\/uploads\/2024\/06\/160-145_a-900x900.jpg 900w, https:\/\/www.companhiaatlantica.pt\/wp-content\/uploads\/2024\/06\/160-145_a-400x400.jpg 400w, https:\/\/www.companhiaatlantica.pt\/wp-content\/uploads\/2024\/06\/160-145_a-350x350.jpg 350w, https:\/\/www.companhiaatlantica.pt\/wp-content\/uploads\/2024\/06\/160-145_a-768x768.jpg 768w, https:\/\/www.companhiaatlantica.pt\/wp-content\/uploads\/2024\/06\/160-145_a.jpg 1000w\" sizes=\"auto, (max-width: 700px) 100vw, 700px\" title=\"\">\t\t\t\t\t\t\t\t\t<\/a>\n\t\t\t\t\t\t\t\t\t\t\t\t\t\t\t\t\t\t \t\t\t\t\t\t\t\t<\/div>\n\t\t\t\t\t\t\t\t<div class=\"image-tools top right show-on-hover\">\n\t\t\t\t\t\t\t\t\t\t\t<div class=\"wishlist-icon\">\n\t\t\t<button class=\"wishlist-button button is-outline circle icon\" aria-label=\"Wunschliste\">\n\t\t\t\t<i class=\"icon-heart\" aria-hidden=\"true\"><\/i>\t\t\t<\/button>\n\t\t\t<div class=\"wishlist-popup dark\">\n\t\t\t\t\n<div\n\tclass=\"yith-wcwl-add-to-wishlist add-to-wishlist-59643 yith-wcwl-add-to-wishlist--button_default-style wishlist-fragment on-first-load\"\n\tdata-fragment-ref=\"59643\"\n\tdata-fragment-options=\"{&quot;base_url&quot;:&quot;&quot;,&quot;product_id&quot;:59643,&quot;parent_product_id&quot;:0,&quot;product_type&quot;:&quot;simple&quot;,&quot;is_single&quot;:false,&quot;in_default_wishlist&quot;:false,&quot;show_view&quot;:false,&quot;browse_wishlist_text&quot;:&quot;Siehe Ihre Wunschliste!&quot;,&quot;already_in_wishslist_text&quot;:&quot;Dieses Produkt steht bereits auf Ihrem Wunschzettel!&quot;,&quot;product_added_text&quot;:&quot;Produto adicionado!&quot;,&quot;available_multi_wishlist&quot;:false,&quot;disable_wishlist&quot;:false,&quot;show_count&quot;:false,&quot;ajax_loading&quot;:false,&quot;loop_position&quot;:&quot;after_add_to_cart&quot;,&quot;item&quot;:&quot;add_to_wishlist&quot;}\"\n>\n\t\t\t\n\t\t\t<!-- ADD TO WISHLIST -->\n\t\t\t\n<div class=\"yith-wcwl-add-button\">\n\t\t<a\n\t\thref=\"?add_to_wishlist=59643&#038;_wpnonce=52d31225f0\"\n\t\tclass=\"add_to_wishlist single_add_to_wishlist alt button theme-button-style \"\n\t\tdata-product-id=\"59643\"\n\t\tdata-product-type=\"simple\"\n\t\tdata-original-product-id=\"0\"\n\t\tdata-title=\"Zu meiner Wunschliste hinzuf\u00fcgen\"\n\t\trel=\"nofollow\"\n\t>\n\t\t<svg id=\"yith-wcwl-icon-heart-outline\" class=\"yith-wcwl-icon-svg\" fill=\"none\" stroke-width=\"1.5\" stroke=\"currentColor\" viewBox=\"0 0 24 24\" xmlns=\"http:\/\/www.w3.org\/2000\/svg\">\n  <path stroke-linecap=\"round\" stroke-linejoin=\"round\" d=\"M21 8.25c0-2.485-2.099-4.5-4.688-4.5-1.935 0-3.597 1.126-4.312 2.733-.715-1.607-2.377-2.733-4.313-2.733C5.1 3.75 3 5.765 3 8.25c0 7.22 9 12 9 12s9-4.78 9-12Z\"><\/path>\n<\/svg>\t\t<span>Zu meiner Wunschliste hinzuf\u00fcgen<\/span>\n\t<\/a>\n<\/div>\n\n\t\t\t<!-- COUNT TEXT -->\n\t\t\t\n\t\t\t<\/div>\n\t\t\t<\/div>\n\t\t<\/div>\n\t\t\t\t\t\t\t\t\t\t<\/div>\n\t\t\t\t\t\t\t\t\t\t\t\t\t\t\t\t\t<div class=\"image-tools grid-tools text-center hide-for-small bottom hover-slide-in show-on-hover\">\n\t\t\t\t\t\t\t\t\t\t\t\t\t\t\t\t\t\t\t<\/div>\n\t\t\t\t\t\t\t\t\t\t\t\t\t\t\t\t\t\t\t\t\t\t\t<\/div>\n\n\t\t\t\t\t\t\t<div class=\"box-text text-center\" >\n\t\t\t\t\t\t\t\t<div class=\"title-wrapper\"><p class=\"name product-title woocommerce-loop-product__title\"><a href=\"https:\/\/www.companhiaatlantica.pt\/de\/produto\/portugiesisches-leben\/modeartikel\/brillenbox\/mikrofasertuch-namorados\" class=\"woocommerce-LoopProduct-link woocommerce-loop-product__link\">Mikrofasertuch NAMORADOS<\/a><\/p><\/div><div class=\"price-wrapper\">\n\t<span class=\"price\"><span class=\"woocommerce-Price-amount amount\"><bdi>3.50<span class=\"woocommerce-Price-currencySymbol\">&euro;<\/span><\/bdi><\/span><\/span>\n<\/div>\t<span id=\"woocommerce_loop_add_to_cart_link_describedby_59643\" class=\"screen-reader-text\">\n\t\t\t<\/span>\n\t\t\t\t\t\t\t<\/div>\n\t\t\t\t\t\t<\/div>\n\t\t\t\t\t\t<\/div>\n\t\t\t\t\t<\/div><div class=\"col\" >\n\t\t\t\t\t\t<div class=\"col-inner\">\n\t\t\t\t\t\t\n<div class=\"badge-container absolute left top z-1\">\n\n<\/div>\n\t\t\t\t\t\t<div class=\"product-small box has-hover box-push box-text-bottom\">\n\t\t\t\t\t\t\t<div class=\"box-image\" >\n\t\t\t\t\t\t\t\t<div class=\"\" >\n\t\t\t\t\t\t\t\t\t<a href=\"https:\/\/www.companhiaatlantica.pt\/de\/produto\/portugiesisches-leben\/modeartikel\/einkaufstaschen-aus-baumwolle\/einkaufstasche-baumwolle-lisboa-portugal\" aria-label=\"Einkaufstasche Baumwolle Lisboa - Portugal\">\n\t\t\t\t\t\t\t\t\t\t<img loading=\"lazy\" decoding=\"async\" width=\"700\" height=\"700\" src=\"https:\/\/www.companhiaatlantica.pt\/wp-content\/uploads\/2023\/12\/170-043-back-700x700.jpg\" class=\"show-on-hover absolute fill hide-for-small back-image\" alt=\"Alternative view of Einkaufstasche Baumwolle Lisboa - Portugal\" aria-hidden=\"true\" srcset=\"https:\/\/www.companhiaatlantica.pt\/wp-content\/uploads\/2023\/12\/170-043-back-700x700.jpg 700w, https:\/\/www.companhiaatlantica.pt\/wp-content\/uploads\/2023\/12\/170-043-back-100x100.jpg 100w, https:\/\/www.companhiaatlantica.pt\/wp-content\/uploads\/2023\/12\/170-043-back-900x900.jpg 900w, https:\/\/www.companhiaatlantica.pt\/wp-content\/uploads\/2023\/12\/170-043-back-400x400.jpg 400w, https:\/\/www.companhiaatlantica.pt\/wp-content\/uploads\/2023\/12\/170-043-back-350x350.jpg 350w, https:\/\/www.companhiaatlantica.pt\/wp-content\/uploads\/2023\/12\/170-043-back-768x768.jpg 768w, https:\/\/www.companhiaatlantica.pt\/wp-content\/uploads\/2023\/12\/170-043-back.jpg 1000w\" sizes=\"auto, (max-width: 700px) 100vw, 700px\" title=\"\"><img loading=\"lazy\" decoding=\"async\" width=\"700\" height=\"700\" src=\"https:\/\/www.companhiaatlantica.pt\/wp-content\/uploads\/2023\/12\/170-043-700x700.jpg\" class=\"attachment-woocommerce_thumbnail size-woocommerce_thumbnail\" alt=\"Einkaufstasche Baumwolle Lisboa - Portugal\" srcset=\"https:\/\/www.companhiaatlantica.pt\/wp-content\/uploads\/2023\/12\/170-043-700x700.jpg 700w, https:\/\/www.companhiaatlantica.pt\/wp-content\/uploads\/2023\/12\/170-043-100x100.jpg 100w, https:\/\/www.companhiaatlantica.pt\/wp-content\/uploads\/2023\/12\/170-043-900x900.jpg 900w, https:\/\/www.companhiaatlantica.pt\/wp-content\/uploads\/2023\/12\/170-043-400x400.jpg 400w, https:\/\/www.companhiaatlantica.pt\/wp-content\/uploads\/2023\/12\/170-043-350x350.jpg 350w, https:\/\/www.companhiaatlantica.pt\/wp-content\/uploads\/2023\/12\/170-043-768x768.jpg 768w, https:\/\/www.companhiaatlantica.pt\/wp-content\/uploads\/2023\/12\/170-043.jpg 1000w\" sizes=\"auto, (max-width: 700px) 100vw, 700px\" title=\"\">\t\t\t\t\t\t\t\t\t<\/a>\n\t\t\t\t\t\t\t\t\t\t\t\t\t\t\t\t\t\t \t\t\t\t\t\t\t\t<\/div>\n\t\t\t\t\t\t\t\t<div class=\"image-tools top right show-on-hover\">\n\t\t\t\t\t\t\t\t\t\t\t<div class=\"wishlist-icon\">\n\t\t\t<button class=\"wishlist-button button is-outline circle icon\" aria-label=\"Wunschliste\">\n\t\t\t\t<i class=\"icon-heart\" aria-hidden=\"true\"><\/i>\t\t\t<\/button>\n\t\t\t<div class=\"wishlist-popup dark\">\n\t\t\t\t\n<div\n\tclass=\"yith-wcwl-add-to-wishlist add-to-wishlist-51979 yith-wcwl-add-to-wishlist--button_default-style wishlist-fragment on-first-load\"\n\tdata-fragment-ref=\"51979\"\n\tdata-fragment-options=\"{&quot;base_url&quot;:&quot;&quot;,&quot;product_id&quot;:51979,&quot;parent_product_id&quot;:0,&quot;product_type&quot;:&quot;simple&quot;,&quot;is_single&quot;:false,&quot;in_default_wishlist&quot;:false,&quot;show_view&quot;:false,&quot;browse_wishlist_text&quot;:&quot;Siehe Ihre Wunschliste!&quot;,&quot;already_in_wishslist_text&quot;:&quot;Dieses Produkt steht bereits auf Ihrem Wunschzettel!&quot;,&quot;product_added_text&quot;:&quot;Produto adicionado!&quot;,&quot;available_multi_wishlist&quot;:false,&quot;disable_wishlist&quot;:false,&quot;show_count&quot;:false,&quot;ajax_loading&quot;:false,&quot;loop_position&quot;:&quot;after_add_to_cart&quot;,&quot;item&quot;:&quot;add_to_wishlist&quot;}\"\n>\n\t\t\t\n\t\t\t<!-- ADD TO WISHLIST -->\n\t\t\t\n<div class=\"yith-wcwl-add-button\">\n\t\t<a\n\t\thref=\"?add_to_wishlist=51979&#038;_wpnonce=52d31225f0\"\n\t\tclass=\"add_to_wishlist single_add_to_wishlist alt button theme-button-style \"\n\t\tdata-product-id=\"51979\"\n\t\tdata-product-type=\"simple\"\n\t\tdata-original-product-id=\"0\"\n\t\tdata-title=\"Zu meiner Wunschliste hinzuf\u00fcgen\"\n\t\trel=\"nofollow\"\n\t>\n\t\t<svg id=\"yith-wcwl-icon-heart-outline\" class=\"yith-wcwl-icon-svg\" fill=\"none\" stroke-width=\"1.5\" stroke=\"currentColor\" viewBox=\"0 0 24 24\" xmlns=\"http:\/\/www.w3.org\/2000\/svg\">\n  <path stroke-linecap=\"round\" stroke-linejoin=\"round\" d=\"M21 8.25c0-2.485-2.099-4.5-4.688-4.5-1.935 0-3.597 1.126-4.312 2.733-.715-1.607-2.377-2.733-4.313-2.733C5.1 3.75 3 5.765 3 8.25c0 7.22 9 12 9 12s9-4.78 9-12Z\"><\/path>\n<\/svg>\t\t<span>Zu meiner Wunschliste hinzuf\u00fcgen<\/span>\n\t<\/a>\n<\/div>\n\n\t\t\t<!-- COUNT TEXT -->\n\t\t\t\n\t\t\t<\/div>\n\t\t\t<\/div>\n\t\t<\/div>\n\t\t\t\t\t\t\t\t\t\t<\/div>\n\t\t\t\t\t\t\t\t\t\t\t\t\t\t\t\t\t<div class=\"image-tools grid-tools text-center hide-for-small bottom hover-slide-in show-on-hover\">\n\t\t\t\t\t\t\t\t\t\t\t\t\t\t\t\t\t\t\t<\/div>\n\t\t\t\t\t\t\t\t\t\t\t\t\t\t\t\t\t\t\t\t\t\t\t<\/div>\n\n\t\t\t\t\t\t\t<div class=\"box-text text-center\" >\n\t\t\t\t\t\t\t\t<div class=\"title-wrapper\"><p class=\"name product-title woocommerce-loop-product__title\"><a href=\"https:\/\/www.companhiaatlantica.pt\/de\/produto\/portugiesisches-leben\/modeartikel\/einkaufstaschen-aus-baumwolle\/einkaufstasche-baumwolle-lisboa-portugal\" class=\"woocommerce-LoopProduct-link woocommerce-loop-product__link\">Einkaufstasche Baumwolle Lisboa &#8211; Portugal<\/a><\/p><\/div><div class=\"price-wrapper\">\n\t<span class=\"price\"><span class=\"woocommerce-Price-amount amount\"><bdi>22.00<span class=\"woocommerce-Price-currencySymbol\">&euro;<\/span><\/bdi><\/span><\/span>\n<\/div><div class=\"add-to-cart-button\"><a href=\"\/de\/wp-json\/wp\/v2\/pages\/66644?add-to-cart=51979\" aria-describedby=\"woocommerce_loop_add_to_cart_link_describedby_51979\" data-quantity=\"1\" class=\"primary is-small mb-0 button product_type_simple add_to_cart_button ajax_add_to_cart is-outline\" data-product_id=\"51979\" data-product_sku=\"170-043\" aria-label=\"In den Warenkorb legen: \u201eEinkaufstasche Baumwolle Lisboa - Portugal\u201c\" rel=\"nofollow\" data-success_message=\"\u201eEinkaufstasche Baumwolle Lisboa - Portugal\u201c wurde deinem Warenkorb hinzugef\u00fcgt\" data-product_name=\"Einkaufstasche Baumwolle Lisboa - Portugal\" data-product_image=\"https:\/\/www.companhiaatlantica.pt\/wp-content\/uploads\/2023\/12\/170-043-350x350.jpg\" role=\"button\">In den Warenkorb<\/a><\/div>\t<span id=\"woocommerce_loop_add_to_cart_link_describedby_51979\" class=\"screen-reader-text\">\n\t\t\t<\/span>\n\t\t\t\t\t\t\t<\/div>\n\t\t\t\t\t\t<\/div>\n\t\t\t\t\t\t<\/div>\n\t\t\t\t\t<\/div><div class=\"col\" >\n\t\t\t\t\t\t<div class=\"col-inner\">\n\t\t\t\t\t\t\n<div class=\"badge-container absolute left top z-1\">\n\n<\/div>\n\t\t\t\t\t\t<div class=\"product-small box has-hover box-push box-text-bottom\">\n\t\t\t\t\t\t\t<div class=\"box-image\" >\n\t\t\t\t\t\t\t\t<div class=\"\" >\n\t\t\t\t\t\t\t\t\t<a href=\"https:\/\/www.companhiaatlantica.pt\/de\/produto\/portugiesisches-leben\/haushaltsartikel\/tassen-und-becher\/rossio-becher\" aria-label=\"ROSSIO Becher\">\n\t\t\t\t\t\t\t\t\t\t<img loading=\"lazy\" decoding=\"async\" width=\"700\" height=\"700\" src=\"https:\/\/www.companhiaatlantica.pt\/wp-content\/uploads\/2022\/12\/130-727-700x700.jpg\" class=\"show-on-hover absolute fill hide-for-small back-image\" alt=\"Alternative view of ROSSIO Becher\" aria-hidden=\"true\" srcset=\"https:\/\/www.companhiaatlantica.pt\/wp-content\/uploads\/2022\/12\/130-727-700x700.jpg 700w, https:\/\/www.companhiaatlantica.pt\/wp-content\/uploads\/2022\/12\/130-727-100x100.jpg 100w, https:\/\/www.companhiaatlantica.pt\/wp-content\/uploads\/2022\/12\/130-727-900x900.jpg 900w, https:\/\/www.companhiaatlantica.pt\/wp-content\/uploads\/2022\/12\/130-727-300x300.jpg 300w, https:\/\/www.companhiaatlantica.pt\/wp-content\/uploads\/2022\/12\/130-727-150x150.jpg 150w, https:\/\/www.companhiaatlantica.pt\/wp-content\/uploads\/2022\/12\/130-727-768x768.jpg 768w, https:\/\/www.companhiaatlantica.pt\/wp-content\/uploads\/2022\/12\/130-727-600x600.jpg 600w, https:\/\/www.companhiaatlantica.pt\/wp-content\/uploads\/2022\/12\/130-727.jpg 1000w\" sizes=\"auto, (max-width: 700px) 100vw, 700px\" title=\"\"><img loading=\"lazy\" decoding=\"async\" width=\"700\" height=\"700\" src=\"https:\/\/www.companhiaatlantica.pt\/wp-content\/uploads\/2022\/12\/Canecas-Rossio-700x700.jpg\" class=\"attachment-woocommerce_thumbnail size-woocommerce_thumbnail\" alt=\"As canecas ROSSIO tem capacidade de 300ml\" srcset=\"https:\/\/www.companhiaatlantica.pt\/wp-content\/uploads\/2022\/12\/Canecas-Rossio-700x700.jpg 700w, https:\/\/www.companhiaatlantica.pt\/wp-content\/uploads\/2022\/12\/Canecas-Rossio-100x100.jpg 100w, https:\/\/www.companhiaatlantica.pt\/wp-content\/uploads\/2022\/12\/Canecas-Rossio-900x900.jpg 900w, https:\/\/www.companhiaatlantica.pt\/wp-content\/uploads\/2022\/12\/Canecas-Rossio-300x300.jpg 300w, https:\/\/www.companhiaatlantica.pt\/wp-content\/uploads\/2022\/12\/Canecas-Rossio-150x150.jpg 150w, https:\/\/www.companhiaatlantica.pt\/wp-content\/uploads\/2022\/12\/Canecas-Rossio-768x768.jpg 768w, https:\/\/www.companhiaatlantica.pt\/wp-content\/uploads\/2022\/12\/Canecas-Rossio-600x600.jpg 600w, https:\/\/www.companhiaatlantica.pt\/wp-content\/uploads\/2022\/12\/Canecas-Rossio.jpg 1000w\" sizes=\"auto, (max-width: 700px) 100vw, 700px\" title=\"\">\t\t\t\t\t\t\t\t\t<\/a>\n\t\t\t\t\t\t\t\t\t\t\t\t\t\t\t\t\t\t \t\t\t\t\t\t\t\t<\/div>\n\t\t\t\t\t\t\t\t<div class=\"image-tools top right show-on-hover\">\n\t\t\t\t\t\t\t\t\t\t\t<div class=\"wishlist-icon\">\n\t\t\t<button class=\"wishlist-button button is-outline circle icon\" aria-label=\"Wunschliste\">\n\t\t\t\t<i class=\"icon-heart\" aria-hidden=\"true\"><\/i>\t\t\t<\/button>\n\t\t\t<div class=\"wishlist-popup dark\">\n\t\t\t\t\n<div\n\tclass=\"yith-wcwl-add-to-wishlist add-to-wishlist-40862 yith-wcwl-add-to-wishlist--button_default-style wishlist-fragment on-first-load\"\n\tdata-fragment-ref=\"40862\"\n\tdata-fragment-options=\"{&quot;base_url&quot;:&quot;&quot;,&quot;product_id&quot;:40862,&quot;parent_product_id&quot;:0,&quot;product_type&quot;:&quot;variable&quot;,&quot;is_single&quot;:false,&quot;in_default_wishlist&quot;:false,&quot;show_view&quot;:false,&quot;browse_wishlist_text&quot;:&quot;Siehe Ihre Wunschliste!&quot;,&quot;already_in_wishslist_text&quot;:&quot;Dieses Produkt steht bereits auf Ihrem Wunschzettel!&quot;,&quot;product_added_text&quot;:&quot;Produto adicionado!&quot;,&quot;available_multi_wishlist&quot;:false,&quot;disable_wishlist&quot;:false,&quot;show_count&quot;:false,&quot;ajax_loading&quot;:false,&quot;loop_position&quot;:&quot;after_add_to_cart&quot;,&quot;item&quot;:&quot;add_to_wishlist&quot;}\"\n>\n\t\t\t\n\t\t\t<!-- ADD TO WISHLIST -->\n\t\t\t\n<div class=\"yith-wcwl-add-button\">\n\t\t<a\n\t\thref=\"?add_to_wishlist=40862&#038;_wpnonce=52d31225f0\"\n\t\tclass=\"add_to_wishlist single_add_to_wishlist alt button theme-button-style \"\n\t\tdata-product-id=\"40862\"\n\t\tdata-product-type=\"variable\"\n\t\tdata-original-product-id=\"0\"\n\t\tdata-title=\"Zu meiner Wunschliste hinzuf\u00fcgen\"\n\t\trel=\"nofollow\"\n\t>\n\t\t<svg id=\"yith-wcwl-icon-heart-outline\" class=\"yith-wcwl-icon-svg\" fill=\"none\" stroke-width=\"1.5\" stroke=\"currentColor\" viewBox=\"0 0 24 24\" xmlns=\"http:\/\/www.w3.org\/2000\/svg\">\n  <path stroke-linecap=\"round\" stroke-linejoin=\"round\" d=\"M21 8.25c0-2.485-2.099-4.5-4.688-4.5-1.935 0-3.597 1.126-4.312 2.733-.715-1.607-2.377-2.733-4.313-2.733C5.1 3.75 3 5.765 3 8.25c0 7.22 9 12 9 12s9-4.78 9-12Z\"><\/path>\n<\/svg>\t\t<span>Zu meiner Wunschliste hinzuf\u00fcgen<\/span>\n\t<\/a>\n<\/div>\n\n\t\t\t<!-- COUNT TEXT -->\n\t\t\t\n\t\t\t<\/div>\n\t\t\t<\/div>\n\t\t<\/div>\n\t\t\t\t\t\t\t\t\t\t<\/div>\n\t\t\t\t\t\t\t\t\t\t\t\t\t\t\t\t\t<div class=\"image-tools grid-tools text-center hide-for-small bottom hover-slide-in show-on-hover\">\n\t\t\t\t\t\t\t\t\t\t\t\t\t\t\t\t\t\t\t<\/div>\n\t\t\t\t\t\t\t\t\t\t\t\t\t\t\t\t\t\t\t\t\t\t\t<\/div>\n\n\t\t\t\t\t\t\t<div class=\"box-text text-center\" >\n\t\t\t\t\t\t\t\t<div class=\"title-wrapper\"><p class=\"name product-title woocommerce-loop-product__title\"><a href=\"https:\/\/www.companhiaatlantica.pt\/de\/produto\/portugiesisches-leben\/haushaltsartikel\/tassen-und-becher\/rossio-becher\" class=\"woocommerce-LoopProduct-link woocommerce-loop-product__link\">ROSSIO Becher<\/a><\/p><\/div><div class=\"price-wrapper\">\n\t<span class=\"price\"><span class=\"woocommerce-Price-amount amount\"><bdi>14.95<span class=\"woocommerce-Price-currencySymbol\">&euro;<\/span><\/bdi><\/span><\/span>\n<\/div><div class=\"add-to-cart-button\"><a href=\"https:\/\/www.companhiaatlantica.pt\/de\/produto\/portugiesisches-leben\/haushaltsartikel\/tassen-und-becher\/rossio-becher\" aria-describedby=\"woocommerce_loop_add_to_cart_link_describedby_40862\" data-quantity=\"1\" class=\"primary is-small mb-0 button product_type_variable add_to_cart_button is-outline\" data-product_id=\"40862\" data-product_sku=\"\" aria-label=\"W\u00e4hle Optionen f\u00fcr \u201eROSSIO Becher\u201c\" rel=\"nofollow\" data-product_name=\"ROSSIO Becher\" data-product_image=\"https:\/\/www.companhiaatlantica.pt\/wp-content\/uploads\/2022\/12\/Canecas-Rossio-150x150.jpg\">Ausf\u00fchrung w\u00e4hlen<\/a><\/div>\t<span id=\"woocommerce_loop_add_to_cart_link_describedby_40862\" class=\"screen-reader-text\">\n\t\tDieses Produkt weist mehrere Varianten auf. Die Optionen k\u00f6nnen auf der Produktseite gew\u00e4hlt werden\t<\/span>\n\t\t\t\t\t\t\t<\/div>\n\t\t\t\t\t\t<\/div>\n\t\t\t\t\t\t<\/div>\n\t\t\t\t\t<\/div><div class=\"col\" >\n\t\t\t\t\t\t<div class=\"col-inner\">\n\t\t\t\t\t\t\n<div class=\"badge-container absolute left top z-1\">\n\n<div class=\"badge callout badge-circle\"><div class=\"badge-inner callout-new-bg is-small new-bubble\">NEW<\/div><\/div><\/div>\n\t\t\t\t\t\t<div class=\"product-small box has-hover box-push box-text-bottom\">\n\t\t\t\t\t\t\t<div class=\"box-image\" >\n\t\t\t\t\t\t\t\t<div class=\"\" >\n\t\t\t\t\t\t\t\t\t<a href=\"https:\/\/www.companhiaatlantica.pt\/de\/produto\/portugiesisches-leben\/modeartikel\/einkaufstaschen-aus-baumwolle\/einkaufstasche-alicatos\" aria-label=\"Einkaufstasche ALICATOS\">\n\t\t\t\t\t\t\t\t\t\t<img loading=\"lazy\" decoding=\"async\" width=\"700\" height=\"700\" src=\"https:\/\/www.companhiaatlantica.pt\/wp-content\/uploads\/2024\/04\/170-295_a-700x700.jpg\" class=\"show-on-hover absolute fill hide-for-small back-image\" alt=\"Alternative view of Einkaufstasche ALICATOS\" aria-hidden=\"true\" srcset=\"https:\/\/www.companhiaatlantica.pt\/wp-content\/uploads\/2024\/04\/170-295_a-700x700.jpg 700w, https:\/\/www.companhiaatlantica.pt\/wp-content\/uploads\/2024\/04\/170-295_a-100x100.jpg 100w, https:\/\/www.companhiaatlantica.pt\/wp-content\/uploads\/2024\/04\/170-295_a-900x900.jpg 900w, https:\/\/www.companhiaatlantica.pt\/wp-content\/uploads\/2024\/04\/170-295_a-400x400.jpg 400w, https:\/\/www.companhiaatlantica.pt\/wp-content\/uploads\/2024\/04\/170-295_a-350x350.jpg 350w, https:\/\/www.companhiaatlantica.pt\/wp-content\/uploads\/2024\/04\/170-295_a-768x768.jpg 768w, https:\/\/www.companhiaatlantica.pt\/wp-content\/uploads\/2024\/04\/170-295_a.jpg 1000w\" sizes=\"auto, (max-width: 700px) 100vw, 700px\" title=\"\"><img loading=\"lazy\" decoding=\"async\" width=\"700\" height=\"700\" src=\"https:\/\/www.companhiaatlantica.pt\/wp-content\/uploads\/2024\/04\/170-295-700x700.jpg\" class=\"attachment-woocommerce_thumbnail size-woocommerce_thumbnail\" alt=\"Einkaufstasche ALICATOS\" srcset=\"https:\/\/www.companhiaatlantica.pt\/wp-content\/uploads\/2024\/04\/170-295-700x700.jpg 700w, https:\/\/www.companhiaatlantica.pt\/wp-content\/uploads\/2024\/04\/170-295-100x100.jpg 100w, https:\/\/www.companhiaatlantica.pt\/wp-content\/uploads\/2024\/04\/170-295-900x900.jpg 900w, https:\/\/www.companhiaatlantica.pt\/wp-content\/uploads\/2024\/04\/170-295-400x400.jpg 400w, https:\/\/www.companhiaatlantica.pt\/wp-content\/uploads\/2024\/04\/170-295-350x350.jpg 350w, https:\/\/www.companhiaatlantica.pt\/wp-content\/uploads\/2024\/04\/170-295-768x768.jpg 768w, https:\/\/www.companhiaatlantica.pt\/wp-content\/uploads\/2024\/04\/170-295.jpg 1000w\" sizes=\"auto, (max-width: 700px) 100vw, 700px\" title=\"\">\t\t\t\t\t\t\t\t\t<\/a>\n\t\t\t\t\t\t\t\t\t\t\t\t\t\t\t\t\t\t \t\t\t\t\t\t\t\t<\/div>\n\t\t\t\t\t\t\t\t<div class=\"image-tools top right show-on-hover\">\n\t\t\t\t\t\t\t\t\t\t\t<div class=\"wishlist-icon\">\n\t\t\t<button class=\"wishlist-button button is-outline circle icon\" aria-label=\"Wunschliste\">\n\t\t\t\t<i class=\"icon-heart\" aria-hidden=\"true\"><\/i>\t\t\t<\/button>\n\t\t\t<div class=\"wishlist-popup dark\">\n\t\t\t\t\n<div\n\tclass=\"yith-wcwl-add-to-wishlist add-to-wishlist-56153 yith-wcwl-add-to-wishlist--button_default-style wishlist-fragment on-first-load\"\n\tdata-fragment-ref=\"56153\"\n\tdata-fragment-options=\"{&quot;base_url&quot;:&quot;&quot;,&quot;product_id&quot;:56153,&quot;parent_product_id&quot;:0,&quot;product_type&quot;:&quot;simple&quot;,&quot;is_single&quot;:false,&quot;in_default_wishlist&quot;:false,&quot;show_view&quot;:false,&quot;browse_wishlist_text&quot;:&quot;Siehe Ihre Wunschliste!&quot;,&quot;already_in_wishslist_text&quot;:&quot;Dieses Produkt steht bereits auf Ihrem Wunschzettel!&quot;,&quot;product_added_text&quot;:&quot;Produto adicionado!&quot;,&quot;available_multi_wishlist&quot;:false,&quot;disable_wishlist&quot;:false,&quot;show_count&quot;:false,&quot;ajax_loading&quot;:false,&quot;loop_position&quot;:&quot;after_add_to_cart&quot;,&quot;item&quot;:&quot;add_to_wishlist&quot;}\"\n>\n\t\t\t\n\t\t\t<!-- ADD TO WISHLIST -->\n\t\t\t\n<div class=\"yith-wcwl-add-button\">\n\t\t<a\n\t\thref=\"?add_to_wishlist=56153&#038;_wpnonce=52d31225f0\"\n\t\tclass=\"add_to_wishlist single_add_to_wishlist alt button theme-button-style \"\n\t\tdata-product-id=\"56153\"\n\t\tdata-product-type=\"simple\"\n\t\tdata-original-product-id=\"0\"\n\t\tdata-title=\"Zu meiner Wunschliste hinzuf\u00fcgen\"\n\t\trel=\"nofollow\"\n\t>\n\t\t<svg id=\"yith-wcwl-icon-heart-outline\" class=\"yith-wcwl-icon-svg\" fill=\"none\" stroke-width=\"1.5\" stroke=\"currentColor\" viewBox=\"0 0 24 24\" xmlns=\"http:\/\/www.w3.org\/2000\/svg\">\n  <path stroke-linecap=\"round\" stroke-linejoin=\"round\" d=\"M21 8.25c0-2.485-2.099-4.5-4.688-4.5-1.935 0-3.597 1.126-4.312 2.733-.715-1.607-2.377-2.733-4.313-2.733C5.1 3.75 3 5.765 3 8.25c0 7.22 9 12 9 12s9-4.78 9-12Z\"><\/path>\n<\/svg>\t\t<span>Zu meiner Wunschliste hinzuf\u00fcgen<\/span>\n\t<\/a>\n<\/div>\n\n\t\t\t<!-- COUNT TEXT -->\n\t\t\t\n\t\t\t<\/div>\n\t\t\t<\/div>\n\t\t<\/div>\n\t\t\t\t\t\t\t\t\t\t<\/div>\n\t\t\t\t\t\t\t\t\t\t\t\t\t\t\t\t\t<div class=\"image-tools grid-tools text-center hide-for-small bottom hover-slide-in show-on-hover\">\n\t\t\t\t\t\t\t\t\t\t\t\t\t\t\t\t\t\t\t<\/div>\n\t\t\t\t\t\t\t\t\t\t\t\t\t\t\t\t\t\t\t\t\t\t\t<\/div>\n\n\t\t\t\t\t\t\t<div class=\"box-text text-center\" >\n\t\t\t\t\t\t\t\t<div class=\"title-wrapper\"><p class=\"name product-title woocommerce-loop-product__title\"><a href=\"https:\/\/www.companhiaatlantica.pt\/de\/produto\/portugiesisches-leben\/modeartikel\/einkaufstaschen-aus-baumwolle\/einkaufstasche-alicatos\" class=\"woocommerce-LoopProduct-link woocommerce-loop-product__link\">Einkaufstasche ALICATOS<\/a><\/p><\/div><div class=\"price-wrapper\">\n\t<span class=\"price\"><span class=\"woocommerce-Price-amount amount\"><bdi>26.50<span class=\"woocommerce-Price-currencySymbol\">&euro;<\/span><\/bdi><\/span><\/span>\n<\/div><div class=\"add-to-cart-button\"><a href=\"\/de\/wp-json\/wp\/v2\/pages\/66644?add-to-cart=56153\" aria-describedby=\"woocommerce_loop_add_to_cart_link_describedby_56153\" data-quantity=\"1\" class=\"primary is-small mb-0 button product_type_simple add_to_cart_button ajax_add_to_cart is-outline\" data-product_id=\"56153\" data-product_sku=\"170-295\" aria-label=\"In den Warenkorb legen: \u201eEinkaufstasche ALICATOS\u201c\" rel=\"nofollow\" data-success_message=\"\u201eEinkaufstasche ALICATOS\u201c wurde deinem Warenkorb hinzugef\u00fcgt\" data-product_name=\"Einkaufstasche ALICATOS\" data-product_image=\"https:\/\/www.companhiaatlantica.pt\/wp-content\/uploads\/2024\/04\/170-295-350x350.jpg\" role=\"button\">In den Warenkorb<\/a><\/div>\t<span id=\"woocommerce_loop_add_to_cart_link_describedby_56153\" class=\"screen-reader-text\">\n\t\t\t<\/span>\n\t\t\t\t\t\t\t<\/div>\n\t\t\t\t\t\t<\/div>\n\t\t\t\t\t\t<\/div>\n\t\t\t\t\t<\/div><div class=\"col\" >\n\t\t\t\t\t\t<div class=\"col-inner\">\n\t\t\t\t\t\t\n<div class=\"badge-container absolute left top z-1\">\n\n<div class=\"badge callout badge-circle\"><div class=\"badge-inner callout-new-bg is-small new-bubble\">NEW<\/div><\/div><\/div>\n\t\t\t\t\t\t<div class=\"product-small box has-hover box-push box-text-bottom\">\n\t\t\t\t\t\t\t<div class=\"box-image\" >\n\t\t\t\t\t\t\t\t<div class=\"\" >\n\t\t\t\t\t\t\t\t\t<a href=\"https:\/\/www.companhiaatlantica.pt\/de\/produto\/portugiesisches-leben\/modeartikel\/brillenbox\/blau-mikrofasertuch-azulejo\" aria-label=\"Blau Mikrofasertuch AZULEJO\">\n\t\t\t\t\t\t\t\t\t\t<img loading=\"lazy\" decoding=\"async\" width=\"700\" height=\"700\" src=\"https:\/\/www.companhiaatlantica.pt\/wp-content\/uploads\/2024\/06\/160-143-700x700.jpg\" class=\"show-on-hover absolute fill hide-for-small back-image\" alt=\"Alternative view of Blau Mikrofasertuch AZULEJO\" aria-hidden=\"true\" srcset=\"https:\/\/www.companhiaatlantica.pt\/wp-content\/uploads\/2024\/06\/160-143-700x700.jpg 700w, https:\/\/www.companhiaatlantica.pt\/wp-content\/uploads\/2024\/06\/160-143-100x100.jpg 100w, https:\/\/www.companhiaatlantica.pt\/wp-content\/uploads\/2024\/06\/160-143-400x400.jpg 400w, https:\/\/www.companhiaatlantica.pt\/wp-content\/uploads\/2024\/06\/160-143-350x350.jpg 350w, https:\/\/www.companhiaatlantica.pt\/wp-content\/uploads\/2024\/06\/160-143-768x768.jpg 768w, https:\/\/www.companhiaatlantica.pt\/wp-content\/uploads\/2024\/06\/160-143-600x600.jpg 600w, https:\/\/www.companhiaatlantica.pt\/wp-content\/uploads\/2024\/06\/160-143.jpg 900w\" sizes=\"auto, (max-width: 700px) 100vw, 700px\" title=\"\"><img loading=\"lazy\" decoding=\"async\" width=\"700\" height=\"700\" src=\"https:\/\/www.companhiaatlantica.pt\/wp-content\/uploads\/2024\/06\/160-143_a-700x700.jpg\" class=\"attachment-woocommerce_thumbnail size-woocommerce_thumbnail\" alt=\"Blau Mikrofasertuch AZULEJO\" srcset=\"https:\/\/www.companhiaatlantica.pt\/wp-content\/uploads\/2024\/06\/160-143_a-700x700.jpg 700w, https:\/\/www.companhiaatlantica.pt\/wp-content\/uploads\/2024\/06\/160-143_a-100x100.jpg 100w, https:\/\/www.companhiaatlantica.pt\/wp-content\/uploads\/2024\/06\/160-143_a-900x900.jpg 900w, https:\/\/www.companhiaatlantica.pt\/wp-content\/uploads\/2024\/06\/160-143_a-400x400.jpg 400w, https:\/\/www.companhiaatlantica.pt\/wp-content\/uploads\/2024\/06\/160-143_a-350x350.jpg 350w, https:\/\/www.companhiaatlantica.pt\/wp-content\/uploads\/2024\/06\/160-143_a-768x768.jpg 768w, https:\/\/www.companhiaatlantica.pt\/wp-content\/uploads\/2024\/06\/160-143_a.jpg 1000w\" sizes=\"auto, (max-width: 700px) 100vw, 700px\" title=\"\">\t\t\t\t\t\t\t\t\t<\/a>\n\t\t\t\t\t\t\t\t\t\t\t\t\t\t\t\t\t\t \t\t\t\t\t\t\t\t<\/div>\n\t\t\t\t\t\t\t\t<div class=\"image-tools top right show-on-hover\">\n\t\t\t\t\t\t\t\t\t\t\t<div class=\"wishlist-icon\">\n\t\t\t<button class=\"wishlist-button button is-outline circle icon\" aria-label=\"Wunschliste\">\n\t\t\t\t<i class=\"icon-heart\" aria-hidden=\"true\"><\/i>\t\t\t<\/button>\n\t\t\t<div class=\"wishlist-popup dark\">\n\t\t\t\t\n<div\n\tclass=\"yith-wcwl-add-to-wishlist add-to-wishlist-59748 yith-wcwl-add-to-wishlist--button_default-style wishlist-fragment on-first-load\"\n\tdata-fragment-ref=\"59748\"\n\tdata-fragment-options=\"{&quot;base_url&quot;:&quot;&quot;,&quot;product_id&quot;:59748,&quot;parent_product_id&quot;:0,&quot;product_type&quot;:&quot;simple&quot;,&quot;is_single&quot;:false,&quot;in_default_wishlist&quot;:false,&quot;show_view&quot;:false,&quot;browse_wishlist_text&quot;:&quot;Siehe Ihre Wunschliste!&quot;,&quot;already_in_wishslist_text&quot;:&quot;Dieses Produkt steht bereits auf Ihrem Wunschzettel!&quot;,&quot;product_added_text&quot;:&quot;Produto adicionado!&quot;,&quot;available_multi_wishlist&quot;:false,&quot;disable_wishlist&quot;:false,&quot;show_count&quot;:false,&quot;ajax_loading&quot;:false,&quot;loop_position&quot;:&quot;after_add_to_cart&quot;,&quot;item&quot;:&quot;add_to_wishlist&quot;}\"\n>\n\t\t\t\n\t\t\t<!-- ADD TO WISHLIST -->\n\t\t\t\n<div class=\"yith-wcwl-add-button\">\n\t\t<a\n\t\thref=\"?add_to_wishlist=59748&#038;_wpnonce=52d31225f0\"\n\t\tclass=\"add_to_wishlist single_add_to_wishlist alt button theme-button-style \"\n\t\tdata-product-id=\"59748\"\n\t\tdata-product-type=\"simple\"\n\t\tdata-original-product-id=\"0\"\n\t\tdata-title=\"Zu meiner Wunschliste hinzuf\u00fcgen\"\n\t\trel=\"nofollow\"\n\t>\n\t\t<svg id=\"yith-wcwl-icon-heart-outline\" class=\"yith-wcwl-icon-svg\" fill=\"none\" stroke-width=\"1.5\" stroke=\"currentColor\" viewBox=\"0 0 24 24\" xmlns=\"http:\/\/www.w3.org\/2000\/svg\">\n  <path stroke-linecap=\"round\" stroke-linejoin=\"round\" d=\"M21 8.25c0-2.485-2.099-4.5-4.688-4.5-1.935 0-3.597 1.126-4.312 2.733-.715-1.607-2.377-2.733-4.313-2.733C5.1 3.75 3 5.765 3 8.25c0 7.22 9 12 9 12s9-4.78 9-12Z\"><\/path>\n<\/svg>\t\t<span>Zu meiner Wunschliste hinzuf\u00fcgen<\/span>\n\t<\/a>\n<\/div>\n\n\t\t\t<!-- COUNT TEXT -->\n\t\t\t\n\t\t\t<\/div>\n\t\t\t<\/div>\n\t\t<\/div>\n\t\t\t\t\t\t\t\t\t\t<\/div>\n\t\t\t\t\t\t\t\t\t\t\t\t\t\t\t\t\t<div class=\"image-tools grid-tools text-center hide-for-small bottom hover-slide-in show-on-hover\">\n\t\t\t\t\t\t\t\t\t\t\t\t\t\t\t\t\t\t\t<\/div>\n\t\t\t\t\t\t\t\t\t\t\t\t\t\t\t\t\t\t\t\t\t\t\t<\/div>\n\n\t\t\t\t\t\t\t<div class=\"box-text text-center\" >\n\t\t\t\t\t\t\t\t<div class=\"title-wrapper\"><p class=\"name product-title woocommerce-loop-product__title\"><a href=\"https:\/\/www.companhiaatlantica.pt\/de\/produto\/portugiesisches-leben\/modeartikel\/brillenbox\/blau-mikrofasertuch-azulejo\" class=\"woocommerce-LoopProduct-link woocommerce-loop-product__link\">Blau Mikrofasertuch AZULEJO<\/a><\/p><\/div><div class=\"price-wrapper\">\n\t<span class=\"price\"><span class=\"woocommerce-Price-amount amount\"><bdi>3.50<span class=\"woocommerce-Price-currencySymbol\">&euro;<\/span><\/bdi><\/span><\/span>\n<\/div>\t<span id=\"woocommerce_loop_add_to_cart_link_describedby_59748\" class=\"screen-reader-text\">\n\t\t\t<\/span>\n\t\t\t\t\t\t\t<\/div>\n\t\t\t\t\t\t<\/div>\n\t\t\t\t\t\t<\/div>\n\t\t\t\t\t<\/div><div class=\"col\" >\n\t\t\t\t\t\t<div class=\"col-inner\">\n\t\t\t\t\t\t\n<div class=\"badge-container absolute left top z-1\">\n\n<\/div>\n\t\t\t\t\t\t<div class=\"product-small box has-hover box-push box-text-bottom\">\n\t\t\t\t\t\t\t<div class=\"box-image\" >\n\t\t\t\t\t\t\t\t<div class=\"\" >\n\t\t\t\t\t\t\t\t\t<a href=\"https:\/\/www.companhiaatlantica.pt\/de\/produto\/korperbehandlungen\/seifen\/weisse-blumen-seife-dose-lovies\" aria-label=\"Wei\u00dfe Blumen Seife Dose LOVIES\">\n\t\t\t\t\t\t\t\t\t\t<img loading=\"lazy\" decoding=\"async\" width=\"700\" height=\"700\" src=\"https:\/\/www.companhiaatlantica.pt\/wp-content\/uploads\/2022\/12\/100-352_b-700x700.jpg\" class=\"show-on-hover absolute fill hide-for-small back-image\" alt=\"Alternative view of Wei\u00dfe Blumen Seife Dose LOVIES\" aria-hidden=\"true\" srcset=\"https:\/\/www.companhiaatlantica.pt\/wp-content\/uploads\/2022\/12\/100-352_b-700x700.jpg 700w, https:\/\/www.companhiaatlantica.pt\/wp-content\/uploads\/2022\/12\/100-352_b-100x100.jpg 100w, https:\/\/www.companhiaatlantica.pt\/wp-content\/uploads\/2022\/12\/100-352_b-900x900.jpg 900w, https:\/\/www.companhiaatlantica.pt\/wp-content\/uploads\/2022\/12\/100-352_b-300x300.jpg 300w, https:\/\/www.companhiaatlantica.pt\/wp-content\/uploads\/2022\/12\/100-352_b-150x150.jpg 150w, https:\/\/www.companhiaatlantica.pt\/wp-content\/uploads\/2022\/12\/100-352_b-768x768.jpg 768w, https:\/\/www.companhiaatlantica.pt\/wp-content\/uploads\/2022\/12\/100-352_b-600x600.jpg 600w, https:\/\/www.companhiaatlantica.pt\/wp-content\/uploads\/2022\/12\/100-352_b.jpg 1000w\" sizes=\"auto, (max-width: 700px) 100vw, 700px\" title=\"\"><img loading=\"lazy\" decoding=\"async\" width=\"700\" height=\"700\" src=\"https:\/\/www.companhiaatlantica.pt\/wp-content\/uploads\/2022\/12\/100-352_c-700x700.jpg\" class=\"attachment-woocommerce_thumbnail size-woocommerce_thumbnail\" alt=\"Wei\u00dfe Blumen Seife Dose LOVIES\" srcset=\"https:\/\/www.companhiaatlantica.pt\/wp-content\/uploads\/2022\/12\/100-352_c-700x700.jpg 700w, https:\/\/www.companhiaatlantica.pt\/wp-content\/uploads\/2022\/12\/100-352_c-100x100.jpg 100w, https:\/\/www.companhiaatlantica.pt\/wp-content\/uploads\/2022\/12\/100-352_c-900x900.jpg 900w, https:\/\/www.companhiaatlantica.pt\/wp-content\/uploads\/2022\/12\/100-352_c-300x300.jpg 300w, https:\/\/www.companhiaatlantica.pt\/wp-content\/uploads\/2022\/12\/100-352_c-150x150.jpg 150w, https:\/\/www.companhiaatlantica.pt\/wp-content\/uploads\/2022\/12\/100-352_c-768x768.jpg 768w, https:\/\/www.companhiaatlantica.pt\/wp-content\/uploads\/2022\/12\/100-352_c-600x600.jpg 600w, https:\/\/www.companhiaatlantica.pt\/wp-content\/uploads\/2022\/12\/100-352_c.jpg 1000w\" sizes=\"auto, (max-width: 700px) 100vw, 700px\" title=\"\">\t\t\t\t\t\t\t\t\t<\/a>\n\t\t\t\t\t\t\t\t\t\t\t\t\t\t\t\t\t\t \t\t\t\t\t\t\t\t<\/div>\n\t\t\t\t\t\t\t\t<div class=\"image-tools top right show-on-hover\">\n\t\t\t\t\t\t\t\t\t\t\t<div class=\"wishlist-icon\">\n\t\t\t<button class=\"wishlist-button button is-outline circle icon\" aria-label=\"Wunschliste\">\n\t\t\t\t<i class=\"icon-heart\" aria-hidden=\"true\"><\/i>\t\t\t<\/button>\n\t\t\t<div class=\"wishlist-popup dark\">\n\t\t\t\t\n<div\n\tclass=\"yith-wcwl-add-to-wishlist add-to-wishlist-40867 yith-wcwl-add-to-wishlist--button_default-style wishlist-fragment on-first-load\"\n\tdata-fragment-ref=\"40867\"\n\tdata-fragment-options=\"{&quot;base_url&quot;:&quot;&quot;,&quot;product_id&quot;:40867,&quot;parent_product_id&quot;:0,&quot;product_type&quot;:&quot;simple&quot;,&quot;is_single&quot;:false,&quot;in_default_wishlist&quot;:false,&quot;show_view&quot;:false,&quot;browse_wishlist_text&quot;:&quot;Siehe Ihre Wunschliste!&quot;,&quot;already_in_wishslist_text&quot;:&quot;Dieses Produkt steht bereits auf Ihrem Wunschzettel!&quot;,&quot;product_added_text&quot;:&quot;Produto adicionado!&quot;,&quot;available_multi_wishlist&quot;:false,&quot;disable_wishlist&quot;:false,&quot;show_count&quot;:false,&quot;ajax_loading&quot;:false,&quot;loop_position&quot;:&quot;after_add_to_cart&quot;,&quot;item&quot;:&quot;add_to_wishlist&quot;}\"\n>\n\t\t\t\n\t\t\t<!-- ADD TO WISHLIST -->\n\t\t\t\n<div class=\"yith-wcwl-add-button\">\n\t\t<a\n\t\thref=\"?add_to_wishlist=40867&#038;_wpnonce=52d31225f0\"\n\t\tclass=\"add_to_wishlist single_add_to_wishlist alt button theme-button-style \"\n\t\tdata-product-id=\"40867\"\n\t\tdata-product-type=\"simple\"\n\t\tdata-original-product-id=\"0\"\n\t\tdata-title=\"Zu meiner Wunschliste hinzuf\u00fcgen\"\n\t\trel=\"nofollow\"\n\t>\n\t\t<svg id=\"yith-wcwl-icon-heart-outline\" class=\"yith-wcwl-icon-svg\" fill=\"none\" stroke-width=\"1.5\" stroke=\"currentColor\" viewBox=\"0 0 24 24\" xmlns=\"http:\/\/www.w3.org\/2000\/svg\">\n  <path stroke-linecap=\"round\" stroke-linejoin=\"round\" d=\"M21 8.25c0-2.485-2.099-4.5-4.688-4.5-1.935 0-3.597 1.126-4.312 2.733-.715-1.607-2.377-2.733-4.313-2.733C5.1 3.75 3 5.765 3 8.25c0 7.22 9 12 9 12s9-4.78 9-12Z\"><\/path>\n<\/svg>\t\t<span>Zu meiner Wunschliste hinzuf\u00fcgen<\/span>\n\t<\/a>\n<\/div>\n\n\t\t\t<!-- COUNT TEXT -->\n\t\t\t\n\t\t\t<\/div>\n\t\t\t<\/div>\n\t\t<\/div>\n\t\t\t\t\t\t\t\t\t\t<\/div>\n\t\t\t\t\t\t\t\t\t\t\t\t\t\t\t\t\t<div class=\"image-tools grid-tools text-center hide-for-small bottom hover-slide-in show-on-hover\">\n\t\t\t\t\t\t\t\t\t\t\t\t\t\t\t\t\t\t\t<\/div>\n\t\t\t\t\t\t\t\t\t\t\t\t\t\t\t\t\t\t\t\t\t\t\t<\/div>\n\n\t\t\t\t\t\t\t<div class=\"box-text text-center\" >\n\t\t\t\t\t\t\t\t<div class=\"title-wrapper\"><p class=\"name product-title woocommerce-loop-product__title\"><a href=\"https:\/\/www.companhiaatlantica.pt\/de\/produto\/korperbehandlungen\/seifen\/weisse-blumen-seife-dose-lovies\" class=\"woocommerce-LoopProduct-link woocommerce-loop-product__link\">Wei\u00dfe Blumen Seife Dose LOVIES<\/a><\/p><\/div><div class=\"price-wrapper\">\n\t<span class=\"price\"><span class=\"woocommerce-Price-amount amount\"><bdi>9.50<span class=\"woocommerce-Price-currencySymbol\">&euro;<\/span><\/bdi><\/span><\/span>\n<\/div><div class=\"add-to-cart-button\"><a href=\"\/de\/wp-json\/wp\/v2\/pages\/66644?add-to-cart=40867\" aria-describedby=\"woocommerce_loop_add_to_cart_link_describedby_40867\" data-quantity=\"1\" class=\"primary is-small mb-0 button product_type_simple add_to_cart_button ajax_add_to_cart is-outline\" data-product_id=\"40867\" data-product_sku=\"100-352.S2\" aria-label=\"In den Warenkorb legen: \u201eWei\u00dfe Blumen Seife Dose LOVIES\u201c\" rel=\"nofollow\" data-success_message=\"\u201eWei\u00dfe Blumen Seife Dose LOVIES\u201c wurde deinem Warenkorb hinzugef\u00fcgt\" data-product_name=\"Wei\u00dfe Blumen Seife Dose LOVIES\" data-product_image=\"https:\/\/www.companhiaatlantica.pt\/wp-content\/uploads\/2022\/12\/100-352_c-150x150.jpg\" role=\"button\">In den Warenkorb<\/a><\/div>\t<span id=\"woocommerce_loop_add_to_cart_link_describedby_40867\" class=\"screen-reader-text\">\n\t\t\t<\/span>\n\t\t\t\t\t\t\t<\/div>\n\t\t\t\t\t\t<\/div>\n\t\t\t\t\t\t<\/div>\n\t\t\t\t\t<\/div><div class=\"col\" >\n\t\t\t\t\t\t<div class=\"col-inner\">\n\t\t\t\t\t\t\n<div class=\"badge-container absolute left top z-1\">\n\n<div class=\"badge callout badge-circle\"><div class=\"badge-inner callout-new-bg is-small new-bubble\">NEW<\/div><\/div><\/div>\n\t\t\t\t\t\t<div class=\"product-small box has-hover box-push box-text-bottom\">\n\t\t\t\t\t\t\t<div class=\"box-image\" >\n\t\t\t\t\t\t\t\t<div class=\"\" >\n\t\t\t\t\t\t\t\t\t<a href=\"https:\/\/www.companhiaatlantica.pt\/de\/produto\/portugiesisches-leben\/haushaltsartikel\/schmuckkastchen\/schmuckkaestchen-alicatos\" aria-label=\"Schmuckk\u00e4stchen ALICATOS \u00d812\">\n\t\t\t\t\t\t\t\t\t\t<img loading=\"lazy\" decoding=\"async\" width=\"700\" height=\"700\" src=\"https:\/\/www.companhiaatlantica.pt\/wp-content\/uploads\/2024\/04\/131-137-700x700.jpg\" class=\"show-on-hover absolute fill hide-for-small back-image\" alt=\"Alternative view of Schmuckk\u00e4stchen ALICATOS \u00d812\" aria-hidden=\"true\" srcset=\"https:\/\/www.companhiaatlantica.pt\/wp-content\/uploads\/2024\/04\/131-137-700x700.jpg 700w, https:\/\/www.companhiaatlantica.pt\/wp-content\/uploads\/2024\/04\/131-137-100x100.jpg 100w, https:\/\/www.companhiaatlantica.pt\/wp-content\/uploads\/2024\/04\/131-137-400x400.jpg 400w, https:\/\/www.companhiaatlantica.pt\/wp-content\/uploads\/2024\/04\/131-137-350x350.jpg 350w, https:\/\/www.companhiaatlantica.pt\/wp-content\/uploads\/2024\/04\/131-137-768x768.jpg 768w, https:\/\/www.companhiaatlantica.pt\/wp-content\/uploads\/2024\/04\/131-137-600x600.jpg 600w, https:\/\/www.companhiaatlantica.pt\/wp-content\/uploads\/2024\/04\/131-137.jpg 859w\" sizes=\"auto, (max-width: 700px) 100vw, 700px\" title=\"\"><img loading=\"lazy\" decoding=\"async\" width=\"700\" height=\"700\" src=\"https:\/\/www.companhiaatlantica.pt\/wp-content\/uploads\/2025\/11\/alicatos-1-700x700.jpg\" class=\"attachment-woocommerce_thumbnail size-woocommerce_thumbnail\" alt=\"Schmuckk\u00e4stchen ALICATOS \u00d812\" srcset=\"https:\/\/www.companhiaatlantica.pt\/wp-content\/uploads\/2025\/11\/alicatos-1-700x700.jpg 700w, https:\/\/www.companhiaatlantica.pt\/wp-content\/uploads\/2025\/11\/alicatos-1-100x100.jpg 100w, https:\/\/www.companhiaatlantica.pt\/wp-content\/uploads\/2025\/11\/alicatos-1-350x350.jpg 350w\" sizes=\"auto, (max-width: 700px) 100vw, 700px\" title=\"\">\t\t\t\t\t\t\t\t\t<\/a>\n\t\t\t\t\t\t\t\t\t\t\t\t\t\t\t\t\t\t \t\t\t\t\t\t\t\t<\/div>\n\t\t\t\t\t\t\t\t<div class=\"image-tools top right show-on-hover\">\n\t\t\t\t\t\t\t\t\t\t\t<div class=\"wishlist-icon\">\n\t\t\t<button class=\"wishlist-button button is-outline circle icon\" aria-label=\"Wunschliste\">\n\t\t\t\t<i class=\"icon-heart\" aria-hidden=\"true\"><\/i>\t\t\t<\/button>\n\t\t\t<div class=\"wishlist-popup dark\">\n\t\t\t\t\n<div\n\tclass=\"yith-wcwl-add-to-wishlist add-to-wishlist-56079 yith-wcwl-add-to-wishlist--button_default-style wishlist-fragment on-first-load\"\n\tdata-fragment-ref=\"56079\"\n\tdata-fragment-options=\"{&quot;base_url&quot;:&quot;&quot;,&quot;product_id&quot;:56079,&quot;parent_product_id&quot;:0,&quot;product_type&quot;:&quot;variable&quot;,&quot;is_single&quot;:false,&quot;in_default_wishlist&quot;:false,&quot;show_view&quot;:false,&quot;browse_wishlist_text&quot;:&quot;Siehe Ihre Wunschliste!&quot;,&quot;already_in_wishslist_text&quot;:&quot;Dieses Produkt steht bereits auf Ihrem Wunschzettel!&quot;,&quot;product_added_text&quot;:&quot;Produto adicionado!&quot;,&quot;available_multi_wishlist&quot;:false,&quot;disable_wishlist&quot;:false,&quot;show_count&quot;:false,&quot;ajax_loading&quot;:false,&quot;loop_position&quot;:&quot;after_add_to_cart&quot;,&quot;item&quot;:&quot;add_to_wishlist&quot;}\"\n>\n\t\t\t\n\t\t\t<!-- ADD TO WISHLIST -->\n\t\t\t\n<div class=\"yith-wcwl-add-button\">\n\t\t<a\n\t\thref=\"?add_to_wishlist=56079&#038;_wpnonce=52d31225f0\"\n\t\tclass=\"add_to_wishlist single_add_to_wishlist alt button theme-button-style \"\n\t\tdata-product-id=\"56079\"\n\t\tdata-product-type=\"variable\"\n\t\tdata-original-product-id=\"0\"\n\t\tdata-title=\"Zu meiner Wunschliste hinzuf\u00fcgen\"\n\t\trel=\"nofollow\"\n\t>\n\t\t<svg id=\"yith-wcwl-icon-heart-outline\" class=\"yith-wcwl-icon-svg\" fill=\"none\" stroke-width=\"1.5\" stroke=\"currentColor\" viewBox=\"0 0 24 24\" xmlns=\"http:\/\/www.w3.org\/2000\/svg\">\n  <path stroke-linecap=\"round\" stroke-linejoin=\"round\" d=\"M21 8.25c0-2.485-2.099-4.5-4.688-4.5-1.935 0-3.597 1.126-4.312 2.733-.715-1.607-2.377-2.733-4.313-2.733C5.1 3.75 3 5.765 3 8.25c0 7.22 9 12 9 12s9-4.78 9-12Z\"><\/path>\n<\/svg>\t\t<span>Zu meiner Wunschliste hinzuf\u00fcgen<\/span>\n\t<\/a>\n<\/div>\n\n\t\t\t<!-- COUNT TEXT -->\n\t\t\t\n\t\t\t<\/div>\n\t\t\t<\/div>\n\t\t<\/div>\n\t\t\t\t\t\t\t\t\t\t<\/div>\n\t\t\t\t\t\t\t\t\t\t\t\t\t\t\t\t\t<div class=\"image-tools grid-tools text-center hide-for-small bottom hover-slide-in show-on-hover\">\n\t\t\t\t\t\t\t\t\t\t\t\t\t\t\t\t\t\t\t<\/div>\n\t\t\t\t\t\t\t\t\t\t\t\t\t\t\t\t\t\t\t\t\t\t\t<\/div>\n\n\t\t\t\t\t\t\t<div class=\"box-text text-center\" >\n\t\t\t\t\t\t\t\t<span class=\"featured-badge\"><img decoding=\"async\" src=\"https:\/\/cdn.companhiaatlantica.pt\/wp-content\/themes\/flatsome-child\/src\/img\/ar-icon-2.jpg\" alt=\"AR Icon\" class=\"ar-icon\" title=\"\"><\/span><div class=\"title-wrapper\"><p class=\"name product-title woocommerce-loop-product__title\"><a href=\"https:\/\/www.companhiaatlantica.pt\/de\/produto\/portugiesisches-leben\/haushaltsartikel\/schmuckkastchen\/schmuckkaestchen-alicatos\" class=\"woocommerce-LoopProduct-link woocommerce-loop-product__link\">Schmuckk\u00e4stchen ALICATOS \u00d812<\/a><\/p><\/div><div class=\"price-wrapper\">\n\t<span class=\"price\"><span class=\"woocommerce-Price-amount amount\"><bdi>17.50<span class=\"woocommerce-Price-currencySymbol\">&euro;<\/span><\/bdi><\/span><\/span>\n<\/div>\t<span id=\"woocommerce_loop_add_to_cart_link_describedby_56079\" class=\"screen-reader-text\">\n\t\tDieses Produkt weist mehrere Varianten auf. Die Optionen k\u00f6nnen auf der Produktseite gew\u00e4hlt werden\t<\/span>\n\t\t\t\t\t\t\t<\/div>\n\t\t\t\t\t\t<\/div>\n\t\t\t\t\t\t<\/div>\n\t\t\t\t\t<\/div><div class=\"col\" >\n\t\t\t\t\t\t<div class=\"col-inner\">\n\t\t\t\t\t\t\n<div class=\"badge-container absolute left top z-1\">\n\n<div class=\"badge callout badge-circle\"><div class=\"badge-inner callout-new-bg is-small new-bubble\">NEW<\/div><\/div><\/div>\n\t\t\t\t\t\t<div class=\"product-small box has-hover box-push box-text-bottom\">\n\t\t\t\t\t\t\t<div class=\"box-image\" >\n\t\t\t\t\t\t\t\t<div class=\"\" >\n\t\t\t\t\t\t\t\t\t<a href=\"https:\/\/www.companhiaatlantica.pt\/de\/produto\/portugiesisches-leben\/modeartikel\/regenschirm-azulejo-blau\" aria-label=\"Regenschirm AZULEJO Blau\">\n\t\t\t\t\t\t\t\t\t\t<img loading=\"lazy\" decoding=\"async\" width=\"700\" height=\"700\" src=\"https:\/\/www.companhiaatlantica.pt\/wp-content\/uploads\/2025\/10\/190-084_4-700x700.jpg\" class=\"show-on-hover absolute fill hide-for-small back-image\" alt=\"Alternative view of Regenschirm AZULEJO Blau\" aria-hidden=\"true\" srcset=\"https:\/\/www.companhiaatlantica.pt\/wp-content\/uploads\/2025\/10\/190-084_4-700x700.jpg 700w, https:\/\/www.companhiaatlantica.pt\/wp-content\/uploads\/2025\/10\/190-084_4-100x100.jpg 100w, https:\/\/www.companhiaatlantica.pt\/wp-content\/uploads\/2025\/10\/190-084_4-900x900.jpg 900w, https:\/\/www.companhiaatlantica.pt\/wp-content\/uploads\/2025\/10\/190-084_4-400x400.jpg 400w, https:\/\/www.companhiaatlantica.pt\/wp-content\/uploads\/2025\/10\/190-084_4-350x350.jpg 350w, https:\/\/www.companhiaatlantica.pt\/wp-content\/uploads\/2025\/10\/190-084_4-768x768.jpg 768w, https:\/\/www.companhiaatlantica.pt\/wp-content\/uploads\/2025\/10\/190-084_4.jpg 1000w\" sizes=\"auto, (max-width: 700px) 100vw, 700px\" title=\"\"><img loading=\"lazy\" decoding=\"async\" width=\"700\" height=\"700\" src=\"https:\/\/www.companhiaatlantica.pt\/wp-content\/uploads\/2025\/11\/190-084_5-700x700.jpg\" class=\"attachment-woocommerce_thumbnail size-woocommerce_thumbnail\" alt=\"Regenschirm AZULEJO Blau\" srcset=\"https:\/\/www.companhiaatlantica.pt\/wp-content\/uploads\/2025\/11\/190-084_5-700x700.jpg 700w, https:\/\/www.companhiaatlantica.pt\/wp-content\/uploads\/2025\/11\/190-084_5-400x400.jpg 400w, https:\/\/www.companhiaatlantica.pt\/wp-content\/uploads\/2025\/11\/190-084_5-350x350.jpg 350w, https:\/\/www.companhiaatlantica.pt\/wp-content\/uploads\/2025\/11\/190-084_5-768x768.jpg 768w, https:\/\/www.companhiaatlantica.pt\/wp-content\/uploads\/2025\/11\/190-084_5-900x900.jpg 900w, https:\/\/www.companhiaatlantica.pt\/wp-content\/uploads\/2025\/11\/190-084_5-100x100.jpg 100w, https:\/\/www.companhiaatlantica.pt\/wp-content\/uploads\/2025\/11\/190-084_5.jpg 1000w\" sizes=\"auto, (max-width: 700px) 100vw, 700px\" title=\"\">\t\t\t\t\t\t\t\t\t<\/a>\n\t\t\t\t\t\t\t\t\t\t\t\t\t\t\t\t\t\t \t\t\t\t\t\t\t\t<\/div>\n\t\t\t\t\t\t\t\t<div class=\"image-tools top right show-on-hover\">\n\t\t\t\t\t\t\t\t\t\t\t<div class=\"wishlist-icon\">\n\t\t\t<button class=\"wishlist-button button is-outline circle icon\" aria-label=\"Wunschliste\">\n\t\t\t\t<i class=\"icon-heart\" aria-hidden=\"true\"><\/i>\t\t\t<\/button>\n\t\t\t<div class=\"wishlist-popup dark\">\n\t\t\t\t\n<div\n\tclass=\"yith-wcwl-add-to-wishlist add-to-wishlist-79135 yith-wcwl-add-to-wishlist--button_default-style wishlist-fragment on-first-load\"\n\tdata-fragment-ref=\"79135\"\n\tdata-fragment-options=\"{&quot;base_url&quot;:&quot;&quot;,&quot;product_id&quot;:79135,&quot;parent_product_id&quot;:0,&quot;product_type&quot;:&quot;simple&quot;,&quot;is_single&quot;:false,&quot;in_default_wishlist&quot;:false,&quot;show_view&quot;:false,&quot;browse_wishlist_text&quot;:&quot;Siehe Ihre Wunschliste!&quot;,&quot;already_in_wishslist_text&quot;:&quot;Dieses Produkt steht bereits auf Ihrem Wunschzettel!&quot;,&quot;product_added_text&quot;:&quot;Produto adicionado!&quot;,&quot;available_multi_wishlist&quot;:false,&quot;disable_wishlist&quot;:false,&quot;show_count&quot;:false,&quot;ajax_loading&quot;:false,&quot;loop_position&quot;:&quot;after_add_to_cart&quot;,&quot;item&quot;:&quot;add_to_wishlist&quot;}\"\n>\n\t\t\t\n\t\t\t<!-- ADD TO WISHLIST -->\n\t\t\t\n<div class=\"yith-wcwl-add-button\">\n\t\t<a\n\t\thref=\"?add_to_wishlist=79135&#038;_wpnonce=52d31225f0\"\n\t\tclass=\"add_to_wishlist single_add_to_wishlist alt button theme-button-style \"\n\t\tdata-product-id=\"79135\"\n\t\tdata-product-type=\"simple\"\n\t\tdata-original-product-id=\"0\"\n\t\tdata-title=\"Zu meiner Wunschliste hinzuf\u00fcgen\"\n\t\trel=\"nofollow\"\n\t>\n\t\t<svg id=\"yith-wcwl-icon-heart-outline\" class=\"yith-wcwl-icon-svg\" fill=\"none\" stroke-width=\"1.5\" stroke=\"currentColor\" viewBox=\"0 0 24 24\" xmlns=\"http:\/\/www.w3.org\/2000\/svg\">\n  <path stroke-linecap=\"round\" stroke-linejoin=\"round\" d=\"M21 8.25c0-2.485-2.099-4.5-4.688-4.5-1.935 0-3.597 1.126-4.312 2.733-.715-1.607-2.377-2.733-4.313-2.733C5.1 3.75 3 5.765 3 8.25c0 7.22 9 12 9 12s9-4.78 9-12Z\"><\/path>\n<\/svg>\t\t<span>Zu meiner Wunschliste hinzuf\u00fcgen<\/span>\n\t<\/a>\n<\/div>\n\n\t\t\t<!-- COUNT TEXT -->\n\t\t\t\n\t\t\t<\/div>\n\t\t\t<\/div>\n\t\t<\/div>\n\t\t\t\t\t\t\t\t\t\t<\/div>\n\t\t\t\t\t\t\t\t\t\t\t\t\t\t\t\t\t<div class=\"image-tools grid-tools text-center hide-for-small bottom hover-slide-in show-on-hover\">\n\t\t\t\t\t\t\t\t\t\t\t\t\t\t\t\t\t\t\t<\/div>\n\t\t\t\t\t\t\t\t\t\t\t\t\t\t\t\t\t\t\t\t\t\t\t<\/div>\n\n\t\t\t\t\t\t\t<div class=\"box-text text-center\" >\n\t\t\t\t\t\t\t\t<div class=\"title-wrapper\"><p class=\"name product-title woocommerce-loop-product__title\"><a href=\"https:\/\/www.companhiaatlantica.pt\/de\/produto\/portugiesisches-leben\/modeartikel\/regenschirm-azulejo-blau\" class=\"woocommerce-LoopProduct-link woocommerce-loop-product__link\">Regenschirm AZULEJO Blau<\/a><\/p><\/div><div class=\"price-wrapper\">\n\t<span class=\"price\"><span class=\"woocommerce-Price-amount amount\"><bdi>20.00<span class=\"woocommerce-Price-currencySymbol\">&euro;<\/span><\/bdi><\/span><\/span>\n<\/div><div class=\"add-to-cart-button\"><a href=\"\/de\/wp-json\/wp\/v2\/pages\/66644?add-to-cart=79135\" aria-describedby=\"woocommerce_loop_add_to_cart_link_describedby_79135\" data-quantity=\"1\" class=\"primary is-small mb-0 button product_type_simple add_to_cart_button ajax_add_to_cart is-outline\" data-product_id=\"79135\" data-product_sku=\"190-084\" aria-label=\"In den Warenkorb legen: \u201eRegenschirm AZULEJO Blau\u201c\" rel=\"nofollow\" data-success_message=\"\u201eRegenschirm AZULEJO Blau\u201c wurde deinem Warenkorb hinzugef\u00fcgt\" data-product_name=\"Regenschirm AZULEJO Blau\" data-product_image=\"https:\/\/www.companhiaatlantica.pt\/wp-content\/uploads\/2025\/11\/190-084_5-350x350.jpg\" role=\"button\">In den Warenkorb<\/a><\/div>\t<span id=\"woocommerce_loop_add_to_cart_link_describedby_79135\" class=\"screen-reader-text\">\n\t\t\t<\/span>\n\t\t\t\t\t\t\t<\/div>\n\t\t\t\t\t\t<\/div>\n\t\t\t\t\t\t<\/div>\n\t\t\t\t\t<\/div><div class=\"col\" >\n\t\t\t\t\t\t<div class=\"col-inner\">\n\t\t\t\t\t\t\n<div class=\"badge-container absolute left top z-1\">\n\n<div class=\"badge callout badge-circle\"><div class=\"badge-inner callout-new-bg is-small new-bubble\">NEW<\/div><\/div><\/div>\n\t\t\t\t\t\t<div class=\"product-small box has-hover box-push box-text-bottom\">\n\t\t\t\t\t\t\t<div class=\"box-image\" >\n\t\t\t\t\t\t\t\t<div class=\"\" >\n\t\t\t\t\t\t\t\t\t<a href=\"https:\/\/www.companhiaatlantica.pt\/de\/produto\/portugiesisches-leben\/haushaltsartikel\/magnete\/alicatos-magneten\" aria-label=\"ALICATOS Magneten\">\n\t\t\t\t\t\t\t\t\t\t<img loading=\"lazy\" decoding=\"async\" width=\"700\" height=\"700\" src=\"https:\/\/www.companhiaatlantica.pt\/wp-content\/uploads\/2024\/04\/131-121_a-700x700.jpg\" class=\"show-on-hover absolute fill hide-for-small back-image\" alt=\"Alternative view of ALICATOS Magneten\" aria-hidden=\"true\" srcset=\"https:\/\/www.companhiaatlantica.pt\/wp-content\/uploads\/2024\/04\/131-121_a-700x700.jpg 700w, https:\/\/www.companhiaatlantica.pt\/wp-content\/uploads\/2024\/04\/131-121_a-100x100.jpg 100w, https:\/\/www.companhiaatlantica.pt\/wp-content\/uploads\/2024\/04\/131-121_a-400x400.jpg 400w, https:\/\/www.companhiaatlantica.pt\/wp-content\/uploads\/2024\/04\/131-121_a-350x350.jpg 350w, https:\/\/www.companhiaatlantica.pt\/wp-content\/uploads\/2024\/04\/131-121_a-768x768.jpg 768w, https:\/\/www.companhiaatlantica.pt\/wp-content\/uploads\/2024\/04\/131-121_a-600x600.jpg 600w, https:\/\/www.companhiaatlantica.pt\/wp-content\/uploads\/2024\/04\/131-121_a.jpg 800w\" sizes=\"auto, (max-width: 700px) 100vw, 700px\" title=\"\"><img loading=\"lazy\" decoding=\"async\" width=\"700\" height=\"700\" src=\"https:\/\/www.companhiaatlantica.pt\/wp-content\/uploads\/2024\/04\/131-121-700x700.jpg\" class=\"attachment-woocommerce_thumbnail size-woocommerce_thumbnail\" alt=\"ALICATOS Magneten\" srcset=\"https:\/\/www.companhiaatlantica.pt\/wp-content\/uploads\/2024\/04\/131-121-700x700.jpg 700w, https:\/\/www.companhiaatlantica.pt\/wp-content\/uploads\/2024\/04\/131-121-100x100.jpg 100w, https:\/\/www.companhiaatlantica.pt\/wp-content\/uploads\/2024\/04\/131-121-900x900.jpg 900w, https:\/\/www.companhiaatlantica.pt\/wp-content\/uploads\/2024\/04\/131-121-400x400.jpg 400w, https:\/\/www.companhiaatlantica.pt\/wp-content\/uploads\/2024\/04\/131-121-350x350.jpg 350w, https:\/\/www.companhiaatlantica.pt\/wp-content\/uploads\/2024\/04\/131-121-768x768.jpg 768w, https:\/\/www.companhiaatlantica.pt\/wp-content\/uploads\/2024\/04\/131-121.jpg 1000w\" sizes=\"auto, (max-width: 700px) 100vw, 700px\" title=\"\">\t\t\t\t\t\t\t\t\t<\/a>\n\t\t\t\t\t\t\t\t\t\t\t\t\t\t\t\t\t\t \t\t\t\t\t\t\t\t<\/div>\n\t\t\t\t\t\t\t\t<div class=\"image-tools top right show-on-hover\">\n\t\t\t\t\t\t\t\t\t\t\t<div class=\"wishlist-icon\">\n\t\t\t<button class=\"wishlist-button button is-outline circle icon\" aria-label=\"Wunschliste\">\n\t\t\t\t<i class=\"icon-heart\" aria-hidden=\"true\"><\/i>\t\t\t<\/button>\n\t\t\t<div class=\"wishlist-popup dark\">\n\t\t\t\t\n<div\n\tclass=\"yith-wcwl-add-to-wishlist add-to-wishlist-56594 yith-wcwl-add-to-wishlist--button_default-style wishlist-fragment on-first-load\"\n\tdata-fragment-ref=\"56594\"\n\tdata-fragment-options=\"{&quot;base_url&quot;:&quot;&quot;,&quot;product_id&quot;:56594,&quot;parent_product_id&quot;:0,&quot;product_type&quot;:&quot;variable&quot;,&quot;is_single&quot;:false,&quot;in_default_wishlist&quot;:false,&quot;show_view&quot;:false,&quot;browse_wishlist_text&quot;:&quot;Siehe Ihre Wunschliste!&quot;,&quot;already_in_wishslist_text&quot;:&quot;Dieses Produkt steht bereits auf Ihrem Wunschzettel!&quot;,&quot;product_added_text&quot;:&quot;Produto adicionado!&quot;,&quot;available_multi_wishlist&quot;:false,&quot;disable_wishlist&quot;:false,&quot;show_count&quot;:false,&quot;ajax_loading&quot;:false,&quot;loop_position&quot;:&quot;after_add_to_cart&quot;,&quot;item&quot;:&quot;add_to_wishlist&quot;}\"\n>\n\t\t\t\n\t\t\t<!-- ADD TO WISHLIST -->\n\t\t\t\n<div class=\"yith-wcwl-add-button\">\n\t\t<a\n\t\thref=\"?add_to_wishlist=56594&#038;_wpnonce=52d31225f0\"\n\t\tclass=\"add_to_wishlist single_add_to_wishlist alt button theme-button-style \"\n\t\tdata-product-id=\"56594\"\n\t\tdata-product-type=\"variable\"\n\t\tdata-original-product-id=\"0\"\n\t\tdata-title=\"Zu meiner Wunschliste hinzuf\u00fcgen\"\n\t\trel=\"nofollow\"\n\t>\n\t\t<svg id=\"yith-wcwl-icon-heart-outline\" class=\"yith-wcwl-icon-svg\" fill=\"none\" stroke-width=\"1.5\" stroke=\"currentColor\" viewBox=\"0 0 24 24\" xmlns=\"http:\/\/www.w3.org\/2000\/svg\">\n  <path stroke-linecap=\"round\" stroke-linejoin=\"round\" d=\"M21 8.25c0-2.485-2.099-4.5-4.688-4.5-1.935 0-3.597 1.126-4.312 2.733-.715-1.607-2.377-2.733-4.313-2.733C5.1 3.75 3 5.765 3 8.25c0 7.22 9 12 9 12s9-4.78 9-12Z\"><\/path>\n<\/svg>\t\t<span>Zu meiner Wunschliste hinzuf\u00fcgen<\/span>\n\t<\/a>\n<\/div>\n\n\t\t\t<!-- COUNT TEXT -->\n\t\t\t\n\t\t\t<\/div>\n\t\t\t<\/div>\n\t\t<\/div>\n\t\t\t\t\t\t\t\t\t\t<\/div>\n\t\t\t\t\t\t\t\t\t\t\t\t\t\t\t\t\t<div class=\"image-tools grid-tools text-center hide-for-small bottom hover-slide-in show-on-hover\">\n\t\t\t\t\t\t\t\t\t\t\t\t\t\t\t\t\t\t\t<\/div>\n\t\t\t\t\t\t\t\t\t\t\t\t\t\t\t\t\t\t\t\t\t\t\t<\/div>\n\n\t\t\t\t\t\t\t<div class=\"box-text text-center\" >\n\t\t\t\t\t\t\t\t<span class=\"featured-badge\"><img decoding=\"async\" src=\"https:\/\/cdn.companhiaatlantica.pt\/wp-content\/themes\/flatsome-child\/src\/img\/ar-icon-2.jpg\" alt=\"AR Icon\" class=\"ar-icon\" title=\"\"><\/span><div class=\"title-wrapper\"><p class=\"name product-title woocommerce-loop-product__title\"><a href=\"https:\/\/www.companhiaatlantica.pt\/de\/produto\/portugiesisches-leben\/haushaltsartikel\/magnete\/alicatos-magneten\" class=\"woocommerce-LoopProduct-link woocommerce-loop-product__link\">ALICATOS Magneten<\/a><\/p><\/div><div class=\"price-wrapper\">\n\t<span class=\"price\"><span class=\"woocommerce-Price-amount amount\"><bdi>7.00<span class=\"woocommerce-Price-currencySymbol\">&euro;<\/span><\/bdi><\/span><\/span>\n<\/div>\t<span id=\"woocommerce_loop_add_to_cart_link_describedby_56594\" class=\"screen-reader-text\">\n\t\tDieses Produkt weist mehrere Varianten auf. Die Optionen k\u00f6nnen auf der Produktseite gew\u00e4hlt werden\t<\/span>\n\t\t\t\t\t\t\t<\/div>\n\t\t\t\t\t\t<\/div>\n\t\t\t\t\t\t<\/div>\n\t\t\t\t\t<\/div><div class=\"col\" >\n\t\t\t\t\t\t<div class=\"col-inner\">\n\t\t\t\t\t\t\n<div class=\"badge-container absolute left top z-1\">\n<div class=\"badge callout badge-circle\">\r\n  \t\t\t<div class=\"badge-inner secondary on-sale\">\r\n  \t\t\t\t<span class=\"onsale\">-50%<\/span>\r\n\t\t\t<\/div>\r\n\t\t<\/div>\r\n\t\t<div class=\"badge callout badge-circle\">\r\n\t\t\t<div class=\"badge-inner callout-new-bg is-small new-bubble\"><\/div>\r\n\t\t<\/div>\n<\/div>\n\t\t\t\t\t\t<div class=\"product-small box has-hover box-push box-text-bottom\">\n\t\t\t\t\t\t\t<div class=\"box-image\" >\n\t\t\t\t\t\t\t\t<div class=\"\" >\n\t\t\t\t\t\t\t\t\t<a href=\"https:\/\/www.companhiaatlantica.pt\/de\/produto\/portugiesisches-leben\/modeartikel\/tucher\/modal-schal-sunflower\" aria-label=\"Modal-Schal SUNFLOWER\">\n\t\t\t\t\t\t\t\t\t\t<img loading=\"lazy\" decoding=\"async\" width=\"700\" height=\"700\" src=\"https:\/\/www.companhiaatlantica.pt\/wp-content\/uploads\/2021\/05\/170-058-1-700x700.jpg\" class=\"show-on-hover absolute fill hide-for-small back-image\" alt=\"Alternative view of Modal-Schal SUNFLOWER\" aria-hidden=\"true\" srcset=\"https:\/\/www.companhiaatlantica.pt\/wp-content\/uploads\/2021\/05\/170-058-1-700x700.jpg 700w, https:\/\/www.companhiaatlantica.pt\/wp-content\/uploads\/2021\/05\/170-058-1-100x100.jpg 100w, https:\/\/www.companhiaatlantica.pt\/wp-content\/uploads\/2021\/05\/170-058-1-900x900.jpg 900w, https:\/\/www.companhiaatlantica.pt\/wp-content\/uploads\/2021\/05\/170-058-1-300x300.jpg 300w, https:\/\/www.companhiaatlantica.pt\/wp-content\/uploads\/2021\/05\/170-058-1-150x150.jpg 150w, https:\/\/www.companhiaatlantica.pt\/wp-content\/uploads\/2021\/05\/170-058-1-768x768.jpg 768w, https:\/\/www.companhiaatlantica.pt\/wp-content\/uploads\/2021\/05\/170-058-1-600x600.jpg 600w, https:\/\/www.companhiaatlantica.pt\/wp-content\/uploads\/2021\/05\/170-058-1.jpg 1000w\" sizes=\"auto, (max-width: 700px) 100vw, 700px\" title=\"\"><img loading=\"lazy\" decoding=\"async\" width=\"700\" height=\"700\" src=\"https:\/\/www.companhiaatlantica.pt\/wp-content\/uploads\/2021\/05\/170-058-2-700x700.jpg\" class=\"attachment-woocommerce_thumbnail size-woocommerce_thumbnail\" alt=\"Modal-Schal SUNFLOWER\" srcset=\"https:\/\/www.companhiaatlantica.pt\/wp-content\/uploads\/2021\/05\/170-058-2-700x700.jpg 700w, https:\/\/www.companhiaatlantica.pt\/wp-content\/uploads\/2021\/05\/170-058-2-100x100.jpg 100w, https:\/\/www.companhiaatlantica.pt\/wp-content\/uploads\/2021\/05\/170-058-2-900x900.jpg 900w, https:\/\/www.companhiaatlantica.pt\/wp-content\/uploads\/2021\/05\/170-058-2-300x300.jpg 300w, https:\/\/www.companhiaatlantica.pt\/wp-content\/uploads\/2021\/05\/170-058-2-150x150.jpg 150w, https:\/\/www.companhiaatlantica.pt\/wp-content\/uploads\/2021\/05\/170-058-2-768x768.jpg 768w, https:\/\/www.companhiaatlantica.pt\/wp-content\/uploads\/2021\/05\/170-058-2-600x600.jpg 600w, https:\/\/www.companhiaatlantica.pt\/wp-content\/uploads\/2021\/05\/170-058-2.jpg 1000w\" sizes=\"auto, (max-width: 700px) 100vw, 700px\" title=\"\">\t\t\t\t\t\t\t\t\t<\/a>\n\t\t\t\t\t\t\t\t\t\t\t\t\t\t\t\t\t\t \t\t\t\t\t\t\t\t<\/div>\n\t\t\t\t\t\t\t\t<div class=\"image-tools top right show-on-hover\">\n\t\t\t\t\t\t\t\t\t\t\t<div class=\"wishlist-icon\">\n\t\t\t<button class=\"wishlist-button button is-outline circle icon\" aria-label=\"Wunschliste\">\n\t\t\t\t<i class=\"icon-heart\" aria-hidden=\"true\"><\/i>\t\t\t<\/button>\n\t\t\t<div class=\"wishlist-popup dark\">\n\t\t\t\t\n<div\n\tclass=\"yith-wcwl-add-to-wishlist add-to-wishlist-62940 yith-wcwl-add-to-wishlist--button_default-style wishlist-fragment on-first-load\"\n\tdata-fragment-ref=\"62940\"\n\tdata-fragment-options=\"{&quot;base_url&quot;:&quot;&quot;,&quot;product_id&quot;:62940,&quot;parent_product_id&quot;:0,&quot;product_type&quot;:&quot;simple&quot;,&quot;is_single&quot;:false,&quot;in_default_wishlist&quot;:false,&quot;show_view&quot;:false,&quot;browse_wishlist_text&quot;:&quot;Siehe Ihre Wunschliste!&quot;,&quot;already_in_wishslist_text&quot;:&quot;Dieses Produkt steht bereits auf Ihrem Wunschzettel!&quot;,&quot;product_added_text&quot;:&quot;Produto adicionado!&quot;,&quot;available_multi_wishlist&quot;:false,&quot;disable_wishlist&quot;:false,&quot;show_count&quot;:false,&quot;ajax_loading&quot;:false,&quot;loop_position&quot;:&quot;after_add_to_cart&quot;,&quot;item&quot;:&quot;add_to_wishlist&quot;}\"\n>\n\t\t\t\n\t\t\t<!-- ADD TO WISHLIST -->\n\t\t\t\n<div class=\"yith-wcwl-add-button\">\n\t\t<a\n\t\thref=\"?add_to_wishlist=62940&#038;_wpnonce=52d31225f0\"\n\t\tclass=\"add_to_wishlist single_add_to_wishlist alt button theme-button-style \"\n\t\tdata-product-id=\"62940\"\n\t\tdata-product-type=\"simple\"\n\t\tdata-original-product-id=\"0\"\n\t\tdata-title=\"Zu meiner Wunschliste hinzuf\u00fcgen\"\n\t\trel=\"nofollow\"\n\t>\n\t\t<svg id=\"yith-wcwl-icon-heart-outline\" class=\"yith-wcwl-icon-svg\" fill=\"none\" stroke-width=\"1.5\" stroke=\"currentColor\" viewBox=\"0 0 24 24\" xmlns=\"http:\/\/www.w3.org\/2000\/svg\">\n  <path stroke-linecap=\"round\" stroke-linejoin=\"round\" d=\"M21 8.25c0-2.485-2.099-4.5-4.688-4.5-1.935 0-3.597 1.126-4.312 2.733-.715-1.607-2.377-2.733-4.313-2.733C5.1 3.75 3 5.765 3 8.25c0 7.22 9 12 9 12s9-4.78 9-12Z\"><\/path>\n<\/svg>\t\t<span>Zu meiner Wunschliste hinzuf\u00fcgen<\/span>\n\t<\/a>\n<\/div>\n\n\t\t\t<!-- COUNT TEXT -->\n\t\t\t\n\t\t\t<\/div>\n\t\t\t<\/div>\n\t\t<\/div>\n\t\t\t\t\t\t\t\t\t\t<\/div>\n\t\t\t\t\t\t\t\t\t\t\t\t\t\t\t\t\t<div class=\"image-tools grid-tools text-center hide-for-small bottom hover-slide-in show-on-hover\">\n\t\t\t\t\t\t\t\t\t\t\t\t\t\t\t\t\t\t\t<\/div>\n\t\t\t\t\t\t\t\t\t\t\t\t\t\t\t\t\t\t\t\t\t\t\t<\/div>\n\n\t\t\t\t\t\t\t<div class=\"box-text text-center\" >\n\t\t\t\t\t\t\t\t<div class=\"title-wrapper\"><p class=\"name product-title woocommerce-loop-product__title\"><a href=\"https:\/\/www.companhiaatlantica.pt\/de\/produto\/portugiesisches-leben\/modeartikel\/tucher\/modal-schal-sunflower\" class=\"woocommerce-LoopProduct-link woocommerce-loop-product__link\">Modal-Schal SUNFLOWER<\/a><\/p><\/div><div class=\"price-wrapper\">\n\t<span class=\"price\"><del aria-hidden=\"true\"><span class=\"woocommerce-Price-amount amount\"><bdi>30.00<span class=\"woocommerce-Price-currencySymbol\">&euro;<\/span><\/bdi><\/span><\/del> <span class=\"screen-reader-text\">Urspr\u00fcnglicher Preis war: 30.00&euro;<\/span><ins aria-hidden=\"true\"><span class=\"woocommerce-Price-amount amount\"><bdi>15.00<span class=\"woocommerce-Price-currencySymbol\">&euro;<\/span><\/bdi><\/span><\/ins><span class=\"screen-reader-text\">Aktueller Preis ist: 15.00&euro;.<\/span><\/span>\n<\/div><div class=\"add-to-cart-button\"><a href=\"\/de\/wp-json\/wp\/v2\/pages\/66644?add-to-cart=62940\" aria-describedby=\"woocommerce_loop_add_to_cart_link_describedby_62940\" data-quantity=\"1\" class=\"primary is-small mb-0 button product_type_simple add_to_cart_button ajax_add_to_cart is-outline\" data-product_id=\"62940\" data-product_sku=\"170-058\" aria-label=\"In den Warenkorb legen: \u201eModal-Schal SUNFLOWER\u201c\" rel=\"nofollow\" data-success_message=\"\u201eModal-Schal SUNFLOWER\u201c wurde deinem Warenkorb hinzugef\u00fcgt\" data-product_name=\"Modal-Schal SUNFLOWER\" data-product_image=\"https:\/\/www.companhiaatlantica.pt\/wp-content\/uploads\/2021\/05\/170-058-2-150x150.jpg\" role=\"button\">In den Warenkorb<\/a><\/div>\t<span id=\"woocommerce_loop_add_to_cart_link_describedby_62940\" class=\"screen-reader-text\">\n\t\t\t<\/span>\n\t\t\t\t\t\t\t<\/div>\n\t\t\t\t\t\t<\/div>\n\t\t\t\t\t\t<\/div>\n\t\t\t\t\t<\/div><div class=\"col\" >\n\t\t\t\t\t\t<div class=\"col-inner\">\n\t\t\t\t\t\t\n<div class=\"badge-container absolute left top z-1\">\n\n<\/div>\n\t\t\t\t\t\t<div class=\"product-small box has-hover box-push box-text-bottom\">\n\t\t\t\t\t\t\t<div class=\"box-image\" >\n\t\t\t\t\t\t\t\t<div class=\"\" >\n\t\t\t\t\t\t\t\t\t<a href=\"https:\/\/www.companhiaatlantica.pt\/de\/produto\/portugiesisches-leben\/haushaltsartikel\/glasuntersetzer\/fliesen-bodenbecher-9cm-2-stuck\" aria-label=\"AZULEJO Untersetzer - 2er-Set\">\n\t\t\t\t\t\t\t\t\t\t<img loading=\"lazy\" decoding=\"async\" width=\"600\" height=\"600\" src=\"https:\/\/www.companhiaatlantica.pt\/wp-content\/uploads\/2019\/08\/130-481_1.jpg\" class=\"show-on-hover absolute fill hide-for-small back-image\" alt=\"Alternative view of AZULEJO Untersetzer - 2er-Set\" aria-hidden=\"true\" srcset=\"https:\/\/www.companhiaatlantica.pt\/wp-content\/uploads\/2019\/08\/130-481_1.jpg 600w, https:\/\/www.companhiaatlantica.pt\/wp-content\/uploads\/2019\/08\/130-481_1-100x100.jpg 100w\" sizes=\"auto, (max-width: 600px) 100vw, 600px\" title=\"\"><img loading=\"lazy\" decoding=\"async\" width=\"600\" height=\"600\" src=\"https:\/\/www.companhiaatlantica.pt\/wp-content\/uploads\/2020\/06\/IMG_9482.jpg\" class=\"attachment-woocommerce_thumbnail size-woocommerce_thumbnail\" alt=\"AZULEJO Untersetzer - 2er-Set\" srcset=\"https:\/\/www.companhiaatlantica.pt\/wp-content\/uploads\/2020\/06\/IMG_9482.jpg 600w, https:\/\/www.companhiaatlantica.pt\/wp-content\/uploads\/2020\/06\/IMG_9482-100x100.jpg 100w\" sizes=\"auto, (max-width: 600px) 100vw, 600px\" title=\"\">\t\t\t\t\t\t\t\t\t<\/a>\n\t\t\t\t\t\t\t\t\t\t\t\t\t\t\t\t\t\t \t\t\t\t\t\t\t\t<\/div>\n\t\t\t\t\t\t\t\t<div class=\"image-tools top right show-on-hover\">\n\t\t\t\t\t\t\t\t\t\t\t<div class=\"wishlist-icon\">\n\t\t\t<button class=\"wishlist-button button is-outline circle icon\" aria-label=\"Wunschliste\">\n\t\t\t\t<i class=\"icon-heart\" aria-hidden=\"true\"><\/i>\t\t\t<\/button>\n\t\t\t<div class=\"wishlist-popup dark\">\n\t\t\t\t\n<div\n\tclass=\"yith-wcwl-add-to-wishlist add-to-wishlist-41211 yith-wcwl-add-to-wishlist--button_default-style wishlist-fragment on-first-load\"\n\tdata-fragment-ref=\"41211\"\n\tdata-fragment-options=\"{&quot;base_url&quot;:&quot;&quot;,&quot;product_id&quot;:41211,&quot;parent_product_id&quot;:0,&quot;product_type&quot;:&quot;variable&quot;,&quot;is_single&quot;:false,&quot;in_default_wishlist&quot;:false,&quot;show_view&quot;:false,&quot;browse_wishlist_text&quot;:&quot;Siehe Ihre Wunschliste!&quot;,&quot;already_in_wishslist_text&quot;:&quot;Dieses Produkt steht bereits auf Ihrem Wunschzettel!&quot;,&quot;product_added_text&quot;:&quot;Produto adicionado!&quot;,&quot;available_multi_wishlist&quot;:false,&quot;disable_wishlist&quot;:false,&quot;show_count&quot;:false,&quot;ajax_loading&quot;:false,&quot;loop_position&quot;:&quot;after_add_to_cart&quot;,&quot;item&quot;:&quot;add_to_wishlist&quot;}\"\n>\n\t\t\t\n\t\t\t<!-- ADD TO WISHLIST -->\n\t\t\t\n<div class=\"yith-wcwl-add-button\">\n\t\t<a\n\t\thref=\"?add_to_wishlist=41211&#038;_wpnonce=52d31225f0\"\n\t\tclass=\"add_to_wishlist single_add_to_wishlist alt button theme-button-style \"\n\t\tdata-product-id=\"41211\"\n\t\tdata-product-type=\"variable\"\n\t\tdata-original-product-id=\"0\"\n\t\tdata-title=\"Zu meiner Wunschliste hinzuf\u00fcgen\"\n\t\trel=\"nofollow\"\n\t>\n\t\t<svg id=\"yith-wcwl-icon-heart-outline\" class=\"yith-wcwl-icon-svg\" fill=\"none\" stroke-width=\"1.5\" stroke=\"currentColor\" viewBox=\"0 0 24 24\" xmlns=\"http:\/\/www.w3.org\/2000\/svg\">\n  <path stroke-linecap=\"round\" stroke-linejoin=\"round\" d=\"M21 8.25c0-2.485-2.099-4.5-4.688-4.5-1.935 0-3.597 1.126-4.312 2.733-.715-1.607-2.377-2.733-4.313-2.733C5.1 3.75 3 5.765 3 8.25c0 7.22 9 12 9 12s9-4.78 9-12Z\"><\/path>\n<\/svg>\t\t<span>Zu meiner Wunschliste hinzuf\u00fcgen<\/span>\n\t<\/a>\n<\/div>\n\n\t\t\t<!-- COUNT TEXT -->\n\t\t\t\n\t\t\t<\/div>\n\t\t\t<\/div>\n\t\t<\/div>\n\t\t\t\t\t\t\t\t\t\t<\/div>\n\t\t\t\t\t\t\t\t\t\t\t\t\t\t\t\t\t<div class=\"image-tools grid-tools text-center hide-for-small bottom hover-slide-in show-on-hover\">\n\t\t\t\t\t\t\t\t\t\t\t\t\t\t\t\t\t\t\t<\/div>\n\t\t\t\t\t\t\t\t\t\t\t\t\t\t\t\t\t\t\t\t\t\t\t<\/div>\n\n\t\t\t\t\t\t\t<div class=\"box-text text-center\" >\n\t\t\t\t\t\t\t\t<div class=\"title-wrapper\"><p class=\"name product-title woocommerce-loop-product__title\"><a href=\"https:\/\/www.companhiaatlantica.pt\/de\/produto\/portugiesisches-leben\/haushaltsartikel\/glasuntersetzer\/fliesen-bodenbecher-9cm-2-stuck\" class=\"woocommerce-LoopProduct-link woocommerce-loop-product__link\">AZULEJO Untersetzer &#8211; 2er-Set<\/a><\/p><\/div><div class=\"price-wrapper\">\n\t<span class=\"price\"><span class=\"woocommerce-Price-amount amount\"><bdi>18.50<span class=\"woocommerce-Price-currencySymbol\">&euro;<\/span><\/bdi><\/span><\/span>\n<\/div><div class=\"add-to-cart-button\"><a href=\"https:\/\/www.companhiaatlantica.pt\/de\/produto\/portugiesisches-leben\/haushaltsartikel\/glasuntersetzer\/fliesen-bodenbecher-9cm-2-stuck\" aria-describedby=\"woocommerce_loop_add_to_cart_link_describedby_41211\" data-quantity=\"1\" class=\"primary is-small mb-0 button product_type_variable add_to_cart_button is-outline\" data-product_id=\"41211\" data-product_sku=\"\" aria-label=\"W\u00e4hle Optionen f\u00fcr \u201eAZULEJO Untersetzer - 2er-Set\u201c\" rel=\"nofollow\" data-product_name=\"AZULEJO Untersetzer - 2er-Set\" data-product_image=\"https:\/\/www.companhiaatlantica.pt\/wp-content\/uploads\/2020\/06\/IMG_9482.jpg\">Ausf\u00fchrung w\u00e4hlen<\/a><\/div>\t<span id=\"woocommerce_loop_add_to_cart_link_describedby_41211\" class=\"screen-reader-text\">\n\t\tDieses Produkt weist mehrere Varianten auf. Die Optionen k\u00f6nnen auf der Produktseite gew\u00e4hlt werden\t<\/span>\n\t\t\t\t\t\t\t<\/div>\n\t\t\t\t\t\t<\/div>\n\t\t\t\t\t\t<\/div>\n\t\t\t\t\t<\/div><div class=\"col\" >\n\t\t\t\t\t\t<div class=\"col-inner\">\n\t\t\t\t\t\t\n<div class=\"badge-container absolute left top z-1\">\n\n<div class=\"badge callout badge-circle\"><div class=\"badge-inner callout-new-bg is-small new-bubble\">NEW<\/div><\/div><\/div>\n\t\t\t\t\t\t<div class=\"product-small box has-hover box-push box-text-bottom\">\n\t\t\t\t\t\t\t<div class=\"box-image\" >\n\t\t\t\t\t\t\t\t<div class=\"\" >\n\t\t\t\t\t\t\t\t\t<a href=\"https:\/\/www.companhiaatlantica.pt\/de\/produto\/portugiesisches-leben\/haushaltsartikel\/glasuntersetzer\/alicatos-untersetzer-set-von-2\" aria-label=\"ALICATOS Untersetzer \u00d89,5 - Set aus 2\">\n\t\t\t\t\t\t\t\t\t\t<img loading=\"lazy\" decoding=\"async\" width=\"700\" height=\"700\" src=\"https:\/\/www.companhiaatlantica.pt\/wp-content\/uploads\/2024\/04\/131-127-1-700x700.jpg\" class=\"show-on-hover absolute fill hide-for-small back-image\" alt=\"Alternative view of ALICATOS Untersetzer \u00d89,5 - Set aus 2\" aria-hidden=\"true\" srcset=\"https:\/\/www.companhiaatlantica.pt\/wp-content\/uploads\/2024\/04\/131-127-1-700x700.jpg 700w, https:\/\/www.companhiaatlantica.pt\/wp-content\/uploads\/2024\/04\/131-127-1-100x100.jpg 100w, https:\/\/www.companhiaatlantica.pt\/wp-content\/uploads\/2024\/04\/131-127-1-400x400.jpg 400w, https:\/\/www.companhiaatlantica.pt\/wp-content\/uploads\/2024\/04\/131-127-1-350x350.jpg 350w, https:\/\/www.companhiaatlantica.pt\/wp-content\/uploads\/2024\/04\/131-127-1-768x768.jpg 768w, https:\/\/www.companhiaatlantica.pt\/wp-content\/uploads\/2024\/04\/131-127-1-600x600.jpg 600w, https:\/\/www.companhiaatlantica.pt\/wp-content\/uploads\/2024\/04\/131-127-1.jpg 848w\" sizes=\"auto, (max-width: 700px) 100vw, 700px\" title=\"\"><img loading=\"lazy\" decoding=\"async\" width=\"700\" height=\"700\" src=\"https:\/\/www.companhiaatlantica.pt\/wp-content\/uploads\/2024\/04\/131-127_a-700x700.jpg\" class=\"attachment-woocommerce_thumbnail size-woocommerce_thumbnail\" alt=\"ALICATOS Untersetzer \u00d89,5 - Set aus 2\" srcset=\"https:\/\/www.companhiaatlantica.pt\/wp-content\/uploads\/2024\/04\/131-127_a-700x700.jpg 700w, https:\/\/www.companhiaatlantica.pt\/wp-content\/uploads\/2024\/04\/131-127_a-100x100.jpg 100w, https:\/\/www.companhiaatlantica.pt\/wp-content\/uploads\/2024\/04\/131-127_a-400x400.jpg 400w, https:\/\/www.companhiaatlantica.pt\/wp-content\/uploads\/2024\/04\/131-127_a-350x350.jpg 350w, https:\/\/www.companhiaatlantica.pt\/wp-content\/uploads\/2024\/04\/131-127_a-768x768.jpg 768w, https:\/\/www.companhiaatlantica.pt\/wp-content\/uploads\/2024\/04\/131-127_a-600x600.jpg 600w, https:\/\/www.companhiaatlantica.pt\/wp-content\/uploads\/2024\/04\/131-127_a.jpg 848w\" sizes=\"auto, (max-width: 700px) 100vw, 700px\" title=\"\">\t\t\t\t\t\t\t\t\t<\/a>\n\t\t\t\t\t\t\t\t\t\t\t\t\t\t\t\t\t\t \t\t\t\t\t\t\t\t<\/div>\n\t\t\t\t\t\t\t\t<div class=\"image-tools top right show-on-hover\">\n\t\t\t\t\t\t\t\t\t\t\t<div class=\"wishlist-icon\">\n\t\t\t<button class=\"wishlist-button button is-outline circle icon\" aria-label=\"Wunschliste\">\n\t\t\t\t<i class=\"icon-heart\" aria-hidden=\"true\"><\/i>\t\t\t<\/button>\n\t\t\t<div class=\"wishlist-popup dark\">\n\t\t\t\t\n<div\n\tclass=\"yith-wcwl-add-to-wishlist add-to-wishlist-55949 yith-wcwl-add-to-wishlist--button_default-style wishlist-fragment on-first-load\"\n\tdata-fragment-ref=\"55949\"\n\tdata-fragment-options=\"{&quot;base_url&quot;:&quot;&quot;,&quot;product_id&quot;:55949,&quot;parent_product_id&quot;:0,&quot;product_type&quot;:&quot;variable&quot;,&quot;is_single&quot;:false,&quot;in_default_wishlist&quot;:false,&quot;show_view&quot;:false,&quot;browse_wishlist_text&quot;:&quot;Siehe Ihre Wunschliste!&quot;,&quot;already_in_wishslist_text&quot;:&quot;Dieses Produkt steht bereits auf Ihrem Wunschzettel!&quot;,&quot;product_added_text&quot;:&quot;Produto adicionado!&quot;,&quot;available_multi_wishlist&quot;:false,&quot;disable_wishlist&quot;:false,&quot;show_count&quot;:false,&quot;ajax_loading&quot;:false,&quot;loop_position&quot;:&quot;after_add_to_cart&quot;,&quot;item&quot;:&quot;add_to_wishlist&quot;}\"\n>\n\t\t\t\n\t\t\t<!-- ADD TO WISHLIST -->\n\t\t\t\n<div class=\"yith-wcwl-add-button\">\n\t\t<a\n\t\thref=\"?add_to_wishlist=55949&#038;_wpnonce=52d31225f0\"\n\t\tclass=\"add_to_wishlist single_add_to_wishlist alt button theme-button-style \"\n\t\tdata-product-id=\"55949\"\n\t\tdata-product-type=\"variable\"\n\t\tdata-original-product-id=\"0\"\n\t\tdata-title=\"Zu meiner Wunschliste hinzuf\u00fcgen\"\n\t\trel=\"nofollow\"\n\t>\n\t\t<svg id=\"yith-wcwl-icon-heart-outline\" class=\"yith-wcwl-icon-svg\" fill=\"none\" stroke-width=\"1.5\" stroke=\"currentColor\" viewBox=\"0 0 24 24\" xmlns=\"http:\/\/www.w3.org\/2000\/svg\">\n  <path stroke-linecap=\"round\" stroke-linejoin=\"round\" d=\"M21 8.25c0-2.485-2.099-4.5-4.688-4.5-1.935 0-3.597 1.126-4.312 2.733-.715-1.607-2.377-2.733-4.313-2.733C5.1 3.75 3 5.765 3 8.25c0 7.22 9 12 9 12s9-4.78 9-12Z\"><\/path>\n<\/svg>\t\t<span>Zu meiner Wunschliste hinzuf\u00fcgen<\/span>\n\t<\/a>\n<\/div>\n\n\t\t\t<!-- COUNT TEXT -->\n\t\t\t\n\t\t\t<\/div>\n\t\t\t<\/div>\n\t\t<\/div>\n\t\t\t\t\t\t\t\t\t\t<\/div>\n\t\t\t\t\t\t\t\t\t\t\t\t\t\t\t\t\t<div class=\"image-tools grid-tools text-center hide-for-small bottom hover-slide-in show-on-hover\">\n\t\t\t\t\t\t\t\t\t\t\t\t\t\t\t\t\t\t\t<\/div>\n\t\t\t\t\t\t\t\t\t\t\t\t\t\t\t\t\t\t\t\t\t\t\t<\/div>\n\n\t\t\t\t\t\t\t<div class=\"box-text text-center\" >\n\t\t\t\t\t\t\t\t<span class=\"featured-badge\"><img decoding=\"async\" src=\"https:\/\/cdn.companhiaatlantica.pt\/wp-content\/themes\/flatsome-child\/src\/img\/ar-icon-2.jpg\" alt=\"AR Icon\" class=\"ar-icon\" title=\"\"><\/span><div class=\"title-wrapper\"><p class=\"name product-title woocommerce-loop-product__title\"><a href=\"https:\/\/www.companhiaatlantica.pt\/de\/produto\/portugiesisches-leben\/haushaltsartikel\/glasuntersetzer\/alicatos-untersetzer-set-von-2\" class=\"woocommerce-LoopProduct-link woocommerce-loop-product__link\">ALICATOS Untersetzer \u00d89,5 &#8211; Set aus 2<\/a><\/p><\/div><div class=\"price-wrapper\">\n\t<span class=\"price\"><span class=\"woocommerce-Price-amount amount\"><bdi>18.50<span class=\"woocommerce-Price-currencySymbol\">&euro;<\/span><\/bdi><\/span><\/span>\n<\/div><div class=\"add-to-cart-button\"><a href=\"https:\/\/www.companhiaatlantica.pt\/de\/produto\/portugiesisches-leben\/haushaltsartikel\/glasuntersetzer\/alicatos-untersetzer-set-von-2\" aria-describedby=\"woocommerce_loop_add_to_cart_link_describedby_55949\" data-quantity=\"1\" class=\"primary is-small mb-0 button product_type_variable add_to_cart_button is-outline\" data-product_id=\"55949\" data-product_sku=\"\" aria-label=\"W\u00e4hle Optionen f\u00fcr \u201eALICATOS Untersetzer \u00d89,5 - Set aus 2\u201c\" rel=\"nofollow\" data-product_name=\"ALICATOS Untersetzer \u00d89,5 - Set aus 2\" data-product_image=\"https:\/\/www.companhiaatlantica.pt\/wp-content\/uploads\/2024\/04\/131-127_a-350x350.jpg\">Ausf\u00fchrung w\u00e4hlen<\/a><\/div>\t<span id=\"woocommerce_loop_add_to_cart_link_describedby_55949\" class=\"screen-reader-text\">\n\t\tDieses Produkt weist mehrere Varianten auf. Die Optionen k\u00f6nnen auf der Produktseite gew\u00e4hlt werden\t<\/span>\n\t\t\t\t\t\t\t<\/div>\n\t\t\t\t\t\t<\/div>\n\t\t\t\t\t\t<\/div>\n\t\t\t\t\t<\/div><div class=\"col\" >\n\t\t\t\t\t\t<div class=\"col-inner\">\n\t\t\t\t\t\t\n<div class=\"badge-container absolute left top z-1\">\n\n<\/div>\n\t\t\t\t\t\t<div class=\"product-small box has-hover box-push box-text-bottom\">\n\t\t\t\t\t\t\t<div class=\"box-image\" >\n\t\t\t\t\t\t\t\t<div class=\"\" >\n\t\t\t\t\t\t\t\t\t<a href=\"https:\/\/www.companhiaatlantica.pt\/de\/produto\/textilien\/geschirrtucher-schurzen\/schurze-algoda-namorados\" aria-label=\"Sch\u00fcrze aus Baumwolle NAMORADOS\">\n\t\t\t\t\t\t\t\t\t\t<img loading=\"lazy\" decoding=\"async\" width=\"700\" height=\"700\" src=\"https:\/\/www.companhiaatlantica.pt\/wp-content\/uploads\/2022\/04\/170-199_a-700x700.jpg\" class=\"show-on-hover absolute fill hide-for-small back-image\" alt=\"Alternative view of Sch\u00fcrze aus Baumwolle NAMORADOS\" aria-hidden=\"true\" srcset=\"https:\/\/www.companhiaatlantica.pt\/wp-content\/uploads\/2022\/04\/170-199_a-700x700.jpg 700w, https:\/\/www.companhiaatlantica.pt\/wp-content\/uploads\/2022\/04\/170-199_a-100x100.jpg 100w, https:\/\/www.companhiaatlantica.pt\/wp-content\/uploads\/2022\/04\/170-199_a-900x900.jpg 900w, https:\/\/www.companhiaatlantica.pt\/wp-content\/uploads\/2022\/04\/170-199_a-300x300.jpg 300w, https:\/\/www.companhiaatlantica.pt\/wp-content\/uploads\/2022\/04\/170-199_a-150x150.jpg 150w, https:\/\/www.companhiaatlantica.pt\/wp-content\/uploads\/2022\/04\/170-199_a-768x768.jpg 768w, https:\/\/www.companhiaatlantica.pt\/wp-content\/uploads\/2022\/04\/170-199_a-600x600.jpg 600w, https:\/\/www.companhiaatlantica.pt\/wp-content\/uploads\/2022\/04\/170-199_a.jpg 1000w\" sizes=\"auto, (max-width: 700px) 100vw, 700px\" title=\"\"><img loading=\"lazy\" decoding=\"async\" width=\"700\" height=\"700\" src=\"https:\/\/www.companhiaatlantica.pt\/wp-content\/uploads\/2022\/04\/170-199-700x700.jpg\" class=\"attachment-woocommerce_thumbnail size-woocommerce_thumbnail\" alt=\"Sch\u00fcrze aus Baumwolle NAMORADOS\" srcset=\"https:\/\/www.companhiaatlantica.pt\/wp-content\/uploads\/2022\/04\/170-199-700x700.jpg 700w, https:\/\/www.companhiaatlantica.pt\/wp-content\/uploads\/2022\/04\/170-199-100x100.jpg 100w, https:\/\/www.companhiaatlantica.pt\/wp-content\/uploads\/2022\/04\/170-199-900x900.jpg 900w, https:\/\/www.companhiaatlantica.pt\/wp-content\/uploads\/2022\/04\/170-199-300x300.jpg 300w, https:\/\/www.companhiaatlantica.pt\/wp-content\/uploads\/2022\/04\/170-199-150x150.jpg 150w, https:\/\/www.companhiaatlantica.pt\/wp-content\/uploads\/2022\/04\/170-199-768x768.jpg 768w, https:\/\/www.companhiaatlantica.pt\/wp-content\/uploads\/2022\/04\/170-199-600x600.jpg 600w, https:\/\/www.companhiaatlantica.pt\/wp-content\/uploads\/2022\/04\/170-199.jpg 1000w\" sizes=\"auto, (max-width: 700px) 100vw, 700px\" title=\"\">\t\t\t\t\t\t\t\t\t<\/a>\n\t\t\t\t\t\t\t\t\t\t\t\t\t\t\t\t\t\t \t\t\t\t\t\t\t\t<\/div>\n\t\t\t\t\t\t\t\t<div class=\"image-tools top right show-on-hover\">\n\t\t\t\t\t\t\t\t\t\t\t<div class=\"wishlist-icon\">\n\t\t\t<button class=\"wishlist-button button is-outline circle icon\" aria-label=\"Wunschliste\">\n\t\t\t\t<i class=\"icon-heart\" aria-hidden=\"true\"><\/i>\t\t\t<\/button>\n\t\t\t<div class=\"wishlist-popup dark\">\n\t\t\t\t\n<div\n\tclass=\"yith-wcwl-add-to-wishlist add-to-wishlist-40830 yith-wcwl-add-to-wishlist--button_default-style wishlist-fragment on-first-load\"\n\tdata-fragment-ref=\"40830\"\n\tdata-fragment-options=\"{&quot;base_url&quot;:&quot;&quot;,&quot;product_id&quot;:40830,&quot;parent_product_id&quot;:0,&quot;product_type&quot;:&quot;simple&quot;,&quot;is_single&quot;:false,&quot;in_default_wishlist&quot;:false,&quot;show_view&quot;:false,&quot;browse_wishlist_text&quot;:&quot;Siehe Ihre Wunschliste!&quot;,&quot;already_in_wishslist_text&quot;:&quot;Dieses Produkt steht bereits auf Ihrem Wunschzettel!&quot;,&quot;product_added_text&quot;:&quot;Produto adicionado!&quot;,&quot;available_multi_wishlist&quot;:false,&quot;disable_wishlist&quot;:false,&quot;show_count&quot;:false,&quot;ajax_loading&quot;:false,&quot;loop_position&quot;:&quot;after_add_to_cart&quot;,&quot;item&quot;:&quot;add_to_wishlist&quot;}\"\n>\n\t\t\t\n\t\t\t<!-- ADD TO WISHLIST -->\n\t\t\t\n<div class=\"yith-wcwl-add-button\">\n\t\t<a\n\t\thref=\"?add_to_wishlist=40830&#038;_wpnonce=52d31225f0\"\n\t\tclass=\"add_to_wishlist single_add_to_wishlist alt button theme-button-style \"\n\t\tdata-product-id=\"40830\"\n\t\tdata-product-type=\"simple\"\n\t\tdata-original-product-id=\"0\"\n\t\tdata-title=\"Zu meiner Wunschliste hinzuf\u00fcgen\"\n\t\trel=\"nofollow\"\n\t>\n\t\t<svg id=\"yith-wcwl-icon-heart-outline\" class=\"yith-wcwl-icon-svg\" fill=\"none\" stroke-width=\"1.5\" stroke=\"currentColor\" viewBox=\"0 0 24 24\" xmlns=\"http:\/\/www.w3.org\/2000\/svg\">\n  <path stroke-linecap=\"round\" stroke-linejoin=\"round\" d=\"M21 8.25c0-2.485-2.099-4.5-4.688-4.5-1.935 0-3.597 1.126-4.312 2.733-.715-1.607-2.377-2.733-4.313-2.733C5.1 3.75 3 5.765 3 8.25c0 7.22 9 12 9 12s9-4.78 9-12Z\"><\/path>\n<\/svg>\t\t<span>Zu meiner Wunschliste hinzuf\u00fcgen<\/span>\n\t<\/a>\n<\/div>\n\n\t\t\t<!-- COUNT TEXT -->\n\t\t\t\n\t\t\t<\/div>\n\t\t\t<\/div>\n\t\t<\/div>\n\t\t\t\t\t\t\t\t\t\t<\/div>\n\t\t\t\t\t\t\t\t\t\t\t\t\t\t\t\t\t<div class=\"image-tools grid-tools text-center hide-for-small bottom hover-slide-in show-on-hover\">\n\t\t\t\t\t\t\t\t\t\t\t\t\t\t\t\t\t\t\t<\/div>\n\t\t\t\t\t\t\t\t\t\t\t\t\t\t\t\t\t\t\t\t\t\t\t<\/div>\n\n\t\t\t\t\t\t\t<div class=\"box-text text-center\" >\n\t\t\t\t\t\t\t\t<div class=\"title-wrapper\"><p class=\"name product-title woocommerce-loop-product__title\"><a href=\"https:\/\/www.companhiaatlantica.pt\/de\/produto\/textilien\/geschirrtucher-schurzen\/schurze-algoda-namorados\" class=\"woocommerce-LoopProduct-link woocommerce-loop-product__link\">Sch\u00fcrze aus Baumwolle NAMORADOS<\/a><\/p><\/div><div class=\"price-wrapper\">\n\t<span class=\"price\"><span class=\"woocommerce-Price-amount amount\"><bdi>28.00<span class=\"woocommerce-Price-currencySymbol\">&euro;<\/span><\/bdi><\/span><\/span>\n<\/div><div class=\"add-to-cart-button\"><a href=\"\/de\/wp-json\/wp\/v2\/pages\/66644?add-to-cart=40830\" aria-describedby=\"woocommerce_loop_add_to_cart_link_describedby_40830\" data-quantity=\"1\" class=\"primary is-small mb-0 button product_type_simple add_to_cart_button ajax_add_to_cart is-outline\" data-product_id=\"40830\" data-product_sku=\"170-199\" aria-label=\"In den Warenkorb legen: \u201eSch\u00fcrze aus Baumwolle NAMORADOS\u201c\" rel=\"nofollow\" data-success_message=\"\u201eSch\u00fcrze aus Baumwolle NAMORADOS\u201c wurde deinem Warenkorb hinzugef\u00fcgt\" data-product_name=\"Sch\u00fcrze aus Baumwolle NAMORADOS\" data-product_image=\"https:\/\/www.companhiaatlantica.pt\/wp-content\/uploads\/2022\/04\/170-199-150x150.jpg\" role=\"button\">In den Warenkorb<\/a><\/div>\t<span id=\"woocommerce_loop_add_to_cart_link_describedby_40830\" class=\"screen-reader-text\">\n\t\t\t<\/span>\n\t\t\t\t\t\t\t<\/div>\n\t\t\t\t\t\t<\/div>\n\t\t\t\t\t\t<\/div>\n\t\t\t\t\t<\/div><div class=\"col\" >\n\t\t\t\t\t\t<div class=\"col-inner\">\n\t\t\t\t\t\t\n<div class=\"badge-container absolute left top z-1\">\n\n<div class=\"badge callout badge-circle\"><div class=\"badge-inner callout-new-bg is-small new-bubble\">NEW<\/div><\/div><\/div>\n\t\t\t\t\t\t<div class=\"product-small box has-hover box-push box-text-bottom\">\n\t\t\t\t\t\t\t<div class=\"box-image\" >\n\t\t\t\t\t\t\t\t<div class=\"\" >\n\t\t\t\t\t\t\t\t\t<a href=\"https:\/\/www.companhiaatlantica.pt\/de\/produto\/portugiesisches-leben\/haushaltsartikel\/weinkorken\/alicatos-korken\" aria-label=\"ALICATOS Korken\">\n\t\t\t\t\t\t\t\t\t\t<img loading=\"lazy\" decoding=\"async\" width=\"700\" height=\"700\" src=\"https:\/\/www.companhiaatlantica.pt\/wp-content\/uploads\/2024\/04\/131-140_1-700x700.jpg\" class=\"show-on-hover absolute fill hide-for-small back-image\" alt=\"Alternative view of ALICATOS Korken\" aria-hidden=\"true\" srcset=\"https:\/\/www.companhiaatlantica.pt\/wp-content\/uploads\/2024\/04\/131-140_1-700x700.jpg 700w, https:\/\/www.companhiaatlantica.pt\/wp-content\/uploads\/2024\/04\/131-140_1-100x100.jpg 100w, https:\/\/www.companhiaatlantica.pt\/wp-content\/uploads\/2024\/04\/131-140_1-400x400.jpg 400w, https:\/\/www.companhiaatlantica.pt\/wp-content\/uploads\/2024\/04\/131-140_1-350x350.jpg 350w, https:\/\/www.companhiaatlantica.pt\/wp-content\/uploads\/2024\/04\/131-140_1-600x600.jpg 600w, https:\/\/www.companhiaatlantica.pt\/wp-content\/uploads\/2024\/04\/131-140_1.jpg 731w\" sizes=\"auto, (max-width: 700px) 100vw, 700px\" title=\"\"><img loading=\"lazy\" decoding=\"async\" width=\"600\" height=\"600\" src=\"https:\/\/www.companhiaatlantica.pt\/wp-content\/uploads\/2024\/04\/rolhas-alicatos.jpg\" class=\"attachment-woocommerce_thumbnail size-woocommerce_thumbnail\" alt=\"ALICATOS Korken\" srcset=\"https:\/\/www.companhiaatlantica.pt\/wp-content\/uploads\/2024\/04\/rolhas-alicatos.jpg 600w, https:\/\/www.companhiaatlantica.pt\/wp-content\/uploads\/2024\/04\/rolhas-alicatos-100x100.jpg 100w, https:\/\/www.companhiaatlantica.pt\/wp-content\/uploads\/2024\/04\/rolhas-alicatos-400x400.jpg 400w, https:\/\/www.companhiaatlantica.pt\/wp-content\/uploads\/2024\/04\/rolhas-alicatos-350x350.jpg 350w\" sizes=\"auto, (max-width: 600px) 100vw, 600px\" title=\"\">\t\t\t\t\t\t\t\t\t<\/a>\n\t\t\t\t\t\t\t\t\t\t\t\t\t\t\t\t\t\t \t\t\t\t\t\t\t\t<\/div>\n\t\t\t\t\t\t\t\t<div class=\"image-tools top right show-on-hover\">\n\t\t\t\t\t\t\t\t\t\t\t<div class=\"wishlist-icon\">\n\t\t\t<button class=\"wishlist-button button is-outline circle icon\" aria-label=\"Wunschliste\">\n\t\t\t\t<i class=\"icon-heart\" aria-hidden=\"true\"><\/i>\t\t\t<\/button>\n\t\t\t<div class=\"wishlist-popup dark\">\n\t\t\t\t\n<div\n\tclass=\"yith-wcwl-add-to-wishlist add-to-wishlist-56503 yith-wcwl-add-to-wishlist--button_default-style wishlist-fragment on-first-load\"\n\tdata-fragment-ref=\"56503\"\n\tdata-fragment-options=\"{&quot;base_url&quot;:&quot;&quot;,&quot;product_id&quot;:56503,&quot;parent_product_id&quot;:0,&quot;product_type&quot;:&quot;variable&quot;,&quot;is_single&quot;:false,&quot;in_default_wishlist&quot;:false,&quot;show_view&quot;:false,&quot;browse_wishlist_text&quot;:&quot;Siehe Ihre Wunschliste!&quot;,&quot;already_in_wishslist_text&quot;:&quot;Dieses Produkt steht bereits auf Ihrem Wunschzettel!&quot;,&quot;product_added_text&quot;:&quot;Produto adicionado!&quot;,&quot;available_multi_wishlist&quot;:false,&quot;disable_wishlist&quot;:false,&quot;show_count&quot;:false,&quot;ajax_loading&quot;:false,&quot;loop_position&quot;:&quot;after_add_to_cart&quot;,&quot;item&quot;:&quot;add_to_wishlist&quot;}\"\n>\n\t\t\t\n\t\t\t<!-- ADD TO WISHLIST -->\n\t\t\t\n<div class=\"yith-wcwl-add-button\">\n\t\t<a\n\t\thref=\"?add_to_wishlist=56503&#038;_wpnonce=52d31225f0\"\n\t\tclass=\"add_to_wishlist single_add_to_wishlist alt button theme-button-style \"\n\t\tdata-product-id=\"56503\"\n\t\tdata-product-type=\"variable\"\n\t\tdata-original-product-id=\"0\"\n\t\tdata-title=\"Zu meiner Wunschliste hinzuf\u00fcgen\"\n\t\trel=\"nofollow\"\n\t>\n\t\t<svg id=\"yith-wcwl-icon-heart-outline\" class=\"yith-wcwl-icon-svg\" fill=\"none\" stroke-width=\"1.5\" stroke=\"currentColor\" viewBox=\"0 0 24 24\" xmlns=\"http:\/\/www.w3.org\/2000\/svg\">\n  <path stroke-linecap=\"round\" stroke-linejoin=\"round\" d=\"M21 8.25c0-2.485-2.099-4.5-4.688-4.5-1.935 0-3.597 1.126-4.312 2.733-.715-1.607-2.377-2.733-4.313-2.733C5.1 3.75 3 5.765 3 8.25c0 7.22 9 12 9 12s9-4.78 9-12Z\"><\/path>\n<\/svg>\t\t<span>Zu meiner Wunschliste hinzuf\u00fcgen<\/span>\n\t<\/a>\n<\/div>\n\n\t\t\t<!-- COUNT TEXT -->\n\t\t\t\n\t\t\t<\/div>\n\t\t\t<\/div>\n\t\t<\/div>\n\t\t\t\t\t\t\t\t\t\t<\/div>\n\t\t\t\t\t\t\t\t\t\t\t\t\t\t\t\t\t<div class=\"image-tools grid-tools text-center hide-for-small bottom hover-slide-in show-on-hover\">\n\t\t\t\t\t\t\t\t\t\t\t\t\t\t\t\t\t\t\t<\/div>\n\t\t\t\t\t\t\t\t\t\t\t\t\t\t\t\t\t\t\t\t\t\t\t<\/div>\n\n\t\t\t\t\t\t\t<div class=\"box-text text-center\" >\n\t\t\t\t\t\t\t\t<span class=\"featured-badge\"><img decoding=\"async\" src=\"https:\/\/cdn.companhiaatlantica.pt\/wp-content\/themes\/flatsome-child\/src\/img\/ar-icon-2.jpg\" alt=\"AR Icon\" class=\"ar-icon\" title=\"\"><\/span><div class=\"title-wrapper\"><p class=\"name product-title woocommerce-loop-product__title\"><a href=\"https:\/\/www.companhiaatlantica.pt\/de\/produto\/portugiesisches-leben\/haushaltsartikel\/weinkorken\/alicatos-korken\" class=\"woocommerce-LoopProduct-link woocommerce-loop-product__link\">ALICATOS Korken<\/a><\/p><\/div><div class=\"price-wrapper\">\n\t<span class=\"price\"><span class=\"woocommerce-Price-amount amount\" aria-hidden=\"true\"><bdi>12.50<span class=\"woocommerce-Price-currencySymbol\">&euro;<\/span><\/bdi><\/span> <span aria-hidden=\"true\"> \u2013 <\/span> <span class=\"woocommerce-Price-amount amount\" aria-hidden=\"true\"><bdi>12.90<span class=\"woocommerce-Price-currencySymbol\">&euro;<\/span><\/bdi><\/span><span class=\"screen-reader-text\">Preisspanne: 12.50&euro; bis 12.90&euro;<\/span><\/span>\n<\/div><div class=\"add-to-cart-button\"><a href=\"https:\/\/www.companhiaatlantica.pt\/de\/produto\/portugiesisches-leben\/haushaltsartikel\/weinkorken\/alicatos-korken\" aria-describedby=\"woocommerce_loop_add_to_cart_link_describedby_56503\" data-quantity=\"1\" class=\"primary is-small mb-0 button product_type_variable add_to_cart_button is-outline\" data-product_id=\"56503\" data-product_sku=\"\" aria-label=\"W\u00e4hle Optionen f\u00fcr \u201eALICATOS Korken\u201c\" rel=\"nofollow\" data-product_name=\"ALICATOS Korken\" data-product_image=\"https:\/\/www.companhiaatlantica.pt\/wp-content\/uploads\/2024\/04\/rolhas-alicatos-350x350.jpg\">Ausf\u00fchrung w\u00e4hlen<\/a><\/div>\t<span id=\"woocommerce_loop_add_to_cart_link_describedby_56503\" class=\"screen-reader-text\">\n\t\tDieses Produkt weist mehrere Varianten auf. Die Optionen k\u00f6nnen auf der Produktseite gew\u00e4hlt werden\t<\/span>\n\t\t\t\t\t\t\t<\/div>\n\t\t\t\t\t\t<\/div>\n\t\t\t\t\t\t<\/div>\n\t\t\t\t\t<\/div><div class=\"col\" >\n\t\t\t\t\t\t<div class=\"col-inner\">\n\t\t\t\t\t\t\n<div class=\"badge-container absolute left top z-1\">\n\n<\/div>\n\t\t\t\t\t\t<div class=\"product-small box has-hover box-push box-text-bottom\">\n\t\t\t\t\t\t\t<div class=\"box-image\" >\n\t\t\t\t\t\t\t\t<div class=\"\" >\n\t\t\t\t\t\t\t\t\t<a href=\"https:\/\/www.companhiaatlantica.pt\/de\/produto\/portugiesisches-leben\/modeartikel\/pins-de\/azulejo-pins\" aria-label=\"AZULEJO-Pins (Anstecknadeln)\">\n\t\t\t\t\t\t\t\t\t\t<img loading=\"lazy\" decoding=\"async\" width=\"700\" height=\"700\" src=\"https:\/\/www.companhiaatlantica.pt\/wp-content\/uploads\/2022\/10\/190-040-700x700.jpg\" class=\"show-on-hover absolute fill hide-for-small back-image\" alt=\"Alternative view of AZULEJO-Pins (Anstecknadeln)\" aria-hidden=\"true\" srcset=\"https:\/\/www.companhiaatlantica.pt\/wp-content\/uploads\/2022\/10\/190-040-700x700.jpg 700w, https:\/\/www.companhiaatlantica.pt\/wp-content\/uploads\/2022\/10\/190-040-100x100.jpg 100w, https:\/\/www.companhiaatlantica.pt\/wp-content\/uploads\/2022\/10\/190-040-600x600.jpg 600w, https:\/\/www.companhiaatlantica.pt\/wp-content\/uploads\/2022\/10\/190-040-300x300.jpg 300w, https:\/\/www.companhiaatlantica.pt\/wp-content\/uploads\/2022\/10\/190-040-150x150.jpg 150w, https:\/\/www.companhiaatlantica.pt\/wp-content\/uploads\/2022\/10\/190-040.jpg 761w\" sizes=\"auto, (max-width: 700px) 100vw, 700px\" title=\"\"><img loading=\"lazy\" decoding=\"async\" width=\"700\" height=\"700\" src=\"https:\/\/www.companhiaatlantica.pt\/wp-content\/uploads\/2020\/05\/190-038_4-700x700.jpg\" class=\"attachment-woocommerce_thumbnail size-woocommerce_thumbnail\" alt=\"AZULEJO-Pins (Anstecknadeln)\" srcset=\"https:\/\/www.companhiaatlantica.pt\/wp-content\/uploads\/2020\/05\/190-038_4-700x700.jpg 700w, https:\/\/www.companhiaatlantica.pt\/wp-content\/uploads\/2020\/05\/190-038_4-100x100.jpg 100w, https:\/\/www.companhiaatlantica.pt\/wp-content\/uploads\/2020\/05\/190-038_4-600x600.jpg 600w, https:\/\/www.companhiaatlantica.pt\/wp-content\/uploads\/2020\/05\/190-038_4-150x150.jpg 150w, https:\/\/www.companhiaatlantica.pt\/wp-content\/uploads\/2020\/05\/190-038_4-300x300.jpg 300w, https:\/\/www.companhiaatlantica.pt\/wp-content\/uploads\/2020\/05\/190-038_4-768x768.jpg 768w, https:\/\/www.companhiaatlantica.pt\/wp-content\/uploads\/2020\/05\/190-038_4.jpg 879w\" sizes=\"auto, (max-width: 700px) 100vw, 700px\" title=\"\">\t\t\t\t\t\t\t\t\t<\/a>\n\t\t\t\t\t\t\t\t\t\t\t\t\t\t\t\t\t\t \t\t\t\t\t\t\t\t<\/div>\n\t\t\t\t\t\t\t\t<div class=\"image-tools top right show-on-hover\">\n\t\t\t\t\t\t\t\t\t\t\t<div class=\"wishlist-icon\">\n\t\t\t<button class=\"wishlist-button button is-outline circle icon\" aria-label=\"Wunschliste\">\n\t\t\t\t<i class=\"icon-heart\" aria-hidden=\"true\"><\/i>\t\t\t<\/button>\n\t\t\t<div class=\"wishlist-popup dark\">\n\t\t\t\t\n<div\n\tclass=\"yith-wcwl-add-to-wishlist add-to-wishlist-42095 yith-wcwl-add-to-wishlist--button_default-style wishlist-fragment on-first-load\"\n\tdata-fragment-ref=\"42095\"\n\tdata-fragment-options=\"{&quot;base_url&quot;:&quot;&quot;,&quot;product_id&quot;:42095,&quot;parent_product_id&quot;:0,&quot;product_type&quot;:&quot;variable&quot;,&quot;is_single&quot;:false,&quot;in_default_wishlist&quot;:false,&quot;show_view&quot;:false,&quot;browse_wishlist_text&quot;:&quot;Siehe Ihre Wunschliste!&quot;,&quot;already_in_wishslist_text&quot;:&quot;Dieses Produkt steht bereits auf Ihrem Wunschzettel!&quot;,&quot;product_added_text&quot;:&quot;Produto adicionado!&quot;,&quot;available_multi_wishlist&quot;:false,&quot;disable_wishlist&quot;:false,&quot;show_count&quot;:false,&quot;ajax_loading&quot;:false,&quot;loop_position&quot;:&quot;after_add_to_cart&quot;,&quot;item&quot;:&quot;add_to_wishlist&quot;}\"\n>\n\t\t\t\n\t\t\t<!-- ADD TO WISHLIST -->\n\t\t\t\n<div class=\"yith-wcwl-add-button\">\n\t\t<a\n\t\thref=\"?add_to_wishlist=42095&#038;_wpnonce=52d31225f0\"\n\t\tclass=\"add_to_wishlist single_add_to_wishlist alt button theme-button-style \"\n\t\tdata-product-id=\"42095\"\n\t\tdata-product-type=\"variable\"\n\t\tdata-original-product-id=\"0\"\n\t\tdata-title=\"Zu meiner Wunschliste hinzuf\u00fcgen\"\n\t\trel=\"nofollow\"\n\t>\n\t\t<svg id=\"yith-wcwl-icon-heart-outline\" class=\"yith-wcwl-icon-svg\" fill=\"none\" stroke-width=\"1.5\" stroke=\"currentColor\" viewBox=\"0 0 24 24\" xmlns=\"http:\/\/www.w3.org\/2000\/svg\">\n  <path stroke-linecap=\"round\" stroke-linejoin=\"round\" d=\"M21 8.25c0-2.485-2.099-4.5-4.688-4.5-1.935 0-3.597 1.126-4.312 2.733-.715-1.607-2.377-2.733-4.313-2.733C5.1 3.75 3 5.765 3 8.25c0 7.22 9 12 9 12s9-4.78 9-12Z\"><\/path>\n<\/svg>\t\t<span>Zu meiner Wunschliste hinzuf\u00fcgen<\/span>\n\t<\/a>\n<\/div>\n\n\t\t\t<!-- COUNT TEXT -->\n\t\t\t\n\t\t\t<\/div>\n\t\t\t<\/div>\n\t\t<\/div>\n\t\t\t\t\t\t\t\t\t\t<\/div>\n\t\t\t\t\t\t\t\t\t\t\t\t\t\t\t\t\t<div class=\"image-tools grid-tools text-center hide-for-small bottom hover-slide-in show-on-hover\">\n\t\t\t\t\t\t\t\t\t\t\t\t\t\t\t\t\t\t\t<\/div>\n\t\t\t\t\t\t\t\t\t\t\t\t\t\t\t\t\t\t\t\t\t\t\t<\/div>\n\n\t\t\t\t\t\t\t<div class=\"box-text text-center\" >\n\t\t\t\t\t\t\t\t<div class=\"title-wrapper\"><p class=\"name product-title woocommerce-loop-product__title\"><a href=\"https:\/\/www.companhiaatlantica.pt\/de\/produto\/portugiesisches-leben\/modeartikel\/pins-de\/azulejo-pins\" class=\"woocommerce-LoopProduct-link woocommerce-loop-product__link\">AZULEJO-Pins (Anstecknadeln)<\/a><\/p><\/div><div class=\"price-wrapper\">\n\t<span class=\"price\"><span class=\"woocommerce-Price-amount amount\"><bdi>4.50<span class=\"woocommerce-Price-currencySymbol\">&euro;<\/span><\/bdi><\/span><\/span>\n<\/div>\t<span id=\"woocommerce_loop_add_to_cart_link_describedby_42095\" class=\"screen-reader-text\">\n\t\tDieses Produkt weist mehrere Varianten auf. Die Optionen k\u00f6nnen auf der Produktseite gew\u00e4hlt werden\t<\/span>\n\t\t\t\t\t\t\t<\/div>\n\t\t\t\t\t\t<\/div>\n\t\t\t\t\t\t<\/div>\n\t\t\t\t\t<\/div><div class=\"col\" >\n\t\t\t\t\t\t<div class=\"col-inner\">\n\t\t\t\t\t\t\n<div class=\"badge-container absolute left top z-1\">\n\n<\/div>\n\t\t\t\t\t\t<div class=\"product-small box has-hover box-push box-text-bottom\">\n\t\t\t\t\t\t\t<div class=\"box-image\" >\n\t\t\t\t\t\t\t\t<div class=\"\" >\n\t\t\t\t\t\t\t\t\t<a href=\"https:\/\/www.companhiaatlantica.pt\/de\/produto\/portugiesisches-leben\/portugal-zubehor\/stifthalter-aus-weisblech\/federmaeppchen-anbetung-der-weisen-prado\" aria-label=\"Federm\u00e4ppchen &quot;Anbetung der Weisen&quot; PRADO\">\n\t\t\t\t\t\t\t\t\t\t<img loading=\"lazy\" decoding=\"async\" width=\"700\" height=\"700\" src=\"https:\/\/www.companhiaatlantica.pt\/wp-content\/uploads\/2021\/05\/150-002_a-1-700x700.jpg\" class=\"show-on-hover absolute fill hide-for-small back-image\" alt=\"Alternative view of Federm\u00e4ppchen &quot;Anbetung der Weisen&quot; PRADO\" aria-hidden=\"true\" srcset=\"https:\/\/www.companhiaatlantica.pt\/wp-content\/uploads\/2021\/05\/150-002_a-1-700x700.jpg 700w, https:\/\/www.companhiaatlantica.pt\/wp-content\/uploads\/2021\/05\/150-002_a-1-100x100.jpg 100w, https:\/\/www.companhiaatlantica.pt\/wp-content\/uploads\/2021\/05\/150-002_a-1-900x899.jpg 900w, https:\/\/www.companhiaatlantica.pt\/wp-content\/uploads\/2021\/05\/150-002_a-1-300x300.jpg 300w, https:\/\/www.companhiaatlantica.pt\/wp-content\/uploads\/2021\/05\/150-002_a-1-1024x1024.jpg 1024w, https:\/\/www.companhiaatlantica.pt\/wp-content\/uploads\/2021\/05\/150-002_a-1-150x150.jpg 150w, https:\/\/www.companhiaatlantica.pt\/wp-content\/uploads\/2021\/05\/150-002_a-1-768x767.jpg 768w, https:\/\/www.companhiaatlantica.pt\/wp-content\/uploads\/2021\/05\/150-002_a-1-600x599.jpg 600w, https:\/\/www.companhiaatlantica.pt\/wp-content\/uploads\/2021\/05\/150-002_a-1.jpg 1065w\" sizes=\"auto, (max-width: 700px) 100vw, 700px\" title=\"\"><img loading=\"lazy\" decoding=\"async\" width=\"700\" height=\"700\" src=\"https:\/\/www.companhiaatlantica.pt\/wp-content\/uploads\/2021\/05\/150-002-1-700x700.jpg\" class=\"attachment-woocommerce_thumbnail size-woocommerce_thumbnail\" alt=\"Federm\u00e4ppchen &quot;Anbetung der Weisen&quot; PRADO\" srcset=\"https:\/\/www.companhiaatlantica.pt\/wp-content\/uploads\/2021\/05\/150-002-1-700x700.jpg 700w, https:\/\/www.companhiaatlantica.pt\/wp-content\/uploads\/2021\/05\/150-002-1-100x100.jpg 100w, https:\/\/www.companhiaatlantica.pt\/wp-content\/uploads\/2021\/05\/150-002-1-900x899.jpg 900w, https:\/\/www.companhiaatlantica.pt\/wp-content\/uploads\/2021\/05\/150-002-1-300x300.jpg 300w, https:\/\/www.companhiaatlantica.pt\/wp-content\/uploads\/2021\/05\/150-002-1-1024x1024.jpg 1024w, https:\/\/www.companhiaatlantica.pt\/wp-content\/uploads\/2021\/05\/150-002-1-150x150.jpg 150w, https:\/\/www.companhiaatlantica.pt\/wp-content\/uploads\/2021\/05\/150-002-1-768x767.jpg 768w, https:\/\/www.companhiaatlantica.pt\/wp-content\/uploads\/2021\/05\/150-002-1-600x599.jpg 600w, https:\/\/www.companhiaatlantica.pt\/wp-content\/uploads\/2021\/05\/150-002-1.jpg 1065w\" sizes=\"auto, (max-width: 700px) 100vw, 700px\" title=\"\">\t\t\t\t\t\t\t\t\t<\/a>\n\t\t\t\t\t\t\t\t\t\t\t\t\t\t\t\t\t\t \t\t\t\t\t\t\t\t<\/div>\n\t\t\t\t\t\t\t\t<div class=\"image-tools top right show-on-hover\">\n\t\t\t\t\t\t\t\t\t\t\t<div class=\"wishlist-icon\">\n\t\t\t<button class=\"wishlist-button button is-outline circle icon\" aria-label=\"Wunschliste\">\n\t\t\t\t<i class=\"icon-heart\" aria-hidden=\"true\"><\/i>\t\t\t<\/button>\n\t\t\t<div class=\"wishlist-popup dark\">\n\t\t\t\t\n<div\n\tclass=\"yith-wcwl-add-to-wishlist add-to-wishlist-50897 yith-wcwl-add-to-wishlist--button_default-style wishlist-fragment on-first-load\"\n\tdata-fragment-ref=\"50897\"\n\tdata-fragment-options=\"{&quot;base_url&quot;:&quot;&quot;,&quot;product_id&quot;:50897,&quot;parent_product_id&quot;:0,&quot;product_type&quot;:&quot;simple&quot;,&quot;is_single&quot;:false,&quot;in_default_wishlist&quot;:false,&quot;show_view&quot;:false,&quot;browse_wishlist_text&quot;:&quot;Siehe Ihre Wunschliste!&quot;,&quot;already_in_wishslist_text&quot;:&quot;Dieses Produkt steht bereits auf Ihrem Wunschzettel!&quot;,&quot;product_added_text&quot;:&quot;Produto adicionado!&quot;,&quot;available_multi_wishlist&quot;:false,&quot;disable_wishlist&quot;:false,&quot;show_count&quot;:false,&quot;ajax_loading&quot;:false,&quot;loop_position&quot;:&quot;after_add_to_cart&quot;,&quot;item&quot;:&quot;add_to_wishlist&quot;}\"\n>\n\t\t\t\n\t\t\t<!-- ADD TO WISHLIST -->\n\t\t\t\n<div class=\"yith-wcwl-add-button\">\n\t\t<a\n\t\thref=\"?add_to_wishlist=50897&#038;_wpnonce=52d31225f0\"\n\t\tclass=\"add_to_wishlist single_add_to_wishlist alt button theme-button-style \"\n\t\tdata-product-id=\"50897\"\n\t\tdata-product-type=\"simple\"\n\t\tdata-original-product-id=\"0\"\n\t\tdata-title=\"Zu meiner Wunschliste hinzuf\u00fcgen\"\n\t\trel=\"nofollow\"\n\t>\n\t\t<svg id=\"yith-wcwl-icon-heart-outline\" class=\"yith-wcwl-icon-svg\" fill=\"none\" stroke-width=\"1.5\" stroke=\"currentColor\" viewBox=\"0 0 24 24\" xmlns=\"http:\/\/www.w3.org\/2000\/svg\">\n  <path stroke-linecap=\"round\" stroke-linejoin=\"round\" d=\"M21 8.25c0-2.485-2.099-4.5-4.688-4.5-1.935 0-3.597 1.126-4.312 2.733-.715-1.607-2.377-2.733-4.313-2.733C5.1 3.75 3 5.765 3 8.25c0 7.22 9 12 9 12s9-4.78 9-12Z\"><\/path>\n<\/svg>\t\t<span>Zu meiner Wunschliste hinzuf\u00fcgen<\/span>\n\t<\/a>\n<\/div>\n\n\t\t\t<!-- COUNT TEXT -->\n\t\t\t\n\t\t\t<\/div>\n\t\t\t<\/div>\n\t\t<\/div>\n\t\t\t\t\t\t\t\t\t\t<\/div>\n\t\t\t\t\t\t\t\t\t\t\t\t\t\t\t\t\t<div class=\"image-tools grid-tools text-center hide-for-small bottom hover-slide-in show-on-hover\">\n\t\t\t\t\t\t\t\t\t\t\t\t\t\t\t\t\t\t\t<\/div>\n\t\t\t\t\t\t\t\t\t\t\t\t\t\t\t\t\t\t\t\t\t\t\t<\/div>\n\n\t\t\t\t\t\t\t<div class=\"box-text text-center\" >\n\t\t\t\t\t\t\t\t<div class=\"title-wrapper\"><p class=\"name product-title woocommerce-loop-product__title\"><a href=\"https:\/\/www.companhiaatlantica.pt\/de\/produto\/portugiesisches-leben\/portugal-zubehor\/stifthalter-aus-weisblech\/federmaeppchen-anbetung-der-weisen-prado\" class=\"woocommerce-LoopProduct-link woocommerce-loop-product__link\">Federm\u00e4ppchen &#8220;Anbetung der Weisen&#8221; PRADO<\/a><\/p><\/div><div class=\"price-wrapper\">\n\t<span class=\"price\"><span class=\"woocommerce-Price-amount amount\"><bdi>3.90<span class=\"woocommerce-Price-currencySymbol\">&euro;<\/span><\/bdi><\/span><\/span>\n<\/div><div class=\"add-to-cart-button\"><a href=\"\/de\/wp-json\/wp\/v2\/pages\/66644?add-to-cart=50897\" aria-describedby=\"woocommerce_loop_add_to_cart_link_describedby_50897\" data-quantity=\"1\" class=\"primary is-small mb-0 button product_type_simple add_to_cart_button ajax_add_to_cart is-outline\" data-product_id=\"50897\" data-product_sku=\"150-002\" aria-label=\"In den Warenkorb legen: \u201eFederm\u00e4ppchen &quot;Anbetung der Weisen&quot; PRADO\u201c\" rel=\"nofollow\" data-success_message=\"\u201eFederm\u00e4ppchen &quot;Anbetung der Weisen&quot; PRADO\u201c wurde deinem Warenkorb hinzugef\u00fcgt\" data-product_name=\"Federm\u00e4ppchen &quot;Anbetung der Weisen&quot; PRADO\" data-product_image=\"https:\/\/www.companhiaatlantica.pt\/wp-content\/uploads\/2021\/05\/150-002-1-150x150.jpg\" role=\"button\">In den Warenkorb<\/a><\/div>\t<span id=\"woocommerce_loop_add_to_cart_link_describedby_50897\" class=\"screen-reader-text\">\n\t\t\t<\/span>\n\t\t\t\t\t\t\t<\/div>\n\t\t\t\t\t\t<\/div>\n\t\t\t\t\t\t<\/div>\n\t\t\t\t\t<\/div><div class=\"col\" >\n\t\t\t\t\t\t<div class=\"col-inner\">\n\t\t\t\t\t\t\n<div class=\"badge-container absolute left top z-1\">\n\n<\/div>\n\t\t\t\t\t\t<div class=\"product-small box has-hover box-push box-text-bottom\">\n\t\t\t\t\t\t\t<div class=\"box-image\" >\n\t\t\t\t\t\t\t\t<div class=\"\" >\n\t\t\t\t\t\t\t\t\t<a href=\"https:\/\/www.companhiaatlantica.pt\/de\/produto\/portugiesisches-leben\/portugal-zubehor\/stifthalter-aus-weisblech\/federmaeppchen-einschiffung-von-karl\" aria-label=\"Federm\u00e4ppchen &quot;Einschiffung von Karl III. in Neapel&quot; PRADO\">\n\t\t\t\t\t\t\t\t\t\t<img loading=\"lazy\" decoding=\"async\" width=\"700\" height=\"700\" src=\"https:\/\/www.companhiaatlantica.pt\/wp-content\/uploads\/2021\/05\/150-006_a-1-700x700.jpg\" class=\"show-on-hover absolute fill hide-for-small back-image\" alt=\"Alternative view of Federm\u00e4ppchen &quot;Einschiffung von Karl III. in Neapel&quot; PRADO\" aria-hidden=\"true\" srcset=\"https:\/\/www.companhiaatlantica.pt\/wp-content\/uploads\/2021\/05\/150-006_a-1-700x700.jpg 700w, https:\/\/www.companhiaatlantica.pt\/wp-content\/uploads\/2021\/05\/150-006_a-1-100x100.jpg 100w, https:\/\/www.companhiaatlantica.pt\/wp-content\/uploads\/2021\/05\/150-006_a-1-900x899.jpg 900w, https:\/\/www.companhiaatlantica.pt\/wp-content\/uploads\/2021\/05\/150-006_a-1-300x300.jpg 300w, https:\/\/www.companhiaatlantica.pt\/wp-content\/uploads\/2021\/05\/150-006_a-1-1024x1024.jpg 1024w, https:\/\/www.companhiaatlantica.pt\/wp-content\/uploads\/2021\/05\/150-006_a-1-150x150.jpg 150w, https:\/\/www.companhiaatlantica.pt\/wp-content\/uploads\/2021\/05\/150-006_a-1-768x767.jpg 768w, https:\/\/www.companhiaatlantica.pt\/wp-content\/uploads\/2021\/05\/150-006_a-1-600x599.jpg 600w, https:\/\/www.companhiaatlantica.pt\/wp-content\/uploads\/2021\/05\/150-006_a-1.jpg 1065w\" sizes=\"auto, (max-width: 700px) 100vw, 700px\" title=\"\"><img loading=\"lazy\" decoding=\"async\" width=\"700\" height=\"700\" src=\"https:\/\/www.companhiaatlantica.pt\/wp-content\/uploads\/2021\/05\/150-006-1-700x700.jpg\" class=\"attachment-woocommerce_thumbnail size-woocommerce_thumbnail\" alt=\"Federm\u00e4ppchen &quot;Einschiffung von Karl III. in Neapel&quot; PRADO\" srcset=\"https:\/\/www.companhiaatlantica.pt\/wp-content\/uploads\/2021\/05\/150-006-1-700x700.jpg 700w, https:\/\/www.companhiaatlantica.pt\/wp-content\/uploads\/2021\/05\/150-006-1-100x100.jpg 100w, https:\/\/www.companhiaatlantica.pt\/wp-content\/uploads\/2021\/05\/150-006-1-900x899.jpg 900w, https:\/\/www.companhiaatlantica.pt\/wp-content\/uploads\/2021\/05\/150-006-1-300x300.jpg 300w, https:\/\/www.companhiaatlantica.pt\/wp-content\/uploads\/2021\/05\/150-006-1-1024x1024.jpg 1024w, https:\/\/www.companhiaatlantica.pt\/wp-content\/uploads\/2021\/05\/150-006-1-150x150.jpg 150w, https:\/\/www.companhiaatlantica.pt\/wp-content\/uploads\/2021\/05\/150-006-1-768x767.jpg 768w, https:\/\/www.companhiaatlantica.pt\/wp-content\/uploads\/2021\/05\/150-006-1-600x599.jpg 600w, https:\/\/www.companhiaatlantica.pt\/wp-content\/uploads\/2021\/05\/150-006-1.jpg 1065w\" sizes=\"auto, (max-width: 700px) 100vw, 700px\" title=\"\">\t\t\t\t\t\t\t\t\t<\/a>\n\t\t\t\t\t\t\t\t\t\t\t\t\t\t\t\t\t\t \t\t\t\t\t\t\t\t<\/div>\n\t\t\t\t\t\t\t\t<div class=\"image-tools top right show-on-hover\">\n\t\t\t\t\t\t\t\t\t\t\t<div class=\"wishlist-icon\">\n\t\t\t<button class=\"wishlist-button button is-outline circle icon\" aria-label=\"Wunschliste\">\n\t\t\t\t<i class=\"icon-heart\" aria-hidden=\"true\"><\/i>\t\t\t<\/button>\n\t\t\t<div class=\"wishlist-popup dark\">\n\t\t\t\t\n<div\n\tclass=\"yith-wcwl-add-to-wishlist add-to-wishlist-50907 yith-wcwl-add-to-wishlist--button_default-style wishlist-fragment on-first-load\"\n\tdata-fragment-ref=\"50907\"\n\tdata-fragment-options=\"{&quot;base_url&quot;:&quot;&quot;,&quot;product_id&quot;:50907,&quot;parent_product_id&quot;:0,&quot;product_type&quot;:&quot;simple&quot;,&quot;is_single&quot;:false,&quot;in_default_wishlist&quot;:false,&quot;show_view&quot;:false,&quot;browse_wishlist_text&quot;:&quot;Siehe Ihre Wunschliste!&quot;,&quot;already_in_wishslist_text&quot;:&quot;Dieses Produkt steht bereits auf Ihrem Wunschzettel!&quot;,&quot;product_added_text&quot;:&quot;Produto adicionado!&quot;,&quot;available_multi_wishlist&quot;:false,&quot;disable_wishlist&quot;:false,&quot;show_count&quot;:false,&quot;ajax_loading&quot;:false,&quot;loop_position&quot;:&quot;after_add_to_cart&quot;,&quot;item&quot;:&quot;add_to_wishlist&quot;}\"\n>\n\t\t\t\n\t\t\t<!-- ADD TO WISHLIST -->\n\t\t\t\n<div class=\"yith-wcwl-add-button\">\n\t\t<a\n\t\thref=\"?add_to_wishlist=50907&#038;_wpnonce=52d31225f0\"\n\t\tclass=\"add_to_wishlist single_add_to_wishlist alt button theme-button-style \"\n\t\tdata-product-id=\"50907\"\n\t\tdata-product-type=\"simple\"\n\t\tdata-original-product-id=\"0\"\n\t\tdata-title=\"Zu meiner Wunschliste hinzuf\u00fcgen\"\n\t\trel=\"nofollow\"\n\t>\n\t\t<svg id=\"yith-wcwl-icon-heart-outline\" class=\"yith-wcwl-icon-svg\" fill=\"none\" stroke-width=\"1.5\" stroke=\"currentColor\" viewBox=\"0 0 24 24\" xmlns=\"http:\/\/www.w3.org\/2000\/svg\">\n  <path stroke-linecap=\"round\" stroke-linejoin=\"round\" d=\"M21 8.25c0-2.485-2.099-4.5-4.688-4.5-1.935 0-3.597 1.126-4.312 2.733-.715-1.607-2.377-2.733-4.313-2.733C5.1 3.75 3 5.765 3 8.25c0 7.22 9 12 9 12s9-4.78 9-12Z\"><\/path>\n<\/svg>\t\t<span>Zu meiner Wunschliste hinzuf\u00fcgen<\/span>\n\t<\/a>\n<\/div>\n\n\t\t\t<!-- COUNT TEXT -->\n\t\t\t\n\t\t\t<\/div>\n\t\t\t<\/div>\n\t\t<\/div>\n\t\t\t\t\t\t\t\t\t\t<\/div>\n\t\t\t\t\t\t\t\t\t\t\t\t\t\t\t\t\t<div class=\"image-tools grid-tools text-center hide-for-small bottom hover-slide-in show-on-hover\">\n\t\t\t\t\t\t\t\t\t\t\t\t\t\t\t\t\t\t\t<\/div>\n\t\t\t\t\t\t\t\t\t\t\t\t\t\t\t\t\t\t\t\t\t\t\t<\/div>\n\n\t\t\t\t\t\t\t<div class=\"box-text text-center\" >\n\t\t\t\t\t\t\t\t<div class=\"title-wrapper\"><p class=\"name product-title woocommerce-loop-product__title\"><a href=\"https:\/\/www.companhiaatlantica.pt\/de\/produto\/portugiesisches-leben\/portugal-zubehor\/stifthalter-aus-weisblech\/federmaeppchen-einschiffung-von-karl\" class=\"woocommerce-LoopProduct-link woocommerce-loop-product__link\">Federm\u00e4ppchen &#8220;Einschiffung von Karl III. in Neapel&#8221; PRADO<\/a><\/p><\/div><div class=\"price-wrapper\">\n\t<span class=\"price\"><span class=\"woocommerce-Price-amount amount\"><bdi>3.90<span class=\"woocommerce-Price-currencySymbol\">&euro;<\/span><\/bdi><\/span><\/span>\n<\/div><div class=\"add-to-cart-button\"><a href=\"\/de\/wp-json\/wp\/v2\/pages\/66644?add-to-cart=50907\" aria-describedby=\"woocommerce_loop_add_to_cart_link_describedby_50907\" data-quantity=\"1\" class=\"primary is-small mb-0 button product_type_simple add_to_cart_button ajax_add_to_cart is-outline\" data-product_id=\"50907\" data-product_sku=\"150-006\" aria-label=\"In den Warenkorb legen: \u201eFederm\u00e4ppchen &quot;Einschiffung von Karl III. in Neapel&quot; PRADO\u201c\" rel=\"nofollow\" data-success_message=\"\u201eFederm\u00e4ppchen &quot;Einschiffung von Karl III. in Neapel&quot; PRADO\u201c wurde deinem Warenkorb hinzugef\u00fcgt\" data-product_name=\"Federm\u00e4ppchen &quot;Einschiffung von Karl III. in Neapel&quot; PRADO\" data-product_image=\"https:\/\/www.companhiaatlantica.pt\/wp-content\/uploads\/2021\/05\/150-006-1-150x150.jpg\" role=\"button\">In den Warenkorb<\/a><\/div>\t<span id=\"woocommerce_loop_add_to_cart_link_describedby_50907\" class=\"screen-reader-text\">\n\t\t\t<\/span>\n\t\t\t\t\t\t\t<\/div>\n\t\t\t\t\t\t<\/div>\n\t\t\t\t\t\t<\/div>\n\t\t\t\t\t<\/div><div class=\"col\" >\n\t\t\t\t\t\t<div class=\"col-inner\">\n\t\t\t\t\t\t\n<div class=\"badge-container absolute left top z-1\">\n\n<\/div>\n\t\t\t\t\t\t<div class=\"product-small box has-hover box-push box-text-bottom\">\n\t\t\t\t\t\t\t<div class=\"box-image\" >\n\t\t\t\t\t\t\t\t<div class=\"\" >\n\t\t\t\t\t\t\t\t\t<a href=\"https:\/\/www.companhiaatlantica.pt\/de\/produto\/portugiesisches-leben\/haushaltsartikel\/magnete\/azulejo-magnet-55mm\" aria-label=\"AZULEJO Magnet\">\n\t\t\t\t\t\t\t\t\t\t<img loading=\"lazy\" decoding=\"async\" width=\"700\" height=\"700\" src=\"https:\/\/www.companhiaatlantica.pt\/wp-content\/uploads\/2020\/05\/130-563-700x700.jpg\" class=\"show-on-hover absolute fill hide-for-small back-image\" alt=\"Alternative view of AZULEJO Magnet\" aria-hidden=\"true\" srcset=\"https:\/\/www.companhiaatlantica.pt\/wp-content\/uploads\/2020\/05\/130-563-700x700.jpg 700w, https:\/\/www.companhiaatlantica.pt\/wp-content\/uploads\/2020\/05\/130-563-100x100.jpg 100w, https:\/\/www.companhiaatlantica.pt\/wp-content\/uploads\/2020\/05\/130-563-600x600.jpg 600w, https:\/\/www.companhiaatlantica.pt\/wp-content\/uploads\/2020\/05\/130-563-150x150.jpg 150w, https:\/\/www.companhiaatlantica.pt\/wp-content\/uploads\/2020\/05\/130-563-300x300.jpg 300w, https:\/\/www.companhiaatlantica.pt\/wp-content\/uploads\/2020\/05\/130-563.jpg 762w\" sizes=\"auto, (max-width: 700px) 100vw, 700px\" title=\"\"><img loading=\"lazy\" decoding=\"async\" width=\"700\" height=\"700\" src=\"https:\/\/www.companhiaatlantica.pt\/wp-content\/uploads\/2020\/05\/130-565-700x700.jpg\" class=\"attachment-woocommerce_thumbnail size-woocommerce_thumbnail\" alt=\"AZULEJO Magnet\" srcset=\"https:\/\/www.companhiaatlantica.pt\/wp-content\/uploads\/2020\/05\/130-565-700x700.jpg 700w, https:\/\/www.companhiaatlantica.pt\/wp-content\/uploads\/2020\/05\/130-565-100x100.jpg 100w, https:\/\/www.companhiaatlantica.pt\/wp-content\/uploads\/2020\/05\/130-565-600x600.jpg 600w, https:\/\/www.companhiaatlantica.pt\/wp-content\/uploads\/2020\/05\/130-565-150x150.jpg 150w, https:\/\/www.companhiaatlantica.pt\/wp-content\/uploads\/2020\/05\/130-565-300x300.jpg 300w, https:\/\/www.companhiaatlantica.pt\/wp-content\/uploads\/2020\/05\/130-565.jpg 762w\" sizes=\"auto, (max-width: 700px) 100vw, 700px\" title=\"\">\t\t\t\t\t\t\t\t\t<\/a>\n\t\t\t\t\t\t\t\t\t\t\t\t\t\t\t\t\t\t \t\t\t\t\t\t\t\t<\/div>\n\t\t\t\t\t\t\t\t<div class=\"image-tools top right show-on-hover\">\n\t\t\t\t\t\t\t\t\t\t\t<div class=\"wishlist-icon\">\n\t\t\t<button class=\"wishlist-button button is-outline circle icon\" aria-label=\"Wunschliste\">\n\t\t\t\t<i class=\"icon-heart\" aria-hidden=\"true\"><\/i>\t\t\t<\/button>\n\t\t\t<div class=\"wishlist-popup dark\">\n\t\t\t\t\n<div\n\tclass=\"yith-wcwl-add-to-wishlist add-to-wishlist-42066 yith-wcwl-add-to-wishlist--button_default-style wishlist-fragment on-first-load\"\n\tdata-fragment-ref=\"42066\"\n\tdata-fragment-options=\"{&quot;base_url&quot;:&quot;&quot;,&quot;product_id&quot;:42066,&quot;parent_product_id&quot;:0,&quot;product_type&quot;:&quot;variable&quot;,&quot;is_single&quot;:false,&quot;in_default_wishlist&quot;:false,&quot;show_view&quot;:false,&quot;browse_wishlist_text&quot;:&quot;Siehe Ihre Wunschliste!&quot;,&quot;already_in_wishslist_text&quot;:&quot;Dieses Produkt steht bereits auf Ihrem Wunschzettel!&quot;,&quot;product_added_text&quot;:&quot;Produto adicionado!&quot;,&quot;available_multi_wishlist&quot;:false,&quot;disable_wishlist&quot;:false,&quot;show_count&quot;:false,&quot;ajax_loading&quot;:false,&quot;loop_position&quot;:&quot;after_add_to_cart&quot;,&quot;item&quot;:&quot;add_to_wishlist&quot;}\"\n>\n\t\t\t\n\t\t\t<!-- ADD TO WISHLIST -->\n\t\t\t\n<div class=\"yith-wcwl-add-button\">\n\t\t<a\n\t\thref=\"?add_to_wishlist=42066&#038;_wpnonce=52d31225f0\"\n\t\tclass=\"add_to_wishlist single_add_to_wishlist alt button theme-button-style \"\n\t\tdata-product-id=\"42066\"\n\t\tdata-product-type=\"variable\"\n\t\tdata-original-product-id=\"0\"\n\t\tdata-title=\"Zu meiner Wunschliste hinzuf\u00fcgen\"\n\t\trel=\"nofollow\"\n\t>\n\t\t<svg id=\"yith-wcwl-icon-heart-outline\" class=\"yith-wcwl-icon-svg\" fill=\"none\" stroke-width=\"1.5\" stroke=\"currentColor\" viewBox=\"0 0 24 24\" xmlns=\"http:\/\/www.w3.org\/2000\/svg\">\n  <path stroke-linecap=\"round\" stroke-linejoin=\"round\" d=\"M21 8.25c0-2.485-2.099-4.5-4.688-4.5-1.935 0-3.597 1.126-4.312 2.733-.715-1.607-2.377-2.733-4.313-2.733C5.1 3.75 3 5.765 3 8.25c0 7.22 9 12 9 12s9-4.78 9-12Z\"><\/path>\n<\/svg>\t\t<span>Zu meiner Wunschliste hinzuf\u00fcgen<\/span>\n\t<\/a>\n<\/div>\n\n\t\t\t<!-- COUNT TEXT -->\n\t\t\t\n\t\t\t<\/div>\n\t\t\t<\/div>\n\t\t<\/div>\n\t\t\t\t\t\t\t\t\t\t<\/div>\n\t\t\t\t\t\t\t\t\t\t\t\t\t\t\t\t\t<div class=\"image-tools grid-tools text-center hide-for-small bottom hover-slide-in show-on-hover\">\n\t\t\t\t\t\t\t\t\t\t\t\t\t\t\t\t\t\t\t<\/div>\n\t\t\t\t\t\t\t\t\t\t\t\t\t\t\t\t\t\t\t\t\t\t\t<\/div>\n\n\t\t\t\t\t\t\t<div class=\"box-text text-center\" >\n\t\t\t\t\t\t\t\t<div class=\"title-wrapper\"><p class=\"name product-title woocommerce-loop-product__title\"><a href=\"https:\/\/www.companhiaatlantica.pt\/de\/produto\/portugiesisches-leben\/haushaltsartikel\/magnete\/azulejo-magnet-55mm\" class=\"woocommerce-LoopProduct-link woocommerce-loop-product__link\">AZULEJO Magnet<\/a><\/p><\/div><div class=\"price-wrapper\">\n\t<span class=\"price\"><span class=\"woocommerce-Price-amount amount\"><bdi>7.00<span class=\"woocommerce-Price-currencySymbol\">&euro;<\/span><\/bdi><\/span><\/span>\n<\/div>\t<span id=\"woocommerce_loop_add_to_cart_link_describedby_42066\" class=\"screen-reader-text\">\n\t\tDieses Produkt weist mehrere Varianten auf. Die Optionen k\u00f6nnen auf der Produktseite gew\u00e4hlt werden\t<\/span>\n\t\t\t\t\t\t\t<\/div>\n\t\t\t\t\t\t<\/div>\n\t\t\t\t\t\t<\/div>\n\t\t\t\t\t<\/div><div class=\"col\" >\n\t\t\t\t\t\t<div class=\"col-inner\">\n\t\t\t\t\t\t\n<div class=\"badge-container absolute left top z-1\">\n\n<div class=\"badge callout badge-circle\"><div class=\"badge-inner callout-new-bg is-small new-bubble\">3 pcs<\/div><\/div><\/div>\n\t\t\t\t\t\t<div class=\"product-small box has-hover box-push box-text-bottom\">\n\t\t\t\t\t\t\t<div class=\"box-image\" >\n\t\t\t\t\t\t\t\t<div class=\"\" >\n\t\t\t\t\t\t\t\t\t<a href=\"https:\/\/www.companhiaatlantica.pt\/de\/produto\/portugiesisches-leben\/haushaltsartikel\/olivenoelspender-2-teller-azulejo-ocre\" aria-label=\"Oliven\u00f6lspender + 2 Teller AZULEJO Ocre\">\n\t\t\t\t\t\t\t\t\t\t<img loading=\"lazy\" decoding=\"async\" width=\"700\" height=\"700\" src=\"https:\/\/www.companhiaatlantica.pt\/wp-content\/uploads\/2025\/08\/1-4-700x700.jpg\" class=\"show-on-hover absolute fill hide-for-small back-image\" alt=\"Alternative view of Oliven\u00f6lspender + 2 Teller AZULEJO Ocre\" aria-hidden=\"true\" srcset=\"https:\/\/www.companhiaatlantica.pt\/wp-content\/uploads\/2025\/08\/1-4-700x700.jpg 700w, https:\/\/www.companhiaatlantica.pt\/wp-content\/uploads\/2025\/08\/1-4-100x100.jpg 100w, https:\/\/www.companhiaatlantica.pt\/wp-content\/uploads\/2025\/08\/1-4-900x900.jpg 900w, https:\/\/www.companhiaatlantica.pt\/wp-content\/uploads\/2025\/08\/1-4-400x400.jpg 400w, https:\/\/www.companhiaatlantica.pt\/wp-content\/uploads\/2025\/08\/1-4-350x350.jpg 350w, https:\/\/www.companhiaatlantica.pt\/wp-content\/uploads\/2025\/08\/1-4-768x768.jpg 768w, https:\/\/www.companhiaatlantica.pt\/wp-content\/uploads\/2025\/08\/1-4.jpg 1000w\" sizes=\"auto, (max-width: 700px) 100vw, 700px\" title=\"\"><img loading=\"lazy\" decoding=\"async\" width=\"700\" height=\"700\" src=\"https:\/\/www.companhiaatlantica.pt\/wp-content\/uploads\/2025\/08\/130-995-1-700x700.jpg\" class=\"attachment-woocommerce_thumbnail size-woocommerce_thumbnail\" alt=\"Oliven\u00f6lspender + 2 Teller AZULEJO Ocre\" srcset=\"https:\/\/www.companhiaatlantica.pt\/wp-content\/uploads\/2025\/08\/130-995-1-700x700.jpg 700w, https:\/\/www.companhiaatlantica.pt\/wp-content\/uploads\/2025\/08\/130-995-1-100x100.jpg 100w, https:\/\/www.companhiaatlantica.pt\/wp-content\/uploads\/2025\/08\/130-995-1-900x900.jpg 900w, https:\/\/www.companhiaatlantica.pt\/wp-content\/uploads\/2025\/08\/130-995-1-400x400.jpg 400w, https:\/\/www.companhiaatlantica.pt\/wp-content\/uploads\/2025\/08\/130-995-1-350x350.jpg 350w, https:\/\/www.companhiaatlantica.pt\/wp-content\/uploads\/2025\/08\/130-995-1-768x768.jpg 768w, https:\/\/www.companhiaatlantica.pt\/wp-content\/uploads\/2025\/08\/130-995-1.jpg 1000w\" sizes=\"auto, (max-width: 700px) 100vw, 700px\" title=\"\">\t\t\t\t\t\t\t\t\t<\/a>\n\t\t\t\t\t\t\t\t\t\t\t\t\t\t\t\t\t\t \t\t\t\t\t\t\t\t<\/div>\n\t\t\t\t\t\t\t\t<div class=\"image-tools top right show-on-hover\">\n\t\t\t\t\t\t\t\t\t\t\t<div class=\"wishlist-icon\">\n\t\t\t<button class=\"wishlist-button button is-outline circle icon\" aria-label=\"Wunschliste\">\n\t\t\t\t<i class=\"icon-heart\" aria-hidden=\"true\"><\/i>\t\t\t<\/button>\n\t\t\t<div class=\"wishlist-popup dark\">\n\t\t\t\t\n<div\n\tclass=\"yith-wcwl-add-to-wishlist add-to-wishlist-76452 yith-wcwl-add-to-wishlist--button_default-style wishlist-fragment on-first-load\"\n\tdata-fragment-ref=\"76452\"\n\tdata-fragment-options=\"{&quot;base_url&quot;:&quot;&quot;,&quot;product_id&quot;:76452,&quot;parent_product_id&quot;:0,&quot;product_type&quot;:&quot;yith_bundle&quot;,&quot;is_single&quot;:false,&quot;in_default_wishlist&quot;:false,&quot;show_view&quot;:false,&quot;browse_wishlist_text&quot;:&quot;Siehe Ihre Wunschliste!&quot;,&quot;already_in_wishslist_text&quot;:&quot;Dieses Produkt steht bereits auf Ihrem Wunschzettel!&quot;,&quot;product_added_text&quot;:&quot;Produto adicionado!&quot;,&quot;available_multi_wishlist&quot;:false,&quot;disable_wishlist&quot;:false,&quot;show_count&quot;:false,&quot;ajax_loading&quot;:false,&quot;loop_position&quot;:&quot;after_add_to_cart&quot;,&quot;item&quot;:&quot;add_to_wishlist&quot;}\"\n>\n\t\t\t\n\t\t\t<!-- ADD TO WISHLIST -->\n\t\t\t\n<div class=\"yith-wcwl-add-button\">\n\t\t<a\n\t\thref=\"?add_to_wishlist=76452&#038;_wpnonce=52d31225f0\"\n\t\tclass=\"add_to_wishlist single_add_to_wishlist alt button theme-button-style \"\n\t\tdata-product-id=\"76452\"\n\t\tdata-product-type=\"yith_bundle\"\n\t\tdata-original-product-id=\"0\"\n\t\tdata-title=\"Zu meiner Wunschliste hinzuf\u00fcgen\"\n\t\trel=\"nofollow\"\n\t>\n\t\t<svg id=\"yith-wcwl-icon-heart-outline\" class=\"yith-wcwl-icon-svg\" fill=\"none\" stroke-width=\"1.5\" stroke=\"currentColor\" viewBox=\"0 0 24 24\" xmlns=\"http:\/\/www.w3.org\/2000\/svg\">\n  <path stroke-linecap=\"round\" stroke-linejoin=\"round\" d=\"M21 8.25c0-2.485-2.099-4.5-4.688-4.5-1.935 0-3.597 1.126-4.312 2.733-.715-1.607-2.377-2.733-4.313-2.733C5.1 3.75 3 5.765 3 8.25c0 7.22 9 12 9 12s9-4.78 9-12Z\"><\/path>\n<\/svg>\t\t<span>Zu meiner Wunschliste hinzuf\u00fcgen<\/span>\n\t<\/a>\n<\/div>\n\n\t\t\t<!-- COUNT TEXT -->\n\t\t\t\n\t\t\t<\/div>\n\t\t\t<\/div>\n\t\t<\/div>\n\t\t\t\t\t\t\t\t\t\t<\/div>\n\t\t\t\t\t\t\t\t\t\t\t\t\t\t\t\t\t<div class=\"image-tools grid-tools text-center hide-for-small bottom hover-slide-in show-on-hover\">\n\t\t\t\t\t\t\t\t\t\t\t\t\t\t\t\t\t\t\t<\/div>\n\t\t\t\t\t\t\t\t\t\t\t\t\t\t\t\t\t\t\t\t\t\t\t<\/div>\n\n\t\t\t\t\t\t\t<div class=\"box-text text-center\" >\n\t\t\t\t\t\t\t\t<div class=\"title-wrapper\"><p class=\"name product-title woocommerce-loop-product__title\"><a href=\"https:\/\/www.companhiaatlantica.pt\/de\/produto\/portugiesisches-leben\/haushaltsartikel\/olivenoelspender-2-teller-azulejo-ocre\" class=\"woocommerce-LoopProduct-link woocommerce-loop-product__link\">Oliven\u00f6lspender + 2 Teller AZULEJO Ocre<\/a><\/p><\/div><div class=\"price-wrapper\">\n\t<span class=\"price\"><span class=\"woocommerce-Price-amount amount\"><bdi>45.80<span class=\"woocommerce-Price-currencySymbol\">&euro;<\/span><\/bdi><\/span><\/span>\n<\/div><div class=\"add-to-cart-button\"><a href=\"https:\/\/www.companhiaatlantica.pt\/de\/produto\/portugiesisches-leben\/haushaltsartikel\/olivenoelspender-2-teller-azulejo-ocre\" aria-describedby=\"woocommerce_loop_add_to_cart_link_describedby_76452\" data-quantity=\"1\" class=\"primary is-small mb-0 button product_type_yith_bundle add_to_cart_button is-outline\" data-product_id=\"76452\" data-product_sku=\"BUNDLE-AZULEJO-OCRE\" aria-label=\"Lese mehr \u00fcber &#8222;Oliven\u00f6lspender + 2 Teller AZULEJO Ocre&#8220;\" rel=\"nofollow\" data-product_name=\"Oliven\u00f6lspender + 2 Teller AZULEJO Ocre\" data-product_image=\"https:\/\/www.companhiaatlantica.pt\/wp-content\/uploads\/2025\/08\/130-995-1-350x350.jpg\">Weiterlesen<\/a><\/div>\t<span id=\"woocommerce_loop_add_to_cart_link_describedby_76452\" class=\"screen-reader-text\">\n\t\t\t<\/span>\n\t\t\t\t\t\t\t<\/div>\n\t\t\t\t\t\t<\/div>\n\t\t\t\t\t\t<\/div>\n\t\t\t\t\t<\/div><div class=\"col\" >\n\t\t\t\t\t\t<div class=\"col-inner\">\n\t\t\t\t\t\t\n<div class=\"badge-container absolute left top z-1\">\n<div class=\"badge callout badge-circle\">\r\n  \t\t\t<div class=\"badge-inner secondary on-sale\">\r\n  \t\t\t\t<span class=\"onsale\">-28%<\/span>\r\n\t\t\t<\/div>\r\n\t\t<\/div>\r\n\t\t<div class=\"badge callout badge-circle\">\r\n\t\t\t<div class=\"badge-inner callout-new-bg is-small new-bubble\">1 pc<\/div>\r\n\t\t<\/div>\n<\/div>\n\t\t\t\t\t\t<div class=\"product-small box has-hover box-push box-text-bottom\">\n\t\t\t\t\t\t\t<div class=\"box-image\" >\n\t\t\t\t\t\t\t\t<div class=\"\" >\n\t\t\t\t\t\t\t\t\t<a href=\"https:\/\/www.companhiaatlantica.pt\/de\/produto\/portugiesisches-leben\/modeartikel\/brillenbox\/pilatos-brillenetui\" aria-label=\"Black Tile PILATOS Brillenetui\">\n\t\t\t\t\t\t\t\t\t\t<img loading=\"lazy\" decoding=\"async\" width=\"601\" height=\"601\" src=\"https:\/\/www.companhiaatlantica.pt\/wp-content\/uploads\/2020\/06\/Foldable-Glass-Case.jpg\" class=\"show-on-hover absolute fill hide-for-small back-image\" alt=\"Alternative view of Black Tile PILATOS Brillenetui\" aria-hidden=\"true\" srcset=\"https:\/\/www.companhiaatlantica.pt\/wp-content\/uploads\/2020\/06\/Foldable-Glass-Case.jpg 601w, https:\/\/www.companhiaatlantica.pt\/wp-content\/uploads\/2020\/06\/Foldable-Glass-Case-100x100.jpg 100w\" sizes=\"auto, (max-width: 601px) 100vw, 601px\" title=\"\"><img loading=\"lazy\" decoding=\"async\" width=\"700\" height=\"700\" src=\"https:\/\/www.companhiaatlantica.pt\/wp-content\/uploads\/2021\/05\/160-051-700x700.jpg\" class=\"attachment-woocommerce_thumbnail size-woocommerce_thumbnail\" alt=\"Black Tile PILATOS Brillenetui\" srcset=\"https:\/\/www.companhiaatlantica.pt\/wp-content\/uploads\/2021\/05\/160-051-700x700.jpg 700w, https:\/\/www.companhiaatlantica.pt\/wp-content\/uploads\/2021\/05\/160-051-100x100.jpg 100w, https:\/\/www.companhiaatlantica.pt\/wp-content\/uploads\/2021\/05\/160-051-900x900.jpg 900w, https:\/\/www.companhiaatlantica.pt\/wp-content\/uploads\/2021\/05\/160-051-300x300.jpg 300w, https:\/\/www.companhiaatlantica.pt\/wp-content\/uploads\/2021\/05\/160-051-150x150.jpg 150w, https:\/\/www.companhiaatlantica.pt\/wp-content\/uploads\/2021\/05\/160-051-768x768.jpg 768w, https:\/\/www.companhiaatlantica.pt\/wp-content\/uploads\/2021\/05\/160-051-600x600.jpg 600w, https:\/\/www.companhiaatlantica.pt\/wp-content\/uploads\/2021\/05\/160-051.jpg 1000w\" sizes=\"auto, (max-width: 700px) 100vw, 700px\" title=\"\">\t\t\t\t\t\t\t\t\t<\/a>\n\t\t\t\t\t\t\t\t\t\t\t\t\t\t\t\t\t\t \t\t\t\t\t\t\t\t<\/div>\n\t\t\t\t\t\t\t\t<div class=\"image-tools top right show-on-hover\">\n\t\t\t\t\t\t\t\t\t\t\t<div class=\"wishlist-icon\">\n\t\t\t<button class=\"wishlist-button button is-outline circle icon\" aria-label=\"Wunschliste\">\n\t\t\t\t<i class=\"icon-heart\" aria-hidden=\"true\"><\/i>\t\t\t<\/button>\n\t\t\t<div class=\"wishlist-popup dark\">\n\t\t\t\t\n<div\n\tclass=\"yith-wcwl-add-to-wishlist add-to-wishlist-58227 yith-wcwl-add-to-wishlist--button_default-style wishlist-fragment on-first-load\"\n\tdata-fragment-ref=\"58227\"\n\tdata-fragment-options=\"{&quot;base_url&quot;:&quot;&quot;,&quot;product_id&quot;:58227,&quot;parent_product_id&quot;:0,&quot;product_type&quot;:&quot;simple&quot;,&quot;is_single&quot;:false,&quot;in_default_wishlist&quot;:false,&quot;show_view&quot;:false,&quot;browse_wishlist_text&quot;:&quot;Siehe Ihre Wunschliste!&quot;,&quot;already_in_wishslist_text&quot;:&quot;Dieses Produkt steht bereits auf Ihrem Wunschzettel!&quot;,&quot;product_added_text&quot;:&quot;Produto adicionado!&quot;,&quot;available_multi_wishlist&quot;:false,&quot;disable_wishlist&quot;:false,&quot;show_count&quot;:false,&quot;ajax_loading&quot;:false,&quot;loop_position&quot;:&quot;after_add_to_cart&quot;,&quot;item&quot;:&quot;add_to_wishlist&quot;}\"\n>\n\t\t\t\n\t\t\t<!-- ADD TO WISHLIST -->\n\t\t\t\n<div class=\"yith-wcwl-add-button\">\n\t\t<a\n\t\thref=\"?add_to_wishlist=58227&#038;_wpnonce=52d31225f0\"\n\t\tclass=\"add_to_wishlist single_add_to_wishlist alt button theme-button-style \"\n\t\tdata-product-id=\"58227\"\n\t\tdata-product-type=\"simple\"\n\t\tdata-original-product-id=\"0\"\n\t\tdata-title=\"Zu meiner Wunschliste hinzuf\u00fcgen\"\n\t\trel=\"nofollow\"\n\t>\n\t\t<svg id=\"yith-wcwl-icon-heart-outline\" class=\"yith-wcwl-icon-svg\" fill=\"none\" stroke-width=\"1.5\" stroke=\"currentColor\" viewBox=\"0 0 24 24\" xmlns=\"http:\/\/www.w3.org\/2000\/svg\">\n  <path stroke-linecap=\"round\" stroke-linejoin=\"round\" d=\"M21 8.25c0-2.485-2.099-4.5-4.688-4.5-1.935 0-3.597 1.126-4.312 2.733-.715-1.607-2.377-2.733-4.313-2.733C5.1 3.75 3 5.765 3 8.25c0 7.22 9 12 9 12s9-4.78 9-12Z\"><\/path>\n<\/svg>\t\t<span>Zu meiner Wunschliste hinzuf\u00fcgen<\/span>\n\t<\/a>\n<\/div>\n\n\t\t\t<!-- COUNT TEXT -->\n\t\t\t\n\t\t\t<\/div>\n\t\t\t<\/div>\n\t\t<\/div>\n\t\t\t\t\t\t\t\t\t\t<\/div>\n\t\t\t\t\t\t\t\t\t\t\t\t\t\t\t\t\t<div class=\"image-tools grid-tools text-center hide-for-small bottom hover-slide-in show-on-hover\">\n\t\t\t\t\t\t\t\t\t\t\t\t\t\t\t\t\t\t\t<\/div>\n\t\t\t\t\t\t\t\t\t\t\t\t\t\t\t\t\t\t\t\t\t\t\t<\/div>\n\n\t\t\t\t\t\t\t<div class=\"box-text text-center\" >\n\t\t\t\t\t\t\t\t<div class=\"title-wrapper\"><p class=\"name product-title woocommerce-loop-product__title\"><a href=\"https:\/\/www.companhiaatlantica.pt\/de\/produto\/portugiesisches-leben\/modeartikel\/brillenbox\/pilatos-brillenetui\" class=\"woocommerce-LoopProduct-link woocommerce-loop-product__link\">Black Tile PILATOS Brillenetui<\/a><\/p><\/div><div class=\"price-wrapper\">\n\t<span class=\"price\"><del aria-hidden=\"true\"><span class=\"woocommerce-Price-amount amount\"><bdi>11.00<span class=\"woocommerce-Price-currencySymbol\">&euro;<\/span><\/bdi><\/span><\/del> <span class=\"screen-reader-text\">Urspr\u00fcnglicher Preis war: 11.00&euro;<\/span><ins aria-hidden=\"true\"><span class=\"woocommerce-Price-amount amount\"><bdi>7.90<span class=\"woocommerce-Price-currencySymbol\">&euro;<\/span><\/bdi><\/span><\/ins><span class=\"screen-reader-text\">Aktueller Preis ist: 7.90&euro;.<\/span><\/span>\n<\/div>\t<span id=\"woocommerce_loop_add_to_cart_link_describedby_58227\" class=\"screen-reader-text\">\n\t\t\t<\/span>\n\t\t\t\t\t\t\t<\/div>\n\t\t\t\t\t\t<\/div>\n\t\t\t\t\t\t<\/div>\n\t\t\t\t\t<\/div><div class=\"col\" >\n\t\t\t\t\t\t<div class=\"col-inner\">\n\t\t\t\t\t\t\n<div class=\"badge-container absolute left top z-1\">\n\n<div class=\"badge callout badge-circle\"><div class=\"badge-inner callout-new-bg is-small new-bubble\">NEW<\/div><\/div><\/div>\n\t\t\t\t\t\t<div class=\"product-small box has-hover box-push box-text-bottom\">\n\t\t\t\t\t\t\t<div class=\"box-image\" >\n\t\t\t\t\t\t\t\t<div class=\"\" >\n\t\t\t\t\t\t\t\t\t<a href=\"https:\/\/www.companhiaatlantica.pt\/de\/produto\/portugiesisches-leben\/modeartikel\/brillenbox\/mikrofasertuch-pop-azulejo\" aria-label=\"Mikrofasertuch Pop AZULEJO\">\n\t\t\t\t\t\t\t\t\t\t<img loading=\"lazy\" decoding=\"async\" width=\"700\" height=\"700\" src=\"https:\/\/www.companhiaatlantica.pt\/wp-content\/uploads\/2024\/06\/160-144-700x700.jpg\" class=\"show-on-hover absolute fill hide-for-small back-image\" alt=\"Alternative view of Mikrofasertuch Pop AZULEJO\" aria-hidden=\"true\" srcset=\"https:\/\/www.companhiaatlantica.pt\/wp-content\/uploads\/2024\/06\/160-144-700x700.jpg 700w, https:\/\/www.companhiaatlantica.pt\/wp-content\/uploads\/2024\/06\/160-144-100x100.jpg 100w, https:\/\/www.companhiaatlantica.pt\/wp-content\/uploads\/2024\/06\/160-144-400x400.jpg 400w, https:\/\/www.companhiaatlantica.pt\/wp-content\/uploads\/2024\/06\/160-144-350x350.jpg 350w, https:\/\/www.companhiaatlantica.pt\/wp-content\/uploads\/2024\/06\/160-144-768x768.jpg 768w, https:\/\/www.companhiaatlantica.pt\/wp-content\/uploads\/2024\/06\/160-144-600x600.jpg 600w, https:\/\/www.companhiaatlantica.pt\/wp-content\/uploads\/2024\/06\/160-144.jpg 900w\" sizes=\"auto, (max-width: 700px) 100vw, 700px\" title=\"\"><img loading=\"lazy\" decoding=\"async\" width=\"700\" height=\"700\" src=\"https:\/\/www.companhiaatlantica.pt\/wp-content\/uploads\/2024\/06\/160-144_a-1-700x700.jpg\" class=\"attachment-woocommerce_thumbnail size-woocommerce_thumbnail\" alt=\"Mikrofasertuch Pop AZULEJO\" srcset=\"https:\/\/www.companhiaatlantica.pt\/wp-content\/uploads\/2024\/06\/160-144_a-1-700x700.jpg 700w, https:\/\/www.companhiaatlantica.pt\/wp-content\/uploads\/2024\/06\/160-144_a-1-100x100.jpg 100w, https:\/\/www.companhiaatlantica.pt\/wp-content\/uploads\/2024\/06\/160-144_a-1-900x900.jpg 900w, https:\/\/www.companhiaatlantica.pt\/wp-content\/uploads\/2024\/06\/160-144_a-1-400x400.jpg 400w, https:\/\/www.companhiaatlantica.pt\/wp-content\/uploads\/2024\/06\/160-144_a-1-350x350.jpg 350w, https:\/\/www.companhiaatlantica.pt\/wp-content\/uploads\/2024\/06\/160-144_a-1-768x768.jpg 768w, https:\/\/www.companhiaatlantica.pt\/wp-content\/uploads\/2024\/06\/160-144_a-1.jpg 1000w\" sizes=\"auto, (max-width: 700px) 100vw, 700px\" title=\"\">\t\t\t\t\t\t\t\t\t<\/a>\n\t\t\t\t\t\t\t\t\t\t\t\t\t\t\t\t\t\t \t\t\t\t\t\t\t\t<\/div>\n\t\t\t\t\t\t\t\t<div class=\"image-tools top right show-on-hover\">\n\t\t\t\t\t\t\t\t\t\t\t<div class=\"wishlist-icon\">\n\t\t\t<button class=\"wishlist-button button is-outline circle icon\" aria-label=\"Wunschliste\">\n\t\t\t\t<i class=\"icon-heart\" aria-hidden=\"true\"><\/i>\t\t\t<\/button>\n\t\t\t<div class=\"wishlist-popup dark\">\n\t\t\t\t\n<div\n\tclass=\"yith-wcwl-add-to-wishlist add-to-wishlist-59682 yith-wcwl-add-to-wishlist--button_default-style wishlist-fragment on-first-load\"\n\tdata-fragment-ref=\"59682\"\n\tdata-fragment-options=\"{&quot;base_url&quot;:&quot;&quot;,&quot;product_id&quot;:59682,&quot;parent_product_id&quot;:0,&quot;product_type&quot;:&quot;simple&quot;,&quot;is_single&quot;:false,&quot;in_default_wishlist&quot;:false,&quot;show_view&quot;:false,&quot;browse_wishlist_text&quot;:&quot;Siehe Ihre Wunschliste!&quot;,&quot;already_in_wishslist_text&quot;:&quot;Dieses Produkt steht bereits auf Ihrem Wunschzettel!&quot;,&quot;product_added_text&quot;:&quot;Produto adicionado!&quot;,&quot;available_multi_wishlist&quot;:false,&quot;disable_wishlist&quot;:false,&quot;show_count&quot;:false,&quot;ajax_loading&quot;:false,&quot;loop_position&quot;:&quot;after_add_to_cart&quot;,&quot;item&quot;:&quot;add_to_wishlist&quot;}\"\n>\n\t\t\t\n\t\t\t<!-- ADD TO WISHLIST -->\n\t\t\t\n<div class=\"yith-wcwl-add-button\">\n\t\t<a\n\t\thref=\"?add_to_wishlist=59682&#038;_wpnonce=52d31225f0\"\n\t\tclass=\"add_to_wishlist single_add_to_wishlist alt button theme-button-style \"\n\t\tdata-product-id=\"59682\"\n\t\tdata-product-type=\"simple\"\n\t\tdata-original-product-id=\"0\"\n\t\tdata-title=\"Zu meiner Wunschliste hinzuf\u00fcgen\"\n\t\trel=\"nofollow\"\n\t>\n\t\t<svg id=\"yith-wcwl-icon-heart-outline\" class=\"yith-wcwl-icon-svg\" fill=\"none\" stroke-width=\"1.5\" stroke=\"currentColor\" viewBox=\"0 0 24 24\" xmlns=\"http:\/\/www.w3.org\/2000\/svg\">\n  <path stroke-linecap=\"round\" stroke-linejoin=\"round\" d=\"M21 8.25c0-2.485-2.099-4.5-4.688-4.5-1.935 0-3.597 1.126-4.312 2.733-.715-1.607-2.377-2.733-4.313-2.733C5.1 3.75 3 5.765 3 8.25c0 7.22 9 12 9 12s9-4.78 9-12Z\"><\/path>\n<\/svg>\t\t<span>Zu meiner Wunschliste hinzuf\u00fcgen<\/span>\n\t<\/a>\n<\/div>\n\n\t\t\t<!-- COUNT TEXT -->\n\t\t\t\n\t\t\t<\/div>\n\t\t\t<\/div>\n\t\t<\/div>\n\t\t\t\t\t\t\t\t\t\t<\/div>\n\t\t\t\t\t\t\t\t\t\t\t\t\t\t\t\t\t<div class=\"image-tools grid-tools text-center hide-for-small bottom hover-slide-in show-on-hover\">\n\t\t\t\t\t\t\t\t\t\t\t\t\t\t\t\t\t\t\t<\/div>\n\t\t\t\t\t\t\t\t\t\t\t\t\t\t\t\t\t\t\t\t\t\t\t<\/div>\n\n\t\t\t\t\t\t\t<div class=\"box-text text-center\" >\n\t\t\t\t\t\t\t\t<div class=\"title-wrapper\"><p class=\"name product-title woocommerce-loop-product__title\"><a href=\"https:\/\/www.companhiaatlantica.pt\/de\/produto\/portugiesisches-leben\/modeartikel\/brillenbox\/mikrofasertuch-pop-azulejo\" class=\"woocommerce-LoopProduct-link woocommerce-loop-product__link\">Mikrofasertuch Pop AZULEJO<\/a><\/p><\/div><div class=\"price-wrapper\">\n\t<span class=\"price\"><span class=\"woocommerce-Price-amount amount\"><bdi>3.50<span class=\"woocommerce-Price-currencySymbol\">&euro;<\/span><\/bdi><\/span><\/span>\n<\/div>\t<span id=\"woocommerce_loop_add_to_cart_link_describedby_59682\" class=\"screen-reader-text\">\n\t\t\t<\/span>\n\t\t\t\t\t\t\t<\/div>\n\t\t\t\t\t\t<\/div>\n\t\t\t\t\t\t<\/div>\n\t\t\t\t\t<\/div><div class=\"col\" >\n\t\t\t\t\t\t<div class=\"col-inner\">\n\t\t\t\t\t\t\n<div class=\"badge-container absolute left top z-1\">\n\n<div class=\"badge callout badge-circle\"><div class=\"badge-inner callout-new-bg is-small new-bubble\">NEW DESIGN<\/div><\/div><\/div>\n\t\t\t\t\t\t<div class=\"product-small box has-hover box-push box-text-bottom\">\n\t\t\t\t\t\t\t<div class=\"box-image\" >\n\t\t\t\t\t\t\t\t<div class=\"\" >\n\t\t\t\t\t\t\t\t\t<a href=\"https:\/\/www.companhiaatlantica.pt\/de\/produto\/portugiesisches-leben\/modeartikel\/brillenbox\/blau-brillenetui-azulejo\" aria-label=\"Blau Brillenetui AZULEJO\">\n\t\t\t\t\t\t\t\t\t\t<img loading=\"lazy\" decoding=\"async\" width=\"700\" height=\"700\" src=\"https:\/\/www.companhiaatlantica.pt\/wp-content\/uploads\/2024\/08\/160-044--700x700.jpg\" class=\"show-on-hover absolute fill hide-for-small back-image\" alt=\"Alternative view of Blau Brillenetui AZULEJO\" aria-hidden=\"true\" srcset=\"https:\/\/www.companhiaatlantica.pt\/wp-content\/uploads\/2024\/08\/160-044--700x700.jpg 700w, https:\/\/www.companhiaatlantica.pt\/wp-content\/uploads\/2024\/08\/160-044--100x100.jpg 100w, https:\/\/www.companhiaatlantica.pt\/wp-content\/uploads\/2024\/08\/160-044--900x900.jpg 900w, https:\/\/www.companhiaatlantica.pt\/wp-content\/uploads\/2024\/08\/160-044--400x400.jpg 400w, https:\/\/www.companhiaatlantica.pt\/wp-content\/uploads\/2024\/08\/160-044--350x350.jpg 350w, https:\/\/www.companhiaatlantica.pt\/wp-content\/uploads\/2024\/08\/160-044--768x768.jpg 768w, https:\/\/www.companhiaatlantica.pt\/wp-content\/uploads\/2024\/08\/160-044-.jpg 1000w\" sizes=\"auto, (max-width: 700px) 100vw, 700px\" title=\"\"><img loading=\"lazy\" decoding=\"async\" width=\"700\" height=\"700\" src=\"https:\/\/www.companhiaatlantica.pt\/wp-content\/uploads\/2020\/06\/160-044-3-700x700.jpg\" class=\"attachment-woocommerce_thumbnail size-woocommerce_thumbnail\" alt=\"Blau Brillenetui AZULEJO\" srcset=\"https:\/\/www.companhiaatlantica.pt\/wp-content\/uploads\/2020\/06\/160-044-3-700x700.jpg 700w, https:\/\/www.companhiaatlantica.pt\/wp-content\/uploads\/2020\/06\/160-044-3-100x100.jpg 100w, https:\/\/www.companhiaatlantica.pt\/wp-content\/uploads\/2020\/06\/160-044-3-400x400.jpg 400w, https:\/\/www.companhiaatlantica.pt\/wp-content\/uploads\/2020\/06\/160-044-3-350x350.jpg 350w, https:\/\/www.companhiaatlantica.pt\/wp-content\/uploads\/2020\/06\/160-044-3-768x768.jpg 768w, https:\/\/www.companhiaatlantica.pt\/wp-content\/uploads\/2020\/06\/160-044-3-600x600.jpg 600w, https:\/\/www.companhiaatlantica.pt\/wp-content\/uploads\/2020\/06\/160-044-3.jpg 900w\" sizes=\"auto, (max-width: 700px) 100vw, 700px\" title=\"\">\t\t\t\t\t\t\t\t\t<\/a>\n\t\t\t\t\t\t\t\t\t\t\t\t\t\t\t\t\t\t \t\t\t\t\t\t\t\t<\/div>\n\t\t\t\t\t\t\t\t<div class=\"image-tools top right show-on-hover\">\n\t\t\t\t\t\t\t\t\t\t\t<div class=\"wishlist-icon\">\n\t\t\t<button class=\"wishlist-button button is-outline circle icon\" aria-label=\"Wunschliste\">\n\t\t\t\t<i class=\"icon-heart\" aria-hidden=\"true\"><\/i>\t\t\t<\/button>\n\t\t\t<div class=\"wishlist-popup dark\">\n\t\t\t\t\n<div\n\tclass=\"yith-wcwl-add-to-wishlist add-to-wishlist-42175 yith-wcwl-add-to-wishlist--button_default-style wishlist-fragment on-first-load\"\n\tdata-fragment-ref=\"42175\"\n\tdata-fragment-options=\"{&quot;base_url&quot;:&quot;&quot;,&quot;product_id&quot;:42175,&quot;parent_product_id&quot;:0,&quot;product_type&quot;:&quot;simple&quot;,&quot;is_single&quot;:false,&quot;in_default_wishlist&quot;:false,&quot;show_view&quot;:false,&quot;browse_wishlist_text&quot;:&quot;Siehe Ihre Wunschliste!&quot;,&quot;already_in_wishslist_text&quot;:&quot;Dieses Produkt steht bereits auf Ihrem Wunschzettel!&quot;,&quot;product_added_text&quot;:&quot;Produto adicionado!&quot;,&quot;available_multi_wishlist&quot;:false,&quot;disable_wishlist&quot;:false,&quot;show_count&quot;:false,&quot;ajax_loading&quot;:false,&quot;loop_position&quot;:&quot;after_add_to_cart&quot;,&quot;item&quot;:&quot;add_to_wishlist&quot;}\"\n>\n\t\t\t\n\t\t\t<!-- ADD TO WISHLIST -->\n\t\t\t\n<div class=\"yith-wcwl-add-button\">\n\t\t<a\n\t\thref=\"?add_to_wishlist=42175&#038;_wpnonce=52d31225f0\"\n\t\tclass=\"add_to_wishlist single_add_to_wishlist alt button theme-button-style \"\n\t\tdata-product-id=\"42175\"\n\t\tdata-product-type=\"simple\"\n\t\tdata-original-product-id=\"0\"\n\t\tdata-title=\"Zu meiner Wunschliste hinzuf\u00fcgen\"\n\t\trel=\"nofollow\"\n\t>\n\t\t<svg id=\"yith-wcwl-icon-heart-outline\" class=\"yith-wcwl-icon-svg\" fill=\"none\" stroke-width=\"1.5\" stroke=\"currentColor\" viewBox=\"0 0 24 24\" xmlns=\"http:\/\/www.w3.org\/2000\/svg\">\n  <path stroke-linecap=\"round\" stroke-linejoin=\"round\" d=\"M21 8.25c0-2.485-2.099-4.5-4.688-4.5-1.935 0-3.597 1.126-4.312 2.733-.715-1.607-2.377-2.733-4.313-2.733C5.1 3.75 3 5.765 3 8.25c0 7.22 9 12 9 12s9-4.78 9-12Z\"><\/path>\n<\/svg>\t\t<span>Zu meiner Wunschliste hinzuf\u00fcgen<\/span>\n\t<\/a>\n<\/div>\n\n\t\t\t<!-- COUNT TEXT -->\n\t\t\t\n\t\t\t<\/div>\n\t\t\t<\/div>\n\t\t<\/div>\n\t\t\t\t\t\t\t\t\t\t<\/div>\n\t\t\t\t\t\t\t\t\t\t\t\t\t\t\t\t\t<div class=\"image-tools grid-tools text-center hide-for-small bottom hover-slide-in show-on-hover\">\n\t\t\t\t\t\t\t\t\t\t\t\t\t\t\t\t\t\t\t<\/div>\n\t\t\t\t\t\t\t\t\t\t\t\t\t\t\t\t\t\t\t\t\t\t\t<\/div>\n\n\t\t\t\t\t\t\t<div class=\"box-text text-center\" >\n\t\t\t\t\t\t\t\t<div class=\"title-wrapper\"><p class=\"name product-title woocommerce-loop-product__title\"><a href=\"https:\/\/www.companhiaatlantica.pt\/de\/produto\/portugiesisches-leben\/modeartikel\/brillenbox\/blau-brillenetui-azulejo\" class=\"woocommerce-LoopProduct-link woocommerce-loop-product__link\">Blau Brillenetui AZULEJO<\/a><\/p><\/div><div class=\"price-wrapper\">\n\t<span class=\"price\"><span class=\"woocommerce-Price-amount amount\"><bdi>11.00<span class=\"woocommerce-Price-currencySymbol\">&euro;<\/span><\/bdi><\/span><\/span>\n<\/div>\t<span id=\"woocommerce_loop_add_to_cart_link_describedby_42175\" class=\"screen-reader-text\">\n\t\t\t<\/span>\n\t\t\t\t\t\t\t<\/div>\n\t\t\t\t\t\t<\/div>\n\t\t\t\t\t\t<\/div>\n\t\t\t\t\t<\/div><div class=\"col\" >\n\t\t\t\t\t\t<div class=\"col-inner\">\n\t\t\t\t\t\t\n<div class=\"badge-container absolute left top z-1\">\n\n<div class=\"badge callout badge-circle\"><div class=\"badge-inner callout-new-bg is-small new-bubble\">NEW<\/div><\/div><\/div>\n\t\t\t\t\t\t<div class=\"product-small box has-hover box-push box-text-bottom\">\n\t\t\t\t\t\t\t<div class=\"box-image\" >\n\t\t\t\t\t\t\t\t<div class=\"\" >\n\t\t\t\t\t\t\t\t\t<a href=\"https:\/\/www.companhiaatlantica.pt\/de\/produto\/portugiesisches-leben\/modeartikel\/tucher\/schal-70x180-giro\" aria-label=\"Schal 70x180 GIRO\">\n\t\t\t\t\t\t\t\t\t\t<img loading=\"lazy\" decoding=\"async\" width=\"700\" height=\"700\" src=\"https:\/\/www.companhiaatlantica.pt\/wp-content\/uploads\/2025\/08\/170-359-700x700.jpg\" class=\"show-on-hover absolute fill hide-for-small back-image\" alt=\"Alternative view of Schal 70x180 GIRO\" aria-hidden=\"true\" srcset=\"https:\/\/www.companhiaatlantica.pt\/wp-content\/uploads\/2025\/08\/170-359-700x700.jpg 700w, https:\/\/www.companhiaatlantica.pt\/wp-content\/uploads\/2025\/08\/170-359-100x100.jpg 100w, https:\/\/www.companhiaatlantica.pt\/wp-content\/uploads\/2025\/08\/170-359-900x900.jpg 900w, https:\/\/www.companhiaatlantica.pt\/wp-content\/uploads\/2025\/08\/170-359-400x400.jpg 400w, https:\/\/www.companhiaatlantica.pt\/wp-content\/uploads\/2025\/08\/170-359-350x350.jpg 350w, https:\/\/www.companhiaatlantica.pt\/wp-content\/uploads\/2025\/08\/170-359-768x768.jpg 768w, https:\/\/www.companhiaatlantica.pt\/wp-content\/uploads\/2025\/08\/170-359.jpg 1000w\" sizes=\"auto, (max-width: 700px) 100vw, 700px\" title=\"\"><img loading=\"lazy\" decoding=\"async\" width=\"700\" height=\"700\" src=\"https:\/\/www.companhiaatlantica.pt\/wp-content\/uploads\/2025\/08\/170-359_a-1-700x700.jpg\" class=\"attachment-woocommerce_thumbnail size-woocommerce_thumbnail\" alt=\"Schal 70x180 GIRO\" srcset=\"https:\/\/www.companhiaatlantica.pt\/wp-content\/uploads\/2025\/08\/170-359_a-1-700x700.jpg 700w, https:\/\/www.companhiaatlantica.pt\/wp-content\/uploads\/2025\/08\/170-359_a-1-400x400.jpg 400w, https:\/\/www.companhiaatlantica.pt\/wp-content\/uploads\/2025\/08\/170-359_a-1-350x350.jpg 350w, https:\/\/www.companhiaatlantica.pt\/wp-content\/uploads\/2025\/08\/170-359_a-1-768x768.jpg 768w, https:\/\/www.companhiaatlantica.pt\/wp-content\/uploads\/2025\/08\/170-359_a-1-900x900.jpg 900w, https:\/\/www.companhiaatlantica.pt\/wp-content\/uploads\/2025\/08\/170-359_a-1-100x100.jpg 100w, https:\/\/www.companhiaatlantica.pt\/wp-content\/uploads\/2025\/08\/170-359_a-1.jpg 1000w\" sizes=\"auto, (max-width: 700px) 100vw, 700px\" title=\"\">\t\t\t\t\t\t\t\t\t<\/a>\n\t\t\t\t\t\t\t\t\t\t\t\t\t\t\t\t\t\t \t\t\t\t\t\t\t\t<\/div>\n\t\t\t\t\t\t\t\t<div class=\"image-tools top right show-on-hover\">\n\t\t\t\t\t\t\t\t\t\t\t<div class=\"wishlist-icon\">\n\t\t\t<button class=\"wishlist-button button is-outline circle icon\" aria-label=\"Wunschliste\">\n\t\t\t\t<i class=\"icon-heart\" aria-hidden=\"true\"><\/i>\t\t\t<\/button>\n\t\t\t<div class=\"wishlist-popup dark\">\n\t\t\t\t\n<div\n\tclass=\"yith-wcwl-add-to-wishlist add-to-wishlist-77418 yith-wcwl-add-to-wishlist--button_default-style wishlist-fragment on-first-load\"\n\tdata-fragment-ref=\"77418\"\n\tdata-fragment-options=\"{&quot;base_url&quot;:&quot;&quot;,&quot;product_id&quot;:77418,&quot;parent_product_id&quot;:0,&quot;product_type&quot;:&quot;simple&quot;,&quot;is_single&quot;:false,&quot;in_default_wishlist&quot;:false,&quot;show_view&quot;:false,&quot;browse_wishlist_text&quot;:&quot;Siehe Ihre Wunschliste!&quot;,&quot;already_in_wishslist_text&quot;:&quot;Dieses Produkt steht bereits auf Ihrem Wunschzettel!&quot;,&quot;product_added_text&quot;:&quot;Produto adicionado!&quot;,&quot;available_multi_wishlist&quot;:false,&quot;disable_wishlist&quot;:false,&quot;show_count&quot;:false,&quot;ajax_loading&quot;:false,&quot;loop_position&quot;:&quot;after_add_to_cart&quot;,&quot;item&quot;:&quot;add_to_wishlist&quot;}\"\n>\n\t\t\t\n\t\t\t<!-- ADD TO WISHLIST -->\n\t\t\t\n<div class=\"yith-wcwl-add-button\">\n\t\t<a\n\t\thref=\"?add_to_wishlist=77418&#038;_wpnonce=52d31225f0\"\n\t\tclass=\"add_to_wishlist single_add_to_wishlist alt button theme-button-style \"\n\t\tdata-product-id=\"77418\"\n\t\tdata-product-type=\"simple\"\n\t\tdata-original-product-id=\"0\"\n\t\tdata-title=\"Zu meiner Wunschliste hinzuf\u00fcgen\"\n\t\trel=\"nofollow\"\n\t>\n\t\t<svg id=\"yith-wcwl-icon-heart-outline\" class=\"yith-wcwl-icon-svg\" fill=\"none\" stroke-width=\"1.5\" stroke=\"currentColor\" viewBox=\"0 0 24 24\" xmlns=\"http:\/\/www.w3.org\/2000\/svg\">\n  <path stroke-linecap=\"round\" stroke-linejoin=\"round\" d=\"M21 8.25c0-2.485-2.099-4.5-4.688-4.5-1.935 0-3.597 1.126-4.312 2.733-.715-1.607-2.377-2.733-4.313-2.733C5.1 3.75 3 5.765 3 8.25c0 7.22 9 12 9 12s9-4.78 9-12Z\"><\/path>\n<\/svg>\t\t<span>Zu meiner Wunschliste hinzuf\u00fcgen<\/span>\n\t<\/a>\n<\/div>\n\n\t\t\t<!-- COUNT TEXT -->\n\t\t\t\n\t\t\t<\/div>\n\t\t\t<\/div>\n\t\t<\/div>\n\t\t\t\t\t\t\t\t\t\t<\/div>\n\t\t\t\t\t\t\t\t\t\t\t\t\t\t\t\t\t<div class=\"image-tools grid-tools text-center hide-for-small bottom hover-slide-in show-on-hover\">\n\t\t\t\t\t\t\t\t\t\t\t\t\t\t\t\t\t\t\t<\/div>\n\t\t\t\t\t\t\t\t\t\t\t\t\t\t\t\t\t\t\t\t\t\t\t<\/div>\n\n\t\t\t\t\t\t\t<div class=\"box-text text-center\" >\n\t\t\t\t\t\t\t\t<div class=\"title-wrapper\"><p class=\"name product-title woocommerce-loop-product__title\"><a href=\"https:\/\/www.companhiaatlantica.pt\/de\/produto\/portugiesisches-leben\/modeartikel\/tucher\/schal-70x180-giro\" class=\"woocommerce-LoopProduct-link woocommerce-loop-product__link\">Schal 70&#215;180 GIRO<\/a><\/p><\/div><div class=\"price-wrapper\">\n\t<span class=\"price\"><span class=\"woocommerce-Price-amount amount\"><bdi>30.00<span class=\"woocommerce-Price-currencySymbol\">&euro;<\/span><\/bdi><\/span><\/span>\n<\/div><div class=\"add-to-cart-button\"><a href=\"\/de\/wp-json\/wp\/v2\/pages\/66644?add-to-cart=77418\" aria-describedby=\"woocommerce_loop_add_to_cart_link_describedby_77418\" data-quantity=\"1\" class=\"primary is-small mb-0 button product_type_simple add_to_cart_button ajax_add_to_cart is-outline\" data-product_id=\"77418\" data-product_sku=\"170-359\" aria-label=\"In den Warenkorb legen: \u201eSchal 70x180 GIRO\u201c\" rel=\"nofollow\" data-success_message=\"\u201eSchal 70x180 GIRO\u201c wurde deinem Warenkorb hinzugef\u00fcgt\" data-product_name=\"Schal 70x180 GIRO\" data-product_image=\"https:\/\/www.companhiaatlantica.pt\/wp-content\/uploads\/2025\/08\/170-359_a-1-350x350.jpg\" role=\"button\">In den Warenkorb<\/a><\/div>\t<span id=\"woocommerce_loop_add_to_cart_link_describedby_77418\" class=\"screen-reader-text\">\n\t\t\t<\/span>\n\t\t\t\t\t\t\t<\/div>\n\t\t\t\t\t\t<\/div>\n\t\t\t\t\t\t<\/div>\n\t\t\t\t\t<\/div><div class=\"col\" >\n\t\t\t\t\t\t<div class=\"col-inner\">\n\t\t\t\t\t\t\n<div class=\"badge-container absolute left top z-1\">\n\n<div class=\"badge callout badge-circle\"><div class=\"badge-inner callout-new-bg is-small new-bubble\">NEW<\/div><\/div><\/div>\n\t\t\t\t\t\t<div class=\"product-small box has-hover box-push box-text-bottom\">\n\t\t\t\t\t\t\t<div class=\"box-image\" >\n\t\t\t\t\t\t\t\t<div class=\"\" >\n\t\t\t\t\t\t\t\t\t<a href=\"https:\/\/www.companhiaatlantica.pt\/de\/produto\/textilien\/geschirrtucher-schurzen\/fliese-avental-algodao\" aria-label=\"Sch\u00fcrze aus Baumwolle AZULEJO\">\n\t\t\t\t\t\t\t\t\t\t<img loading=\"lazy\" decoding=\"async\" width=\"700\" height=\"700\" src=\"https:\/\/www.companhiaatlantica.pt\/wp-content\/uploads\/2022\/04\/170-113-700x700.jpg\" class=\"show-on-hover absolute fill hide-for-small back-image\" alt=\"Alternative view of Sch\u00fcrze aus Baumwolle AZULEJO\" aria-hidden=\"true\" srcset=\"https:\/\/www.companhiaatlantica.pt\/wp-content\/uploads\/2022\/04\/170-113-700x700.jpg 700w, https:\/\/www.companhiaatlantica.pt\/wp-content\/uploads\/2022\/04\/170-113-100x100.jpg 100w, https:\/\/www.companhiaatlantica.pt\/wp-content\/uploads\/2022\/04\/170-113-900x900.jpg 900w, https:\/\/www.companhiaatlantica.pt\/wp-content\/uploads\/2022\/04\/170-113-300x300.jpg 300w, https:\/\/www.companhiaatlantica.pt\/wp-content\/uploads\/2022\/04\/170-113-150x150.jpg 150w, https:\/\/www.companhiaatlantica.pt\/wp-content\/uploads\/2022\/04\/170-113-768x768.jpg 768w, https:\/\/www.companhiaatlantica.pt\/wp-content\/uploads\/2022\/04\/170-113-600x600.jpg 600w, https:\/\/www.companhiaatlantica.pt\/wp-content\/uploads\/2022\/04\/170-113.jpg 1000w\" sizes=\"auto, (max-width: 700px) 100vw, 700px\" title=\"\"><img loading=\"lazy\" decoding=\"async\" width=\"700\" height=\"700\" src=\"https:\/\/www.companhiaatlantica.pt\/wp-content\/uploads\/2022\/04\/170-112-700x700.jpg\" class=\"attachment-woocommerce_thumbnail size-woocommerce_thumbnail\" alt=\"Sch\u00fcrze aus Baumwolle AZULEJO\" srcset=\"https:\/\/www.companhiaatlantica.pt\/wp-content\/uploads\/2022\/04\/170-112-700x700.jpg 700w, https:\/\/www.companhiaatlantica.pt\/wp-content\/uploads\/2022\/04\/170-112-100x100.jpg 100w, https:\/\/www.companhiaatlantica.pt\/wp-content\/uploads\/2022\/04\/170-112-900x900.jpg 900w, https:\/\/www.companhiaatlantica.pt\/wp-content\/uploads\/2022\/04\/170-112-300x300.jpg 300w, https:\/\/www.companhiaatlantica.pt\/wp-content\/uploads\/2022\/04\/170-112-150x150.jpg 150w, https:\/\/www.companhiaatlantica.pt\/wp-content\/uploads\/2022\/04\/170-112-768x768.jpg 768w, https:\/\/www.companhiaatlantica.pt\/wp-content\/uploads\/2022\/04\/170-112-600x600.jpg 600w, https:\/\/www.companhiaatlantica.pt\/wp-content\/uploads\/2022\/04\/170-112.jpg 1000w\" sizes=\"auto, (max-width: 700px) 100vw, 700px\" title=\"\">\t\t\t\t\t\t\t\t\t<\/a>\n\t\t\t\t\t\t\t\t\t\t\t\t\t\t\t\t\t\t \t\t\t\t\t\t\t\t<\/div>\n\t\t\t\t\t\t\t\t<div class=\"image-tools top right show-on-hover\">\n\t\t\t\t\t\t\t\t\t\t\t<div class=\"wishlist-icon\">\n\t\t\t<button class=\"wishlist-button button is-outline circle icon\" aria-label=\"Wunschliste\">\n\t\t\t\t<i class=\"icon-heart\" aria-hidden=\"true\"><\/i>\t\t\t<\/button>\n\t\t\t<div class=\"wishlist-popup dark\">\n\t\t\t\t\n<div\n\tclass=\"yith-wcwl-add-to-wishlist add-to-wishlist-41119 yith-wcwl-add-to-wishlist--button_default-style wishlist-fragment on-first-load\"\n\tdata-fragment-ref=\"41119\"\n\tdata-fragment-options=\"{&quot;base_url&quot;:&quot;&quot;,&quot;product_id&quot;:41119,&quot;parent_product_id&quot;:0,&quot;product_type&quot;:&quot;variable&quot;,&quot;is_single&quot;:false,&quot;in_default_wishlist&quot;:false,&quot;show_view&quot;:false,&quot;browse_wishlist_text&quot;:&quot;Siehe Ihre Wunschliste!&quot;,&quot;already_in_wishslist_text&quot;:&quot;Dieses Produkt steht bereits auf Ihrem Wunschzettel!&quot;,&quot;product_added_text&quot;:&quot;Produto adicionado!&quot;,&quot;available_multi_wishlist&quot;:false,&quot;disable_wishlist&quot;:false,&quot;show_count&quot;:false,&quot;ajax_loading&quot;:false,&quot;loop_position&quot;:&quot;after_add_to_cart&quot;,&quot;item&quot;:&quot;add_to_wishlist&quot;}\"\n>\n\t\t\t\n\t\t\t<!-- ADD TO WISHLIST -->\n\t\t\t\n<div class=\"yith-wcwl-add-button\">\n\t\t<a\n\t\thref=\"?add_to_wishlist=41119&#038;_wpnonce=52d31225f0\"\n\t\tclass=\"add_to_wishlist single_add_to_wishlist alt button theme-button-style \"\n\t\tdata-product-id=\"41119\"\n\t\tdata-product-type=\"variable\"\n\t\tdata-original-product-id=\"0\"\n\t\tdata-title=\"Zu meiner Wunschliste hinzuf\u00fcgen\"\n\t\trel=\"nofollow\"\n\t>\n\t\t<svg id=\"yith-wcwl-icon-heart-outline\" class=\"yith-wcwl-icon-svg\" fill=\"none\" stroke-width=\"1.5\" stroke=\"currentColor\" viewBox=\"0 0 24 24\" xmlns=\"http:\/\/www.w3.org\/2000\/svg\">\n  <path stroke-linecap=\"round\" stroke-linejoin=\"round\" d=\"M21 8.25c0-2.485-2.099-4.5-4.688-4.5-1.935 0-3.597 1.126-4.312 2.733-.715-1.607-2.377-2.733-4.313-2.733C5.1 3.75 3 5.765 3 8.25c0 7.22 9 12 9 12s9-4.78 9-12Z\"><\/path>\n<\/svg>\t\t<span>Zu meiner Wunschliste hinzuf\u00fcgen<\/span>\n\t<\/a>\n<\/div>\n\n\t\t\t<!-- COUNT TEXT -->\n\t\t\t\n\t\t\t<\/div>\n\t\t\t<\/div>\n\t\t<\/div>\n\t\t\t\t\t\t\t\t\t\t<\/div>\n\t\t\t\t\t\t\t\t\t\t\t\t\t\t\t\t\t<div class=\"image-tools grid-tools text-center hide-for-small bottom hover-slide-in show-on-hover\">\n\t\t\t\t\t\t\t\t\t\t\t\t\t\t\t\t\t\t\t<\/div>\n\t\t\t\t\t\t\t\t\t\t\t\t\t\t\t\t\t\t\t\t\t\t\t<\/div>\n\n\t\t\t\t\t\t\t<div class=\"box-text text-center\" >\n\t\t\t\t\t\t\t\t<div class=\"title-wrapper\"><p class=\"name product-title woocommerce-loop-product__title\"><a href=\"https:\/\/www.companhiaatlantica.pt\/de\/produto\/textilien\/geschirrtucher-schurzen\/fliese-avental-algodao\" class=\"woocommerce-LoopProduct-link woocommerce-loop-product__link\">Sch\u00fcrze aus Baumwolle AZULEJO<\/a><\/p><\/div><div class=\"price-wrapper\">\n\t<span class=\"price\"><span class=\"woocommerce-Price-amount amount\"><bdi>28.00<span class=\"woocommerce-Price-currencySymbol\">&euro;<\/span><\/bdi><\/span><\/span>\n<\/div><div class=\"add-to-cart-button\"><a href=\"https:\/\/www.companhiaatlantica.pt\/de\/produto\/textilien\/geschirrtucher-schurzen\/fliese-avental-algodao\" aria-describedby=\"woocommerce_loop_add_to_cart_link_describedby_41119\" data-quantity=\"1\" class=\"primary is-small mb-0 button product_type_variable add_to_cart_button is-outline\" data-product_id=\"41119\" data-product_sku=\"\" aria-label=\"W\u00e4hle Optionen f\u00fcr \u201eSch\u00fcrze aus Baumwolle AZULEJO\u201c\" rel=\"nofollow\" data-product_name=\"Sch\u00fcrze aus Baumwolle AZULEJO\" data-product_image=\"https:\/\/www.companhiaatlantica.pt\/wp-content\/uploads\/2022\/04\/170-112-150x150.jpg\">Ausf\u00fchrung w\u00e4hlen<\/a><\/div>\t<span id=\"woocommerce_loop_add_to_cart_link_describedby_41119\" class=\"screen-reader-text\">\n\t\tDieses Produkt weist mehrere Varianten auf. Die Optionen k\u00f6nnen auf der Produktseite gew\u00e4hlt werden\t<\/span>\n\t\t\t\t\t\t\t<\/div>\n\t\t\t\t\t\t<\/div>\n\t\t\t\t\t\t<\/div>\n\t\t\t\t\t<\/div><div class=\"col\" >\n\t\t\t\t\t\t<div class=\"col-inner\">\n\t\t\t\t\t\t\n<div class=\"badge-container absolute left top z-1\">\n\n<\/div>\n\t\t\t\t\t\t<div class=\"product-small box has-hover box-push box-text-bottom\">\n\t\t\t\t\t\t\t<div class=\"box-image\" >\n\t\t\t\t\t\t\t\t<div class=\"\" >\n\t\t\t\t\t\t\t\t\t<a href=\"https:\/\/www.companhiaatlantica.pt\/de\/produto\/portugiesisches-leben\/haushaltsartikel\/ofenhandschuh-azulejo\" aria-label=\"Ofenhandschuh AZULEJO\">\n\t\t\t\t\t\t\t\t\t\t<img loading=\"lazy\" decoding=\"async\" width=\"700\" height=\"700\" src=\"https:\/\/www.companhiaatlantica.pt\/wp-content\/uploads\/2022\/06\/170-200-700x700.jpg\" class=\"show-on-hover absolute fill hide-for-small back-image\" alt=\"Alternative view of Ofenhandschuh AZULEJO\" aria-hidden=\"true\" srcset=\"https:\/\/www.companhiaatlantica.pt\/wp-content\/uploads\/2022\/06\/170-200-700x700.jpg 700w, https:\/\/www.companhiaatlantica.pt\/wp-content\/uploads\/2022\/06\/170-200-100x100.jpg 100w, https:\/\/www.companhiaatlantica.pt\/wp-content\/uploads\/2022\/06\/170-200-900x900.jpg 900w, https:\/\/www.companhiaatlantica.pt\/wp-content\/uploads\/2022\/06\/170-200-300x300.jpg 300w, https:\/\/www.companhiaatlantica.pt\/wp-content\/uploads\/2022\/06\/170-200-150x150.jpg 150w, https:\/\/www.companhiaatlantica.pt\/wp-content\/uploads\/2022\/06\/170-200-768x768.jpg 768w, https:\/\/www.companhiaatlantica.pt\/wp-content\/uploads\/2022\/06\/170-200-600x600.jpg 600w, https:\/\/www.companhiaatlantica.pt\/wp-content\/uploads\/2022\/06\/170-200.jpg 1000w\" sizes=\"auto, (max-width: 700px) 100vw, 700px\" title=\"\"><img loading=\"lazy\" decoding=\"async\" width=\"700\" height=\"700\" src=\"https:\/\/www.companhiaatlantica.pt\/wp-content\/uploads\/2022\/06\/170-200_170-201-700x700.jpg\" class=\"attachment-woocommerce_thumbnail size-woocommerce_thumbnail\" alt=\"Ofenhandschuh AZULEJO\" srcset=\"https:\/\/www.companhiaatlantica.pt\/wp-content\/uploads\/2022\/06\/170-200_170-201-700x700.jpg 700w, https:\/\/www.companhiaatlantica.pt\/wp-content\/uploads\/2022\/06\/170-200_170-201-100x100.jpg 100w, https:\/\/www.companhiaatlantica.pt\/wp-content\/uploads\/2022\/06\/170-200_170-201-900x900.jpg 900w, https:\/\/www.companhiaatlantica.pt\/wp-content\/uploads\/2022\/06\/170-200_170-201-300x300.jpg 300w, https:\/\/www.companhiaatlantica.pt\/wp-content\/uploads\/2022\/06\/170-200_170-201-150x150.jpg 150w, https:\/\/www.companhiaatlantica.pt\/wp-content\/uploads\/2022\/06\/170-200_170-201-768x768.jpg 768w, https:\/\/www.companhiaatlantica.pt\/wp-content\/uploads\/2022\/06\/170-200_170-201-600x600.jpg 600w, https:\/\/www.companhiaatlantica.pt\/wp-content\/uploads\/2022\/06\/170-200_170-201.jpg 1000w\" sizes=\"auto, (max-width: 700px) 100vw, 700px\" title=\"\">\t\t\t\t\t\t\t\t\t<\/a>\n\t\t\t\t\t\t\t\t\t\t\t\t\t\t\t\t\t\t \t\t\t\t\t\t\t\t<\/div>\n\t\t\t\t\t\t\t\t<div class=\"image-tools top right show-on-hover\">\n\t\t\t\t\t\t\t\t\t\t\t<div class=\"wishlist-icon\">\n\t\t\t<button class=\"wishlist-button button is-outline circle icon\" aria-label=\"Wunschliste\">\n\t\t\t\t<i class=\"icon-heart\" aria-hidden=\"true\"><\/i>\t\t\t<\/button>\n\t\t\t<div class=\"wishlist-popup dark\">\n\t\t\t\t\n<div\n\tclass=\"yith-wcwl-add-to-wishlist add-to-wishlist-41072 yith-wcwl-add-to-wishlist--button_default-style wishlist-fragment on-first-load\"\n\tdata-fragment-ref=\"41072\"\n\tdata-fragment-options=\"{&quot;base_url&quot;:&quot;&quot;,&quot;product_id&quot;:41072,&quot;parent_product_id&quot;:0,&quot;product_type&quot;:&quot;variable&quot;,&quot;is_single&quot;:false,&quot;in_default_wishlist&quot;:false,&quot;show_view&quot;:false,&quot;browse_wishlist_text&quot;:&quot;Siehe Ihre Wunschliste!&quot;,&quot;already_in_wishslist_text&quot;:&quot;Dieses Produkt steht bereits auf Ihrem Wunschzettel!&quot;,&quot;product_added_text&quot;:&quot;Produto adicionado!&quot;,&quot;available_multi_wishlist&quot;:false,&quot;disable_wishlist&quot;:false,&quot;show_count&quot;:false,&quot;ajax_loading&quot;:false,&quot;loop_position&quot;:&quot;after_add_to_cart&quot;,&quot;item&quot;:&quot;add_to_wishlist&quot;}\"\n>\n\t\t\t\n\t\t\t<!-- ADD TO WISHLIST -->\n\t\t\t\n<div class=\"yith-wcwl-add-button\">\n\t\t<a\n\t\thref=\"?add_to_wishlist=41072&#038;_wpnonce=52d31225f0\"\n\t\tclass=\"add_to_wishlist single_add_to_wishlist alt button theme-button-style \"\n\t\tdata-product-id=\"41072\"\n\t\tdata-product-type=\"variable\"\n\t\tdata-original-product-id=\"0\"\n\t\tdata-title=\"Zu meiner Wunschliste hinzuf\u00fcgen\"\n\t\trel=\"nofollow\"\n\t>\n\t\t<svg id=\"yith-wcwl-icon-heart-outline\" class=\"yith-wcwl-icon-svg\" fill=\"none\" stroke-width=\"1.5\" stroke=\"currentColor\" viewBox=\"0 0 24 24\" xmlns=\"http:\/\/www.w3.org\/2000\/svg\">\n  <path stroke-linecap=\"round\" stroke-linejoin=\"round\" d=\"M21 8.25c0-2.485-2.099-4.5-4.688-4.5-1.935 0-3.597 1.126-4.312 2.733-.715-1.607-2.377-2.733-4.313-2.733C5.1 3.75 3 5.765 3 8.25c0 7.22 9 12 9 12s9-4.78 9-12Z\"><\/path>\n<\/svg>\t\t<span>Zu meiner Wunschliste hinzuf\u00fcgen<\/span>\n\t<\/a>\n<\/div>\n\n\t\t\t<!-- COUNT TEXT -->\n\t\t\t\n\t\t\t<\/div>\n\t\t\t<\/div>\n\t\t<\/div>\n\t\t\t\t\t\t\t\t\t\t<\/div>\n\t\t\t\t\t\t\t\t\t\t\t\t\t\t\t\t\t<div class=\"image-tools grid-tools text-center hide-for-small bottom hover-slide-in show-on-hover\">\n\t\t\t\t\t\t\t\t\t\t\t\t\t\t\t\t\t\t\t<\/div>\n\t\t\t\t\t\t\t\t\t\t\t\t\t\t\t\t\t\t\t\t\t\t\t<\/div>\n\n\t\t\t\t\t\t\t<div class=\"box-text text-center\" >\n\t\t\t\t\t\t\t\t<div class=\"title-wrapper\"><p class=\"name product-title woocommerce-loop-product__title\"><a href=\"https:\/\/www.companhiaatlantica.pt\/de\/produto\/portugiesisches-leben\/haushaltsartikel\/ofenhandschuh-azulejo\" class=\"woocommerce-LoopProduct-link woocommerce-loop-product__link\">Ofenhandschuh AZULEJO<\/a><\/p><\/div><div class=\"price-wrapper\">\n\t<span class=\"price\"><span class=\"woocommerce-Price-amount amount\"><bdi>16.90<span class=\"woocommerce-Price-currencySymbol\">&euro;<\/span><\/bdi><\/span><\/span>\n<\/div><div class=\"add-to-cart-button\"><a href=\"https:\/\/www.companhiaatlantica.pt\/de\/produto\/portugiesisches-leben\/haushaltsartikel\/ofenhandschuh-azulejo\" aria-describedby=\"woocommerce_loop_add_to_cart_link_describedby_41072\" data-quantity=\"1\" class=\"primary is-small mb-0 button product_type_variable add_to_cart_button is-outline\" data-product_id=\"41072\" data-product_sku=\"\" aria-label=\"W\u00e4hle Optionen f\u00fcr \u201eOfenhandschuh AZULEJO\u201c\" rel=\"nofollow\" data-product_name=\"Ofenhandschuh AZULEJO\" data-product_image=\"https:\/\/www.companhiaatlantica.pt\/wp-content\/uploads\/2022\/06\/170-200_170-201-150x150.jpg\">Ausf\u00fchrung w\u00e4hlen<\/a><\/div>\t<span id=\"woocommerce_loop_add_to_cart_link_describedby_41072\" class=\"screen-reader-text\">\n\t\tDieses Produkt weist mehrere Varianten auf. Die Optionen k\u00f6nnen auf der Produktseite gew\u00e4hlt werden\t<\/span>\n\t\t\t\t\t\t\t<\/div>\n\t\t\t\t\t\t<\/div>\n\t\t\t\t\t\t<\/div>\n\t\t\t\t\t<\/div><div class=\"col\" >\n\t\t\t\t\t\t<div class=\"col-inner\">\n\t\t\t\t\t\t\n<div class=\"badge-container absolute left top z-1\">\n\n<div class=\"badge callout badge-circle\"><div class=\"badge-inner callout-new-bg is-small new-bubble\">3 pcs<\/div><\/div><\/div>\n\t\t\t\t\t\t<div class=\"product-small box has-hover box-push box-text-bottom\">\n\t\t\t\t\t\t\t<div class=\"box-image\" >\n\t\t\t\t\t\t\t\t<div class=\"\" >\n\t\t\t\t\t\t\t\t\t<a href=\"https:\/\/www.companhiaatlantica.pt\/de\/produto\/portugiesisches-leben\/haushaltsartikel\/azulejo-olivenoelspender-2-teller-weiss\" aria-label=\"AZULEJO Oliven\u00f6lspender + 2 Teller\">\n\t\t\t\t\t\t\t\t\t\t<img loading=\"lazy\" decoding=\"async\" width=\"700\" height=\"700\" src=\"https:\/\/www.companhiaatlantica.pt\/wp-content\/uploads\/2023\/09\/garrafa-pratos-azeite-azulejo_pack-branco-700x700.jpg\" class=\"show-on-hover absolute fill hide-for-small back-image\" alt=\"Garrafa de azeite + 2 pratinhos AZULEJO Branco\" aria-hidden=\"true\" srcset=\"https:\/\/www.companhiaatlantica.pt\/wp-content\/uploads\/2023\/09\/garrafa-pratos-azeite-azulejo_pack-branco-700x700.jpg 700w, https:\/\/www.companhiaatlantica.pt\/wp-content\/uploads\/2023\/09\/garrafa-pratos-azeite-azulejo_pack-branco-100x100.jpg 100w, https:\/\/www.companhiaatlantica.pt\/wp-content\/uploads\/2023\/09\/garrafa-pratos-azeite-azulejo_pack-branco-400x400.jpg 400w, https:\/\/www.companhiaatlantica.pt\/wp-content\/uploads\/2023\/09\/garrafa-pratos-azeite-azulejo_pack-branco-350x350.jpg 350w, https:\/\/www.companhiaatlantica.pt\/wp-content\/uploads\/2023\/09\/garrafa-pratos-azeite-azulejo_pack-branco-768x768.jpg 768w, https:\/\/www.companhiaatlantica.pt\/wp-content\/uploads\/2023\/09\/garrafa-pratos-azeite-azulejo_pack-branco-600x600.jpg 600w, https:\/\/www.companhiaatlantica.pt\/wp-content\/uploads\/2023\/09\/garrafa-pratos-azeite-azulejo_pack-branco.jpg 880w\" sizes=\"auto, (max-width: 700px) 100vw, 700px\" title=\"\"><img loading=\"lazy\" decoding=\"async\" width=\"700\" height=\"700\" src=\"https:\/\/www.companhiaatlantica.pt\/wp-content\/uploads\/2023\/09\/garrafa-pratos-azeite-azulejo_pack-branco-700x700.jpg\" class=\"attachment-woocommerce_thumbnail size-woocommerce_thumbnail\" alt=\"Garrafa de azeite + 2 pratinhos AZULEJO Branco\" srcset=\"https:\/\/www.companhiaatlantica.pt\/wp-content\/uploads\/2023\/09\/garrafa-pratos-azeite-azulejo_pack-branco-700x700.jpg 700w, https:\/\/www.companhiaatlantica.pt\/wp-content\/uploads\/2023\/09\/garrafa-pratos-azeite-azulejo_pack-branco-100x100.jpg 100w, https:\/\/www.companhiaatlantica.pt\/wp-content\/uploads\/2023\/09\/garrafa-pratos-azeite-azulejo_pack-branco-400x400.jpg 400w, https:\/\/www.companhiaatlantica.pt\/wp-content\/uploads\/2023\/09\/garrafa-pratos-azeite-azulejo_pack-branco-350x350.jpg 350w, https:\/\/www.companhiaatlantica.pt\/wp-content\/uploads\/2023\/09\/garrafa-pratos-azeite-azulejo_pack-branco-768x768.jpg 768w, https:\/\/www.companhiaatlantica.pt\/wp-content\/uploads\/2023\/09\/garrafa-pratos-azeite-azulejo_pack-branco-600x600.jpg 600w, https:\/\/www.companhiaatlantica.pt\/wp-content\/uploads\/2023\/09\/garrafa-pratos-azeite-azulejo_pack-branco.jpg 880w\" sizes=\"auto, (max-width: 700px) 100vw, 700px\" title=\"\">\t\t\t\t\t\t\t\t\t<\/a>\n\t\t\t\t\t\t\t\t\t\t\t\t\t\t\t\t\t\t \t\t\t\t\t\t\t\t<\/div>\n\t\t\t\t\t\t\t\t<div class=\"image-tools top right show-on-hover\">\n\t\t\t\t\t\t\t\t\t\t\t<div class=\"wishlist-icon\">\n\t\t\t<button class=\"wishlist-button button is-outline circle icon\" aria-label=\"Wunschliste\">\n\t\t\t\t<i class=\"icon-heart\" aria-hidden=\"true\"><\/i>\t\t\t<\/button>\n\t\t\t<div class=\"wishlist-popup dark\">\n\t\t\t\t\n<div\n\tclass=\"yith-wcwl-add-to-wishlist add-to-wishlist-46512 yith-wcwl-add-to-wishlist--button_default-style wishlist-fragment on-first-load\"\n\tdata-fragment-ref=\"46512\"\n\tdata-fragment-options=\"{&quot;base_url&quot;:&quot;&quot;,&quot;product_id&quot;:46512,&quot;parent_product_id&quot;:0,&quot;product_type&quot;:&quot;yith_bundle&quot;,&quot;is_single&quot;:false,&quot;in_default_wishlist&quot;:false,&quot;show_view&quot;:false,&quot;browse_wishlist_text&quot;:&quot;Siehe Ihre Wunschliste!&quot;,&quot;already_in_wishslist_text&quot;:&quot;Dieses Produkt steht bereits auf Ihrem Wunschzettel!&quot;,&quot;product_added_text&quot;:&quot;Produto adicionado!&quot;,&quot;available_multi_wishlist&quot;:false,&quot;disable_wishlist&quot;:false,&quot;show_count&quot;:false,&quot;ajax_loading&quot;:false,&quot;loop_position&quot;:&quot;after_add_to_cart&quot;,&quot;item&quot;:&quot;add_to_wishlist&quot;}\"\n>\n\t\t\t\n\t\t\t<!-- ADD TO WISHLIST -->\n\t\t\t\n<div class=\"yith-wcwl-add-button\">\n\t\t<a\n\t\thref=\"?add_to_wishlist=46512&#038;_wpnonce=52d31225f0\"\n\t\tclass=\"add_to_wishlist single_add_to_wishlist alt button theme-button-style \"\n\t\tdata-product-id=\"46512\"\n\t\tdata-product-type=\"yith_bundle\"\n\t\tdata-original-product-id=\"0\"\n\t\tdata-title=\"Zu meiner Wunschliste hinzuf\u00fcgen\"\n\t\trel=\"nofollow\"\n\t>\n\t\t<svg id=\"yith-wcwl-icon-heart-outline\" class=\"yith-wcwl-icon-svg\" fill=\"none\" stroke-width=\"1.5\" stroke=\"currentColor\" viewBox=\"0 0 24 24\" xmlns=\"http:\/\/www.w3.org\/2000\/svg\">\n  <path stroke-linecap=\"round\" stroke-linejoin=\"round\" d=\"M21 8.25c0-2.485-2.099-4.5-4.688-4.5-1.935 0-3.597 1.126-4.312 2.733-.715-1.607-2.377-2.733-4.313-2.733C5.1 3.75 3 5.765 3 8.25c0 7.22 9 12 9 12s9-4.78 9-12Z\"><\/path>\n<\/svg>\t\t<span>Zu meiner Wunschliste hinzuf\u00fcgen<\/span>\n\t<\/a>\n<\/div>\n\n\t\t\t<!-- COUNT TEXT -->\n\t\t\t\n\t\t\t<\/div>\n\t\t\t<\/div>\n\t\t<\/div>\n\t\t\t\t\t\t\t\t\t\t<\/div>\n\t\t\t\t\t\t\t\t\t\t\t\t\t\t\t\t\t<div class=\"image-tools grid-tools text-center hide-for-small bottom hover-slide-in show-on-hover\">\n\t\t\t\t\t\t\t\t\t\t\t\t\t\t\t\t\t\t\t<\/div>\n\t\t\t\t\t\t\t\t\t\t\t\t\t\t\t\t\t\t\t\t\t\t\t<\/div>\n\n\t\t\t\t\t\t\t<div class=\"box-text text-center\" >\n\t\t\t\t\t\t\t\t<div class=\"title-wrapper\"><p class=\"name product-title woocommerce-loop-product__title\"><a href=\"https:\/\/www.companhiaatlantica.pt\/de\/produto\/portugiesisches-leben\/haushaltsartikel\/azulejo-olivenoelspender-2-teller-weiss\" class=\"woocommerce-LoopProduct-link woocommerce-loop-product__link\">AZULEJO Oliven\u00f6lspender + 2 Teller<\/a><\/p><\/div><div class=\"price-wrapper\">\n\t<span class=\"price\"><span class=\"woocommerce-Price-amount amount\"><bdi>45.80<span class=\"woocommerce-Price-currencySymbol\">&euro;<\/span><\/bdi><\/span><\/span>\n<\/div><div class=\"add-to-cart-button\"><a href=\"https:\/\/www.companhiaatlantica.pt\/de\/produto\/portugiesisches-leben\/haushaltsartikel\/azulejo-olivenoelspender-2-teller-weiss\" aria-describedby=\"woocommerce_loop_add_to_cart_link_describedby_46512\" data-quantity=\"1\" class=\"primary is-small mb-0 button product_type_yith_bundle add_to_cart_button is-outline\" data-product_id=\"46512\" data-product_sku=\"BUNDLE-AZULEJO-WHITE\" aria-label=\"Lese mehr \u00fcber &#8222;AZULEJO Oliven\u00f6lspender + 2 Teller&#8220;\" rel=\"nofollow\" data-product_name=\"AZULEJO Oliven\u00f6lspender + 2 Teller\" data-product_image=\"https:\/\/www.companhiaatlantica.pt\/wp-content\/uploads\/2023\/09\/garrafa-pratos-azeite-azulejo_pack-branco-350x350.jpg\">Weiterlesen<\/a><\/div>\t<span id=\"woocommerce_loop_add_to_cart_link_describedby_46512\" class=\"screen-reader-text\">\n\t\t\t<\/span>\n\t\t\t\t\t\t\t<\/div>\n\t\t\t\t\t\t<\/div>\n\t\t\t\t\t\t<\/div>\n\t\t\t\t\t<\/div><div class=\"col\" >\n\t\t\t\t\t\t<div class=\"col-inner\">\n\t\t\t\t\t\t\n<div class=\"badge-container absolute left top z-1\">\n\n<div class=\"badge callout badge-circle\"><div class=\"badge-inner callout-new-bg is-small new-bubble\">NEW<\/div><\/div><\/div>\n\t\t\t\t\t\t<div class=\"product-small box has-hover box-push box-text-bottom\">\n\t\t\t\t\t\t\t<div class=\"box-image\" >\n\t\t\t\t\t\t\t\t<div class=\"\" >\n\t\t\t\t\t\t\t\t\t<a href=\"https:\/\/www.companhiaatlantica.pt\/de\/produto\/portugiesisches-leben\/modeartikel\/einkaufstaschen-aus-baumwolle\/einkaufstasche-baumwolle-algarve\" aria-label=\"Einkaufstasche Baumwolle Algarve - Portugal\">\n\t\t\t\t\t\t\t\t\t\t<img loading=\"lazy\" decoding=\"async\" width=\"700\" height=\"700\" src=\"https:\/\/www.companhiaatlantica.pt\/wp-content\/uploads\/2020\/06\/170-042-back-700x700.jpg\" class=\"show-on-hover absolute fill hide-for-small back-image\" alt=\"Alternative view of Einkaufstasche Baumwolle Algarve - Portugal\" aria-hidden=\"true\" srcset=\"https:\/\/www.companhiaatlantica.pt\/wp-content\/uploads\/2020\/06\/170-042-back-700x700.jpg 700w, https:\/\/www.companhiaatlantica.pt\/wp-content\/uploads\/2020\/06\/170-042-back-100x100.jpg 100w, https:\/\/www.companhiaatlantica.pt\/wp-content\/uploads\/2020\/06\/170-042-back-400x400.jpg 400w, https:\/\/www.companhiaatlantica.pt\/wp-content\/uploads\/2020\/06\/170-042-back-350x350.jpg 350w, https:\/\/www.companhiaatlantica.pt\/wp-content\/uploads\/2020\/06\/170-042-back-768x768.jpg 768w, https:\/\/www.companhiaatlantica.pt\/wp-content\/uploads\/2020\/06\/170-042-back-600x600.jpg 600w, https:\/\/www.companhiaatlantica.pt\/wp-content\/uploads\/2020\/06\/170-042-back.jpg 900w\" sizes=\"auto, (max-width: 700px) 100vw, 700px\" title=\"\"><img loading=\"lazy\" decoding=\"async\" width=\"700\" height=\"700\" src=\"https:\/\/www.companhiaatlantica.pt\/wp-content\/uploads\/2020\/06\/170-042-700x700.jpg\" class=\"attachment-woocommerce_thumbnail size-woocommerce_thumbnail\" alt=\"Einkaufstasche Baumwolle Algarve - Portugal\" srcset=\"https:\/\/www.companhiaatlantica.pt\/wp-content\/uploads\/2020\/06\/170-042-700x700.jpg 700w, https:\/\/www.companhiaatlantica.pt\/wp-content\/uploads\/2020\/06\/170-042-100x100.jpg 100w, https:\/\/www.companhiaatlantica.pt\/wp-content\/uploads\/2020\/06\/170-042-400x400.jpg 400w, https:\/\/www.companhiaatlantica.pt\/wp-content\/uploads\/2020\/06\/170-042-350x350.jpg 350w, https:\/\/www.companhiaatlantica.pt\/wp-content\/uploads\/2020\/06\/170-042-768x768.jpg 768w, https:\/\/www.companhiaatlantica.pt\/wp-content\/uploads\/2020\/06\/170-042-600x600.jpg 600w, https:\/\/www.companhiaatlantica.pt\/wp-content\/uploads\/2020\/06\/170-042.jpg 900w\" sizes=\"auto, (max-width: 700px) 100vw, 700px\" title=\"\">\t\t\t\t\t\t\t\t\t<\/a>\n\t\t\t\t\t\t\t\t\t\t\t\t\t\t\t\t\t\t \t\t\t\t\t\t\t\t<\/div>\n\t\t\t\t\t\t\t\t<div class=\"image-tools top right show-on-hover\">\n\t\t\t\t\t\t\t\t\t\t\t<div class=\"wishlist-icon\">\n\t\t\t<button class=\"wishlist-button button is-outline circle icon\" aria-label=\"Wunschliste\">\n\t\t\t\t<i class=\"icon-heart\" aria-hidden=\"true\"><\/i>\t\t\t<\/button>\n\t\t\t<div class=\"wishlist-popup dark\">\n\t\t\t\t\n<div\n\tclass=\"yith-wcwl-add-to-wishlist add-to-wishlist-42151 yith-wcwl-add-to-wishlist--button_default-style wishlist-fragment on-first-load\"\n\tdata-fragment-ref=\"42151\"\n\tdata-fragment-options=\"{&quot;base_url&quot;:&quot;&quot;,&quot;product_id&quot;:42151,&quot;parent_product_id&quot;:0,&quot;product_type&quot;:&quot;simple&quot;,&quot;is_single&quot;:false,&quot;in_default_wishlist&quot;:false,&quot;show_view&quot;:false,&quot;browse_wishlist_text&quot;:&quot;Siehe Ihre Wunschliste!&quot;,&quot;already_in_wishslist_text&quot;:&quot;Dieses Produkt steht bereits auf Ihrem Wunschzettel!&quot;,&quot;product_added_text&quot;:&quot;Produto adicionado!&quot;,&quot;available_multi_wishlist&quot;:false,&quot;disable_wishlist&quot;:false,&quot;show_count&quot;:false,&quot;ajax_loading&quot;:false,&quot;loop_position&quot;:&quot;after_add_to_cart&quot;,&quot;item&quot;:&quot;add_to_wishlist&quot;}\"\n>\n\t\t\t\n\t\t\t<!-- ADD TO WISHLIST -->\n\t\t\t\n<div class=\"yith-wcwl-add-button\">\n\t\t<a\n\t\thref=\"?add_to_wishlist=42151&#038;_wpnonce=52d31225f0\"\n\t\tclass=\"add_to_wishlist single_add_to_wishlist alt button theme-button-style \"\n\t\tdata-product-id=\"42151\"\n\t\tdata-product-type=\"simple\"\n\t\tdata-original-product-id=\"0\"\n\t\tdata-title=\"Zu meiner Wunschliste hinzuf\u00fcgen\"\n\t\trel=\"nofollow\"\n\t>\n\t\t<svg id=\"yith-wcwl-icon-heart-outline\" class=\"yith-wcwl-icon-svg\" fill=\"none\" stroke-width=\"1.5\" stroke=\"currentColor\" viewBox=\"0 0 24 24\" xmlns=\"http:\/\/www.w3.org\/2000\/svg\">\n  <path stroke-linecap=\"round\" stroke-linejoin=\"round\" d=\"M21 8.25c0-2.485-2.099-4.5-4.688-4.5-1.935 0-3.597 1.126-4.312 2.733-.715-1.607-2.377-2.733-4.313-2.733C5.1 3.75 3 5.765 3 8.25c0 7.22 9 12 9 12s9-4.78 9-12Z\"><\/path>\n<\/svg>\t\t<span>Zu meiner Wunschliste hinzuf\u00fcgen<\/span>\n\t<\/a>\n<\/div>\n\n\t\t\t<!-- COUNT TEXT -->\n\t\t\t\n\t\t\t<\/div>\n\t\t\t<\/div>\n\t\t<\/div>\n\t\t\t\t\t\t\t\t\t\t<\/div>\n\t\t\t\t\t\t\t\t\t\t\t\t\t\t\t\t\t<div class=\"image-tools grid-tools text-center hide-for-small bottom hover-slide-in show-on-hover\">\n\t\t\t\t\t\t\t\t\t\t\t\t\t\t\t\t\t\t\t<\/div>\n\t\t\t\t\t\t\t\t\t\t\t\t\t\t\t\t\t\t\t\t\t\t\t<\/div>\n\n\t\t\t\t\t\t\t<div class=\"box-text text-center\" >\n\t\t\t\t\t\t\t\t<div class=\"title-wrapper\"><p class=\"name product-title woocommerce-loop-product__title\"><a href=\"https:\/\/www.companhiaatlantica.pt\/de\/produto\/portugiesisches-leben\/modeartikel\/einkaufstaschen-aus-baumwolle\/einkaufstasche-baumwolle-algarve\" class=\"woocommerce-LoopProduct-link woocommerce-loop-product__link\">Einkaufstasche Baumwolle Algarve &#8211; Portugal<\/a><\/p><\/div><div class=\"price-wrapper\">\n\t<span class=\"price\"><span class=\"woocommerce-Price-amount amount\"><bdi>22.00<span class=\"woocommerce-Price-currencySymbol\">&euro;<\/span><\/bdi><\/span><\/span>\n<\/div><div class=\"add-to-cart-button\"><a href=\"\/de\/wp-json\/wp\/v2\/pages\/66644?add-to-cart=42151\" aria-describedby=\"woocommerce_loop_add_to_cart_link_describedby_42151\" data-quantity=\"1\" class=\"primary is-small mb-0 button product_type_simple add_to_cart_button ajax_add_to_cart is-outline\" data-product_id=\"42151\" data-product_sku=\"170-042\" aria-label=\"In den Warenkorb legen: \u201eEinkaufstasche Baumwolle Algarve - Portugal\u201c\" rel=\"nofollow\" data-success_message=\"\u201eEinkaufstasche Baumwolle Algarve - Portugal\u201c wurde deinem Warenkorb hinzugef\u00fcgt\" data-product_name=\"Einkaufstasche Baumwolle Algarve - Portugal\" data-product_image=\"https:\/\/www.companhiaatlantica.pt\/wp-content\/uploads\/2020\/06\/170-042-350x350.jpg\" role=\"button\">In den Warenkorb<\/a><\/div>\t<span id=\"woocommerce_loop_add_to_cart_link_describedby_42151\" class=\"screen-reader-text\">\n\t\t\t<\/span>\n\t\t\t\t\t\t\t<\/div>\n\t\t\t\t\t\t<\/div>\n\t\t\t\t\t\t<\/div>\n\t\t\t\t\t<\/div><div class=\"col\" >\n\t\t\t\t\t\t<div class=\"col-inner\">\n\t\t\t\t\t\t\n<div class=\"badge-container absolute left top z-1\">\n\n<\/div>\n\t\t\t\t\t\t<div class=\"product-small box has-hover box-push box-text-bottom\">\n\t\t\t\t\t\t\t<div class=\"box-image\" >\n\t\t\t\t\t\t\t\t<div class=\"\" >\n\t\t\t\t\t\t\t\t\t<a href=\"https:\/\/www.companhiaatlantica.pt\/de\/produto\/portugiesisches-leben\/haushaltsartikel\/glasuntersetzer\/pilates-basis-becher-9cm-2-teilig\" aria-label=\"PILATOS Untersetzer - 2er-Set\">\n\t\t\t\t\t\t\t\t\t\t<img loading=\"lazy\" decoding=\"async\" width=\"700\" height=\"700\" src=\"https:\/\/www.companhiaatlantica.pt\/wp-content\/uploads\/2022\/04\/130-490_a-700x700.jpg\" class=\"show-on-hover absolute fill hide-for-small back-image\" alt=\"Alternative view of PILATOS Untersetzer - 2er-Set\" aria-hidden=\"true\" srcset=\"https:\/\/www.companhiaatlantica.pt\/wp-content\/uploads\/2022\/04\/130-490_a-700x700.jpg 700w, https:\/\/www.companhiaatlantica.pt\/wp-content\/uploads\/2022\/04\/130-490_a-100x100.jpg 100w, https:\/\/www.companhiaatlantica.pt\/wp-content\/uploads\/2022\/04\/130-490_a-600x600.jpg 600w, https:\/\/www.companhiaatlantica.pt\/wp-content\/uploads\/2022\/04\/130-490_a-300x300.jpg 300w, https:\/\/www.companhiaatlantica.pt\/wp-content\/uploads\/2022\/04\/130-490_a-150x150.jpg 150w, https:\/\/www.companhiaatlantica.pt\/wp-content\/uploads\/2022\/04\/130-490_a-768x768.jpg 768w, https:\/\/www.companhiaatlantica.pt\/wp-content\/uploads\/2022\/04\/130-490_a.jpg 812w\" sizes=\"auto, (max-width: 700px) 100vw, 700px\" title=\"\"><img loading=\"lazy\" decoding=\"async\" width=\"700\" height=\"700\" src=\"https:\/\/www.companhiaatlantica.pt\/wp-content\/uploads\/2022\/05\/130-896_c-700x700.jpg\" class=\"attachment-woocommerce_thumbnail size-woocommerce_thumbnail\" alt=\"PILATOS Untersetzer - 2er-Set\" srcset=\"https:\/\/www.companhiaatlantica.pt\/wp-content\/uploads\/2022\/05\/130-896_c-700x700.jpg 700w, https:\/\/www.companhiaatlantica.pt\/wp-content\/uploads\/2022\/05\/130-896_c-100x100.jpg 100w, https:\/\/www.companhiaatlantica.pt\/wp-content\/uploads\/2022\/05\/130-896_c-900x900.jpg 900w, https:\/\/www.companhiaatlantica.pt\/wp-content\/uploads\/2022\/05\/130-896_c-300x300.jpg 300w, https:\/\/www.companhiaatlantica.pt\/wp-content\/uploads\/2022\/05\/130-896_c-150x150.jpg 150w, https:\/\/www.companhiaatlantica.pt\/wp-content\/uploads\/2022\/05\/130-896_c-768x768.jpg 768w, https:\/\/www.companhiaatlantica.pt\/wp-content\/uploads\/2022\/05\/130-896_c-600x600.jpg 600w, https:\/\/www.companhiaatlantica.pt\/wp-content\/uploads\/2022\/05\/130-896_c.jpg 1000w\" sizes=\"auto, (max-width: 700px) 100vw, 700px\" title=\"\">\t\t\t\t\t\t\t\t\t<\/a>\n\t\t\t\t\t\t\t\t\t\t\t\t\t\t\t\t\t\t \t\t\t\t\t\t\t\t<\/div>\n\t\t\t\t\t\t\t\t<div class=\"image-tools top right show-on-hover\">\n\t\t\t\t\t\t\t\t\t\t\t<div class=\"wishlist-icon\">\n\t\t\t<button class=\"wishlist-button button is-outline circle icon\" aria-label=\"Wunschliste\">\n\t\t\t\t<i class=\"icon-heart\" aria-hidden=\"true\"><\/i>\t\t\t<\/button>\n\t\t\t<div class=\"wishlist-popup dark\">\n\t\t\t\t\n<div\n\tclass=\"yith-wcwl-add-to-wishlist add-to-wishlist-41083 yith-wcwl-add-to-wishlist--button_default-style wishlist-fragment on-first-load\"\n\tdata-fragment-ref=\"41083\"\n\tdata-fragment-options=\"{&quot;base_url&quot;:&quot;&quot;,&quot;product_id&quot;:41083,&quot;parent_product_id&quot;:0,&quot;product_type&quot;:&quot;variable&quot;,&quot;is_single&quot;:false,&quot;in_default_wishlist&quot;:false,&quot;show_view&quot;:false,&quot;browse_wishlist_text&quot;:&quot;Siehe Ihre Wunschliste!&quot;,&quot;already_in_wishslist_text&quot;:&quot;Dieses Produkt steht bereits auf Ihrem Wunschzettel!&quot;,&quot;product_added_text&quot;:&quot;Produto adicionado!&quot;,&quot;available_multi_wishlist&quot;:false,&quot;disable_wishlist&quot;:false,&quot;show_count&quot;:false,&quot;ajax_loading&quot;:false,&quot;loop_position&quot;:&quot;after_add_to_cart&quot;,&quot;item&quot;:&quot;add_to_wishlist&quot;}\"\n>\n\t\t\t\n\t\t\t<!-- ADD TO WISHLIST -->\n\t\t\t\n<div class=\"yith-wcwl-add-button\">\n\t\t<a\n\t\thref=\"?add_to_wishlist=41083&#038;_wpnonce=52d31225f0\"\n\t\tclass=\"add_to_wishlist single_add_to_wishlist alt button theme-button-style \"\n\t\tdata-product-id=\"41083\"\n\t\tdata-product-type=\"variable\"\n\t\tdata-original-product-id=\"0\"\n\t\tdata-title=\"Zu meiner Wunschliste hinzuf\u00fcgen\"\n\t\trel=\"nofollow\"\n\t>\n\t\t<svg id=\"yith-wcwl-icon-heart-outline\" class=\"yith-wcwl-icon-svg\" fill=\"none\" stroke-width=\"1.5\" stroke=\"currentColor\" viewBox=\"0 0 24 24\" xmlns=\"http:\/\/www.w3.org\/2000\/svg\">\n  <path stroke-linecap=\"round\" stroke-linejoin=\"round\" d=\"M21 8.25c0-2.485-2.099-4.5-4.688-4.5-1.935 0-3.597 1.126-4.312 2.733-.715-1.607-2.377-2.733-4.313-2.733C5.1 3.75 3 5.765 3 8.25c0 7.22 9 12 9 12s9-4.78 9-12Z\"><\/path>\n<\/svg>\t\t<span>Zu meiner Wunschliste hinzuf\u00fcgen<\/span>\n\t<\/a>\n<\/div>\n\n\t\t\t<!-- COUNT TEXT -->\n\t\t\t\n\t\t\t<\/div>\n\t\t\t<\/div>\n\t\t<\/div>\n\t\t\t\t\t\t\t\t\t\t<\/div>\n\t\t\t\t\t\t\t\t\t\t\t\t\t\t\t\t\t<div class=\"image-tools grid-tools text-center hide-for-small bottom hover-slide-in show-on-hover\">\n\t\t\t\t\t\t\t\t\t\t\t\t\t\t\t\t\t\t\t<\/div>\n\t\t\t\t\t\t\t\t\t\t\t\t\t\t\t\t\t\t\t\t\t\t\t<\/div>\n\n\t\t\t\t\t\t\t<div class=\"box-text text-center\" >\n\t\t\t\t\t\t\t\t<div class=\"title-wrapper\"><p class=\"name product-title woocommerce-loop-product__title\"><a href=\"https:\/\/www.companhiaatlantica.pt\/de\/produto\/portugiesisches-leben\/haushaltsartikel\/glasuntersetzer\/pilates-basis-becher-9cm-2-teilig\" class=\"woocommerce-LoopProduct-link woocommerce-loop-product__link\">PILATOS Untersetzer &#8211; 2er-Set<\/a><\/p><\/div><div class=\"price-wrapper\">\n\t<span class=\"price\"><span class=\"woocommerce-Price-amount amount\"><bdi>18.50<span class=\"woocommerce-Price-currencySymbol\">&euro;<\/span><\/bdi><\/span><\/span>\n<\/div><div class=\"add-to-cart-button\"><a href=\"https:\/\/www.companhiaatlantica.pt\/de\/produto\/portugiesisches-leben\/haushaltsartikel\/glasuntersetzer\/pilates-basis-becher-9cm-2-teilig\" aria-describedby=\"woocommerce_loop_add_to_cart_link_describedby_41083\" data-quantity=\"1\" class=\"primary is-small mb-0 button product_type_variable add_to_cart_button is-outline\" data-product_id=\"41083\" data-product_sku=\"\" aria-label=\"W\u00e4hle Optionen f\u00fcr \u201ePILATOS Untersetzer - 2er-Set\u201c\" rel=\"nofollow\" data-product_name=\"PILATOS Untersetzer - 2er-Set\" data-product_image=\"https:\/\/www.companhiaatlantica.pt\/wp-content\/uploads\/2022\/05\/130-896_c-150x150.jpg\">Ausf\u00fchrung w\u00e4hlen<\/a><\/div>\t<span id=\"woocommerce_loop_add_to_cart_link_describedby_41083\" class=\"screen-reader-text\">\n\t\tDieses Produkt weist mehrere Varianten auf. Die Optionen k\u00f6nnen auf der Produktseite gew\u00e4hlt werden\t<\/span>\n\t\t\t\t\t\t\t<\/div>\n\t\t\t\t\t\t<\/div>\n\t\t\t\t\t\t<\/div>\n\t\t\t\t\t<\/div><div class=\"col\" >\n\t\t\t\t\t\t<div class=\"col-inner\">\n\t\t\t\t\t\t\n<div class=\"badge-container absolute left top z-1\">\n\n<\/div>\n\t\t\t\t\t\t<div class=\"product-small box has-hover box-push box-text-bottom\">\n\t\t\t\t\t\t\t<div class=\"box-image\" >\n\t\t\t\t\t\t\t\t<div class=\"\" >\n\t\t\t\t\t\t\t\t\t<a href=\"https:\/\/www.companhiaatlantica.pt\/de\/produto\/portugiesisches-leben\/haushaltsartikel\/namorados-ofenhandschuh\" aria-label=\"NAMORADOS Ofenhandschuh\">\n\t\t\t\t\t\t\t\t\t\t<img loading=\"lazy\" decoding=\"async\" width=\"700\" height=\"700\" src=\"https:\/\/www.companhiaatlantica.pt\/wp-content\/uploads\/2022\/12\/23-700x700.jpg\" class=\"show-on-hover absolute fill hide-for-small back-image\" alt=\"Alternative view of NAMORADOS Ofenhandschuh\" aria-hidden=\"true\" srcset=\"https:\/\/www.companhiaatlantica.pt\/wp-content\/uploads\/2022\/12\/23-700x700.jpg 700w, https:\/\/www.companhiaatlantica.pt\/wp-content\/uploads\/2022\/12\/23-100x100.jpg 100w, https:\/\/www.companhiaatlantica.pt\/wp-content\/uploads\/2022\/12\/23-900x900.jpg 900w, https:\/\/www.companhiaatlantica.pt\/wp-content\/uploads\/2022\/12\/23-300x300.jpg 300w, https:\/\/www.companhiaatlantica.pt\/wp-content\/uploads\/2022\/12\/23-150x150.jpg 150w, https:\/\/www.companhiaatlantica.pt\/wp-content\/uploads\/2022\/12\/23-768x768.jpg 768w, https:\/\/www.companhiaatlantica.pt\/wp-content\/uploads\/2022\/12\/23-600x600.jpg 600w, https:\/\/www.companhiaatlantica.pt\/wp-content\/uploads\/2022\/12\/23.jpg 1000w\" sizes=\"auto, (max-width: 700px) 100vw, 700px\" title=\"\"><img loading=\"lazy\" decoding=\"async\" width=\"700\" height=\"700\" src=\"https:\/\/www.companhiaatlantica.pt\/wp-content\/uploads\/2022\/06\/170-202-700x700.jpg\" class=\"attachment-woocommerce_thumbnail size-woocommerce_thumbnail\" alt=\"NAMORADOS Ofenhandschuh\" srcset=\"https:\/\/www.companhiaatlantica.pt\/wp-content\/uploads\/2022\/06\/170-202-700x700.jpg 700w, https:\/\/www.companhiaatlantica.pt\/wp-content\/uploads\/2022\/06\/170-202-100x100.jpg 100w, https:\/\/www.companhiaatlantica.pt\/wp-content\/uploads\/2022\/06\/170-202-900x900.jpg 900w, https:\/\/www.companhiaatlantica.pt\/wp-content\/uploads\/2022\/06\/170-202-300x300.jpg 300w, https:\/\/www.companhiaatlantica.pt\/wp-content\/uploads\/2022\/06\/170-202-150x150.jpg 150w, https:\/\/www.companhiaatlantica.pt\/wp-content\/uploads\/2022\/06\/170-202-768x768.jpg 768w, https:\/\/www.companhiaatlantica.pt\/wp-content\/uploads\/2022\/06\/170-202-600x600.jpg 600w, https:\/\/www.companhiaatlantica.pt\/wp-content\/uploads\/2022\/06\/170-202.jpg 1000w\" sizes=\"auto, (max-width: 700px) 100vw, 700px\" title=\"\">\t\t\t\t\t\t\t\t\t<\/a>\n\t\t\t\t\t\t\t\t\t\t\t\t\t\t\t\t\t\t \t\t\t\t\t\t\t\t<\/div>\n\t\t\t\t\t\t\t\t<div class=\"image-tools top right show-on-hover\">\n\t\t\t\t\t\t\t\t\t\t\t<div class=\"wishlist-icon\">\n\t\t\t<button class=\"wishlist-button button is-outline circle icon\" aria-label=\"Wunschliste\">\n\t\t\t\t<i class=\"icon-heart\" aria-hidden=\"true\"><\/i>\t\t\t<\/button>\n\t\t\t<div class=\"wishlist-popup dark\">\n\t\t\t\t\n<div\n\tclass=\"yith-wcwl-add-to-wishlist add-to-wishlist-40842 yith-wcwl-add-to-wishlist--button_default-style wishlist-fragment on-first-load\"\n\tdata-fragment-ref=\"40842\"\n\tdata-fragment-options=\"{&quot;base_url&quot;:&quot;&quot;,&quot;product_id&quot;:40842,&quot;parent_product_id&quot;:0,&quot;product_type&quot;:&quot;simple&quot;,&quot;is_single&quot;:false,&quot;in_default_wishlist&quot;:false,&quot;show_view&quot;:false,&quot;browse_wishlist_text&quot;:&quot;Siehe Ihre Wunschliste!&quot;,&quot;already_in_wishslist_text&quot;:&quot;Dieses Produkt steht bereits auf Ihrem Wunschzettel!&quot;,&quot;product_added_text&quot;:&quot;Produto adicionado!&quot;,&quot;available_multi_wishlist&quot;:false,&quot;disable_wishlist&quot;:false,&quot;show_count&quot;:false,&quot;ajax_loading&quot;:false,&quot;loop_position&quot;:&quot;after_add_to_cart&quot;,&quot;item&quot;:&quot;add_to_wishlist&quot;}\"\n>\n\t\t\t\n\t\t\t<!-- ADD TO WISHLIST -->\n\t\t\t\n<div class=\"yith-wcwl-add-button\">\n\t\t<a\n\t\thref=\"?add_to_wishlist=40842&#038;_wpnonce=52d31225f0\"\n\t\tclass=\"add_to_wishlist single_add_to_wishlist alt button theme-button-style \"\n\t\tdata-product-id=\"40842\"\n\t\tdata-product-type=\"simple\"\n\t\tdata-original-product-id=\"0\"\n\t\tdata-title=\"Zu meiner Wunschliste hinzuf\u00fcgen\"\n\t\trel=\"nofollow\"\n\t>\n\t\t<svg id=\"yith-wcwl-icon-heart-outline\" class=\"yith-wcwl-icon-svg\" fill=\"none\" stroke-width=\"1.5\" stroke=\"currentColor\" viewBox=\"0 0 24 24\" xmlns=\"http:\/\/www.w3.org\/2000\/svg\">\n  <path stroke-linecap=\"round\" stroke-linejoin=\"round\" d=\"M21 8.25c0-2.485-2.099-4.5-4.688-4.5-1.935 0-3.597 1.126-4.312 2.733-.715-1.607-2.377-2.733-4.313-2.733C5.1 3.75 3 5.765 3 8.25c0 7.22 9 12 9 12s9-4.78 9-12Z\"><\/path>\n<\/svg>\t\t<span>Zu meiner Wunschliste hinzuf\u00fcgen<\/span>\n\t<\/a>\n<\/div>\n\n\t\t\t<!-- COUNT TEXT -->\n\t\t\t\n\t\t\t<\/div>\n\t\t\t<\/div>\n\t\t<\/div>\n\t\t\t\t\t\t\t\t\t\t<\/div>\n\t\t\t\t\t\t\t\t\t\t\t\t\t\t\t\t\t<div class=\"image-tools grid-tools text-center hide-for-small bottom hover-slide-in show-on-hover\">\n\t\t\t\t\t\t\t\t\t\t\t\t\t\t\t\t\t\t\t<\/div>\n\t\t\t\t\t\t\t\t\t\t\t\t\t\t\t\t\t\t\t\t\t\t\t<\/div>\n\n\t\t\t\t\t\t\t<div class=\"box-text text-center\" >\n\t\t\t\t\t\t\t\t<div class=\"title-wrapper\"><p class=\"name product-title woocommerce-loop-product__title\"><a href=\"https:\/\/www.companhiaatlantica.pt\/de\/produto\/portugiesisches-leben\/haushaltsartikel\/namorados-ofenhandschuh\" class=\"woocommerce-LoopProduct-link woocommerce-loop-product__link\">NAMORADOS Ofenhandschuh<\/a><\/p><\/div><div class=\"price-wrapper\">\n\t<span class=\"price\"><span class=\"woocommerce-Price-amount amount\"><bdi>16.90<span class=\"woocommerce-Price-currencySymbol\">&euro;<\/span><\/bdi><\/span><\/span>\n<\/div><div class=\"add-to-cart-button\"><a href=\"\/de\/wp-json\/wp\/v2\/pages\/66644?add-to-cart=40842\" aria-describedby=\"woocommerce_loop_add_to_cart_link_describedby_40842\" data-quantity=\"1\" class=\"primary is-small mb-0 button product_type_simple add_to_cart_button ajax_add_to_cart is-outline\" data-product_id=\"40842\" data-product_sku=\"170-202\" aria-label=\"In den Warenkorb legen: \u201eNAMORADOS Ofenhandschuh\u201c\" rel=\"nofollow\" data-success_message=\"\u201eNAMORADOS Ofenhandschuh\u201c wurde deinem Warenkorb hinzugef\u00fcgt\" data-product_name=\"NAMORADOS Ofenhandschuh\" data-product_image=\"https:\/\/www.companhiaatlantica.pt\/wp-content\/uploads\/2022\/06\/170-202-150x150.jpg\" role=\"button\">In den Warenkorb<\/a><\/div>\t<span id=\"woocommerce_loop_add_to_cart_link_describedby_40842\" class=\"screen-reader-text\">\n\t\t\t<\/span>\n\t\t\t\t\t\t\t<\/div>\n\t\t\t\t\t\t<\/div>\n\t\t\t\t\t\t<\/div>\n\t\t\t\t\t<\/div><div class=\"col\" >\n\t\t\t\t\t\t<div class=\"col-inner\">\n\t\t\t\t\t\t\n<div class=\"badge-container absolute left top z-1\">\n<div class=\"badge callout badge-circle\">\r\n  \t\t\t<div class=\"badge-inner secondary on-sale\">\r\n  \t\t\t\t<span class=\"onsale\">-59%<\/span>\r\n\t\t\t<\/div>\r\n\t\t<\/div>\r\n\t\t<div class=\"badge callout badge-circle\">\r\n\t\t\t<div class=\"badge-inner callout-new-bg is-small new-bubble\">1 pc<\/div>\r\n\t\t<\/div>\n<div class=\"badge callout badge-circle\"><div class=\"badge-inner callout-new-bg is-small new-bubble\">1 pc<\/div><\/div><\/div>\n\t\t\t\t\t\t<div class=\"product-small box has-hover box-push box-text-bottom\">\n\t\t\t\t\t\t\t<div class=\"box-image\" >\n\t\t\t\t\t\t\t\t<div class=\"\" >\n\t\t\t\t\t\t\t\t\t<a href=\"https:\/\/www.companhiaatlantica.pt\/de\/produto\/portugiesisches-leben\/modeartikel\/tucher\/schal-kaiser-modal-viscose\" aria-label=\"Schal Kaiser Modal\/Viscose\">\n\t\t\t\t\t\t\t\t\t\t<img loading=\"lazy\" decoding=\"async\" width=\"700\" height=\"700\" src=\"https:\/\/www.companhiaatlantica.pt\/wp-content\/uploads\/2024\/09\/170-024-tkm-700x700.gif\" class=\"show-on-hover absolute fill hide-for-small back-image\" alt=\"Alternative view of Schal Kaiser Modal\/Viscose\" aria-hidden=\"true\" srcset=\"https:\/\/www.companhiaatlantica.pt\/wp-content\/uploads\/2024\/09\/170-024-tkm-700x700.gif 700w, https:\/\/www.companhiaatlantica.pt\/wp-content\/uploads\/2024\/09\/170-024-tkm-100x100.gif 100w, https:\/\/www.companhiaatlantica.pt\/wp-content\/uploads\/2024\/09\/170-024-tkm-900x900.gif 900w, https:\/\/www.companhiaatlantica.pt\/wp-content\/uploads\/2024\/09\/170-024-tkm-400x400.gif 400w, https:\/\/www.companhiaatlantica.pt\/wp-content\/uploads\/2024\/09\/170-024-tkm-350x350.gif 350w, https:\/\/www.companhiaatlantica.pt\/wp-content\/uploads\/2024\/09\/170-024-tkm-768x768.gif 768w\" sizes=\"auto, (max-width: 700px) 100vw, 700px\" title=\"\"><img loading=\"lazy\" decoding=\"async\" width=\"700\" height=\"700\" src=\"https:\/\/www.companhiaatlantica.pt\/wp-content\/uploads\/2024\/09\/170-311-a-700x700.jpg\" class=\"attachment-woocommerce_thumbnail size-woocommerce_thumbnail\" alt=\"Schal Kaiser Modal\/Viscose\" srcset=\"https:\/\/www.companhiaatlantica.pt\/wp-content\/uploads\/2024\/09\/170-311-a-700x700.jpg 700w, https:\/\/www.companhiaatlantica.pt\/wp-content\/uploads\/2024\/09\/170-311-a-100x100.jpg 100w, https:\/\/www.companhiaatlantica.pt\/wp-content\/uploads\/2024\/09\/170-311-a-900x900.jpg 900w, https:\/\/www.companhiaatlantica.pt\/wp-content\/uploads\/2024\/09\/170-311-a-400x400.jpg 400w, https:\/\/www.companhiaatlantica.pt\/wp-content\/uploads\/2024\/09\/170-311-a-350x350.jpg 350w, https:\/\/www.companhiaatlantica.pt\/wp-content\/uploads\/2024\/09\/170-311-a-768x768.jpg 768w, https:\/\/www.companhiaatlantica.pt\/wp-content\/uploads\/2024\/09\/170-311-a.jpg 1000w\" sizes=\"auto, (max-width: 700px) 100vw, 700px\" title=\"\">\t\t\t\t\t\t\t\t\t<\/a>\n\t\t\t\t\t\t\t\t\t\t\t\t\t\t\t\t\t\t \t\t\t\t\t\t\t\t<\/div>\n\t\t\t\t\t\t\t\t<div class=\"image-tools top right show-on-hover\">\n\t\t\t\t\t\t\t\t\t\t\t<div class=\"wishlist-icon\">\n\t\t\t<button class=\"wishlist-button button is-outline circle icon\" aria-label=\"Wunschliste\">\n\t\t\t\t<i class=\"icon-heart\" aria-hidden=\"true\"><\/i>\t\t\t<\/button>\n\t\t\t<div class=\"wishlist-popup dark\">\n\t\t\t\t\n<div\n\tclass=\"yith-wcwl-add-to-wishlist add-to-wishlist-64422 yith-wcwl-add-to-wishlist--button_default-style wishlist-fragment on-first-load\"\n\tdata-fragment-ref=\"64422\"\n\tdata-fragment-options=\"{&quot;base_url&quot;:&quot;&quot;,&quot;product_id&quot;:64422,&quot;parent_product_id&quot;:0,&quot;product_type&quot;:&quot;simple&quot;,&quot;is_single&quot;:false,&quot;in_default_wishlist&quot;:false,&quot;show_view&quot;:false,&quot;browse_wishlist_text&quot;:&quot;Siehe Ihre Wunschliste!&quot;,&quot;already_in_wishslist_text&quot;:&quot;Dieses Produkt steht bereits auf Ihrem Wunschzettel!&quot;,&quot;product_added_text&quot;:&quot;Produto adicionado!&quot;,&quot;available_multi_wishlist&quot;:false,&quot;disable_wishlist&quot;:false,&quot;show_count&quot;:false,&quot;ajax_loading&quot;:false,&quot;loop_position&quot;:&quot;after_add_to_cart&quot;,&quot;item&quot;:&quot;add_to_wishlist&quot;}\"\n>\n\t\t\t\n\t\t\t<!-- ADD TO WISHLIST -->\n\t\t\t\n<div class=\"yith-wcwl-add-button\">\n\t\t<a\n\t\thref=\"?add_to_wishlist=64422&#038;_wpnonce=52d31225f0\"\n\t\tclass=\"add_to_wishlist single_add_to_wishlist alt button theme-button-style \"\n\t\tdata-product-id=\"64422\"\n\t\tdata-product-type=\"simple\"\n\t\tdata-original-product-id=\"0\"\n\t\tdata-title=\"Zu meiner Wunschliste hinzuf\u00fcgen\"\n\t\trel=\"nofollow\"\n\t>\n\t\t<svg id=\"yith-wcwl-icon-heart-outline\" class=\"yith-wcwl-icon-svg\" fill=\"none\" stroke-width=\"1.5\" stroke=\"currentColor\" viewBox=\"0 0 24 24\" xmlns=\"http:\/\/www.w3.org\/2000\/svg\">\n  <path stroke-linecap=\"round\" stroke-linejoin=\"round\" d=\"M21 8.25c0-2.485-2.099-4.5-4.688-4.5-1.935 0-3.597 1.126-4.312 2.733-.715-1.607-2.377-2.733-4.313-2.733C5.1 3.75 3 5.765 3 8.25c0 7.22 9 12 9 12s9-4.78 9-12Z\"><\/path>\n<\/svg>\t\t<span>Zu meiner Wunschliste hinzuf\u00fcgen<\/span>\n\t<\/a>\n<\/div>\n\n\t\t\t<!-- COUNT TEXT -->\n\t\t\t\n\t\t\t<\/div>\n\t\t\t<\/div>\n\t\t<\/div>\n\t\t\t\t\t\t\t\t\t\t<\/div>\n\t\t\t\t\t\t\t\t\t\t\t\t\t\t\t\t\t<div class=\"image-tools grid-tools text-center hide-for-small bottom hover-slide-in show-on-hover\">\n\t\t\t\t\t\t\t\t\t\t\t\t\t\t\t\t\t\t\t<\/div>\n\t\t\t\t\t\t\t\t\t\t\t\t\t\t\t\t\t\t\t\t\t\t\t<\/div>\n\n\t\t\t\t\t\t\t<div class=\"box-text text-center\" >\n\t\t\t\t\t\t\t\t<div class=\"title-wrapper\"><p class=\"name product-title woocommerce-loop-product__title\"><a href=\"https:\/\/www.companhiaatlantica.pt\/de\/produto\/portugiesisches-leben\/modeartikel\/tucher\/schal-kaiser-modal-viscose\" class=\"woocommerce-LoopProduct-link woocommerce-loop-product__link\">Schal Kaiser Modal\/Viscose<\/a><\/p><\/div><div class=\"price-wrapper\">\n\t<span class=\"price\"><del aria-hidden=\"true\"><span class=\"woocommerce-Price-amount amount\"><bdi>49.00<span class=\"woocommerce-Price-currencySymbol\">&euro;<\/span><\/bdi><\/span><\/del> <span class=\"screen-reader-text\">Urspr\u00fcnglicher Preis war: 49.00&euro;<\/span><ins aria-hidden=\"true\"><span class=\"woocommerce-Price-amount amount\"><bdi>19.90<span class=\"woocommerce-Price-currencySymbol\">&euro;<\/span><\/bdi><\/span><\/ins><span class=\"screen-reader-text\">Aktueller Preis ist: 19.90&euro;.<\/span><\/span>\n<\/div><div class=\"add-to-cart-button\"><a href=\"\/de\/wp-json\/wp\/v2\/pages\/66644?add-to-cart=64422\" aria-describedby=\"woocommerce_loop_add_to_cart_link_describedby_64422\" data-quantity=\"1\" class=\"primary is-small mb-0 button product_type_simple add_to_cart_button ajax_add_to_cart is-outline\" data-product_id=\"64422\" data-product_sku=\"170-311\" aria-label=\"In den Warenkorb legen: \u201eSchal Kaiser Modal\/Viscose\u201c\" rel=\"nofollow\" data-success_message=\"\u201eSchal Kaiser Modal\/Viscose\u201c wurde deinem Warenkorb hinzugef\u00fcgt\" data-product_name=\"Schal Kaiser Modal\/Viscose\" data-product_image=\"https:\/\/www.companhiaatlantica.pt\/wp-content\/uploads\/2024\/09\/170-311-a-350x350.jpg\" role=\"button\">In den Warenkorb<\/a><\/div>\t<span id=\"woocommerce_loop_add_to_cart_link_describedby_64422\" class=\"screen-reader-text\">\n\t\t\t<\/span>\n\t\t\t\t\t\t\t<\/div>\n\t\t\t\t\t\t<\/div>\n\t\t\t\t\t\t<\/div>\n\t\t\t\t\t<\/div><div class=\"col\" >\n\t\t\t\t\t\t<div class=\"col-inner\">\n\t\t\t\t\t\t\n<div class=\"badge-container absolute left top z-1\">\n\n<div class=\"badge callout badge-circle\"><div class=\"badge-inner callout-new-bg is-small new-bubble\">NEW<\/div><\/div><\/div>\n\t\t\t\t\t\t<div class=\"product-small box has-hover box-push box-text-bottom\">\n\t\t\t\t\t\t\t<div class=\"box-image\" >\n\t\t\t\t\t\t\t\t<div class=\"\" >\n\t\t\t\t\t\t\t\t\t<a href=\"https:\/\/www.companhiaatlantica.pt\/de\/produto\/portugiesisches-leben\/modeartikel\/brillenbox\/pop-brillenetui\" aria-label=\"Pop Brillenetui AZULEJO\">\n\t\t\t\t\t\t\t\t\t\t<img loading=\"lazy\" decoding=\"async\" width=\"700\" height=\"700\" src=\"https:\/\/www.companhiaatlantica.pt\/wp-content\/uploads\/2024\/08\/160-043--700x700.jpg\" class=\"show-on-hover absolute fill hide-for-small back-image\" alt=\"Alternative view of Pop Brillenetui AZULEJO\" aria-hidden=\"true\" srcset=\"https:\/\/www.companhiaatlantica.pt\/wp-content\/uploads\/2024\/08\/160-043--700x700.jpg 700w, https:\/\/www.companhiaatlantica.pt\/wp-content\/uploads\/2024\/08\/160-043--100x100.jpg 100w, https:\/\/www.companhiaatlantica.pt\/wp-content\/uploads\/2024\/08\/160-043--900x900.jpg 900w, https:\/\/www.companhiaatlantica.pt\/wp-content\/uploads\/2024\/08\/160-043--400x400.jpg 400w, https:\/\/www.companhiaatlantica.pt\/wp-content\/uploads\/2024\/08\/160-043--350x350.jpg 350w, https:\/\/www.companhiaatlantica.pt\/wp-content\/uploads\/2024\/08\/160-043--768x768.jpg 768w, https:\/\/www.companhiaatlantica.pt\/wp-content\/uploads\/2024\/08\/160-043-.jpg 1000w\" sizes=\"auto, (max-width: 700px) 100vw, 700px\" title=\"\"><img loading=\"lazy\" decoding=\"async\" width=\"700\" height=\"700\" src=\"https:\/\/www.companhiaatlantica.pt\/wp-content\/uploads\/2024\/04\/160-043-700x700.jpg\" class=\"attachment-woocommerce_thumbnail size-woocommerce_thumbnail\" alt=\"Pop Brillenetui AZULEJO\" srcset=\"https:\/\/www.companhiaatlantica.pt\/wp-content\/uploads\/2024\/04\/160-043-700x700.jpg 700w, https:\/\/www.companhiaatlantica.pt\/wp-content\/uploads\/2024\/04\/160-043-100x100.jpg 100w, https:\/\/www.companhiaatlantica.pt\/wp-content\/uploads\/2024\/04\/160-043-400x400.jpg 400w, https:\/\/www.companhiaatlantica.pt\/wp-content\/uploads\/2024\/04\/160-043-350x350.jpg 350w, https:\/\/www.companhiaatlantica.pt\/wp-content\/uploads\/2024\/04\/160-043-768x768.jpg 768w, https:\/\/www.companhiaatlantica.pt\/wp-content\/uploads\/2024\/04\/160-043-600x600.jpg 600w, https:\/\/www.companhiaatlantica.pt\/wp-content\/uploads\/2024\/04\/160-043.jpg 900w\" sizes=\"auto, (max-width: 700px) 100vw, 700px\" title=\"\">\t\t\t\t\t\t\t\t\t<\/a>\n\t\t\t\t\t\t\t\t\t\t\t\t\t\t\t\t\t\t \t\t\t\t\t\t\t\t<\/div>\n\t\t\t\t\t\t\t\t<div class=\"image-tools top right show-on-hover\">\n\t\t\t\t\t\t\t\t\t\t\t<div class=\"wishlist-icon\">\n\t\t\t<button class=\"wishlist-button button is-outline circle icon\" aria-label=\"Wunschliste\">\n\t\t\t\t<i class=\"icon-heart\" aria-hidden=\"true\"><\/i>\t\t\t<\/button>\n\t\t\t<div class=\"wishlist-popup dark\">\n\t\t\t\t\n<div\n\tclass=\"yith-wcwl-add-to-wishlist add-to-wishlist-58168 yith-wcwl-add-to-wishlist--button_default-style wishlist-fragment on-first-load\"\n\tdata-fragment-ref=\"58168\"\n\tdata-fragment-options=\"{&quot;base_url&quot;:&quot;&quot;,&quot;product_id&quot;:58168,&quot;parent_product_id&quot;:0,&quot;product_type&quot;:&quot;simple&quot;,&quot;is_single&quot;:false,&quot;in_default_wishlist&quot;:false,&quot;show_view&quot;:false,&quot;browse_wishlist_text&quot;:&quot;Siehe Ihre Wunschliste!&quot;,&quot;already_in_wishslist_text&quot;:&quot;Dieses Produkt steht bereits auf Ihrem Wunschzettel!&quot;,&quot;product_added_text&quot;:&quot;Produto adicionado!&quot;,&quot;available_multi_wishlist&quot;:false,&quot;disable_wishlist&quot;:false,&quot;show_count&quot;:false,&quot;ajax_loading&quot;:false,&quot;loop_position&quot;:&quot;after_add_to_cart&quot;,&quot;item&quot;:&quot;add_to_wishlist&quot;}\"\n>\n\t\t\t\n\t\t\t<!-- ADD TO WISHLIST -->\n\t\t\t\n<div class=\"yith-wcwl-add-button\">\n\t\t<a\n\t\thref=\"?add_to_wishlist=58168&#038;_wpnonce=52d31225f0\"\n\t\tclass=\"add_to_wishlist single_add_to_wishlist alt button theme-button-style \"\n\t\tdata-product-id=\"58168\"\n\t\tdata-product-type=\"simple\"\n\t\tdata-original-product-id=\"0\"\n\t\tdata-title=\"Zu meiner Wunschliste hinzuf\u00fcgen\"\n\t\trel=\"nofollow\"\n\t>\n\t\t<svg id=\"yith-wcwl-icon-heart-outline\" class=\"yith-wcwl-icon-svg\" fill=\"none\" stroke-width=\"1.5\" stroke=\"currentColor\" viewBox=\"0 0 24 24\" xmlns=\"http:\/\/www.w3.org\/2000\/svg\">\n  <path stroke-linecap=\"round\" stroke-linejoin=\"round\" d=\"M21 8.25c0-2.485-2.099-4.5-4.688-4.5-1.935 0-3.597 1.126-4.312 2.733-.715-1.607-2.377-2.733-4.313-2.733C5.1 3.75 3 5.765 3 8.25c0 7.22 9 12 9 12s9-4.78 9-12Z\"><\/path>\n<\/svg>\t\t<span>Zu meiner Wunschliste hinzuf\u00fcgen<\/span>\n\t<\/a>\n<\/div>\n\n\t\t\t<!-- COUNT TEXT -->\n\t\t\t\n\t\t\t<\/div>\n\t\t\t<\/div>\n\t\t<\/div>\n\t\t\t\t\t\t\t\t\t\t<\/div>\n\t\t\t\t\t\t\t\t\t\t\t\t\t\t\t\t\t<div class=\"image-tools grid-tools text-center hide-for-small bottom hover-slide-in show-on-hover\">\n\t\t\t\t\t\t\t\t\t\t\t\t\t\t\t\t\t\t\t<\/div>\n\t\t\t\t\t\t\t\t\t\t\t\t\t\t\t\t\t\t\t\t\t\t\t<\/div>\n\n\t\t\t\t\t\t\t<div class=\"box-text text-center\" >\n\t\t\t\t\t\t\t\t<div class=\"title-wrapper\"><p class=\"name product-title woocommerce-loop-product__title\"><a href=\"https:\/\/www.companhiaatlantica.pt\/de\/produto\/portugiesisches-leben\/modeartikel\/brillenbox\/pop-brillenetui\" class=\"woocommerce-LoopProduct-link woocommerce-loop-product__link\">Pop Brillenetui AZULEJO<\/a><\/p><\/div><div class=\"price-wrapper\">\n\t<span class=\"price\"><span class=\"woocommerce-Price-amount amount\"><bdi>11.00<span class=\"woocommerce-Price-currencySymbol\">&euro;<\/span><\/bdi><\/span><\/span>\n<\/div>\t<span id=\"woocommerce_loop_add_to_cart_link_describedby_58168\" class=\"screen-reader-text\">\n\t\t\t<\/span>\n\t\t\t\t\t\t\t<\/div>\n\t\t\t\t\t\t<\/div>\n\t\t\t\t\t\t<\/div>\n\t\t\t\t\t<\/div><div class=\"col\" >\n\t\t\t\t\t\t<div class=\"col-inner\">\n\t\t\t\t\t\t\n<div class=\"badge-container absolute left top z-1\">\n\n<\/div>\n\t\t\t\t\t\t<div class=\"product-small box has-hover box-push box-text-bottom\">\n\t\t\t\t\t\t\t<div class=\"box-image\" >\n\t\t\t\t\t\t\t\t<div class=\"\" >\n\t\t\t\t\t\t\t\t\t<a href=\"https:\/\/www.companhiaatlantica.pt\/de\/produto\/portugiesisches-leben\/portugal-zubehor\/stifthalter-aus-weisblech\/federmaeppchen-hunde-aus-porzellan\" aria-label=\"Federm\u00e4ppchen &quot;Hunde aus Porzellan&quot; PRADO\">\n\t\t\t\t\t\t\t\t\t\t<img loading=\"lazy\" decoding=\"async\" width=\"700\" height=\"700\" src=\"https:\/\/www.companhiaatlantica.pt\/wp-content\/uploads\/2021\/05\/150-005_a-1-700x700.jpg\" class=\"show-on-hover absolute fill hide-for-small back-image\" alt=\"Alternative view of Federm\u00e4ppchen &quot;Hunde aus Porzellan&quot; PRADO\" aria-hidden=\"true\" srcset=\"https:\/\/www.companhiaatlantica.pt\/wp-content\/uploads\/2021\/05\/150-005_a-1-700x700.jpg 700w, https:\/\/www.companhiaatlantica.pt\/wp-content\/uploads\/2021\/05\/150-005_a-1-100x100.jpg 100w, https:\/\/www.companhiaatlantica.pt\/wp-content\/uploads\/2021\/05\/150-005_a-1-900x899.jpg 900w, https:\/\/www.companhiaatlantica.pt\/wp-content\/uploads\/2021\/05\/150-005_a-1-300x300.jpg 300w, https:\/\/www.companhiaatlantica.pt\/wp-content\/uploads\/2021\/05\/150-005_a-1-1024x1024.jpg 1024w, https:\/\/www.companhiaatlantica.pt\/wp-content\/uploads\/2021\/05\/150-005_a-1-150x150.jpg 150w, https:\/\/www.companhiaatlantica.pt\/wp-content\/uploads\/2021\/05\/150-005_a-1-768x767.jpg 768w, https:\/\/www.companhiaatlantica.pt\/wp-content\/uploads\/2021\/05\/150-005_a-1-600x599.jpg 600w, https:\/\/www.companhiaatlantica.pt\/wp-content\/uploads\/2021\/05\/150-005_a-1.jpg 1065w\" sizes=\"auto, (max-width: 700px) 100vw, 700px\" title=\"\"><img loading=\"lazy\" decoding=\"async\" width=\"700\" height=\"700\" src=\"https:\/\/www.companhiaatlantica.pt\/wp-content\/uploads\/2021\/05\/150-005-1-700x700.jpg\" class=\"attachment-woocommerce_thumbnail size-woocommerce_thumbnail\" alt=\"Federm\u00e4ppchen &quot;Hunde aus Porzellan&quot; PRADO\" srcset=\"https:\/\/www.companhiaatlantica.pt\/wp-content\/uploads\/2021\/05\/150-005-1-700x700.jpg 700w, https:\/\/www.companhiaatlantica.pt\/wp-content\/uploads\/2021\/05\/150-005-1-100x100.jpg 100w, https:\/\/www.companhiaatlantica.pt\/wp-content\/uploads\/2021\/05\/150-005-1-900x899.jpg 900w, https:\/\/www.companhiaatlantica.pt\/wp-content\/uploads\/2021\/05\/150-005-1-300x300.jpg 300w, https:\/\/www.companhiaatlantica.pt\/wp-content\/uploads\/2021\/05\/150-005-1-1024x1024.jpg 1024w, https:\/\/www.companhiaatlantica.pt\/wp-content\/uploads\/2021\/05\/150-005-1-150x150.jpg 150w, https:\/\/www.companhiaatlantica.pt\/wp-content\/uploads\/2021\/05\/150-005-1-768x767.jpg 768w, https:\/\/www.companhiaatlantica.pt\/wp-content\/uploads\/2021\/05\/150-005-1-600x599.jpg 600w, https:\/\/www.companhiaatlantica.pt\/wp-content\/uploads\/2021\/05\/150-005-1.jpg 1065w\" sizes=\"auto, (max-width: 700px) 100vw, 700px\" title=\"\">\t\t\t\t\t\t\t\t\t<\/a>\n\t\t\t\t\t\t\t\t\t\t\t\t\t\t\t\t\t\t \t\t\t\t\t\t\t\t<\/div>\n\t\t\t\t\t\t\t\t<div class=\"image-tools top right show-on-hover\">\n\t\t\t\t\t\t\t\t\t\t\t<div class=\"wishlist-icon\">\n\t\t\t<button class=\"wishlist-button button is-outline circle icon\" aria-label=\"Wunschliste\">\n\t\t\t\t<i class=\"icon-heart\" aria-hidden=\"true\"><\/i>\t\t\t<\/button>\n\t\t\t<div class=\"wishlist-popup dark\">\n\t\t\t\t\n<div\n\tclass=\"yith-wcwl-add-to-wishlist add-to-wishlist-50903 yith-wcwl-add-to-wishlist--button_default-style wishlist-fragment on-first-load\"\n\tdata-fragment-ref=\"50903\"\n\tdata-fragment-options=\"{&quot;base_url&quot;:&quot;&quot;,&quot;product_id&quot;:50903,&quot;parent_product_id&quot;:0,&quot;product_type&quot;:&quot;simple&quot;,&quot;is_single&quot;:false,&quot;in_default_wishlist&quot;:false,&quot;show_view&quot;:false,&quot;browse_wishlist_text&quot;:&quot;Siehe Ihre Wunschliste!&quot;,&quot;already_in_wishslist_text&quot;:&quot;Dieses Produkt steht bereits auf Ihrem Wunschzettel!&quot;,&quot;product_added_text&quot;:&quot;Produto adicionado!&quot;,&quot;available_multi_wishlist&quot;:false,&quot;disable_wishlist&quot;:false,&quot;show_count&quot;:false,&quot;ajax_loading&quot;:false,&quot;loop_position&quot;:&quot;after_add_to_cart&quot;,&quot;item&quot;:&quot;add_to_wishlist&quot;}\"\n>\n\t\t\t\n\t\t\t<!-- ADD TO WISHLIST -->\n\t\t\t\n<div class=\"yith-wcwl-add-button\">\n\t\t<a\n\t\thref=\"?add_to_wishlist=50903&#038;_wpnonce=52d31225f0\"\n\t\tclass=\"add_to_wishlist single_add_to_wishlist alt button theme-button-style \"\n\t\tdata-product-id=\"50903\"\n\t\tdata-product-type=\"simple\"\n\t\tdata-original-product-id=\"0\"\n\t\tdata-title=\"Zu meiner Wunschliste hinzuf\u00fcgen\"\n\t\trel=\"nofollow\"\n\t>\n\t\t<svg id=\"yith-wcwl-icon-heart-outline\" class=\"yith-wcwl-icon-svg\" fill=\"none\" stroke-width=\"1.5\" stroke=\"currentColor\" viewBox=\"0 0 24 24\" xmlns=\"http:\/\/www.w3.org\/2000\/svg\">\n  <path stroke-linecap=\"round\" stroke-linejoin=\"round\" d=\"M21 8.25c0-2.485-2.099-4.5-4.688-4.5-1.935 0-3.597 1.126-4.312 2.733-.715-1.607-2.377-2.733-4.313-2.733C5.1 3.75 3 5.765 3 8.25c0 7.22 9 12 9 12s9-4.78 9-12Z\"><\/path>\n<\/svg>\t\t<span>Zu meiner Wunschliste hinzuf\u00fcgen<\/span>\n\t<\/a>\n<\/div>\n\n\t\t\t<!-- COUNT TEXT -->\n\t\t\t\n\t\t\t<\/div>\n\t\t\t<\/div>\n\t\t<\/div>\n\t\t\t\t\t\t\t\t\t\t<\/div>\n\t\t\t\t\t\t\t\t\t\t\t\t\t\t\t\t\t<div class=\"image-tools grid-tools text-center hide-for-small bottom hover-slide-in show-on-hover\">\n\t\t\t\t\t\t\t\t\t\t\t\t\t\t\t\t\t\t\t<\/div>\n\t\t\t\t\t\t\t\t\t\t\t\t\t\t\t\t\t\t\t\t\t\t\t<\/div>\n\n\t\t\t\t\t\t\t<div class=\"box-text text-center\" >\n\t\t\t\t\t\t\t\t<div class=\"title-wrapper\"><p class=\"name product-title woocommerce-loop-product__title\"><a href=\"https:\/\/www.companhiaatlantica.pt\/de\/produto\/portugiesisches-leben\/portugal-zubehor\/stifthalter-aus-weisblech\/federmaeppchen-hunde-aus-porzellan\" class=\"woocommerce-LoopProduct-link woocommerce-loop-product__link\">Federm\u00e4ppchen &#8220;Hunde aus Porzellan&#8221; PRADO<\/a><\/p><\/div><div class=\"price-wrapper\">\n\t<span class=\"price\"><span class=\"woocommerce-Price-amount amount\"><bdi>3.90<span class=\"woocommerce-Price-currencySymbol\">&euro;<\/span><\/bdi><\/span><\/span>\n<\/div><div class=\"add-to-cart-button\"><a href=\"\/de\/wp-json\/wp\/v2\/pages\/66644?add-to-cart=50903\" aria-describedby=\"woocommerce_loop_add_to_cart_link_describedby_50903\" data-quantity=\"1\" class=\"primary is-small mb-0 button product_type_simple add_to_cart_button ajax_add_to_cart is-outline\" data-product_id=\"50903\" data-product_sku=\"150-005\" aria-label=\"In den Warenkorb legen: \u201eFederm\u00e4ppchen &quot;Hunde aus Porzellan&quot; PRADO\u201c\" rel=\"nofollow\" data-success_message=\"\u201eFederm\u00e4ppchen &quot;Hunde aus Porzellan&quot; PRADO\u201c wurde deinem Warenkorb hinzugef\u00fcgt\" data-product_name=\"Federm\u00e4ppchen &quot;Hunde aus Porzellan&quot; PRADO\" data-product_image=\"https:\/\/www.companhiaatlantica.pt\/wp-content\/uploads\/2021\/05\/150-005-1-150x150.jpg\" role=\"button\">In den Warenkorb<\/a><\/div>\t<span id=\"woocommerce_loop_add_to_cart_link_describedby_50903\" class=\"screen-reader-text\">\n\t\t\t<\/span>\n\t\t\t\t\t\t\t<\/div>\n\t\t\t\t\t\t<\/div>\n\t\t\t\t\t\t<\/div>\n\t\t\t\t\t<\/div><div class=\"col\" >\n\t\t\t\t\t\t<div class=\"col-inner\">\n\t\t\t\t\t\t\n<div class=\"badge-container absolute left top z-1\">\n<div class=\"badge callout badge-circle\">\r\n  \t\t\t<div class=\"badge-inner secondary on-sale\">\r\n  \t\t\t\t<span class=\"onsale\">-5%<\/span>\r\n\t\t\t<\/div>\r\n\t\t<\/div>\r\n\t\t<div class=\"badge callout badge-circle\">\r\n\t\t\t<div class=\"badge-inner callout-new-bg is-small new-bubble\">3 pcs<\/div>\r\n\t\t<\/div>\n<div class=\"badge callout badge-circle\"><div class=\"badge-inner callout-new-bg is-small new-bubble\">3 pcs<\/div><\/div><\/div>\n\t\t\t\t\t\t<div class=\"product-small box has-hover box-push box-text-bottom\">\n\t\t\t\t\t\t\t<div class=\"box-image\" >\n\t\t\t\t\t\t\t\t<div class=\"\" >\n\t\t\t\t\t\t\t\t\t<a href=\"https:\/\/www.companhiaatlantica.pt\/de\/produto\/gift-pack\/geschenkpaket\/pack-avental-handschuhe-individuell\" aria-label=\"AZULEJO K\u00fcche Pack - Sch\u00fcrze + Handschuh + Individuen\">\n\t\t\t\t\t\t\t\t\t\t<img loading=\"lazy\" decoding=\"async\" width=\"700\" height=\"700\" src=\"https:\/\/www.companhiaatlantica.pt\/wp-content\/uploads\/2022\/12\/22-700x700.jpg\" class=\"show-on-hover absolute fill hide-for-small back-image\" alt=\"Alternative view of AZULEJO K\u00fcche Pack - Sch\u00fcrze + Handschuh + Individuen\" aria-hidden=\"true\" srcset=\"https:\/\/www.companhiaatlantica.pt\/wp-content\/uploads\/2022\/12\/22-700x700.jpg 700w, https:\/\/www.companhiaatlantica.pt\/wp-content\/uploads\/2022\/12\/22-100x100.jpg 100w, https:\/\/www.companhiaatlantica.pt\/wp-content\/uploads\/2022\/12\/22-900x900.jpg 900w, https:\/\/www.companhiaatlantica.pt\/wp-content\/uploads\/2022\/12\/22-300x300.jpg 300w, https:\/\/www.companhiaatlantica.pt\/wp-content\/uploads\/2022\/12\/22-150x150.jpg 150w, https:\/\/www.companhiaatlantica.pt\/wp-content\/uploads\/2022\/12\/22-768x768.jpg 768w, https:\/\/www.companhiaatlantica.pt\/wp-content\/uploads\/2022\/12\/22-600x600.jpg 600w, https:\/\/www.companhiaatlantica.pt\/wp-content\/uploads\/2022\/12\/22.jpg 1000w\" sizes=\"auto, (max-width: 700px) 100vw, 700px\" title=\"\"><img loading=\"lazy\" decoding=\"async\" width=\"700\" height=\"700\" src=\"https:\/\/www.companhiaatlantica.pt\/wp-content\/uploads\/2022\/12\/21-700x700.jpg\" class=\"attachment-woocommerce_thumbnail size-woocommerce_thumbnail\" alt=\"AZULEJO K\u00fcche Pack - Sch\u00fcrze + Handschuh + Individuen\" srcset=\"https:\/\/www.companhiaatlantica.pt\/wp-content\/uploads\/2022\/12\/21-700x700.jpg 700w, https:\/\/www.companhiaatlantica.pt\/wp-content\/uploads\/2022\/12\/21-100x100.jpg 100w, https:\/\/www.companhiaatlantica.pt\/wp-content\/uploads\/2022\/12\/21-900x900.jpg 900w, https:\/\/www.companhiaatlantica.pt\/wp-content\/uploads\/2022\/12\/21-300x300.jpg 300w, https:\/\/www.companhiaatlantica.pt\/wp-content\/uploads\/2022\/12\/21-150x150.jpg 150w, https:\/\/www.companhiaatlantica.pt\/wp-content\/uploads\/2022\/12\/21-768x768.jpg 768w, https:\/\/www.companhiaatlantica.pt\/wp-content\/uploads\/2022\/12\/21-600x600.jpg 600w, https:\/\/www.companhiaatlantica.pt\/wp-content\/uploads\/2022\/12\/21.jpg 1000w\" sizes=\"auto, (max-width: 700px) 100vw, 700px\" title=\"\">\t\t\t\t\t\t\t\t\t<\/a>\n\t\t\t\t\t\t\t\t\t\t\t\t\t\t\t\t\t\t \t\t\t\t\t\t\t\t<\/div>\n\t\t\t\t\t\t\t\t<div class=\"image-tools top right show-on-hover\">\n\t\t\t\t\t\t\t\t\t\t\t<div class=\"wishlist-icon\">\n\t\t\t<button class=\"wishlist-button button is-outline circle icon\" aria-label=\"Wunschliste\">\n\t\t\t\t<i class=\"icon-heart\" aria-hidden=\"true\"><\/i>\t\t\t<\/button>\n\t\t\t<div class=\"wishlist-popup dark\">\n\t\t\t\t\n<div\n\tclass=\"yith-wcwl-add-to-wishlist add-to-wishlist-40838 yith-wcwl-add-to-wishlist--button_default-style wishlist-fragment on-first-load\"\n\tdata-fragment-ref=\"40838\"\n\tdata-fragment-options=\"{&quot;base_url&quot;:&quot;&quot;,&quot;product_id&quot;:40838,&quot;parent_product_id&quot;:0,&quot;product_type&quot;:&quot;variable&quot;,&quot;is_single&quot;:false,&quot;in_default_wishlist&quot;:false,&quot;show_view&quot;:false,&quot;browse_wishlist_text&quot;:&quot;Siehe Ihre Wunschliste!&quot;,&quot;already_in_wishslist_text&quot;:&quot;Dieses Produkt steht bereits auf Ihrem Wunschzettel!&quot;,&quot;product_added_text&quot;:&quot;Produto adicionado!&quot;,&quot;available_multi_wishlist&quot;:false,&quot;disable_wishlist&quot;:false,&quot;show_count&quot;:false,&quot;ajax_loading&quot;:false,&quot;loop_position&quot;:&quot;after_add_to_cart&quot;,&quot;item&quot;:&quot;add_to_wishlist&quot;}\"\n>\n\t\t\t\n\t\t\t<!-- ADD TO WISHLIST -->\n\t\t\t\n<div class=\"yith-wcwl-add-button\">\n\t\t<a\n\t\thref=\"?add_to_wishlist=40838&#038;_wpnonce=52d31225f0\"\n\t\tclass=\"add_to_wishlist single_add_to_wishlist alt button theme-button-style \"\n\t\tdata-product-id=\"40838\"\n\t\tdata-product-type=\"variable\"\n\t\tdata-original-product-id=\"0\"\n\t\tdata-title=\"Zu meiner Wunschliste hinzuf\u00fcgen\"\n\t\trel=\"nofollow\"\n\t>\n\t\t<svg id=\"yith-wcwl-icon-heart-outline\" class=\"yith-wcwl-icon-svg\" fill=\"none\" stroke-width=\"1.5\" stroke=\"currentColor\" viewBox=\"0 0 24 24\" xmlns=\"http:\/\/www.w3.org\/2000\/svg\">\n  <path stroke-linecap=\"round\" stroke-linejoin=\"round\" d=\"M21 8.25c0-2.485-2.099-4.5-4.688-4.5-1.935 0-3.597 1.126-4.312 2.733-.715-1.607-2.377-2.733-4.313-2.733C5.1 3.75 3 5.765 3 8.25c0 7.22 9 12 9 12s9-4.78 9-12Z\"><\/path>\n<\/svg>\t\t<span>Zu meiner Wunschliste hinzuf\u00fcgen<\/span>\n\t<\/a>\n<\/div>\n\n\t\t\t<!-- COUNT TEXT -->\n\t\t\t\n\t\t\t<\/div>\n\t\t\t<\/div>\n\t\t<\/div>\n\t\t\t\t\t\t\t\t\t\t<\/div>\n\t\t\t\t\t\t\t\t\t\t\t\t\t\t\t\t\t<div class=\"image-tools grid-tools text-center hide-for-small bottom hover-slide-in show-on-hover\">\n\t\t\t\t\t\t\t\t\t\t\t\t\t\t\t\t\t\t\t<\/div>\n\t\t\t\t\t\t\t\t\t\t\t\t\t\t\t\t\t\t\t\t\t\t\t<\/div>\n\n\t\t\t\t\t\t\t<div class=\"box-text text-center\" >\n\t\t\t\t\t\t\t\t<div class=\"title-wrapper\"><p class=\"name product-title woocommerce-loop-product__title\"><a href=\"https:\/\/www.companhiaatlantica.pt\/de\/produto\/gift-pack\/geschenkpaket\/pack-avental-handschuhe-individuell\" class=\"woocommerce-LoopProduct-link woocommerce-loop-product__link\">AZULEJO K\u00fcche Pack &#8211; Sch\u00fcrze + Handschuh + Individuen<\/a><\/p><\/div><div class=\"price-wrapper\">\n\t<span class=\"price\"><del aria-hidden=\"true\"><span class=\"woocommerce-Price-amount amount\"><bdi>57.95<span class=\"woocommerce-Price-currencySymbol\">&euro;<\/span><\/bdi><\/span><\/del> <span class=\"screen-reader-text\">Urspr\u00fcnglicher Preis war: 57.95&euro;<\/span><ins aria-hidden=\"true\"><span class=\"woocommerce-Price-amount amount\"><bdi>55.00<span class=\"woocommerce-Price-currencySymbol\">&euro;<\/span><\/bdi><\/span><\/ins><span class=\"screen-reader-text\">Aktueller Preis ist: 55.00&euro;.<\/span><\/span>\n<\/div>\t<span id=\"woocommerce_loop_add_to_cart_link_describedby_40838\" class=\"screen-reader-text\">\n\t\tDieses Produkt weist mehrere Varianten auf. Die Optionen k\u00f6nnen auf der Produktseite gew\u00e4hlt werden\t<\/span>\n\t\t\t\t\t\t\t<\/div>\n\t\t\t\t\t\t<\/div>\n\t\t\t\t\t\t<\/div>\n\t\t\t\t\t<\/div><div class=\"col\" >\n\t\t\t\t\t\t<div class=\"col-inner\">\n\t\t\t\t\t\t\n<div class=\"badge-container absolute left top z-1\">\n\n<div class=\"badge callout badge-circle\"><div class=\"badge-inner callout-new-bg is-small new-bubble\">NEW<\/div><\/div><\/div>\n\t\t\t\t\t\t<div class=\"product-small box has-hover box-push box-text-bottom\">\n\t\t\t\t\t\t\t<div class=\"box-image\" >\n\t\t\t\t\t\t\t\t<div class=\"\" >\n\t\t\t\t\t\t\t\t\t<a href=\"https:\/\/www.companhiaatlantica.pt\/de\/produto\/dekoration\/dekorationsartikel\/weihnachtsornament-granatapfel-oe6-rot\" aria-label=\"Weihnachtsornament Granatapfel \u00d86 Rot\">\n\t\t\t\t\t\t\t\t\t\t<img loading=\"lazy\" decoding=\"async\" width=\"700\" height=\"700\" src=\"https:\/\/www.companhiaatlantica.pt\/wp-content\/uploads\/2025\/09\/131-253-2-700x700.jpg\" class=\"show-on-hover absolute fill hide-for-small back-image\" alt=\"Alternative view of Weihnachtsornament Granatapfel \u00d86 Rot\" aria-hidden=\"true\" srcset=\"https:\/\/www.companhiaatlantica.pt\/wp-content\/uploads\/2025\/09\/131-253-2-700x700.jpg 700w, https:\/\/www.companhiaatlantica.pt\/wp-content\/uploads\/2025\/09\/131-253-2-400x400.jpg 400w, https:\/\/www.companhiaatlantica.pt\/wp-content\/uploads\/2025\/09\/131-253-2-350x350.jpg 350w, https:\/\/www.companhiaatlantica.pt\/wp-content\/uploads\/2025\/09\/131-253-2-768x768.jpg 768w, https:\/\/www.companhiaatlantica.pt\/wp-content\/uploads\/2025\/09\/131-253-2-900x900.jpg 900w, https:\/\/www.companhiaatlantica.pt\/wp-content\/uploads\/2025\/09\/131-253-2-100x100.jpg 100w, https:\/\/www.companhiaatlantica.pt\/wp-content\/uploads\/2025\/09\/131-253-2.jpg 1000w\" sizes=\"auto, (max-width: 700px) 100vw, 700px\" title=\"\"><img loading=\"lazy\" decoding=\"async\" width=\"700\" height=\"700\" src=\"https:\/\/www.companhiaatlantica.pt\/wp-content\/uploads\/2025\/09\/131-253-700x700.jpg\" class=\"attachment-woocommerce_thumbnail size-woocommerce_thumbnail\" alt=\"Weihnachtsornament Granatapfel \u00d86 Rot\" srcset=\"https:\/\/www.companhiaatlantica.pt\/wp-content\/uploads\/2025\/09\/131-253-700x700.jpg 700w, https:\/\/www.companhiaatlantica.pt\/wp-content\/uploads\/2025\/09\/131-253-100x100.jpg 100w, https:\/\/www.companhiaatlantica.pt\/wp-content\/uploads\/2025\/09\/131-253-900x900.jpg 900w, https:\/\/www.companhiaatlantica.pt\/wp-content\/uploads\/2025\/09\/131-253-400x400.jpg 400w, https:\/\/www.companhiaatlantica.pt\/wp-content\/uploads\/2025\/09\/131-253-350x350.jpg 350w, https:\/\/www.companhiaatlantica.pt\/wp-content\/uploads\/2025\/09\/131-253-768x768.jpg 768w, https:\/\/www.companhiaatlantica.pt\/wp-content\/uploads\/2025\/09\/131-253.jpg 1000w\" sizes=\"auto, (max-width: 700px) 100vw, 700px\" title=\"\">\t\t\t\t\t\t\t\t\t<\/a>\n\t\t\t\t\t\t\t\t\t\t\t\t\t\t\t\t\t\t \t\t\t\t\t\t\t\t<\/div>\n\t\t\t\t\t\t\t\t<div class=\"image-tools top right show-on-hover\">\n\t\t\t\t\t\t\t\t\t\t\t<div class=\"wishlist-icon\">\n\t\t\t<button class=\"wishlist-button button is-outline circle icon\" aria-label=\"Wunschliste\">\n\t\t\t\t<i class=\"icon-heart\" aria-hidden=\"true\"><\/i>\t\t\t<\/button>\n\t\t\t<div class=\"wishlist-popup dark\">\n\t\t\t\t\n<div\n\tclass=\"yith-wcwl-add-to-wishlist add-to-wishlist-83299 yith-wcwl-add-to-wishlist--button_default-style wishlist-fragment on-first-load\"\n\tdata-fragment-ref=\"83299\"\n\tdata-fragment-options=\"{&quot;base_url&quot;:&quot;&quot;,&quot;product_id&quot;:83299,&quot;parent_product_id&quot;:0,&quot;product_type&quot;:&quot;simple&quot;,&quot;is_single&quot;:false,&quot;in_default_wishlist&quot;:false,&quot;show_view&quot;:false,&quot;browse_wishlist_text&quot;:&quot;Siehe Ihre Wunschliste!&quot;,&quot;already_in_wishslist_text&quot;:&quot;Dieses Produkt steht bereits auf Ihrem Wunschzettel!&quot;,&quot;product_added_text&quot;:&quot;Produto adicionado!&quot;,&quot;available_multi_wishlist&quot;:false,&quot;disable_wishlist&quot;:false,&quot;show_count&quot;:false,&quot;ajax_loading&quot;:false,&quot;loop_position&quot;:&quot;after_add_to_cart&quot;,&quot;item&quot;:&quot;add_to_wishlist&quot;}\"\n>\n\t\t\t\n\t\t\t<!-- ADD TO WISHLIST -->\n\t\t\t\n<div class=\"yith-wcwl-add-button\">\n\t\t<a\n\t\thref=\"?add_to_wishlist=83299&#038;_wpnonce=52d31225f0\"\n\t\tclass=\"add_to_wishlist single_add_to_wishlist alt button theme-button-style \"\n\t\tdata-product-id=\"83299\"\n\t\tdata-product-type=\"simple\"\n\t\tdata-original-product-id=\"0\"\n\t\tdata-title=\"Zu meiner Wunschliste hinzuf\u00fcgen\"\n\t\trel=\"nofollow\"\n\t>\n\t\t<svg id=\"yith-wcwl-icon-heart-outline\" class=\"yith-wcwl-icon-svg\" fill=\"none\" stroke-width=\"1.5\" stroke=\"currentColor\" viewBox=\"0 0 24 24\" xmlns=\"http:\/\/www.w3.org\/2000\/svg\">\n  <path stroke-linecap=\"round\" stroke-linejoin=\"round\" d=\"M21 8.25c0-2.485-2.099-4.5-4.688-4.5-1.935 0-3.597 1.126-4.312 2.733-.715-1.607-2.377-2.733-4.313-2.733C5.1 3.75 3 5.765 3 8.25c0 7.22 9 12 9 12s9-4.78 9-12Z\"><\/path>\n<\/svg>\t\t<span>Zu meiner Wunschliste hinzuf\u00fcgen<\/span>\n\t<\/a>\n<\/div>\n\n\t\t\t<!-- COUNT TEXT -->\n\t\t\t\n\t\t\t<\/div>\n\t\t\t<\/div>\n\t\t<\/div>\n\t\t\t\t\t\t\t\t\t\t<\/div>\n\t\t\t\t\t\t\t\t\t\t\t\t\t\t\t\t\t<div class=\"image-tools grid-tools text-center hide-for-small bottom hover-slide-in show-on-hover\">\n\t\t\t\t\t\t\t\t\t\t\t\t\t\t\t\t\t\t\t<\/div>\n\t\t\t\t\t\t\t\t\t\t\t\t\t\t\t\t\t\t\t\t\t\t\t<\/div>\n\n\t\t\t\t\t\t\t<div class=\"box-text text-center\" >\n\t\t\t\t\t\t\t\t<div class=\"title-wrapper\"><p class=\"name product-title woocommerce-loop-product__title\"><a href=\"https:\/\/www.companhiaatlantica.pt\/de\/produto\/dekoration\/dekorationsartikel\/weihnachtsornament-granatapfel-oe6-rot\" class=\"woocommerce-LoopProduct-link woocommerce-loop-product__link\">Weihnachtsornament Granatapfel \u00d86 Rot<\/a><\/p><\/div><div class=\"price-wrapper\">\n\t<span class=\"price\"><span class=\"woocommerce-Price-amount amount\"><bdi>12.00<span class=\"woocommerce-Price-currencySymbol\">&euro;<\/span><\/bdi><\/span><\/span>\n<\/div><div class=\"add-to-cart-button\"><a href=\"\/de\/wp-json\/wp\/v2\/pages\/66644?add-to-cart=83299\" aria-describedby=\"woocommerce_loop_add_to_cart_link_describedby_83299\" data-quantity=\"1\" class=\"primary is-small mb-0 button product_type_simple add_to_cart_button ajax_add_to_cart is-outline\" data-product_id=\"83299\" data-product_sku=\"131-253\" aria-label=\"In den Warenkorb legen: \u201eWeihnachtsornament Granatapfel \u00d86 Rot\u201c\" rel=\"nofollow\" data-success_message=\"\u201eWeihnachtsornament Granatapfel \u00d86 Rot\u201c wurde deinem Warenkorb hinzugef\u00fcgt\" data-product_name=\"Weihnachtsornament Granatapfel \u00d86 Rot\" data-product_image=\"https:\/\/www.companhiaatlantica.pt\/wp-content\/uploads\/2025\/09\/131-253-350x350.jpg\" role=\"button\">In den Warenkorb<\/a><\/div>\t<span id=\"woocommerce_loop_add_to_cart_link_describedby_83299\" class=\"screen-reader-text\">\n\t\t\t<\/span>\n\t\t\t\t\t\t\t<\/div>\n\t\t\t\t\t\t<\/div>\n\t\t\t\t\t\t<\/div>\n\t\t\t\t\t<\/div><div class=\"col\" >\n\t\t\t\t\t\t<div class=\"col-inner\">\n\t\t\t\t\t\t\n<div class=\"badge-container absolute left top z-1\">\n\n<\/div>\n\t\t\t\t\t\t<div class=\"product-small box has-hover box-push box-text-bottom\">\n\t\t\t\t\t\t\t<div class=\"box-image\" >\n\t\t\t\t\t\t\t\t<div class=\"\" >\n\t\t\t\t\t\t\t\t\t<a href=\"https:\/\/www.companhiaatlantica.pt\/de\/produto\/textilien\/geschirrtucher-schurzen\/set-von-2-baumwoll-tischsets-namorados\" aria-label=\"Set von 2 Baumwoll-Tischsets NAMORADOS\">\n\t\t\t\t\t\t\t\t\t\t<img loading=\"lazy\" decoding=\"async\" width=\"700\" height=\"700\" src=\"https:\/\/www.companhiaatlantica.pt\/wp-content\/uploads\/2022\/04\/170-205_a-700x700.jpg\" class=\"show-on-hover absolute fill hide-for-small back-image\" alt=\"Alternative view of Set von 2 Baumwoll-Tischsets NAMORADOS\" aria-hidden=\"true\" srcset=\"https:\/\/www.companhiaatlantica.pt\/wp-content\/uploads\/2022\/04\/170-205_a-700x700.jpg 700w, https:\/\/www.companhiaatlantica.pt\/wp-content\/uploads\/2022\/04\/170-205_a-100x100.jpg 100w, https:\/\/www.companhiaatlantica.pt\/wp-content\/uploads\/2022\/04\/170-205_a-900x900.jpg 900w, https:\/\/www.companhiaatlantica.pt\/wp-content\/uploads\/2022\/04\/170-205_a-300x300.jpg 300w, https:\/\/www.companhiaatlantica.pt\/wp-content\/uploads\/2022\/04\/170-205_a-150x150.jpg 150w, https:\/\/www.companhiaatlantica.pt\/wp-content\/uploads\/2022\/04\/170-205_a-768x768.jpg 768w, https:\/\/www.companhiaatlantica.pt\/wp-content\/uploads\/2022\/04\/170-205_a-600x600.jpg 600w, https:\/\/www.companhiaatlantica.pt\/wp-content\/uploads\/2022\/04\/170-205_a.jpg 1000w\" sizes=\"auto, (max-width: 700px) 100vw, 700px\" title=\"\"><img loading=\"lazy\" decoding=\"async\" width=\"700\" height=\"700\" src=\"https:\/\/www.companhiaatlantica.pt\/wp-content\/uploads\/2022\/04\/170-205-700x700.jpg\" class=\"attachment-woocommerce_thumbnail size-woocommerce_thumbnail\" alt=\"Set von 2 Baumwoll-Tischsets NAMORADOS\" srcset=\"https:\/\/www.companhiaatlantica.pt\/wp-content\/uploads\/2022\/04\/170-205-700x700.jpg 700w, https:\/\/www.companhiaatlantica.pt\/wp-content\/uploads\/2022\/04\/170-205-100x100.jpg 100w, https:\/\/www.companhiaatlantica.pt\/wp-content\/uploads\/2022\/04\/170-205-900x900.jpg 900w, https:\/\/www.companhiaatlantica.pt\/wp-content\/uploads\/2022\/04\/170-205-300x300.jpg 300w, https:\/\/www.companhiaatlantica.pt\/wp-content\/uploads\/2022\/04\/170-205-150x150.jpg 150w, https:\/\/www.companhiaatlantica.pt\/wp-content\/uploads\/2022\/04\/170-205-768x768.jpg 768w, https:\/\/www.companhiaatlantica.pt\/wp-content\/uploads\/2022\/04\/170-205-600x600.jpg 600w, https:\/\/www.companhiaatlantica.pt\/wp-content\/uploads\/2022\/04\/170-205.jpg 1000w\" sizes=\"auto, (max-width: 700px) 100vw, 700px\" title=\"\">\t\t\t\t\t\t\t\t\t<\/a>\n\t\t\t\t\t\t\t\t\t\t\t\t\t\t\t\t\t\t \t\t\t\t\t\t\t\t<\/div>\n\t\t\t\t\t\t\t\t<div class=\"image-tools top right show-on-hover\">\n\t\t\t\t\t\t\t\t\t\t\t<div class=\"wishlist-icon\">\n\t\t\t<button class=\"wishlist-button button is-outline circle icon\" aria-label=\"Wunschliste\">\n\t\t\t\t<i class=\"icon-heart\" aria-hidden=\"true\"><\/i>\t\t\t<\/button>\n\t\t\t<div class=\"wishlist-popup dark\">\n\t\t\t\t\n<div\n\tclass=\"yith-wcwl-add-to-wishlist add-to-wishlist-40815 yith-wcwl-add-to-wishlist--button_default-style wishlist-fragment on-first-load\"\n\tdata-fragment-ref=\"40815\"\n\tdata-fragment-options=\"{&quot;base_url&quot;:&quot;&quot;,&quot;product_id&quot;:40815,&quot;parent_product_id&quot;:0,&quot;product_type&quot;:&quot;simple&quot;,&quot;is_single&quot;:false,&quot;in_default_wishlist&quot;:false,&quot;show_view&quot;:false,&quot;browse_wishlist_text&quot;:&quot;Siehe Ihre Wunschliste!&quot;,&quot;already_in_wishslist_text&quot;:&quot;Dieses Produkt steht bereits auf Ihrem Wunschzettel!&quot;,&quot;product_added_text&quot;:&quot;Produto adicionado!&quot;,&quot;available_multi_wishlist&quot;:false,&quot;disable_wishlist&quot;:false,&quot;show_count&quot;:false,&quot;ajax_loading&quot;:false,&quot;loop_position&quot;:&quot;after_add_to_cart&quot;,&quot;item&quot;:&quot;add_to_wishlist&quot;}\"\n>\n\t\t\t\n\t\t\t<!-- ADD TO WISHLIST -->\n\t\t\t\n<div class=\"yith-wcwl-add-button\">\n\t\t<a\n\t\thref=\"?add_to_wishlist=40815&#038;_wpnonce=52d31225f0\"\n\t\tclass=\"add_to_wishlist single_add_to_wishlist alt button theme-button-style \"\n\t\tdata-product-id=\"40815\"\n\t\tdata-product-type=\"simple\"\n\t\tdata-original-product-id=\"0\"\n\t\tdata-title=\"Zu meiner Wunschliste hinzuf\u00fcgen\"\n\t\trel=\"nofollow\"\n\t>\n\t\t<svg id=\"yith-wcwl-icon-heart-outline\" class=\"yith-wcwl-icon-svg\" fill=\"none\" stroke-width=\"1.5\" stroke=\"currentColor\" viewBox=\"0 0 24 24\" xmlns=\"http:\/\/www.w3.org\/2000\/svg\">\n  <path stroke-linecap=\"round\" stroke-linejoin=\"round\" d=\"M21 8.25c0-2.485-2.099-4.5-4.688-4.5-1.935 0-3.597 1.126-4.312 2.733-.715-1.607-2.377-2.733-4.313-2.733C5.1 3.75 3 5.765 3 8.25c0 7.22 9 12 9 12s9-4.78 9-12Z\"><\/path>\n<\/svg>\t\t<span>Zu meiner Wunschliste hinzuf\u00fcgen<\/span>\n\t<\/a>\n<\/div>\n\n\t\t\t<!-- COUNT TEXT -->\n\t\t\t\n\t\t\t<\/div>\n\t\t\t<\/div>\n\t\t<\/div>\n\t\t\t\t\t\t\t\t\t\t<\/div>\n\t\t\t\t\t\t\t\t\t\t\t\t\t\t\t\t\t<div class=\"image-tools grid-tools text-center hide-for-small bottom hover-slide-in show-on-hover\">\n\t\t\t\t\t\t\t\t\t\t\t\t\t\t\t\t\t\t\t<\/div>\n\t\t\t\t\t\t\t\t\t\t\t\t\t\t\t\t\t\t\t\t\t\t\t<\/div>\n\n\t\t\t\t\t\t\t<div class=\"box-text text-center\" >\n\t\t\t\t\t\t\t\t<div class=\"title-wrapper\"><p class=\"name product-title woocommerce-loop-product__title\"><a href=\"https:\/\/www.companhiaatlantica.pt\/de\/produto\/textilien\/geschirrtucher-schurzen\/set-von-2-baumwoll-tischsets-namorados\" class=\"woocommerce-LoopProduct-link woocommerce-loop-product__link\">Set von 2 Baumwoll-Tischsets NAMORADOS<\/a><\/p><\/div><div class=\"price-wrapper\">\n\t<span class=\"price\"><span class=\"woocommerce-Price-amount amount\"><bdi>20.50<span class=\"woocommerce-Price-currencySymbol\">&euro;<\/span><\/bdi><\/span><\/span>\n<\/div><div class=\"add-to-cart-button\"><a href=\"\/de\/wp-json\/wp\/v2\/pages\/66644?add-to-cart=40815\" aria-describedby=\"woocommerce_loop_add_to_cart_link_describedby_40815\" data-quantity=\"1\" class=\"primary is-small mb-0 button product_type_simple add_to_cart_button ajax_add_to_cart is-outline\" data-product_id=\"40815\" data-product_sku=\"170-205\" aria-label=\"In den Warenkorb legen: \u201eSet von 2 Baumwoll-Tischsets NAMORADOS\u201c\" rel=\"nofollow\" data-success_message=\"\u201eSet von 2 Baumwoll-Tischsets NAMORADOS\u201c wurde deinem Warenkorb hinzugef\u00fcgt\" data-product_name=\"Set von 2 Baumwoll-Tischsets NAMORADOS\" data-product_image=\"https:\/\/www.companhiaatlantica.pt\/wp-content\/uploads\/2022\/04\/170-205-150x150.jpg\" role=\"button\">In den Warenkorb<\/a><\/div>\t<span id=\"woocommerce_loop_add_to_cart_link_describedby_40815\" class=\"screen-reader-text\">\n\t\t\t<\/span>\n\t\t\t\t\t\t\t<\/div>\n\t\t\t\t\t\t<\/div>\n\t\t\t\t\t\t<\/div>\n\t\t\t\t\t<\/div><div class=\"col\" >\n\t\t\t\t\t\t<div class=\"col-inner\">\n\t\t\t\t\t\t\n<div class=\"badge-container absolute left top z-1\">\n\n<\/div>\n\t\t\t\t\t\t<div class=\"product-small box has-hover box-push box-text-bottom\">\n\t\t\t\t\t\t\t<div class=\"box-image\" >\n\t\t\t\t\t\t\t\t<div class=\"\" >\n\t\t\t\t\t\t\t\t\t<a href=\"https:\/\/www.companhiaatlantica.pt\/de\/produto\/portugiesisches-leben\/portugal-zubehor\/stifthalter-aus-weisblech\/waescherinnen-varenne\" aria-label=\"Stifthalter &quot;W\u00e4scherinnen von la Varenne&quot; PRADO\">\n\t\t\t\t\t\t\t\t\t\t<img loading=\"lazy\" decoding=\"async\" width=\"700\" height=\"700\" src=\"https:\/\/www.companhiaatlantica.pt\/wp-content\/uploads\/2021\/05\/150-003_a-1-700x700.jpg\" class=\"show-on-hover absolute fill hide-for-small back-image\" alt=\"Alternative view of Stifthalter &quot;W\u00e4scherinnen von la Varenne&quot; PRADO\" aria-hidden=\"true\" srcset=\"https:\/\/www.companhiaatlantica.pt\/wp-content\/uploads\/2021\/05\/150-003_a-1-700x700.jpg 700w, https:\/\/www.companhiaatlantica.pt\/wp-content\/uploads\/2021\/05\/150-003_a-1-100x100.jpg 100w, https:\/\/www.companhiaatlantica.pt\/wp-content\/uploads\/2021\/05\/150-003_a-1-900x899.jpg 900w, https:\/\/www.companhiaatlantica.pt\/wp-content\/uploads\/2021\/05\/150-003_a-1-300x300.jpg 300w, https:\/\/www.companhiaatlantica.pt\/wp-content\/uploads\/2021\/05\/150-003_a-1-1024x1024.jpg 1024w, https:\/\/www.companhiaatlantica.pt\/wp-content\/uploads\/2021\/05\/150-003_a-1-150x150.jpg 150w, https:\/\/www.companhiaatlantica.pt\/wp-content\/uploads\/2021\/05\/150-003_a-1-768x767.jpg 768w, https:\/\/www.companhiaatlantica.pt\/wp-content\/uploads\/2021\/05\/150-003_a-1-600x599.jpg 600w, https:\/\/www.companhiaatlantica.pt\/wp-content\/uploads\/2021\/05\/150-003_a-1.jpg 1065w\" sizes=\"auto, (max-width: 700px) 100vw, 700px\" title=\"\"><img loading=\"lazy\" decoding=\"async\" width=\"700\" height=\"700\" src=\"https:\/\/www.companhiaatlantica.pt\/wp-content\/uploads\/2021\/05\/150-003-3-700x700.jpg\" class=\"attachment-woocommerce_thumbnail size-woocommerce_thumbnail\" alt=\"Stifthalter &quot;W\u00e4scherinnen von la Varenne&quot; PRADO\" srcset=\"https:\/\/www.companhiaatlantica.pt\/wp-content\/uploads\/2021\/05\/150-003-3-700x700.jpg 700w, https:\/\/www.companhiaatlantica.pt\/wp-content\/uploads\/2021\/05\/150-003-3-100x100.jpg 100w, https:\/\/www.companhiaatlantica.pt\/wp-content\/uploads\/2021\/05\/150-003-3-900x899.jpg 900w, https:\/\/www.companhiaatlantica.pt\/wp-content\/uploads\/2021\/05\/150-003-3-300x300.jpg 300w, https:\/\/www.companhiaatlantica.pt\/wp-content\/uploads\/2021\/05\/150-003-3-1024x1024.jpg 1024w, https:\/\/www.companhiaatlantica.pt\/wp-content\/uploads\/2021\/05\/150-003-3-150x150.jpg 150w, https:\/\/www.companhiaatlantica.pt\/wp-content\/uploads\/2021\/05\/150-003-3-768x767.jpg 768w, https:\/\/www.companhiaatlantica.pt\/wp-content\/uploads\/2021\/05\/150-003-3-600x599.jpg 600w, https:\/\/www.companhiaatlantica.pt\/wp-content\/uploads\/2021\/05\/150-003-3.jpg 1065w\" sizes=\"auto, (max-width: 700px) 100vw, 700px\" title=\"\">\t\t\t\t\t\t\t\t\t<\/a>\n\t\t\t\t\t\t\t\t\t\t\t\t\t\t\t\t\t\t \t\t\t\t\t\t\t\t<\/div>\n\t\t\t\t\t\t\t\t<div class=\"image-tools top right show-on-hover\">\n\t\t\t\t\t\t\t\t\t\t\t<div class=\"wishlist-icon\">\n\t\t\t<button class=\"wishlist-button button is-outline circle icon\" aria-label=\"Wunschliste\">\n\t\t\t\t<i class=\"icon-heart\" aria-hidden=\"true\"><\/i>\t\t\t<\/button>\n\t\t\t<div class=\"wishlist-popup dark\">\n\t\t\t\t\n<div\n\tclass=\"yith-wcwl-add-to-wishlist add-to-wishlist-50899 yith-wcwl-add-to-wishlist--button_default-style wishlist-fragment on-first-load\"\n\tdata-fragment-ref=\"50899\"\n\tdata-fragment-options=\"{&quot;base_url&quot;:&quot;&quot;,&quot;product_id&quot;:50899,&quot;parent_product_id&quot;:0,&quot;product_type&quot;:&quot;simple&quot;,&quot;is_single&quot;:false,&quot;in_default_wishlist&quot;:false,&quot;show_view&quot;:false,&quot;browse_wishlist_text&quot;:&quot;Siehe Ihre Wunschliste!&quot;,&quot;already_in_wishslist_text&quot;:&quot;Dieses Produkt steht bereits auf Ihrem Wunschzettel!&quot;,&quot;product_added_text&quot;:&quot;Produto adicionado!&quot;,&quot;available_multi_wishlist&quot;:false,&quot;disable_wishlist&quot;:false,&quot;show_count&quot;:false,&quot;ajax_loading&quot;:false,&quot;loop_position&quot;:&quot;after_add_to_cart&quot;,&quot;item&quot;:&quot;add_to_wishlist&quot;}\"\n>\n\t\t\t\n\t\t\t<!-- ADD TO WISHLIST -->\n\t\t\t\n<div class=\"yith-wcwl-add-button\">\n\t\t<a\n\t\thref=\"?add_to_wishlist=50899&#038;_wpnonce=52d31225f0\"\n\t\tclass=\"add_to_wishlist single_add_to_wishlist alt button theme-button-style \"\n\t\tdata-product-id=\"50899\"\n\t\tdata-product-type=\"simple\"\n\t\tdata-original-product-id=\"0\"\n\t\tdata-title=\"Zu meiner Wunschliste hinzuf\u00fcgen\"\n\t\trel=\"nofollow\"\n\t>\n\t\t<svg id=\"yith-wcwl-icon-heart-outline\" class=\"yith-wcwl-icon-svg\" fill=\"none\" stroke-width=\"1.5\" stroke=\"currentColor\" viewBox=\"0 0 24 24\" xmlns=\"http:\/\/www.w3.org\/2000\/svg\">\n  <path stroke-linecap=\"round\" stroke-linejoin=\"round\" d=\"M21 8.25c0-2.485-2.099-4.5-4.688-4.5-1.935 0-3.597 1.126-4.312 2.733-.715-1.607-2.377-2.733-4.313-2.733C5.1 3.75 3 5.765 3 8.25c0 7.22 9 12 9 12s9-4.78 9-12Z\"><\/path>\n<\/svg>\t\t<span>Zu meiner Wunschliste hinzuf\u00fcgen<\/span>\n\t<\/a>\n<\/div>\n\n\t\t\t<!-- COUNT TEXT -->\n\t\t\t\n\t\t\t<\/div>\n\t\t\t<\/div>\n\t\t<\/div>\n\t\t\t\t\t\t\t\t\t\t<\/div>\n\t\t\t\t\t\t\t\t\t\t\t\t\t\t\t\t\t<div class=\"image-tools grid-tools text-center hide-for-small bottom hover-slide-in show-on-hover\">\n\t\t\t\t\t\t\t\t\t\t\t\t\t\t\t\t\t\t\t<\/div>\n\t\t\t\t\t\t\t\t\t\t\t\t\t\t\t\t\t\t\t\t\t\t\t<\/div>\n\n\t\t\t\t\t\t\t<div class=\"box-text text-center\" >\n\t\t\t\t\t\t\t\t<div class=\"title-wrapper\"><p class=\"name product-title woocommerce-loop-product__title\"><a href=\"https:\/\/www.companhiaatlantica.pt\/de\/produto\/portugiesisches-leben\/portugal-zubehor\/stifthalter-aus-weisblech\/waescherinnen-varenne\" class=\"woocommerce-LoopProduct-link woocommerce-loop-product__link\">Stifthalter &#8220;W\u00e4scherinnen von la Varenne&#8221; PRADO<\/a><\/p><\/div><div class=\"price-wrapper\">\n\t<span class=\"price\"><span class=\"woocommerce-Price-amount amount\"><bdi>3.90<span class=\"woocommerce-Price-currencySymbol\">&euro;<\/span><\/bdi><\/span><\/span>\n<\/div><div class=\"add-to-cart-button\"><a href=\"\/de\/wp-json\/wp\/v2\/pages\/66644?add-to-cart=50899\" aria-describedby=\"woocommerce_loop_add_to_cart_link_describedby_50899\" data-quantity=\"1\" class=\"primary is-small mb-0 button product_type_simple add_to_cart_button ajax_add_to_cart is-outline\" data-product_id=\"50899\" data-product_sku=\"150-003\" aria-label=\"In den Warenkorb legen: \u201eStifthalter &quot;W\u00e4scherinnen von la Varenne&quot; PRADO\u201c\" rel=\"nofollow\" data-success_message=\"\u201eStifthalter &quot;W\u00e4scherinnen von la Varenne&quot; PRADO\u201c wurde deinem Warenkorb hinzugef\u00fcgt\" data-product_name=\"Stifthalter &quot;W\u00e4scherinnen von la Varenne&quot; PRADO\" data-product_image=\"https:\/\/www.companhiaatlantica.pt\/wp-content\/uploads\/2021\/05\/150-003-3-150x150.jpg\" role=\"button\">In den Warenkorb<\/a><\/div>\t<span id=\"woocommerce_loop_add_to_cart_link_describedby_50899\" class=\"screen-reader-text\">\n\t\t\t<\/span>\n\t\t\t\t\t\t\t<\/div>\n\t\t\t\t\t\t<\/div>\n\t\t\t\t\t\t<\/div>\n\t\t\t\t\t<\/div><div class=\"col\" >\n\t\t\t\t\t\t<div class=\"col-inner\">\n\t\t\t\t\t\t\n<div class=\"badge-container absolute left top z-1\">\n\n<div class=\"badge callout badge-circle\"><div class=\"badge-inner callout-new-bg is-small new-bubble\">3 pcs<\/div><\/div><\/div>\n\t\t\t\t\t\t<div class=\"product-small box has-hover box-push box-text-bottom\">\n\t\t\t\t\t\t\t<div class=\"box-image\" >\n\t\t\t\t\t\t\t\t<div class=\"\" >\n\t\t\t\t\t\t\t\t\t<a href=\"https:\/\/www.companhiaatlantica.pt\/de\/produto\/portugiesisches-leben\/modeartikel\/einkaufstaschen-aus-baumwolle\/pack-einkaufstasche-granada-alicatos-almond-schal-sunflower-schal\" aria-label=\"Pack Einkaufstasche GRANADA Alicatos - Almond Schal + Sunflower Schal\">\n\t\t\t\t\t\t\t\t\t\t<img loading=\"lazy\" decoding=\"async\" width=\"700\" height=\"700\" src=\"https:\/\/www.companhiaatlantica.pt\/wp-content\/uploads\/2023\/12\/170-058-pack-700x700.jpg\" class=\"show-on-hover absolute fill hide-for-small back-image\" alt=\"Alternative view of Pack Einkaufstasche GRANADA Alicatos - Almond Schal + Sunflower Schal\" aria-hidden=\"true\" srcset=\"https:\/\/www.companhiaatlantica.pt\/wp-content\/uploads\/2023\/12\/170-058-pack-700x700.jpg 700w, https:\/\/www.companhiaatlantica.pt\/wp-content\/uploads\/2023\/12\/170-058-pack-100x100.jpg 100w, https:\/\/www.companhiaatlantica.pt\/wp-content\/uploads\/2023\/12\/170-058-pack-400x400.jpg 400w, https:\/\/www.companhiaatlantica.pt\/wp-content\/uploads\/2023\/12\/170-058-pack-350x350.jpg 350w, https:\/\/www.companhiaatlantica.pt\/wp-content\/uploads\/2023\/12\/170-058-pack-768x768.jpg 768w, https:\/\/www.companhiaatlantica.pt\/wp-content\/uploads\/2023\/12\/170-058-pack-600x600.jpg 600w, https:\/\/www.companhiaatlantica.pt\/wp-content\/uploads\/2023\/12\/170-058-pack.jpg 800w\" sizes=\"auto, (max-width: 700px) 100vw, 700px\" title=\"\"><img loading=\"lazy\" decoding=\"async\" width=\"700\" height=\"700\" src=\"https:\/\/www.companhiaatlantica.pt\/wp-content\/uploads\/2023\/12\/170-045.s3-pack-700x700.jpg\" class=\"attachment-woocommerce_thumbnail size-woocommerce_thumbnail\" alt=\"Pack Einkaufstasche GRANADA Alicatos - Almond Schal + Sunflower Schal\" srcset=\"https:\/\/www.companhiaatlantica.pt\/wp-content\/uploads\/2023\/12\/170-045.s3-pack-700x700.jpg 700w, https:\/\/www.companhiaatlantica.pt\/wp-content\/uploads\/2023\/12\/170-045.s3-pack-100x100.jpg 100w, https:\/\/www.companhiaatlantica.pt\/wp-content\/uploads\/2023\/12\/170-045.s3-pack-400x400.jpg 400w, https:\/\/www.companhiaatlantica.pt\/wp-content\/uploads\/2023\/12\/170-045.s3-pack-350x350.jpg 350w, https:\/\/www.companhiaatlantica.pt\/wp-content\/uploads\/2023\/12\/170-045.s3-pack-768x768.jpg 768w, https:\/\/www.companhiaatlantica.pt\/wp-content\/uploads\/2023\/12\/170-045.s3-pack-600x600.jpg 600w, https:\/\/www.companhiaatlantica.pt\/wp-content\/uploads\/2023\/12\/170-045.s3-pack.jpg 800w\" sizes=\"auto, (max-width: 700px) 100vw, 700px\" title=\"\">\t\t\t\t\t\t\t\t\t<\/a>\n\t\t\t\t\t\t\t\t\t\t\t\t\t\t\t\t\t\t \t\t\t\t\t\t\t\t<\/div>\n\t\t\t\t\t\t\t\t<div class=\"image-tools top right show-on-hover\">\n\t\t\t\t\t\t\t\t\t\t\t<div class=\"wishlist-icon\">\n\t\t\t<button class=\"wishlist-button button is-outline circle icon\" aria-label=\"Wunschliste\">\n\t\t\t\t<i class=\"icon-heart\" aria-hidden=\"true\"><\/i>\t\t\t<\/button>\n\t\t\t<div class=\"wishlist-popup dark\">\n\t\t\t\t\n<div\n\tclass=\"yith-wcwl-add-to-wishlist add-to-wishlist-52002 yith-wcwl-add-to-wishlist--button_default-style wishlist-fragment on-first-load\"\n\tdata-fragment-ref=\"52002\"\n\tdata-fragment-options=\"{&quot;base_url&quot;:&quot;&quot;,&quot;product_id&quot;:52002,&quot;parent_product_id&quot;:0,&quot;product_type&quot;:&quot;simple&quot;,&quot;is_single&quot;:false,&quot;in_default_wishlist&quot;:false,&quot;show_view&quot;:false,&quot;browse_wishlist_text&quot;:&quot;Siehe Ihre Wunschliste!&quot;,&quot;already_in_wishslist_text&quot;:&quot;Dieses Produkt steht bereits auf Ihrem Wunschzettel!&quot;,&quot;product_added_text&quot;:&quot;Produto adicionado!&quot;,&quot;available_multi_wishlist&quot;:false,&quot;disable_wishlist&quot;:false,&quot;show_count&quot;:false,&quot;ajax_loading&quot;:false,&quot;loop_position&quot;:&quot;after_add_to_cart&quot;,&quot;item&quot;:&quot;add_to_wishlist&quot;}\"\n>\n\t\t\t\n\t\t\t<!-- ADD TO WISHLIST -->\n\t\t\t\n<div class=\"yith-wcwl-add-button\">\n\t\t<a\n\t\thref=\"?add_to_wishlist=52002&#038;_wpnonce=52d31225f0\"\n\t\tclass=\"add_to_wishlist single_add_to_wishlist alt button theme-button-style \"\n\t\tdata-product-id=\"52002\"\n\t\tdata-product-type=\"simple\"\n\t\tdata-original-product-id=\"0\"\n\t\tdata-title=\"Zu meiner Wunschliste hinzuf\u00fcgen\"\n\t\trel=\"nofollow\"\n\t>\n\t\t<svg id=\"yith-wcwl-icon-heart-outline\" class=\"yith-wcwl-icon-svg\" fill=\"none\" stroke-width=\"1.5\" stroke=\"currentColor\" viewBox=\"0 0 24 24\" xmlns=\"http:\/\/www.w3.org\/2000\/svg\">\n  <path stroke-linecap=\"round\" stroke-linejoin=\"round\" d=\"M21 8.25c0-2.485-2.099-4.5-4.688-4.5-1.935 0-3.597 1.126-4.312 2.733-.715-1.607-2.377-2.733-4.313-2.733C5.1 3.75 3 5.765 3 8.25c0 7.22 9 12 9 12s9-4.78 9-12Z\"><\/path>\n<\/svg>\t\t<span>Zu meiner Wunschliste hinzuf\u00fcgen<\/span>\n\t<\/a>\n<\/div>\n\n\t\t\t<!-- COUNT TEXT -->\n\t\t\t\n\t\t\t<\/div>\n\t\t\t<\/div>\n\t\t<\/div>\n\t\t\t\t\t\t\t\t\t\t<\/div>\n\t\t\t\t\t\t\t\t\t\t\t\t\t\t\t\t\t<div class=\"image-tools grid-tools text-center hide-for-small bottom hover-slide-in show-on-hover\">\n\t\t\t\t\t\t\t\t\t\t\t\t\t\t\t\t\t\t\t<\/div>\n\t\t\t\t\t\t\t\t\t\t\t\t\t\t\t\t\t\t\t\t\t\t\t<\/div>\n\n\t\t\t\t\t\t\t<div class=\"box-text text-center\" >\n\t\t\t\t\t\t\t\t<div class=\"title-wrapper\"><p class=\"name product-title woocommerce-loop-product__title\"><a href=\"https:\/\/www.companhiaatlantica.pt\/de\/produto\/portugiesisches-leben\/modeartikel\/einkaufstaschen-aus-baumwolle\/pack-einkaufstasche-granada-alicatos-almond-schal-sunflower-schal\" class=\"woocommerce-LoopProduct-link woocommerce-loop-product__link\">Pack Einkaufstasche GRANADA Alicatos &#8211; Almond Schal + Sunflower Schal<\/a><\/p><\/div><div class=\"price-wrapper\">\n\t<span class=\"price\"><span class=\"woocommerce-Price-amount amount\"><bdi>59.50<span class=\"woocommerce-Price-currencySymbol\">&euro;<\/span><\/bdi><\/span><\/span>\n<\/div><div class=\"add-to-cart-button\"><a href=\"\/de\/wp-json\/wp\/v2\/pages\/66644?add-to-cart=52002\" aria-describedby=\"woocommerce_loop_add_to_cart_link_describedby_52002\" data-quantity=\"1\" class=\"primary is-small mb-0 button product_type_simple add_to_cart_button ajax_add_to_cart is-outline\" data-product_id=\"52002\" data-product_sku=\"170-045.S3\" aria-label=\"In den Warenkorb legen: \u201ePack Einkaufstasche GRANADA Alicatos - Almond Schal + Sunflower Schal\u201c\" rel=\"nofollow\" data-success_message=\"\u201ePack Einkaufstasche GRANADA Alicatos - Almond Schal + Sunflower Schal\u201c wurde deinem Warenkorb hinzugef\u00fcgt\" data-product_name=\"Pack Einkaufstasche GRANADA Alicatos - Almond Schal + Sunflower Schal\" data-product_image=\"https:\/\/www.companhiaatlantica.pt\/wp-content\/uploads\/2023\/12\/170-045.s3-pack-350x350.jpg\" role=\"button\">In den Warenkorb<\/a><\/div>\t<span id=\"woocommerce_loop_add_to_cart_link_describedby_52002\" class=\"screen-reader-text\">\n\t\t\t<\/span>\n\t\t\t\t\t\t\t<\/div>\n\t\t\t\t\t\t<\/div>\n\t\t\t\t\t\t<\/div>\n\t\t\t\t\t<\/div><div class=\"col\" >\n\t\t\t\t\t\t<div class=\"col-inner\">\n\t\t\t\t\t\t\n<div class=\"badge-container absolute left top z-1\">\n\n<div class=\"badge callout badge-circle\"><div class=\"badge-inner callout-new-bg is-small new-bubble\">NEW <\/div><\/div><\/div>\n\t\t\t\t\t\t<div class=\"product-small box has-hover box-push box-text-bottom\">\n\t\t\t\t\t\t\t<div class=\"box-image\" >\n\t\t\t\t\t\t\t\t<div class=\"\" >\n\t\t\t\t\t\t\t\t\t<a href=\"https:\/\/www.companhiaatlantica.pt\/de\/produto\/portugiesisches-leben\/haushaltsartikel\/azulejo-olivenoel-teller\" aria-label=\"AZULEJO Oliven\u00f6l-Teller - Set mit 2 St\u00fcck\">\n\t\t\t\t\t\t\t\t\t\t<img loading=\"lazy\" decoding=\"async\" width=\"700\" height=\"700\" src=\"https:\/\/www.companhiaatlantica.pt\/wp-content\/uploads\/2023\/09\/131-463-4-700x700.jpg\" class=\"show-on-hover absolute fill hide-for-small back-image\" alt=\"Alternative view of AZULEJO Oliven\u00f6l-Teller - Set mit 2 St\u00fcck\" aria-hidden=\"true\" srcset=\"https:\/\/www.companhiaatlantica.pt\/wp-content\/uploads\/2023\/09\/131-463-4-700x700.jpg 700w, https:\/\/www.companhiaatlantica.pt\/wp-content\/uploads\/2023\/09\/131-463-4-400x400.jpg 400w, https:\/\/www.companhiaatlantica.pt\/wp-content\/uploads\/2023\/09\/131-463-4-350x350.jpg 350w, https:\/\/www.companhiaatlantica.pt\/wp-content\/uploads\/2023\/09\/131-463-4-768x768.jpg 768w, https:\/\/www.companhiaatlantica.pt\/wp-content\/uploads\/2023\/09\/131-463-4-900x900.jpg 900w, https:\/\/www.companhiaatlantica.pt\/wp-content\/uploads\/2023\/09\/131-463-4-100x100.jpg 100w, https:\/\/www.companhiaatlantica.pt\/wp-content\/uploads\/2023\/09\/131-463-4.jpg 1000w\" sizes=\"auto, (max-width: 700px) 100vw, 700px\" title=\"\"><img loading=\"lazy\" decoding=\"async\" width=\"600\" height=\"600\" src=\"https:\/\/www.companhiaatlantica.pt\/wp-content\/uploads\/2024\/01\/pratinhos-azulejo.jpg\" class=\"attachment-woocommerce_thumbnail size-woocommerce_thumbnail\" alt=\"AZULEJO Oliven\u00f6l-Teller - Set mit 2 St\u00fcck\" srcset=\"https:\/\/www.companhiaatlantica.pt\/wp-content\/uploads\/2024\/01\/pratinhos-azulejo.jpg 600w, https:\/\/www.companhiaatlantica.pt\/wp-content\/uploads\/2024\/01\/pratinhos-azulejo-100x100.jpg 100w, https:\/\/www.companhiaatlantica.pt\/wp-content\/uploads\/2024\/01\/pratinhos-azulejo-400x400.jpg 400w, https:\/\/www.companhiaatlantica.pt\/wp-content\/uploads\/2024\/01\/pratinhos-azulejo-350x350.jpg 350w\" sizes=\"auto, (max-width: 600px) 100vw, 600px\" title=\"\">\t\t\t\t\t\t\t\t\t<\/a>\n\t\t\t\t\t\t\t\t\t\t\t\t\t\t\t\t\t\t \t\t\t\t\t\t\t\t<\/div>\n\t\t\t\t\t\t\t\t<div class=\"image-tools top right show-on-hover\">\n\t\t\t\t\t\t\t\t\t\t\t<div class=\"wishlist-icon\">\n\t\t\t<button class=\"wishlist-button button is-outline circle icon\" aria-label=\"Wunschliste\">\n\t\t\t\t<i class=\"icon-heart\" aria-hidden=\"true\"><\/i>\t\t\t<\/button>\n\t\t\t<div class=\"wishlist-popup dark\">\n\t\t\t\t\n<div\n\tclass=\"yith-wcwl-add-to-wishlist add-to-wishlist-46289 yith-wcwl-add-to-wishlist--button_default-style wishlist-fragment on-first-load\"\n\tdata-fragment-ref=\"46289\"\n\tdata-fragment-options=\"{&quot;base_url&quot;:&quot;&quot;,&quot;product_id&quot;:46289,&quot;parent_product_id&quot;:0,&quot;product_type&quot;:&quot;variable&quot;,&quot;is_single&quot;:false,&quot;in_default_wishlist&quot;:false,&quot;show_view&quot;:false,&quot;browse_wishlist_text&quot;:&quot;Siehe Ihre Wunschliste!&quot;,&quot;already_in_wishslist_text&quot;:&quot;Dieses Produkt steht bereits auf Ihrem Wunschzettel!&quot;,&quot;product_added_text&quot;:&quot;Produto adicionado!&quot;,&quot;available_multi_wishlist&quot;:false,&quot;disable_wishlist&quot;:false,&quot;show_count&quot;:false,&quot;ajax_loading&quot;:false,&quot;loop_position&quot;:&quot;after_add_to_cart&quot;,&quot;item&quot;:&quot;add_to_wishlist&quot;}\"\n>\n\t\t\t\n\t\t\t<!-- ADD TO WISHLIST -->\n\t\t\t\n<div class=\"yith-wcwl-add-button\">\n\t\t<a\n\t\thref=\"?add_to_wishlist=46289&#038;_wpnonce=52d31225f0\"\n\t\tclass=\"add_to_wishlist single_add_to_wishlist alt button theme-button-style \"\n\t\tdata-product-id=\"46289\"\n\t\tdata-product-type=\"variable\"\n\t\tdata-original-product-id=\"0\"\n\t\tdata-title=\"Zu meiner Wunschliste hinzuf\u00fcgen\"\n\t\trel=\"nofollow\"\n\t>\n\t\t<svg id=\"yith-wcwl-icon-heart-outline\" class=\"yith-wcwl-icon-svg\" fill=\"none\" stroke-width=\"1.5\" stroke=\"currentColor\" viewBox=\"0 0 24 24\" xmlns=\"http:\/\/www.w3.org\/2000\/svg\">\n  <path stroke-linecap=\"round\" stroke-linejoin=\"round\" d=\"M21 8.25c0-2.485-2.099-4.5-4.688-4.5-1.935 0-3.597 1.126-4.312 2.733-.715-1.607-2.377-2.733-4.313-2.733C5.1 3.75 3 5.765 3 8.25c0 7.22 9 12 9 12s9-4.78 9-12Z\"><\/path>\n<\/svg>\t\t<span>Zu meiner Wunschliste hinzuf\u00fcgen<\/span>\n\t<\/a>\n<\/div>\n\n\t\t\t<!-- COUNT TEXT -->\n\t\t\t\n\t\t\t<\/div>\n\t\t\t<\/div>\n\t\t<\/div>\n\t\t\t\t\t\t\t\t\t\t<\/div>\n\t\t\t\t\t\t\t\t\t\t\t\t\t\t\t\t\t<div class=\"image-tools grid-tools text-center hide-for-small bottom hover-slide-in show-on-hover\">\n\t\t\t\t\t\t\t\t\t\t\t\t\t\t\t\t\t\t\t<\/div>\n\t\t\t\t\t\t\t\t\t\t\t\t\t\t\t\t\t\t\t\t\t\t\t<\/div>\n\n\t\t\t\t\t\t\t<div class=\"box-text text-center\" >\n\t\t\t\t\t\t\t\t<div class=\"title-wrapper\"><p class=\"name product-title woocommerce-loop-product__title\"><a href=\"https:\/\/www.companhiaatlantica.pt\/de\/produto\/portugiesisches-leben\/haushaltsartikel\/azulejo-olivenoel-teller\" class=\"woocommerce-LoopProduct-link woocommerce-loop-product__link\">AZULEJO Oliven\u00f6l-Teller &#8211; Set mit 2 St\u00fcck<\/a><\/p><\/div><div class=\"price-wrapper\">\n\t<span class=\"price\"><span class=\"woocommerce-Price-amount amount\"><bdi>15.90<span class=\"woocommerce-Price-currencySymbol\">&euro;<\/span><\/bdi><\/span><\/span>\n<\/div><div class=\"add-to-cart-button\"><a href=\"https:\/\/www.companhiaatlantica.pt\/de\/produto\/portugiesisches-leben\/haushaltsartikel\/azulejo-olivenoel-teller\" aria-describedby=\"woocommerce_loop_add_to_cart_link_describedby_46289\" data-quantity=\"1\" class=\"primary is-small mb-0 button product_type_variable add_to_cart_button is-outline\" data-product_id=\"46289\" data-product_sku=\"\" aria-label=\"W\u00e4hle Optionen f\u00fcr \u201eAZULEJO Oliven\u00f6l-Teller - Set mit 2 St\u00fcck\u201c\" rel=\"nofollow\" data-product_name=\"AZULEJO Oliven\u00f6l-Teller - Set mit 2 St\u00fcck\" data-product_image=\"https:\/\/www.companhiaatlantica.pt\/wp-content\/uploads\/2024\/01\/pratinhos-azulejo-350x350.jpg\">Ausf\u00fchrung w\u00e4hlen<\/a><\/div>\t<span id=\"woocommerce_loop_add_to_cart_link_describedby_46289\" class=\"screen-reader-text\">\n\t\tDieses Produkt weist mehrere Varianten auf. Die Optionen k\u00f6nnen auf der Produktseite gew\u00e4hlt werden\t<\/span>\n\t\t\t\t\t\t\t<\/div>\n\t\t\t\t\t\t<\/div>\n\t\t\t\t\t\t<\/div>\n\t\t\t\t\t<\/div><\/div>\n<div class=\"container section-title-container\" ><h3 class=\"section-title section-title-center\"><b aria-hidden=\"true\"><\/b><span class=\"section-title-main\" >Geschenke mit inspirierenden D\u00fcften<\/span><b aria-hidden=\"true\"><\/b><\/h3><\/div>\n\t\n  \n    <div class=\"row large-columns-4 medium-columns-3 small-columns-2 row-xsmall row-full-width slider row-slider slider-nav-reveal\"  data-flickity-options='{&quot;imagesLoaded&quot;: true, &quot;groupCells&quot;: &quot;100%&quot;, &quot;dragThreshold&quot; : 5, &quot;cellAlign&quot;: &quot;left&quot;,&quot;wrapAround&quot;: true,&quot;prevNextButtons&quot;: true,&quot;percentPosition&quot;: true,&quot;pageDots&quot;: false, &quot;rightToLeft&quot;: false, &quot;autoPlay&quot; : 3000}' >\n\n  \n\t     <div class=\"col\" >\n\t\t\t\t\t\t<div class=\"col-inner\">\n\t\t\t\t\t\t\n<div class=\"badge-container absolute left top z-1\">\n\n<\/div>\n\t\t\t\t\t\t<div class=\"product-small box has-hover box-push box-text-bottom\">\n\t\t\t\t\t\t\t<div class=\"box-image\" >\n\t\t\t\t\t\t\t\t<div class=\"\" >\n\t\t\t\t\t\t\t\t\t<a href=\"https:\/\/www.companhiaatlantica.pt\/de\/produto\/duftkerzen-diffusoren-fur-zuhause\/mikado-lufterfrischer\/azulejo-diffusor-1l\" aria-label=\"AZULEJO Diffusor 1L\">\n\t\t\t\t\t\t\t\t\t\t<img loading=\"lazy\" decoding=\"async\" width=\"663\" height=\"663\" src=\"https:\/\/www.companhiaatlantica.pt\/wp-content\/uploads\/2024\/07\/difusor.jpg\" class=\"show-on-hover absolute fill hide-for-small back-image\" alt=\"Alternative view of AZULEJO Diffusor 1L\" aria-hidden=\"true\" srcset=\"https:\/\/www.companhiaatlantica.pt\/wp-content\/uploads\/2024\/07\/difusor.jpg 663w, https:\/\/www.companhiaatlantica.pt\/wp-content\/uploads\/2024\/07\/difusor-100x100.jpg 100w, https:\/\/www.companhiaatlantica.pt\/wp-content\/uploads\/2024\/07\/difusor-400x400.jpg 400w, https:\/\/www.companhiaatlantica.pt\/wp-content\/uploads\/2024\/07\/difusor-350x350.jpg 350w, https:\/\/www.companhiaatlantica.pt\/wp-content\/uploads\/2024\/07\/difusor-600x600.jpg 600w\" sizes=\"auto, (max-width: 663px) 100vw, 663px\" title=\"\"><img loading=\"lazy\" decoding=\"async\" width=\"700\" height=\"700\" src=\"https:\/\/www.companhiaatlantica.pt\/wp-content\/uploads\/2024\/11\/140-213_g-700x700.jpg\" class=\"attachment-woocommerce_thumbnail size-woocommerce_thumbnail\" alt=\"AZULEJO Diffusor 1L\" srcset=\"https:\/\/www.companhiaatlantica.pt\/wp-content\/uploads\/2024\/11\/140-213_g-700x700.jpg 700w, https:\/\/www.companhiaatlantica.pt\/wp-content\/uploads\/2024\/11\/140-213_g-100x100.jpg 100w, https:\/\/www.companhiaatlantica.pt\/wp-content\/uploads\/2024\/11\/140-213_g-400x400.jpg 400w, https:\/\/www.companhiaatlantica.pt\/wp-content\/uploads\/2024\/11\/140-213_g-350x350.jpg 350w, https:\/\/www.companhiaatlantica.pt\/wp-content\/uploads\/2024\/11\/140-213_g-768x768.jpg 768w, https:\/\/www.companhiaatlantica.pt\/wp-content\/uploads\/2024\/11\/140-213_g-600x600.jpg 600w, https:\/\/www.companhiaatlantica.pt\/wp-content\/uploads\/2024\/11\/140-213_g.jpg 900w\" sizes=\"auto, (max-width: 700px) 100vw, 700px\" title=\"\">\t\t\t\t\t\t\t\t\t<\/a>\n\t\t\t\t\t\t\t\t\t\t\t\t\t\t\t\t\t\t \t\t\t\t\t\t\t\t<\/div>\n\t\t\t\t\t\t\t\t<div class=\"image-tools top right show-on-hover\">\n\t\t\t\t\t\t\t\t\t\t\t<div class=\"wishlist-icon\">\n\t\t\t<button class=\"wishlist-button button is-outline circle icon\" aria-label=\"Wunschliste\">\n\t\t\t\t<i class=\"icon-heart\" aria-hidden=\"true\"><\/i>\t\t\t<\/button>\n\t\t\t<div class=\"wishlist-popup dark\">\n\t\t\t\t\n<div\n\tclass=\"yith-wcwl-add-to-wishlist add-to-wishlist-86384 yith-wcwl-add-to-wishlist--button_default-style wishlist-fragment on-first-load\"\n\tdata-fragment-ref=\"86384\"\n\tdata-fragment-options=\"{&quot;base_url&quot;:&quot;&quot;,&quot;product_id&quot;:86384,&quot;parent_product_id&quot;:0,&quot;product_type&quot;:&quot;variable&quot;,&quot;is_single&quot;:false,&quot;in_default_wishlist&quot;:false,&quot;show_view&quot;:false,&quot;browse_wishlist_text&quot;:&quot;Siehe Ihre Wunschliste!&quot;,&quot;already_in_wishslist_text&quot;:&quot;Dieses Produkt steht bereits auf Ihrem Wunschzettel!&quot;,&quot;product_added_text&quot;:&quot;Produto adicionado!&quot;,&quot;available_multi_wishlist&quot;:false,&quot;disable_wishlist&quot;:false,&quot;show_count&quot;:false,&quot;ajax_loading&quot;:false,&quot;loop_position&quot;:&quot;after_add_to_cart&quot;,&quot;item&quot;:&quot;add_to_wishlist&quot;}\"\n>\n\t\t\t\n\t\t\t<!-- ADD TO WISHLIST -->\n\t\t\t\n<div class=\"yith-wcwl-add-button\">\n\t\t<a\n\t\thref=\"?add_to_wishlist=86384&#038;_wpnonce=52d31225f0\"\n\t\tclass=\"add_to_wishlist single_add_to_wishlist alt button theme-button-style \"\n\t\tdata-product-id=\"86384\"\n\t\tdata-product-type=\"variable\"\n\t\tdata-original-product-id=\"0\"\n\t\tdata-title=\"Zu meiner Wunschliste hinzuf\u00fcgen\"\n\t\trel=\"nofollow\"\n\t>\n\t\t<svg id=\"yith-wcwl-icon-heart-outline\" class=\"yith-wcwl-icon-svg\" fill=\"none\" stroke-width=\"1.5\" stroke=\"currentColor\" viewBox=\"0 0 24 24\" xmlns=\"http:\/\/www.w3.org\/2000\/svg\">\n  <path stroke-linecap=\"round\" stroke-linejoin=\"round\" d=\"M21 8.25c0-2.485-2.099-4.5-4.688-4.5-1.935 0-3.597 1.126-4.312 2.733-.715-1.607-2.377-2.733-4.313-2.733C5.1 3.75 3 5.765 3 8.25c0 7.22 9 12 9 12s9-4.78 9-12Z\"><\/path>\n<\/svg>\t\t<span>Zu meiner Wunschliste hinzuf\u00fcgen<\/span>\n\t<\/a>\n<\/div>\n\n\t\t\t<!-- COUNT TEXT -->\n\t\t\t\n\t\t\t<\/div>\n\t\t\t<\/div>\n\t\t<\/div>\n\t\t\t\t\t\t\t\t\t\t<\/div>\n\t\t\t\t\t\t\t\t\t\t\t\t\t\t\t\t\t<div class=\"image-tools grid-tools text-center hide-for-small bottom hover-slide-in show-on-hover\">\n\t\t\t\t\t\t\t\t\t\t\t\t\t\t\t\t\t\t\t<\/div>\n\t\t\t\t\t\t\t\t\t\t\t\t\t\t\t\t\t\t\t\t\t\t\t<\/div>\n\n\t\t\t\t\t\t\t<div class=\"box-text text-center\" >\n\t\t\t\t\t\t\t\t<div class=\"title-wrapper\"><p class=\"name product-title woocommerce-loop-product__title\"><a href=\"https:\/\/www.companhiaatlantica.pt\/de\/produto\/duftkerzen-diffusoren-fur-zuhause\/mikado-lufterfrischer\/azulejo-diffusor-1l\" class=\"woocommerce-LoopProduct-link woocommerce-loop-product__link\">AZULEJO Diffusor 1L<\/a><\/p><\/div><div class=\"price-wrapper\">\n\t<span class=\"price\"><span class=\"woocommerce-Price-amount amount\"><bdi>120.00<span class=\"woocommerce-Price-currencySymbol\">&euro;<\/span><\/bdi><\/span><\/span>\n<\/div><div class=\"add-to-cart-button\"><a href=\"https:\/\/www.companhiaatlantica.pt\/de\/produto\/duftkerzen-diffusoren-fur-zuhause\/mikado-lufterfrischer\/azulejo-diffusor-1l\" aria-describedby=\"woocommerce_loop_add_to_cart_link_describedby_86384\" data-quantity=\"1\" class=\"primary is-small mb-0 button product_type_variable add_to_cart_button is-outline\" data-product_id=\"86384\" data-product_sku=\"\" aria-label=\"W\u00e4hle Optionen f\u00fcr \u201eAZULEJO Diffusor 1L\u201c\" rel=\"nofollow\" data-product_name=\"AZULEJO Diffusor 1L\" data-product_image=\"https:\/\/www.companhiaatlantica.pt\/wp-content\/uploads\/2024\/11\/140-213_g-350x350.jpg\">Ausf\u00fchrung w\u00e4hlen<\/a><\/div>\t<span id=\"woocommerce_loop_add_to_cart_link_describedby_86384\" class=\"screen-reader-text\">\n\t\tDieses Produkt weist mehrere Varianten auf. Die Optionen k\u00f6nnen auf der Produktseite gew\u00e4hlt werden\t<\/span>\n\t\t\t\t\t\t\t<\/div>\n\t\t\t\t\t\t<\/div>\n\t\t\t\t\t\t<\/div>\n\t\t\t\t\t<\/div><div class=\"col\" >\n\t\t\t\t\t\t<div class=\"col-inner\">\n\t\t\t\t\t\t\n<div class=\"badge-container absolute left top z-1\">\n\n<\/div>\n\t\t\t\t\t\t<div class=\"product-small box has-hover box-push box-text-bottom\">\n\t\t\t\t\t\t\t<div class=\"box-image\" >\n\t\t\t\t\t\t\t\t<div class=\"\" >\n\t\t\t\t\t\t\t\t\t<a href=\"https:\/\/www.companhiaatlantica.pt\/de\/produto\/korperbehandlungen\/seifen\/eastern-air\" aria-label=\"Winterreben-Seife LIMITED EDITION\">\n\t\t\t\t\t\t\t\t\t\t<img loading=\"lazy\" decoding=\"async\" width=\"700\" height=\"700\" src=\"https:\/\/www.companhiaatlantica.pt\/wp-content\/uploads\/2021\/05\/100-088_WinterVinyard_SOAP_b-700x700.jpg\" class=\"show-on-hover absolute fill hide-for-small back-image\" alt=\"Alternative view of Winterreben-Seife LIMITED EDITION\" aria-hidden=\"true\" srcset=\"https:\/\/www.companhiaatlantica.pt\/wp-content\/uploads\/2021\/05\/100-088_WinterVinyard_SOAP_b-700x700.jpg 700w, https:\/\/www.companhiaatlantica.pt\/wp-content\/uploads\/2021\/05\/100-088_WinterVinyard_SOAP_b-100x100.jpg 100w, https:\/\/www.companhiaatlantica.pt\/wp-content\/uploads\/2021\/05\/100-088_WinterVinyard_SOAP_b-900x900.jpg 900w, https:\/\/www.companhiaatlantica.pt\/wp-content\/uploads\/2021\/05\/100-088_WinterVinyard_SOAP_b-300x300.jpg 300w, https:\/\/www.companhiaatlantica.pt\/wp-content\/uploads\/2021\/05\/100-088_WinterVinyard_SOAP_b-150x150.jpg 150w, https:\/\/www.companhiaatlantica.pt\/wp-content\/uploads\/2021\/05\/100-088_WinterVinyard_SOAP_b-768x768.jpg 768w, https:\/\/www.companhiaatlantica.pt\/wp-content\/uploads\/2021\/05\/100-088_WinterVinyard_SOAP_b-600x600.jpg 600w, https:\/\/www.companhiaatlantica.pt\/wp-content\/uploads\/2021\/05\/100-088_WinterVinyard_SOAP_b.jpg 1000w\" sizes=\"auto, (max-width: 700px) 100vw, 700px\" title=\"\"><img loading=\"lazy\" decoding=\"async\" width=\"700\" height=\"700\" src=\"https:\/\/www.companhiaatlantica.pt\/wp-content\/uploads\/2021\/05\/100-088_WinterVinyard_SOAP-700x700.jpg\" class=\"attachment-woocommerce_thumbnail size-woocommerce_thumbnail\" alt=\"Winterreben-Seife LIMITED EDITION\" srcset=\"https:\/\/www.companhiaatlantica.pt\/wp-content\/uploads\/2021\/05\/100-088_WinterVinyard_SOAP-700x700.jpg 700w, https:\/\/www.companhiaatlantica.pt\/wp-content\/uploads\/2021\/05\/100-088_WinterVinyard_SOAP-100x100.jpg 100w, https:\/\/www.companhiaatlantica.pt\/wp-content\/uploads\/2021\/05\/100-088_WinterVinyard_SOAP-900x900.jpg 900w, https:\/\/www.companhiaatlantica.pt\/wp-content\/uploads\/2021\/05\/100-088_WinterVinyard_SOAP-300x300.jpg 300w, https:\/\/www.companhiaatlantica.pt\/wp-content\/uploads\/2021\/05\/100-088_WinterVinyard_SOAP-150x150.jpg 150w, https:\/\/www.companhiaatlantica.pt\/wp-content\/uploads\/2021\/05\/100-088_WinterVinyard_SOAP-768x768.jpg 768w, https:\/\/www.companhiaatlantica.pt\/wp-content\/uploads\/2021\/05\/100-088_WinterVinyard_SOAP-600x600.jpg 600w, https:\/\/www.companhiaatlantica.pt\/wp-content\/uploads\/2021\/05\/100-088_WinterVinyard_SOAP.jpg 1000w\" sizes=\"auto, (max-width: 700px) 100vw, 700px\" title=\"\">\t\t\t\t\t\t\t\t\t<\/a>\n\t\t\t\t\t\t\t\t\t\t\t\t\t\t\t\t\t\t \t\t\t\t\t\t\t\t<\/div>\n\t\t\t\t\t\t\t\t<div class=\"image-tools top right show-on-hover\">\n\t\t\t\t\t\t\t\t\t\t\t<div class=\"wishlist-icon\">\n\t\t\t<button class=\"wishlist-button button is-outline circle icon\" aria-label=\"Wunschliste\">\n\t\t\t\t<i class=\"icon-heart\" aria-hidden=\"true\"><\/i>\t\t\t<\/button>\n\t\t\t<div class=\"wishlist-popup dark\">\n\t\t\t\t\n<div\n\tclass=\"yith-wcwl-add-to-wishlist add-to-wishlist-41490 yith-wcwl-add-to-wishlist--button_default-style wishlist-fragment on-first-load\"\n\tdata-fragment-ref=\"41490\"\n\tdata-fragment-options=\"{&quot;base_url&quot;:&quot;&quot;,&quot;product_id&quot;:41490,&quot;parent_product_id&quot;:0,&quot;product_type&quot;:&quot;simple&quot;,&quot;is_single&quot;:false,&quot;in_default_wishlist&quot;:false,&quot;show_view&quot;:false,&quot;browse_wishlist_text&quot;:&quot;Siehe Ihre Wunschliste!&quot;,&quot;already_in_wishslist_text&quot;:&quot;Dieses Produkt steht bereits auf Ihrem Wunschzettel!&quot;,&quot;product_added_text&quot;:&quot;Produto adicionado!&quot;,&quot;available_multi_wishlist&quot;:false,&quot;disable_wishlist&quot;:false,&quot;show_count&quot;:false,&quot;ajax_loading&quot;:false,&quot;loop_position&quot;:&quot;after_add_to_cart&quot;,&quot;item&quot;:&quot;add_to_wishlist&quot;}\"\n>\n\t\t\t\n\t\t\t<!-- ADD TO WISHLIST -->\n\t\t\t\n<div class=\"yith-wcwl-add-button\">\n\t\t<a\n\t\thref=\"?add_to_wishlist=41490&#038;_wpnonce=52d31225f0\"\n\t\tclass=\"add_to_wishlist single_add_to_wishlist alt button theme-button-style \"\n\t\tdata-product-id=\"41490\"\n\t\tdata-product-type=\"simple\"\n\t\tdata-original-product-id=\"0\"\n\t\tdata-title=\"Zu meiner Wunschliste hinzuf\u00fcgen\"\n\t\trel=\"nofollow\"\n\t>\n\t\t<svg id=\"yith-wcwl-icon-heart-outline\" class=\"yith-wcwl-icon-svg\" fill=\"none\" stroke-width=\"1.5\" stroke=\"currentColor\" viewBox=\"0 0 24 24\" xmlns=\"http:\/\/www.w3.org\/2000\/svg\">\n  <path stroke-linecap=\"round\" stroke-linejoin=\"round\" d=\"M21 8.25c0-2.485-2.099-4.5-4.688-4.5-1.935 0-3.597 1.126-4.312 2.733-.715-1.607-2.377-2.733-4.313-2.733C5.1 3.75 3 5.765 3 8.25c0 7.22 9 12 9 12s9-4.78 9-12Z\"><\/path>\n<\/svg>\t\t<span>Zu meiner Wunschliste hinzuf\u00fcgen<\/span>\n\t<\/a>\n<\/div>\n\n\t\t\t<!-- COUNT TEXT -->\n\t\t\t\n\t\t\t<\/div>\n\t\t\t<\/div>\n\t\t<\/div>\n\t\t\t\t\t\t\t\t\t\t<\/div>\n\t\t\t\t\t\t\t\t\t\t\t\t\t\t\t\t\t<div class=\"image-tools grid-tools text-center hide-for-small bottom hover-slide-in show-on-hover\">\n\t\t\t\t\t\t\t\t\t\t\t\t\t\t\t\t\t\t\t<\/div>\n\t\t\t\t\t\t\t\t\t\t\t\t\t\t\t\t\t\t\t\t\t\t\t<\/div>\n\n\t\t\t\t\t\t\t<div class=\"box-text text-center\" >\n\t\t\t\t\t\t\t\t<div class=\"title-wrapper\"><p class=\"name product-title woocommerce-loop-product__title\"><a href=\"https:\/\/www.companhiaatlantica.pt\/de\/produto\/korperbehandlungen\/seifen\/eastern-air\" class=\"woocommerce-LoopProduct-link woocommerce-loop-product__link\">Winterreben-Seife LIMITED EDITION<\/a><\/p><\/div><div class=\"price-wrapper\">\n\t<span class=\"price\"><span class=\"woocommerce-Price-amount amount\"><bdi>6.50<span class=\"woocommerce-Price-currencySymbol\">&euro;<\/span><\/bdi><\/span><\/span>\n<\/div><div class=\"add-to-cart-button\"><a href=\"\/de\/wp-json\/wp\/v2\/pages\/66644?add-to-cart=41490\" aria-describedby=\"woocommerce_loop_add_to_cart_link_describedby_41490\" data-quantity=\"1\" class=\"primary is-small mb-0 button product_type_simple add_to_cart_button ajax_add_to_cart is-outline\" data-product_id=\"41490\" data-product_sku=\"100-088\" aria-label=\"In den Warenkorb legen: \u201eWinterreben-Seife LIMITED EDITION\u201c\" rel=\"nofollow\" data-success_message=\"\u201eWinterreben-Seife LIMITED EDITION\u201c wurde deinem Warenkorb hinzugef\u00fcgt\" data-product_name=\"Winterreben-Seife LIMITED EDITION\" data-product_image=\"https:\/\/www.companhiaatlantica.pt\/wp-content\/uploads\/2021\/05\/100-088_WinterVinyard_SOAP-150x150.jpg\" role=\"button\">In den Warenkorb<\/a><\/div>\t<span id=\"woocommerce_loop_add_to_cart_link_describedby_41490\" class=\"screen-reader-text\">\n\t\t\t<\/span>\n\t\t\t\t\t\t\t<\/div>\n\t\t\t\t\t\t<\/div>\n\t\t\t\t\t\t<\/div>\n\t\t\t\t\t<\/div><div class=\"col\" >\n\t\t\t\t\t\t<div class=\"col-inner\">\n\t\t\t\t\t\t\n<div class=\"badge-container absolute left top z-1\">\n\n<\/div>\n\t\t\t\t\t\t<div class=\"product-small box has-hover box-push box-text-bottom\">\n\t\t\t\t\t\t\t<div class=\"box-image\" >\n\t\t\t\t\t\t\t\t<div class=\"\" >\n\t\t\t\t\t\t\t\t\t<a href=\"https:\/\/www.companhiaatlantica.pt\/de\/produto\/korperbehandlungen\/lippenbalsam\/taschentucher\" aria-label=\"NAMORADOS Lippenbalsam Vanille\">\n\t\t\t\t\t\t\t\t\t\t<img loading=\"lazy\" decoding=\"async\" width=\"700\" height=\"700\" src=\"https:\/\/www.companhiaatlantica.pt\/wp-content\/uploads\/2020\/06\/100-316_2-700x700.jpg\" class=\"show-on-hover absolute fill hide-for-small back-image\" alt=\"Alternative view of NAMORADOS Lippenbalsam Vanille\" aria-hidden=\"true\" srcset=\"https:\/\/www.companhiaatlantica.pt\/wp-content\/uploads\/2020\/06\/100-316_2-700x700.jpg 700w, https:\/\/www.companhiaatlantica.pt\/wp-content\/uploads\/2020\/06\/100-316_2-100x100.jpg 100w, https:\/\/www.companhiaatlantica.pt\/wp-content\/uploads\/2020\/06\/100-316_2-600x600.jpg 600w, https:\/\/www.companhiaatlantica.pt\/wp-content\/uploads\/2020\/06\/100-316_2-300x300.jpg 300w, https:\/\/www.companhiaatlantica.pt\/wp-content\/uploads\/2020\/06\/100-316_2-150x150.jpg 150w, https:\/\/www.companhiaatlantica.pt\/wp-content\/uploads\/2020\/06\/100-316_2-768x768.jpg 768w, https:\/\/www.companhiaatlantica.pt\/wp-content\/uploads\/2020\/06\/100-316_2.jpg 863w\" sizes=\"auto, (max-width: 700px) 100vw, 700px\" title=\"\"><img loading=\"lazy\" decoding=\"async\" width=\"700\" height=\"700\" src=\"https:\/\/www.companhiaatlantica.pt\/wp-content\/uploads\/2020\/06\/100-316_1-700x700.jpg\" class=\"attachment-woocommerce_thumbnail size-woocommerce_thumbnail\" alt=\"NAMORADOS Lippenbalsam Vanille\" srcset=\"https:\/\/www.companhiaatlantica.pt\/wp-content\/uploads\/2020\/06\/100-316_1-700x700.jpg 700w, https:\/\/www.companhiaatlantica.pt\/wp-content\/uploads\/2020\/06\/100-316_1-100x100.jpg 100w, https:\/\/www.companhiaatlantica.pt\/wp-content\/uploads\/2020\/06\/100-316_1-600x600.jpg 600w, https:\/\/www.companhiaatlantica.pt\/wp-content\/uploads\/2020\/06\/100-316_1-300x300.jpg 300w, https:\/\/www.companhiaatlantica.pt\/wp-content\/uploads\/2020\/06\/100-316_1-150x150.jpg 150w, https:\/\/www.companhiaatlantica.pt\/wp-content\/uploads\/2020\/06\/100-316_1-768x768.jpg 768w, https:\/\/www.companhiaatlantica.pt\/wp-content\/uploads\/2020\/06\/100-316_1.jpg 863w\" sizes=\"auto, (max-width: 700px) 100vw, 700px\" title=\"\">\t\t\t\t\t\t\t\t\t<\/a>\n\t\t\t\t\t\t\t\t\t\t\t\t\t\t\t\t\t\t \t\t\t\t\t\t\t\t<\/div>\n\t\t\t\t\t\t\t\t<div class=\"image-tools top right show-on-hover\">\n\t\t\t\t\t\t\t\t\t\t\t<div class=\"wishlist-icon\">\n\t\t\t<button class=\"wishlist-button button is-outline circle icon\" aria-label=\"Wunschliste\">\n\t\t\t\t<i class=\"icon-heart\" aria-hidden=\"true\"><\/i>\t\t\t<\/button>\n\t\t\t<div class=\"wishlist-popup dark\">\n\t\t\t\t\n<div\n\tclass=\"yith-wcwl-add-to-wishlist add-to-wishlist-42126 yith-wcwl-add-to-wishlist--button_default-style wishlist-fragment on-first-load\"\n\tdata-fragment-ref=\"42126\"\n\tdata-fragment-options=\"{&quot;base_url&quot;:&quot;&quot;,&quot;product_id&quot;:42126,&quot;parent_product_id&quot;:0,&quot;product_type&quot;:&quot;simple&quot;,&quot;is_single&quot;:false,&quot;in_default_wishlist&quot;:false,&quot;show_view&quot;:false,&quot;browse_wishlist_text&quot;:&quot;Siehe Ihre Wunschliste!&quot;,&quot;already_in_wishslist_text&quot;:&quot;Dieses Produkt steht bereits auf Ihrem Wunschzettel!&quot;,&quot;product_added_text&quot;:&quot;Produto adicionado!&quot;,&quot;available_multi_wishlist&quot;:false,&quot;disable_wishlist&quot;:false,&quot;show_count&quot;:false,&quot;ajax_loading&quot;:false,&quot;loop_position&quot;:&quot;after_add_to_cart&quot;,&quot;item&quot;:&quot;add_to_wishlist&quot;}\"\n>\n\t\t\t\n\t\t\t<!-- ADD TO WISHLIST -->\n\t\t\t\n<div class=\"yith-wcwl-add-button\">\n\t\t<a\n\t\thref=\"?add_to_wishlist=42126&#038;_wpnonce=52d31225f0\"\n\t\tclass=\"add_to_wishlist single_add_to_wishlist alt button theme-button-style \"\n\t\tdata-product-id=\"42126\"\n\t\tdata-product-type=\"simple\"\n\t\tdata-original-product-id=\"0\"\n\t\tdata-title=\"Zu meiner Wunschliste hinzuf\u00fcgen\"\n\t\trel=\"nofollow\"\n\t>\n\t\t<svg id=\"yith-wcwl-icon-heart-outline\" class=\"yith-wcwl-icon-svg\" fill=\"none\" stroke-width=\"1.5\" stroke=\"currentColor\" viewBox=\"0 0 24 24\" xmlns=\"http:\/\/www.w3.org\/2000\/svg\">\n  <path stroke-linecap=\"round\" stroke-linejoin=\"round\" d=\"M21 8.25c0-2.485-2.099-4.5-4.688-4.5-1.935 0-3.597 1.126-4.312 2.733-.715-1.607-2.377-2.733-4.313-2.733C5.1 3.75 3 5.765 3 8.25c0 7.22 9 12 9 12s9-4.78 9-12Z\"><\/path>\n<\/svg>\t\t<span>Zu meiner Wunschliste hinzuf\u00fcgen<\/span>\n\t<\/a>\n<\/div>\n\n\t\t\t<!-- COUNT TEXT -->\n\t\t\t\n\t\t\t<\/div>\n\t\t\t<\/div>\n\t\t<\/div>\n\t\t\t\t\t\t\t\t\t\t<\/div>\n\t\t\t\t\t\t\t\t\t\t\t\t\t\t\t\t\t<div class=\"image-tools grid-tools text-center hide-for-small bottom hover-slide-in show-on-hover\">\n\t\t\t\t\t\t\t\t\t\t\t\t\t\t\t\t\t\t\t<\/div>\n\t\t\t\t\t\t\t\t\t\t\t\t\t\t\t\t\t\t\t\t\t\t\t<\/div>\n\n\t\t\t\t\t\t\t<div class=\"box-text text-center\" >\n\t\t\t\t\t\t\t\t<div class=\"title-wrapper\"><p class=\"name product-title woocommerce-loop-product__title\"><a href=\"https:\/\/www.companhiaatlantica.pt\/de\/produto\/korperbehandlungen\/lippenbalsam\/taschentucher\" class=\"woocommerce-LoopProduct-link woocommerce-loop-product__link\">NAMORADOS Lippenbalsam Vanille<\/a><\/p><\/div><div class=\"price-wrapper\">\n\t<span class=\"price\"><span class=\"woocommerce-Price-amount amount\"><bdi>7.80<span class=\"woocommerce-Price-currencySymbol\">&euro;<\/span><\/bdi><\/span><\/span>\n<\/div><div class=\"add-to-cart-button\"><a href=\"\/de\/wp-json\/wp\/v2\/pages\/66644?add-to-cart=42126\" aria-describedby=\"woocommerce_loop_add_to_cart_link_describedby_42126\" data-quantity=\"1\" class=\"primary is-small mb-0 button product_type_simple add_to_cart_button ajax_add_to_cart is-outline\" data-product_id=\"42126\" data-product_sku=\"100-316\" aria-label=\"In den Warenkorb legen: \u201eNAMORADOS Lippenbalsam Vanille\u201c\" rel=\"nofollow\" data-success_message=\"\u201eNAMORADOS Lippenbalsam Vanille\u201c wurde deinem Warenkorb hinzugef\u00fcgt\" data-product_name=\"NAMORADOS Lippenbalsam Vanille\" data-product_image=\"https:\/\/www.companhiaatlantica.pt\/wp-content\/uploads\/2020\/06\/100-316_1-150x150.jpg\" role=\"button\">In den Warenkorb<\/a><\/div>\t<span id=\"woocommerce_loop_add_to_cart_link_describedby_42126\" class=\"screen-reader-text\">\n\t\t\t<\/span>\n\t\t\t\t\t\t\t<\/div>\n\t\t\t\t\t\t<\/div>\n\t\t\t\t\t\t<\/div>\n\t\t\t\t\t<\/div><div class=\"col\" >\n\t\t\t\t\t\t<div class=\"col-inner\">\n\t\t\t\t\t\t\n<div class=\"badge-container absolute left top z-1\">\n\n<\/div>\n\t\t\t\t\t\t<div class=\"product-small box has-hover box-push box-text-bottom\">\n\t\t\t\t\t\t\t<div class=\"box-image\" >\n\t\t\t\t\t\t\t\t<div class=\"\" >\n\t\t\t\t\t\t\t\t\t<a href=\"https:\/\/www.companhiaatlantica.pt\/de\/produto\/korperbehandlungen\/handcremes\/art-nouveau-blaue-handcreme\" aria-label=\"ART-NOUVEAU Blaue Handcreme\">\n\t\t\t\t\t\t\t\t\t\t<img loading=\"lazy\" decoding=\"async\" width=\"591\" height=\"600\" src=\"https:\/\/www.companhiaatlantica.pt\/wp-content\/uploads\/2020\/05\/100-075.jpg\" class=\"attachment-woocommerce_thumbnail size-woocommerce_thumbnail\" alt=\"ART-NOUVEAU Blaue Handcreme\" title=\"\">\t\t\t\t\t\t\t\t\t<\/a>\n\t\t\t\t\t\t\t\t\t\t\t\t\t\t\t\t\t\t \t\t\t\t\t\t\t\t<\/div>\n\t\t\t\t\t\t\t\t<div class=\"image-tools top right show-on-hover\">\n\t\t\t\t\t\t\t\t\t\t\t<div class=\"wishlist-icon\">\n\t\t\t<button class=\"wishlist-button button is-outline circle icon\" aria-label=\"Wunschliste\">\n\t\t\t\t<i class=\"icon-heart\" aria-hidden=\"true\"><\/i>\t\t\t<\/button>\n\t\t\t<div class=\"wishlist-popup dark\">\n\t\t\t\t\n<div\n\tclass=\"yith-wcwl-add-to-wishlist add-to-wishlist-42033 yith-wcwl-add-to-wishlist--button_default-style wishlist-fragment on-first-load\"\n\tdata-fragment-ref=\"42033\"\n\tdata-fragment-options=\"{&quot;base_url&quot;:&quot;&quot;,&quot;product_id&quot;:42033,&quot;parent_product_id&quot;:0,&quot;product_type&quot;:&quot;simple&quot;,&quot;is_single&quot;:false,&quot;in_default_wishlist&quot;:false,&quot;show_view&quot;:false,&quot;browse_wishlist_text&quot;:&quot;Siehe Ihre Wunschliste!&quot;,&quot;already_in_wishslist_text&quot;:&quot;Dieses Produkt steht bereits auf Ihrem Wunschzettel!&quot;,&quot;product_added_text&quot;:&quot;Produto adicionado!&quot;,&quot;available_multi_wishlist&quot;:false,&quot;disable_wishlist&quot;:false,&quot;show_count&quot;:false,&quot;ajax_loading&quot;:false,&quot;loop_position&quot;:&quot;after_add_to_cart&quot;,&quot;item&quot;:&quot;add_to_wishlist&quot;}\"\n>\n\t\t\t\n\t\t\t<!-- ADD TO WISHLIST -->\n\t\t\t\n<div class=\"yith-wcwl-add-button\">\n\t\t<a\n\t\thref=\"?add_to_wishlist=42033&#038;_wpnonce=52d31225f0\"\n\t\tclass=\"add_to_wishlist single_add_to_wishlist alt button theme-button-style \"\n\t\tdata-product-id=\"42033\"\n\t\tdata-product-type=\"simple\"\n\t\tdata-original-product-id=\"0\"\n\t\tdata-title=\"Zu meiner Wunschliste hinzuf\u00fcgen\"\n\t\trel=\"nofollow\"\n\t>\n\t\t<svg id=\"yith-wcwl-icon-heart-outline\" class=\"yith-wcwl-icon-svg\" fill=\"none\" stroke-width=\"1.5\" stroke=\"currentColor\" viewBox=\"0 0 24 24\" xmlns=\"http:\/\/www.w3.org\/2000\/svg\">\n  <path stroke-linecap=\"round\" stroke-linejoin=\"round\" d=\"M21 8.25c0-2.485-2.099-4.5-4.688-4.5-1.935 0-3.597 1.126-4.312 2.733-.715-1.607-2.377-2.733-4.313-2.733C5.1 3.75 3 5.765 3 8.25c0 7.22 9 12 9 12s9-4.78 9-12Z\"><\/path>\n<\/svg>\t\t<span>Zu meiner Wunschliste hinzuf\u00fcgen<\/span>\n\t<\/a>\n<\/div>\n\n\t\t\t<!-- COUNT TEXT -->\n\t\t\t\n\t\t\t<\/div>\n\t\t\t<\/div>\n\t\t<\/div>\n\t\t\t\t\t\t\t\t\t\t<\/div>\n\t\t\t\t\t\t\t\t\t\t\t\t\t\t\t\t\t<div class=\"image-tools grid-tools text-center hide-for-small bottom hover-slide-in show-on-hover\">\n\t\t\t\t\t\t\t\t\t\t\t\t\t\t\t\t\t\t\t<\/div>\n\t\t\t\t\t\t\t\t\t\t\t\t\t\t\t\t\t\t\t\t\t\t\t<\/div>\n\n\t\t\t\t\t\t\t<div class=\"box-text text-center\" >\n\t\t\t\t\t\t\t\t<div class=\"title-wrapper\"><p class=\"name product-title woocommerce-loop-product__title\"><a href=\"https:\/\/www.companhiaatlantica.pt\/de\/produto\/korperbehandlungen\/handcremes\/art-nouveau-blaue-handcreme\" class=\"woocommerce-LoopProduct-link woocommerce-loop-product__link\">ART-NOUVEAU Blaue Handcreme<\/a><\/p><\/div><div class=\"price-wrapper\">\n\t<span class=\"price\"><span class=\"woocommerce-Price-amount amount\"><bdi>15.00<span class=\"woocommerce-Price-currencySymbol\">&euro;<\/span><\/bdi><\/span><\/span>\n<\/div><div class=\"add-to-cart-button\"><a href=\"\/de\/wp-json\/wp\/v2\/pages\/66644?add-to-cart=42033\" aria-describedby=\"woocommerce_loop_add_to_cart_link_describedby_42033\" data-quantity=\"1\" class=\"primary is-small mb-0 button product_type_simple add_to_cart_button ajax_add_to_cart is-outline\" data-product_id=\"42033\" data-product_sku=\"100-075\" aria-label=\"In den Warenkorb legen: \u201eART-NOUVEAU Blaue Handcreme\u201c\" rel=\"nofollow\" data-success_message=\"\u201eART-NOUVEAU Blaue Handcreme\u201c wurde deinem Warenkorb hinzugef\u00fcgt\" data-product_name=\"ART-NOUVEAU Blaue Handcreme\" data-product_image=\"https:\/\/www.companhiaatlantica.pt\/wp-content\/uploads\/2020\/05\/100-075.jpg\" role=\"button\">In den Warenkorb<\/a><\/div>\t<span id=\"woocommerce_loop_add_to_cart_link_describedby_42033\" class=\"screen-reader-text\">\n\t\t\t<\/span>\n\t\t\t\t\t\t\t<\/div>\n\t\t\t\t\t\t<\/div>\n\t\t\t\t\t\t<\/div>\n\t\t\t\t\t<\/div><div class=\"col\" >\n\t\t\t\t\t\t<div class=\"col-inner\">\n\t\t\t\t\t\t\n<div class=\"badge-container absolute left top z-1\">\n\n<\/div>\n\t\t\t\t\t\t<div class=\"product-small box has-hover box-push box-text-bottom\">\n\t\t\t\t\t\t\t<div class=\"box-image\" >\n\t\t\t\t\t\t\t\t<div class=\"\" >\n\t\t\t\t\t\t\t\t\t<a href=\"https:\/\/www.companhiaatlantica.pt\/de\/produto\/duftkerzen-diffusoren-fur-zuhause\/mikado-lufterfrischer\/discovery-kits\" aria-label=\"Discovery Kits \u2013 D\u00fcfte der C\u00aaAtl\u00e2ntica-Diffusoren\">\n\t\t\t\t\t\t\t\t\t\t<img loading=\"lazy\" decoding=\"async\" width=\"700\" height=\"700\" src=\"https:\/\/www.companhiaatlantica.pt\/wp-content\/uploads\/2025\/02\/discovery-kit-2-700x700.jpg\" class=\"show-on-hover absolute fill hide-for-small back-image\" alt=\"Alternative view of Discovery Kits \u2013 D\u00fcfte der C\u00aaAtl\u00e2ntica-Diffusoren\" aria-hidden=\"true\" srcset=\"https:\/\/www.companhiaatlantica.pt\/wp-content\/uploads\/2025\/02\/discovery-kit-2-700x700.jpg 700w, https:\/\/www.companhiaatlantica.pt\/wp-content\/uploads\/2025\/02\/discovery-kit-2-100x100.jpg 100w, https:\/\/www.companhiaatlantica.pt\/wp-content\/uploads\/2025\/02\/discovery-kit-2-400x400.jpg 400w, https:\/\/www.companhiaatlantica.pt\/wp-content\/uploads\/2025\/02\/discovery-kit-2-350x350.jpg 350w, https:\/\/www.companhiaatlantica.pt\/wp-content\/uploads\/2025\/02\/discovery-kit-2-768x768.jpg 768w, https:\/\/www.companhiaatlantica.pt\/wp-content\/uploads\/2025\/02\/discovery-kit-2-600x600.jpg 600w, https:\/\/www.companhiaatlantica.pt\/wp-content\/uploads\/2025\/02\/discovery-kit-2.jpg 900w\" sizes=\"auto, (max-width: 700px) 100vw, 700px\" title=\"\"><div class='container-image-and-badge  '><img loading=\"lazy\" decoding=\"async\" width=\"700\" height=\"700\" src=\"https:\/\/www.companhiaatlantica.pt\/wp-content\/uploads\/2025\/02\/discovery-kit-700x700.jpg\" class=\"attachment-woocommerce_thumbnail size-woocommerce_thumbnail\" alt=\"Discovery Kits \u2013 D\u00fcfte der C\u00aaAtl\u00e2ntica-Diffusoren\" srcset=\"https:\/\/www.companhiaatlantica.pt\/wp-content\/uploads\/2025\/02\/discovery-kit-700x700.jpg 700w, https:\/\/www.companhiaatlantica.pt\/wp-content\/uploads\/2025\/02\/discovery-kit-100x100.jpg 100w, https:\/\/www.companhiaatlantica.pt\/wp-content\/uploads\/2025\/02\/discovery-kit-400x400.jpg 400w, https:\/\/www.companhiaatlantica.pt\/wp-content\/uploads\/2025\/02\/discovery-kit-350x350.jpg 350w, https:\/\/www.companhiaatlantica.pt\/wp-content\/uploads\/2025\/02\/discovery-kit-768x768.jpg 768w, https:\/\/www.companhiaatlantica.pt\/wp-content\/uploads\/2025\/02\/discovery-kit-600x600.jpg 600w, https:\/\/www.companhiaatlantica.pt\/wp-content\/uploads\/2025\/02\/discovery-kit.jpg 900w\" sizes=\"auto, (max-width: 700px) 100vw, 700px\" title=\"\">\n<div class='yith-wcbm-badge yith-wcbm-badge-69485 yith-wcbm-badge-text yith-wcbm-badge--on-product-71265 yith-wcbm-badge-text' data-position='{&quot;top&quot;:&quot;0&quot;,&quot;right&quot;:&quot;auto&quot;,&quot;bottom&quot;:&quot;auto&quot;,&quot;left&quot;:&quot;0&quot;}' data-transform=\"\">\n\t<div class='yith-wcbm-badge__wrap'>\n\t\t<div class=\"yith-wcbm-badge-text\"><p style=\"line-height: 16px\"><span style=\"font-size: 13pt\"><strong><span style=\"color: #ffffff\">NEW<\/span><\/strong><\/span><\/p><\/div>\n\t<\/div>\n<\/div>\n<!--yith-wcbm-badge-->\n<\/div><!--container-image-and-badge-->\t\t\t\t\t\t\t\t\t<\/a>\n\t\t\t\t\t\t\t\t\t\t\t\t\t\t\t\t\t\t \t\t\t\t\t\t\t\t<\/div>\n\t\t\t\t\t\t\t\t<div class=\"image-tools top right show-on-hover\">\n\t\t\t\t\t\t\t\t\t\t\t<div class=\"wishlist-icon\">\n\t\t\t<button class=\"wishlist-button button is-outline circle icon\" aria-label=\"Wunschliste\">\n\t\t\t\t<i class=\"icon-heart\" aria-hidden=\"true\"><\/i>\t\t\t<\/button>\n\t\t\t<div class=\"wishlist-popup dark\">\n\t\t\t\t\n<div\n\tclass=\"yith-wcwl-add-to-wishlist add-to-wishlist-71265 yith-wcwl-add-to-wishlist--button_default-style wishlist-fragment on-first-load\"\n\tdata-fragment-ref=\"71265\"\n\tdata-fragment-options=\"{&quot;base_url&quot;:&quot;&quot;,&quot;product_id&quot;:71265,&quot;parent_product_id&quot;:0,&quot;product_type&quot;:&quot;variable&quot;,&quot;is_single&quot;:false,&quot;in_default_wishlist&quot;:false,&quot;show_view&quot;:false,&quot;browse_wishlist_text&quot;:&quot;Siehe Ihre Wunschliste!&quot;,&quot;already_in_wishslist_text&quot;:&quot;Dieses Produkt steht bereits auf Ihrem Wunschzettel!&quot;,&quot;product_added_text&quot;:&quot;Produto adicionado!&quot;,&quot;available_multi_wishlist&quot;:false,&quot;disable_wishlist&quot;:false,&quot;show_count&quot;:false,&quot;ajax_loading&quot;:false,&quot;loop_position&quot;:&quot;after_add_to_cart&quot;,&quot;item&quot;:&quot;add_to_wishlist&quot;}\"\n>\n\t\t\t\n\t\t\t<!-- ADD TO WISHLIST -->\n\t\t\t\n<div class=\"yith-wcwl-add-button\">\n\t\t<a\n\t\thref=\"?add_to_wishlist=71265&#038;_wpnonce=52d31225f0\"\n\t\tclass=\"add_to_wishlist single_add_to_wishlist alt button theme-button-style \"\n\t\tdata-product-id=\"71265\"\n\t\tdata-product-type=\"variable\"\n\t\tdata-original-product-id=\"0\"\n\t\tdata-title=\"Zu meiner Wunschliste hinzuf\u00fcgen\"\n\t\trel=\"nofollow\"\n\t>\n\t\t<svg id=\"yith-wcwl-icon-heart-outline\" class=\"yith-wcwl-icon-svg\" fill=\"none\" stroke-width=\"1.5\" stroke=\"currentColor\" viewBox=\"0 0 24 24\" xmlns=\"http:\/\/www.w3.org\/2000\/svg\">\n  <path stroke-linecap=\"round\" stroke-linejoin=\"round\" d=\"M21 8.25c0-2.485-2.099-4.5-4.688-4.5-1.935 0-3.597 1.126-4.312 2.733-.715-1.607-2.377-2.733-4.313-2.733C5.1 3.75 3 5.765 3 8.25c0 7.22 9 12 9 12s9-4.78 9-12Z\"><\/path>\n<\/svg>\t\t<span>Zu meiner Wunschliste hinzuf\u00fcgen<\/span>\n\t<\/a>\n<\/div>\n\n\t\t\t<!-- COUNT TEXT -->\n\t\t\t\n\t\t\t<\/div>\n\t\t\t<\/div>\n\t\t<\/div>\n\t\t\t\t\t\t\t\t\t\t<\/div>\n\t\t\t\t\t\t\t\t\t\t\t\t\t\t\t\t\t<div class=\"image-tools grid-tools text-center hide-for-small bottom hover-slide-in show-on-hover\">\n\t\t\t\t\t\t\t\t\t\t\t\t\t\t\t\t\t\t\t<\/div>\n\t\t\t\t\t\t\t\t\t\t\t\t\t\t\t\t\t\t\t\t\t\t\t<\/div>\n\n\t\t\t\t\t\t\t<div class=\"box-text text-center\" >\n\t\t\t\t\t\t\t\t<div class=\"title-wrapper\"><p class=\"name product-title woocommerce-loop-product__title\"><a href=\"https:\/\/www.companhiaatlantica.pt\/de\/produto\/duftkerzen-diffusoren-fur-zuhause\/mikado-lufterfrischer\/discovery-kits\" class=\"woocommerce-LoopProduct-link woocommerce-loop-product__link\">Discovery Kits \u2013 D\u00fcfte der C\u00aaAtl\u00e2ntica-Diffusoren<\/a><\/p><\/div><div class=\"price-wrapper\">\n\t<span class=\"price\"><span class=\"woocommerce-Price-amount amount\" aria-hidden=\"true\"><bdi>23.90<span class=\"woocommerce-Price-currencySymbol\">&euro;<\/span><\/bdi><\/span> <span aria-hidden=\"true\"> \u2013 <\/span> <span class=\"woocommerce-Price-amount amount\" aria-hidden=\"true\"><bdi>27.90<span class=\"woocommerce-Price-currencySymbol\">&euro;<\/span><\/bdi><\/span><span class=\"screen-reader-text\">Preisspanne: 23.90&euro; bis 27.90&euro;<\/span><\/span>\n<\/div><div class=\"add-to-cart-button\"><a href=\"https:\/\/www.companhiaatlantica.pt\/de\/produto\/duftkerzen-diffusoren-fur-zuhause\/mikado-lufterfrischer\/discovery-kits\" aria-describedby=\"woocommerce_loop_add_to_cart_link_describedby_71265\" data-quantity=\"1\" class=\"primary is-small mb-0 button product_type_variable add_to_cart_button is-outline\" data-product_id=\"71265\" data-product_sku=\"\" aria-label=\"W\u00e4hle Optionen f\u00fcr \u201eDiscovery Kits \u2013 D\u00fcfte der C\u00aaAtl\u00e2ntica-Diffusoren\u201c\" rel=\"nofollow\" data-product_name=\"Discovery Kits \u2013 D\u00fcfte der C\u00aaAtl\u00e2ntica-Diffusoren\" data-product_image=\"https:\/\/www.companhiaatlantica.pt\/wp-content\/uploads\/2025\/02\/discovery-kit-350x350.jpg\">Ausf\u00fchrung w\u00e4hlen<\/a><\/div>\t<span id=\"woocommerce_loop_add_to_cart_link_describedby_71265\" class=\"screen-reader-text\">\n\t\tDieses Produkt weist mehrere Varianten auf. Die Optionen k\u00f6nnen auf der Produktseite gew\u00e4hlt werden\t<\/span>\n\t\t\t\t\t\t\t<\/div>\n\t\t\t\t\t\t<\/div>\n\t\t\t\t\t\t<\/div>\n\t\t\t\t\t<\/div><div class=\"col\" >\n\t\t\t\t\t\t<div class=\"col-inner\">\n\t\t\t\t\t\t\n<div class=\"badge-container absolute left top z-1\">\n\n<\/div>\n\t\t\t\t\t\t<div class=\"product-small box has-hover box-push box-text-bottom\">\n\t\t\t\t\t\t\t<div class=\"box-image\" >\n\t\t\t\t\t\t\t\t<div class=\"\" >\n\t\t\t\t\t\t\t\t\t<a href=\"https:\/\/www.companhiaatlantica.pt\/de\/produto\/duftkerzen-diffusoren-fur-zuhause\/mikado-lufterfrischer\/sand-ambient-creme-weis-blumen\" aria-label=\"Mikado Lufterfrischer Creme Wei\u00dfe Blumen AREIA\">\n\t\t\t\t\t\t\t\t\t\t<img loading=\"lazy\" decoding=\"async\" width=\"700\" height=\"700\" src=\"https:\/\/www.companhiaatlantica.pt\/wp-content\/uploads\/2021\/05\/difusores_mood-700x700.jpg\" class=\"show-on-hover absolute fill hide-for-small back-image\" alt=\"Alternative view of Mikado Lufterfrischer Creme Wei\u00dfe Blumen AREIA\" aria-hidden=\"true\" srcset=\"https:\/\/www.companhiaatlantica.pt\/wp-content\/uploads\/2021\/05\/difusores_mood-700x700.jpg 700w, https:\/\/www.companhiaatlantica.pt\/wp-content\/uploads\/2021\/05\/difusores_mood-100x100.jpg 100w, https:\/\/www.companhiaatlantica.pt\/wp-content\/uploads\/2021\/05\/difusores_mood-900x900.jpg 900w, https:\/\/www.companhiaatlantica.pt\/wp-content\/uploads\/2021\/05\/difusores_mood-300x300.jpg 300w, https:\/\/www.companhiaatlantica.pt\/wp-content\/uploads\/2021\/05\/difusores_mood-150x150.jpg 150w, https:\/\/www.companhiaatlantica.pt\/wp-content\/uploads\/2021\/05\/difusores_mood-768x768.jpg 768w, https:\/\/www.companhiaatlantica.pt\/wp-content\/uploads\/2021\/05\/difusores_mood-600x600.jpg 600w, https:\/\/www.companhiaatlantica.pt\/wp-content\/uploads\/2021\/05\/difusores_mood.jpg 1000w\" sizes=\"auto, (max-width: 700px) 100vw, 700px\" title=\"\"><img loading=\"lazy\" decoding=\"async\" width=\"700\" height=\"700\" src=\"https:\/\/www.companhiaatlantica.pt\/wp-content\/uploads\/2021\/02\/140-064-1-700x700.jpg\" class=\"attachment-woocommerce_thumbnail size-woocommerce_thumbnail\" alt=\"Mikado Lufterfrischer Creme Wei\u00dfe Blumen AREIA\" srcset=\"https:\/\/www.companhiaatlantica.pt\/wp-content\/uploads\/2021\/02\/140-064-1-700x700.jpg 700w, https:\/\/www.companhiaatlantica.pt\/wp-content\/uploads\/2021\/02\/140-064-1-100x100.jpg 100w, https:\/\/www.companhiaatlantica.pt\/wp-content\/uploads\/2021\/02\/140-064-1-900x900.jpg 900w, https:\/\/www.companhiaatlantica.pt\/wp-content\/uploads\/2021\/02\/140-064-1-300x300.jpg 300w, https:\/\/www.companhiaatlantica.pt\/wp-content\/uploads\/2021\/02\/140-064-1-150x150.jpg 150w, https:\/\/www.companhiaatlantica.pt\/wp-content\/uploads\/2021\/02\/140-064-1-768x768.jpg 768w, https:\/\/www.companhiaatlantica.pt\/wp-content\/uploads\/2021\/02\/140-064-1-600x600.jpg 600w, https:\/\/www.companhiaatlantica.pt\/wp-content\/uploads\/2021\/02\/140-064-1.jpg 1000w\" sizes=\"auto, (max-width: 700px) 100vw, 700px\" title=\"\">\t\t\t\t\t\t\t\t\t<\/a>\n\t\t\t\t\t\t\t\t\t\t\t\t\t\t\t\t\t\t \t\t\t\t\t\t\t\t<\/div>\n\t\t\t\t\t\t\t\t<div class=\"image-tools top right show-on-hover\">\n\t\t\t\t\t\t\t\t\t\t\t<div class=\"wishlist-icon\">\n\t\t\t<button class=\"wishlist-button button is-outline circle icon\" aria-label=\"Wunschliste\">\n\t\t\t\t<i class=\"icon-heart\" aria-hidden=\"true\"><\/i>\t\t\t<\/button>\n\t\t\t<div class=\"wishlist-popup dark\">\n\t\t\t\t\n<div\n\tclass=\"yith-wcwl-add-to-wishlist add-to-wishlist-41584 yith-wcwl-add-to-wishlist--button_default-style wishlist-fragment on-first-load\"\n\tdata-fragment-ref=\"41584\"\n\tdata-fragment-options=\"{&quot;base_url&quot;:&quot;&quot;,&quot;product_id&quot;:41584,&quot;parent_product_id&quot;:0,&quot;product_type&quot;:&quot;simple&quot;,&quot;is_single&quot;:false,&quot;in_default_wishlist&quot;:false,&quot;show_view&quot;:false,&quot;browse_wishlist_text&quot;:&quot;Siehe Ihre Wunschliste!&quot;,&quot;already_in_wishslist_text&quot;:&quot;Dieses Produkt steht bereits auf Ihrem Wunschzettel!&quot;,&quot;product_added_text&quot;:&quot;Produto adicionado!&quot;,&quot;available_multi_wishlist&quot;:false,&quot;disable_wishlist&quot;:false,&quot;show_count&quot;:false,&quot;ajax_loading&quot;:false,&quot;loop_position&quot;:&quot;after_add_to_cart&quot;,&quot;item&quot;:&quot;add_to_wishlist&quot;}\"\n>\n\t\t\t\n\t\t\t<!-- ADD TO WISHLIST -->\n\t\t\t\n<div class=\"yith-wcwl-add-button\">\n\t\t<a\n\t\thref=\"?add_to_wishlist=41584&#038;_wpnonce=52d31225f0\"\n\t\tclass=\"add_to_wishlist single_add_to_wishlist alt button theme-button-style \"\n\t\tdata-product-id=\"41584\"\n\t\tdata-product-type=\"simple\"\n\t\tdata-original-product-id=\"0\"\n\t\tdata-title=\"Zu meiner Wunschliste hinzuf\u00fcgen\"\n\t\trel=\"nofollow\"\n\t>\n\t\t<svg id=\"yith-wcwl-icon-heart-outline\" class=\"yith-wcwl-icon-svg\" fill=\"none\" stroke-width=\"1.5\" stroke=\"currentColor\" viewBox=\"0 0 24 24\" xmlns=\"http:\/\/www.w3.org\/2000\/svg\">\n  <path stroke-linecap=\"round\" stroke-linejoin=\"round\" d=\"M21 8.25c0-2.485-2.099-4.5-4.688-4.5-1.935 0-3.597 1.126-4.312 2.733-.715-1.607-2.377-2.733-4.313-2.733C5.1 3.75 3 5.765 3 8.25c0 7.22 9 12 9 12s9-4.78 9-12Z\"><\/path>\n<\/svg>\t\t<span>Zu meiner Wunschliste hinzuf\u00fcgen<\/span>\n\t<\/a>\n<\/div>\n\n\t\t\t<!-- COUNT TEXT -->\n\t\t\t\n\t\t\t<\/div>\n\t\t\t<\/div>\n\t\t<\/div>\n\t\t\t\t\t\t\t\t\t\t<\/div>\n\t\t\t\t\t\t\t\t\t\t\t\t\t\t\t\t\t<div class=\"image-tools grid-tools text-center hide-for-small bottom hover-slide-in show-on-hover\">\n\t\t\t\t\t\t\t\t\t\t\t\t\t\t\t\t\t\t\t<\/div>\n\t\t\t\t\t\t\t\t\t\t\t\t\t\t\t\t\t\t\t\t\t\t\t<\/div>\n\n\t\t\t\t\t\t\t<div class=\"box-text text-center\" >\n\t\t\t\t\t\t\t\t<div class=\"title-wrapper\"><p class=\"name product-title woocommerce-loop-product__title\"><a href=\"https:\/\/www.companhiaatlantica.pt\/de\/produto\/duftkerzen-diffusoren-fur-zuhause\/mikado-lufterfrischer\/sand-ambient-creme-weis-blumen\" class=\"woocommerce-LoopProduct-link woocommerce-loop-product__link\">Mikado Lufterfrischer Creme Wei\u00dfe Blumen AREIA<\/a><\/p><\/div><div class=\"price-wrapper\">\n\t<span class=\"price\"><span class=\"woocommerce-Price-amount amount\"><bdi>12.95<span class=\"woocommerce-Price-currencySymbol\">&euro;<\/span><\/bdi><\/span><\/span>\n<\/div><div class=\"add-to-cart-button\"><a href=\"\/de\/wp-json\/wp\/v2\/pages\/66644?add-to-cart=41584\" aria-describedby=\"woocommerce_loop_add_to_cart_link_describedby_41584\" data-quantity=\"1\" class=\"primary is-small mb-0 button product_type_simple add_to_cart_button ajax_add_to_cart is-outline\" data-product_id=\"41584\" data-product_sku=\"140-064\" aria-label=\"In den Warenkorb legen: \u201eMikado Lufterfrischer Creme Wei\u00dfe Blumen AREIA\u201c\" rel=\"nofollow\" data-success_message=\"\u201eMikado Lufterfrischer Creme Wei\u00dfe Blumen AREIA\u201c wurde deinem Warenkorb hinzugef\u00fcgt\" data-product_name=\"Mikado Lufterfrischer Creme Wei\u00dfe Blumen AREIA\" data-product_image=\"https:\/\/www.companhiaatlantica.pt\/wp-content\/uploads\/2021\/02\/140-064-1-150x150.jpg\" role=\"button\">In den Warenkorb<\/a><\/div>\t<span id=\"woocommerce_loop_add_to_cart_link_describedby_41584\" class=\"screen-reader-text\">\n\t\t\t<\/span>\n\t\t\t\t\t\t\t<\/div>\n\t\t\t\t\t\t<\/div>\n\t\t\t\t\t\t<\/div>\n\t\t\t\t\t<\/div><div class=\"col\" >\n\t\t\t\t\t\t<div class=\"col-inner\">\n\t\t\t\t\t\t\n<div class=\"badge-container absolute left top z-1\">\n\n<\/div>\n\t\t\t\t\t\t<div class=\"product-small box has-hover box-push box-text-bottom\">\n\t\t\t\t\t\t\t<div class=\"box-image\" >\n\t\t\t\t\t\t\t\t<div class=\"\" >\n\t\t\t\t\t\t\t\t\t<a href=\"https:\/\/www.companhiaatlantica.pt\/de\/produto\/korperbehandlungen\/seifen\/seifennagel-galica\" aria-label=\"GALICA PINK Seife\">\n\t\t\t\t\t\t\t\t\t\t<img loading=\"lazy\" decoding=\"async\" width=\"700\" height=\"700\" src=\"https:\/\/www.companhiaatlantica.pt\/wp-content\/uploads\/2022\/11\/100-042-700x700.jpg\" class=\"attachment-woocommerce_thumbnail size-woocommerce_thumbnail\" alt=\"GALICA PINK Seife\" srcset=\"https:\/\/www.companhiaatlantica.pt\/wp-content\/uploads\/2022\/11\/100-042-700x700.jpg 700w, https:\/\/www.companhiaatlantica.pt\/wp-content\/uploads\/2022\/11\/100-042-100x100.jpg 100w, https:\/\/www.companhiaatlantica.pt\/wp-content\/uploads\/2022\/11\/100-042-150x150.jpg 150w, https:\/\/www.companhiaatlantica.pt\/wp-content\/uploads\/2022\/11\/100-042-300x300.jpg 300w\" sizes=\"auto, (max-width: 700px) 100vw, 700px\" title=\"\">\t\t\t\t\t\t\t\t\t<\/a>\n\t\t\t\t\t\t\t\t\t\t\t\t\t\t\t\t\t\t \t\t\t\t\t\t\t\t<\/div>\n\t\t\t\t\t\t\t\t<div class=\"image-tools top right show-on-hover\">\n\t\t\t\t\t\t\t\t\t\t\t<div class=\"wishlist-icon\">\n\t\t\t<button class=\"wishlist-button button is-outline circle icon\" aria-label=\"Wunschliste\">\n\t\t\t\t<i class=\"icon-heart\" aria-hidden=\"true\"><\/i>\t\t\t<\/button>\n\t\t\t<div class=\"wishlist-popup dark\">\n\t\t\t\t\n<div\n\tclass=\"yith-wcwl-add-to-wishlist add-to-wishlist-40930 yith-wcwl-add-to-wishlist--button_default-style wishlist-fragment on-first-load\"\n\tdata-fragment-ref=\"40930\"\n\tdata-fragment-options=\"{&quot;base_url&quot;:&quot;&quot;,&quot;product_id&quot;:40930,&quot;parent_product_id&quot;:0,&quot;product_type&quot;:&quot;simple&quot;,&quot;is_single&quot;:false,&quot;in_default_wishlist&quot;:false,&quot;show_view&quot;:false,&quot;browse_wishlist_text&quot;:&quot;Siehe Ihre Wunschliste!&quot;,&quot;already_in_wishslist_text&quot;:&quot;Dieses Produkt steht bereits auf Ihrem Wunschzettel!&quot;,&quot;product_added_text&quot;:&quot;Produto adicionado!&quot;,&quot;available_multi_wishlist&quot;:false,&quot;disable_wishlist&quot;:false,&quot;show_count&quot;:false,&quot;ajax_loading&quot;:false,&quot;loop_position&quot;:&quot;after_add_to_cart&quot;,&quot;item&quot;:&quot;add_to_wishlist&quot;}\"\n>\n\t\t\t\n\t\t\t<!-- ADD TO WISHLIST -->\n\t\t\t\n<div class=\"yith-wcwl-add-button\">\n\t\t<a\n\t\thref=\"?add_to_wishlist=40930&#038;_wpnonce=52d31225f0\"\n\t\tclass=\"add_to_wishlist single_add_to_wishlist alt button theme-button-style \"\n\t\tdata-product-id=\"40930\"\n\t\tdata-product-type=\"simple\"\n\t\tdata-original-product-id=\"0\"\n\t\tdata-title=\"Zu meiner Wunschliste hinzuf\u00fcgen\"\n\t\trel=\"nofollow\"\n\t>\n\t\t<svg id=\"yith-wcwl-icon-heart-outline\" class=\"yith-wcwl-icon-svg\" fill=\"none\" stroke-width=\"1.5\" stroke=\"currentColor\" viewBox=\"0 0 24 24\" xmlns=\"http:\/\/www.w3.org\/2000\/svg\">\n  <path stroke-linecap=\"round\" stroke-linejoin=\"round\" d=\"M21 8.25c0-2.485-2.099-4.5-4.688-4.5-1.935 0-3.597 1.126-4.312 2.733-.715-1.607-2.377-2.733-4.313-2.733C5.1 3.75 3 5.765 3 8.25c0 7.22 9 12 9 12s9-4.78 9-12Z\"><\/path>\n<\/svg>\t\t<span>Zu meiner Wunschliste hinzuf\u00fcgen<\/span>\n\t<\/a>\n<\/div>\n\n\t\t\t<!-- COUNT TEXT -->\n\t\t\t\n\t\t\t<\/div>\n\t\t\t<\/div>\n\t\t<\/div>\n\t\t\t\t\t\t\t\t\t\t<\/div>\n\t\t\t\t\t\t\t\t\t\t\t\t\t\t\t\t\t<div class=\"image-tools grid-tools text-center hide-for-small bottom hover-slide-in show-on-hover\">\n\t\t\t\t\t\t\t\t\t\t\t\t\t\t\t\t\t\t\t<\/div>\n\t\t\t\t\t\t\t\t\t\t\t\t\t\t\t\t\t\t\t\t\t\t\t<\/div>\n\n\t\t\t\t\t\t\t<div class=\"box-text text-center\" >\n\t\t\t\t\t\t\t\t<div class=\"title-wrapper\"><p class=\"name product-title woocommerce-loop-product__title\"><a href=\"https:\/\/www.companhiaatlantica.pt\/de\/produto\/korperbehandlungen\/seifen\/seifennagel-galica\" class=\"woocommerce-LoopProduct-link woocommerce-loop-product__link\">GALICA PINK Seife<\/a><\/p><\/div><div class=\"price-wrapper\">\n\t<span class=\"price\"><span class=\"woocommerce-Price-amount amount\"><bdi>7.00<span class=\"woocommerce-Price-currencySymbol\">&euro;<\/span><\/bdi><\/span><\/span>\n<\/div><div class=\"add-to-cart-button\"><a href=\"\/de\/wp-json\/wp\/v2\/pages\/66644?add-to-cart=40930\" aria-describedby=\"woocommerce_loop_add_to_cart_link_describedby_40930\" data-quantity=\"1\" class=\"primary is-small mb-0 button product_type_simple add_to_cart_button ajax_add_to_cart is-outline\" data-product_id=\"40930\" data-product_sku=\"100-042\" aria-label=\"In den Warenkorb legen: \u201eGALICA PINK Seife\u201c\" rel=\"nofollow\" data-success_message=\"\u201eGALICA PINK Seife\u201c wurde deinem Warenkorb hinzugef\u00fcgt\" data-product_name=\"GALICA PINK Seife\" data-product_image=\"https:\/\/www.companhiaatlantica.pt\/wp-content\/uploads\/2022\/11\/100-042-150x150.jpg\" role=\"button\">In den Warenkorb<\/a><\/div>\t<span id=\"woocommerce_loop_add_to_cart_link_describedby_40930\" class=\"screen-reader-text\">\n\t\t\t<\/span>\n\t\t\t\t\t\t\t<\/div>\n\t\t\t\t\t\t<\/div>\n\t\t\t\t\t\t<\/div>\n\t\t\t\t\t<\/div><div class=\"col\" >\n\t\t\t\t\t\t<div class=\"col-inner\">\n\t\t\t\t\t\t\n<div class=\"badge-container absolute left top z-1\">\n\n<\/div>\n\t\t\t\t\t\t<div class=\"product-small box has-hover box-push box-text-bottom\">\n\t\t\t\t\t\t\t<div class=\"box-image\" >\n\t\t\t\t\t\t\t\t<div class=\"\" >\n\t\t\t\t\t\t\t\t\t<a href=\"https:\/\/www.companhiaatlantica.pt\/de\/produto\/duftkerzen-diffusoren-fur-zuhause\/mikado-lufterfrischer\/diffusor-areia-100ml\" aria-label=\"Diffusor AREIA 100ml\">\n\t\t\t\t\t\t\t\t\t\t<img loading=\"lazy\" decoding=\"async\" width=\"700\" height=\"700\" src=\"https:\/\/www.companhiaatlantica.pt\/wp-content\/uploads\/2026\/03\/140-088_2_a-700x700.jpg\" class=\"show-on-hover absolute fill hide-for-small back-image\" alt=\"Alternative view of Diffusor AREIA 100ml\" aria-hidden=\"true\" srcset=\"https:\/\/www.companhiaatlantica.pt\/wp-content\/uploads\/2026\/03\/140-088_2_a-700x700.jpg 700w, https:\/\/www.companhiaatlantica.pt\/wp-content\/uploads\/2026\/03\/140-088_2_a-400x400.jpg 400w, https:\/\/www.companhiaatlantica.pt\/wp-content\/uploads\/2026\/03\/140-088_2_a-350x350.jpg 350w, https:\/\/www.companhiaatlantica.pt\/wp-content\/uploads\/2026\/03\/140-088_2_a-768x768.jpg 768w, https:\/\/www.companhiaatlantica.pt\/wp-content\/uploads\/2026\/03\/140-088_2_a-900x900.jpg 900w, https:\/\/www.companhiaatlantica.pt\/wp-content\/uploads\/2026\/03\/140-088_2_a-100x100.jpg 100w, https:\/\/www.companhiaatlantica.pt\/wp-content\/uploads\/2026\/03\/140-088_2_a.jpg 1000w\" sizes=\"auto, (max-width: 700px) 100vw, 700px\" title=\"\"><img loading=\"lazy\" decoding=\"async\" width=\"700\" height=\"700\" src=\"https:\/\/www.companhiaatlantica.pt\/wp-content\/uploads\/2026\/03\/areia-1-700x700.jpg\" class=\"attachment-woocommerce_thumbnail size-woocommerce_thumbnail\" alt=\"Diffusor AREIA 100ml\" srcset=\"https:\/\/www.companhiaatlantica.pt\/wp-content\/uploads\/2026\/03\/areia-1-700x700.jpg 700w, https:\/\/www.companhiaatlantica.pt\/wp-content\/uploads\/2026\/03\/areia-1-400x400.jpg 400w, https:\/\/www.companhiaatlantica.pt\/wp-content\/uploads\/2026\/03\/areia-1-350x350.jpg 350w, https:\/\/www.companhiaatlantica.pt\/wp-content\/uploads\/2026\/03\/areia-1-768x768.jpg 768w, https:\/\/www.companhiaatlantica.pt\/wp-content\/uploads\/2026\/03\/areia-1-900x900.jpg 900w, https:\/\/www.companhiaatlantica.pt\/wp-content\/uploads\/2026\/03\/areia-1-100x100.jpg 100w, https:\/\/www.companhiaatlantica.pt\/wp-content\/uploads\/2026\/03\/areia-1.jpg 1000w\" sizes=\"auto, (max-width: 700px) 100vw, 700px\" title=\"\">\t\t\t\t\t\t\t\t\t<\/a>\n\t\t\t\t\t\t\t\t\t\t\t\t\t\t\t\t\t\t \t\t\t\t\t\t\t\t<\/div>\n\t\t\t\t\t\t\t\t<div class=\"image-tools top right show-on-hover\">\n\t\t\t\t\t\t\t\t\t\t\t<div class=\"wishlist-icon\">\n\t\t\t<button class=\"wishlist-button button is-outline circle icon\" aria-label=\"Wunschliste\">\n\t\t\t\t<i class=\"icon-heart\" aria-hidden=\"true\"><\/i>\t\t\t<\/button>\n\t\t\t<div class=\"wishlist-popup dark\">\n\t\t\t\t\n<div\n\tclass=\"yith-wcwl-add-to-wishlist add-to-wishlist-86803 yith-wcwl-add-to-wishlist--button_default-style wishlist-fragment on-first-load\"\n\tdata-fragment-ref=\"86803\"\n\tdata-fragment-options=\"{&quot;base_url&quot;:&quot;&quot;,&quot;product_id&quot;:86803,&quot;parent_product_id&quot;:0,&quot;product_type&quot;:&quot;variable&quot;,&quot;is_single&quot;:false,&quot;in_default_wishlist&quot;:false,&quot;show_view&quot;:false,&quot;browse_wishlist_text&quot;:&quot;Siehe Ihre Wunschliste!&quot;,&quot;already_in_wishslist_text&quot;:&quot;Dieses Produkt steht bereits auf Ihrem Wunschzettel!&quot;,&quot;product_added_text&quot;:&quot;Produto adicionado!&quot;,&quot;available_multi_wishlist&quot;:false,&quot;disable_wishlist&quot;:false,&quot;show_count&quot;:false,&quot;ajax_loading&quot;:false,&quot;loop_position&quot;:&quot;after_add_to_cart&quot;,&quot;item&quot;:&quot;add_to_wishlist&quot;}\"\n>\n\t\t\t\n\t\t\t<!-- ADD TO WISHLIST -->\n\t\t\t\n<div class=\"yith-wcwl-add-button\">\n\t\t<a\n\t\thref=\"?add_to_wishlist=86803&#038;_wpnonce=52d31225f0\"\n\t\tclass=\"add_to_wishlist single_add_to_wishlist alt button theme-button-style \"\n\t\tdata-product-id=\"86803\"\n\t\tdata-product-type=\"variable\"\n\t\tdata-original-product-id=\"0\"\n\t\tdata-title=\"Zu meiner Wunschliste hinzuf\u00fcgen\"\n\t\trel=\"nofollow\"\n\t>\n\t\t<svg id=\"yith-wcwl-icon-heart-outline\" class=\"yith-wcwl-icon-svg\" fill=\"none\" stroke-width=\"1.5\" stroke=\"currentColor\" viewBox=\"0 0 24 24\" xmlns=\"http:\/\/www.w3.org\/2000\/svg\">\n  <path stroke-linecap=\"round\" stroke-linejoin=\"round\" d=\"M21 8.25c0-2.485-2.099-4.5-4.688-4.5-1.935 0-3.597 1.126-4.312 2.733-.715-1.607-2.377-2.733-4.313-2.733C5.1 3.75 3 5.765 3 8.25c0 7.22 9 12 9 12s9-4.78 9-12Z\"><\/path>\n<\/svg>\t\t<span>Zu meiner Wunschliste hinzuf\u00fcgen<\/span>\n\t<\/a>\n<\/div>\n\n\t\t\t<!-- COUNT TEXT -->\n\t\t\t\n\t\t\t<\/div>\n\t\t\t<\/div>\n\t\t<\/div>\n\t\t\t\t\t\t\t\t\t\t<\/div>\n\t\t\t\t\t\t\t\t\t\t\t\t\t\t\t\t\t<div class=\"image-tools grid-tools text-center hide-for-small bottom hover-slide-in show-on-hover\">\n\t\t\t\t\t\t\t\t\t\t\t\t\t\t\t\t\t\t\t<\/div>\n\t\t\t\t\t\t\t\t\t\t\t\t\t\t\t\t\t\t\t\t\t\t\t<\/div>\n\n\t\t\t\t\t\t\t<div class=\"box-text text-center\" >\n\t\t\t\t\t\t\t\t<div class=\"title-wrapper\"><p class=\"name product-title woocommerce-loop-product__title\"><a href=\"https:\/\/www.companhiaatlantica.pt\/de\/produto\/duftkerzen-diffusoren-fur-zuhause\/mikado-lufterfrischer\/diffusor-areia-100ml\" class=\"woocommerce-LoopProduct-link woocommerce-loop-product__link\">Diffusor AREIA 100ml<\/a><\/p><\/div><div class=\"price-wrapper\">\n\t<span class=\"price\"><span class=\"woocommerce-Price-amount amount\"><bdi>6.90<span class=\"woocommerce-Price-currencySymbol\">&euro;<\/span><\/bdi><\/span><\/span>\n<\/div><div class=\"add-to-cart-button\"><a href=\"https:\/\/www.companhiaatlantica.pt\/de\/produto\/duftkerzen-diffusoren-fur-zuhause\/mikado-lufterfrischer\/diffusor-areia-100ml\" aria-describedby=\"woocommerce_loop_add_to_cart_link_describedby_86803\" data-quantity=\"1\" class=\"primary is-small mb-0 button product_type_variable add_to_cart_button is-outline\" data-product_id=\"86803\" data-product_sku=\"\" aria-label=\"W\u00e4hle Optionen f\u00fcr \u201eDiffusor AREIA 100ml\u201c\" rel=\"nofollow\" data-product_name=\"Diffusor AREIA 100ml\" data-product_image=\"https:\/\/www.companhiaatlantica.pt\/wp-content\/uploads\/2026\/03\/areia-1-350x350.jpg\">Ausf\u00fchrung w\u00e4hlen<\/a><\/div>\t<span id=\"woocommerce_loop_add_to_cart_link_describedby_86803\" class=\"screen-reader-text\">\n\t\tDieses Produkt weist mehrere Varianten auf. Die Optionen k\u00f6nnen auf der Produktseite gew\u00e4hlt werden\t<\/span>\n\t\t\t\t\t\t\t<\/div>\n\t\t\t\t\t\t<\/div>\n\t\t\t\t\t\t<\/div>\n\t\t\t\t\t<\/div><div class=\"col\" >\n\t\t\t\t\t\t<div class=\"col-inner\">\n\t\t\t\t\t\t\n<div class=\"badge-container absolute left top z-1\">\n\n<\/div>\n\t\t\t\t\t\t<div class=\"product-small box has-hover box-push box-text-bottom\">\n\t\t\t\t\t\t\t<div class=\"box-image\" >\n\t\t\t\t\t\t\t\t<div class=\"\" >\n\t\t\t\t\t\t\t\t\t<a href=\"https:\/\/www.companhiaatlantica.pt\/de\/produto\/korperbehandlungen\/handcremes\/handcreme-mit-eisenkraut-versailles\" aria-label=\"Handcreme mit Eisenkraut VERSAILLES\">\n\t\t\t\t\t\t\t\t\t\t<img loading=\"lazy\" decoding=\"async\" width=\"700\" height=\"700\" src=\"https:\/\/www.companhiaatlantica.pt\/wp-content\/uploads\/2021\/09\/100-168-700x700.jpg\" class=\"show-on-hover absolute fill hide-for-small back-image\" alt=\"Alternative view of Handcreme mit Eisenkraut VERSAILLES\" aria-hidden=\"true\" srcset=\"https:\/\/www.companhiaatlantica.pt\/wp-content\/uploads\/2021\/09\/100-168-700x700.jpg 700w, https:\/\/www.companhiaatlantica.pt\/wp-content\/uploads\/2021\/09\/100-168-100x100.jpg 100w, https:\/\/www.companhiaatlantica.pt\/wp-content\/uploads\/2021\/09\/100-168-900x900.jpg 900w, https:\/\/www.companhiaatlantica.pt\/wp-content\/uploads\/2021\/09\/100-168-300x300.jpg 300w, https:\/\/www.companhiaatlantica.pt\/wp-content\/uploads\/2021\/09\/100-168-150x150.jpg 150w, https:\/\/www.companhiaatlantica.pt\/wp-content\/uploads\/2021\/09\/100-168-768x768.jpg 768w, https:\/\/www.companhiaatlantica.pt\/wp-content\/uploads\/2021\/09\/100-168-600x600.jpg 600w, https:\/\/www.companhiaatlantica.pt\/wp-content\/uploads\/2021\/09\/100-168.jpg 1000w\" sizes=\"auto, (max-width: 700px) 100vw, 700px\" title=\"\"><img loading=\"lazy\" decoding=\"async\" width=\"700\" height=\"700\" src=\"https:\/\/www.companhiaatlantica.pt\/wp-content\/uploads\/2021\/09\/100-168_2-700x700.jpg\" class=\"attachment-woocommerce_thumbnail size-woocommerce_thumbnail\" alt=\"Handcreme mit Eisenkraut VERSAILLES\" srcset=\"https:\/\/www.companhiaatlantica.pt\/wp-content\/uploads\/2021\/09\/100-168_2-700x700.jpg 700w, https:\/\/www.companhiaatlantica.pt\/wp-content\/uploads\/2021\/09\/100-168_2-100x100.jpg 100w, https:\/\/www.companhiaatlantica.pt\/wp-content\/uploads\/2021\/09\/100-168_2-900x900.jpg 900w, https:\/\/www.companhiaatlantica.pt\/wp-content\/uploads\/2021\/09\/100-168_2-300x300.jpg 300w, https:\/\/www.companhiaatlantica.pt\/wp-content\/uploads\/2021\/09\/100-168_2-150x150.jpg 150w, https:\/\/www.companhiaatlantica.pt\/wp-content\/uploads\/2021\/09\/100-168_2-768x768.jpg 768w, https:\/\/www.companhiaatlantica.pt\/wp-content\/uploads\/2021\/09\/100-168_2-600x600.jpg 600w, https:\/\/www.companhiaatlantica.pt\/wp-content\/uploads\/2021\/09\/100-168_2.jpg 1000w\" sizes=\"auto, (max-width: 700px) 100vw, 700px\" title=\"\">\t\t\t\t\t\t\t\t\t<\/a>\n\t\t\t\t\t\t\t\t\t\t\t\t\t\t\t\t\t\t \t\t\t\t\t\t\t\t<\/div>\n\t\t\t\t\t\t\t\t<div class=\"image-tools top right show-on-hover\">\n\t\t\t\t\t\t\t\t\t\t\t<div class=\"wishlist-icon\">\n\t\t\t<button class=\"wishlist-button button is-outline circle icon\" aria-label=\"Wunschliste\">\n\t\t\t\t<i class=\"icon-heart\" aria-hidden=\"true\"><\/i>\t\t\t<\/button>\n\t\t\t<div class=\"wishlist-popup dark\">\n\t\t\t\t\n<div\n\tclass=\"yith-wcwl-add-to-wishlist add-to-wishlist-41978 yith-wcwl-add-to-wishlist--button_default-style wishlist-fragment on-first-load\"\n\tdata-fragment-ref=\"41978\"\n\tdata-fragment-options=\"{&quot;base_url&quot;:&quot;&quot;,&quot;product_id&quot;:41978,&quot;parent_product_id&quot;:0,&quot;product_type&quot;:&quot;simple&quot;,&quot;is_single&quot;:false,&quot;in_default_wishlist&quot;:false,&quot;show_view&quot;:false,&quot;browse_wishlist_text&quot;:&quot;Siehe Ihre Wunschliste!&quot;,&quot;already_in_wishslist_text&quot;:&quot;Dieses Produkt steht bereits auf Ihrem Wunschzettel!&quot;,&quot;product_added_text&quot;:&quot;Produto adicionado!&quot;,&quot;available_multi_wishlist&quot;:false,&quot;disable_wishlist&quot;:false,&quot;show_count&quot;:false,&quot;ajax_loading&quot;:false,&quot;loop_position&quot;:&quot;after_add_to_cart&quot;,&quot;item&quot;:&quot;add_to_wishlist&quot;}\"\n>\n\t\t\t\n\t\t\t<!-- ADD TO WISHLIST -->\n\t\t\t\n<div class=\"yith-wcwl-add-button\">\n\t\t<a\n\t\thref=\"?add_to_wishlist=41978&#038;_wpnonce=52d31225f0\"\n\t\tclass=\"add_to_wishlist single_add_to_wishlist alt button theme-button-style \"\n\t\tdata-product-id=\"41978\"\n\t\tdata-product-type=\"simple\"\n\t\tdata-original-product-id=\"0\"\n\t\tdata-title=\"Zu meiner Wunschliste hinzuf\u00fcgen\"\n\t\trel=\"nofollow\"\n\t>\n\t\t<svg id=\"yith-wcwl-icon-heart-outline\" class=\"yith-wcwl-icon-svg\" fill=\"none\" stroke-width=\"1.5\" stroke=\"currentColor\" viewBox=\"0 0 24 24\" xmlns=\"http:\/\/www.w3.org\/2000\/svg\">\n  <path stroke-linecap=\"round\" stroke-linejoin=\"round\" d=\"M21 8.25c0-2.485-2.099-4.5-4.688-4.5-1.935 0-3.597 1.126-4.312 2.733-.715-1.607-2.377-2.733-4.313-2.733C5.1 3.75 3 5.765 3 8.25c0 7.22 9 12 9 12s9-4.78 9-12Z\"><\/path>\n<\/svg>\t\t<span>Zu meiner Wunschliste hinzuf\u00fcgen<\/span>\n\t<\/a>\n<\/div>\n\n\t\t\t<!-- COUNT TEXT -->\n\t\t\t\n\t\t\t<\/div>\n\t\t\t<\/div>\n\t\t<\/div>\n\t\t\t\t\t\t\t\t\t\t<\/div>\n\t\t\t\t\t\t\t\t\t\t\t\t\t\t\t\t\t<div class=\"image-tools grid-tools text-center hide-for-small bottom hover-slide-in show-on-hover\">\n\t\t\t\t\t\t\t\t\t\t\t\t\t\t\t\t\t\t\t<\/div>\n\t\t\t\t\t\t\t\t\t\t\t\t\t\t\t\t\t\t\t\t\t\t\t<\/div>\n\n\t\t\t\t\t\t\t<div class=\"box-text text-center\" >\n\t\t\t\t\t\t\t\t<div class=\"title-wrapper\"><p class=\"name product-title woocommerce-loop-product__title\"><a href=\"https:\/\/www.companhiaatlantica.pt\/de\/produto\/korperbehandlungen\/handcremes\/handcreme-mit-eisenkraut-versailles\" class=\"woocommerce-LoopProduct-link woocommerce-loop-product__link\">Handcreme mit Eisenkraut VERSAILLES<\/a><\/p><\/div><div class=\"price-wrapper\">\n\t<span class=\"price\"><span class=\"woocommerce-Price-amount amount\"><bdi>8.00<span class=\"woocommerce-Price-currencySymbol\">&euro;<\/span><\/bdi><\/span><\/span>\n<\/div><div class=\"add-to-cart-button\"><a href=\"\/de\/wp-json\/wp\/v2\/pages\/66644?add-to-cart=41978\" aria-describedby=\"woocommerce_loop_add_to_cart_link_describedby_41978\" data-quantity=\"1\" class=\"primary is-small mb-0 button product_type_simple add_to_cart_button ajax_add_to_cart is-outline\" data-product_id=\"41978\" data-product_sku=\"100-168\" aria-label=\"In den Warenkorb legen: \u201eHandcreme mit Eisenkraut VERSAILLES\u201c\" rel=\"nofollow\" data-success_message=\"\u201eHandcreme mit Eisenkraut VERSAILLES\u201c wurde deinem Warenkorb hinzugef\u00fcgt\" data-product_name=\"Handcreme mit Eisenkraut VERSAILLES\" data-product_image=\"https:\/\/www.companhiaatlantica.pt\/wp-content\/uploads\/2021\/09\/100-168_2-150x150.jpg\" role=\"button\">In den Warenkorb<\/a><\/div>\t<span id=\"woocommerce_loop_add_to_cart_link_describedby_41978\" class=\"screen-reader-text\">\n\t\t\t<\/span>\n\t\t\t\t\t\t\t<\/div>\n\t\t\t\t\t\t<\/div>\n\t\t\t\t\t\t<\/div>\n\t\t\t\t\t<\/div><div class=\"col\" >\n\t\t\t\t\t\t<div class=\"col-inner\">\n\t\t\t\t\t\t\n<div class=\"badge-container absolute left top z-1\">\n\n<\/div>\n\t\t\t\t\t\t<div class=\"product-small box has-hover box-push box-text-bottom\">\n\t\t\t\t\t\t\t<div class=\"box-image\" >\n\t\t\t\t\t\t\t\t<div class=\"\" >\n\t\t\t\t\t\t\t\t\t<a href=\"https:\/\/www.companhiaatlantica.pt\/de\/produto\/korperbehandlungen\/seifen\/weisse-blumen-seife-dose-lovies\" aria-label=\"Wei\u00dfe Blumen Seife Dose LOVIES\">\n\t\t\t\t\t\t\t\t\t\t<img loading=\"lazy\" decoding=\"async\" width=\"700\" height=\"700\" src=\"https:\/\/www.companhiaatlantica.pt\/wp-content\/uploads\/2022\/12\/100-352_b-700x700.jpg\" class=\"show-on-hover absolute fill hide-for-small back-image\" alt=\"Alternative view of Wei\u00dfe Blumen Seife Dose LOVIES\" aria-hidden=\"true\" srcset=\"https:\/\/www.companhiaatlantica.pt\/wp-content\/uploads\/2022\/12\/100-352_b-700x700.jpg 700w, https:\/\/www.companhiaatlantica.pt\/wp-content\/uploads\/2022\/12\/100-352_b-100x100.jpg 100w, https:\/\/www.companhiaatlantica.pt\/wp-content\/uploads\/2022\/12\/100-352_b-900x900.jpg 900w, https:\/\/www.companhiaatlantica.pt\/wp-content\/uploads\/2022\/12\/100-352_b-300x300.jpg 300w, https:\/\/www.companhiaatlantica.pt\/wp-content\/uploads\/2022\/12\/100-352_b-150x150.jpg 150w, https:\/\/www.companhiaatlantica.pt\/wp-content\/uploads\/2022\/12\/100-352_b-768x768.jpg 768w, https:\/\/www.companhiaatlantica.pt\/wp-content\/uploads\/2022\/12\/100-352_b-600x600.jpg 600w, https:\/\/www.companhiaatlantica.pt\/wp-content\/uploads\/2022\/12\/100-352_b.jpg 1000w\" sizes=\"auto, (max-width: 700px) 100vw, 700px\" title=\"\"><img loading=\"lazy\" decoding=\"async\" width=\"700\" height=\"700\" src=\"https:\/\/www.companhiaatlantica.pt\/wp-content\/uploads\/2022\/12\/100-352_c-700x700.jpg\" class=\"attachment-woocommerce_thumbnail size-woocommerce_thumbnail\" alt=\"Wei\u00dfe Blumen Seife Dose LOVIES\" srcset=\"https:\/\/www.companhiaatlantica.pt\/wp-content\/uploads\/2022\/12\/100-352_c-700x700.jpg 700w, https:\/\/www.companhiaatlantica.pt\/wp-content\/uploads\/2022\/12\/100-352_c-100x100.jpg 100w, https:\/\/www.companhiaatlantica.pt\/wp-content\/uploads\/2022\/12\/100-352_c-900x900.jpg 900w, https:\/\/www.companhiaatlantica.pt\/wp-content\/uploads\/2022\/12\/100-352_c-300x300.jpg 300w, https:\/\/www.companhiaatlantica.pt\/wp-content\/uploads\/2022\/12\/100-352_c-150x150.jpg 150w, https:\/\/www.companhiaatlantica.pt\/wp-content\/uploads\/2022\/12\/100-352_c-768x768.jpg 768w, https:\/\/www.companhiaatlantica.pt\/wp-content\/uploads\/2022\/12\/100-352_c-600x600.jpg 600w, https:\/\/www.companhiaatlantica.pt\/wp-content\/uploads\/2022\/12\/100-352_c.jpg 1000w\" sizes=\"auto, (max-width: 700px) 100vw, 700px\" title=\"\">\t\t\t\t\t\t\t\t\t<\/a>\n\t\t\t\t\t\t\t\t\t\t\t\t\t\t\t\t\t\t \t\t\t\t\t\t\t\t<\/div>\n\t\t\t\t\t\t\t\t<div class=\"image-tools top right show-on-hover\">\n\t\t\t\t\t\t\t\t\t\t\t<div class=\"wishlist-icon\">\n\t\t\t<button class=\"wishlist-button button is-outline circle icon\" aria-label=\"Wunschliste\">\n\t\t\t\t<i class=\"icon-heart\" aria-hidden=\"true\"><\/i>\t\t\t<\/button>\n\t\t\t<div class=\"wishlist-popup dark\">\n\t\t\t\t\n<div\n\tclass=\"yith-wcwl-add-to-wishlist add-to-wishlist-40867 yith-wcwl-add-to-wishlist--button_default-style wishlist-fragment on-first-load\"\n\tdata-fragment-ref=\"40867\"\n\tdata-fragment-options=\"{&quot;base_url&quot;:&quot;&quot;,&quot;product_id&quot;:40867,&quot;parent_product_id&quot;:0,&quot;product_type&quot;:&quot;simple&quot;,&quot;is_single&quot;:false,&quot;in_default_wishlist&quot;:false,&quot;show_view&quot;:false,&quot;browse_wishlist_text&quot;:&quot;Siehe Ihre Wunschliste!&quot;,&quot;already_in_wishslist_text&quot;:&quot;Dieses Produkt steht bereits auf Ihrem Wunschzettel!&quot;,&quot;product_added_text&quot;:&quot;Produto adicionado!&quot;,&quot;available_multi_wishlist&quot;:false,&quot;disable_wishlist&quot;:false,&quot;show_count&quot;:false,&quot;ajax_loading&quot;:false,&quot;loop_position&quot;:&quot;after_add_to_cart&quot;,&quot;item&quot;:&quot;add_to_wishlist&quot;}\"\n>\n\t\t\t\n\t\t\t<!-- ADD TO WISHLIST -->\n\t\t\t\n<div class=\"yith-wcwl-add-button\">\n\t\t<a\n\t\thref=\"?add_to_wishlist=40867&#038;_wpnonce=52d31225f0\"\n\t\tclass=\"add_to_wishlist single_add_to_wishlist alt button theme-button-style \"\n\t\tdata-product-id=\"40867\"\n\t\tdata-product-type=\"simple\"\n\t\tdata-original-product-id=\"0\"\n\t\tdata-title=\"Zu meiner Wunschliste hinzuf\u00fcgen\"\n\t\trel=\"nofollow\"\n\t>\n\t\t<svg id=\"yith-wcwl-icon-heart-outline\" class=\"yith-wcwl-icon-svg\" fill=\"none\" stroke-width=\"1.5\" stroke=\"currentColor\" viewBox=\"0 0 24 24\" xmlns=\"http:\/\/www.w3.org\/2000\/svg\">\n  <path stroke-linecap=\"round\" stroke-linejoin=\"round\" d=\"M21 8.25c0-2.485-2.099-4.5-4.688-4.5-1.935 0-3.597 1.126-4.312 2.733-.715-1.607-2.377-2.733-4.313-2.733C5.1 3.75 3 5.765 3 8.25c0 7.22 9 12 9 12s9-4.78 9-12Z\"><\/path>\n<\/svg>\t\t<span>Zu meiner Wunschliste hinzuf\u00fcgen<\/span>\n\t<\/a>\n<\/div>\n\n\t\t\t<!-- COUNT TEXT -->\n\t\t\t\n\t\t\t<\/div>\n\t\t\t<\/div>\n\t\t<\/div>\n\t\t\t\t\t\t\t\t\t\t<\/div>\n\t\t\t\t\t\t\t\t\t\t\t\t\t\t\t\t\t<div class=\"image-tools grid-tools text-center hide-for-small bottom hover-slide-in show-on-hover\">\n\t\t\t\t\t\t\t\t\t\t\t\t\t\t\t\t\t\t\t<\/div>\n\t\t\t\t\t\t\t\t\t\t\t\t\t\t\t\t\t\t\t\t\t\t\t<\/div>\n\n\t\t\t\t\t\t\t<div class=\"box-text text-center\" >\n\t\t\t\t\t\t\t\t<div class=\"title-wrapper\"><p class=\"name product-title woocommerce-loop-product__title\"><a href=\"https:\/\/www.companhiaatlantica.pt\/de\/produto\/korperbehandlungen\/seifen\/weisse-blumen-seife-dose-lovies\" class=\"woocommerce-LoopProduct-link woocommerce-loop-product__link\">Wei\u00dfe Blumen Seife Dose LOVIES<\/a><\/p><\/div><div class=\"price-wrapper\">\n\t<span class=\"price\"><span class=\"woocommerce-Price-amount amount\"><bdi>9.50<span class=\"woocommerce-Price-currencySymbol\">&euro;<\/span><\/bdi><\/span><\/span>\n<\/div>\t<span id=\"woocommerce_loop_add_to_cart_link_describedby_40867\" class=\"screen-reader-text\">\n\t\t\t<\/span>\n\t\t\t\t\t\t\t<\/div>\n\t\t\t\t\t\t<\/div>\n\t\t\t\t\t\t<\/div>\n\t\t\t\t\t<\/div><div class=\"col\" >\n\t\t\t\t\t\t<div class=\"col-inner\">\n\t\t\t\t\t\t\n<div class=\"badge-container absolute left top z-1\">\n\n<\/div>\n\t\t\t\t\t\t<div class=\"product-small box has-hover box-push box-text-bottom\">\n\t\t\t\t\t\t\t<div class=\"box-image\" >\n\t\t\t\t\t\t\t\t<div class=\"\" >\n\t\t\t\t\t\t\t\t\t<a href=\"https:\/\/www.companhiaatlantica.pt\/de\/produto\/korperbehandlungen\/seifen\/seife-erdnuss-rosmarin\" aria-label=\"Feigenbaumseife ROSSIO\">\n\t\t\t\t\t\t\t\t\t\t<img loading=\"lazy\" decoding=\"async\" width=\"700\" height=\"700\" src=\"https:\/\/www.companhiaatlantica.pt\/wp-content\/uploads\/2023\/01\/100-333_b-700x700.jpg\" class=\"show-on-hover absolute fill hide-for-small back-image\" alt=\"Alternative view of Feigenbaumseife ROSSIO\" aria-hidden=\"true\" srcset=\"https:\/\/www.companhiaatlantica.pt\/wp-content\/uploads\/2023\/01\/100-333_b-700x700.jpg 700w, https:\/\/www.companhiaatlantica.pt\/wp-content\/uploads\/2023\/01\/100-333_b-100x100.jpg 100w, https:\/\/www.companhiaatlantica.pt\/wp-content\/uploads\/2023\/01\/100-333_b-600x600.jpg 600w, https:\/\/www.companhiaatlantica.pt\/wp-content\/uploads\/2023\/01\/100-333_b-300x300.jpg 300w, https:\/\/www.companhiaatlantica.pt\/wp-content\/uploads\/2023\/01\/100-333_b-150x150.jpg 150w, https:\/\/www.companhiaatlantica.pt\/wp-content\/uploads\/2023\/01\/100-333_b-768x768.jpg 768w, https:\/\/www.companhiaatlantica.pt\/wp-content\/uploads\/2023\/01\/100-333_b.jpg 774w\" sizes=\"auto, (max-width: 700px) 100vw, 700px\" title=\"\"><img loading=\"lazy\" decoding=\"async\" width=\"700\" height=\"700\" src=\"https:\/\/www.companhiaatlantica.pt\/wp-content\/uploads\/2023\/01\/100-333-700x700.jpg\" class=\"attachment-woocommerce_thumbnail size-woocommerce_thumbnail\" alt=\"Feigenbaumseife ROSSIO\" srcset=\"https:\/\/www.companhiaatlantica.pt\/wp-content\/uploads\/2023\/01\/100-333-700x700.jpg 700w, https:\/\/www.companhiaatlantica.pt\/wp-content\/uploads\/2023\/01\/100-333-100x100.jpg 100w, https:\/\/www.companhiaatlantica.pt\/wp-content\/uploads\/2023\/01\/100-333-600x600.jpg 600w, https:\/\/www.companhiaatlantica.pt\/wp-content\/uploads\/2023\/01\/100-333-300x300.jpg 300w, https:\/\/www.companhiaatlantica.pt\/wp-content\/uploads\/2023\/01\/100-333-150x150.jpg 150w, https:\/\/www.companhiaatlantica.pt\/wp-content\/uploads\/2023\/01\/100-333-768x768.jpg 768w, https:\/\/www.companhiaatlantica.pt\/wp-content\/uploads\/2023\/01\/100-333.jpg 774w\" sizes=\"auto, (max-width: 700px) 100vw, 700px\" title=\"\">\t\t\t\t\t\t\t\t\t<\/a>\n\t\t\t\t\t\t\t\t\t\t\t\t\t\t\t\t\t\t \t\t\t\t\t\t\t\t<\/div>\n\t\t\t\t\t\t\t\t<div class=\"image-tools top right show-on-hover\">\n\t\t\t\t\t\t\t\t\t\t\t<div class=\"wishlist-icon\">\n\t\t\t<button class=\"wishlist-button button is-outline circle icon\" aria-label=\"Wunschliste\">\n\t\t\t\t<i class=\"icon-heart\" aria-hidden=\"true\"><\/i>\t\t\t<\/button>\n\t\t\t<div class=\"wishlist-popup dark\">\n\t\t\t\t\n<div\n\tclass=\"yith-wcwl-add-to-wishlist add-to-wishlist-40848 yith-wcwl-add-to-wishlist--button_default-style wishlist-fragment on-first-load\"\n\tdata-fragment-ref=\"40848\"\n\tdata-fragment-options=\"{&quot;base_url&quot;:&quot;&quot;,&quot;product_id&quot;:40848,&quot;parent_product_id&quot;:0,&quot;product_type&quot;:&quot;simple&quot;,&quot;is_single&quot;:false,&quot;in_default_wishlist&quot;:false,&quot;show_view&quot;:false,&quot;browse_wishlist_text&quot;:&quot;Siehe Ihre Wunschliste!&quot;,&quot;already_in_wishslist_text&quot;:&quot;Dieses Produkt steht bereits auf Ihrem Wunschzettel!&quot;,&quot;product_added_text&quot;:&quot;Produto adicionado!&quot;,&quot;available_multi_wishlist&quot;:false,&quot;disable_wishlist&quot;:false,&quot;show_count&quot;:false,&quot;ajax_loading&quot;:false,&quot;loop_position&quot;:&quot;after_add_to_cart&quot;,&quot;item&quot;:&quot;add_to_wishlist&quot;}\"\n>\n\t\t\t\n\t\t\t<!-- ADD TO WISHLIST -->\n\t\t\t\n<div class=\"yith-wcwl-add-button\">\n\t\t<a\n\t\thref=\"?add_to_wishlist=40848&#038;_wpnonce=52d31225f0\"\n\t\tclass=\"add_to_wishlist single_add_to_wishlist alt button theme-button-style \"\n\t\tdata-product-id=\"40848\"\n\t\tdata-product-type=\"simple\"\n\t\tdata-original-product-id=\"0\"\n\t\tdata-title=\"Zu meiner Wunschliste hinzuf\u00fcgen\"\n\t\trel=\"nofollow\"\n\t>\n\t\t<svg id=\"yith-wcwl-icon-heart-outline\" class=\"yith-wcwl-icon-svg\" fill=\"none\" stroke-width=\"1.5\" stroke=\"currentColor\" viewBox=\"0 0 24 24\" xmlns=\"http:\/\/www.w3.org\/2000\/svg\">\n  <path stroke-linecap=\"round\" stroke-linejoin=\"round\" d=\"M21 8.25c0-2.485-2.099-4.5-4.688-4.5-1.935 0-3.597 1.126-4.312 2.733-.715-1.607-2.377-2.733-4.313-2.733C5.1 3.75 3 5.765 3 8.25c0 7.22 9 12 9 12s9-4.78 9-12Z\"><\/path>\n<\/svg>\t\t<span>Zu meiner Wunschliste hinzuf\u00fcgen<\/span>\n\t<\/a>\n<\/div>\n\n\t\t\t<!-- COUNT TEXT -->\n\t\t\t\n\t\t\t<\/div>\n\t\t\t<\/div>\n\t\t<\/div>\n\t\t\t\t\t\t\t\t\t\t<\/div>\n\t\t\t\t\t\t\t\t\t\t\t\t\t\t\t\t\t<div class=\"image-tools grid-tools text-center hide-for-small bottom hover-slide-in show-on-hover\">\n\t\t\t\t\t\t\t\t\t\t\t\t\t\t\t\t\t\t\t<\/div>\n\t\t\t\t\t\t\t\t\t\t\t\t\t\t\t\t\t\t\t\t\t\t\t<\/div>\n\n\t\t\t\t\t\t\t<div class=\"box-text text-center\" >\n\t\t\t\t\t\t\t\t<div class=\"title-wrapper\"><p class=\"name product-title woocommerce-loop-product__title\"><a href=\"https:\/\/www.companhiaatlantica.pt\/de\/produto\/korperbehandlungen\/seifen\/seife-erdnuss-rosmarin\" class=\"woocommerce-LoopProduct-link woocommerce-loop-product__link\">Feigenbaumseife ROSSIO<\/a><\/p><\/div><div class=\"price-wrapper\">\n\t<span class=\"price\"><span class=\"woocommerce-Price-amount amount\"><bdi>7.00<span class=\"woocommerce-Price-currencySymbol\">&euro;<\/span><\/bdi><\/span><\/span>\n<\/div><div class=\"add-to-cart-button\"><a href=\"\/de\/wp-json\/wp\/v2\/pages\/66644?add-to-cart=40848\" aria-describedby=\"woocommerce_loop_add_to_cart_link_describedby_40848\" data-quantity=\"1\" class=\"primary is-small mb-0 button product_type_simple add_to_cart_button ajax_add_to_cart is-outline\" data-product_id=\"40848\" data-product_sku=\"100-333\" aria-label=\"In den Warenkorb legen: \u201eFeigenbaumseife ROSSIO\u201c\" rel=\"nofollow\" data-success_message=\"\u201eFeigenbaumseife ROSSIO\u201c wurde deinem Warenkorb hinzugef\u00fcgt\" data-product_name=\"Feigenbaumseife ROSSIO\" data-product_image=\"https:\/\/www.companhiaatlantica.pt\/wp-content\/uploads\/2023\/01\/100-333-150x150.jpg\" role=\"button\">In den Warenkorb<\/a><\/div>\t<span id=\"woocommerce_loop_add_to_cart_link_describedby_40848\" class=\"screen-reader-text\">\n\t\t\t<\/span>\n\t\t\t\t\t\t\t<\/div>\n\t\t\t\t\t\t<\/div>\n\t\t\t\t\t\t<\/div>\n\t\t\t\t\t<\/div><div class=\"col\" >\n\t\t\t\t\t\t<div class=\"col-inner\">\n\t\t\t\t\t\t\n<div class=\"badge-container absolute left top z-1\">\n\n<\/div>\n\t\t\t\t\t\t<div class=\"product-small box has-hover box-push box-text-bottom\">\n\t\t\t\t\t\t\t<div class=\"box-image\" >\n\t\t\t\t\t\t\t\t<div class=\"\" >\n\t\t\t\t\t\t\t\t\t<a href=\"https:\/\/www.companhiaatlantica.pt\/de\/produto\/korperbehandlungen\/seifen\/jugendstil-blau\" aria-label=\"ART-NOUVEAU Blaue Seife\">\n\t\t\t\t\t\t\t\t\t\t<img loading=\"lazy\" decoding=\"async\" width=\"600\" height=\"600\" src=\"https:\/\/www.companhiaatlantica.pt\/wp-content\/uploads\/2020\/06\/IMG_0018.jpg\" class=\"show-on-hover absolute fill hide-for-small back-image\" alt=\"Alternative view of ART-NOUVEAU Blaue Seife\" aria-hidden=\"true\" srcset=\"https:\/\/www.companhiaatlantica.pt\/wp-content\/uploads\/2020\/06\/IMG_0018.jpg 600w, https:\/\/www.companhiaatlantica.pt\/wp-content\/uploads\/2020\/06\/IMG_0018-100x100.jpg 100w\" sizes=\"auto, (max-width: 600px) 100vw, 600px\" title=\"\"><img loading=\"lazy\" decoding=\"async\" width=\"600\" height=\"595\" src=\"https:\/\/www.companhiaatlantica.pt\/wp-content\/uploads\/2020\/05\/100-072-600x595.jpg\" class=\"attachment-woocommerce_thumbnail size-woocommerce_thumbnail\" alt=\"ART-NOUVEAU Blaue Seife\" srcset=\"https:\/\/www.companhiaatlantica.pt\/wp-content\/uploads\/2020\/05\/100-072-600x595.jpg 600w, https:\/\/www.companhiaatlantica.pt\/wp-content\/uploads\/2020\/05\/100-072-100x100.jpg 100w, https:\/\/www.companhiaatlantica.pt\/wp-content\/uploads\/2020\/05\/100-072-150x150.jpg 150w\" sizes=\"auto, (max-width: 600px) 100vw, 600px\" title=\"\">\t\t\t\t\t\t\t\t\t<\/a>\n\t\t\t\t\t\t\t\t\t\t\t\t\t\t\t\t\t\t \t\t\t\t\t\t\t\t<\/div>\n\t\t\t\t\t\t\t\t<div class=\"image-tools top right show-on-hover\">\n\t\t\t\t\t\t\t\t\t\t\t<div class=\"wishlist-icon\">\n\t\t\t<button class=\"wishlist-button button is-outline circle icon\" aria-label=\"Wunschliste\">\n\t\t\t\t<i class=\"icon-heart\" aria-hidden=\"true\"><\/i>\t\t\t<\/button>\n\t\t\t<div class=\"wishlist-popup dark\">\n\t\t\t\t\n<div\n\tclass=\"yith-wcwl-add-to-wishlist add-to-wishlist-42084 yith-wcwl-add-to-wishlist--button_default-style wishlist-fragment on-first-load\"\n\tdata-fragment-ref=\"42084\"\n\tdata-fragment-options=\"{&quot;base_url&quot;:&quot;&quot;,&quot;product_id&quot;:42084,&quot;parent_product_id&quot;:0,&quot;product_type&quot;:&quot;simple&quot;,&quot;is_single&quot;:false,&quot;in_default_wishlist&quot;:false,&quot;show_view&quot;:false,&quot;browse_wishlist_text&quot;:&quot;Siehe Ihre Wunschliste!&quot;,&quot;already_in_wishslist_text&quot;:&quot;Dieses Produkt steht bereits auf Ihrem Wunschzettel!&quot;,&quot;product_added_text&quot;:&quot;Produto adicionado!&quot;,&quot;available_multi_wishlist&quot;:false,&quot;disable_wishlist&quot;:false,&quot;show_count&quot;:false,&quot;ajax_loading&quot;:false,&quot;loop_position&quot;:&quot;after_add_to_cart&quot;,&quot;item&quot;:&quot;add_to_wishlist&quot;}\"\n>\n\t\t\t\n\t\t\t<!-- ADD TO WISHLIST -->\n\t\t\t\n<div class=\"yith-wcwl-add-button\">\n\t\t<a\n\t\thref=\"?add_to_wishlist=42084&#038;_wpnonce=52d31225f0\"\n\t\tclass=\"add_to_wishlist single_add_to_wishlist alt button theme-button-style \"\n\t\tdata-product-id=\"42084\"\n\t\tdata-product-type=\"simple\"\n\t\tdata-original-product-id=\"0\"\n\t\tdata-title=\"Zu meiner Wunschliste hinzuf\u00fcgen\"\n\t\trel=\"nofollow\"\n\t>\n\t\t<svg id=\"yith-wcwl-icon-heart-outline\" class=\"yith-wcwl-icon-svg\" fill=\"none\" stroke-width=\"1.5\" stroke=\"currentColor\" viewBox=\"0 0 24 24\" xmlns=\"http:\/\/www.w3.org\/2000\/svg\">\n  <path stroke-linecap=\"round\" stroke-linejoin=\"round\" d=\"M21 8.25c0-2.485-2.099-4.5-4.688-4.5-1.935 0-3.597 1.126-4.312 2.733-.715-1.607-2.377-2.733-4.313-2.733C5.1 3.75 3 5.765 3 8.25c0 7.22 9 12 9 12s9-4.78 9-12Z\"><\/path>\n<\/svg>\t\t<span>Zu meiner Wunschliste hinzuf\u00fcgen<\/span>\n\t<\/a>\n<\/div>\n\n\t\t\t<!-- COUNT TEXT -->\n\t\t\t\n\t\t\t<\/div>\n\t\t\t<\/div>\n\t\t<\/div>\n\t\t\t\t\t\t\t\t\t\t<\/div>\n\t\t\t\t\t\t\t\t\t\t\t\t\t\t\t\t\t<div class=\"image-tools grid-tools text-center hide-for-small bottom hover-slide-in show-on-hover\">\n\t\t\t\t\t\t\t\t\t\t\t\t\t\t\t\t\t\t\t<\/div>\n\t\t\t\t\t\t\t\t\t\t\t\t\t\t\t\t\t\t\t\t\t\t\t<\/div>\n\n\t\t\t\t\t\t\t<div class=\"box-text text-center\" >\n\t\t\t\t\t\t\t\t<div class=\"title-wrapper\"><p class=\"name product-title woocommerce-loop-product__title\"><a href=\"https:\/\/www.companhiaatlantica.pt\/de\/produto\/korperbehandlungen\/seifen\/jugendstil-blau\" class=\"woocommerce-LoopProduct-link woocommerce-loop-product__link\">ART-NOUVEAU Blaue Seife<\/a><\/p><\/div><div class=\"price-wrapper\">\n\t<span class=\"price\"><span class=\"woocommerce-Price-amount amount\"><bdi>7.50<span class=\"woocommerce-Price-currencySymbol\">&euro;<\/span><\/bdi><\/span><\/span>\n<\/div><div class=\"add-to-cart-button\"><a href=\"\/de\/wp-json\/wp\/v2\/pages\/66644?add-to-cart=42084\" aria-describedby=\"woocommerce_loop_add_to_cart_link_describedby_42084\" data-quantity=\"1\" class=\"primary is-small mb-0 button product_type_simple add_to_cart_button ajax_add_to_cart is-outline\" data-product_id=\"42084\" data-product_sku=\"100-072\" aria-label=\"In den Warenkorb legen: \u201eART-NOUVEAU Blaue Seife\u201c\" rel=\"nofollow\" data-success_message=\"\u201eART-NOUVEAU Blaue Seife\u201c wurde deinem Warenkorb hinzugef\u00fcgt\" data-product_name=\"ART-NOUVEAU Blaue Seife\" data-product_image=\"https:\/\/www.companhiaatlantica.pt\/wp-content\/uploads\/2020\/05\/100-072-150x150.jpg\" role=\"button\">In den Warenkorb<\/a><\/div>\t<span id=\"woocommerce_loop_add_to_cart_link_describedby_42084\" class=\"screen-reader-text\">\n\t\t\t<\/span>\n\t\t\t\t\t\t\t<\/div>\n\t\t\t\t\t\t<\/div>\n\t\t\t\t\t\t<\/div>\n\t\t\t\t\t<\/div><div class=\"col\" >\n\t\t\t\t\t\t<div class=\"col-inner\">\n\t\t\t\t\t\t\n<div class=\"badge-container absolute left top z-1\">\n\n<div class=\"badge callout badge-circle\"><div class=\"badge-inner callout-new-bg is-small new-bubble\">NEW<\/div><\/div><\/div>\n\t\t\t\t\t\t<div class=\"product-small box has-hover box-push box-text-bottom\">\n\t\t\t\t\t\t\t<div class=\"box-image\" >\n\t\t\t\t\t\t\t\t<div class=\"\" >\n\t\t\t\t\t\t\t\t\t<a href=\"https:\/\/www.companhiaatlantica.pt\/de\/produto\/korperbehandlungen\/haar\/spuelung-350ml\" aria-label=\"Sp\u00fclung 350ml C\u00aa ATL\u00c2NTICA\">\n\t\t\t\t\t\t\t\t\t\t<img loading=\"lazy\" decoding=\"async\" width=\"700\" height=\"700\" src=\"https:\/\/www.companhiaatlantica.pt\/wp-content\/uploads\/2025\/08\/foto_4-700x700.jpg\" class=\"show-on-hover absolute fill hide-for-small back-image\" alt=\"Alternative view of Sp\u00fclung 350ml C\u00aa ATL\u00c2NTICA\" aria-hidden=\"true\" srcset=\"https:\/\/www.companhiaatlantica.pt\/wp-content\/uploads\/2025\/08\/foto_4-700x700.jpg 700w, https:\/\/www.companhiaatlantica.pt\/wp-content\/uploads\/2025\/08\/foto_4-100x100.jpg 100w, https:\/\/www.companhiaatlantica.pt\/wp-content\/uploads\/2025\/08\/foto_4-350x350.jpg 350w\" sizes=\"auto, (max-width: 700px) 100vw, 700px\" title=\"\"><img loading=\"lazy\" decoding=\"async\" width=\"700\" height=\"700\" src=\"https:\/\/www.companhiaatlantica.pt\/wp-content\/uploads\/2024\/02\/100-418-700x700.jpg\" class=\"attachment-woocommerce_thumbnail size-woocommerce_thumbnail\" alt=\"Sp\u00fclung 350ml C\u00aa ATL\u00c2NTICA\" srcset=\"https:\/\/www.companhiaatlantica.pt\/wp-content\/uploads\/2024\/02\/100-418-700x700.jpg 700w, https:\/\/www.companhiaatlantica.pt\/wp-content\/uploads\/2024\/02\/100-418-100x100.jpg 100w, https:\/\/www.companhiaatlantica.pt\/wp-content\/uploads\/2024\/02\/100-418-900x900.jpg 900w, https:\/\/www.companhiaatlantica.pt\/wp-content\/uploads\/2024\/02\/100-418-400x400.jpg 400w, https:\/\/www.companhiaatlantica.pt\/wp-content\/uploads\/2024\/02\/100-418-350x350.jpg 350w, https:\/\/www.companhiaatlantica.pt\/wp-content\/uploads\/2024\/02\/100-418-768x768.jpg 768w, https:\/\/www.companhiaatlantica.pt\/wp-content\/uploads\/2024\/02\/100-418.jpg 1000w\" sizes=\"auto, (max-width: 700px) 100vw, 700px\" title=\"\">\t\t\t\t\t\t\t\t\t<\/a>\n\t\t\t\t\t\t\t\t\t\t\t\t\t\t\t\t\t\t \t\t\t\t\t\t\t\t<\/div>\n\t\t\t\t\t\t\t\t<div class=\"image-tools top right show-on-hover\">\n\t\t\t\t\t\t\t\t\t\t\t<div class=\"wishlist-icon\">\n\t\t\t<button class=\"wishlist-button button is-outline circle icon\" aria-label=\"Wunschliste\">\n\t\t\t\t<i class=\"icon-heart\" aria-hidden=\"true\"><\/i>\t\t\t<\/button>\n\t\t\t<div class=\"wishlist-popup dark\">\n\t\t\t\t\n<div\n\tclass=\"yith-wcwl-add-to-wishlist add-to-wishlist-53928 yith-wcwl-add-to-wishlist--button_default-style wishlist-fragment on-first-load\"\n\tdata-fragment-ref=\"53928\"\n\tdata-fragment-options=\"{&quot;base_url&quot;:&quot;&quot;,&quot;product_id&quot;:53928,&quot;parent_product_id&quot;:0,&quot;product_type&quot;:&quot;variable&quot;,&quot;is_single&quot;:false,&quot;in_default_wishlist&quot;:false,&quot;show_view&quot;:false,&quot;browse_wishlist_text&quot;:&quot;Siehe Ihre Wunschliste!&quot;,&quot;already_in_wishslist_text&quot;:&quot;Dieses Produkt steht bereits auf Ihrem Wunschzettel!&quot;,&quot;product_added_text&quot;:&quot;Produto adicionado!&quot;,&quot;available_multi_wishlist&quot;:false,&quot;disable_wishlist&quot;:false,&quot;show_count&quot;:false,&quot;ajax_loading&quot;:false,&quot;loop_position&quot;:&quot;after_add_to_cart&quot;,&quot;item&quot;:&quot;add_to_wishlist&quot;}\"\n>\n\t\t\t\n\t\t\t<!-- ADD TO WISHLIST -->\n\t\t\t\n<div class=\"yith-wcwl-add-button\">\n\t\t<a\n\t\thref=\"?add_to_wishlist=53928&#038;_wpnonce=52d31225f0\"\n\t\tclass=\"add_to_wishlist single_add_to_wishlist alt button theme-button-style \"\n\t\tdata-product-id=\"53928\"\n\t\tdata-product-type=\"variable\"\n\t\tdata-original-product-id=\"0\"\n\t\tdata-title=\"Zu meiner Wunschliste hinzuf\u00fcgen\"\n\t\trel=\"nofollow\"\n\t>\n\t\t<svg id=\"yith-wcwl-icon-heart-outline\" class=\"yith-wcwl-icon-svg\" fill=\"none\" stroke-width=\"1.5\" stroke=\"currentColor\" viewBox=\"0 0 24 24\" xmlns=\"http:\/\/www.w3.org\/2000\/svg\">\n  <path stroke-linecap=\"round\" stroke-linejoin=\"round\" d=\"M21 8.25c0-2.485-2.099-4.5-4.688-4.5-1.935 0-3.597 1.126-4.312 2.733-.715-1.607-2.377-2.733-4.313-2.733C5.1 3.75 3 5.765 3 8.25c0 7.22 9 12 9 12s9-4.78 9-12Z\"><\/path>\n<\/svg>\t\t<span>Zu meiner Wunschliste hinzuf\u00fcgen<\/span>\n\t<\/a>\n<\/div>\n\n\t\t\t<!-- COUNT TEXT -->\n\t\t\t\n\t\t\t<\/div>\n\t\t\t<\/div>\n\t\t<\/div>\n\t\t\t\t\t\t\t\t\t\t<\/div>\n\t\t\t\t\t\t\t\t\t\t\t\t\t\t\t\t\t<div class=\"image-tools grid-tools text-center hide-for-small bottom hover-slide-in show-on-hover\">\n\t\t\t\t\t\t\t\t\t\t\t\t\t\t\t\t\t\t\t<\/div>\n\t\t\t\t\t\t\t\t\t\t\t\t\t\t\t\t\t\t\t\t\t\t\t<\/div>\n\n\t\t\t\t\t\t\t<div class=\"box-text text-center\" >\n\t\t\t\t\t\t\t\t<div class=\"title-wrapper\"><p class=\"name product-title woocommerce-loop-product__title\"><a href=\"https:\/\/www.companhiaatlantica.pt\/de\/produto\/korperbehandlungen\/haar\/spuelung-350ml\" class=\"woocommerce-LoopProduct-link woocommerce-loop-product__link\">Sp\u00fclung 350ml C\u00aa ATL\u00c2NTICA<\/a><\/p><\/div><div class=\"price-wrapper\">\n\t<span class=\"price\"><span class=\"woocommerce-Price-amount amount\"><bdi>13.50<span class=\"woocommerce-Price-currencySymbol\">&euro;<\/span><\/bdi><\/span><\/span>\n<\/div><div class=\"add-to-cart-button\"><a href=\"https:\/\/www.companhiaatlantica.pt\/de\/produto\/korperbehandlungen\/haar\/spuelung-350ml\" aria-describedby=\"woocommerce_loop_add_to_cart_link_describedby_53928\" data-quantity=\"1\" class=\"primary is-small mb-0 button product_type_variable add_to_cart_button is-outline\" data-product_id=\"53928\" data-product_sku=\"\" aria-label=\"W\u00e4hle Optionen f\u00fcr \u201eSp\u00fclung 350ml C\u00aa ATL\u00c2NTICA\u201c\" rel=\"nofollow\" data-product_name=\"Sp\u00fclung 350ml C\u00aa ATL\u00c2NTICA\" data-product_image=\"https:\/\/www.companhiaatlantica.pt\/wp-content\/uploads\/2024\/02\/100-418-350x350.jpg\">Ausf\u00fchrung w\u00e4hlen<\/a><\/div>\t<span id=\"woocommerce_loop_add_to_cart_link_describedby_53928\" class=\"screen-reader-text\">\n\t\tDieses Produkt weist mehrere Varianten auf. Die Optionen k\u00f6nnen auf der Produktseite gew\u00e4hlt werden\t<\/span>\n\t\t\t\t\t\t\t<\/div>\n\t\t\t\t\t\t<\/div>\n\t\t\t\t\t\t<\/div>\n\t\t\t\t\t<\/div><div class=\"col\" >\n\t\t\t\t\t\t<div class=\"col-inner\">\n\t\t\t\t\t\t\n<div class=\"badge-container absolute left top z-1\">\n\n<\/div>\n\t\t\t\t\t\t<div class=\"product-small box has-hover box-push box-text-bottom\">\n\t\t\t\t\t\t\t<div class=\"box-image\" >\n\t\t\t\t\t\t\t\t<div class=\"\" >\n\t\t\t\t\t\t\t\t\t<a href=\"https:\/\/www.companhiaatlantica.pt\/de\/produto\/korperbehandlungen\/lippenbalsam\/blauer-vanille-lippenbalsam-azulejo\" aria-label=\"Blauer Vanille-Lippenbalsam AZULEJO\">\n\t\t\t\t\t\t\t\t\t\t<img loading=\"lazy\" decoding=\"async\" width=\"700\" height=\"700\" src=\"https:\/\/www.companhiaatlantica.pt\/wp-content\/uploads\/2020\/06\/100-175_2_novo-700x700.jpg\" class=\"show-on-hover absolute fill hide-for-small back-image\" alt=\"Alternative view of Blauer Vanille-Lippenbalsam AZULEJO\" aria-hidden=\"true\" srcset=\"https:\/\/www.companhiaatlantica.pt\/wp-content\/uploads\/2020\/06\/100-175_2_novo-700x700.jpg 700w, https:\/\/www.companhiaatlantica.pt\/wp-content\/uploads\/2020\/06\/100-175_2_novo-100x100.jpg 100w, https:\/\/www.companhiaatlantica.pt\/wp-content\/uploads\/2020\/06\/100-175_2_novo-600x600.jpg 600w, https:\/\/www.companhiaatlantica.pt\/wp-content\/uploads\/2020\/06\/100-175_2_novo-300x300.jpg 300w, https:\/\/www.companhiaatlantica.pt\/wp-content\/uploads\/2020\/06\/100-175_2_novo-150x150.jpg 150w, https:\/\/www.companhiaatlantica.pt\/wp-content\/uploads\/2020\/06\/100-175_2_novo-768x768.jpg 768w, https:\/\/www.companhiaatlantica.pt\/wp-content\/uploads\/2020\/06\/100-175_2_novo.jpg 863w\" sizes=\"auto, (max-width: 700px) 100vw, 700px\" title=\"\"><img loading=\"lazy\" decoding=\"async\" width=\"700\" height=\"700\" src=\"https:\/\/www.companhiaatlantica.pt\/wp-content\/uploads\/2020\/06\/100-175_1_novo-700x700.jpg\" class=\"attachment-woocommerce_thumbnail size-woocommerce_thumbnail\" alt=\"Blauer Vanille-Lippenbalsam AZULEJO\" srcset=\"https:\/\/www.companhiaatlantica.pt\/wp-content\/uploads\/2020\/06\/100-175_1_novo-700x700.jpg 700w, https:\/\/www.companhiaatlantica.pt\/wp-content\/uploads\/2020\/06\/100-175_1_novo-100x100.jpg 100w, https:\/\/www.companhiaatlantica.pt\/wp-content\/uploads\/2020\/06\/100-175_1_novo-600x600.jpg 600w, https:\/\/www.companhiaatlantica.pt\/wp-content\/uploads\/2020\/06\/100-175_1_novo-300x300.jpg 300w, https:\/\/www.companhiaatlantica.pt\/wp-content\/uploads\/2020\/06\/100-175_1_novo-150x150.jpg 150w, https:\/\/www.companhiaatlantica.pt\/wp-content\/uploads\/2020\/06\/100-175_1_novo-768x768.jpg 768w, https:\/\/www.companhiaatlantica.pt\/wp-content\/uploads\/2020\/06\/100-175_1_novo.jpg 863w\" sizes=\"auto, (max-width: 700px) 100vw, 700px\" title=\"\">\t\t\t\t\t\t\t\t\t<\/a>\n\t\t\t\t\t\t\t\t\t\t\t\t\t\t\t\t\t\t \t\t\t\t\t\t\t\t<\/div>\n\t\t\t\t\t\t\t\t<div class=\"image-tools top right show-on-hover\">\n\t\t\t\t\t\t\t\t\t\t\t<div class=\"wishlist-icon\">\n\t\t\t<button class=\"wishlist-button button is-outline circle icon\" aria-label=\"Wunschliste\">\n\t\t\t\t<i class=\"icon-heart\" aria-hidden=\"true\"><\/i>\t\t\t<\/button>\n\t\t\t<div class=\"wishlist-popup dark\">\n\t\t\t\t\n<div\n\tclass=\"yith-wcwl-add-to-wishlist add-to-wishlist-41143 yith-wcwl-add-to-wishlist--button_default-style wishlist-fragment on-first-load\"\n\tdata-fragment-ref=\"41143\"\n\tdata-fragment-options=\"{&quot;base_url&quot;:&quot;&quot;,&quot;product_id&quot;:41143,&quot;parent_product_id&quot;:0,&quot;product_type&quot;:&quot;simple&quot;,&quot;is_single&quot;:false,&quot;in_default_wishlist&quot;:false,&quot;show_view&quot;:false,&quot;browse_wishlist_text&quot;:&quot;Siehe Ihre Wunschliste!&quot;,&quot;already_in_wishslist_text&quot;:&quot;Dieses Produkt steht bereits auf Ihrem Wunschzettel!&quot;,&quot;product_added_text&quot;:&quot;Produto adicionado!&quot;,&quot;available_multi_wishlist&quot;:false,&quot;disable_wishlist&quot;:false,&quot;show_count&quot;:false,&quot;ajax_loading&quot;:false,&quot;loop_position&quot;:&quot;after_add_to_cart&quot;,&quot;item&quot;:&quot;add_to_wishlist&quot;}\"\n>\n\t\t\t\n\t\t\t<!-- ADD TO WISHLIST -->\n\t\t\t\n<div class=\"yith-wcwl-add-button\">\n\t\t<a\n\t\thref=\"?add_to_wishlist=41143&#038;_wpnonce=52d31225f0\"\n\t\tclass=\"add_to_wishlist single_add_to_wishlist alt button theme-button-style \"\n\t\tdata-product-id=\"41143\"\n\t\tdata-product-type=\"simple\"\n\t\tdata-original-product-id=\"0\"\n\t\tdata-title=\"Zu meiner Wunschliste hinzuf\u00fcgen\"\n\t\trel=\"nofollow\"\n\t>\n\t\t<svg id=\"yith-wcwl-icon-heart-outline\" class=\"yith-wcwl-icon-svg\" fill=\"none\" stroke-width=\"1.5\" stroke=\"currentColor\" viewBox=\"0 0 24 24\" xmlns=\"http:\/\/www.w3.org\/2000\/svg\">\n  <path stroke-linecap=\"round\" stroke-linejoin=\"round\" d=\"M21 8.25c0-2.485-2.099-4.5-4.688-4.5-1.935 0-3.597 1.126-4.312 2.733-.715-1.607-2.377-2.733-4.313-2.733C5.1 3.75 3 5.765 3 8.25c0 7.22 9 12 9 12s9-4.78 9-12Z\"><\/path>\n<\/svg>\t\t<span>Zu meiner Wunschliste hinzuf\u00fcgen<\/span>\n\t<\/a>\n<\/div>\n\n\t\t\t<!-- COUNT TEXT -->\n\t\t\t\n\t\t\t<\/div>\n\t\t\t<\/div>\n\t\t<\/div>\n\t\t\t\t\t\t\t\t\t\t<\/div>\n\t\t\t\t\t\t\t\t\t\t\t\t\t\t\t\t\t<div class=\"image-tools grid-tools text-center hide-for-small bottom hover-slide-in show-on-hover\">\n\t\t\t\t\t\t\t\t\t\t\t\t\t\t\t\t\t\t\t<\/div>\n\t\t\t\t\t\t\t\t\t\t\t\t\t\t\t\t\t\t\t\t\t\t\t<\/div>\n\n\t\t\t\t\t\t\t<div class=\"box-text text-center\" >\n\t\t\t\t\t\t\t\t<div class=\"title-wrapper\"><p class=\"name product-title woocommerce-loop-product__title\"><a href=\"https:\/\/www.companhiaatlantica.pt\/de\/produto\/korperbehandlungen\/lippenbalsam\/blauer-vanille-lippenbalsam-azulejo\" class=\"woocommerce-LoopProduct-link woocommerce-loop-product__link\">Blauer Vanille-Lippenbalsam AZULEJO<\/a><\/p><\/div><div class=\"price-wrapper\">\n\t<span class=\"price\"><span class=\"woocommerce-Price-amount amount\"><bdi>7.80<span class=\"woocommerce-Price-currencySymbol\">&euro;<\/span><\/bdi><\/span><\/span>\n<\/div><div class=\"add-to-cart-button\"><a href=\"\/de\/wp-json\/wp\/v2\/pages\/66644?add-to-cart=41143\" aria-describedby=\"woocommerce_loop_add_to_cart_link_describedby_41143\" data-quantity=\"1\" class=\"primary is-small mb-0 button product_type_simple add_to_cart_button ajax_add_to_cart is-outline\" data-product_id=\"41143\" data-product_sku=\"100-175\" aria-label=\"In den Warenkorb legen: \u201eBlauer Vanille-Lippenbalsam AZULEJO\u201c\" rel=\"nofollow\" data-success_message=\"\u201eBlauer Vanille-Lippenbalsam AZULEJO\u201c wurde deinem Warenkorb hinzugef\u00fcgt\" data-product_name=\"Blauer Vanille-Lippenbalsam AZULEJO\" data-product_image=\"https:\/\/www.companhiaatlantica.pt\/wp-content\/uploads\/2020\/06\/100-175_1_novo-150x150.jpg\" role=\"button\">In den Warenkorb<\/a><\/div>\t<span id=\"woocommerce_loop_add_to_cart_link_describedby_41143\" class=\"screen-reader-text\">\n\t\t\t<\/span>\n\t\t\t\t\t\t\t<\/div>\n\t\t\t\t\t\t<\/div>\n\t\t\t\t\t\t<\/div>\n\t\t\t\t\t<\/div><div class=\"col\" >\n\t\t\t\t\t\t<div class=\"col-inner\">\n\t\t\t\t\t\t\n<div class=\"badge-container absolute left top z-1\">\n\n<div class=\"badge callout badge-circle\"><div class=\"badge-inner callout-new-bg is-small new-bubble\">NEW <\/br><b>100ml<\/b><\/div><\/div><\/div>\n\t\t\t\t\t\t<div class=\"product-small box has-hover box-push box-text-bottom\">\n\t\t\t\t\t\t\t<div class=\"box-image\" >\n\t\t\t\t\t\t\t\t<div class=\"\" >\n\t\t\t\t\t\t\t\t\t<a href=\"https:\/\/www.companhiaatlantica.pt\/de\/produto\/duftkerzen-diffusoren-fur-zuhause\/mikado-lufterfrischer\/azulejo-diffusor-100ml\" aria-label=\"AZULEJO-Diffusor 100ml\">\n\t\t\t\t\t\t\t\t\t\t<img loading=\"lazy\" decoding=\"async\" width=\"700\" height=\"700\" src=\"https:\/\/www.companhiaatlantica.pt\/wp-content\/uploads\/2024\/07\/reed-diffuser-azulejo-white-700x700.jpg\" class=\"show-on-hover absolute fill hide-for-small back-image\" alt=\"Alternative view of AZULEJO-Diffusor 100ml\" aria-hidden=\"true\" srcset=\"https:\/\/www.companhiaatlantica.pt\/wp-content\/uploads\/2024\/07\/reed-diffuser-azulejo-white-700x700.jpg 700w, https:\/\/www.companhiaatlantica.pt\/wp-content\/uploads\/2024\/07\/reed-diffuser-azulejo-white-100x100.jpg 100w, https:\/\/www.companhiaatlantica.pt\/wp-content\/uploads\/2024\/07\/reed-diffuser-azulejo-white-900x900.jpg 900w, https:\/\/www.companhiaatlantica.pt\/wp-content\/uploads\/2024\/07\/reed-diffuser-azulejo-white-400x400.jpg 400w, https:\/\/www.companhiaatlantica.pt\/wp-content\/uploads\/2024\/07\/reed-diffuser-azulejo-white-1024x1024.jpg 1024w, https:\/\/www.companhiaatlantica.pt\/wp-content\/uploads\/2024\/07\/reed-diffuser-azulejo-white-350x350.jpg 350w, https:\/\/www.companhiaatlantica.pt\/wp-content\/uploads\/2024\/07\/reed-diffuser-azulejo-white-768x768.jpg 768w, https:\/\/www.companhiaatlantica.pt\/wp-content\/uploads\/2024\/07\/reed-diffuser-azulejo-white.jpg 1080w\" sizes=\"auto, (max-width: 700px) 100vw, 700px\" title=\"\"><img loading=\"lazy\" decoding=\"async\" width=\"700\" height=\"700\" src=\"https:\/\/www.companhiaatlantica.pt\/wp-content\/uploads\/2024\/11\/140-212-1-700x700.jpg\" class=\"attachment-woocommerce_thumbnail size-woocommerce_thumbnail\" alt=\"AZULEJO-Diffusor 100ml\" srcset=\"https:\/\/www.companhiaatlantica.pt\/wp-content\/uploads\/2024\/11\/140-212-1-700x700.jpg 700w, https:\/\/www.companhiaatlantica.pt\/wp-content\/uploads\/2024\/11\/140-212-1-100x100.jpg 100w, https:\/\/www.companhiaatlantica.pt\/wp-content\/uploads\/2024\/11\/140-212-1-400x400.jpg 400w, https:\/\/www.companhiaatlantica.pt\/wp-content\/uploads\/2024\/11\/140-212-1-350x350.jpg 350w, https:\/\/www.companhiaatlantica.pt\/wp-content\/uploads\/2024\/11\/140-212-1-768x768.jpg 768w, https:\/\/www.companhiaatlantica.pt\/wp-content\/uploads\/2024\/11\/140-212-1-600x600.jpg 600w, https:\/\/www.companhiaatlantica.pt\/wp-content\/uploads\/2024\/11\/140-212-1.jpg 900w\" sizes=\"auto, (max-width: 700px) 100vw, 700px\" title=\"\">\t\t\t\t\t\t\t\t\t<\/a>\n\t\t\t\t\t\t\t\t\t\t\t\t\t\t\t\t\t\t \t\t\t\t\t\t\t\t<\/div>\n\t\t\t\t\t\t\t\t<div class=\"image-tools top right show-on-hover\">\n\t\t\t\t\t\t\t\t\t\t\t<div class=\"wishlist-icon\">\n\t\t\t<button class=\"wishlist-button button is-outline circle icon\" aria-label=\"Wunschliste\">\n\t\t\t\t<i class=\"icon-heart\" aria-hidden=\"true\"><\/i>\t\t\t<\/button>\n\t\t\t<div class=\"wishlist-popup dark\">\n\t\t\t\t\n<div\n\tclass=\"yith-wcwl-add-to-wishlist add-to-wishlist-61181 yith-wcwl-add-to-wishlist--button_default-style wishlist-fragment on-first-load\"\n\tdata-fragment-ref=\"61181\"\n\tdata-fragment-options=\"{&quot;base_url&quot;:&quot;&quot;,&quot;product_id&quot;:61181,&quot;parent_product_id&quot;:0,&quot;product_type&quot;:&quot;variable&quot;,&quot;is_single&quot;:false,&quot;in_default_wishlist&quot;:false,&quot;show_view&quot;:false,&quot;browse_wishlist_text&quot;:&quot;Siehe Ihre Wunschliste!&quot;,&quot;already_in_wishslist_text&quot;:&quot;Dieses Produkt steht bereits auf Ihrem Wunschzettel!&quot;,&quot;product_added_text&quot;:&quot;Produto adicionado!&quot;,&quot;available_multi_wishlist&quot;:false,&quot;disable_wishlist&quot;:false,&quot;show_count&quot;:false,&quot;ajax_loading&quot;:false,&quot;loop_position&quot;:&quot;after_add_to_cart&quot;,&quot;item&quot;:&quot;add_to_wishlist&quot;}\"\n>\n\t\t\t\n\t\t\t<!-- ADD TO WISHLIST -->\n\t\t\t\n<div class=\"yith-wcwl-add-button\">\n\t\t<a\n\t\thref=\"?add_to_wishlist=61181&#038;_wpnonce=52d31225f0\"\n\t\tclass=\"add_to_wishlist single_add_to_wishlist alt button theme-button-style \"\n\t\tdata-product-id=\"61181\"\n\t\tdata-product-type=\"variable\"\n\t\tdata-original-product-id=\"0\"\n\t\tdata-title=\"Zu meiner Wunschliste hinzuf\u00fcgen\"\n\t\trel=\"nofollow\"\n\t>\n\t\t<svg id=\"yith-wcwl-icon-heart-outline\" class=\"yith-wcwl-icon-svg\" fill=\"none\" stroke-width=\"1.5\" stroke=\"currentColor\" viewBox=\"0 0 24 24\" xmlns=\"http:\/\/www.w3.org\/2000\/svg\">\n  <path stroke-linecap=\"round\" stroke-linejoin=\"round\" d=\"M21 8.25c0-2.485-2.099-4.5-4.688-4.5-1.935 0-3.597 1.126-4.312 2.733-.715-1.607-2.377-2.733-4.313-2.733C5.1 3.75 3 5.765 3 8.25c0 7.22 9 12 9 12s9-4.78 9-12Z\"><\/path>\n<\/svg>\t\t<span>Zu meiner Wunschliste hinzuf\u00fcgen<\/span>\n\t<\/a>\n<\/div>\n\n\t\t\t<!-- COUNT TEXT -->\n\t\t\t\n\t\t\t<\/div>\n\t\t\t<\/div>\n\t\t<\/div>\n\t\t\t\t\t\t\t\t\t\t<\/div>\n\t\t\t\t\t\t\t\t\t\t\t\t\t\t\t\t\t<div class=\"image-tools grid-tools text-center hide-for-small bottom hover-slide-in show-on-hover\">\n\t\t\t\t\t\t\t\t\t\t\t\t\t\t\t\t\t\t\t<\/div>\n\t\t\t\t\t\t\t\t\t\t\t\t\t\t\t\t\t\t\t\t\t\t\t<\/div>\n\n\t\t\t\t\t\t\t<div class=\"box-text text-center\" >\n\t\t\t\t\t\t\t\t<span class=\"featured-badge\"><img decoding=\"async\" src=\"https:\/\/cdn.companhiaatlantica.pt\/wp-content\/themes\/flatsome-child\/src\/img\/ar-icon-2.jpg\" alt=\"AR Icon\" class=\"ar-icon\" title=\"\"><\/span><div class=\"title-wrapper\"><p class=\"name product-title woocommerce-loop-product__title\"><a href=\"https:\/\/www.companhiaatlantica.pt\/de\/produto\/duftkerzen-diffusoren-fur-zuhause\/mikado-lufterfrischer\/azulejo-diffusor-100ml\" class=\"woocommerce-LoopProduct-link woocommerce-loop-product__link\">AZULEJO-Diffusor 100ml<\/a><\/p><\/div><div class=\"price-wrapper\">\n\t<span class=\"price\"><span class=\"woocommerce-Price-amount amount\"><bdi>31.00<span class=\"woocommerce-Price-currencySymbol\">&euro;<\/span><\/bdi><\/span><\/span>\n<\/div>\t<span id=\"woocommerce_loop_add_to_cart_link_describedby_61181\" class=\"screen-reader-text\">\n\t\tDieses Produkt weist mehrere Varianten auf. Die Optionen k\u00f6nnen auf der Produktseite gew\u00e4hlt werden\t<\/span>\n\t\t\t\t\t\t\t<\/div>\n\t\t\t\t\t\t<\/div>\n\t\t\t\t\t\t<\/div>\n\t\t\t\t\t<\/div><div class=\"col\" >\n\t\t\t\t\t\t<div class=\"col-inner\">\n\t\t\t\t\t\t\n<div class=\"badge-container absolute left top z-1\">\n\n<div class=\"badge callout badge-circle\"><div class=\"badge-inner callout-new-bg is-small new-bubble\">NEW<\/div><\/div><\/div>\n\t\t\t\t\t\t<div class=\"product-small box has-hover box-push box-text-bottom\">\n\t\t\t\t\t\t\t<div class=\"box-image\" >\n\t\t\t\t\t\t\t\t<div class=\"\" >\n\t\t\t\t\t\t\t\t\t<a href=\"https:\/\/www.companhiaatlantica.pt\/de\/produto\/duftkerzen-diffusoren-fur-zuhause\/mikado-lufterfrischer\/diffusor-alicatos-100ml\" aria-label=\"Diffusor ALICATOS 100ml\">\n\t\t\t\t\t\t\t\t\t\t<img loading=\"lazy\" decoding=\"async\" width=\"700\" height=\"700\" src=\"https:\/\/www.companhiaatlantica.pt\/wp-content\/uploads\/2024\/03\/140-162-1-alicatos-700x700.jpg\" class=\"show-on-hover absolute fill hide-for-small back-image\" alt=\"Alternative view of Diffusor ALICATOS 100ml\" aria-hidden=\"true\" srcset=\"https:\/\/www.companhiaatlantica.pt\/wp-content\/uploads\/2024\/03\/140-162-1-alicatos-700x700.jpg 700w, https:\/\/www.companhiaatlantica.pt\/wp-content\/uploads\/2024\/03\/140-162-1-alicatos-100x100.jpg 100w, https:\/\/www.companhiaatlantica.pt\/wp-content\/uploads\/2024\/03\/140-162-1-alicatos-400x400.jpg 400w, https:\/\/www.companhiaatlantica.pt\/wp-content\/uploads\/2024\/03\/140-162-1-alicatos-350x350.jpg 350w, https:\/\/www.companhiaatlantica.pt\/wp-content\/uploads\/2024\/03\/140-162-1-alicatos-768x768.jpg 768w, https:\/\/www.companhiaatlantica.pt\/wp-content\/uploads\/2024\/03\/140-162-1-alicatos-600x600.jpg 600w, https:\/\/www.companhiaatlantica.pt\/wp-content\/uploads\/2024\/03\/140-162-1-alicatos.jpg 800w\" sizes=\"auto, (max-width: 700px) 100vw, 700px\" title=\"\"><img loading=\"lazy\" decoding=\"async\" width=\"700\" height=\"700\" src=\"https:\/\/www.companhiaatlantica.pt\/wp-content\/uploads\/2024\/03\/140-162-1-alicatos-700x700.jpg\" class=\"attachment-woocommerce_thumbnail size-woocommerce_thumbnail\" alt=\"Diffusor ALICATOS 100ml\" srcset=\"https:\/\/www.companhiaatlantica.pt\/wp-content\/uploads\/2024\/03\/140-162-1-alicatos-700x700.jpg 700w, https:\/\/www.companhiaatlantica.pt\/wp-content\/uploads\/2024\/03\/140-162-1-alicatos-100x100.jpg 100w, https:\/\/www.companhiaatlantica.pt\/wp-content\/uploads\/2024\/03\/140-162-1-alicatos-400x400.jpg 400w, https:\/\/www.companhiaatlantica.pt\/wp-content\/uploads\/2024\/03\/140-162-1-alicatos-350x350.jpg 350w, https:\/\/www.companhiaatlantica.pt\/wp-content\/uploads\/2024\/03\/140-162-1-alicatos-768x768.jpg 768w, https:\/\/www.companhiaatlantica.pt\/wp-content\/uploads\/2024\/03\/140-162-1-alicatos-600x600.jpg 600w, https:\/\/www.companhiaatlantica.pt\/wp-content\/uploads\/2024\/03\/140-162-1-alicatos.jpg 800w\" sizes=\"auto, (max-width: 700px) 100vw, 700px\" title=\"\">\t\t\t\t\t\t\t\t\t<\/a>\n\t\t\t\t\t\t\t\t\t\t\t\t\t\t\t\t\t\t \t\t\t\t\t\t\t\t<\/div>\n\t\t\t\t\t\t\t\t<div class=\"image-tools top right show-on-hover\">\n\t\t\t\t\t\t\t\t\t\t\t<div class=\"wishlist-icon\">\n\t\t\t<button class=\"wishlist-button button is-outline circle icon\" aria-label=\"Wunschliste\">\n\t\t\t\t<i class=\"icon-heart\" aria-hidden=\"true\"><\/i>\t\t\t<\/button>\n\t\t\t<div class=\"wishlist-popup dark\">\n\t\t\t\t\n<div\n\tclass=\"yith-wcwl-add-to-wishlist add-to-wishlist-55620 yith-wcwl-add-to-wishlist--button_default-style wishlist-fragment on-first-load\"\n\tdata-fragment-ref=\"55620\"\n\tdata-fragment-options=\"{&quot;base_url&quot;:&quot;&quot;,&quot;product_id&quot;:55620,&quot;parent_product_id&quot;:0,&quot;product_type&quot;:&quot;variable&quot;,&quot;is_single&quot;:false,&quot;in_default_wishlist&quot;:false,&quot;show_view&quot;:false,&quot;browse_wishlist_text&quot;:&quot;Siehe Ihre Wunschliste!&quot;,&quot;already_in_wishslist_text&quot;:&quot;Dieses Produkt steht bereits auf Ihrem Wunschzettel!&quot;,&quot;product_added_text&quot;:&quot;Produto adicionado!&quot;,&quot;available_multi_wishlist&quot;:false,&quot;disable_wishlist&quot;:false,&quot;show_count&quot;:false,&quot;ajax_loading&quot;:false,&quot;loop_position&quot;:&quot;after_add_to_cart&quot;,&quot;item&quot;:&quot;add_to_wishlist&quot;}\"\n>\n\t\t\t\n\t\t\t<!-- ADD TO WISHLIST -->\n\t\t\t\n<div class=\"yith-wcwl-add-button\">\n\t\t<a\n\t\thref=\"?add_to_wishlist=55620&#038;_wpnonce=52d31225f0\"\n\t\tclass=\"add_to_wishlist single_add_to_wishlist alt button theme-button-style \"\n\t\tdata-product-id=\"55620\"\n\t\tdata-product-type=\"variable\"\n\t\tdata-original-product-id=\"0\"\n\t\tdata-title=\"Zu meiner Wunschliste hinzuf\u00fcgen\"\n\t\trel=\"nofollow\"\n\t>\n\t\t<svg id=\"yith-wcwl-icon-heart-outline\" class=\"yith-wcwl-icon-svg\" fill=\"none\" stroke-width=\"1.5\" stroke=\"currentColor\" viewBox=\"0 0 24 24\" xmlns=\"http:\/\/www.w3.org\/2000\/svg\">\n  <path stroke-linecap=\"round\" stroke-linejoin=\"round\" d=\"M21 8.25c0-2.485-2.099-4.5-4.688-4.5-1.935 0-3.597 1.126-4.312 2.733-.715-1.607-2.377-2.733-4.313-2.733C5.1 3.75 3 5.765 3 8.25c0 7.22 9 12 9 12s9-4.78 9-12Z\"><\/path>\n<\/svg>\t\t<span>Zu meiner Wunschliste hinzuf\u00fcgen<\/span>\n\t<\/a>\n<\/div>\n\n\t\t\t<!-- COUNT TEXT -->\n\t\t\t\n\t\t\t<\/div>\n\t\t\t<\/div>\n\t\t<\/div>\n\t\t\t\t\t\t\t\t\t\t<\/div>\n\t\t\t\t\t\t\t\t\t\t\t\t\t\t\t\t\t<div class=\"image-tools grid-tools text-center hide-for-small bottom hover-slide-in show-on-hover\">\n\t\t\t\t\t\t\t\t\t\t\t\t\t\t\t\t\t\t\t<\/div>\n\t\t\t\t\t\t\t\t\t\t\t\t\t\t\t\t\t\t\t\t\t\t\t<\/div>\n\n\t\t\t\t\t\t\t<div class=\"box-text text-center\" >\n\t\t\t\t\t\t\t\t<span class=\"featured-badge\"><img decoding=\"async\" src=\"https:\/\/cdn.companhiaatlantica.pt\/wp-content\/themes\/flatsome-child\/src\/img\/ar-icon-2.jpg\" alt=\"AR Icon\" class=\"ar-icon\" title=\"\"><\/span><div class=\"title-wrapper\"><p class=\"name product-title woocommerce-loop-product__title\"><a href=\"https:\/\/www.companhiaatlantica.pt\/de\/produto\/duftkerzen-diffusoren-fur-zuhause\/mikado-lufterfrischer\/diffusor-alicatos-100ml\" class=\"woocommerce-LoopProduct-link woocommerce-loop-product__link\">Diffusor ALICATOS 100ml<\/a><\/p><\/div><div class=\"price-wrapper\">\n\t<span class=\"price\"><span class=\"woocommerce-Price-amount amount\"><bdi>29.00<span class=\"woocommerce-Price-currencySymbol\">&euro;<\/span><\/bdi><\/span><\/span>\n<\/div>\t<span id=\"woocommerce_loop_add_to_cart_link_describedby_55620\" class=\"screen-reader-text\">\n\t\tDieses Produkt weist mehrere Varianten auf. Die Optionen k\u00f6nnen auf der Produktseite gew\u00e4hlt werden\t<\/span>\n\t\t\t\t\t\t\t<\/div>\n\t\t\t\t\t\t<\/div>\n\t\t\t\t\t\t<\/div>\n\t\t\t\t\t<\/div><div class=\"col\" >\n\t\t\t\t\t\t<div class=\"col-inner\">\n\t\t\t\t\t\t\n<div class=\"badge-container absolute left top z-1\">\n\n<\/div>\n\t\t\t\t\t\t<div class=\"product-small box has-hover box-push box-text-bottom\">\n\t\t\t\t\t\t\t<div class=\"box-image\" >\n\t\t\t\t\t\t\t\t<div class=\"\" >\n\t\t\t\t\t\t\t\t\t<a href=\"https:\/\/www.companhiaatlantica.pt\/de\/produto\/duftkerzen-diffusoren-fur-zuhause\/mikado-lufterfrischer\/diffusor-areia-200-ml\" aria-label=\"Diffusor AREIA 200 ml\">\n\t\t\t\t\t\t\t\t\t\t<img loading=\"lazy\" decoding=\"async\" width=\"700\" height=\"700\" src=\"https:\/\/www.companhiaatlantica.pt\/wp-content\/uploads\/2024\/08\/140-194-700x700.jpg\" class=\"show-on-hover absolute fill hide-for-small back-image\" alt=\"Alternative view of Diffusor AREIA 200 ml\" aria-hidden=\"true\" srcset=\"https:\/\/www.companhiaatlantica.pt\/wp-content\/uploads\/2024\/08\/140-194-700x700.jpg 700w, https:\/\/www.companhiaatlantica.pt\/wp-content\/uploads\/2024\/08\/140-194-100x100.jpg 100w, https:\/\/www.companhiaatlantica.pt\/wp-content\/uploads\/2024\/08\/140-194-400x400.jpg 400w, https:\/\/www.companhiaatlantica.pt\/wp-content\/uploads\/2024\/08\/140-194-350x350.jpg 350w, https:\/\/www.companhiaatlantica.pt\/wp-content\/uploads\/2024\/08\/140-194-768x768.jpg 768w, https:\/\/www.companhiaatlantica.pt\/wp-content\/uploads\/2024\/08\/140-194-600x600.jpg 600w, https:\/\/www.companhiaatlantica.pt\/wp-content\/uploads\/2024\/08\/140-194.jpg 900w\" sizes=\"auto, (max-width: 700px) 100vw, 700px\" title=\"\"><img loading=\"lazy\" decoding=\"async\" width=\"700\" height=\"700\" src=\"https:\/\/www.companhiaatlantica.pt\/wp-content\/uploads\/2022\/08\/140-119-700x700.jpg\" class=\"attachment-woocommerce_thumbnail size-woocommerce_thumbnail\" alt=\"Diffusor AREIA 200 ml\" srcset=\"https:\/\/www.companhiaatlantica.pt\/wp-content\/uploads\/2022\/08\/140-119-700x700.jpg 700w, https:\/\/www.companhiaatlantica.pt\/wp-content\/uploads\/2022\/08\/140-119-100x100.jpg 100w, https:\/\/www.companhiaatlantica.pt\/wp-content\/uploads\/2022\/08\/140-119-900x900.jpg 900w, https:\/\/www.companhiaatlantica.pt\/wp-content\/uploads\/2022\/08\/140-119-300x300.jpg 300w, https:\/\/www.companhiaatlantica.pt\/wp-content\/uploads\/2022\/08\/140-119-150x150.jpg 150w, https:\/\/www.companhiaatlantica.pt\/wp-content\/uploads\/2022\/08\/140-119-768x768.jpg 768w, https:\/\/www.companhiaatlantica.pt\/wp-content\/uploads\/2022\/08\/140-119-600x600.jpg 600w, https:\/\/www.companhiaatlantica.pt\/wp-content\/uploads\/2022\/08\/140-119.jpg 1000w\" sizes=\"auto, (max-width: 700px) 100vw, 700px\" title=\"\">\t\t\t\t\t\t\t\t\t<\/a>\n\t\t\t\t\t\t\t\t\t\t\t\t\t\t\t\t\t\t \t\t\t\t\t\t\t\t<\/div>\n\t\t\t\t\t\t\t\t<div class=\"image-tools top right show-on-hover\">\n\t\t\t\t\t\t\t\t\t\t\t<div class=\"wishlist-icon\">\n\t\t\t<button class=\"wishlist-button button is-outline circle icon\" aria-label=\"Wunschliste\">\n\t\t\t\t<i class=\"icon-heart\" aria-hidden=\"true\"><\/i>\t\t\t<\/button>\n\t\t\t<div class=\"wishlist-popup dark\">\n\t\t\t\t\n<div\n\tclass=\"yith-wcwl-add-to-wishlist add-to-wishlist-86829 yith-wcwl-add-to-wishlist--button_default-style wishlist-fragment on-first-load\"\n\tdata-fragment-ref=\"86829\"\n\tdata-fragment-options=\"{&quot;base_url&quot;:&quot;&quot;,&quot;product_id&quot;:86829,&quot;parent_product_id&quot;:0,&quot;product_type&quot;:&quot;variable&quot;,&quot;is_single&quot;:false,&quot;in_default_wishlist&quot;:false,&quot;show_view&quot;:false,&quot;browse_wishlist_text&quot;:&quot;Siehe Ihre Wunschliste!&quot;,&quot;already_in_wishslist_text&quot;:&quot;Dieses Produkt steht bereits auf Ihrem Wunschzettel!&quot;,&quot;product_added_text&quot;:&quot;Produto adicionado!&quot;,&quot;available_multi_wishlist&quot;:false,&quot;disable_wishlist&quot;:false,&quot;show_count&quot;:false,&quot;ajax_loading&quot;:false,&quot;loop_position&quot;:&quot;after_add_to_cart&quot;,&quot;item&quot;:&quot;add_to_wishlist&quot;}\"\n>\n\t\t\t\n\t\t\t<!-- ADD TO WISHLIST -->\n\t\t\t\n<div class=\"yith-wcwl-add-button\">\n\t\t<a\n\t\thref=\"?add_to_wishlist=86829&#038;_wpnonce=52d31225f0\"\n\t\tclass=\"add_to_wishlist single_add_to_wishlist alt button theme-button-style \"\n\t\tdata-product-id=\"86829\"\n\t\tdata-product-type=\"variable\"\n\t\tdata-original-product-id=\"0\"\n\t\tdata-title=\"Zu meiner Wunschliste hinzuf\u00fcgen\"\n\t\trel=\"nofollow\"\n\t>\n\t\t<svg id=\"yith-wcwl-icon-heart-outline\" class=\"yith-wcwl-icon-svg\" fill=\"none\" stroke-width=\"1.5\" stroke=\"currentColor\" viewBox=\"0 0 24 24\" xmlns=\"http:\/\/www.w3.org\/2000\/svg\">\n  <path stroke-linecap=\"round\" stroke-linejoin=\"round\" d=\"M21 8.25c0-2.485-2.099-4.5-4.688-4.5-1.935 0-3.597 1.126-4.312 2.733-.715-1.607-2.377-2.733-4.313-2.733C5.1 3.75 3 5.765 3 8.25c0 7.22 9 12 9 12s9-4.78 9-12Z\"><\/path>\n<\/svg>\t\t<span>Zu meiner Wunschliste hinzuf\u00fcgen<\/span>\n\t<\/a>\n<\/div>\n\n\t\t\t<!-- COUNT TEXT -->\n\t\t\t\n\t\t\t<\/div>\n\t\t\t<\/div>\n\t\t<\/div>\n\t\t\t\t\t\t\t\t\t\t<\/div>\n\t\t\t\t\t\t\t\t\t\t\t\t\t\t\t\t\t<div class=\"image-tools grid-tools text-center hide-for-small bottom hover-slide-in show-on-hover\">\n\t\t\t\t\t\t\t\t\t\t\t\t\t\t\t\t\t\t\t<\/div>\n\t\t\t\t\t\t\t\t\t\t\t\t\t\t\t\t\t\t\t\t\t\t\t<\/div>\n\n\t\t\t\t\t\t\t<div class=\"box-text text-center\" >\n\t\t\t\t\t\t\t\t<div class=\"title-wrapper\"><p class=\"name product-title woocommerce-loop-product__title\"><a href=\"https:\/\/www.companhiaatlantica.pt\/de\/produto\/duftkerzen-diffusoren-fur-zuhause\/mikado-lufterfrischer\/diffusor-areia-200-ml\" class=\"woocommerce-LoopProduct-link woocommerce-loop-product__link\">Diffusor AREIA 200 ml<\/a><\/p><\/div><div class=\"price-wrapper\">\n\t<span class=\"price\"><span class=\"woocommerce-Price-amount amount\"><bdi>13.50<span class=\"woocommerce-Price-currencySymbol\">&euro;<\/span><\/bdi><\/span><\/span>\n<\/div><div class=\"add-to-cart-button\"><a href=\"https:\/\/www.companhiaatlantica.pt\/de\/produto\/duftkerzen-diffusoren-fur-zuhause\/mikado-lufterfrischer\/diffusor-areia-200-ml\" aria-describedby=\"woocommerce_loop_add_to_cart_link_describedby_86829\" data-quantity=\"1\" class=\"primary is-small mb-0 button product_type_variable add_to_cart_button is-outline\" data-product_id=\"86829\" data-product_sku=\"\" aria-label=\"W\u00e4hle Optionen f\u00fcr \u201eDiffusor AREIA 200 ml\u201c\" rel=\"nofollow\" data-product_name=\"Diffusor AREIA 200 ml\" data-product_image=\"https:\/\/www.companhiaatlantica.pt\/wp-content\/uploads\/2022\/08\/140-119-150x150.jpg\">Ausf\u00fchrung w\u00e4hlen<\/a><\/div>\t<span id=\"woocommerce_loop_add_to_cart_link_describedby_86829\" class=\"screen-reader-text\">\n\t\tDieses Produkt weist mehrere Varianten auf. Die Optionen k\u00f6nnen auf der Produktseite gew\u00e4hlt werden\t<\/span>\n\t\t\t\t\t\t\t<\/div>\n\t\t\t\t\t\t<\/div>\n\t\t\t\t\t\t<\/div>\n\t\t\t\t\t<\/div><div class=\"col\" >\n\t\t\t\t\t\t<div class=\"col-inner\">\n\t\t\t\t\t\t\n<div class=\"badge-container absolute left top z-1\">\n\n<div class=\"badge callout badge-circle\"><div class=\"badge-inner callout-new-bg is-small new-bubble\">NEW<\/div><\/div><\/div>\n\t\t\t\t\t\t<div class=\"product-small box has-hover box-push box-text-bottom\">\n\t\t\t\t\t\t\t<div class=\"box-image\" >\n\t\t\t\t\t\t\t\t<div class=\"\" >\n\t\t\t\t\t\t\t\t\t<a href=\"https:\/\/www.companhiaatlantica.pt\/de\/produto\/korperbehandlungen\/haar\/shampoo-350ml\" aria-label=\"Shampoo 350ml C\u00aa ATL\u00c2NTICA\">\n\t\t\t\t\t\t\t\t\t\t<img loading=\"lazy\" decoding=\"async\" width=\"700\" height=\"700\" src=\"https:\/\/www.companhiaatlantica.pt\/wp-content\/uploads\/2025\/08\/foto_4-700x700.jpg\" class=\"show-on-hover absolute fill hide-for-small back-image\" alt=\"Alternative view of Shampoo 350ml C\u00aa ATL\u00c2NTICA\" aria-hidden=\"true\" srcset=\"https:\/\/www.companhiaatlantica.pt\/wp-content\/uploads\/2025\/08\/foto_4-700x700.jpg 700w, https:\/\/www.companhiaatlantica.pt\/wp-content\/uploads\/2025\/08\/foto_4-100x100.jpg 100w, https:\/\/www.companhiaatlantica.pt\/wp-content\/uploads\/2025\/08\/foto_4-350x350.jpg 350w\" sizes=\"auto, (max-width: 700px) 100vw, 700px\" title=\"\"><img loading=\"lazy\" decoding=\"async\" width=\"700\" height=\"700\" src=\"https:\/\/www.companhiaatlantica.pt\/wp-content\/uploads\/2024\/02\/100-417-1-700x700.jpg\" class=\"attachment-woocommerce_thumbnail size-woocommerce_thumbnail\" alt=\"Shampoo 350ml C\u00aa ATL\u00c2NTICA\" srcset=\"https:\/\/www.companhiaatlantica.pt\/wp-content\/uploads\/2024\/02\/100-417-1-700x700.jpg 700w, https:\/\/www.companhiaatlantica.pt\/wp-content\/uploads\/2024\/02\/100-417-1-100x100.jpg 100w, https:\/\/www.companhiaatlantica.pt\/wp-content\/uploads\/2024\/02\/100-417-1-900x900.jpg 900w, https:\/\/www.companhiaatlantica.pt\/wp-content\/uploads\/2024\/02\/100-417-1-400x400.jpg 400w, https:\/\/www.companhiaatlantica.pt\/wp-content\/uploads\/2024\/02\/100-417-1-350x350.jpg 350w, https:\/\/www.companhiaatlantica.pt\/wp-content\/uploads\/2024\/02\/100-417-1-768x768.jpg 768w, https:\/\/www.companhiaatlantica.pt\/wp-content\/uploads\/2024\/02\/100-417-1.jpg 1000w\" sizes=\"auto, (max-width: 700px) 100vw, 700px\" title=\"\">\t\t\t\t\t\t\t\t\t<\/a>\n\t\t\t\t\t\t\t\t\t\t\t\t\t\t\t\t\t\t \t\t\t\t\t\t\t\t<\/div>\n\t\t\t\t\t\t\t\t<div class=\"image-tools top right show-on-hover\">\n\t\t\t\t\t\t\t\t\t\t\t<div class=\"wishlist-icon\">\n\t\t\t<button class=\"wishlist-button button is-outline circle icon\" aria-label=\"Wunschliste\">\n\t\t\t\t<i class=\"icon-heart\" aria-hidden=\"true\"><\/i>\t\t\t<\/button>\n\t\t\t<div class=\"wishlist-popup dark\">\n\t\t\t\t\n<div\n\tclass=\"yith-wcwl-add-to-wishlist add-to-wishlist-53894 yith-wcwl-add-to-wishlist--button_default-style wishlist-fragment on-first-load\"\n\tdata-fragment-ref=\"53894\"\n\tdata-fragment-options=\"{&quot;base_url&quot;:&quot;&quot;,&quot;product_id&quot;:53894,&quot;parent_product_id&quot;:0,&quot;product_type&quot;:&quot;variable&quot;,&quot;is_single&quot;:false,&quot;in_default_wishlist&quot;:false,&quot;show_view&quot;:false,&quot;browse_wishlist_text&quot;:&quot;Siehe Ihre Wunschliste!&quot;,&quot;already_in_wishslist_text&quot;:&quot;Dieses Produkt steht bereits auf Ihrem Wunschzettel!&quot;,&quot;product_added_text&quot;:&quot;Produto adicionado!&quot;,&quot;available_multi_wishlist&quot;:false,&quot;disable_wishlist&quot;:false,&quot;show_count&quot;:false,&quot;ajax_loading&quot;:false,&quot;loop_position&quot;:&quot;after_add_to_cart&quot;,&quot;item&quot;:&quot;add_to_wishlist&quot;}\"\n>\n\t\t\t\n\t\t\t<!-- ADD TO WISHLIST -->\n\t\t\t\n<div class=\"yith-wcwl-add-button\">\n\t\t<a\n\t\thref=\"?add_to_wishlist=53894&#038;_wpnonce=52d31225f0\"\n\t\tclass=\"add_to_wishlist single_add_to_wishlist alt button theme-button-style \"\n\t\tdata-product-id=\"53894\"\n\t\tdata-product-type=\"variable\"\n\t\tdata-original-product-id=\"0\"\n\t\tdata-title=\"Zu meiner Wunschliste hinzuf\u00fcgen\"\n\t\trel=\"nofollow\"\n\t>\n\t\t<svg id=\"yith-wcwl-icon-heart-outline\" class=\"yith-wcwl-icon-svg\" fill=\"none\" stroke-width=\"1.5\" stroke=\"currentColor\" viewBox=\"0 0 24 24\" xmlns=\"http:\/\/www.w3.org\/2000\/svg\">\n  <path stroke-linecap=\"round\" stroke-linejoin=\"round\" d=\"M21 8.25c0-2.485-2.099-4.5-4.688-4.5-1.935 0-3.597 1.126-4.312 2.733-.715-1.607-2.377-2.733-4.313-2.733C5.1 3.75 3 5.765 3 8.25c0 7.22 9 12 9 12s9-4.78 9-12Z\"><\/path>\n<\/svg>\t\t<span>Zu meiner Wunschliste hinzuf\u00fcgen<\/span>\n\t<\/a>\n<\/div>\n\n\t\t\t<!-- COUNT TEXT -->\n\t\t\t\n\t\t\t<\/div>\n\t\t\t<\/div>\n\t\t<\/div>\n\t\t\t\t\t\t\t\t\t\t<\/div>\n\t\t\t\t\t\t\t\t\t\t\t\t\t\t\t\t\t<div class=\"image-tools grid-tools text-center hide-for-small bottom hover-slide-in show-on-hover\">\n\t\t\t\t\t\t\t\t\t\t\t\t\t\t\t\t\t\t\t<\/div>\n\t\t\t\t\t\t\t\t\t\t\t\t\t\t\t\t\t\t\t\t\t\t\t<\/div>\n\n\t\t\t\t\t\t\t<div class=\"box-text text-center\" >\n\t\t\t\t\t\t\t\t<div class=\"title-wrapper\"><p class=\"name product-title woocommerce-loop-product__title\"><a href=\"https:\/\/www.companhiaatlantica.pt\/de\/produto\/korperbehandlungen\/haar\/shampoo-350ml\" class=\"woocommerce-LoopProduct-link woocommerce-loop-product__link\">Shampoo 350ml C\u00aa ATL\u00c2NTICA<\/a><\/p><\/div><div class=\"price-wrapper\">\n\t<span class=\"price\"><span class=\"woocommerce-Price-amount amount\"><bdi>12.00<span class=\"woocommerce-Price-currencySymbol\">&euro;<\/span><\/bdi><\/span><\/span>\n<\/div><div class=\"add-to-cart-button\"><a href=\"https:\/\/www.companhiaatlantica.pt\/de\/produto\/korperbehandlungen\/haar\/shampoo-350ml\" aria-describedby=\"woocommerce_loop_add_to_cart_link_describedby_53894\" data-quantity=\"1\" class=\"primary is-small mb-0 button product_type_variable add_to_cart_button is-outline\" data-product_id=\"53894\" data-product_sku=\"\" aria-label=\"W\u00e4hle Optionen f\u00fcr \u201eShampoo 350ml C\u00aa ATL\u00c2NTICA\u201c\" rel=\"nofollow\" data-product_name=\"Shampoo 350ml C\u00aa ATL\u00c2NTICA\" data-product_image=\"https:\/\/www.companhiaatlantica.pt\/wp-content\/uploads\/2024\/02\/100-417-1-350x350.jpg\">Ausf\u00fchrung w\u00e4hlen<\/a><\/div>\t<span id=\"woocommerce_loop_add_to_cart_link_describedby_53894\" class=\"screen-reader-text\">\n\t\tDieses Produkt weist mehrere Varianten auf. Die Optionen k\u00f6nnen auf der Produktseite gew\u00e4hlt werden\t<\/span>\n\t\t\t\t\t\t\t<\/div>\n\t\t\t\t\t\t<\/div>\n\t\t\t\t\t\t<\/div>\n\t\t\t\t\t<\/div><div class=\"col\" >\n\t\t\t\t\t\t<div class=\"col-inner\">\n\t\t\t\t\t\t\n<div class=\"badge-container absolute left top z-1\">\n\n<\/div>\n\t\t\t\t\t\t<div class=\"product-small box has-hover box-push box-text-bottom\">\n\t\t\t\t\t\t\t<div class=\"box-image\" >\n\t\t\t\t\t\t\t\t<div class=\"\" >\n\t\t\t\t\t\t\t\t\t<a href=\"https:\/\/www.companhiaatlantica.pt\/de\/produto\/korperbehandlungen\/seifen\/zitrusseife-mediterrane-ca-atlantica\" aria-label=\"Zitrusseife Mediterrane  C\u00aa ATL\u00c2NTICA\">\n\t\t\t\t\t\t\t\t\t\t<img loading=\"lazy\" decoding=\"async\" width=\"700\" height=\"700\" src=\"https:\/\/www.companhiaatlantica.pt\/wp-content\/uploads\/2026\/03\/sabonete-1-700x700.jpg\" class=\"show-on-hover absolute fill hide-for-small back-image\" alt=\"Alternative view of Zitrusseife Mediterrane  C\u00aa ATL\u00c2NTICA\" aria-hidden=\"true\" srcset=\"https:\/\/www.companhiaatlantica.pt\/wp-content\/uploads\/2026\/03\/sabonete-1-700x700.jpg 700w, https:\/\/www.companhiaatlantica.pt\/wp-content\/uploads\/2026\/03\/sabonete-1-400x400.jpg 400w, https:\/\/www.companhiaatlantica.pt\/wp-content\/uploads\/2026\/03\/sabonete-1-350x350.jpg 350w, https:\/\/www.companhiaatlantica.pt\/wp-content\/uploads\/2026\/03\/sabonete-1-768x768.jpg 768w, https:\/\/www.companhiaatlantica.pt\/wp-content\/uploads\/2026\/03\/sabonete-1-900x900.jpg 900w, https:\/\/www.companhiaatlantica.pt\/wp-content\/uploads\/2026\/03\/sabonete-1-100x100.jpg 100w, https:\/\/www.companhiaatlantica.pt\/wp-content\/uploads\/2026\/03\/sabonete-1.jpg 1000w\" sizes=\"auto, (max-width: 700px) 100vw, 700px\" title=\"\"><img loading=\"lazy\" decoding=\"async\" width=\"700\" height=\"700\" src=\"https:\/\/www.companhiaatlantica.pt\/wp-content\/uploads\/2026\/03\/sabonete-700x700.jpg\" class=\"attachment-woocommerce_thumbnail size-woocommerce_thumbnail\" alt=\"Zitrusseife Mediterrane  C\u00aa ATL\u00c2NTICA\" srcset=\"https:\/\/www.companhiaatlantica.pt\/wp-content\/uploads\/2026\/03\/sabonete-700x700.jpg 700w, https:\/\/www.companhiaatlantica.pt\/wp-content\/uploads\/2026\/03\/sabonete-400x400.jpg 400w, https:\/\/www.companhiaatlantica.pt\/wp-content\/uploads\/2026\/03\/sabonete-350x350.jpg 350w, https:\/\/www.companhiaatlantica.pt\/wp-content\/uploads\/2026\/03\/sabonete-768x768.jpg 768w, https:\/\/www.companhiaatlantica.pt\/wp-content\/uploads\/2026\/03\/sabonete-900x900.jpg 900w, https:\/\/www.companhiaatlantica.pt\/wp-content\/uploads\/2026\/03\/sabonete-100x100.jpg 100w, https:\/\/www.companhiaatlantica.pt\/wp-content\/uploads\/2026\/03\/sabonete.jpg 1000w\" sizes=\"auto, (max-width: 700px) 100vw, 700px\" title=\"\">\t\t\t\t\t\t\t\t\t<\/a>\n\t\t\t\t\t\t\t\t\t\t\t\t\t\t\t\t\t\t \t\t\t\t\t\t\t\t<\/div>\n\t\t\t\t\t\t\t\t<div class=\"image-tools top right show-on-hover\">\n\t\t\t\t\t\t\t\t\t\t\t<div class=\"wishlist-icon\">\n\t\t\t<button class=\"wishlist-button button is-outline circle icon\" aria-label=\"Wunschliste\">\n\t\t\t\t<i class=\"icon-heart\" aria-hidden=\"true\"><\/i>\t\t\t<\/button>\n\t\t\t<div class=\"wishlist-popup dark\">\n\t\t\t\t\n<div\n\tclass=\"yith-wcwl-add-to-wishlist add-to-wishlist-85561 yith-wcwl-add-to-wishlist--button_default-style wishlist-fragment on-first-load\"\n\tdata-fragment-ref=\"85561\"\n\tdata-fragment-options=\"{&quot;base_url&quot;:&quot;&quot;,&quot;product_id&quot;:85561,&quot;parent_product_id&quot;:0,&quot;product_type&quot;:&quot;simple&quot;,&quot;is_single&quot;:false,&quot;in_default_wishlist&quot;:false,&quot;show_view&quot;:false,&quot;browse_wishlist_text&quot;:&quot;Siehe Ihre Wunschliste!&quot;,&quot;already_in_wishslist_text&quot;:&quot;Dieses Produkt steht bereits auf Ihrem Wunschzettel!&quot;,&quot;product_added_text&quot;:&quot;Produto adicionado!&quot;,&quot;available_multi_wishlist&quot;:false,&quot;disable_wishlist&quot;:false,&quot;show_count&quot;:false,&quot;ajax_loading&quot;:false,&quot;loop_position&quot;:&quot;after_add_to_cart&quot;,&quot;item&quot;:&quot;add_to_wishlist&quot;}\"\n>\n\t\t\t\n\t\t\t<!-- ADD TO WISHLIST -->\n\t\t\t\n<div class=\"yith-wcwl-add-button\">\n\t\t<a\n\t\thref=\"?add_to_wishlist=85561&#038;_wpnonce=52d31225f0\"\n\t\tclass=\"add_to_wishlist single_add_to_wishlist alt button theme-button-style \"\n\t\tdata-product-id=\"85561\"\n\t\tdata-product-type=\"simple\"\n\t\tdata-original-product-id=\"0\"\n\t\tdata-title=\"Zu meiner Wunschliste hinzuf\u00fcgen\"\n\t\trel=\"nofollow\"\n\t>\n\t\t<svg id=\"yith-wcwl-icon-heart-outline\" class=\"yith-wcwl-icon-svg\" fill=\"none\" stroke-width=\"1.5\" stroke=\"currentColor\" viewBox=\"0 0 24 24\" xmlns=\"http:\/\/www.w3.org\/2000\/svg\">\n  <path stroke-linecap=\"round\" stroke-linejoin=\"round\" d=\"M21 8.25c0-2.485-2.099-4.5-4.688-4.5-1.935 0-3.597 1.126-4.312 2.733-.715-1.607-2.377-2.733-4.313-2.733C5.1 3.75 3 5.765 3 8.25c0 7.22 9 12 9 12s9-4.78 9-12Z\"><\/path>\n<\/svg>\t\t<span>Zu meiner Wunschliste hinzuf\u00fcgen<\/span>\n\t<\/a>\n<\/div>\n\n\t\t\t<!-- COUNT TEXT -->\n\t\t\t\n\t\t\t<\/div>\n\t\t\t<\/div>\n\t\t<\/div>\n\t\t\t\t\t\t\t\t\t\t<\/div>\n\t\t\t\t\t\t\t\t\t\t\t\t\t\t\t\t\t<div class=\"image-tools grid-tools text-center hide-for-small bottom hover-slide-in show-on-hover\">\n\t\t\t\t\t\t\t\t\t\t\t\t\t\t\t\t\t\t\t<\/div>\n\t\t\t\t\t\t\t\t\t\t\t\t\t\t\t\t\t\t\t\t\t\t\t<\/div>\n\n\t\t\t\t\t\t\t<div class=\"box-text text-center\" >\n\t\t\t\t\t\t\t\t<div class=\"title-wrapper\"><p class=\"name product-title woocommerce-loop-product__title\"><a href=\"https:\/\/www.companhiaatlantica.pt\/de\/produto\/korperbehandlungen\/seifen\/zitrusseife-mediterrane-ca-atlantica\" class=\"woocommerce-LoopProduct-link woocommerce-loop-product__link\">Zitrusseife Mediterrane  C\u00aa ATL\u00c2NTICA<\/a><\/p><\/div><div class=\"price-wrapper\">\n\t<span class=\"price\"><span class=\"woocommerce-Price-amount amount\"><bdi>6.50<span class=\"woocommerce-Price-currencySymbol\">&euro;<\/span><\/bdi><\/span><\/span>\n<\/div><div class=\"add-to-cart-button\"><a href=\"\/de\/wp-json\/wp\/v2\/pages\/66644?add-to-cart=85561\" aria-describedby=\"woocommerce_loop_add_to_cart_link_describedby_85561\" data-quantity=\"1\" class=\"primary is-small mb-0 button product_type_simple add_to_cart_button ajax_add_to_cart is-outline\" data-product_id=\"85561\" data-product_sku=\"100-086\" aria-label=\"In den Warenkorb legen: \u201eZitrusseife Mediterrane  C\u00aa ATL\u00c2NTICA\u201c\" rel=\"nofollow\" data-success_message=\"\u201eZitrusseife Mediterrane  C\u00aa ATL\u00c2NTICA\u201c wurde deinem Warenkorb hinzugef\u00fcgt\" data-product_name=\"Zitrusseife Mediterrane  C\u00aa ATL\u00c2NTICA\" data-product_image=\"https:\/\/www.companhiaatlantica.pt\/wp-content\/uploads\/2026\/03\/sabonete-350x350.jpg\" role=\"button\">In den Warenkorb<\/a><\/div>\t<span id=\"woocommerce_loop_add_to_cart_link_describedby_85561\" class=\"screen-reader-text\">\n\t\t\t<\/span>\n\t\t\t\t\t\t\t<\/div>\n\t\t\t\t\t\t<\/div>\n\t\t\t\t\t\t<\/div>\n\t\t\t\t\t<\/div><div class=\"col\" >\n\t\t\t\t\t\t<div class=\"col-inner\">\n\t\t\t\t\t\t\n<div class=\"badge-container absolute left top z-1\">\n\n<div class=\"badge callout badge-circle\"><div class=\"badge-inner callout-new-bg is-small new-bubble\">NEW<\/div><\/div><\/div>\n\t\t\t\t\t\t<div class=\"product-small box has-hover box-push box-text-bottom\">\n\t\t\t\t\t\t\t<div class=\"box-image\" >\n\t\t\t\t\t\t\t\t<div class=\"\" >\n\t\t\t\t\t\t\t\t\t<a href=\"https:\/\/www.companhiaatlantica.pt\/de\/produto\/duftkerzen-diffusoren-fur-zuhause\/mikado-lufterfrischer\/diffuser-nachfuellung-500ml\" aria-label=\"Diffuser-Nachf\u00fcllung 500ml\">\n\t\t\t\t\t\t\t\t\t\t<img loading=\"lazy\" decoding=\"async\" width=\"700\" height=\"700\" src=\"https:\/\/www.companhiaatlantica.pt\/wp-content\/uploads\/2025\/09\/140-135_3_a-700x700.jpg\" class=\"show-on-hover absolute fill hide-for-small back-image\" alt=\"Alternative view of Diffuser-Nachf\u00fcllung 500ml\" aria-hidden=\"true\" srcset=\"https:\/\/www.companhiaatlantica.pt\/wp-content\/uploads\/2025\/09\/140-135_3_a-700x700.jpg 700w, https:\/\/www.companhiaatlantica.pt\/wp-content\/uploads\/2025\/09\/140-135_3_a-100x100.jpg 100w, https:\/\/www.companhiaatlantica.pt\/wp-content\/uploads\/2025\/09\/140-135_3_a-900x900.jpg 900w, https:\/\/www.companhiaatlantica.pt\/wp-content\/uploads\/2025\/09\/140-135_3_a-400x400.jpg 400w, https:\/\/www.companhiaatlantica.pt\/wp-content\/uploads\/2025\/09\/140-135_3_a-350x350.jpg 350w, https:\/\/www.companhiaatlantica.pt\/wp-content\/uploads\/2025\/09\/140-135_3_a-768x768.jpg 768w, https:\/\/www.companhiaatlantica.pt\/wp-content\/uploads\/2025\/09\/140-135_3_a.jpg 1000w\" sizes=\"auto, (max-width: 700px) 100vw, 700px\" title=\"\"><img loading=\"lazy\" decoding=\"async\" width=\"700\" height=\"700\" src=\"https:\/\/www.companhiaatlantica.pt\/wp-content\/uploads\/2025\/09\/140-139-700x700.jpg\" class=\"attachment-woocommerce_thumbnail size-woocommerce_thumbnail\" alt=\"Diffuser-Nachf\u00fcllung 500ml\" srcset=\"https:\/\/www.companhiaatlantica.pt\/wp-content\/uploads\/2025\/09\/140-139-700x700.jpg 700w, https:\/\/www.companhiaatlantica.pt\/wp-content\/uploads\/2025\/09\/140-139-100x100.jpg 100w, https:\/\/www.companhiaatlantica.pt\/wp-content\/uploads\/2025\/09\/140-139-900x900.jpg 900w, https:\/\/www.companhiaatlantica.pt\/wp-content\/uploads\/2025\/09\/140-139-400x400.jpg 400w, https:\/\/www.companhiaatlantica.pt\/wp-content\/uploads\/2025\/09\/140-139-350x350.jpg 350w, https:\/\/www.companhiaatlantica.pt\/wp-content\/uploads\/2025\/09\/140-139-768x768.jpg 768w, https:\/\/www.companhiaatlantica.pt\/wp-content\/uploads\/2025\/09\/140-139.jpg 1000w\" sizes=\"auto, (max-width: 700px) 100vw, 700px\" title=\"\">\t\t\t\t\t\t\t\t\t<\/a>\n\t\t\t\t\t\t\t\t\t\t\t\t\t\t\t\t\t\t \t\t\t\t\t\t\t\t<\/div>\n\t\t\t\t\t\t\t\t<div class=\"image-tools top right show-on-hover\">\n\t\t\t\t\t\t\t\t\t\t\t<div class=\"wishlist-icon\">\n\t\t\t<button class=\"wishlist-button button is-outline circle icon\" aria-label=\"Wunschliste\">\n\t\t\t\t<i class=\"icon-heart\" aria-hidden=\"true\"><\/i>\t\t\t<\/button>\n\t\t\t<div class=\"wishlist-popup dark\">\n\t\t\t\t\n<div\n\tclass=\"yith-wcwl-add-to-wishlist add-to-wishlist-78267 yith-wcwl-add-to-wishlist--button_default-style wishlist-fragment on-first-load\"\n\tdata-fragment-ref=\"78267\"\n\tdata-fragment-options=\"{&quot;base_url&quot;:&quot;&quot;,&quot;product_id&quot;:78267,&quot;parent_product_id&quot;:0,&quot;product_type&quot;:&quot;variable&quot;,&quot;is_single&quot;:false,&quot;in_default_wishlist&quot;:false,&quot;show_view&quot;:false,&quot;browse_wishlist_text&quot;:&quot;Siehe Ihre Wunschliste!&quot;,&quot;already_in_wishslist_text&quot;:&quot;Dieses Produkt steht bereits auf Ihrem Wunschzettel!&quot;,&quot;product_added_text&quot;:&quot;Produto adicionado!&quot;,&quot;available_multi_wishlist&quot;:false,&quot;disable_wishlist&quot;:false,&quot;show_count&quot;:false,&quot;ajax_loading&quot;:false,&quot;loop_position&quot;:&quot;after_add_to_cart&quot;,&quot;item&quot;:&quot;add_to_wishlist&quot;}\"\n>\n\t\t\t\n\t\t\t<!-- ADD TO WISHLIST -->\n\t\t\t\n<div class=\"yith-wcwl-add-button\">\n\t\t<a\n\t\thref=\"?add_to_wishlist=78267&#038;_wpnonce=52d31225f0\"\n\t\tclass=\"add_to_wishlist single_add_to_wishlist alt button theme-button-style \"\n\t\tdata-product-id=\"78267\"\n\t\tdata-product-type=\"variable\"\n\t\tdata-original-product-id=\"0\"\n\t\tdata-title=\"Zu meiner Wunschliste hinzuf\u00fcgen\"\n\t\trel=\"nofollow\"\n\t>\n\t\t<svg id=\"yith-wcwl-icon-heart-outline\" class=\"yith-wcwl-icon-svg\" fill=\"none\" stroke-width=\"1.5\" stroke=\"currentColor\" viewBox=\"0 0 24 24\" xmlns=\"http:\/\/www.w3.org\/2000\/svg\">\n  <path stroke-linecap=\"round\" stroke-linejoin=\"round\" d=\"M21 8.25c0-2.485-2.099-4.5-4.688-4.5-1.935 0-3.597 1.126-4.312 2.733-.715-1.607-2.377-2.733-4.313-2.733C5.1 3.75 3 5.765 3 8.25c0 7.22 9 12 9 12s9-4.78 9-12Z\"><\/path>\n<\/svg>\t\t<span>Zu meiner Wunschliste hinzuf\u00fcgen<\/span>\n\t<\/a>\n<\/div>\n\n\t\t\t<!-- COUNT TEXT -->\n\t\t\t\n\t\t\t<\/div>\n\t\t\t<\/div>\n\t\t<\/div>\n\t\t\t\t\t\t\t\t\t\t<\/div>\n\t\t\t\t\t\t\t\t\t\t\t\t\t\t\t\t\t<div class=\"image-tools grid-tools text-center hide-for-small bottom hover-slide-in show-on-hover\">\n\t\t\t\t\t\t\t\t\t\t\t\t\t\t\t\t\t\t\t<\/div>\n\t\t\t\t\t\t\t\t\t\t\t\t\t\t\t\t\t\t\t\t\t\t\t<\/div>\n\n\t\t\t\t\t\t\t<div class=\"box-text text-center\" >\n\t\t\t\t\t\t\t\t<div class=\"title-wrapper\"><p class=\"name product-title woocommerce-loop-product__title\"><a href=\"https:\/\/www.companhiaatlantica.pt\/de\/produto\/duftkerzen-diffusoren-fur-zuhause\/mikado-lufterfrischer\/diffuser-nachfuellung-500ml\" class=\"woocommerce-LoopProduct-link woocommerce-loop-product__link\">Diffuser-Nachf\u00fcllung 500ml<\/a><\/p><\/div><div class=\"price-wrapper\">\n\t<span class=\"price\"><span class=\"woocommerce-Price-amount amount\"><bdi>37.90<span class=\"woocommerce-Price-currencySymbol\">&euro;<\/span><\/bdi><\/span><\/span>\n<\/div><div class=\"add-to-cart-button\"><a href=\"https:\/\/www.companhiaatlantica.pt\/de\/produto\/duftkerzen-diffusoren-fur-zuhause\/mikado-lufterfrischer\/diffuser-nachfuellung-500ml\" aria-describedby=\"woocommerce_loop_add_to_cart_link_describedby_78267\" data-quantity=\"1\" class=\"primary is-small mb-0 button product_type_variable add_to_cart_button is-outline\" data-product_id=\"78267\" data-product_sku=\"\" aria-label=\"W\u00e4hle Optionen f\u00fcr \u201eDiffuser-Nachf\u00fcllung 500ml\u201c\" rel=\"nofollow\" data-product_name=\"Diffuser-Nachf\u00fcllung 500ml\" data-product_image=\"https:\/\/www.companhiaatlantica.pt\/wp-content\/uploads\/2025\/09\/140-139-350x350.jpg\">Ausf\u00fchrung w\u00e4hlen<\/a><\/div>\t<span id=\"woocommerce_loop_add_to_cart_link_describedby_78267\" class=\"screen-reader-text\">\n\t\tDieses Produkt weist mehrere Varianten auf. Die Optionen k\u00f6nnen auf der Produktseite gew\u00e4hlt werden\t<\/span>\n\t\t\t\t\t\t\t<\/div>\n\t\t\t\t\t\t<\/div>\n\t\t\t\t\t\t<\/div>\n\t\t\t\t\t<\/div><div class=\"col\" >\n\t\t\t\t\t\t<div class=\"col-inner\">\n\t\t\t\t\t\t\n<div class=\"badge-container absolute left top z-1\">\n\n<\/div>\n\t\t\t\t\t\t<div class=\"product-small box has-hover box-push box-text-bottom\">\n\t\t\t\t\t\t\t<div class=\"box-image\" >\n\t\t\t\t\t\t\t\t<div class=\"\" >\n\t\t\t\t\t\t\t\t\t<a href=\"https:\/\/www.companhiaatlantica.pt\/de\/produto\/korperbehandlungen\/seifen\/seife-rosa-rot-rosio\" aria-label=\"Seife Rosa Blush ROSSIO\">\n\t\t\t\t\t\t\t\t\t\t<img loading=\"lazy\" decoding=\"async\" width=\"700\" height=\"700\" src=\"https:\/\/www.companhiaatlantica.pt\/wp-content\/uploads\/2023\/01\/100-336_b-700x700.jpg\" class=\"show-on-hover absolute fill hide-for-small back-image\" alt=\"Alternative view of Seife Rosa Blush ROSSIO\" aria-hidden=\"true\" srcset=\"https:\/\/www.companhiaatlantica.pt\/wp-content\/uploads\/2023\/01\/100-336_b-700x700.jpg 700w, https:\/\/www.companhiaatlantica.pt\/wp-content\/uploads\/2023\/01\/100-336_b-100x100.jpg 100w, https:\/\/www.companhiaatlantica.pt\/wp-content\/uploads\/2023\/01\/100-336_b-900x900.jpg 900w, https:\/\/www.companhiaatlantica.pt\/wp-content\/uploads\/2023\/01\/100-336_b-300x300.jpg 300w, https:\/\/www.companhiaatlantica.pt\/wp-content\/uploads\/2023\/01\/100-336_b-150x150.jpg 150w, https:\/\/www.companhiaatlantica.pt\/wp-content\/uploads\/2023\/01\/100-336_b-768x768.jpg 768w, https:\/\/www.companhiaatlantica.pt\/wp-content\/uploads\/2023\/01\/100-336_b-600x600.jpg 600w, https:\/\/www.companhiaatlantica.pt\/wp-content\/uploads\/2023\/01\/100-336_b.jpg 943w\" sizes=\"auto, (max-width: 700px) 100vw, 700px\" title=\"\"><img loading=\"lazy\" decoding=\"async\" width=\"700\" height=\"700\" src=\"https:\/\/www.companhiaatlantica.pt\/wp-content\/uploads\/2023\/01\/100-336_c-700x700.jpg\" class=\"attachment-woocommerce_thumbnail size-woocommerce_thumbnail\" alt=\"Seife Rosa Blush ROSSIO\" srcset=\"https:\/\/www.companhiaatlantica.pt\/wp-content\/uploads\/2023\/01\/100-336_c-700x700.jpg 700w, https:\/\/www.companhiaatlantica.pt\/wp-content\/uploads\/2023\/01\/100-336_c-100x100.jpg 100w, https:\/\/www.companhiaatlantica.pt\/wp-content\/uploads\/2023\/01\/100-336_c-900x900.jpg 900w, https:\/\/www.companhiaatlantica.pt\/wp-content\/uploads\/2023\/01\/100-336_c-300x300.jpg 300w, https:\/\/www.companhiaatlantica.pt\/wp-content\/uploads\/2023\/01\/100-336_c-150x150.jpg 150w, https:\/\/www.companhiaatlantica.pt\/wp-content\/uploads\/2023\/01\/100-336_c-768x768.jpg 768w, https:\/\/www.companhiaatlantica.pt\/wp-content\/uploads\/2023\/01\/100-336_c-600x600.jpg 600w, https:\/\/www.companhiaatlantica.pt\/wp-content\/uploads\/2023\/01\/100-336_c.jpg 943w\" sizes=\"auto, (max-width: 700px) 100vw, 700px\" title=\"\">\t\t\t\t\t\t\t\t\t<\/a>\n\t\t\t\t\t\t\t\t\t\t\t\t\t\t\t\t\t\t \t\t\t\t\t\t\t\t<\/div>\n\t\t\t\t\t\t\t\t<div class=\"image-tools top right show-on-hover\">\n\t\t\t\t\t\t\t\t\t\t\t<div class=\"wishlist-icon\">\n\t\t\t<button class=\"wishlist-button button is-outline circle icon\" aria-label=\"Wunschliste\">\n\t\t\t\t<i class=\"icon-heart\" aria-hidden=\"true\"><\/i>\t\t\t<\/button>\n\t\t\t<div class=\"wishlist-popup dark\">\n\t\t\t\t\n<div\n\tclass=\"yith-wcwl-add-to-wishlist add-to-wishlist-40836 yith-wcwl-add-to-wishlist--button_default-style wishlist-fragment on-first-load\"\n\tdata-fragment-ref=\"40836\"\n\tdata-fragment-options=\"{&quot;base_url&quot;:&quot;&quot;,&quot;product_id&quot;:40836,&quot;parent_product_id&quot;:0,&quot;product_type&quot;:&quot;simple&quot;,&quot;is_single&quot;:false,&quot;in_default_wishlist&quot;:false,&quot;show_view&quot;:false,&quot;browse_wishlist_text&quot;:&quot;Siehe Ihre Wunschliste!&quot;,&quot;already_in_wishslist_text&quot;:&quot;Dieses Produkt steht bereits auf Ihrem Wunschzettel!&quot;,&quot;product_added_text&quot;:&quot;Produto adicionado!&quot;,&quot;available_multi_wishlist&quot;:false,&quot;disable_wishlist&quot;:false,&quot;show_count&quot;:false,&quot;ajax_loading&quot;:false,&quot;loop_position&quot;:&quot;after_add_to_cart&quot;,&quot;item&quot;:&quot;add_to_wishlist&quot;}\"\n>\n\t\t\t\n\t\t\t<!-- ADD TO WISHLIST -->\n\t\t\t\n<div class=\"yith-wcwl-add-button\">\n\t\t<a\n\t\thref=\"?add_to_wishlist=40836&#038;_wpnonce=52d31225f0\"\n\t\tclass=\"add_to_wishlist single_add_to_wishlist alt button theme-button-style \"\n\t\tdata-product-id=\"40836\"\n\t\tdata-product-type=\"simple\"\n\t\tdata-original-product-id=\"0\"\n\t\tdata-title=\"Zu meiner Wunschliste hinzuf\u00fcgen\"\n\t\trel=\"nofollow\"\n\t>\n\t\t<svg id=\"yith-wcwl-icon-heart-outline\" class=\"yith-wcwl-icon-svg\" fill=\"none\" stroke-width=\"1.5\" stroke=\"currentColor\" viewBox=\"0 0 24 24\" xmlns=\"http:\/\/www.w3.org\/2000\/svg\">\n  <path stroke-linecap=\"round\" stroke-linejoin=\"round\" d=\"M21 8.25c0-2.485-2.099-4.5-4.688-4.5-1.935 0-3.597 1.126-4.312 2.733-.715-1.607-2.377-2.733-4.313-2.733C5.1 3.75 3 5.765 3 8.25c0 7.22 9 12 9 12s9-4.78 9-12Z\"><\/path>\n<\/svg>\t\t<span>Zu meiner Wunschliste hinzuf\u00fcgen<\/span>\n\t<\/a>\n<\/div>\n\n\t\t\t<!-- COUNT TEXT -->\n\t\t\t\n\t\t\t<\/div>\n\t\t\t<\/div>\n\t\t<\/div>\n\t\t\t\t\t\t\t\t\t\t<\/div>\n\t\t\t\t\t\t\t\t\t\t\t\t\t\t\t\t\t<div class=\"image-tools grid-tools text-center hide-for-small bottom hover-slide-in show-on-hover\">\n\t\t\t\t\t\t\t\t\t\t\t\t\t\t\t\t\t\t\t<\/div>\n\t\t\t\t\t\t\t\t\t\t\t\t\t\t\t\t\t\t\t\t\t\t\t<\/div>\n\n\t\t\t\t\t\t\t<div class=\"box-text text-center\" >\n\t\t\t\t\t\t\t\t<div class=\"title-wrapper\"><p class=\"name product-title woocommerce-loop-product__title\"><a href=\"https:\/\/www.companhiaatlantica.pt\/de\/produto\/korperbehandlungen\/seifen\/seife-rosa-rot-rosio\" class=\"woocommerce-LoopProduct-link woocommerce-loop-product__link\">Seife Rosa Blush ROSSIO<\/a><\/p><\/div><div class=\"price-wrapper\">\n\t<span class=\"price\"><span class=\"woocommerce-Price-amount amount\"><bdi>7.00<span class=\"woocommerce-Price-currencySymbol\">&euro;<\/span><\/bdi><\/span><\/span>\n<\/div><div class=\"add-to-cart-button\"><a href=\"\/de\/wp-json\/wp\/v2\/pages\/66644?add-to-cart=40836\" aria-describedby=\"woocommerce_loop_add_to_cart_link_describedby_40836\" data-quantity=\"1\" class=\"primary is-small mb-0 button product_type_simple add_to_cart_button ajax_add_to_cart is-outline\" data-product_id=\"40836\" data-product_sku=\"100-336\" aria-label=\"In den Warenkorb legen: \u201eSeife Rosa Blush ROSSIO\u201c\" rel=\"nofollow\" data-success_message=\"\u201eSeife Rosa Blush ROSSIO\u201c wurde deinem Warenkorb hinzugef\u00fcgt\" data-product_name=\"Seife Rosa Blush ROSSIO\" data-product_image=\"https:\/\/www.companhiaatlantica.pt\/wp-content\/uploads\/2023\/01\/100-336_c-150x150.jpg\" role=\"button\">In den Warenkorb<\/a><\/div>\t<span id=\"woocommerce_loop_add_to_cart_link_describedby_40836\" class=\"screen-reader-text\">\n\t\t\t<\/span>\n\t\t\t\t\t\t\t<\/div>\n\t\t\t\t\t\t<\/div>\n\t\t\t\t\t\t<\/div>\n\t\t\t\t\t<\/div><div class=\"col\" >\n\t\t\t\t\t\t<div class=\"col-inner\">\n\t\t\t\t\t\t\n<div class=\"badge-container absolute left top z-1\">\n\n<div class=\"badge callout badge-circle\"><div class=\"badge-inner callout-new-bg is-small new-bubble\">NEW<\/div><\/div><\/div>\n\t\t\t\t\t\t<div class=\"product-small box has-hover box-push box-text-bottom\">\n\t\t\t\t\t\t\t<div class=\"box-image\" >\n\t\t\t\t\t\t\t\t<div class=\"\" >\n\t\t\t\t\t\t\t\t\t<a href=\"https:\/\/www.companhiaatlantica.pt\/de\/produto\/korperbehandlungen\/seifen\/tap-seife-150g\" aria-label=\"TAP-Seife 150g\">\n\t\t\t\t\t\t\t\t\t\t<img loading=\"lazy\" decoding=\"async\" width=\"700\" height=\"700\" src=\"https:\/\/www.companhiaatlantica.pt\/wp-content\/uploads\/2024\/08\/100-453-c-700x700.jpg\" class=\"show-on-hover absolute fill hide-for-small back-image\" alt=\"Alternative view of TAP-Seife 150g\" aria-hidden=\"true\" srcset=\"https:\/\/www.companhiaatlantica.pt\/wp-content\/uploads\/2024\/08\/100-453-c-700x700.jpg 700w, https:\/\/www.companhiaatlantica.pt\/wp-content\/uploads\/2024\/08\/100-453-c-100x100.jpg 100w, https:\/\/www.companhiaatlantica.pt\/wp-content\/uploads\/2024\/08\/100-453-c-900x900.jpg 900w, https:\/\/www.companhiaatlantica.pt\/wp-content\/uploads\/2024\/08\/100-453-c-400x400.jpg 400w, https:\/\/www.companhiaatlantica.pt\/wp-content\/uploads\/2024\/08\/100-453-c-350x350.jpg 350w, https:\/\/www.companhiaatlantica.pt\/wp-content\/uploads\/2024\/08\/100-453-c-768x768.jpg 768w, https:\/\/www.companhiaatlantica.pt\/wp-content\/uploads\/2024\/08\/100-453-c.jpg 1000w\" sizes=\"auto, (max-width: 700px) 100vw, 700px\" title=\"\"><img loading=\"lazy\" decoding=\"async\" width=\"700\" height=\"700\" src=\"https:\/\/www.companhiaatlantica.pt\/wp-content\/uploads\/2024\/08\/100-454-a-700x700.jpg\" class=\"attachment-woocommerce_thumbnail size-woocommerce_thumbnail\" alt=\"TAP-Seife 150g\" srcset=\"https:\/\/www.companhiaatlantica.pt\/wp-content\/uploads\/2024\/08\/100-454-a-700x700.jpg 700w, https:\/\/www.companhiaatlantica.pt\/wp-content\/uploads\/2024\/08\/100-454-a-100x100.jpg 100w, https:\/\/www.companhiaatlantica.pt\/wp-content\/uploads\/2024\/08\/100-454-a-900x900.jpg 900w, https:\/\/www.companhiaatlantica.pt\/wp-content\/uploads\/2024\/08\/100-454-a-400x400.jpg 400w, https:\/\/www.companhiaatlantica.pt\/wp-content\/uploads\/2024\/08\/100-454-a-350x350.jpg 350w, https:\/\/www.companhiaatlantica.pt\/wp-content\/uploads\/2024\/08\/100-454-a-768x768.jpg 768w, https:\/\/www.companhiaatlantica.pt\/wp-content\/uploads\/2024\/08\/100-454-a.jpg 1000w\" sizes=\"auto, (max-width: 700px) 100vw, 700px\" title=\"\">\t\t\t\t\t\t\t\t\t<\/a>\n\t\t\t\t\t\t\t\t\t\t\t\t\t\t\t\t\t\t \t\t\t\t\t\t\t\t<\/div>\n\t\t\t\t\t\t\t\t<div class=\"image-tools top right show-on-hover\">\n\t\t\t\t\t\t\t\t\t\t\t<div class=\"wishlist-icon\">\n\t\t\t<button class=\"wishlist-button button is-outline circle icon\" aria-label=\"Wunschliste\">\n\t\t\t\t<i class=\"icon-heart\" aria-hidden=\"true\"><\/i>\t\t\t<\/button>\n\t\t\t<div class=\"wishlist-popup dark\">\n\t\t\t\t\n<div\n\tclass=\"yith-wcwl-add-to-wishlist add-to-wishlist-63163 yith-wcwl-add-to-wishlist--button_default-style wishlist-fragment on-first-load\"\n\tdata-fragment-ref=\"63163\"\n\tdata-fragment-options=\"{&quot;base_url&quot;:&quot;&quot;,&quot;product_id&quot;:63163,&quot;parent_product_id&quot;:0,&quot;product_type&quot;:&quot;variable&quot;,&quot;is_single&quot;:false,&quot;in_default_wishlist&quot;:false,&quot;show_view&quot;:false,&quot;browse_wishlist_text&quot;:&quot;Siehe Ihre Wunschliste!&quot;,&quot;already_in_wishslist_text&quot;:&quot;Dieses Produkt steht bereits auf Ihrem Wunschzettel!&quot;,&quot;product_added_text&quot;:&quot;Produto adicionado!&quot;,&quot;available_multi_wishlist&quot;:false,&quot;disable_wishlist&quot;:false,&quot;show_count&quot;:false,&quot;ajax_loading&quot;:false,&quot;loop_position&quot;:&quot;after_add_to_cart&quot;,&quot;item&quot;:&quot;add_to_wishlist&quot;}\"\n>\n\t\t\t\n\t\t\t<!-- ADD TO WISHLIST -->\n\t\t\t\n<div class=\"yith-wcwl-add-button\">\n\t\t<a\n\t\thref=\"?add_to_wishlist=63163&#038;_wpnonce=52d31225f0\"\n\t\tclass=\"add_to_wishlist single_add_to_wishlist alt button theme-button-style \"\n\t\tdata-product-id=\"63163\"\n\t\tdata-product-type=\"variable\"\n\t\tdata-original-product-id=\"0\"\n\t\tdata-title=\"Zu meiner Wunschliste hinzuf\u00fcgen\"\n\t\trel=\"nofollow\"\n\t>\n\t\t<svg id=\"yith-wcwl-icon-heart-outline\" class=\"yith-wcwl-icon-svg\" fill=\"none\" stroke-width=\"1.5\" stroke=\"currentColor\" viewBox=\"0 0 24 24\" xmlns=\"http:\/\/www.w3.org\/2000\/svg\">\n  <path stroke-linecap=\"round\" stroke-linejoin=\"round\" d=\"M21 8.25c0-2.485-2.099-4.5-4.688-4.5-1.935 0-3.597 1.126-4.312 2.733-.715-1.607-2.377-2.733-4.313-2.733C5.1 3.75 3 5.765 3 8.25c0 7.22 9 12 9 12s9-4.78 9-12Z\"><\/path>\n<\/svg>\t\t<span>Zu meiner Wunschliste hinzuf\u00fcgen<\/span>\n\t<\/a>\n<\/div>\n\n\t\t\t<!-- COUNT TEXT -->\n\t\t\t\n\t\t\t<\/div>\n\t\t\t<\/div>\n\t\t<\/div>\n\t\t\t\t\t\t\t\t\t\t<\/div>\n\t\t\t\t\t\t\t\t\t\t\t\t\t\t\t\t\t<div class=\"image-tools grid-tools text-center hide-for-small bottom hover-slide-in show-on-hover\">\n\t\t\t\t\t\t\t\t\t\t\t\t\t\t\t\t\t\t\t<\/div>\n\t\t\t\t\t\t\t\t\t\t\t\t\t\t\t\t\t\t\t\t\t\t\t<\/div>\n\n\t\t\t\t\t\t\t<div class=\"box-text text-center\" >\n\t\t\t\t\t\t\t\t<div class=\"title-wrapper\"><p class=\"name product-title woocommerce-loop-product__title\"><a href=\"https:\/\/www.companhiaatlantica.pt\/de\/produto\/korperbehandlungen\/seifen\/tap-seife-150g\" class=\"woocommerce-LoopProduct-link woocommerce-loop-product__link\">TAP-Seife 150g<\/a><\/p><\/div><div class=\"price-wrapper\">\n\t<span class=\"price\"><span class=\"woocommerce-Price-amount amount\"><bdi>9.00<span class=\"woocommerce-Price-currencySymbol\">&euro;<\/span><\/bdi><\/span><\/span>\n<\/div><div class=\"add-to-cart-button\"><a href=\"https:\/\/www.companhiaatlantica.pt\/de\/produto\/korperbehandlungen\/seifen\/tap-seife-150g\" aria-describedby=\"woocommerce_loop_add_to_cart_link_describedby_63163\" data-quantity=\"1\" class=\"primary is-small mb-0 button product_type_variable add_to_cart_button is-outline\" data-product_id=\"63163\" data-product_sku=\"\" aria-label=\"W\u00e4hle Optionen f\u00fcr \u201eTAP-Seife 150g\u201c\" rel=\"nofollow\" data-product_name=\"TAP-Seife 150g\" data-product_image=\"https:\/\/www.companhiaatlantica.pt\/wp-content\/uploads\/2024\/08\/100-454-a-350x350.jpg\">Ausf\u00fchrung w\u00e4hlen<\/a><\/div>\t<span id=\"woocommerce_loop_add_to_cart_link_describedby_63163\" class=\"screen-reader-text\">\n\t\tDieses Produkt weist mehrere Varianten auf. Die Optionen k\u00f6nnen auf der Produktseite gew\u00e4hlt werden\t<\/span>\n\t\t\t\t\t\t\t<\/div>\n\t\t\t\t\t\t<\/div>\n\t\t\t\t\t\t<\/div>\n\t\t\t\t\t<\/div><div class=\"col\" >\n\t\t\t\t\t\t<div class=\"col-inner\">\n\t\t\t\t\t\t\n<div class=\"badge-container absolute left top z-1\">\n\n<\/div>\n\t\t\t\t\t\t<div class=\"product-small box has-hover box-push box-text-bottom\">\n\t\t\t\t\t\t\t<div class=\"box-image\" >\n\t\t\t\t\t\t\t\t<div class=\"\" >\n\t\t\t\t\t\t\t\t\t<a href=\"https:\/\/www.companhiaatlantica.pt\/de\/produto\/korperbehandlungen\/seifen\/weise-seife\" aria-label=\"ROSSIO Wei\u00dfe Tee-Seife\">\n\t\t\t\t\t\t\t\t\t\t<img loading=\"lazy\" decoding=\"async\" width=\"700\" height=\"700\" src=\"https:\/\/www.companhiaatlantica.pt\/wp-content\/uploads\/2023\/03\/100-332_b-700x700.jpg\" class=\"show-on-hover absolute fill hide-for-small back-image\" alt=\"Alternative view of ROSSIO Wei\u00dfe Tee-Seife\" aria-hidden=\"true\" srcset=\"https:\/\/www.companhiaatlantica.pt\/wp-content\/uploads\/2023\/03\/100-332_b-700x700.jpg 700w, https:\/\/www.companhiaatlantica.pt\/wp-content\/uploads\/2023\/03\/100-332_b-100x100.jpg 100w, https:\/\/www.companhiaatlantica.pt\/wp-content\/uploads\/2023\/03\/100-332_b-600x600.jpg 600w, https:\/\/www.companhiaatlantica.pt\/wp-content\/uploads\/2023\/03\/100-332_b-300x300.jpg 300w, https:\/\/www.companhiaatlantica.pt\/wp-content\/uploads\/2023\/03\/100-332_b-150x150.jpg 150w, https:\/\/www.companhiaatlantica.pt\/wp-content\/uploads\/2023\/03\/100-332_b-768x768.jpg 768w, https:\/\/www.companhiaatlantica.pt\/wp-content\/uploads\/2023\/03\/100-332_b.jpg 796w\" sizes=\"auto, (max-width: 700px) 100vw, 700px\" title=\"\"><img loading=\"lazy\" decoding=\"async\" width=\"700\" height=\"700\" src=\"https:\/\/www.companhiaatlantica.pt\/wp-content\/uploads\/2023\/03\/100-332-700x700.jpg\" class=\"attachment-woocommerce_thumbnail size-woocommerce_thumbnail\" alt=\"ROSSIO Wei\u00dfe Tee-Seife\" srcset=\"https:\/\/www.companhiaatlantica.pt\/wp-content\/uploads\/2023\/03\/100-332-700x700.jpg 700w, https:\/\/www.companhiaatlantica.pt\/wp-content\/uploads\/2023\/03\/100-332-100x100.jpg 100w, https:\/\/www.companhiaatlantica.pt\/wp-content\/uploads\/2023\/03\/100-332-600x600.jpg 600w, https:\/\/www.companhiaatlantica.pt\/wp-content\/uploads\/2023\/03\/100-332-300x300.jpg 300w, https:\/\/www.companhiaatlantica.pt\/wp-content\/uploads\/2023\/03\/100-332-150x150.jpg 150w, https:\/\/www.companhiaatlantica.pt\/wp-content\/uploads\/2023\/03\/100-332-768x768.jpg 768w, https:\/\/www.companhiaatlantica.pt\/wp-content\/uploads\/2023\/03\/100-332.jpg 796w\" sizes=\"auto, (max-width: 700px) 100vw, 700px\" title=\"\">\t\t\t\t\t\t\t\t\t<\/a>\n\t\t\t\t\t\t\t\t\t\t\t\t\t\t\t\t\t\t \t\t\t\t\t\t\t\t<\/div>\n\t\t\t\t\t\t\t\t<div class=\"image-tools top right show-on-hover\">\n\t\t\t\t\t\t\t\t\t\t\t<div class=\"wishlist-icon\">\n\t\t\t<button class=\"wishlist-button button is-outline circle icon\" aria-label=\"Wunschliste\">\n\t\t\t\t<i class=\"icon-heart\" aria-hidden=\"true\"><\/i>\t\t\t<\/button>\n\t\t\t<div class=\"wishlist-popup dark\">\n\t\t\t\t\n<div\n\tclass=\"yith-wcwl-add-to-wishlist add-to-wishlist-40793 yith-wcwl-add-to-wishlist--button_default-style wishlist-fragment on-first-load\"\n\tdata-fragment-ref=\"40793\"\n\tdata-fragment-options=\"{&quot;base_url&quot;:&quot;&quot;,&quot;product_id&quot;:40793,&quot;parent_product_id&quot;:0,&quot;product_type&quot;:&quot;simple&quot;,&quot;is_single&quot;:false,&quot;in_default_wishlist&quot;:false,&quot;show_view&quot;:false,&quot;browse_wishlist_text&quot;:&quot;Siehe Ihre Wunschliste!&quot;,&quot;already_in_wishslist_text&quot;:&quot;Dieses Produkt steht bereits auf Ihrem Wunschzettel!&quot;,&quot;product_added_text&quot;:&quot;Produto adicionado!&quot;,&quot;available_multi_wishlist&quot;:false,&quot;disable_wishlist&quot;:false,&quot;show_count&quot;:false,&quot;ajax_loading&quot;:false,&quot;loop_position&quot;:&quot;after_add_to_cart&quot;,&quot;item&quot;:&quot;add_to_wishlist&quot;}\"\n>\n\t\t\t\n\t\t\t<!-- ADD TO WISHLIST -->\n\t\t\t\n<div class=\"yith-wcwl-add-button\">\n\t\t<a\n\t\thref=\"?add_to_wishlist=40793&#038;_wpnonce=52d31225f0\"\n\t\tclass=\"add_to_wishlist single_add_to_wishlist alt button theme-button-style \"\n\t\tdata-product-id=\"40793\"\n\t\tdata-product-type=\"simple\"\n\t\tdata-original-product-id=\"0\"\n\t\tdata-title=\"Zu meiner Wunschliste hinzuf\u00fcgen\"\n\t\trel=\"nofollow\"\n\t>\n\t\t<svg id=\"yith-wcwl-icon-heart-outline\" class=\"yith-wcwl-icon-svg\" fill=\"none\" stroke-width=\"1.5\" stroke=\"currentColor\" viewBox=\"0 0 24 24\" xmlns=\"http:\/\/www.w3.org\/2000\/svg\">\n  <path stroke-linecap=\"round\" stroke-linejoin=\"round\" d=\"M21 8.25c0-2.485-2.099-4.5-4.688-4.5-1.935 0-3.597 1.126-4.312 2.733-.715-1.607-2.377-2.733-4.313-2.733C5.1 3.75 3 5.765 3 8.25c0 7.22 9 12 9 12s9-4.78 9-12Z\"><\/path>\n<\/svg>\t\t<span>Zu meiner Wunschliste hinzuf\u00fcgen<\/span>\n\t<\/a>\n<\/div>\n\n\t\t\t<!-- COUNT TEXT -->\n\t\t\t\n\t\t\t<\/div>\n\t\t\t<\/div>\n\t\t<\/div>\n\t\t\t\t\t\t\t\t\t\t<\/div>\n\t\t\t\t\t\t\t\t\t\t\t\t\t\t\t\t\t<div class=\"image-tools grid-tools text-center hide-for-small bottom hover-slide-in show-on-hover\">\n\t\t\t\t\t\t\t\t\t\t\t\t\t\t\t\t\t\t\t<\/div>\n\t\t\t\t\t\t\t\t\t\t\t\t\t\t\t\t\t\t\t\t\t\t\t<\/div>\n\n\t\t\t\t\t\t\t<div class=\"box-text text-center\" >\n\t\t\t\t\t\t\t\t<div class=\"title-wrapper\"><p class=\"name product-title woocommerce-loop-product__title\"><a href=\"https:\/\/www.companhiaatlantica.pt\/de\/produto\/korperbehandlungen\/seifen\/weise-seife\" class=\"woocommerce-LoopProduct-link woocommerce-loop-product__link\">ROSSIO Wei\u00dfe Tee-Seife<\/a><\/p><\/div><div class=\"price-wrapper\">\n\t<span class=\"price\"><span class=\"woocommerce-Price-amount amount\"><bdi>7.00<span class=\"woocommerce-Price-currencySymbol\">&euro;<\/span><\/bdi><\/span><\/span>\n<\/div><div class=\"add-to-cart-button\"><a href=\"\/de\/wp-json\/wp\/v2\/pages\/66644?add-to-cart=40793\" aria-describedby=\"woocommerce_loop_add_to_cart_link_describedby_40793\" data-quantity=\"1\" class=\"primary is-small mb-0 button product_type_simple add_to_cart_button ajax_add_to_cart is-outline\" data-product_id=\"40793\" data-product_sku=\"100-332\" aria-label=\"In den Warenkorb legen: \u201eROSSIO Wei\u00dfe Tee-Seife\u201c\" rel=\"nofollow\" data-success_message=\"\u201eROSSIO Wei\u00dfe Tee-Seife\u201c wurde deinem Warenkorb hinzugef\u00fcgt\" data-product_name=\"ROSSIO Wei\u00dfe Tee-Seife\" data-product_image=\"https:\/\/www.companhiaatlantica.pt\/wp-content\/uploads\/2023\/03\/100-332-150x150.jpg\" role=\"button\">In den Warenkorb<\/a><\/div>\t<span id=\"woocommerce_loop_add_to_cart_link_describedby_40793\" class=\"screen-reader-text\">\n\t\t\t<\/span>\n\t\t\t\t\t\t\t<\/div>\n\t\t\t\t\t\t<\/div>\n\t\t\t\t\t\t<\/div>\n\t\t\t\t\t<\/div><div class=\"col\" >\n\t\t\t\t\t\t<div class=\"col-inner\">\n\t\t\t\t\t\t\n<div class=\"badge-container absolute left top z-1\">\n\n<\/div>\n\t\t\t\t\t\t<div class=\"product-small box has-hover box-push box-text-bottom\">\n\t\t\t\t\t\t\t<div class=\"box-image\" >\n\t\t\t\t\t\t\t\t<div class=\"\" >\n\t\t\t\t\t\t\t\t\t<a href=\"https:\/\/www.companhiaatlantica.pt\/de\/produto\/korperbehandlungen\/seifen\/nachtjasmin\" aria-label=\"Nacht Jasmin Zinn Seife LOVIES\">\n\t\t\t\t\t\t\t\t\t\t<img loading=\"lazy\" decoding=\"async\" width=\"700\" height=\"700\" src=\"https:\/\/www.companhiaatlantica.pt\/wp-content\/uploads\/2021\/05\/100-090.LOV_-700x700.jpg\" class=\"show-on-hover absolute fill hide-for-small back-image\" alt=\"Alternative view of Nacht Jasmin Zinn Seife LOVIES\" aria-hidden=\"true\" srcset=\"https:\/\/www.companhiaatlantica.pt\/wp-content\/uploads\/2021\/05\/100-090.LOV_-700x700.jpg 700w, https:\/\/www.companhiaatlantica.pt\/wp-content\/uploads\/2021\/05\/100-090.LOV_-100x100.jpg 100w, https:\/\/www.companhiaatlantica.pt\/wp-content\/uploads\/2021\/05\/100-090.LOV_-900x900.jpg 900w, https:\/\/www.companhiaatlantica.pt\/wp-content\/uploads\/2021\/05\/100-090.LOV_-300x300.jpg 300w, https:\/\/www.companhiaatlantica.pt\/wp-content\/uploads\/2021\/05\/100-090.LOV_-150x150.jpg 150w, https:\/\/www.companhiaatlantica.pt\/wp-content\/uploads\/2021\/05\/100-090.LOV_-768x768.jpg 768w, https:\/\/www.companhiaatlantica.pt\/wp-content\/uploads\/2021\/05\/100-090.LOV_-600x600.jpg 600w, https:\/\/www.companhiaatlantica.pt\/wp-content\/uploads\/2021\/05\/100-090.LOV_.jpg 1000w\" sizes=\"auto, (max-width: 700px) 100vw, 700px\" title=\"\"><img loading=\"lazy\" decoding=\"async\" width=\"700\" height=\"700\" src=\"https:\/\/www.companhiaatlantica.pt\/wp-content\/uploads\/2021\/05\/100-090.LOV_-1-700x700.jpg\" class=\"attachment-woocommerce_thumbnail size-woocommerce_thumbnail\" alt=\"Nacht Jasmin Zinn Seife LOVIES\" srcset=\"https:\/\/www.companhiaatlantica.pt\/wp-content\/uploads\/2021\/05\/100-090.LOV_-1-700x700.jpg 700w, https:\/\/www.companhiaatlantica.pt\/wp-content\/uploads\/2021\/05\/100-090.LOV_-1-100x100.jpg 100w, https:\/\/www.companhiaatlantica.pt\/wp-content\/uploads\/2021\/05\/100-090.LOV_-1-900x900.jpg 900w, https:\/\/www.companhiaatlantica.pt\/wp-content\/uploads\/2021\/05\/100-090.LOV_-1-300x300.jpg 300w, https:\/\/www.companhiaatlantica.pt\/wp-content\/uploads\/2021\/05\/100-090.LOV_-1-150x150.jpg 150w, https:\/\/www.companhiaatlantica.pt\/wp-content\/uploads\/2021\/05\/100-090.LOV_-1-768x768.jpg 768w, https:\/\/www.companhiaatlantica.pt\/wp-content\/uploads\/2021\/05\/100-090.LOV_-1-600x600.jpg 600w, https:\/\/www.companhiaatlantica.pt\/wp-content\/uploads\/2021\/05\/100-090.LOV_-1.jpg 1000w\" sizes=\"auto, (max-width: 700px) 100vw, 700px\" title=\"\">\t\t\t\t\t\t\t\t\t<\/a>\n\t\t\t\t\t\t\t\t\t\t\t\t\t\t\t\t\t\t \t\t\t\t\t\t\t\t<\/div>\n\t\t\t\t\t\t\t\t<div class=\"image-tools top right show-on-hover\">\n\t\t\t\t\t\t\t\t\t\t\t<div class=\"wishlist-icon\">\n\t\t\t<button class=\"wishlist-button button is-outline circle icon\" aria-label=\"Wunschliste\">\n\t\t\t\t<i class=\"icon-heart\" aria-hidden=\"true\"><\/i>\t\t\t<\/button>\n\t\t\t<div class=\"wishlist-popup dark\">\n\t\t\t\t\n<div\n\tclass=\"yith-wcwl-add-to-wishlist add-to-wishlist-41556 yith-wcwl-add-to-wishlist--button_default-style wishlist-fragment on-first-load\"\n\tdata-fragment-ref=\"41556\"\n\tdata-fragment-options=\"{&quot;base_url&quot;:&quot;&quot;,&quot;product_id&quot;:41556,&quot;parent_product_id&quot;:0,&quot;product_type&quot;:&quot;simple&quot;,&quot;is_single&quot;:false,&quot;in_default_wishlist&quot;:false,&quot;show_view&quot;:false,&quot;browse_wishlist_text&quot;:&quot;Siehe Ihre Wunschliste!&quot;,&quot;already_in_wishslist_text&quot;:&quot;Dieses Produkt steht bereits auf Ihrem Wunschzettel!&quot;,&quot;product_added_text&quot;:&quot;Produto adicionado!&quot;,&quot;available_multi_wishlist&quot;:false,&quot;disable_wishlist&quot;:false,&quot;show_count&quot;:false,&quot;ajax_loading&quot;:false,&quot;loop_position&quot;:&quot;after_add_to_cart&quot;,&quot;item&quot;:&quot;add_to_wishlist&quot;}\"\n>\n\t\t\t\n\t\t\t<!-- ADD TO WISHLIST -->\n\t\t\t\n<div class=\"yith-wcwl-add-button\">\n\t\t<a\n\t\thref=\"?add_to_wishlist=41556&#038;_wpnonce=52d31225f0\"\n\t\tclass=\"add_to_wishlist single_add_to_wishlist alt button theme-button-style \"\n\t\tdata-product-id=\"41556\"\n\t\tdata-product-type=\"simple\"\n\t\tdata-original-product-id=\"0\"\n\t\tdata-title=\"Zu meiner Wunschliste hinzuf\u00fcgen\"\n\t\trel=\"nofollow\"\n\t>\n\t\t<svg id=\"yith-wcwl-icon-heart-outline\" class=\"yith-wcwl-icon-svg\" fill=\"none\" stroke-width=\"1.5\" stroke=\"currentColor\" viewBox=\"0 0 24 24\" xmlns=\"http:\/\/www.w3.org\/2000\/svg\">\n  <path stroke-linecap=\"round\" stroke-linejoin=\"round\" d=\"M21 8.25c0-2.485-2.099-4.5-4.688-4.5-1.935 0-3.597 1.126-4.312 2.733-.715-1.607-2.377-2.733-4.313-2.733C5.1 3.75 3 5.765 3 8.25c0 7.22 9 12 9 12s9-4.78 9-12Z\"><\/path>\n<\/svg>\t\t<span>Zu meiner Wunschliste hinzuf\u00fcgen<\/span>\n\t<\/a>\n<\/div>\n\n\t\t\t<!-- COUNT TEXT -->\n\t\t\t\n\t\t\t<\/div>\n\t\t\t<\/div>\n\t\t<\/div>\n\t\t\t\t\t\t\t\t\t\t<\/div>\n\t\t\t\t\t\t\t\t\t\t\t\t\t\t\t\t\t<div class=\"image-tools grid-tools text-center hide-for-small bottom hover-slide-in show-on-hover\">\n\t\t\t\t\t\t\t\t\t\t\t\t\t\t\t\t\t\t\t<\/div>\n\t\t\t\t\t\t\t\t\t\t\t\t\t\t\t\t\t\t\t\t\t\t\t<\/div>\n\n\t\t\t\t\t\t\t<div class=\"box-text text-center\" >\n\t\t\t\t\t\t\t\t<div class=\"title-wrapper\"><p class=\"name product-title woocommerce-loop-product__title\"><a href=\"https:\/\/www.companhiaatlantica.pt\/de\/produto\/korperbehandlungen\/seifen\/nachtjasmin\" class=\"woocommerce-LoopProduct-link woocommerce-loop-product__link\">Nacht Jasmin Zinn Seife LOVIES<\/a><\/p><\/div><div class=\"price-wrapper\">\n\t<span class=\"price\"><span class=\"woocommerce-Price-amount amount\"><bdi>9.50<span class=\"woocommerce-Price-currencySymbol\">&euro;<\/span><\/bdi><\/span><\/span>\n<\/div><div class=\"add-to-cart-button\"><a href=\"\/de\/wp-json\/wp\/v2\/pages\/66644?add-to-cart=41556\" aria-describedby=\"woocommerce_loop_add_to_cart_link_describedby_41556\" data-quantity=\"1\" class=\"primary is-small mb-0 button product_type_simple add_to_cart_button ajax_add_to_cart is-outline\" data-product_id=\"41556\" data-product_sku=\"100-090.LOV\" aria-label=\"In den Warenkorb legen: \u201eNacht Jasmin Zinn Seife LOVIES\u201c\" rel=\"nofollow\" data-success_message=\"\u201eNacht Jasmin Zinn Seife LOVIES\u201c wurde deinem Warenkorb hinzugef\u00fcgt\" data-product_name=\"Nacht Jasmin Zinn Seife LOVIES\" data-product_image=\"https:\/\/www.companhiaatlantica.pt\/wp-content\/uploads\/2021\/05\/100-090.LOV_-1-150x150.jpg\" role=\"button\">In den Warenkorb<\/a><\/div>\t<span id=\"woocommerce_loop_add_to_cart_link_describedby_41556\" class=\"screen-reader-text\">\n\t\t\t<\/span>\n\t\t\t\t\t\t\t<\/div>\n\t\t\t\t\t\t<\/div>\n\t\t\t\t\t\t<\/div>\n\t\t\t\t\t<\/div><div class=\"col\" >\n\t\t\t\t\t\t<div class=\"col-inner\">\n\t\t\t\t\t\t\n<div class=\"badge-container absolute left top z-1\">\n\n<\/div>\n\t\t\t\t\t\t<div class=\"product-small box has-hover box-push box-text-bottom\">\n\t\t\t\t\t\t\t<div class=\"box-image\" >\n\t\t\t\t\t\t\t\t<div class=\"\" >\n\t\t\t\t\t\t\t\t\t<a href=\"https:\/\/www.companhiaatlantica.pt\/de\/produto\/korperbehandlungen\/handcremes\/versailles-rosa-handcreme\" aria-label=\"VERSAILLES Rosa Handcreme\">\n\t\t\t\t\t\t\t\t\t\t<img loading=\"lazy\" decoding=\"async\" width=\"700\" height=\"700\" src=\"https:\/\/www.companhiaatlantica.pt\/wp-content\/uploads\/2020\/06\/100-169-700x700.jpg\" class=\"show-on-hover absolute fill hide-for-small back-image\" alt=\"Alternative view of VERSAILLES Rosa Handcreme\" aria-hidden=\"true\" srcset=\"https:\/\/www.companhiaatlantica.pt\/wp-content\/uploads\/2020\/06\/100-169-700x700.jpg 700w, https:\/\/www.companhiaatlantica.pt\/wp-content\/uploads\/2020\/06\/100-169-100x100.jpg 100w, https:\/\/www.companhiaatlantica.pt\/wp-content\/uploads\/2020\/06\/100-169-900x900.jpg 900w, https:\/\/www.companhiaatlantica.pt\/wp-content\/uploads\/2020\/06\/100-169-300x300.jpg 300w, https:\/\/www.companhiaatlantica.pt\/wp-content\/uploads\/2020\/06\/100-169-150x150.jpg 150w, https:\/\/www.companhiaatlantica.pt\/wp-content\/uploads\/2020\/06\/100-169-768x768.jpg 768w, https:\/\/www.companhiaatlantica.pt\/wp-content\/uploads\/2020\/06\/100-169-600x600.jpg 600w, https:\/\/www.companhiaatlantica.pt\/wp-content\/uploads\/2020\/06\/100-169.jpg 1000w\" sizes=\"auto, (max-width: 700px) 100vw, 700px\" title=\"\"><img loading=\"lazy\" decoding=\"async\" width=\"700\" height=\"700\" src=\"https:\/\/www.companhiaatlantica.pt\/wp-content\/uploads\/2020\/06\/100-169-1-700x700.jpg\" class=\"attachment-woocommerce_thumbnail size-woocommerce_thumbnail\" alt=\"VERSAILLES Rosa Handcreme\" srcset=\"https:\/\/www.companhiaatlantica.pt\/wp-content\/uploads\/2020\/06\/100-169-1-700x700.jpg 700w, https:\/\/www.companhiaatlantica.pt\/wp-content\/uploads\/2020\/06\/100-169-1-100x100.jpg 100w, https:\/\/www.companhiaatlantica.pt\/wp-content\/uploads\/2020\/06\/100-169-1-900x900.jpg 900w, https:\/\/www.companhiaatlantica.pt\/wp-content\/uploads\/2020\/06\/100-169-1-400x400.jpg 400w, https:\/\/www.companhiaatlantica.pt\/wp-content\/uploads\/2020\/06\/100-169-1-350x350.jpg 350w, https:\/\/www.companhiaatlantica.pt\/wp-content\/uploads\/2020\/06\/100-169-1-768x768.jpg 768w, https:\/\/www.companhiaatlantica.pt\/wp-content\/uploads\/2020\/06\/100-169-1.jpg 1000w\" sizes=\"auto, (max-width: 700px) 100vw, 700px\" title=\"\">\t\t\t\t\t\t\t\t\t<\/a>\n\t\t\t\t\t\t\t\t\t\t\t\t\t\t\t\t\t\t \t\t\t\t\t\t\t\t<\/div>\n\t\t\t\t\t\t\t\t<div class=\"image-tools top right show-on-hover\">\n\t\t\t\t\t\t\t\t\t\t\t<div class=\"wishlist-icon\">\n\t\t\t<button class=\"wishlist-button button is-outline circle icon\" aria-label=\"Wunschliste\">\n\t\t\t\t<i class=\"icon-heart\" aria-hidden=\"true\"><\/i>\t\t\t<\/button>\n\t\t\t<div class=\"wishlist-popup dark\">\n\t\t\t\t\n<div\n\tclass=\"yith-wcwl-add-to-wishlist add-to-wishlist-41954 yith-wcwl-add-to-wishlist--button_default-style wishlist-fragment on-first-load\"\n\tdata-fragment-ref=\"41954\"\n\tdata-fragment-options=\"{&quot;base_url&quot;:&quot;&quot;,&quot;product_id&quot;:41954,&quot;parent_product_id&quot;:0,&quot;product_type&quot;:&quot;simple&quot;,&quot;is_single&quot;:false,&quot;in_default_wishlist&quot;:false,&quot;show_view&quot;:false,&quot;browse_wishlist_text&quot;:&quot;Siehe Ihre Wunschliste!&quot;,&quot;already_in_wishslist_text&quot;:&quot;Dieses Produkt steht bereits auf Ihrem Wunschzettel!&quot;,&quot;product_added_text&quot;:&quot;Produto adicionado!&quot;,&quot;available_multi_wishlist&quot;:false,&quot;disable_wishlist&quot;:false,&quot;show_count&quot;:false,&quot;ajax_loading&quot;:false,&quot;loop_position&quot;:&quot;after_add_to_cart&quot;,&quot;item&quot;:&quot;add_to_wishlist&quot;}\"\n>\n\t\t\t\n\t\t\t<!-- ADD TO WISHLIST -->\n\t\t\t\n<div class=\"yith-wcwl-add-button\">\n\t\t<a\n\t\thref=\"?add_to_wishlist=41954&#038;_wpnonce=52d31225f0\"\n\t\tclass=\"add_to_wishlist single_add_to_wishlist alt button theme-button-style \"\n\t\tdata-product-id=\"41954\"\n\t\tdata-product-type=\"simple\"\n\t\tdata-original-product-id=\"0\"\n\t\tdata-title=\"Zu meiner Wunschliste hinzuf\u00fcgen\"\n\t\trel=\"nofollow\"\n\t>\n\t\t<svg id=\"yith-wcwl-icon-heart-outline\" class=\"yith-wcwl-icon-svg\" fill=\"none\" stroke-width=\"1.5\" stroke=\"currentColor\" viewBox=\"0 0 24 24\" xmlns=\"http:\/\/www.w3.org\/2000\/svg\">\n  <path stroke-linecap=\"round\" stroke-linejoin=\"round\" d=\"M21 8.25c0-2.485-2.099-4.5-4.688-4.5-1.935 0-3.597 1.126-4.312 2.733-.715-1.607-2.377-2.733-4.313-2.733C5.1 3.75 3 5.765 3 8.25c0 7.22 9 12 9 12s9-4.78 9-12Z\"><\/path>\n<\/svg>\t\t<span>Zu meiner Wunschliste hinzuf\u00fcgen<\/span>\n\t<\/a>\n<\/div>\n\n\t\t\t<!-- COUNT TEXT -->\n\t\t\t\n\t\t\t<\/div>\n\t\t\t<\/div>\n\t\t<\/div>\n\t\t\t\t\t\t\t\t\t\t<\/div>\n\t\t\t\t\t\t\t\t\t\t\t\t\t\t\t\t\t<div class=\"image-tools grid-tools text-center hide-for-small bottom hover-slide-in show-on-hover\">\n\t\t\t\t\t\t\t\t\t\t\t\t\t\t\t\t\t\t\t<\/div>\n\t\t\t\t\t\t\t\t\t\t\t\t\t\t\t\t\t\t\t\t\t\t\t<\/div>\n\n\t\t\t\t\t\t\t<div class=\"box-text text-center\" >\n\t\t\t\t\t\t\t\t<div class=\"title-wrapper\"><p class=\"name product-title woocommerce-loop-product__title\"><a href=\"https:\/\/www.companhiaatlantica.pt\/de\/produto\/korperbehandlungen\/handcremes\/versailles-rosa-handcreme\" class=\"woocommerce-LoopProduct-link woocommerce-loop-product__link\">VERSAILLES Rosa Handcreme<\/a><\/p><\/div><div class=\"price-wrapper\">\n\t<span class=\"price\"><span class=\"woocommerce-Price-amount amount\"><bdi>9.00<span class=\"woocommerce-Price-currencySymbol\">&euro;<\/span><\/bdi><\/span><\/span>\n<\/div>\t<span id=\"woocommerce_loop_add_to_cart_link_describedby_41954\" class=\"screen-reader-text\">\n\t\t\t<\/span>\n\t\t\t\t\t\t\t<\/div>\n\t\t\t\t\t\t<\/div>\n\t\t\t\t\t\t<\/div>\n\t\t\t\t\t<\/div><div class=\"col\" >\n\t\t\t\t\t\t<div class=\"col-inner\">\n\t\t\t\t\t\t\n<div class=\"badge-container absolute left top z-1\">\n\n<div class=\"badge callout badge-circle\"><div class=\"badge-inner callout-new-bg is-small new-bubble\">NEW<\/div><\/div><\/div>\n\t\t\t\t\t\t<div class=\"product-small box has-hover box-push box-text-bottom\">\n\t\t\t\t\t\t\t<div class=\"box-image\" >\n\t\t\t\t\t\t\t\t<div class=\"\" >\n\t\t\t\t\t\t\t\t\t<a href=\"https:\/\/www.companhiaatlantica.pt\/de\/produto\/duftkerzen-diffusoren-fur-zuhause\/mikado-lufterfrischer\/tap-duft-diffusor-200ml\" aria-label=\"TAP Duft-Diffusor 200ml\">\n\t\t\t\t\t\t\t\t\t\t<img loading=\"lazy\" decoding=\"async\" width=\"700\" height=\"700\" src=\"https:\/\/www.companhiaatlantica.pt\/wp-content\/uploads\/2024\/08\/140-177-caixa-gift-700x700.jpg\" class=\"show-on-hover absolute fill hide-for-small back-image\" alt=\"Alternative view of TAP Duft-Diffusor 200ml\" aria-hidden=\"true\" srcset=\"https:\/\/www.companhiaatlantica.pt\/wp-content\/uploads\/2024\/08\/140-177-caixa-gift-700x700.jpg 700w, https:\/\/www.companhiaatlantica.pt\/wp-content\/uploads\/2024\/08\/140-177-caixa-gift-100x100.jpg 100w, https:\/\/www.companhiaatlantica.pt\/wp-content\/uploads\/2024\/08\/140-177-caixa-gift-900x900.jpg 900w, https:\/\/www.companhiaatlantica.pt\/wp-content\/uploads\/2024\/08\/140-177-caixa-gift-400x400.jpg 400w, https:\/\/www.companhiaatlantica.pt\/wp-content\/uploads\/2024\/08\/140-177-caixa-gift-350x350.jpg 350w, https:\/\/www.companhiaatlantica.pt\/wp-content\/uploads\/2024\/08\/140-177-caixa-gift-768x768.jpg 768w, https:\/\/www.companhiaatlantica.pt\/wp-content\/uploads\/2024\/08\/140-177-caixa-gift.jpg 1000w\" sizes=\"auto, (max-width: 700px) 100vw, 700px\" title=\"\"><img loading=\"lazy\" decoding=\"async\" width=\"700\" height=\"700\" src=\"https:\/\/www.companhiaatlantica.pt\/wp-content\/uploads\/2024\/08\/140-178-caixa-gift-700x700.jpg\" class=\"attachment-woocommerce_thumbnail size-woocommerce_thumbnail\" alt=\"TAP Duft-Diffusor 200ml\" srcset=\"https:\/\/www.companhiaatlantica.pt\/wp-content\/uploads\/2024\/08\/140-178-caixa-gift-700x700.jpg 700w, https:\/\/www.companhiaatlantica.pt\/wp-content\/uploads\/2024\/08\/140-178-caixa-gift-100x100.jpg 100w, https:\/\/www.companhiaatlantica.pt\/wp-content\/uploads\/2024\/08\/140-178-caixa-gift-900x900.jpg 900w, https:\/\/www.companhiaatlantica.pt\/wp-content\/uploads\/2024\/08\/140-178-caixa-gift-400x400.jpg 400w, https:\/\/www.companhiaatlantica.pt\/wp-content\/uploads\/2024\/08\/140-178-caixa-gift-350x350.jpg 350w, https:\/\/www.companhiaatlantica.pt\/wp-content\/uploads\/2024\/08\/140-178-caixa-gift-768x768.jpg 768w, https:\/\/www.companhiaatlantica.pt\/wp-content\/uploads\/2024\/08\/140-178-caixa-gift.jpg 1000w\" sizes=\"auto, (max-width: 700px) 100vw, 700px\" title=\"\">\t\t\t\t\t\t\t\t\t<\/a>\n\t\t\t\t\t\t\t\t\t\t\t\t\t\t\t\t\t\t \t\t\t\t\t\t\t\t<\/div>\n\t\t\t\t\t\t\t\t<div class=\"image-tools top right show-on-hover\">\n\t\t\t\t\t\t\t\t\t\t\t<div class=\"wishlist-icon\">\n\t\t\t<button class=\"wishlist-button button is-outline circle icon\" aria-label=\"Wunschliste\">\n\t\t\t\t<i class=\"icon-heart\" aria-hidden=\"true\"><\/i>\t\t\t<\/button>\n\t\t\t<div class=\"wishlist-popup dark\">\n\t\t\t\t\n<div\n\tclass=\"yith-wcwl-add-to-wishlist add-to-wishlist-63147 yith-wcwl-add-to-wishlist--button_default-style wishlist-fragment on-first-load\"\n\tdata-fragment-ref=\"63147\"\n\tdata-fragment-options=\"{&quot;base_url&quot;:&quot;&quot;,&quot;product_id&quot;:63147,&quot;parent_product_id&quot;:0,&quot;product_type&quot;:&quot;variable&quot;,&quot;is_single&quot;:false,&quot;in_default_wishlist&quot;:false,&quot;show_view&quot;:false,&quot;browse_wishlist_text&quot;:&quot;Siehe Ihre Wunschliste!&quot;,&quot;already_in_wishslist_text&quot;:&quot;Dieses Produkt steht bereits auf Ihrem Wunschzettel!&quot;,&quot;product_added_text&quot;:&quot;Produto adicionado!&quot;,&quot;available_multi_wishlist&quot;:false,&quot;disable_wishlist&quot;:false,&quot;show_count&quot;:false,&quot;ajax_loading&quot;:false,&quot;loop_position&quot;:&quot;after_add_to_cart&quot;,&quot;item&quot;:&quot;add_to_wishlist&quot;}\"\n>\n\t\t\t\n\t\t\t<!-- ADD TO WISHLIST -->\n\t\t\t\n<div class=\"yith-wcwl-add-button\">\n\t\t<a\n\t\thref=\"?add_to_wishlist=63147&#038;_wpnonce=52d31225f0\"\n\t\tclass=\"add_to_wishlist single_add_to_wishlist alt button theme-button-style \"\n\t\tdata-product-id=\"63147\"\n\t\tdata-product-type=\"variable\"\n\t\tdata-original-product-id=\"0\"\n\t\tdata-title=\"Zu meiner Wunschliste hinzuf\u00fcgen\"\n\t\trel=\"nofollow\"\n\t>\n\t\t<svg id=\"yith-wcwl-icon-heart-outline\" class=\"yith-wcwl-icon-svg\" fill=\"none\" stroke-width=\"1.5\" stroke=\"currentColor\" viewBox=\"0 0 24 24\" xmlns=\"http:\/\/www.w3.org\/2000\/svg\">\n  <path stroke-linecap=\"round\" stroke-linejoin=\"round\" d=\"M21 8.25c0-2.485-2.099-4.5-4.688-4.5-1.935 0-3.597 1.126-4.312 2.733-.715-1.607-2.377-2.733-4.313-2.733C5.1 3.75 3 5.765 3 8.25c0 7.22 9 12 9 12s9-4.78 9-12Z\"><\/path>\n<\/svg>\t\t<span>Zu meiner Wunschliste hinzuf\u00fcgen<\/span>\n\t<\/a>\n<\/div>\n\n\t\t\t<!-- COUNT TEXT -->\n\t\t\t\n\t\t\t<\/div>\n\t\t\t<\/div>\n\t\t<\/div>\n\t\t\t\t\t\t\t\t\t\t<\/div>\n\t\t\t\t\t\t\t\t\t\t\t\t\t\t\t\t\t<div class=\"image-tools grid-tools text-center hide-for-small bottom hover-slide-in show-on-hover\">\n\t\t\t\t\t\t\t\t\t\t\t\t\t\t\t\t\t\t\t<\/div>\n\t\t\t\t\t\t\t\t\t\t\t\t\t\t\t\t\t\t\t\t\t\t\t<\/div>\n\n\t\t\t\t\t\t\t<div class=\"box-text text-center\" >\n\t\t\t\t\t\t\t\t<span class=\"featured-badge\"><img decoding=\"async\" src=\"https:\/\/cdn.companhiaatlantica.pt\/wp-content\/themes\/flatsome-child\/src\/img\/ar-icon-2.jpg\" alt=\"AR Icon\" class=\"ar-icon\" title=\"\"><\/span><div class=\"title-wrapper\"><p class=\"name product-title woocommerce-loop-product__title\"><a href=\"https:\/\/www.companhiaatlantica.pt\/de\/produto\/duftkerzen-diffusoren-fur-zuhause\/mikado-lufterfrischer\/tap-duft-diffusor-200ml\" class=\"woocommerce-LoopProduct-link woocommerce-loop-product__link\">TAP Duft-Diffusor 200ml<\/a><\/p><\/div><div class=\"price-wrapper\">\n\t<span class=\"price\"><span class=\"woocommerce-Price-amount amount\"><bdi>35.00<span class=\"woocommerce-Price-currencySymbol\">&euro;<\/span><\/bdi><\/span><\/span>\n<\/div><div class=\"add-to-cart-button\"><a href=\"https:\/\/www.companhiaatlantica.pt\/de\/produto\/duftkerzen-diffusoren-fur-zuhause\/mikado-lufterfrischer\/tap-duft-diffusor-200ml\" aria-describedby=\"woocommerce_loop_add_to_cart_link_describedby_63147\" data-quantity=\"1\" class=\"primary is-small mb-0 button product_type_variable add_to_cart_button is-outline\" data-product_id=\"63147\" data-product_sku=\"\" aria-label=\"W\u00e4hle Optionen f\u00fcr \u201eTAP Duft-Diffusor 200ml\u201c\" rel=\"nofollow\" data-product_name=\"TAP Duft-Diffusor 200ml\" data-product_image=\"https:\/\/www.companhiaatlantica.pt\/wp-content\/uploads\/2024\/08\/140-178-caixa-gift-350x350.jpg\">Ausf\u00fchrung w\u00e4hlen<\/a><\/div>\t<span id=\"woocommerce_loop_add_to_cart_link_describedby_63147\" class=\"screen-reader-text\">\n\t\tDieses Produkt weist mehrere Varianten auf. Die Optionen k\u00f6nnen auf der Produktseite gew\u00e4hlt werden\t<\/span>\n\t\t\t\t\t\t\t<\/div>\n\t\t\t\t\t\t<\/div>\n\t\t\t\t\t\t<\/div>\n\t\t\t\t\t<\/div><div class=\"col\" >\n\t\t\t\t\t\t<div class=\"col-inner\">\n\t\t\t\t\t\t\n<div class=\"badge-container absolute left top z-1\">\n\n<\/div>\n\t\t\t\t\t\t<div class=\"product-small box has-hover box-push box-text-bottom\">\n\t\t\t\t\t\t\t<div class=\"box-image\" >\n\t\t\t\t\t\t\t\t<div class=\"\" >\n\t\t\t\t\t\t\t\t\t<a href=\"https:\/\/www.companhiaatlantica.pt\/de\/produto\/korperbehandlungen\/seifen\/art-nouveau-lavendel-seife\" aria-label=\"ART-NOUVEAU Lavendel-Seife\">\n\t\t\t\t\t\t\t\t\t\t<img loading=\"lazy\" decoding=\"async\" width=\"600\" height=\"600\" src=\"https:\/\/www.companhiaatlantica.pt\/wp-content\/uploads\/2020\/06\/IMG_0005.jpg\" class=\"show-on-hover absolute fill hide-for-small back-image\" alt=\"Alternative view of ART-NOUVEAU Lavendel-Seife\" aria-hidden=\"true\" srcset=\"https:\/\/www.companhiaatlantica.pt\/wp-content\/uploads\/2020\/06\/IMG_0005.jpg 600w, https:\/\/www.companhiaatlantica.pt\/wp-content\/uploads\/2020\/06\/IMG_0005-100x100.jpg 100w\" sizes=\"auto, (max-width: 600px) 100vw, 600px\" title=\"\"><img loading=\"lazy\" decoding=\"async\" width=\"600\" height=\"595\" src=\"https:\/\/www.companhiaatlantica.pt\/wp-content\/uploads\/2020\/05\/100-071-600x595.jpg\" class=\"attachment-woocommerce_thumbnail size-woocommerce_thumbnail\" alt=\"ART-NOUVEAU Lavendel-Seife\" srcset=\"https:\/\/www.companhiaatlantica.pt\/wp-content\/uploads\/2020\/05\/100-071-600x595.jpg 600w, https:\/\/www.companhiaatlantica.pt\/wp-content\/uploads\/2020\/05\/100-071-100x100.jpg 100w, https:\/\/www.companhiaatlantica.pt\/wp-content\/uploads\/2020\/05\/100-071-150x150.jpg 150w\" sizes=\"auto, (max-width: 600px) 100vw, 600px\" title=\"\">\t\t\t\t\t\t\t\t\t<\/a>\n\t\t\t\t\t\t\t\t\t\t\t\t\t\t\t\t\t\t \t\t\t\t\t\t\t\t<\/div>\n\t\t\t\t\t\t\t\t<div class=\"image-tools top right show-on-hover\">\n\t\t\t\t\t\t\t\t\t\t\t<div class=\"wishlist-icon\">\n\t\t\t<button class=\"wishlist-button button is-outline circle icon\" aria-label=\"Wunschliste\">\n\t\t\t\t<i class=\"icon-heart\" aria-hidden=\"true\"><\/i>\t\t\t<\/button>\n\t\t\t<div class=\"wishlist-popup dark\">\n\t\t\t\t\n<div\n\tclass=\"yith-wcwl-add-to-wishlist add-to-wishlist-42047 yith-wcwl-add-to-wishlist--button_default-style wishlist-fragment on-first-load\"\n\tdata-fragment-ref=\"42047\"\n\tdata-fragment-options=\"{&quot;base_url&quot;:&quot;&quot;,&quot;product_id&quot;:42047,&quot;parent_product_id&quot;:0,&quot;product_type&quot;:&quot;simple&quot;,&quot;is_single&quot;:false,&quot;in_default_wishlist&quot;:false,&quot;show_view&quot;:false,&quot;browse_wishlist_text&quot;:&quot;Siehe Ihre Wunschliste!&quot;,&quot;already_in_wishslist_text&quot;:&quot;Dieses Produkt steht bereits auf Ihrem Wunschzettel!&quot;,&quot;product_added_text&quot;:&quot;Produto adicionado!&quot;,&quot;available_multi_wishlist&quot;:false,&quot;disable_wishlist&quot;:false,&quot;show_count&quot;:false,&quot;ajax_loading&quot;:false,&quot;loop_position&quot;:&quot;after_add_to_cart&quot;,&quot;item&quot;:&quot;add_to_wishlist&quot;}\"\n>\n\t\t\t\n\t\t\t<!-- ADD TO WISHLIST -->\n\t\t\t\n<div class=\"yith-wcwl-add-button\">\n\t\t<a\n\t\thref=\"?add_to_wishlist=42047&#038;_wpnonce=52d31225f0\"\n\t\tclass=\"add_to_wishlist single_add_to_wishlist alt button theme-button-style \"\n\t\tdata-product-id=\"42047\"\n\t\tdata-product-type=\"simple\"\n\t\tdata-original-product-id=\"0\"\n\t\tdata-title=\"Zu meiner Wunschliste hinzuf\u00fcgen\"\n\t\trel=\"nofollow\"\n\t>\n\t\t<svg id=\"yith-wcwl-icon-heart-outline\" class=\"yith-wcwl-icon-svg\" fill=\"none\" stroke-width=\"1.5\" stroke=\"currentColor\" viewBox=\"0 0 24 24\" xmlns=\"http:\/\/www.w3.org\/2000\/svg\">\n  <path stroke-linecap=\"round\" stroke-linejoin=\"round\" d=\"M21 8.25c0-2.485-2.099-4.5-4.688-4.5-1.935 0-3.597 1.126-4.312 2.733-.715-1.607-2.377-2.733-4.313-2.733C5.1 3.75 3 5.765 3 8.25c0 7.22 9 12 9 12s9-4.78 9-12Z\"><\/path>\n<\/svg>\t\t<span>Zu meiner Wunschliste hinzuf\u00fcgen<\/span>\n\t<\/a>\n<\/div>\n\n\t\t\t<!-- COUNT TEXT -->\n\t\t\t\n\t\t\t<\/div>\n\t\t\t<\/div>\n\t\t<\/div>\n\t\t\t\t\t\t\t\t\t\t<\/div>\n\t\t\t\t\t\t\t\t\t\t\t\t\t\t\t\t\t<div class=\"image-tools grid-tools text-center hide-for-small bottom hover-slide-in show-on-hover\">\n\t\t\t\t\t\t\t\t\t\t\t\t\t\t\t\t\t\t\t<\/div>\n\t\t\t\t\t\t\t\t\t\t\t\t\t\t\t\t\t\t\t\t\t\t\t<\/div>\n\n\t\t\t\t\t\t\t<div class=\"box-text text-center\" >\n\t\t\t\t\t\t\t\t<div class=\"title-wrapper\"><p class=\"name product-title woocommerce-loop-product__title\"><a href=\"https:\/\/www.companhiaatlantica.pt\/de\/produto\/korperbehandlungen\/seifen\/art-nouveau-lavendel-seife\" class=\"woocommerce-LoopProduct-link woocommerce-loop-product__link\">ART-NOUVEAU Lavendel-Seife<\/a><\/p><\/div><div class=\"price-wrapper\">\n\t<span class=\"price\"><span class=\"woocommerce-Price-amount amount\"><bdi>7.50<span class=\"woocommerce-Price-currencySymbol\">&euro;<\/span><\/bdi><\/span><\/span>\n<\/div><div class=\"add-to-cart-button\"><a href=\"\/de\/wp-json\/wp\/v2\/pages\/66644?add-to-cart=42047\" aria-describedby=\"woocommerce_loop_add_to_cart_link_describedby_42047\" data-quantity=\"1\" class=\"primary is-small mb-0 button product_type_simple add_to_cart_button ajax_add_to_cart is-outline\" data-product_id=\"42047\" data-product_sku=\"100-071\" aria-label=\"In den Warenkorb legen: \u201eART-NOUVEAU Lavendel-Seife\u201c\" rel=\"nofollow\" data-success_message=\"\u201eART-NOUVEAU Lavendel-Seife\u201c wurde deinem Warenkorb hinzugef\u00fcgt\" data-product_name=\"ART-NOUVEAU Lavendel-Seife\" data-product_image=\"https:\/\/www.companhiaatlantica.pt\/wp-content\/uploads\/2020\/05\/100-071-150x150.jpg\" role=\"button\">In den Warenkorb<\/a><\/div>\t<span id=\"woocommerce_loop_add_to_cart_link_describedby_42047\" class=\"screen-reader-text\">\n\t\t\t<\/span>\n\t\t\t\t\t\t\t<\/div>\n\t\t\t\t\t\t<\/div>\n\t\t\t\t\t\t<\/div>\n\t\t\t\t\t<\/div><div class=\"col\" >\n\t\t\t\t\t\t<div class=\"col-inner\">\n\t\t\t\t\t\t\n<div class=\"badge-container absolute left top z-1\">\n\n<\/div>\n\t\t\t\t\t\t<div class=\"product-small box has-hover box-push box-text-bottom\">\n\t\t\t\t\t\t\t<div class=\"box-image\" >\n\t\t\t\t\t\t\t\t<div class=\"\" >\n\t\t\t\t\t\t\t\t\t<a href=\"https:\/\/www.companhiaatlantica.pt\/de\/produto\/korperbehandlungen\/seifen\/sandelholz-und-gewurze-seife-rossio\" aria-label=\"Sandelholz &amp; Gew\u00fcrze Seife ROSSIO\">\n\t\t\t\t\t\t\t\t\t\t<img loading=\"lazy\" decoding=\"async\" width=\"700\" height=\"700\" src=\"https:\/\/www.companhiaatlantica.pt\/wp-content\/uploads\/2023\/03\/100-335_b-700x700.jpg\" class=\"show-on-hover absolute fill hide-for-small back-image\" alt=\"Alternative view of Sandelholz &amp; Gew\u00fcrze Seife ROSSIO\" aria-hidden=\"true\" srcset=\"https:\/\/www.companhiaatlantica.pt\/wp-content\/uploads\/2023\/03\/100-335_b-700x700.jpg 700w, https:\/\/www.companhiaatlantica.pt\/wp-content\/uploads\/2023\/03\/100-335_b-100x100.jpg 100w, https:\/\/www.companhiaatlantica.pt\/wp-content\/uploads\/2023\/03\/100-335_b-600x600.jpg 600w, https:\/\/www.companhiaatlantica.pt\/wp-content\/uploads\/2023\/03\/100-335_b-300x300.jpg 300w, https:\/\/www.companhiaatlantica.pt\/wp-content\/uploads\/2023\/03\/100-335_b-150x150.jpg 150w, https:\/\/www.companhiaatlantica.pt\/wp-content\/uploads\/2023\/03\/100-335_b-768x768.jpg 768w, https:\/\/www.companhiaatlantica.pt\/wp-content\/uploads\/2023\/03\/100-335_b.jpg 796w\" sizes=\"auto, (max-width: 700px) 100vw, 700px\" title=\"\"><img loading=\"lazy\" decoding=\"async\" width=\"700\" height=\"700\" src=\"https:\/\/www.companhiaatlantica.pt\/wp-content\/uploads\/2023\/03\/100-335-700x700.jpg\" class=\"attachment-woocommerce_thumbnail size-woocommerce_thumbnail\" alt=\"Sandelholz &amp; Gew\u00fcrze Seife ROSSIO\" srcset=\"https:\/\/www.companhiaatlantica.pt\/wp-content\/uploads\/2023\/03\/100-335-700x700.jpg 700w, https:\/\/www.companhiaatlantica.pt\/wp-content\/uploads\/2023\/03\/100-335-100x100.jpg 100w, https:\/\/www.companhiaatlantica.pt\/wp-content\/uploads\/2023\/03\/100-335-600x600.jpg 600w, https:\/\/www.companhiaatlantica.pt\/wp-content\/uploads\/2023\/03\/100-335-300x300.jpg 300w, https:\/\/www.companhiaatlantica.pt\/wp-content\/uploads\/2023\/03\/100-335-150x150.jpg 150w, https:\/\/www.companhiaatlantica.pt\/wp-content\/uploads\/2023\/03\/100-335-768x768.jpg 768w, https:\/\/www.companhiaatlantica.pt\/wp-content\/uploads\/2023\/03\/100-335.jpg 796w\" sizes=\"auto, (max-width: 700px) 100vw, 700px\" title=\"\">\t\t\t\t\t\t\t\t\t<\/a>\n\t\t\t\t\t\t\t\t\t\t\t\t\t\t\t\t\t\t \t\t\t\t\t\t\t\t<\/div>\n\t\t\t\t\t\t\t\t<div class=\"image-tools top right show-on-hover\">\n\t\t\t\t\t\t\t\t\t\t\t<div class=\"wishlist-icon\">\n\t\t\t<button class=\"wishlist-button button is-outline circle icon\" aria-label=\"Wunschliste\">\n\t\t\t\t<i class=\"icon-heart\" aria-hidden=\"true\"><\/i>\t\t\t<\/button>\n\t\t\t<div class=\"wishlist-popup dark\">\n\t\t\t\t\n<div\n\tclass=\"yith-wcwl-add-to-wishlist add-to-wishlist-40788 yith-wcwl-add-to-wishlist--button_default-style wishlist-fragment on-first-load\"\n\tdata-fragment-ref=\"40788\"\n\tdata-fragment-options=\"{&quot;base_url&quot;:&quot;&quot;,&quot;product_id&quot;:40788,&quot;parent_product_id&quot;:0,&quot;product_type&quot;:&quot;simple&quot;,&quot;is_single&quot;:false,&quot;in_default_wishlist&quot;:false,&quot;show_view&quot;:false,&quot;browse_wishlist_text&quot;:&quot;Siehe Ihre Wunschliste!&quot;,&quot;already_in_wishslist_text&quot;:&quot;Dieses Produkt steht bereits auf Ihrem Wunschzettel!&quot;,&quot;product_added_text&quot;:&quot;Produto adicionado!&quot;,&quot;available_multi_wishlist&quot;:false,&quot;disable_wishlist&quot;:false,&quot;show_count&quot;:false,&quot;ajax_loading&quot;:false,&quot;loop_position&quot;:&quot;after_add_to_cart&quot;,&quot;item&quot;:&quot;add_to_wishlist&quot;}\"\n>\n\t\t\t\n\t\t\t<!-- ADD TO WISHLIST -->\n\t\t\t\n<div class=\"yith-wcwl-add-button\">\n\t\t<a\n\t\thref=\"?add_to_wishlist=40788&#038;_wpnonce=52d31225f0\"\n\t\tclass=\"add_to_wishlist single_add_to_wishlist alt button theme-button-style \"\n\t\tdata-product-id=\"40788\"\n\t\tdata-product-type=\"simple\"\n\t\tdata-original-product-id=\"0\"\n\t\tdata-title=\"Zu meiner Wunschliste hinzuf\u00fcgen\"\n\t\trel=\"nofollow\"\n\t>\n\t\t<svg id=\"yith-wcwl-icon-heart-outline\" class=\"yith-wcwl-icon-svg\" fill=\"none\" stroke-width=\"1.5\" stroke=\"currentColor\" viewBox=\"0 0 24 24\" xmlns=\"http:\/\/www.w3.org\/2000\/svg\">\n  <path stroke-linecap=\"round\" stroke-linejoin=\"round\" d=\"M21 8.25c0-2.485-2.099-4.5-4.688-4.5-1.935 0-3.597 1.126-4.312 2.733-.715-1.607-2.377-2.733-4.313-2.733C5.1 3.75 3 5.765 3 8.25c0 7.22 9 12 9 12s9-4.78 9-12Z\"><\/path>\n<\/svg>\t\t<span>Zu meiner Wunschliste hinzuf\u00fcgen<\/span>\n\t<\/a>\n<\/div>\n\n\t\t\t<!-- COUNT TEXT -->\n\t\t\t\n\t\t\t<\/div>\n\t\t\t<\/div>\n\t\t<\/div>\n\t\t\t\t\t\t\t\t\t\t<\/div>\n\t\t\t\t\t\t\t\t\t\t\t\t\t\t\t\t\t<div class=\"image-tools grid-tools text-center hide-for-small bottom hover-slide-in show-on-hover\">\n\t\t\t\t\t\t\t\t\t\t\t\t\t\t\t\t\t\t\t<\/div>\n\t\t\t\t\t\t\t\t\t\t\t\t\t\t\t\t\t\t\t\t\t\t\t<\/div>\n\n\t\t\t\t\t\t\t<div class=\"box-text text-center\" >\n\t\t\t\t\t\t\t\t<div class=\"title-wrapper\"><p class=\"name product-title woocommerce-loop-product__title\"><a href=\"https:\/\/www.companhiaatlantica.pt\/de\/produto\/korperbehandlungen\/seifen\/sandelholz-und-gewurze-seife-rossio\" class=\"woocommerce-LoopProduct-link woocommerce-loop-product__link\">Sandelholz &amp; Gew\u00fcrze Seife ROSSIO<\/a><\/p><\/div><div class=\"price-wrapper\">\n\t<span class=\"price\"><span class=\"woocommerce-Price-amount amount\"><bdi>7.00<span class=\"woocommerce-Price-currencySymbol\">&euro;<\/span><\/bdi><\/span><\/span>\n<\/div><div class=\"add-to-cart-button\"><a href=\"\/de\/wp-json\/wp\/v2\/pages\/66644?add-to-cart=40788\" aria-describedby=\"woocommerce_loop_add_to_cart_link_describedby_40788\" data-quantity=\"1\" class=\"primary is-small mb-0 button product_type_simple add_to_cart_button ajax_add_to_cart is-outline\" data-product_id=\"40788\" data-product_sku=\"100-335\" aria-label=\"In den Warenkorb legen: \u201eSandelholz &amp; Gew\u00fcrze Seife ROSSIO\u201c\" rel=\"nofollow\" data-success_message=\"\u201eSandelholz &amp; Gew\u00fcrze Seife ROSSIO\u201c wurde deinem Warenkorb hinzugef\u00fcgt\" data-product_name=\"Sandelholz &amp; Gew\u00fcrze Seife ROSSIO\" data-product_image=\"https:\/\/www.companhiaatlantica.pt\/wp-content\/uploads\/2023\/03\/100-335-150x150.jpg\" role=\"button\">In den Warenkorb<\/a><\/div>\t<span id=\"woocommerce_loop_add_to_cart_link_describedby_40788\" class=\"screen-reader-text\">\n\t\t\t<\/span>\n\t\t\t\t\t\t\t<\/div>\n\t\t\t\t\t\t<\/div>\n\t\t\t\t\t\t<\/div>\n\t\t\t\t\t<\/div><\/div>\n\t\t<\/div>\n\t\t\t\t\t<\/div>\n\n\t\n<\/div>\n<div class=\"row\"  id=\"row-1210682761\">\n\n\t<div id=\"col-1921276622\" class=\"col small-12 large-12\"  >\n\t\t\t\t<div class=\"col-inner\"  >\n\t\t\t\n\t\t\t\n\t<div id=\"text-499576281\" class=\"text\">\n\t\t\n<h3>ANGEBOTSBEDINGUNGEN<\/h3>\n<p>CODE: <strong>BLACKFRIDAY25<\/strong><br \/>\n*25 % RABATT AUF DEN WERT DEINER BESTELLUNG > ANGEBOT GILT F\u00dcR BESTELLUNGEN \u00dcBER DIE WEBSITE, BEI BESTELLUNGEN IM WERT VON 100 \u20ac ODER MEHR.<br \/>\nNicht kombinierbar mit anderen Aktionen. G\u00fcltig vom 10. November 2025 bis zum 30. November 2025.<\/p>\n\t\t\n<style>\n#text-499576281 {\n  text-align: left;\n}\n<\/style>\n\t<\/div>\n\t\n\t\t<\/div>\n\t\t\t\t\t<\/div>\n\n\t\n<\/div>\n\t\t<\/div>\n\n\t\t\n<style>\n#section_1952415564 {\n  padding-top: 30px;\n  padding-bottom: 30px;\n}\n<\/style>\n\t<\/section>\n\t\n","protected":false},"excerpt":{"rendered":"","protected":false},"author":636,"featured_media":0,"parent":0,"menu_order":0,"comment_status":"closed","ping_status":"closed","template":"","meta":{"footnotes":""},"class_list":["post-66644","page","type-page","status-publish","hentry"],"_links":{"self":[{"href":"https:\/\/www.companhiaatlantica.pt\/de\/wp-json\/wp\/v2\/pages\/66644","targetHints":{"allow":["GET"]}}],"collection":[{"href":"https:\/\/www.companhiaatlantica.pt\/de\/wp-json\/wp\/v2\/pages"}],"about":[{"href":"https:\/\/www.companhiaatlantica.pt\/de\/wp-json\/wp\/v2\/types\/page"}],"author":[{"embeddable":true,"href":"https:\/\/www.companhiaatlantica.pt\/de\/wp-json\/wp\/v2\/users\/636"}],"replies":[{"embeddable":true,"href":"https:\/\/www.companhiaatlantica.pt\/de\/wp-json\/wp\/v2\/comments?post=66644"}],"version-history":[{"count":5,"href":"https:\/\/www.companhiaatlantica.pt\/de\/wp-json\/wp\/v2\/pages\/66644\/revisions"}],"predecessor-version":[{"id":80016,"href":"https:\/\/www.companhiaatlantica.pt\/de\/wp-json\/wp\/v2\/pages\/66644\/revisions\/80016"}],"wp:attachment":[{"href":"https:\/\/www.companhiaatlantica.pt\/de\/wp-json\/wp\/v2\/media?parent=66644"}],"curies":[{"name":"wp","href":"https:\/\/api.w.org\/{rel}","templated":true}]}}